{"id":17256,"date":"2026-08-31T13:27:21","date_gmt":"2026-08-31T12:27:21","guid":{"rendered":"https:\/\/www.museuemporda.org\/?page_id=17256"},"modified":"2026-08-31T16:43:51","modified_gmt":"2026-08-31T15:43:51","slug":"inici-2026","status":"publish","type":"page","link":"https:\/\/www.museuemporda.org\/","title":{"rendered":"Inici 2026"},"content":{"rendered":"<p>[et_pb_section fb_built=&#8221;1&#8243; custom_padding_last_edited=&#8221;off|desktop&#8221; admin_label=&#8221;Section Hero&#8221; _builder_version=&#8221;4.27.4&#8243; _module_preset=&#8221;default&#8221; background_color=&#8221;gcid-dd010ddb-d0d6-4509-8473-84ea627e2834&#8243; module_alignment=&#8221;left&#8221; custom_padding=&#8221;6vh||6vh||true|false&#8221; custom_css_main_element=&#8221;min-height: max(350px, calc(100vh &#8211; 111px));&#8221; custom_css_free_form=&#8221;#main-content selector {||  background-color: var(&#8211;featured-color, #4227B2) !important;||}&#8221; global_colors_info=&#8221;{%22gcid-dd010ddb-d0d6-4509-8473-84ea627e2834%22:%91%22background_color%22%93}&#8221; min_height__hover_enabled=&#8221;off|desktop&#8221;][et_pb_row _builder_version=&#8221;4.27.4&#8243; _module_preset=&#8221;default&#8221; custom_margin=&#8221;10vh||||false|false&#8221; custom_margin_tablet=&#8221;8vh||||false|false&#8221; custom_margin_phone=&#8221;5vh||||false|false&#8221; custom_margin_last_edited=&#8221;on|phone&#8221; custom_css_free_form=&#8221;@media (max-height: 600px) {||  .et_pb_section selector:is(div) {||    margin-top: 0 !important;||  }||}&#8221; global_colors_info=&#8221;{}&#8221;][et_pb_column type=&#8221;4_4&#8243; _builder_version=&#8221;4.27.4&#8243; _module_preset=&#8221;default&#8221; global_colors_info=&#8221;{}&#8221;][et_pb_heading title=&#8221;Un museu, una ciutat, un paisatge, una gent&#8221; admin_label=&#8221;Heading&#8221; _builder_version=&#8221;4.27.4&#8243; _module_preset=&#8221;default&#8221; title_font=&#8221;|700|||||||&#8221; title_text_color=&#8221;gcid-c5c00f62-1e75-444a-84a3-7e8d357983f3&#8243; title_font_size=&#8221;5rem&#8221; max_width=&#8221;75%&#8221; max_width_tablet=&#8221;75%&#8221; max_width_phone=&#8221;100%&#8221; max_width_last_edited=&#8221;on|phone&#8221; animation_style=&#8221;fade&#8221; animation_duration=&#8221;800ms&#8221; title_font_size_tablet=&#8221;&#8221; title_font_size_phone=&#8221;4rem&#8221; title_font_size_last_edited=&#8221;on|phone&#8221; custom_css_free_form=&#8221;@media (max-height: 600px) {||  selector.et_pb_module {||    max-width: 100% !important;||  }||  ||  selector h1 {||    font-size: 3.5rem !important;||  }||}&#8221; global_colors_info=&#8221;{%22gcid-c5c00f62-1e75-444a-84a3-7e8d357983f3%22:%91%22title_text_color%22%93}&#8221;][\/et_pb_heading][\/et_pb_column][\/et_pb_row][et_pb_row module_class=&#8221;hero-carousel&#8221; _builder_version=&#8221;4.27.4&#8243; _module_preset=&#8221;default&#8221; positioning=&#8221;absolute&#8221; position_origin_a=&#8221;bottom_left&#8221; vertical_offset=&#8221;12px&#8221; width=&#8221;100%&#8221; max_width=&#8221;100%&#8221; global_colors_info=&#8221;{}&#8221;][et_pb_column type=&#8221;4_4&#8243; _builder_version=&#8221;4.27.4&#8243; _module_preset=&#8221;default&#8221; global_colors_info=&#8221;{}&#8221;][et_pb_image src=&#8221;https:\/\/www.museuemporda.org\/wp-content\/uploads\/2026\/08\/mE-719-c.jpg&#8221; title_text=&#8221;mE-719-c&#8221; _builder_version=&#8221;4.27.4&#8243; _module_preset=&#8221;default&#8221; global_colors_info=&#8221;{}&#8221;][\/et_pb_image][et_pb_image src=&#8221;https:\/\/www.museuemporda.org\/wp-content\/uploads\/2026\/08\/mE-719-c.jpg&#8221; title_text=&#8221;mE-719-c&#8221; _builder_version=&#8221;4.27.4&#8243; _module_preset=&#8221;default&#8221; global_colors_info=&#8221;{}&#8221;][\/et_pb_image][et_pb_image src=&#8221;https:\/\/www.museuemporda.org\/wp-content\/uploads\/2026\/08\/mE-617-c.jpg&#8221; title_text=&#8221;mE-617-c&#8221; _builder_version=&#8221;4.27.4&#8243; _module_preset=&#8221;default&#8221; global_colors_info=&#8221;{}&#8221;][\/et_pb_image][et_pb_image src=&#8221;https:\/\/www.museuemporda.org\/wp-content\/uploads\/2026\/08\/mE-2439-c.jpg&#8221; title_text=&#8221;mE-2439-c&#8221; _builder_version=&#8221;4.27.4&#8243; _module_preset=&#8221;default&#8221; global_colors_info=&#8221;{}&#8221;][\/et_pb_image][et_pb_image src=&#8221;https:\/\/www.museuemporda.org\/wp-content\/uploads\/2026\/08\/museu-emporda-08-scaled-c.jpg&#8221; title_text=&#8221;museu-emporda-08-scaled-c&#8221; disabled_on=&#8221;off|off|off&#8221; module_class=&#8221;hide-mobile&#8221; _builder_version=&#8221;4.27.4&#8243; _module_preset=&#8221;default&#8221; global_colors_info=&#8221;{}&#8221;][\/et_pb_image][et_pb_image src=&#8221;https:\/\/www.museuemporda.org\/wp-content\/uploads\/2026\/08\/mE-2525.jpg&#8221; title_text=&#8221;mE-2525&#8243; disabled_on=&#8221;off|off|off&#8221; module_class=&#8221;hide-mobile&#8221; _builder_version=&#8221;4.27.4&#8243; _module_preset=&#8221;default&#8221; global_colors_info=&#8221;{}&#8221;][\/et_pb_image][et_pb_image src=&#8221;https:\/\/www.museuemporda.org\/wp-content\/uploads\/2026\/08\/mE-910_1-c.jpg&#8221; title_text=&#8221;mE-910_1-c&#8221; disabled_on=&#8221;off|off|off&#8221; module_class=&#8221;hide-mobile&#8221; _builder_version=&#8221;4.27.4&#8243; _module_preset=&#8221;default&#8221; global_colors_info=&#8221;{}&#8221;][\/et_pb_image][et_pb_image src=&#8221;https:\/\/www.museuemporda.org\/wp-content\/uploads\/2026\/08\/museu-emporda-01-1-scaled-2-c.jpg&#8221; title_text=&#8221;museu-emporda-01-1-scaled-2-c&#8221; disabled_on=&#8221;off|off|off&#8221; module_class=&#8221;hide-mobile&#8221; _builder_version=&#8221;4.27.4&#8243; _module_preset=&#8221;default&#8221; global_colors_info=&#8221;{}&#8221;][\/et_pb_image][\/et_pb_column][\/et_pb_row][\/et_pb_section][et_pb_section fb_built=&#8221;1&#8243; admin_label=&#8221;Section Intro&#8221; _builder_version=&#8221;4.27.4&#8243; _module_preset=&#8221;default&#8221; global_colors_info=&#8221;{}&#8221;][et_pb_row _builder_version=&#8221;4.27.4&#8243; _module_preset=&#8221;default&#8221; width=&#8221;45%&#8221; width_tablet=&#8221;70%&#8221; width_phone=&#8221;80%&#8221; width_last_edited=&#8221;on|desktop&#8221; global_colors_info=&#8221;{}&#8221; width__hover_enabled=&#8221;off|desktop&#8221;][et_pb_column type=&#8221;4_4&#8243; _builder_version=&#8221;4.27.4&#8243; _module_preset=&#8221;default&#8221; global_colors_info=&#8221;{}&#8221;][et_pb_text _builder_version=&#8221;4.27.4&#8243; _module_preset=&#8221;default&#8221; text_font=&#8221;|300|||||||&#8221; text_text_color=&#8221;#000000&#8243; text_font_size=&#8221;2rem&#8221; text_line_height=&#8221;1.25em&#8221; module_alignment=&#8221;center&#8221; animation_style=&#8221;slide&#8221; animation_direction=&#8221;bottom&#8221; animation_intensity_slide=&#8221;25%&#8221; animation_starting_opacity=&#8221;100%&#8221; custom_css_free_form=&#8221;selector p {||  padding-bottom: 0.25em;||}&#8221; global_colors_info=&#8221;{}&#8221;]Un museu viu on es parla de<span class=\"highlight-color\">\u00a0persones i de llocs,<\/span> de llocs i de persones, perqu\u00e8 no hi ha una cosa sense l&#8217;altra.<\/p>\n<p>Un espai d&#8217;art a Figueres encarat a all\u00f2 que sentim, <span class=\"highlight-underline\">volem i somiem<\/span> els qui vivim en aquest paisatge variadament hum\u00e0 que \u00e9s l&#8217;Empord\u00e0[\/et_pb_text][et_pb_button button_url=&#8221;https:\/\/www.museuemporda.org\/?page_id=16445&#8243; button_text=&#8221;Sobre el museu&#8221; _builder_version=&#8221;4.27.4&#8243; _module_preset=&#8221;default&#8221; custom_button=&#8221;on&#8221; button_text_size=&#8221;1.1rem&#8221; button_text_color=&#8221;#000000&#8243; button_bg_color=&#8221;gcid-c5c00f62-1e75-444a-84a3-7e8d357983f3&#8243; button_border_width=&#8221;0px&#8221; button_border_radius=&#8221;30px&#8221; button_font=&#8221;|600||on|||||&#8221; button_use_icon=&#8221;off&#8221; custom_margin=&#8221;32px||||false|false&#8221; custom_padding=&#8221;8px|24px|8px|24px|true|true&#8221; animation_style=&#8221;slide&#8221; animation_direction=&#8221;bottom&#8221; animation_delay=&#8221;500ms&#8221; global_colors_info=&#8221;{%22gcid-c5c00f62-1e75-444a-84a3-7e8d357983f3%22:%91%22button_bg_color%22%93,%22gcid-51aae690-52ce-48e0-9f6e-fc62e716aea7%22:%91%22button_bg_color__hover%22%93}&#8221; button_bg_color__hover_enabled=&#8221;on|hover&#8221; button_bg_color__hover=&#8221;#e93540&#8243; button_bg_enable_color__hover=&#8221;on&#8221; button_text_color__hover_enabled=&#8221;on|hover&#8221; button_text_color__hover=&#8221;#FFFFFF&#8221;][\/et_pb_button][\/et_pb_column][\/et_pb_row][\/et_pb_section][et_pb_section fb_built=&#8221;1&#8243; fullwidth=&#8221;on&#8221; admin_label=&#8221;Section Slider Expos&#8221; _builder_version=&#8221;4.27.4&#8243; _module_preset=&#8221;default&#8221; global_colors_info=&#8221;{}&#8221;][et_pb_fullwidth_code _builder_version=&#8221;4.27.4&#8243; _module_preset=&#8221;default&#8221; global_colors_info=&#8221;{}&#8221;][exposicions_slider n=&#8221;2&#8243; offset=&#8221;2&#8243;][\/et_pb_fullwidth_code][\/et_pb_section][et_pb_section fb_built=&#8221;1&#8243; admin_label=&#8221;Section Activitats&#8221; _builder_version=&#8221;4.27.4&#8243; _module_preset=&#8221;default&#8221; global_colors_info=&#8221;{}&#8221;][et_pb_row column_structure=&#8221;3_4,1_4&#8243; _builder_version=&#8221;4.27.4&#8243; _module_preset=&#8221;default&#8221; custom_margin_last_edited=&#8221;off|desktop&#8221; custom_css_main_element=&#8221;display: flex;||align-items: center;||justify-content: space-between;&#8221; global_colors_info=&#8221;{}&#8221; custom_css_main_element_last_edited=&#8221;on|tablet&#8221; custom_css_main_element_phone=&#8221;flex-direction: column;&#8221; custom_css_main_element_tablet=&#8221;display: flex;||align-items: center;||justify-content: space-between;&#8221;][et_pb_column type=&#8221;3_4&#8243; _builder_version=&#8221;4.27.4&#8243; _module_preset=&#8221;default&#8221; global_colors_info=&#8221;{}&#8221;][et_pb_heading title=&#8221;Properes activitats&#8221; _builder_version=&#8221;4.27.4&#8243; _module_preset=&#8221;default&#8221; title_level=&#8221;h2&#8243; title_font=&#8221;|700||on|||||&#8221; title_font_size=&#8221;4rem&#8221; animation_style=&#8221;slide&#8221; animation_direction=&#8221;bottom&#8221; animation_starting_opacity=&#8221;100%&#8221; title_font_size_tablet=&#8221;3rem&#8221; title_font_size_phone=&#8221;&#8221; title_font_size_last_edited=&#8221;on|phone&#8221; global_colors_info=&#8221;{}&#8221;][\/et_pb_heading][\/et_pb_column][et_pb_column type=&#8221;1_4&#8243; _builder_version=&#8221;4.27.4&#8243; _module_preset=&#8221;default&#8221; global_colors_info=&#8221;{}&#8221; custom_css_main_element_last_edited=&#8221;on|phone&#8221;][et_pb_button button_url=&#8221;https:\/\/www.museuemporda.org\/?page_id=6239&#8243; button_text=&#8221;Agenda&#8221; button_alignment=&#8221;right&#8221; button_alignment_tablet=&#8221;right&#8221; button_alignment_phone=&#8221;left&#8221; button_alignment_last_edited=&#8221;on|phone&#8221; _builder_version=&#8221;4.27.4&#8243; _module_preset=&#8221;default&#8221; custom_button=&#8221;on&#8221; button_text_size=&#8221;1.1rem&#8221; button_text_color=&#8221;#000000&#8243; button_bg_color=&#8221;gcid-c5c00f62-1e75-444a-84a3-7e8d357983f3&#8243; button_border_width=&#8221;0px&#8221; button_border_radius=&#8221;30px&#8221; button_font=&#8221;|600||on|||||&#8221; button_use_icon=&#8221;off&#8221; custom_margin=&#8221;||||false|false&#8221; custom_padding=&#8221;8px|24px|8px|24px|true|true&#8221; animation_style=&#8221;slide&#8221; animation_direction=&#8221;right&#8221; locked=&#8221;off&#8221; global_colors_info=&#8221;{%22gcid-c5c00f62-1e75-444a-84a3-7e8d357983f3%22:%91%22button_bg_color%22%93,%22gcid-51aae690-52ce-48e0-9f6e-fc62e716aea7%22:%91%22button_bg_color__hover%22%93}&#8221; button_bg_color__hover_enabled=&#8221;on|desktop&#8221; button_bg_color__hover=&#8221;#e93540&#8243; button_bg_enable_color__hover=&#8221;on&#8221; button_text_color__hover_enabled=&#8221;on|desktop&#8221; button_text_color__hover=&#8221;#FFFFFF&#8221;][\/et_pb_button][\/et_pb_column][\/et_pb_row][et_pb_row _builder_version=&#8221;4.27.4&#8243; _module_preset=&#8221;default&#8221; global_colors_info=&#8221;{}&#8221;][et_pb_column type=&#8221;4_4&#8243; _builder_version=&#8221;4.27.4&#8243; _module_preset=&#8221;default&#8221; global_colors_info=&#8221;{}&#8221;][et_pb_code _builder_version=&#8221;4.27.4&#8243; _module_preset=&#8221;default&#8221; animation_direction=&#8221;bottom&#8221; custom_css_free_form=&#8221;@media (max-width: 1528.98px) {||  .lt-latest-activitats__item:nth-child(4) {||    display: none;||\t}||}&#8221; global_colors_info=&#8221;{}&#8221;][latest_activitats n=&#8221;4&#8243;][\/et_pb_code][\/et_pb_column][\/et_pb_row][\/et_pb_section][et_pb_section fb_built=&#8221;1&#8243; admin_label=&#8221;Section Col\u00b7lecci\u00f3&#8221; _builder_version=&#8221;4.27.4&#8243; _module_preset=&#8221;default&#8221; background_color=&#8221;gcid-c5c00f62-1e75-444a-84a3-7e8d357983f3&#8243; global_colors_info=&#8221;{%22gcid-c5c00f62-1e75-444a-84a3-7e8d357983f3%22:%91%22background_color%22%93}&#8221;][et_pb_row column_structure=&#8221;1_2,1_4,1_4&#8243; _builder_version=&#8221;4.27.4&#8243; _module_preset=&#8221;default&#8221; custom_css_main_element=&#8221;display: flex;||align-items: flex-end;||flex-wrap: wrap;&#8221; global_colors_info=&#8221;{}&#8221;][et_pb_column type=&#8221;1_2&#8243; admin_label=&#8221;Column&#8221; _builder_version=&#8221;4.27.4&#8243; _module_preset=&#8221;default&#8221; custom_css_free_form=&#8221;selector {||  margin-right: 4px !important;||  width: auto !important;||}&#8221; global_colors_info=&#8221;{}&#8221;][et_pb_heading title=&#8221;Un cop d\u2019ull&#8221; _builder_version=&#8221;4.27.4&#8243; _module_preset=&#8221;default&#8221; title_level=&#8221;h2&#8243; title_font=&#8221;|700||on|||||&#8221; title_text_color=&#8221;gcid-51aae690-52ce-48e0-9f6e-fc62e716aea7&#8243; title_font_size=&#8221;4rem&#8221; custom_padding=&#8221;||||false|false&#8221; animation_style=&#8221;slide&#8221; animation_direction=&#8221;bottom&#8221; animation_starting_opacity=&#8221;100%&#8221; custom_css_free_form=&#8221;selector h2 {||  padding-bottom: 0;||  line-height: 0.8;||}&#8221; global_colors_info=&#8221;{%22gcid-51aae690-52ce-48e0-9f6e-fc62e716aea7%22:%91%22title_text_color%22%93}&#8221;][\/et_pb_heading][\/et_pb_column][et_pb_column type=&#8221;1_4&#8243; admin_label=&#8221;Column&#8221; _builder_version=&#8221;4.27.4&#8243; _module_preset=&#8221;default&#8221; custom_css_main_element=&#8221;margin-right: auto;&#8221; custom_css_free_form=&#8221;selector {||  margin-right: auto !important;||}&#8221; global_colors_info=&#8221;{}&#8221;][et_pb_heading title=&#8221;a la col\u00b7lecci\u00f3&#8221; _builder_version=&#8221;4.27.4&#8243; _module_preset=&#8221;default&#8221; title_level=&#8221;h2&#8243; title_font=&#8221;|700|||||||&#8221; title_text_color=&#8221;gcid-51aae690-52ce-48e0-9f6e-fc62e716aea7&#8243; title_font_size=&#8221;1.5rem&#8221; custom_padding=&#8221;||||false|false&#8221; animation_style=&#8221;fade&#8221; animation_delay=&#8221;1000ms&#8221; custom_css_free_form=&#8221;selector h2 {||  padding-bottom: 0;||}&#8221; global_colors_info=&#8221;{%22gcid-51aae690-52ce-48e0-9f6e-fc62e716aea7%22:%91%22title_text_color%22%93}&#8221;][\/et_pb_heading][\/et_pb_column][et_pb_column type=&#8221;1_4&#8243; _builder_version=&#8221;4.27.4&#8243; _module_preset=&#8221;default&#8221; global_colors_info=&#8221;{}&#8221;][et_pb_button button_url=&#8221;https:\/\/www.museuemporda.org\/?page_id=2318&#8243; button_text=&#8221;Col\u00b7lecci\u00f3&#8221; button_alignment=&#8221;right&#8221; button_alignment_tablet=&#8221;left&#8221; button_alignment_phone=&#8221;&#8221; button_alignment_last_edited=&#8221;on|desktop&#8221; _builder_version=&#8221;4.27.4&#8243; _module_preset=&#8221;default&#8221; custom_button=&#8221;on&#8221; button_text_size=&#8221;1.1rem&#8221; button_text_color=&#8221;#FFFFFF&#8221; button_bg_color=&#8221;gcid-51aae690-52ce-48e0-9f6e-fc62e716aea7&#8243; button_border_width=&#8221;0px&#8221; button_border_radius=&#8221;30px&#8221; button_font=&#8221;|600||on|||||&#8221; button_use_icon=&#8221;off&#8221; custom_margin=&#8221;32px||||false|false&#8221; custom_padding=&#8221;8px|24px|8px|24px|true|true&#8221; animation_style=&#8221;slide&#8221; animation_direction=&#8221;right&#8221; locked=&#8221;off&#8221; global_colors_info=&#8221;{%22gcid-51aae690-52ce-48e0-9f6e-fc62e716aea7%22:%91%22button_bg_color%22%93,%22gcid-dd010ddb-d0d6-4509-8473-84ea627e2834%22:%91%22button_bg_color__hover%22%93}&#8221; button_bg_color__hover_enabled=&#8221;on|hover&#8221; button_bg_color__hover=&#8221;#4227b2&#8243; button_bg_enable_color__hover=&#8221;on&#8221;][\/et_pb_button][\/et_pb_column][\/et_pb_row][et_pb_row _builder_version=&#8221;4.27.4&#8243; _module_preset=&#8221;default&#8221; global_colors_info=&#8221;{}&#8221;][et_pb_column type=&#8221;4_4&#8243; _builder_version=&#8221;4.27.4&#8243; _module_preset=&#8221;default&#8221; global_colors_info=&#8221;{}&#8221;][et_pb_code _builder_version=&#8221;4.27.4&#8243; _module_preset=&#8221;default&#8221; animation_direction=&#8221;bottom&#8221; global_colors_info=&#8221;{}&#8221;][random_obres][\/et_pb_code][\/et_pb_column][\/et_pb_row][\/et_pb_section][et_pb_section fb_built=&#8221;1&#8243; make_equal=&#8221;on&#8221; use_custom_gutter=&#8221;on&#8221; gutter_width=&#8221;2&#8243; specialty=&#8221;on&#8221; admin_label=&#8221;Section Hist\u00f2ries&#8221; _builder_version=&#8221;4.27.4&#8243; _module_preset=&#8221;default&#8221; global_colors_info=&#8221;{}&#8221;][et_pb_column type=&#8221;1_2&#8243; admin_label=&#8221;Column&#8221; _builder_version=&#8221;4.16&#8243; custom_padding=&#8221;|||&#8221; global_colors_info=&#8221;{}&#8221; custom_padding__hover=&#8221;|||&#8221;][et_pb_image src=&#8221;https:\/\/www.museuemporda.org\/wp-content\/uploads\/2026\/08\/histories-de-lart-c.jpg&#8221; title_text=&#8221;histories-de-lart-c&#8221; src_last_edited=&#8221;off|desktop&#8221; admin_label=&#8221;Image&#8221; module_class=&#8221;toggle-image&#8221; _builder_version=&#8221;4.27.4&#8243; _module_preset=&#8221;default&#8221; positioning=&#8221;absolute&#8221; position_origin_a_tablet=&#8221;&#8221; position_origin_a_phone=&#8221;&#8221; position_origin_a_last_edited=&#8221;on|phone&#8221; position_origin_f_tablet=&#8221;&#8221; position_origin_f_phone=&#8221;&#8221; position_origin_f_last_edited=&#8221;on|phone&#8221; position_origin_r_tablet=&#8221;&#8221; position_origin_r_phone=&#8221;&#8221; position_origin_r_last_edited=&#8221;on|phone&#8221; width=&#8221;100%&#8221; height=&#8221;100%&#8221; animation_style=&#8221;zoom&#8221; hover_enabled=&#8221;0&#8243; positioning_tablet=&#8221;none&#8221; positioning_phone=&#8221;none&#8221; positioning_last_edited=&#8221;on|desktop&#8221; custom_css_main_element=&#8221;height: 100%;&#8221; custom_css_free_form=&#8221;selector .et_pb_image_wrap  {||  height: 100%;||}||||selector img {||  object-fit: cover;||}&#8221; border_radii=&#8221;on|30px|30px|30px|30px&#8221; global_colors_info=&#8221;{}&#8221; src__hover_enabled=&#8221;off|desktop&#8221; sticky_enabled=&#8221;0&#8243;][\/et_pb_image][et_pb_image src=&#8221;https:\/\/www.museuemporda.org\/wp-content\/uploads\/2026\/08\/Captura-de-pantalla-2026-06-01-170516-c.jpg&#8221; title_text=&#8221;Captura de pantalla 2026-06-01 170516-c&#8221; src_last_edited=&#8221;off|desktop&#8221; admin_label=&#8221;Image&#8221; module_class=&#8221;toggle-image&#8221; _builder_version=&#8221;4.27.4&#8243; _module_preset=&#8221;default&#8221; positioning=&#8221;absolute&#8221; position_origin_a_last_edited=&#8221;off|phone&#8221; position_origin_f_last_edited=&#8221;off|phone&#8221; position_origin_r_last_edited=&#8221;off|phone&#8221; width=&#8221;100%&#8221; height=&#8221;100%&#8221; positioning_tablet=&#8221;none&#8221; positioning_phone=&#8221;none&#8221; positioning_last_edited=&#8221;off|phone&#8221; custom_css_main_element=&#8221;height: 100%;&#8221; custom_css_free_form=&#8221;selector .et_pb_image_wrap  {||  height: 100%;||}||||selector img {||  object-fit: cover;||}&#8221; border_radii=&#8221;on|30px|30px|30px|30px&#8221; global_colors_info=&#8221;{}&#8221; src__hover_enabled=&#8221;off|desktop&#8221;][\/et_pb_image][et_pb_image src=&#8221;https:\/\/www.museuemporda.org\/wp-content\/uploads\/2026\/08\/Captura-de-pantalla-2026-06-01-170548-c.jpg&#8221; title_text=&#8221;Captura de pantalla 2026-06-01 170548-c&#8221; src_last_edited=&#8221;off|desktop&#8221; admin_label=&#8221;Image&#8221; module_class=&#8221;toggle-image&#8221; _builder_version=&#8221;4.27.4&#8243; _module_preset=&#8221;default&#8221; positioning=&#8221;absolute&#8221; position_origin_a_last_edited=&#8221;off|desktop&#8221; position_origin_f_last_edited=&#8221;off|desktop&#8221; position_origin_r_last_edited=&#8221;off|desktop&#8221; width=&#8221;100%&#8221; height=&#8221;100%&#8221; hover_enabled=&#8221;0&#8243; positioning_tablet=&#8221;none&#8221; positioning_phone=&#8221;none&#8221; positioning_last_edited=&#8221;off|desktop&#8221; custom_css_main_element=&#8221;height: 100%;&#8221; custom_css_free_form=&#8221;selector .et_pb_image_wrap  {||  height: 100%;||}||||selector img {||  object-fit: cover;||}&#8221; border_radii=&#8221;on|30px|30px|30px|30px&#8221; global_colors_info=&#8221;{}&#8221; src__hover_enabled=&#8221;off|desktop&#8221; sticky_enabled=&#8221;0&#8243;][\/et_pb_image][\/et_pb_column][et_pb_column type=&#8221;1_2&#8243; specialty_columns=&#8221;2&#8243; _builder_version=&#8221;4.16&#8243; custom_padding=&#8221;|||&#8221; global_colors_info=&#8221;{}&#8221; custom_padding__hover=&#8221;|||&#8221;][et_pb_row_inner _builder_version=&#8221;4.27.4&#8243; _module_preset=&#8221;default&#8221; custom_padding=&#8221;0px||12px||false|false&#8221; global_colors_info=&#8221;{}&#8221;][et_pb_column_inner saved_specialty_column_type=&#8221;1_2&#8243; _builder_version=&#8221;4.27.4&#8243; _module_preset=&#8221;default&#8221; global_colors_info=&#8221;{}&#8221;][et_pb_cta title=&#8221;Cicle de cursos&#8221; button_url=&#8221;#&#8221; _builder_version=&#8221;4.27.4&#8243; _module_preset=&#8221;default&#8221; header_font=&#8221;|700||on|||||&#8221; header_text_color=&#8221;#185d4d&#8221; header_font_size=&#8221;1rem&#8221; body_text_color=&#8221;#185d4d&#8221; background_color=&#8221;#7de0ba&#8221; custom_button=&#8221;on&#8221; button_text_size=&#8221;1rem&#8221; button_text_color=&#8221;#185d4d&#8221; button_border_width=&#8221;0px&#8221; button_font=&#8221;|700||on|||||&#8221; button_icon=&#8221;&#x24;||divi||400&#8243; button_icon_color=&#8221;#185d4d&#8221; button_on_hover=&#8221;off&#8221; button_alignment=&#8221;right&#8221; text_orientation=&#8221;left&#8221; background_layout=&#8221;light&#8221; animation_style=&#8221;slide&#8221; animation_direction=&#8221;bottom&#8221; animation_delay=&#8221;250ms&#8221; animation_intensity_slide=&#8221;20%&#8221; hover_enabled=&#8221;0&#8243; custom_css_free_form=&#8221;selector h3 {||  font-size: 2rem;||}||||selector .button {||  display: block;||  text-align: right;||  color: inherit;||  font-weight: bold;||  text-transform: uppercase;||}||||.icon-arrow-right {||  vertical-align: text-top;||}||||.icon-arrow-right .arrow-line, .icon-arrow-right .arrow-head {||    transition: transform 0.2s ease-out;||    transform-origin: left;||    transform-box: border-box;||}||||.button:not(:hover, :focus-visible) .arrow-line {||    transform: scaleX(0.45);||}||||.button:not(:hover, :focus-visible) .arrow-head {||    transform: translateX(-61px);||}||&#8221; border_radii=&#8221;on|42px|42px|42px|42px&#8221; global_colors_info=&#8221;{}&#8221; button_bg_color__hover_enabled=&#8221;on|desktop&#8221; button_bg_color__hover=&#8221;RGBA(255,255,255,0)&#8221; button_bg_enable_color__hover=&#8221;on&#8221; sticky_enabled=&#8221;0&#8243;]<\/p>\n<h3 style=\"color: #185d4d;\"><strong>HIST\u00d2RIES DE L\u2019ART<\/strong><\/h3>\n<p>Hist\u00f2ries de l\u2019art \u00e9s un cicle de cursos per aprofundir en diversos aspectes de l\u2019art a partir d\u2019un acostament transversal i obert a tothom.<\/p>\n<p><a class=\"button\" href=\"https:\/\/www.museuemporda.org\/?page_id=17116\"><span>Veure totes les hist\u00f2ries<\/span> <svg xmlns=\"http:\/\/www.w3.org\/2000\/svg\" width=\"70\" height=\"18.5\" class=\"icon-arrow-right\" viewbox=\"0 0 112 29.66\"><path fill=\"none\" stroke=\"#185d4d\" stroke-linecap=\"round\" stroke-width=\"4\" d=\"M2 14.83h105\" class=\"arrow-line\"><\/path><path fill=\"none\" stroke=\"#185d4d\" stroke-linecap=\"round\" stroke-linejoin=\"round\" stroke-width=\"4\" d=\"m98 2.83 12 12-12 12\" class=\"arrow-head\"><\/path><\/svg><\/a><\/p>\n<p>[\/et_pb_cta][\/et_pb_column_inner][\/et_pb_row_inner][et_pb_row_inner column_structure=&#8221;1_2,1_2&#8243; use_custom_gutter=&#8221;on&#8221; gutter_width=&#8221;2&#8243; make_equal=&#8221;on&#8221; _builder_version=&#8221;4.27.4&#8243; _module_preset=&#8221;default&#8221; custom_margin=&#8221;||||false|false&#8221; custom_padding=&#8221;12px||0px||false|false&#8221; global_colors_info=&#8221;{}&#8221;][et_pb_column_inner type=&#8221;1_2&#8243; saved_specialty_column_type=&#8221;1_2&#8243; _builder_version=&#8221;4.27.4&#8243; _module_preset=&#8221;default&#8221; custom_padding=&#8221;||||false|false&#8221; global_colors_info=&#8221;{}&#8221;][et_pb_text _builder_version=&#8221;4.27.4&#8243; _module_preset=&#8221;default&#8221; text_text_color=&#8221;gcid-c5c00f62-1e75-444a-84a3-7e8d357983f3&#8243; background_color=&#8221;gcid-dd010ddb-d0d6-4509-8473-84ea627e2834&#8243; height=&#8221;100%&#8221; custom_padding=&#8221;32px|32px|32px|32px|true|true&#8221; animation_style=&#8221;slide&#8221; animation_direction=&#8221;left&#8221; animation_delay=&#8221;500ms&#8221; animation_intensity_slide=&#8221;20%&#8221; link_option_url=&#8221;https:\/\/www.youtube.com\/@museuemporda7294&#8243; link_option_url_new_window=&#8221;on&#8221; custom_css_main_element=&#8221;display: flex;||align-items: center;&#8221; custom_css_free_form=&#8221;selector .icon-arrow-hover {||  position: absolute;||  top: 50%;||  left: 50%;||  transform: translate(-50%, -50%);||  opacity: 0;||  transition: 0.2s ease-out;||}||||selector:hover .icon-arrow-hover,||selector:focus-within .icon-arrow-hover{||  opacity: 1;||}||||.hide-hover {||  transition: opacity 0.2s ease-out;||}||||selector:hover .hide-hover,||selector:focus-visible .hide-hover {||  opacity: 0;||}&#8221; border_radii=&#8221;on|30px|30px|30px|30px&#8221; global_colors_info=&#8221;{%22gcid-dd010ddb-d0d6-4509-8473-84ea627e2834%22:%91%22background_color%22%93,%22gcid-c5c00f62-1e75-444a-84a3-7e8d357983f3%22:%91%22text_text_color%22%93}&#8221;]<\/p>\n<div class=\"hide-hover\">Trobar\u00e0s totes les sessions d\u2019Hist\u00f2ries de l\u2019art al nostre<br \/><strong>canal de Youtube<\/strong> <svg xmlns=\"http:\/\/www.w3.org\/2000\/svg\" style=\"vertical-align: middle;\" width=\"30\" height=\"17.8\" viewbox=\"0 0 51 29.66\"><g fill=\"none\" stroke=\"#F8D8E9\" stroke-linecap=\"round\" stroke-width=\"4\"><path d=\"M2 14.83h44\"><\/path><path stroke-linejoin=\"round\" d=\"m37 2.83 12 12-12 12\"><\/path><\/g><\/svg><\/div>\n<p><svg class=\"icon-arrow-hover\" xmlns=\"http:\/\/www.w3.org\/2000\/svg\" width=\"160.75\" height=\"175.28\" viewbox=\"0 0 160.75 175.28\"><g fill=\"none\" stroke=\"#f8d8e9\" stroke-linecap=\"round\" stroke-width=\"20\"><path stroke-linejoin=\"round\" d=\"m77.25 14.14 73.5 73.5-73.5 73.5\"><\/path><path d=\"M139 88.14H10\"><\/path><\/g><\/svg><\/p>\n<p>[\/et_pb_text][\/et_pb_column_inner][et_pb_column_inner type=&#8221;1_2&#8243; saved_specialty_column_type=&#8221;1_2&#8243; _builder_version=&#8221;4.27.4&#8243; _module_preset=&#8221;default&#8221; custom_padding=&#8221;||||false|false&#8221; global_colors_info=&#8221;{}&#8221;][et_pb_cta button_url=&#8221;https:\/\/www.museuemporda.org\/?page_id=16372&#8243; button_text=&#8221;Reserves&#8221; _builder_version=&#8221;4.27.4&#8243; _module_preset=&#8221;default&#8221; header_font=&#8221;|700||on|||||&#8221; header_font_size=&#8221;1rem&#8221; body_text_color=&#8221;gcid-c5c00f62-1e75-444a-84a3-7e8d357983f3&#8243; background_color=&#8221;gcid-51aae690-52ce-48e0-9f6e-fc62e716aea7&#8243; custom_button=&#8221;on&#8221; button_text_size=&#8221;0.9rem&#8221; button_text_color=&#8221;#000000&#8243; button_bg_color=&#8221;gcid-c5c00f62-1e75-444a-84a3-7e8d357983f3&#8243; button_border_width=&#8221;0px&#8221; button_border_radius=&#8221;30px&#8221; button_font=&#8221;|700||on|||||&#8221; button_use_icon=&#8221;off&#8221; button_alignment=&#8221;left&#8221; button_custom_margin=&#8221;||||false|false&#8221; text_orientation=&#8221;left&#8221; background_layout=&#8221;light&#8221; animation_style=&#8221;slide&#8221; animation_direction=&#8221;right&#8221; animation_delay=&#8221;1000ms&#8221; animation_intensity_slide=&#8221;20%&#8221; border_radii=&#8221;on|42px|42px|42px|42px&#8221; global_colors_info=&#8221;{%22gcid-51aae690-52ce-48e0-9f6e-fc62e716aea7%22:%91%22background_color%22%93,%22gcid-c5c00f62-1e75-444a-84a3-7e8d357983f3%22:%91%22body_text_color%22,%22button_bg_color%22%93,%22gcid-dd010ddb-d0d6-4509-8473-84ea627e2834%22:%91%22button_bg_color__hover%22%93}&#8221; button_bg_color__hover_enabled=&#8221;on|hover&#8221; button_bg_color__hover=&#8221;#4227b2&#8243; button_bg_enable_color__hover=&#8221;on&#8221; button_text_color__hover_enabled=&#8221;on|hover&#8221; button_text_color__hover=&#8221;#FFFFFF&#8221;]<\/p>\n<p>Tractarem literatura, art t\u00e8xtil, monuments inc\u00f2modes, art sense muses, monstres, i espiritualitat.<\/p>\n<p>[\/et_pb_cta][\/et_pb_column_inner][\/et_pb_row_inner][\/et_pb_column][\/et_pb_section][et_pb_section fb_built=&#8221;1&#8243; admin_label=&#8221;Section Info&#8221; _builder_version=&#8221;4.27.4&#8243; _module_preset=&#8221;default&#8221; custom_css_free_form=&#8221;selector ul {||  list-style: none;||  padding-left: 0;||  margin-bottom: 1.5rem;||}||||selector ul ul {||  margin: 0;||  padding-left: 0.5em;||  padding-bottom: 0;||}||||selector li {||  display: flex;||  justify-content: space-between;||  align-items: center;||  padding: 0.5em 0;||  line-height: 1.25;||  gap: 1em;||}||||selector li ul li {||  display: block;||  justify-content: flex-end;||  font-size: 1em;||  padding: 0;||}||||selector li:not(:last-child) {||  border-bottom: 1px solid #707070;||}||||selector ul ul li:not(:last-child) {||  border-bottom: 0;||}||||selector small {||  font-size: 0.75em;||}&#8221; global_colors_info=&#8221;{}&#8221;][et_pb_row column_structure=&#8221;1_3,1_3,1_3&#8243; _builder_version=&#8221;4.27.4&#8243; _module_preset=&#8221;default&#8221; global_colors_info=&#8221;{}&#8221;][et_pb_column type=&#8221;1_3&#8243; _builder_version=&#8221;4.27.4&#8243; _module_preset=&#8221;default&#8221; animation_style=&#8221;slide&#8221; animation_direction=&#8221;bottom&#8221; animation_intensity_slide=&#8221;10%&#8221; global_colors_info=&#8221;{}&#8221;][et_pb_heading title=&#8221;Ubicaci\u00f3&#8221; _builder_version=&#8221;4.27.4&#8243; _module_preset=&#8221;default&#8221; title_level=&#8221;h2&#8243; title_font=&#8221;|700|||||||&#8221; title_font_size=&#8221;3.5rem&#8221; custom_margin=&#8221;0px||20px||false|false&#8221; custom_padding=&#8221;||||false|false&#8221; custom_css_after=&#8221;content: &#8221;;||display: inline-block;||width: 100%;||height: 8px;||background-color: #4227B2;||border-radius: 4px;&#8221; global_colors_info=&#8221;{}&#8221;][\/et_pb_heading][et_pb_text _builder_version=&#8221;4.27.4&#8243; _module_preset=&#8221;default&#8221; text_font_size=&#8221;1.25rem&#8221; header_3_font=&#8221;|700|||||||&#8221; custom_css_free_form=&#8221;selector ul {||  list-style: none;||  padding-left: 0;||  margin-bottom: 1.5rem;||}||||selector ul ul {||  margin-top: 0.5em;||  margin-bottom: 0.5em;||  padding-left: 1.5em;||}||||selector li {||  display: flex;||  justify-content: space-between;||  align-items: center;||  padding: 0.75em 0;||  line-height: 1.25;||}||||selector li > ul > li {||  display: block;||  justify-content: flex-end;||  padding-left: 0;||  font-size: 1em;||}||||selector li:not(:last-child) {||  border-bottom: 1px solid #707070;||}||||selector ul ul > li:not(:last-child) {||  border-bottom: 0;||}||||selector small {||  font-size: 0.75em;||}&#8221; global_colors_info=&#8221;{}&#8221;]<\/p>\n<h3>MUSEU DE L\u2019EMPORD\u00c0<\/h3>\n<p>Rambla, 2, 17600 Figueres, Girona<\/p>\n<h3>SALA L\u2019ESCORXADOR<\/h3>\n<p>Pla\u00e7a de l\u2019Escorxador, 2 17600 Figueres, Girona<\/p>\n<p><iframe loading=\"lazy\" src=\"https:\/\/www.museuemporda.org\/wp-content\/uploads\/2020\/04\/mapa_rosa_3.html\" width=\"400\" height=\"320\" spellcheck=\"false\"><\/iframe>[\/et_pb_text][\/et_pb_column][et_pb_column type=&#8221;1_3&#8243; _builder_version=&#8221;4.27.4&#8243; _module_preset=&#8221;default&#8221; animation_style=&#8221;slide&#8221; animation_direction=&#8221;bottom&#8221; animation_delay=&#8221;250ms&#8221; animation_intensity_slide=&#8221;10%&#8221; global_colors_info=&#8221;{}&#8221;][et_pb_heading title=&#8221;Horari&#8221; _builder_version=&#8221;4.27.4&#8243; _module_preset=&#8221;default&#8221; title_level=&#8221;h2&#8243; title_font=&#8221;|700|||||||&#8221; title_font_size=&#8221;3.5rem&#8221; custom_margin=&#8221;0px||20px||false|false&#8221; custom_padding=&#8221;||||false|false&#8221; custom_css_after=&#8221;content: &#8221;;||display: inline-block;||width: 100%;||height: 8px;||background-color: #E93540;||border-radius: 4px;&#8221; global_colors_info=&#8221;{}&#8221;][\/et_pb_heading][et_pb_text _builder_version=&#8221;4.27.4&#8243; _module_preset=&#8221;default&#8221; text_font_size=&#8221;1.25rem&#8221; global_colors_info=&#8221;{}&#8221;]<\/p>\n<h3><strong>MUSEU DE L\u2019EMPORD\u00c0<\/strong><\/h3>\n<ul>\n<li><span>Dimarts &#8211; Dissabte<\/span><span>10 a 19h<\/span><\/li>\n<li><span>Diumenges i festius<\/span><span>10 a 14h<\/span><\/li>\n<li><span>Dilluns<\/span>\u00a0<span>Tancat<\/span><\/li>\n<\/ul>\n<h3><strong>SALA L\u2019ESCORXADOR<\/strong><\/h3>\n<ul>\n<li style=\"align-items: baseline;\"><span>Dilluns &#8211; Dissabte<\/span>\n<ul>\n<li>9:30 a 14h<\/li>\n<li>16 a 18h<\/li>\n<\/ul>\n<\/li>\n<li><span>Diumenges<\/span>\u00a0 <span>10 a 15h<\/span><\/li>\n<\/ul>\n<p>[\/et_pb_text][\/et_pb_column][et_pb_column type=&#8221;1_3&#8243; _builder_version=&#8221;4.27.4&#8243; _module_preset=&#8221;default&#8221; animation_style=&#8221;slide&#8221; animation_direction=&#8221;bottom&#8221; animation_delay=&#8221;500ms&#8221; animation_intensity_slide=&#8221;10%&#8221; global_colors_info=&#8221;{}&#8221;][et_pb_heading title=&#8221;Entrades&#8221; _builder_version=&#8221;4.27.4&#8243; _module_preset=&#8221;default&#8221; title_level=&#8221;h2&#8243; title_font=&#8221;|700|||||||&#8221; title_font_size=&#8221;3.5rem&#8221; custom_margin=&#8221;0px||20px||false|false&#8221; custom_padding=&#8221;||||false|false&#8221; custom_css_after=&#8221;content: &#8221;;||display: inline-block;||width: 100%;||height: 8px;||background-color:#7DE0BA;||border-radius: 4px;&#8221; global_colors_info=&#8221;{}&#8221;][\/et_pb_heading][et_pb_text _builder_version=&#8221;4.27.4&#8243; _module_preset=&#8221;default&#8221; text_font_size=&#8221;1.25rem&#8221; global_colors_info=&#8221;{}&#8221;]<\/p>\n<h3><strong>MUSEU DE L\u2019EMPORD\u00c0<\/strong><\/h3>\n<ul>\n<li><span>General<\/span>\u00a0<span style=\"color: #4227b2;\"><strong>5\u20ac<\/strong><\/span><\/li>\n<li><span>Redu\u00efda<\/span> \u00a0<span style=\"color: #4227b2;\"><strong>2,5\u20ac<\/strong><\/span><\/li>\n<li><small>Menors de 18 anys, jubilats, aturats, membres de l\u2019ICOM, membres de l\u2019Associaci\u00f3 de Professionals de la Museologia de Catalunya<\/small> <span style=\"color: #4227b2;\"><strong>Gratu\u00eft<\/strong><\/span><\/li>\n<\/ul>\n<ul><\/ul>\n<p>[\/et_pb_text][\/et_pb_column][\/et_pb_row][\/et_pb_section][et_pb_section fb_built=&#8221;1&#8243; fullwidth=&#8221;on&#8221; admin_label=&#8221;Section contacta&#8221; _builder_version=&#8221;4.27.4&#8243; _module_preset=&#8221;default&#8221; background_image=&#8221;https:\/\/www.museuemporda.org\/wp-content\/uploads\/2026\/08\/mE-617-c-1.jpg&#8221; parallax=&#8221;on&#8221; custom_padding=&#8221;||||false|false&#8221; sticky_position=&#8221;top&#8221; global_colors_info=&#8221;{}&#8221;][et_pb_fullwidth_header title=&#8221;Connecta&#8217;t al museu&#8221; subhead=&#8221;El Museu tamb\u00e9 passa fora de les sales.&#8221; button_one_text=&#8221;Subscriu-te a la newsletter&#8221; button_one_url=&#8221;https:\/\/museuemporda.timtul.es\/iframe-lead-form\/&#8221; button_two_text=&#8221;Uneix-te al club de WhatsApp&#8221; button_two_url=&#8221;http:\/\/wa.me\/34656764863&#8243; background_overlay_color=&#8221;rgba(0,0,0,0.3)&#8221; _builder_version=&#8221;4.27.4&#8243; _module_preset=&#8221;default&#8221; title_level=&#8221;h2&#8243; title_font=&#8221;|700||on|||||&#8221; title_font_size=&#8221;3.5rem&#8221; content_font_size=&#8221;1.5rem&#8221; subhead_font=&#8221;||||||||&#8221; subhead_font_size=&#8221;1.5rem&#8221; background_enable_color=&#8221;off&#8221; background_image=&#8221;https:\/\/www.museuemporda.org\/wp-content\/uploads\/2026\/08\/mE-617-c-1.jpg&#8221; parallax=&#8221;on&#8221; parallax_method=&#8221;on&#8221; custom_button_one=&#8221;on&#8221; button_one_text_size=&#8221;1.1rem&#8221; button_one_text_color=&#8221;#000000&#8243; button_one_bg_color=&#8221;gcid-c5c00f62-1e75-444a-84a3-7e8d357983f3&#8243; button_one_border_width=&#8221;0px&#8221; button_one_border_radius=&#8221;32px&#8221; button_one_font=&#8221;|700||on|||||&#8221; button_one_use_icon=&#8221;off&#8221; button_one_custom_padding=&#8221;10px|20px|10px|54px|true|false&#8221; custom_button_two=&#8221;on&#8221; button_two_text_size=&#8221;1.1rem&#8221; button_two_text_color=&#8221;#000000&#8243; button_two_bg_color=&#8221;gcid-c5c00f62-1e75-444a-84a3-7e8d357983f3&#8243; button_two_border_width=&#8221;0px&#8221; button_two_border_radius=&#8221;32px&#8221; button_two_font=&#8221;|700||on|||||&#8221; button_two_use_icon=&#8221;off&#8221; button_two_custom_padding=&#8221;10px|20px|10px|54px|true|false&#8221; custom_padding=&#8221;||||false|false&#8221; animation_style=&#8221;fade&#8221; link_option_url_new_window=&#8221;on&#8221; title_font_size_tablet=&#8221;3.5rem&#8221; title_font_size_phone=&#8221;3rem&#8221; title_font_size_last_edited=&#8221;on|phone&#8221; content_font_size_tablet=&#8221;1.5rem&#8221; content_font_size_phone=&#8221;1.4rem&#8221; content_font_size_last_edited=&#8221;on|phone&#8221; subhead_font_size_tablet=&#8221;1.5rem&#8221; subhead_font_size_phone=&#8221;1.4rem&#8221; subhead_font_size_last_edited=&#8221;on|phone&#8221; button_one_text_size_tablet=&#8221;1.1rem&#8221; button_one_text_size_phone=&#8221;1rem&#8221; button_one_text_size_last_edited=&#8221;on|phone&#8221; button_two_text_size_tablet=&#8221;1.1rem&#8221; button_two_text_size_phone=&#8221;1rem&#8221; button_two_text_size_last_edited=&#8221;on|phone&#8221; custom_css_main_element=&#8221;padding-top: calc(4% + 50px);||padding-bottom: calc(4% + 50px);&#8221; custom_css_free_form=&#8221;selector .header-content {||  border: 0px solid transparent;||}||||selector .header-content {||\t\tdisplay: grid;||\t\tgrid-template-columns: minmax(50%, 1fr) auto auto;||\t\tgrid-template-rows: auto auto auto;||\t\tcolumn-gap: 20px;||\t\trow-gap: 0.5rem;||\t\talign-items: center;||\t}||||\tselector .header-content .et_pb_module_header,||\tselector .header-content .et_pb_fullwidth_header_subhead,||\tselector .header-content .et_pb_header_content_wrapper {||\t\tgrid-column: 1;||\t}||||\tselector .header-content .et_pb_module_header {||\t\tgrid-row: 1;||\t\tmargin: 0;||\t}||||\tselector .header-content .et_pb_fullwidth_header_subhead {||\t\tgrid-row: 2;||\t}||||\tselector .header-content .et_pb_header_content_wrapper {||\t\tgrid-row: 3;||\t}||||\tselector .header-content .et_pb_button {||\t\tgrid-row: 1;||\t\tjustify-self: end;||    margin: 0;||    background-position: 20px;||    background-size: 22px auto;||\t}||||\tselector .header-content .et_pb_button_one {||\t\tgrid-column: 2;||    background-image: url(%22data:image\/svg+xml,%3Csvg xmlns=&#8217;http:\/\/www.w3.org\/2000\/svg&#8217; viewBox=&#8217;0 0 24.27 19.42&#8217;%3E%3Cpath d=&#8217;M21.85 0H2.43A2.4 2.4 0 0 0 0 2.43L0 16.99a2.44 2.44 0 0 0 2.43 2.43h19.42a2.44 2.44 0 0 0 2.42-2.43V2.43A2.44 2.44 0 0 0 21.85 0m0 4.86-9.71 6.06-9.71-6.06V2.42l9.7 6.07 9.72-6.07Z&#8217; data-name=&#8217;Icon material-email&#8217;\/%3E%3C\/svg%3E%22);    ||\t}||||\tselector .header-content .et_pb_button_one:hover, selector .header-content .et_pb_button_one:focus-visible {||\t\tbackground-image: url(%22data:image\/svg+xml,%3Csvg xmlns=&#8217;http:\/\/www.w3.org\/2000\/svg&#8217; viewBox=&#8217;0 0 24.27 19.42&#8217;%3E%3Cpath d=&#8217;M21.85 0H2.43A2.4 2.4 0 0 0 0 2.43L0 16.99a2.44 2.44 0 0 0 2.43 2.43h19.42a2.44 2.44 0 0 0 2.42-2.43V2.43A2.44 2.44 0 0 0 21.85 0m0 4.86-9.71 6.06-9.71-6.06V2.42l9.7 6.07 9.72-6.07Z&#8217; fill=&#8217;%23fff&#8217;\/%3E%3C\/svg%3E%22) !important;    ||\t}||||\tselector .header-content .et_pb_button_two {||\t\tgrid-column: 3;||    background-image: url(%22data:image\/svg+xml,%3Csvg xmlns=&#8217;http:\/\/www.w3.org\/2000\/svg&#8217; width=&#8217;24.73&#8242; height=&#8217;24.85&#8242; viewBox=&#8217;0 0 24.73 24.85&#8217;%3E%3Cpath d=&#8217;M18.03 14.9c-.3-.16-1.82-.9-2.1-1s-.48-.16-.69.15-.8 1-.97 1.2-.36.23-.67.08a9 9 0 0 1-2.48-1.53 9 9 0 0 1-1.71-2.13c-.18-.3-.02-.47.14-.63.13-.13.3-.36.46-.53a2 2 0 0 0 .3-.52.6.6 0 0 0-.02-.54c-.08-.15-.69-1.67-.95-2.28-.25-.6-.5-.52-.7-.53l-.58-.01a1.1 1.1 0 0 0-.82.38 3.5 3.5 0 0 0-1.08 2.57 6 6 0 0 0 1.26 3.18 14 14 0 0 0 5.25 4.65 18 18 0 0 0 1.76.65 4 4 0 0 0 1.93.12 3.2 3.2 0 0 0 2.08-1.47 2.6 2.6 0 0 0 .18-1.46c-.08-.13-.28-.2-.59-.36Zm-5.61 7.66a10 10 0 0 1-5.22-1.43l-.37-.22-3.87 1.02 1.03-3.78-.24-.39a10.24 10.24 0 1 1 8.67 4.8Zm8.7-18.95A12.32 12.32 0 0 0 1.76 18.47L0 24.85l6.53-1.71a12 12 0 0 0 5.88 1.5A12.32 12.32 0 0 0 21.14 3.6&#8217;\/%3E%3C\/svg%3E%22);||\t}||||selector .header-content .et_pb_button_two:hover, selector .header-content .et_pb_button_two:focus-visible {||    background-image: url(%22data:image\/svg+xml,%3Csvg xmlns=&#8217;http:\/\/www.w3.org\/2000\/svg&#8217; width=&#8217;24.73&#8242; height=&#8217;24.85&#8242; viewBox=&#8217;0 0 24.73 24.85&#8217;%3E%3Cpath d=&#8217;M18.03 14.9c-.3-.16-1.82-.9-2.1-1s-.48-.16-.69.15-.8 1-.97 1.2-.36.23-.67.08a9 9 0 0 1-2.48-1.53 9 9 0 0 1-1.71-2.13c-.18-.3-.02-.47.14-.63.13-.13.3-.36.46-.53a2 2 0 0 0 .3-.52.6.6 0 0 0-.02-.54c-.08-.15-.69-1.67-.95-2.28-.25-.6-.5-.52-.7-.53l-.58-.01a1.1 1.1 0 0 0-.82.38 3.5 3.5 0 0 0-1.08 2.57 6 6 0 0 0 1.26 3.18 14 14 0 0 0 5.25 4.65 18 18 0 0 0 1.76.65 4 4 0 0 0 1.93.12 3.2 3.2 0 0 0 2.08-1.47 2.6 2.6 0 0 0 .18-1.46c-.08-.13-.28-.2-.59-.36Zm-5.61 7.66a10 10 0 0 1-5.22-1.43l-.37-.22-3.87 1.02 1.03-3.78-.24-.39a10.24 10.24 0 1 1 8.67 4.8Zm8.7-18.95A12.32 12.32 0 0 0 1.76 18.47L0 24.85l6.53-1.71a12 12 0 0 0 5.88 1.5A12.32 12.32 0 0 0 21.14 3.6&#8242; fill=&#8217;%23fff&#8217;\/%3E%3C\/svg%3E%22) !important;||\t}||||@media (max-width: 1700px) {||\t\tselector .header-content {||\t\t\tgrid-template-columns: minmax(50%, 1fr) auto;||\t\t}||||\t\tselector .header-content .et_pb_button_one,||\t\tselector .header-content .et_pb_button_two {||\t\t\tgrid-column: 2;||\t\t}||  ||    selector .header-content .et_pb_button_one {||      grid-row: 1 \/ span 2;||    }||||    selector .header-content .et_pb_button_two {||      grid-row: 2 \/ span 3;||    }||\t}||||@media (max-width: 767px) {||\t\tselector .header-content {||\t\t\tdisplay: flex;||    flex-direction: column;||    align-items: flex-start;||\t\t}||||\t\tselector .header-content .et_pb_button {||\t\t\tgrid-column: 1;||\t\t\tgrid-row: auto;||\t\t\tjustify-self: start;||\t\t}||||\t\tselector .header-content .et_pb_button_one,||\t\tselector .header-content .et_pb_button_two {||\t\t\tgrid-column: 1;||\t\t}||\t}&#8221; custom_css_button_1=&#8221;margin-right: 0;||width: 100%;&#8221; custom_css_button_2=&#8221;width: 100%;&#8221; global_colors_info=&#8221;{%22gcid-c5c00f62-1e75-444a-84a3-7e8d357983f3%22:%91%22button_one_bg_color%22,%22button_two_bg_color%22%93,%22gcid-51aae690-52ce-48e0-9f6e-fc62e716aea7%22:%91%22button_one_bg_color__hover%22,%22button_two_bg_color__hover%22%93}&#8221; button_one_bg_color__hover_enabled=&#8221;on|hover&#8221; button_one_bg_color__hover=&#8221;#e93540&#8243; button_one_bg_enable_color__hover=&#8221;on&#8221; button_one_text_color__hover_enabled=&#8221;on|hover&#8221; button_one_text_color__hover=&#8221;#FFFFFF&#8221; button_two_text_color__hover=&#8221;#FFFFFF&#8221; button_two_text_color__hover_enabled=&#8221;on|desktop&#8221; button_two_bg_color__hover=&#8221;#e93540&#8243; button_two_bg_color__hover_enabled=&#8221;on|hover&#8221; button_two_bg_enable_color__hover=&#8221;on&#8221;]<\/p>\n<p>Connecta\u2019t i segueix tot el que est\u00e0 passant.<\/p>\n<p>[\/et_pb_fullwidth_header][\/et_pb_section]<\/p>\n","protected":false},"excerpt":{"rendered":"<p>Un museu viu on es parla de\u00a0persones i de llocs, de llocs i de persones, perqu\u00e8 no hi ha una cosa sense l&#8217;altra. Un espai d&#8217;art a Figueres encarat a all\u00f2 que sentim, volem i somiem els qui vivim en aquest paisatge variadament hum\u00e0 que \u00e9s l&#8217;Empord\u00e0[exposicions_slider n=&#8221;2&#8243; offset=&#8221;2&#8243;][latest_activitats n=&#8221;4&#8243;][random_obres]HIST\u00d2RIES DE L\u2019ART Hist\u00f2ries de l\u2019art [&hellip;]<\/p>\n","protected":false},"author":3,"featured_media":0,"parent":0,"menu_order":0,"comment_status":"closed","ping_status":"closed","template":"","meta":{"_acf_changed":false,"_et_pb_use_builder":"on","_et_pb_old_content":"","_et_gb_content_width":"","inline_featured_image":false,"footnotes":""},"class_list":["post-17256","page","type-page","status-publish","hentry"],"acf":[],"_links":{"self":[{"href":"https:\/\/www.museuemporda.org\/index.php?rest_route=\/wp\/v2\/pages\/17256","targetHints":{"allow":["GET"]}}],"collection":[{"href":"https:\/\/www.museuemporda.org\/index.php?rest_route=\/wp\/v2\/pages"}],"about":[{"href":"https:\/\/www.museuemporda.org\/index.php?rest_route=\/wp\/v2\/types\/page"}],"author":[{"embeddable":true,"href":"https:\/\/www.museuemporda.org\/index.php?rest_route=\/wp\/v2\/users\/3"}],"replies":[{"embeddable":true,"href":"https:\/\/www.museuemporda.org\/index.php?rest_route=%2Fwp%2Fv2%2Fcomments&post=17256"}],"version-history":[{"count":11,"href":"https:\/\/www.museuemporda.org\/index.php?rest_route=\/wp\/v2\/pages\/17256\/revisions"}],"predecessor-version":[{"id":17521,"href":"https:\/\/www.museuemporda.org\/index.php?rest_route=\/wp\/v2\/pages\/17256\/revisions\/17521"}],"wp:attachment":[{"href":"https:\/\/www.museuemporda.org\/index.php?rest_route=%2Fwp%2Fv2%2Fmedia&parent=17256"}],"curies":[{"name":"wp","href":"https:\/\/api.w.org\/{rel}","templated":true}]}}