{"id":17163,"date":"2026-08-31T13:31:54","date_gmt":"2026-08-31T12:31:54","guid":{"rendered":"https:\/\/www.museuemporda.org\/?page_id=17163"},"modified":"2026-08-31T13:31:55","modified_gmt":"2026-08-31T12:31:55","slug":"projectes-de-mediacio","status":"publish","type":"page","link":"https:\/\/www.museuemporda.org\/?page_id=17163","title":{"rendered":"Projectes de mediaci\u00f3"},"content":{"rendered":"\n[et_pb_section fb_built=&#8221;1&#8243; _builder_version=&#8221;4.16&#8243; custom_padding=&#8221;16px||13px|||&#8221; global_colors_info=&#8221;{}&#8221;][et_pb_row column_structure=&#8221;1_6,1_6,1_6,1_6,1_6,1_6&#8243; _builder_version=&#8221;4.16&#8243; _module_preset=&#8221;default&#8221; min_height=&#8221;114px&#8221; custom_margin=&#8221;|auto|5px|auto||&#8221; custom_padding=&#8221;33px||0px|||&#8221; global_colors_info=&#8221;{}&#8221;][et_pb_column type=&#8221;1_6&#8243; _builder_version=&#8221;4.16&#8243; _module_preset=&#8221;default&#8221; global_colors_info=&#8221;{}&#8221;][et_pb_text _builder_version=&#8221;4.27.4&#8243; text_font=&#8221;|700|||||||&#8221; text_text_color=&#8221;#ffffff&#8221; background_color=&#8221;#000000&#8243; text_orientation=&#8221;center&#8221; width=&#8221;184.6%&#8221; width_tablet=&#8221;100%&#8221; width_phone=&#8221;&#8221; width_last_edited=&#8221;on|tablet&#8221; height=&#8221;50px&#8221; custom_margin=&#8221;||-14px||false|false&#8221; custom_padding=&#8221;10px||||false|false&#8221; border_radii=&#8221;on|190px|190px|190px|190px&#8221; global_colors_info=&#8221;{}&#8221;]<p>Projectes de Mediaci\u00f3<\/p>[\/et_pb_text][\/et_pb_column][et_pb_column type=&#8221;1_6&#8243; _builder_version=&#8221;4.16&#8243; _module_preset=&#8221;default&#8221; global_colors_info=&#8221;{}&#8221;][\/et_pb_column][et_pb_column type=&#8221;1_6&#8243; _builder_version=&#8221;4.16&#8243; _module_preset=&#8221;default&#8221; global_colors_info=&#8221;{}&#8221;][\/et_pb_column][et_pb_column type=&#8221;1_6&#8243; _builder_version=&#8221;4.16&#8243; _module_preset=&#8221;default&#8221; global_colors_info=&#8221;{}&#8221;][\/et_pb_column][et_pb_column type=&#8221;1_6&#8243; _builder_version=&#8221;4.16&#8243; _module_preset=&#8221;default&#8221; global_colors_info=&#8221;{}&#8221;][et_pb_text _builder_version=&#8221;4.27.4&#8243; text_font=&#8221;|700|||||||&#8221; text_text_color=&#8221;#000000&#8243; background_color=&#8221;#FFFFFF&#8221; text_orientation=&#8221;center&#8221; width=&#8221;184.6%&#8221; width_tablet=&#8221;100%&#8221; width_phone=&#8221;&#8221; width_last_edited=&#8221;on|tablet&#8221; height=&#8221;50px&#8221; custom_margin=&#8221;||-14px||false|false&#8221; custom_padding=&#8221;10px||||false|false&#8221; link_option_url=&#8221;\/?page_id=14822&#8243; link_option_url_new_window=&#8221;on&#8221; border_radii=&#8221;on|190px|190px|190px|190px&#8221; box_shadow_style=&#8221;preset1&#8243; global_colors_info=&#8221;{}&#8221;]<p>2026\/2027<\/p>[\/et_pb_text][\/et_pb_column][et_pb_column type=&#8221;1_6&#8243; _builder_version=&#8221;4.16&#8243; _module_preset=&#8221;default&#8221; global_colors_info=&#8221;{}&#8221;][\/et_pb_column][\/et_pb_row][\/et_pb_section][et_pb_section fb_built=&#8221;1&#8243; _builder_version=&#8221;4.16&#8243; custom_margin=&#8221;||-10px|||&#8221; custom_padding=&#8221;0px||6px|||&#8221; global_colors_info=&#8221;{}&#8221;][et_pb_row _builder_version=&#8221;4.16&#8243; global_colors_info=&#8221;{}&#8221;][et_pb_column type=&#8221;4_4&#8243; _builder_version=&#8221;4.16&#8243; global_colors_info=&#8221;{}&#8221;][et_pb_text _builder_version=&#8221;4.27.4&#8243; width=&#8221;90%&#8221; custom_padding=&#8221;||0px|||&#8221; global_colors_info=&#8221;{}&#8221;]<p><strong>La mediaci\u00f3 \u00e9s una de les l\u00ednies estrat\u00e8giques del Museu de l&#8217;Empord\u00e0.<\/strong> A trav\u00e9s d&#8217;aquesta pr\u00e0ctica impulsem projectes desenvolupats en col\u00b7laboraci\u00f3 amb entitats socials, associacions i col\u00b7lectius diversos, entenent el museu com un espai de relaci\u00f3, aprenentatge mutu i construcci\u00f3 compartida de coneixement.<\/p>\n<p data-start=\"1489\" data-end=\"1955\" data-is-last-node=\"\">Entenem l&#8217;art com una eina per activar processos de transformaci\u00f3 personal i social. Per aix\u00f2, treballem des de metodologies participatives, col\u00b7laboratives i interdisciplin\u00e0ries que posen en valor les experi\u00e8ncies, els sabers i les veus de totes les persones implicades. M\u00e9s que generar activitats, els projectes de mediaci\u00f3 promouen processos que connecten el museu amb el seu context i contribueixen a fer de la cultura un dret accessible, rellevant i compartit.<\/p>[\/et_pb_text][\/et_pb_column][\/et_pb_row][et_pb_row column_structure=&#8221;1_4,3_4&#8243; _builder_version=&#8221;4.16&#8243; global_colors_info=&#8221;{}&#8221;][et_pb_column type=&#8221;1_4&#8243; _builder_version=&#8221;4.16&#8243; global_colors_info=&#8221;{}&#8221;][et_pb_image src=&#8221;https:\/\/www.museuemporda.org\/wp-content\/uploads\/2026\/07\/Sense-titol.jpg&#8221; title_text=&#8221;Sense t\u00edtol&#8221; url=&#8221;?post_type=activitat&#038;p=17138&#8243; url_new_window=&#8221;on&#8221; _builder_version=&#8221;4.27.4&#8243; _module_preset=&#8221;default&#8221; width=&#8221;100%&#8221; custom_margin=&#8221;20px||0px||false|false&#8221; border_radii=&#8221;on|1386px|1386px|1386px|1386px&#8221; global_colors_info=&#8221;{}&#8221;][\/et_pb_image][\/et_pb_column][et_pb_column type=&#8221;3_4&#8243; _builder_version=&#8221;4.16&#8243; global_colors_info=&#8221;{}&#8221;][et_pb_text _builder_version=&#8221;4.27.4&#8243; background_enable_image=&#8221;off&#8221; width=&#8221;90%&#8221; hover_enabled=&#8221;0&#8243; global_colors_info=&#8221;{}&#8221; sticky_enabled=&#8221;0&#8243;]<p><span style=\"text-decoration: underline;\"><strong>metAMORfosis<\/strong><\/span><br \/><strong>Transversal, Xarxa d\u2019Activitats Culturals &#8211; Adhoc Cultura<\/strong><\/p>\n<p>NUC parteix d\u2019una idea clara: les persones joves no s\u00f3n \u00fanicament un p\u00fablic al qual cal arribar. S\u00f3n creadores, mediadores i agents culturals capaces d\u2019interrogar les col\u00b7leccions, aportar noves sensibilitats i participar activament en la construcci\u00f3 del museu. La primera edici\u00f3 de NUC va culminar amb <strong>\u00abmetAMORfosis\u00bb<\/strong>, una exposici\u00f3 concebuda i comissariada per onze joves de l&#8217;Empord\u00e0 d\u2019entre 16 i 20 anys.<\/p>\n<p>La proposta expositiva <strong>\u00abmetAMORfosis\u00bb<\/strong> \u00e9s el resultat d\u2019aquest proc\u00e9s fet per joves i adre\u00e7at a tothom, una proposta que ent\u00e9n l\u2019amor com un proc\u00e9s viu, plural i en transformaci\u00f3 constant.<\/p>\n<p>&nbsp;<\/p>[\/et_pb_text][\/et_pb_column][\/et_pb_row][et_pb_row column_structure=&#8221;3_4,1_4&#8243; _builder_version=&#8221;4.16&#8243; global_colors_info=&#8221;{}&#8221;][et_pb_column type=&#8221;3_4&#8243; _builder_version=&#8221;4.16&#8243; global_colors_info=&#8221;{}&#8221;][et_pb_text _builder_version=&#8221;4.27.4&#8243; background_enable_image=&#8221;off&#8221; width=&#8221;90%&#8221; hover_enabled=&#8221;0&#8243; global_colors_info=&#8221;{}&#8221; sticky_enabled=&#8221;0&#8243;]<p><span style=\"text-decoration: underline;\"><strong>HIST\u00d2RIES QUE FAN ART<\/strong><\/span><br \/><strong>SIAD municipal &#8211; SIE Alt Empord\u00e0<\/strong><\/p>\n<p>Hist\u00f2ries que fan art \u00e9s un projecte de mediaci\u00f3 art\u00edstica comunit\u00e0ria amb perspectiva de g\u00e8nere adre\u00e7at a dones vinculades al Servei d&#8217;Informaci\u00f3 i Atenci\u00f3 a les Dones (SIAD) municipal i al Servei d&#8217;Intervenci\u00f3 Especialitzada (SIE) Alt Empord\u00e0.<\/p>\n<p>El projecte es desenvolupa \u00edntegrament dins el Museu de l\u2019Empord\u00e0, convertint l\u2019equipament cultural en un espai de cura, creaci\u00f3, reconeixement i transformaci\u00f3 simb\u00f2lica. La proposta articula un recorregut de 8 sessions que acompanya les participants des de la construcci\u00f3 d\u2019un espai segur fins a la creaci\u00f3 d\u2019una obra pr\u00f2pia que ser\u00e0 exposada al final del proc\u00e9s creatiu.<\/p>\n<p>&nbsp;<\/p>[\/et_pb_text][\/et_pb_column][et_pb_column type=&#8221;1_4&#8243; _builder_version=&#8221;4.16&#8243; global_colors_info=&#8221;{}&#8221;][et_pb_image src=&#8221;https:\/\/www.museuemporda.org\/wp-content\/uploads\/2026\/07\/petra-4.jpg&#8221; title_text=&#8221;petra 4&#8243; url=&#8221;https:\/\/www.museuemporda.org\/?post_type=activitat&#038;p=17149&#8243; url_new_window=&#8221;on&#8221; _builder_version=&#8221;4.27.4&#8243; _module_preset=&#8221;default&#8221; border_radii=&#8221;on|1386px|1386px|1386px|1386px&#8221; global_colors_info=&#8221;{}&#8221;][\/et_pb_image][\/et_pb_column][\/et_pb_row][et_pb_row column_structure=&#8221;1_4,3_4&#8243; _builder_version=&#8221;4.16&#8243; global_colors_info=&#8221;{}&#8221;][et_pb_column type=&#8221;1_4&#8243; _builder_version=&#8221;4.16&#8243; global_colors_info=&#8221;{}&#8221;][et_pb_image src=&#8221;https:\/\/www.museuemporda.org\/wp-content\/uploads\/2026\/08\/metamorfosi_41-scaled.jpg&#8221; title_text=&#8221;metamorfosi_41&#8243; url=&#8221;https:\/\/www.museuemporda.org\/?post_type=activitat&#038;p=17155&#8243; url_new_window=&#8221;on&#8221; _builder_version=&#8221;4.27.4&#8243; border_radii=&#8221;on|1386px|1386px|1386px|1386px&#8221; global_colors_info=&#8221;{}&#8221;][\/et_pb_image][\/et_pb_column][et_pb_column type=&#8221;3_4&#8243; _builder_version=&#8221;4.16&#8243; global_colors_info=&#8221;{}&#8221;][et_pb_text _builder_version=&#8221;4.27.4&#8243; width=&#8221;90%&#8221; hover_enabled=&#8221;0&#8243; locked=&#8221;off&#8221; global_colors_info=&#8221;{}&#8221; sticky_enabled=&#8221;0&#8243;]<p><span style=\"text-decoration: underline;\"><strong>Ctrl+Alt+Art<\/strong><\/span><br \/><strong>Transversal, Xarxa d\u2019Activitats Culturals &#8211; Adhoc Cultura<\/strong><\/p>\n<p>L\u2019any 2026, el Museu de l\u2019Empord\u00e0 impulsa una segona edici\u00f3 de NUC, reafirmant la voluntat de donar continu\u00eftat al projecte i de mantenir un espai propi de participaci\u00f3 cultural per a les persones joves.<\/p>\n<p>La nova edici\u00f3 conserva els principis que van orientar la primera experi\u00e8ncia: crear projectes culturals reals, treballar en equip, con\u00e8ixer professionals del sector i descobrir com es pensa, s\u2019organitza i es comunica l\u2019activitat d\u2019un museu. En aquest cas <em>Ctrl+Alt+Art<\/em> \u00e9s el nom d\u2019un fanzine que vol explicar el Museu i el seu fons des del punt de vista de les joves que hi participen.<\/p>\n<p>&nbsp;<\/p>\n<p>&nbsp;<\/p>[\/et_pb_text][\/et_pb_column][\/et_pb_row][et_pb_row column_structure=&#8221;3_4,1_4&#8243; _builder_version=&#8221;4.16&#8243; global_colors_info=&#8221;{}&#8221;][et_pb_column type=&#8221;3_4&#8243; _builder_version=&#8221;4.16&#8243; global_colors_info=&#8221;{}&#8221;][et_pb_text _builder_version=&#8221;4.27.4&#8243; background_enable_image=&#8221;off&#8221; width=&#8221;90%&#8221; hover_enabled=&#8221;0&#8243; global_colors_info=&#8221;{}&#8221; sticky_enabled=&#8221;0&#8243;]<p><span style=\"text-decoration: underline;\"><strong>FUTURS VISCUTS<\/strong><\/span><br \/><strong><span>Consell Comarcal de l\u2019Alt Empord\u00e0, l\u2019Ajuntament de Figueres, Fundaci\u00f3 Salut Empord\u00e0<\/span> i Adhoc Cultura<\/strong><\/p>\n<p>Un arxiu viu i col\u00b7lectiu d\u2019experi\u00e8ncies, mem\u00f2ries i futurs possibles. El programa s&#8217;estructura en tres fases. Una primera de coneixen\u00e7a i arrelament, on el grup es troba, es presenta i estableix una relaci\u00f3 amb el museu i la seva col\u00b7lecci\u00f3 com a punt de partida. Una segona d&#8217;aprofundiment tem\u00e0tic, que treballa els eixos centrals del projecte: els estereotips sobre la vellesa, el coneixement de l&#8217;experi\u00e8ncia, les cures i els vincles, i l&#8217;experimentaci\u00f3 amb noves tecnologies. I una tercera de construcci\u00f3 i presentaci\u00f3, on el grup pren les decisions col\u00b7lectives sobre l&#8217;arxiu i l&#8217;activa davant la comunitat com a mediadors del seu propi relat.<\/p>\n<p>Les persones participants no seran p\u00fablic ni benefici\u00e0ries d&#8217;un programa: seran autores i curadores. El resultat quedar\u00e0 al Museu com un dispositiu obert, activable i escalable a altres contextos i municipis del territori.<\/p>\n<p>Futurs viscuts \u00e9s un projecte creat amb la Taula Comarcal pels Drets de les Persones Grans.<\/p>\n<p>&nbsp;<\/p>[\/et_pb_text][\/et_pb_column][et_pb_column type=&#8221;1_4&#8243; _builder_version=&#8221;4.16&#8243; global_colors_info=&#8221;{}&#8221;][et_pb_image src=&#8221;https:\/\/www.museuemporda.org\/wp-content\/uploads\/2026\/08\/detall.jpg&#8221; title_text=&#8221;detall&#8221; url=&#8221;https:\/\/www.museuemporda.org\/?post_type=activitat&#038;p=17149&#8243; url_new_window=&#8221;on&#8221; _builder_version=&#8221;4.27.4&#8243; _module_preset=&#8221;default&#8221; hover_enabled=&#8221;0&#8243; border_radii=&#8221;on|1386px|1386px|1386px|1386px&#8221; global_colors_info=&#8221;{}&#8221; sticky_enabled=&#8221;0&#8243;][\/et_pb_image][\/et_pb_column][\/et_pb_row][et_pb_row column_structure=&#8221;3_4,1_4&#8243; _builder_version=&#8221;4.16&#8243; global_colors_info=&#8221;{}&#8221;][et_pb_column type=&#8221;3_4&#8243; _builder_version=&#8221;4.16&#8243; global_colors_info=&#8221;{}&#8221;][\/et_pb_column][et_pb_column type=&#8221;1_4&#8243; _builder_version=&#8221;4.16&#8243; global_colors_info=&#8221;{}&#8221;][\/et_pb_column][\/et_pb_row][\/et_pb_section][et_pb_section fb_built=&#8221;1&#8243; _builder_version=&#8221;4.16&#8243; _module_preset=&#8221;default&#8221; min_height=&#8221;85.7px&#8221; custom_padding=&#8221;||0px|||&#8221; global_colors_info=&#8221;{}&#8221;][\/et_pb_section][et_pb_section fb_built=&#8221;1&#8243; _builder_version=&#8221;4.16&#8243; _module_preset=&#8221;default&#8221; global_colors_info=&#8221;{}&#8221;][et_pb_row _builder_version=&#8221;4.21.0&#8243; _module_preset=&#8221;default&#8221; global_colors_info=&#8221;{}&#8221;][et_pb_column type=&#8221;4_4&#8243; _builder_version=&#8221;4.21.0&#8243; _module_preset=&#8221;default&#8221; global_colors_info=&#8221;{}&#8221;][\/et_pb_column][\/et_pb_row][\/et_pb_section][et_pb_section fb_built=&#8221;1&#8243; fullwidth=&#8221;on&#8221; _builder_version=&#8221;4.16&#8243; _module_preset=&#8221;default&#8221; global_colors_info=&#8221;{}&#8221;][\/et_pb_section][et_pb_section fb_built=&#8221;1&#8243; _builder_version=&#8221;4.16&#8243; custom_margin=&#8221;13px|||||&#8221; custom_padding=&#8221;4px||8px|||&#8221; global_module=&#8221;106&#8243; saved_tabs=&#8221;all&#8221; global_colors_info=&#8221;{}&#8221;][et_pb_row column_structure=&#8221;1_3,1_3,1_3&#8243; _builder_version=&#8221;4.16&#8243; _module_preset=&#8221;default&#8221; background_color=&#8221;#855f75&#8243; global_colors_info=&#8221;{}&#8221;][et_pb_column type=&#8221;1_3&#8243; _builder_version=&#8221;4.21.0&#8243; _module_preset=&#8221;default&#8221; global_colors_info=&#8221;{}&#8221;][\/et_pb_column][et_pb_column type=&#8221;1_3&#8243; _builder_version=&#8221;4.16&#8243; _module_preset=&#8221;default&#8221; global_colors_info=&#8221;{}&#8221;][et_pb_button button_url=&#8221;https:\/\/museuempord2.typeform.com\/to\/vjuzW6&#8243; url_new_window=&#8221;on&#8221; button_text=&#8221;CONNECTA&#8217;T AL MUSEU&#8221; button_alignment=&#8221;center&#8221; _builder_version=&#8221;4.21.0&#8243; custom_button=&#8221;on&#8221; button_text_size=&#8221;12px&#8221; button_text_color=&#8221;#ffffff&#8221; button_bg_color=&#8221;#000000&#8243; button_border_color=&#8221;rgba(0,0,0,0)&#8221; button_border_radius=&#8221;0px&#8221; button_use_icon=&#8221;off&#8221; custom_margin=&#8221;||0px|-1023px|false|false&#8221; global_colors_info=&#8221;{}&#8221;][\/et_pb_button][\/et_pb_column][et_pb_column type=&#8221;1_3&#8243; _builder_version=&#8221;4.16&#8243; _module_preset=&#8221;default&#8221; global_colors_info=&#8221;{}&#8221;][\/et_pb_column][\/et_pb_row][et_pb_row column_structure=&#8221;1_6,1_6,1_6,1_6,1_6,1_6&#8243; use_custom_gutter=&#8221;on&#8221; gutter_width=&#8221;2&#8243; _builder_version=&#8221;4.16&#8243; background_color=&#8221;#ffd6ea&#8221; custom_margin=&#8221;0px|auto|2px|auto|false|false&#8221; custom_padding=&#8221;||23px|||&#8221; global_colors_info=&#8221;{}&#8221;][et_pb_column type=&#8221;1_6&#8243; _builder_version=&#8221;4.16&#8243; global_colors_info=&#8221;{}&#8221;][et_pb_image src=&#8221;https:\/\/www.museuemporda.org\/wp-content\/uploads\/2019\/11\/me.svg&#8221; align_tablet=&#8221;&#8221; align_phone=&#8221;center&#8221; align_last_edited=&#8221;on|phone&#8221; _builder_version=&#8221;4.16&#8243; width=&#8221;85%&#8221; width_tablet=&#8221;&#8221; width_phone=&#8221;50%&#8221; width_last_edited=&#8221;on|phone&#8221; module_alignment=&#8221;right&#8221; custom_margin=&#8221;||8px|24px|false|false&#8221; custom_margin_tablet=&#8221;&#8221; custom_margin_phone=&#8221;|0px|8px|0px|false|true&#8221; custom_margin_last_edited=&#8221;on|phone&#8221; custom_padding=&#8221;||||false|false&#8221; module_alignment_tablet=&#8221;center&#8221; module_alignment_phone=&#8221;center&#8221; module_alignment_last_edited=&#8221;on|desktop&#8221; global_colors_info=&#8221;{}&#8221;][\/et_pb_image][\/et_pb_column][et_pb_column type=&#8221;1_6&#8243; _builder_version=&#8221;4.16&#8243; global_colors_info=&#8221;{}&#8221;][et_pb_text _builder_version=&#8221;4.27.4&#8243; text_font=&#8221;|700|||||||&#8221; text_font_size=&#8221;11px&#8221; text_line_height=&#8221;1.2em&#8221; link_text_color=&#8221;#000000&#8243; text_font_size_tablet=&#8221;14px&#8221; text_font_size_phone=&#8221;18px&#8221; text_font_size_last_edited=&#8221;on|phone&#8221; global_colors_info=&#8221;{}&#8221;]EXPOSICIONS\/ACTIVITATS<br \/>\n&#8211;<br \/>\nExposicions<br \/>\n\u00b7 <a href=\"https:\/\/www.museuemporda.org\/?page_id=1117\">Actuals<\/a><br \/>\n\u00b7 <a href=\"https:\/\/www.museuemporda.org\/?page_id=1214\">Futures<\/a><br \/>\n\u00b7 <a href=\"https:\/\/www.museuemporda.org\/?page_id=1690\">Passades<\/a><br \/>\n\u00b7 <a href=\"https:\/\/www.museuemporda.org\/?page_id=1705\">Virtuals<\/a><br \/>\nActivitats<br \/>\n\u00b7 <a href=\"https:\/\/www.museuemporda.org\/?page_id=605\">Infants<\/a><br \/>\n\u00b7 <a href=\"https:\/\/www.museuemporda.org\/?page_id=667\">Joves<\/a><br \/>\n\u00b7 <a href=\"https:\/\/www.museuemporda.org\/?page_id=693\">Adults<\/a>[\/et_pb_text][\/et_pb_column][et_pb_column type=&#8221;1_6&#8243; _builder_version=&#8221;4.16&#8243; global_colors_info=&#8221;{}&#8221;][et_pb_text _builder_version=&#8221;4.27.4&#8243; text_font=&#8221;|700|||||||&#8221; text_font_size=&#8221;11px&#8221; text_line_height=&#8221;1.2em&#8221; link_text_color=&#8221;#000000&#8243; text_font_size_tablet=&#8221;14px&#8221; text_font_size_phone=&#8221;18px&#8221; text_font_size_last_edited=&#8221;on|phone&#8221; global_colors_info=&#8221;{}&#8221;]<p>OBRES\/ARTISTES<br \/>&#8211;<br \/><a href=\"https:\/\/www.museuemporda.org\/?page_id=2318\">La col\u00b7lecci\u00f3<\/a><\/p>[\/et_pb_text][\/et_pb_column][et_pb_column type=&#8221;1_6&#8243; _builder_version=&#8221;4.16&#8243; global_colors_info=&#8221;{}&#8221;][et_pb_text _builder_version=&#8221;4.27.4&#8243; text_font=&#8221;|700|||||||&#8221; text_font_size=&#8221;11px&#8221; text_line_height=&#8221;1.2em&#8221; link_text_color=&#8221;#000000&#8243; text_font_size_tablet=&#8221;14px&#8221; text_font_size_phone=&#8221;18px&#8221; text_font_size_last_edited=&#8221;on|phone&#8221; global_colors_info=&#8221;{}&#8221;]<p>ESCOLES<br \/>&#8211;<br \/><a href=\"https:\/\/www.museuemporda.org\/?page_id=149\">Proposta educativa<\/a><br \/><a href=\"https:\/\/www.museuemporda.org\/?page_id=614\">Infantil<\/a><br \/><a href=\"https:\/\/www.museuemporda.org\/?page_id=682\">Prim\u00e0ria<\/a><br \/><a href=\"https:\/\/www.museuemporda.org\/?page_id=694\">Secund\u00e0ria<\/a><br \/><a href=\"https:\/\/www.museuemporda.org\/?page_id=441\">Reserva activitat<\/a><\/p>[\/et_pb_text][\/et_pb_column][et_pb_column type=&#8221;1_6&#8243; _builder_version=&#8221;4.16&#8243; global_colors_info=&#8221;{}&#8221;][et_pb_text _builder_version=&#8221;4.27.4&#8243; text_font=&#8221;|700|||||||&#8221; text_font_size=&#8221;11px&#8221; text_line_height=&#8221;1.2em&#8221; link_text_color=&#8221;#000000&#8243; text_font_size_tablet=&#8221;14px&#8221; text_font_size_phone=&#8221;18px&#8221; text_font_size_last_edited=&#8221;on|phone&#8221; global_colors_info=&#8221;{}&#8221;]<p>EL MUSEU DE L\u2019EMPORD\u00c0<br \/>&#8211;<br \/><a href=\"https:\/\/www.museuemporda.org\/?page_id=454\">Presentaci\u00f3<\/a><br \/><a href=\"https:\/\/www.museuemporda.org\/?page_id=153\">Visita\u2019ns<\/a><br \/><a href=\"https:\/\/www.museuemporda.org\/?page_id=491\">Hist\u00f2ria<\/a><br \/><a href=\"https:\/\/www.museuemporda.org\/?page_id=780\">Missi\u00f3 i objectius<\/a><br \/><a href=\"https:\/\/www.museuemporda.org\/?page_id=2676\">Organigrama<\/a><br \/><a href=\"https:\/\/www.museuemporda.org\/?page_id=2720\">Sala de premsa<\/a><\/p>[\/et_pb_text][\/et_pb_column][et_pb_column type=&#8221;1_6&#8243; _builder_version=&#8221;4.16&#8243; global_colors_info=&#8221;{}&#8221;][et_pb_text _builder_version=&#8221;4.27.4&#8243; text_font=&#8221;|700|||||||&#8221; text_text_color=&#8221;#707070&#8243; text_font_size=&#8221;11px&#8221; text_line_height=&#8221;1.2em&#8221; link_font=&#8221;||||||||&#8221; link_text_color=&#8221;#000000&#8243; header_text_color=&#8221;#000000&#8243; text_font_size_tablet=&#8221;14px&#8221; text_font_size_phone=&#8221;18px&#8221; text_font_size_last_edited=&#8221;on|phone&#8221; global_colors_info=&#8221;{}&#8221;]<p><a href=\"https:\/\/www.museuemporda.org\/?page_id=151\" title=\"botiga\">BOTIGA\/PUBLICACIONS<\/a><br \/>&#8211;<br \/><a href=\"https:\/\/www.museuemporda.org\/?page_id=6239\">AGENDA\/CALENDARI<\/a>&#8211;<br \/><a href=\"https:\/\/www.museuemporda.org\/?page_id=2686\">ACCESSIBILITAT<\/a><\/p>[\/et_pb_text][\/et_pb_column][\/et_pb_row][et_pb_row column_structure=&#8221;1_6,1_6,1_6,1_6,1_6,1_6&#8243; use_custom_gutter=&#8221;on&#8221; gutter_width=&#8221;2&#8243; _builder_version=&#8221;4.16&#8243; custom_padding=&#8221;16px|||||&#8221; global_colors_info=&#8221;{}&#8221;][et_pb_column type=&#8221;1_6&#8243; _builder_version=&#8221;4.16&#8243; global_colors_info=&#8221;{}&#8221;][et_pb_text _builder_version=&#8221;4.16&#8243; text_font=&#8221;|600|||||||&#8221; text_font_size=&#8221;10px&#8221; text_line_height=&#8221;1.2em&#8221; custom_margin=&#8221;|-100px|||false|false&#8221; text_font_size_tablet=&#8221;13px&#8221; text_font_size_phone=&#8221;&#8221; text_font_size_last_edited=&#8221;on|tablet&#8221; global_colors_info=&#8221;{}&#8221;]<p>\u00a9 Alguns drets reservats. Museu de l\u2019Empord\u00e0, 2018<br \/>Ajuntament de Figueres. Cultura<br \/>Av\u00eds legal &#8211; Protecci\u00f3 de dades<\/p>[\/et_pb_text][\/et_pb_column][et_pb_column type=&#8221;1_6&#8243; _builder_version=&#8221;4.16&#8243; global_colors_info=&#8221;{}&#8221;][\/et_pb_column][et_pb_column type=&#8221;1_6&#8243; _builder_version=&#8221;4.16&#8243; global_colors_info=&#8221;{}&#8221;][et_pb_image src=&#8221;https:\/\/www.museuemporda.org\/wp-content\/uploads\/2024\/03\/Filet-Negre.png&#8221; title_text=&#8221;Filet Negre&#8221; _builder_version=&#8221;4.21.0&#8243; max_height=&#8221;80px&#8221; global_colors_info=&#8221;{}&#8221;][\/et_pb_image][\/et_pb_column][et_pb_column type=&#8221;1_6&#8243; _builder_version=&#8221;4.21.0&#8243; _module_preset=&#8221;default&#8221; global_colors_info=&#8221;{}&#8221;][et_pb_image _builder_version=&#8221;4.21.0&#8243; _module_preset=&#8221;default&#8221; global_colors_info=&#8221;{}&#8221;][\/et_pb_image][\/et_pb_column][et_pb_column type=&#8221;1_6&#8243; _builder_version=&#8221;4.16&#8243; global_colors_info=&#8221;{}&#8221;][\/et_pb_column][et_pb_column type=&#8221;1_6&#8243; _builder_version=&#8221;4.16&#8243; global_colors_info=&#8221;{}&#8221;][et_pb_text _builder_version=&#8221;4.21.0&#8243; text_font_size=&#8221;12px&#8221; text_line_height=&#8221;1.3em&#8221; text_font_size_tablet=&#8221;14px&#8221; text_font_size_phone=&#8221;&#8221; text_font_size_last_edited=&#8221;on|phone&#8221; global_colors_info=&#8221;{}&#8221;]<p><strong>Museu de l&#8217;Empord\u00e0<\/strong><br \/>Rambla, 2<br \/>17600 Figueres<br \/><span style=\"color: #000000;\"><a href=\"mailto:infome@museuemporda.org\" style=\"color: #000000;\">infome@museuemporda.org<\/a><\/span>\u00a0 \u00a0 \u00a0 972 50 23 05<\/p>[\/et_pb_text][\/et_pb_column][\/et_pb_row][\/et_pb_section]\n","protected":false},"excerpt":{"rendered":"<p>Projectes de Mediaci\u00f32026\/2027La mediaci\u00f3 \u00e9s una de les l\u00ednies estrat\u00e8giques del Museu de l&#8217;Empord\u00e0. A trav\u00e9s d&#8217;aquesta pr\u00e0ctica impulsem projectes desenvolupats en col\u00b7laboraci\u00f3 amb entitats socials, associacions i col\u00b7lectius diversos, entenent el museu com un espai de relaci\u00f3, aprenentatge mutu i construcci\u00f3 compartida de coneixement. Entenem l&#8217;art com una eina per activar processos de transformaci\u00f3 [&hellip;]<\/p>\n","protected":false},"author":1,"featured_media":17164,"parent":0,"menu_order":0,"comment_status":"closed","ping_status":"closed","template":"","meta":{"_acf_changed":false,"_et_pb_use_builder":"on","_et_pb_old_content":"","_et_gb_content_width":"","inline_featured_image":false,"footnotes":""},"class_list":["post-17163","page","type-page","status-publish","has-post-thumbnail","hentry"],"acf":[],"_links":{"self":[{"href":"https:\/\/www.museuemporda.org\/index.php?rest_route=\/wp\/v2\/pages\/17163","targetHints":{"allow":["GET"]}}],"collection":[{"href":"https:\/\/www.museuemporda.org\/index.php?rest_route=\/wp\/v2\/pages"}],"about":[{"href":"https:\/\/www.museuemporda.org\/index.php?rest_route=\/wp\/v2\/types\/page"}],"author":[{"embeddable":true,"href":"https:\/\/www.museuemporda.org\/index.php?rest_route=\/wp\/v2\/users\/1"}],"replies":[{"embeddable":true,"href":"https:\/\/www.museuemporda.org\/index.php?rest_route=%2Fwp%2Fv2%2Fcomments&post=17163"}],"version-history":[{"count":10,"href":"https:\/\/www.museuemporda.org\/index.php?rest_route=\/wp\/v2\/pages\/17163\/revisions"}],"predecessor-version":[{"id":17500,"href":"https:\/\/www.museuemporda.org\/index.php?rest_route=\/wp\/v2\/pages\/17163\/revisions\/17500"}],"wp:featuredmedia":[{"embeddable":true,"href":"https:\/\/www.museuemporda.org\/index.php?rest_route=\/wp\/v2\/media\/17164"}],"wp:attachment":[{"href":"https:\/\/www.museuemporda.org\/index.php?rest_route=%2Fwp%2Fv2%2Fmedia&parent=17163"}],"curies":[{"name":"wp","href":"https:\/\/api.w.org\/{rel}","templated":true}]}}