{"id":16445,"date":"2026-08-31T13:40:30","date_gmt":"2026-08-31T12:40:30","guid":{"rendered":"https:\/\/www.museuemporda.org\/?page_id=16445"},"modified":"2026-08-31T14:21:10","modified_gmt":"2026-08-31T13:21:10","slug":"exposicio-de-colleccio","status":"publish","type":"page","link":"https:\/\/www.museuemporda.org\/?page_id=16445","title":{"rendered":"Exposici\u00f3 de col\u00b7lecci\u00f3"},"content":{"rendered":"<p>[et_pb_section fb_built=&#8221;1&#8243; _builder_version=&#8221;4.21.0&#8243; _module_preset=&#8221;default&#8221; background_color=&#8221;#6d7476&#8243; global_colors_info=&#8221;{}&#8221;][et_pb_row _builder_version=&#8221;4.21.0&#8243; _module_preset=&#8221;default&#8221; custom_margin=&#8221;|auto|15px|auto||&#8221; global_colors_info=&#8221;{}&#8221;][et_pb_column type=&#8221;4_4&#8243; _builder_version=&#8221;4.21.0&#8243; _module_preset=&#8221;default&#8221; global_colors_info=&#8221;{}&#8221;][et_pb_text _builder_version=&#8221;4.27.4&#8243; _module_preset=&#8221;default&#8221; text_font=&#8221;Alata|700|||||||&#8221; text_text_color=&#8221;#FFFFFF&#8221; text_font_size=&#8221;74px&#8221; custom_padding=&#8221;||38px|||&#8221; hover_enabled=&#8221;0&#8243; global_colors_info=&#8221;{}&#8221; sticky_enabled=&#8221;0&#8243; custom_margin=&#8221;||26px|||&#8221; header_font_size=&#8221;58px&#8221;]<\/p>\n<h1 style=\"text-align: center;\"><strong><span style=\"color: #ffffff;\">PERSONES i llocs \u2013 LLOCS i persones<\/span><\/strong><\/h1>\n<p style=\"text-align: center;\">[\/et_pb_text][\/et_pb_column][\/et_pb_row][\/et_pb_section][et_pb_section fb_built=&#8221;1&#8243; _builder_version=&#8221;4.21.0&#8243; _module_preset=&#8221;default&#8221; background_color=&#8221;#B3B3B3&#8243; global_colors_info=&#8221;{}&#8221;][et_pb_row column_structure=&#8221;1_2,1_2&#8243; _builder_version=&#8221;4.21.0&#8243; _module_preset=&#8221;default&#8221; global_colors_info=&#8221;{}&#8221;][et_pb_column type=&#8221;1_2&#8243; _builder_version=&#8221;4.21.0&#8243; _module_preset=&#8221;default&#8221; global_colors_info=&#8221;{}&#8221;][et_pb_text _builder_version=&#8221;4.27.4&#8243; _module_preset=&#8221;default&#8221; text_font=&#8221;Alata||||||||&#8221; text_text_color=&#8221;#FFFFFF&#8221; text_font_size=&#8221;20px&#8221; global_colors_info=&#8221;{}&#8221;]<\/p>\n<p>Un museu, una ciutat, un paisatge, una gent. Al Museu de l\u2019Empord\u00e0 tenim cura d\u2019un fons d\u2019art procedent de diferents moments del temps, des de peces produ\u00efdes avui fins a objectes utilitzats pels primers humans que van habitar aquesta geografia.<\/p>\n<p>A la primera i segona planta, transitareu per la nostra col\u00b7lecci\u00f3 de la m\u00e0 de tot all\u00f2 que ens fa ser com som. Aquesta nova exposici\u00f3 \u00e9s fruit d\u2019un proc\u00e9s de consulta a la ciutadania, i no segueix una cronologia ni un fil tem\u00e0tic tradicional. Es construeix a partir de <strong data-start=\"1029\" data-end=\"1046\">verbs d\u2019acci\u00f3<\/strong> com <em data-start=\"1051\" data-end=\"1138\">Ser, Trobar-se, Persistir, Desitjar, Venerar, Celebrar, Caminar, Intercanviar, Cuidar<\/em>\u2026 verbs que defineixen la identitat empordanesa i ens interpel\u00b7len com a \u00e9ssers humans. Un museu viu on es parla de <strong>PERSONES i llocs<\/strong>, i de <strong>LLOCS i persones<\/strong>, perqu\u00e8 no hi ha una cosa sense l\u2019altra.<\/p>\n<p>Passeu, sentiu i gaudiu, aix\u00f2 \u00e9s casa vostra.<\/p>\n<p>&nbsp;<\/p>\n<p>[\/et_pb_text][\/et_pb_column][et_pb_column type=&#8221;1_2&#8243; _builder_version=&#8221;4.21.0&#8243; _module_preset=&#8221;default&#8221; global_colors_info=&#8221;{}&#8221;][et_pb_image src=&#8221;https:\/\/www.museuemporda.org\/wp-content\/uploads\/2026\/08\/DSC03082-baixa.jpg&#8221; title_text=&#8221;DSC03082 baixa&#8221; _builder_version=&#8221;4.27.4&#8243; _module_preset=&#8221;default&#8221; width=&#8221;100%&#8221; global_colors_info=&#8221;{}&#8221;][\/et_pb_image][\/et_pb_column][\/et_pb_row][\/et_pb_section][et_pb_section fb_built=&#8221;1&#8243; _builder_version=&#8221;4.21.0&#8243; _module_preset=&#8221;default&#8221; background_color=&#8221;#B3B3B3&#8243; global_colors_info=&#8221;{}&#8221;][et_pb_row _builder_version=&#8221;4.21.0&#8243; _module_preset=&#8221;default&#8221; custom_margin=&#8221;-46px||0px||false|false&#8221; global_colors_info=&#8221;{}&#8221;][et_pb_column type=&#8221;4_4&#8243; _builder_version=&#8221;4.21.0&#8243; _module_preset=&#8221;default&#8221; global_colors_info=&#8221;{}&#8221;][et_pb_text _builder_version=&#8221;4.27.4&#8243; _module_preset=&#8221;default&#8221; text_font=&#8221;Alata||||||||&#8221; text_text_color=&#8221;#FFFFFF&#8221; text_font_size=&#8221;18px&#8221; global_colors_info=&#8221;{}&#8221;]<\/p>\n<p data-start=\"860\" data-end=\"1225\">La nova exposici\u00f3 de col\u00b7lecci\u00f3 combina obres de diferents \u00e8poques per oferir una mirada contempor\u00e0nia sobre la hist\u00f2ria, el paisatge i la identitat de l\u2019Empord\u00e0. El recorregut relaciona peces arqueol\u00f2giques i d&#8217;artistes com \u00c1ngeles Santos Torroella, Salvador Dal\u00ed i Ramon Mart\u00ed Alsina amb obres de creadors contemporanis com Eudald de Juana o Tura Sanglas.<\/p>\n<p data-start=\"860\" data-end=\"1225\">El resultat \u00e9s un museu viu que connecta el patrimoni amb el present i convida a descobrir noves maneres d&#8217;entendre el territori i la seva creativitat.<\/p>\n<p data-start=\"860\" data-end=\"1225\">Dues plantes, dues perspectives: <strong data-start=\"1262\" data-end=\"1283\">la primera planta<\/strong> posa el focus en les persones i com es relacionen amb l\u2019entorn; <strong data-start=\"1348\" data-end=\"1368\">la segona planta<\/strong> mostra els llocs com a escenaris de mem\u00f2ria, interculturalitat i identitats.<\/p>\n<p>[\/et_pb_text][\/et_pb_column][\/et_pb_row][\/et_pb_section][et_pb_section fb_built=&#8221;1&#8243; _builder_version=&#8221;4.21.0&#8243; _module_preset=&#8221;default&#8221; background_color=&#8221;#B3B3B3&#8243; global_colors_info=&#8221;{}&#8221;][et_pb_row _builder_version=&#8221;4.21.0&#8243; _module_preset=&#8221;default&#8221; custom_margin=&#8221;-102px||||false|false&#8221; global_colors_info=&#8221;{}&#8221;][et_pb_column type=&#8221;4_4&#8243; _builder_version=&#8221;4.21.0&#8243; _module_preset=&#8221;default&#8221; global_colors_info=&#8221;{}&#8221;][et_pb_slider _builder_version=&#8221;4.27.4&#8243; _module_preset=&#8221;default&#8221; global_colors_info=&#8221;{}&#8221;][et_pb_slide _builder_version=&#8221;4.21.0&#8243; _module_preset=&#8221;default&#8221; background_image=&#8221;https:\/\/www.museuemporda.org\/wp-content\/uploads\/2025\/08\/JPH9711.jpg&#8221; background_enable_image=&#8221;on&#8221; global_colors_info=&#8221;{}&#8221; sticky_transition=&#8221;on&#8221;][\/et_pb_slide][et_pb_slide _builder_version=&#8221;4.27.4&#8243; _module_preset=&#8221;default&#8221; background_image=&#8221;https:\/\/www.museuemporda.org\/wp-content\/uploads\/2026\/08\/JPH9656.jpg&#8221; background_enable_image=&#8221;on&#8221; global_colors_info=&#8221;{}&#8221; sticky_transition=&#8221;on&#8221;][\/et_pb_slide][et_pb_slide _builder_version=&#8221;4.27.4&#8243; _module_preset=&#8221;default&#8221; background_image=&#8221;https:\/\/www.museuemporda.org\/wp-content\/uploads\/2025\/08\/JPH9706.jpg&#8221; background_enable_image=&#8221;on&#8221; global_colors_info=&#8221;{}&#8221; sticky_transition=&#8221;on&#8221;][\/et_pb_slide][et_pb_slide _builder_version=&#8221;4.21.0&#8243; _module_preset=&#8221;default&#8221; background_image=&#8221;https:\/\/www.museuemporda.org\/wp-content\/uploads\/2025\/08\/JPH9704.jpg&#8221; background_enable_image=&#8221;on&#8221; global_colors_info=&#8221;{}&#8221; sticky_transition=&#8221;on&#8221;][\/et_pb_slide][\/et_pb_slider][\/et_pb_column][\/et_pb_row][\/et_pb_section][et_pb_section fb_built=&#8221;1&#8243; _builder_version=&#8221;4.21.0&#8243; _module_preset=&#8221;default&#8221; background_color=&#8221;#c4baaf&#8221; global_colors_info=&#8221;{}&#8221;][et_pb_row column_structure=&#8221;1_2,1_2&#8243; _builder_version=&#8221;4.21.0&#8243; _module_preset=&#8221;default&#8221; global_colors_info=&#8221;{}&#8221;][et_pb_column type=&#8221;1_2&#8243; _builder_version=&#8221;4.21.0&#8243; _module_preset=&#8221;default&#8221; global_colors_info=&#8221;{}&#8221;][et_pb_text _builder_version=&#8221;4.27.4&#8243; _module_preset=&#8221;default&#8221; custom_padding=&#8221;|0px||||&#8221; global_colors_info=&#8221;{}&#8221;]<\/p>\n<p><strong>La tercera planta<\/strong> del Museu acull les reserves visitables, un espai que permet al p\u00fablic descobrir una part de la col\u00b7lecci\u00f3 que habitualment resta fora del recorregut expositiu<\/p>\n<p>Com han anat arribant les obres d\u2019art? Quines donacions han contribu\u00eft a fer cr\u00e9ixer els nostres fons? Com s\u2019ha configurat la col\u00b7lecci\u00f3? Com en tenim cura? Volem explicar-te el nostre trajecte com a Museu de l\u2019Empord\u00e0. Tamb\u00e9 volem compartir amb tu la reserva d\u2019obres que un dia baixaran a sales per configurar nous relats i nous di\u00e0legs.<\/p>\n<p>A la tercera planta, viur\u00e0s la col\u00b7lecci\u00f3, ben a prop.<\/p>\n<p>[\/et_pb_text][\/et_pb_column][et_pb_column type=&#8221;1_2&#8243; _builder_version=&#8221;4.27.4&#8243; _module_preset=&#8221;default&#8221; global_colors_info=&#8221;{}&#8221;][et_pb_image src=&#8221;https:\/\/www.museuemporda.org\/wp-content\/uploads\/2026\/07\/Storage.jpg&#8221; title_text=&#8221;Storage&#8221; _builder_version=&#8221;4.27.4&#8243; _module_preset=&#8221;default&#8221; width=&#8221;100%&#8221; global_colors_info=&#8221;{}&#8221;][\/et_pb_image][\/et_pb_column][\/et_pb_row][et_pb_row column_structure=&#8221;2_5,3_5&#8243; _builder_version=&#8221;4.21.0&#8243; _module_preset=&#8221;default&#8221; global_colors_info=&#8221;{}&#8221;][et_pb_column type=&#8221;2_5&#8243; _builder_version=&#8221;4.21.0&#8243; _module_preset=&#8221;default&#8221; global_colors_info=&#8221;{}&#8221;][et_pb_video src=&#8221;https:\/\/youtu.be\/kPAI4VPeWis&#8221; _builder_version=&#8221;4.21.0&#8243; _module_preset=&#8221;default&#8221; global_colors_info=&#8221;{}&#8221;][\/et_pb_video][\/et_pb_column][et_pb_column type=&#8221;3_5&#8243; _builder_version=&#8221;4.21.0&#8243; _module_preset=&#8221;default&#8221; global_colors_info=&#8221;{}&#8221;][et_pb_text _builder_version=&#8221;4.27.4&#8243; _module_preset=&#8221;default&#8221; global_colors_info=&#8221;{}&#8221;]<\/p>\n<p>Aquest documental mostra el proc\u00e9s de transformaci\u00f3 del Museu, des de la renovaci\u00f3 integral de l\u2019edifici fins a la definici\u00f3 d\u2019una nova proposta museol\u00f2gica.<\/p>\n<p>Amb el testimoni de les persones que hi han pres part i d&#8217;imatges del proc\u00e9s, explica com ha nascut un museu pensat per ser m\u00e9s accessible, inclusiu i connectat amb el seu entorn.<\/p>\n<p>[\/et_pb_text][\/et_pb_column][\/et_pb_row][\/et_pb_section]<\/p>\n","protected":false},"excerpt":{"rendered":"<p>PERSONES i llocs \u2013 LLOCS i persones Un museu, una ciutat, un paisatge, una gent. Al Museu de l\u2019Empord\u00e0 tenim cura d\u2019un fons d\u2019art procedent de diferents moments del temps, des de peces produ\u00efdes avui fins a objectes utilitzats pels primers humans que van habitar aquesta geografia. A la primera i segona planta, transitareu per [&hellip;]<\/p>\n","protected":false},"author":1,"featured_media":16446,"parent":0,"menu_order":0,"comment_status":"closed","ping_status":"closed","template":"","meta":{"_acf_changed":false,"_et_pb_use_builder":"on","_et_pb_old_content":"","_et_gb_content_width":"","inline_featured_image":false,"footnotes":""},"class_list":["post-16445","page","type-page","status-publish","has-post-thumbnail","hentry"],"acf":[],"_links":{"self":[{"href":"https:\/\/www.museuemporda.org\/index.php?rest_route=\/wp\/v2\/pages\/16445","targetHints":{"allow":["GET"]}}],"collection":[{"href":"https:\/\/www.museuemporda.org\/index.php?rest_route=\/wp\/v2\/pages"}],"about":[{"href":"https:\/\/www.museuemporda.org\/index.php?rest_route=\/wp\/v2\/types\/page"}],"author":[{"embeddable":true,"href":"https:\/\/www.museuemporda.org\/index.php?rest_route=\/wp\/v2\/users\/1"}],"replies":[{"embeddable":true,"href":"https:\/\/www.museuemporda.org\/index.php?rest_route=%2Fwp%2Fv2%2Fcomments&post=16445"}],"version-history":[{"count":14,"href":"https:\/\/www.museuemporda.org\/index.php?rest_route=\/wp\/v2\/pages\/16445\/revisions"}],"predecessor-version":[{"id":17513,"href":"https:\/\/www.museuemporda.org\/index.php?rest_route=\/wp\/v2\/pages\/16445\/revisions\/17513"}],"wp:featuredmedia":[{"embeddable":true,"href":"https:\/\/www.museuemporda.org\/index.php?rest_route=\/wp\/v2\/media\/16446"}],"wp:attachment":[{"href":"https:\/\/www.museuemporda.org\/index.php?rest_route=%2Fwp%2Fv2%2Fmedia&parent=16445"}],"curies":[{"name":"wp","href":"https:\/\/api.w.org\/{rel}","templated":true}]}}