{"id":147,"date":"2019-11-18T12:15:31","date_gmt":"2019-11-18T10:15:31","guid":{"rendered":"https:\/\/www.museuemporda.org\/?page_id=147"},"modified":"2022-03-23T11:24:02","modified_gmt":"2022-03-23T10:24:02","slug":"obres","status":"publish","type":"page","link":"https:\/\/www.museuemporda.org\/?page_id=147","title":{"rendered":"Obres"},"content":{"rendered":"<p>[et_pb_section fb_built=&#8221;1&#8243; admin_label=&#8221;section&#8221; _builder_version=&#8221;4.4.3&#8243; custom_margin=&#8221;||-10px||false|false&#8221; custom_padding=&#8221;29px|||||&#8221;][et_pb_row column_structure=&#8221;1_6,1_6,1_6,1_6,1_6,1_6&#8243; _builder_version=&#8221;4.4.8&#8243; custom_padding=&#8221;11px||15px|||&#8221;][et_pb_column type=&#8221;1_6&#8243; _builder_version=&#8221;4.4.8&#8243;][et_pb_text _builder_version=&#8221;4.9.3&#8243; _dynamic_attributes=&#8221;link_option_url&#8221; text_font=&#8221;||||||||&#8221; text_text_color=&#8221;#000000&#8243; background_color=&#8221;#ffffff&#8221; text_orientation=&#8221;center&#8221; width=&#8221;120%&#8221; width_tablet=&#8221;100%&#8221; width_phone=&#8221;100%&#8221; width_last_edited=&#8221;on|tablet&#8221; height=&#8221;45px&#8221; custom_margin=&#8221;||||false|false&#8221; custom_padding=&#8221;10px||||false|false&#8221; link_option_url=&#8221;@ET-DC@eyJkeW5hbWljIjp0cnVlLCJjb250ZW50IjoicG9zdF9saW5rX3VybF9wYWdlIiwic2V0dGluZ3MiOnsicG9zdF9pZCI6IjIzMTgifX0=@&#8221; border_radii=&#8221;on|190px|190px|190px|190px&#8221; border_width_all=&#8221;1px&#8221;]<\/p>\n<p>TOT<\/p>\n<p>[\/et_pb_text][\/et_pb_column][et_pb_column type=&#8221;1_6&#8243; _builder_version=&#8221;4.4.8&#8243;][et_pb_text _builder_version=&#8221;4.9.3&#8243; _dynamic_attributes=&#8221;link_option_url&#8221; text_font=&#8221;|700|||||||&#8221; text_text_color=&#8221;#000000&#8243; background_color=&#8221;#ffffff&#8221; text_orientation=&#8221;center&#8221; width=&#8221;120%&#8221; width_tablet=&#8221;100%&#8221; width_phone=&#8221;100%&#8221; width_last_edited=&#8221;on|tablet&#8221; height=&#8221;45px&#8221; custom_margin=&#8221;|||-20px|false|false&#8221; custom_margin_tablet=&#8221;|||0px|false|false&#8221; custom_margin_phone=&#8221;|||0px|false|false&#8221; custom_margin_last_edited=&#8221;on|phone&#8221; custom_padding=&#8221;10px||||false|false&#8221; link_option_url=&#8221;@ET-DC@eyJkeW5hbWljIjp0cnVlLCJjb250ZW50IjoicG9zdF9saW5rX3VybF9wYWdlIiwic2V0dGluZ3MiOnsicG9zdF9pZCI6IjIzMTMifX0=@&#8221; border_radii=&#8221;on|190px|190px|190px|190px&#8221; border_width_all=&#8221;1px&#8221;]<\/p>\n<p>ARTISTES<\/p>\n<p>[\/et_pb_text][\/et_pb_column][et_pb_column type=&#8221;1_6&#8243; _builder_version=&#8221;4.4.8&#8243;][et_pb_text _builder_version=&#8221;4.9.3&#8243; text_font=&#8221;|700|||||||&#8221; text_text_color=&#8221;#ffffff&#8221; background_color=&#8221;#000000&#8243; text_orientation=&#8221;center&#8221; width=&#8221;120%&#8221; width_tablet=&#8221;100%&#8221; width_phone=&#8221;100%&#8221; width_last_edited=&#8221;on|tablet&#8221; height=&#8221;45px&#8221; custom_margin=&#8221;|||-40px|false|false&#8221; custom_margin_tablet=&#8221;|||0px|false|false&#8221; custom_margin_phone=&#8221;|||0px|false|false&#8221; custom_margin_last_edited=&#8221;on|phone&#8221; custom_padding=&#8221;10px||||false|false&#8221; border_radii=&#8221;on|190px|190px|190px|190px&#8221; border_width_all=&#8221;1px&#8221;]<\/p>\n<p><strong>OBRES<\/strong><\/p>\n<p>[\/et_pb_text][\/et_pb_column][et_pb_column type=&#8221;1_6&#8243; _builder_version=&#8221;4.4.8&#8243;][\/et_pb_column][et_pb_column type=&#8221;1_6&#8243; _builder_version=&#8221;4.4.8&#8243;][\/et_pb_column][et_pb_column type=&#8221;1_6&#8243; _builder_version=&#8221;4.4.8&#8243;][\/et_pb_column][\/et_pb_row][et_pb_row column_structure=&#8221;1_6,1_6,1_6,1_6,1_6,1_6&#8243; _builder_version=&#8221;4.4.8&#8243; custom_margin=&#8221;-7px|auto||auto||&#8221; custom_padding=&#8221;3px||5px|||&#8221;][et_pb_column type=&#8221;1_6&#8243; _builder_version=&#8221;4.4.8&#8243;][\/et_pb_column][et_pb_column type=&#8221;1_6&#8243; _builder_version=&#8221;4.4.8&#8243;][et_pb_text _builder_version=&#8221;4.9.3&#8243; _dynamic_attributes=&#8221;link_option_url&#8221; text_font=&#8221;|700|||||||&#8221; text_text_color=&#8221;#000000&#8243; background_color=&#8221;#ededed&#8221; text_orientation=&#8221;center&#8221; width=&#8221;120%&#8221; width_tablet=&#8221;100%&#8221; width_phone=&#8221;&#8221; width_last_edited=&#8221;on|tablet&#8221; height=&#8221;45px&#8221; custom_margin=&#8221;|||-20px|false|false&#8221; custom_margin_tablet=&#8221;|||0px|false|false&#8221; custom_margin_phone=&#8221;&#8221; custom_margin_last_edited=&#8221;on|tablet&#8221; custom_padding=&#8221;10px||||false|false&#8221; link_option_url=&#8221;@ET-DC@eyJkeW5hbWljIjp0cnVlLCJjb250ZW50IjoicG9zdF9saW5rX3VybF9wYWdlIiwic2V0dGluZ3MiOnsicG9zdF9pZCI6IjMwMTcifX0=@&#8221; border_radii=&#8221;on|190px|190px|190px|190px&#8221; border_width_all=&#8221;1px&#8221;]<\/p>\n<p>PINTURA<\/p>\n<p>[\/et_pb_text][\/et_pb_column][et_pb_column type=&#8221;1_6&#8243; _builder_version=&#8221;4.4.8&#8243;][et_pb_text _builder_version=&#8221;4.9.3&#8243; _dynamic_attributes=&#8221;link_option_url&#8221; text_font=&#8221;|700|||||||&#8221; text_text_color=&#8221;#000000&#8243; background_color=&#8221;#ededed&#8221; text_orientation=&#8221;center&#8221; width=&#8221;120%&#8221; width_tablet=&#8221;100%&#8221; width_phone=&#8221;&#8221; width_last_edited=&#8221;on|tablet&#8221; height=&#8221;45px&#8221; custom_margin=&#8221;|||-40px|false|false&#8221; custom_margin_tablet=&#8221;|||0px|false|false&#8221; custom_margin_phone=&#8221;&#8221; custom_margin_last_edited=&#8221;on|tablet&#8221; custom_padding=&#8221;10px||||false|false&#8221; link_option_url=&#8221;@ET-DC@eyJkeW5hbWljIjp0cnVlLCJjb250ZW50IjoicG9zdF9saW5rX3VybF9wYWdlIiwic2V0dGluZ3MiOnsicG9zdF9pZCI6IjMwMjEifX0=@&#8221; border_radii=&#8221;on|190px|190px|190px|190px&#8221; border_width_all=&#8221;1px&#8221;]<\/p>\n<p>OBRA GR\u00c0FICA<\/p>\n<p>[\/et_pb_text][\/et_pb_column][et_pb_column type=&#8221;1_6&#8243; _builder_version=&#8221;4.4.8&#8243;][et_pb_text _builder_version=&#8221;4.9.3&#8243; _dynamic_attributes=&#8221;link_option_url&#8221; text_font=&#8221;|700|||||||&#8221; text_text_color=&#8221;#000000&#8243; background_color=&#8221;#ededed&#8221; text_orientation=&#8221;center&#8221; width=&#8221;120%&#8221; width_tablet=&#8221;100%&#8221; width_phone=&#8221;&#8221; width_last_edited=&#8221;on|tablet&#8221; height=&#8221;45px&#8221; custom_margin=&#8221;|||-60px|false|false&#8221; custom_margin_tablet=&#8221;|||0px|false|false&#8221; custom_margin_phone=&#8221;&#8221; custom_margin_last_edited=&#8221;on|tablet&#8221; custom_padding=&#8221;10px||||false|false&#8221; link_option_url=&#8221;@ET-DC@eyJkeW5hbWljIjp0cnVlLCJjb250ZW50IjoicG9zdF9saW5rX3VybF9wYWdlIiwic2V0dGluZ3MiOnsicG9zdF9pZCI6IjMwMjUifX0=@&#8221; border_radii=&#8221;on|190px|190px|190px|190px&#8221; border_width_all=&#8221;1px&#8221;]<\/p>\n<p>DIBUIX<\/p>\n<p>[\/et_pb_text][\/et_pb_column][et_pb_column type=&#8221;1_6&#8243; _builder_version=&#8221;4.4.8&#8243;][et_pb_text _builder_version=&#8221;4.9.3&#8243; _dynamic_attributes=&#8221;link_option_url&#8221; text_font=&#8221;|700|||||||&#8221; text_text_color=&#8221;#000000&#8243; background_color=&#8221;#ededed&#8221; text_orientation=&#8221;center&#8221; width=&#8221;120%&#8221; width_tablet=&#8221;100%&#8221; width_phone=&#8221;&#8221; width_last_edited=&#8221;on|tablet&#8221; height=&#8221;45px&#8221; custom_margin=&#8221;|||-80px|false|false&#8221; custom_margin_tablet=&#8221;|||0px|false|false&#8221; custom_margin_phone=&#8221;&#8221; custom_margin_last_edited=&#8221;on|tablet&#8221; custom_padding=&#8221;10px||||false|false&#8221; link_option_url=&#8221;@ET-DC@eyJkeW5hbWljIjp0cnVlLCJjb250ZW50IjoicG9zdF9saW5rX3VybF9wYWdlIiwic2V0dGluZ3MiOnsicG9zdF9pZCI6IjMwMjkifX0=@&#8221; border_radii=&#8221;on|190px|190px|190px|190px&#8221; border_width_all=&#8221;1px&#8221;]<\/p>\n<p>ESCULTURA<\/p>\n<p>[\/et_pb_text][\/et_pb_column][et_pb_column type=&#8221;1_6&#8243; _builder_version=&#8221;4.4.8&#8243;][et_pb_text _builder_version=&#8221;4.9.3&#8243; _dynamic_attributes=&#8221;link_option_url&#8221; text_font=&#8221;|700|||||||&#8221; text_text_color=&#8221;#000000&#8243; background_color=&#8221;#ededed&#8221; text_orientation=&#8221;center&#8221; width=&#8221;120%&#8221; width_tablet=&#8221;100%&#8221; width_phone=&#8221;&#8221; width_last_edited=&#8221;on|tablet&#8221; height=&#8221;45px&#8221; custom_margin=&#8221;|||-100px|false|false&#8221; custom_margin_tablet=&#8221;|||0px|false|false&#8221; custom_margin_phone=&#8221;&#8221; custom_margin_last_edited=&#8221;on|tablet&#8221; custom_padding=&#8221;10px||||false|false&#8221; link_option_url=&#8221;@ET-DC@eyJkeW5hbWljIjp0cnVlLCJjb250ZW50IjoicG9zdF9saW5rX3VybF9wYWdlIiwic2V0dGluZ3MiOnsicG9zdF9pZCI6IjMwMzMifX0=@&#8221; border_radii=&#8221;on|190px|190px|190px|190px&#8221; border_width_all=&#8221;1px&#8221;]<\/p>\n<p>ARQUEOLOGIA<\/p>\n<p>[\/et_pb_text][\/et_pb_column][\/et_pb_row][et_pb_row column_structure=&#8221;1_6,1_6,1_6,1_6,1_6,1_6&#8243; _builder_version=&#8221;4.4.8&#8243; custom_padding=&#8221;5px|||||&#8221;][et_pb_column type=&#8221;1_6&#8243; _builder_version=&#8221;4.4.8&#8243;][\/et_pb_column][et_pb_column type=&#8221;1_6&#8243; _builder_version=&#8221;4.4.8&#8243;][et_pb_text _builder_version=&#8221;4.9.3&#8243; _dynamic_attributes=&#8221;link_option_url&#8221; text_font=&#8221;|700|||||||&#8221; text_text_color=&#8221;#000000&#8243; background_color=&#8221;#ededed&#8221; text_orientation=&#8221;center&#8221; width=&#8221;120%&#8221; width_tablet=&#8221;100%&#8221; width_phone=&#8221;&#8221; width_last_edited=&#8221;on|tablet&#8221; height=&#8221;45px&#8221; custom_margin=&#8221;|||-20px|false|false&#8221; custom_margin_tablet=&#8221;|||0px|false|false&#8221; custom_margin_phone=&#8221;&#8221; custom_margin_last_edited=&#8221;on|tablet&#8221; custom_padding=&#8221;10px||||false|false&#8221; link_option_url=&#8221;@ET-DC@eyJkeW5hbWljIjp0cnVlLCJjb250ZW50IjoicG9zdF9saW5rX3VybF9wYWdlIiwic2V0dGluZ3MiOnsicG9zdF9pZCI6IjMwMzcifX0=@&#8221; border_radii=&#8221;on|190px|190px|190px|190px&#8221; border_width_all=&#8221;1px&#8221;]<\/p>\n<p>FOTOGRAFIA<\/p>\n<p>[\/et_pb_text][\/et_pb_column][et_pb_column type=&#8221;1_6&#8243; _builder_version=&#8221;4.4.8&#8243;][et_pb_text _builder_version=&#8221;4.9.3&#8243; _dynamic_attributes=&#8221;link_option_url&#8221; text_font=&#8221;|700|||||||&#8221; text_text_color=&#8221;#000000&#8243; background_color=&#8221;#ededed&#8221; text_orientation=&#8221;center&#8221; width=&#8221;120%&#8221; width_tablet=&#8221;100%&#8221; width_phone=&#8221;&#8221; width_last_edited=&#8221;on|tablet&#8221; height=&#8221;45px&#8221; custom_margin=&#8221;|||-40px|false|false&#8221; custom_margin_tablet=&#8221;|||0px|false|false&#8221; custom_margin_phone=&#8221;&#8221; custom_margin_last_edited=&#8221;on|tablet&#8221; custom_padding=&#8221;10px||||false|false&#8221; link_option_url=&#8221;@ET-DC@eyJkeW5hbWljIjp0cnVlLCJjb250ZW50IjoicG9zdF9saW5rX3VybF9wYWdlIiwic2V0dGluZ3MiOnsicG9zdF9pZCI6IjMwNDEifX0=@&#8221; hover_enabled=&#8221;0&#8243; border_radii=&#8221;on|190px|190px|190px|190px&#8221; border_width_all=&#8221;1px&#8221; sticky_enabled=&#8221;0&#8243;]<\/p>\n<p>INSTAL\u00b7LACI\u00d3<\/p>\n<p>[\/et_pb_text][\/et_pb_column][et_pb_column type=&#8221;1_6&#8243; _builder_version=&#8221;4.4.8&#8243;][et_pb_text _builder_version=&#8221;4.9.3&#8243; _dynamic_attributes=&#8221;link_option_url&#8221; text_font=&#8221;|700|||||||&#8221; text_text_color=&#8221;#000000&#8243; background_color=&#8221;#ededed&#8221; text_orientation=&#8221;center&#8221; width=&#8221;120%&#8221; width_tablet=&#8221;100%&#8221; width_phone=&#8221;&#8221; width_last_edited=&#8221;on|tablet&#8221; height=&#8221;45px&#8221; custom_margin=&#8221;|||-60px|false|false&#8221; custom_margin_tablet=&#8221;|||0px|false|false&#8221; custom_margin_phone=&#8221;&#8221; custom_margin_last_edited=&#8221;on|tablet&#8221; custom_padding=&#8221;10px||||false|false&#8221; link_option_url=&#8221;@ET-DC@eyJkeW5hbWljIjp0cnVlLCJjb250ZW50IjoicG9zdF9saW5rX3VybF9wYWdlIiwic2V0dGluZ3MiOnsicG9zdF9pZCI6IjEyMTkyIn19@&#8221; hover_enabled=&#8221;0&#8243; border_radii=&#8221;on|190px|190px|190px|190px&#8221; border_width_all=&#8221;1px&#8221; locked=&#8221;off&#8221; sticky_enabled=&#8221;0&#8243;]<\/p>\n<p><span>INDUMENT\u00c0RIA<\/span><\/p>\n<p>[\/et_pb_text][\/et_pb_column][et_pb_column type=&#8221;1_6&#8243; _builder_version=&#8221;4.4.8&#8243;][\/et_pb_column][et_pb_column type=&#8221;1_6&#8243; _builder_version=&#8221;4.4.8&#8243;][\/et_pb_column][\/et_pb_row][et_pb_row _builder_version=&#8221;4.4.8&#8243;][et_pb_column type=&#8221;4_4&#8243; _builder_version=&#8221;4.4.8&#8243;][dpdfg_filtergrid custom_query=&#8221;advanced&#8221; multiple_cpt=&#8221;obres_autors&#8221; use_taxonomy_terms=&#8221;on&#8221; post_number=&#8221;-1&#8243; orderby=&#8221;rand&#8221; no_results=&#8221;No s&#8217;ha trobat cap Obra o Artista&#8221; thumbnail_size=&#8221;250&#215;250&#8243; use_overlay=&#8221;off&#8221; show_post_meta=&#8221;off&#8221; show_custom_fields=&#8221;on&#8221; custom_fields=&#8221;%91{%22name%22:%22autors2%22,%22label%22:%22%22}%93&#8243; show_custom_content=&#8221;on&#8221; show_filters=&#8221;off&#8221; items_width=&#8221;18%&#8221; show_search=&#8221;on&#8221; search_placeholder=&#8221;CERCA&#8221; _builder_version=&#8221;4.9.3&#8243; border_width_all=&#8221;0px&#8221;][\/dpdfg_filtergrid][\/et_pb_column][\/et_pb_row][\/et_pb_section]<\/p>\n","protected":false},"excerpt":{"rendered":"<p>TOTARTISTESOBRESPINTURAOBRA GR\u00c0FICADIBUIXESCULTURAARQUEOLOGIAFOTOGRAFIAINSTAL\u00b7LACI\u00d3INDUMENT\u00c0RIA<div class=\"et_pb_with_border et_pb_module dpdfg_filtergrid dpdfg_filtergrid_0\">\n\t\t\t\t\n\t\t\t\t\n\t\t\t\t\n\t\t\t\t\n\t\t\t\t\n\t\t\t\t\n\t\t\t\t<div class=\"et_pb_module_inner\">\n\t\t\t\t\t<!-- DPDFG Start Main Container --><div class=\"dp-dfg-container dp-dfg-layout-grid dp-dfg-skin-default\" data-active-filter=\"all\" data-page=\"1\" data-found-posts=\"1788\" data-post-number=\"-1\" data-default-filter=\"All\" data-link-filter=\"\" data-cache=\"off\" data-ratio=\"1\" data-show-thumb=\"on\" data-action=\"link\" data-new-window=\"off\" data-multifilter=\"off|OR\" data-multilevel=\"off|AND|off\" data-doing-ajax=\"off\" data-module=\"dpdfg_filtergrid_0\" data-search =\"on\" data-search-position=\"above\" data-filters=\"off\" data-terms-tags=\"on\" data-pagination=\"on\" data-filter-method=\"default\"><div class=\"dp-dfg-search\"><input class=\"dp-dfg-search-input search-clean\" type=\"search\" placeholder=\"CERCA\" \/><span class=\"et-pb-icon dp-dfg-search-icon\" data-icon-search=\"&#x55;\" data-icon-clear=\"&#x51;\">&#x55;<\/span><\/div><!-- DPDFG End Search Container --><div class=\"dp-dfg-items\"><article id=\"post-11708\" class=\"dp-dfg-item post-11708 obres_autors type-obres_autors status-publish has-post-thumbnail hentry tipus_tecniques-pintura tecnica_especifica-oli-sobre-tela autors-monturiol-puig disciplina-pintura \"     data-position=\"0\"   data-new-tab=\"off\"   data-action-priority=\"item\"><figure class=\"dp-dfg-image entry-thumb\"><a href=\"https:\/\/www.museuemporda.org\/?obres_autors=natura-morta-5\" class=\"dp-dfg-image-link\" ><img loading=\"lazy\" decoding=\"async\" class=\"dp-dfg-featured-image\" src=\"https:\/\/www.museuemporda.org\/wp-content\/uploads\/2022\/02\/mE-1331-anvers-250x250.jpg\" alt=\"Natura morta\" width=\"250\" height=\"250\" data-ratio=\"1\"\/><\/a><\/figure><div class=\"dp-dfg-header entry-header\"><h2 class=\"entry-title\">Natura morta<\/h2><\/div><div class=\"dp-dfg-custom-content\"><p class=\"dp-dfg-custom-field dp-dfg-cf-autors2\"><span class=\"dp-dfg-custom-field-value\">Monturiol Puig<\/span><\/p><\/div><\/article><!-- DPDFG End Post Item Container --><article id=\"post-9131\" class=\"dp-dfg-item post-9131 obres_autors type-obres_autors status-publish has-post-thumbnail hentry tipus_tecniques-ceramica autors-autoria-desconeguda disciplina-arqueologia \"     data-position=\"1\"   data-new-tab=\"off\"   data-action-priority=\"item\"><figure class=\"dp-dfg-image entry-thumb\"><a href=\"https:\/\/www.museuemporda.org\/?obres_autors=urna-cineraria-2\" class=\"dp-dfg-image-link\" ><img loading=\"lazy\" decoding=\"async\" class=\"dp-dfg-featured-image\" src=\"https:\/\/www.museuemporda.org\/wp-content\/uploads\/2021\/11\/mE-516-250x250.jpg\" alt=\"Urna ciner\u00e0ria\" width=\"250\" height=\"250\" data-ratio=\"1\"\/><\/a><\/figure><div class=\"dp-dfg-header entry-header\"><h2 class=\"entry-title\">Urna ciner\u00e0ria<\/h2><\/div><div class=\"dp-dfg-custom-content\"><p class=\"dp-dfg-custom-field dp-dfg-cf-autors2\"><span class=\"dp-dfg-custom-field-value\">Autoria desconeguda<\/span><\/p><\/div><\/article><!-- DPDFG End Post Item Container --><article id=\"post-11671\" class=\"dp-dfg-item post-11671 obres_autors type-obres_autors status-publish has-post-thumbnail hentry tipus_tecniques-pintura tecnica_especifica-oli-sobre-tela autors-francesc-marsa-figueras disciplina-pintura \"     data-position=\"2\"   data-new-tab=\"off\"   data-action-priority=\"item\"><figure class=\"dp-dfg-image entry-thumb\"><a href=\"https:\/\/www.museuemporda.org\/?obres_autors=bodego-de-peixos\" class=\"dp-dfg-image-link\" ><img loading=\"lazy\" decoding=\"async\" class=\"dp-dfg-featured-image\" src=\"https:\/\/www.museuemporda.org\/wp-content\/uploads\/2022\/02\/mE-1116-250x250.jpg\" alt=\"Bodeg\u00f3 de peixos\" width=\"250\" height=\"250\" data-ratio=\"1\"\/><\/a><\/figure><div class=\"dp-dfg-header entry-header\"><h2 class=\"entry-title\">Bodeg\u00f3 de peixos<\/h2><\/div><div class=\"dp-dfg-custom-content\"><p class=\"dp-dfg-custom-field dp-dfg-cf-autors2\"><span class=\"dp-dfg-custom-field-value\">Francesc Mars\u00e0 Figueras<\/span><\/p><\/div><\/article><!-- DPDFG End Post Item Container --><article id=\"post-13658\" class=\"dp-dfg-item post-13658 obres_autors type-obres_autors status-publish has-post-thumbnail hentry tipus_tecniques-dibuix tecnica_especifica-gouache-guaix-sobre-paper autors-gilbert-kirszbaum disciplina-dibuix \"     data-position=\"3\"   data-new-tab=\"off\"   data-action-priority=\"item\"><figure class=\"dp-dfg-image entry-thumb\"><a href=\"https:\/\/www.museuemporda.org\/?obres_autors=ragtime\" class=\"dp-dfg-image-link\" ><img loading=\"lazy\" decoding=\"async\" class=\"dp-dfg-featured-image\" src=\"https:\/\/www.museuemporda.org\/wp-content\/uploads\/2023\/06\/1687348953921444-250x250.jpg\" alt=\"Ragtime\" width=\"250\" height=\"250\" data-ratio=\"1\"\/><\/a><\/figure><div class=\"dp-dfg-header entry-header\"><h2 class=\"entry-title\">Ragtime<\/h2><\/div><div class=\"dp-dfg-custom-content\"><p class=\"dp-dfg-custom-field dp-dfg-cf-autors2\"><span class=\"dp-dfg-custom-field-value\">Gilbert Kirszbaum <\/span><\/p><\/div><\/article><!-- DPDFG End Post Item Container --><article id=\"post-6016\" class=\"dp-dfg-item post-6016 obres_autors type-obres_autors status-publish has-post-thumbnail hentry tecnica_especifica-aquarella-sobre-paper autors-miquel-capalleras-albreda disciplina-pintura \"     data-position=\"4\"   data-new-tab=\"off\"   data-action-priority=\"item\"><figure class=\"dp-dfg-image entry-thumb\"><a href=\"https:\/\/www.museuemporda.org\/?obres_autors=panoramica-de-figueres\" class=\"dp-dfg-image-link\" ><img loading=\"lazy\" decoding=\"async\" class=\"dp-dfg-featured-image\" src=\"https:\/\/www.museuemporda.org\/wp-content\/uploads\/2020\/04\/mE-1140-250x250.jpg\" alt=\"Panor\u00e0mica de Figueres\" width=\"250\" height=\"250\" data-ratio=\"1\"\/><\/a><\/figure><div class=\"dp-dfg-header entry-header\"><h2 class=\"entry-title\">Panor\u00e0mica de Figueres<\/h2><\/div><div class=\"dp-dfg-custom-content\"><p class=\"dp-dfg-custom-field dp-dfg-cf-autors2\"><span class=\"dp-dfg-custom-field-value\">Miquel Capalleras Albreda<\/span><\/p><\/div><\/article><!-- DPDFG End Post Item Container --><article id=\"post-8089\" class=\"dp-dfg-item post-8089 obres_autors type-obres_autors status-publish has-post-thumbnail hentry tecnica_especifica-aquarella-sobre-paper autors-gino-rubert disciplina-pintura \"     data-position=\"5\"   data-new-tab=\"off\"   data-action-priority=\"item\"><figure class=\"dp-dfg-image entry-thumb\"><a href=\"https:\/\/www.museuemporda.org\/?obres_autors=sense-titol-3\" class=\"dp-dfg-image-link\" ><img loading=\"lazy\" decoding=\"async\" class=\"dp-dfg-featured-image\" src=\"https:\/\/www.museuemporda.org\/wp-content\/uploads\/2021\/08\/mE-2120_2019-250x250.jpg\" alt=\"Sense t\u00edtol\" width=\"250\" height=\"250\" data-ratio=\"1\"\/><\/a><\/figure><div class=\"dp-dfg-header entry-header\"><h2 class=\"entry-title\">Sense t\u00edtol<\/h2><\/div><div class=\"dp-dfg-custom-content\"><p class=\"dp-dfg-custom-field dp-dfg-cf-autors2\"><span class=\"dp-dfg-custom-field-value\">Gino Rubert<\/span><\/p><\/div><\/article><!-- DPDFG End Post Item Container --><article id=\"post-14382\" class=\"dp-dfg-item post-14382 obres_autors type-obres_autors status-publish has-post-thumbnail hentry tipus_tecniques-pintura tecnica_especifica-aquarella-sobre-paper-2 autors-dolors-bolanos disciplina-pintura \"     data-position=\"6\"   data-new-tab=\"off\"   data-action-priority=\"item\"><figure class=\"dp-dfg-image entry-thumb\"><a href=\"https:\/\/www.museuemporda.org\/?obres_autors=sense-titol-508\" class=\"dp-dfg-image-link\" ><img loading=\"lazy\" decoding=\"async\" class=\"dp-dfg-featured-image\" src=\"https:\/\/www.museuemporda.org\/wp-content\/uploads\/2023\/07\/ME2897-250x250.jpg\" alt=\"Sense t\u00edtol\" width=\"250\" height=\"250\" data-ratio=\"1\"\/><\/a><\/figure><div class=\"dp-dfg-header entry-header\"><h2 class=\"entry-title\">Sense t\u00edtol<\/h2><\/div><div class=\"dp-dfg-custom-content\"><p class=\"dp-dfg-custom-field dp-dfg-cf-autors2\"><span class=\"dp-dfg-custom-field-value\">Dolors Bola\u00f1os<\/span><\/p><\/div><\/article><!-- DPDFG End Post Item Container --><article id=\"post-9094\" class=\"dp-dfg-item post-9094 obres_autors type-obres_autors status-publish has-post-thumbnail hentry tecnica_especifica-ceramica-atica-de-figures-negres autors-autoria-desconeguda disciplina-arqueologia \"     data-position=\"7\"   data-new-tab=\"off\"   data-action-priority=\"item\"><figure class=\"dp-dfg-image entry-thumb\"><a href=\"https:\/\/www.museuemporda.org\/?obres_autors=oenokoe-atic-de-figures-negres\" class=\"dp-dfg-image-link\" ><img loading=\"lazy\" decoding=\"async\" class=\"dp-dfg-featured-image\" src=\"https:\/\/www.museuemporda.org\/wp-content\/uploads\/2021\/11\/mE-412-1-250x250.jpg\" alt=\"Oenokoe \u00e0tic de figures negres\" width=\"250\" height=\"250\" data-ratio=\"1\"\/><\/a><\/figure><div class=\"dp-dfg-header entry-header\"><h2 class=\"entry-title\">Oenokoe \u00e0tic de figures negres<\/h2><\/div><div class=\"dp-dfg-custom-content\"><p class=\"dp-dfg-custom-field dp-dfg-cf-autors2\"><span class=\"dp-dfg-custom-field-value\">Autoria desconeguda<\/span><\/p><\/div><\/article><!-- DPDFG End Post Item Container --><article id=\"post-14152\" class=\"dp-dfg-item post-14152 obres_autors type-obres_autors status-publish has-post-thumbnail hentry tipus_tecniques-obra-grafica tecnica_especifica-impressio-digital autors-leonard-beard disciplina-obra-grafic \"     data-position=\"8\"   data-new-tab=\"off\"   data-action-priority=\"item\"><figure class=\"dp-dfg-image entry-thumb\"><a href=\"https:\/\/www.museuemporda.org\/?obres_autors=sense-titol-403\" class=\"dp-dfg-image-link\" ><img loading=\"lazy\" decoding=\"async\" class=\"dp-dfg-featured-image\" src=\"https:\/\/www.museuemporda.org\/wp-content\/uploads\/2023\/07\/ME2768-LEO-250x250.jpg\" alt=\"Sense t\u00edtol\" width=\"250\" height=\"250\" data-ratio=\"1\"\/><\/a><\/figure><div class=\"dp-dfg-header entry-header\"><h2 class=\"entry-title\">Sense t\u00edtol<\/h2><\/div><div class=\"dp-dfg-custom-content\"><p class=\"dp-dfg-custom-field dp-dfg-cf-autors2\"><span class=\"dp-dfg-custom-field-value\">Miquel Sanchez<\/span><\/p><\/div><\/article><!-- DPDFG End Post Item Container --><article id=\"post-11179\" class=\"dp-dfg-item post-11179 obres_autors type-obres_autors status-publish has-post-thumbnail hentry tipus_tecniques-obra-grafica tecnica_especifica-tecnica-mixta autors-enric-camps-llado disciplina-obra-grafic \"     data-position=\"9\"   data-new-tab=\"off\"   data-action-priority=\"item\"><figure class=\"dp-dfg-image entry-thumb\"><a href=\"https:\/\/www.museuemporda.org\/?obres_autors=retrat-deduard-bartoli\" class=\"dp-dfg-image-link\" ><img loading=\"lazy\" decoding=\"async\" class=\"dp-dfg-featured-image\" src=\"https:\/\/www.museuemporda.org\/wp-content\/uploads\/2022\/02\/mE-2176-250x250.jpg\" alt=\"Retrat d&#8217;Eduard Bartol\u00ed\" width=\"250\" height=\"250\" data-ratio=\"1\"\/><\/a><\/figure><div class=\"dp-dfg-header entry-header\"><h2 class=\"entry-title\">Retrat d&#8217;Eduard Bartol\u00ed<\/h2><\/div><div class=\"dp-dfg-custom-content\"><p class=\"dp-dfg-custom-field dp-dfg-cf-autors2\"><span class=\"dp-dfg-custom-field-value\">Enric Camps Llad\u00f3<\/span><\/p><\/div><\/article><!-- DPDFG End Post Item Container --><article id=\"post-10958\" class=\"dp-dfg-item post-10958 obres_autors type-obres_autors status-publish has-post-thumbnail hentry tipus_tecniques-pintura tecnica_especifica-oli-sobre-tela autors-montserrat-aleix disciplina-pintura \"     data-position=\"10\"   data-new-tab=\"off\"   data-action-priority=\"item\"><figure class=\"dp-dfg-image entry-thumb\"><a href=\"https:\/\/www.museuemporda.org\/?obres_autors=mariachis\" class=\"dp-dfg-image-link\" ><img loading=\"lazy\" decoding=\"async\" class=\"dp-dfg-featured-image\" src=\"https:\/\/www.museuemporda.org\/wp-content\/uploads\/2022\/02\/mE-1280-250x250.jpg\" alt=\"Mariachis\" width=\"250\" height=\"250\" data-ratio=\"1\"\/><\/a><\/figure><div class=\"dp-dfg-header entry-header\"><h2 class=\"entry-title\">Mariachis<\/h2><\/div><div class=\"dp-dfg-custom-content\"><p class=\"dp-dfg-custom-field dp-dfg-cf-autors2\"><span class=\"dp-dfg-custom-field-value\">Montserrat Aleix<\/span><\/p><\/div><\/article><!-- DPDFG End Post Item Container --><article id=\"post-13822\" class=\"dp-dfg-item post-13822 obres_autors type-obres_autors status-publish has-post-thumbnail hentry tipus_tecniques-dibuix tecnica_especifica-impressio-digital autors-lluis-puigbert disciplina-obra-grafic \"     data-position=\"11\"   data-new-tab=\"off\"   data-action-priority=\"item\"><figure class=\"dp-dfg-image entry-thumb\"><a href=\"https:\/\/www.museuemporda.org\/?obres_autors=sense-titol-255\" class=\"dp-dfg-image-link\" ><img loading=\"lazy\" decoding=\"async\" class=\"dp-dfg-featured-image\" src=\"https:\/\/www.museuemporda.org\/wp-content\/uploads\/2023\/06\/ME2617-SID04-250x250.jpg\" alt=\"Sense t\u00edtol\" width=\"250\" height=\"250\" data-ratio=\"1\"\/><\/a><\/figure><div class=\"dp-dfg-header entry-header\"><h2 class=\"entry-title\">Sense t\u00edtol<\/h2><\/div><div class=\"dp-dfg-custom-content\"><p class=\"dp-dfg-custom-field dp-dfg-cf-autors2\"><span class=\"dp-dfg-custom-field-value\">Llu\u00eds Puigbert<\/span><\/p><\/div><\/article><!-- DPDFG End Post Item Container --><article id=\"post-11706\" class=\"dp-dfg-item post-11706 obres_autors type-obres_autors status-publish has-post-thumbnail hentry tipus_tecniques-pintura tecnica_especifica-oli-sobre-tela autors-monturiol-puig disciplina-pintura \"     data-position=\"12\"   data-new-tab=\"off\"   data-action-priority=\"item\"><figure class=\"dp-dfg-image entry-thumb\"><a href=\"https:\/\/www.museuemporda.org\/?obres_autors=retrat-10\" class=\"dp-dfg-image-link\" ><img loading=\"lazy\" decoding=\"async\" class=\"dp-dfg-featured-image\" src=\"https:\/\/www.museuemporda.org\/wp-content\/uploads\/2022\/02\/mE-1052-revers-del-mE-1050-250x250.jpg\" alt=\"Retrat\" width=\"250\" height=\"250\" data-ratio=\"1\"\/><\/a><\/figure><div class=\"dp-dfg-header entry-header\"><h2 class=\"entry-title\">Retrat<\/h2><\/div><div class=\"dp-dfg-custom-content\"><p class=\"dp-dfg-custom-field dp-dfg-cf-autors2\"><span class=\"dp-dfg-custom-field-value\">Monturiol Puig<\/span><\/p><\/div><\/article><!-- DPDFG End Post Item Container --><article id=\"post-9186\" class=\"dp-dfg-item post-9186 obres_autors type-obres_autors status-publish has-post-thumbnail hentry tipus_tecniques-bronze autors-autoria-desconeguda disciplina-arqueologia \"     data-position=\"13\"   data-new-tab=\"off\"   data-action-priority=\"item\"><figure class=\"dp-dfg-image entry-thumb\"><a href=\"https:\/\/www.museuemporda.org\/?obres_autors=campana-tintinabulum\" class=\"dp-dfg-image-link\" ><img loading=\"lazy\" decoding=\"async\" class=\"dp-dfg-featured-image\" src=\"https:\/\/www.museuemporda.org\/wp-content\/uploads\/2021\/11\/mE-284-250x250.jpg\" alt=\"Campana (tintinabulum)\" width=\"250\" height=\"250\" data-ratio=\"1\"\/><\/a><\/figure><div class=\"dp-dfg-header entry-header\"><h2 class=\"entry-title\">Campana (tintinabulum)<\/h2><\/div><div class=\"dp-dfg-custom-content\"><p class=\"dp-dfg-custom-field dp-dfg-cf-autors2\"><span class=\"dp-dfg-custom-field-value\">Autoria desconeguda<\/span><\/p><\/div><\/article><!-- DPDFG End Post Item Container --><article id=\"post-9853\" class=\"dp-dfg-item post-9853 obres_autors type-obres_autors status-publish has-post-thumbnail hentry tipus_tecniques-fotografia tecnica_especifica-fotografia autors-jordi-puig disciplina-fotografia \"     data-position=\"14\"   data-new-tab=\"off\"   data-action-priority=\"item\"><figure class=\"dp-dfg-image entry-thumb\"><a href=\"https:\/\/www.museuemporda.org\/?obres_autors=silencis-9\" class=\"dp-dfg-image-link\" ><img loading=\"lazy\" decoding=\"async\" class=\"dp-dfg-featured-image\" src=\"https:\/\/www.museuemporda.org\/wp-content\/uploads\/2022\/01\/8.jpg-250x250.jpg\" alt=\"Silencis &#8211; Miquel Carbonell Caselles\" width=\"250\" height=\"250\" data-ratio=\"1\"\/><\/a><\/figure><div class=\"dp-dfg-header entry-header\"><h2 class=\"entry-title\">Silencis &#8211; Miquel Carbonell Caselles<\/h2><\/div><div class=\"dp-dfg-custom-content\"><p class=\"dp-dfg-custom-field dp-dfg-cf-autors2\"><span class=\"dp-dfg-custom-field-value\">Jordi Puig<\/span><\/p><\/div><\/article><!-- DPDFG End Post Item Container --><article id=\"post-8020\" class=\"dp-dfg-item post-8020 obres_autors type-obres_autors status-publish has-post-thumbnail hentry autors-autoria-desconeguda disciplina-arqueologia \"     data-position=\"15\"   data-new-tab=\"off\"   data-action-priority=\"item\"><figure class=\"dp-dfg-image entry-thumb\"><a href=\"https:\/\/www.museuemporda.org\/?obres_autors=fragment-de-pintura-mural\" class=\"dp-dfg-image-link\" ><img loading=\"lazy\" decoding=\"async\" class=\"dp-dfg-featured-image\" src=\"https:\/\/www.museuemporda.org\/wp-content\/uploads\/2021\/08\/mE-52_2019-250x250.jpg\" alt=\"Fragment de pintura mural\" width=\"250\" height=\"250\" data-ratio=\"1\"\/><\/a><\/figure><div class=\"dp-dfg-header entry-header\"><h2 class=\"entry-title\">Fragment de pintura mural<\/h2><\/div><div class=\"dp-dfg-custom-content\"><p class=\"dp-dfg-custom-field dp-dfg-cf-autors2\"><span class=\"dp-dfg-custom-field-value\">Autoria desconeguda<\/span><\/p><\/div><\/article><!-- DPDFG End Post Item Container --><article id=\"post-14083\" class=\"dp-dfg-item post-14083 obres_autors type-obres_autors status-publish has-post-thumbnail hentry tipus_tecniques-dibuix tecnica_especifica-impressio-digital autors-carles-roman disciplina-dibuix \"     data-position=\"16\"   data-new-tab=\"off\"   data-action-priority=\"item\"><figure class=\"dp-dfg-image entry-thumb\"><a href=\"https:\/\/www.museuemporda.org\/?obres_autors=sense-titol-372\" class=\"dp-dfg-image-link\" ><img loading=\"lazy\" decoding=\"async\" class=\"dp-dfg-featured-image\" src=\"https:\/\/www.museuemporda.org\/wp-content\/uploads\/2023\/06\/ME2736-ROMAN-250x250.jpg\" alt=\"Sense t\u00edtol\" width=\"250\" height=\"250\" data-ratio=\"1\"\/><\/a><\/figure><div class=\"dp-dfg-header entry-header\"><h2 class=\"entry-title\">Sense t\u00edtol<\/h2><\/div><div class=\"dp-dfg-custom-content\"><p class=\"dp-dfg-custom-field dp-dfg-cf-autors2\"><span class=\"dp-dfg-custom-field-value\">Carles Roman<\/span><\/p><\/div><\/article><!-- DPDFG End Post Item Container --><article id=\"post-13894\" class=\"dp-dfg-item post-13894 obres_autors type-obres_autors status-publish has-post-thumbnail hentry tipus_tecniques-dibuix tecnica_especifica-impressio-digital autors-pep-claparols-i-moret disciplina-dibuix \"     data-position=\"17\"   data-new-tab=\"off\"   data-action-priority=\"item\"><figure class=\"dp-dfg-image entry-thumb\"><a href=\"https:\/\/www.museuemporda.org\/?obres_autors=sense-titol-286\" class=\"dp-dfg-image-link\" ><img loading=\"lazy\" decoding=\"async\" class=\"dp-dfg-featured-image\" src=\"https:\/\/www.museuemporda.org\/wp-content\/uploads\/2023\/06\/ME2648-PEP98-250x250.jpg\" alt=\"Sense t\u00edtol\" width=\"250\" height=\"250\" data-ratio=\"1\"\/><\/a><\/figure><div class=\"dp-dfg-header entry-header\"><h2 class=\"entry-title\">Sense t\u00edtol<\/h2><\/div><div class=\"dp-dfg-custom-content\"><p class=\"dp-dfg-custom-field dp-dfg-cf-autors2\"><span class=\"dp-dfg-custom-field-value\">Pep Claparols i Moret<\/span><\/p><\/div><\/article><!-- DPDFG End Post Item Container --><article id=\"post-6012\" class=\"dp-dfg-item post-6012 obres_autors type-obres_autors status-publish has-post-thumbnail hentry tecnica_especifica-oli-sobre-tela autors-josep-maria-martinez-lozano disciplina-pintura \"     data-position=\"18\"   data-new-tab=\"off\"   data-action-priority=\"item\"><figure class=\"dp-dfg-image entry-thumb\"><a href=\"https:\/\/www.museuemporda.org\/?obres_autors=mercat\" class=\"dp-dfg-image-link\" ><img loading=\"lazy\" decoding=\"async\" class=\"dp-dfg-featured-image\" src=\"https:\/\/www.museuemporda.org\/wp-content\/uploads\/2020\/04\/mE-1071-2018-250x250.jpg\" alt=\"Mercat\" width=\"250\" height=\"250\" data-ratio=\"1\"\/><\/a><\/figure><div class=\"dp-dfg-header entry-header\"><h2 class=\"entry-title\">Mercat<\/h2><\/div><div class=\"dp-dfg-custom-content\"><p class=\"dp-dfg-custom-field dp-dfg-cf-autors2\"><span class=\"dp-dfg-custom-field-value\">Josep Maria Mart\u00ednez Lozano<\/span><\/p><\/div><\/article><!-- DPDFG End Post Item Container --><article id=\"post-1317\" class=\"dp-dfg-item post-1317 obres_autors type-obres_autors status-publish has-post-thumbnail hentry tecnica_especifica-pintura-sobre-paper autors-carme-cortes-i-llado \"     data-position=\"19\"   data-new-tab=\"off\"   data-action-priority=\"item\"><figure class=\"dp-dfg-image entry-thumb\"><a href=\"https:\/\/www.museuemporda.org\/?obres_autors=placa\" class=\"dp-dfg-image-link\" ><img loading=\"lazy\" decoding=\"async\" class=\"dp-dfg-featured-image\" src=\"https:\/\/www.museuemporda.org\/wp-content\/uploads\/2020\/04\/mE-1317-scaled-1-250x250.jpg\" alt=\"Pla\u00e7a\" width=\"250\" height=\"250\" data-ratio=\"1\"\/><\/a><\/figure><div class=\"dp-dfg-header entry-header\"><h2 class=\"entry-title\">Pla\u00e7a<\/h2><\/div><div class=\"dp-dfg-custom-content\"><p class=\"dp-dfg-custom-field dp-dfg-cf-autors2\"><span class=\"dp-dfg-custom-field-value\">Carme Cort\u00e8s i Llad\u00f3 <\/span><\/p><\/div><\/article><!-- DPDFG End Post Item Container --><article id=\"post-8373\" class=\"dp-dfg-item post-8373 obres_autors type-obres_autors status-publish has-post-thumbnail hentry tecnica_especifica-oli-sobre-tela autors-evarist-valles-rovira disciplina-pintura \"     data-position=\"20\"   data-new-tab=\"off\"   data-action-priority=\"item\"><figure class=\"dp-dfg-image entry-thumb\"><a href=\"https:\/\/www.museuemporda.org\/?obres_autors=abstraccio-cosmica\" class=\"dp-dfg-image-link\" ><img loading=\"lazy\" decoding=\"async\" class=\"dp-dfg-featured-image\" src=\"https:\/\/www.museuemporda.org\/wp-content\/uploads\/2021\/08\/mE-1608-1-250x250.jpg\" alt=\"Abstracci\u00f3 c\u00f2smica\" width=\"250\" height=\"250\" data-ratio=\"1\"\/><\/a><\/figure><div class=\"dp-dfg-header entry-header\"><h2 class=\"entry-title\">Abstracci\u00f3 c\u00f2smica<\/h2><\/div><div class=\"dp-dfg-custom-content\"><p class=\"dp-dfg-custom-field dp-dfg-cf-autors2\"><span class=\"dp-dfg-custom-field-value\">Evarist Vall\u00e8s Rovira<\/span><\/p><\/div><\/article><!-- DPDFG End Post Item Container --><article id=\"post-12215\" class=\"dp-dfg-item post-12215 obres_autors type-obres_autors status-publish has-post-thumbnail hentry tipus_tecniques-indumentaria tecnica_especifica-teixit-i-fusta autors-autoria-desconeguda disciplina-indumentaria \"     data-position=\"21\"   data-new-tab=\"off\"   data-action-priority=\"item\"><figure class=\"dp-dfg-image entry-thumb\"><a href=\"https:\/\/www.museuemporda.org\/?obres_autors=sense-titol-177\" class=\"dp-dfg-image-link\" ><img loading=\"lazy\" decoding=\"async\" class=\"dp-dfg-featured-image\" src=\"https:\/\/www.museuemporda.org\/wp-content\/uploads\/2022\/03\/mE-902-250x250.jpg\" alt=\"Sense t\u00edtol\" width=\"250\" height=\"250\" data-ratio=\"1\"\/><\/a><\/figure><div class=\"dp-dfg-header entry-header\"><h2 class=\"entry-title\">Sense t\u00edtol<\/h2><\/div><div class=\"dp-dfg-custom-content\"><p class=\"dp-dfg-custom-field dp-dfg-cf-autors2\"><span class=\"dp-dfg-custom-field-value\">Autoria desconeguda<\/span><\/p><\/div><\/article><!-- DPDFG End Post Item Container --><article id=\"post-9816\" class=\"dp-dfg-item post-9816 obres_autors type-obres_autors status-publish has-post-thumbnail hentry tipus_tecniques-fotografia tecnica_especifica-fotografia autors-francesc-guillamet-ferran disciplina-fotografia \"     data-position=\"22\"   data-new-tab=\"off\"   data-action-priority=\"item\"><figure class=\"dp-dfg-image entry-thumb\"><a href=\"https:\/\/www.museuemporda.org\/?obres_autors=naps-negres-al-roquefort\" class=\"dp-dfg-image-link\" ><img loading=\"lazy\" decoding=\"async\" class=\"dp-dfg-featured-image\" src=\"https:\/\/www.museuemporda.org\/wp-content\/uploads\/2022\/01\/mE-2520-250x250.jpg\" alt=\"Naps negres al roquefort\" width=\"250\" height=\"250\" data-ratio=\"1\"\/><\/a><\/figure><div class=\"dp-dfg-header entry-header\"><h2 class=\"entry-title\">Naps negres al roquefort<\/h2><\/div><div class=\"dp-dfg-custom-content\"><p class=\"dp-dfg-custom-field dp-dfg-cf-autors2\"><span class=\"dp-dfg-custom-field-value\">Francesc Guillamet Ferran<\/span><\/p><\/div><\/article><!-- DPDFG End Post Item Container --><article id=\"post-11776\" class=\"dp-dfg-item post-11776 obres_autors type-obres_autors status-publish has-post-thumbnail hentry tipus_tecniques-pintura tecnica_especifica-aquarella-sobre-paper autors-jaume-oates-borias disciplina-pintura \"     data-position=\"23\"   data-new-tab=\"off\"   data-action-priority=\"item\"><figure class=\"dp-dfg-image entry-thumb\"><a href=\"https:\/\/www.museuemporda.org\/?obres_autors=el-port-dia-nuvol\" class=\"dp-dfg-image-link\" ><img loading=\"lazy\" decoding=\"async\" class=\"dp-dfg-featured-image\" src=\"https:\/\/www.museuemporda.org\/wp-content\/uploads\/2022\/02\/mE-1340-250x250.jpg\" alt=\"El port, dia n\u00favol\" width=\"250\" height=\"250\" data-ratio=\"1\"\/><\/a><\/figure><div class=\"dp-dfg-header entry-header\"><h2 class=\"entry-title\">El port, dia n\u00favol<\/h2><\/div><div class=\"dp-dfg-custom-content\"><p class=\"dp-dfg-custom-field dp-dfg-cf-autors2\"><span class=\"dp-dfg-custom-field-value\">Jaume Oates Borias<\/span><\/p><\/div><\/article><!-- DPDFG End Post Item Container --><article id=\"post-10356\" class=\"dp-dfg-item post-10356 obres_autors type-obres_autors status-publish has-post-thumbnail hentry tipus_tecniques-pintura tecnica_especifica-tecnica-mixta-sobre-paper autors-anton-casamor-espona disciplina-pintura \"     data-position=\"24\"   data-new-tab=\"off\"   data-action-priority=\"item\"><figure class=\"dp-dfg-image entry-thumb\"><a href=\"https:\/\/www.museuemporda.org\/?obres_autors=dona-ajaguda\" class=\"dp-dfg-image-link\" ><img loading=\"lazy\" decoding=\"async\" class=\"dp-dfg-featured-image\" src=\"https:\/\/www.museuemporda.org\/wp-content\/uploads\/2022\/01\/mE-2113-250x250.jpg\" alt=\"Dona ajaguda\" width=\"250\" height=\"250\" data-ratio=\"1\"\/><\/a><\/figure><div class=\"dp-dfg-header entry-header\"><h2 class=\"entry-title\">Dona ajaguda<\/h2><\/div><div class=\"dp-dfg-custom-content\"><p class=\"dp-dfg-custom-field dp-dfg-cf-autors2\"><span class=\"dp-dfg-custom-field-value\">Anton Casamor Espona<\/span><\/p><\/div><\/article><!-- DPDFG End Post Item Container --><article id=\"post-9501\" class=\"dp-dfg-item post-9501 obres_autors type-obres_autors status-publish has-post-thumbnail hentry tipus_tecniques-pintura tecnica_especifica-oli-sobre-tela autors-francesc-gimeno-arasa disciplina-pintura \"     data-position=\"25\"   data-new-tab=\"off\"   data-action-priority=\"item\"><figure class=\"dp-dfg-image entry-thumb\"><a href=\"https:\/\/www.museuemporda.org\/?obres_autors=paisatge-38\" class=\"dp-dfg-image-link\" ><img loading=\"lazy\" decoding=\"async\" class=\"dp-dfg-featured-image\" src=\"https:\/\/www.museuemporda.org\/wp-content\/uploads\/2022\/01\/mE-1228-250x250.jpg\" alt=\"Paisatge\" width=\"250\" height=\"250\" data-ratio=\"1\"\/><\/a><\/figure><div class=\"dp-dfg-header entry-header\"><h2 class=\"entry-title\">Paisatge<\/h2><\/div><div class=\"dp-dfg-custom-content\"><p class=\"dp-dfg-custom-field dp-dfg-cf-autors2\"><span class=\"dp-dfg-custom-field-value\">Francesc Gimeno Arasa<\/span><\/p><\/div><\/article><!-- DPDFG End Post Item Container --><article id=\"post-11667\" class=\"dp-dfg-item post-11667 obres_autors type-obres_autors status-publish has-post-thumbnail hentry tipus_tecniques-pintura tecnica_especifica-oli-sobre-tela autors-gustavo-marrone disciplina-pintura \"     data-position=\"26\"   data-new-tab=\"off\"   data-action-priority=\"item\"><figure class=\"dp-dfg-image entry-thumb\"><a href=\"https:\/\/www.museuemporda.org\/?obres_autors=sense-titol-144\" class=\"dp-dfg-image-link\" ><img loading=\"lazy\" decoding=\"async\" class=\"dp-dfg-featured-image\" src=\"https:\/\/www.museuemporda.org\/wp-content\/uploads\/2022\/02\/mE-1633-250x250.jpg\" alt=\"Sense t\u00edtol\" width=\"250\" height=\"250\" data-ratio=\"1\"\/><\/a><\/figure><div class=\"dp-dfg-header entry-header\"><h2 class=\"entry-title\">Sense t\u00edtol<\/h2><\/div><div class=\"dp-dfg-custom-content\"><p class=\"dp-dfg-custom-field dp-dfg-cf-autors2\"><span class=\"dp-dfg-custom-field-value\">Gustavo Marrone<\/span><\/p><\/div><\/article><!-- DPDFG End Post Item Container --><article id=\"post-8389\" class=\"dp-dfg-item post-8389 obres_autors type-obres_autors status-publish has-post-thumbnail hentry tecnica_especifica-litografia autors-maria-baig-minobis disciplina-obra-grafic \"     data-position=\"27\"   data-new-tab=\"off\"   data-action-priority=\"item\"><figure class=\"dp-dfg-image entry-thumb\"><a href=\"https:\/\/www.museuemporda.org\/?obres_autors=la-rambla-i-la-placeta-de-figueres\" class=\"dp-dfg-image-link\" ><img loading=\"lazy\" decoding=\"async\" class=\"dp-dfg-featured-image\" src=\"https:\/\/www.museuemporda.org\/wp-content\/uploads\/2021\/08\/mE-1869-250x250.jpg\" alt=\"La Rambla i la Placeta de Figueres\" width=\"250\" height=\"250\" data-ratio=\"1\"\/><\/a><\/figure><div class=\"dp-dfg-header entry-header\"><h2 class=\"entry-title\">La Rambla i la Placeta de Figueres<\/h2><\/div><div class=\"dp-dfg-custom-content\"><p class=\"dp-dfg-custom-field dp-dfg-cf-autors2\"><span class=\"dp-dfg-custom-field-value\">Mari\u00e0 Baig Minobis<\/span><\/p><\/div><\/article><!-- DPDFG End Post Item Container --><article id=\"post-12036\" class=\"dp-dfg-item post-12036 obres_autors type-obres_autors status-publish has-post-thumbnail hentry tipus_tecniques-pintura tecnica_especifica-oli-sobre-tela autors-alve-valdemi-del-mare disciplina-pintura \"     data-position=\"28\"   data-new-tab=\"off\"   data-action-priority=\"item\"><figure class=\"dp-dfg-image entry-thumb\"><a href=\"https:\/\/www.museuemporda.org\/?obres_autors=el-port-de-barcelona\" class=\"dp-dfg-image-link\" ><img loading=\"lazy\" decoding=\"async\" class=\"dp-dfg-featured-image\" src=\"https:\/\/www.museuemporda.org\/wp-content\/uploads\/2022\/02\/mE-1175-250x250.jpg\" alt=\"El port de Barcelona\" width=\"250\" height=\"250\" data-ratio=\"1\"\/><\/a><\/figure><div class=\"dp-dfg-header entry-header\"><h2 class=\"entry-title\">El port de Barcelona<\/h2><\/div><div class=\"dp-dfg-custom-content\"><p class=\"dp-dfg-custom-field dp-dfg-cf-autors2\"><span class=\"dp-dfg-custom-field-value\">Alve Valdemi del Mare<\/span><\/p><\/div><\/article><!-- DPDFG End Post Item Container --><article id=\"post-8225\" class=\"dp-dfg-item post-8225 obres_autors type-obres_autors status-publish has-post-thumbnail hentry autors-robert-chaveau-vasconcel disciplina-escultura \"     data-position=\"29\"   data-new-tab=\"off\"   data-action-priority=\"item\"><figure class=\"dp-dfg-image entry-thumb\"><a href=\"https:\/\/www.museuemporda.org\/?obres_autors=orant\" class=\"dp-dfg-image-link\" ><img loading=\"lazy\" decoding=\"async\" class=\"dp-dfg-featured-image\" src=\"https:\/\/www.museuemporda.org\/wp-content\/uploads\/2021\/08\/mE-1516-250x250.jpg\" alt=\"Orant\" width=\"250\" height=\"250\" data-ratio=\"1\"\/><\/a><\/figure><div class=\"dp-dfg-header entry-header\"><h2 class=\"entry-title\">Orant<\/h2><\/div><div class=\"dp-dfg-custom-content\"><p class=\"dp-dfg-custom-field dp-dfg-cf-autors2\"><span class=\"dp-dfg-custom-field-value\">Robert Chaveau Vasconcel<\/span><\/p><\/div><\/article><!-- DPDFG End Post Item Container --><article id=\"post-10599\" class=\"dp-dfg-item post-10599 obres_autors type-obres_autors status-publish has-post-thumbnail hentry tipus_tecniques-obra-grafica tecnica_especifica-aiguafort autors-daniel-lleixa-borras disciplina-obra-grafic \"     data-position=\"30\"   data-new-tab=\"off\"   data-action-priority=\"item\"><figure class=\"dp-dfg-image entry-thumb\"><a href=\"https:\/\/www.museuemporda.org\/?obres_autors=cordat\" class=\"dp-dfg-image-link\" ><img loading=\"lazy\" decoding=\"async\" class=\"dp-dfg-featured-image\" src=\"https:\/\/www.museuemporda.org\/wp-content\/uploads\/2022\/02\/mE-2492-250x250.jpg\" alt=\"Cordat\" width=\"250\" height=\"250\" data-ratio=\"1\"\/><\/a><\/figure><div class=\"dp-dfg-header entry-header\"><h2 class=\"entry-title\">Cordat<\/h2><\/div><div class=\"dp-dfg-custom-content\"><p class=\"dp-dfg-custom-field dp-dfg-cf-autors2\"><span class=\"dp-dfg-custom-field-value\">Daniel Lleix\u00e0 Borr\u00e0s<\/span><\/p><\/div><\/article><!-- DPDFG End Post Item Container --><article id=\"post-5844\" class=\"dp-dfg-item post-5844 obres_autors type-obres_autors status-publish has-post-thumbnail hentry tecnica_especifica-gouache-guaix-sobre-paper autors-olga-nicolajevna-sacharoff disciplina-pintura \"     data-position=\"31\"   data-new-tab=\"off\"   data-action-priority=\"item\"><figure class=\"dp-dfg-image entry-thumb\"><a href=\"https:\/\/www.museuemporda.org\/?obres_autors=fruitera\" class=\"dp-dfg-image-link\" ><img loading=\"lazy\" decoding=\"async\" class=\"dp-dfg-featured-image\" src=\"https:\/\/www.museuemporda.org\/wp-content\/uploads\/2020\/04\/mE-709-250x250.jpg\" alt=\"Fruitera\" width=\"250\" height=\"250\" data-ratio=\"1\"\/><\/a><\/figure><div class=\"dp-dfg-header entry-header\"><h2 class=\"entry-title\">Fruitera<\/h2><\/div><div class=\"dp-dfg-custom-content\"><p class=\"dp-dfg-custom-field dp-dfg-cf-autors2\"><span class=\"dp-dfg-custom-field-value\">Olga Sacharoff<\/span><\/p><\/div><\/article><!-- DPDFG End Post Item Container --><article id=\"post-14162\" class=\"dp-dfg-item post-14162 obres_autors type-obres_autors status-publish has-post-thumbnail hentry tipus_tecniques-obra-grafica tecnica_especifica-impressio-digital autors-leonard-beard disciplina-obra-grafic \"     data-position=\"32\"   data-new-tab=\"off\"   data-action-priority=\"item\"><figure class=\"dp-dfg-image entry-thumb\"><a href=\"https:\/\/www.museuemporda.org\/?obres_autors=sense-titol-408\" class=\"dp-dfg-image-link\" ><img loading=\"lazy\" decoding=\"async\" class=\"dp-dfg-featured-image\" src=\"https:\/\/www.museuemporda.org\/wp-content\/uploads\/2023\/07\/ME2773-LEO-250x250.jpg\" alt=\"Sense t\u00edtol\" width=\"250\" height=\"250\" data-ratio=\"1\"\/><\/a><\/figure><div class=\"dp-dfg-header entry-header\"><h2 class=\"entry-title\">Sense t\u00edtol<\/h2><\/div><div class=\"dp-dfg-custom-content\"><p class=\"dp-dfg-custom-field dp-dfg-cf-autors2\"><span class=\"dp-dfg-custom-field-value\">Leonard Beard<\/span><\/p><\/div><\/article><!-- DPDFG End Post Item Container --><article id=\"post-9823\" class=\"dp-dfg-item post-9823 obres_autors type-obres_autors status-publish has-post-thumbnail hentry tipus_tecniques-fotografia tecnica_especifica-fotografia autors-jordi-puig disciplina-fotografia \"     data-position=\"33\"   data-new-tab=\"off\"   data-action-priority=\"item\"><figure class=\"dp-dfg-image entry-thumb\"><a href=\"https:\/\/www.museuemporda.org\/?obres_autors=silencis-3\" class=\"dp-dfg-image-link\" ><img loading=\"lazy\" decoding=\"async\" class=\"dp-dfg-featured-image\" src=\"https:\/\/www.museuemporda.org\/wp-content\/uploads\/2022\/01\/2.jpg_1-250x250.jpg\" alt=\"Silencis &#8211; Maria Gonz\u00e1lez Vel\u00e1zquez\" width=\"250\" height=\"250\" data-ratio=\"1\"\/><\/a><\/figure><div class=\"dp-dfg-header entry-header\"><h2 class=\"entry-title\">Silencis &#8211; Maria Gonz\u00e1lez Vel\u00e1zquez<\/h2><\/div><div class=\"dp-dfg-custom-content\"><p class=\"dp-dfg-custom-field dp-dfg-cf-autors2\"><span class=\"dp-dfg-custom-field-value\">Jordi Puig<\/span><\/p><\/div><\/article><!-- DPDFG End Post Item Container --><article id=\"post-10906\" class=\"dp-dfg-item post-10906 obres_autors type-obres_autors status-publish has-post-thumbnail hentry tipus_tecniques-obra-grafica tecnica_especifica-impressio autors-francesc-abad-gomez disciplina-obra-grafic \"     data-position=\"34\"   data-new-tab=\"off\"   data-action-priority=\"item\"><figure class=\"dp-dfg-image entry-thumb\"><a href=\"https:\/\/www.museuemporda.org\/?obres_autors=angelus-novus\" class=\"dp-dfg-image-link\" ><img loading=\"lazy\" decoding=\"async\" class=\"dp-dfg-featured-image\" src=\"https:\/\/www.museuemporda.org\/wp-content\/uploads\/2022\/02\/mE-1896-250x250.jpg\" alt=\"Angelus Novus\" width=\"250\" height=\"250\" data-ratio=\"1\"\/><\/a><\/figure><div class=\"dp-dfg-header entry-header\"><h2 class=\"entry-title\">Angelus Novus<\/h2><\/div><div class=\"dp-dfg-custom-content\"><p class=\"dp-dfg-custom-field dp-dfg-cf-autors2\"><span class=\"dp-dfg-custom-field-value\">Francesc Abad G\u00f3mez<\/span><\/p><\/div><\/article><!-- DPDFG End Post Item Container --><article id=\"post-9043\" class=\"dp-dfg-item post-9043 obres_autors type-obres_autors status-publish has-post-thumbnail hentry tipus_tecniques-bronze autors-frederic-mares-deulovol disciplina-escultura \"     data-position=\"35\"   data-new-tab=\"off\"   data-action-priority=\"item\"><figure class=\"dp-dfg-image entry-thumb\"><a href=\"https:\/\/www.museuemporda.org\/?obres_autors=serenitat\" class=\"dp-dfg-image-link\" ><img loading=\"lazy\" decoding=\"async\" class=\"dp-dfg-featured-image\" src=\"https:\/\/www.museuemporda.org\/wp-content\/uploads\/2021\/11\/mE-1039-250x250.jpg\" alt=\"Serenitat\" width=\"250\" height=\"250\" data-ratio=\"1\"\/><\/a><\/figure><div class=\"dp-dfg-header entry-header\"><h2 class=\"entry-title\">Serenitat<\/h2><\/div><div class=\"dp-dfg-custom-content\"><p class=\"dp-dfg-custom-field dp-dfg-cf-autors2\"><span class=\"dp-dfg-custom-field-value\">Frederic Mar\u00e8s Deulovol<\/span><\/p><\/div><\/article><!-- DPDFG End Post Item Container --><article id=\"post-10236\" class=\"dp-dfg-item post-10236 obres_autors type-obres_autors status-publish has-post-thumbnail hentry tipus_tecniques-dibuix tecnica_especifica-tinta-sobre-paper autors-jaume-turro-brunet disciplina-dibuix \"     data-position=\"36\"   data-new-tab=\"off\"   data-action-priority=\"item\"><figure class=\"dp-dfg-image entry-thumb\"><a href=\"https:\/\/www.museuemporda.org\/?obres_autors=cartell\" class=\"dp-dfg-image-link\" ><img loading=\"lazy\" decoding=\"async\" class=\"dp-dfg-featured-image\" src=\"https:\/\/www.museuemporda.org\/wp-content\/uploads\/2022\/01\/mE-1337-250x250.jpg\" alt=\"Cartell\" width=\"250\" height=\"250\" data-ratio=\"1\"\/><\/a><\/figure><div class=\"dp-dfg-header entry-header\"><h2 class=\"entry-title\">Cartell<\/h2><\/div><div class=\"dp-dfg-custom-content\"><p class=\"dp-dfg-custom-field dp-dfg-cf-autors2\"><span class=\"dp-dfg-custom-field-value\">Jaume Turr\u00f3 Brunet<\/span><\/p><\/div><\/article><!-- DPDFG End Post Item Container --><article id=\"post-10826\" class=\"dp-dfg-item post-10826 obres_autors type-obres_autors status-publish has-post-thumbnail hentry tipus_tecniques-dibuix tecnica_especifica-llapis-carbo-sobre-paper autors-josep-lluis-pellicer-fenye disciplina-dibuix \"     data-position=\"37\"   data-new-tab=\"off\"   data-action-priority=\"item\"><figure class=\"dp-dfg-image entry-thumb\"><a href=\"https:\/\/www.museuemporda.org\/?obres_autors=quarantena-en-el-llatzeret-del-perthus-3\" class=\"dp-dfg-image-link\" ><img loading=\"lazy\" decoding=\"async\" class=\"dp-dfg-featured-image\" src=\"https:\/\/www.museuemporda.org\/wp-content\/uploads\/2022\/02\/mE-1538-250x250.jpg\" alt=\"Quarantena en el llatzeret del Perthus\" width=\"250\" height=\"250\" data-ratio=\"1\"\/><\/a><\/figure><div class=\"dp-dfg-header entry-header\"><h2 class=\"entry-title\">Quarantena en el llatzeret del Perthus<\/h2><\/div><div class=\"dp-dfg-custom-content\"><p class=\"dp-dfg-custom-field dp-dfg-cf-autors2\"><span class=\"dp-dfg-custom-field-value\">Josep Llu\u00eds Pellicer Feny\u00e9<\/span><\/p><\/div><\/article><!-- DPDFG End Post Item Container --><article id=\"post-13761\" class=\"dp-dfg-item post-13761 obres_autors type-obres_autors status-publish has-post-thumbnail hentry tipus_tecniques-dibuix tecnica_especifica-impressio-digital autors-juliette-murphy disciplina-obra-grafic \"     data-position=\"38\"   data-new-tab=\"off\"   data-action-priority=\"item\"><figure class=\"dp-dfg-image entry-thumb\"><a href=\"https:\/\/www.museuemporda.org\/?obres_autors=sense-titol-225\" class=\"dp-dfg-image-link\" ><img loading=\"lazy\" decoding=\"async\" class=\"dp-dfg-featured-image\" src=\"https:\/\/www.museuemporda.org\/wp-content\/uploads\/2023\/06\/ME2587-MURPHY09-250x250.jpg\" alt=\"Sense t\u00edtol\" width=\"250\" height=\"250\" data-ratio=\"1\"\/><\/a><\/figure><div class=\"dp-dfg-header entry-header\"><h2 class=\"entry-title\">Sense t\u00edtol<\/h2><\/div><div class=\"dp-dfg-custom-content\"><p class=\"dp-dfg-custom-field dp-dfg-cf-autors2\"><span class=\"dp-dfg-custom-field-value\">Juliette Murphy<\/span><\/p><\/div><\/article><!-- DPDFG End Post Item Container --><article id=\"post-5930\" class=\"dp-dfg-item post-5930 obres_autors type-obres_autors status-publish has-post-thumbnail hentry tecnica_especifica-lacat autors-francesc-torres-monso disciplina-escultura \"     data-position=\"39\"   data-new-tab=\"off\"   data-action-priority=\"item\"><figure class=\"dp-dfg-image entry-thumb\"><a href=\"https:\/\/www.museuemporda.org\/?obres_autors=grans-llavis\" class=\"dp-dfg-image-link\" ><img loading=\"lazy\" decoding=\"async\" class=\"dp-dfg-featured-image\" src=\"https:\/\/www.museuemporda.org\/wp-content\/uploads\/2020\/04\/mE-1560-250x250.jpg\" alt=\"Grans llavis\" width=\"250\" height=\"250\" data-ratio=\"1\"\/><\/a><\/figure><div class=\"dp-dfg-header entry-header\"><h2 class=\"entry-title\">Grans llavis<\/h2><\/div><div class=\"dp-dfg-custom-content\"><p class=\"dp-dfg-custom-field dp-dfg-cf-autors2\"><span class=\"dp-dfg-custom-field-value\">Francesc Torres Mons\u00f3<\/span><\/p><\/div><\/article><!-- DPDFG End Post Item Container --><article id=\"post-8213\" class=\"dp-dfg-item post-8213 obres_autors type-obres_autors status-publish has-post-thumbnail hentry tecnica_especifica-llapis-carbo-sobre-paper autors-francesc-serra-castellet disciplina-dibuix \"     data-position=\"40\"   data-new-tab=\"off\"   data-action-priority=\"item\"><figure class=\"dp-dfg-image entry-thumb\"><a href=\"https:\/\/www.museuemporda.org\/?obres_autors=noia-i-gos\" class=\"dp-dfg-image-link\" ><img loading=\"lazy\" decoding=\"async\" class=\"dp-dfg-featured-image\" src=\"https:\/\/www.museuemporda.org\/wp-content\/uploads\/2021\/08\/mE-1399-250x250.jpg\" alt=\"Noia i gos\" width=\"250\" height=\"250\" data-ratio=\"1\"\/><\/a><\/figure><div class=\"dp-dfg-header entry-header\"><h2 class=\"entry-title\">Noia i gos<\/h2><\/div><div class=\"dp-dfg-custom-content\"><p class=\"dp-dfg-custom-field dp-dfg-cf-autors2\"><span class=\"dp-dfg-custom-field-value\">Francesc Serra Castellet<\/span><\/p><\/div><\/article><!-- DPDFG End Post Item Container --><article id=\"post-5870\" class=\"dp-dfg-item post-5870 obres_autors type-obres_autors status-publish has-post-thumbnail hentry tecnica_especifica-oli-sobre-tela autors-felix-mestres-borrell disciplina-pintura \"     data-position=\"41\"   data-new-tab=\"off\"   data-action-priority=\"item\"><figure class=\"dp-dfg-image entry-thumb\"><a href=\"https:\/\/www.museuemporda.org\/?obres_autors=retrat-del-senyor-antoni-mestres\" class=\"dp-dfg-image-link\" ><img loading=\"lazy\" decoding=\"async\" class=\"dp-dfg-featured-image\" src=\"https:\/\/www.museuemporda.org\/wp-content\/uploads\/2020\/10\/mE-1687-250x250.jpg\" alt=\"Retrat d&#8217;Antoni Mestres Borrell\" width=\"250\" height=\"250\" data-ratio=\"1\"\/><\/a><\/figure><div class=\"dp-dfg-header entry-header\"><h2 class=\"entry-title\">Retrat d&#8217;Antoni Mestres Borrell<\/h2><\/div><div class=\"dp-dfg-custom-content\"><p class=\"dp-dfg-custom-field dp-dfg-cf-autors2\"><span class=\"dp-dfg-custom-field-value\">F\u00e8lix Mestres Borrell<\/span><\/p><\/div><\/article><!-- DPDFG End Post Item Container --><article id=\"post-13932\" class=\"dp-dfg-item post-13932 obres_autors type-obres_autors status-publish has-post-thumbnail hentry tipus_tecniques-dibuix tecnica_especifica-impressio-digital autors-pep-claparols-i-moret disciplina-dibuix \"     data-position=\"42\"   data-new-tab=\"off\"   data-action-priority=\"item\"><figure class=\"dp-dfg-image entry-thumb\"><a href=\"https:\/\/www.museuemporda.org\/?obres_autors=sense-titol-305\" class=\"dp-dfg-image-link\" ><img loading=\"lazy\" decoding=\"async\" class=\"dp-dfg-featured-image\" src=\"https:\/\/www.museuemporda.org\/wp-content\/uploads\/2023\/06\/ME2667-PEP99-250x250.jpg\" alt=\"Sense t\u00edtol\" width=\"250\" height=\"250\" data-ratio=\"1\"\/><\/a><\/figure><div class=\"dp-dfg-header entry-header\"><h2 class=\"entry-title\">Sense t\u00edtol<\/h2><\/div><div class=\"dp-dfg-custom-content\"><p class=\"dp-dfg-custom-field dp-dfg-cf-autors2\"><span class=\"dp-dfg-custom-field-value\">Pep Claparlos i Moret<\/span><\/p><\/div><\/article><!-- DPDFG End Post Item Container --><article id=\"post-9273\" class=\"dp-dfg-item post-9273 obres_autors type-obres_autors status-publish has-post-thumbnail hentry tecnica_especifica-oli-sobre-tela autors-ramon-bretx-comas disciplina-pintura \"     data-position=\"43\"   data-new-tab=\"off\"   data-action-priority=\"item\"><figure class=\"dp-dfg-image entry-thumb\"><a href=\"https:\/\/www.museuemporda.org\/?obres_autors=paisatge-23\" class=\"dp-dfg-image-link\" ><img loading=\"lazy\" decoding=\"async\" class=\"dp-dfg-featured-image\" src=\"https:\/\/www.museuemporda.org\/wp-content\/uploads\/2021\/11\/mE-2344-250x250.jpg\" alt=\"Paisatge\" width=\"250\" height=\"250\" data-ratio=\"1\"\/><\/a><\/figure><div class=\"dp-dfg-header entry-header\"><h2 class=\"entry-title\">Paisatge<\/h2><\/div><div class=\"dp-dfg-custom-content\"><p class=\"dp-dfg-custom-field dp-dfg-cf-autors2\"><span class=\"dp-dfg-custom-field-value\">Ramon Bretx Comas<\/span><\/p><\/div><\/article><!-- DPDFG End Post Item Container --><article id=\"post-13902\" class=\"dp-dfg-item post-13902 obres_autors type-obres_autors status-publish has-post-thumbnail hentry tipus_tecniques-dibuix tecnica_especifica-impressio-digital autors-pep-claparols-i-moret disciplina-dibuix \"     data-position=\"44\"   data-new-tab=\"off\"   data-action-priority=\"item\"><figure class=\"dp-dfg-image entry-thumb\"><a href=\"https:\/\/www.museuemporda.org\/?obres_autors=sense-titol-290\" class=\"dp-dfg-image-link\" ><img loading=\"lazy\" decoding=\"async\" class=\"dp-dfg-featured-image\" src=\"https:\/\/www.museuemporda.org\/wp-content\/uploads\/2023\/06\/ME2652-PEP98-250x250.jpg\" alt=\"Sense t\u00edtol\" width=\"250\" height=\"250\" data-ratio=\"1\"\/><\/a><\/figure><div class=\"dp-dfg-header entry-header\"><h2 class=\"entry-title\">Sense t\u00edtol<\/h2><\/div><div class=\"dp-dfg-custom-content\"><p class=\"dp-dfg-custom-field dp-dfg-cf-autors2\"><span class=\"dp-dfg-custom-field-value\">Pep Claparols i Moret<\/span><\/p><\/div><\/article><!-- DPDFG End Post Item Container --><article id=\"post-10737\" class=\"dp-dfg-item post-10737 obres_autors type-obres_autors status-publish has-post-thumbnail hentry tipus_tecniques-dibuix tecnica_especifica-tecnica-mixta-sobre-paper autors-francesc-domingo-segura disciplina-dibuix \"     data-position=\"45\"   data-new-tab=\"off\"   data-action-priority=\"item\"><figure class=\"dp-dfg-image entry-thumb\"><a href=\"https:\/\/www.museuemporda.org\/?obres_autors=nena-3\" class=\"dp-dfg-image-link\" ><img loading=\"lazy\" decoding=\"async\" class=\"dp-dfg-featured-image\" src=\"https:\/\/www.museuemporda.org\/wp-content\/uploads\/2022\/02\/mE-1517-250x250.jpg\" alt=\"Nena\" width=\"250\" height=\"250\" data-ratio=\"1\"\/><\/a><\/figure><div class=\"dp-dfg-header entry-header\"><h2 class=\"entry-title\">Nena<\/h2><\/div><div class=\"dp-dfg-custom-content\"><p class=\"dp-dfg-custom-field dp-dfg-cf-autors2\"><span class=\"dp-dfg-custom-field-value\">Francesc Domingo Segura<\/span><\/p><\/div><\/article><!-- DPDFG End Post Item Container --><article id=\"post-10454\" class=\"dp-dfg-item post-10454 obres_autors type-obres_autors status-publish has-post-thumbnail hentry tipus_tecniques-obra-grafica tecnica_especifica-aiguafort autors-miquel-duran-carrera disciplina-obra-grafic \"     data-position=\"46\"   data-new-tab=\"off\"   data-action-priority=\"item\"><figure class=\"dp-dfg-image entry-thumb\"><a href=\"https:\/\/www.museuemporda.org\/?obres_autors=abril-270o\" class=\"dp-dfg-image-link\" ><img loading=\"lazy\" decoding=\"async\" class=\"dp-dfg-featured-image\" src=\"https:\/\/www.museuemporda.org\/wp-content\/uploads\/2022\/01\/mE-1492-250x250.jpg\" alt=\"Abril, 270\u00ba\" width=\"250\" height=\"250\" data-ratio=\"1\"\/><\/a><\/figure><div class=\"dp-dfg-header entry-header\"><h2 class=\"entry-title\">Abril, 270\u00ba<\/h2><\/div><div class=\"dp-dfg-custom-content\"><p class=\"dp-dfg-custom-field dp-dfg-cf-autors2\"><span class=\"dp-dfg-custom-field-value\">Miquel Duran Carrera<\/span><\/p><\/div><\/article><!-- DPDFG End Post Item Container --><article id=\"post-5856\" class=\"dp-dfg-item post-5856 obres_autors type-obres_autors status-publish has-post-thumbnail hentry tecnica_especifica-oli-sobre-tela autors-lluis-masriera-roses disciplina-pintura \"     data-position=\"47\"   data-new-tab=\"off\"   data-action-priority=\"item\"><figure class=\"dp-dfg-image entry-thumb\"><a href=\"https:\/\/www.museuemporda.org\/?obres_autors=bodego-de-lou\" class=\"dp-dfg-image-link\" ><img loading=\"lazy\" decoding=\"async\" class=\"dp-dfg-featured-image\" src=\"https:\/\/www.museuemporda.org\/wp-content\/uploads\/2020\/04\/mE-1206_2019-250x250.jpg\" alt=\"Bodeg\u00f3 de l&#8217;ou\" width=\"250\" height=\"250\" data-ratio=\"1\"\/><\/a><\/figure><div class=\"dp-dfg-header entry-header\"><h2 class=\"entry-title\">Bodeg\u00f3 de l&#8217;ou<\/h2><\/div><div class=\"dp-dfg-custom-content\"><p class=\"dp-dfg-custom-field dp-dfg-cf-autors2\"><span class=\"dp-dfg-custom-field-value\">Llu\u00eds Masriera Ros\u00e9s<\/span><\/p><\/div><\/article><!-- DPDFG End Post Item Container --><article id=\"post-10272\" class=\"dp-dfg-item post-10272 obres_autors type-obres_autors status-publish has-post-thumbnail hentry tipus_tecniques-pintura tecnica_especifica-carbonet-i-aquarella-sobre-paper autors-pere-bech-sudria disciplina-pintura \"     data-position=\"48\"   data-new-tab=\"off\"   data-action-priority=\"item\"><figure class=\"dp-dfg-image entry-thumb\"><a href=\"https:\/\/www.museuemporda.org\/?obres_autors=paisatge-i-figura\" class=\"dp-dfg-image-link\" ><img loading=\"lazy\" decoding=\"async\" class=\"dp-dfg-featured-image\" src=\"https:\/\/www.museuemporda.org\/wp-content\/uploads\/2022\/01\/mE-2205-250x250.jpg\" alt=\"Paisatge i figura\" width=\"250\" height=\"250\" data-ratio=\"1\"\/><\/a><\/figure><div class=\"dp-dfg-header entry-header\"><h2 class=\"entry-title\">Paisatge i figura<\/h2><\/div><div class=\"dp-dfg-custom-content\"><p class=\"dp-dfg-custom-field dp-dfg-cf-autors2\"><span class=\"dp-dfg-custom-field-value\">Pere Bech Sudri\u00e0<\/span><\/p><\/div><\/article><!-- DPDFG End Post Item Container --><article id=\"post-10171\" class=\"dp-dfg-item post-10171 obres_autors type-obres_autors status-publish has-post-thumbnail hentry tecnica_especifica-oli-sobre-tela autors-joseph-lewis-pellicer disciplina-pintura \"     data-position=\"49\"   data-new-tab=\"off\"   data-action-priority=\"item\"><figure class=\"dp-dfg-image entry-thumb\"><a href=\"https:\/\/www.museuemporda.org\/?obres_autors=composicio-abstracta-3\" class=\"dp-dfg-image-link\" ><img loading=\"lazy\" decoding=\"async\" class=\"dp-dfg-featured-image\" src=\"https:\/\/www.museuemporda.org\/wp-content\/uploads\/2022\/01\/mE-1239-250x250.jpg\" alt=\"Composici\u00f3 abstracta\" width=\"250\" height=\"250\" data-ratio=\"1\"\/><\/a><\/figure><div class=\"dp-dfg-header entry-header\"><h2 class=\"entry-title\">Composici\u00f3 abstracta<\/h2><\/div><div class=\"dp-dfg-custom-content\"><p class=\"dp-dfg-custom-field dp-dfg-cf-autors2\"><span class=\"dp-dfg-custom-field-value\">Joseph Lewis Pellicer<\/span><\/p><\/div><\/article><!-- DPDFG End Post Item Container --><article id=\"post-10697\" class=\"dp-dfg-item post-10697 obres_autors type-obres_autors status-publish has-post-thumbnail hentry tipus_tecniques-obra-grafica tecnica_especifica-xilografia autors-pompeu-audivert-mir disciplina-obra-grafic \"     data-position=\"50\"   data-new-tab=\"off\"   data-action-priority=\"item\"><figure class=\"dp-dfg-image entry-thumb\"><a href=\"https:\/\/www.museuemporda.org\/?obres_autors=repos-3\" class=\"dp-dfg-image-link\" ><img loading=\"lazy\" decoding=\"async\" class=\"dp-dfg-featured-image\" src=\"https:\/\/www.museuemporda.org\/wp-content\/uploads\/2022\/02\/mE-1288-250x250.jpg\" alt=\"Rep\u00f2s\" width=\"250\" height=\"250\" data-ratio=\"1\"\/><\/a><\/figure><div class=\"dp-dfg-header entry-header\"><h2 class=\"entry-title\">Rep\u00f2s<\/h2><\/div><div class=\"dp-dfg-custom-content\"><p class=\"dp-dfg-custom-field dp-dfg-cf-autors2\"><span class=\"dp-dfg-custom-field-value\">Pompeu Audivert Mir<\/span><\/p><\/div><\/article><!-- DPDFG End Post Item Container --><article id=\"post-10743\" class=\"dp-dfg-item post-10743 obres_autors type-obres_autors status-publish has-post-thumbnail hentry tipus_tecniques-dibuix tecnica_especifica-tecnica-mixta-sobre-paper autors-francesc-domingo-segura disciplina-dibuix \"     data-position=\"51\"   data-new-tab=\"off\"   data-action-priority=\"item\"><figure class=\"dp-dfg-image entry-thumb\"><a href=\"https:\/\/www.museuemporda.org\/?obres_autors=figura-8\" class=\"dp-dfg-image-link\" ><img loading=\"lazy\" decoding=\"async\" class=\"dp-dfg-featured-image\" src=\"https:\/\/www.museuemporda.org\/wp-content\/uploads\/2022\/02\/mE-1212-250x250.jpg\" alt=\"Figura\" width=\"250\" height=\"250\" data-ratio=\"1\"\/><\/a><\/figure><div class=\"dp-dfg-header entry-header\"><h2 class=\"entry-title\">Figura<\/h2><\/div><div class=\"dp-dfg-custom-content\"><p class=\"dp-dfg-custom-field dp-dfg-cf-autors2\"><span class=\"dp-dfg-custom-field-value\">Francesc Domingo Segura <\/span><\/p><\/div><\/article><!-- DPDFG End Post Item Container --><article id=\"post-14243\" class=\"dp-dfg-item post-14243 obres_autors type-obres_autors status-publish has-post-thumbnail hentry tipus_tecniques-dibuix tecnica_especifica-impressio-digital autors-joan-antoja-mas disciplina-dibuix \"     data-position=\"52\"   data-new-tab=\"off\"   data-action-priority=\"item\"><figure class=\"dp-dfg-image entry-thumb\"><a href=\"https:\/\/www.museuemporda.org\/?obres_autors=sense-titol-446\" class=\"dp-dfg-image-link\" ><img loading=\"lazy\" decoding=\"async\" class=\"dp-dfg-featured-image\" src=\"https:\/\/www.museuemporda.org\/wp-content\/uploads\/2023\/07\/ME2831-ANTOJA-250x250.jpg\" alt=\"Sense t\u00edtol\" width=\"250\" height=\"250\" data-ratio=\"1\"\/><\/a><\/figure><div class=\"dp-dfg-header entry-header\"><h2 class=\"entry-title\">Sense t\u00edtol<\/h2><\/div><div class=\"dp-dfg-custom-content\"><p class=\"dp-dfg-custom-field dp-dfg-cf-autors2\"><span class=\"dp-dfg-custom-field-value\">Joan Antoja Mas<\/span><\/p><\/div><\/article><!-- DPDFG End Post Item Container --><article id=\"post-10715\" class=\"dp-dfg-item post-10715 obres_autors type-obres_autors status-publish has-post-thumbnail hentry tipus_tecniques-pintura tecnica_especifica-oli-sobre-tela autors-marti-vives disciplina-pintura \"     data-position=\"53\"   data-new-tab=\"off\"   data-action-priority=\"item\"><figure class=\"dp-dfg-image entry-thumb\"><a href=\"https:\/\/www.museuemporda.org\/?obres_autors=la-bergere-davinyon\" class=\"dp-dfg-image-link\" ><img loading=\"lazy\" decoding=\"async\" class=\"dp-dfg-featured-image\" src=\"https:\/\/www.museuemporda.org\/wp-content\/uploads\/2022\/02\/mE-1425-250x250.jpg\" alt=\"La Berg\u00e8re d&#8217;Avinyon\" width=\"250\" height=\"250\" data-ratio=\"1\"\/><\/a><\/figure><div class=\"dp-dfg-header entry-header\"><h2 class=\"entry-title\">La Berg\u00e8re d&#8217;Avinyon<\/h2><\/div><div class=\"dp-dfg-custom-content\"><p class=\"dp-dfg-custom-field dp-dfg-cf-autors2\"><span class=\"dp-dfg-custom-field-value\">Mart\u00ed Viv\u00e8s<\/span><\/p><\/div><\/article><!-- DPDFG End Post Item Container --><article id=\"post-8268\" class=\"dp-dfg-item post-8268 obres_autors type-obres_autors status-publish has-post-thumbnail hentry autors-frederic-mares-deulovol disciplina-escultura \"     data-position=\"54\"   data-new-tab=\"off\"   data-action-priority=\"item\"><figure class=\"dp-dfg-image entry-thumb\"><a href=\"https:\/\/www.museuemporda.org\/?obres_autors=crepuscle\" class=\"dp-dfg-image-link\" ><img loading=\"lazy\" decoding=\"async\" class=\"dp-dfg-featured-image\" src=\"https:\/\/www.museuemporda.org\/wp-content\/uploads\/2021\/08\/mE-1037-250x250.jpg\" alt=\"Crepuscle\" width=\"250\" height=\"250\" data-ratio=\"1\"\/><\/a><\/figure><div class=\"dp-dfg-header entry-header\"><h2 class=\"entry-title\">Crepuscle<\/h2><\/div><div class=\"dp-dfg-custom-content\"><p class=\"dp-dfg-custom-field dp-dfg-cf-autors2\"><span class=\"dp-dfg-custom-field-value\">Frederic Mar\u00e8s Deulovol<\/span><\/p><\/div><\/article><!-- DPDFG End Post Item Container --><article id=\"post-10842\" class=\"dp-dfg-item post-10842 obres_autors type-obres_autors status-publish has-post-thumbnail hentry tipus_tecniques-dibuix tecnica_especifica-llapis-carbo-sobre-paper autors-josep-lluis-pellicer-fenye disciplina-dibuix \"     data-position=\"55\"   data-new-tab=\"off\"   data-action-priority=\"item\"><figure class=\"dp-dfg-image entry-thumb\"><a href=\"https:\/\/www.museuemporda.org\/?obres_autors=quarantena-en-el-llatzeret-del-perthus-la-nostra-cambra\" class=\"dp-dfg-image-link\" ><img loading=\"lazy\" decoding=\"async\" class=\"dp-dfg-featured-image\" src=\"https:\/\/www.museuemporda.org\/wp-content\/uploads\/2022\/02\/mE-1546-250x250.jpg\" alt=\"Quarantena en el llatzeret del Perthus; la nostra cambra\" width=\"250\" height=\"250\" data-ratio=\"1\"\/><\/a><\/figure><div class=\"dp-dfg-header entry-header\"><h2 class=\"entry-title\">Quarantena en el llatzeret del Perthus; la nostra cambra<\/h2><\/div><div class=\"dp-dfg-custom-content\"><p class=\"dp-dfg-custom-field dp-dfg-cf-autors2\"><span class=\"dp-dfg-custom-field-value\">Josep Llu\u00eds Pellicer Feny\u00e9<\/span><\/p><\/div><\/article><!-- DPDFG End Post Item Container --><article id=\"post-7962\" class=\"dp-dfg-item post-7962 obres_autors type-obres_autors status-publish has-post-thumbnail hentry autors-josep-bonaterra-gras disciplina-pintura \"     data-position=\"56\"   data-new-tab=\"off\"   data-action-priority=\"item\"><figure class=\"dp-dfg-image entry-thumb\"><a href=\"https:\/\/www.museuemporda.org\/?obres_autors=paisatge-2\" class=\"dp-dfg-image-link\" ><img loading=\"lazy\" decoding=\"async\" class=\"dp-dfg-featured-image\" src=\"https:\/\/www.museuemporda.org\/wp-content\/uploads\/2021\/08\/mE-749-250x250.jpg\" alt=\"Paisatge\" width=\"250\" height=\"250\" data-ratio=\"1\"\/><\/a><\/figure><div class=\"dp-dfg-header entry-header\"><h2 class=\"entry-title\">Paisatge<\/h2><\/div><div class=\"dp-dfg-custom-content\"><p class=\"dp-dfg-custom-field dp-dfg-cf-autors2\"><span class=\"dp-dfg-custom-field-value\">Josep Bonaterra Gras<\/span><\/p><\/div><\/article><!-- DPDFG End Post Item Container --><article id=\"post-11121\" class=\"dp-dfg-item post-11121 obres_autors type-obres_autors status-publish has-post-thumbnail hentry tipus_tecniques-dibuix tecnica_especifica-dibuix-sobre-paper autors-pablo-bonet disciplina-dibuix \"     data-position=\"57\"   data-new-tab=\"off\"   data-action-priority=\"item\"><figure class=\"dp-dfg-image entry-thumb\"><a href=\"https:\/\/www.museuemporda.org\/?obres_autors=sense-titol-106\" class=\"dp-dfg-image-link\" ><img loading=\"lazy\" decoding=\"async\" class=\"dp-dfg-featured-image\" src=\"https:\/\/www.museuemporda.org\/wp-content\/uploads\/2022\/02\/mE-2085-250x250.jpg\" alt=\"Sense t\u00edtol\" width=\"250\" height=\"250\" data-ratio=\"1\"\/><\/a><\/figure><div class=\"dp-dfg-header entry-header\"><h2 class=\"entry-title\">Sense t\u00edtol<\/h2><\/div><div class=\"dp-dfg-custom-content\"><p class=\"dp-dfg-custom-field dp-dfg-cf-autors2\"><span class=\"dp-dfg-custom-field-value\">Pablo Bonet<\/span><\/p><\/div><\/article><!-- DPDFG End Post Item Container --><article id=\"post-11175\" class=\"dp-dfg-item post-11175 obres_autors type-obres_autors status-publish has-post-thumbnail hentry tipus_tecniques-obra-grafica tecnica_especifica-tecnica-mixta autors-enric-camps-llado disciplina-obra-grafic \"     data-position=\"58\"   data-new-tab=\"off\"   data-action-priority=\"item\"><figure class=\"dp-dfg-image entry-thumb\"><a href=\"https:\/\/www.museuemporda.org\/?obres_autors=relleu-de-montserrat-vayreda\" class=\"dp-dfg-image-link\" ><img loading=\"lazy\" decoding=\"async\" class=\"dp-dfg-featured-image\" src=\"https:\/\/www.museuemporda.org\/wp-content\/uploads\/2022\/02\/mE-1881-250x250.jpg\" alt=\"Relleu de Montserrat Vayreda\" width=\"250\" height=\"250\" data-ratio=\"1\"\/><\/a><\/figure><div class=\"dp-dfg-header entry-header\"><h2 class=\"entry-title\">Relleu de Montserrat Vayreda<\/h2><\/div><div class=\"dp-dfg-custom-content\"><p class=\"dp-dfg-custom-field dp-dfg-cf-autors2\"><span class=\"dp-dfg-custom-field-value\">Enric Camps Llad\u00f3<\/span><\/p><\/div><\/article><!-- DPDFG End Post Item Container --><article id=\"post-10392\" class=\"dp-dfg-item post-10392 obres_autors type-obres_autors status-publish has-post-thumbnail hentry tipus_tecniques-escultura tecnica_especifica-guix autors-artur-novoa-cabra disciplina-escultura \"     data-position=\"59\"   data-new-tab=\"off\"   data-action-priority=\"item\"><figure class=\"dp-dfg-image entry-thumb\"><a href=\"https:\/\/www.museuemporda.org\/?obres_autors=sense-titol-59\" class=\"dp-dfg-image-link\" ><img loading=\"lazy\" decoding=\"async\" class=\"dp-dfg-featured-image\" src=\"https:\/\/www.museuemporda.org\/wp-content\/uploads\/2022\/01\/mE-1913-250x250.jpg\" alt=\"Sense t\u00edtol\" width=\"250\" height=\"250\" data-ratio=\"1\"\/><\/a><\/figure><div class=\"dp-dfg-header entry-header\"><h2 class=\"entry-title\">Sense t\u00edtol<\/h2><\/div><div class=\"dp-dfg-custom-content\"><p class=\"dp-dfg-custom-field dp-dfg-cf-autors2\"><span class=\"dp-dfg-custom-field-value\">Artur Novoa Cabra<\/span><\/p><\/div><\/article><!-- DPDFG End Post Item Container --><article id=\"post-8749\" class=\"dp-dfg-item post-8749 obres_autors type-obres_autors status-publish has-post-thumbnail hentry tecnica_especifica-oli-sobre-tela autors-autoria-desconeguda disciplina-pintura \"     data-position=\"60\"   data-new-tab=\"off\"   data-action-priority=\"item\"><figure class=\"dp-dfg-image entry-thumb\"><a href=\"https:\/\/www.museuemporda.org\/?obres_autors=escena-de-costums-4\" class=\"dp-dfg-image-link\" ><img loading=\"lazy\" decoding=\"async\" class=\"dp-dfg-featured-image\" src=\"https:\/\/www.museuemporda.org\/wp-content\/uploads\/2021\/10\/mE-606-250x250.jpg\" alt=\"Escena de costums\" width=\"250\" height=\"250\" data-ratio=\"1\"\/><\/a><\/figure><div class=\"dp-dfg-header entry-header\"><h2 class=\"entry-title\">Escena de costums<\/h2><\/div><div class=\"dp-dfg-custom-content\"><p class=\"dp-dfg-custom-field dp-dfg-cf-autors2\"><span class=\"dp-dfg-custom-field-value\">Autoria desconeguda<\/span><\/p><\/div><\/article><!-- DPDFG End Post Item Container --><article id=\"post-11859\" class=\"dp-dfg-item post-11859 obres_autors type-obres_autors status-publish has-post-thumbnail hentry tipus_tecniques-dibuix tecnica_especifica-dibuix-sobre-paper autors-ramon-ponce disciplina-dibuix \"     data-position=\"61\"   data-new-tab=\"off\"   data-action-priority=\"item\"><figure class=\"dp-dfg-image entry-thumb\"><a href=\"https:\/\/www.museuemporda.org\/?obres_autors=sense-titol-156\" class=\"dp-dfg-image-link\" ><img loading=\"lazy\" decoding=\"async\" class=\"dp-dfg-featured-image\" src=\"https:\/\/www.museuemporda.org\/wp-content\/uploads\/2022\/02\/mE-2031-250x250.jpg\" alt=\"Sense t\u00edtol\" width=\"250\" height=\"250\" data-ratio=\"1\"\/><\/a><\/figure><div class=\"dp-dfg-header entry-header\"><h2 class=\"entry-title\">Sense t\u00edtol<\/h2><\/div><div class=\"dp-dfg-custom-content\"><p class=\"dp-dfg-custom-field dp-dfg-cf-autors2\"><span class=\"dp-dfg-custom-field-value\">Ramon Ponce<\/span><\/p><\/div><\/article><!-- DPDFG End Post Item Container --><article id=\"post-13728\" class=\"dp-dfg-item post-13728 obres_autors type-obres_autors status-publish has-post-thumbnail hentry tipus_tecniques-dibuix tecnica_especifica-tinta-sobre-paper autors-enric-pujol disciplina-dibuix \"     data-position=\"62\"   data-new-tab=\"off\"   data-action-priority=\"item\"><figure class=\"dp-dfg-image entry-thumb\"><a href=\"https:\/\/www.museuemporda.org\/?obres_autors=sense-titol-209\" class=\"dp-dfg-image-link\" ><img loading=\"lazy\" decoding=\"async\" class=\"dp-dfg-featured-image\" src=\"https:\/\/www.museuemporda.org\/wp-content\/uploads\/2023\/06\/ME2571-PUJOL05-250x250.jpg\" alt=\"Sense t\u00edtol\" width=\"250\" height=\"250\" data-ratio=\"1\"\/><\/a><\/figure><div class=\"dp-dfg-header entry-header\"><h2 class=\"entry-title\">Sense t\u00edtol<\/h2><\/div><div class=\"dp-dfg-custom-content\"><p class=\"dp-dfg-custom-field dp-dfg-cf-autors2\"><span class=\"dp-dfg-custom-field-value\">Enric Pujol<\/span><\/p><\/div><\/article><!-- DPDFG End Post Item Container --><article id=\"post-13840\" class=\"dp-dfg-item post-13840 obres_autors type-obres_autors status-publish has-post-thumbnail hentry tipus_tecniques-dibuix tecnica_especifica-impressio-digital autors-lluis-puigbert disciplina-obra-grafic \"     data-position=\"63\"   data-new-tab=\"off\"   data-action-priority=\"item\"><figure class=\"dp-dfg-image entry-thumb\"><a href=\"https:\/\/www.museuemporda.org\/?obres_autors=sense-titol-264\" class=\"dp-dfg-image-link\" ><img loading=\"lazy\" decoding=\"async\" class=\"dp-dfg-featured-image\" src=\"https:\/\/www.museuemporda.org\/wp-content\/uploads\/2023\/06\/ME2626-SID-PUIGBERT13-250x250.jpg\" alt=\"Sense t\u00edtol\" width=\"250\" height=\"250\" data-ratio=\"1\"\/><\/a><\/figure><div class=\"dp-dfg-header entry-header\"><h2 class=\"entry-title\">Sense t\u00edtol<\/h2><\/div><div class=\"dp-dfg-custom-content\"><p class=\"dp-dfg-custom-field dp-dfg-cf-autors2\"><span class=\"dp-dfg-custom-field-value\">Llu\u00eds Puigbert<\/span><\/p><\/div><\/article><!-- DPDFG End Post Item Container --><article id=\"post-9738\" class=\"dp-dfg-item post-9738 obres_autors type-obres_autors status-publish has-post-thumbnail hentry tipus_tecniques-fotografia tecnica_especifica-fotografia autors-joaquim-fort-de-ribot disciplina-fotografia \"     data-position=\"64\"   data-new-tab=\"off\"   data-action-priority=\"item\"><figure class=\"dp-dfg-image entry-thumb\"><a href=\"https:\/\/www.museuemporda.org\/?obres_autors=raimond-maria-dolors-bonal-i-joaquim-fort-tocant-a-linterior-del-monestir-de-sant-pere-de-roda\" class=\"dp-dfg-image-link\" ><img loading=\"lazy\" decoding=\"async\" class=\"dp-dfg-featured-image\" src=\"https:\/\/www.museuemporda.org\/wp-content\/uploads\/2022\/01\/mE-2461-250x250.jpg\" alt=\"Raimond, Maria Dolors Bonal i Joaquim Fort tocant a l&#8217;interior del monestir de Sant Pere de Roda\" width=\"250\" height=\"250\" data-ratio=\"1\"\/><\/a><\/figure><div class=\"dp-dfg-header entry-header\"><h2 class=\"entry-title\">Raimond, Maria Dolors Bonal i Joaquim Fort tocant a l&#8217;interior del monestir de Sant Pere de Roda<\/h2><\/div><div class=\"dp-dfg-custom-content\"><p class=\"dp-dfg-custom-field dp-dfg-cf-autors2\"><span class=\"dp-dfg-custom-field-value\">Joaquim Fort de Ribot<\/span><\/p><\/div><\/article><!-- DPDFG End Post Item Container --><article id=\"post-10556\" class=\"dp-dfg-item post-10556 obres_autors type-obres_autors status-publish has-post-thumbnail hentry tipus_tecniques-pintura tecnica_especifica-tecnica-mixta-sobre-paper autors-maria-baig-minobis disciplina-pintura \"     data-position=\"65\"   data-new-tab=\"off\"   data-action-priority=\"item\"><figure class=\"dp-dfg-image entry-thumb\"><a href=\"https:\/\/www.museuemporda.org\/?obres_autors=bruixot\" class=\"dp-dfg-image-link\" ><img loading=\"lazy\" decoding=\"async\" class=\"dp-dfg-featured-image\" src=\"https:\/\/www.museuemporda.org\/wp-content\/uploads\/2022\/02\/mE-1904-250x250.jpg\" alt=\"Bruixot\" width=\"250\" height=\"250\" data-ratio=\"1\"\/><\/a><\/figure><div class=\"dp-dfg-header entry-header\"><h2 class=\"entry-title\">Bruixot<\/h2><\/div><div class=\"dp-dfg-custom-content\"><p class=\"dp-dfg-custom-field dp-dfg-cf-autors2\"><span class=\"dp-dfg-custom-field-value\">Mari\u00e0 Baig Minobis<\/span><\/p><\/div><\/article><!-- DPDFG End Post Item Container --><article id=\"post-9881\" class=\"dp-dfg-item post-9881 obres_autors type-obres_autors status-publish has-post-thumbnail hentry tipus_tecniques-fotografia tecnica_especifica-fotografia autors-autoria-desconeguda disciplina-fotografia \"     data-position=\"66\"   data-new-tab=\"off\"   data-action-priority=\"item\"><figure class=\"dp-dfg-image entry-thumb\"><a href=\"https:\/\/www.museuemporda.org\/?obres_autors=parroquia-vella-de-llado\" class=\"dp-dfg-image-link\" ><img loading=\"lazy\" decoding=\"async\" class=\"dp-dfg-featured-image\" src=\"https:\/\/www.museuemporda.org\/wp-content\/uploads\/2022\/01\/ME-2104_Jordi-Puig-2022-250x250.jpg\" alt=\"Parr\u00f2quia vella de Llad\u00f3\" width=\"250\" height=\"250\" data-ratio=\"1\"\/><\/a><\/figure><div class=\"dp-dfg-header entry-header\"><h2 class=\"entry-title\">Parr\u00f2quia vella de Llad\u00f3<\/h2><\/div><div class=\"dp-dfg-custom-content\"><p class=\"dp-dfg-custom-field dp-dfg-cf-autors2\"><span class=\"dp-dfg-custom-field-value\">Autoria desconeguda<\/span><\/p><\/div><\/article><!-- DPDFG End Post Item Container --><article id=\"post-5747\" class=\"dp-dfg-item post-5747 obres_autors type-obres_autors status-publish has-post-thumbnail hentry tecnica_especifica-oli-sobre-tela autors-escola-veneciana disciplina-pintura \"     data-position=\"67\"   data-new-tab=\"off\"   data-action-priority=\"item\"><figure class=\"dp-dfg-image entry-thumb\"><a href=\"https:\/\/www.museuemporda.org\/?obres_autors=retrat-dun-cavaller-amb-un-gessami-a-la-ma\" class=\"dp-dfg-image-link\" ><img loading=\"lazy\" decoding=\"async\" class=\"dp-dfg-featured-image\" src=\"https:\/\/www.museuemporda.org\/wp-content\/uploads\/2020\/04\/Joven-desconocido-con-un-ramo-de-azahar-en-la-mano-derecha-250x250.jpg\" alt=\"Jove desconegut amb flors de taronger a la m\u00e0 dreta\" width=\"250\" height=\"250\" data-ratio=\"1\"\/><\/a><\/figure><div class=\"dp-dfg-header entry-header\"><h2 class=\"entry-title\">Jove desconegut amb flors de taronger a la m\u00e0 dreta<\/h2><\/div><div class=\"dp-dfg-custom-content\"><p class=\"dp-dfg-custom-field dp-dfg-cf-autors2\"><span class=\"dp-dfg-custom-field-value\">Autoria desconeguda (Escola Veneciana)<\/span><\/p><\/div><\/article><!-- DPDFG End Post Item Container --><article id=\"post-5919\" class=\"dp-dfg-item post-5919 obres_autors type-obres_autors status-publish has-post-thumbnail hentry autors-emilia-xargay-pages disciplina-escultura \"     data-position=\"68\"   data-new-tab=\"off\"   data-action-priority=\"item\"><figure class=\"dp-dfg-image entry-thumb\"><a href=\"https:\/\/www.museuemporda.org\/?obres_autors=brau\" class=\"dp-dfg-image-link\" ><img loading=\"lazy\" decoding=\"async\" class=\"dp-dfg-featured-image\" src=\"https:\/\/www.museuemporda.org\/wp-content\/uploads\/2020\/04\/mE-701-250x250.jpg\" alt=\"Brau\" width=\"250\" height=\"250\" data-ratio=\"1\"\/><\/a><\/figure><div class=\"dp-dfg-header entry-header\"><h2 class=\"entry-title\">Brau<\/h2><\/div><div class=\"dp-dfg-custom-content\"><p class=\"dp-dfg-custom-field dp-dfg-cf-autors2\"><span class=\"dp-dfg-custom-field-value\">Em\u00edlia Xargay Pag\u00e8s<\/span><\/p><\/div><\/article><!-- DPDFG End Post Item Container --><article id=\"post-9058\" class=\"dp-dfg-item post-9058 obres_autors type-obres_autors status-publish has-post-thumbnail hentry tipus_tecniques-ferro autors-joseph-lewis-pellicer disciplina-escultura \"     data-position=\"69\"   data-new-tab=\"off\"   data-action-priority=\"item\"><figure class=\"dp-dfg-image entry-thumb\"><a href=\"https:\/\/www.museuemporda.org\/?obres_autors=sense-titol-7\" class=\"dp-dfg-image-link\" ><img loading=\"lazy\" decoding=\"async\" class=\"dp-dfg-featured-image\" src=\"https:\/\/www.museuemporda.org\/wp-content\/uploads\/2021\/11\/mE-1768-250x250.jpg\" alt=\"Sense t\u00edtol\" width=\"250\" height=\"250\" data-ratio=\"1\"\/><\/a><\/figure><div class=\"dp-dfg-header entry-header\"><h2 class=\"entry-title\">Sense t\u00edtol<\/h2><\/div><div class=\"dp-dfg-custom-content\"><p class=\"dp-dfg-custom-field dp-dfg-cf-autors2\"><span class=\"dp-dfg-custom-field-value\">Joseph Lewis Pellicer<\/span><\/p><\/div><\/article><!-- DPDFG End Post Item Container --><article id=\"post-8070\" class=\"dp-dfg-item post-8070 obres_autors type-obres_autors status-publish has-post-thumbnail hentry tecnica_especifica-llapis-sobre-paper autors-modest-cuixart-tapies disciplina-dibuix \"     data-position=\"70\"   data-new-tab=\"off\"   data-action-priority=\"item\"><figure class=\"dp-dfg-image entry-thumb\"><a href=\"https:\/\/www.museuemporda.org\/?obres_autors=retrat-femeni-3\" class=\"dp-dfg-image-link\" ><img loading=\"lazy\" decoding=\"async\" class=\"dp-dfg-featured-image\" src=\"https:\/\/www.museuemporda.org\/wp-content\/uploads\/2021\/08\/mE-712-250x250.jpg\" alt=\"Retrat femen\u00ed\" width=\"250\" height=\"250\" data-ratio=\"1\"\/><\/a><\/figure><div class=\"dp-dfg-header entry-header\"><h2 class=\"entry-title\">Retrat femen\u00ed<\/h2><\/div><div class=\"dp-dfg-custom-content\"><p class=\"dp-dfg-custom-field dp-dfg-cf-autors2\"><span class=\"dp-dfg-custom-field-value\">Modest Cuixart T\u00e0pies<\/span><\/p><\/div><\/article><!-- DPDFG End Post Item Container --><article id=\"post-5686\" class=\"dp-dfg-item post-5686 obres_autors type-obres_autors status-publish has-post-thumbnail hentry tecnica_especifica-vidre-bufat autors-autoria-desconeguda disciplina-arqueologia \"     data-position=\"71\"   data-new-tab=\"off\"   data-action-priority=\"item\"><figure class=\"dp-dfg-image entry-thumb\"><a href=\"https:\/\/www.museuemporda.org\/?obres_autors=unguentari-de-vidre\" class=\"dp-dfg-image-link\" ><img loading=\"lazy\" decoding=\"async\" class=\"dp-dfg-featured-image\" src=\"https:\/\/www.museuemporda.org\/wp-content\/uploads\/2020\/07\/mE-100_1-250x250.jpg\" alt=\"Ung\u00fcentari de vidre\" width=\"250\" height=\"250\" data-ratio=\"1\"\/><\/a><\/figure><div class=\"dp-dfg-header entry-header\"><h2 class=\"entry-title\">Ung\u00fcentari de vidre<\/h2><\/div><div class=\"dp-dfg-custom-content\"><p class=\"dp-dfg-custom-field dp-dfg-cf-autors2\"><span class=\"dp-dfg-custom-field-value\">Autoria desconeguda<\/span><\/p><\/div><\/article><!-- DPDFG End Post Item Container --><article id=\"post-11375\" class=\"dp-dfg-item post-11375 obres_autors type-obres_autors status-publish has-post-thumbnail hentry tipus_tecniques-pintura tecnica_especifica-pastel autors-ernesto-fontecilla-camps disciplina-pintura \"     data-position=\"72\"   data-new-tab=\"off\"   data-action-priority=\"item\"><figure class=\"dp-dfg-image entry-thumb\"><a href=\"https:\/\/www.museuemporda.org\/?obres_autors=sense-titol-122\" class=\"dp-dfg-image-link\" ><img loading=\"lazy\" decoding=\"async\" class=\"dp-dfg-featured-image\" src=\"https:\/\/www.museuemporda.org\/wp-content\/uploads\/2022\/02\/mE-2141-250x250.jpg\" alt=\"Sense t\u00edtol\" width=\"250\" height=\"250\" data-ratio=\"1\"\/><\/a><\/figure><div class=\"dp-dfg-header entry-header\"><h2 class=\"entry-title\">Sense t\u00edtol<\/h2><\/div><div class=\"dp-dfg-custom-content\"><p class=\"dp-dfg-custom-field dp-dfg-cf-autors2\"><span class=\"dp-dfg-custom-field-value\">Ernesto Fontecilla Camps<\/span><\/p><\/div><\/article><!-- DPDFG End Post Item Container --><article id=\"post-14236\" class=\"dp-dfg-item post-14236 obres_autors type-obres_autors status-publish has-post-thumbnail hentry tipus_tecniques-dibuix tecnica_especifica-impressio-digital autors-joan-antoni-poch disciplina-dibuix \"     data-position=\"73\"   data-new-tab=\"off\"   data-action-priority=\"item\"><figure class=\"dp-dfg-image entry-thumb\"><a href=\"https:\/\/www.museuemporda.org\/?obres_autors=sense-titol-443\" class=\"dp-dfg-image-link\" ><img loading=\"lazy\" decoding=\"async\" class=\"dp-dfg-featured-image\" src=\"https:\/\/www.museuemporda.org\/wp-content\/uploads\/2023\/07\/ME2828-JAP-250x250.jpg\" alt=\"Sense t\u00edtol\" width=\"250\" height=\"250\" data-ratio=\"1\"\/><\/a><\/figure><div class=\"dp-dfg-header entry-header\"><h2 class=\"entry-title\">Sense t\u00edtol<\/h2><\/div><div class=\"dp-dfg-custom-content\"><p class=\"dp-dfg-custom-field dp-dfg-cf-autors2\"><span class=\"dp-dfg-custom-field-value\">Joan Antoni Poch<\/span><\/p><\/div><\/article><!-- DPDFG End Post Item Container --><article id=\"post-14452\" class=\"dp-dfg-item post-14452 obres_autors type-obres_autors status-publish has-post-thumbnail hentry tipus_tecniques-pintura tecnica_especifica-oli-sobre-tela autors-rosa-cervera-giralt disciplina-pintura \"     data-position=\"74\"   data-new-tab=\"off\"   data-action-priority=\"item\"><figure class=\"dp-dfg-image entry-thumb\"><a href=\"https:\/\/www.museuemporda.org\/?obres_autors=titol-desconegut\" class=\"dp-dfg-image-link\" ><img loading=\"lazy\" decoding=\"async\" class=\"dp-dfg-featured-image\" src=\"https:\/\/www.museuemporda.org\/wp-content\/uploads\/2023\/07\/ME2917-A-250x250.jpg\" alt=\"T\u00edtol desconegut\" width=\"250\" height=\"250\" data-ratio=\"1\"\/><\/a><\/figure><div class=\"dp-dfg-header entry-header\"><h2 class=\"entry-title\">T\u00edtol desconegut<\/h2><\/div><div class=\"dp-dfg-custom-content\"><p class=\"dp-dfg-custom-field dp-dfg-cf-autors2\"><span class=\"dp-dfg-custom-field-value\">Rosa Cervera Giralt<\/span><\/p><\/div><\/article><!-- DPDFG End Post Item Container --><article id=\"post-8379\" class=\"dp-dfg-item post-8379 obres_autors type-obres_autors status-publish has-post-thumbnail hentry tecnica_especifica-tinta-sobre-paper autors-evarist-valles-rovira disciplina-dibuix \"     data-position=\"75\"   data-new-tab=\"off\"   data-action-priority=\"item\"><figure class=\"dp-dfg-image entry-thumb\"><a href=\"https:\/\/www.museuemporda.org\/?obres_autors=sense-titol-10\" class=\"dp-dfg-image-link\" ><img loading=\"lazy\" decoding=\"async\" class=\"dp-dfg-featured-image\" src=\"https:\/\/www.museuemporda.org\/wp-content\/uploads\/2021\/08\/ME-1778_JORDI-PUIG-2021-250x250.jpg\" alt=\"Sense t\u00edtol\" width=\"250\" height=\"250\" data-ratio=\"1\"\/><\/a><\/figure><div class=\"dp-dfg-header entry-header\"><h2 class=\"entry-title\">Sense t\u00edtol<\/h2><\/div><div class=\"dp-dfg-custom-content\"><p class=\"dp-dfg-custom-field dp-dfg-cf-autors2\"><span class=\"dp-dfg-custom-field-value\">Evarist Vall\u00e8s Rovira<\/span><\/p><\/div><\/article><!-- DPDFG End Post Item Container --><article id=\"post-11467\" class=\"dp-dfg-item post-11467 obres_autors type-obres_autors status-publish has-post-thumbnail hentry tipus_tecniques-pintura tecnica_especifica-aiguada-sobre-paper autors-josep-oriol-jansana-de-anzizo disciplina-pintura \"     data-position=\"76\"   data-new-tab=\"off\"   data-action-priority=\"item\"><figure class=\"dp-dfg-image entry-thumb\"><a href=\"https:\/\/www.museuemporda.org\/?obres_autors=retrat-de-josep-pous-i-pages-2\" class=\"dp-dfg-image-link\" ><img loading=\"lazy\" decoding=\"async\" class=\"dp-dfg-featured-image\" src=\"https:\/\/www.museuemporda.org\/wp-content\/uploads\/2022\/02\/mE-1058-250x250.jpg\" alt=\"Retrat de Josep Pous i Pag\u00e8s\" width=\"250\" height=\"250\" data-ratio=\"1\"\/><\/a><\/figure><div class=\"dp-dfg-header entry-header\"><h2 class=\"entry-title\">Retrat de Josep Pous i Pag\u00e8s<\/h2><\/div><div class=\"dp-dfg-custom-content\"><p class=\"dp-dfg-custom-field dp-dfg-cf-autors2\"><span class=\"dp-dfg-custom-field-value\">Josep Oriol Jansana de Anzizo<\/span><\/p><\/div><\/article><!-- DPDFG End Post Item Container --><article id=\"post-10225\" class=\"dp-dfg-item post-10225 obres_autors type-obres_autors status-publish has-post-thumbnail hentry tipus_tecniques-dibuix tecnica_especifica-dibuix-sobre-paper autors-josep-pujol-ripoll disciplina-dibuix \"     data-position=\"77\"   data-new-tab=\"off\"   data-action-priority=\"item\"><figure class=\"dp-dfg-image entry-thumb\"><a href=\"https:\/\/www.museuemporda.org\/?obres_autors=sense-titol-50\" class=\"dp-dfg-image-link\" ><img loading=\"lazy\" decoding=\"async\" class=\"dp-dfg-featured-image\" src=\"https:\/\/www.museuemporda.org\/wp-content\/uploads\/2022\/01\/mE-2018-250x250.jpg\" alt=\"Sense t\u00edtol\" width=\"250\" height=\"250\" data-ratio=\"1\"\/><\/a><\/figure><div class=\"dp-dfg-header entry-header\"><h2 class=\"entry-title\">Sense t\u00edtol<\/h2><\/div><div class=\"dp-dfg-custom-content\"><p class=\"dp-dfg-custom-field dp-dfg-cf-autors2\"><span class=\"dp-dfg-custom-field-value\">Josep Pujol Ripoll<\/span><\/p><\/div><\/article><!-- DPDFG End Post Item Container --><article id=\"post-11072\" class=\"dp-dfg-item post-11072 obres_autors type-obres_autors status-publish has-post-thumbnail hentry tipus_tecniques-pintura tecnica_especifica-oli-sobre-tela autors-mario-bedini-leandi disciplina-pintura \"     data-position=\"78\"   data-new-tab=\"off\"   data-action-priority=\"item\"><figure class=\"dp-dfg-image entry-thumb\"><a href=\"https:\/\/www.museuemporda.org\/?obres_autors=els-records-del-meu-gos\" class=\"dp-dfg-image-link\" ><img loading=\"lazy\" decoding=\"async\" class=\"dp-dfg-featured-image\" src=\"https:\/\/www.museuemporda.org\/wp-content\/uploads\/2022\/02\/mE-1432-250x250.jpg\" alt=\"Els records del meu gos\" width=\"250\" height=\"250\" data-ratio=\"1\"\/><\/a><\/figure><div class=\"dp-dfg-header entry-header\"><h2 class=\"entry-title\">Els records del meu gos<\/h2><\/div><div class=\"dp-dfg-custom-content\"><p class=\"dp-dfg-custom-field dp-dfg-cf-autors2\"><span class=\"dp-dfg-custom-field-value\">Mario Bedini Leandi<\/span><\/p><\/div><\/article><!-- DPDFG End Post Item Container --><article id=\"post-11431\" class=\"dp-dfg-item post-11431 obres_autors type-obres_autors status-publish has-post-thumbnail hentry tipus_tecniques-obra-grafica tecnica_especifica-litografia autors-emili-grau-sala disciplina-obra-grafic \"     data-position=\"79\"   data-new-tab=\"off\"   data-action-priority=\"item\"><figure class=\"dp-dfg-image entry-thumb\"><a href=\"https:\/\/www.museuemporda.org\/?obres_autors=litografies-per-a-la-novella-bel-ami-de-guy-de-maupassant\" class=\"dp-dfg-image-link\" ><img loading=\"lazy\" decoding=\"async\" class=\"dp-dfg-featured-image\" src=\"https:\/\/www.museuemporda.org\/wp-content\/uploads\/2022\/02\/mE-1276-250x250.jpg\" alt=\"Litografies per a la novel\u00b7la &#8216;Bel-Ami&#8217;, de Guy de Maupassant\" width=\"250\" height=\"250\" data-ratio=\"1\"\/><\/a><\/figure><div class=\"dp-dfg-header entry-header\"><h2 class=\"entry-title\">Litografies per a la novel\u00b7la &#8216;Bel-Ami&#8217;, de Guy de Maupassant<\/h2><\/div><div class=\"dp-dfg-custom-content\"><p class=\"dp-dfg-custom-field dp-dfg-cf-autors2\"><span class=\"dp-dfg-custom-field-value\">Emili Grau Sala<\/span><\/p><\/div><\/article><!-- DPDFG End Post Item Container --><article id=\"post-9778\" class=\"dp-dfg-item post-9778 obres_autors type-obres_autors status-publish has-post-thumbnail hentry tipus_tecniques-fotografia tecnica_especifica-fotografia autors-joaquim-fort-de-ribot disciplina-fotografia \"     data-position=\"80\"   data-new-tab=\"off\"   data-action-priority=\"item\"><figure class=\"dp-dfg-image entry-thumb\"><a href=\"https:\/\/www.museuemporda.org\/?obres_autors=parella-de-convidats-a-una-boda-a-begur\" class=\"dp-dfg-image-link\" ><img loading=\"lazy\" decoding=\"async\" class=\"dp-dfg-featured-image\" src=\"https:\/\/www.museuemporda.org\/wp-content\/uploads\/2022\/01\/mE-2482-250x250.jpg\" alt=\"Parella de convidats a una boda a Begur\" width=\"250\" height=\"250\" data-ratio=\"1\"\/><\/a><\/figure><div class=\"dp-dfg-header entry-header\"><h2 class=\"entry-title\">Parella de convidats a una boda a Begur<\/h2><\/div><div class=\"dp-dfg-custom-content\"><p class=\"dp-dfg-custom-field dp-dfg-cf-autors2\"><span class=\"dp-dfg-custom-field-value\">Joaquim Fort de Ribot<\/span><\/p><\/div><\/article><!-- DPDFG End Post Item Container --><article id=\"post-8186\" class=\"dp-dfg-item post-8186 obres_autors type-obres_autors status-publish has-post-thumbnail hentry tecnica_especifica-oli-sobre-tela autors-emili-bosch-roger disciplina-pintura \"     data-position=\"81\"   data-new-tab=\"off\"   data-action-priority=\"item\"><figure class=\"dp-dfg-image entry-thumb\"><a href=\"https:\/\/www.museuemporda.org\/?obres_autors=paisatge-urba-2\" class=\"dp-dfg-image-link\" ><img loading=\"lazy\" decoding=\"async\" class=\"dp-dfg-featured-image\" src=\"https:\/\/www.museuemporda.org\/wp-content\/uploads\/2021\/08\/mE-1172-250x250.jpg\" alt=\"Paisatge urb\u00e0\" width=\"250\" height=\"250\" data-ratio=\"1\"\/><\/a><\/figure><div class=\"dp-dfg-header entry-header\"><h2 class=\"entry-title\">Paisatge urb\u00e0<\/h2><\/div><div class=\"dp-dfg-custom-content\"><p class=\"dp-dfg-custom-field dp-dfg-cf-autors2\"><span class=\"dp-dfg-custom-field-value\">Emili Bosch Roger<\/span><\/p><\/div><\/article><!-- DPDFG End Post Item Container --><article id=\"post-11516\" class=\"dp-dfg-item post-11516 obres_autors type-obres_autors status-publish has-post-thumbnail hentry tipus_tecniques-dibuix tecnica_especifica-gouache-guaix-sobre-paper autors-gilbert-kirszbaum disciplina-dibuix \"     data-position=\"82\"   data-new-tab=\"off\"   data-action-priority=\"item\"><figure class=\"dp-dfg-image entry-thumb\"><a href=\"https:\/\/www.museuemporda.org\/?obres_autors=plaza-de-la-mala-muerte\" class=\"dp-dfg-image-link\" ><img loading=\"lazy\" decoding=\"async\" class=\"dp-dfg-featured-image\" src=\"https:\/\/www.museuemporda.org\/wp-content\/uploads\/2022\/02\/mE-2432-250x250.jpg\" alt=\"Plaza de la mala muerte\" width=\"250\" height=\"250\" data-ratio=\"1\"\/><\/a><\/figure><div class=\"dp-dfg-header entry-header\"><h2 class=\"entry-title\">Plaza de la mala muerte<\/h2><\/div><div class=\"dp-dfg-custom-content\"><p class=\"dp-dfg-custom-field dp-dfg-cf-autors2\"><span class=\"dp-dfg-custom-field-value\">Gilbert Kirszbaum<\/span><\/p><\/div><\/article><!-- DPDFG End Post Item Container --><article id=\"post-8587\" class=\"dp-dfg-item post-8587 obres_autors type-obres_autors status-publish has-post-thumbnail hentry autors-luis-izquierdo-mosso disciplina-fotografia \"     data-position=\"83\"   data-new-tab=\"off\"   data-action-priority=\"item\"><figure class=\"dp-dfg-image entry-thumb\"><a href=\"https:\/\/www.museuemporda.org\/?obres_autors=gran-riu-lorlina-amb-fum\" class=\"dp-dfg-image-link\" ><img loading=\"lazy\" decoding=\"async\" class=\"dp-dfg-featured-image\" src=\"https:\/\/www.museuemporda.org\/wp-content\/uploads\/2021\/10\/Gran-paisatge-de-riulOrlina-amb-fum-2000-250x250.jpg\" alt=\"Gran riu (l&#8217;Orlina) amb fum\" width=\"250\" height=\"250\" data-ratio=\"1\"\/><\/a><\/figure><div class=\"dp-dfg-header entry-header\"><h2 class=\"entry-title\">Gran riu (l&#8217;Orlina) amb fum<\/h2><\/div><div class=\"dp-dfg-custom-content\"><p class=\"dp-dfg-custom-field dp-dfg-cf-autors2\"><span class=\"dp-dfg-custom-field-value\">Luis Izquierdo-Mosso<\/span><\/p><\/div><\/article><!-- DPDFG End Post Item Container --><article id=\"post-6060\" class=\"dp-dfg-item post-6060 obres_autors type-obres_autors status-publish has-post-thumbnail hentry tecnica_especifica-guix-amb-patina autors-artur-novoa-cabra disciplina-escultura \"     data-position=\"84\"   data-new-tab=\"off\"   data-action-priority=\"item\"><figure class=\"dp-dfg-image entry-thumb\"><a href=\"https:\/\/www.museuemporda.org\/?obres_autors=el-pensador\" class=\"dp-dfg-image-link\" ><img loading=\"lazy\" decoding=\"async\" class=\"dp-dfg-featured-image\" src=\"https:\/\/www.museuemporda.org\/wp-content\/uploads\/2020\/10\/mE-1600-250x250.jpg\" alt=\"El pensador\" width=\"250\" height=\"250\" data-ratio=\"1\"\/><\/a><\/figure><div class=\"dp-dfg-header entry-header\"><h2 class=\"entry-title\">El pensador<\/h2><\/div><div class=\"dp-dfg-custom-content\"><p class=\"dp-dfg-custom-field dp-dfg-cf-autors2\"><span class=\"dp-dfg-custom-field-value\">Artur Novoa Cabra<\/span><\/p><\/div><\/article><!-- DPDFG End Post Item Container --><article id=\"post-10402\" class=\"dp-dfg-item post-10402 obres_autors type-obres_autors status-publish has-post-thumbnail hentry tipus_tecniques-escultura tecnica_especifica-guix autors-artur-novoa-cabra disciplina-escultura \"     data-position=\"85\"   data-new-tab=\"off\"   data-action-priority=\"item\"><figure class=\"dp-dfg-image entry-thumb\"><a href=\"https:\/\/www.museuemporda.org\/?obres_autors=sense-titol-64\" class=\"dp-dfg-image-link\" ><img loading=\"lazy\" decoding=\"async\" class=\"dp-dfg-featured-image\" src=\"https:\/\/www.museuemporda.org\/wp-content\/uploads\/2022\/01\/mE-1918-250x250.jpg\" alt=\"Sense t\u00edtol\" width=\"250\" height=\"250\" data-ratio=\"1\"\/><\/a><\/figure><div class=\"dp-dfg-header entry-header\"><h2 class=\"entry-title\">Sense t\u00edtol<\/h2><\/div><div class=\"dp-dfg-custom-content\"><p class=\"dp-dfg-custom-field dp-dfg-cf-autors2\"><span class=\"dp-dfg-custom-field-value\">Artur Novoa Cabra<\/span><\/p><\/div><\/article><!-- DPDFG End Post Item Container --><article id=\"post-8788\" class=\"dp-dfg-item post-8788 obres_autors type-obres_autors status-publish has-post-thumbnail hentry tecnica_especifica-oli-sobre-tela autors-autoria-desconeguda disciplina-pintura \"     data-position=\"86\"   data-new-tab=\"off\"   data-action-priority=\"item\"><figure class=\"dp-dfg-image entry-thumb\"><a href=\"https:\/\/www.museuemporda.org\/?obres_autors=la-flagellacio\" class=\"dp-dfg-image-link\" ><img loading=\"lazy\" decoding=\"async\" class=\"dp-dfg-featured-image\" src=\"https:\/\/www.museuemporda.org\/wp-content\/uploads\/2021\/10\/mE-611-250x250.jpg\" alt=\"La flagel\u00b7laci\u00f3\" width=\"250\" height=\"250\" data-ratio=\"1\"\/><\/a><\/figure><div class=\"dp-dfg-header entry-header\"><h2 class=\"entry-title\">La flagel\u00b7laci\u00f3<\/h2><\/div><div class=\"dp-dfg-custom-content\"><p class=\"dp-dfg-custom-field dp-dfg-cf-autors2\"><span class=\"dp-dfg-custom-field-value\">Autoria desconeguda<\/span><\/p><\/div><\/article><!-- DPDFG End Post Item Container --><article id=\"post-10751\" class=\"dp-dfg-item post-10751 obres_autors type-obres_autors status-publish has-post-thumbnail hentry tipus_tecniques-pintura tecnica_especifica-aquarella-sobre-paper autors-josep-berga-boix disciplina-pintura \"     data-position=\"87\"   data-new-tab=\"off\"   data-action-priority=\"item\"><figure class=\"dp-dfg-image entry-thumb\"><a href=\"https:\/\/www.museuemporda.org\/?obres_autors=vores-del-fluvia\" class=\"dp-dfg-image-link\" ><img loading=\"lazy\" decoding=\"async\" class=\"dp-dfg-featured-image\" src=\"https:\/\/www.museuemporda.org\/wp-content\/uploads\/2022\/02\/mE-1150-250x250.jpg\" alt=\"Vores del Fluvi\u00e0\" width=\"250\" height=\"250\" data-ratio=\"1\"\/><\/a><\/figure><div class=\"dp-dfg-header entry-header\"><h2 class=\"entry-title\">Vores del Fluvi\u00e0<\/h2><\/div><div class=\"dp-dfg-custom-content\"><p class=\"dp-dfg-custom-field dp-dfg-cf-autors2\"><span class=\"dp-dfg-custom-field-value\">Josep Berga Boix<\/span><\/p><\/div><\/article><!-- DPDFG End Post Item Container --><article id=\"post-9531\" class=\"dp-dfg-item post-9531 obres_autors type-obres_autors status-publish has-post-thumbnail hentry tipus_tecniques-dibuix tecnica_especifica-llapis-carbo-sobre-paper autors-juan-nunez-fernandez disciplina-dibuix \"     data-position=\"88\"   data-new-tab=\"off\"   data-action-priority=\"item\"><figure class=\"dp-dfg-image entry-thumb\"><a href=\"https:\/\/www.museuemporda.org\/?obres_autors=vilabertran-2\" class=\"dp-dfg-image-link\" ><img loading=\"lazy\" decoding=\"async\" class=\"dp-dfg-featured-image\" src=\"https:\/\/www.museuemporda.org\/wp-content\/uploads\/2022\/01\/mE-2504-250x250.jpg\" alt=\"Vilabertran\" width=\"250\" height=\"250\" data-ratio=\"1\"\/><\/a><\/figure><div class=\"dp-dfg-header entry-header\"><h2 class=\"entry-title\">Vilabertran<\/h2><\/div><div class=\"dp-dfg-custom-content\"><p class=\"dp-dfg-custom-field dp-dfg-cf-autors2\"><span class=\"dp-dfg-custom-field-value\">Juan N\u00fa\u00f1ez Fern\u00e1ndez<\/span><\/p><\/div><\/article><!-- DPDFG End Post Item Container --><article id=\"post-9782\" class=\"dp-dfg-item post-9782 obres_autors type-obres_autors status-publish has-post-thumbnail hentry tipus_tecniques-fotografia tecnica_especifica-fotografia autors-joaquim-fort-de-ribot disciplina-fotografia \"     data-position=\"89\"   data-new-tab=\"off\"   data-action-priority=\"item\"><figure class=\"dp-dfg-image entry-thumb\"><a href=\"https:\/\/www.museuemporda.org\/?obres_autors=celebracio-de-la-restauracio-de-lesglesia-de-camallera\" class=\"dp-dfg-image-link\" ><img loading=\"lazy\" decoding=\"async\" class=\"dp-dfg-featured-image\" src=\"https:\/\/www.museuemporda.org\/wp-content\/uploads\/2022\/01\/mE-2484-250x250.jpg\" alt=\"Celebraci\u00f3 de la restauraci\u00f3 de l&#8217;esgl\u00e9sia de Camallera\" width=\"250\" height=\"250\" data-ratio=\"1\"\/><\/a><\/figure><div class=\"dp-dfg-header entry-header\"><h2 class=\"entry-title\">Celebraci\u00f3 de la restauraci\u00f3 de l&#8217;esgl\u00e9sia de Camallera<\/h2><\/div><div class=\"dp-dfg-custom-content\"><p class=\"dp-dfg-custom-field dp-dfg-cf-autors2\"><span class=\"dp-dfg-custom-field-value\">Joaquim Fort de Ribot<\/span><\/p><\/div><\/article><!-- DPDFG End Post Item Container --><article id=\"post-12219\" class=\"dp-dfg-item post-12219 obres_autors type-obres_autors status-publish has-post-thumbnail hentry tipus_tecniques-indumentaria tecnica_especifica-teixit-i-fusta autors-autoria-desconeguda disciplina-indumentaria \"     data-position=\"90\"   data-new-tab=\"off\"   data-action-priority=\"item\"><figure class=\"dp-dfg-image entry-thumb\"><a href=\"https:\/\/www.museuemporda.org\/?obres_autors=sense-titol-179\" class=\"dp-dfg-image-link\" ><img loading=\"lazy\" decoding=\"async\" class=\"dp-dfg-featured-image\" src=\"https:\/\/www.museuemporda.org\/wp-content\/uploads\/2022\/03\/mE-904-250x250.jpg\" alt=\"Sense t\u00edtol\" width=\"250\" height=\"250\" data-ratio=\"1\"\/><\/a><\/figure><div class=\"dp-dfg-header entry-header\"><h2 class=\"entry-title\">Sense t\u00edtol<\/h2><\/div><div class=\"dp-dfg-custom-content\"><p class=\"dp-dfg-custom-field dp-dfg-cf-autors2\"><span class=\"dp-dfg-custom-field-value\">Autoria desconeguda<\/span><\/p><\/div><\/article><!-- DPDFG End Post Item Container --><article id=\"post-13970\" class=\"dp-dfg-item post-13970 obres_autors type-obres_autors status-publish has-post-thumbnail hentry tipus_tecniques-dibuix tecnica_especifica-impressio-digital autors-pep-claparols-i-moret disciplina-dibuix \"     data-position=\"91\"   data-new-tab=\"off\"   data-action-priority=\"item\"><figure class=\"dp-dfg-image entry-thumb\"><a href=\"https:\/\/www.museuemporda.org\/?obres_autors=sense-titol-322\" class=\"dp-dfg-image-link\" ><img loading=\"lazy\" decoding=\"async\" class=\"dp-dfg-featured-image\" src=\"https:\/\/www.museuemporda.org\/wp-content\/uploads\/2023\/06\/ME2684-PEP2000-250x250.jpg\" alt=\"Sense t\u00edtol\" width=\"250\" height=\"250\" data-ratio=\"1\"\/><\/a><\/figure><div class=\"dp-dfg-header entry-header\"><h2 class=\"entry-title\">Sense t\u00edtol<\/h2><\/div><div class=\"dp-dfg-custom-content\"><p class=\"dp-dfg-custom-field dp-dfg-cf-autors2\"><span class=\"dp-dfg-custom-field-value\">Pep Claparols i Moret<\/span><\/p><\/div><\/article><!-- DPDFG End Post Item Container --><article id=\"post-9766\" class=\"dp-dfg-item post-9766 obres_autors type-obres_autors status-publish has-post-thumbnail hentry tipus_tecniques-fotografia tecnica_especifica-fotografia autors-joaquim-fort-de-ribot disciplina-fotografia \"     data-position=\"92\"   data-new-tab=\"off\"   data-action-priority=\"item\"><figure class=\"dp-dfg-image entry-thumb\"><a href=\"https:\/\/www.museuemporda.org\/?obres_autors=monells-baix-emporda\" class=\"dp-dfg-image-link\" ><img loading=\"lazy\" decoding=\"async\" class=\"dp-dfg-featured-image\" src=\"https:\/\/www.museuemporda.org\/wp-content\/uploads\/2022\/01\/mE-2475-250x250.jpg\" alt=\"Monells (Baix Empord\u00e0)\" width=\"250\" height=\"250\" data-ratio=\"1\"\/><\/a><\/figure><div class=\"dp-dfg-header entry-header\"><h2 class=\"entry-title\">Monells (Baix Empord\u00e0)<\/h2><\/div><div class=\"dp-dfg-custom-content\"><p class=\"dp-dfg-custom-field dp-dfg-cf-autors2\"><span class=\"dp-dfg-custom-field-value\">Joaquim Fort de Ribot<\/span><\/p><\/div><\/article><!-- DPDFG End Post Item Container --><article id=\"post-11951\" class=\"dp-dfg-item post-11951 obres_autors type-obres_autors status-publish has-post-thumbnail hentry tipus_tecniques-pintura tecnica_especifica-aquarella-sobre-paper autors-tomas-sayol-sala disciplina-pintura \"     data-position=\"93\"   data-new-tab=\"off\"   data-action-priority=\"item\"><figure class=\"dp-dfg-image entry-thumb\"><a href=\"https:\/\/www.museuemporda.org\/?obres_autors=raco-de-montgat\" class=\"dp-dfg-image-link\" ><img loading=\"lazy\" decoding=\"async\" class=\"dp-dfg-featured-image\" src=\"https:\/\/www.museuemporda.org\/wp-content\/uploads\/2022\/02\/mE-1932-250x250.jpg\" alt=\"Rac\u00f3 de Montgat\" width=\"250\" height=\"250\" data-ratio=\"1\"\/><\/a><\/figure><div class=\"dp-dfg-header entry-header\"><h2 class=\"entry-title\">Rac\u00f3 de Montgat<\/h2><\/div><div class=\"dp-dfg-custom-content\"><p class=\"dp-dfg-custom-field dp-dfg-cf-autors2\"><span class=\"dp-dfg-custom-field-value\">Tom\u00e0s Sayol Sala<\/span><\/p><\/div><\/article><!-- DPDFG End Post Item Container --><article id=\"post-10762\" class=\"dp-dfg-item post-10762 obres_autors type-obres_autors status-publish has-post-thumbnail hentry tipus_tecniques-pintura tecnica_especifica-oli-sobre-tela autors-antoni-vila-arrufat disciplina-pintura \"     data-position=\"94\"   data-new-tab=\"off\"   data-action-priority=\"item\"><figure class=\"dp-dfg-image entry-thumb\"><a href=\"https:\/\/www.museuemporda.org\/?obres_autors=cap-destudi\" class=\"dp-dfg-image-link\" ><img loading=\"lazy\" decoding=\"async\" class=\"dp-dfg-featured-image\" src=\"https:\/\/www.museuemporda.org\/wp-content\/uploads\/2022\/02\/ME-682_2022-250x250.jpg\" alt=\"Cap d&#8217;estudi\" width=\"250\" height=\"250\" data-ratio=\"1\"\/><\/a><\/figure><div class=\"dp-dfg-header entry-header\"><h2 class=\"entry-title\">Cap d&#8217;estudi<\/h2><\/div><div class=\"dp-dfg-custom-content\"><p class=\"dp-dfg-custom-field dp-dfg-cf-autors2\"><span class=\"dp-dfg-custom-field-value\">Antoni Vila Arrufat<\/span><\/p><\/div><\/article><!-- DPDFG End Post Item Container --><article id=\"post-12245\" class=\"dp-dfg-item post-12245 obres_autors type-obres_autors status-publish has-post-thumbnail hentry tipus_tecniques-indumentaria tecnica_especifica-teixit-i-fusta autors-autoria-desconeguda disciplina-indumentaria \"     data-position=\"95\"   data-new-tab=\"off\"   data-action-priority=\"item\"><figure class=\"dp-dfg-image entry-thumb\"><a href=\"https:\/\/www.museuemporda.org\/?obres_autors=sense-titol-186\" class=\"dp-dfg-image-link\" ><img loading=\"lazy\" decoding=\"async\" class=\"dp-dfg-featured-image\" src=\"https:\/\/www.museuemporda.org\/wp-content\/uploads\/2022\/03\/mE-1595-250x250.jpg\" alt=\"Sense t\u00edtol\" width=\"250\" height=\"250\" data-ratio=\"1\"\/><\/a><\/figure><div class=\"dp-dfg-header entry-header\"><h2 class=\"entry-title\">Sense t\u00edtol<\/h2><\/div><div class=\"dp-dfg-custom-content\"><p class=\"dp-dfg-custom-field dp-dfg-cf-autors2\"><span class=\"dp-dfg-custom-field-value\">Autoria desconeguda<\/span><\/p><\/div><\/article><!-- DPDFG End Post Item Container --><article id=\"post-14201\" class=\"dp-dfg-item post-14201 obres_autors type-obres_autors status-publish has-post-thumbnail hentry tipus_tecniques-obra-grafica tecnica_especifica-impressio-digital autors-joan-antoni-poch disciplina-obra-grafic \"     data-position=\"96\"   data-new-tab=\"off\"   data-action-priority=\"item\"><figure class=\"dp-dfg-image entry-thumb\"><a href=\"https:\/\/www.museuemporda.org\/?obres_autors=sense-titol-426\" class=\"dp-dfg-image-link\" ><img loading=\"lazy\" decoding=\"async\" class=\"dp-dfg-featured-image\" src=\"https:\/\/www.museuemporda.org\/wp-content\/uploads\/2023\/07\/ME2811-JAP-250x250.jpg\" alt=\"Sense t\u00edtol\" width=\"250\" height=\"250\" data-ratio=\"1\"\/><\/a><\/figure><div class=\"dp-dfg-header entry-header\"><h2 class=\"entry-title\">Sense t\u00edtol<\/h2><\/div><div class=\"dp-dfg-custom-content\"><p class=\"dp-dfg-custom-field dp-dfg-cf-autors2\"><span class=\"dp-dfg-custom-field-value\">Joan Antoni Poch<\/span><\/p><\/div><\/article><!-- DPDFG End Post Item Container --><article id=\"post-5830\" class=\"dp-dfg-item post-5830 obres_autors type-obres_autors status-publish has-post-thumbnail hentry tecnica_especifica-oli-sobre-tela autors-josep-amat-pages \"     data-position=\"97\"   data-new-tab=\"off\"   data-action-priority=\"item\"><figure class=\"dp-dfg-image entry-thumb\"><a href=\"https:\/\/www.museuemporda.org\/?obres_autors=paisatge-urba\" class=\"dp-dfg-image-link\" ><img loading=\"lazy\" decoding=\"async\" class=\"dp-dfg-featured-image\" src=\"https:\/\/www.museuemporda.org\/wp-content\/uploads\/2020\/04\/mE-671-250x250.jpg\" alt=\"Paisatge urb\u00e0\" width=\"250\" height=\"250\" data-ratio=\"1\"\/><\/a><\/figure><div class=\"dp-dfg-header entry-header\"><h2 class=\"entry-title\">Paisatge urb\u00e0<\/h2><\/div><div class=\"dp-dfg-custom-content\"><p class=\"dp-dfg-custom-field dp-dfg-cf-autors2\"><span class=\"dp-dfg-custom-field-value\">Josep Amat Pag\u00e8s<\/span><\/p><\/div><\/article><!-- DPDFG End Post Item Container --><article id=\"post-11485\" class=\"dp-dfg-item post-11485 obres_autors type-obres_autors status-publish has-post-thumbnail hentry tipus_tecniques-pintura tecnica_especifica-oli-sobre-tela autors-oleguer-junyent-sans disciplina-pintura \"     data-position=\"98\"   data-new-tab=\"off\"   data-action-priority=\"item\"><figure class=\"dp-dfg-image entry-thumb\"><a href=\"https:\/\/www.museuemporda.org\/?obres_autors=esglesia-2\" class=\"dp-dfg-image-link\" ><img loading=\"lazy\" decoding=\"async\" class=\"dp-dfg-featured-image\" src=\"https:\/\/www.museuemporda.org\/wp-content\/uploads\/2022\/02\/mE-1231-250x250.jpg\" alt=\"Esgl\u00e9sia\" width=\"250\" height=\"250\" data-ratio=\"1\"\/><\/a><\/figure><div class=\"dp-dfg-header entry-header\"><h2 class=\"entry-title\">Esgl\u00e9sia<\/h2><\/div><div class=\"dp-dfg-custom-content\"><p class=\"dp-dfg-custom-field dp-dfg-cf-autors2\"><span class=\"dp-dfg-custom-field-value\">Oleguer Junyent Sans<\/span><\/p><\/div><\/article><!-- DPDFG End Post Item Container --><article id=\"post-13914\" class=\"dp-dfg-item post-13914 obres_autors type-obres_autors status-publish has-post-thumbnail hentry tipus_tecniques-dibuix tecnica_especifica-impressio-digital autors-pep-claparols-i-moret disciplina-dibuix \"     data-position=\"99\"   data-new-tab=\"off\"   data-action-priority=\"item\"><figure class=\"dp-dfg-image entry-thumb\"><a href=\"https:\/\/www.museuemporda.org\/?obres_autors=sense-titol-296\" class=\"dp-dfg-image-link\" ><img loading=\"lazy\" decoding=\"async\" class=\"dp-dfg-featured-image\" src=\"https:\/\/www.museuemporda.org\/wp-content\/uploads\/2023\/06\/ME2658-PEP98-250x250.jpg\" alt=\"Sense t\u00edtol\" width=\"250\" height=\"250\" data-ratio=\"1\"\/><\/a><\/figure><div class=\"dp-dfg-header entry-header\"><h2 class=\"entry-title\">Sense t\u00edtol<\/h2><\/div><div class=\"dp-dfg-custom-content\"><p class=\"dp-dfg-custom-field dp-dfg-cf-autors2\"><span class=\"dp-dfg-custom-field-value\">Pep Claparols i Moret<\/span><\/p><\/div><\/article><!-- DPDFG End Post Item Container --><article id=\"post-13980\" class=\"dp-dfg-item post-13980 obres_autors type-obres_autors status-publish has-post-thumbnail hentry tipus_tecniques-dibuix tecnica_especifica-impressio-digital autors-pep-claparols-i-moret disciplina-dibuix \"     data-position=\"100\"   data-new-tab=\"off\"   data-action-priority=\"item\"><figure class=\"dp-dfg-image entry-thumb\"><a href=\"https:\/\/www.museuemporda.org\/?obres_autors=sense-titol-327\" class=\"dp-dfg-image-link\" ><img loading=\"lazy\" decoding=\"async\" class=\"dp-dfg-featured-image\" src=\"https:\/\/www.museuemporda.org\/wp-content\/uploads\/2023\/06\/ME2689-PEP2000-250x250.jpg\" alt=\"Sense t\u00edtol\" width=\"250\" height=\"250\" data-ratio=\"1\"\/><\/a><\/figure><div class=\"dp-dfg-header entry-header\"><h2 class=\"entry-title\">Sense t\u00edtol<\/h2><\/div><div class=\"dp-dfg-custom-content\"><p class=\"dp-dfg-custom-field dp-dfg-cf-autors2\"><span class=\"dp-dfg-custom-field-value\">Pep Claparols i Moret<\/span><\/p><\/div><\/article><!-- DPDFG End Post Item Container --><article id=\"post-1278\" class=\"dp-dfg-item post-1278 obres_autors type-obres_autors status-publish has-post-thumbnail hentry autors-manel-martinez-hugue \"     data-position=\"101\"   data-new-tab=\"off\"   data-action-priority=\"item\"><figure class=\"dp-dfg-image entry-thumb\"><a href=\"https:\/\/www.museuemporda.org\/?obres_autors=retrat-de-francesc-camps-ribera-2\" class=\"dp-dfg-image-link\" ><img loading=\"lazy\" decoding=\"async\" class=\"dp-dfg-featured-image\" src=\"https:\/\/www.museuemporda.org\/wp-content\/uploads\/2020\/10\/mE-1278-250x250.jpg\" alt=\"Retrat de Francesc Camps Ribera\" width=\"250\" height=\"250\" data-ratio=\"1\"\/><\/a><\/figure><div class=\"dp-dfg-header entry-header\"><h2 class=\"entry-title\">Retrat de Francesc Camps Ribera<\/h2><\/div><div class=\"dp-dfg-custom-content\"><p class=\"dp-dfg-custom-field dp-dfg-cf-autors2\"><span class=\"dp-dfg-custom-field-value\">Manuel Mart\u00ednez Hugu\u00e9<\/span><\/p><\/div><\/article><!-- DPDFG End Post Item Container --><article id=\"post-8250\" class=\"dp-dfg-item post-8250 obres_autors type-obres_autors status-publish has-post-thumbnail hentry tecnica_especifica-oli-sobre-fusta autors-eusebi-de-puig-i-de-conill disciplina-pintura \"     data-position=\"102\"   data-new-tab=\"off\"   data-action-priority=\"item\"><figure class=\"dp-dfg-image entry-thumb\"><a href=\"https:\/\/www.museuemporda.org\/?obres_autors=interior-2\" class=\"dp-dfg-image-link\" ><img loading=\"lazy\" decoding=\"async\" class=\"dp-dfg-featured-image\" src=\"https:\/\/www.museuemporda.org\/wp-content\/uploads\/2021\/08\/mE-733-250x250.jpg\" alt=\"Interior\" width=\"250\" height=\"250\" data-ratio=\"1\"\/><\/a><\/figure><div class=\"dp-dfg-header entry-header\"><h2 class=\"entry-title\">Interior<\/h2><\/div><div class=\"dp-dfg-custom-content\"><p class=\"dp-dfg-custom-field dp-dfg-cf-autors2\"><span class=\"dp-dfg-custom-field-value\">Eusebi de Puig de Conill<\/span><\/p><\/div><\/article><!-- DPDFG End Post Item Container --><article id=\"post-9525\" class=\"dp-dfg-item post-9525 obres_autors type-obres_autors status-publish has-post-thumbnail hentry tipus_tecniques-dibuix tecnica_especifica-dibuix-sobre-paper autors-josep-ministral-agusti disciplina-dibuix \"     data-position=\"103\"   data-new-tab=\"off\"   data-action-priority=\"item\"><figure class=\"dp-dfg-image entry-thumb\"><a href=\"https:\/\/www.museuemporda.org\/?obres_autors=sense-titol-5\" class=\"dp-dfg-image-link\" ><img loading=\"lazy\" decoding=\"async\" class=\"dp-dfg-featured-image\" src=\"https:\/\/www.museuemporda.org\/wp-content\/uploads\/2022\/01\/mE-1634-250x250.jpg\" alt=\"Sense t\u00edtol\" width=\"250\" height=\"250\" data-ratio=\"1\"\/><\/a><\/figure><div class=\"dp-dfg-header entry-header\"><h2 class=\"entry-title\">Sense t\u00edtol<\/h2><\/div><div class=\"dp-dfg-custom-content\"><p class=\"dp-dfg-custom-field dp-dfg-cf-autors2\"><span class=\"dp-dfg-custom-field-value\">Josep Ministral Agust\u00ed<\/span><\/p><\/div><\/article><!-- DPDFG End Post Item Container --><article id=\"post-9232\" class=\"dp-dfg-item post-9232 obres_autors type-obres_autors status-publish has-post-thumbnail hentry tecnica_especifica-pintura-acrilica-sobre-tela autors-gustau-carbo-berthold disciplina-pintura \"     data-position=\"104\"   data-new-tab=\"off\"   data-action-priority=\"item\"><figure class=\"dp-dfg-image entry-thumb\"><a href=\"https:\/\/www.museuemporda.org\/?obres_autors=forma-dintroduccio-de-la-serie-espais\" class=\"dp-dfg-image-link\" ><img loading=\"lazy\" decoding=\"async\" class=\"dp-dfg-featured-image\" src=\"https:\/\/www.museuemporda.org\/wp-content\/uploads\/2021\/11\/mE-2532-250x250.jpg\" alt=\"Forma d\u2019introducci\u00f3, de la s\u00e8rie &#8220;Espais&#8221;\" width=\"250\" height=\"250\" data-ratio=\"1\"\/><\/a><\/figure><div class=\"dp-dfg-header entry-header\"><h2 class=\"entry-title\">Forma d\u2019introducci\u00f3, de la s\u00e8rie &#8220;Espais&#8221;<\/h2><\/div><div class=\"dp-dfg-custom-content\"><p class=\"dp-dfg-custom-field dp-dfg-cf-autors2\"><span class=\"dp-dfg-custom-field-value\">Gustau Carb\u00f3 Berthold<\/span><\/p><\/div><\/article><!-- DPDFG End Post Item Container --><article id=\"post-8063\" class=\"dp-dfg-item post-8063 obres_autors type-obres_autors status-publish has-post-thumbnail hentry tecnica_especifica-carbonet-i-pastel-sobre-paper autors-francesc-serra-castellet disciplina-dibuix \"     data-position=\"105\"   data-new-tab=\"off\"   data-action-priority=\"item\"><figure class=\"dp-dfg-image entry-thumb\"><a href=\"https:\/\/www.museuemporda.org\/?obres_autors=retrat-femeni-2\" class=\"dp-dfg-image-link\" ><img loading=\"lazy\" decoding=\"async\" class=\"dp-dfg-featured-image\" src=\"https:\/\/www.museuemporda.org\/wp-content\/uploads\/2021\/08\/mE-1162-250x250.jpg\" alt=\"Retrat femen\u00ed\" width=\"250\" height=\"250\" data-ratio=\"1\"\/><\/a><\/figure><div class=\"dp-dfg-header entry-header\"><h2 class=\"entry-title\">Retrat femen\u00ed<\/h2><\/div><div class=\"dp-dfg-custom-content\"><p class=\"dp-dfg-custom-field dp-dfg-cf-autors2\"><span class=\"dp-dfg-custom-field-value\">Francesc Serra Castellet<\/span><\/p><\/div><\/article><!-- DPDFG End Post Item Container --><article id=\"post-10764\" class=\"dp-dfg-item post-10764 obres_autors type-obres_autors status-publish has-post-thumbnail hentry tipus_tecniques-dibuix tecnica_especifica-tecnica-mixta-sobre-paper autors-ricard-canals-llambi disciplina-dibuix \"     data-position=\"106\"   data-new-tab=\"off\"   data-action-priority=\"item\"><figure class=\"dp-dfg-image entry-thumb\"><a href=\"https:\/\/www.museuemporda.org\/?obres_autors=dues-dones-2\" class=\"dp-dfg-image-link\" ><img loading=\"lazy\" decoding=\"async\" class=\"dp-dfg-featured-image\" src=\"https:\/\/www.museuemporda.org\/wp-content\/uploads\/2022\/02\/mE-1194-250x250.jpg\" alt=\"Dues dones\" width=\"250\" height=\"250\" data-ratio=\"1\"\/><\/a><\/figure><div class=\"dp-dfg-header entry-header\"><h2 class=\"entry-title\">Dues dones<\/h2><\/div><div class=\"dp-dfg-custom-content\"><p class=\"dp-dfg-custom-field dp-dfg-cf-autors2\"><span class=\"dp-dfg-custom-field-value\">Ricard Canals Llamb\u00ed<\/span><\/p><\/div><\/article><!-- DPDFG End Post Item Container --><article id=\"post-8875\" class=\"dp-dfg-item post-8875 obres_autors type-obres_autors status-publish has-post-thumbnail hentry tecnica_especifica-oli-sobre-tela autors-josep-armet-portanell disciplina-pintura \"     data-position=\"107\"   data-new-tab=\"off\"   data-action-priority=\"item\"><figure class=\"dp-dfg-image entry-thumb\"><a href=\"https:\/\/www.museuemporda.org\/?obres_autors=paisatge-amb-figures\" class=\"dp-dfg-image-link\" ><img loading=\"lazy\" decoding=\"async\" class=\"dp-dfg-featured-image\" src=\"https:\/\/www.museuemporda.org\/wp-content\/uploads\/2021\/11\/mE-660-250x250.jpg\" alt=\"Paisatge amb figures\" width=\"250\" height=\"250\" data-ratio=\"1\"\/><\/a><\/figure><div class=\"dp-dfg-header entry-header\"><h2 class=\"entry-title\">Paisatge amb figures<\/h2><\/div><div class=\"dp-dfg-custom-content\"><p class=\"dp-dfg-custom-field dp-dfg-cf-autors2\"><span class=\"dp-dfg-custom-field-value\">Josep Armet Portanell<\/span><\/p><\/div><\/article><!-- DPDFG End Post Item Container --><article id=\"post-10202\" class=\"dp-dfg-item post-10202 obres_autors type-obres_autors status-publish has-post-thumbnail hentry tipus_tecniques-pintura tecnica_especifica-oli-sobre-fusta autors-marcelli-porta disciplina-pintura \"     data-position=\"108\"   data-new-tab=\"off\"   data-action-priority=\"item\"><figure class=\"dp-dfg-image entry-thumb\"><a href=\"https:\/\/www.museuemporda.org\/?obres_autors=bodego-dun-dia-de-camp\" class=\"dp-dfg-image-link\" ><img loading=\"lazy\" decoding=\"async\" class=\"dp-dfg-featured-image\" src=\"https:\/\/www.museuemporda.org\/wp-content\/uploads\/2022\/01\/mE-1354-250x250.jpg\" alt=\"Bodeg\u00f3 d&#8217;un dia de camp\" width=\"250\" height=\"250\" data-ratio=\"1\"\/><\/a><\/figure><div class=\"dp-dfg-header entry-header\"><h2 class=\"entry-title\">Bodeg\u00f3 d&#8217;un dia de camp<\/h2><\/div><div class=\"dp-dfg-custom-content\"><p class=\"dp-dfg-custom-field dp-dfg-cf-autors2\"><span class=\"dp-dfg-custom-field-value\">Marcel\u00b7l\u00ed Porta<\/span><\/p><\/div><\/article><!-- DPDFG End Post Item Container --><article id=\"post-10613\" class=\"dp-dfg-item post-10613 obres_autors type-obres_autors status-publish has-post-thumbnail hentry tipus_tecniques-pintura tecnica_especifica-pintura-al-fresc-i-al-tremp autors-lanfranco-bombelli-tiravanti disciplina-pintura \"     data-position=\"109\"   data-new-tab=\"off\"   data-action-priority=\"item\"><figure class=\"dp-dfg-image entry-thumb\"><a href=\"https:\/\/www.museuemporda.org\/?obres_autors=cubo-cinque\" class=\"dp-dfg-image-link\" ><img loading=\"lazy\" decoding=\"async\" class=\"dp-dfg-featured-image\" src=\"https:\/\/www.museuemporda.org\/wp-content\/uploads\/2022\/02\/mE-1523-250x250.jpg\" alt=\"Cubo cinque\" width=\"250\" height=\"250\" data-ratio=\"1\"\/><\/a><\/figure><div class=\"dp-dfg-header entry-header\"><h2 class=\"entry-title\">Cubo cinque<\/h2><\/div><div class=\"dp-dfg-custom-content\"><p class=\"dp-dfg-custom-field dp-dfg-cf-autors2\"><span class=\"dp-dfg-custom-field-value\">Lanfranco Bombelli Tiravanti<\/span><\/p><\/div><\/article><!-- DPDFG End Post Item Container --><article id=\"post-10693\" class=\"dp-dfg-item post-10693 obres_autors type-obres_autors status-publish has-post-thumbnail hentry tipus_tecniques-obra-grafica tecnica_especifica-gravat-sobre-paper autors-pompeu-audivert-mir disciplina-obra-grafic \"     data-position=\"110\"   data-new-tab=\"off\"   data-action-priority=\"item\"><figure class=\"dp-dfg-image entry-thumb\"><a href=\"https:\/\/www.museuemporda.org\/?obres_autors=verge-asseguda\" class=\"dp-dfg-image-link\" ><img loading=\"lazy\" decoding=\"async\" class=\"dp-dfg-featured-image\" src=\"https:\/\/www.museuemporda.org\/wp-content\/uploads\/2022\/02\/mE-1285-250x250.jpg\" alt=\"Verge asseguda\" width=\"250\" height=\"250\" data-ratio=\"1\"\/><\/a><\/figure><div class=\"dp-dfg-header entry-header\"><h2 class=\"entry-title\">Verge asseguda<\/h2><\/div><div class=\"dp-dfg-custom-content\"><p class=\"dp-dfg-custom-field dp-dfg-cf-autors2\"><span class=\"dp-dfg-custom-field-value\">Pompeu Audivert Mir<\/span><\/p><\/div><\/article><!-- DPDFG End Post Item Container --><article id=\"post-8678\" class=\"dp-dfg-item post-8678 obres_autors type-obres_autors status-publish has-post-thumbnail hentry autors-autoria-desconeguda disciplina-arqueologia \"     data-position=\"111\"   data-new-tab=\"off\"   data-action-priority=\"item\"><figure class=\"dp-dfg-image entry-thumb\"><a href=\"https:\/\/www.museuemporda.org\/?obres_autors=moneda-5\" class=\"dp-dfg-image-link\" ><img loading=\"lazy\" decoding=\"async\" class=\"dp-dfg-featured-image\" src=\"https:\/\/www.museuemporda.org\/wp-content\/uploads\/2021\/10\/mE-445-250x250.jpg\" alt=\"Moneda\" width=\"250\" height=\"250\" data-ratio=\"1\"\/><\/a><\/figure><div class=\"dp-dfg-header entry-header\"><h2 class=\"entry-title\">Moneda<\/h2><\/div><div class=\"dp-dfg-custom-content\"><p class=\"dp-dfg-custom-field dp-dfg-cf-autors2\"><span class=\"dp-dfg-custom-field-value\">Autoria desconeguda<\/span><\/p><\/div><\/article><!-- DPDFG End Post Item Container --><article id=\"post-6028\" class=\"dp-dfg-item post-6028 obres_autors type-obres_autors status-publish has-post-thumbnail hentry tecnica_especifica-oli-sobre-tela autors-angeles-santos-torroella disciplina-pintura \"     data-position=\"112\"   data-new-tab=\"off\"   data-action-priority=\"item\"><figure class=\"dp-dfg-image entry-thumb\"><a href=\"https:\/\/www.museuemporda.org\/?obres_autors=la-terra\" class=\"dp-dfg-image-link\" ><img loading=\"lazy\" decoding=\"async\" class=\"dp-dfg-featured-image\" src=\"https:\/\/www.museuemporda.org\/wp-content\/uploads\/2020\/04\/mE-1376_2018_The_Mad_Pixel_Factory_resized-250x250.jpg\" alt=\"La Terra\" width=\"250\" height=\"250\" data-ratio=\"1\"\/><\/a><\/figure><div class=\"dp-dfg-header entry-header\"><h2 class=\"entry-title\">La Terra<\/h2><\/div><div class=\"dp-dfg-custom-content\"><p class=\"dp-dfg-custom-field dp-dfg-cf-autors2\"><span class=\"dp-dfg-custom-field-value\">\u00c1ngeles Santos Torroella<\/span><\/p><\/div><\/article><!-- DPDFG End Post Item Container --><article id=\"post-5995\" class=\"dp-dfg-item post-5995 obres_autors type-obres_autors status-publish has-post-thumbnail hentry tecnica_especifica-marbre-blanc autors-llorenc-cairo-sans disciplina-escultura \"     data-position=\"113\"   data-new-tab=\"off\"   data-action-priority=\"item\"><figure class=\"dp-dfg-image entry-thumb\"><a href=\"https:\/\/www.museuemporda.org\/?obres_autors=banyista\" class=\"dp-dfg-image-link\" ><img loading=\"lazy\" decoding=\"async\" class=\"dp-dfg-featured-image\" src=\"https:\/\/www.museuemporda.org\/wp-content\/uploads\/2020\/04\/mE-786-250x250.jpg\" alt=\"Banyista\" width=\"250\" height=\"250\" data-ratio=\"1\"\/><\/a><\/figure><div class=\"dp-dfg-header entry-header\"><h2 class=\"entry-title\">Banyista<\/h2><\/div><div class=\"dp-dfg-custom-content\"><p class=\"dp-dfg-custom-field dp-dfg-cf-autors2\"><span class=\"dp-dfg-custom-field-value\">Lloren\u00e7 Cair\u00f3 Sanchs<\/span><\/p><\/div><\/article><!-- DPDFG End Post Item Container --><article id=\"post-9663\" class=\"dp-dfg-item post-9663 obres_autors type-obres_autors status-publish has-post-thumbnail hentry tipus_tecniques-fotografia tecnica_especifica-fotografia autors-josep-maria-canellas disciplina-fotografia \"     data-position=\"114\"   data-new-tab=\"off\"   data-action-priority=\"item\"><figure class=\"dp-dfg-image entry-thumb\"><a href=\"https:\/\/www.museuemporda.org\/?obres_autors=dona-nua\" class=\"dp-dfg-image-link\" ><img loading=\"lazy\" decoding=\"async\" class=\"dp-dfg-featured-image\" src=\"https:\/\/www.museuemporda.org\/wp-content\/uploads\/2022\/01\/mE-1879-250x250.jpg\" alt=\"Dona nua\" width=\"250\" height=\"250\" data-ratio=\"1\"\/><\/a><\/figure><div class=\"dp-dfg-header entry-header\"><h2 class=\"entry-title\">Dona nua<\/h2><\/div><div class=\"dp-dfg-custom-content\"><p class=\"dp-dfg-custom-field dp-dfg-cf-autors2\"><span class=\"dp-dfg-custom-field-value\">Josep Maria Ca\u00f1ellas<\/span><\/p><\/div><\/article><!-- DPDFG End Post Item Container --><article id=\"post-10206\" class=\"dp-dfg-item post-10206 obres_autors type-obres_autors status-publish has-post-thumbnail hentry tipus_tecniques-pintura tecnica_especifica-pintura-sobre-taula autors-marcelli-porta disciplina-pintura \"     data-position=\"115\"   data-new-tab=\"off\"   data-action-priority=\"item\"><figure class=\"dp-dfg-image entry-thumb\"><a href=\"https:\/\/www.museuemporda.org\/?obres_autors=verge-de-montserrat\" class=\"dp-dfg-image-link\" ><img loading=\"lazy\" decoding=\"async\" class=\"dp-dfg-featured-image\" src=\"https:\/\/www.museuemporda.org\/wp-content\/uploads\/2022\/01\/mE-1356-250x250.jpg\" alt=\"Verge de Montserrat\" width=\"250\" height=\"250\" data-ratio=\"1\"\/><\/a><\/figure><div class=\"dp-dfg-header entry-header\"><h2 class=\"entry-title\">Verge de Montserrat<\/h2><\/div><div class=\"dp-dfg-custom-content\"><p class=\"dp-dfg-custom-field dp-dfg-cf-autors2\"><span class=\"dp-dfg-custom-field-value\">Marcel\u00b7l\u00ed Porta<\/span><\/p><\/div><\/article><!-- DPDFG End Post Item Container --><article id=\"post-8643\" class=\"dp-dfg-item post-8643 obres_autors type-obres_autors status-publish has-post-thumbnail hentry autors-philippe-avila disciplina-fotografia \"     data-position=\"116\"   data-new-tab=\"off\"   data-action-priority=\"item\"><figure class=\"dp-dfg-image entry-thumb\"><a href=\"https:\/\/www.museuemporda.org\/?obres_autors=8643\" class=\"dp-dfg-image-link\" ><img loading=\"lazy\" decoding=\"async\" class=\"dp-dfg-featured-image\" src=\"https:\/\/www.museuemporda.org\/wp-content\/uploads\/2021\/10\/mE-16036-250x250.jpg\" alt=\"Dream wrap (embolcalla somnis)\" width=\"250\" height=\"250\" data-ratio=\"1\"\/><\/a><\/figure><div class=\"dp-dfg-header entry-header\"><h2 class=\"entry-title\">Dream wrap (embolcalla somnis)<\/h2><\/div><div class=\"dp-dfg-custom-content\"><p class=\"dp-dfg-custom-field dp-dfg-cf-autors2\"><span class=\"dp-dfg-custom-field-value\">Philippe \u00c1vila<\/span><\/p><\/div><\/article><!-- DPDFG End Post Item Container --><article id=\"post-5671\" class=\"dp-dfg-item post-5671 obres_autors type-obres_autors status-publish has-post-thumbnail hentry autors-autoria-desconeguda disciplina-arqueologia \"     data-position=\"117\"   data-new-tab=\"off\"   data-action-priority=\"item\"><figure class=\"dp-dfg-image entry-thumb\"><a href=\"https:\/\/www.museuemporda.org\/?obres_autors=pintura-mural\" class=\"dp-dfg-image-link\" ><img loading=\"lazy\" decoding=\"async\" class=\"dp-dfg-featured-image\" src=\"https:\/\/www.museuemporda.org\/wp-content\/uploads\/2020\/10\/mE-43-1-250x250.jpg\" alt=\"Fragment de pintura mural\" width=\"250\" height=\"250\" data-ratio=\"1\"\/><\/a><\/figure><div class=\"dp-dfg-header entry-header\"><h2 class=\"entry-title\">Fragment de pintura mural<\/h2><\/div><div class=\"dp-dfg-custom-content\"><p class=\"dp-dfg-custom-field dp-dfg-cf-autors2\"><span class=\"dp-dfg-custom-field-value\">Autoria desconeguda<\/span><\/p><\/div><\/article><!-- DPDFG End Post Item Container --><article id=\"post-10366\" class=\"dp-dfg-item post-10366 obres_autors type-obres_autors status-publish has-post-thumbnail hentry tipus_tecniques-escultura tecnica_especifica-guix autors-artur-novoa-cabra disciplina-escultura \"     data-position=\"118\"   data-new-tab=\"off\"   data-action-priority=\"item\"><figure class=\"dp-dfg-image entry-thumb\"><a href=\"https:\/\/www.museuemporda.org\/?obres_autors=escut-de-la-familia-neyra-de-gorgot\" class=\"dp-dfg-image-link\" ><img loading=\"lazy\" decoding=\"async\" class=\"dp-dfg-featured-image\" src=\"https:\/\/www.museuemporda.org\/wp-content\/uploads\/2022\/01\/mE-1621-250x250.jpg\" alt=\"Escut de la fam\u00edlia Neyra de Gorgot\" width=\"250\" height=\"250\" data-ratio=\"1\"\/><\/a><\/figure><div class=\"dp-dfg-header entry-header\"><h2 class=\"entry-title\">Escut de la fam\u00edlia Neyra de Gorgot<\/h2><\/div><div class=\"dp-dfg-custom-content\"><p class=\"dp-dfg-custom-field dp-dfg-cf-autors2\"><span class=\"dp-dfg-custom-field-value\">Artur Novoa Cabra<\/span><\/p><\/div><\/article><!-- DPDFG End Post Item Container --><article id=\"post-14217\" class=\"dp-dfg-item post-14217 obres_autors type-obres_autors status-publish has-post-thumbnail hentry tipus_tecniques-obra-grafica tecnica_especifica-impressio-digital autors-joan-antoni-poch disciplina-obra-grafic \"     data-position=\"119\"   data-new-tab=\"off\"   data-action-priority=\"item\"><figure class=\"dp-dfg-image entry-thumb\"><a href=\"https:\/\/www.museuemporda.org\/?obres_autors=sense-titol-434\" class=\"dp-dfg-image-link\" ><img loading=\"lazy\" decoding=\"async\" class=\"dp-dfg-featured-image\" src=\"https:\/\/www.museuemporda.org\/wp-content\/uploads\/2023\/07\/ME2819-JAP-250x250.jpg\" alt=\"Sense t\u00edtol\" width=\"250\" height=\"250\" data-ratio=\"1\"\/><\/a><\/figure><div class=\"dp-dfg-header entry-header\"><h2 class=\"entry-title\">Sense t\u00edtol<\/h2><\/div><div class=\"dp-dfg-custom-content\"><p class=\"dp-dfg-custom-field dp-dfg-cf-autors2\"><span class=\"dp-dfg-custom-field-value\">Joan Antoni Poch<\/span><\/p><\/div><\/article><!-- DPDFG End Post Item Container --><article id=\"post-10795\" class=\"dp-dfg-item post-10795 obres_autors type-obres_autors status-publish has-post-thumbnail hentry tipus_tecniques-pintura tecnica_especifica-aquarella autors-josep-amat-pages disciplina-pintura \"     data-position=\"120\"   data-new-tab=\"off\"   data-action-priority=\"item\"><figure class=\"dp-dfg-image entry-thumb\"><a href=\"https:\/\/www.museuemporda.org\/?obres_autors=paisatge-urba-de-sant-feliu-de-guixols-2\" class=\"dp-dfg-image-link\" ><img loading=\"lazy\" decoding=\"async\" class=\"dp-dfg-featured-image\" src=\"https:\/\/www.museuemporda.org\/wp-content\/uploads\/2022\/02\/mE-1098-250x250.jpg\" alt=\"Paisatge urb\u00e0 de Sant Feliu de Gu\u00edxols\" width=\"250\" height=\"250\" data-ratio=\"1\"\/><\/a><\/figure><div class=\"dp-dfg-header entry-header\"><h2 class=\"entry-title\">Paisatge urb\u00e0 de Sant Feliu de Gu\u00edxols<\/h2><\/div><div class=\"dp-dfg-custom-content\"><p class=\"dp-dfg-custom-field dp-dfg-cf-autors2\"><span class=\"dp-dfg-custom-field-value\">Josep Amat Pag\u00e8s<\/span><\/p><\/div><\/article><!-- DPDFG End Post Item Container --><article id=\"post-10539\" class=\"dp-dfg-item post-10539 obres_autors type-obres_autors status-publish has-post-thumbnail hentry tipus_tecniques-pintura tecnica_especifica-tecnica-mixta-sobre-paper autors-joan-felip-vila disciplina-pintura \"     data-position=\"121\"   data-new-tab=\"off\"   data-action-priority=\"item\"><figure class=\"dp-dfg-image entry-thumb\"><a href=\"https:\/\/www.museuemporda.org\/?obres_autors=autoretrat-9\" class=\"dp-dfg-image-link\" ><img loading=\"lazy\" decoding=\"async\" class=\"dp-dfg-featured-image\" src=\"https:\/\/www.museuemporda.org\/wp-content\/uploads\/2022\/02\/mE-2290-250x250.jpg\" alt=\"Autoretrat\" width=\"250\" height=\"250\" data-ratio=\"1\"\/><\/a><\/figure><div class=\"dp-dfg-header entry-header\"><h2 class=\"entry-title\">Autoretrat<\/h2><\/div><div class=\"dp-dfg-custom-content\"><p class=\"dp-dfg-custom-field dp-dfg-cf-autors2\"><span class=\"dp-dfg-custom-field-value\">Joan Felip Vil\u00e0<\/span><\/p><\/div><\/article><!-- DPDFG End Post Item Container --><article id=\"post-11407\" class=\"dp-dfg-item post-11407 obres_autors type-obres_autors status-publish has-post-thumbnail hentry tipus_tecniques-dibuix tecnica_especifica-dibuix-sobre-paper autors-jose-gironella disciplina-dibuix \"     data-position=\"122\"   data-new-tab=\"off\"   data-action-priority=\"item\"><figure class=\"dp-dfg-image entry-thumb\"><a href=\"https:\/\/www.museuemporda.org\/?obres_autors=sense-titol-126\" class=\"dp-dfg-image-link\" ><img loading=\"lazy\" decoding=\"async\" class=\"dp-dfg-featured-image\" src=\"https:\/\/www.museuemporda.org\/wp-content\/uploads\/2022\/02\/mE-2063-250x250.jpg\" alt=\"Sense t\u00edtol\" width=\"250\" height=\"250\" data-ratio=\"1\"\/><\/a><\/figure><div class=\"dp-dfg-header entry-header\"><h2 class=\"entry-title\">Sense t\u00edtol<\/h2><\/div><div class=\"dp-dfg-custom-content\"><p class=\"dp-dfg-custom-field dp-dfg-cf-autors2\"><span class=\"dp-dfg-custom-field-value\">Jos\u00e9 Gironella<\/span><\/p><\/div><\/article><!-- DPDFG End Post Item Container --><article id=\"post-8832\" class=\"dp-dfg-item post-8832 obres_autors type-obres_autors status-publish has-post-thumbnail hentry tecnica_especifica-oli-sobre-tela autors-escola-valenciana disciplina-pintura \"     data-position=\"123\"   data-new-tab=\"off\"   data-action-priority=\"item\"><figure class=\"dp-dfg-image entry-thumb\"><a href=\"https:\/\/www.museuemporda.org\/?obres_autors=calvari-3\" class=\"dp-dfg-image-link\" ><img loading=\"lazy\" decoding=\"async\" class=\"dp-dfg-featured-image\" src=\"https:\/\/www.museuemporda.org\/wp-content\/uploads\/2021\/10\/mE-1187-250x250.jpg\" alt=\"Calvari\" width=\"250\" height=\"250\" data-ratio=\"1\"\/><\/a><\/figure><div class=\"dp-dfg-header entry-header\"><h2 class=\"entry-title\">Calvari<\/h2><\/div><div class=\"dp-dfg-custom-content\"><p class=\"dp-dfg-custom-field dp-dfg-cf-autors2\"><span class=\"dp-dfg-custom-field-value\">Escola valenciana<\/span><\/p><\/div><\/article><!-- DPDFG End Post Item Container --><article id=\"post-14197\" class=\"dp-dfg-item post-14197 obres_autors type-obres_autors status-publish has-post-thumbnail hentry tipus_tecniques-obra-grafica tecnica_especifica-impressio-digital autors-joan-antoni-poch disciplina-obra-grafic \"     data-position=\"124\"   data-new-tab=\"off\"   data-action-priority=\"item\"><figure class=\"dp-dfg-image entry-thumb\"><a href=\"https:\/\/www.museuemporda.org\/?obres_autors=sense-titol-424\" class=\"dp-dfg-image-link\" ><img loading=\"lazy\" decoding=\"async\" class=\"dp-dfg-featured-image\" src=\"https:\/\/www.museuemporda.org\/wp-content\/uploads\/2023\/07\/ME2809-JAP-250x250.jpg\" alt=\"Sense t\u00edtol\" width=\"250\" height=\"250\" data-ratio=\"1\"\/><\/a><\/figure><div class=\"dp-dfg-header entry-header\"><h2 class=\"entry-title\">Sense t\u00edtol<\/h2><\/div><div class=\"dp-dfg-custom-content\"><p class=\"dp-dfg-custom-field dp-dfg-cf-autors2\"><span class=\"dp-dfg-custom-field-value\">Joan Antoni Poch<\/span><\/p><\/div><\/article><!-- DPDFG End Post Item Container --><article id=\"post-10114\" class=\"dp-dfg-item post-10114 obres_autors type-obres_autors status-publish has-post-thumbnail hentry tipus_tecniques-obra-grafica tecnica_especifica-tecnica-mixta autors-rosa-brugat-batlle disciplina-obra-grafic \"     data-position=\"125\"   data-new-tab=\"off\"   data-action-priority=\"item\"><figure class=\"dp-dfg-image entry-thumb\"><a href=\"https:\/\/www.museuemporda.org\/?obres_autors=magrana\" class=\"dp-dfg-image-link\" ><img loading=\"lazy\" decoding=\"async\" class=\"dp-dfg-featured-image\" src=\"https:\/\/www.museuemporda.org\/wp-content\/uploads\/2022\/01\/mE-1629-250x250.jpg\" alt=\"Magrana\" width=\"250\" height=\"250\" data-ratio=\"1\"\/><\/a><\/figure><div class=\"dp-dfg-header entry-header\"><h2 class=\"entry-title\">Magrana<\/h2><\/div><div class=\"dp-dfg-custom-content\"><p class=\"dp-dfg-custom-field dp-dfg-cf-autors2\"><span class=\"dp-dfg-custom-field-value\">Rosa Brugat Batlle<\/span><\/p><\/div><\/article><!-- DPDFG End Post Item Container --><article id=\"post-13846\" class=\"dp-dfg-item post-13846 obres_autors type-obres_autors status-publish has-post-thumbnail hentry tipus_tecniques-dibuix tecnica_especifica-impressio-digital autors-lluis-puigbert disciplina-obra-grafic \"     data-position=\"126\"   data-new-tab=\"off\"   data-action-priority=\"item\"><figure class=\"dp-dfg-image entry-thumb\"><a href=\"https:\/\/www.museuemporda.org\/?obres_autors=sense-titol-267\" class=\"dp-dfg-image-link\" ><img loading=\"lazy\" decoding=\"async\" class=\"dp-dfg-featured-image\" src=\"https:\/\/www.museuemporda.org\/wp-content\/uploads\/2023\/06\/ME2629-SID-PUIGBERT15-250x250.jpg\" alt=\"Sense t\u00edtol\" width=\"250\" height=\"250\" data-ratio=\"1\"\/><\/a><\/figure><div class=\"dp-dfg-header entry-header\"><h2 class=\"entry-title\">Sense t\u00edtol<\/h2><\/div><div class=\"dp-dfg-custom-content\"><p class=\"dp-dfg-custom-field dp-dfg-cf-autors2\"><span class=\"dp-dfg-custom-field-value\">Llu\u00eds Puigbert<\/span><\/p><\/div><\/article><!-- DPDFG End Post Item Container --><article id=\"post-10990\" class=\"dp-dfg-item post-10990 obres_autors type-obres_autors status-publish has-post-thumbnail hentry tipus_tecniques-obra-grafica tecnica_especifica-gravat autors-blai-ametller-rotllan disciplina-obra-grafic \"     data-position=\"127\"   data-new-tab=\"off\"   data-action-priority=\"item\"><figure class=\"dp-dfg-image entry-thumb\"><a href=\"https:\/\/www.museuemporda.org\/?obres_autors=sense-titol-100\" class=\"dp-dfg-image-link\" ><img loading=\"lazy\" decoding=\"async\" class=\"dp-dfg-featured-image\" src=\"https:\/\/www.museuemporda.org\/wp-content\/uploads\/2022\/02\/mE-2001-250x250.jpg\" alt=\"Sense t\u00edtol\" width=\"250\" height=\"250\" data-ratio=\"1\"\/><\/a><\/figure><div class=\"dp-dfg-header entry-header\"><h2 class=\"entry-title\">Sense t\u00edtol<\/h2><\/div><div class=\"dp-dfg-custom-content\"><p class=\"dp-dfg-custom-field dp-dfg-cf-autors2\"><span class=\"dp-dfg-custom-field-value\">Blai Ametller Rotllan<\/span><\/p><\/div><\/article><!-- DPDFG End Post Item Container --><article id=\"post-14373\" class=\"dp-dfg-item post-14373 obres_autors type-obres_autors status-publish has-post-thumbnail hentry tipus_tecniques-dibuix tecnica_especifica-tinta-sobre-paper autors-pep-claparols-i-moret disciplina-dibuix \"     data-position=\"128\"   data-new-tab=\"off\"   data-action-priority=\"item\"><figure class=\"dp-dfg-image entry-thumb\"><a href=\"https:\/\/www.museuemporda.org\/?obres_autors=sense-titol-505\" class=\"dp-dfg-image-link\" ><img loading=\"lazy\" decoding=\"async\" class=\"dp-dfg-featured-image\" src=\"https:\/\/www.museuemporda.org\/wp-content\/uploads\/2023\/07\/ME2893-PEP-250x250.jpg\" alt=\"Sense t\u00edtol\" width=\"250\" height=\"250\" data-ratio=\"1\"\/><\/a><\/figure><div class=\"dp-dfg-header entry-header\"><h2 class=\"entry-title\">Sense t\u00edtol<\/h2><\/div><div class=\"dp-dfg-custom-content\"><p class=\"dp-dfg-custom-field dp-dfg-cf-autors2\"><span class=\"dp-dfg-custom-field-value\">Pep Claparols i Moret<\/span><\/p><\/div><\/article><!-- DPDFG End Post Item Container --><article id=\"post-10834\" class=\"dp-dfg-item post-10834 obres_autors type-obres_autors status-publish has-post-thumbnail hentry tipus_tecniques-dibuix tecnica_especifica-llapis-carbo-sobre-paper autors-josep-lluis-pellicer-fenye disciplina-dibuix \"     data-position=\"129\"   data-new-tab=\"off\"   data-action-priority=\"item\"><figure class=\"dp-dfg-image entry-thumb\"><a href=\"https:\/\/www.museuemporda.org\/?obres_autors=quarantena-en-el-llatzeret-del-perthus-un-quarantenari\" class=\"dp-dfg-image-link\" ><img loading=\"lazy\" decoding=\"async\" class=\"dp-dfg-featured-image\" src=\"https:\/\/www.museuemporda.org\/wp-content\/uploads\/2022\/02\/mE-1542-250x250.jpg\" alt=\"Quarantena en el llatzeret del Perthus; Un quarantenari\" width=\"250\" height=\"250\" data-ratio=\"1\"\/><\/a><\/figure><div class=\"dp-dfg-header entry-header\"><h2 class=\"entry-title\">Quarantena en el llatzeret del Perthus; Un quarantenari<\/h2><\/div><div class=\"dp-dfg-custom-content\"><p class=\"dp-dfg-custom-field dp-dfg-cf-autors2\"><span class=\"dp-dfg-custom-field-value\">Josep Llu\u00eds Pellicer Feny\u00e9<\/span><\/p><\/div><\/article><!-- DPDFG End Post Item Container --><article id=\"post-9503\" class=\"dp-dfg-item post-9503 obres_autors type-obres_autors status-publish has-post-thumbnail hentry tipus_tecniques-pintura tecnica_especifica-oli-sobre-tela autors-maria-llavanera-miralles disciplina-pintura \"     data-position=\"130\"   data-new-tab=\"off\"   data-action-priority=\"item\"><figure class=\"dp-dfg-image entry-thumb\"><a href=\"https:\/\/www.museuemporda.org\/?obres_autors=paisatge-39\" class=\"dp-dfg-image-link\" ><img loading=\"lazy\" decoding=\"async\" class=\"dp-dfg-featured-image\" src=\"https:\/\/www.museuemporda.org\/wp-content\/uploads\/2022\/01\/mE-1948-250x250.jpg\" alt=\"Paisatge\" width=\"250\" height=\"250\" data-ratio=\"1\"\/><\/a><\/figure><div class=\"dp-dfg-header entry-header\"><h2 class=\"entry-title\">Paisatge<\/h2><\/div><div class=\"dp-dfg-custom-content\"><p class=\"dp-dfg-custom-field dp-dfg-cf-autors2\"><span class=\"dp-dfg-custom-field-value\">Mari\u00e0 Llavanera Miralles<\/span><\/p><\/div><\/article><!-- DPDFG End Post Item Container --><article id=\"post-13743\" class=\"dp-dfg-item post-13743 obres_autors type-obres_autors status-publish has-post-thumbnail hentry tipus_tecniques-dibuix tecnica_especifica-tinta-sobre-paper autors-enric-pujol disciplina-dibuix \"     data-position=\"131\"   data-new-tab=\"off\"   data-action-priority=\"item\"><figure class=\"dp-dfg-image entry-thumb\"><a href=\"https:\/\/www.museuemporda.org\/?obres_autors=sense-titol-216\" class=\"dp-dfg-image-link\" ><img loading=\"lazy\" decoding=\"async\" class=\"dp-dfg-featured-image\" src=\"https:\/\/www.museuemporda.org\/wp-content\/uploads\/2023\/06\/ME2578-PUJOL13-250x250.jpg\" alt=\"Sense t\u00edtol\" width=\"250\" height=\"250\" data-ratio=\"1\"\/><\/a><\/figure><div class=\"dp-dfg-header entry-header\"><h2 class=\"entry-title\">Sense t\u00edtol<\/h2><\/div><div class=\"dp-dfg-custom-content\"><p class=\"dp-dfg-custom-field dp-dfg-cf-autors2\"><span class=\"dp-dfg-custom-field-value\">Enric Pujol<\/span><\/p><\/div><\/article><!-- DPDFG End Post Item Container --><article id=\"post-9054\" class=\"dp-dfg-item post-9054 obres_autors type-obres_autors status-publish has-post-thumbnail hentry tipus_tecniques-pedra autors-lluis-albert-de-puig disciplina-escultura \"     data-position=\"132\"   data-new-tab=\"off\"   data-action-priority=\"item\"><figure class=\"dp-dfg-image entry-thumb\"><a href=\"https:\/\/www.museuemporda.org\/?obres_autors=el-pastor-i-la-sirena\" class=\"dp-dfg-image-link\" ><img loading=\"lazy\" decoding=\"async\" class=\"dp-dfg-featured-image\" src=\"https:\/\/www.museuemporda.org\/wp-content\/uploads\/2021\/11\/mE-1678-250x250.jpg\" alt=\"El pastor i la sirena\" width=\"250\" height=\"250\" data-ratio=\"1\"\/><\/a><\/figure><div class=\"dp-dfg-header entry-header\"><h2 class=\"entry-title\">El pastor i la sirena<\/h2><\/div><div class=\"dp-dfg-custom-content\"><p class=\"dp-dfg-custom-field dp-dfg-cf-autors2\"><span class=\"dp-dfg-custom-field-value\">Llu\u00eds Albert de Puig<\/span><\/p><\/div><\/article><!-- DPDFG End Post Item Container --><article id=\"post-8108\" class=\"dp-dfg-item post-8108 obres_autors type-obres_autors status-publish has-post-thumbnail hentry tecnica_especifica-tecnica-mixta-sobre-fusta autors-bartomeu-massot-guillamet disciplina-pintura \"     data-position=\"133\"   data-new-tab=\"off\"   data-action-priority=\"item\"><figure class=\"dp-dfg-image entry-thumb\"><a href=\"https:\/\/www.museuemporda.org\/?obres_autors=espectres-de-lespai\" class=\"dp-dfg-image-link\" ><img loading=\"lazy\" decoding=\"async\" class=\"dp-dfg-featured-image\" src=\"https:\/\/www.museuemporda.org\/wp-content\/uploads\/2021\/08\/mE-785_2018_The_Mad_Pixel_Factory-250x250.jpg\" alt=\"Espectres de l&#8217;espai\" width=\"250\" height=\"250\" data-ratio=\"1\"\/><\/a><\/figure><div class=\"dp-dfg-header entry-header\"><h2 class=\"entry-title\">Espectres de l&#8217;espai<\/h2><\/div><div class=\"dp-dfg-custom-content\"><p class=\"dp-dfg-custom-field dp-dfg-cf-autors2\"><span class=\"dp-dfg-custom-field-value\">Bartomeu Massot Guillamet<\/span><\/p><\/div><\/article><!-- DPDFG End Post Item Container --><article id=\"post-9482\" class=\"dp-dfg-item post-9482 obres_autors type-obres_autors status-publish has-post-thumbnail hentry tipus_tecniques-dibuix tecnica_especifica-dibuix-sobre-paper autors-ricard-canals-llambi disciplina-dibuix \"     data-position=\"134\"   data-new-tab=\"off\"   data-action-priority=\"item\"><figure class=\"dp-dfg-image entry-thumb\"><a href=\"https:\/\/www.museuemporda.org\/?obres_autors=dues-dones\" class=\"dp-dfg-image-link\" ><img loading=\"lazy\" decoding=\"async\" class=\"dp-dfg-featured-image\" src=\"https:\/\/www.museuemporda.org\/wp-content\/uploads\/2022\/01\/mE-1192-250x250.jpg\" alt=\"Dues dones\" width=\"250\" height=\"250\" data-ratio=\"1\"\/><\/a><\/figure><div class=\"dp-dfg-header entry-header\"><h2 class=\"entry-title\">Dues dones<\/h2><\/div><div class=\"dp-dfg-custom-content\"><p class=\"dp-dfg-custom-field dp-dfg-cf-autors2\"><span class=\"dp-dfg-custom-field-value\">Ricard Canals Llamb\u00ed<\/span><\/p><\/div><\/article><!-- DPDFG End Post Item Container --><article id=\"post-10470\" class=\"dp-dfg-item post-10470 obres_autors type-obres_autors status-publish has-post-thumbnail hentry tipus_tecniques-pintura tecnica_especifica-aquarella autors-josep-maria-martinez-lozano disciplina-pintura \"     data-position=\"135\"   data-new-tab=\"off\"   data-action-priority=\"item\"><figure class=\"dp-dfg-image entry-thumb\"><a href=\"https:\/\/www.museuemporda.org\/?obres_autors=paisatge-urba-de-figueres\" class=\"dp-dfg-image-link\" ><img loading=\"lazy\" decoding=\"async\" class=\"dp-dfg-featured-image\" src=\"https:\/\/www.museuemporda.org\/wp-content\/uploads\/2022\/01\/mE-1066-modificat-250x250.jpg\" alt=\"Paisatge urb\u00e0 de Figueres\" width=\"250\" height=\"250\" data-ratio=\"1\"\/><\/a><\/figure><div class=\"dp-dfg-header entry-header\"><h2 class=\"entry-title\">Paisatge urb\u00e0 de Figueres<\/h2><\/div><div class=\"dp-dfg-custom-content\"><p class=\"dp-dfg-custom-field dp-dfg-cf-autors2\"><span class=\"dp-dfg-custom-field-value\">Josep Maria Mart\u00ednez Lozano<\/span><\/p><\/div><\/article><!-- DPDFG End Post Item Container --><article id=\"post-5984\" class=\"dp-dfg-item post-5984 obres_autors type-obres_autors status-publish has-post-thumbnail hentry tecnica_especifica-oli-sobre-tela autors-ramon-pujol-boira disciplina-pintura \"     data-position=\"136\"   data-new-tab=\"off\"   data-action-priority=\"item\"><figure class=\"dp-dfg-image entry-thumb\"><a href=\"https:\/\/www.museuemporda.org\/?obres_autors=tramuntana-de-la-serie-suite-figarias\" class=\"dp-dfg-image-link\" ><img loading=\"lazy\" decoding=\"async\" class=\"dp-dfg-featured-image\" src=\"https:\/\/www.museuemporda.org\/wp-content\/uploads\/2020\/04\/mE-770-250x250.jpg\" alt=\"Tramuntana [de la s\u00e8rie &#8220;Suite Figarias&#8221;]\" width=\"250\" height=\"250\" data-ratio=\"1\"\/><\/a><\/figure><div class=\"dp-dfg-header entry-header\"><h2 class=\"entry-title\">Tramuntana [de la s\u00e8rie &#8220;Suite Figarias&#8221;]<\/h2><\/div><div class=\"dp-dfg-custom-content\"><p class=\"dp-dfg-custom-field dp-dfg-cf-autors2\"><span class=\"dp-dfg-custom-field-value\">Ramon Pujol Boira<\/span><\/p><\/div><\/article><!-- DPDFG End Post Item Container --><article id=\"post-10961\" class=\"dp-dfg-item post-10961 obres_autors type-obres_autors status-publish has-post-thumbnail hentry tipus_tecniques-pintura tecnica_especifica-oli-sobre-tela autors-montserrat-aleix disciplina-pintura \"     data-position=\"137\"   data-new-tab=\"off\"   data-action-priority=\"item\"><figure class=\"dp-dfg-image entry-thumb\"><a href=\"https:\/\/www.museuemporda.org\/?obres_autors=hivern-nevat\" class=\"dp-dfg-image-link\" ><img loading=\"lazy\" decoding=\"async\" class=\"dp-dfg-featured-image\" src=\"https:\/\/www.museuemporda.org\/wp-content\/uploads\/2022\/02\/mE-1281-250x250.jpg\" alt=\"Hivern nevat\" width=\"250\" height=\"250\" data-ratio=\"1\"\/><\/a><\/figure><div class=\"dp-dfg-header entry-header\"><h2 class=\"entry-title\">Hivern nevat<\/h2><\/div><div class=\"dp-dfg-custom-content\"><p class=\"dp-dfg-custom-field dp-dfg-cf-autors2\"><span class=\"dp-dfg-custom-field-value\">Montserrat Aleix<\/span><\/p><\/div><\/article><!-- DPDFG End Post Item Container --><article id=\"post-11400\" class=\"dp-dfg-item post-11400 obres_autors type-obres_autors status-publish has-post-thumbnail hentry tipus_tecniques-dibuix tecnica_especifica-dibuix-sobre-paper autors-justo-gibert disciplina-dibuix \"     data-position=\"138\"   data-new-tab=\"off\"   data-action-priority=\"item\"><figure class=\"dp-dfg-image entry-thumb\"><a href=\"https:\/\/www.museuemporda.org\/?obres_autors=sense-titol-125\" class=\"dp-dfg-image-link\" ><img loading=\"lazy\" decoding=\"async\" class=\"dp-dfg-featured-image\" src=\"https:\/\/www.museuemporda.org\/wp-content\/uploads\/2022\/02\/mE-2087-250x250.jpg\" alt=\"Sense t\u00edtol\" width=\"250\" height=\"250\" data-ratio=\"1\"\/><\/a><\/figure><div class=\"dp-dfg-header entry-header\"><h2 class=\"entry-title\">Sense t\u00edtol<\/h2><\/div><div class=\"dp-dfg-custom-content\"><p class=\"dp-dfg-custom-field dp-dfg-cf-autors2\"><span class=\"dp-dfg-custom-field-value\">Justo Gibert<\/span><\/p><\/div><\/article><!-- DPDFG End Post Item Container --><article id=\"post-9491\" class=\"dp-dfg-item post-9491 obres_autors type-obres_autors status-publish has-post-thumbnail hentry tipus_tecniques-dibuix tecnica_especifica-dibuix-sobre-paper autors-ricard-canals-llambi disciplina-dibuix \"     data-position=\"139\"   data-new-tab=\"off\"   data-action-priority=\"item\"><figure class=\"dp-dfg-image entry-thumb\"><a href=\"https:\/\/www.museuemporda.org\/?obres_autors=figura-femenin\" class=\"dp-dfg-image-link\" ><img loading=\"lazy\" decoding=\"async\" class=\"dp-dfg-featured-image\" src=\"https:\/\/www.museuemporda.org\/wp-content\/uploads\/2022\/01\/mE-1199-250x250.jpg\" alt=\"Figura femenin\" width=\"250\" height=\"250\" data-ratio=\"1\"\/><\/a><\/figure><div class=\"dp-dfg-header entry-header\"><h2 class=\"entry-title\">Figura femenin<\/h2><\/div><div class=\"dp-dfg-custom-content\"><p class=\"dp-dfg-custom-field dp-dfg-cf-autors2\"><span class=\"dp-dfg-custom-field-value\">Ricard Canals Llamb\u00ed<\/span><\/p><\/div><\/article><!-- DPDFG End Post Item Container --><article id=\"post-5954\" class=\"dp-dfg-item post-5954 obres_autors type-obres_autors status-publish has-post-thumbnail hentry autors-eudald-de-juana disciplina-escultura \"     data-position=\"140\"   data-new-tab=\"off\"   data-action-priority=\"item\"><figure class=\"dp-dfg-image entry-thumb\"><a href=\"https:\/\/www.museuemporda.org\/?obres_autors=meteor\" class=\"dp-dfg-image-link\" ><img loading=\"lazy\" decoding=\"async\" class=\"dp-dfg-featured-image\" src=\"https:\/\/www.museuemporda.org\/wp-content\/uploads\/2020\/10\/mE-2525-250x250.jpg\" alt=\"Meteor\" width=\"250\" height=\"250\" data-ratio=\"1\"\/><\/a><\/figure><div class=\"dp-dfg-header entry-header\"><h2 class=\"entry-title\">Meteor<\/h2><\/div><div class=\"dp-dfg-custom-content\"><p class=\"dp-dfg-custom-field dp-dfg-cf-autors2\"><span class=\"dp-dfg-custom-field-value\">Eudald de Juana<\/span><\/p><\/div><\/article><!-- DPDFG End Post Item Container --><article id=\"post-9078\" class=\"dp-dfg-item post-9078 obres_autors type-obres_autors status-publish has-post-thumbnail hentry tecnica_especifica-pedra-basaltica autors-autoria-desconeguda disciplina-arqueologia \"     data-position=\"141\"   data-new-tab=\"off\"   data-action-priority=\"item\"><figure class=\"dp-dfg-image entry-thumb\"><a href=\"https:\/\/www.museuemporda.org\/?obres_autors=fragment-de-pedra-de-moli\" class=\"dp-dfg-image-link\" ><img loading=\"lazy\" decoding=\"async\" class=\"dp-dfg-featured-image\" src=\"https:\/\/www.museuemporda.org\/wp-content\/uploads\/2021\/11\/mE-47-250x250.jpg\" alt=\"Fragment de pedra de mol\u00ed\" width=\"250\" height=\"250\" data-ratio=\"1\"\/><\/a><\/figure><div class=\"dp-dfg-header entry-header\"><h2 class=\"entry-title\">Fragment de pedra de mol\u00ed<\/h2><\/div><div class=\"dp-dfg-custom-content\"><p class=\"dp-dfg-custom-field dp-dfg-cf-autors2\"><span class=\"dp-dfg-custom-field-value\">Autoria desconeguda<\/span><\/p><\/div><\/article><!-- DPDFG End Post Item Container --><article id=\"post-8600\" class=\"dp-dfg-item post-8600 obres_autors type-obres_autors status-publish has-post-thumbnail hentry autors-philippe-avila disciplina-fotografia \"     data-position=\"142\"   data-new-tab=\"off\"   data-action-priority=\"item\"><figure class=\"dp-dfg-image entry-thumb\"><a href=\"https:\/\/www.museuemporda.org\/?obres_autors=dream-wrap-embolcalla-somnis\" class=\"dp-dfg-image-link\" ><img loading=\"lazy\" decoding=\"async\" class=\"dp-dfg-featured-image\" src=\"https:\/\/www.museuemporda.org\/wp-content\/uploads\/2021\/10\/mE-16031-250x250.jpg\" alt=\"Dream wrap (embolcalla somnis)\" width=\"250\" height=\"250\" data-ratio=\"1\"\/><\/a><\/figure><div class=\"dp-dfg-header entry-header\"><h2 class=\"entry-title\">Dream wrap (embolcalla somnis)<\/h2><\/div><div class=\"dp-dfg-custom-content\"><p class=\"dp-dfg-custom-field dp-dfg-cf-autors2\"><span class=\"dp-dfg-custom-field-value\">Philippe \u00c1vila<\/span><\/p><\/div><\/article><!-- DPDFG End Post Item Container --><article id=\"post-10116\" class=\"dp-dfg-item post-10116 obres_autors type-obres_autors status-publish has-post-thumbnail hentry tipus_tecniques-obra-grafica tecnica_especifica-tecnica-mixta autors-rosa-brugat-batlle disciplina-obra-grafic \"     data-position=\"143\"   data-new-tab=\"off\"   data-action-priority=\"item\"><figure class=\"dp-dfg-image entry-thumb\"><a href=\"https:\/\/www.museuemporda.org\/?obres_autors=maduixa\" class=\"dp-dfg-image-link\" ><img loading=\"lazy\" decoding=\"async\" class=\"dp-dfg-featured-image\" src=\"https:\/\/www.museuemporda.org\/wp-content\/uploads\/2022\/01\/mE-1630-250x250.jpg\" alt=\"Maduixa\" width=\"250\" height=\"250\" data-ratio=\"1\"\/><\/a><\/figure><div class=\"dp-dfg-header entry-header\"><h2 class=\"entry-title\">Maduixa<\/h2><\/div><div class=\"dp-dfg-custom-content\"><p class=\"dp-dfg-custom-field dp-dfg-cf-autors2\"><span class=\"dp-dfg-custom-field-value\">Rosa Brugat Batlle<\/span><\/p><\/div><\/article><!-- DPDFG End Post Item Container --><article id=\"post-5806\" class=\"dp-dfg-item post-5806 obres_autors type-obres_autors status-publish has-post-thumbnail hentry tecnica_especifica-oli-sobre-tela autors-carlos-de-haes disciplina-pintura \"     data-position=\"144\"   data-new-tab=\"off\"   data-action-priority=\"item\"><figure class=\"dp-dfg-image entry-thumb\"><a href=\"https:\/\/www.museuemporda.org\/?obres_autors=el-sena-rouen\" class=\"dp-dfg-image-link\" ><img loading=\"lazy\" decoding=\"async\" class=\"dp-dfg-featured-image\" src=\"https:\/\/www.museuemporda.org\/wp-content\/uploads\/2020\/04\/mE-1185-250x250.jpg\" alt=\"El Sena (Rouen)\" width=\"250\" height=\"250\" data-ratio=\"1\"\/><\/a><\/figure><div class=\"dp-dfg-header entry-header\"><h2 class=\"entry-title\">El Sena (Rouen)<\/h2><\/div><div class=\"dp-dfg-custom-content\"><p class=\"dp-dfg-custom-field dp-dfg-cf-autors2\"><span class=\"dp-dfg-custom-field-value\">Carlos de Haes<\/span><\/p><\/div><\/article><!-- DPDFG End Post Item Container --><article id=\"post-14071\" class=\"dp-dfg-item post-14071 obres_autors type-obres_autors status-publish has-post-thumbnail hentry tipus_tecniques-dibuix tecnica_especifica-impressio-digital autors-carles-roman disciplina-dibuix \"     data-position=\"145\"   data-new-tab=\"off\"   data-action-priority=\"item\"><figure class=\"dp-dfg-image entry-thumb\"><a href=\"https:\/\/www.museuemporda.org\/?obres_autors=sense-titol-366\" class=\"dp-dfg-image-link\" ><img loading=\"lazy\" decoding=\"async\" class=\"dp-dfg-featured-image\" src=\"https:\/\/www.museuemporda.org\/wp-content\/uploads\/2023\/06\/ME2730-ROMAN-250x250.jpg\" alt=\"Sense t\u00edtol\" width=\"250\" height=\"250\" data-ratio=\"1\"\/><\/a><\/figure><div class=\"dp-dfg-header entry-header\"><h2 class=\"entry-title\">Sense t\u00edtol<\/h2><\/div><div class=\"dp-dfg-custom-content\"><p class=\"dp-dfg-custom-field dp-dfg-cf-autors2\"><span class=\"dp-dfg-custom-field-value\">Carles Roman<\/span><\/p><\/div><\/article><!-- DPDFG End Post Item Container --><article id=\"post-11035\" class=\"dp-dfg-item post-11035 obres_autors type-obres_autors status-publish has-post-thumbnail hentry tipus_tecniques-dibuix tecnica_especifica-carbonet autors-mateu-balasch-mateu disciplina-dibuix \"     data-position=\"146\"   data-new-tab=\"off\"   data-action-priority=\"item\"><figure class=\"dp-dfg-image entry-thumb\"><a href=\"https:\/\/www.museuemporda.org\/?obres_autors=retrat-8\" class=\"dp-dfg-image-link\" ><img loading=\"lazy\" decoding=\"async\" class=\"dp-dfg-featured-image\" src=\"https:\/\/www.museuemporda.org\/wp-content\/uploads\/2022\/02\/mE-1059-250x250.jpg\" alt=\"Retrat\" width=\"250\" height=\"250\" data-ratio=\"1\"\/><\/a><\/figure><div class=\"dp-dfg-header entry-header\"><h2 class=\"entry-title\">Retrat<\/h2><\/div><div class=\"dp-dfg-custom-content\"><p class=\"dp-dfg-custom-field dp-dfg-cf-autors2\"><span class=\"dp-dfg-custom-field-value\">Mateu Balasch Mateu<\/span><\/p><\/div><\/article><!-- DPDFG End Post Item Container --><article id=\"post-10609\" class=\"dp-dfg-item post-10609 obres_autors type-obres_autors status-publish has-post-thumbnail hentry tipus_tecniques-obra-grafica tecnica_especifica-paper autors-xavier-medina-campeny disciplina-obra-grafic \"     data-position=\"147\"   data-new-tab=\"off\"   data-action-priority=\"item\"><figure class=\"dp-dfg-image entry-thumb\"><a href=\"https:\/\/www.museuemporda.org\/?obres_autors=71-75\" class=\"dp-dfg-image-link\" ><img loading=\"lazy\" decoding=\"async\" class=\"dp-dfg-featured-image\" src=\"https:\/\/www.museuemporda.org\/wp-content\/uploads\/2022\/02\/mE-1924-250x250.jpg\" alt=\"71\/75\" width=\"250\" height=\"250\" data-ratio=\"1\"\/><\/a><\/figure><div class=\"dp-dfg-header entry-header\"><h2 class=\"entry-title\">71\/75<\/h2><\/div><div class=\"dp-dfg-custom-content\"><p class=\"dp-dfg-custom-field dp-dfg-cf-autors2\"><span class=\"dp-dfg-custom-field-value\">Xavier Medina-Campeny<\/span><\/p><\/div><\/article><!-- DPDFG End Post Item Container --><article id=\"post-9529\" class=\"dp-dfg-item post-9529 obres_autors type-obres_autors status-publish has-post-thumbnail hentry tipus_tecniques-pintura tecnica_especifica-llapis-carbo-sobre-paper autors-juan-nunez-fernandez disciplina-dibuix \"     data-position=\"148\"   data-new-tab=\"off\"   data-action-priority=\"item\"><figure class=\"dp-dfg-image entry-thumb\"><a href=\"https:\/\/www.museuemporda.org\/?obres_autors=claustre-de-vilabertran\" class=\"dp-dfg-image-link\" ><img loading=\"lazy\" decoding=\"async\" class=\"dp-dfg-featured-image\" src=\"https:\/\/www.museuemporda.org\/wp-content\/uploads\/2022\/01\/mE-2503-250x250.jpg\" alt=\"Claustre de Vilabertran\" width=\"250\" height=\"250\" data-ratio=\"1\"\/><\/a><\/figure><div class=\"dp-dfg-header entry-header\"><h2 class=\"entry-title\">Claustre de Vilabertran<\/h2><\/div><div class=\"dp-dfg-custom-content\"><p class=\"dp-dfg-custom-field dp-dfg-cf-autors2\"><span class=\"dp-dfg-custom-field-value\">Juan N\u00fa\u00f1ez Fern\u00e1ndez<\/span><\/p><\/div><\/article><!-- DPDFG End Post Item Container --><article id=\"post-11833\" class=\"dp-dfg-item post-11833 obres_autors type-obres_autors status-publish has-post-thumbnail hentry tipus_tecniques-pintura tecnica_especifica-oli-sobre-tela autors-louis-maurice-pierrey disciplina-pintura \"     data-position=\"149\"   data-new-tab=\"off\"   data-action-priority=\"item\"><figure class=\"dp-dfg-image entry-thumb\"><a href=\"https:\/\/www.museuemporda.org\/?obres_autors=paisatge-i-figura-2\" class=\"dp-dfg-image-link\" ><img loading=\"lazy\" decoding=\"async\" class=\"dp-dfg-featured-image\" src=\"https:\/\/www.museuemporda.org\/wp-content\/uploads\/2022\/02\/mE-1125-250x250.jpg\" alt=\"Paisatge i figura\" width=\"250\" height=\"250\" data-ratio=\"1\"\/><\/a><\/figure><div class=\"dp-dfg-header entry-header\"><h2 class=\"entry-title\">Paisatge i figura<\/h2><\/div><div class=\"dp-dfg-custom-content\"><p class=\"dp-dfg-custom-field dp-dfg-cf-autors2\"><span class=\"dp-dfg-custom-field-value\">Louis Maurice Pierrey<\/span><\/p><\/div><\/article><!-- DPDFG End Post Item Container --><article id=\"post-13881\" class=\"dp-dfg-item post-13881 obres_autors type-obres_autors status-publish has-post-thumbnail hentry tipus_tecniques-dibuix tecnica_especifica-impressio-digital autors-pep-claparols-i-moret disciplina-dibuix \"     data-position=\"150\"   data-new-tab=\"off\"   data-action-priority=\"item\"><figure class=\"dp-dfg-image entry-thumb\"><a href=\"https:\/\/www.museuemporda.org\/?obres_autors=sense-titol-280\" class=\"dp-dfg-image-link\" ><img loading=\"lazy\" decoding=\"async\" class=\"dp-dfg-featured-image\" src=\"https:\/\/www.museuemporda.org\/wp-content\/uploads\/2023\/06\/ME2642-PEP98-250x250.jpg\" alt=\"Sense t\u00edtol\" width=\"250\" height=\"250\" data-ratio=\"1\"\/><\/a><\/figure><div class=\"dp-dfg-header entry-header\"><h2 class=\"entry-title\">Sense t\u00edtol<\/h2><\/div><div class=\"dp-dfg-custom-content\"><p class=\"dp-dfg-custom-field dp-dfg-cf-autors2\"><span class=\"dp-dfg-custom-field-value\">Pep Claparols i Moret<\/span><\/p><\/div><\/article><!-- DPDFG End Post Item Container --><article id=\"post-6010\" class=\"dp-dfg-item post-6010 obres_autors type-obres_autors status-publish has-post-thumbnail hentry tecnica_especifica-oli-sobre-tela autors-joan-sibecas-cabanyo disciplina-pintura \"     data-position=\"151\"   data-new-tab=\"off\"   data-action-priority=\"item\"><figure class=\"dp-dfg-image entry-thumb\"><a href=\"https:\/\/www.museuemporda.org\/?obres_autors=bodego\" class=\"dp-dfg-image-link\" ><img loading=\"lazy\" decoding=\"async\" class=\"dp-dfg-featured-image\" src=\"https:\/\/www.museuemporda.org\/wp-content\/uploads\/2020\/04\/mE-1053_2019-250x250.jpg\" alt=\"Bodeg\u00f3\" width=\"250\" height=\"250\" data-ratio=\"1\"\/><\/a><\/figure><div class=\"dp-dfg-header entry-header\"><h2 class=\"entry-title\">Bodeg\u00f3<\/h2><\/div><div class=\"dp-dfg-custom-content\"><p class=\"dp-dfg-custom-field dp-dfg-cf-autors2\"><span class=\"dp-dfg-custom-field-value\">Joan Sibecas Cabany\u00f3<\/span><\/p><\/div><\/article><!-- DPDFG End Post Item Container --><article id=\"post-14638\" class=\"dp-dfg-item post-14638 obres_autors type-obres_autors status-publish has-post-thumbnail hentry tipus_tecniques-obra-grafica tecnica_especifica-impressio-digital autors-joan-antoni-poch disciplina-obra-grafic \"     data-position=\"152\"   data-new-tab=\"off\"   data-action-priority=\"item\"><figure class=\"dp-dfg-image entry-thumb\"><a href=\"https:\/\/www.museuemporda.org\/?obres_autors=sense-titol-551\" class=\"dp-dfg-image-link\" ><img loading=\"lazy\" decoding=\"async\" class=\"dp-dfg-featured-image\" src=\"https:\/\/www.museuemporda.org\/wp-content\/uploads\/2023\/07\/ME2796-JAP-250x250.jpg\" alt=\"Sense t\u00edtol\" width=\"250\" height=\"250\" data-ratio=\"1\"\/><\/a><\/figure><div class=\"dp-dfg-header entry-header\"><h2 class=\"entry-title\">Sense t\u00edtol<\/h2><\/div><div class=\"dp-dfg-custom-content\"><p class=\"dp-dfg-custom-field dp-dfg-cf-autors2\"><span class=\"dp-dfg-custom-field-value\">Joan Antoni Poch<\/span><\/p><\/div><\/article><!-- DPDFG End Post Item Container --><article id=\"post-8915\" class=\"dp-dfg-item post-8915 obres_autors type-obres_autors status-publish has-post-thumbnail hentry tecnica_especifica-oli-sobre-tela autors-josep-maria-mallol-suazo disciplina-pintura \"     data-position=\"153\"   data-new-tab=\"off\"   data-action-priority=\"item\"><figure class=\"dp-dfg-image entry-thumb\"><a href=\"https:\/\/www.museuemporda.org\/?obres_autors=paisatge-rural\" class=\"dp-dfg-image-link\" ><img loading=\"lazy\" decoding=\"async\" class=\"dp-dfg-featured-image\" src=\"https:\/\/www.museuemporda.org\/wp-content\/uploads\/2021\/11\/mE-688-250x250.jpg\" alt=\"Paisatge rural\" width=\"250\" height=\"250\" data-ratio=\"1\"\/><\/a><\/figure><div class=\"dp-dfg-header entry-header\"><h2 class=\"entry-title\">Paisatge rural<\/h2><\/div><div class=\"dp-dfg-custom-content\"><p class=\"dp-dfg-custom-field dp-dfg-cf-autors2\"><span class=\"dp-dfg-custom-field-value\">Josep Maria Mallol Suazo<\/span><\/p><\/div><\/article><!-- DPDFG End Post Item Container --><article id=\"post-5773\" class=\"dp-dfg-item post-5773 obres_autors type-obres_autors status-publish has-post-thumbnail hentry tecnica_especifica-oli-sobre-tela autors-ramon-marti-alsina disciplina-pintura \"     data-position=\"154\"   data-new-tab=\"off\"   data-action-priority=\"item\"><figure class=\"dp-dfg-image entry-thumb\"><a href=\"https:\/\/www.museuemporda.org\/?obres_autors=figura-femenina\" class=\"dp-dfg-image-link\" ><img loading=\"lazy\" decoding=\"async\" class=\"dp-dfg-featured-image\" src=\"https:\/\/www.museuemporda.org\/wp-content\/uploads\/2020\/04\/mE-641-250x250.jpg\" alt=\"Figura femenina\" width=\"250\" height=\"250\" data-ratio=\"1\"\/><\/a><\/figure><div class=\"dp-dfg-header entry-header\"><h2 class=\"entry-title\">Figura femenina<\/h2><\/div><div class=\"dp-dfg-custom-content\"><p class=\"dp-dfg-custom-field dp-dfg-cf-autors2\"><span class=\"dp-dfg-custom-field-value\">Ramon Mart\u00ed Alsina<\/span><\/p><\/div><\/article><!-- DPDFG End Post Item Container --><article id=\"post-14249\" class=\"dp-dfg-item post-14249 obres_autors type-obres_autors status-publish has-post-thumbnail hentry tipus_tecniques-dibuix tecnica_especifica-impressio-digital autors-joan-antoja-mas disciplina-dibuix \"     data-position=\"155\"   data-new-tab=\"off\"   data-action-priority=\"item\"><figure class=\"dp-dfg-image entry-thumb\"><a href=\"https:\/\/www.museuemporda.org\/?obres_autors=sense-titol-449\" class=\"dp-dfg-image-link\" ><img loading=\"lazy\" decoding=\"async\" class=\"dp-dfg-featured-image\" src=\"https:\/\/www.museuemporda.org\/wp-content\/uploads\/2023\/07\/ME2834-ANTOJA-250x250.jpg\" alt=\"Sense t\u00edtol\" width=\"250\" height=\"250\" data-ratio=\"1\"\/><\/a><\/figure><div class=\"dp-dfg-header entry-header\"><h2 class=\"entry-title\">Sense t\u00edtol<\/h2><\/div><div class=\"dp-dfg-custom-content\"><p class=\"dp-dfg-custom-field dp-dfg-cf-autors2\"><span class=\"dp-dfg-custom-field-value\">Joan Antoja Mas<\/span><\/p><\/div><\/article><!-- DPDFG End Post Item Container --><article id=\"post-14183\" class=\"dp-dfg-item post-14183 obres_autors type-obres_autors status-publish has-post-thumbnail hentry tipus_tecniques-obra-grafica tecnica_especifica-impressio-digital autors-joan-antoni-poch disciplina-obra-grafic \"     data-position=\"156\"   data-new-tab=\"off\"   data-action-priority=\"item\"><figure class=\"dp-dfg-image entry-thumb\"><a href=\"https:\/\/www.museuemporda.org\/?obres_autors=sense-titol-417\" class=\"dp-dfg-image-link\" ><img loading=\"lazy\" decoding=\"async\" class=\"dp-dfg-featured-image\" src=\"https:\/\/www.museuemporda.org\/wp-content\/uploads\/2023\/07\/ME2802-JAP-250x250.jpg\" alt=\"Sense t\u00edtol\" width=\"250\" height=\"250\" data-ratio=\"1\"\/><\/a><\/figure><div class=\"dp-dfg-header entry-header\"><h2 class=\"entry-title\">Sense t\u00edtol<\/h2><\/div><div class=\"dp-dfg-custom-content\"><p class=\"dp-dfg-custom-field dp-dfg-cf-autors2\"><span class=\"dp-dfg-custom-field-value\">Joan Antoni Poch<\/span><\/p><\/div><\/article><!-- DPDFG End Post Item Container --><article id=\"post-11475\" class=\"dp-dfg-item post-11475 obres_autors type-obres_autors status-publish has-post-thumbnail hentry tipus_tecniques-pintura tecnica_especifica-pastel autors-rosa-maria-joan-rosa disciplina-pintura \"     data-position=\"157\"   data-new-tab=\"off\"   data-action-priority=\"item\"><figure class=\"dp-dfg-image entry-thumb\"><a href=\"https:\/\/www.museuemporda.org\/?obres_autors=sense-titol-133\" class=\"dp-dfg-image-link\" ><img loading=\"lazy\" decoding=\"async\" class=\"dp-dfg-featured-image\" src=\"https:\/\/www.museuemporda.org\/wp-content\/uploads\/2022\/02\/mE-2171-250x250.jpg\" alt=\"Sense t\u00edtol\" width=\"250\" height=\"250\" data-ratio=\"1\"\/><\/a><\/figure><div class=\"dp-dfg-header entry-header\"><h2 class=\"entry-title\">Sense t\u00edtol<\/h2><\/div><div class=\"dp-dfg-custom-content\"><p class=\"dp-dfg-custom-field dp-dfg-cf-autors2\"><span class=\"dp-dfg-custom-field-value\">Rosa Maria Joan Rosa<\/span><\/p><\/div><\/article><!-- DPDFG End Post Item Container --><article id=\"post-11146\" class=\"dp-dfg-item post-11146 obres_autors type-obres_autors status-publish has-post-thumbnail hentry tipus_tecniques-dibuix tecnica_especifica-dibuix-sobre-paper autors-pedro-brunet-vilanova disciplina-dibuix \"     data-position=\"158\"   data-new-tab=\"off\"   data-action-priority=\"item\"><figure class=\"dp-dfg-image entry-thumb\"><a href=\"https:\/\/www.museuemporda.org\/?obres_autors=sense-titol-110\" class=\"dp-dfg-image-link\" ><img loading=\"lazy\" decoding=\"async\" class=\"dp-dfg-featured-image\" src=\"https:\/\/www.museuemporda.org\/wp-content\/uploads\/2022\/02\/mE-2005-250x250.jpg\" alt=\"Sense t\u00edtol\" width=\"250\" height=\"250\" data-ratio=\"1\"\/><\/a><\/figure><div class=\"dp-dfg-header entry-header\"><h2 class=\"entry-title\">Sense t\u00edtol<\/h2><\/div><div class=\"dp-dfg-custom-content\"><p class=\"dp-dfg-custom-field dp-dfg-cf-autors2\"><span class=\"dp-dfg-custom-field-value\">Pedro Brunet Vilanova<\/span><\/p><\/div><\/article><!-- DPDFG End Post Item Container --><article id=\"post-8959\" class=\"dp-dfg-item post-8959 obres_autors type-obres_autors status-publish has-post-thumbnail hentry tecnica_especifica-oli-sobre-tela autors-guillem-comalat-joana disciplina-pintura \"     data-position=\"159\"   data-new-tab=\"off\"   data-action-priority=\"item\"><figure class=\"dp-dfg-image entry-thumb\"><a href=\"https:\/\/www.museuemporda.org\/?obres_autors=retrat-masculi\" class=\"dp-dfg-image-link\" ><img loading=\"lazy\" decoding=\"async\" class=\"dp-dfg-featured-image\" src=\"https:\/\/www.museuemporda.org\/wp-content\/uploads\/2021\/11\/mE-737-250x250.jpg\" alt=\"Retrat mascul\u00ed\" width=\"250\" height=\"250\" data-ratio=\"1\"\/><\/a><\/figure><div class=\"dp-dfg-header entry-header\"><h2 class=\"entry-title\">Retrat mascul\u00ed<\/h2><\/div><div class=\"dp-dfg-custom-content\"><p class=\"dp-dfg-custom-field dp-dfg-cf-autors2\"><span class=\"dp-dfg-custom-field-value\">Guillem Comalat Joana<\/span><\/p><\/div><\/article><!-- DPDFG End Post Item Container --><article id=\"post-13713\" class=\"dp-dfg-item post-13713 obres_autors type-obres_autors status-publish has-post-thumbnail hentry tipus_tecniques-dibuix tecnica_especifica-tinta-sobre-paper autors-carme-sanglas-gispert disciplina-dibuix \"     data-position=\"160\"   data-new-tab=\"off\"   data-action-priority=\"item\"><figure class=\"dp-dfg-image entry-thumb\"><a href=\"https:\/\/www.museuemporda.org\/?obres_autors=sense-titol-202\" class=\"dp-dfg-image-link\" ><img loading=\"lazy\" decoding=\"async\" class=\"dp-dfg-featured-image\" src=\"https:\/\/www.museuemporda.org\/wp-content\/uploads\/2023\/06\/ME2564-SANGLAS10-250x250.jpg\" alt=\"Sense t\u00edtol\" width=\"250\" height=\"250\" data-ratio=\"1\"\/><\/a><\/figure><div class=\"dp-dfg-header entry-header\"><h2 class=\"entry-title\">Sense t\u00edtol<\/h2><\/div><div class=\"dp-dfg-custom-content\"><p class=\"dp-dfg-custom-field dp-dfg-cf-autors2\"><span class=\"dp-dfg-custom-field-value\">Carme Sanglas Gispert<\/span><\/p><\/div><\/article><!-- DPDFG End Post Item Container --><article id=\"post-13757\" class=\"dp-dfg-item post-13757 obres_autors type-obres_autors status-publish has-post-thumbnail hentry tipus_tecniques-dibuix tecnica_especifica-aquarella-sobre-paper-2 tecnica_especifica-tinta-sobre-paper autors-juliette-murphy disciplina-dibuix \"     data-position=\"161\"   data-new-tab=\"off\"   data-action-priority=\"item\"><figure class=\"dp-dfg-image entry-thumb\"><a href=\"https:\/\/www.museuemporda.org\/?obres_autors=sense-titol-223\" class=\"dp-dfg-image-link\" ><img loading=\"lazy\" decoding=\"async\" class=\"dp-dfg-featured-image\" src=\"https:\/\/www.museuemporda.org\/wp-content\/uploads\/2023\/06\/ME2585-MURPHY-250x250.jpg\" alt=\"Sense t\u00edtol\" width=\"250\" height=\"250\" data-ratio=\"1\"\/><\/a><\/figure><div class=\"dp-dfg-header entry-header\"><h2 class=\"entry-title\">Sense t\u00edtol<\/h2><\/div><div class=\"dp-dfg-custom-content\"><p class=\"dp-dfg-custom-field dp-dfg-cf-autors2\"><span class=\"dp-dfg-custom-field-value\">Juliette Murphy<\/span><\/p><\/div><\/article><!-- DPDFG End Post Item Container --><article id=\"post-5703\" class=\"dp-dfg-item post-5703 obres_autors type-obres_autors status-publish has-post-thumbnail hentry autors-autoria-desconeguda disciplina-arqueologia \"     data-position=\"162\"   data-new-tab=\"off\"   data-action-priority=\"item\"><figure class=\"dp-dfg-image entry-thumb\"><a href=\"https:\/\/www.museuemporda.org\/?obres_autors=cratera-de-columnes-ceramica-atica-de-figures-negres\" class=\"dp-dfg-image-link\" ><img loading=\"lazy\" decoding=\"async\" class=\"dp-dfg-featured-image\" src=\"https:\/\/www.museuemporda.org\/wp-content\/uploads\/2020\/04\/mE-388-250x250.jpg\" alt=\"Crater de columnes \u00e0tic de figures negres (reproducci\u00f3 moderna)\" width=\"250\" height=\"250\" data-ratio=\"1\"\/><\/a><\/figure><div class=\"dp-dfg-header entry-header\"><h2 class=\"entry-title\">Crater de columnes \u00e0tic de figures negres (reproducci\u00f3 moderna)<\/h2><\/div><div class=\"dp-dfg-custom-content\"><p class=\"dp-dfg-custom-field dp-dfg-cf-autors2\"><span class=\"dp-dfg-custom-field-value\">Autoria desconeguda<\/span><\/p><\/div><\/article><!-- DPDFG End Post Item Container --><article id=\"post-11538\" class=\"dp-dfg-item post-11538 obres_autors type-obres_autors status-publish has-post-thumbnail hentry tipus_tecniques-pintura tecnica_especifica-oli-sobre-tela autors-eugene-de-bernard-kurakin-goizueta disciplina-pintura \"     data-position=\"163\"   data-new-tab=\"off\"   data-action-priority=\"item\"><figure class=\"dp-dfg-image entry-thumb\"><a href=\"https:\/\/www.museuemporda.org\/?obres_autors=espana-no18\" class=\"dp-dfg-image-link\" ><img loading=\"lazy\" decoding=\"async\" class=\"dp-dfg-featured-image\" src=\"https:\/\/www.museuemporda.org\/wp-content\/uploads\/2022\/02\/mE-2310-250x250.jpg\" alt=\"Espa\u00f1a n\u00ba18\" width=\"250\" height=\"250\" data-ratio=\"1\"\/><\/a><\/figure><div class=\"dp-dfg-header entry-header\"><h2 class=\"entry-title\">Espa\u00f1a n\u00ba18<\/h2><\/div><div class=\"dp-dfg-custom-content\"><p class=\"dp-dfg-custom-field dp-dfg-cf-autors2\"><span class=\"dp-dfg-custom-field-value\">Eug\u00e9ne de Bernard Kurakin Goizueta<\/span><\/p><\/div><\/article><!-- DPDFG End Post Item Container --><article id=\"post-13984\" class=\"dp-dfg-item post-13984 obres_autors type-obres_autors status-publish has-post-thumbnail hentry tipus_tecniques-dibuix tecnica_especifica-impressio-digital autors-pep-claparols-i-moret disciplina-dibuix \"     data-position=\"164\"   data-new-tab=\"off\"   data-action-priority=\"item\"><figure class=\"dp-dfg-image entry-thumb\"><a href=\"https:\/\/www.museuemporda.org\/?obres_autors=sense-titol-329\" class=\"dp-dfg-image-link\" ><img loading=\"lazy\" decoding=\"async\" class=\"dp-dfg-featured-image\" src=\"https:\/\/www.museuemporda.org\/wp-content\/uploads\/2023\/06\/ME2691-PEP2000-250x250.jpg\" alt=\"Sense t\u00edtol\" width=\"250\" height=\"250\" data-ratio=\"1\"\/><\/a><\/figure><div class=\"dp-dfg-header entry-header\"><h2 class=\"entry-title\">Sense t\u00edtol<\/h2><\/div><div class=\"dp-dfg-custom-content\"><p class=\"dp-dfg-custom-field dp-dfg-cf-autors2\"><span class=\"dp-dfg-custom-field-value\">Pep Claparols i Moret<\/span><\/p><\/div><\/article><!-- DPDFG End Post Item Container --><article id=\"post-1309\" class=\"dp-dfg-item post-1309 obres_autors type-obres_autors status-publish has-post-thumbnail hentry tecnica_especifica-oli-sobre-tela autors-francesc-camps-ribera \"     data-position=\"165\"   data-new-tab=\"off\"   data-action-priority=\"item\"><figure class=\"dp-dfg-image entry-thumb\"><a href=\"https:\/\/www.museuemporda.org\/?obres_autors=desert-de-laltar-sonora-frontera-de-mexic-i-estats-units\" class=\"dp-dfg-image-link\" ><img loading=\"lazy\" decoding=\"async\" class=\"dp-dfg-featured-image\" src=\"https:\/\/www.museuemporda.org\/wp-content\/uploads\/2020\/04\/mE-1309-scaled-1-250x250.jpg\" alt=\"Frontera entre M\u00e9xic i els Estats Units\" width=\"250\" height=\"250\" data-ratio=\"1\"\/><\/a><\/figure><div class=\"dp-dfg-header entry-header\"><h2 class=\"entry-title\">Frontera entre M\u00e9xic i els Estats Units<\/h2><\/div><div class=\"dp-dfg-custom-content\"><p class=\"dp-dfg-custom-field dp-dfg-cf-autors2\"><span class=\"dp-dfg-custom-field-value\">Francesc Camps Ribera<\/span><\/p><\/div><\/article><!-- DPDFG End Post Item Container --><article id=\"post-11657\" class=\"dp-dfg-item post-11657 obres_autors type-obres_autors status-publish has-post-thumbnail hentry tipus_tecniques-pintura tecnica_especifica-tecnica-mixta-sobre-paper autors-pablo-marquez disciplina-pintura \"     data-position=\"166\"   data-new-tab=\"off\"   data-action-priority=\"item\"><figure class=\"dp-dfg-image entry-thumb\"><a href=\"https:\/\/www.museuemporda.org\/?obres_autors=schwanengesang-der-atlas\" class=\"dp-dfg-image-link\" ><img loading=\"lazy\" decoding=\"async\" class=\"dp-dfg-featured-image\" src=\"https:\/\/www.museuemporda.org\/wp-content\/uploads\/2022\/02\/mE-2139-250x250.jpg\" alt=\"Schwanengesang. Der Atlas\" width=\"250\" height=\"250\" data-ratio=\"1\"\/><\/a><\/figure><div class=\"dp-dfg-header entry-header\"><h2 class=\"entry-title\">Schwanengesang. Der Atlas<\/h2><\/div><div class=\"dp-dfg-custom-content\"><p class=\"dp-dfg-custom-field dp-dfg-cf-autors2\"><span class=\"dp-dfg-custom-field-value\">Pablo M\u00e1rquez<\/span><\/p><\/div><\/article><!-- DPDFG End Post Item Container --><article id=\"post-13675\" class=\"dp-dfg-item post-13675 obres_autors type-obres_autors status-publish has-post-thumbnail hentry tipus_tecniques-fotografia tecnica_especifica-fotografia autors-marina-barsy-janer disciplina-fotografia \"     data-position=\"167\"   data-new-tab=\"off\"   data-action-priority=\"item\"><figure class=\"dp-dfg-image entry-thumb\"><a href=\"https:\/\/www.museuemporda.org\/?obres_autors=confins-ardents\" class=\"dp-dfg-image-link\" ><img loading=\"lazy\" decoding=\"async\" class=\"dp-dfg-featured-image\" src=\"https:\/\/www.museuemporda.org\/wp-content\/uploads\/2023\/06\/mE-2494-250x250.jpg\" alt=\"Confins ardents\" width=\"250\" height=\"250\" data-ratio=\"1\"\/><\/a><\/figure><div class=\"dp-dfg-header entry-header\"><h2 class=\"entry-title\">Confins ardents<\/h2><\/div><div class=\"dp-dfg-custom-content\"><p class=\"dp-dfg-custom-field dp-dfg-cf-autors2\"><span class=\"dp-dfg-custom-field-value\">Marina Barsy Janer<\/span><\/p><\/div><\/article><!-- DPDFG End Post Item Container --><article id=\"post-10669\" class=\"dp-dfg-item post-10669 obres_autors type-obres_autors status-publish has-post-thumbnail hentry tipus_tecniques-pintura tecnica_especifica-oli-sobre-tela autors-francesc-camps-ribera disciplina-pintura \"     data-position=\"168\"   data-new-tab=\"off\"   data-action-priority=\"item\"><figure class=\"dp-dfg-image entry-thumb\"><a href=\"https:\/\/www.museuemporda.org\/?obres_autors=margarita\" class=\"dp-dfg-image-link\" ><img loading=\"lazy\" decoding=\"async\" class=\"dp-dfg-featured-image\" src=\"https:\/\/www.museuemporda.org\/wp-content\/uploads\/2022\/02\/mE-1306-250x250.jpg\" alt=\"Margarita\" width=\"250\" height=\"250\" data-ratio=\"1\"\/><\/a><\/figure><div class=\"dp-dfg-header entry-header\"><h2 class=\"entry-title\">Margarita<\/h2><\/div><div class=\"dp-dfg-custom-content\"><p class=\"dp-dfg-custom-field dp-dfg-cf-autors2\"><span class=\"dp-dfg-custom-field-value\">Francesc Camps Ribera<\/span><\/p><\/div><\/article><!-- DPDFG End Post Item Container --><article id=\"post-10112\" class=\"dp-dfg-item post-10112 obres_autors type-obres_autors status-publish has-post-thumbnail hentry tecnica_especifica-tecnica-mixta autors-rosa-brugat-batlle disciplina-installacio \"     data-position=\"169\"   data-new-tab=\"off\"   data-action-priority=\"item\"><figure class=\"dp-dfg-image entry-thumb\"><a href=\"https:\/\/www.museuemporda.org\/?obres_autors=el-calaix-de-la-baba\" class=\"dp-dfg-image-link\" ><img loading=\"lazy\" decoding=\"async\" class=\"dp-dfg-featured-image\" src=\"https:\/\/www.museuemporda.org\/wp-content\/uploads\/2022\/01\/mE-2131-2-250x250.jpg\" alt=\"El calaix de la baba\" width=\"250\" height=\"250\" data-ratio=\"1\"\/><\/a><\/figure><div class=\"dp-dfg-header entry-header\"><h2 class=\"entry-title\">El calaix de la baba<\/h2><\/div><div class=\"dp-dfg-custom-content\"><p class=\"dp-dfg-custom-field dp-dfg-cf-autors2\"><span class=\"dp-dfg-custom-field-value\">Rosa Brugat Batlle<\/span><\/p><\/div><\/article><!-- DPDFG End Post Item Container --><article id=\"post-14176\" class=\"dp-dfg-item post-14176 obres_autors type-obres_autors status-publish has-post-thumbnail hentry tipus_tecniques-obra-grafica tecnica_especifica-impressio-digital autors-joan-antoni-poch disciplina-obra-grafic \"     data-position=\"170\"   data-new-tab=\"off\"   data-action-priority=\"item\"><figure class=\"dp-dfg-image entry-thumb\"><a href=\"https:\/\/www.museuemporda.org\/?obres_autors=sense-titol-414\" class=\"dp-dfg-image-link\" ><img loading=\"lazy\" decoding=\"async\" class=\"dp-dfg-featured-image\" src=\"https:\/\/www.museuemporda.org\/wp-content\/uploads\/2023\/07\/ME2779-JAP-250x250.jpg\" alt=\"Sense t\u00edtol\" width=\"250\" height=\"250\" data-ratio=\"1\"\/><\/a><\/figure><div class=\"dp-dfg-header entry-header\"><h2 class=\"entry-title\">Sense t\u00edtol<\/h2><\/div><div class=\"dp-dfg-custom-content\"><p class=\"dp-dfg-custom-field dp-dfg-cf-autors2\"><span class=\"dp-dfg-custom-field-value\">Joan Antoni Poch<\/span><\/p><\/div><\/article><!-- DPDFG End Post Item Container --><article id=\"post-10254\" class=\"dp-dfg-item post-10254 obres_autors type-obres_autors status-publish has-post-thumbnail hentry tipus_tecniques-dibuix tecnica_especifica-carbonet-i-aquarella-sobre-paper autors-pere-bech-sudria disciplina-dibuix \"     data-position=\"171\"   data-new-tab=\"off\"   data-action-priority=\"item\"><figure class=\"dp-dfg-image entry-thumb\"><a href=\"https:\/\/www.museuemporda.org\/?obres_autors=pujada-de-sant-marti-de-girona\" class=\"dp-dfg-image-link\" ><img loading=\"lazy\" decoding=\"async\" class=\"dp-dfg-featured-image\" src=\"https:\/\/www.museuemporda.org\/wp-content\/uploads\/2022\/01\/mE-2196-250x250.jpg\" alt=\"Pujada de Sant Mart\u00ed de Girona\" width=\"250\" height=\"250\" data-ratio=\"1\"\/><\/a><\/figure><div class=\"dp-dfg-header entry-header\"><h2 class=\"entry-title\">Pujada de Sant Mart\u00ed de Girona<\/h2><\/div><div class=\"dp-dfg-custom-content\"><p class=\"dp-dfg-custom-field dp-dfg-cf-autors2\"><span class=\"dp-dfg-custom-field-value\">Pere Bech Sudri\u00e0<\/span><\/p><\/div><\/article><!-- DPDFG End Post Item Container --><article id=\"post-13942\" class=\"dp-dfg-item post-13942 obres_autors type-obres_autors status-publish has-post-thumbnail hentry tipus_tecniques-dibuix tecnica_especifica-impressio-digital autors-pep-claparols-i-moret disciplina-dibuix \"     data-position=\"172\"   data-new-tab=\"off\"   data-action-priority=\"item\"><figure class=\"dp-dfg-image entry-thumb\"><a href=\"https:\/\/www.museuemporda.org\/?obres_autors=sense-titol-310\" class=\"dp-dfg-image-link\" ><img loading=\"lazy\" decoding=\"async\" class=\"dp-dfg-featured-image\" src=\"https:\/\/www.museuemporda.org\/wp-content\/uploads\/2023\/06\/ME2672-PEP99-250x250.jpg\" alt=\"Sense t\u00edtol\" width=\"250\" height=\"250\" data-ratio=\"1\"\/><\/a><\/figure><div class=\"dp-dfg-header entry-header\"><h2 class=\"entry-title\">Sense t\u00edtol<\/h2><\/div><div class=\"dp-dfg-custom-content\"><p class=\"dp-dfg-custom-field dp-dfg-cf-autors2\"><span class=\"dp-dfg-custom-field-value\">Pep Claparols i Moret<\/span><\/p><\/div><\/article><!-- DPDFG End Post Item Container --><article id=\"post-13719\" class=\"dp-dfg-item post-13719 obres_autors type-obres_autors status-publish has-post-thumbnail hentry tipus_tecniques-dibuix tecnica_especifica-tinta-sobre-paper autors-carme-sanglas-gispert disciplina-dibuix \"     data-position=\"173\"   data-new-tab=\"off\"   data-action-priority=\"item\"><figure class=\"dp-dfg-image entry-thumb\"><a href=\"https:\/\/www.museuemporda.org\/?obres_autors=sense-titol-205\" class=\"dp-dfg-image-link\" ><img loading=\"lazy\" decoding=\"async\" class=\"dp-dfg-featured-image\" src=\"https:\/\/www.museuemporda.org\/wp-content\/uploads\/2023\/06\/ME2567-SANGLAS13-250x250.jpg\" alt=\"Sense t\u00edtol\" width=\"250\" height=\"250\" data-ratio=\"1\"\/><\/a><\/figure><div class=\"dp-dfg-header entry-header\"><h2 class=\"entry-title\">Sense t\u00edtol<\/h2><\/div><div class=\"dp-dfg-custom-content\"><p class=\"dp-dfg-custom-field dp-dfg-cf-autors2\"><span class=\"dp-dfg-custom-field-value\">Carme Sanglas Gispert<\/span><\/p><\/div><\/article><!-- DPDFG End Post Item Container --><article id=\"post-9476\" class=\"dp-dfg-item post-9476 obres_autors type-obres_autors status-publish has-post-thumbnail hentry tipus_tecniques-aiguafort tecnica_especifica-aiguafort-amb-vernis-tou autors-josep-bonaterra-gras disciplina-obra-grafic \"     data-position=\"174\"   data-new-tab=\"off\"   data-action-priority=\"item\"><figure class=\"dp-dfg-image entry-thumb\"><a href=\"https:\/\/www.museuemporda.org\/?obres_autors=paisatge-34\" class=\"dp-dfg-image-link\" ><img loading=\"lazy\" decoding=\"async\" class=\"dp-dfg-featured-image\" src=\"https:\/\/www.museuemporda.org\/wp-content\/uploads\/2022\/01\/mE-1447-250x250.jpg\" alt=\"Paisatge\" width=\"250\" height=\"250\" data-ratio=\"1\"\/><\/a><\/figure><div class=\"dp-dfg-header entry-header\"><h2 class=\"entry-title\">Paisatge<\/h2><\/div><div class=\"dp-dfg-custom-content\"><p class=\"dp-dfg-custom-field dp-dfg-cf-autors2\"><span class=\"dp-dfg-custom-field-value\">Josep Bonaterra Gras<\/span><\/p><\/div><\/article><!-- DPDFG End Post Item Container --><article id=\"post-11907\" class=\"dp-dfg-item post-11907 obres_autors type-obres_autors status-publish has-post-thumbnail hentry tipus_tecniques-pintura tecnica_especifica-aquarella autors-joan-riu-mato disciplina-pintura \"     data-position=\"175\"   data-new-tab=\"off\"   data-action-priority=\"item\"><figure class=\"dp-dfg-image entry-thumb\"><a href=\"https:\/\/www.museuemporda.org\/?obres_autors=paisatge-urba-de-girona\" class=\"dp-dfg-image-link\" ><img loading=\"lazy\" decoding=\"async\" class=\"dp-dfg-featured-image\" src=\"https:\/\/www.museuemporda.org\/wp-content\/uploads\/2022\/02\/mE-1085-250x250.jpg\" alt=\"Paisatge urb\u00e0 de Girona\" width=\"250\" height=\"250\" data-ratio=\"1\"\/><\/a><\/figure><div class=\"dp-dfg-header entry-header\"><h2 class=\"entry-title\">Paisatge urb\u00e0 de Girona<\/h2><\/div><div class=\"dp-dfg-custom-content\"><p class=\"dp-dfg-custom-field dp-dfg-cf-autors2\"><span class=\"dp-dfg-custom-field-value\">Joan Riu Mat\u00f3<\/span><\/p><\/div><\/article><!-- DPDFG End Post Item Container --><article id=\"post-14476\" class=\"dp-dfg-item post-14476 obres_autors type-obres_autors status-publish has-post-thumbnail hentry tipus_tecniques-pintura tecnica_especifica-pintura-sobre-paper autors-daniel-torrent-riba disciplina-pintura \"     data-position=\"176\"   data-new-tab=\"off\"   data-action-priority=\"item\"><figure class=\"dp-dfg-image entry-thumb\"><a href=\"https:\/\/www.museuemporda.org\/?obres_autors=sense-titol-527\" class=\"dp-dfg-image-link\" ><img loading=\"lazy\" decoding=\"async\" class=\"dp-dfg-featured-image\" src=\"https:\/\/www.museuemporda.org\/wp-content\/uploads\/2023\/07\/JPH5137-250x250.jpg\" alt=\"Sense t\u00edtol\" width=\"250\" height=\"250\" data-ratio=\"1\"\/><\/a><\/figure><div class=\"dp-dfg-header entry-header\"><h2 class=\"entry-title\">Sense t\u00edtol<\/h2><\/div><div class=\"dp-dfg-custom-content\"><p class=\"dp-dfg-custom-field dp-dfg-cf-autors2\"><span class=\"dp-dfg-custom-field-value\">Daniel Torrent Riba<\/span><\/p><\/div><\/article><!-- DPDFG End Post Item Container --><article id=\"post-12602\" class=\"dp-dfg-item post-12602 obres_autors type-obres_autors status-publish has-post-thumbnail hentry tipus_tecniques-pintura tecnica_especifica-oli-sobre-tela autors-josep-costa-sobrepera disciplina-pintura \"     data-position=\"177\"   data-new-tab=\"off\"   data-action-priority=\"item\"><figure class=\"dp-dfg-image entry-thumb\"><a href=\"https:\/\/www.museuemporda.org\/?obres_autors=grupo-de-gente-del-viejo-delhi\" class=\"dp-dfg-image-link\" ><img loading=\"lazy\" decoding=\"async\" class=\"dp-dfg-featured-image\" src=\"https:\/\/www.museuemporda.org\/wp-content\/uploads\/2023\/06\/me-2548A-250x250.jpg\" alt=\"Grupo de gente del viejo Delhi\" width=\"250\" height=\"250\" data-ratio=\"1\"\/><\/a><\/figure><div class=\"dp-dfg-header entry-header\"><h2 class=\"entry-title\">Grupo de gente del viejo Delhi<\/h2><\/div><div class=\"dp-dfg-custom-content\"><p class=\"dp-dfg-custom-field dp-dfg-cf-autors2\"><span class=\"dp-dfg-custom-field-value\">Josep Costa Sobrepera<\/span><\/p><\/div><\/article><!-- DPDFG End Post Item Container --><article id=\"post-11129\" class=\"dp-dfg-item post-11129 obres_autors type-obres_autors status-publish has-post-thumbnail hentry tipus_tecniques-dibuix tecnica_especifica-dibuix-sobre-paper autors-ricard-borrell disciplina-dibuix \"     data-position=\"178\"   data-new-tab=\"off\"   data-action-priority=\"item\"><figure class=\"dp-dfg-image entry-thumb\"><a href=\"https:\/\/www.museuemporda.org\/?obres_autors=sense-titol-108\" class=\"dp-dfg-image-link\" ><img loading=\"lazy\" decoding=\"async\" class=\"dp-dfg-featured-image\" src=\"https:\/\/www.museuemporda.org\/wp-content\/uploads\/2022\/02\/mE-2020-250x250.jpg\" alt=\"Sense t\u00edtol\" width=\"250\" height=\"250\" data-ratio=\"1\"\/><\/a><\/figure><div class=\"dp-dfg-header entry-header\"><h2 class=\"entry-title\">Sense t\u00edtol<\/h2><\/div><div class=\"dp-dfg-custom-content\"><p class=\"dp-dfg-custom-field dp-dfg-cf-autors2\"><span class=\"dp-dfg-custom-field-value\">Ricard Borrell<\/span><\/p><\/div><\/article><!-- DPDFG End Post Item Container --><article id=\"post-9111\" class=\"dp-dfg-item post-9111 obres_autors type-obres_autors status-publish has-post-thumbnail hentry tipus_tecniques-ceramica autors-autoria-desconeguda disciplina-arqueologia \"     data-position=\"179\"   data-new-tab=\"off\"   data-action-priority=\"item\"><figure class=\"dp-dfg-image entry-thumb\"><a href=\"https:\/\/www.museuemporda.org\/?obres_autors=amfora-betica\" class=\"dp-dfg-image-link\" ><img loading=\"lazy\" decoding=\"async\" class=\"dp-dfg-featured-image\" src=\"https:\/\/www.museuemporda.org\/wp-content\/uploads\/2021\/11\/mE-567-250x250.jpg\" alt=\"\u00c0mfora b\u00e8tica\" width=\"250\" height=\"250\" data-ratio=\"1\"\/><\/a><\/figure><div class=\"dp-dfg-header entry-header\"><h2 class=\"entry-title\">\u00c0mfora b\u00e8tica<\/h2><\/div><div class=\"dp-dfg-custom-content\"><p class=\"dp-dfg-custom-field dp-dfg-cf-autors2\"><span class=\"dp-dfg-custom-field-value\">Autoria desconeguda<\/span><\/p><\/div><\/article><!-- DPDFG End Post Item Container --><article id=\"post-8867\" class=\"dp-dfg-item post-8867 obres_autors type-obres_autors status-publish has-post-thumbnail hentry tecnica_especifica-oli-sobre-tela autors-fernando-alvarez-de-sotomayor-y-zaragoza disciplina-pintura \"     data-position=\"180\"   data-new-tab=\"off\"   data-action-priority=\"item\"><figure class=\"dp-dfg-image entry-thumb\"><a href=\"https:\/\/www.museuemporda.org\/?obres_autors=retrat-de-d-jose-frances\" class=\"dp-dfg-image-link\" ><img loading=\"lazy\" decoding=\"async\" class=\"dp-dfg-featured-image\" src=\"https:\/\/www.museuemporda.org\/wp-content\/uploads\/2021\/11\/mE-652-250x250.jpg\" alt=\"Retrat de D. Jos\u00e9 Franc\u00e9s\" width=\"250\" height=\"250\" data-ratio=\"1\"\/><\/a><\/figure><div class=\"dp-dfg-header entry-header\"><h2 class=\"entry-title\">Retrat de D. Jos\u00e9 Franc\u00e9s<\/h2><\/div><div class=\"dp-dfg-custom-content\"><p class=\"dp-dfg-custom-field dp-dfg-cf-autors2\"><span class=\"dp-dfg-custom-field-value\">Fernando \u00c1lvarez de Sotomayor y Zaragoza<\/span><\/p><\/div><\/article><!-- DPDFG End Post Item Container --><article id=\"post-8361\" class=\"dp-dfg-item post-8361 obres_autors type-obres_autors status-publish has-post-thumbnail hentry autors-anton-casamor-espona disciplina-escultura \"     data-position=\"181\"   data-new-tab=\"off\"   data-action-priority=\"item\"><figure class=\"dp-dfg-image entry-thumb\"><a href=\"https:\/\/www.museuemporda.org\/?obres_autors=mary\" class=\"dp-dfg-image-link\" ><img loading=\"lazy\" decoding=\"async\" class=\"dp-dfg-featured-image\" src=\"https:\/\/www.museuemporda.org\/wp-content\/uploads\/2021\/08\/mE-788-250x250.jpg\" alt=\"Mary\" width=\"250\" height=\"250\" data-ratio=\"1\"\/><\/a><\/figure><div class=\"dp-dfg-header entry-header\"><h2 class=\"entry-title\">Mary<\/h2><\/div><div class=\"dp-dfg-custom-content\"><p class=\"dp-dfg-custom-field dp-dfg-cf-autors2\"><span class=\"dp-dfg-custom-field-value\">Anton Casamor Espona<\/span><\/p><\/div><\/article><!-- DPDFG End Post Item Container --><article id=\"post-8422\" class=\"dp-dfg-item post-8422 obres_autors type-obres_autors status-publish has-post-thumbnail hentry tecnica_especifica-oli-sobre-fusta autors-carme-escursell-burch disciplina-pintura \"     data-position=\"182\"   data-new-tab=\"off\"   data-action-priority=\"item\"><figure class=\"dp-dfg-image entry-thumb\"><a href=\"https:\/\/www.museuemporda.org\/?obres_autors=sense-titol-vista-de-la-placa-de-lajuntament-de-figueres\" class=\"dp-dfg-image-link\" ><img loading=\"lazy\" decoding=\"async\" class=\"dp-dfg-featured-image\" src=\"https:\/\/www.museuemporda.org\/wp-content\/uploads\/2021\/09\/mE-2497-250x250.jpg\" alt=\"Sense t\u00edtol [Vista de la pla\u00e7a de l&#8217;Ajuntament de Figueres]\" width=\"250\" height=\"250\" data-ratio=\"1\"\/><\/a><\/figure><div class=\"dp-dfg-header entry-header\"><h2 class=\"entry-title\">Sense t\u00edtol [Vista de la pla\u00e7a de l&#8217;Ajuntament de Figueres]<\/h2><\/div><div class=\"dp-dfg-custom-content\"><p class=\"dp-dfg-custom-field dp-dfg-cf-autors2\"><span class=\"dp-dfg-custom-field-value\">Carme Escursell Burch<\/span><\/p><\/div><\/article><!-- DPDFG End Post Item Container --><article id=\"post-10434\" class=\"dp-dfg-item post-10434 obres_autors type-obres_autors status-publish has-post-thumbnail hentry tipus_tecniques-pintura tecnica_especifica-tecnica-mixta-sobre-paper autors-moises-sidrach-planas disciplina-pintura \"     data-position=\"183\"   data-new-tab=\"off\"   data-action-priority=\"item\"><figure class=\"dp-dfg-image entry-thumb\"><a href=\"https:\/\/www.museuemporda.org\/?obres_autors=paisatge-60\" class=\"dp-dfg-image-link\" ><img loading=\"lazy\" decoding=\"async\" class=\"dp-dfg-featured-image\" src=\"https:\/\/www.museuemporda.org\/wp-content\/uploads\/2022\/01\/mE-2286-250x250.jpg\" alt=\"Paisatge\" width=\"250\" height=\"250\" data-ratio=\"1\"\/><\/a><\/figure><div class=\"dp-dfg-header entry-header\"><h2 class=\"entry-title\">Paisatge<\/h2><\/div><div class=\"dp-dfg-custom-content\"><p class=\"dp-dfg-custom-field dp-dfg-cf-autors2\"><span class=\"dp-dfg-custom-field-value\">Mois\u00e8s Sidrach Planas<\/span><\/p><\/div><\/article><!-- DPDFG End Post Item Container --><article id=\"post-14156\" class=\"dp-dfg-item post-14156 obres_autors type-obres_autors status-publish has-post-thumbnail hentry tipus_tecniques-obra-grafica tecnica_especifica-impressio-digital autors-leonard-beard disciplina-obra-grafic \"     data-position=\"184\"   data-new-tab=\"off\"   data-action-priority=\"item\"><figure class=\"dp-dfg-image entry-thumb\"><a href=\"https:\/\/www.museuemporda.org\/?obres_autors=sense-titol-405\" class=\"dp-dfg-image-link\" ><img loading=\"lazy\" decoding=\"async\" class=\"dp-dfg-featured-image\" src=\"https:\/\/www.museuemporda.org\/wp-content\/uploads\/2023\/07\/ME2770-LEO-250x250.jpg\" alt=\"Sense t\u00edtol\" width=\"250\" height=\"250\" data-ratio=\"1\"\/><\/a><\/figure><div class=\"dp-dfg-header entry-header\"><h2 class=\"entry-title\">Sense t\u00edtol<\/h2><\/div><div class=\"dp-dfg-custom-content\"><p class=\"dp-dfg-custom-field dp-dfg-cf-autors2\"><span class=\"dp-dfg-custom-field-value\"> Leonard Beard<\/span><\/p><\/div><\/article><!-- DPDFG End Post Item Container --><article id=\"post-11540\" class=\"dp-dfg-item post-11540 obres_autors type-obres_autors status-publish has-post-thumbnail hentry tipus_tecniques-pintura tecnica_especifica-oli-sobre-tela autors-eugene-de-bernard-kurakin-goizueta disciplina-pintura \"     data-position=\"185\"   data-new-tab=\"off\"   data-action-priority=\"item\"><figure class=\"dp-dfg-image entry-thumb\"><a href=\"https:\/\/www.museuemporda.org\/?obres_autors=sense-titol-134\" class=\"dp-dfg-image-link\" ><img loading=\"lazy\" decoding=\"async\" class=\"dp-dfg-featured-image\" src=\"https:\/\/www.museuemporda.org\/wp-content\/uploads\/2022\/02\/mE-2312-250x250.jpg\" alt=\"Sense t\u00edtol\" width=\"250\" height=\"250\" data-ratio=\"1\"\/><\/a><\/figure><div class=\"dp-dfg-header entry-header\"><h2 class=\"entry-title\">Sense t\u00edtol<\/h2><\/div><div class=\"dp-dfg-custom-content\"><p class=\"dp-dfg-custom-field dp-dfg-cf-autors2\"><span class=\"dp-dfg-custom-field-value\">Eug\u00e9ne de Bernard Kurakin Goizueta<\/span><\/p><\/div><\/article><!-- DPDFG End Post Item Container --><article id=\"post-8453\" class=\"dp-dfg-item post-8453 obres_autors type-obres_autors status-publish has-post-thumbnail hentry autors-ramon-reig-corominas disciplina-pintura \"     data-position=\"186\"   data-new-tab=\"off\"   data-action-priority=\"item\"><figure class=\"dp-dfg-image entry-thumb\"><a href=\"https:\/\/www.museuemporda.org\/?obres_autors=cadaques\" class=\"dp-dfg-image-link\" ><img loading=\"lazy\" decoding=\"async\" class=\"dp-dfg-featured-image\" src=\"https:\/\/www.museuemporda.org\/wp-content\/uploads\/2021\/09\/mE-811-1-250x250.jpg\" alt=\"Cadaqu\u00e9s\" width=\"250\" height=\"250\" data-ratio=\"1\"\/><\/a><\/figure><div class=\"dp-dfg-header entry-header\"><h2 class=\"entry-title\">Cadaqu\u00e9s<\/h2><\/div><div class=\"dp-dfg-custom-content\"><p class=\"dp-dfg-custom-field dp-dfg-cf-autors2\"><span class=\"dp-dfg-custom-field-value\">Ramon Reig Corominas<\/span><\/p><\/div><\/article><!-- DPDFG End Post Item Container --><article id=\"post-5814\" class=\"dp-dfg-item post-5814 obres_autors type-obres_autors status-publish has-post-thumbnail hentry autors-josep-lluis-pellicer-fenye disciplina-dibuix \"     data-position=\"187\"   data-new-tab=\"off\"   data-action-priority=\"item\"><figure class=\"dp-dfg-image entry-thumb\"><a href=\"https:\/\/www.museuemporda.org\/?obres_autors=viatge-per-lemporda-estacio-de-figueres\" class=\"dp-dfg-image-link\" ><img loading=\"lazy\" decoding=\"async\" class=\"dp-dfg-featured-image\" src=\"https:\/\/www.museuemporda.org\/wp-content\/uploads\/2020\/10\/mE-1553-250x250.jpg\" alt=\"De Llan\u00e7\u00e0 a Fla\u00e7\u00e0 [de la s\u00e8rie Viatge per l&#8217;Empord\u00e0]\" width=\"250\" height=\"250\" data-ratio=\"1\"\/><\/a><\/figure><div class=\"dp-dfg-header entry-header\"><h2 class=\"entry-title\">De Llan\u00e7\u00e0 a Fla\u00e7\u00e0 [de la s\u00e8rie Viatge per l&#8217;Empord\u00e0]<\/h2><\/div><div class=\"dp-dfg-custom-content\"><p class=\"dp-dfg-custom-field dp-dfg-cf-autors2\"><span class=\"dp-dfg-custom-field-value\">Josep Llu\u00eds Pellicer Feny\u00e9<\/span><\/p><\/div><\/article><!-- DPDFG End Post Item Container --><article id=\"post-8873\" class=\"dp-dfg-item post-8873 obres_autors type-obres_autors status-publish has-post-thumbnail hentry tecnica_especifica-oli-sobre-tela autors-ramon-marti-alsina disciplina-pintura \"     data-position=\"188\"   data-new-tab=\"off\"   data-action-priority=\"item\"><figure class=\"dp-dfg-image entry-thumb\"><a href=\"https:\/\/www.museuemporda.org\/?obres_autors=marina\" class=\"dp-dfg-image-link\" ><img loading=\"lazy\" decoding=\"async\" class=\"dp-dfg-featured-image\" src=\"https:\/\/www.museuemporda.org\/wp-content\/uploads\/2021\/11\/mE-657-250x250.jpg\" alt=\"Marina\" width=\"250\" height=\"250\" data-ratio=\"1\"\/><\/a><\/figure><div class=\"dp-dfg-header entry-header\"><h2 class=\"entry-title\">Marina<\/h2><\/div><div class=\"dp-dfg-custom-content\"><p class=\"dp-dfg-custom-field dp-dfg-cf-autors2\"><span class=\"dp-dfg-custom-field-value\">Ramon Mart\u00ed Alsina<\/span><\/p><\/div><\/article><!-- DPDFG End Post Item Container --><article id=\"post-9125\" class=\"dp-dfg-item post-9125 obres_autors type-obres_autors status-publish has-post-thumbnail hentry autors-autoria-desconeguda disciplina-arqueologia \"     data-position=\"189\"   data-new-tab=\"off\"   data-action-priority=\"item\"><figure class=\"dp-dfg-image entry-thumb\"><a href=\"https:\/\/www.museuemporda.org\/?obres_autors=amfora-tarraconesa-3\" class=\"dp-dfg-image-link\" ><img loading=\"lazy\" decoding=\"async\" class=\"dp-dfg-featured-image\" src=\"https:\/\/www.museuemporda.org\/wp-content\/uploads\/2021\/11\/mE-573-250x250.jpg\" alt=\"\u00c0mfora tarraconesa\" width=\"250\" height=\"250\" data-ratio=\"1\"\/><\/a><\/figure><div class=\"dp-dfg-header entry-header\"><h2 class=\"entry-title\">\u00c0mfora tarraconesa<\/h2><\/div><div class=\"dp-dfg-custom-content\"><p class=\"dp-dfg-custom-field dp-dfg-cf-autors2\"><span class=\"dp-dfg-custom-field-value\">Autoria desconeguda<\/span><\/p><\/div><\/article><!-- DPDFG End Post Item Container --><article id=\"post-8354\" class=\"dp-dfg-item post-8354 obres_autors type-obres_autors status-publish has-post-thumbnail hentry autors-autoria-desconeguda disciplina-arqueologia \"     data-position=\"190\"   data-new-tab=\"off\"   data-action-priority=\"item\"><figure class=\"dp-dfg-image entry-thumb\"><a href=\"https:\/\/www.museuemporda.org\/?obres_autors=lecit-de-figures-negres\" class=\"dp-dfg-image-link\" ><img loading=\"lazy\" decoding=\"async\" class=\"dp-dfg-featured-image\" src=\"https:\/\/www.museuemporda.org\/wp-content\/uploads\/2021\/08\/mE-382-250x250.jpg\" alt=\"L\u00e8cit de figures negres\" width=\"250\" height=\"250\" data-ratio=\"1\"\/><\/a><\/figure><div class=\"dp-dfg-header entry-header\"><h2 class=\"entry-title\">L\u00e8cit de figures negres<\/h2><\/div><div class=\"dp-dfg-custom-content\"><p class=\"dp-dfg-custom-field dp-dfg-cf-autors2\"><span class=\"dp-dfg-custom-field-value\">Autoria desconeguda<\/span><\/p><\/div><\/article><!-- DPDFG End Post Item Container --><article id=\"post-9105\" class=\"dp-dfg-item post-9105 obres_autors type-obres_autors status-publish has-post-thumbnail hentry tecnica_especifica-ceramica-blava-catalana autors-autoria-desconeguda disciplina-arqueologia \"     data-position=\"191\"   data-new-tab=\"off\"   data-action-priority=\"item\"><figure class=\"dp-dfg-image entry-thumb\"><a href=\"https:\/\/www.museuemporda.org\/?obres_autors=plat\" class=\"dp-dfg-image-link\" ><img loading=\"lazy\" decoding=\"async\" class=\"dp-dfg-featured-image\" src=\"https:\/\/www.museuemporda.org\/wp-content\/uploads\/2021\/11\/mE-578-250x250.jpg\" alt=\"Plat\" width=\"250\" height=\"250\" data-ratio=\"1\"\/><\/a><\/figure><div class=\"dp-dfg-header entry-header\"><h2 class=\"entry-title\">Plat<\/h2><\/div><div class=\"dp-dfg-custom-content\"><p class=\"dp-dfg-custom-field dp-dfg-cf-autors2\"><span class=\"dp-dfg-custom-field-value\">Autoria desconeguda<\/span><\/p><\/div><\/article><!-- DPDFG End Post Item Container --><article id=\"post-10533\" class=\"dp-dfg-item post-10533 obres_autors type-obres_autors status-publish has-post-thumbnail hentry tipus_tecniques-dibuix tecnica_especifica-dibuix-sobre-paper autors-joan-felip-vila disciplina-dibuix \"     data-position=\"192\"   data-new-tab=\"off\"   data-action-priority=\"item\"><figure class=\"dp-dfg-image entry-thumb\"><a href=\"https:\/\/www.museuemporda.org\/?obres_autors=retrat-devarist-valles-3\" class=\"dp-dfg-image-link\" ><img loading=\"lazy\" decoding=\"async\" class=\"dp-dfg-featured-image\" src=\"https:\/\/www.museuemporda.org\/wp-content\/uploads\/2022\/02\/mE-2274-250x250.jpg\" alt=\"Retrat d&#8217;Evarist Vall\u00e8s\" width=\"250\" height=\"250\" data-ratio=\"1\"\/><\/a><\/figure><div class=\"dp-dfg-header entry-header\"><h2 class=\"entry-title\">Retrat d&#8217;Evarist Vall\u00e8s<\/h2><\/div><div class=\"dp-dfg-custom-content\"><p class=\"dp-dfg-custom-field dp-dfg-cf-autors2\"><span class=\"dp-dfg-custom-field-value\">Joan Felip Vil\u00e0<\/span><\/p><\/div><\/article><!-- DPDFG End Post Item Container --><article id=\"post-11842\" class=\"dp-dfg-item post-11842 obres_autors type-obres_autors status-publish has-post-thumbnail hentry tipus_tecniques-dibuix tecnica_especifica-dibuix-sobre-paper autors-felip-planas-canomeras disciplina-dibuix \"     data-position=\"193\"   data-new-tab=\"off\"   data-action-priority=\"item\"><figure class=\"dp-dfg-image entry-thumb\"><a href=\"https:\/\/www.museuemporda.org\/?obres_autors=sense-titol-152\" class=\"dp-dfg-image-link\" ><img loading=\"lazy\" decoding=\"async\" class=\"dp-dfg-featured-image\" src=\"https:\/\/www.museuemporda.org\/wp-content\/uploads\/2022\/02\/mE-2014-250x250.jpg\" alt=\"Sense t\u00edtol\" width=\"250\" height=\"250\" data-ratio=\"1\"\/><\/a><\/figure><div class=\"dp-dfg-header entry-header\"><h2 class=\"entry-title\">Sense t\u00edtol<\/h2><\/div><div class=\"dp-dfg-custom-content\"><p class=\"dp-dfg-custom-field dp-dfg-cf-autors2\"><span class=\"dp-dfg-custom-field-value\">Felip Planas Ca\u00f1omeras<\/span><\/p><\/div><\/article><!-- DPDFG End Post Item Container --><article id=\"post-10429\" class=\"dp-dfg-item post-10429 obres_autors type-obres_autors status-publish has-post-thumbnail hentry tipus_tecniques-pintura tecnica_especifica-oli-sobre-tela autors-moises-sidrach-planas disciplina-pintura \"     data-position=\"194\"   data-new-tab=\"off\"   data-action-priority=\"item\"><figure class=\"dp-dfg-image entry-thumb\"><a href=\"https:\/\/www.museuemporda.org\/?obres_autors=ofrena\" class=\"dp-dfg-image-link\" ><img loading=\"lazy\" decoding=\"async\" class=\"dp-dfg-featured-image\" src=\"https:\/\/www.museuemporda.org\/wp-content\/uploads\/2022\/01\/mE-792-250x250.jpg\" alt=\"Ofrena\" width=\"250\" height=\"250\" data-ratio=\"1\"\/><\/a><\/figure><div class=\"dp-dfg-header entry-header\"><h2 class=\"entry-title\">Ofrena<\/h2><\/div><div class=\"dp-dfg-custom-content\"><p class=\"dp-dfg-custom-field dp-dfg-cf-autors2\"><span class=\"dp-dfg-custom-field-value\">Mois\u00e8s Sidrach Planas<\/span><\/p><\/div><\/article><!-- DPDFG End Post Item Container --><article id=\"post-14394\" class=\"dp-dfg-item post-14394 obres_autors type-obres_autors status-publish has-post-thumbnail hentry tipus_tecniques-pintura tecnica_especifica-oli-sobre-fusta autors-carme-escursell-burch disciplina-pintura \"     data-position=\"195\"   data-new-tab=\"off\"   data-action-priority=\"item\"><figure class=\"dp-dfg-image entry-thumb\"><a href=\"https:\/\/www.museuemporda.org\/?obres_autors=sense-titol-513\" class=\"dp-dfg-image-link\" ><img loading=\"lazy\" decoding=\"async\" class=\"dp-dfg-featured-image\" src=\"https:\/\/www.museuemporda.org\/wp-content\/uploads\/2023\/07\/ME2904-250x250.jpg\" alt=\"Sense t\u00edtol\" width=\"250\" height=\"250\" data-ratio=\"1\"\/><\/a><\/figure><div class=\"dp-dfg-header entry-header\"><h2 class=\"entry-title\">Sense t\u00edtol<\/h2><\/div><div class=\"dp-dfg-custom-content\"><p class=\"dp-dfg-custom-field dp-dfg-cf-autors2\"><span class=\"dp-dfg-custom-field-value\">Carme Escursell Burch<\/span><\/p><\/div><\/article><!-- DPDFG End Post Item Container --><article id=\"post-10585\" class=\"dp-dfg-item post-10585 obres_autors type-obres_autors status-publish has-post-thumbnail hentry tipus_tecniques-dibuix tecnica_especifica-dibuix-sobre-paper autors-maria-llavanera-miralles disciplina-dibuix \"     data-position=\"196\"   data-new-tab=\"off\"   data-action-priority=\"item\"><figure class=\"dp-dfg-image entry-thumb\"><a href=\"https:\/\/www.museuemporda.org\/?obres_autors=nu-femeni-6\" class=\"dp-dfg-image-link\" ><img loading=\"lazy\" decoding=\"async\" class=\"dp-dfg-featured-image\" src=\"https:\/\/www.museuemporda.org\/wp-content\/uploads\/2022\/02\/mE-2301-250x250.jpg\" alt=\"Nu femen\u00ed\" width=\"250\" height=\"250\" data-ratio=\"1\"\/><\/a><\/figure><div class=\"dp-dfg-header entry-header\"><h2 class=\"entry-title\">Nu femen\u00ed<\/h2><\/div><div class=\"dp-dfg-custom-content\"><p class=\"dp-dfg-custom-field dp-dfg-cf-autors2\"><span class=\"dp-dfg-custom-field-value\">Mari\u00e0 Llavanera Miralles<\/span><\/p><\/div><\/article><!-- DPDFG End Post Item Container --><article id=\"post-14321\" class=\"dp-dfg-item post-14321 obres_autors type-obres_autors status-publish has-post-thumbnail hentry tipus_tecniques-dibuix tecnica_especifica-impressio-digital autors-jordi-fenosa-tatay disciplina-dibuix \"     data-position=\"197\"   data-new-tab=\"off\"   data-action-priority=\"item\"><figure class=\"dp-dfg-image entry-thumb\"><a href=\"https:\/\/www.museuemporda.org\/?obres_autors=sense-titol-482\" class=\"dp-dfg-image-link\" ><img loading=\"lazy\" decoding=\"async\" class=\"dp-dfg-featured-image\" src=\"https:\/\/www.museuemporda.org\/wp-content\/uploads\/2023\/07\/ME2868-TATAY-250x250.jpg\" alt=\"Sense t\u00edtol\" width=\"250\" height=\"250\" data-ratio=\"1\"\/><\/a><\/figure><div class=\"dp-dfg-header entry-header\"><h2 class=\"entry-title\">Sense t\u00edtol<\/h2><\/div><div class=\"dp-dfg-custom-content\"><p class=\"dp-dfg-custom-field dp-dfg-cf-autors2\"><span class=\"dp-dfg-custom-field-value\">Jordi Fenosa Tatay<\/span><\/p><\/div><\/article><!-- DPDFG End Post Item Container --><article id=\"post-14229\" class=\"dp-dfg-item post-14229 obres_autors type-obres_autors status-publish has-post-thumbnail hentry tipus_tecniques-dibuix tecnica_especifica-impressio-digital autors-joan-antoni-poch disciplina-dibuix \"     data-position=\"198\"   data-new-tab=\"off\"   data-action-priority=\"item\"><figure class=\"dp-dfg-image entry-thumb\"><a href=\"https:\/\/www.museuemporda.org\/?obres_autors=sense-titol-440\" class=\"dp-dfg-image-link\" ><img loading=\"lazy\" decoding=\"async\" class=\"dp-dfg-featured-image\" src=\"https:\/\/www.museuemporda.org\/wp-content\/uploads\/2023\/07\/ME2825-JAP-250x250.jpg\" alt=\"Sense t\u00edtol\" width=\"250\" height=\"250\" data-ratio=\"1\"\/><\/a><\/figure><div class=\"dp-dfg-header entry-header\"><h2 class=\"entry-title\">Sense t\u00edtol<\/h2><\/div><div class=\"dp-dfg-custom-content\"><p class=\"dp-dfg-custom-field dp-dfg-cf-autors2\"><span class=\"dp-dfg-custom-field-value\">Joan Antoni Poch<\/span><\/p><\/div><\/article><!-- DPDFG End Post Item Container --><article id=\"post-11503\" class=\"dp-dfg-item post-11503 obres_autors type-obres_autors status-publish has-post-thumbnail hentry tipus_tecniques-dibuix tecnica_especifica-dibuix-sobre-paper autors-gilbert-kirszbaum disciplina-dibuix \"     data-position=\"199\"   data-new-tab=\"off\"   data-action-priority=\"item\"><figure class=\"dp-dfg-image entry-thumb\"><a href=\"https:\/\/www.museuemporda.org\/?obres_autors=descendentes-de-croix\" class=\"dp-dfg-image-link\" ><img loading=\"lazy\" decoding=\"async\" class=\"dp-dfg-featured-image\" src=\"https:\/\/www.museuemporda.org\/wp-content\/uploads\/2022\/02\/mE-2427-250x250.jpg\" alt=\"Descendentes de croix\" width=\"250\" height=\"250\" data-ratio=\"1\"\/><\/a><\/figure><div class=\"dp-dfg-header entry-header\"><h2 class=\"entry-title\">Descendentes de croix<\/h2><\/div><div class=\"dp-dfg-custom-content\"><p class=\"dp-dfg-custom-field dp-dfg-cf-autors2\"><span class=\"dp-dfg-custom-field-value\">Gilbert Kirszbaum<\/span><\/p><\/div><\/article><!-- DPDFG End Post Item Container --><article id=\"post-5669\" class=\"dp-dfg-item post-5669 obres_autors type-obres_autors status-publish has-post-thumbnail hentry autors-autoria-desconeguda disciplina-arqueologia \"     data-position=\"200\"   data-new-tab=\"off\"   data-action-priority=\"item\"><figure class=\"dp-dfg-image entry-thumb\"><a href=\"https:\/\/www.museuemporda.org\/?obres_autors=gerra-de-ceramica-comuna\" class=\"dp-dfg-image-link\" ><img loading=\"lazy\" decoding=\"async\" class=\"dp-dfg-featured-image\" src=\"https:\/\/www.museuemporda.org\/wp-content\/uploads\/2020\/04\/mE-22-250x250.jpg\" alt=\"Gerr\u00f3\" width=\"250\" height=\"250\" data-ratio=\"1\"\/><\/a><\/figure><div class=\"dp-dfg-header entry-header\"><h2 class=\"entry-title\">Gerr\u00f3<\/h2><\/div><div class=\"dp-dfg-custom-content\"><p class=\"dp-dfg-custom-field dp-dfg-cf-autors2\"><span class=\"dp-dfg-custom-field-value\">Autoria desconeguda<\/span><\/p><\/div><\/article><!-- DPDFG End Post Item Container --><article id=\"post-8927\" class=\"dp-dfg-item post-8927 obres_autors type-obres_autors status-publish has-post-thumbnail hentry tecnica_especifica-oli-sobre-cartro-tela autors-francesc-camps-ribera disciplina-pintura \"     data-position=\"201\"   data-new-tab=\"off\"   data-action-priority=\"item\"><figure class=\"dp-dfg-image entry-thumb\"><a href=\"https:\/\/www.museuemporda.org\/?obres_autors=papantla-fidela-mestissa-veracruzana\" class=\"dp-dfg-image-link\" ><img loading=\"lazy\" decoding=\"async\" class=\"dp-dfg-featured-image\" src=\"https:\/\/www.museuemporda.org\/wp-content\/uploads\/2021\/11\/mE-694-250x250.jpg\" alt=\"Papantla Fidela, mestissa veracruzana\" width=\"250\" height=\"250\" data-ratio=\"1\"\/><\/a><\/figure><div class=\"dp-dfg-header entry-header\"><h2 class=\"entry-title\">Papantla Fidela, mestissa veracruzana<\/h2><\/div><div class=\"dp-dfg-custom-content\"><p class=\"dp-dfg-custom-field dp-dfg-cf-autors2\"><span class=\"dp-dfg-custom-field-value\">Francesc Camps Ribera<\/span><\/p><\/div><\/article><!-- DPDFG End Post Item Container --><article id=\"post-5960\" class=\"dp-dfg-item post-5960 obres_autors type-obres_autors status-publish has-post-thumbnail hentry tecnica_especifica-oli-sobre-tela autors-eusebi-de-puig-i-de-conill disciplina-pintura \"     data-position=\"202\"   data-new-tab=\"off\"   data-action-priority=\"item\"><figure class=\"dp-dfg-image entry-thumb\"><a href=\"https:\/\/www.museuemporda.org\/?obres_autors=paisatge-empordanes\" class=\"dp-dfg-image-link\" ><img loading=\"lazy\" decoding=\"async\" class=\"dp-dfg-featured-image\" src=\"https:\/\/www.museuemporda.org\/wp-content\/uploads\/2020\/04\/mE-734-250x250.jpg\" alt=\"Paisatge empordan\u00e8s\" width=\"250\" height=\"250\" data-ratio=\"1\"\/><\/a><\/figure><div class=\"dp-dfg-header entry-header\"><h2 class=\"entry-title\">Paisatge empordan\u00e8s<\/h2><\/div><div class=\"dp-dfg-custom-content\"><p class=\"dp-dfg-custom-field dp-dfg-cf-autors2\"><span class=\"dp-dfg-custom-field-value\">Eusebi de Puig i de Conill<\/span><\/p><\/div><\/article><!-- DPDFG End Post Item Container --><article id=\"post-5761\" class=\"dp-dfg-item post-5761 obres_autors type-obres_autors status-publish has-post-thumbnail hentry tecnica_especifica-oli-sobre-tela autors-sebastian-martinez-domedel disciplina-pintura \"     data-position=\"203\"   data-new-tab=\"off\"   data-action-priority=\"item\"><figure class=\"dp-dfg-image entry-thumb\"><a href=\"https:\/\/www.museuemporda.org\/?obres_autors=lapostol-sant-mateu\" class=\"dp-dfg-image-link\" ><img loading=\"lazy\" decoding=\"async\" class=\"dp-dfg-featured-image\" src=\"https:\/\/www.museuemporda.org\/wp-content\/uploads\/2020\/04\/mE-629-1-250x250.jpg\" alt=\"L&#8217;ap\u00f2stol Sant Mateu\" width=\"250\" height=\"250\" data-ratio=\"1\"\/><\/a><\/figure><div class=\"dp-dfg-header entry-header\"><h2 class=\"entry-title\">L&#8217;ap\u00f2stol Sant Mateu<\/h2><\/div><div class=\"dp-dfg-custom-content\"><p class=\"dp-dfg-custom-field dp-dfg-cf-autors2\"><span class=\"dp-dfg-custom-field-value\">Antonio Arias Fern\u00e1ndez<\/span><\/p><\/div><\/article><!-- DPDFG End Post Item Container --><article id=\"post-11896\" class=\"dp-dfg-item post-11896 obres_autors type-obres_autors status-publish has-post-thumbnail hentry tipus_tecniques-pintura tecnica_especifica-oli-sobre-tela autors-fran-recacha disciplina-pintura \"     data-position=\"204\"   data-new-tab=\"off\"   data-action-priority=\"item\"><figure class=\"dp-dfg-image entry-thumb\"><a href=\"https:\/\/www.museuemporda.org\/?obres_autors=sense-titol-159\" class=\"dp-dfg-image-link\" ><img loading=\"lazy\" decoding=\"async\" class=\"dp-dfg-featured-image\" src=\"https:\/\/www.museuemporda.org\/wp-content\/uploads\/2022\/02\/mE-2155-250x250.jpg\" alt=\"Sense t\u00edtol\" width=\"250\" height=\"250\" data-ratio=\"1\"\/><\/a><\/figure><div class=\"dp-dfg-header entry-header\"><h2 class=\"entry-title\">Sense t\u00edtol<\/h2><\/div><div class=\"dp-dfg-custom-content\"><p class=\"dp-dfg-custom-field dp-dfg-cf-autors2\"><span class=\"dp-dfg-custom-field-value\">Fran Recacha<\/span><\/p><\/div><\/article><!-- DPDFG End Post Item Container --><article id=\"post-7971\" class=\"dp-dfg-item post-7971 obres_autors type-obres_autors status-publish has-post-thumbnail hentry autors-autoria-desconeguda disciplina-arqueologia \"     data-position=\"205\"   data-new-tab=\"off\"   data-action-priority=\"item\"><figure class=\"dp-dfg-image entry-thumb\"><a href=\"https:\/\/www.museuemporda.org\/?obres_autors=denes-de-collar-2\" class=\"dp-dfg-image-link\" ><img loading=\"lazy\" decoding=\"async\" class=\"dp-dfg-featured-image\" src=\"https:\/\/www.museuemporda.org\/wp-content\/uploads\/2021\/08\/mE-537_2019-250x250.jpg\" alt=\"Denes de collar\" width=\"250\" height=\"250\" data-ratio=\"1\"\/><\/a><\/figure><div class=\"dp-dfg-header entry-header\"><h2 class=\"entry-title\">Denes de collar<\/h2><\/div><div class=\"dp-dfg-custom-content\"><p class=\"dp-dfg-custom-field dp-dfg-cf-autors2\"><span class=\"dp-dfg-custom-field-value\">Autoria desconeguda<\/span><\/p><\/div><\/article><!-- DPDFG End Post Item Container --><article id=\"post-13996\" class=\"dp-dfg-item post-13996 obres_autors type-obres_autors status-publish has-post-thumbnail hentry tipus_tecniques-dibuix tecnica_especifica-impressio-digital autors-pep-claparols-i-moret disciplina-dibuix \"     data-position=\"206\"   data-new-tab=\"off\"   data-action-priority=\"item\"><figure class=\"dp-dfg-image entry-thumb\"><a href=\"https:\/\/www.museuemporda.org\/?obres_autors=sense-titol-335\" class=\"dp-dfg-image-link\" ><img loading=\"lazy\" decoding=\"async\" class=\"dp-dfg-featured-image\" src=\"https:\/\/www.museuemporda.org\/wp-content\/uploads\/2023\/06\/ME2697-PEP2002-250x250.jpg\" alt=\"Sense t\u00edtol\" width=\"250\" height=\"250\" data-ratio=\"1\"\/><\/a><\/figure><div class=\"dp-dfg-header entry-header\"><h2 class=\"entry-title\">Sense t\u00edtol<\/h2><\/div><div class=\"dp-dfg-custom-content\"><p class=\"dp-dfg-custom-field dp-dfg-cf-autors2\"><span class=\"dp-dfg-custom-field-value\">Pep Claparols i Moret<\/span><\/p><\/div><\/article><!-- DPDFG End Post Item Container --><article id=\"post-8057\" class=\"dp-dfg-item post-8057 obres_autors type-obres_autors status-publish has-post-thumbnail hentry tecnica_especifica-oli-sobre-fusta autors-enric-galwey-garcia disciplina-pintura \"     data-position=\"207\"   data-new-tab=\"off\"   data-action-priority=\"item\"><figure class=\"dp-dfg-image entry-thumb\"><a href=\"https:\/\/www.museuemporda.org\/?obres_autors=paisatge-7\" class=\"dp-dfg-image-link\" ><img loading=\"lazy\" decoding=\"async\" class=\"dp-dfg-featured-image\" src=\"https:\/\/www.museuemporda.org\/wp-content\/uploads\/2021\/08\/mE-1232-250x250.jpg\" alt=\"Paisatge\" width=\"250\" height=\"250\" data-ratio=\"1\"\/><\/a><\/figure><div class=\"dp-dfg-header entry-header\"><h2 class=\"entry-title\">Paisatge<\/h2><\/div><div class=\"dp-dfg-custom-content\"><p class=\"dp-dfg-custom-field dp-dfg-cf-autors2\"><span class=\"dp-dfg-custom-field-value\">Enric Galwey Garc\u00eda<\/span><\/p><\/div><\/article><!-- DPDFG End Post Item Container --><article id=\"post-9052\" class=\"dp-dfg-item post-9052 obres_autors type-obres_autors status-publish has-post-thumbnail hentry tipus_tecniques-pedra autors-joan-borrell-nicolau disciplina-escultura \"     data-position=\"208\"   data-new-tab=\"off\"   data-action-priority=\"item\"><figure class=\"dp-dfg-image entry-thumb\"><a href=\"https:\/\/www.museuemporda.org\/?obres_autors=nu-femeni-2\" class=\"dp-dfg-image-link\" ><img loading=\"lazy\" decoding=\"async\" class=\"dp-dfg-featured-image\" src=\"https:\/\/www.museuemporda.org\/wp-content\/uploads\/2021\/11\/mE-1661-250x250.jpg\" alt=\"Nu femen\u00ed\" width=\"250\" height=\"250\" data-ratio=\"1\"\/><\/a><\/figure><div class=\"dp-dfg-header entry-header\"><h2 class=\"entry-title\">Nu femen\u00ed<\/h2><\/div><div class=\"dp-dfg-custom-content\"><p class=\"dp-dfg-custom-field dp-dfg-cf-autors2\"><span class=\"dp-dfg-custom-field-value\">Joan Borrell Nicolau<\/span><\/p><\/div><\/article><!-- DPDFG End Post Item Container --><article id=\"post-9861\" class=\"dp-dfg-item post-9861 obres_autors type-obres_autors status-publish has-post-thumbnail hentry tipus_tecniques-fotografia tecnica_especifica-fotografia autors-autoria-desconeguda disciplina-fotografia \"     data-position=\"209\"   data-new-tab=\"off\"   data-action-priority=\"item\"><figure class=\"dp-dfg-image entry-thumb\"><a href=\"https:\/\/www.museuemporda.org\/?obres_autors=sense-titol-29\" class=\"dp-dfg-image-link\" ><img loading=\"lazy\" decoding=\"async\" class=\"dp-dfg-featured-image\" src=\"https:\/\/www.museuemporda.org\/wp-content\/uploads\/2022\/01\/mE-1995-250x250.jpg\" alt=\"Sense t\u00edtol\" width=\"250\" height=\"250\" data-ratio=\"1\"\/><\/a><\/figure><div class=\"dp-dfg-header entry-header\"><h2 class=\"entry-title\">Sense t\u00edtol<\/h2><\/div><div class=\"dp-dfg-custom-content\"><p class=\"dp-dfg-custom-field dp-dfg-cf-autors2\"><span class=\"dp-dfg-custom-field-value\">Autoria desconeguda<\/span><\/p><\/div><\/article><!-- DPDFG End Post Item Container --><article id=\"post-10344\" class=\"dp-dfg-item post-10344 obres_autors type-obres_autors status-publish has-post-thumbnail hentry tipus_tecniques-pintura tecnica_especifica-oli-sobre-tela autors-pere-bech-sudria disciplina-pintura \"     data-position=\"210\"   data-new-tab=\"off\"   data-action-priority=\"item\"><figure class=\"dp-dfg-image entry-thumb\"><a href=\"https:\/\/www.museuemporda.org\/?obres_autors=paisatge-59\" class=\"dp-dfg-image-link\" ><img loading=\"lazy\" decoding=\"async\" class=\"dp-dfg-featured-image\" src=\"https:\/\/www.museuemporda.org\/wp-content\/uploads\/2022\/01\/mE-2248-250x250.jpg\" alt=\"Paisatge\" width=\"250\" height=\"250\" data-ratio=\"1\"\/><\/a><\/figure><div class=\"dp-dfg-header entry-header\"><h2 class=\"entry-title\">Paisatge<\/h2><\/div><div class=\"dp-dfg-custom-content\"><p class=\"dp-dfg-custom-field dp-dfg-cf-autors2\"><span class=\"dp-dfg-custom-field-value\">Pere Bech Sudri\u00e0<\/span><\/p><\/div><\/article><!-- DPDFG End Post Item Container --><article id=\"post-11556\" class=\"dp-dfg-item post-11556 obres_autors type-obres_autors status-publish has-post-thumbnail hentry tipus_tecniques-pintura tecnica_especifica-aquarella-sobre-paper autors-lea-lafugie disciplina-pintura \"     data-position=\"211\"   data-new-tab=\"off\"   data-action-priority=\"item\"><figure class=\"dp-dfg-image entry-thumb\"><a href=\"https:\/\/www.museuemporda.org\/?obres_autors=sense-titol-138\" class=\"dp-dfg-image-link\" ><img loading=\"lazy\" decoding=\"async\" class=\"dp-dfg-featured-image\" src=\"https:\/\/www.museuemporda.org\/wp-content\/uploads\/2022\/02\/mE-2411-1-250x250.jpg\" alt=\"Sense t\u00edtol\" width=\"250\" height=\"250\" data-ratio=\"1\"\/><\/a><\/figure><div class=\"dp-dfg-header entry-header\"><h2 class=\"entry-title\">Sense t\u00edtol<\/h2><\/div><div class=\"dp-dfg-custom-content\"><p class=\"dp-dfg-custom-field dp-dfg-cf-autors2\"><span class=\"dp-dfg-custom-field-value\">L\u00e9a Lafugie<\/span><\/p><\/div><\/article><!-- DPDFG End Post Item Container --><article id=\"post-8968\" class=\"dp-dfg-item post-8968 obres_autors type-obres_autors status-publish has-post-thumbnail hentry tecnica_especifica-oli-sobre-tela autors-josep-bonaterra-gras disciplina-pintura \"     data-position=\"212\"   data-new-tab=\"off\"   data-action-priority=\"item\"><figure class=\"dp-dfg-image entry-thumb\"><a href=\"https:\/\/www.museuemporda.org\/?obres_autors=paisatge-empordanes-3\" class=\"dp-dfg-image-link\" ><img loading=\"lazy\" decoding=\"async\" class=\"dp-dfg-featured-image\" src=\"https:\/\/www.museuemporda.org\/wp-content\/uploads\/2021\/11\/mE-750-250x250.jpg\" alt=\"Paisatge empordan\u00e8s\" width=\"250\" height=\"250\" data-ratio=\"1\"\/><\/a><\/figure><div class=\"dp-dfg-header entry-header\"><h2 class=\"entry-title\">Paisatge empordan\u00e8s<\/h2><\/div><div class=\"dp-dfg-custom-content\"><p class=\"dp-dfg-custom-field dp-dfg-cf-autors2\"><span class=\"dp-dfg-custom-field-value\">Josep Bonaterra Gras<\/span><\/p><\/div><\/article><!-- DPDFG End Post Item Container --><article id=\"post-12581\" class=\"dp-dfg-item post-12581 obres_autors type-obres_autors status-publish has-post-thumbnail hentry tipus_tecniques-pintura tecnica_especifica-oli-sobre-tela autors-joan-paradis-puig disciplina-pintura \"     data-position=\"213\"   data-new-tab=\"off\"   data-action-priority=\"item\"><figure class=\"dp-dfg-image entry-thumb\"><a href=\"https:\/\/www.museuemporda.org\/?obres_autors=nu-femeni-9\" class=\"dp-dfg-image-link\" ><img loading=\"lazy\" decoding=\"async\" class=\"dp-dfg-featured-image\" src=\"https:\/\/www.museuemporda.org\/wp-content\/uploads\/2022\/04\/ME-2544_JORDI-PUIG-2021-250x250.jpg\" alt=\"Nu femen\u00ed\" width=\"250\" height=\"250\" data-ratio=\"1\"\/><\/a><\/figure><div class=\"dp-dfg-header entry-header\"><h2 class=\"entry-title\">Nu femen\u00ed<\/h2><\/div><div class=\"dp-dfg-custom-content\"><p class=\"dp-dfg-custom-field dp-dfg-cf-autors2\"><span class=\"dp-dfg-custom-field-value\">Joan Parad\u00eds Puig<\/span><\/p><\/div><\/article><!-- DPDFG End Post Item Container --><article id=\"post-10917\" class=\"dp-dfg-item post-10917 obres_autors type-obres_autors status-publish has-post-thumbnail hentry tipus_tecniques-escultura tecnica_especifica-terra-cuita autors-fidel-aguilar-marco disciplina-escultura \"     data-position=\"214\"   data-new-tab=\"off\"   data-action-priority=\"item\"><figure class=\"dp-dfg-image entry-thumb\"><a href=\"https:\/\/www.museuemporda.org\/?obres_autors=jove-classica\" class=\"dp-dfg-image-link\" ><img loading=\"lazy\" decoding=\"async\" class=\"dp-dfg-featured-image\" src=\"https:\/\/www.museuemporda.org\/wp-content\/uploads\/2022\/02\/mE-2375-1-250x250.jpg\" alt=\"Jove cl\u00e0ssica\" width=\"250\" height=\"250\" data-ratio=\"1\"\/><\/a><\/figure><div class=\"dp-dfg-header entry-header\"><h2 class=\"entry-title\">Jove cl\u00e0ssica<\/h2><\/div><div class=\"dp-dfg-custom-content\"><p class=\"dp-dfg-custom-field dp-dfg-cf-autors2\"><span class=\"dp-dfg-custom-field-value\">Fidel Aguilar Marc\u00f3<\/span><\/p><\/div><\/article><!-- DPDFG End Post Item Container --><article id=\"post-5927\" class=\"dp-dfg-item post-5927 obres_autors type-obres_autors status-publish has-post-thumbnail hentry autors-joan-borrell-nicolau disciplina-escultura \"     data-position=\"215\"   data-new-tab=\"off\"   data-action-priority=\"item\"><figure class=\"dp-dfg-image entry-thumb\"><a href=\"https:\/\/www.museuemporda.org\/?obres_autors=el-pensament\" class=\"dp-dfg-image-link\" ><img loading=\"lazy\" decoding=\"async\" class=\"dp-dfg-featured-image\" src=\"https:\/\/www.museuemporda.org\/wp-content\/uploads\/2020\/10\/mE-1515-250x250.jpg\" alt=\"El pensament\" width=\"250\" height=\"250\" data-ratio=\"1\"\/><\/a><\/figure><div class=\"dp-dfg-header entry-header\"><h2 class=\"entry-title\">El pensament<\/h2><\/div><div class=\"dp-dfg-custom-content\"><p class=\"dp-dfg-custom-field dp-dfg-cf-autors2\"><span class=\"dp-dfg-custom-field-value\">Joan Borrell Nicolau<\/span><\/p><\/div><\/article><!-- DPDFG End Post Item Container --><article id=\"post-11419\" class=\"dp-dfg-item post-11419 obres_autors type-obres_autors status-publish has-post-thumbnail hentry tipus_tecniques-obra-grafica tecnica_especifica-gravat autors-francisco-gonzalez disciplina-obra-grafic \"     data-position=\"216\"   data-new-tab=\"off\"   data-action-priority=\"item\"><figure class=\"dp-dfg-image entry-thumb\"><a href=\"https:\/\/www.museuemporda.org\/?obres_autors=jacob-beneint-als-fills-de-josep\" class=\"dp-dfg-image-link\" ><img loading=\"lazy\" decoding=\"async\" class=\"dp-dfg-featured-image\" src=\"https:\/\/www.museuemporda.org\/wp-content\/uploads\/2022\/02\/mE-1981-250x250.jpg\" alt=\"Jacob bene\u00efnt als fills de Josep\" width=\"250\" height=\"250\" data-ratio=\"1\"\/><\/a><\/figure><div class=\"dp-dfg-header entry-header\"><h2 class=\"entry-title\">Jacob bene\u00efnt als fills de Josep<\/h2><\/div><div class=\"dp-dfg-custom-content\"><p class=\"dp-dfg-custom-field dp-dfg-cf-autors2\"><span class=\"dp-dfg-custom-field-value\">Francisco Gonz\u00e1lez<\/span><\/p><\/div><\/article><!-- DPDFG End Post Item Container --><article id=\"post-8828\" class=\"dp-dfg-item post-8828 obres_autors type-obres_autors status-publish has-post-thumbnail hentry tecnica_especifica-oli-sobre-tela autors-joaquin-siguenza-chavarrieta disciplina-pintura \"     data-position=\"217\"   data-new-tab=\"off\"   data-action-priority=\"item\"><figure class=\"dp-dfg-image entry-thumb\"><a href=\"https:\/\/www.museuemporda.org\/?obres_autors=entrada-en-un-processo-al-temple\" class=\"dp-dfg-image-link\" ><img loading=\"lazy\" decoding=\"async\" class=\"dp-dfg-featured-image\" src=\"https:\/\/www.museuemporda.org\/wp-content\/uploads\/2021\/10\/mE-1186_2-250x250.jpg\" alt=\"Entrada en un process\u00f3 al temple\" width=\"250\" height=\"250\" data-ratio=\"1\"\/><\/a><\/figure><div class=\"dp-dfg-header entry-header\"><h2 class=\"entry-title\">Entrada en un process\u00f3 al temple<\/h2><\/div><div class=\"dp-dfg-custom-content\"><p class=\"dp-dfg-custom-field dp-dfg-cf-autors2\"><span class=\"dp-dfg-custom-field-value\">Joaqu\u00edn Sig\u00fcenza Chavarrieta<\/span><\/p><\/div><\/article><!-- DPDFG End Post Item Container --><article id=\"post-10535\" class=\"dp-dfg-item post-10535 obres_autors type-obres_autors status-publish has-post-thumbnail hentry tipus_tecniques-dibuix tecnica_especifica-dibuix-sobre-paper autors-joan-felip-vila disciplina-dibuix \"     data-position=\"218\"   data-new-tab=\"off\"   data-action-priority=\"item\"><figure class=\"dp-dfg-image entry-thumb\"><a href=\"https:\/\/www.museuemporda.org\/?obres_autors=retrat-3\" class=\"dp-dfg-image-link\" ><img loading=\"lazy\" decoding=\"async\" class=\"dp-dfg-featured-image\" src=\"https:\/\/www.museuemporda.org\/wp-content\/uploads\/2022\/02\/mE-2285-250x250.jpg\" alt=\"Retrat\" width=\"250\" height=\"250\" data-ratio=\"1\"\/><\/a><\/figure><div class=\"dp-dfg-header entry-header\"><h2 class=\"entry-title\">Retrat<\/h2><\/div><div class=\"dp-dfg-custom-content\"><p class=\"dp-dfg-custom-field dp-dfg-cf-autors2\"><span class=\"dp-dfg-custom-field-value\">Joan Felip Vil\u00e0<\/span><\/p><\/div><\/article><!-- DPDFG End Post Item Container --><article id=\"post-9945\" class=\"dp-dfg-item post-9945 obres_autors type-obres_autors status-publish has-post-thumbnail hentry tipus_tecniques-escultura tecnica_especifica-tecnica-mixta autors-monica-campdepadros-perez disciplina-escultura \"     data-position=\"219\"   data-new-tab=\"off\"   data-action-priority=\"item\"><figure class=\"dp-dfg-image entry-thumb\"><a href=\"https:\/\/www.museuemporda.org\/?obres_autors=temps\" class=\"dp-dfg-image-link\" ><img loading=\"lazy\" decoding=\"async\" class=\"dp-dfg-featured-image\" src=\"https:\/\/www.museuemporda.org\/wp-content\/uploads\/2022\/01\/mE-2526_frontal-250x250.jpg\" alt=\"Temps\" width=\"250\" height=\"250\" data-ratio=\"1\"\/><\/a><\/figure><div class=\"dp-dfg-header entry-header\"><h2 class=\"entry-title\">Temps<\/h2><\/div><div class=\"dp-dfg-custom-content\"><p class=\"dp-dfg-custom-field dp-dfg-cf-autors2\"><span class=\"dp-dfg-custom-field-value\">M\u00f2nica Campdepadr\u00f3s P\u00e9rez<\/span><\/p><\/div><\/article><!-- DPDFG End Post Item Container --><article id=\"post-5872\" class=\"dp-dfg-item post-5872 obres_autors type-obres_autors status-publish has-post-thumbnail hentry tecnica_especifica-maculatura autors-joan-josep-tharrats-vidal disciplina-obra-grafic \"     data-position=\"220\"   data-new-tab=\"off\"   data-action-priority=\"item\"><figure class=\"dp-dfg-image entry-thumb\"><a href=\"https:\/\/www.museuemporda.org\/?obres_autors=la-impremta-en-blau-i-negre\" class=\"dp-dfg-image-link\" ><img loading=\"lazy\" decoding=\"async\" class=\"dp-dfg-featured-image\" src=\"https:\/\/www.museuemporda.org\/wp-content\/uploads\/2020\/04\/mE-710-250x250.jpg\" alt=\"Empremta en blau i negre\" width=\"250\" height=\"250\" data-ratio=\"1\"\/><\/a><\/figure><div class=\"dp-dfg-header entry-header\"><h2 class=\"entry-title\">Empremta en blau i negre<\/h2><\/div><div class=\"dp-dfg-custom-content\"><p class=\"dp-dfg-custom-field dp-dfg-cf-autors2\"><span class=\"dp-dfg-custom-field-value\">Joan-Josep Tharrats Vidal<\/span><\/p><\/div><\/article><!-- DPDFG End Post Item Container --><article id=\"post-10775\" class=\"dp-dfg-item post-10775 obres_autors type-obres_autors status-publish has-post-thumbnail hentry tipus_tecniques-dibuix tecnica_especifica-tecnica-mixta-sobre-paper autors-ricard-canals-llambi disciplina-dibuix \"     data-position=\"221\"   data-new-tab=\"off\"   data-action-priority=\"item\"><figure class=\"dp-dfg-image entry-thumb\"><a href=\"https:\/\/www.museuemporda.org\/?obres_autors=retrat-de-noia-2\" class=\"dp-dfg-image-link\" ><img loading=\"lazy\" decoding=\"async\" class=\"dp-dfg-featured-image\" src=\"https:\/\/www.museuemporda.org\/wp-content\/uploads\/2022\/02\/mE-1196-250x250.jpg\" alt=\"Retrat de noia\" width=\"250\" height=\"250\" data-ratio=\"1\"\/><\/a><\/figure><div class=\"dp-dfg-header entry-header\"><h2 class=\"entry-title\">Retrat de noia<\/h2><\/div><div class=\"dp-dfg-custom-content\"><p class=\"dp-dfg-custom-field dp-dfg-cf-autors2\"><span class=\"dp-dfg-custom-field-value\">Ricard Canals Llamb\u00ed<\/span><\/p><\/div><\/article><!-- DPDFG End Post Item Container --><article id=\"post-8745\" class=\"dp-dfg-item post-8745 obres_autors type-obres_autors status-publish has-post-thumbnail hentry tecnica_especifica-oli-sobre-tela autors-autoria-desconeguda disciplina-pintura \"     data-position=\"222\"   data-new-tab=\"off\"   data-action-priority=\"item\"><figure class=\"dp-dfg-image entry-thumb\"><a href=\"https:\/\/www.museuemporda.org\/?obres_autors=escena-de-costums-2\" class=\"dp-dfg-image-link\" ><img loading=\"lazy\" decoding=\"async\" class=\"dp-dfg-featured-image\" src=\"https:\/\/www.museuemporda.org\/wp-content\/uploads\/2021\/10\/ME-604_JORDI-PUIG-2021-250x250.jpg\" alt=\"Escena de costums\" width=\"250\" height=\"250\" data-ratio=\"1\"\/><\/a><\/figure><div class=\"dp-dfg-header entry-header\"><h2 class=\"entry-title\">Escena de costums<\/h2><\/div><div class=\"dp-dfg-custom-content\"><p class=\"dp-dfg-custom-field dp-dfg-cf-autors2\"><span class=\"dp-dfg-custom-field-value\">Autoria desconeguda<\/span><\/p><\/div><\/article><!-- DPDFG End Post Item Container --><article id=\"post-5925\" class=\"dp-dfg-item post-5925 obres_autors type-obres_autors status-publish has-post-thumbnail hentry tecnica_especifica-fusta-lacada autors-marcel-marti-badenes disciplina-escultura \"     data-position=\"223\"   data-new-tab=\"off\"   data-action-priority=\"item\"><figure class=\"dp-dfg-image entry-thumb\"><a href=\"https:\/\/www.museuemporda.org\/?obres_autors=tarca\" class=\"dp-dfg-image-link\" ><img loading=\"lazy\" decoding=\"async\" class=\"dp-dfg-featured-image\" src=\"https:\/\/www.museuemporda.org\/wp-content\/uploads\/2020\/04\/mE-771_1-250x250.jpg\" alt=\"Tarca\" width=\"250\" height=\"250\" data-ratio=\"1\"\/><\/a><\/figure><div class=\"dp-dfg-header entry-header\"><h2 class=\"entry-title\">Tarca<\/h2><\/div><div class=\"dp-dfg-custom-content\"><p class=\"dp-dfg-custom-field dp-dfg-cf-autors2\"><span class=\"dp-dfg-custom-field-value\">Marcel Mart\u00ed Badenes<\/span><\/p><\/div><\/article><!-- DPDFG End Post Item Container --><article id=\"post-13988\" class=\"dp-dfg-item post-13988 obres_autors type-obres_autors status-publish has-post-thumbnail hentry tipus_tecniques-dibuix tecnica_especifica-tinta-sobre-paper autors-pep-claparols-i-moret disciplina-dibuix \"     data-position=\"224\"   data-new-tab=\"off\"   data-action-priority=\"item\"><figure class=\"dp-dfg-image entry-thumb\"><a href=\"https:\/\/www.museuemporda.org\/?obres_autors=sense-titol-331\" class=\"dp-dfg-image-link\" ><img loading=\"lazy\" decoding=\"async\" class=\"dp-dfg-featured-image\" src=\"https:\/\/www.museuemporda.org\/wp-content\/uploads\/2023\/06\/ME2693-PEP2001-250x250.jpg\" alt=\"Sense t\u00edtol\" width=\"250\" height=\"250\" data-ratio=\"1\"\/><\/a><\/figure><div class=\"dp-dfg-header entry-header\"><h2 class=\"entry-title\">Sense t\u00edtol<\/h2><\/div><div class=\"dp-dfg-custom-content\"><p class=\"dp-dfg-custom-field dp-dfg-cf-autors2\"><span class=\"dp-dfg-custom-field-value\">Pep Claparols i Moret<\/span><\/p><\/div><\/article><!-- DPDFG End Post Item Container --><article id=\"post-10689\" class=\"dp-dfg-item post-10689 obres_autors type-obres_autors status-publish has-post-thumbnail hentry tipus_tecniques-obra-grafica tecnica_especifica-gravat-sobre-paper autors-pompeu-audivert-mir disciplina-obra-grafic \"     data-position=\"225\"   data-new-tab=\"off\"   data-action-priority=\"item\"><figure class=\"dp-dfg-image entry-thumb\"><a href=\"https:\/\/www.museuemporda.org\/?obres_autors=obrers\" class=\"dp-dfg-image-link\" ><img loading=\"lazy\" decoding=\"async\" class=\"dp-dfg-featured-image\" src=\"https:\/\/www.museuemporda.org\/wp-content\/uploads\/2022\/02\/mE-1283-250x250.jpg\" alt=\"Obrers\" width=\"250\" height=\"250\" data-ratio=\"1\"\/><\/a><\/figure><div class=\"dp-dfg-header entry-header\"><h2 class=\"entry-title\">Obrers<\/h2><\/div><div class=\"dp-dfg-custom-content\"><p class=\"dp-dfg-custom-field dp-dfg-cf-autors2\"><span class=\"dp-dfg-custom-field-value\">Pompeu Audivert Mir<\/span><\/p><\/div><\/article><!-- DPDFG End Post Item Container --><article id=\"post-11362\" class=\"dp-dfg-item post-11362 obres_autors type-obres_autors status-publish has-post-thumbnail hentry tipus_tecniques-dibuix tecnica_especifica-tinta-sobre-paper autors-mariano-foix-prats disciplina-dibuix \"     data-position=\"226\"   data-new-tab=\"off\"   data-action-priority=\"item\"><figure class=\"dp-dfg-image entry-thumb\"><a href=\"https:\/\/www.museuemporda.org\/?obres_autors=escena-costumista\" class=\"dp-dfg-image-link\" ><img loading=\"lazy\" decoding=\"async\" class=\"dp-dfg-featured-image\" src=\"https:\/\/www.museuemporda.org\/wp-content\/uploads\/2022\/02\/mE-1443-250x250.jpg\" alt=\"Escena costumista\" width=\"250\" height=\"250\" data-ratio=\"1\"\/><\/a><\/figure><div class=\"dp-dfg-header entry-header\"><h2 class=\"entry-title\">Escena costumista<\/h2><\/div><div class=\"dp-dfg-custom-content\"><p class=\"dp-dfg-custom-field dp-dfg-cf-autors2\"><span class=\"dp-dfg-custom-field-value\">Mariano Foix Prats<\/span><\/p><\/div><\/article><!-- DPDFG End Post Item Container --><article id=\"post-5838\" class=\"dp-dfg-item post-5838 obres_autors type-obres_autors status-publish has-post-thumbnail hentry tecnica_especifica-oli-sobre-tela autors-francesc-labarta-planas disciplina-pintura \"     data-position=\"227\"   data-new-tab=\"off\"   data-action-priority=\"item\"><figure class=\"dp-dfg-image entry-thumb\"><a href=\"https:\/\/www.museuemporda.org\/?obres_autors=retrat-de-margarita-labarta\" class=\"dp-dfg-image-link\" ><img loading=\"lazy\" decoding=\"async\" class=\"dp-dfg-featured-image\" src=\"https:\/\/www.museuemporda.org\/wp-content\/uploads\/2020\/04\/mE-687-250x250.jpg\" alt=\"Retrat de Margarita Labarta\" width=\"250\" height=\"250\" data-ratio=\"1\"\/><\/a><\/figure><div class=\"dp-dfg-header entry-header\"><h2 class=\"entry-title\">Retrat de Margarita Labarta<\/h2><\/div><div class=\"dp-dfg-custom-content\"><p class=\"dp-dfg-custom-field dp-dfg-cf-autors2\"><span class=\"dp-dfg-custom-field-value\">Francesc Labarta Planas<\/span><\/p><\/div><\/article><!-- DPDFG End Post Item Container --><article id=\"post-14101\" class=\"dp-dfg-item post-14101 obres_autors type-obres_autors status-publish has-post-thumbnail hentry tipus_tecniques-dibuix tecnica_especifica-impressio-digital autors-antoni-batllori-obiols disciplina-dibuix \"     data-position=\"228\"   data-new-tab=\"off\"   data-action-priority=\"item\"><figure class=\"dp-dfg-image entry-thumb\"><a href=\"https:\/\/www.museuemporda.org\/?obres_autors=sense-titol-380\" class=\"dp-dfg-image-link\" ><img loading=\"lazy\" decoding=\"async\" class=\"dp-dfg-featured-image\" src=\"https:\/\/www.museuemporda.org\/wp-content\/uploads\/2023\/06\/ME2745-BATLLORI-250x250.jpg\" alt=\"Sense t\u00edtol\" width=\"250\" height=\"250\" data-ratio=\"1\"\/><\/a><\/figure><div class=\"dp-dfg-header entry-header\"><h2 class=\"entry-title\">Sense t\u00edtol<\/h2><\/div><div class=\"dp-dfg-custom-content\"><p class=\"dp-dfg-custom-field dp-dfg-cf-autors2\"><span class=\"dp-dfg-custom-field-value\">Antoni Batllori Obiols<\/span><\/p><\/div><\/article><!-- DPDFG End Post Item Container --><article id=\"post-10703\" class=\"dp-dfg-item post-10703 obres_autors type-obres_autors status-publish has-post-thumbnail hentry tipus_tecniques-pintura tecnica_especifica-oli-sobre-fusta autors-marti-vives disciplina-pintura \"     data-position=\"229\"   data-new-tab=\"off\"   data-action-priority=\"item\"><figure class=\"dp-dfg-image entry-thumb\"><a href=\"https:\/\/www.museuemporda.org\/?obres_autors=la-tour-de-france\" class=\"dp-dfg-image-link\" ><img loading=\"lazy\" decoding=\"async\" class=\"dp-dfg-featured-image\" src=\"https:\/\/www.museuemporda.org\/wp-content\/uploads\/2022\/02\/mE-1078-250x250.jpg\" alt=\"La Tour de France\" width=\"250\" height=\"250\" data-ratio=\"1\"\/><\/a><\/figure><div class=\"dp-dfg-header entry-header\"><h2 class=\"entry-title\">La Tour de France<\/h2><\/div><div class=\"dp-dfg-custom-content\"><p class=\"dp-dfg-custom-field dp-dfg-cf-autors2\"><span class=\"dp-dfg-custom-field-value\">Mart\u00ed Viv\u00e8s<\/span><\/p><\/div><\/article><!-- DPDFG End Post Item Container --><article id=\"post-11979\" class=\"dp-dfg-item post-11979 obres_autors type-obres_autors status-publish has-post-thumbnail hentry tipus_tecniques-pintura tecnica_especifica-oli-sobre-tela autors-vicenc-sole-jorba disciplina-pintura \"     data-position=\"230\"   data-new-tab=\"off\"   data-action-priority=\"item\"><figure class=\"dp-dfg-image entry-thumb\"><a href=\"https:\/\/www.museuemporda.org\/?obres_autors=la-model\" class=\"dp-dfg-image-link\" ><img loading=\"lazy\" decoding=\"async\" class=\"dp-dfg-featured-image\" src=\"https:\/\/www.museuemporda.org\/wp-content\/uploads\/2022\/02\/mE-1431-250x250.jpg\" alt=\"La model\" width=\"250\" height=\"250\" data-ratio=\"1\"\/><\/a><\/figure><div class=\"dp-dfg-header entry-header\"><h2 class=\"entry-title\">La model<\/h2><\/div><div class=\"dp-dfg-custom-content\"><p class=\"dp-dfg-custom-field dp-dfg-cf-autors2\"><span class=\"dp-dfg-custom-field-value\">Vicen\u00e7 Sol\u00e9 Jorba<\/span><\/p><\/div><\/article><!-- DPDFG End Post Item Container --><article id=\"post-5858\" class=\"dp-dfg-item post-5858 obres_autors type-obres_autors status-publish has-post-thumbnail hentry autors-joaquim-sunyer-de-miro disciplina-dibuix \"     data-position=\"231\"   data-new-tab=\"off\"   data-action-priority=\"item\"><figure class=\"dp-dfg-image entry-thumb\"><a href=\"https:\/\/www.museuemporda.org\/?obres_autors=dona-davant-el-mirall\" class=\"dp-dfg-image-link\" ><img loading=\"lazy\" decoding=\"async\" class=\"dp-dfg-featured-image\" src=\"https:\/\/www.museuemporda.org\/wp-content\/uploads\/2020\/04\/mE-1218-250x250.jpg\" alt=\"La toilette\" width=\"250\" height=\"250\" data-ratio=\"1\"\/><\/a><\/figure><div class=\"dp-dfg-header entry-header\"><h2 class=\"entry-title\">La toilette<\/h2><\/div><div class=\"dp-dfg-custom-content\"><p class=\"dp-dfg-custom-field dp-dfg-cf-autors2\"><span class=\"dp-dfg-custom-field-value\">Joaquim Sunyer de Mir\u00f3<\/span><\/p><\/div><\/article><!-- DPDFG End Post Item Container --><article id=\"post-14278\" class=\"dp-dfg-item post-14278 obres_autors type-obres_autors status-publish has-post-thumbnail hentry tipus_tecniques-dibuix tecnica_especifica-impressio-digital autors-quim-bou disciplina-dibuix \"     data-position=\"232\"   data-new-tab=\"off\"   data-action-priority=\"item\"><figure class=\"dp-dfg-image entry-thumb\"><a href=\"https:\/\/www.museuemporda.org\/?obres_autors=sense-titol-463\" class=\"dp-dfg-image-link\" ><img loading=\"lazy\" decoding=\"async\" class=\"dp-dfg-featured-image\" src=\"https:\/\/www.museuemporda.org\/wp-content\/uploads\/2023\/07\/ME2848-BOU-250x250.jpg\" alt=\"Sense t\u00edtol\" width=\"250\" height=\"250\" data-ratio=\"1\"\/><\/a><\/figure><div class=\"dp-dfg-header entry-header\"><h2 class=\"entry-title\">Sense t\u00edtol<\/h2><\/div><div class=\"dp-dfg-custom-content\"><p class=\"dp-dfg-custom-field dp-dfg-cf-autors2\"><span class=\"dp-dfg-custom-field-value\">Quim Bou<\/span><\/p><\/div><\/article><!-- DPDFG End Post Item Container --><article id=\"post-10623\" class=\"dp-dfg-item post-10623 obres_autors type-obres_autors status-publish has-post-thumbnail hentry tipus_tecniques-obra-grafica tecnica_especifica-serigrafia autors-pic-adrian disciplina-obra-grafic \"     data-position=\"233\"   data-new-tab=\"off\"   data-action-priority=\"item\"><figure class=\"dp-dfg-image entry-thumb\"><a href=\"https:\/\/www.museuemporda.org\/?obres_autors=composicio-de-lobra-10-condizioni-lineari-di-segnaletica-aleatoria-5\" class=\"dp-dfg-image-link\" ><img loading=\"lazy\" decoding=\"async\" class=\"dp-dfg-featured-image\" src=\"https:\/\/www.museuemporda.org\/wp-content\/uploads\/2022\/02\/mE-1478-250x250.jpg\" alt=\"Composici\u00f3 de l&#8217;obra &#8220;10 condizioni lineari di segnaletica aleatoria&#8221;\" width=\"250\" height=\"250\" data-ratio=\"1\"\/><\/a><\/figure><div class=\"dp-dfg-header entry-header\"><h2 class=\"entry-title\">Composici\u00f3 de l&#8217;obra &#8220;10 condizioni lineari di segnaletica aleatoria&#8221;<\/h2><\/div><div class=\"dp-dfg-custom-content\"><p class=\"dp-dfg-custom-field dp-dfg-cf-autors2\"><span class=\"dp-dfg-custom-field-value\">Pic Adrian<\/span><\/p><\/div><\/article><!-- DPDFG End Post Item Container --><article id=\"post-13834\" class=\"dp-dfg-item post-13834 obres_autors type-obres_autors status-publish has-post-thumbnail hentry tipus_tecniques-dibuix tecnica_especifica-impressio-digital autors-lluis-puigbert disciplina-obra-grafic \"     data-position=\"234\"   data-new-tab=\"off\"   data-action-priority=\"item\"><figure class=\"dp-dfg-image entry-thumb\"><a href=\"https:\/\/www.museuemporda.org\/?obres_autors=sense-titol-261\" class=\"dp-dfg-image-link\" ><img loading=\"lazy\" decoding=\"async\" class=\"dp-dfg-featured-image\" src=\"https:\/\/www.museuemporda.org\/wp-content\/uploads\/2023\/06\/ME2623-SID-PUIGBERT10-250x250.jpg\" alt=\"Sense t\u00edtol\" width=\"250\" height=\"250\" data-ratio=\"1\"\/><\/a><\/figure><div class=\"dp-dfg-header entry-header\"><h2 class=\"entry-title\">Sense t\u00edtol<\/h2><\/div><div class=\"dp-dfg-custom-content\"><p class=\"dp-dfg-custom-field dp-dfg-cf-autors2\"><span class=\"dp-dfg-custom-field-value\">Llu\u00eds Puigbert<\/span><\/p><\/div><\/article><!-- DPDFG End Post Item Container --><article id=\"post-12017\" class=\"dp-dfg-item post-12017 obres_autors type-obres_autors status-publish has-post-thumbnail hentry tipus_tecniques-pintura tecnica_especifica-aquarella-sobre-paper autors-maria-tort-xirau disciplina-pintura \"     data-position=\"235\"   data-new-tab=\"off\"   data-action-priority=\"item\"><figure class=\"dp-dfg-image entry-thumb\"><a href=\"https:\/\/www.museuemporda.org\/?obres_autors=mercat-de-la-placa-de-lajuntament\" class=\"dp-dfg-image-link\" ><img loading=\"lazy\" decoding=\"async\" class=\"dp-dfg-featured-image\" src=\"https:\/\/www.museuemporda.org\/wp-content\/uploads\/2022\/02\/mE-2315-1-250x250.jpg\" alt=\"Mercat de la pla\u00e7a de l&#8217;Ajuntament\" width=\"250\" height=\"250\" data-ratio=\"1\"\/><\/a><\/figure><div class=\"dp-dfg-header entry-header\"><h2 class=\"entry-title\">Mercat de la pla\u00e7a de l&#8217;Ajuntament<\/h2><\/div><div class=\"dp-dfg-custom-content\"><p class=\"dp-dfg-custom-field dp-dfg-cf-autors2\"><span class=\"dp-dfg-custom-field-value\">Maria Tort Xirau<\/span><\/p><\/div><\/article><!-- DPDFG End Post Item Container --><article id=\"post-10484\" class=\"dp-dfg-item post-10484 obres_autors type-obres_autors status-publish has-post-thumbnail hentry tipus_tecniques-dibuix tecnica_especifica-dibuix-sobre-paper autors-joan-sibecas-cabanyo disciplina-dibuix \"     data-position=\"236\"   data-new-tab=\"off\"   data-action-priority=\"item\"><figure class=\"dp-dfg-image entry-thumb\"><a href=\"https:\/\/www.museuemporda.org\/?obres_autors=autorretrat\" class=\"dp-dfg-image-link\" ><img loading=\"lazy\" decoding=\"async\" class=\"dp-dfg-featured-image\" src=\"https:\/\/www.museuemporda.org\/wp-content\/uploads\/2022\/01\/mE-2275-250x250.jpg\" alt=\"Autorretrat\" width=\"250\" height=\"250\" data-ratio=\"1\"\/><\/a><\/figure><div class=\"dp-dfg-header entry-header\"><h2 class=\"entry-title\">Autorretrat<\/h2><\/div><div class=\"dp-dfg-custom-content\"><p class=\"dp-dfg-custom-field dp-dfg-cf-autors2\"><span class=\"dp-dfg-custom-field-value\">Joan Sibecas Cabany\u00f3<\/span><\/p><\/div><\/article><!-- DPDFG End Post Item Container --><article id=\"post-9162\" class=\"dp-dfg-item post-9162 obres_autors type-obres_autors status-publish has-post-thumbnail hentry tipus_tecniques-ceramica autors-autoria-desconeguda disciplina-arqueologia \"     data-position=\"237\"   data-new-tab=\"off\"   data-action-priority=\"item\"><figure class=\"dp-dfg-image entry-thumb\"><a href=\"https:\/\/www.museuemporda.org\/?obres_autors=tapadora-durna\" class=\"dp-dfg-image-link\" ><img loading=\"lazy\" decoding=\"async\" class=\"dp-dfg-featured-image\" src=\"https:\/\/www.museuemporda.org\/wp-content\/uploads\/2021\/11\/mE-528-250x250.jpg\" alt=\"Tapadora d&#8217;urna\" width=\"250\" height=\"250\" data-ratio=\"1\"\/><\/a><\/figure><div class=\"dp-dfg-header entry-header\"><h2 class=\"entry-title\">Tapadora d&#8217;urna<\/h2><\/div><div class=\"dp-dfg-custom-content\"><p class=\"dp-dfg-custom-field dp-dfg-cf-autors2\"><span class=\"dp-dfg-custom-field-value\">Autoria desconeguda<\/span><\/p><\/div><\/article><!-- DPDFG End Post Item Container --><article id=\"post-13930\" class=\"dp-dfg-item post-13930 obres_autors type-obres_autors status-publish has-post-thumbnail hentry tipus_tecniques-dibuix tecnica_especifica-impressio-digital autors-pep-claparols-i-moret disciplina-dibuix \"     data-position=\"238\"   data-new-tab=\"off\"   data-action-priority=\"item\"><figure class=\"dp-dfg-image entry-thumb\"><a href=\"https:\/\/www.museuemporda.org\/?obres_autors=sense-titol-304\" class=\"dp-dfg-image-link\" ><img loading=\"lazy\" decoding=\"async\" class=\"dp-dfg-featured-image\" src=\"https:\/\/www.museuemporda.org\/wp-content\/uploads\/2023\/06\/ME2666-PEP99-250x250.jpg\" alt=\"Sense t\u00edtol\" width=\"250\" height=\"250\" data-ratio=\"1\"\/><\/a><\/figure><div class=\"dp-dfg-header entry-header\"><h2 class=\"entry-title\">Sense t\u00edtol<\/h2><\/div><div class=\"dp-dfg-custom-content\"><p class=\"dp-dfg-custom-field dp-dfg-cf-autors2\"><span class=\"dp-dfg-custom-field-value\">Pep Claparols i Moret<\/span><\/p><\/div><\/article><!-- DPDFG End Post Item Container --><article id=\"post-5836\" class=\"dp-dfg-item post-5836 obres_autors type-obres_autors status-publish has-post-thumbnail hentry tecnica_especifica-oli-sobre-tela autors-antoni-vila-arrufat disciplina-pintura \"     data-position=\"239\"   data-new-tab=\"off\"   data-action-priority=\"item\"><figure class=\"dp-dfg-image entry-thumb\"><a href=\"https:\/\/www.museuemporda.org\/?obres_autors=nena-amb-pomes\" class=\"dp-dfg-image-link\" ><img loading=\"lazy\" decoding=\"async\" class=\"dp-dfg-featured-image\" src=\"https:\/\/www.museuemporda.org\/wp-content\/uploads\/2020\/04\/mE-680-250x250.jpg\" alt=\"Noia amb cistell de pomes\" width=\"250\" height=\"250\" data-ratio=\"1\"\/><\/a><\/figure><div class=\"dp-dfg-header entry-header\"><h2 class=\"entry-title\">Noia amb cistell de pomes<\/h2><\/div><div class=\"dp-dfg-custom-content\"><p class=\"dp-dfg-custom-field dp-dfg-cf-autors2\"><span class=\"dp-dfg-custom-field-value\">Antoni Vila Arrufat<\/span><\/p><\/div><\/article><!-- DPDFG End Post Item Container --><article id=\"post-5962\" class=\"dp-dfg-item post-5962 obres_autors type-obres_autors status-publish has-post-thumbnail hentry tecnica_especifica-oli-sobre-tela autors-maria-llavanera-miralles disciplina-pintura \"     data-position=\"240\"   data-new-tab=\"off\"   data-action-priority=\"item\"><figure class=\"dp-dfg-image entry-thumb\"><a href=\"https:\/\/www.museuemporda.org\/?obres_autors=les-oliveres\" class=\"dp-dfg-image-link\" ><img loading=\"lazy\" decoding=\"async\" class=\"dp-dfg-featured-image\" src=\"https:\/\/www.museuemporda.org\/wp-content\/uploads\/2020\/04\/mE-738-250x250.jpg\" alt=\"Les oliveres\" width=\"250\" height=\"250\" data-ratio=\"1\"\/><\/a><\/figure><div class=\"dp-dfg-header entry-header\"><h2 class=\"entry-title\">Les oliveres<\/h2><\/div><div class=\"dp-dfg-custom-content\"><p class=\"dp-dfg-custom-field dp-dfg-cf-autors2\"><span class=\"dp-dfg-custom-field-value\">Mari\u00e0 Llavanera Miralles<\/span><\/p><\/div><\/article><!-- DPDFG End Post Item Container --><article id=\"post-5798\" class=\"dp-dfg-item post-5798 obres_autors type-obres_autors status-publish has-post-thumbnail hentry tecnica_especifica-oli-sobre-tela autors-ramon-marti-alsina disciplina-pintura \"     data-position=\"241\"   data-new-tab=\"off\"   data-action-priority=\"item\"><figure class=\"dp-dfg-image entry-thumb\"><a href=\"https:\/\/www.museuemporda.org\/?obres_autors=retrat-de-narcis-monturiol\" class=\"dp-dfg-image-link\" ><img loading=\"lazy\" decoding=\"async\" class=\"dp-dfg-featured-image\" src=\"https:\/\/www.museuemporda.org\/wp-content\/uploads\/2020\/04\/mE-970-250x250.jpg\" alt=\"Retrat de Narc\u00eds Monturiol\" width=\"250\" height=\"250\" data-ratio=\"1\"\/><\/a><\/figure><div class=\"dp-dfg-header entry-header\"><h2 class=\"entry-title\">Retrat de Narc\u00eds Monturiol<\/h2><\/div><div class=\"dp-dfg-custom-content\"><p class=\"dp-dfg-custom-field dp-dfg-cf-autors2\"><span class=\"dp-dfg-custom-field-value\">Ramon Mart\u00ed Alsina<\/span><\/p><\/div><\/article><!-- DPDFG End Post Item Container --><article id=\"post-10685\" class=\"dp-dfg-item post-10685 obres_autors type-obres_autors status-publish has-post-thumbnail hentry tipus_tecniques-pintura tecnica_especifica-tecnica-mixta-sobre-tela autors-josep-bartoli-guiu disciplina-pintura \"     data-position=\"242\"   data-new-tab=\"off\"   data-action-priority=\"item\"><figure class=\"dp-dfg-image entry-thumb\"><a href=\"https:\/\/www.museuemporda.org\/?obres_autors=el-colorit-divertiment-de-les-masses\" class=\"dp-dfg-image-link\" ><img loading=\"lazy\" decoding=\"async\" class=\"dp-dfg-featured-image\" src=\"https:\/\/www.museuemporda.org\/wp-content\/uploads\/2022\/02\/mE-1296-250x250.jpg\" alt=\"El colorit divertiment de les masses\" width=\"250\" height=\"250\" data-ratio=\"1\"\/><\/a><\/figure><div class=\"dp-dfg-header entry-header\"><h2 class=\"entry-title\">El colorit divertiment de les masses<\/h2><\/div><div class=\"dp-dfg-custom-content\"><p class=\"dp-dfg-custom-field dp-dfg-cf-autors2\"><span class=\"dp-dfg-custom-field-value\">Josep Bartol\u00ed Guiu<\/span><\/p><\/div><\/article><!-- DPDFG End Post Item Container --><article id=\"post-5832\" class=\"dp-dfg-item post-5832 obres_autors type-obres_autors status-publish has-post-thumbnail hentry autors-francesc-gimeno-arasa \"     data-position=\"243\"   data-new-tab=\"off\"   data-action-priority=\"item\"><figure class=\"dp-dfg-image entry-thumb\"><a href=\"https:\/\/www.museuemporda.org\/?obres_autors=autoretrat\" class=\"dp-dfg-image-link\" ><img loading=\"lazy\" decoding=\"async\" class=\"dp-dfg-featured-image\" src=\"https:\/\/www.museuemporda.org\/wp-content\/uploads\/2020\/04\/mE-672-250x250.jpg\" alt=\"Autoretrat\" width=\"250\" height=\"250\" data-ratio=\"1\"\/><\/a><\/figure><div class=\"dp-dfg-header entry-header\"><h2 class=\"entry-title\">Autoretrat<\/h2><\/div><div class=\"dp-dfg-custom-content\"><p class=\"dp-dfg-custom-field dp-dfg-cf-autors2\"><span class=\"dp-dfg-custom-field-value\">Francesc Gimeno Arasa<\/span><\/p><\/div><\/article><!-- DPDFG End Post Item Container --><article id=\"post-11875\" class=\"dp-dfg-item post-11875 obres_autors type-obres_autors status-publish has-post-thumbnail hentry tipus_tecniques-dibuix tecnica_especifica-dibuix-sobre-paper autors-joan-pous disciplina-dibuix \"     data-position=\"244\"   data-new-tab=\"off\"   data-action-priority=\"item\"><figure class=\"dp-dfg-image entry-thumb\"><a href=\"https:\/\/www.museuemporda.org\/?obres_autors=sense-titol-157\" class=\"dp-dfg-image-link\" ><img loading=\"lazy\" decoding=\"async\" class=\"dp-dfg-featured-image\" src=\"https:\/\/www.museuemporda.org\/wp-content\/uploads\/2022\/02\/mE-2027-250x250.jpg\" alt=\"Sense t\u00edtol\" width=\"250\" height=\"250\" data-ratio=\"1\"\/><\/a><\/figure><div class=\"dp-dfg-header entry-header\"><h2 class=\"entry-title\">Sense t\u00edtol<\/h2><\/div><div class=\"dp-dfg-custom-content\"><p class=\"dp-dfg-custom-field dp-dfg-cf-autors2\"><span class=\"dp-dfg-custom-field-value\">Joan Pous<\/span><\/p><\/div><\/article><!-- DPDFG End Post Item Container --><article id=\"post-9539\" class=\"dp-dfg-item post-9539 obres_autors type-obres_autors status-publish has-post-thumbnail hentry tipus_tecniques-obra-grafica tecnica_especifica-impressio autors-joan-pellicer-montseny disciplina-obra-grafic \"     data-position=\"245\"   data-new-tab=\"off\"   data-action-priority=\"item\"><figure class=\"dp-dfg-image entry-thumb\"><a href=\"https:\/\/www.museuemporda.org\/?obres_autors=setmanari-la-tomasa-barcelona-num-106\" class=\"dp-dfg-image-link\" ><img loading=\"lazy\" decoding=\"async\" class=\"dp-dfg-featured-image\" src=\"https:\/\/www.museuemporda.org\/wp-content\/uploads\/2022\/01\/mE-973_p4-250x250.jpg\" alt=\"Setmanari &#8220;La Tomasa&#8221; [Barcelona], n\u00fam. 106\" width=\"250\" height=\"250\" data-ratio=\"1\"\/><\/a><\/figure><div class=\"dp-dfg-header entry-header\"><h2 class=\"entry-title\">Setmanari &#8220;La Tomasa&#8221; [Barcelona], n\u00fam. 106<\/h2><\/div><div class=\"dp-dfg-custom-content\"><p class=\"dp-dfg-custom-field dp-dfg-cf-autors2\"><span class=\"dp-dfg-custom-field-value\">Joan Pellicer Montseny<\/span><\/p><\/div><\/article><!-- DPDFG End Post Item Container --><article id=\"post-14030\" class=\"dp-dfg-item post-14030 obres_autors type-obres_autors status-publish has-post-thumbnail hentry tipus_tecniques-dibuix tecnica_especifica-impressio-digital autors-pep-claparols-i-moret disciplina-dibuix \"     data-position=\"246\"   data-new-tab=\"off\"   data-action-priority=\"item\"><figure class=\"dp-dfg-image entry-thumb\"><a href=\"https:\/\/www.museuemporda.org\/?obres_autors=sense-titol-350\" class=\"dp-dfg-image-link\" ><img loading=\"lazy\" decoding=\"async\" class=\"dp-dfg-featured-image\" src=\"https:\/\/www.museuemporda.org\/wp-content\/uploads\/2023\/06\/ME2712-PEP2011-250x250.jpg\" alt=\"Sense t\u00edtol\" width=\"250\" height=\"250\" data-ratio=\"1\"\/><\/a><\/figure><div class=\"dp-dfg-header entry-header\"><h2 class=\"entry-title\">Sense t\u00edtol<\/h2><\/div><div class=\"dp-dfg-custom-content\"><p class=\"dp-dfg-custom-field dp-dfg-cf-autors2\"><span class=\"dp-dfg-custom-field-value\">Pep Claparols i Moret<\/span><\/p><\/div><\/article><!-- DPDFG End Post Item Container --><article id=\"post-12211\" class=\"dp-dfg-item post-12211 obres_autors type-obres_autors status-publish has-post-thumbnail hentry tipus_tecniques-indumentaria tecnica_especifica-teixit-i-fusta autors-autoria-desconeguda disciplina-indumentaria \"     data-position=\"247\"   data-new-tab=\"off\"   data-action-priority=\"item\"><figure class=\"dp-dfg-image entry-thumb\"><a href=\"https:\/\/www.museuemporda.org\/?obres_autors=sense-titol-175\" class=\"dp-dfg-image-link\" ><img loading=\"lazy\" decoding=\"async\" class=\"dp-dfg-featured-image\" src=\"https:\/\/www.museuemporda.org\/wp-content\/uploads\/2022\/03\/mE-900-250x250.jpg\" alt=\"Sense t\u00edtol\" width=\"250\" height=\"250\" data-ratio=\"1\"\/><\/a><\/figure><div class=\"dp-dfg-header entry-header\"><h2 class=\"entry-title\">Sense t\u00edtol<\/h2><\/div><div class=\"dp-dfg-custom-content\"><p class=\"dp-dfg-custom-field dp-dfg-cf-autors2\"><span class=\"dp-dfg-custom-field-value\"> Autoria desconeguda<\/span><\/p><\/div><\/article><!-- DPDFG End Post Item Container --><article id=\"post-9687\" class=\"dp-dfg-item post-9687 obres_autors type-obres_autors status-publish has-post-thumbnail hentry tipus_tecniques-fotografia tecnica_especifica-fotografia autors-josep-maria-canellas disciplina-fotografia \"     data-position=\"248\"   data-new-tab=\"off\"   data-action-priority=\"item\"><figure class=\"dp-dfg-image entry-thumb\"><a href=\"https:\/\/www.museuemporda.org\/?obres_autors=sense-titol-seated-nude\" class=\"dp-dfg-image-link\" ><img loading=\"lazy\" decoding=\"async\" class=\"dp-dfg-featured-image\" src=\"https:\/\/www.museuemporda.org\/wp-content\/uploads\/2022\/01\/mE-1693-250x250.jpg\" alt=\"Sense t\u00edtol [Seated nude]\" width=\"250\" height=\"250\" data-ratio=\"1\"\/><\/a><\/figure><div class=\"dp-dfg-header entry-header\"><h2 class=\"entry-title\">Sense t\u00edtol [Seated nude]<\/h2><\/div><div class=\"dp-dfg-custom-content\"><p class=\"dp-dfg-custom-field dp-dfg-cf-autors2\"><span class=\"dp-dfg-custom-field-value\">Josep Maria Ca\u00f1ellas<\/span><\/p><\/div><\/article><!-- DPDFG End Post Item Container --><article id=\"post-11015\" class=\"dp-dfg-item post-11015 obres_autors type-obres_autors status-publish has-post-thumbnail hentry tipus_tecniques-obra-grafica tecnica_especifica-serigrafia autors-art-larson disciplina-obra-grafic \"     data-position=\"249\"   data-new-tab=\"off\"   data-action-priority=\"item\"><figure class=\"dp-dfg-image entry-thumb\"><a href=\"https:\/\/www.museuemporda.org\/?obres_autors=cotxer-i-nirvana-i\" class=\"dp-dfg-image-link\" ><img loading=\"lazy\" decoding=\"async\" class=\"dp-dfg-featured-image\" src=\"https:\/\/www.museuemporda.org\/wp-content\/uploads\/2022\/02\/mE-1952-250x250.jpg\" alt=\"Cotxer i Nirvana I\" width=\"250\" height=\"250\" data-ratio=\"1\"\/><\/a><\/figure><div class=\"dp-dfg-header entry-header\"><h2 class=\"entry-title\">Cotxer i Nirvana I<\/h2><\/div><div class=\"dp-dfg-custom-content\"><p class=\"dp-dfg-custom-field dp-dfg-cf-autors2\"><span class=\"dp-dfg-custom-field-value\">Art Larson<\/span><\/p><\/div><\/article><!-- DPDFG End Post Item Container --><article id=\"post-14546\" class=\"dp-dfg-item post-14546 obres_autors type-obres_autors status-publish has-post-thumbnail hentry tipus_tecniques-dibuix tecnica_especifica-llapis-carbo-sobre-paper autors-enric-pascual-monturiol disciplina-dibuix \"     data-position=\"250\"   data-new-tab=\"off\"   data-action-priority=\"item\"><figure class=\"dp-dfg-image entry-thumb\"><a href=\"https:\/\/www.museuemporda.org\/?obres_autors=sense-titol-534\" class=\"dp-dfg-image-link\" ><img loading=\"lazy\" decoding=\"async\" class=\"dp-dfg-featured-image\" src=\"https:\/\/www.museuemporda.org\/wp-content\/uploads\/2023\/07\/ME2939-250x250.jpg\" alt=\"Sense t\u00edtol\" width=\"250\" height=\"250\" data-ratio=\"1\"\/><\/a><\/figure><div class=\"dp-dfg-header entry-header\"><h2 class=\"entry-title\">Sense t\u00edtol<\/h2><\/div><div class=\"dp-dfg-custom-content\"><p class=\"dp-dfg-custom-field dp-dfg-cf-autors2\"><span class=\"dp-dfg-custom-field-value\">Enric Pascual Monturiol<\/span><\/p><\/div><\/article><!-- DPDFG End Post Item Container --><article id=\"post-10801\" class=\"dp-dfg-item post-10801 obres_autors type-obres_autors status-publish has-post-thumbnail hentry tipus_tecniques-dibuix tecnica_especifica-carbonet autors-joaquim-mir-trinxet disciplina-dibuix \"     data-position=\"251\"   data-new-tab=\"off\"   data-action-priority=\"item\"><figure class=\"dp-dfg-image entry-thumb\"><a href=\"https:\/\/www.museuemporda.org\/?obres_autors=laleixar-2\" class=\"dp-dfg-image-link\" ><img loading=\"lazy\" decoding=\"async\" class=\"dp-dfg-featured-image\" src=\"https:\/\/www.museuemporda.org\/wp-content\/uploads\/2022\/02\/mE-1191-250x250.jpg\" alt=\"L&#8217;Aleixar\" width=\"250\" height=\"250\" data-ratio=\"1\"\/><\/a><\/figure><div class=\"dp-dfg-header entry-header\"><h2 class=\"entry-title\">L&#8217;Aleixar<\/h2><\/div><div class=\"dp-dfg-custom-content\"><p class=\"dp-dfg-custom-field dp-dfg-cf-autors2\"><span class=\"dp-dfg-custom-field-value\">Joaquim Mir Trinxet<\/span><\/p><\/div><\/article><!-- DPDFG End Post Item Container --><article id=\"post-14193\" class=\"dp-dfg-item post-14193 obres_autors type-obres_autors status-publish has-post-thumbnail hentry tipus_tecniques-obra-grafica tecnica_especifica-impressio-digital autors-joan-antoni-poch disciplina-obra-grafic \"     data-position=\"252\"   data-new-tab=\"off\"   data-action-priority=\"item\"><figure class=\"dp-dfg-image entry-thumb\"><a href=\"https:\/\/www.museuemporda.org\/?obres_autors=sense-titol-422\" class=\"dp-dfg-image-link\" ><img loading=\"lazy\" decoding=\"async\" class=\"dp-dfg-featured-image\" src=\"https:\/\/www.museuemporda.org\/wp-content\/uploads\/2023\/07\/ME2807-JAP-250x250.jpg\" alt=\"Sense t\u00edtol\" width=\"250\" height=\"250\" data-ratio=\"1\"\/><\/a><\/figure><div class=\"dp-dfg-header entry-header\"><h2 class=\"entry-title\">Sense t\u00edtol<\/h2><\/div><div class=\"dp-dfg-custom-content\"><p class=\"dp-dfg-custom-field dp-dfg-cf-autors2\"><span class=\"dp-dfg-custom-field-value\">Joan Antoni Poch<\/span><\/p><\/div><\/article><!-- DPDFG End Post Item Container --><article id=\"post-13978\" class=\"dp-dfg-item post-13978 obres_autors type-obres_autors status-publish has-post-thumbnail hentry tipus_tecniques-dibuix tecnica_especifica-impressio-digital autors-pep-claparols-i-moret disciplina-dibuix \"     data-position=\"253\"   data-new-tab=\"off\"   data-action-priority=\"item\"><figure class=\"dp-dfg-image entry-thumb\"><a href=\"https:\/\/www.museuemporda.org\/?obres_autors=sense-titol-326\" class=\"dp-dfg-image-link\" ><img loading=\"lazy\" decoding=\"async\" class=\"dp-dfg-featured-image\" src=\"https:\/\/www.museuemporda.org\/wp-content\/uploads\/2023\/06\/ME2688-PEP2000-250x250.jpg\" alt=\"Sense t\u00edtol\" width=\"250\" height=\"250\" data-ratio=\"1\"\/><\/a><\/figure><div class=\"dp-dfg-header entry-header\"><h2 class=\"entry-title\">Sense t\u00edtol<\/h2><\/div><div class=\"dp-dfg-custom-content\"><p class=\"dp-dfg-custom-field dp-dfg-cf-autors2\"><span class=\"dp-dfg-custom-field-value\">Pep Claparols i Moret<\/span><\/p><\/div><\/article><!-- DPDFG End Post Item Container --><article id=\"post-11255\" class=\"dp-dfg-item post-11255 obres_autors type-obres_autors status-publish has-post-thumbnail hentry tipus_tecniques-dibuix tecnica_especifica-carbonet autors-matilde-corney-roig disciplina-dibuix \"     data-position=\"254\"   data-new-tab=\"off\"   data-action-priority=\"item\"><figure class=\"dp-dfg-image entry-thumb\"><a href=\"https:\/\/www.museuemporda.org\/?obres_autors=sense-titol-115\" class=\"dp-dfg-image-link\" ><img loading=\"lazy\" decoding=\"async\" class=\"dp-dfg-featured-image\" src=\"https:\/\/www.museuemporda.org\/wp-content\/uploads\/2022\/02\/mE-2038-250x250.jpg\" alt=\"Sense t\u00edtol\" width=\"250\" height=\"250\" data-ratio=\"1\"\/><\/a><\/figure><div class=\"dp-dfg-header entry-header\"><h2 class=\"entry-title\">Sense t\u00edtol<\/h2><\/div><div class=\"dp-dfg-custom-content\"><p class=\"dp-dfg-custom-field dp-dfg-cf-autors2\"><span class=\"dp-dfg-custom-field-value\">Matilde Corney Roig<\/span><\/p><\/div><\/article><!-- DPDFG End Post Item Container --><article id=\"post-9202\" class=\"dp-dfg-item post-9202 obres_autors type-obres_autors status-publish has-post-thumbnail hentry tipus_tecniques-argila tecnica_especifica-ceramica-costa-catalana autors-autoria-desconeguda disciplina-arqueologia \"     data-position=\"255\"   data-new-tab=\"off\"   data-action-priority=\"item\"><figure class=\"dp-dfg-image entry-thumb\"><a href=\"https:\/\/www.museuemporda.org\/?obres_autors=vas\" class=\"dp-dfg-image-link\" ><img loading=\"lazy\" decoding=\"async\" class=\"dp-dfg-featured-image\" src=\"https:\/\/www.museuemporda.org\/wp-content\/uploads\/2021\/11\/mE-348-250x250.jpg\" alt=\"Vas\" width=\"250\" height=\"250\" data-ratio=\"1\"\/><\/a><\/figure><div class=\"dp-dfg-header entry-header\"><h2 class=\"entry-title\">Vas<\/h2><\/div><div class=\"dp-dfg-custom-content\"><p class=\"dp-dfg-custom-field dp-dfg-cf-autors2\"><span class=\"dp-dfg-custom-field-value\">Autoria desconeguda<\/span><\/p><\/div><\/article><!-- DPDFG End Post Item Container --><article id=\"post-9255\" class=\"dp-dfg-item post-9255 obres_autors type-obres_autors status-publish has-post-thumbnail hentry tipus_tecniques-aquarella tecnica_especifica-aquarella tecnica_especifica-pintura autors-paula-bonet-herrero disciplina-dibuix disciplina-pintura \"     data-position=\"256\"   data-new-tab=\"off\"   data-action-priority=\"item\"><figure class=\"dp-dfg-image entry-thumb\"><a href=\"https:\/\/www.museuemporda.org\/?obres_autors=esbos-per-a-una\" class=\"dp-dfg-image-link\" ><img loading=\"lazy\" decoding=\"async\" class=\"dp-dfg-featured-image\" src=\"https:\/\/www.museuemporda.org\/wp-content\/uploads\/2021\/11\/mE-2498-250x250.jpg\" alt=\"Esb\u00f3s per a &#8220;UNA&#8221;\" width=\"250\" height=\"250\" data-ratio=\"1\"\/><\/a><\/figure><div class=\"dp-dfg-header entry-header\"><h2 class=\"entry-title\">Esb\u00f3s per a &#8220;UNA&#8221;<\/h2><\/div><div class=\"dp-dfg-custom-content\"><p class=\"dp-dfg-custom-field dp-dfg-cf-autors2\"><span class=\"dp-dfg-custom-field-value\">Paula Bonet Herrero<\/span><\/p><\/div><\/article><!-- DPDFG End Post Item Container --><article id=\"post-11053\" class=\"dp-dfg-item post-11053 obres_autors type-obres_autors status-publish has-post-thumbnail hentry tipus_tecniques-pintura tecnica_especifica-pintura-sobre-taula autors-joan-barbara-gomez disciplina-pintura \"     data-position=\"257\"   data-new-tab=\"off\"   data-action-priority=\"item\"><figure class=\"dp-dfg-image entry-thumb\"><a href=\"https:\/\/www.museuemporda.org\/?obres_autors=formes-i-colors\" class=\"dp-dfg-image-link\" ><img loading=\"lazy\" decoding=\"async\" class=\"dp-dfg-featured-image\" src=\"https:\/\/www.museuemporda.org\/wp-content\/uploads\/2022\/02\/mE-1273-250x250.jpg\" alt=\"Formes i colors\" width=\"250\" height=\"250\" data-ratio=\"1\"\/><\/a><\/figure><div class=\"dp-dfg-header entry-header\"><h2 class=\"entry-title\">Formes i colors<\/h2><\/div><div class=\"dp-dfg-custom-content\"><p class=\"dp-dfg-custom-field dp-dfg-cf-autors2\"><span class=\"dp-dfg-custom-field-value\">Joan Barbar\u00e0 G\u00f3mez<\/span><\/p><\/div><\/article><!-- DPDFG End Post Item Container --><article id=\"post-14617\" class=\"dp-dfg-item post-14617 obres_autors type-obres_autors status-publish has-post-thumbnail hentry tipus_tecniques-obra-grafica tecnica_especifica-impressio-digital autors-joan-antoni-poch disciplina-obra-grafic \"     data-position=\"258\"   data-new-tab=\"off\"   data-action-priority=\"item\"><figure class=\"dp-dfg-image entry-thumb\"><a href=\"https:\/\/www.museuemporda.org\/?obres_autors=sense-titol-541\" class=\"dp-dfg-image-link\" ><img loading=\"lazy\" decoding=\"async\" class=\"dp-dfg-featured-image\" src=\"https:\/\/www.museuemporda.org\/wp-content\/uploads\/2023\/07\/ME2786-JAP-250x250.jpg\" alt=\"Sense t\u00edtol\" width=\"250\" height=\"250\" data-ratio=\"1\"\/><\/a><\/figure><div class=\"dp-dfg-header entry-header\"><h2 class=\"entry-title\">Sense t\u00edtol<\/h2><\/div><div class=\"dp-dfg-custom-content\"><p class=\"dp-dfg-custom-field dp-dfg-cf-autors2\"><span class=\"dp-dfg-custom-field-value\">Joan Antoni Poch<\/span><\/p><\/div><\/article><!-- DPDFG End Post Item Container --><article id=\"post-10129\" class=\"dp-dfg-item post-10129 obres_autors type-obres_autors status-publish has-post-thumbnail hentry tipus_tecniques-aquarella tecnica_especifica-aquarella autors-pere-gironell-piernau disciplina-pintura \"     data-position=\"259\"   data-new-tab=\"off\"   data-action-priority=\"item\"><figure class=\"dp-dfg-image entry-thumb\"><a href=\"https:\/\/www.museuemporda.org\/?obres_autors=paisatge-41\" class=\"dp-dfg-image-link\" ><img loading=\"lazy\" decoding=\"async\" class=\"dp-dfg-featured-image\" src=\"https:\/\/www.museuemporda.org\/wp-content\/uploads\/2022\/01\/mE-1576-250x250.jpg\" alt=\"Paisatge\" width=\"250\" height=\"250\" data-ratio=\"1\"\/><\/a><\/figure><div class=\"dp-dfg-header entry-header\"><h2 class=\"entry-title\">Paisatge<\/h2><\/div><div class=\"dp-dfg-custom-content\"><p class=\"dp-dfg-custom-field dp-dfg-cf-autors2\"><span class=\"dp-dfg-custom-field-value\">Pere Gironell Piernau<\/span><\/p><\/div><\/article><!-- DPDFG End Post Item Container --><article id=\"post-11287\" class=\"dp-dfg-item post-11287 obres_autors type-obres_autors status-publish has-post-thumbnail hentry tipus_tecniques-obra-grafica tecnica_especifica-serigrafia autors-marcel-dalmau disciplina-obra-grafic \"     data-position=\"260\"   data-new-tab=\"off\"   data-action-priority=\"item\"><figure class=\"dp-dfg-image entry-thumb\"><a href=\"https:\/\/www.museuemporda.org\/?obres_autors=exchange\" class=\"dp-dfg-image-link\" ><img loading=\"lazy\" decoding=\"async\" class=\"dp-dfg-featured-image\" src=\"https:\/\/www.museuemporda.org\/wp-content\/uploads\/2022\/02\/mE-1683-250x250.jpg\" alt=\"Exchange\" width=\"250\" height=\"250\" data-ratio=\"1\"\/><\/a><\/figure><div class=\"dp-dfg-header entry-header\"><h2 class=\"entry-title\">Exchange<\/h2><\/div><div class=\"dp-dfg-custom-content\"><p class=\"dp-dfg-custom-field dp-dfg-cf-autors2\"><span class=\"dp-dfg-custom-field-value\">Marcel Dalmau<\/span><\/p><\/div><\/article><!-- DPDFG End Post Item Container --><article id=\"post-10717\" class=\"dp-dfg-item post-10717 obres_autors type-obres_autors status-publish has-post-thumbnail hentry tipus_tecniques-obra-grafica tecnica_especifica-gravat-sobre-paper autors-antoni-tapies-puig disciplina-obra-grafic \"     data-position=\"261\"   data-new-tab=\"off\"   data-action-priority=\"item\"><figure class=\"dp-dfg-image entry-thumb\"><a href=\"https:\/\/www.museuemporda.org\/?obres_autors=sense-titol-88\" class=\"dp-dfg-image-link\" ><img loading=\"lazy\" decoding=\"async\" class=\"dp-dfg-featured-image\" src=\"https:\/\/www.museuemporda.org\/wp-content\/uploads\/2022\/02\/mE-2143-250x250.jpg\" alt=\"Sense t\u00edtol\" width=\"250\" height=\"250\" data-ratio=\"1\"\/><\/a><\/figure><div class=\"dp-dfg-header entry-header\"><h2 class=\"entry-title\">Sense t\u00edtol<\/h2><\/div><div class=\"dp-dfg-custom-content\"><p class=\"dp-dfg-custom-field dp-dfg-cf-autors2\"><span class=\"dp-dfg-custom-field-value\">Antoni T\u00e0pies Puig<\/span><\/p><\/div><\/article><!-- DPDFG End Post Item Container --><article id=\"post-9855\" class=\"dp-dfg-item post-9855 obres_autors type-obres_autors status-publish has-post-thumbnail hentry tipus_tecniques-fotografia tecnica_especifica-fotografia autors-autoria-desconeguda disciplina-fotografia \"     data-position=\"262\"   data-new-tab=\"off\"   data-action-priority=\"item\"><figure class=\"dp-dfg-image entry-thumb\"><a href=\"https:\/\/www.museuemporda.org\/?obres_autors=fotografia-de-la-peca-me-663\" class=\"dp-dfg-image-link\" ><img loading=\"lazy\" decoding=\"async\" class=\"dp-dfg-featured-image\" src=\"https:\/\/www.museuemporda.org\/wp-content\/uploads\/2022\/01\/mE-1883A-250x250.jpg\" alt=\"Fotografia de la pe\u00e7a mE 663\" width=\"250\" height=\"250\" data-ratio=\"1\"\/><\/a><\/figure><div class=\"dp-dfg-header entry-header\"><h2 class=\"entry-title\">Fotografia de la pe\u00e7a mE 663<\/h2><\/div><div class=\"dp-dfg-custom-content\"><p class=\"dp-dfg-custom-field dp-dfg-cf-autors2\"><span class=\"dp-dfg-custom-field-value\">Autoria desconeguda<\/span><\/p><\/div><\/article><!-- DPDFG End Post Item Container --><article id=\"post-10597\" class=\"dp-dfg-item post-10597 obres_autors type-obres_autors status-publish has-post-thumbnail hentry tipus_tecniques-pintura tecnica_especifica-oli-sobre-tela autors-daniel-lleixa-borras disciplina-pintura \"     data-position=\"263\"   data-new-tab=\"off\"   data-action-priority=\"item\"><figure class=\"dp-dfg-image entry-thumb\"><a href=\"https:\/\/www.museuemporda.org\/?obres_autors=imatge-del-subconscient\" class=\"dp-dfg-image-link\" ><img loading=\"lazy\" decoding=\"async\" class=\"dp-dfg-featured-image\" src=\"https:\/\/www.museuemporda.org\/wp-content\/uploads\/2022\/02\/mE-2159-250x250.jpg\" alt=\"Imatge del subconscient\" width=\"250\" height=\"250\" data-ratio=\"1\"\/><\/a><\/figure><div class=\"dp-dfg-header entry-header\"><h2 class=\"entry-title\">Imatge del subconscient<\/h2><\/div><div class=\"dp-dfg-custom-content\"><p class=\"dp-dfg-custom-field dp-dfg-cf-autors2\"><span class=\"dp-dfg-custom-field-value\">Daniel Lleix\u00e0 Borr\u00e0s<\/span><\/p><\/div><\/article><!-- DPDFG End Post Item Container --><article id=\"post-14400\" class=\"dp-dfg-item post-14400 obres_autors type-obres_autors status-publish has-post-thumbnail hentry tipus_tecniques-pintura tecnica_especifica-oli-sobre-tela autors-riera disciplina-pintura \"     data-position=\"264\"   data-new-tab=\"off\"   data-action-priority=\"item\"><figure class=\"dp-dfg-image entry-thumb\"><a href=\"https:\/\/www.museuemporda.org\/?obres_autors=sense-titol-516\" class=\"dp-dfg-image-link\" ><img loading=\"lazy\" decoding=\"async\" class=\"dp-dfg-featured-image\" src=\"https:\/\/www.museuemporda.org\/wp-content\/uploads\/2023\/07\/ME2907-250x250.jpg\" alt=\"Sense t\u00edtol\" width=\"250\" height=\"250\" data-ratio=\"1\"\/><\/a><\/figure><div class=\"dp-dfg-header entry-header\"><h2 class=\"entry-title\">Sense t\u00edtol<\/h2><\/div><div class=\"dp-dfg-custom-content\"><p class=\"dp-dfg-custom-field dp-dfg-cf-autors2\"><span class=\"dp-dfg-custom-field-value\">Riera<\/span><\/p><\/div><\/article><!-- DPDFG End Post Item Container --><article id=\"post-14045\" class=\"dp-dfg-item post-14045 obres_autors type-obres_autors status-publish has-post-thumbnail hentry tipus_tecniques-dibuix tecnica_especifica-tinta-sobre-paper autors-pep-claparols-i-moret disciplina-dibuix \"     data-position=\"265\"   data-new-tab=\"off\"   data-action-priority=\"item\"><figure class=\"dp-dfg-image entry-thumb\"><a href=\"https:\/\/www.museuemporda.org\/?obres_autors=sense-titol-357\" class=\"dp-dfg-image-link\" ><img loading=\"lazy\" decoding=\"async\" class=\"dp-dfg-featured-image\" src=\"https:\/\/www.museuemporda.org\/wp-content\/uploads\/2023\/06\/ME2719-PEP-250x250.jpg\" alt=\"Sense t\u00edtol\" width=\"250\" height=\"250\" data-ratio=\"1\"\/><\/a><\/figure><div class=\"dp-dfg-header entry-header\"><h2 class=\"entry-title\">Sense t\u00edtol<\/h2><\/div><div class=\"dp-dfg-custom-content\"><p class=\"dp-dfg-custom-field dp-dfg-cf-autors2\"><span class=\"dp-dfg-custom-field-value\">Pep Claparols i Moret<\/span><\/p><\/div><\/article><!-- DPDFG End Post Item Container --><article id=\"post-6071\" class=\"dp-dfg-item post-6071 obres_autors type-obres_autors status-publish has-post-thumbnail hentry tecnica_especifica-oli-sobre-fusta autors-ramon-reig-corominas disciplina-pintura \"     data-position=\"266\"   data-new-tab=\"off\"   data-action-priority=\"item\"><figure class=\"dp-dfg-image entry-thumb\"><a href=\"https:\/\/www.museuemporda.org\/?obres_autors=magranes\" class=\"dp-dfg-image-link\" ><img loading=\"lazy\" decoding=\"async\" class=\"dp-dfg-featured-image\" src=\"https:\/\/www.museuemporda.org\/wp-content\/uploads\/2020\/04\/mE-2160_2018_The_Mad_Pixel_Factory-1-250x250.jpg\" alt=\"Magranes\" width=\"250\" height=\"250\" data-ratio=\"1\"\/><\/a><\/figure><div class=\"dp-dfg-header entry-header\"><h2 class=\"entry-title\">Magranes<\/h2><\/div><div class=\"dp-dfg-custom-content\"><p class=\"dp-dfg-custom-field dp-dfg-cf-autors2\"><span class=\"dp-dfg-custom-field-value\">Ramon Reig Corominas<\/span><\/p><\/div><\/article><!-- DPDFG End Post Item Container --><article id=\"post-8635\" class=\"dp-dfg-item post-8635 obres_autors type-obres_autors status-publish has-post-thumbnail hentry autors-philippe-avila disciplina-fotografia \"     data-position=\"267\"   data-new-tab=\"off\"   data-action-priority=\"item\"><figure class=\"dp-dfg-image entry-thumb\"><a href=\"https:\/\/www.museuemporda.org\/?obres_autors=dream-wrap-embolcalla-somnis-2\" class=\"dp-dfg-image-link\" ><img loading=\"lazy\" decoding=\"async\" class=\"dp-dfg-featured-image\" src=\"https:\/\/www.museuemporda.org\/wp-content\/uploads\/2021\/10\/mE-16032-250x250.jpg\" alt=\"Dream wrap (embolcalla somnis)\" width=\"250\" height=\"250\" data-ratio=\"1\"\/><\/a><\/figure><div class=\"dp-dfg-header entry-header\"><h2 class=\"entry-title\">Dream wrap (embolcalla somnis)<\/h2><\/div><div class=\"dp-dfg-custom-content\"><p class=\"dp-dfg-custom-field dp-dfg-cf-autors2\"><span class=\"dp-dfg-custom-field-value\">Philippe \u00c1vila<\/span><\/p><\/div><\/article><!-- DPDFG End Post Item Container --><article id=\"post-10789\" class=\"dp-dfg-item post-10789 obres_autors type-obres_autors status-publish has-post-thumbnail hentry tipus_tecniques-pintura tecnica_especifica-oli-sobre-tela autors-francesc-gimeno-arasa disciplina-pintura \"     data-position=\"268\"   data-new-tab=\"off\"   data-action-priority=\"item\"><figure class=\"dp-dfg-image entry-thumb\"><a href=\"https:\/\/www.museuemporda.org\/?obres_autors=paisatge-68\" class=\"dp-dfg-image-link\" ><img loading=\"lazy\" decoding=\"async\" class=\"dp-dfg-featured-image\" src=\"https:\/\/www.museuemporda.org\/wp-content\/uploads\/2022\/02\/mE-1157-250x250.jpg\" alt=\"Paisatge\" width=\"250\" height=\"250\" data-ratio=\"1\"\/><\/a><\/figure><div class=\"dp-dfg-header entry-header\"><h2 class=\"entry-title\">Paisatge<\/h2><\/div><div class=\"dp-dfg-custom-content\"><p class=\"dp-dfg-custom-field dp-dfg-cf-autors2\"><span class=\"dp-dfg-custom-field-value\">Francesc Gimeno Arasa<\/span><\/p><\/div><\/article><!-- DPDFG End Post Item Container --><article id=\"post-8627\" class=\"dp-dfg-item post-8627 obres_autors type-obres_autors status-publish has-post-thumbnail hentry autors-luis-bisbe disciplina-fotografia \"     data-position=\"269\"   data-new-tab=\"off\"   data-action-priority=\"item\"><figure class=\"dp-dfg-image entry-thumb\"><a href=\"https:\/\/www.museuemporda.org\/?obres_autors=mooooooooore\" class=\"dp-dfg-image-link\" ><img loading=\"lazy\" decoding=\"async\" class=\"dp-dfg-featured-image\" src=\"https:\/\/www.museuemporda.org\/wp-content\/uploads\/2021\/10\/mE-2261-250x250.jpg\" alt=\"Mooooooooore\" width=\"250\" height=\"250\" data-ratio=\"1\"\/><\/a><\/figure><div class=\"dp-dfg-header entry-header\"><h2 class=\"entry-title\">Mooooooooore<\/h2><\/div><div class=\"dp-dfg-custom-content\"><p class=\"dp-dfg-custom-field dp-dfg-cf-autors2\"><span class=\"dp-dfg-custom-field-value\">Lu\u00eds Bisbe<\/span><\/p><\/div><\/article><!-- DPDFG End Post Item Container --><article id=\"post-10125\" class=\"dp-dfg-item post-10125 obres_autors type-obres_autors status-publish has-post-thumbnail hentry tipus_tecniques-aquarella tecnica_especifica-aquarella autors-pere-gironell-piernau disciplina-pintura \"     data-position=\"270\"   data-new-tab=\"off\"   data-action-priority=\"item\"><figure class=\"dp-dfg-image entry-thumb\"><a href=\"https:\/\/www.museuemporda.org\/?obres_autors=paisatge-empordanes-5\" class=\"dp-dfg-image-link\" ><img loading=\"lazy\" decoding=\"async\" class=\"dp-dfg-featured-image\" src=\"https:\/\/www.museuemporda.org\/wp-content\/uploads\/2022\/01\/mE-1061-250x250.jpg\" alt=\"Paisatge empordan\u00e8s\" width=\"250\" height=\"250\" data-ratio=\"1\"\/><\/a><\/figure><div class=\"dp-dfg-header entry-header\"><h2 class=\"entry-title\">Paisatge empordan\u00e8s<\/h2><\/div><div class=\"dp-dfg-custom-content\"><p class=\"dp-dfg-custom-field dp-dfg-cf-autors2\"><span class=\"dp-dfg-custom-field-value\">Pere Gironell Piernau<\/span><\/p><\/div><\/article><!-- DPDFG End Post Item Container --><article id=\"post-14028\" class=\"dp-dfg-item post-14028 obres_autors type-obres_autors status-publish has-post-thumbnail hentry tipus_tecniques-dibuix tecnica_especifica-tinta-sobre-paper autors-pep-claparols-i-moret disciplina-dibuix \"     data-position=\"271\"   data-new-tab=\"off\"   data-action-priority=\"item\"><figure class=\"dp-dfg-image entry-thumb\"><a href=\"https:\/\/www.museuemporda.org\/?obres_autors=sense-titol-349\" class=\"dp-dfg-image-link\" ><img loading=\"lazy\" decoding=\"async\" class=\"dp-dfg-featured-image\" src=\"https:\/\/www.museuemporda.org\/wp-content\/uploads\/2023\/06\/ME2711-PEP2010-250x250.jpg\" alt=\"Sense t\u00edtol\" width=\"250\" height=\"250\" data-ratio=\"1\"\/><\/a><\/figure><div class=\"dp-dfg-header entry-header\"><h2 class=\"entry-title\">Sense t\u00edtol<\/h2><\/div><div class=\"dp-dfg-custom-content\"><p class=\"dp-dfg-custom-field dp-dfg-cf-autors2\"><span class=\"dp-dfg-custom-field-value\">Pep Claparols i Moret<\/span><\/p><\/div><\/article><!-- DPDFG End Post Item Container --><article id=\"post-12229\" class=\"dp-dfg-item post-12229 obres_autors type-obres_autors status-publish has-post-thumbnail hentry tipus_tecniques-indumentaria tecnica_especifica-seda autors-autoria-desconeguda disciplina-indumentaria \"     data-position=\"272\"   data-new-tab=\"off\"   data-action-priority=\"item\"><figure class=\"dp-dfg-image entry-thumb\"><a href=\"https:\/\/www.museuemporda.org\/?obres_autors=vestit-a-langlesa-de-color-salmo\" class=\"dp-dfg-image-link\" ><img loading=\"lazy\" decoding=\"async\" class=\"dp-dfg-featured-image\" src=\"https:\/\/www.museuemporda.org\/wp-content\/uploads\/2022\/03\/mE-909-250x250.jpg\" alt=\"Vestit a l&#8217;anglesa de color salm\u00f3\" width=\"250\" height=\"250\" data-ratio=\"1\"\/><\/a><\/figure><div class=\"dp-dfg-header entry-header\"><h2 class=\"entry-title\">Vestit a l&#8217;anglesa de color salm\u00f3<\/h2><\/div><div class=\"dp-dfg-custom-content\"><p class=\"dp-dfg-custom-field dp-dfg-cf-autors2\"><span class=\"dp-dfg-custom-field-value\">Autoria desconeguda<\/span><\/p><\/div><\/article><!-- DPDFG End Post Item Container --><article id=\"post-11427\" class=\"dp-dfg-item post-11427 obres_autors type-obres_autors status-publish has-post-thumbnail hentry tipus_tecniques-pintura tecnica_especifica-tecnica-mixta autors-lluis-gratacos-rigall disciplina-pintura \"     data-position=\"273\"   data-new-tab=\"off\"   data-action-priority=\"item\"><figure class=\"dp-dfg-image entry-thumb\"><a href=\"https:\/\/www.museuemporda.org\/?obres_autors=sense-titol-128\" class=\"dp-dfg-image-link\" ><img loading=\"lazy\" decoding=\"async\" class=\"dp-dfg-featured-image\" src=\"https:\/\/www.museuemporda.org\/wp-content\/uploads\/2022\/02\/mE-2168-250x250.jpg\" alt=\"Sense t\u00edtol\" width=\"250\" height=\"250\" data-ratio=\"1\"\/><\/a><\/figure><div class=\"dp-dfg-header entry-header\"><h2 class=\"entry-title\">Sense t\u00edtol<\/h2><\/div><div class=\"dp-dfg-custom-content\"><p class=\"dp-dfg-custom-field dp-dfg-cf-autors2\"><span class=\"dp-dfg-custom-field-value\">Llu\u00eds Gratac\u00f3s Rigall<\/span><\/p><\/div><\/article><!-- DPDFG End Post Item Container --><article id=\"post-1351\" class=\"dp-dfg-item post-1351 obres_autors type-obres_autors status-publish has-post-thumbnail hentry tecnica_especifica-pintura-sobre-taula autors-marcelli-porta disciplina-pintura \"     data-position=\"274\"   data-new-tab=\"off\"   data-action-priority=\"item\"><figure class=\"dp-dfg-image entry-thumb\"><a href=\"https:\/\/www.museuemporda.org\/?obres_autors=ocotlan-del-riu\" class=\"dp-dfg-image-link\" ><img loading=\"lazy\" decoding=\"async\" class=\"dp-dfg-featured-image\" src=\"https:\/\/www.museuemporda.org\/wp-content\/uploads\/2020\/04\/mE-1351-scaled-1-250x250.jpg\" alt=\"Ocotl\u00e1n del riu\" width=\"250\" height=\"250\" data-ratio=\"1\"\/><\/a><\/figure><div class=\"dp-dfg-header entry-header\"><h2 class=\"entry-title\">Ocotl\u00e1n del riu<\/h2><\/div><div class=\"dp-dfg-custom-content\"><p class=\"dp-dfg-custom-field dp-dfg-cf-autors2\"><span class=\"dp-dfg-custom-field-value\">Marcel\u00b7l\u00ed Porta<\/span><\/p><\/div><\/article><!-- DPDFG End Post Item Container --><article id=\"post-11133\" class=\"dp-dfg-item post-11133 obres_autors type-obres_autors status-publish has-post-thumbnail hentry tipus_tecniques-pintura tecnica_especifica-oli-sobre-tela autors-carles-bosch-garcia disciplina-pintura \"     data-position=\"275\"   data-new-tab=\"off\"   data-action-priority=\"item\"><figure class=\"dp-dfg-image entry-thumb\"><a href=\"https:\/\/www.museuemporda.org\/?obres_autors=malinalco\" class=\"dp-dfg-image-link\" ><img loading=\"lazy\" decoding=\"async\" class=\"dp-dfg-featured-image\" src=\"https:\/\/www.museuemporda.org\/wp-content\/uploads\/2022\/02\/mE-1297-250x250.jpg\" alt=\"Malinalco\" width=\"250\" height=\"250\" data-ratio=\"1\"\/><\/a><\/figure><div class=\"dp-dfg-header entry-header\"><h2 class=\"entry-title\">Malinalco<\/h2><\/div><div class=\"dp-dfg-custom-content\"><p class=\"dp-dfg-custom-field dp-dfg-cf-autors2\"><span class=\"dp-dfg-custom-field-value\">Carles Bosch Garc\u00eda<\/span><\/p><\/div><\/article><!-- DPDFG End Post Item Container --><article id=\"post-10940\" class=\"dp-dfg-item post-10940 obres_autors type-obres_autors status-publish has-post-thumbnail hentry tipus_tecniques-dibuix tecnica_especifica-dibuix-sobre-paper autors-pedro-albareda disciplina-dibuix \"     data-position=\"276\"   data-new-tab=\"off\"   data-action-priority=\"item\"><figure class=\"dp-dfg-image entry-thumb\"><a href=\"https:\/\/www.museuemporda.org\/?obres_autors=sense-titol-98\" class=\"dp-dfg-image-link\" ><img loading=\"lazy\" decoding=\"async\" class=\"dp-dfg-featured-image\" src=\"https:\/\/www.museuemporda.org\/wp-content\/uploads\/2022\/02\/mE-2011-scaled-e1649069216313-250x250.jpg\" alt=\"sense t\u00edtol\" width=\"250\" height=\"250\" data-ratio=\"1\"\/><\/a><\/figure><div class=\"dp-dfg-header entry-header\"><h2 class=\"entry-title\">sense t\u00edtol<\/h2><\/div><div class=\"dp-dfg-custom-content\"><p class=\"dp-dfg-custom-field dp-dfg-cf-autors2\"><span class=\"dp-dfg-custom-field-value\">Pedro Albareda<\/span><\/p><\/div><\/article><!-- DPDFG End Post Item Container --><article id=\"post-8084\" class=\"dp-dfg-item post-8084 obres_autors type-obres_autors status-publish has-post-thumbnail hentry tecnica_especifica-llapis-sobre-paper autors-josep-ministral-agusti disciplina-dibuix \"     data-position=\"277\"   data-new-tab=\"off\"   data-action-priority=\"item\"><figure class=\"dp-dfg-image entry-thumb\"><a href=\"https:\/\/www.museuemporda.org\/?obres_autors=sense-titol-2\" class=\"dp-dfg-image-link\" ><img loading=\"lazy\" decoding=\"async\" class=\"dp-dfg-featured-image\" src=\"https:\/\/www.museuemporda.org\/wp-content\/uploads\/2021\/08\/mE-1635-250x250.jpg\" alt=\"Sense t\u00edtol\" width=\"250\" height=\"250\" data-ratio=\"1\"\/><\/a><\/figure><div class=\"dp-dfg-header entry-header\"><h2 class=\"entry-title\">Sense t\u00edtol<\/h2><\/div><div class=\"dp-dfg-custom-content\"><p class=\"dp-dfg-custom-field dp-dfg-cf-autors2\"><span class=\"dp-dfg-custom-field-value\">Josep Ministral Agust\u00ed <\/span><\/p><\/div><\/article><!-- DPDFG End Post Item Container --><article id=\"post-13715\" class=\"dp-dfg-item post-13715 obres_autors type-obres_autors status-publish has-post-thumbnail hentry tipus_tecniques-dibuix tecnica_especifica-tinta-sobre-paper autors-carme-sanglas-gispert disciplina-dibuix \"     data-position=\"278\"   data-new-tab=\"off\"   data-action-priority=\"item\"><figure class=\"dp-dfg-image entry-thumb\"><a href=\"https:\/\/www.museuemporda.org\/?obres_autors=sense-titol-203\" class=\"dp-dfg-image-link\" ><img loading=\"lazy\" decoding=\"async\" class=\"dp-dfg-featured-image\" src=\"https:\/\/www.museuemporda.org\/wp-content\/uploads\/2023\/06\/ME2565-SANGLAS11-250x250.jpg\" alt=\"Sense t\u00edtol\" width=\"250\" height=\"250\" data-ratio=\"1\"\/><\/a><\/figure><div class=\"dp-dfg-header entry-header\"><h2 class=\"entry-title\">Sense t\u00edtol<\/h2><\/div><div class=\"dp-dfg-custom-content\"><p class=\"dp-dfg-custom-field dp-dfg-cf-autors2\"><span class=\"dp-dfg-custom-field-value\">Carme Sanglas Gispert<\/span><\/p><\/div><\/article><!-- DPDFG End Post Item Container --><article id=\"post-13940\" class=\"dp-dfg-item post-13940 obres_autors type-obres_autors status-publish has-post-thumbnail hentry tipus_tecniques-dibuix tecnica_especifica-impressio-digital autors-pep-claparols-i-moret disciplina-dibuix \"     data-position=\"279\"   data-new-tab=\"off\"   data-action-priority=\"item\"><figure class=\"dp-dfg-image entry-thumb\"><a href=\"https:\/\/www.museuemporda.org\/?obres_autors=sense-titol-309\" class=\"dp-dfg-image-link\" ><img loading=\"lazy\" decoding=\"async\" class=\"dp-dfg-featured-image\" src=\"https:\/\/www.museuemporda.org\/wp-content\/uploads\/2023\/06\/ME2671-PEP99-250x250.jpg\" alt=\"Sense t\u00edtol\" width=\"250\" height=\"250\" data-ratio=\"1\"\/><\/a><\/figure><div class=\"dp-dfg-header entry-header\"><h2 class=\"entry-title\">Sense t\u00edtol<\/h2><\/div><div class=\"dp-dfg-custom-content\"><p class=\"dp-dfg-custom-field dp-dfg-cf-autors2\"><span class=\"dp-dfg-custom-field-value\">Pep Claparols i Moret<\/span><\/p><\/div><\/article><!-- DPDFG End Post Item Container --><article id=\"post-10543\" class=\"dp-dfg-item post-10543 obres_autors type-obres_autors status-publish has-post-thumbnail hentry tipus_tecniques-dibuix tecnica_especifica-dibuix-sobre-paper autors-joan-felip-vila disciplina-dibuix \"     data-position=\"280\"   data-new-tab=\"off\"   data-action-priority=\"item\"><figure class=\"dp-dfg-image entry-thumb\"><a href=\"https:\/\/www.museuemporda.org\/?obres_autors=nu-masculi-2\" class=\"dp-dfg-image-link\" ><img loading=\"lazy\" decoding=\"async\" class=\"dp-dfg-featured-image\" src=\"https:\/\/www.museuemporda.org\/wp-content\/uploads\/2022\/02\/mE-2308-250x250.jpg\" alt=\"Nu mascul\u00ed\" width=\"250\" height=\"250\" data-ratio=\"1\"\/><\/a><\/figure><div class=\"dp-dfg-header entry-header\"><h2 class=\"entry-title\">Nu mascul\u00ed<\/h2><\/div><div class=\"dp-dfg-custom-content\"><p class=\"dp-dfg-custom-field dp-dfg-cf-autors2\"><span class=\"dp-dfg-custom-field-value\">Joan Felip Vil\u00e0<\/span><\/p><\/div><\/article><!-- DPDFG End Post Item Container --><article id=\"post-14178\" class=\"dp-dfg-item post-14178 obres_autors type-obres_autors status-publish has-post-thumbnail hentry tipus_tecniques-obra-grafica tecnica_especifica-impressio-digital autors-joan-antoni-poch disciplina-obra-grafic \"     data-position=\"281\"   data-new-tab=\"off\"   data-action-priority=\"item\"><figure class=\"dp-dfg-image entry-thumb\"><a href=\"https:\/\/www.museuemporda.org\/?obres_autors=sense-titol-415\" class=\"dp-dfg-image-link\" ><img loading=\"lazy\" decoding=\"async\" class=\"dp-dfg-featured-image\" src=\"https:\/\/www.museuemporda.org\/wp-content\/uploads\/2023\/07\/ME2800-JAP-250x250.jpg\" alt=\"Sense t\u00edtol\" width=\"250\" height=\"250\" data-ratio=\"1\"\/><\/a><\/figure><div class=\"dp-dfg-header entry-header\"><h2 class=\"entry-title\">Sense t\u00edtol<\/h2><\/div><div class=\"dp-dfg-custom-content\"><p class=\"dp-dfg-custom-field dp-dfg-cf-autors2\"><span class=\"dp-dfg-custom-field-value\">Joan Antoni Poch<\/span><\/p><\/div><\/article><!-- DPDFG End Post Item Container --><article id=\"post-10352\" class=\"dp-dfg-item post-10352 obres_autors type-obres_autors status-publish has-post-thumbnail hentry tipus_tecniques-pintura tecnica_especifica-oli-sobre-tela autors-pere-bech-sudria disciplina-pintura \"     data-position=\"282\"   data-new-tab=\"off\"   data-action-priority=\"item\"><figure class=\"dp-dfg-image entry-thumb\"><a href=\"https:\/\/www.museuemporda.org\/?obres_autors=paisatge-urba-4\" class=\"dp-dfg-image-link\" ><img loading=\"lazy\" decoding=\"async\" class=\"dp-dfg-featured-image\" src=\"https:\/\/www.museuemporda.org\/wp-content\/uploads\/2022\/01\/mE-2252-250x250.jpg\" alt=\"Paisatge urb\u00e0\" width=\"250\" height=\"250\" data-ratio=\"1\"\/><\/a><\/figure><div class=\"dp-dfg-header entry-header\"><h2 class=\"entry-title\">Paisatge urb\u00e0<\/h2><\/div><div class=\"dp-dfg-custom-content\"><p class=\"dp-dfg-custom-field dp-dfg-cf-autors2\"><span class=\"dp-dfg-custom-field-value\">Pere Bech Sudri\u00e0<\/span><\/p><\/div><\/article><!-- DPDFG End Post Item Container --><article id=\"post-9750\" class=\"dp-dfg-item post-9750 obres_autors type-obres_autors status-publish has-post-thumbnail hentry tipus_tecniques-fotografia tecnica_especifica-fotografia autors-joaquim-fort-de-ribot disciplina-fotografia \"     data-position=\"283\"   data-new-tab=\"off\"   data-action-priority=\"item\"><figure class=\"dp-dfg-image entry-thumb\"><a href=\"https:\/\/www.museuemporda.org\/?obres_autors=montserrat-goma-esposa-de-raimond-fort-vestida-depoca-a-la-biblioteca-de-can-fort\" class=\"dp-dfg-image-link\" ><img loading=\"lazy\" decoding=\"async\" class=\"dp-dfg-featured-image\" src=\"https:\/\/www.museuemporda.org\/wp-content\/uploads\/2022\/01\/mE-2467-250x250.jpg\" alt=\"Montserrat Gom\u00e0, esposa de Raimond Fort, vestida d&#8217;\u00e8poca a la biblioteca de can Fort\" width=\"250\" height=\"250\" data-ratio=\"1\"\/><\/a><\/figure><div class=\"dp-dfg-header entry-header\"><h2 class=\"entry-title\">Montserrat Gom\u00e0, esposa de Raimond Fort, vestida d&#8217;\u00e8poca a la biblioteca de can Fort<\/h2><\/div><div class=\"dp-dfg-custom-content\"><p class=\"dp-dfg-custom-field dp-dfg-cf-autors2\"><span class=\"dp-dfg-custom-field-value\">Joaquim Fort de Ribot<\/span><\/p><\/div><\/article><!-- DPDFG End Post Item Container --><article id=\"post-8737\" class=\"dp-dfg-item post-8737 obres_autors type-obres_autors status-publish has-post-thumbnail hentry autors-autoria-desconeguda disciplina-arqueologia \"     data-position=\"284\"   data-new-tab=\"off\"   data-action-priority=\"item\"><figure class=\"dp-dfg-image entry-thumb\"><a href=\"https:\/\/www.museuemporda.org\/?obres_autors=moneda-semis-2\" class=\"dp-dfg-image-link\" ><img loading=\"lazy\" decoding=\"async\" class=\"dp-dfg-featured-image\" src=\"https:\/\/www.museuemporda.org\/wp-content\/uploads\/2021\/10\/mE-471-250x250.jpg\" alt=\"Moneda (semis)\" width=\"250\" height=\"250\" data-ratio=\"1\"\/><\/a><\/figure><div class=\"dp-dfg-header entry-header\"><h2 class=\"entry-title\">Moneda (semis)<\/h2><\/div><div class=\"dp-dfg-custom-content\"><p class=\"dp-dfg-custom-field dp-dfg-cf-autors2\"><span class=\"dp-dfg-custom-field-value\">Autoria desconeguda<\/span><\/p><\/div><\/article><!-- DPDFG End Post Item Container --><article id=\"post-14323\" class=\"dp-dfg-item post-14323 obres_autors type-obres_autors status-publish has-post-thumbnail hentry tipus_tecniques-dibuix tecnica_especifica-impressio-digital autors-jordi-fenosa-tatay disciplina-dibuix \"     data-position=\"285\"   data-new-tab=\"off\"   data-action-priority=\"item\"><figure class=\"dp-dfg-image entry-thumb\"><a href=\"https:\/\/www.museuemporda.org\/?obres_autors=sense-titol-483\" class=\"dp-dfg-image-link\" ><img loading=\"lazy\" decoding=\"async\" class=\"dp-dfg-featured-image\" src=\"https:\/\/www.museuemporda.org\/wp-content\/uploads\/2023\/07\/ME2869-TATAY-250x250.jpg\" alt=\"Sense t\u00edtol\" width=\"250\" height=\"250\" data-ratio=\"1\"\/><\/a><\/figure><div class=\"dp-dfg-header entry-header\"><h2 class=\"entry-title\">Sense t\u00edtol<\/h2><\/div><div class=\"dp-dfg-custom-content\"><p class=\"dp-dfg-custom-field dp-dfg-cf-autors2\"><span class=\"dp-dfg-custom-field-value\">Jordi Fenosa Tatay<\/span><\/p><\/div><\/article><!-- DPDFG End Post Item Container --><article id=\"post-14207\" class=\"dp-dfg-item post-14207 obres_autors type-obres_autors status-publish has-post-thumbnail hentry tipus_tecniques-obra-grafica tecnica_especifica-impressio-digital autors-joan-antoni-poch disciplina-obra-grafic \"     data-position=\"286\"   data-new-tab=\"off\"   data-action-priority=\"item\"><figure class=\"dp-dfg-image entry-thumb\"><a href=\"https:\/\/www.museuemporda.org\/?obres_autors=sense-titol-429\" class=\"dp-dfg-image-link\" ><img loading=\"lazy\" decoding=\"async\" class=\"dp-dfg-featured-image\" src=\"https:\/\/www.museuemporda.org\/wp-content\/uploads\/2023\/07\/ME2814-JAP-250x250.jpg\" alt=\"Sense t\u00edtol\" width=\"250\" height=\"250\" data-ratio=\"1\"\/><\/a><\/figure><div class=\"dp-dfg-header entry-header\"><h2 class=\"entry-title\">Sense t\u00edtol<\/h2><\/div><div class=\"dp-dfg-custom-content\"><p class=\"dp-dfg-custom-field dp-dfg-cf-autors2\"><span class=\"dp-dfg-custom-field-value\">Joan Antoni Poch<\/span><\/p><\/div><\/article><!-- DPDFG End Post Item Container --><article id=\"post-12202\" class=\"dp-dfg-item post-12202 obres_autors type-obres_autors status-publish has-post-thumbnail hentry tipus_tecniques-indumentaria tecnica_especifica-teixit-i-fusta autors-autoria-desconeguda disciplina-indumentaria \"     data-position=\"287\"   data-new-tab=\"off\"   data-action-priority=\"item\"><figure class=\"dp-dfg-image entry-thumb\"><a href=\"https:\/\/www.museuemporda.org\/?obres_autors=sense-titol-171\" class=\"dp-dfg-image-link\" ><img loading=\"lazy\" decoding=\"async\" class=\"dp-dfg-featured-image\" src=\"https:\/\/www.museuemporda.org\/wp-content\/uploads\/2022\/03\/mE-896-250x250.jpg\" alt=\"Sense t\u00edtol\" width=\"250\" height=\"250\" data-ratio=\"1\"\/><\/a><\/figure><div class=\"dp-dfg-header entry-header\"><h2 class=\"entry-title\">Sense t\u00edtol<\/h2><\/div><div class=\"dp-dfg-custom-content\"><p class=\"dp-dfg-custom-field dp-dfg-cf-autors2\"><span class=\"dp-dfg-custom-field-value\">Autoria desconeguda<\/span><\/p><\/div><\/article><!-- DPDFG End Post Item Container --><article id=\"post-10141\" class=\"dp-dfg-item post-10141 obres_autors type-obres_autors status-publish has-post-thumbnail hentry tipus_tecniques-pintura tecnica_especifica-oli-sobre-tela autors-lluis-albert-de-puig disciplina-pintura \"     data-position=\"288\"   data-new-tab=\"off\"   data-action-priority=\"item\"><figure class=\"dp-dfg-image entry-thumb\"><a href=\"https:\/\/www.museuemporda.org\/?obres_autors=casa-del-bruixot\" class=\"dp-dfg-image-link\" ><img loading=\"lazy\" decoding=\"async\" class=\"dp-dfg-featured-image\" src=\"https:\/\/www.museuemporda.org\/wp-content\/uploads\/2022\/01\/mE-1138-250x250.jpg\" alt=\"Casa del bruixot\" width=\"250\" height=\"250\" data-ratio=\"1\"\/><\/a><\/figure><div class=\"dp-dfg-header entry-header\"><h2 class=\"entry-title\">Casa del bruixot<\/h2><\/div><div class=\"dp-dfg-custom-content\"><p class=\"dp-dfg-custom-field dp-dfg-cf-autors2\"><span class=\"dp-dfg-custom-field-value\">Llu\u00eds Albert de Puig<\/span><\/p><\/div><\/article><!-- DPDFG End Post Item Container --><article id=\"post-11214\" class=\"dp-dfg-item post-11214 obres_autors type-obres_autors status-publish has-post-thumbnail hentry tipus_tecniques-pintura tecnica_especifica-aquarella-sobre-paper autors-pere-clapera-argelaguer disciplina-pintura \"     data-position=\"289\"   data-new-tab=\"off\"   data-action-priority=\"item\"><figure class=\"dp-dfg-image entry-thumb\"><a href=\"https:\/\/www.museuemporda.org\/?obres_autors=escena-de-circ-2\" class=\"dp-dfg-image-link\" ><img loading=\"lazy\" decoding=\"async\" class=\"dp-dfg-featured-image\" src=\"https:\/\/www.museuemporda.org\/wp-content\/uploads\/2022\/02\/mE-1107-250x250.jpg\" alt=\"Escena de circ\" width=\"250\" height=\"250\" data-ratio=\"1\"\/><\/a><\/figure><div class=\"dp-dfg-header entry-header\"><h2 class=\"entry-title\">Escena de circ<\/h2><\/div><div class=\"dp-dfg-custom-content\"><p class=\"dp-dfg-custom-field dp-dfg-cf-autors2\"><span class=\"dp-dfg-custom-field-value\">Pere Clapera Argelaguer<\/span><\/p><\/div><\/article><!-- DPDFG End Post Item Container --><article id=\"post-8947\" class=\"dp-dfg-item post-8947 obres_autors type-obres_autors status-publish has-post-thumbnail hentry tecnica_especifica-tinta-sobre-paper autors-antoni-tapies-puig disciplina-pintura \"     data-position=\"290\"   data-new-tab=\"off\"   data-action-priority=\"item\"><figure class=\"dp-dfg-image entry-thumb\"><a href=\"https:\/\/www.museuemporda.org\/?obres_autors=autoretrat-5\" class=\"dp-dfg-image-link\" ><img loading=\"lazy\" decoding=\"async\" class=\"dp-dfg-featured-image\" src=\"https:\/\/www.museuemporda.org\/wp-content\/uploads\/2021\/11\/mE-719-250x250.jpg\" alt=\"Autoretrat\" width=\"250\" height=\"250\" data-ratio=\"1\"\/><\/a><\/figure><div class=\"dp-dfg-header entry-header\"><h2 class=\"entry-title\">Autoretrat<\/h2><\/div><div class=\"dp-dfg-custom-content\"><p class=\"dp-dfg-custom-field dp-dfg-cf-autors2\"><span class=\"dp-dfg-custom-field-value\">Antoni T\u00e0pies Puig<\/span><\/p><\/div><\/article><!-- DPDFG End Post Item Container --><article id=\"post-8356\" class=\"dp-dfg-item post-8356 obres_autors type-obres_autors status-publish has-post-thumbnail hentry autors-autoria-desconeguda disciplina-arqueologia \"     data-position=\"291\"   data-new-tab=\"off\"   data-action-priority=\"item\"><figure class=\"dp-dfg-image entry-thumb\"><a href=\"https:\/\/www.museuemporda.org\/?obres_autors=lecit-de-figures-roges\" class=\"dp-dfg-image-link\" ><img loading=\"lazy\" decoding=\"async\" class=\"dp-dfg-featured-image\" src=\"https:\/\/www.museuemporda.org\/wp-content\/uploads\/2021\/08\/mE-398-1-250x250.jpg\" alt=\"L\u00e8cit de figures roges\" width=\"250\" height=\"250\" data-ratio=\"1\"\/><\/a><\/figure><div class=\"dp-dfg-header entry-header\"><h2 class=\"entry-title\">L\u00e8cit de figures roges<\/h2><\/div><div class=\"dp-dfg-custom-content\"><p class=\"dp-dfg-custom-field dp-dfg-cf-autors2\"><span class=\"dp-dfg-custom-field-value\">Autoria desconeguda<\/span><\/p><\/div><\/article><!-- DPDFG End Post Item Container --><article id=\"post-14187\" class=\"dp-dfg-item post-14187 obres_autors type-obres_autors status-publish has-post-thumbnail hentry tipus_tecniques-obra-grafica tecnica_especifica-impressio-digital autors-joan-antoni-poch disciplina-obra-grafic \"     data-position=\"292\"   data-new-tab=\"off\"   data-action-priority=\"item\"><figure class=\"dp-dfg-image entry-thumb\"><a href=\"https:\/\/www.museuemporda.org\/?obres_autors=sense-titol-419\" class=\"dp-dfg-image-link\" ><img loading=\"lazy\" decoding=\"async\" class=\"dp-dfg-featured-image\" src=\"https:\/\/www.museuemporda.org\/wp-content\/uploads\/2023\/07\/ME2804-JAP-250x250.jpg\" alt=\"Sense t\u00edtol\" width=\"250\" height=\"250\" data-ratio=\"1\"\/><\/a><\/figure><div class=\"dp-dfg-header entry-header\"><h2 class=\"entry-title\">Sense t\u00edtol<\/h2><\/div><div class=\"dp-dfg-custom-content\"><p class=\"dp-dfg-custom-field dp-dfg-cf-autors2\"><span class=\"dp-dfg-custom-field-value\">Joan Antoni Poch<\/span><\/p><\/div><\/article><!-- DPDFG End Post Item Container --><article id=\"post-9674\" class=\"dp-dfg-item post-9674 obres_autors type-obres_autors status-publish has-post-thumbnail hentry tipus_tecniques-fotografia tecnica_especifica-fotografia autors-josep-maria-canellas disciplina-fotografia \"     data-position=\"293\"   data-new-tab=\"off\"   data-action-priority=\"item\"><figure class=\"dp-dfg-image entry-thumb\"><a href=\"https:\/\/www.museuemporda.org\/?obres_autors=vaca-2\" class=\"dp-dfg-image-link\" ><img loading=\"lazy\" decoding=\"async\" class=\"dp-dfg-featured-image\" src=\"https:\/\/www.museuemporda.org\/wp-content\/uploads\/2022\/01\/mE-1890-250x250.jpg\" alt=\"Vaca\" width=\"250\" height=\"250\" data-ratio=\"1\"\/><\/a><\/figure><div class=\"dp-dfg-header entry-header\"><h2 class=\"entry-title\">Vaca<\/h2><\/div><div class=\"dp-dfg-custom-content\"><p class=\"dp-dfg-custom-field dp-dfg-cf-autors2\"><span class=\"dp-dfg-custom-field-value\">Josep Maria Ca\u00f1ellas<\/span><\/p><\/div><\/article><!-- DPDFG End Post Item Container --><article id=\"post-14189\" class=\"dp-dfg-item post-14189 obres_autors type-obres_autors status-publish has-post-thumbnail hentry tipus_tecniques-obra-grafica tecnica_especifica-impressio-digital autors-joan-antoni-poch disciplina-obra-grafic \"     data-position=\"294\"   data-new-tab=\"off\"   data-action-priority=\"item\"><figure class=\"dp-dfg-image entry-thumb\"><a href=\"https:\/\/www.museuemporda.org\/?obres_autors=sense-titol-420\" class=\"dp-dfg-image-link\" ><img loading=\"lazy\" decoding=\"async\" class=\"dp-dfg-featured-image\" src=\"https:\/\/www.museuemporda.org\/wp-content\/uploads\/2023\/07\/ME2805-JAP-250x250.jpg\" alt=\"Sense t\u00edtol\" width=\"250\" height=\"250\" data-ratio=\"1\"\/><\/a><\/figure><div class=\"dp-dfg-header entry-header\"><h2 class=\"entry-title\">Sense t\u00edtol<\/h2><\/div><div class=\"dp-dfg-custom-content\"><p class=\"dp-dfg-custom-field dp-dfg-cf-autors2\"><span class=\"dp-dfg-custom-field-value\">Joan Antoni Poch<\/span><\/p><\/div><\/article><!-- DPDFG End Post Item Container --><article id=\"post-13796\" class=\"dp-dfg-item post-13796 obres_autors type-obres_autors status-publish has-post-thumbnail hentry tipus_tecniques-dibuix tecnica_especifica-dibuix-sobre-paper autors-daniel-leiva disciplina-dibuix \"     data-position=\"295\"   data-new-tab=\"off\"   data-action-priority=\"item\"><figure class=\"dp-dfg-image entry-thumb\"><a href=\"https:\/\/www.museuemporda.org\/?obres_autors=sense-titol-242\" class=\"dp-dfg-image-link\" ><img loading=\"lazy\" decoding=\"async\" class=\"dp-dfg-featured-image\" src=\"https:\/\/www.museuemporda.org\/wp-content\/uploads\/2023\/06\/ME2604-LEIVA10-250x250.jpg\" alt=\"Sense t\u00edtol\" width=\"250\" height=\"250\" data-ratio=\"1\"\/><\/a><\/figure><div class=\"dp-dfg-header entry-header\"><h2 class=\"entry-title\">Sense t\u00edtol<\/h2><\/div><div class=\"dp-dfg-custom-content\"><p class=\"dp-dfg-custom-field dp-dfg-cf-autors2\"><span class=\"dp-dfg-custom-field-value\">Daniel Leiva<\/span><\/p><\/div><\/article><!-- DPDFG End Post Item Container --><article id=\"post-14232\" class=\"dp-dfg-item post-14232 obres_autors type-obres_autors status-publish has-post-thumbnail hentry tipus_tecniques-dibuix tecnica_especifica-impressio-digital autors-joan-antoni-poch disciplina-dibuix \"     data-position=\"296\"   data-new-tab=\"off\"   data-action-priority=\"item\"><figure class=\"dp-dfg-image entry-thumb\"><a href=\"https:\/\/www.museuemporda.org\/?obres_autors=sense-titol-441\" class=\"dp-dfg-image-link\" ><img loading=\"lazy\" decoding=\"async\" class=\"dp-dfg-featured-image\" src=\"https:\/\/www.museuemporda.org\/wp-content\/uploads\/2023\/07\/ME2826-JAP-250x250.jpg\" alt=\"Sense t\u00edtol\" width=\"250\" height=\"250\" data-ratio=\"1\"\/><\/a><\/figure><div class=\"dp-dfg-header entry-header\"><h2 class=\"entry-title\">Sense t\u00edtol<\/h2><\/div><div class=\"dp-dfg-custom-content\"><p class=\"dp-dfg-custom-field dp-dfg-cf-autors2\"><span class=\"dp-dfg-custom-field-value\">Joan Antoni Poch<\/span><\/p><\/div><\/article><!-- DPDFG End Post Item Container --><article id=\"post-11354\" class=\"dp-dfg-item post-11354 obres_autors type-obres_autors status-publish has-post-thumbnail hentry tipus_tecniques-pintura tecnica_especifica-oli-sobre-tela autors-ricard-ferrer-juli disciplina-pintura \"     data-position=\"297\"   data-new-tab=\"off\"   data-action-priority=\"item\"><figure class=\"dp-dfg-image entry-thumb\"><a href=\"https:\/\/www.museuemporda.org\/?obres_autors=sense-titol-121\" class=\"dp-dfg-image-link\" ><img loading=\"lazy\" decoding=\"async\" class=\"dp-dfg-featured-image\" src=\"https:\/\/www.museuemporda.org\/wp-content\/uploads\/2022\/02\/mE-1413-250x250.jpg\" alt=\"Sense t\u00edtol\" width=\"250\" height=\"250\" data-ratio=\"1\"\/><\/a><\/figure><div class=\"dp-dfg-header entry-header\"><h2 class=\"entry-title\">Sense t\u00edtol<\/h2><\/div><div class=\"dp-dfg-custom-content\"><p class=\"dp-dfg-custom-field dp-dfg-cf-autors2\"><span class=\"dp-dfg-custom-field-value\">Ricard Ferrer Juli<\/span><\/p><\/div><\/article><!-- DPDFG End Post Item Container --><article id=\"post-10431\" class=\"dp-dfg-item post-10431 obres_autors type-obres_autors status-publish has-post-thumbnail hentry tipus_tecniques-pintura tecnica_especifica-pintura-sobre-paper autors-moises-sidrach-planas disciplina-pintura \"     data-position=\"298\"   data-new-tab=\"off\"   data-action-priority=\"item\"><figure class=\"dp-dfg-image entry-thumb\"><a href=\"https:\/\/www.museuemporda.org\/?obres_autors=sense-titol-72\" class=\"dp-dfg-image-link\" ><img loading=\"lazy\" decoding=\"async\" class=\"dp-dfg-featured-image\" src=\"https:\/\/www.museuemporda.org\/wp-content\/uploads\/2022\/01\/mE-2280-250x250.jpg\" alt=\"Sense t\u00edtol\" width=\"250\" height=\"250\" data-ratio=\"1\"\/><\/a><\/figure><div class=\"dp-dfg-header entry-header\"><h2 class=\"entry-title\">Sense t\u00edtol<\/h2><\/div><div class=\"dp-dfg-custom-content\"><p class=\"dp-dfg-custom-field dp-dfg-cf-autors2\"><span class=\"dp-dfg-custom-field-value\">Mois\u00e8s Sidrach Planas<\/span><\/p><\/div><\/article><!-- DPDFG End Post Item Container --><article id=\"post-11226\" class=\"dp-dfg-item post-11226 obres_autors type-obres_autors status-publish has-post-thumbnail hentry tipus_tecniques-pintura tecnica_especifica-oli-sobre-fusta autors-josep-coll-bardolet disciplina-pintura \"     data-position=\"299\"   data-new-tab=\"off\"   data-action-priority=\"item\"><figure class=\"dp-dfg-image entry-thumb\"><a href=\"https:\/\/www.museuemporda.org\/?obres_autors=gerro-amb-flors\" class=\"dp-dfg-image-link\" ><img loading=\"lazy\" decoding=\"async\" class=\"dp-dfg-featured-image\" src=\"https:\/\/www.museuemporda.org\/wp-content\/uploads\/2022\/02\/mE-1333-250x250.jpg\" alt=\"Gerro amb flors\" width=\"250\" height=\"250\" data-ratio=\"1\"\/><\/a><\/figure><div class=\"dp-dfg-header entry-header\"><h2 class=\"entry-title\">Gerro amb flors<\/h2><\/div><div class=\"dp-dfg-custom-content\"><p class=\"dp-dfg-custom-field dp-dfg-cf-autors2\"><span class=\"dp-dfg-custom-field-value\">Josep Coll Bardolet<\/span><\/p><\/div><\/article><!-- DPDFG End Post Item Container --><article id=\"post-13820\" class=\"dp-dfg-item post-13820 obres_autors type-obres_autors status-publish has-post-thumbnail hentry tipus_tecniques-dibuix tecnica_especifica-tinta-sobre-paper autors-lluis-puigbert disciplina-obra-grafic \"     data-position=\"300\"   data-new-tab=\"off\"   data-action-priority=\"item\"><figure class=\"dp-dfg-image entry-thumb\"><a href=\"https:\/\/www.museuemporda.org\/?obres_autors=sense-titol-254\" class=\"dp-dfg-image-link\" ><img loading=\"lazy\" decoding=\"async\" class=\"dp-dfg-featured-image\" src=\"https:\/\/www.museuemporda.org\/wp-content\/uploads\/2023\/06\/ME2616-SID04-250x250.jpg\" alt=\"Sense t\u00edtol\" width=\"250\" height=\"250\" data-ratio=\"1\"\/><\/a><\/figure><div class=\"dp-dfg-header entry-header\"><h2 class=\"entry-title\">Sense t\u00edtol<\/h2><\/div><div class=\"dp-dfg-custom-content\"><p class=\"dp-dfg-custom-field dp-dfg-cf-autors2\"><span class=\"dp-dfg-custom-field-value\">Llu\u00eds Puigbert<\/span><\/p><\/div><\/article><!-- DPDFG End Post Item Container --><article id=\"post-13745\" class=\"dp-dfg-item post-13745 obres_autors type-obres_autors status-publish has-post-thumbnail hentry tipus_tecniques-dibuix tecnica_especifica-impressio-digital autors-enric-pujol disciplina-obra-grafic \"     data-position=\"301\"   data-new-tab=\"off\"   data-action-priority=\"item\"><figure class=\"dp-dfg-image entry-thumb\"><a href=\"https:\/\/www.museuemporda.org\/?obres_autors=sense-titol-217\" class=\"dp-dfg-image-link\" ><img loading=\"lazy\" decoding=\"async\" class=\"dp-dfg-featured-image\" src=\"https:\/\/www.museuemporda.org\/wp-content\/uploads\/2023\/06\/ME2579-PUJOL12-250x250.jpg\" alt=\"Sense t\u00edtol\" width=\"250\" height=\"250\" data-ratio=\"1\"\/><\/a><\/figure><div class=\"dp-dfg-header entry-header\"><h2 class=\"entry-title\">Sense t\u00edtol<\/h2><\/div><div class=\"dp-dfg-custom-content\"><p class=\"dp-dfg-custom-field dp-dfg-cf-autors2\"><span class=\"dp-dfg-custom-field-value\">Enric Pujol<\/span><\/p><\/div><\/article><!-- DPDFG End Post Item Container --><article id=\"post-11350\" class=\"dp-dfg-item post-11350 obres_autors type-obres_autors status-publish has-post-thumbnail hentry tipus_tecniques-pintura tecnica_especifica-pintura-sobre-paper autors-merce-ferre-valls disciplina-pintura \"     data-position=\"302\"   data-new-tab=\"off\"   data-action-priority=\"item\"><figure class=\"dp-dfg-image entry-thumb\"><a href=\"https:\/\/www.museuemporda.org\/?obres_autors=figueres-bressol-de-lemporda\" class=\"dp-dfg-image-link\" ><img loading=\"lazy\" decoding=\"async\" class=\"dp-dfg-featured-image\" src=\"https:\/\/www.museuemporda.org\/wp-content\/uploads\/2022\/02\/mE-1119-250x250.jpg\" alt=\"Figueres, bressol de l&#8217;Empord\u00e0\" width=\"250\" height=\"250\" data-ratio=\"1\"\/><\/a><\/figure><div class=\"dp-dfg-header entry-header\"><h2 class=\"entry-title\">Figueres, bressol de l&#8217;Empord\u00e0<\/h2><\/div><div class=\"dp-dfg-custom-content\"><p class=\"dp-dfg-custom-field dp-dfg-cf-autors2\"><span class=\"dp-dfg-custom-field-value\">Merc\u00e8 Ferr\u00e9 Valls<\/span><\/p><\/div><\/article><!-- DPDFG End Post Item Container --><article id=\"post-11651\" class=\"dp-dfg-item post-11651 obres_autors type-obres_autors status-publish has-post-thumbnail hentry tipus_tecniques-obra-grafica tecnica_especifica-gravat autors-ricard-marin-llovet disciplina-obra-grafic \"     data-position=\"303\"   data-new-tab=\"off\"   data-action-priority=\"item\"><figure class=\"dp-dfg-image entry-thumb\"><a href=\"https:\/\/www.museuemporda.org\/?obres_autors=tauromaquia\" class=\"dp-dfg-image-link\" ><img loading=\"lazy\" decoding=\"async\" class=\"dp-dfg-featured-image\" src=\"https:\/\/www.museuemporda.org\/wp-content\/uploads\/2022\/02\/mE-1472-250x250.jpg\" alt=\"Taurom\u00e0quia\" width=\"250\" height=\"250\" data-ratio=\"1\"\/><\/a><\/figure><div class=\"dp-dfg-header entry-header\"><h2 class=\"entry-title\">Taurom\u00e0quia<\/h2><\/div><div class=\"dp-dfg-custom-content\"><p class=\"dp-dfg-custom-field dp-dfg-cf-autors2\"><span class=\"dp-dfg-custom-field-value\">Ricard Mar\u00edn Llovet<\/span><\/p><\/div><\/article><!-- DPDFG End Post Item Container --><article id=\"post-9088\" class=\"dp-dfg-item post-9088 obres_autors type-obres_autors status-publish has-post-thumbnail hentry tecnica_especifica-ceramica-atica-de-figures-negres autors-autoria-desconeguda disciplina-arqueologia \"     data-position=\"304\"   data-new-tab=\"off\"   data-action-priority=\"item\"><figure class=\"dp-dfg-image entry-thumb\"><a href=\"https:\/\/www.museuemporda.org\/?obres_autors=gerro-atic-de-figures-negres\" class=\"dp-dfg-image-link\" ><img loading=\"lazy\" decoding=\"async\" class=\"dp-dfg-featured-image\" src=\"https:\/\/www.museuemporda.org\/wp-content\/uploads\/2021\/11\/mE-394-250x250.jpg\" alt=\"Gerro \u00e0tic de figures negres\" width=\"250\" height=\"250\" data-ratio=\"1\"\/><\/a><\/figure><div class=\"dp-dfg-header entry-header\"><h2 class=\"entry-title\">Gerro \u00e0tic de figures negres<\/h2><\/div><div class=\"dp-dfg-custom-content\"><p class=\"dp-dfg-custom-field dp-dfg-cf-autors2\"><span class=\"dp-dfg-custom-field-value\">Autoria desconeguda<\/span><\/p><\/div><\/article><!-- DPDFG End Post Item Container --><article id=\"post-14288\" class=\"dp-dfg-item post-14288 obres_autors type-obres_autors status-publish has-post-thumbnail hentry tipus_tecniques-dibuix tecnica_especifica-impressio-digital autors-quim-bou disciplina-dibuix \"     data-position=\"305\"   data-new-tab=\"off\"   data-action-priority=\"item\"><figure class=\"dp-dfg-image entry-thumb\"><a href=\"https:\/\/www.museuemporda.org\/?obres_autors=sense-titol-468\" class=\"dp-dfg-image-link\" ><img loading=\"lazy\" decoding=\"async\" class=\"dp-dfg-featured-image\" src=\"https:\/\/www.museuemporda.org\/wp-content\/uploads\/2023\/07\/ME2853-BOU-250x250.jpg\" alt=\"Sense t\u00edtol\" width=\"250\" height=\"250\" data-ratio=\"1\"\/><\/a><\/figure><div class=\"dp-dfg-header entry-header\"><h2 class=\"entry-title\">Sense t\u00edtol<\/h2><\/div><div class=\"dp-dfg-custom-content\"><p class=\"dp-dfg-custom-field dp-dfg-cf-autors2\"><span class=\"dp-dfg-custom-field-value\">Quim Bou<\/span><\/p><\/div><\/article><!-- DPDFG End Post Item Container --><article id=\"post-8174\" class=\"dp-dfg-item post-8174 obres_autors type-obres_autors status-publish has-post-thumbnail hentry tecnica_especifica-oli-sobre-tela autors-lluis-masriera-roses disciplina-pintura \"     data-position=\"306\"   data-new-tab=\"off\"   data-action-priority=\"item\"><figure class=\"dp-dfg-image entry-thumb\"><a href=\"https:\/\/www.museuemporda.org\/?obres_autors=dona-ajeguda\" class=\"dp-dfg-image-link\" ><img loading=\"lazy\" decoding=\"async\" class=\"dp-dfg-featured-image\" src=\"https:\/\/www.museuemporda.org\/wp-content\/uploads\/2021\/08\/mE-1118-250x250.jpg\" alt=\"Dona ajeguda\" width=\"250\" height=\"250\" data-ratio=\"1\"\/><\/a><\/figure><div class=\"dp-dfg-header entry-header\"><h2 class=\"entry-title\">Dona ajeguda<\/h2><\/div><div class=\"dp-dfg-custom-content\"><p class=\"dp-dfg-custom-field dp-dfg-cf-autors2\"><span class=\"dp-dfg-custom-field-value\">Llu\u00eds Masriera Ros\u00e9s<\/span><\/p><\/div><\/article><!-- DPDFG End Post Item Container --><article id=\"post-9123\" class=\"dp-dfg-item post-9123 obres_autors type-obres_autors status-publish has-post-thumbnail hentry tipus_tecniques-ceramica autors-autoria-desconeguda disciplina-arqueologia \"     data-position=\"307\"   data-new-tab=\"off\"   data-action-priority=\"item\"><figure class=\"dp-dfg-image entry-thumb\"><a href=\"https:\/\/www.museuemporda.org\/?obres_autors=amfora-betica-4\" class=\"dp-dfg-image-link\" ><img loading=\"lazy\" decoding=\"async\" class=\"dp-dfg-featured-image\" src=\"https:\/\/www.museuemporda.org\/wp-content\/uploads\/2021\/11\/mE-571-250x250.jpg\" alt=\"\u00c0mfora b\u00e8tica\" width=\"250\" height=\"250\" data-ratio=\"1\"\/><\/a><\/figure><div class=\"dp-dfg-header entry-header\"><h2 class=\"entry-title\">\u00c0mfora b\u00e8tica<\/h2><\/div><div class=\"dp-dfg-custom-content\"><p class=\"dp-dfg-custom-field dp-dfg-cf-autors2\"><span class=\"dp-dfg-custom-field-value\">Autoria desconeguda<\/span><\/p><\/div><\/article><!-- DPDFG End Post Item Container --><article id=\"post-8280\" class=\"dp-dfg-item post-8280 obres_autors type-obres_autors status-publish has-post-thumbnail hentry tecnica_especifica-oli-sobre-tela autors-evarist-valles-rovira disciplina-pintura \"     data-position=\"308\"   data-new-tab=\"off\"   data-action-priority=\"item\"><figure class=\"dp-dfg-image entry-thumb\"><a href=\"https:\/\/www.museuemporda.org\/?obres_autors=composicio-8\" class=\"dp-dfg-image-link\" ><img loading=\"lazy\" decoding=\"async\" class=\"dp-dfg-featured-image\" src=\"https:\/\/www.museuemporda.org\/wp-content\/uploads\/2021\/08\/mE-779-2-250x250.jpg\" alt=\"Composici\u00f3\" width=\"250\" height=\"250\" data-ratio=\"1\"\/><\/a><\/figure><div class=\"dp-dfg-header entry-header\"><h2 class=\"entry-title\">Composici\u00f3<\/h2><\/div><div class=\"dp-dfg-custom-content\"><p class=\"dp-dfg-custom-field dp-dfg-cf-autors2\"><span class=\"dp-dfg-custom-field-value\">Evarist Vall\u00e8s Rovira<\/span><\/p><\/div><\/article><!-- DPDFG End Post Item Container --><article id=\"post-9676\" class=\"dp-dfg-item post-9676 obres_autors type-obres_autors status-publish has-post-thumbnail hentry tipus_tecniques-fotografia tecnica_especifica-fotografia autors-josep-maria-canellas disciplina-fotografia \"     data-position=\"309\"   data-new-tab=\"off\"   data-action-priority=\"item\"><figure class=\"dp-dfg-image entry-thumb\"><a href=\"https:\/\/www.museuemporda.org\/?obres_autors=vaca-piguellada\" class=\"dp-dfg-image-link\" ><img loading=\"lazy\" decoding=\"async\" class=\"dp-dfg-featured-image\" src=\"https:\/\/www.museuemporda.org\/wp-content\/uploads\/2022\/01\/mE-1891-250x250.jpg\" alt=\"Vaca piguellada\" width=\"250\" height=\"250\" data-ratio=\"1\"\/><\/a><\/figure><div class=\"dp-dfg-header entry-header\"><h2 class=\"entry-title\">Vaca piguellada<\/h2><\/div><div class=\"dp-dfg-custom-content\"><p class=\"dp-dfg-custom-field dp-dfg-cf-autors2\"><span class=\"dp-dfg-custom-field-value\">Josep Maria Ca\u00f1ellas<\/span><\/p><\/div><\/article><!-- DPDFG End Post Item Container --><article id=\"post-10118\" class=\"dp-dfg-item post-10118 obres_autors type-obres_autors status-publish has-post-thumbnail hentry tipus_tecniques-obra-grafica tecnica_especifica-impressio autors-enric-ruiz-geli disciplina-obra-grafic \"     data-position=\"310\"   data-new-tab=\"off\"   data-action-priority=\"item\"><figure class=\"dp-dfg-image entry-thumb\"><a href=\"https:\/\/www.museuemporda.org\/?obres_autors=villa-bio-llers\" class=\"dp-dfg-image-link\" ><img loading=\"lazy\" decoding=\"async\" class=\"dp-dfg-featured-image\" src=\"https:\/\/www.museuemporda.org\/wp-content\/uploads\/2022\/01\/mE-1696-250x250.jpg\" alt=\"Villa Bio, Llers\" width=\"250\" height=\"250\" data-ratio=\"1\"\/><\/a><\/figure><div class=\"dp-dfg-header entry-header\"><h2 class=\"entry-title\">Villa Bio, Llers<\/h2><\/div><div class=\"dp-dfg-custom-content\"><p class=\"dp-dfg-custom-field dp-dfg-cf-autors2\"><span class=\"dp-dfg-custom-field-value\">Enric Ruiz-Geli<\/span><\/p><\/div><\/article><!-- DPDFG End Post Item Container --><article id=\"post-12636\" class=\"dp-dfg-item post-12636 obres_autors type-obres_autors status-publish has-post-thumbnail hentry tipus_tecniques-pintura tecnica_especifica-pintura-acrilica-sobre-tela autors-elena-paredes disciplina-pintura \"     data-position=\"311\"   data-new-tab=\"off\"   data-action-priority=\"item\"><figure class=\"dp-dfg-image entry-thumb\"><a href=\"https:\/\/www.museuemporda.org\/?obres_autors=sense-titol-194\" class=\"dp-dfg-image-link\" ><img loading=\"lazy\" decoding=\"async\" class=\"dp-dfg-featured-image\" src=\"https:\/\/www.museuemporda.org\/wp-content\/uploads\/2022\/04\/ME-2539_JORDI-PUIG-2021_2-250x250.jpg\" alt=\"Sense t\u00edtol\" width=\"250\" height=\"250\" data-ratio=\"1\"\/><\/a><\/figure><div class=\"dp-dfg-header entry-header\"><h2 class=\"entry-title\">Sense t\u00edtol<\/h2><\/div><div class=\"dp-dfg-custom-content\"><p class=\"dp-dfg-custom-field dp-dfg-cf-autors2\"><span class=\"dp-dfg-custom-field-value\">Elena Paredes<\/span><\/p><\/div><\/article><!-- DPDFG End Post Item Container --><article id=\"post-10985\" class=\"dp-dfg-item post-10985 obres_autors type-obres_autors status-publish has-post-thumbnail hentry tipus_tecniques-obra-grafica tecnica_especifica-gravat autors-blai-ametller-rotllan disciplina-obra-grafic \"     data-position=\"312\"   data-new-tab=\"off\"   data-action-priority=\"item\"><figure class=\"dp-dfg-image entry-thumb\"><a href=\"https:\/\/www.museuemporda.org\/?obres_autors=el-dulce-sueno-de-jesus-en-los-brazos-de-maria\" class=\"dp-dfg-image-link\" ><img loading=\"lazy\" decoding=\"async\" class=\"dp-dfg-featured-image\" src=\"https:\/\/www.museuemporda.org\/wp-content\/uploads\/2022\/02\/mE-1979-250x250.jpg\" alt=\"El dulce sue\u00f1o de Jes\u00fas en los brazos de Mar\u00eda\" width=\"250\" height=\"250\" data-ratio=\"1\"\/><\/a><\/figure><div class=\"dp-dfg-header entry-header\"><h2 class=\"entry-title\">El dulce sue\u00f1o de Jes\u00fas en los brazos de Mar\u00eda<\/h2><\/div><div class=\"dp-dfg-custom-content\"><p class=\"dp-dfg-custom-field dp-dfg-cf-autors2\"><span class=\"dp-dfg-custom-field-value\">Blai Ametller Rotllan<\/span><\/p><\/div><\/article><!-- DPDFG End Post Item Container --><article id=\"post-13867\" class=\"dp-dfg-item post-13867 obres_autors type-obres_autors status-publish has-post-thumbnail hentry tipus_tecniques-dibuix tecnica_especifica-tinta-sobre-paper autors-josep-menchon-alvarez disciplina-dibuix \"     data-position=\"313\"   data-new-tab=\"off\"   data-action-priority=\"item\"><figure class=\"dp-dfg-image entry-thumb\"><a href=\"https:\/\/www.museuemporda.org\/?obres_autors=sense-titol-273\" class=\"dp-dfg-image-link\" ><img loading=\"lazy\" decoding=\"async\" class=\"dp-dfg-featured-image\" src=\"https:\/\/www.museuemporda.org\/wp-content\/uploads\/2023\/06\/ME2635-MENCHON05-250x250.jpg\" alt=\"Sense t\u00edtol\" width=\"250\" height=\"250\" data-ratio=\"1\"\/><\/a><\/figure><div class=\"dp-dfg-header entry-header\"><h2 class=\"entry-title\">Sense t\u00edtol<\/h2><\/div><div class=\"dp-dfg-custom-content\"><p class=\"dp-dfg-custom-field dp-dfg-cf-autors2\"><span class=\"dp-dfg-custom-field-value\">Josep Mench\u00f3n \u00c1lvarez<\/span><\/p><\/div><\/article><!-- DPDFG End Post Item Container --><article id=\"post-11849\" class=\"dp-dfg-item post-11849 obres_autors type-obres_autors status-publish has-post-thumbnail hentry tipus_tecniques-pintura tecnica_especifica-aquarella autors-francesc-dassis-planas-doria disciplina-pintura \"     data-position=\"314\"   data-new-tab=\"off\"   data-action-priority=\"item\"><figure class=\"dp-dfg-image entry-thumb\"><a href=\"https:\/\/www.museuemporda.org\/?obres_autors=barri-antic-de-barcelona\" class=\"dp-dfg-image-link\" ><img loading=\"lazy\" decoding=\"async\" class=\"dp-dfg-featured-image\" src=\"https:\/\/www.museuemporda.org\/wp-content\/uploads\/2022\/02\/mE-1109-250x250.jpg\" alt=\"Barri antic de Barcelona\" width=\"250\" height=\"250\" data-ratio=\"1\"\/><\/a><\/figure><div class=\"dp-dfg-header entry-header\"><h2 class=\"entry-title\">Barri antic de Barcelona<\/h2><\/div><div class=\"dp-dfg-custom-content\"><p class=\"dp-dfg-custom-field dp-dfg-cf-autors2\"><span class=\"dp-dfg-custom-field-value\">Francesc d'Ass\u00eds Planas D\u00f2ria<\/span><\/p><\/div><\/article><!-- DPDFG End Post Item Container --><article id=\"post-8106\" class=\"dp-dfg-item post-8106 obres_autors type-obres_autors status-publish has-post-thumbnail hentry tecnica_especifica-oli-sobre-tela autors-joan-puig-manera disciplina-pintura \"     data-position=\"315\"   data-new-tab=\"off\"   data-action-priority=\"item\"><figure class=\"dp-dfg-image entry-thumb\"><a href=\"https:\/\/www.museuemporda.org\/?obres_autors=composicio-2\" class=\"dp-dfg-image-link\" ><img loading=\"lazy\" decoding=\"async\" class=\"dp-dfg-featured-image\" src=\"https:\/\/www.museuemporda.org\/wp-content\/uploads\/2021\/08\/mE-784-250x250.jpg\" alt=\"Composici\u00f3\" width=\"250\" height=\"250\" data-ratio=\"1\"\/><\/a><\/figure><div class=\"dp-dfg-header entry-header\"><h2 class=\"entry-title\">Composici\u00f3<\/h2><\/div><div class=\"dp-dfg-custom-content\"><p class=\"dp-dfg-custom-field dp-dfg-cf-autors2\"><span class=\"dp-dfg-custom-field-value\">Joan Puig Manera<\/span><\/p><\/div><\/article><!-- DPDFG End Post Item Container --><article id=\"post-9689\" class=\"dp-dfg-item post-9689 obres_autors type-obres_autors status-publish has-post-thumbnail hentry tipus_tecniques-fotografia tecnica_especifica-fotografia autors-josep-maria-canellas disciplina-fotografia \"     data-position=\"316\"   data-new-tab=\"off\"   data-action-priority=\"item\"><figure class=\"dp-dfg-image entry-thumb\"><a href=\"https:\/\/www.museuemporda.org\/?obres_autors=sense-titol-seated-nude-in-wood-chair\" class=\"dp-dfg-image-link\" ><img loading=\"lazy\" decoding=\"async\" class=\"dp-dfg-featured-image\" src=\"https:\/\/www.museuemporda.org\/wp-content\/uploads\/2022\/01\/mE-1694-250x250.jpg\" alt=\"Sense t\u00edtol [Seated nude in wood chair]\" width=\"250\" height=\"250\" data-ratio=\"1\"\/><\/a><\/figure><div class=\"dp-dfg-header entry-header\"><h2 class=\"entry-title\">Sense t\u00edtol [Seated nude in wood chair]<\/h2><\/div><div class=\"dp-dfg-custom-content\"><p class=\"dp-dfg-custom-field dp-dfg-cf-autors2\"><span class=\"dp-dfg-custom-field-value\">Josep Maria Ca\u00f1ellas<\/span><\/p><\/div><\/article><!-- DPDFG End Post Item Container --><article id=\"post-12034\" class=\"dp-dfg-item post-12034 obres_autors type-obres_autors status-publish has-post-thumbnail hentry tipus_tecniques-pintura tecnica_especifica-oli-sobre-fusta autors-alve-valdemi-del-mare disciplina-pintura \"     data-position=\"317\"   data-new-tab=\"off\"   data-action-priority=\"item\"><figure class=\"dp-dfg-image entry-thumb\"><a href=\"https:\/\/www.museuemporda.org\/?obres_autors=gerro-amb-flors-2\" class=\"dp-dfg-image-link\" ><img loading=\"lazy\" decoding=\"async\" class=\"dp-dfg-featured-image\" src=\"https:\/\/www.museuemporda.org\/wp-content\/uploads\/2022\/02\/mE-1428-250x250.jpg\" alt=\"Gerro amb flors\" width=\"250\" height=\"250\" data-ratio=\"1\"\/><\/a><\/figure><div class=\"dp-dfg-header entry-header\"><h2 class=\"entry-title\">Gerro amb flors<\/h2><\/div><div class=\"dp-dfg-custom-content\"><p class=\"dp-dfg-custom-field dp-dfg-cf-autors2\"><span class=\"dp-dfg-custom-field-value\">Alve Valdemi del Mare<\/span><\/p><\/div><\/article><!-- DPDFG End Post Item Container --><article id=\"post-14296\" class=\"dp-dfg-item post-14296 obres_autors type-obres_autors status-publish has-post-thumbnail hentry tipus_tecniques-dibuix tecnica_especifica-impressio-digital autors-quim-bou disciplina-dibuix \"     data-position=\"318\"   data-new-tab=\"off\"   data-action-priority=\"item\"><figure class=\"dp-dfg-image entry-thumb\"><a href=\"https:\/\/www.museuemporda.org\/?obres_autors=sense-titol-472\" class=\"dp-dfg-image-link\" ><img loading=\"lazy\" decoding=\"async\" class=\"dp-dfg-featured-image\" src=\"https:\/\/www.museuemporda.org\/wp-content\/uploads\/2023\/07\/ME2857-BOU-250x250.jpg\" alt=\"Sense t\u00edtol\" width=\"250\" height=\"250\" data-ratio=\"1\"\/><\/a><\/figure><div class=\"dp-dfg-header entry-header\"><h2 class=\"entry-title\">Sense t\u00edtol<\/h2><\/div><div class=\"dp-dfg-custom-content\"><p class=\"dp-dfg-custom-field dp-dfg-cf-autors2\"><span class=\"dp-dfg-custom-field-value\">Quim Bou<\/span><\/p><\/div><\/article><!-- DPDFG End Post Item Container --><article id=\"post-11879\" class=\"dp-dfg-item post-11879 obres_autors type-obres_autors status-publish has-post-thumbnail hentry tipus_tecniques-pintura tecnica_especifica-aquarella-sobre-paper autors-daniel-pozanco disciplina-pintura \"     data-position=\"319\"   data-new-tab=\"off\"   data-action-priority=\"item\"><figure class=\"dp-dfg-image entry-thumb\"><a href=\"https:\/\/www.museuemporda.org\/?obres_autors=paisatge-de-llanca\" class=\"dp-dfg-image-link\" ><img loading=\"lazy\" decoding=\"async\" class=\"dp-dfg-featured-image\" src=\"https:\/\/www.museuemporda.org\/wp-content\/uploads\/2022\/02\/mE-1436-250x250.jpg\" alt=\"Paisatge de Llan\u00e7\u00e0\" width=\"250\" height=\"250\" data-ratio=\"1\"\/><\/a><\/figure><div class=\"dp-dfg-header entry-header\"><h2 class=\"entry-title\">Paisatge de Llan\u00e7\u00e0<\/h2><\/div><div class=\"dp-dfg-custom-content\"><p class=\"dp-dfg-custom-field dp-dfg-cf-autors2\"><span class=\"dp-dfg-custom-field-value\">Daniel Pozanco<\/span><\/p><\/div><\/article><!-- DPDFG End Post Item Container --><article id=\"post-9004\" class=\"dp-dfg-item post-9004 obres_autors type-obres_autors status-publish has-post-thumbnail hentry tecnica_especifica-oli-sobre-tela autors-miquel-plana-corco disciplina-pintura \"     data-position=\"320\"   data-new-tab=\"off\"   data-action-priority=\"item\"><figure class=\"dp-dfg-image entry-thumb\"><a href=\"https:\/\/www.museuemporda.org\/?obres_autors=espai-nocturn-per-a-un-sabat\" class=\"dp-dfg-image-link\" ><img loading=\"lazy\" decoding=\"async\" class=\"dp-dfg-featured-image\" src=\"https:\/\/www.museuemporda.org\/wp-content\/uploads\/2021\/11\/ME-1048_JORDI-PUIG-2021-250x250.jpg\" alt=\"Espai nocturn per a un s\u00e0bat\" width=\"250\" height=\"250\" data-ratio=\"1\"\/><\/a><\/figure><div class=\"dp-dfg-header entry-header\"><h2 class=\"entry-title\">Espai nocturn per a un s\u00e0bat<\/h2><\/div><div class=\"dp-dfg-custom-content\"><p class=\"dp-dfg-custom-field dp-dfg-cf-autors2\"><span class=\"dp-dfg-custom-field-value\">Miquel Plana Corc\u00f3<\/span><\/p><\/div><\/article><!-- DPDFG End Post Item Container --><article id=\"post-11892\" class=\"dp-dfg-item post-11892 obres_autors type-obres_autors status-publish has-post-thumbnail hentry tipus_tecniques-pintura tecnica_especifica-pintura-sobre-paper autors-maria-assumpcio-raventos-torras disciplina-pintura \"     data-position=\"321\"   data-new-tab=\"off\"   data-action-priority=\"item\"><figure class=\"dp-dfg-image entry-thumb\"><a href=\"https:\/\/www.museuemporda.org\/?obres_autors=sense-titol-158\" class=\"dp-dfg-image-link\" ><img loading=\"lazy\" decoding=\"async\" class=\"dp-dfg-featured-image\" src=\"https:\/\/www.museuemporda.org\/wp-content\/uploads\/2022\/02\/mE-2293-250x250.jpg\" alt=\"Sense t\u00edtol\" width=\"250\" height=\"250\" data-ratio=\"1\"\/><\/a><\/figure><div class=\"dp-dfg-header entry-header\"><h2 class=\"entry-title\">Sense t\u00edtol<\/h2><\/div><div class=\"dp-dfg-custom-content\"><p class=\"dp-dfg-custom-field dp-dfg-cf-autors2\"><span class=\"dp-dfg-custom-field-value\">Maria Assumpci\u00f3 Ravent\u00f3s Torras<\/span><\/p><\/div><\/article><!-- DPDFG End Post Item Container --><article id=\"post-9194\" class=\"dp-dfg-item post-9194 obres_autors type-obres_autors status-publish has-post-thumbnail hentry tecnica_especifica-ceramica-de-figures-roges autors-autoria-desconeguda disciplina-arqueologia \"     data-position=\"322\"   data-new-tab=\"off\"   data-action-priority=\"item\"><figure class=\"dp-dfg-image entry-thumb\"><a href=\"https:\/\/www.museuemporda.org\/?obres_autors=oenokoe\" class=\"dp-dfg-image-link\" ><img loading=\"lazy\" decoding=\"async\" class=\"dp-dfg-featured-image\" src=\"https:\/\/www.museuemporda.org\/wp-content\/uploads\/2021\/11\/mE-375-250x250.jpg\" alt=\"Oenokoe\" width=\"250\" height=\"250\" data-ratio=\"1\"\/><\/a><\/figure><div class=\"dp-dfg-header entry-header\"><h2 class=\"entry-title\">Oenokoe<\/h2><\/div><div class=\"dp-dfg-custom-content\"><p class=\"dp-dfg-custom-field dp-dfg-cf-autors2\"><span class=\"dp-dfg-custom-field-value\">Autoria desconeguda<\/span><\/p><\/div><\/article><!-- DPDFG End Post Item Container --><article id=\"post-10358\" class=\"dp-dfg-item post-10358 obres_autors type-obres_autors status-publish has-post-thumbnail hentry tipus_tecniques-pintura tecnica_especifica-oli-sobre-tela autors-anton-casamor-espona disciplina-pintura \"     data-position=\"323\"   data-new-tab=\"off\"   data-action-priority=\"item\"><figure class=\"dp-dfg-image entry-thumb\"><a href=\"https:\/\/www.museuemporda.org\/?obres_autors=interior-amb-figura\" class=\"dp-dfg-image-link\" ><img loading=\"lazy\" decoding=\"async\" class=\"dp-dfg-featured-image\" src=\"https:\/\/www.museuemporda.org\/wp-content\/uploads\/2022\/01\/mE-2119-250x250.jpg\" alt=\"Interior amb figura\" width=\"250\" height=\"250\" data-ratio=\"1\"\/><\/a><\/figure><div class=\"dp-dfg-header entry-header\"><h2 class=\"entry-title\">Interior amb figura<\/h2><\/div><div class=\"dp-dfg-custom-content\"><p class=\"dp-dfg-custom-field dp-dfg-cf-autors2\"><span class=\"dp-dfg-custom-field-value\">Anton Casamor Espona<\/span><\/p><\/div><\/article><!-- DPDFG End Post Item Container --><article id=\"post-13869\" class=\"dp-dfg-item post-13869 obres_autors type-obres_autors status-publish has-post-thumbnail hentry tipus_tecniques-dibuix tecnica_especifica-tinta-sobre-paper autors-josep-menchon-alvarez disciplina-dibuix \"     data-position=\"324\"   data-new-tab=\"off\"   data-action-priority=\"item\"><figure class=\"dp-dfg-image entry-thumb\"><a href=\"https:\/\/www.museuemporda.org\/?obres_autors=sense-titol-274\" class=\"dp-dfg-image-link\" ><img loading=\"lazy\" decoding=\"async\" class=\"dp-dfg-featured-image\" src=\"https:\/\/www.museuemporda.org\/wp-content\/uploads\/2023\/06\/ME2636-MENCHON06-250x250.jpg\" alt=\"Sense t\u00edtol\" width=\"250\" height=\"250\" data-ratio=\"1\"\/><\/a><\/figure><div class=\"dp-dfg-header entry-header\"><h2 class=\"entry-title\">Sense t\u00edtol<\/h2><\/div><div class=\"dp-dfg-custom-content\"><p class=\"dp-dfg-custom-field dp-dfg-cf-autors2\"><span class=\"dp-dfg-custom-field-value\">Josep Mench\u00f3n \u00c1lvarez <\/span><\/p><\/div><\/article><!-- DPDFG End Post Item Container --><article id=\"post-12649\" class=\"dp-dfg-item post-12649 obres_autors type-obres_autors status-publish has-post-thumbnail hentry tipus_tecniques-escultura tecnica_especifica-marbre-i-fusta-policromada autors-tura-sanglas disciplina-escultura \"     data-position=\"325\"   data-new-tab=\"off\"   data-action-priority=\"item\"><figure class=\"dp-dfg-image entry-thumb\"><a href=\"https:\/\/www.museuemporda.org\/?obres_autors=per-a-isabel\" class=\"dp-dfg-image-link\" ><img loading=\"lazy\" decoding=\"async\" class=\"dp-dfg-featured-image\" src=\"https:\/\/www.museuemporda.org\/wp-content\/uploads\/2022\/04\/mE_2550-JORDI-PUIG_2-250x250.jpg\" alt=\"Per a Isabel\" width=\"250\" height=\"250\" data-ratio=\"1\"\/><\/a><\/figure><div class=\"dp-dfg-header entry-header\"><h2 class=\"entry-title\">Per a Isabel<\/h2><\/div><div class=\"dp-dfg-custom-content\"><p class=\"dp-dfg-custom-field dp-dfg-cf-autors2\"><span class=\"dp-dfg-custom-field-value\">Tura Sanglas<\/span><\/p><\/div><\/article><!-- DPDFG End Post Item Container --><article id=\"post-11780\" class=\"dp-dfg-item post-11780 obres_autors type-obres_autors status-publish has-post-thumbnail hentry tipus_tecniques-pintura tecnica_especifica-aquarella-sobre-paper autors-jaume-oates-borias disciplina-pintura \"     data-position=\"326\"   data-new-tab=\"off\"   data-action-priority=\"item\"><figure class=\"dp-dfg-image entry-thumb\"><a href=\"https:\/\/www.museuemporda.org\/?obres_autors=les-rambles\" class=\"dp-dfg-image-link\" ><img loading=\"lazy\" decoding=\"async\" class=\"dp-dfg-featured-image\" src=\"https:\/\/www.museuemporda.org\/wp-content\/uploads\/2022\/02\/mE-1342-250x250.jpg\" alt=\"Les Rambles\" width=\"250\" height=\"250\" data-ratio=\"1\"\/><\/a><\/figure><div class=\"dp-dfg-header entry-header\"><h2 class=\"entry-title\">Les Rambles<\/h2><\/div><div class=\"dp-dfg-custom-content\"><p class=\"dp-dfg-custom-field dp-dfg-cf-autors2\"><span class=\"dp-dfg-custom-field-value\">Jaume Oates Borias<\/span><\/p><\/div><\/article><!-- DPDFG End Post Item Container --><article id=\"post-12570\" class=\"dp-dfg-item post-12570 obres_autors type-obres_autors status-publish has-post-thumbnail hentry tipus_tecniques-pintura tecnica_especifica-oli-sobre-fusta autors-joan-paradis-puig disciplina-pintura \"     data-position=\"327\"   data-new-tab=\"off\"   data-action-priority=\"item\"><figure class=\"dp-dfg-image entry-thumb\"><a href=\"https:\/\/www.museuemporda.org\/?obres_autors=autoretrat-12\" class=\"dp-dfg-image-link\" ><img loading=\"lazy\" decoding=\"async\" class=\"dp-dfg-featured-image\" src=\"https:\/\/www.museuemporda.org\/wp-content\/uploads\/2022\/04\/ME-2541_JORDI-PUIG-2021-250x250.jpg\" alt=\"Autoretrat\" width=\"250\" height=\"250\" data-ratio=\"1\"\/><\/a><\/figure><div class=\"dp-dfg-header entry-header\"><h2 class=\"entry-title\">Autoretrat<\/h2><\/div><div class=\"dp-dfg-custom-content\"><p class=\"dp-dfg-custom-field dp-dfg-cf-autors2\"><span class=\"dp-dfg-custom-field-value\">Joan Parad\u00eds Puig<\/span><\/p><\/div><\/article><!-- DPDFG End Post Item Container --><article id=\"post-9822\" class=\"dp-dfg-item post-9822 obres_autors type-obres_autors status-publish has-post-thumbnail hentry tipus_tecniques-fotografia tecnica_especifica-fotografia autors-francesc-guillamet-ferran disciplina-fotografia \"     data-position=\"328\"   data-new-tab=\"off\"   data-action-priority=\"item\"><figure class=\"dp-dfg-image entry-thumb\"><a href=\"https:\/\/www.museuemporda.org\/?obres_autors=pollastre-al-curri\" class=\"dp-dfg-image-link\" ><img loading=\"lazy\" decoding=\"async\" class=\"dp-dfg-featured-image\" src=\"https:\/\/www.museuemporda.org\/wp-content\/uploads\/2022\/01\/mE-2522-250x250.jpg\" alt=\"Pollastre al curri\" width=\"250\" height=\"250\" data-ratio=\"1\"\/><\/a><\/figure><div class=\"dp-dfg-header entry-header\"><h2 class=\"entry-title\">Pollastre al curri<\/h2><\/div><div class=\"dp-dfg-custom-content\"><p class=\"dp-dfg-custom-field dp-dfg-cf-autors2\"><span class=\"dp-dfg-custom-field-value\">Francesc Guillamet Ferran<\/span><\/p><\/div><\/article><!-- DPDFG End Post Item Container --><article id=\"post-9031\" class=\"dp-dfg-item post-9031 obres_autors type-obres_autors status-publish has-post-thumbnail hentry tipus_tecniques-bronze autors-josep-dunach-sala disciplina-escultura \"     data-position=\"329\"   data-new-tab=\"off\"   data-action-priority=\"item\"><figure class=\"dp-dfg-image entry-thumb\"><a href=\"https:\/\/www.museuemporda.org\/?obres_autors=retrat-de-josep-pla\" class=\"dp-dfg-image-link\" ><img loading=\"lazy\" decoding=\"async\" class=\"dp-dfg-featured-image\" src=\"https:\/\/www.museuemporda.org\/wp-content\/uploads\/2021\/11\/mE-819-250x250.jpg\" alt=\"Retrat de Josep Pla\" width=\"250\" height=\"250\" data-ratio=\"1\"\/><\/a><\/figure><div class=\"dp-dfg-header entry-header\"><h2 class=\"entry-title\">Retrat de Josep Pla<\/h2><\/div><div class=\"dp-dfg-custom-content\"><p class=\"dp-dfg-custom-field dp-dfg-cf-autors2\"><span class=\"dp-dfg-custom-field-value\">Josep Du\u00f1ach Sala<\/span><\/p><\/div><\/article><!-- DPDFG End Post Item Container --><article id=\"post-13974\" class=\"dp-dfg-item post-13974 obres_autors type-obres_autors status-publish has-post-thumbnail hentry tipus_tecniques-dibuix tecnica_especifica-impressio-digital autors-pep-claparols-i-moret disciplina-dibuix \"     data-position=\"330\"   data-new-tab=\"off\"   data-action-priority=\"item\"><figure class=\"dp-dfg-image entry-thumb\"><a href=\"https:\/\/www.museuemporda.org\/?obres_autors=sense-titol-324\" class=\"dp-dfg-image-link\" ><img loading=\"lazy\" decoding=\"async\" class=\"dp-dfg-featured-image\" src=\"https:\/\/www.museuemporda.org\/wp-content\/uploads\/2023\/06\/ME2686-PEP2000-250x250.jpg\" alt=\"Sense t\u00edtol\" width=\"250\" height=\"250\" data-ratio=\"1\"\/><\/a><\/figure><div class=\"dp-dfg-header entry-header\"><h2 class=\"entry-title\">Sense t\u00edtol<\/h2><\/div><div class=\"dp-dfg-custom-content\"><p class=\"dp-dfg-custom-field dp-dfg-cf-autors2\"><span class=\"dp-dfg-custom-field-value\">Pep Claparols i Moret<\/span><\/p><\/div><\/article><!-- DPDFG End Post Item Container --><article id=\"post-12235\" class=\"dp-dfg-item post-12235 obres_autors type-obres_autors status-publish has-post-thumbnail hentry tipus_tecniques-indumentaria tecnica_especifica-fusta-i-paper autors-autoria-desconeguda disciplina-indumentaria \"     data-position=\"331\"   data-new-tab=\"off\"   data-action-priority=\"item\"><figure class=\"dp-dfg-image entry-thumb\"><a href=\"https:\/\/www.museuemporda.org\/?obres_autors=sense-titol-183\" class=\"dp-dfg-image-link\" ><img loading=\"lazy\" decoding=\"async\" class=\"dp-dfg-featured-image\" src=\"https:\/\/www.museuemporda.org\/wp-content\/uploads\/2022\/03\/mE-1592-250x250-1.jpg\" alt=\"Sense t\u00edtol\" width=\"250\" height=\"250\" data-ratio=\"1\"\/><\/a><\/figure><div class=\"dp-dfg-header entry-header\"><h2 class=\"entry-title\">Sense t\u00edtol<\/h2><\/div><div class=\"dp-dfg-custom-content\"><p class=\"dp-dfg-custom-field dp-dfg-cf-autors2\"><span class=\"dp-dfg-custom-field-value\">Autoria desconeguda<\/span><\/p><\/div><\/article><!-- DPDFG End Post Item Container --><article id=\"post-14315\" class=\"dp-dfg-item post-14315 obres_autors type-obres_autors status-publish has-post-thumbnail hentry tipus_tecniques-dibuix tecnica_especifica-impressio-digital autors-jordi-fenosa-tatay disciplina-dibuix \"     data-position=\"332\"   data-new-tab=\"off\"   data-action-priority=\"item\"><figure class=\"dp-dfg-image entry-thumb\"><a href=\"https:\/\/www.museuemporda.org\/?obres_autors=sense-titol-479\" class=\"dp-dfg-image-link\" ><img loading=\"lazy\" decoding=\"async\" class=\"dp-dfg-featured-image\" src=\"https:\/\/www.museuemporda.org\/wp-content\/uploads\/2023\/07\/ME2865-TATAY-250x250.jpg\" alt=\"Sense t\u00edtol\" width=\"250\" height=\"250\" data-ratio=\"1\"\/><\/a><\/figure><div class=\"dp-dfg-header entry-header\"><h2 class=\"entry-title\">Sense t\u00edtol<\/h2><\/div><div class=\"dp-dfg-custom-content\"><p class=\"dp-dfg-custom-field dp-dfg-cf-autors2\"><span class=\"dp-dfg-custom-field-value\">Jordi Fenosa Tatay<\/span><\/p><\/div><\/article><!-- DPDFG End Post Item Container --><article id=\"post-9714\" class=\"dp-dfg-item post-9714 obres_autors type-obres_autors status-publish has-post-thumbnail hentry tipus_tecniques-fotografia tecnica_especifica-fotografia autors-joaquim-fort-de-ribot disciplina-fotografia \"     data-position=\"333\"   data-new-tab=\"off\"   data-action-priority=\"item\"><figure class=\"dp-dfg-image entry-thumb\"><a href=\"https:\/\/www.museuemporda.org\/?obres_autors=retrat-devarist-valles\" class=\"dp-dfg-image-link\" ><img loading=\"lazy\" decoding=\"async\" class=\"dp-dfg-featured-image\" src=\"https:\/\/www.museuemporda.org\/wp-content\/uploads\/2022\/01\/mE-2443-250x250.jpg\" alt=\"Retrat d&#8217;Evarist Vall\u00e8s\" width=\"250\" height=\"250\" data-ratio=\"1\"\/><\/a><\/figure><div class=\"dp-dfg-header entry-header\"><h2 class=\"entry-title\">Retrat d&#8217;Evarist Vall\u00e8s<\/h2><\/div><div class=\"dp-dfg-custom-content\"><p class=\"dp-dfg-custom-field dp-dfg-cf-autors2\"><span class=\"dp-dfg-custom-field-value\">Joaquim Fort de Ribot<\/span><\/p><\/div><\/article><!-- DPDFG End Post Item Container --><article id=\"post-10223\" class=\"dp-dfg-item post-10223 obres_autors type-obres_autors status-publish has-post-thumbnail hentry tipus_tecniques-dibuix tecnica_especifica-dibuix-sobre-paper autors-josep-pujol-ripoll disciplina-dibuix \"     data-position=\"334\"   data-new-tab=\"off\"   data-action-priority=\"item\"><figure class=\"dp-dfg-image entry-thumb\"><a href=\"https:\/\/www.museuemporda.org\/?obres_autors=sense-titol-49\" class=\"dp-dfg-image-link\" ><img loading=\"lazy\" decoding=\"async\" class=\"dp-dfg-featured-image\" src=\"https:\/\/www.museuemporda.org\/wp-content\/uploads\/2022\/01\/mE-2003-250x250.jpg\" alt=\"Sense t\u00edtol\" width=\"250\" height=\"250\" data-ratio=\"1\"\/><\/a><\/figure><div class=\"dp-dfg-header entry-header\"><h2 class=\"entry-title\">Sense t\u00edtol<\/h2><\/div><div class=\"dp-dfg-custom-content\"><p class=\"dp-dfg-custom-field dp-dfg-cf-autors2\"><span class=\"dp-dfg-custom-field-value\">Josep Pujol Ripoll<\/span><\/p><\/div><\/article><!-- DPDFG End Post Item Container --><article id=\"post-14039\" class=\"dp-dfg-item post-14039 obres_autors type-obres_autors status-publish has-post-thumbnail hentry tipus_tecniques-dibuix tecnica_especifica-tinta-sobre-paper autors-pep-claparols-i-moret disciplina-dibuix \"     data-position=\"335\"   data-new-tab=\"off\"   data-action-priority=\"item\"><figure class=\"dp-dfg-image entry-thumb\"><a href=\"https:\/\/www.museuemporda.org\/?obres_autors=sense-titol-354\" class=\"dp-dfg-image-link\" ><img loading=\"lazy\" decoding=\"async\" class=\"dp-dfg-featured-image\" src=\"https:\/\/www.museuemporda.org\/wp-content\/uploads\/2023\/06\/ME2716-PEP2014-250x250.jpg\" alt=\"Sense t\u00edtol\" width=\"250\" height=\"250\" data-ratio=\"1\"\/><\/a><\/figure><div class=\"dp-dfg-header entry-header\"><h2 class=\"entry-title\">Sense t\u00edtol<\/h2><\/div><div class=\"dp-dfg-custom-content\"><p class=\"dp-dfg-custom-field dp-dfg-cf-autors2\"><span class=\"dp-dfg-custom-field-value\">Pep Claparols i Moret<\/span><\/p><\/div><\/article><!-- DPDFG End Post Item Container --><article id=\"post-14081\" class=\"dp-dfg-item post-14081 obres_autors type-obres_autors status-publish has-post-thumbnail hentry tipus_tecniques-dibuix tecnica_especifica-impressio-digital autors-carles-roman disciplina-dibuix \"     data-position=\"336\"   data-new-tab=\"off\"   data-action-priority=\"item\"><figure class=\"dp-dfg-image entry-thumb\"><a href=\"https:\/\/www.museuemporda.org\/?obres_autors=sense-titol-371\" class=\"dp-dfg-image-link\" ><img loading=\"lazy\" decoding=\"async\" class=\"dp-dfg-featured-image\" src=\"https:\/\/www.museuemporda.org\/wp-content\/uploads\/2023\/06\/ME2735-ROMAN-250x250.jpg\" alt=\"Sense t\u00edtol\" width=\"250\" height=\"250\" data-ratio=\"1\"\/><\/a><\/figure><div class=\"dp-dfg-header entry-header\"><h2 class=\"entry-title\">Sense t\u00edtol<\/h2><\/div><div class=\"dp-dfg-custom-content\"><p class=\"dp-dfg-custom-field dp-dfg-cf-autors2\"><span class=\"dp-dfg-custom-field-value\">Carles Roman<\/span><\/p><\/div><\/article><!-- DPDFG End Post Item Container --><article id=\"post-1289\" class=\"dp-dfg-item post-1289 obres_autors type-obres_autors status-publish has-post-thumbnail hentry tecnica_especifica-pintura-sobre-tela autors-daniel-alcaide \"     data-position=\"337\"   data-new-tab=\"off\"   data-action-priority=\"item\"><figure class=\"dp-dfg-image entry-thumb\"><a href=\"https:\/\/www.museuemporda.org\/?obres_autors=oliveres\" class=\"dp-dfg-image-link\" ><img loading=\"lazy\" decoding=\"async\" class=\"dp-dfg-featured-image\" src=\"https:\/\/www.museuemporda.org\/wp-content\/uploads\/2020\/04\/mE-1289-scaled-1-250x250.jpg\" alt=\"Oliveres\" width=\"250\" height=\"250\" data-ratio=\"1\"\/><\/a><\/figure><div class=\"dp-dfg-header entry-header\"><h2 class=\"entry-title\">Oliveres<\/h2><\/div><div class=\"dp-dfg-custom-content\"><p class=\"dp-dfg-custom-field dp-dfg-cf-autors2\"><span class=\"dp-dfg-custom-field-value\">Daniel Alcaide<\/span><\/p><\/div><\/article><!-- DPDFG End Post Item Container --><article id=\"post-9541\" class=\"dp-dfg-item post-9541 obres_autors type-obres_autors status-publish has-post-thumbnail hentry tipus_tecniques-pintura tecnica_especifica-oli-sobre-tela autors-angel-planells-cruanas disciplina-pintura \"     data-position=\"338\"   data-new-tab=\"off\"   data-action-priority=\"item\"><figure class=\"dp-dfg-image entry-thumb\"><a href=\"https:\/\/www.museuemporda.org\/?obres_autors=la-platja-desconeguda\" class=\"dp-dfg-image-link\" ><img loading=\"lazy\" decoding=\"async\" class=\"dp-dfg-featured-image\" src=\"https:\/\/www.museuemporda.org\/wp-content\/uploads\/2022\/01\/mE-2438-250x250.jpg\" alt=\"La platja desconeguda\" width=\"250\" height=\"250\" data-ratio=\"1\"\/><\/a><\/figure><div class=\"dp-dfg-header entry-header\"><h2 class=\"entry-title\">La platja desconeguda<\/h2><\/div><div class=\"dp-dfg-custom-content\"><p class=\"dp-dfg-custom-field dp-dfg-cf-autors2\"><span class=\"dp-dfg-custom-field-value\">\u00c0ngel Planells Crua\u00f1as<\/span><\/p><\/div><\/article><!-- DPDFG End Post Item Container --><article id=\"post-13959\" class=\"dp-dfg-item post-13959 obres_autors type-obres_autors status-publish has-post-thumbnail hentry tipus_tecniques-dibuix tecnica_especifica-impressio-digital autors-pep-claparols-i-moret disciplina-dibuix \"     data-position=\"339\"   data-new-tab=\"off\"   data-action-priority=\"item\"><figure class=\"dp-dfg-image entry-thumb\"><a href=\"https:\/\/www.museuemporda.org\/?obres_autors=sense-titol-317\" class=\"dp-dfg-image-link\" ><img loading=\"lazy\" decoding=\"async\" class=\"dp-dfg-featured-image\" src=\"https:\/\/www.museuemporda.org\/wp-content\/uploads\/2023\/06\/ME2679-PEP99-250x250.jpg\" alt=\"Sense t\u00edtol\" width=\"250\" height=\"250\" data-ratio=\"1\"\/><\/a><\/figure><div class=\"dp-dfg-header entry-header\"><h2 class=\"entry-title\">Sense t\u00edtol<\/h2><\/div><div class=\"dp-dfg-custom-content\"><p class=\"dp-dfg-custom-field dp-dfg-cf-autors2\"><span class=\"dp-dfg-custom-field-value\">Pep Claparols i Moret<\/span><\/p><\/div><\/article><!-- DPDFG End Post Item Container --><article id=\"post-8260\" class=\"dp-dfg-item post-8260 obres_autors type-obres_autors status-publish has-post-thumbnail hentry tecnica_especifica-oli-sobre-tela autors-josep-bonaterra-gras disciplina-pintura \"     data-position=\"340\"   data-new-tab=\"off\"   data-action-priority=\"item\"><figure class=\"dp-dfg-image entry-thumb\"><a href=\"https:\/\/www.museuemporda.org\/?obres_autors=paisatge-19\" class=\"dp-dfg-image-link\" ><img loading=\"lazy\" decoding=\"async\" class=\"dp-dfg-featured-image\" src=\"https:\/\/www.museuemporda.org\/wp-content\/uploads\/2021\/08\/mE-751-250x250.jpg\" alt=\"Paisatge\" width=\"250\" height=\"250\" data-ratio=\"1\"\/><\/a><\/figure><div class=\"dp-dfg-header entry-header\"><h2 class=\"entry-title\">Paisatge<\/h2><\/div><div class=\"dp-dfg-custom-content\"><p class=\"dp-dfg-custom-field dp-dfg-cf-autors2\"><span class=\"dp-dfg-custom-field-value\">Josep Bonaterra Gras<\/span><\/p><\/div><\/article><!-- DPDFG End Post Item Container --><article id=\"post-10480\" class=\"dp-dfg-item post-10480 obres_autors type-obres_autors status-publish has-post-thumbnail hentry tipus_tecniques-pintura tecnica_especifica-pintura-sobre-taula autors-joan-sibecas-cabanyo disciplina-pintura \"     data-position=\"341\"   data-new-tab=\"off\"   data-action-priority=\"item\"><figure class=\"dp-dfg-image entry-thumb\"><a href=\"https:\/\/www.museuemporda.org\/?obres_autors=gerro-amb-roses\" class=\"dp-dfg-image-link\" ><img loading=\"lazy\" decoding=\"async\" class=\"dp-dfg-featured-image\" src=\"https:\/\/www.museuemporda.org\/wp-content\/uploads\/2022\/01\/mE-1926-250x250.jpg\" alt=\"Gerro amb roses\" width=\"250\" height=\"250\" data-ratio=\"1\"\/><\/a><\/figure><div class=\"dp-dfg-header entry-header\"><h2 class=\"entry-title\">Gerro amb roses<\/h2><\/div><div class=\"dp-dfg-custom-content\"><p class=\"dp-dfg-custom-field dp-dfg-cf-autors2\"><span class=\"dp-dfg-custom-field-value\">Joan Sibecas Cabany\u00f3<\/span><\/p><\/div><\/article><!-- DPDFG End Post Item Container --><article id=\"post-12233\" class=\"dp-dfg-item post-12233 obres_autors type-obres_autors status-publish has-post-thumbnail hentry tipus_tecniques-indumentaria tecnica_especifica-seda autors-autoria-desconeguda disciplina-indumentaria \"     data-position=\"342\"   data-new-tab=\"off\"   data-action-priority=\"item\"><figure class=\"dp-dfg-image entry-thumb\"><a href=\"https:\/\/www.museuemporda.org\/?obres_autors=vestit-a-la-francesa-de-seda-amb-motius-florals\" class=\"dp-dfg-image-link\" ><img loading=\"lazy\" decoding=\"async\" class=\"dp-dfg-featured-image\" src=\"https:\/\/www.museuemporda.org\/wp-content\/uploads\/2022\/03\/mE-910_1-250x250.jpg\" alt=\"Vestit a la francesa de seda amb motius florals\" width=\"250\" height=\"250\" data-ratio=\"1\"\/><\/a><\/figure><div class=\"dp-dfg-header entry-header\"><h2 class=\"entry-title\">Vestit a la francesa de seda amb motius florals<\/h2><\/div><div class=\"dp-dfg-custom-content\"><p class=\"dp-dfg-custom-field dp-dfg-cf-autors2\"><span class=\"dp-dfg-custom-field-value\">Autoria desconeguda<\/span><\/p><\/div><\/article><!-- DPDFG End Post Item Container --><article id=\"post-10444\" class=\"dp-dfg-item post-10444 obres_autors type-obres_autors status-publish has-post-thumbnail hentry tipus_tecniques-pintura tecnica_especifica-oli-sobre-tela autors-joan-padern-faig disciplina-pintura \"     data-position=\"343\"   data-new-tab=\"off\"   data-action-priority=\"item\"><figure class=\"dp-dfg-image entry-thumb\"><a href=\"https:\/\/www.museuemporda.org\/?obres_autors=carrer-pelai-de-la-serie-barcelona\" class=\"dp-dfg-image-link\" ><img loading=\"lazy\" decoding=\"async\" class=\"dp-dfg-featured-image\" src=\"https:\/\/www.museuemporda.org\/wp-content\/uploads\/2022\/01\/mE-1388-250x250.jpg\" alt=\"&#8220;Carrer Pelai&#8221;, de la s\u00e8rie &#8220;Barcelona&#8221;\" width=\"250\" height=\"250\" data-ratio=\"1\"\/><\/a><\/figure><div class=\"dp-dfg-header entry-header\"><h2 class=\"entry-title\">&#8220;Carrer Pelai&#8221;, de la s\u00e8rie &#8220;Barcelona&#8221;<\/h2><\/div><div class=\"dp-dfg-custom-content\"><p class=\"dp-dfg-custom-field dp-dfg-cf-autors2\"><span class=\"dp-dfg-custom-field-value\">Joan Padern Faig<\/span><\/p><\/div><\/article><!-- DPDFG End Post Item Container --><article id=\"post-11941\" class=\"dp-dfg-item post-11941 obres_autors type-obres_autors status-publish has-post-thumbnail hentry tipus_tecniques-obra-grafica tecnica_especifica-serigrafia autors-fernando-sanchez-castillo disciplina-obra-grafic \"     data-position=\"344\"   data-new-tab=\"off\"   data-action-priority=\"item\"><figure class=\"dp-dfg-image entry-thumb\"><a href=\"https:\/\/www.museuemporda.org\/?obres_autors=sense-titol-163\" class=\"dp-dfg-image-link\" ><img loading=\"lazy\" decoding=\"async\" class=\"dp-dfg-featured-image\" src=\"https:\/\/www.museuemporda.org\/wp-content\/uploads\/2022\/02\/mE-1681-250x250.jpg\" alt=\"Sense t\u00edtol\" width=\"250\" height=\"250\" data-ratio=\"1\"\/><\/a><\/figure><div class=\"dp-dfg-header entry-header\"><h2 class=\"entry-title\">Sense t\u00edtol<\/h2><\/div><div class=\"dp-dfg-custom-content\"><p class=\"dp-dfg-custom-field dp-dfg-cf-autors2\"><span class=\"dp-dfg-custom-field-value\">Fernando S\u00e1nchez Castillo<\/span><\/p><\/div><\/article><!-- DPDFG End Post Item Container --><article id=\"post-8278\" class=\"dp-dfg-item post-8278 obres_autors type-obres_autors status-publish has-post-thumbnail hentry tecnica_especifica-tecnica-mixta-sobre-tela autors-jaume-turro-brunet disciplina-pintura \"     data-position=\"345\"   data-new-tab=\"off\"   data-action-priority=\"item\"><figure class=\"dp-dfg-image entry-thumb\"><a href=\"https:\/\/www.museuemporda.org\/?obres_autors=sense-titol-9\" class=\"dp-dfg-image-link\" ><img loading=\"lazy\" decoding=\"async\" class=\"dp-dfg-featured-image\" src=\"https:\/\/www.museuemporda.org\/wp-content\/uploads\/2021\/08\/mE-793-250x250.jpg\" alt=\"Dona surrealista\" width=\"250\" height=\"250\" data-ratio=\"1\"\/><\/a><\/figure><div class=\"dp-dfg-header entry-header\"><h2 class=\"entry-title\">Dona surrealista<\/h2><\/div><div class=\"dp-dfg-custom-content\"><p class=\"dp-dfg-custom-field dp-dfg-cf-autors2\"><span class=\"dp-dfg-custom-field-value\">Jaume Turr\u00f3 Brunet<\/span><\/p><\/div><\/article><!-- DPDFG End Post Item Container --><article id=\"post-8949\" class=\"dp-dfg-item post-8949 obres_autors type-obres_autors status-publish has-post-thumbnail hentry tecnica_especifica-aquarella-sobre-paper tecnica_especifica-tinta-sobre-paper autors-antoni-tapies-puig disciplina-pintura \"     data-position=\"346\"   data-new-tab=\"off\"   data-action-priority=\"item\"><figure class=\"dp-dfg-image entry-thumb\"><a href=\"https:\/\/www.museuemporda.org\/?obres_autors=dibuix-2\" class=\"dp-dfg-image-link\" ><img loading=\"lazy\" decoding=\"async\" class=\"dp-dfg-featured-image\" src=\"https:\/\/www.museuemporda.org\/wp-content\/uploads\/2021\/11\/mE-720-250x250.jpg\" alt=\"Dibuix\" width=\"250\" height=\"250\" data-ratio=\"1\"\/><\/a><\/figure><div class=\"dp-dfg-header entry-header\"><h2 class=\"entry-title\">Dibuix<\/h2><\/div><div class=\"dp-dfg-custom-content\"><p class=\"dp-dfg-custom-field dp-dfg-cf-autors2\"><span class=\"dp-dfg-custom-field-value\">Antoni T\u00e0pies Puig<\/span><\/p><\/div><\/article><!-- DPDFG End Post Item Container --><article id=\"post-14298\" class=\"dp-dfg-item post-14298 obres_autors type-obres_autors status-publish has-post-thumbnail hentry autors-jordi-fenosa-tatay disciplina-dibuix \"     data-position=\"347\"   data-new-tab=\"off\"   data-action-priority=\"item\"><figure class=\"dp-dfg-image entry-thumb\"><a href=\"https:\/\/www.museuemporda.org\/?obres_autors=sense-tito\" class=\"dp-dfg-image-link\" ><img loading=\"lazy\" decoding=\"async\" class=\"dp-dfg-featured-image\" src=\"https:\/\/www.museuemporda.org\/wp-content\/uploads\/2023\/07\/ME2858-TATAY-250x250.jpg\" alt=\"Sense t\u00edtol\" width=\"250\" height=\"250\" data-ratio=\"1\"\/><\/a><\/figure><div class=\"dp-dfg-header entry-header\"><h2 class=\"entry-title\">Sense t\u00edtol<\/h2><\/div><div class=\"dp-dfg-custom-content\"><p class=\"dp-dfg-custom-field dp-dfg-cf-autors2\"><span class=\"dp-dfg-custom-field-value\">Jordi Fenosa Tatay<\/span><\/p><\/div><\/article><!-- DPDFG End Post Item Container --><article id=\"post-8164\" class=\"dp-dfg-item post-8164 obres_autors type-obres_autors status-publish has-post-thumbnail hentry tecnica_especifica-oli-sobre-tela autors-anton-raphael-mengs disciplina-pintura \"     data-position=\"348\"   data-new-tab=\"off\"   data-action-priority=\"item\"><figure class=\"dp-dfg-image entry-thumb\"><a href=\"https:\/\/www.museuemporda.org\/?obres_autors=autoretrat-4\" class=\"dp-dfg-image-link\" ><img loading=\"lazy\" decoding=\"async\" class=\"dp-dfg-featured-image\" src=\"https:\/\/www.museuemporda.org\/wp-content\/uploads\/2021\/08\/mE-625_2013-250x250.jpg\" alt=\"Autoretrat\" width=\"250\" height=\"250\" data-ratio=\"1\"\/><\/a><\/figure><div class=\"dp-dfg-header entry-header\"><h2 class=\"entry-title\">Autoretrat<\/h2><\/div><div class=\"dp-dfg-custom-content\"><p class=\"dp-dfg-custom-field dp-dfg-cf-autors2\"><span class=\"dp-dfg-custom-field-value\">Anton Raphael Mengs<\/span><\/p><\/div><\/article><!-- DPDFG End Post Item Container --><article id=\"post-10252\" class=\"dp-dfg-item post-10252 obres_autors type-obres_autors status-publish has-post-thumbnail hentry tipus_tecniques-pintura tecnica_especifica-aquarella-sobre-paper autors-pere-bech-sudria disciplina-pintura \"     data-position=\"349\"   data-new-tab=\"off\"   data-action-priority=\"item\"><figure class=\"dp-dfg-image entry-thumb\"><a href=\"https:\/\/www.museuemporda.org\/?obres_autors=paisatge-44\" class=\"dp-dfg-image-link\" ><img loading=\"lazy\" decoding=\"async\" class=\"dp-dfg-featured-image\" src=\"https:\/\/www.museuemporda.org\/wp-content\/uploads\/2022\/01\/mE-2195-250x250.jpg\" alt=\"Paisatge\" width=\"250\" height=\"250\" data-ratio=\"1\"\/><\/a><\/figure><div class=\"dp-dfg-header entry-header\"><h2 class=\"entry-title\">Paisatge<\/h2><\/div><div class=\"dp-dfg-custom-content\"><p class=\"dp-dfg-custom-field dp-dfg-cf-autors2\"><span class=\"dp-dfg-custom-field-value\">Pere Bech Sudri\u00e0<\/span><\/p><\/div><\/article><!-- DPDFG End Post Item Container --><article id=\"post-9643\" class=\"dp-dfg-item post-9643 obres_autors type-obres_autors status-publish has-post-thumbnail hentry tipus_tecniques-fotografia tecnica_especifica-fotografia autors-enric-bardera-garcia disciplina-fotografia \"     data-position=\"350\"   data-new-tab=\"off\"   data-action-priority=\"item\"><figure class=\"dp-dfg-image entry-thumb\"><a href=\"https:\/\/www.museuemporda.org\/?obres_autors=en-la-teva-mirada-ii\" class=\"dp-dfg-image-link\" ><img loading=\"lazy\" decoding=\"async\" class=\"dp-dfg-featured-image\" src=\"https:\/\/www.museuemporda.org\/wp-content\/uploads\/2022\/01\/mE-2363-250x250.jpg\" alt=\"En la teva mirada II\" width=\"250\" height=\"250\" data-ratio=\"1\"\/><\/a><\/figure><div class=\"dp-dfg-header entry-header\"><h2 class=\"entry-title\">En la teva mirada II<\/h2><\/div><div class=\"dp-dfg-custom-content\"><p class=\"dp-dfg-custom-field dp-dfg-cf-autors2\"><span class=\"dp-dfg-custom-field-value\">Enric Bardera Garcia<\/span><\/p><\/div><\/article><!-- DPDFG End Post Item Container --><article id=\"post-8129\" class=\"dp-dfg-item post-8129 obres_autors type-obres_autors status-publish has-post-thumbnail hentry autors-autoria-desconeguda disciplina-arqueologia \"     data-position=\"351\"   data-new-tab=\"off\"   data-action-priority=\"item\"><figure class=\"dp-dfg-image entry-thumb\"><a href=\"https:\/\/www.museuemporda.org\/?obres_autors=plaqueta\" class=\"dp-dfg-image-link\" ><img loading=\"lazy\" decoding=\"async\" class=\"dp-dfg-featured-image\" src=\"https:\/\/www.museuemporda.org\/wp-content\/uploads\/2021\/08\/ME-545-1-250x250.jpg\" alt=\"Plaqueta\" width=\"250\" height=\"250\" data-ratio=\"1\"\/><\/a><\/figure><div class=\"dp-dfg-header entry-header\"><h2 class=\"entry-title\">Plaqueta<\/h2><\/div><div class=\"dp-dfg-custom-content\"><p class=\"dp-dfg-custom-field dp-dfg-cf-autors2\"><span class=\"dp-dfg-custom-field-value\">Autoria desconeguda<\/span><\/p><\/div><\/article><!-- DPDFG End Post Item Container --><article id=\"post-8961\" class=\"dp-dfg-item post-8961 obres_autors type-obres_autors status-publish has-post-thumbnail hentry tecnica_especifica-oli-sobre-tela autors-maria-llavanera-miralles disciplina-pintura \"     data-position=\"352\"   data-new-tab=\"off\"   data-action-priority=\"item\"><figure class=\"dp-dfg-image entry-thumb\"><a href=\"https:\/\/www.museuemporda.org\/?obres_autors=paisatge-de-cabanelles\" class=\"dp-dfg-image-link\" ><img loading=\"lazy\" decoding=\"async\" class=\"dp-dfg-featured-image\" src=\"https:\/\/www.museuemporda.org\/wp-content\/uploads\/2021\/11\/mE-739-250x250.jpg\" alt=\"Paisatge de Cabanelles\" width=\"250\" height=\"250\" data-ratio=\"1\"\/><\/a><\/figure><div class=\"dp-dfg-header entry-header\"><h2 class=\"entry-title\">Paisatge de Cabanelles<\/h2><\/div><div class=\"dp-dfg-custom-content\"><p class=\"dp-dfg-custom-field dp-dfg-cf-autors2\"><span class=\"dp-dfg-custom-field-value\">Maria Llavanera Miralles<\/span><\/p><\/div><\/article><!-- DPDFG End Post Item Container --><article id=\"post-10729\" class=\"dp-dfg-item post-10729 obres_autors type-obres_autors status-publish has-post-thumbnail hentry tipus_tecniques-obra-grafica tecnica_especifica-gravat-sobre-paper autors-xavier-nogues-cases disciplina-obra-grafic \"     data-position=\"353\"   data-new-tab=\"off\"   data-action-priority=\"item\"><figure class=\"dp-dfg-image entry-thumb\"><a href=\"https:\/\/www.museuemporda.org\/?obres_autors=carrussel\" class=\"dp-dfg-image-link\" ><img loading=\"lazy\" decoding=\"async\" class=\"dp-dfg-featured-image\" src=\"https:\/\/www.museuemporda.org\/wp-content\/uploads\/2022\/02\/mE-1220-250x250.jpg\" alt=\"Carrussel\" width=\"250\" height=\"250\" data-ratio=\"1\"\/><\/a><\/figure><div class=\"dp-dfg-header entry-header\"><h2 class=\"entry-title\">Carrussel<\/h2><\/div><div class=\"dp-dfg-custom-content\"><p class=\"dp-dfg-custom-field dp-dfg-cf-autors2\"><span class=\"dp-dfg-custom-field-value\">Xavier Nogu\u00e9s Cases <\/span><\/p><\/div><\/article><!-- DPDFG End Post Item Container --><article id=\"post-10739\" class=\"dp-dfg-item post-10739 obres_autors type-obres_autors status-publish has-post-thumbnail hentry tipus_tecniques-dibuix tecnica_especifica-tecnica-mixta-sobre-paper autors-francesc-domingo-segura disciplina-dibuix \"     data-position=\"354\"   data-new-tab=\"off\"   data-action-priority=\"item\"><figure class=\"dp-dfg-image entry-thumb\"><a href=\"https:\/\/www.museuemporda.org\/?obres_autors=figura-femenina-amb-flors\" class=\"dp-dfg-image-link\" ><img loading=\"lazy\" decoding=\"async\" class=\"dp-dfg-featured-image\" src=\"https:\/\/www.museuemporda.org\/wp-content\/uploads\/2022\/02\/mE-1160-250x250.jpg\" alt=\"Figura femenina amb flors\" width=\"250\" height=\"250\" data-ratio=\"1\"\/><\/a><\/figure><div class=\"dp-dfg-header entry-header\"><h2 class=\"entry-title\">Figura femenina amb flors<\/h2><\/div><div class=\"dp-dfg-custom-content\"><p class=\"dp-dfg-custom-field dp-dfg-cf-autors2\"><span class=\"dp-dfg-custom-field-value\">Francesc Domingo Segura<\/span><\/p><\/div><\/article><!-- DPDFG End Post Item Container --><article id=\"post-14150\" class=\"dp-dfg-item post-14150 obres_autors type-obres_autors status-publish has-post-thumbnail hentry tipus_tecniques-obra-grafica tecnica_especifica-impressio-digital autors-leonard-beard disciplina-obra-grafic \"     data-position=\"355\"   data-new-tab=\"off\"   data-action-priority=\"item\"><figure class=\"dp-dfg-image entry-thumb\"><a href=\"https:\/\/www.museuemporda.org\/?obres_autors=sense-titol-402\" class=\"dp-dfg-image-link\" ><img loading=\"lazy\" decoding=\"async\" class=\"dp-dfg-featured-image\" src=\"https:\/\/www.museuemporda.org\/wp-content\/uploads\/2023\/07\/ME2767-LEO-250x250.jpg\" alt=\"Sense t\u00edtol\" width=\"250\" height=\"250\" data-ratio=\"1\"\/><\/a><\/figure><div class=\"dp-dfg-header entry-header\"><h2 class=\"entry-title\">Sense t\u00edtol<\/h2><\/div><div class=\"dp-dfg-custom-content\"><p class=\"dp-dfg-custom-field dp-dfg-cf-autors2\"><span class=\"dp-dfg-custom-field-value\">Leonard Beard<\/span><\/p><\/div><\/article><!-- DPDFG End Post Item Container --><article id=\"post-12583\" class=\"dp-dfg-item post-12583 obres_autors type-obres_autors status-publish has-post-thumbnail hentry tipus_tecniques-pintura tecnica_especifica-oli-sobre-tela autors-gino-rubert disciplina-pintura \"     data-position=\"356\"   data-new-tab=\"off\"   data-action-priority=\"item\"><figure class=\"dp-dfg-image entry-thumb\"><a href=\"https:\/\/www.museuemporda.org\/?obres_autors=exterior-with-my-wife\" class=\"dp-dfg-image-link\" ><img loading=\"lazy\" decoding=\"async\" class=\"dp-dfg-featured-image\" src=\"https:\/\/www.museuemporda.org\/wp-content\/uploads\/2022\/04\/ME-2551_JORDI-PUIG-2021-250x250.jpg\" alt=\"Exterior with my wife\" width=\"250\" height=\"250\" data-ratio=\"1\"\/><\/a><\/figure><div class=\"dp-dfg-header entry-header\"><h2 class=\"entry-title\">Exterior with my wife<\/h2><\/div><div class=\"dp-dfg-custom-content\"><p class=\"dp-dfg-custom-field dp-dfg-cf-autors2\"><span class=\"dp-dfg-custom-field-value\">Gino Rubert<\/span><\/p><\/div><\/article><!-- DPDFG End Post Item Container --><article id=\"post-12056\" class=\"dp-dfg-item post-12056 obres_autors type-obres_autors status-publish has-post-thumbnail hentry tipus_tecniques-obra-grafica tecnica_especifica-serigrafia autors-francesc-vidal disciplina-obra-grafic \"     data-position=\"357\"   data-new-tab=\"off\"   data-action-priority=\"item\"><figure class=\"dp-dfg-image entry-thumb\"><a href=\"https:\/\/www.museuemporda.org\/?obres_autors=sense-titol-167\" class=\"dp-dfg-image-link\" ><img loading=\"lazy\" decoding=\"async\" class=\"dp-dfg-featured-image\" src=\"https:\/\/www.museuemporda.org\/wp-content\/uploads\/2022\/02\/mE-1679-250x250.jpg\" alt=\"Sense t\u00edtol\" width=\"250\" height=\"250\" data-ratio=\"1\"\/><\/a><\/figure><div class=\"dp-dfg-header entry-header\"><h2 class=\"entry-title\">Sense t\u00edtol<\/h2><\/div><div class=\"dp-dfg-custom-content\"><p class=\"dp-dfg-custom-field dp-dfg-cf-autors2\"><span class=\"dp-dfg-custom-field-value\">Francesc Vidal<\/span><\/p><\/div><\/article><!-- DPDFG End Post Item Container --><article id=\"post-5723\" class=\"dp-dfg-item post-5723 obres_autors type-obres_autors status-publish has-post-thumbnail hentry tecnica_especifica-pedra-calcaria autors-mestre-de-cabestany disciplina-escultura \"     data-position=\"358\"   data-new-tab=\"off\"   data-action-priority=\"item\"><figure class=\"dp-dfg-image entry-thumb\"><a href=\"https:\/\/www.museuemporda.org\/?obres_autors=capitell-procedent-de-sant-pere-de-rodes\" class=\"dp-dfg-image-link\" ><img loading=\"lazy\" decoding=\"async\" class=\"dp-dfg-featured-image\" src=\"https:\/\/www.museuemporda.org\/wp-content\/uploads\/2020\/04\/mE-420-250x250.jpg\" alt=\"Capitell\" width=\"250\" height=\"250\" data-ratio=\"1\"\/><\/a><\/figure><div class=\"dp-dfg-header entry-header\"><h2 class=\"entry-title\">Capitell<\/h2><\/div><div class=\"dp-dfg-custom-content\"><p class=\"dp-dfg-custom-field dp-dfg-cf-autors2\"><span class=\"dp-dfg-custom-field-value\">Taller del Mestre de Cabestany<\/span><\/p><\/div><\/article><!-- DPDFG End Post Item Container --><article id=\"post-9720\" class=\"dp-dfg-item post-9720 obres_autors type-obres_autors status-publish has-post-thumbnail hentry tipus_tecniques-fotografia tecnica_especifica-fotografia autors-joaquim-fort-de-ribot disciplina-fotografia \"     data-position=\"359\"   data-new-tab=\"off\"   data-action-priority=\"item\"><figure class=\"dp-dfg-image entry-thumb\"><a href=\"https:\/\/www.museuemporda.org\/?obres_autors=jan-el-mosso-de-can-fort-amb-els-gossos-tom-i-rin\" class=\"dp-dfg-image-link\" ><img loading=\"lazy\" decoding=\"async\" class=\"dp-dfg-featured-image\" src=\"https:\/\/www.museuemporda.org\/wp-content\/uploads\/2022\/01\/mE-2449-250x250.jpg\" alt=\"Jan, el mosso de can Fort, amb els gossos Tom i Rin\" width=\"250\" height=\"250\" data-ratio=\"1\"\/><\/a><\/figure><div class=\"dp-dfg-header entry-header\"><h2 class=\"entry-title\">Jan, el mosso de can Fort, amb els gossos Tom i Rin<\/h2><\/div><div class=\"dp-dfg-custom-content\"><p class=\"dp-dfg-custom-field dp-dfg-cf-autors2\"><span class=\"dp-dfg-custom-field-value\">Joaquim Fort de Ribot<\/span><\/p><\/div><\/article><!-- DPDFG End Post Item Container --><article id=\"post-14158\" class=\"dp-dfg-item post-14158 obres_autors type-obres_autors status-publish has-post-thumbnail hentry tipus_tecniques-obra-grafica tecnica_especifica-impressio-digital autors-leonard-beard disciplina-obra-grafic \"     data-position=\"360\"   data-new-tab=\"off\"   data-action-priority=\"item\"><figure class=\"dp-dfg-image entry-thumb\"><a href=\"https:\/\/www.museuemporda.org\/?obres_autors=sense-titol-406\" class=\"dp-dfg-image-link\" ><img loading=\"lazy\" decoding=\"async\" class=\"dp-dfg-featured-image\" src=\"https:\/\/www.museuemporda.org\/wp-content\/uploads\/2023\/07\/ME2771-LEO-250x250.jpg\" alt=\"Sense t\u00edtol\" width=\"250\" height=\"250\" data-ratio=\"1\"\/><\/a><\/figure><div class=\"dp-dfg-header entry-header\"><h2 class=\"entry-title\">Sense t\u00edtol<\/h2><\/div><div class=\"dp-dfg-custom-content\"><p class=\"dp-dfg-custom-field dp-dfg-cf-autors2\"><span class=\"dp-dfg-custom-field-value\">Leonard Beard<\/span><\/p><\/div><\/article><!-- DPDFG End Post Item Container --><article id=\"post-11920\" class=\"dp-dfg-item post-11920 obres_autors type-obres_autors status-publish has-post-thumbnail hentry tipus_tecniques-dibuix tecnica_especifica-dibuix-sobre-paper autors-autoria-desconeguda disciplina-dibuix \"     data-position=\"361\"   data-new-tab=\"off\"   data-action-priority=\"item\"><figure class=\"dp-dfg-image entry-thumb\"><a href=\"https:\/\/www.museuemporda.org\/?obres_autors=sense-titol-161\" class=\"dp-dfg-image-link\" ><img loading=\"lazy\" decoding=\"async\" class=\"dp-dfg-featured-image\" src=\"https:\/\/www.museuemporda.org\/wp-content\/uploads\/2022\/02\/ME-2086_2022-250x250.jpg\" alt=\"Sense t\u00edtol\" width=\"250\" height=\"250\" data-ratio=\"1\"\/><\/a><\/figure><div class=\"dp-dfg-header entry-header\"><h2 class=\"entry-title\">Sense t\u00edtol<\/h2><\/div><div class=\"dp-dfg-custom-content\"><p class=\"dp-dfg-custom-field dp-dfg-cf-autors2\"><span class=\"dp-dfg-custom-field-value\">Autoria desconeguda<\/span><\/p><\/div><\/article><!-- DPDFG End Post Item Container --><article id=\"post-9770\" class=\"dp-dfg-item post-9770 obres_autors type-obres_autors status-publish has-post-thumbnail hentry tipus_tecniques-fotografia tecnica_especifica-fotografia autors-joaquim-fort-de-ribot disciplina-fotografia \"     data-position=\"362\"   data-new-tab=\"off\"   data-action-priority=\"item\"><figure class=\"dp-dfg-image entry-thumb\"><a href=\"https:\/\/www.museuemporda.org\/?obres_autors=carrer-de-llers-figueres\" class=\"dp-dfg-image-link\" ><img loading=\"lazy\" decoding=\"async\" class=\"dp-dfg-featured-image\" src=\"https:\/\/www.museuemporda.org\/wp-content\/uploads\/2022\/01\/mE-2477-250x250.jpg\" alt=\"Carrer de Llers, Figueres\" width=\"250\" height=\"250\" data-ratio=\"1\"\/><\/a><\/figure><div class=\"dp-dfg-header entry-header\"><h2 class=\"entry-title\">Carrer de Llers, Figueres<\/h2><\/div><div class=\"dp-dfg-custom-content\"><p class=\"dp-dfg-custom-field dp-dfg-cf-autors2\"><span class=\"dp-dfg-custom-field-value\">Joaquim Fort de Ribot<\/span><\/p><\/div><\/article><!-- DPDFG End Post Item Container --><article id=\"post-14240\" class=\"dp-dfg-item post-14240 obres_autors type-obres_autors status-publish has-post-thumbnail hentry tipus_tecniques-dibuix tecnica_especifica-impressio-digital autors-joan-antoja-mas disciplina-dibuix \"     data-position=\"363\"   data-new-tab=\"off\"   data-action-priority=\"item\"><figure class=\"dp-dfg-image entry-thumb\"><a href=\"https:\/\/www.museuemporda.org\/?obres_autors=sense-titol-445\" class=\"dp-dfg-image-link\" ><img loading=\"lazy\" decoding=\"async\" class=\"dp-dfg-featured-image\" src=\"https:\/\/www.museuemporda.org\/wp-content\/uploads\/2023\/07\/ME2830-ANTOJA-250x250.jpg\" alt=\"Sense t\u00edtol\" width=\"250\" height=\"250\" data-ratio=\"1\"\/><\/a><\/figure><div class=\"dp-dfg-header entry-header\"><h2 class=\"entry-title\">Sense t\u00edtol<\/h2><\/div><div class=\"dp-dfg-custom-content\"><p class=\"dp-dfg-custom-field dp-dfg-cf-autors2\"><span class=\"dp-dfg-custom-field-value\">Joan Antoja Mas<\/span><\/p><\/div><\/article><!-- DPDFG End Post Item Container --><article id=\"post-10342\" class=\"dp-dfg-item post-10342 obres_autors type-obres_autors status-publish has-post-thumbnail hentry tipus_tecniques-pintura tecnica_especifica-oli-sobre-tela autors-pere-bech-sudria disciplina-pintura \"     data-position=\"364\"   data-new-tab=\"off\"   data-action-priority=\"item\"><figure class=\"dp-dfg-image entry-thumb\"><a href=\"https:\/\/www.museuemporda.org\/?obres_autors=autoretrat-8\" class=\"dp-dfg-image-link\" ><img loading=\"lazy\" decoding=\"async\" class=\"dp-dfg-featured-image\" src=\"https:\/\/www.museuemporda.org\/wp-content\/uploads\/2022\/01\/mE-2247-250x250.jpg\" alt=\"Autoretrat\" width=\"250\" height=\"250\" data-ratio=\"1\"\/><\/a><\/figure><div class=\"dp-dfg-header entry-header\"><h2 class=\"entry-title\">Autoretrat<\/h2><\/div><div class=\"dp-dfg-custom-content\"><p class=\"dp-dfg-custom-field dp-dfg-cf-autors2\"><span class=\"dp-dfg-custom-field-value\">Pere Bech Sudri\u00e0<\/span><\/p><\/div><\/article><!-- DPDFG End Post Item Container --><article id=\"post-13863\" class=\"dp-dfg-item post-13863 obres_autors type-obres_autors status-publish has-post-thumbnail hentry tipus_tecniques-dibuix tecnica_especifica-tinta-sobre-paper autors-lluis-puigbert disciplina-dibuix \"     data-position=\"365\"   data-new-tab=\"off\"   data-action-priority=\"item\"><figure class=\"dp-dfg-image entry-thumb\"><a href=\"https:\/\/www.museuemporda.org\/?obres_autors=sense-titol-271\" class=\"dp-dfg-image-link\" ><img loading=\"lazy\" decoding=\"async\" class=\"dp-dfg-featured-image\" src=\"https:\/\/www.museuemporda.org\/wp-content\/uploads\/2023\/06\/ME2633-SID-250x250.jpg\" alt=\"Sense t\u00edtol\" width=\"250\" height=\"250\" data-ratio=\"1\"\/><\/a><\/figure><div class=\"dp-dfg-header entry-header\"><h2 class=\"entry-title\">Sense t\u00edtol<\/h2><\/div><div class=\"dp-dfg-custom-content\"><p class=\"dp-dfg-custom-field dp-dfg-cf-autors2\"><span class=\"dp-dfg-custom-field-value\">Llu\u00eds Puigbert<\/span><\/p><\/div><\/article><!-- DPDFG End Post Item Container --><article id=\"post-10699\" class=\"dp-dfg-item post-10699 obres_autors type-obres_autors status-publish has-post-thumbnail hentry tipus_tecniques-pintura tecnica_especifica-oli-sobre-tela autors-marti-vives disciplina-pintura \"     data-position=\"366\"   data-new-tab=\"off\"   data-action-priority=\"item\"><figure class=\"dp-dfg-image entry-thumb\"><a href=\"https:\/\/www.museuemporda.org\/?obres_autors=la-charrette-bleue\" class=\"dp-dfg-image-link\" ><img loading=\"lazy\" decoding=\"async\" class=\"dp-dfg-featured-image\" src=\"https:\/\/www.museuemporda.org\/wp-content\/uploads\/2022\/02\/mE-1074-250x250.jpg\" alt=\"La charrette bleue\" width=\"250\" height=\"250\" data-ratio=\"1\"\/><\/a><\/figure><div class=\"dp-dfg-header entry-header\"><h2 class=\"entry-title\">La charrette bleue<\/h2><\/div><div class=\"dp-dfg-custom-content\"><p class=\"dp-dfg-custom-field dp-dfg-cf-autors2\"><span class=\"dp-dfg-custom-field-value\">Mart\u00ed Viv\u00e8s<\/span><\/p><\/div><\/article><!-- DPDFG End Post Item Container --><article id=\"post-10334\" class=\"dp-dfg-item post-10334 obres_autors type-obres_autors status-publish has-post-thumbnail hentry tipus_tecniques-pintura tecnica_especifica-aquarella-sobre-paper autors-pere-bech-sudria disciplina-pintura \"     data-position=\"367\"   data-new-tab=\"off\"   data-action-priority=\"item\"><figure class=\"dp-dfg-image entry-thumb\"><a href=\"https:\/\/www.museuemporda.org\/?obres_autors=casa-de-pages-paisatge\" class=\"dp-dfg-image-link\" ><img loading=\"lazy\" decoding=\"async\" class=\"dp-dfg-featured-image\" src=\"https:\/\/www.museuemporda.org\/wp-content\/uploads\/2022\/01\/mE-2243-A-250x250.jpg\" alt=\"Casa de pag\u00e8s \/ Paisatge\" width=\"250\" height=\"250\" data-ratio=\"1\"\/><\/a><\/figure><div class=\"dp-dfg-header entry-header\"><h2 class=\"entry-title\">Casa de pag\u00e8s \/ Paisatge<\/h2><\/div><div class=\"dp-dfg-custom-content\"><p class=\"dp-dfg-custom-field dp-dfg-cf-autors2\"><span class=\"dp-dfg-custom-field-value\">Pere Bech Sudri\u00e0<\/span><\/p><\/div><\/article><!-- DPDFG End Post Item Container --><article id=\"post-13842\" class=\"dp-dfg-item post-13842 obres_autors type-obres_autors status-publish has-post-thumbnail hentry tipus_tecniques-dibuix tecnica_especifica-impressio-digital autors-lluis-puigbert disciplina-obra-grafic \"     data-position=\"368\"   data-new-tab=\"off\"   data-action-priority=\"item\"><figure class=\"dp-dfg-image entry-thumb\"><a href=\"https:\/\/www.museuemporda.org\/?obres_autors=sense-titol-265\" class=\"dp-dfg-image-link\" ><img loading=\"lazy\" decoding=\"async\" class=\"dp-dfg-featured-image\" src=\"https:\/\/www.museuemporda.org\/wp-content\/uploads\/2023\/06\/ME2627-SID-PUIGBERT14-250x250.jpg\" alt=\"Sense t\u00edtol\" width=\"250\" height=\"250\" data-ratio=\"1\"\/><\/a><\/figure><div class=\"dp-dfg-header entry-header\"><h2 class=\"entry-title\">Sense t\u00edtol<\/h2><\/div><div class=\"dp-dfg-custom-content\"><p class=\"dp-dfg-custom-field dp-dfg-cf-autors2\"><span class=\"dp-dfg-custom-field-value\">Llu\u00eds Puigbert<\/span><\/p><\/div><\/article><!-- DPDFG End Post Item Container --><article id=\"post-5980\" class=\"dp-dfg-item post-5980 obres_autors type-obres_autors status-publish has-post-thumbnail hentry tecnica_especifica-oli-sobre-tela autors-esther-boix-pons disciplina-pintura \"     data-position=\"369\"   data-new-tab=\"off\"   data-action-priority=\"item\"><figure class=\"dp-dfg-image entry-thumb\"><a href=\"https:\/\/www.museuemporda.org\/?obres_autors=noticia-de-lherba-que-neix-de-la-serie-lemporda\" class=\"dp-dfg-image-link\" ><img loading=\"lazy\" decoding=\"async\" class=\"dp-dfg-featured-image\" src=\"https:\/\/www.museuemporda.org\/wp-content\/uploads\/2020\/04\/mE-767-250x250.jpg\" alt=\"Not\u00edcia de l&#8217;herba que neix [de la s\u00e8rie &#8220;L&#8217;Empord\u00e0&#8221;, n\u00fam. 1]\" width=\"250\" height=\"250\" data-ratio=\"1\"\/><\/a><\/figure><div class=\"dp-dfg-header entry-header\"><h2 class=\"entry-title\">Not\u00edcia de l&#8217;herba que neix [de la s\u00e8rie &#8220;L&#8217;Empord\u00e0&#8221;, n\u00fam. 1]<\/h2><\/div><div class=\"dp-dfg-custom-content\"><p class=\"dp-dfg-custom-field dp-dfg-cf-autors2\"><span class=\"dp-dfg-custom-field-value\">Esther Boix Pons<\/span><\/p><\/div><\/article><!-- DPDFG End Post Item Container --><article id=\"post-9076\" class=\"dp-dfg-item post-9076 obres_autors type-obres_autors status-publish has-post-thumbnail hentry tecnica_especifica-ceramica-de-parets-fines autors-autoria-desconeguda disciplina-arqueologia \"     data-position=\"370\"   data-new-tab=\"off\"   data-action-priority=\"item\"><figure class=\"dp-dfg-image entry-thumb\"><a href=\"https:\/\/www.museuemporda.org\/?obres_autors=vas-ceramica-de-parets-fines\" class=\"dp-dfg-image-link\" ><img loading=\"lazy\" decoding=\"async\" class=\"dp-dfg-featured-image\" src=\"https:\/\/www.museuemporda.org\/wp-content\/uploads\/2021\/11\/mE-16_1-250x250.jpg\" alt=\"Vas de parets fines\" width=\"250\" height=\"250\" data-ratio=\"1\"\/><\/a><\/figure><div class=\"dp-dfg-header entry-header\"><h2 class=\"entry-title\">Vas de parets fines<\/h2><\/div><div class=\"dp-dfg-custom-content\"><p class=\"dp-dfg-custom-field dp-dfg-cf-autors2\"><span class=\"dp-dfg-custom-field-value\">Autoria desconeguda<\/span><\/p><\/div><\/article><!-- DPDFG End Post Item Container --><article id=\"post-14105\" class=\"dp-dfg-item post-14105 obres_autors type-obres_autors status-publish has-post-thumbnail hentry tipus_tecniques-dibuix tecnica_especifica-impressio-digital autors-antoni-batllori-obiols disciplina-dibuix \"     data-position=\"371\"   data-new-tab=\"off\"   data-action-priority=\"item\"><figure class=\"dp-dfg-image entry-thumb\"><a href=\"https:\/\/www.museuemporda.org\/?obres_autors=sense-titol-382\" class=\"dp-dfg-image-link\" ><img loading=\"lazy\" decoding=\"async\" class=\"dp-dfg-featured-image\" src=\"https:\/\/www.museuemporda.org\/wp-content\/uploads\/2023\/06\/ME2747-BATLLORI-250x162.jpg\" alt=\"Sense t\u00edtol\" width=\"250\" height=\"162\" data-ratio=\"0.648\"\/><\/a><\/figure><div class=\"dp-dfg-header entry-header\"><h2 class=\"entry-title\">Sense t\u00edtol<\/h2><\/div><div class=\"dp-dfg-custom-content\"><p class=\"dp-dfg-custom-field dp-dfg-cf-autors2\"><span class=\"dp-dfg-custom-field-value\">Antoni Batllori Obiols<\/span><\/p><\/div><\/article><!-- DPDFG End Post Item Container --><article id=\"post-10711\" class=\"dp-dfg-item post-10711 obres_autors type-obres_autors status-publish has-post-thumbnail hentry tipus_tecniques-pintura tecnica_especifica-oli-sobre-fusta autors-marti-vives disciplina-pintura \"     data-position=\"372\"   data-new-tab=\"off\"   data-action-priority=\"item\"><figure class=\"dp-dfg-image entry-thumb\"><a href=\"https:\/\/www.museuemporda.org\/?obres_autors=maisons-dans-les-arbres\" class=\"dp-dfg-image-link\" ><img loading=\"lazy\" decoding=\"async\" class=\"dp-dfg-featured-image\" src=\"https:\/\/www.museuemporda.org\/wp-content\/uploads\/2022\/02\/mE-1082-250x250.jpg\" alt=\"Maisons dans les arbres\" width=\"250\" height=\"250\" data-ratio=\"1\"\/><\/a><\/figure><div class=\"dp-dfg-header entry-header\"><h2 class=\"entry-title\">Maisons dans les arbres<\/h2><\/div><div class=\"dp-dfg-custom-content\"><p class=\"dp-dfg-custom-field dp-dfg-cf-autors2\"><span class=\"dp-dfg-custom-field-value\">Mart\u00ed Viv\u00e8s<\/span><\/p><\/div><\/article><!-- DPDFG End Post Item Container --><article id=\"post-12072\" class=\"dp-dfg-item post-12072 obres_autors type-obres_autors status-publish has-post-thumbnail hentry tipus_tecniques-pintura tecnica_especifica-aquarella autors-ricardo-villegas-cordero disciplina-pintura \"     data-position=\"373\"   data-new-tab=\"off\"   data-action-priority=\"item\"><figure class=\"dp-dfg-image entry-thumb\"><a href=\"https:\/\/www.museuemporda.org\/?obres_autors=cocciara\" class=\"dp-dfg-image-link\" ><img loading=\"lazy\" decoding=\"async\" class=\"dp-dfg-featured-image\" src=\"https:\/\/www.museuemporda.org\/wp-content\/uploads\/2022\/02\/mE-802-250x250.jpg\" alt=\"Cocciara\" width=\"250\" height=\"250\" data-ratio=\"1\"\/><\/a><\/figure><div class=\"dp-dfg-header entry-header\"><h2 class=\"entry-title\">Cocciara<\/h2><\/div><div class=\"dp-dfg-custom-content\"><p class=\"dp-dfg-custom-field dp-dfg-cf-autors2\"><span class=\"dp-dfg-custom-field-value\">Ricardo Villegas Cordero<\/span><\/p><\/div><\/article><!-- DPDFG End Post Item Container --><article id=\"post-10240\" class=\"dp-dfg-item post-10240 obres_autors type-obres_autors status-publish has-post-thumbnail hentry tipus_tecniques-pintura tecnica_especifica-aquarella-sobre-paper autors-pere-bech-sudria disciplina-pintura \"     data-position=\"374\"   data-new-tab=\"off\"   data-action-priority=\"item\"><figure class=\"dp-dfg-image entry-thumb\"><a href=\"https:\/\/www.museuemporda.org\/?obres_autors=apunt-a-laquarella-de-caterina-sibecas\" class=\"dp-dfg-image-link\" ><img loading=\"lazy\" decoding=\"async\" class=\"dp-dfg-featured-image\" src=\"https:\/\/www.museuemporda.org\/wp-content\/uploads\/2022\/01\/mE-2189-250x250.jpg\" alt=\"Apunt a l&#8217;aquarel\u00b7la de Caterina Sibecas\" width=\"250\" height=\"250\" data-ratio=\"1\"\/><\/a><\/figure><div class=\"dp-dfg-header entry-header\"><h2 class=\"entry-title\">Apunt a l&#8217;aquarel\u00b7la de Caterina Sibecas<\/h2><\/div><div class=\"dp-dfg-custom-content\"><p class=\"dp-dfg-custom-field dp-dfg-cf-autors2\"><span class=\"dp-dfg-custom-field-value\">Pere Bech Sudri\u00e0<\/span><\/p><\/div><\/article><!-- DPDFG End Post Item Container --><article id=\"post-10370\" class=\"dp-dfg-item post-10370 obres_autors type-obres_autors status-publish has-post-thumbnail hentry tipus_tecniques-escultura tecnica_especifica-guix-policromat autors-artur-novoa-cabra disciplina-escultura \"     data-position=\"375\"   data-new-tab=\"off\"   data-action-priority=\"item\"><figure class=\"dp-dfg-image entry-thumb\"><a href=\"https:\/\/www.museuemporda.org\/?obres_autors=bust-del-rector-arolas\" class=\"dp-dfg-image-link\" ><img loading=\"lazy\" decoding=\"async\" class=\"dp-dfg-featured-image\" src=\"https:\/\/www.museuemporda.org\/wp-content\/uploads\/2022\/01\/mE-1644-250x250.jpg\" alt=\"Bust del Rector Arolas\" width=\"250\" height=\"250\" data-ratio=\"1\"\/><\/a><\/figure><div class=\"dp-dfg-header entry-header\"><h2 class=\"entry-title\">Bust del Rector Arolas<\/h2><\/div><div class=\"dp-dfg-custom-content\"><p class=\"dp-dfg-custom-field dp-dfg-cf-autors2\"><span class=\"dp-dfg-custom-field-value\">Artur Novoa Cabra<\/span><\/p><\/div><\/article><!-- DPDFG End Post Item Container --><article id=\"post-10177\" class=\"dp-dfg-item post-10177 obres_autors type-obres_autors status-publish has-post-thumbnail hentry tipus_tecniques-aquarella tecnica_especifica-aquarella autors-agustin-salinas-teruel disciplina-pintura \"     data-position=\"376\"   data-new-tab=\"off\"   data-action-priority=\"item\"><figure class=\"dp-dfg-image entry-thumb\"><a href=\"https:\/\/www.museuemporda.org\/?obres_autors=figura-femenina-amb-gerra-i-panera\" class=\"dp-dfg-image-link\" ><img loading=\"lazy\" decoding=\"async\" class=\"dp-dfg-featured-image\" src=\"https:\/\/www.museuemporda.org\/wp-content\/uploads\/2022\/01\/mE-800-250x250.jpg\" alt=\"Figura femenina amb gerra i panera\" width=\"250\" height=\"250\" data-ratio=\"1\"\/><\/a><\/figure><div class=\"dp-dfg-header entry-header\"><h2 class=\"entry-title\">Figura femenina amb gerra i panera<\/h2><\/div><div class=\"dp-dfg-custom-content\"><p class=\"dp-dfg-custom-field dp-dfg-cf-autors2\"><span class=\"dp-dfg-custom-field-value\">Agust\u00edn Salinas Teruel<\/span><\/p><\/div><\/article><!-- DPDFG End Post Item Container --><article id=\"post-10499\" class=\"dp-dfg-item post-10499 obres_autors type-obres_autors status-publish has-post-thumbnail hentry tipus_tecniques-dibuix tecnica_especifica-llapis-sobre-paper autors-frederic-mares-deulovol disciplina-dibuix \"     data-position=\"377\"   data-new-tab=\"off\"   data-action-priority=\"item\"><figure class=\"dp-dfg-image entry-thumb\"><a href=\"https:\/\/www.museuemporda.org\/?obres_autors=sense-titol-78\" class=\"dp-dfg-image-link\" ><img loading=\"lazy\" decoding=\"async\" class=\"dp-dfg-featured-image\" src=\"https:\/\/www.museuemporda.org\/wp-content\/uploads\/2022\/01\/mE-1775-250x250.jpg\" alt=\"Sense t\u00edtol\" width=\"250\" height=\"250\" data-ratio=\"1\"\/><\/a><\/figure><div class=\"dp-dfg-header entry-header\"><h2 class=\"entry-title\">Sense t\u00edtol<\/h2><\/div><div class=\"dp-dfg-custom-content\"><p class=\"dp-dfg-custom-field dp-dfg-cf-autors2\"><span class=\"dp-dfg-custom-field-value\">Frederic Mar\u00e8s Deulovol<\/span><\/p><\/div><\/article><!-- DPDFG End Post Item Container --><article id=\"post-10637\" class=\"dp-dfg-item post-10637 obres_autors type-obres_autors status-publish has-post-thumbnail hentry tipus_tecniques-obra-grafica tecnica_especifica-litografia autors-pic-adrian disciplina-obra-grafic \"     data-position=\"378\"   data-new-tab=\"off\"   data-action-priority=\"item\"><figure class=\"dp-dfg-image entry-thumb\"><a href=\"https:\/\/www.museuemporda.org\/?obres_autors=composicio-15\" class=\"dp-dfg-image-link\" ><img loading=\"lazy\" decoding=\"async\" class=\"dp-dfg-featured-image\" src=\"https:\/\/www.museuemporda.org\/wp-content\/uploads\/2022\/02\/mE-1485-250x250.jpg\" alt=\"Composici\u00f3\" width=\"250\" height=\"250\" data-ratio=\"1\"\/><\/a><\/figure><div class=\"dp-dfg-header entry-header\"><h2 class=\"entry-title\">Composici\u00f3<\/h2><\/div><div class=\"dp-dfg-custom-content\"><p class=\"dp-dfg-custom-field dp-dfg-cf-autors2\"><span class=\"dp-dfg-custom-field-value\">Pic Adrian<\/span><\/p><\/div><\/article><!-- DPDFG End Post Item Container --><article id=\"post-11822\" class=\"dp-dfg-item post-11822 obres_autors type-obres_autors status-publish has-post-thumbnail hentry tipus_tecniques-pintura tecnica_especifica-oli-sobre-tela autors-ramon-pichot-soler disciplina-pintura \"     data-position=\"379\"   data-new-tab=\"off\"   data-action-priority=\"item\"><figure class=\"dp-dfg-image entry-thumb\"><a href=\"https:\/\/www.museuemporda.org\/?obres_autors=retrat-dangela-soler\" class=\"dp-dfg-image-link\" ><img loading=\"lazy\" decoding=\"async\" class=\"dp-dfg-featured-image\" src=\"https:\/\/www.museuemporda.org\/wp-content\/uploads\/2022\/02\/mE-2358-250x250.jpg\" alt=\"Retrat d&#8217;\u00c0ngela Soler\" width=\"250\" height=\"250\" data-ratio=\"1\"\/><\/a><\/figure><div class=\"dp-dfg-header entry-header\"><h2 class=\"entry-title\">Retrat d&#8217;\u00c0ngela Soler<\/h2><\/div><div class=\"dp-dfg-custom-content\"><p class=\"dp-dfg-custom-field dp-dfg-cf-autors2\"><span class=\"dp-dfg-custom-field-value\">Ramon Pichot Soler<\/span><\/p><\/div><\/article><!-- DPDFG End Post Item Container --><article id=\"post-10805\" class=\"dp-dfg-item post-10805 obres_autors type-obres_autors status-publish has-post-thumbnail hentry tipus_tecniques-pintura tecnica_especifica-pastel autors-felix-mestres-borrell disciplina-pintura \"     data-position=\"380\"   data-new-tab=\"off\"   data-action-priority=\"item\"><figure class=\"dp-dfg-image entry-thumb\"><a href=\"https:\/\/www.museuemporda.org\/?obres_autors=retrat-6\" class=\"dp-dfg-image-link\" ><img loading=\"lazy\" decoding=\"async\" class=\"dp-dfg-featured-image\" src=\"https:\/\/www.museuemporda.org\/wp-content\/uploads\/2022\/02\/mE-1690-250x250.jpg\" alt=\"Retrat\" width=\"250\" height=\"250\" data-ratio=\"1\"\/><\/a><\/figure><div class=\"dp-dfg-header entry-header\"><h2 class=\"entry-title\">Retrat<\/h2><\/div><div class=\"dp-dfg-custom-content\"><p class=\"dp-dfg-custom-field dp-dfg-cf-autors2\"><span class=\"dp-dfg-custom-field-value\">F\u00e8lix Mestres Borrell<\/span><\/p><\/div><\/article><!-- DPDFG End Post Item Container --><article id=\"post-10338\" class=\"dp-dfg-item post-10338 obres_autors type-obres_autors status-publish has-post-thumbnail hentry tipus_tecniques-pintura tecnica_especifica-oli-sobre-paper autors-pere-bech-sudria disciplina-pintura \"     data-position=\"381\"   data-new-tab=\"off\"   data-action-priority=\"item\"><figure class=\"dp-dfg-image entry-thumb\"><a href=\"https:\/\/www.museuemporda.org\/?obres_autors=composicio-de-dues-dones\" class=\"dp-dfg-image-link\" ><img loading=\"lazy\" decoding=\"async\" class=\"dp-dfg-featured-image\" src=\"https:\/\/www.museuemporda.org\/wp-content\/uploads\/2022\/01\/mE-2245-250x250.jpg\" alt=\"Composici\u00f3 de dues dones\" width=\"250\" height=\"250\" data-ratio=\"1\"\/><\/a><\/figure><div class=\"dp-dfg-header entry-header\"><h2 class=\"entry-title\">Composici\u00f3 de dues dones<\/h2><\/div><div class=\"dp-dfg-custom-content\"><p class=\"dp-dfg-custom-field dp-dfg-cf-autors2\"><span class=\"dp-dfg-custom-field-value\">Pere Bech Sudri\u00e0<\/span><\/p><\/div><\/article><!-- DPDFG End Post Item Container --><article id=\"post-10569\" class=\"dp-dfg-item post-10569 obres_autors type-obres_autors status-publish has-post-thumbnail hentry tipus_tecniques-pintura tecnica_especifica-oli-sobre-tela autors-josep-blanquet-taberner disciplina-pintura \"     data-position=\"382\"   data-new-tab=\"off\"   data-action-priority=\"item\"><figure class=\"dp-dfg-image entry-thumb\"><a href=\"https:\/\/www.museuemporda.org\/?obres_autors=escena-cortesana\" class=\"dp-dfg-image-link\" ><img loading=\"lazy\" decoding=\"async\" class=\"dp-dfg-featured-image\" src=\"https:\/\/www.museuemporda.org\/wp-content\/uploads\/2022\/02\/mE-2127-250x250.jpg\" alt=\"Escena cortesana\" width=\"250\" height=\"250\" data-ratio=\"1\"\/><\/a><\/figure><div class=\"dp-dfg-header entry-header\"><h2 class=\"entry-title\">Escena cortesana<\/h2><\/div><div class=\"dp-dfg-custom-content\"><p class=\"dp-dfg-custom-field dp-dfg-cf-autors2\"><span class=\"dp-dfg-custom-field-value\">Josep Blanquet Taberner<\/span><\/p><\/div><\/article><!-- DPDFG End Post Item Container --><article id=\"post-5900\" class=\"dp-dfg-item post-5900 obres_autors type-obres_autors status-publish has-post-thumbnail hentry tecnica_especifica-tecnica-mixta-sobre-cartro autors-antoni-sbert-callao disciplina-pintura \"     data-position=\"383\"   data-new-tab=\"off\"   data-action-priority=\"item\"><figure class=\"dp-dfg-image entry-thumb\"><a href=\"https:\/\/www.museuemporda.org\/?obres_autors=altar-barroc-en-vermells\" class=\"dp-dfg-image-link\" ><img loading=\"lazy\" decoding=\"async\" class=\"dp-dfg-featured-image\" src=\"https:\/\/www.museuemporda.org\/wp-content\/uploads\/2020\/10\/mE-1358-250x250.jpg\" alt=\"Altar barroc en vermells\" width=\"250\" height=\"250\" data-ratio=\"1\"\/><\/a><\/figure><div class=\"dp-dfg-header entry-header\"><h2 class=\"entry-title\">Altar barroc en vermells<\/h2><\/div><div class=\"dp-dfg-custom-content\"><p class=\"dp-dfg-custom-field dp-dfg-cf-autors2\"><span class=\"dp-dfg-custom-field-value\">Antoni Sbert Callao<\/span><\/p><\/div><\/article><!-- DPDFG End Post Item Container --><article id=\"post-14131\" class=\"dp-dfg-item post-14131 obres_autors type-obres_autors status-publish has-post-thumbnail hentry tipus_tecniques-obra-grafica tecnica_especifica-impressio-digital autors-miquel-sanchez disciplina-obra-grafic \"     data-position=\"384\"   data-new-tab=\"off\"   data-action-priority=\"item\"><figure class=\"dp-dfg-image entry-thumb\"><a href=\"https:\/\/www.museuemporda.org\/?obres_autors=sense-titol-394\" class=\"dp-dfg-image-link\" ><img loading=\"lazy\" decoding=\"async\" class=\"dp-dfg-featured-image\" src=\"https:\/\/www.museuemporda.org\/wp-content\/uploads\/2023\/07\/ME2759-SANCHEZ-250x250.jpg\" alt=\"Sense t\u00edtol\" width=\"250\" height=\"250\" data-ratio=\"1\"\/><\/a><\/figure><div class=\"dp-dfg-header entry-header\"><h2 class=\"entry-title\">Sense t\u00edtol<\/h2><\/div><div class=\"dp-dfg-custom-content\"><p class=\"dp-dfg-custom-field dp-dfg-cf-autors2\"><span class=\"dp-dfg-custom-field-value\">Miquel Sanchez<\/span><\/p><\/div><\/article><!-- DPDFG End Post Item Container --><article id=\"post-14388\" class=\"dp-dfg-item post-14388 obres_autors type-obres_autors status-publish has-post-thumbnail hentry tipus_tecniques-aquarella-2 tecnica_especifica-aquarella-sobre-paper-2 autors-carme-escursell-burch disciplina-obra-grafic \"     data-position=\"385\"   data-new-tab=\"off\"   data-action-priority=\"item\"><figure class=\"dp-dfg-image entry-thumb\"><a href=\"https:\/\/www.museuemporda.org\/?obres_autors=sense-titol-510\" class=\"dp-dfg-image-link\" ><img loading=\"lazy\" decoding=\"async\" class=\"dp-dfg-featured-image\" src=\"https:\/\/www.museuemporda.org\/wp-content\/uploads\/2023\/07\/JPH5095-250x250.jpg\" alt=\"Sense t\u00edtol\" width=\"250\" height=\"250\" data-ratio=\"1\"\/><\/a><\/figure><div class=\"dp-dfg-header entry-header\"><h2 class=\"entry-title\">Sense t\u00edtol<\/h2><\/div><div class=\"dp-dfg-custom-content\"><p class=\"dp-dfg-custom-field dp-dfg-cf-autors2\"><span class=\"dp-dfg-custom-field-value\">Carme Escursell Burch<\/span><\/p><\/div><\/article><!-- DPDFG End Post Item Container --><article id=\"post-12558\" class=\"dp-dfg-item post-12558 obres_autors type-obres_autors status-publish has-post-thumbnail hentry tipus_tecniques-fotografia tecnica_especifica-fotografia autors-joan-hernandez-casellas disciplina-fotografia \"     data-position=\"386\"   data-new-tab=\"off\"   data-action-priority=\"item\"><figure class=\"dp-dfg-image entry-thumb\"><a href=\"https:\/\/www.museuemporda.org\/?obres_autors=illusional-delusion\" class=\"dp-dfg-image-link\" ><img loading=\"lazy\" decoding=\"async\" class=\"dp-dfg-featured-image\" src=\"https:\/\/www.museuemporda.org\/wp-content\/uploads\/2022\/04\/mE-2512-250x250.jpg\" alt=\"Illusional Delusion\" width=\"250\" height=\"250\" data-ratio=\"1\"\/><\/a><\/figure><div class=\"dp-dfg-header entry-header\"><h2 class=\"entry-title\">Illusional Delusion<\/h2><\/div><div class=\"dp-dfg-custom-content\"><p class=\"dp-dfg-custom-field dp-dfg-cf-autors2\"><span class=\"dp-dfg-custom-field-value\">Joan Hern\u00e1ndez Casellas<\/span><\/p><\/div><\/article><!-- DPDFG End Post Item Container --><article id=\"post-8814\" class=\"dp-dfg-item post-8814 obres_autors type-obres_autors status-publish has-post-thumbnail hentry tecnica_especifica-oli-sobre-tela autors-autoria-desconeguda disciplina-pintura \"     data-position=\"387\"   data-new-tab=\"off\"   data-action-priority=\"item\"><figure class=\"dp-dfg-image entry-thumb\"><a href=\"https:\/\/www.museuemporda.org\/?obres_autors=perspectiva-arquitectonica-amb-lexpulsio-dels-mercaders-del-temple\" class=\"dp-dfg-image-link\" ><img loading=\"lazy\" decoding=\"async\" class=\"dp-dfg-featured-image\" src=\"https:\/\/www.museuemporda.org\/wp-content\/uploads\/2021\/10\/mE-619-250x250.jpg\" alt=\"Perspectiva arquitect\u00f2nica amb l&#8217;expulsi\u00f3 dels mercaders del Temple\" width=\"250\" height=\"250\" data-ratio=\"1\"\/><\/a><\/figure><div class=\"dp-dfg-header entry-header\"><h2 class=\"entry-title\">Perspectiva arquitect\u00f2nica amb l&#8217;expulsi\u00f3 dels mercaders del Temple<\/h2><\/div><div class=\"dp-dfg-custom-content\"><p class=\"dp-dfg-custom-field dp-dfg-cf-autors2\"><span class=\"dp-dfg-custom-field-value\">Autoria desconeguda<\/span><\/p><\/div><\/article><!-- DPDFG End Post Item Container --><article id=\"post-10184\" class=\"dp-dfg-item post-10184 obres_autors type-obres_autors status-publish has-post-thumbnail hentry tipus_tecniques-pintura tecnica_especifica-oli-sobre-tela autors-abel-ferrater-hortet disciplina-pintura \"     data-position=\"388\"   data-new-tab=\"off\"   data-action-priority=\"item\"><figure class=\"dp-dfg-image entry-thumb\"><a href=\"https:\/\/www.museuemporda.org\/?obres_autors=masia-2\" class=\"dp-dfg-image-link\" ><img loading=\"lazy\" decoding=\"async\" class=\"dp-dfg-featured-image\" src=\"https:\/\/www.museuemporda.org\/wp-content\/uploads\/2022\/01\/mE-1324-250x250.jpg\" alt=\"Masia\" width=\"250\" height=\"250\" data-ratio=\"1\"\/><\/a><\/figure><div class=\"dp-dfg-header entry-header\"><h2 class=\"entry-title\">Masia<\/h2><\/div><div class=\"dp-dfg-custom-content\"><p class=\"dp-dfg-custom-field dp-dfg-cf-autors2\"><span class=\"dp-dfg-custom-field-value\">Abel Ferrater Hortet<\/span><\/p><\/div><\/article><!-- DPDFG End Post Item Container --><article id=\"post-14365\" class=\"dp-dfg-item post-14365 obres_autors type-obres_autors status-publish has-post-thumbnail hentry tipus_tecniques-dibuix tecnica_especifica-impressio-digital autors-daniel-leiva disciplina-dibuix \"     data-position=\"389\"   data-new-tab=\"off\"   data-action-priority=\"item\"><figure class=\"dp-dfg-image entry-thumb\"><a href=\"https:\/\/www.museuemporda.org\/?obres_autors=sense-titol-502\" class=\"dp-dfg-image-link\" ><img loading=\"lazy\" decoding=\"async\" class=\"dp-dfg-featured-image\" src=\"https:\/\/www.museuemporda.org\/wp-content\/uploads\/2023\/07\/ME2890-LEIVA-250x250.jpg\" alt=\"Sense t\u00edtol\" width=\"250\" height=\"250\" data-ratio=\"1\"\/><\/a><\/figure><div class=\"dp-dfg-header entry-header\"><h2 class=\"entry-title\">Sense t\u00edtol<\/h2><\/div><div class=\"dp-dfg-custom-content\"><p class=\"dp-dfg-custom-field dp-dfg-cf-autors2\"><span class=\"dp-dfg-custom-field-value\">Daniel Leiva<\/span><\/p><\/div><\/article><!-- DPDFG End Post Item Container --><article id=\"post-11542\" class=\"dp-dfg-item post-11542 obres_autors type-obres_autors status-publish has-post-thumbnail hentry tipus_tecniques-pintura tecnica_especifica-aquarella-sobre-paper autors-lea-lafugie disciplina-pintura \"     data-position=\"390\"   data-new-tab=\"off\"   data-action-priority=\"item\"><figure class=\"dp-dfg-image entry-thumb\"><a href=\"https:\/\/www.museuemporda.org\/?obres_autors=sense-titol-135\" class=\"dp-dfg-image-link\" ><img loading=\"lazy\" decoding=\"async\" class=\"dp-dfg-featured-image\" src=\"https:\/\/www.museuemporda.org\/wp-content\/uploads\/2022\/02\/mE-2404-250x250.jpg\" alt=\"Sense t\u00edtol\" width=\"250\" height=\"250\" data-ratio=\"1\"\/><\/a><\/figure><div class=\"dp-dfg-header entry-header\"><h2 class=\"entry-title\">Sense t\u00edtol<\/h2><\/div><div class=\"dp-dfg-custom-content\"><p class=\"dp-dfg-custom-field dp-dfg-cf-autors2\"><span class=\"dp-dfg-custom-field-value\">L\u00e9a Lafugie<\/span><\/p><\/div><\/article><!-- DPDFG End Post Item Container --><article id=\"post-5840\" class=\"dp-dfg-item post-5840 obres_autors type-obres_autors status-publish has-post-thumbnail hentry tecnica_especifica-oli-sobre-fusta autors-lluis-masriera-roses disciplina-pintura \"     data-position=\"391\"   data-new-tab=\"off\"   data-action-priority=\"item\"><figure class=\"dp-dfg-image entry-thumb\"><a href=\"https:\/\/www.museuemporda.org\/?obres_autors=sota-lombrella\" class=\"dp-dfg-image-link\" ><img loading=\"lazy\" decoding=\"async\" class=\"dp-dfg-featured-image\" src=\"https:\/\/www.museuemporda.org\/wp-content\/uploads\/2020\/04\/me-691-1-250x250.jpg\" alt=\"Sota l&#8217;ombrel\u00b7la\" width=\"250\" height=\"250\" data-ratio=\"1\"\/><\/a><\/figure><div class=\"dp-dfg-header entry-header\"><h2 class=\"entry-title\">Sota l&#8217;ombrel\u00b7la<\/h2><\/div><div class=\"dp-dfg-custom-content\"><p class=\"dp-dfg-custom-field dp-dfg-cf-autors2\"><span class=\"dp-dfg-custom-field-value\">Llu\u00eds Masriera Ros\u00e9s<\/span><\/p><\/div><\/article><!-- DPDFG End Post Item Container --><article id=\"post-11347\" class=\"dp-dfg-item post-11347 obres_autors type-obres_autors status-publish has-post-thumbnail hentry tipus_tecniques-obra-grafica tecnica_especifica-gravat autors-luis-fernandez-noseret disciplina-obra-grafic \"     data-position=\"392\"   data-new-tab=\"off\"   data-action-priority=\"item\"><figure class=\"dp-dfg-image entry-thumb\"><a href=\"https:\/\/www.museuemporda.org\/?obres_autors=retrat-del-prior-de-sant-llorenc-del-escorial\" class=\"dp-dfg-image-link\" ><img loading=\"lazy\" decoding=\"async\" class=\"dp-dfg-featured-image\" src=\"https:\/\/www.museuemporda.org\/wp-content\/uploads\/2022\/02\/mE-1969-250x250.jpg\" alt=\"Retrat del prior de Sant Lloren\u00e7 del Escorial\" width=\"250\" height=\"250\" data-ratio=\"1\"\/><\/a><\/figure><div class=\"dp-dfg-header entry-header\"><h2 class=\"entry-title\">Retrat del prior de Sant Lloren\u00e7 del Escorial<\/h2><\/div><div class=\"dp-dfg-custom-content\"><p class=\"dp-dfg-custom-field dp-dfg-cf-autors2\"><span class=\"dp-dfg-custom-field-value\">Lu\u00eds Fern\u00e1ndez Noseret<\/span><\/p><\/div><\/article><!-- DPDFG End Post Item Container --><article id=\"post-14032\" class=\"dp-dfg-item post-14032 obres_autors type-obres_autors status-publish has-post-thumbnail hentry tipus_tecniques-dibuix tecnica_especifica-tinta-sobre-paper autors-pep-claparols-i-moret disciplina-dibuix \"     data-position=\"393\"   data-new-tab=\"off\"   data-action-priority=\"item\"><figure class=\"dp-dfg-image entry-thumb\"><a href=\"https:\/\/www.museuemporda.org\/?obres_autors=sense-titol-351\" class=\"dp-dfg-image-link\" ><img loading=\"lazy\" decoding=\"async\" class=\"dp-dfg-featured-image\" src=\"https:\/\/www.museuemporda.org\/wp-content\/uploads\/2023\/06\/ME2713-PEP2011-250x250.jpg\" alt=\"Sense t\u00edtol\" width=\"250\" height=\"250\" data-ratio=\"1\"\/><\/a><\/figure><div class=\"dp-dfg-header entry-header\"><h2 class=\"entry-title\">Sense t\u00edtol<\/h2><\/div><div class=\"dp-dfg-custom-content\"><p class=\"dp-dfg-custom-field dp-dfg-cf-autors2\"><span class=\"dp-dfg-custom-field-value\">Pep Claparols i Moret<\/span><\/p><\/div><\/article><!-- DPDFG End Post Item Container --><article id=\"post-5915\" class=\"dp-dfg-item post-5915 obres_autors type-obres_autors status-publish has-post-thumbnail hentry autors-enric-casanovas-roy disciplina-escultura \"     data-position=\"394\"   data-new-tab=\"off\"   data-action-priority=\"item\"><figure class=\"dp-dfg-image entry-thumb\"><a href=\"https:\/\/www.museuemporda.org\/?obres_autors=cap-de-noia\" class=\"dp-dfg-image-link\" ><img loading=\"lazy\" decoding=\"async\" class=\"dp-dfg-featured-image\" src=\"https:\/\/www.museuemporda.org\/wp-content\/uploads\/2020\/10\/mE-679-250x250.jpg\" alt=\"Cap de noia\" width=\"250\" height=\"250\" data-ratio=\"1\"\/><\/a><\/figure><div class=\"dp-dfg-header entry-header\"><h2 class=\"entry-title\">Cap de noia<\/h2><\/div><div class=\"dp-dfg-custom-content\"><p class=\"dp-dfg-custom-field dp-dfg-cf-autors2\"><span class=\"dp-dfg-custom-field-value\">Enric Casanovas Roy<\/span><\/p><\/div><\/article><!-- DPDFG End Post Item Container --><article id=\"post-11441\" class=\"dp-dfg-item post-11441 obres_autors type-obres_autors status-publish has-post-thumbnail hentry tipus_tecniques-obra-grafica tecnica_especifica-gravat autors-josep-guinovart-bertran disciplina-obra-grafic \"     data-position=\"395\"   data-new-tab=\"off\"   data-action-priority=\"item\"><figure class=\"dp-dfg-image entry-thumb\"><a href=\"https:\/\/www.museuemporda.org\/?obres_autors=sense-titol-129\" class=\"dp-dfg-image-link\" ><img loading=\"lazy\" decoding=\"async\" class=\"dp-dfg-featured-image\" src=\"https:\/\/www.museuemporda.org\/wp-content\/uploads\/2022\/02\/mE-2500-250x250.jpg\" alt=\"Sense t\u00edtol\" width=\"250\" height=\"250\" data-ratio=\"1\"\/><\/a><\/figure><div class=\"dp-dfg-header entry-header\"><h2 class=\"entry-title\">Sense t\u00edtol<\/h2><\/div><div class=\"dp-dfg-custom-content\"><p class=\"dp-dfg-custom-field dp-dfg-cf-autors2\"><span class=\"dp-dfg-custom-field-value\">Josep Guinovart Bertran<\/span><\/p><\/div><\/article><!-- DPDFG End Post Item Container --><article id=\"post-11338\" class=\"dp-dfg-item post-11338 obres_autors type-obres_autors status-publish has-post-thumbnail hentry tipus_tecniques-pintura tecnica_especifica-aquarella-sobre-paper autors-miquel-farre-albages disciplina-pintura \"     data-position=\"396\"   data-new-tab=\"off\"   data-action-priority=\"item\"><figure class=\"dp-dfg-image entry-thumb\"><a href=\"https:\/\/www.museuemporda.org\/?obres_autors=nieblas\" class=\"dp-dfg-image-link\" ><img loading=\"lazy\" decoding=\"async\" class=\"dp-dfg-featured-image\" src=\"https:\/\/www.museuemporda.org\/wp-content\/uploads\/2022\/02\/mE-1114-retirat-250x250.jpg\" alt=\"Nieblas\" width=\"250\" height=\"250\" data-ratio=\"1\"\/><\/a><\/figure><div class=\"dp-dfg-header entry-header\"><h2 class=\"entry-title\">Nieblas<\/h2><\/div><div class=\"dp-dfg-custom-content\"><p class=\"dp-dfg-custom-field dp-dfg-cf-autors2\"><span class=\"dp-dfg-custom-field-value\">Miquel Farr\u00e9 Albag\u00e9s<\/span><\/p><\/div><\/article><!-- DPDFG End Post Item Container --><article id=\"post-8182\" class=\"dp-dfg-item post-8182 obres_autors type-obres_autors status-publish has-post-thumbnail hentry autors-josep-berga-boix disciplina-pintura \"     data-position=\"397\"   data-new-tab=\"off\"   data-action-priority=\"item\"><figure class=\"dp-dfg-image entry-thumb\"><a href=\"https:\/\/www.museuemporda.org\/?obres_autors=paisatge-16\" class=\"dp-dfg-image-link\" ><img loading=\"lazy\" decoding=\"async\" class=\"dp-dfg-featured-image\" src=\"https:\/\/www.museuemporda.org\/wp-content\/uploads\/2021\/08\/mE-1154-torner-250x250.jpg\" alt=\"Paisatge\" width=\"250\" height=\"250\" data-ratio=\"1\"\/><\/a><\/figure><div class=\"dp-dfg-header entry-header\"><h2 class=\"entry-title\">Paisatge<\/h2><\/div><div class=\"dp-dfg-custom-content\"><p class=\"dp-dfg-custom-field dp-dfg-cf-autors2\"><span class=\"dp-dfg-custom-field-value\">Josep Berga Boix<\/span><\/p><\/div><\/article><!-- DPDFG End Post Item Container --><article id=\"post-1311\" class=\"dp-dfg-item post-1311 obres_autors type-obres_autors status-publish has-post-thumbnail hentry autors-francesc-moreno-capdevila \"     data-position=\"398\"   data-new-tab=\"off\"   data-action-priority=\"item\"><figure class=\"dp-dfg-image entry-thumb\"><a href=\"https:\/\/www.museuemporda.org\/?obres_autors=llum-i-tenebres\" class=\"dp-dfg-image-link\" ><img loading=\"lazy\" decoding=\"async\" class=\"dp-dfg-featured-image\" src=\"https:\/\/www.museuemporda.org\/wp-content\/uploads\/2020\/04\/mE-1311-scaled-1-250x250.jpg\" alt=\"Llum i Tenebres\" width=\"250\" height=\"250\" data-ratio=\"1\"\/><\/a><\/figure><div class=\"dp-dfg-header entry-header\"><h2 class=\"entry-title\">Llum i Tenebres<\/h2><\/div><div class=\"dp-dfg-custom-content\"><p class=\"dp-dfg-custom-field dp-dfg-cf-autors2\"><span class=\"dp-dfg-custom-field-value\">Francesc Moreno Capdevila<\/span><\/p><\/div><\/article><!-- DPDFG End Post Item Container --><article id=\"post-13798\" class=\"dp-dfg-item post-13798 obres_autors type-obres_autors status-publish has-post-thumbnail hentry tipus_tecniques-aquarella-2 tecnica_especifica-aquarella-sobre-paper-2 autors-daniel-leiva disciplina-dibuix \"     data-position=\"399\"   data-new-tab=\"off\"   data-action-priority=\"item\"><figure class=\"dp-dfg-image entry-thumb\"><a href=\"https:\/\/www.museuemporda.org\/?obres_autors=sense-titol-243\" class=\"dp-dfg-image-link\" ><img loading=\"lazy\" decoding=\"async\" class=\"dp-dfg-featured-image\" src=\"https:\/\/www.museuemporda.org\/wp-content\/uploads\/2023\/06\/ME2605-LEIVA12-250x250.jpg\" alt=\"Sense t\u00edtol\" width=\"250\" height=\"250\" data-ratio=\"1\"\/><\/a><\/figure><div class=\"dp-dfg-header entry-header\"><h2 class=\"entry-title\">Sense t\u00edtol<\/h2><\/div><div class=\"dp-dfg-custom-content\"><p class=\"dp-dfg-custom-field dp-dfg-cf-autors2\"><span class=\"dp-dfg-custom-field-value\">Daniel Leiva<\/span><\/p><\/div><\/article><!-- DPDFG End Post Item Container --><article id=\"post-10217\" class=\"dp-dfg-item post-10217 obres_autors type-obres_autors status-publish has-post-thumbnail hentry tipus_tecniques-aquarella tecnica_especifica-aquarella autors-pere-calders-rossinyol disciplina-pintura \"     data-position=\"400\"   data-new-tab=\"off\"   data-action-priority=\"item\"><figure class=\"dp-dfg-image entry-thumb\"><a href=\"https:\/\/www.museuemporda.org\/?obres_autors=la-diana-2\" class=\"dp-dfg-image-link\" ><img loading=\"lazy\" decoding=\"async\" class=\"dp-dfg-featured-image\" src=\"https:\/\/www.museuemporda.org\/wp-content\/uploads\/2022\/01\/mE-1301-250x250.jpg\" alt=\"La Diana\" width=\"250\" height=\"250\" data-ratio=\"1\"\/><\/a><\/figure><div class=\"dp-dfg-header entry-header\"><h2 class=\"entry-title\">La Diana<\/h2><\/div><div class=\"dp-dfg-custom-content\"><p class=\"dp-dfg-custom-field dp-dfg-cf-autors2\"><span class=\"dp-dfg-custom-field-value\">Pere Calders Rossinyol<\/span><\/p><\/div><\/article><!-- DPDFG End Post Item Container --><article id=\"post-12243\" class=\"dp-dfg-item post-12243 obres_autors type-obres_autors status-publish has-post-thumbnail hentry tipus_tecniques-indumentaria tecnica_especifica-teixit-i-fusta autors-autoria-desconeguda disciplina-indumentaria \"     data-position=\"401\"   data-new-tab=\"off\"   data-action-priority=\"item\"><figure class=\"dp-dfg-image entry-thumb\"><a href=\"https:\/\/www.museuemporda.org\/?obres_autors=sense-titol-185\" class=\"dp-dfg-image-link\" ><img loading=\"lazy\" decoding=\"async\" class=\"dp-dfg-featured-image\" src=\"https:\/\/www.museuemporda.org\/wp-content\/uploads\/2022\/03\/mE-1594-250x250.jpg\" alt=\"Sense t\u00edtol\" width=\"250\" height=\"250\" data-ratio=\"1\"\/><\/a><\/figure><div class=\"dp-dfg-header entry-header\"><h2 class=\"entry-title\">Sense t\u00edtol<\/h2><\/div><div class=\"dp-dfg-custom-content\"><p class=\"dp-dfg-custom-field dp-dfg-cf-autors2\"><span class=\"dp-dfg-custom-field-value\">Autoria desconeguda<\/span><\/p><\/div><\/article><!-- DPDFG End Post Item Container --><article id=\"post-10575\" class=\"dp-dfg-item post-10575 obres_autors type-obres_autors status-publish has-post-thumbnail hentry tipus_tecniques-dibuix tecnica_especifica-dibuix-sobre-paper autors-maria-llavanera-miralles disciplina-dibuix \"     data-position=\"402\"   data-new-tab=\"off\"   data-action-priority=\"item\"><figure class=\"dp-dfg-image entry-thumb\"><a href=\"https:\/\/www.museuemporda.org\/?obres_autors=autorretrat-2\" class=\"dp-dfg-image-link\" ><img loading=\"lazy\" decoding=\"async\" class=\"dp-dfg-featured-image\" src=\"https:\/\/www.museuemporda.org\/wp-content\/uploads\/2022\/02\/mE-2296-250x250.jpg\" alt=\"Autorretrat\" width=\"250\" height=\"250\" data-ratio=\"1\"\/><\/a><\/figure><div class=\"dp-dfg-header entry-header\"><h2 class=\"entry-title\">Autorretrat<\/h2><\/div><div class=\"dp-dfg-custom-content\"><p class=\"dp-dfg-custom-field dp-dfg-cf-autors2\"><span class=\"dp-dfg-custom-field-value\">Mari\u00e0 Llavanera Miralles<\/span><\/p><\/div><\/article><!-- DPDFG End Post Item Container --><article id=\"post-10900\" class=\"dp-dfg-item post-10900 obres_autors type-obres_autors status-publish has-post-thumbnail hentry tipus_tecniques-pintura tecnica_especifica-oli-sobre-tela autors-antoni-caba-casamitjana disciplina-pintura \"     data-position=\"403\"   data-new-tab=\"off\"   data-action-priority=\"item\"><figure class=\"dp-dfg-image entry-thumb\"><a href=\"https:\/\/www.museuemporda.org\/?obres_autors=retrat-7\" class=\"dp-dfg-image-link\" ><img loading=\"lazy\" decoding=\"async\" class=\"dp-dfg-featured-image\" src=\"https:\/\/www.museuemporda.org\/wp-content\/uploads\/2022\/02\/mE-640-250x250.jpg\" alt=\"Retrat\" width=\"250\" height=\"250\" data-ratio=\"1\"\/><\/a><\/figure><div class=\"dp-dfg-header entry-header\"><h2 class=\"entry-title\">Retrat<\/h2><\/div><div class=\"dp-dfg-custom-content\"><p class=\"dp-dfg-custom-field dp-dfg-cf-autors2\"><span class=\"dp-dfg-custom-field-value\">Antoni Caba Casamitjana<\/span><\/p><\/div><\/article><!-- DPDFG End Post Item Container --><article id=\"post-9641\" class=\"dp-dfg-item post-9641 obres_autors type-obres_autors status-publish has-post-thumbnail hentry tipus_tecniques-fotografia tecnica_especifica-fotografia autors-enric-bardera-garcia disciplina-fotografia \"     data-position=\"404\"   data-new-tab=\"off\"   data-action-priority=\"item\"><figure class=\"dp-dfg-image entry-thumb\"><a href=\"https:\/\/www.museuemporda.org\/?obres_autors=en-la-teva-mirada-i\" class=\"dp-dfg-image-link\" ><img loading=\"lazy\" decoding=\"async\" class=\"dp-dfg-featured-image\" src=\"https:\/\/www.museuemporda.org\/wp-content\/uploads\/2022\/01\/mE-2362-250x250.jpg\" alt=\"En la teva mirada I\" width=\"250\" height=\"250\" data-ratio=\"1\"\/><\/a><\/figure><div class=\"dp-dfg-header entry-header\"><h2 class=\"entry-title\">En la teva mirada I<\/h2><\/div><div class=\"dp-dfg-custom-content\"><p class=\"dp-dfg-custom-field dp-dfg-cf-autors2\"><span class=\"dp-dfg-custom-field-value\">Enric Bardera Garcia<\/span><\/p><\/div><\/article><!-- DPDFG End Post Item Container --><article id=\"post-14129\" class=\"dp-dfg-item post-14129 obres_autors type-obres_autors status-publish has-post-thumbnail hentry tipus_tecniques-obra-grafica tecnica_especifica-impressio-digital autors-miquel-sanchez disciplina-obra-grafic \"     data-position=\"405\"   data-new-tab=\"off\"   data-action-priority=\"item\"><figure class=\"dp-dfg-image entry-thumb\"><a href=\"https:\/\/www.museuemporda.org\/?obres_autors=sense-titol-393\" class=\"dp-dfg-image-link\" ><img loading=\"lazy\" decoding=\"async\" class=\"dp-dfg-featured-image\" src=\"https:\/\/www.museuemporda.org\/wp-content\/uploads\/2023\/07\/ME2758-SANCHEZ-250x250.jpg\" alt=\"Sense t\u00edtol\" width=\"250\" height=\"250\" data-ratio=\"1\"\/><\/a><\/figure><div class=\"dp-dfg-header entry-header\"><h2 class=\"entry-title\">Sense t\u00edtol<\/h2><\/div><div class=\"dp-dfg-custom-content\"><p class=\"dp-dfg-custom-field dp-dfg-cf-autors2\"><span class=\"dp-dfg-custom-field-value\">Miquel Sanchez<\/span><\/p><\/div><\/article><!-- DPDFG End Post Item Container --><article id=\"post-11481\" class=\"dp-dfg-item post-11481 obres_autors type-obres_autors status-publish has-post-thumbnail hentry tipus_tecniques-obra-grafica tecnica_especifica-gravat autors-juan-antonio-salvador-carmona disciplina-obra-grafic \"     data-position=\"406\"   data-new-tab=\"off\"   data-action-priority=\"item\"><figure class=\"dp-dfg-image entry-thumb\"><a href=\"https:\/\/www.museuemporda.org\/?obres_autors=sagrada-familia\" class=\"dp-dfg-image-link\" ><img loading=\"lazy\" decoding=\"async\" class=\"dp-dfg-featured-image\" src=\"https:\/\/www.museuemporda.org\/wp-content\/uploads\/2022\/02\/mE-1980-250x250.jpg\" alt=\"Sagrada Familia\" width=\"250\" height=\"250\" data-ratio=\"1\"\/><\/a><\/figure><div class=\"dp-dfg-header entry-header\"><h2 class=\"entry-title\">Sagrada Familia<\/h2><\/div><div class=\"dp-dfg-custom-content\"><p class=\"dp-dfg-custom-field dp-dfg-cf-autors2\"><span class=\"dp-dfg-custom-field-value\">Juan Antonio Salvador Carmona<\/span><\/p><\/div><\/article><!-- DPDFG End Post Item Container --><article id=\"post-8465\" class=\"dp-dfg-item post-8465 obres_autors type-obres_autors status-publish has-post-thumbnail hentry tecnica_especifica-oli-sobre-tela autors-ramon-reig-corominas disciplina-pintura \"     data-position=\"407\"   data-new-tab=\"off\"   data-action-priority=\"item\"><figure class=\"dp-dfg-image entry-thumb\"><a href=\"https:\/\/www.museuemporda.org\/?obres_autors=paisatge-de-vilabertran\" class=\"dp-dfg-image-link\" ><img loading=\"lazy\" decoding=\"async\" class=\"dp-dfg-featured-image\" src=\"https:\/\/www.museuemporda.org\/wp-content\/uploads\/2021\/09\/mE-2382-250x250.jpg\" alt=\"Paisatge de Vilabertran\" width=\"250\" height=\"250\" data-ratio=\"1\"\/><\/a><\/figure><div class=\"dp-dfg-header entry-header\"><h2 class=\"entry-title\">Paisatge de Vilabertran<\/h2><\/div><div class=\"dp-dfg-custom-content\"><p class=\"dp-dfg-custom-field dp-dfg-cf-autors2\"><span class=\"dp-dfg-custom-field-value\">Ramon Reig Corominas<\/span><\/p><\/div><\/article><!-- DPDFG End Post Item Container --><article id=\"post-8238\" class=\"dp-dfg-item post-8238 obres_autors type-obres_autors status-publish has-post-thumbnail hentry tecnica_especifica-litografia autors-joan-miro-ferra disciplina-obra-grafic \"     data-position=\"408\"   data-new-tab=\"off\"   data-action-priority=\"item\"><figure class=\"dp-dfg-image entry-thumb\"><a href=\"https:\/\/www.museuemporda.org\/?obres_autors=homenatge-a-joan-prats\" class=\"dp-dfg-image-link\" ><img loading=\"lazy\" decoding=\"async\" class=\"dp-dfg-featured-image\" src=\"https:\/\/www.museuemporda.org\/wp-content\/uploads\/2021\/08\/mE-711-250x250.jpg\" alt=\"Homenatge a Joan Prats\" width=\"250\" height=\"250\" data-ratio=\"1\"\/><\/a><\/figure><div class=\"dp-dfg-header entry-header\"><h2 class=\"entry-title\">Homenatge a Joan Prats<\/h2><\/div><div class=\"dp-dfg-custom-content\"><p class=\"dp-dfg-custom-field dp-dfg-cf-autors2\"><span class=\"dp-dfg-custom-field-value\">Joan Mir\u00f3 Ferr\u00e0<\/span><\/p><\/div><\/article><!-- DPDFG End Post Item Container --><article id=\"post-9716\" class=\"dp-dfg-item post-9716 obres_autors type-obres_autors status-publish has-post-thumbnail hentry tipus_tecniques-fotografia tecnica_especifica-fotografia autors-joaquim-fort-de-ribot disciplina-fotografia \"     data-position=\"409\"   data-new-tab=\"off\"   data-action-priority=\"item\"><figure class=\"dp-dfg-image entry-thumb\"><a href=\"https:\/\/www.museuemporda.org\/?obres_autors=retrat-devarist-valles-2\" class=\"dp-dfg-image-link\" ><img loading=\"lazy\" decoding=\"async\" class=\"dp-dfg-featured-image\" src=\"https:\/\/www.museuemporda.org\/wp-content\/uploads\/2022\/01\/mE-2444-250x250.jpg\" alt=\"Retrat d&#8217;Evarist Vall\u00e8s\" width=\"250\" height=\"250\" data-ratio=\"1\"\/><\/a><\/figure><div class=\"dp-dfg-header entry-header\"><h2 class=\"entry-title\">Retrat d&#8217;Evarist Vall\u00e8s<\/h2><\/div><div class=\"dp-dfg-custom-content\"><p class=\"dp-dfg-custom-field dp-dfg-cf-autors2\"><span class=\"dp-dfg-custom-field-value\">Joaquim Fort de Ribot<\/span><\/p><\/div><\/article><!-- DPDFG End Post Item Container --><article id=\"post-14097\" class=\"dp-dfg-item post-14097 obres_autors type-obres_autors status-publish has-post-thumbnail hentry tipus_tecniques-dibuix tecnica_especifica-tinta-sobre-paper autors-bofarull disciplina-dibuix \"     data-position=\"410\"   data-new-tab=\"off\"   data-action-priority=\"item\"><figure class=\"dp-dfg-image entry-thumb\"><a href=\"https:\/\/www.museuemporda.org\/?obres_autors=made-in-homo-sapiens\" class=\"dp-dfg-image-link\" ><img loading=\"lazy\" decoding=\"async\" class=\"dp-dfg-featured-image\" src=\"https:\/\/www.museuemporda.org\/wp-content\/uploads\/2023\/06\/ME2743-BOFARULL-250x250.jpg\" alt=\"Made in Homo Sapiens\" width=\"250\" height=\"250\" data-ratio=\"1\"\/><\/a><\/figure><div class=\"dp-dfg-header entry-header\"><h2 class=\"entry-title\">Made in Homo Sapiens<\/h2><\/div><div class=\"dp-dfg-custom-content\"><p class=\"dp-dfg-custom-field dp-dfg-cf-autors2\"><span class=\"dp-dfg-custom-field-value\">Bofarull<\/span><\/p><\/div><\/article><!-- DPDFG End Post Item Container --><article id=\"post-10376\" class=\"dp-dfg-item post-10376 obres_autors type-obres_autors status-publish has-post-thumbnail hentry tipus_tecniques-escultura tecnica_especifica-guix-amb-patina-de-goma-laca autors-artur-novoa-cabra disciplina-escultura \"     data-position=\"411\"   data-new-tab=\"off\"   data-action-priority=\"item\"><figure class=\"dp-dfg-image entry-thumb\"><a href=\"https:\/\/www.museuemporda.org\/?obres_autors=retrat-dhome-3\" class=\"dp-dfg-image-link\" ><img loading=\"lazy\" decoding=\"async\" class=\"dp-dfg-featured-image\" src=\"https:\/\/www.museuemporda.org\/wp-content\/uploads\/2022\/01\/mE-1674-250x250.jpg\" alt=\"Retrat d&#8217;home\" width=\"250\" height=\"250\" data-ratio=\"1\"\/><\/a><\/figure><div class=\"dp-dfg-header entry-header\"><h2 class=\"entry-title\">Retrat d&#8217;home<\/h2><\/div><div class=\"dp-dfg-custom-content\"><p class=\"dp-dfg-custom-field dp-dfg-cf-autors2\"><span class=\"dp-dfg-custom-field-value\">Artur Novoa Cabra<\/span><\/p><\/div><\/article><!-- DPDFG End Post Item Container --><article id=\"post-9545\" class=\"dp-dfg-item post-9545 obres_autors type-obres_autors status-publish has-post-thumbnail hentry tipus_tecniques-pintura tecnica_especifica-oli-sobre-tela autors-joan-sibecas-cabanyo disciplina-pintura \"     data-position=\"412\"   data-new-tab=\"off\"   data-action-priority=\"item\"><figure class=\"dp-dfg-image entry-thumb\"><a href=\"https:\/\/www.museuemporda.org\/?obres_autors=composicio-10\" class=\"dp-dfg-image-link\" ><img loading=\"lazy\" decoding=\"async\" class=\"dp-dfg-featured-image\" src=\"https:\/\/www.museuemporda.org\/wp-content\/uploads\/2022\/01\/mE-781-250x250.jpg\" alt=\"Composici\u00f3\" width=\"250\" height=\"250\" data-ratio=\"1\"\/><\/a><\/figure><div class=\"dp-dfg-header entry-header\"><h2 class=\"entry-title\">Composici\u00f3<\/h2><\/div><div class=\"dp-dfg-custom-content\"><p class=\"dp-dfg-custom-field dp-dfg-cf-autors2\"><span class=\"dp-dfg-custom-field-value\">Joan Sibecas Cabany\u00f3<\/span><\/p><\/div><\/article><!-- DPDFG End Post Item Container --><article id=\"post-11231\" class=\"dp-dfg-item post-11231 obres_autors type-obres_autors status-publish has-post-thumbnail hentry tipus_tecniques-dibuix tecnica_especifica-llapis-carbo-sobre-paper autors-josep-coll-bardolet disciplina-dibuix \"     data-position=\"413\"   data-new-tab=\"off\"   data-action-priority=\"item\"><figure class=\"dp-dfg-image entry-thumb\"><a href=\"https:\/\/www.museuemporda.org\/?obres_autors=12-escenes-costumistes\" class=\"dp-dfg-image-link\" ><img loading=\"lazy\" decoding=\"async\" class=\"dp-dfg-featured-image\" src=\"https:\/\/www.museuemporda.org\/wp-content\/uploads\/2022\/02\/mE-1405-250x250.jpg\" alt=\"12 escenes costumistes\" width=\"250\" height=\"250\" data-ratio=\"1\"\/><\/a><\/figure><div class=\"dp-dfg-header entry-header\"><h2 class=\"entry-title\">12 escenes costumistes<\/h2><\/div><div class=\"dp-dfg-custom-content\"><p class=\"dp-dfg-custom-field dp-dfg-cf-autors2\"><span class=\"dp-dfg-custom-field-value\">Josep Coll Bardolet<\/span><\/p><\/div><\/article><!-- DPDFG End Post Item Container --><article id=\"post-14051\" class=\"dp-dfg-item post-14051 obres_autors type-obres_autors status-publish has-post-thumbnail hentry tipus_tecniques-dibuix tecnica_especifica-tinta-sobre-paper autors-pep-claparols-i-moret disciplina-dibuix \"     data-position=\"414\"   data-new-tab=\"off\"   data-action-priority=\"item\"><figure class=\"dp-dfg-image entry-thumb\"><a href=\"https:\/\/www.museuemporda.org\/?obres_autors=sense-titol-360\" class=\"dp-dfg-image-link\" ><img loading=\"lazy\" decoding=\"async\" class=\"dp-dfg-featured-image\" src=\"https:\/\/www.museuemporda.org\/wp-content\/uploads\/2023\/06\/ME2722-PEP-250x250.jpg\" alt=\"Sense t\u00edtol\" width=\"250\" height=\"250\" data-ratio=\"1\"\/><\/a><\/figure><div class=\"dp-dfg-header entry-header\"><h2 class=\"entry-title\">Sense t\u00edtol<\/h2><\/div><div class=\"dp-dfg-custom-content\"><p class=\"dp-dfg-custom-field dp-dfg-cf-autors2\"><span class=\"dp-dfg-custom-field-value\">Pep Claparols i Moret<\/span><\/p><\/div><\/article><!-- DPDFG End Post Item Container --><article id=\"post-8812\" class=\"dp-dfg-item post-8812 obres_autors type-obres_autors status-publish has-post-thumbnail hentry tecnica_especifica-oli-sobre-coure autors-autoria-desconeguda disciplina-pintura \"     data-position=\"415\"   data-new-tab=\"off\"   data-action-priority=\"item\"><figure class=\"dp-dfg-image entry-thumb\"><a href=\"https:\/\/www.museuemporda.org\/?obres_autors=la-creacio-dadam-i-eva-i-el-paradis-terrenal\" class=\"dp-dfg-image-link\" ><img loading=\"lazy\" decoding=\"async\" class=\"dp-dfg-featured-image\" src=\"https:\/\/www.museuemporda.org\/wp-content\/uploads\/2021\/10\/ME-618_JORDI-PUIG-2021-250x250.jpg\" alt=\"La creaci\u00f3 d&#8217;Adam i Eva i el parad\u00eds terrenal (c\u00f2pia de Bruegel)\" width=\"250\" height=\"250\" data-ratio=\"1\"\/><\/a><\/figure><div class=\"dp-dfg-header entry-header\"><h2 class=\"entry-title\">La creaci\u00f3 d&#8217;Adam i Eva i el parad\u00eds terrenal (c\u00f2pia de Bruegel)<\/h2><\/div><div class=\"dp-dfg-custom-content\"><p class=\"dp-dfg-custom-field dp-dfg-cf-autors2\"><span class=\"dp-dfg-custom-field-value\">Autoria desconegut<\/span><\/p><\/div><\/article><!-- DPDFG End Post Item Container --><article id=\"post-11683\" class=\"dp-dfg-item post-11683 obres_autors type-obres_autors status-publish has-post-thumbnail hentry tipus_tecniques-pintura tecnica_especifica-oli-sobre-tela autors-antoni-masferrer disciplina-pintura \"     data-position=\"416\"   data-new-tab=\"off\"   data-action-priority=\"item\"><figure class=\"dp-dfg-image entry-thumb\"><a href=\"https:\/\/www.museuemporda.org\/?obres_autors=retrat-9\" class=\"dp-dfg-image-link\" ><img loading=\"lazy\" decoding=\"async\" class=\"dp-dfg-featured-image\" src=\"https:\/\/www.museuemporda.org\/wp-content\/uploads\/2022\/02\/mE-1127-250x250.jpg\" alt=\"Retrat\" width=\"250\" height=\"250\" data-ratio=\"1\"\/><\/a><\/figure><div class=\"dp-dfg-header entry-header\"><h2 class=\"entry-title\">Retrat<\/h2><\/div><div class=\"dp-dfg-custom-content\"><p class=\"dp-dfg-custom-field dp-dfg-cf-autors2\"><span class=\"dp-dfg-custom-field-value\">Antoni Masferrer<\/span><\/p><\/div><\/article><!-- DPDFG End Post Item Container --><article id=\"post-10581\" class=\"dp-dfg-item post-10581 obres_autors type-obres_autors status-publish has-post-thumbnail hentry tipus_tecniques-dibuix tecnica_especifica-dibuix-sobre-paper autors-maria-llavanera-miralles disciplina-dibuix \"     data-position=\"417\"   data-new-tab=\"off\"   data-action-priority=\"item\"><figure class=\"dp-dfg-image entry-thumb\"><a href=\"https:\/\/www.museuemporda.org\/?obres_autors=nu-femeni-4\" class=\"dp-dfg-image-link\" ><img loading=\"lazy\" decoding=\"async\" class=\"dp-dfg-featured-image\" src=\"https:\/\/www.museuemporda.org\/wp-content\/uploads\/2022\/02\/mE-2299-250x250.jpg\" alt=\"Nu femen\u00ed\" width=\"250\" height=\"250\" data-ratio=\"1\"\/><\/a><\/figure><div class=\"dp-dfg-header entry-header\"><h2 class=\"entry-title\">Nu femen\u00ed<\/h2><\/div><div class=\"dp-dfg-custom-content\"><p class=\"dp-dfg-custom-field dp-dfg-cf-autors2\"><span class=\"dp-dfg-custom-field-value\">Mari\u00e0 Llavanera Miralles<\/span><\/p><\/div><\/article><!-- DPDFG End Post Item Container --><article id=\"post-10727\" class=\"dp-dfg-item post-10727 obres_autors type-obres_autors status-publish has-post-thumbnail hentry tipus_tecniques-dibuix tecnica_especifica-tecnica-mixta-sobre-paper autors-xavier-nogues-cases disciplina-dibuix \"     data-position=\"418\"   data-new-tab=\"off\"   data-action-priority=\"item\"><figure class=\"dp-dfg-image entry-thumb\"><a href=\"https:\/\/www.museuemporda.org\/?obres_autors=personatges-2\" class=\"dp-dfg-image-link\" ><img loading=\"lazy\" decoding=\"async\" class=\"dp-dfg-featured-image\" src=\"https:\/\/www.museuemporda.org\/wp-content\/uploads\/2022\/02\/mE-1145-250x250.jpg\" alt=\"Personatges\" width=\"250\" height=\"250\" data-ratio=\"1\"\/><\/a><\/figure><div class=\"dp-dfg-header entry-header\"><h2 class=\"entry-title\">Personatges<\/h2><\/div><div class=\"dp-dfg-custom-content\"><p class=\"dp-dfg-custom-field dp-dfg-cf-autors2\"><span class=\"dp-dfg-custom-field-value\">Xavier Nogu\u00e9s Cases<\/span><\/p><\/div><\/article><!-- DPDFG End Post Item Container --><article id=\"post-10386\" class=\"dp-dfg-item post-10386 obres_autors type-obres_autors status-publish has-post-thumbnail hentry tipus_tecniques-escultura tecnica_especifica-guix autors-artur-novoa-cabra disciplina-escultura \"     data-position=\"419\"   data-new-tab=\"off\"   data-action-priority=\"item\"><figure class=\"dp-dfg-image entry-thumb\"><a href=\"https:\/\/www.museuemporda.org\/?obres_autors=sense-titol-56\" class=\"dp-dfg-image-link\" ><img loading=\"lazy\" decoding=\"async\" class=\"dp-dfg-featured-image\" src=\"https:\/\/www.museuemporda.org\/wp-content\/uploads\/2022\/01\/mE-1910-250x250.jpg\" alt=\"Sense t\u00edtol\" width=\"250\" height=\"250\" data-ratio=\"1\"\/><\/a><\/figure><div class=\"dp-dfg-header entry-header\"><h2 class=\"entry-title\">Sense t\u00edtol<\/h2><\/div><div class=\"dp-dfg-custom-content\"><p class=\"dp-dfg-custom-field dp-dfg-cf-autors2\"><span class=\"dp-dfg-custom-field-value\">Artur Novoa Cabra<\/span><\/p><\/div><\/article><!-- DPDFG End Post Item Container --><article id=\"post-9909\" class=\"dp-dfg-item post-9909 obres_autors type-obres_autors status-publish has-post-thumbnail hentry tipus_tecniques-fotografia tecnica_especifica-fotografia autors-jose-reymundo disciplina-fotografia \"     data-position=\"420\"   data-new-tab=\"off\"   data-action-priority=\"item\"><figure class=\"dp-dfg-image entry-thumb\"><a href=\"https:\/\/www.museuemporda.org\/?obres_autors=sense-titol-41\" class=\"dp-dfg-image-link\" ><img loading=\"lazy\" decoding=\"async\" class=\"dp-dfg-featured-image\" src=\"https:\/\/www.museuemporda.org\/wp-content\/uploads\/2022\/01\/ME-1965_Jordi-Puig-2022-250x250.jpg\" alt=\"Sense t\u00edtol\" width=\"250\" height=\"250\" data-ratio=\"1\"\/><\/a><\/figure><div class=\"dp-dfg-header entry-header\"><h2 class=\"entry-title\">Sense t\u00edtol<\/h2><\/div><div class=\"dp-dfg-custom-content\"><p class=\"dp-dfg-custom-field dp-dfg-cf-autors2\"><span class=\"dp-dfg-custom-field-value\">Jos\u00e9 Reymundo<\/span><\/p><\/div><\/article><!-- DPDFG End Post Item Container --><article id=\"post-9712\" class=\"dp-dfg-item post-9712 obres_autors type-obres_autors status-publish has-post-thumbnail hentry tipus_tecniques-fotografia tecnica_especifica-fotografia autors-joaquim-fort-de-ribot disciplina-fotografia \"     data-position=\"421\"   data-new-tab=\"off\"   data-action-priority=\"item\"><figure class=\"dp-dfg-image entry-thumb\"><a href=\"https:\/\/www.museuemporda.org\/?obres_autors=el-garrigal-de-figueres\" class=\"dp-dfg-image-link\" ><img loading=\"lazy\" decoding=\"async\" class=\"dp-dfg-featured-image\" src=\"https:\/\/www.museuemporda.org\/wp-content\/uploads\/2022\/01\/mE-2441-250x250.jpg\" alt=\"El Garrigal de Figueres\" width=\"250\" height=\"250\" data-ratio=\"1\"\/><\/a><\/figure><div class=\"dp-dfg-header entry-header\"><h2 class=\"entry-title\">El Garrigal de Figueres<\/h2><\/div><div class=\"dp-dfg-custom-content\"><p class=\"dp-dfg-custom-field dp-dfg-cf-autors2\"><span class=\"dp-dfg-custom-field-value\">Joaquim Fort de Ribot<\/span><\/p><\/div><\/article><!-- DPDFG End Post Item Container --><article id=\"post-14544\" class=\"dp-dfg-item post-14544 obres_autors type-obres_autors status-publish has-post-thumbnail hentry tipus_tecniques-dibuix tecnica_especifica-llapis-carbo-sobre-paper autors-enric-pascual-monturiol disciplina-dibuix \"     data-position=\"422\"   data-new-tab=\"off\"   data-action-priority=\"item\"><figure class=\"dp-dfg-image entry-thumb\"><a href=\"https:\/\/www.museuemporda.org\/?obres_autors=sensen-titl\" class=\"dp-dfg-image-link\" ><img loading=\"lazy\" decoding=\"async\" class=\"dp-dfg-featured-image\" src=\"https:\/\/www.museuemporda.org\/wp-content\/uploads\/2023\/07\/ME2938-250x250.jpg\" alt=\"Sense t\u00edtol\" width=\"250\" height=\"250\" data-ratio=\"1\"\/><\/a><\/figure><div class=\"dp-dfg-header entry-header\"><h2 class=\"entry-title\">Sense t\u00edtol<\/h2><\/div><div class=\"dp-dfg-custom-content\"><p class=\"dp-dfg-custom-field dp-dfg-cf-autors2\"><span class=\"dp-dfg-custom-field-value\">Enric Pascual Monturiol<\/span><\/p><\/div><\/article><!-- DPDFG End Post Item Container --><article id=\"post-11471\" class=\"dp-dfg-item post-11471 obres_autors type-obres_autors status-publish has-post-thumbnail hentry tipus_tecniques-pintura tecnica_especifica-tecnica-mixta-sobre-paper autors-josep-maria-joan-rosa disciplina-pintura \"     data-position=\"423\"   data-new-tab=\"off\"   data-action-priority=\"item\"><figure class=\"dp-dfg-image entry-thumb\"><a href=\"https:\/\/www.museuemporda.org\/?obres_autors=sense-titol-132\" class=\"dp-dfg-image-link\" ><img loading=\"lazy\" decoding=\"async\" class=\"dp-dfg-featured-image\" src=\"https:\/\/www.museuemporda.org\/wp-content\/uploads\/2022\/02\/mE-2278-250x250.jpg\" alt=\"Sense t\u00edtol\" width=\"250\" height=\"250\" data-ratio=\"1\"\/><\/a><\/figure><div class=\"dp-dfg-header entry-header\"><h2 class=\"entry-title\">Sense t\u00edtol<\/h2><\/div><div class=\"dp-dfg-custom-content\"><p class=\"dp-dfg-custom-field dp-dfg-cf-autors2\"><span class=\"dp-dfg-custom-field-value\">Josep Maria Joan Rosa<\/span><\/p><\/div><\/article><!-- DPDFG End Post Item Container --><article id=\"post-11173\" class=\"dp-dfg-item post-11173 obres_autors type-obres_autors status-publish has-post-thumbnail hentry tipus_tecniques-obra-grafica tecnica_especifica-tecnica-mixta autors-enric-camps-llado disciplina-obra-grafic \"     data-position=\"424\"   data-new-tab=\"off\"   data-action-priority=\"item\"><figure class=\"dp-dfg-image entry-thumb\"><a href=\"https:\/\/www.museuemporda.org\/?obres_autors=alt-relleu-carles-fages-de-climent\" class=\"dp-dfg-image-link\" ><img loading=\"lazy\" decoding=\"async\" class=\"dp-dfg-featured-image\" src=\"https:\/\/www.museuemporda.org\/wp-content\/uploads\/2022\/02\/mE-1880-1-250x250.jpg\" alt=\"Alt relleu Carles Fages de Climent\" width=\"250\" height=\"250\" data-ratio=\"1\"\/><\/a><\/figure><div class=\"dp-dfg-header entry-header\"><h2 class=\"entry-title\">Alt relleu Carles Fages de Climent<\/h2><\/div><div class=\"dp-dfg-custom-content\"><p class=\"dp-dfg-custom-field dp-dfg-cf-autors2\"><span class=\"dp-dfg-custom-field-value\">Enric Camps Llad\u00f3<\/span><\/p><\/div><\/article><!-- DPDFG End Post Item Container --><article id=\"post-6070\" class=\"dp-dfg-item post-6070 obres_autors type-obres_autors status-publish has-post-thumbnail hentry tecnica_especifica-marbre-i-base-de-granit autors-anton-casamor-espona disciplina-escultura \"     data-position=\"425\"   data-new-tab=\"off\"   data-action-priority=\"item\"><figure class=\"dp-dfg-image entry-thumb\"><a href=\"https:\/\/www.museuemporda.org\/?obres_autors=mirant-la-mar\" class=\"dp-dfg-image-link\" ><img loading=\"lazy\" decoding=\"async\" class=\"dp-dfg-featured-image\" src=\"https:\/\/www.museuemporda.org\/wp-content\/uploads\/2020\/07\/mE-1928_perfil_dret-250x250.jpg\" alt=\"Mirant la mar\" width=\"250\" height=\"250\" data-ratio=\"1\"\/><\/a><\/figure><div class=\"dp-dfg-header entry-header\"><h2 class=\"entry-title\">Mirant la mar<\/h2><\/div><div class=\"dp-dfg-custom-content\"><p class=\"dp-dfg-custom-field dp-dfg-cf-autors2\"><span class=\"dp-dfg-custom-field-value\">Anton Casamor Espona<\/span><\/p><\/div><\/article><!-- DPDFG End Post Item Container --><article id=\"post-9135\" class=\"dp-dfg-item post-9135 obres_autors type-obres_autors status-publish has-post-thumbnail hentry tipus_tecniques-ceramica autors-autoria-desconeguda disciplina-arqueologia \"     data-position=\"426\"   data-new-tab=\"off\"   data-action-priority=\"item\"><figure class=\"dp-dfg-image entry-thumb\"><a href=\"https:\/\/www.museuemporda.org\/?obres_autors=bol-4\" class=\"dp-dfg-image-link\" ><img loading=\"lazy\" decoding=\"async\" class=\"dp-dfg-featured-image\" src=\"https:\/\/www.museuemporda.org\/wp-content\/uploads\/2021\/11\/mE-518-250x250.jpg\" alt=\"Bol\" width=\"250\" height=\"250\" data-ratio=\"1\"\/><\/a><\/figure><div class=\"dp-dfg-header entry-header\"><h2 class=\"entry-title\">Bol<\/h2><\/div><div class=\"dp-dfg-custom-content\"><p class=\"dp-dfg-custom-field dp-dfg-cf-autors2\"><span class=\"dp-dfg-custom-field-value\">Autoria desconeguda<\/span><\/p><\/div><\/article><!-- DPDFG End Post Item Container --><article id=\"post-11322\" class=\"dp-dfg-item post-11322 obres_autors type-obres_autors status-publish has-post-thumbnail hentry tipus_tecniques-pintura tecnica_especifica-oli-sobre-tela autors-victor-esteban-lozano disciplina-pintura \"     data-position=\"427\"   data-new-tab=\"off\"   data-action-priority=\"item\"><figure class=\"dp-dfg-image entry-thumb\"><a href=\"https:\/\/www.museuemporda.org\/?obres_autors=jacob-i-raquel\" class=\"dp-dfg-image-link\" ><img loading=\"lazy\" decoding=\"async\" class=\"dp-dfg-featured-image\" src=\"https:\/\/www.museuemporda.org\/wp-content\/uploads\/2022\/02\/mE-1394-250x250.jpg\" alt=\"Jacob i Raquel\" width=\"250\" height=\"250\" data-ratio=\"1\"\/><\/a><\/figure><div class=\"dp-dfg-header entry-header\"><h2 class=\"entry-title\">Jacob i Raquel<\/h2><\/div><div class=\"dp-dfg-custom-content\"><p class=\"dp-dfg-custom-field dp-dfg-cf-autors2\"><span class=\"dp-dfg-custom-field-value\">V\u00edctor Esteban Lozano<\/span><\/p><\/div><\/article><!-- DPDFG End Post Item Container --><article id=\"post-8658\" class=\"dp-dfg-item post-8658 obres_autors type-obres_autors status-publish has-post-thumbnail hentry autors-autoria-desconeguda disciplina-arqueologia \"     data-position=\"428\"   data-new-tab=\"off\"   data-action-priority=\"item\"><figure class=\"dp-dfg-image entry-thumb\"><a href=\"https:\/\/www.museuemporda.org\/?obres_autors=moneda-50-a-c-2\" class=\"dp-dfg-image-link\" ><img loading=\"lazy\" decoding=\"async\" class=\"dp-dfg-featured-image\" src=\"https:\/\/www.museuemporda.org\/wp-content\/uploads\/2021\/10\/mE-438-250x250.jpg\" alt=\"Moneda\" width=\"250\" height=\"250\" data-ratio=\"1\"\/><\/a><\/figure><div class=\"dp-dfg-header entry-header\"><h2 class=\"entry-title\">Moneda<\/h2><\/div><div class=\"dp-dfg-custom-content\"><p class=\"dp-dfg-custom-field dp-dfg-cf-autors2\"><span class=\"dp-dfg-custom-field-value\">Autoria desconeguda<\/span><\/p><\/div><\/article><!-- DPDFG End Post Item Container --><article id=\"post-6091\" class=\"dp-dfg-item post-6091 obres_autors type-obres_autors status-publish has-post-thumbnail hentry autors-joaquim-fort-de-ribot disciplina-fotografia \"     data-position=\"429\"   data-new-tab=\"off\"   data-action-priority=\"item\"><figure class=\"dp-dfg-image entry-thumb\"><a href=\"https:\/\/www.museuemporda.org\/?obres_autors=imatge-del-monestir-de-sant-pere-de-roda\" class=\"dp-dfg-image-link\" ><img loading=\"lazy\" decoding=\"async\" class=\"dp-dfg-featured-image\" src=\"https:\/\/www.museuemporda.org\/wp-content\/uploads\/2020\/04\/mE-2455-250x250.jpg\" alt=\"Imatge del monestir de Sant Pere de Roda\" width=\"250\" height=\"250\" data-ratio=\"1\"\/><\/a><\/figure><div class=\"dp-dfg-header entry-header\"><h2 class=\"entry-title\">Imatge del monestir de Sant Pere de Roda<\/h2><\/div><div class=\"dp-dfg-custom-content\"><p class=\"dp-dfg-custom-field dp-dfg-cf-autors2\"><span class=\"dp-dfg-custom-field-value\">Joaquim Fort de Ribot<\/span><\/p><\/div><\/article><!-- DPDFG End Post Item Container --><article id=\"post-9814\" class=\"dp-dfg-item post-9814 obres_autors type-obres_autors status-publish has-post-thumbnail hentry tipus_tecniques-fotografia tecnica_especifica-fotografia autors-francesc-guillamet-ferran disciplina-fotografia \"     data-position=\"430\"   data-new-tab=\"off\"   data-action-priority=\"item\"><figure class=\"dp-dfg-image entry-thumb\"><a href=\"https:\/\/www.museuemporda.org\/?obres_autors=espines-danxova-fregides\" class=\"dp-dfg-image-link\" ><img loading=\"lazy\" decoding=\"async\" class=\"dp-dfg-featured-image\" src=\"https:\/\/www.museuemporda.org\/wp-content\/uploads\/2022\/01\/mE-2519-250x250.jpg\" alt=\"Espines d&#8217;anxova fregides\" width=\"250\" height=\"250\" data-ratio=\"1\"\/><\/a><\/figure><div class=\"dp-dfg-header entry-header\"><h2 class=\"entry-title\">Espines d&#8217;anxova fregides<\/h2><\/div><div class=\"dp-dfg-custom-content\"><p class=\"dp-dfg-custom-field dp-dfg-cf-autors2\"><span class=\"dp-dfg-custom-field-value\">Francesc Guillamet Ferran<\/span><\/p><\/div><\/article><!-- DPDFG End Post Item Container --><article id=\"post-11267\" class=\"dp-dfg-item post-11267 obres_autors type-obres_autors status-publish has-post-thumbnail hentry tipus_tecniques-pintura tecnica_especifica-aquarella-sobre-paper autors-josep-costa-sobrepera disciplina-pintura \"     data-position=\"431\"   data-new-tab=\"off\"   data-action-priority=\"item\"><figure class=\"dp-dfg-image entry-thumb\"><a href=\"https:\/\/www.museuemporda.org\/?obres_autors=els-arbres-de-la-moixina\" class=\"dp-dfg-image-link\" ><img loading=\"lazy\" decoding=\"async\" class=\"dp-dfg-featured-image\" src=\"https:\/\/www.museuemporda.org\/wp-content\/uploads\/2022\/02\/mE-1877-250x250.jpg\" alt=\"Els arbres de la Moixina\" width=\"250\" height=\"250\" data-ratio=\"1\"\/><\/a><\/figure><div class=\"dp-dfg-header entry-header\"><h2 class=\"entry-title\">Els arbres de la Moixina<\/h2><\/div><div class=\"dp-dfg-custom-content\"><p class=\"dp-dfg-custom-field dp-dfg-cf-autors2\"><span class=\"dp-dfg-custom-field-value\">Josep Costa Sobrepera<\/span><\/p><\/div><\/article><!-- DPDFG End Post Item Container --><article id=\"post-11043\" class=\"dp-dfg-item post-11043 obres_autors type-obres_autors status-publish has-post-thumbnail hentry tipus_tecniques-obra-grafica tecnica_especifica-gravat-sobre-paper autors-joan-barbara-gomez disciplina-obra-grafic \"     data-position=\"432\"   data-new-tab=\"off\"   data-action-priority=\"item\"><figure class=\"dp-dfg-image entry-thumb\"><a href=\"https:\/\/www.museuemporda.org\/?obres_autors=sense-titol-101\" class=\"dp-dfg-image-link\" ><img loading=\"lazy\" decoding=\"async\" class=\"dp-dfg-featured-image\" src=\"https:\/\/www.museuemporda.org\/wp-content\/uploads\/2022\/02\/mE-726-250x250.jpg\" alt=\"Sense t\u00edtol\" width=\"250\" height=\"250\" data-ratio=\"1\"\/><\/a><\/figure><div class=\"dp-dfg-header entry-header\"><h2 class=\"entry-title\">Sense t\u00edtol<\/h2><\/div><div class=\"dp-dfg-custom-content\"><p class=\"dp-dfg-custom-field dp-dfg-cf-autors2\"><span class=\"dp-dfg-custom-field-value\">Joan Barbar\u00e0 G\u00f3mez<\/span><\/p><\/div><\/article><!-- DPDFG End Post Item Container --><article id=\"post-9242\" class=\"dp-dfg-item post-9242 obres_autors type-obres_autors status-publish has-post-thumbnail hentry tecnica_especifica-oli-sobre-tela autors-xavier-casellas-mas disciplina-pintura \"     data-position=\"433\"   data-new-tab=\"off\"   data-action-priority=\"item\"><figure class=\"dp-dfg-image entry-thumb\"><a href=\"https:\/\/www.museuemporda.org\/?obres_autors=creu\" class=\"dp-dfg-image-link\" ><img loading=\"lazy\" decoding=\"async\" class=\"dp-dfg-featured-image\" src=\"https:\/\/www.museuemporda.org\/wp-content\/uploads\/2021\/11\/mE-2511-250x250.jpg\" alt=\"Creu\" width=\"250\" height=\"250\" data-ratio=\"1\"\/><\/a><\/figure><div class=\"dp-dfg-header entry-header\"><h2 class=\"entry-title\">Creu<\/h2><\/div><div class=\"dp-dfg-custom-content\"><p class=\"dp-dfg-custom-field dp-dfg-cf-autors2\"><span class=\"dp-dfg-custom-field-value\">Xavier Casellas Mas<\/span><\/p><\/div><\/article><!-- DPDFG End Post Item Container --><article id=\"post-10180\" class=\"dp-dfg-item post-10180 obres_autors type-obres_autors status-publish has-post-thumbnail hentry tipus_tecniques-obra-grafica autors-eduardo-lozano disciplina-obra-grafic \"     data-position=\"434\"   data-new-tab=\"off\"   data-action-priority=\"item\"><figure class=\"dp-dfg-image entry-thumb\"><a href=\"https:\/\/www.museuemporda.org\/?obres_autors=lonyar\" class=\"dp-dfg-image-link\" ><img loading=\"lazy\" decoding=\"async\" class=\"dp-dfg-featured-image\" src=\"https:\/\/www.museuemporda.org\/wp-content\/uploads\/2022\/01\/mE-1328-250x250.jpg\" alt=\"L&#8217;Onyar\" width=\"250\" height=\"250\" data-ratio=\"1\"\/><\/a><\/figure><div class=\"dp-dfg-header entry-header\"><h2 class=\"entry-title\">L&#8217;Onyar<\/h2><\/div><div class=\"dp-dfg-custom-content\"><p class=\"dp-dfg-custom-field dp-dfg-cf-autors2\"><span class=\"dp-dfg-custom-field-value\">Eduardo Lozano<\/span><\/p><\/div><\/article><!-- DPDFG End Post Item Container --><article id=\"post-13892\" class=\"dp-dfg-item post-13892 obres_autors type-obres_autors status-publish has-post-thumbnail hentry tipus_tecniques-dibuix tecnica_especifica-impressio-digital autors-pep-claparols-i-moret disciplina-dibuix \"     data-position=\"435\"   data-new-tab=\"off\"   data-action-priority=\"item\"><figure class=\"dp-dfg-image entry-thumb\"><a href=\"https:\/\/www.museuemporda.org\/?obres_autors=sense-titol-285\" class=\"dp-dfg-image-link\" ><img loading=\"lazy\" decoding=\"async\" class=\"dp-dfg-featured-image\" src=\"https:\/\/www.museuemporda.org\/wp-content\/uploads\/2023\/06\/ME2647-PEP98-250x250.jpg\" alt=\"Sense t\u00edtol\" width=\"250\" height=\"250\" data-ratio=\"1\"\/><\/a><\/figure><div class=\"dp-dfg-header entry-header\"><h2 class=\"entry-title\">Sense t\u00edtol<\/h2><\/div><div class=\"dp-dfg-custom-content\"><p class=\"dp-dfg-custom-field dp-dfg-cf-autors2\"><span class=\"dp-dfg-custom-field-value\">Pep Claparols i Moret<\/span><\/p><\/div><\/article><!-- DPDFG End Post Item Container --><article id=\"post-10902\" class=\"dp-dfg-item post-10902 obres_autors type-obres_autors status-publish has-post-thumbnail hentry tipus_tecniques-pintura tecnica_especifica-oli-sobre-tela autors-escola-veneciana disciplina-pintura \"     data-position=\"436\"   data-new-tab=\"off\"   data-action-priority=\"item\"><figure class=\"dp-dfg-image entry-thumb\"><a href=\"https:\/\/www.museuemporda.org\/?obres_autors=crist-i-el-centurio\" class=\"dp-dfg-image-link\" ><img loading=\"lazy\" decoding=\"async\" class=\"dp-dfg-featured-image\" src=\"https:\/\/www.museuemporda.org\/wp-content\/uploads\/2022\/02\/mE-1397-250x250.jpg\" alt=\"Crist i el centuri\u00f3\" width=\"250\" height=\"250\" data-ratio=\"1\"\/><\/a><\/figure><div class=\"dp-dfg-header entry-header\"><h2 class=\"entry-title\">Crist i el centuri\u00f3<\/h2><\/div><div class=\"dp-dfg-custom-content\"><p class=\"dp-dfg-custom-field dp-dfg-cf-autors2\"><span class=\"dp-dfg-custom-field-value\">Escola veneciana<\/span><\/p><\/div><\/article><!-- DPDFG End Post Item Container --><article id=\"post-13908\" class=\"dp-dfg-item post-13908 obres_autors type-obres_autors status-publish has-post-thumbnail hentry tipus_tecniques-dibuix tecnica_especifica-impressio-digital autors-pep-claparols-i-moret disciplina-dibuix \"     data-position=\"437\"   data-new-tab=\"off\"   data-action-priority=\"item\"><figure class=\"dp-dfg-image entry-thumb\"><a href=\"https:\/\/www.museuemporda.org\/?obres_autors=sense-titol-293\" class=\"dp-dfg-image-link\" ><img loading=\"lazy\" decoding=\"async\" class=\"dp-dfg-featured-image\" src=\"https:\/\/www.museuemporda.org\/wp-content\/uploads\/2023\/06\/ME2655-PEP98-250x250.jpg\" alt=\"Sense t\u00edtol\" width=\"250\" height=\"250\" data-ratio=\"1\"\/><\/a><\/figure><div class=\"dp-dfg-header entry-header\"><h2 class=\"entry-title\">Sense t\u00edtol<\/h2><\/div><div class=\"dp-dfg-custom-content\"><p class=\"dp-dfg-custom-field dp-dfg-cf-autors2\"><span class=\"dp-dfg-custom-field-value\">Pep Claparols i Moret<\/span><\/p><\/div><\/article><!-- DPDFG End Post Item Container --><article id=\"post-14043\" class=\"dp-dfg-item post-14043 obres_autors type-obres_autors status-publish has-post-thumbnail hentry tipus_tecniques-dibuix tecnica_especifica-impressio-digital autors-pep-claparols-i-moret disciplina-dibuix \"     data-position=\"438\"   data-new-tab=\"off\"   data-action-priority=\"item\"><figure class=\"dp-dfg-image entry-thumb\"><a href=\"https:\/\/www.museuemporda.org\/?obres_autors=sense-titol-356\" class=\"dp-dfg-image-link\" ><img loading=\"lazy\" decoding=\"async\" class=\"dp-dfg-featured-image\" src=\"https:\/\/www.museuemporda.org\/wp-content\/uploads\/2023\/06\/ME2718-PEP2016-250x250.jpg\" alt=\"Sense t\u00edtol\" width=\"250\" height=\"250\" data-ratio=\"1\"\/><\/a><\/figure><div class=\"dp-dfg-header entry-header\"><h2 class=\"entry-title\">Sense t\u00edtol<\/h2><\/div><div class=\"dp-dfg-custom-content\"><p class=\"dp-dfg-custom-field dp-dfg-cf-autors2\"><span class=\"dp-dfg-custom-field-value\">Pep Claparols i Moret<\/span><\/p><\/div><\/article><!-- DPDFG End Post Item Container --><article id=\"post-12060\" class=\"dp-dfg-item post-12060 obres_autors type-obres_autors status-publish has-post-thumbnail hentry tipus_tecniques-pintura tecnica_especifica-aquarella autors-angel-vila-auli disciplina-pintura \"     data-position=\"439\"   data-new-tab=\"off\"   data-action-priority=\"item\"><figure class=\"dp-dfg-image entry-thumb\"><a href=\"https:\/\/www.museuemporda.org\/?obres_autors=placa-dolot\" class=\"dp-dfg-image-link\" ><img loading=\"lazy\" decoding=\"async\" class=\"dp-dfg-featured-image\" src=\"https:\/\/www.museuemporda.org\/wp-content\/uploads\/2022\/02\/mE-1095-250x250.jpg\" alt=\"Pla\u00e7a d&#8217;Olot\" width=\"250\" height=\"250\" data-ratio=\"1\"\/><\/a><\/figure><div class=\"dp-dfg-header entry-header\"><h2 class=\"entry-title\">Pla\u00e7a d&#8217;Olot<\/h2><\/div><div class=\"dp-dfg-custom-content\"><p class=\"dp-dfg-custom-field dp-dfg-cf-autors2\"><span class=\"dp-dfg-custom-field-value\">\u00c0ngel Vila Aul\u00ed<\/span><\/p><\/div><\/article><!-- DPDFG End Post Item Container --><article id=\"post-9828\" class=\"dp-dfg-item post-9828 obres_autors type-obres_autors status-publish has-post-thumbnail hentry tipus_tecniques-fotografia tecnica_especifica-fotografia autors-jordi-puig disciplina-fotografia \"     data-position=\"440\"   data-new-tab=\"off\"   data-action-priority=\"item\"><figure class=\"dp-dfg-image entry-thumb\"><a href=\"https:\/\/www.museuemporda.org\/?obres_autors=silencis-4\" class=\"dp-dfg-image-link\" ><img loading=\"lazy\" decoding=\"async\" class=\"dp-dfg-featured-image\" src=\"https:\/\/www.museuemporda.org\/wp-content\/uploads\/2022\/01\/3.jpg_1-250x250.jpg\" alt=\"Silencis &#8211; Joaquim Bech Vius\u00e0\" width=\"250\" height=\"250\" data-ratio=\"1\"\/><\/a><\/figure><div class=\"dp-dfg-header entry-header\"><h2 class=\"entry-title\">Silencis &#8211; Joaquim Bech Vius\u00e0<\/h2><\/div><div class=\"dp-dfg-custom-content\"><p class=\"dp-dfg-custom-field dp-dfg-cf-autors2\"><span class=\"dp-dfg-custom-field-value\">Jordi Puig<\/span><\/p><\/div><\/article><!-- DPDFG End Post Item Container --><article id=\"post-13912\" class=\"dp-dfg-item post-13912 obres_autors type-obres_autors status-publish has-post-thumbnail hentry tipus_tecniques-dibuix tecnica_especifica-impressio-digital autors-pep-claparols-i-moret disciplina-dibuix \"     data-position=\"441\"   data-new-tab=\"off\"   data-action-priority=\"item\"><figure class=\"dp-dfg-image entry-thumb\"><a href=\"https:\/\/www.museuemporda.org\/?obres_autors=sense-titol-295\" class=\"dp-dfg-image-link\" ><img loading=\"lazy\" decoding=\"async\" class=\"dp-dfg-featured-image\" src=\"https:\/\/www.museuemporda.org\/wp-content\/uploads\/2023\/06\/ME2657-PEP98-250x250.jpg\" alt=\"Sense t\u00edtol\" width=\"250\" height=\"250\" data-ratio=\"1\"\/><\/a><\/figure><div class=\"dp-dfg-header entry-header\"><h2 class=\"entry-title\">Sense t\u00edtol<\/h2><\/div><div class=\"dp-dfg-custom-content\"><p class=\"dp-dfg-custom-field dp-dfg-cf-autors2\"><span class=\"dp-dfg-custom-field-value\">Pep Claparols i Moret<\/span><\/p><\/div><\/article><!-- DPDFG End Post Item Container --><article id=\"post-10603\" class=\"dp-dfg-item post-10603 obres_autors type-obres_autors status-publish has-post-thumbnail hentry tipus_tecniques-pintura tecnica_especifica-oli-sobre-tela autors-josep-ministral-agusti disciplina-pintura \"     data-position=\"442\"   data-new-tab=\"off\"   data-action-priority=\"item\"><figure class=\"dp-dfg-image entry-thumb\"><a href=\"https:\/\/www.museuemporda.org\/?obres_autors=sense-titol-86\" class=\"dp-dfg-image-link\" ><img loading=\"lazy\" decoding=\"async\" class=\"dp-dfg-featured-image\" src=\"https:\/\/www.museuemporda.org\/wp-content\/uploads\/2022\/02\/mE-2157-250x250.jpg\" alt=\"Sense t\u00edtol\" width=\"250\" height=\"250\" data-ratio=\"1\"\/><\/a><\/figure><div class=\"dp-dfg-header entry-header\"><h2 class=\"entry-title\">Sense t\u00edtol<\/h2><\/div><div class=\"dp-dfg-custom-content\"><p class=\"dp-dfg-custom-field dp-dfg-cf-autors2\"><span class=\"dp-dfg-custom-field-value\">Josep Ministral Agust\u00ed<\/span><\/p><\/div><\/article><!-- DPDFG End Post Item Container --><article id=\"post-9133\" class=\"dp-dfg-item post-9133 obres_autors type-obres_autors status-publish has-post-thumbnail hentry tecnica_especifica-ceramica-de-la-costa-catalana autors-autoria-desconeguda disciplina-arqueologia \"     data-position=\"443\"   data-new-tab=\"off\"   data-action-priority=\"item\"><figure class=\"dp-dfg-image entry-thumb\"><a href=\"https:\/\/www.museuemporda.org\/?obres_autors=copa\" class=\"dp-dfg-image-link\" ><img loading=\"lazy\" decoding=\"async\" class=\"dp-dfg-featured-image\" src=\"https:\/\/www.museuemporda.org\/wp-content\/uploads\/2021\/11\/mE-517-250x250.jpg\" alt=\"Copa\" width=\"250\" height=\"250\" data-ratio=\"1\"\/><\/a><\/figure><div class=\"dp-dfg-header entry-header\"><h2 class=\"entry-title\">Copa<\/h2><\/div><div class=\"dp-dfg-custom-content\"><p class=\"dp-dfg-custom-field dp-dfg-cf-autors2\"><span class=\"dp-dfg-custom-field-value\">Autoria desconeguda<\/span><\/p><\/div><\/article><!-- DPDFG End Post Item Container --><article id=\"post-10921\" class=\"dp-dfg-item post-10921 obres_autors type-obres_autors status-publish has-post-thumbnail hentry tipus_tecniques-dibuix tecnica_especifica-dibuix-sobre-paper autors-ramon-aguilar-more disciplina-dibuix \"     data-position=\"444\"   data-new-tab=\"off\"   data-action-priority=\"item\"><figure class=\"dp-dfg-image entry-thumb\"><a href=\"https:\/\/www.museuemporda.org\/?obres_autors=sense-titol-93\" class=\"dp-dfg-image-link\" ><img loading=\"lazy\" decoding=\"async\" class=\"dp-dfg-featured-image\" src=\"https:\/\/www.museuemporda.org\/wp-content\/uploads\/2022\/02\/mE-2306-250x250.jpg\" alt=\"Sense t\u00edtol\" width=\"250\" height=\"250\" data-ratio=\"1\"\/><\/a><\/figure><div class=\"dp-dfg-header entry-header\"><h2 class=\"entry-title\">Sense t\u00edtol<\/h2><\/div><div class=\"dp-dfg-custom-content\"><p class=\"dp-dfg-custom-field dp-dfg-cf-autors2\"><span class=\"dp-dfg-custom-field-value\">Ramon Aguilar Mor\u00e9<\/span><\/p><\/div><\/article><!-- DPDFG End Post Item Container --><article id=\"post-6052\" class=\"dp-dfg-item post-6052 obres_autors type-obres_autors status-publish has-post-thumbnail hentry tecnica_especifica-oli-sobre-fusta autors-antoni-pitxot-soler disciplina-pintura \"     data-position=\"445\"   data-new-tab=\"off\"   data-action-priority=\"item\"><figure class=\"dp-dfg-image entry-thumb\"><a href=\"https:\/\/www.museuemporda.org\/?obres_autors=violoncellista\" class=\"dp-dfg-image-link\" ><img loading=\"lazy\" decoding=\"async\" class=\"dp-dfg-featured-image\" src=\"https:\/\/www.museuemporda.org\/wp-content\/uploads\/2020\/04\/mE-1562-250x250.jpg\" alt=\"Violoncel\u00b7lista\" width=\"250\" height=\"250\" data-ratio=\"1\"\/><\/a><\/figure><div class=\"dp-dfg-header entry-header\"><h2 class=\"entry-title\">Violoncel\u00b7lista<\/h2><\/div><div class=\"dp-dfg-custom-content\"><p class=\"dp-dfg-custom-field dp-dfg-cf-autors2\"><span class=\"dp-dfg-custom-field-value\">Antoni Pitxot Soler<\/span><\/p><\/div><\/article><!-- DPDFG End Post Item Container --><article id=\"post-14199\" class=\"dp-dfg-item post-14199 obres_autors type-obres_autors status-publish has-post-thumbnail hentry tipus_tecniques-obra-grafica tecnica_especifica-impressio-digital autors-joan-antoni-poch disciplina-obra-grafic \"     data-position=\"446\"   data-new-tab=\"off\"   data-action-priority=\"item\"><figure class=\"dp-dfg-image entry-thumb\"><a href=\"https:\/\/www.museuemporda.org\/?obres_autors=sense-titol-425\" class=\"dp-dfg-image-link\" ><img loading=\"lazy\" decoding=\"async\" class=\"dp-dfg-featured-image\" src=\"https:\/\/www.museuemporda.org\/wp-content\/uploads\/2023\/07\/ME2810-JAP-250x250.jpg\" alt=\"Sense t\u00edtol\" width=\"250\" height=\"250\" data-ratio=\"1\"\/><\/a><\/figure><div class=\"dp-dfg-header entry-header\"><h2 class=\"entry-title\">Sense t\u00edtol<\/h2><\/div><div class=\"dp-dfg-custom-content\"><p class=\"dp-dfg-custom-field dp-dfg-cf-autors2\"><span class=\"dp-dfg-custom-field-value\">Joan Antoni Poch<\/span><\/p><\/div><\/article><!-- DPDFG End Post Item Container --><article id=\"post-8080\" class=\"dp-dfg-item post-8080 obres_autors type-obres_autors status-publish has-post-thumbnail hentry tecnica_especifica-serigrafia autors-pic-adrian disciplina-obra-grafic \"     data-position=\"447\"   data-new-tab=\"off\"   data-action-priority=\"item\"><figure class=\"dp-dfg-image entry-thumb\"><a href=\"https:\/\/www.museuemporda.org\/?obres_autors=sense-titol-de-la-serie-10-condizioni-lineari-di-segnaletica-aleatoria\" class=\"dp-dfg-image-link\" ><img loading=\"lazy\" decoding=\"async\" class=\"dp-dfg-featured-image\" src=\"https:\/\/www.museuemporda.org\/wp-content\/uploads\/2021\/08\/mE-1475_2019-250x250.jpg\" alt=\"Sense t\u00edtol [de la s\u00e8rie 10 condizioni lineari di segnaletica aleatoria]\" width=\"250\" height=\"250\" data-ratio=\"1\"\/><\/a><\/figure><div class=\"dp-dfg-header entry-header\"><h2 class=\"entry-title\">Sense t\u00edtol [de la s\u00e8rie 10 condizioni lineari di segnaletica aleatoria]<\/h2><\/div><div class=\"dp-dfg-custom-content\"><p class=\"dp-dfg-custom-field dp-dfg-cf-autors2\"><span class=\"dp-dfg-custom-field-value\">Pic Adrian<\/span><\/p><\/div><\/article><!-- DPDFG End Post Item Container --><article id=\"post-9810\" class=\"dp-dfg-item post-9810 obres_autors type-obres_autors status-publish has-post-thumbnail hentry tipus_tecniques-fotografia tecnica_especifica-fotografia autors-francesc-guillamet-ferran disciplina-fotografia \"     data-position=\"448\"   data-new-tab=\"off\"   data-action-priority=\"item\"><figure class=\"dp-dfg-image entry-thumb\"><a href=\"https:\/\/www.museuemporda.org\/?obres_autors=bacalla-a-la-mussolina-dall\" class=\"dp-dfg-image-link\" ><img loading=\"lazy\" decoding=\"async\" class=\"dp-dfg-featured-image\" src=\"https:\/\/www.museuemporda.org\/wp-content\/uploads\/2022\/01\/mE-2517-250x250.jpg\" alt=\"Bacall\u00e0 a la mussolina d&#8217;all\" width=\"250\" height=\"250\" data-ratio=\"1\"\/><\/a><\/figure><div class=\"dp-dfg-header entry-header\"><h2 class=\"entry-title\">Bacall\u00e0 a la mussolina d&#8217;all<\/h2><\/div><div class=\"dp-dfg-custom-content\"><p class=\"dp-dfg-custom-field dp-dfg-cf-autors2\"><span class=\"dp-dfg-custom-field-value\">Francesc Guillamet Ferran<\/span><\/p><\/div><\/article><!-- DPDFG End Post Item Container --><article id=\"post-5880\" class=\"dp-dfg-item post-5880 obres_autors type-obres_autors status-publish has-post-thumbnail hentry tecnica_especifica-oli-sobre-tela autors-antoni-tapies-puig disciplina-pintura \"     data-position=\"449\"   data-new-tab=\"off\"   data-action-priority=\"item\"><figure class=\"dp-dfg-image entry-thumb\"><a href=\"https:\/\/www.museuemporda.org\/?obres_autors=dona-amb-blaus\" class=\"dp-dfg-image-link\" ><img loading=\"lazy\" decoding=\"async\" class=\"dp-dfg-featured-image\" src=\"https:\/\/www.museuemporda.org\/wp-content\/uploads\/2020\/04\/mE-718-250x250.jpg\" alt=\"Dona amb blaus\" width=\"250\" height=\"250\" data-ratio=\"1\"\/><\/a><\/figure><div class=\"dp-dfg-header entry-header\"><h2 class=\"entry-title\">Dona amb blaus<\/h2><\/div><div class=\"dp-dfg-custom-content\"><p class=\"dp-dfg-custom-field dp-dfg-cf-autors2\"><span class=\"dp-dfg-custom-field-value\">Antoni T\u00e0pies Puig<\/span><\/p><\/div><\/article><!-- DPDFG End Post Item Container --><article id=\"post-10388\" class=\"dp-dfg-item post-10388 obres_autors type-obres_autors status-publish has-post-thumbnail hentry tipus_tecniques-escultura tecnica_especifica-guix autors-artur-novoa-cabra disciplina-escultura \"     data-position=\"450\"   data-new-tab=\"off\"   data-action-priority=\"item\"><figure class=\"dp-dfg-image entry-thumb\"><a href=\"https:\/\/www.museuemporda.org\/?obres_autors=sense-titol-57\" class=\"dp-dfg-image-link\" ><img loading=\"lazy\" decoding=\"async\" class=\"dp-dfg-featured-image\" src=\"https:\/\/www.museuemporda.org\/wp-content\/uploads\/2022\/01\/mE-1911-250x250.jpg\" alt=\"Sense t\u00edtol\" width=\"250\" height=\"250\" data-ratio=\"1\"\/><\/a><\/figure><div class=\"dp-dfg-header entry-header\"><h2 class=\"entry-title\">Sense t\u00edtol<\/h2><\/div><div class=\"dp-dfg-custom-content\"><p class=\"dp-dfg-custom-field dp-dfg-cf-autors2\"><span class=\"dp-dfg-custom-field-value\">Artur Novoa Cabra<\/span><\/p><\/div><\/article><!-- DPDFG End Post Item Container --><article id=\"post-10562\" class=\"dp-dfg-item post-10562 obres_autors type-obres_autors status-publish has-post-thumbnail hentry tipus_tecniques-dibuix tecnica_especifica-dibuix-sobre-paper autors-maria-baig-minobis disciplina-dibuix \"     data-position=\"451\"   data-new-tab=\"off\"   data-action-priority=\"item\"><figure class=\"dp-dfg-image entry-thumb\"><a href=\"https:\/\/www.museuemporda.org\/?obres_autors=pallassos-amb-cavall\" class=\"dp-dfg-image-link\" ><img loading=\"lazy\" decoding=\"async\" class=\"dp-dfg-featured-image\" src=\"https:\/\/www.museuemporda.org\/wp-content\/uploads\/2022\/02\/mE-1874-250x250.jpg\" alt=\"Pallassos amb cavall\" width=\"250\" height=\"250\" data-ratio=\"1\"\/><\/a><\/figure><div class=\"dp-dfg-header entry-header\"><h2 class=\"entry-title\">Pallassos amb cavall<\/h2><\/div><div class=\"dp-dfg-custom-content\"><p class=\"dp-dfg-custom-field dp-dfg-cf-autors2\"><span class=\"dp-dfg-custom-field-value\">Mari\u00e0 Baig Minobis<\/span><\/p><\/div><\/article><!-- DPDFG End Post Item Container --><article id=\"post-14409\" class=\"dp-dfg-item post-14409 obres_autors type-obres_autors status-publish has-post-thumbnail hentry tipus_tecniques-pintura tecnica_especifica-oli-sobre-tela autors-rosa-genis-perramon disciplina-pintura \"     data-position=\"452\"   data-new-tab=\"off\"   data-action-priority=\"item\"><figure class=\"dp-dfg-image entry-thumb\"><a href=\"https:\/\/www.museuemporda.org\/?obres_autors=sense-titol-520\" class=\"dp-dfg-image-link\" ><img loading=\"lazy\" decoding=\"async\" class=\"dp-dfg-featured-image\" src=\"https:\/\/www.museuemporda.org\/wp-content\/uploads\/2023\/07\/JPH5107-250x250.jpg\" alt=\"Sense t\u00edtol\" width=\"250\" height=\"250\" data-ratio=\"1\"\/><\/a><\/figure><div class=\"dp-dfg-header entry-header\"><h2 class=\"entry-title\">Sense t\u00edtol<\/h2><\/div><div class=\"dp-dfg-custom-content\"><p class=\"dp-dfg-custom-field dp-dfg-cf-autors2\"><span class=\"dp-dfg-custom-field-value\">Rosa Gen\u00eds Perramon<\/span><\/p><\/div><\/article><!-- DPDFG End Post Item Container --><article id=\"post-8099\" class=\"dp-dfg-item post-8099 obres_autors type-obres_autors status-publish has-post-thumbnail hentry tecnica_especifica-oli-sobre-tela autors-josep-bonaterra-gras disciplina-pintura \"     data-position=\"453\"   data-new-tab=\"off\"   data-action-priority=\"item\"><figure class=\"dp-dfg-image entry-thumb\"><a href=\"https:\/\/www.museuemporda.org\/?obres_autors=paisatge-11\" class=\"dp-dfg-image-link\" ><img loading=\"lazy\" decoding=\"async\" class=\"dp-dfg-featured-image\" src=\"https:\/\/www.museuemporda.org\/wp-content\/uploads\/2021\/08\/mE-748-250x250.jpg\" alt=\"Paisatge\" width=\"250\" height=\"250\" data-ratio=\"1\"\/><\/a><\/figure><div class=\"dp-dfg-header entry-header\"><h2 class=\"entry-title\">Paisatge<\/h2><\/div><div class=\"dp-dfg-custom-content\"><p class=\"dp-dfg-custom-field dp-dfg-cf-autors2\"><span class=\"dp-dfg-custom-field-value\">Josep Bonaterra Gras<\/span><\/p><\/div><\/article><!-- DPDFG End Post Item Container --><article id=\"post-8350\" class=\"dp-dfg-item post-8350 obres_autors type-obres_autors status-publish has-post-thumbnail hentry autors-autoria-desconeguda disciplina-arqueologia \"     data-position=\"454\"   data-new-tab=\"off\"   data-action-priority=\"item\"><figure class=\"dp-dfg-image entry-thumb\"><a href=\"https:\/\/www.museuemporda.org\/?obres_autors=kantharos\" class=\"dp-dfg-image-link\" ><img loading=\"lazy\" decoding=\"async\" class=\"dp-dfg-featured-image\" src=\"https:\/\/www.museuemporda.org\/wp-content\/uploads\/2021\/08\/ME-350-1-250x250.jpg\" alt=\"Kantharos\" width=\"250\" height=\"250\" data-ratio=\"1\"\/><\/a><\/figure><div class=\"dp-dfg-header entry-header\"><h2 class=\"entry-title\">Kantharos<\/h2><\/div><div class=\"dp-dfg-custom-content\"><p class=\"dp-dfg-custom-field dp-dfg-cf-autors2\"><span class=\"dp-dfg-custom-field-value\">Autoria desconeguda<\/span><\/p><\/div><\/article><!-- DPDFG End Post Item Container --><article id=\"post-10577\" class=\"dp-dfg-item post-10577 obres_autors type-obres_autors status-publish has-post-thumbnail hentry tipus_tecniques-dibuix tecnica_especifica-dibuix-sobre-paper autors-maria-llavanera-miralles disciplina-dibuix \"     data-position=\"455\"   data-new-tab=\"off\"   data-action-priority=\"item\"><figure class=\"dp-dfg-image entry-thumb\"><a href=\"https:\/\/www.museuemporda.org\/?obres_autors=autoretrat-10\" class=\"dp-dfg-image-link\" ><img loading=\"lazy\" decoding=\"async\" class=\"dp-dfg-featured-image\" src=\"https:\/\/www.museuemporda.org\/wp-content\/uploads\/2022\/02\/mE-2297-2018-250x250.jpg\" alt=\"Autoretrat\" width=\"250\" height=\"250\" data-ratio=\"1\"\/><\/a><\/figure><div class=\"dp-dfg-header entry-header\"><h2 class=\"entry-title\">Autoretrat<\/h2><\/div><div class=\"dp-dfg-custom-content\"><p class=\"dp-dfg-custom-field dp-dfg-cf-autors2\"><span class=\"dp-dfg-custom-field-value\">Mari\u00e0 Llavanera Miralles<\/span><\/p><\/div><\/article><!-- DPDFG End Post Item Container --><article id=\"post-11404\" class=\"dp-dfg-item post-11404 obres_autors type-obres_autors status-publish has-post-thumbnail hentry tipus_tecniques-pintura tecnica_especifica-tecnica-mixta-sobre-tela autors-diego-de-giraldez disciplina-pintura \"     data-position=\"456\"   data-new-tab=\"off\"   data-action-priority=\"item\"><figure class=\"dp-dfg-image entry-thumb\"><a href=\"https:\/\/www.museuemporda.org\/?obres_autors=el-enfermo\" class=\"dp-dfg-image-link\" ><img loading=\"lazy\" decoding=\"async\" class=\"dp-dfg-featured-image\" src=\"https:\/\/www.museuemporda.org\/wp-content\/uploads\/2022\/02\/mE-1526-250x250.jpg\" alt=\"El enfermo\" width=\"250\" height=\"250\" data-ratio=\"1\"\/><\/a><\/figure><div class=\"dp-dfg-header entry-header\"><h2 class=\"entry-title\">El enfermo<\/h2><\/div><div class=\"dp-dfg-custom-content\"><p class=\"dp-dfg-custom-field dp-dfg-cf-autors2\"><span class=\"dp-dfg-custom-field-value\">Diego de Gir\u00e1ldez<\/span><\/p><\/div><\/article><!-- DPDFG End Post Item Container --><article id=\"post-13769\" class=\"dp-dfg-item post-13769 obres_autors type-obres_autors status-publish has-post-thumbnail hentry tipus_tecniques-dibuix tecnica_especifica-aquarella-sobre-paper-2 tecnica_especifica-tinta-sobre-paper autors-juliette-murphy disciplina-dibuix \"     data-position=\"457\"   data-new-tab=\"off\"   data-action-priority=\"item\"><figure class=\"dp-dfg-image entry-thumb\"><a href=\"https:\/\/www.museuemporda.org\/?obres_autors=sense-titol-229\" class=\"dp-dfg-image-link\" ><img loading=\"lazy\" decoding=\"async\" class=\"dp-dfg-featured-image\" src=\"https:\/\/www.museuemporda.org\/wp-content\/uploads\/2023\/06\/ME2591-MURPHY13-250x250.jpg\" alt=\"Sense t\u00edtol\" width=\"250\" height=\"250\" data-ratio=\"1\"\/><\/a><\/figure><div class=\"dp-dfg-header entry-header\"><h2 class=\"entry-title\">Sense t\u00edtol<\/h2><\/div><div class=\"dp-dfg-custom-content\"><p class=\"dp-dfg-custom-field dp-dfg-cf-autors2\"><span class=\"dp-dfg-custom-field-value\">Juliette Murphy<\/span><\/p><\/div><\/article><!-- DPDFG End Post Item Container --><article id=\"post-8143\" class=\"dp-dfg-item post-8143 obres_autors type-obres_autors status-publish has-post-thumbnail hentry autors-autoria-desconeguda disciplina-arqueologia \"     data-position=\"458\"   data-new-tab=\"off\"   data-action-priority=\"item\"><figure class=\"dp-dfg-image entry-thumb\"><a href=\"https:\/\/www.museuemporda.org\/?obres_autors=fragment-de-vas-2\" class=\"dp-dfg-image-link\" ><img loading=\"lazy\" decoding=\"async\" class=\"dp-dfg-featured-image\" src=\"https:\/\/www.museuemporda.org\/wp-content\/uploads\/2021\/08\/ME-552_2-250x250.jpg\" alt=\"Fragment de vas\" width=\"250\" height=\"250\" data-ratio=\"1\"\/><\/a><\/figure><div class=\"dp-dfg-header entry-header\"><h2 class=\"entry-title\">Fragment de vas<\/h2><\/div><div class=\"dp-dfg-custom-content\"><p class=\"dp-dfg-custom-field dp-dfg-cf-autors2\"><span class=\"dp-dfg-custom-field-value\">Autoria desconeguda<\/span><\/p><\/div><\/article><!-- DPDFG End Post Item Container --><article id=\"post-10421\" class=\"dp-dfg-item post-10421 obres_autors type-obres_autors status-publish has-post-thumbnail hentry tipus_tecniques-pintura tecnica_especifica-tecnica-mixta-sobre-cartro autors-gabriel-sanz-romero disciplina-pintura \"     data-position=\"459\"   data-new-tab=\"off\"   data-action-priority=\"item\"><figure class=\"dp-dfg-image entry-thumb\"><a href=\"https:\/\/www.museuemporda.org\/?obres_autors=sense-titol-70\" class=\"dp-dfg-image-link\" ><img loading=\"lazy\" decoding=\"async\" class=\"dp-dfg-featured-image\" src=\"https:\/\/www.museuemporda.org\/wp-content\/uploads\/2022\/01\/mE-2256-250x250.jpg\" alt=\"Sense t\u00edtol\" width=\"250\" height=\"250\" data-ratio=\"1\"\/><\/a><\/figure><div class=\"dp-dfg-header entry-header\"><h2 class=\"entry-title\">Sense t\u00edtol<\/h2><\/div><div class=\"dp-dfg-custom-content\"><p class=\"dp-dfg-custom-field dp-dfg-cf-autors2\"><span class=\"dp-dfg-custom-field-value\">Gabriel Sanz Romero <\/span><\/p><\/div><\/article><!-- DPDFG End Post Item Container --><article id=\"post-11827\" class=\"dp-dfg-item post-11827 obres_autors type-obres_autors status-publish has-post-thumbnail hentry tipus_tecniques-pintura tecnica_especifica-oli-sobre-tela autors-ramon-pichot-soler disciplina-pintura \"     data-position=\"460\"   data-new-tab=\"off\"   data-action-priority=\"item\"><figure class=\"dp-dfg-image entry-thumb\"><a href=\"https:\/\/www.museuemporda.org\/?obres_autors=retrat-de-josep-maria-alavedra-fau\" class=\"dp-dfg-image-link\" ><img loading=\"lazy\" decoding=\"async\" class=\"dp-dfg-featured-image\" src=\"https:\/\/www.museuemporda.org\/wp-content\/uploads\/2022\/02\/mE-2372-1-250x250.jpg\" alt=\"Retrat de Josep Maria Alavedra Fau\" width=\"250\" height=\"250\" data-ratio=\"1\"\/><\/a><\/figure><div class=\"dp-dfg-header entry-header\"><h2 class=\"entry-title\">Retrat de Josep Maria Alavedra Fau<\/h2><\/div><div class=\"dp-dfg-custom-content\"><p class=\"dp-dfg-custom-field dp-dfg-cf-autors2\"><span class=\"dp-dfg-custom-field-value\">Ramon Pichot Soler<\/span><\/p><\/div><\/article><!-- DPDFG End Post Item Container --><article id=\"post-8911\" class=\"dp-dfg-item post-8911 obres_autors type-obres_autors status-publish has-post-thumbnail hentry tecnica_especifica-oli-sobre-tela autors-josep-puigdengolas-barella disciplina-pintura \"     data-position=\"461\"   data-new-tab=\"off\"   data-action-priority=\"item\"><figure class=\"dp-dfg-image entry-thumb\"><a href=\"https:\/\/www.museuemporda.org\/?obres_autors=paisatge-del-montseny\" class=\"dp-dfg-image-link\" ><img loading=\"lazy\" decoding=\"async\" class=\"dp-dfg-featured-image\" src=\"https:\/\/www.museuemporda.org\/wp-content\/uploads\/2021\/11\/mE-684-250x250.jpg\" alt=\"Paisatge del Montseny\" width=\"250\" height=\"250\" data-ratio=\"1\"\/><\/a><\/figure><div class=\"dp-dfg-header entry-header\"><h2 class=\"entry-title\">Paisatge del Montseny<\/h2><\/div><div class=\"dp-dfg-custom-content\"><p class=\"dp-dfg-custom-field dp-dfg-cf-autors2\"><span class=\"dp-dfg-custom-field-value\">Josep Puigdengolas Barella<\/span><\/p><\/div><\/article><!-- DPDFG End Post Item Container --><article id=\"post-10605\" class=\"dp-dfg-item post-10605 obres_autors type-obres_autors status-publish has-post-thumbnail hentry tipus_tecniques-obra-grafica tecnica_especifica-obra-grafica autors-josep-ministral-agusti disciplina-obra-grafic \"     data-position=\"462\"   data-new-tab=\"off\"   data-action-priority=\"item\"><figure class=\"dp-dfg-image entry-thumb\"><a href=\"https:\/\/www.museuemporda.org\/?obres_autors=sense-titol-87\" class=\"dp-dfg-image-link\" ><img loading=\"lazy\" decoding=\"async\" class=\"dp-dfg-featured-image\" src=\"https:\/\/www.museuemporda.org\/wp-content\/uploads\/2022\/02\/mE-2325-250x250.jpg\" alt=\"Sense t\u00edtol\" width=\"250\" height=\"250\" data-ratio=\"1\"\/><\/a><\/figure><div class=\"dp-dfg-header entry-header\"><h2 class=\"entry-title\">Sense t\u00edtol<\/h2><\/div><div class=\"dp-dfg-custom-content\"><p class=\"dp-dfg-custom-field dp-dfg-cf-autors2\"><span class=\"dp-dfg-custom-field-value\">Josep Ministral Agust\u00ed<\/span><\/p><\/div><\/article><!-- DPDFG End Post Item Container --><article id=\"post-10396\" class=\"dp-dfg-item post-10396 obres_autors type-obres_autors status-publish has-post-thumbnail hentry tipus_tecniques-escultura tecnica_especifica-guix autors-artur-novoa-cabra disciplina-escultura \"     data-position=\"463\"   data-new-tab=\"off\"   data-action-priority=\"item\"><figure class=\"dp-dfg-image entry-thumb\"><a href=\"https:\/\/www.museuemporda.org\/?obres_autors=sense-titol-61\" class=\"dp-dfg-image-link\" ><img loading=\"lazy\" decoding=\"async\" class=\"dp-dfg-featured-image\" src=\"https:\/\/www.museuemporda.org\/wp-content\/uploads\/2022\/01\/mE-1915-250x250.jpg\" alt=\"Sense t\u00edtol\" width=\"250\" height=\"250\" data-ratio=\"1\"\/><\/a><\/figure><div class=\"dp-dfg-header entry-header\"><h2 class=\"entry-title\">Sense t\u00edtol<\/h2><\/div><div class=\"dp-dfg-custom-content\"><p class=\"dp-dfg-custom-field dp-dfg-cf-autors2\"><span class=\"dp-dfg-custom-field-value\">Artur Novoa Cabra<\/span><\/p><\/div><\/article><!-- DPDFG End Post Item Container --><article id=\"post-8115\" class=\"dp-dfg-item post-8115 obres_autors type-obres_autors status-publish has-post-thumbnail hentry tecnica_especifica-tecnica-mixta-sobre-paper autors-jaume-turro-brunet disciplina-pintura \"     data-position=\"464\"   data-new-tab=\"off\"   data-action-priority=\"item\"><figure class=\"dp-dfg-image entry-thumb\"><a href=\"https:\/\/www.museuemporda.org\/?obres_autors=sense-titol-6\" class=\"dp-dfg-image-link\" ><img loading=\"lazy\" decoding=\"async\" class=\"dp-dfg-featured-image\" src=\"https:\/\/www.museuemporda.org\/wp-content\/uploads\/2021\/08\/mE-2282-250x250.jpg\" alt=\"Sense t\u00edtol\" width=\"250\" height=\"250\" data-ratio=\"1\"\/><\/a><\/figure><div class=\"dp-dfg-header entry-header\"><h2 class=\"entry-title\">Sense t\u00edtol<\/h2><\/div><div class=\"dp-dfg-custom-content\"><p class=\"dp-dfg-custom-field dp-dfg-cf-autors2\"><span class=\"dp-dfg-custom-field-value\">Jaume Turr\u00f3 Brunet<\/span><\/p><\/div><\/article><!-- DPDFG End Post Item Container --><article id=\"post-11734\" class=\"dp-dfg-item post-11734 obres_autors type-obres_autors status-publish has-post-thumbnail hentry tipus_tecniques-pintura tecnica_especifica-aquarella-sobre-paper autors-francisco-moreno-jimenez disciplina-pintura \"     data-position=\"465\"   data-new-tab=\"off\"   data-action-priority=\"item\"><figure class=\"dp-dfg-image entry-thumb\"><a href=\"https:\/\/www.museuemporda.org\/?obres_autors=vista-de-figueres\" class=\"dp-dfg-image-link\" ><img loading=\"lazy\" decoding=\"async\" class=\"dp-dfg-featured-image\" src=\"https:\/\/www.museuemporda.org\/wp-content\/uploads\/2022\/02\/mE-1437-250x250.jpg\" alt=\"Vista de Figueres\" width=\"250\" height=\"250\" data-ratio=\"1\"\/><\/a><\/figure><div class=\"dp-dfg-header entry-header\"><h2 class=\"entry-title\">Vista de Figueres<\/h2><\/div><div class=\"dp-dfg-custom-content\"><p class=\"dp-dfg-custom-field dp-dfg-cf-autors2\"><span class=\"dp-dfg-custom-field-value\">Francisco Moreno Jim\u00e9nez<\/span><\/p><\/div><\/article><!-- DPDFG End Post Item Container --><article id=\"post-13879\" class=\"dp-dfg-item post-13879 obres_autors type-obres_autors status-publish has-post-thumbnail hentry tipus_tecniques-dibuix tecnica_especifica-impressio-digital autors-pep-claparols-i-moret disciplina-dibuix \"     data-position=\"466\"   data-new-tab=\"off\"   data-action-priority=\"item\"><figure class=\"dp-dfg-image entry-thumb\"><a href=\"https:\/\/www.museuemporda.org\/?obres_autors=sense-titol-279\" class=\"dp-dfg-image-link\" ><img loading=\"lazy\" decoding=\"async\" class=\"dp-dfg-featured-image\" src=\"https:\/\/www.museuemporda.org\/wp-content\/uploads\/2023\/06\/ME2641-PEP98-250x250.jpg\" alt=\"Sense t\u00edtol\" width=\"250\" height=\"250\" data-ratio=\"1\"\/><\/a><\/figure><div class=\"dp-dfg-header entry-header\"><h2 class=\"entry-title\">Sense t\u00edtol<\/h2><\/div><div class=\"dp-dfg-custom-content\"><p class=\"dp-dfg-custom-field dp-dfg-cf-autors2\"><span class=\"dp-dfg-custom-field-value\">Pep Claparols i Moret<\/span><\/p><\/div><\/article><!-- DPDFG End Post Item Container --><article id=\"post-12132\" class=\"dp-dfg-item post-12132 obres_autors type-obres_autors status-publish has-post-thumbnail hentry tipus_tecniques-pintura tecnica_especifica-oli-sobre-fusta autors-felip-maso-de-falp disciplina-pintura \"     data-position=\"467\"   data-new-tab=\"off\"   data-action-priority=\"item\"><figure class=\"dp-dfg-image entry-thumb\"><a href=\"https:\/\/www.museuemporda.org\/?obres_autors=lesglesia-2\" class=\"dp-dfg-image-link\" ><img loading=\"lazy\" decoding=\"async\" class=\"dp-dfg-featured-image\" src=\"https:\/\/www.museuemporda.org\/wp-content\/uploads\/2022\/03\/mE-1421-250x250.jpg\" alt=\"L&#8217;esgl\u00e9sia\" width=\"250\" height=\"250\" data-ratio=\"1\"\/><\/a><\/figure><div class=\"dp-dfg-header entry-header\"><h2 class=\"entry-title\">L&#8217;esgl\u00e9sia<\/h2><\/div><div class=\"dp-dfg-custom-content\"><p class=\"dp-dfg-custom-field dp-dfg-cf-autors2\"><span class=\"dp-dfg-custom-field-value\">Felip Mas\u00f3 de Falp <\/span><\/p><\/div><\/article><!-- DPDFG End Post Item Container --><article id=\"post-8227\" class=\"dp-dfg-item post-8227 obres_autors type-obres_autors status-publish has-post-thumbnail hentry tecnica_especifica-tecnica-mixta-sobre-tela autors-joaquim-llucia-olivet disciplina-pintura \"     data-position=\"468\"   data-new-tab=\"off\"   data-action-priority=\"item\"><figure class=\"dp-dfg-image entry-thumb\"><a href=\"https:\/\/www.museuemporda.org\/?obres_autors=composicio-3\" class=\"dp-dfg-image-link\" ><img loading=\"lazy\" decoding=\"async\" class=\"dp-dfg-featured-image\" src=\"https:\/\/www.museuemporda.org\/wp-content\/uploads\/2021\/08\/mE-1524-250x250.jpg\" alt=\"Composici\u00f3\" width=\"250\" height=\"250\" data-ratio=\"1\"\/><\/a><\/figure><div class=\"dp-dfg-header entry-header\"><h2 class=\"entry-title\">Composici\u00f3<\/h2><\/div><div class=\"dp-dfg-custom-content\"><p class=\"dp-dfg-custom-field dp-dfg-cf-autors2\"><span class=\"dp-dfg-custom-field-value\">Joaquim Lluci\u00e0 Olivet<\/span><\/p><\/div><\/article><!-- DPDFG End Post Item Container --><article id=\"post-12573\" class=\"dp-dfg-item post-12573 obres_autors type-obres_autors status-publish has-post-thumbnail hentry tipus_tecniques-pintura tecnica_especifica-oli-sobre-fusta autors-joan-paradis-puig disciplina-pintura \"     data-position=\"469\"   data-new-tab=\"off\"   data-action-priority=\"item\"><figure class=\"dp-dfg-image entry-thumb\"><a href=\"https:\/\/www.museuemporda.org\/?obres_autors=aurea-aimada\" class=\"dp-dfg-image-link\" ><img loading=\"lazy\" decoding=\"async\" class=\"dp-dfg-featured-image\" src=\"https:\/\/www.museuemporda.org\/wp-content\/uploads\/2022\/04\/ME-2542_JORDI-PUIG-2021-250x250.jpg\" alt=\"\u00c0urea aimada\" width=\"250\" height=\"250\" data-ratio=\"1\"\/><\/a><\/figure><div class=\"dp-dfg-header entry-header\"><h2 class=\"entry-title\">\u00c0urea aimada<\/h2><\/div><div class=\"dp-dfg-custom-content\"><p class=\"dp-dfg-custom-field dp-dfg-cf-autors2\"><span class=\"dp-dfg-custom-field-value\">Joan Parad\u00eds Puig <\/span><\/p><\/div><\/article><!-- DPDFG End Post Item Container --><article id=\"post-11837\" class=\"dp-dfg-item post-11837 obres_autors type-obres_autors status-publish has-post-thumbnail hentry tipus_tecniques-obra-grafica tecnica_especifica-serigrafia autors-peter-piller disciplina-obra-grafic \"     data-position=\"470\"   data-new-tab=\"off\"   data-action-priority=\"item\"><figure class=\"dp-dfg-image entry-thumb\"><a href=\"https:\/\/www.museuemporda.org\/?obres_autors=sense-titol-151\" class=\"dp-dfg-image-link\" ><img loading=\"lazy\" decoding=\"async\" class=\"dp-dfg-featured-image\" src=\"https:\/\/www.museuemporda.org\/wp-content\/uploads\/2022\/02\/mE-2117-1-250x250.jpg\" alt=\"Sense t\u00edtol\" width=\"250\" height=\"250\" data-ratio=\"1\"\/><\/a><\/figure><div class=\"dp-dfg-header entry-header\"><h2 class=\"entry-title\">Sense t\u00edtol<\/h2><\/div><div class=\"dp-dfg-custom-content\"><p class=\"dp-dfg-custom-field dp-dfg-cf-autors2\"><span class=\"dp-dfg-custom-field-value\">Peter Piller<\/span><\/p><\/div><\/article><!-- DPDFG End Post Item Container --><article id=\"post-8457\" class=\"dp-dfg-item post-8457 obres_autors type-obres_autors status-publish has-post-thumbnail hentry autors-ramon-reig-corominas disciplina-pintura \"     data-position=\"471\"   data-new-tab=\"off\"   data-action-priority=\"item\"><figure class=\"dp-dfg-image entry-thumb\"><a href=\"https:\/\/www.museuemporda.org\/?obres_autors=badia-de-roses\" class=\"dp-dfg-image-link\" ><img loading=\"lazy\" decoding=\"async\" class=\"dp-dfg-featured-image\" src=\"https:\/\/www.museuemporda.org\/wp-content\/uploads\/2021\/09\/mE-813-250x250.jpg\" alt=\"Badia de Roses\" width=\"250\" height=\"250\" data-ratio=\"1\"\/><\/a><\/figure><div class=\"dp-dfg-header entry-header\"><h2 class=\"entry-title\">Badia de Roses<\/h2><\/div><div class=\"dp-dfg-custom-content\"><p class=\"dp-dfg-custom-field dp-dfg-cf-autors2\"><span class=\"dp-dfg-custom-field-value\">Ramon Reig Corominas<\/span><\/p><\/div><\/article><!-- DPDFG End Post Item Container --><article id=\"post-10408\" class=\"dp-dfg-item post-10408 obres_autors type-obres_autors status-publish has-post-thumbnail hentry tipus_tecniques-escultura tecnica_especifica-guix autors-artur-novoa-cabra disciplina-escultura \"     data-position=\"472\"   data-new-tab=\"off\"   data-action-priority=\"item\"><figure class=\"dp-dfg-image entry-thumb\"><a href=\"https:\/\/www.museuemporda.org\/?obres_autors=sense-titol-67\" class=\"dp-dfg-image-link\" ><img loading=\"lazy\" decoding=\"async\" class=\"dp-dfg-featured-image\" src=\"https:\/\/www.museuemporda.org\/wp-content\/uploads\/2022\/01\/mE-1921-250x250.jpg\" alt=\"Sense t\u00edtol\" width=\"250\" height=\"250\" data-ratio=\"1\"\/><\/a><\/figure><div class=\"dp-dfg-header entry-header\"><h2 class=\"entry-title\">Sense t\u00edtol<\/h2><\/div><div class=\"dp-dfg-custom-content\"><p class=\"dp-dfg-custom-field dp-dfg-cf-autors2\"><span class=\"dp-dfg-custom-field-value\">Artur Novoa Cabra<\/span><\/p><\/div><\/article><!-- DPDFG End Post Item Container --><article id=\"post-11113\" class=\"dp-dfg-item post-11113 obres_autors type-obres_autors status-publish has-post-thumbnail hentry tipus_tecniques-obra-grafica tecnica_especifica-gravat autors-esteban-boix disciplina-obra-grafic \"     data-position=\"473\"   data-new-tab=\"off\"   data-action-priority=\"item\"><figure class=\"dp-dfg-image entry-thumb\"><a href=\"https:\/\/www.museuemporda.org\/?obres_autors=sense-titol-105\" class=\"dp-dfg-image-link\" ><img loading=\"lazy\" decoding=\"async\" class=\"dp-dfg-featured-image\" src=\"https:\/\/www.museuemporda.org\/wp-content\/uploads\/2022\/02\/mE-1968-250x250.jpg\" alt=\"Sense t\u00edtol\" width=\"250\" height=\"250\" data-ratio=\"1\"\/><\/a><\/figure><div class=\"dp-dfg-header entry-header\"><h2 class=\"entry-title\">Sense t\u00edtol<\/h2><\/div><div class=\"dp-dfg-custom-content\"><p class=\"dp-dfg-custom-field dp-dfg-cf-autors2\"><span class=\"dp-dfg-custom-field-value\">Esteban Boix<\/span><\/p><\/div><\/article><!-- DPDFG End Post Item Container --><article id=\"post-14317\" class=\"dp-dfg-item post-14317 obres_autors type-obres_autors status-publish has-post-thumbnail hentry tipus_tecniques-dibuix tecnica_especifica-impressio-digital autors-jordi-fenosa-tatay disciplina-dibuix \"     data-position=\"474\"   data-new-tab=\"off\"   data-action-priority=\"item\"><figure class=\"dp-dfg-image entry-thumb\"><a href=\"https:\/\/www.museuemporda.org\/?obres_autors=sense-titol-480\" class=\"dp-dfg-image-link\" ><img loading=\"lazy\" decoding=\"async\" class=\"dp-dfg-featured-image\" src=\"https:\/\/www.museuemporda.org\/wp-content\/uploads\/2023\/07\/ME2866-TATAY-250x250.jpg\" alt=\"Sense t\u00edtol\" width=\"250\" height=\"250\" data-ratio=\"1\"\/><\/a><\/figure><div class=\"dp-dfg-header entry-header\"><h2 class=\"entry-title\">Sense t\u00edtol<\/h2><\/div><div class=\"dp-dfg-custom-content\"><p class=\"dp-dfg-custom-field dp-dfg-cf-autors2\"><span class=\"dp-dfg-custom-field-value\">Jordi Fenosa Tatay<\/span><\/p><\/div><\/article><!-- DPDFG End Post Item Container --><article id=\"post-10558\" class=\"dp-dfg-item post-10558 obres_autors type-obres_autors status-publish has-post-thumbnail hentry tipus_tecniques-dibuix tecnica_especifica-tinta-sobre-paper autors-maria-baig-minobis disciplina-dibuix \"     data-position=\"475\"   data-new-tab=\"off\"   data-action-priority=\"item\"><figure class=\"dp-dfg-image entry-thumb\"><a href=\"https:\/\/www.museuemporda.org\/?obres_autors=visio-de-la-rambla-de-figueres\" class=\"dp-dfg-image-link\" ><img loading=\"lazy\" decoding=\"async\" class=\"dp-dfg-featured-image\" src=\"https:\/\/www.museuemporda.org\/wp-content\/uploads\/2022\/02\/mE-2322-250x250.jpg\" alt=\"Visi\u00f3 de la Rambla de Figueres\" width=\"250\" height=\"250\" data-ratio=\"1\"\/><\/a><\/figure><div class=\"dp-dfg-header entry-header\"><h2 class=\"entry-title\">Visi\u00f3 de la Rambla de Figueres<\/h2><\/div><div class=\"dp-dfg-custom-content\"><p class=\"dp-dfg-custom-field dp-dfg-cf-autors2\"><span class=\"dp-dfg-custom-field-value\">Mari\u00e0 Baig Minobis<\/span><\/p><\/div><\/article><!-- DPDFG End Post Item Container --><article id=\"post-9523\" class=\"dp-dfg-item post-9523 obres_autors type-obres_autors status-publish has-post-thumbnail hentry tipus_tecniques-pintura tecnica_especifica-pastel-sobre-paper autors-felix-mestres-borrell disciplina-pintura \"     data-position=\"476\"   data-new-tab=\"off\"   data-action-priority=\"item\"><figure class=\"dp-dfg-image entry-thumb\"><a href=\"https:\/\/www.museuemporda.org\/?obres_autors=retrat-deulalia-sindreu\" class=\"dp-dfg-image-link\" ><img loading=\"lazy\" decoding=\"async\" class=\"dp-dfg-featured-image\" src=\"https:\/\/www.museuemporda.org\/wp-content\/uploads\/2022\/01\/mE-1689-250x250.jpg\" alt=\"Retrat d&#8217;Eul\u00e0lia Sindreu\" width=\"250\" height=\"250\" data-ratio=\"1\"\/><\/a><\/figure><div class=\"dp-dfg-header entry-header\"><h2 class=\"entry-title\">Retrat d&#8217;Eul\u00e0lia Sindreu<\/h2><\/div><div class=\"dp-dfg-custom-content\"><p class=\"dp-dfg-custom-field dp-dfg-cf-autors2\"><span class=\"dp-dfg-custom-field-value\">F\u00e8lix Mestres Borrell<\/span><\/p><\/div><\/article><!-- DPDFG End Post Item Container --><article id=\"post-9722\" class=\"dp-dfg-item post-9722 obres_autors type-obres_autors status-publish has-post-thumbnail hentry tipus_tecniques-fotografia tecnica_especifica-fotografia autors-joaquim-fort-de-ribot disciplina-fotografia \"     data-position=\"477\"   data-new-tab=\"off\"   data-action-priority=\"item\"><figure class=\"dp-dfg-image entry-thumb\"><a href=\"https:\/\/www.museuemporda.org\/?obres_autors=jan-el-mosso-de-can-fort\" class=\"dp-dfg-image-link\" ><img loading=\"lazy\" decoding=\"async\" class=\"dp-dfg-featured-image\" src=\"https:\/\/www.museuemporda.org\/wp-content\/uploads\/2022\/01\/mE-2450-250x250.jpg\" alt=\"Jan, el mosso de can Fort\" width=\"250\" height=\"250\" data-ratio=\"1\"\/><\/a><\/figure><div class=\"dp-dfg-header entry-header\"><h2 class=\"entry-title\">Jan, el mosso de can Fort<\/h2><\/div><div class=\"dp-dfg-custom-content\"><p class=\"dp-dfg-custom-field dp-dfg-cf-autors2\"><span class=\"dp-dfg-custom-field-value\">Joaquim Fort de Ribot<\/span><\/p><\/div><\/article><!-- DPDFG End Post Item Container --><article id=\"post-5969\" class=\"dp-dfg-item post-5969 obres_autors type-obres_autors status-publish has-post-thumbnail hentry tecnica_especifica-gravat-sobre-paper autors-juan-nunez-fernandez disciplina-obra-grafic \"     data-position=\"478\"   data-new-tab=\"off\"   data-action-priority=\"item\"><figure class=\"dp-dfg-image entry-thumb\"><a href=\"https:\/\/www.museuemporda.org\/?obres_autors=el-peto-de-judes\" class=\"dp-dfg-image-link\" ><img loading=\"lazy\" decoding=\"async\" class=\"dp-dfg-featured-image\" src=\"https:\/\/www.museuemporda.org\/wp-content\/uploads\/2020\/04\/mE-753_2019-250x250.jpg\" alt=\"La detenci\u00f3 de Jes\u00fas [c\u00f2pia de l&#8217;obra d&#8217;Anton van Dyck]\" width=\"250\" height=\"250\" data-ratio=\"1\"\/><\/a><\/figure><div class=\"dp-dfg-header entry-header\"><h2 class=\"entry-title\">La detenci\u00f3 de Jes\u00fas [c\u00f2pia de l&#8217;obra d&#8217;Anton van Dyck]<\/h2><\/div><div class=\"dp-dfg-custom-content\"><p class=\"dp-dfg-custom-field dp-dfg-cf-autors2\"><span class=\"dp-dfg-custom-field-value\">Juan N\u00fa\u00f1ez Fern\u00e1ndez<\/span><\/p><\/div><\/article><!-- DPDFG End Post Item Container --><article id=\"post-11738\" class=\"dp-dfg-item post-11738 obres_autors type-obres_autors status-publish has-post-thumbnail hentry tipus_tecniques-obra-grafica tecnica_especifica-serigrafia autors-bruno-munari disciplina-obra-grafic \"     data-position=\"479\"   data-new-tab=\"off\"   data-action-priority=\"item\"><figure class=\"dp-dfg-image entry-thumb\"><a href=\"https:\/\/www.museuemporda.org\/?obres_autors=positivo-negativo-de-la-carpeta-cadaques-portfolio-one\" class=\"dp-dfg-image-link\" ><img loading=\"lazy\" decoding=\"async\" class=\"dp-dfg-featured-image\" src=\"https:\/\/www.museuemporda.org\/wp-content\/uploads\/2022\/02\/mE-1513-250x250.jpg\" alt=\"&#8216;Positivo-negativo&#8217;, de la carpeta &#8216;Cadaqu\u00e9s Portfolio One&#8217;\" width=\"250\" height=\"250\" data-ratio=\"1\"\/><\/a><\/figure><div class=\"dp-dfg-header entry-header\"><h2 class=\"entry-title\">&#8216;Positivo-negativo&#8217;, de la carpeta &#8216;Cadaqu\u00e9s Portfolio One&#8217;<\/h2><\/div><div class=\"dp-dfg-custom-content\"><p class=\"dp-dfg-custom-field dp-dfg-cf-autors2\"><span class=\"dp-dfg-custom-field-value\">Bruno Munari<\/span><\/p><\/div><\/article><!-- DPDFG End Post Item Container --><article id=\"post-8101\" class=\"dp-dfg-item post-8101 obres_autors type-obres_autors status-publish has-post-thumbnail hentry tecnica_especifica-aiguafort autors-josep-bonaterra-gras disciplina-obra-grafic \"     data-position=\"480\"   data-new-tab=\"off\"   data-action-priority=\"item\"><figure class=\"dp-dfg-image entry-thumb\"><a href=\"https:\/\/www.museuemporda.org\/?obres_autors=paisatge-12\" class=\"dp-dfg-image-link\" ><img loading=\"lazy\" decoding=\"async\" class=\"dp-dfg-featured-image\" src=\"https:\/\/www.museuemporda.org\/wp-content\/uploads\/2021\/08\/mE-1448_estampa-250x250.jpg\" alt=\"Paisatge\" width=\"250\" height=\"250\" data-ratio=\"1\"\/><\/a><\/figure><div class=\"dp-dfg-header entry-header\"><h2 class=\"entry-title\">Paisatge<\/h2><\/div><div class=\"dp-dfg-custom-content\"><p class=\"dp-dfg-custom-field dp-dfg-cf-autors2\"><span class=\"dp-dfg-custom-field-value\">Josep Bonaterra Gras<\/span><\/p><\/div><\/article><!-- DPDFG End Post Item Container --><article id=\"post-13920\" class=\"dp-dfg-item post-13920 obres_autors type-obres_autors status-publish has-post-thumbnail hentry tipus_tecniques-dibuix tecnica_especifica-impressio-digital autors-pep-claparols-i-moret disciplina-dibuix \"     data-position=\"481\"   data-new-tab=\"off\"   data-action-priority=\"item\"><figure class=\"dp-dfg-image entry-thumb\"><a href=\"https:\/\/www.museuemporda.org\/?obres_autors=sense-titol-299\" class=\"dp-dfg-image-link\" ><img loading=\"lazy\" decoding=\"async\" class=\"dp-dfg-featured-image\" src=\"https:\/\/www.museuemporda.org\/wp-content\/uploads\/2023\/06\/ME2661-PEP98-250x250.jpg\" alt=\"Sense t\u00edtol\" width=\"250\" height=\"250\" data-ratio=\"1\"\/><\/a><\/figure><div class=\"dp-dfg-header entry-header\"><h2 class=\"entry-title\">Sense t\u00edtol<\/h2><\/div><div class=\"dp-dfg-custom-content\"><p class=\"dp-dfg-custom-field dp-dfg-cf-autors2\"><span class=\"dp-dfg-custom-field-value\">Pep Claparols i Moret<\/span><\/p><\/div><\/article><!-- DPDFG End Post Item Container --><article id=\"post-14114\" class=\"dp-dfg-item post-14114 obres_autors type-obres_autors status-publish has-post-thumbnail hentry tipus_tecniques-dibuix tecnica_especifica-impressio-digital autors-miquel-sanchez disciplina-dibuix \"     data-position=\"482\"   data-new-tab=\"off\"   data-action-priority=\"item\"><figure class=\"dp-dfg-image entry-thumb\"><a href=\"https:\/\/www.museuemporda.org\/?obres_autors=sense-titol-386\" class=\"dp-dfg-image-link\" ><img loading=\"lazy\" decoding=\"async\" class=\"dp-dfg-featured-image\" src=\"https:\/\/www.museuemporda.org\/wp-content\/uploads\/2023\/06\/ME2751-SANCHEZ-250x250.jpg\" alt=\"Sense t\u00edtol\" width=\"250\" height=\"250\" data-ratio=\"1\"\/><\/a><\/figure><div class=\"dp-dfg-header entry-header\"><h2 class=\"entry-title\">Sense t\u00edtol<\/h2><\/div><div class=\"dp-dfg-custom-content\"><p class=\"dp-dfg-custom-field dp-dfg-cf-autors2\"><span class=\"dp-dfg-custom-field-value\">Miquel Sanchez<\/span><\/p><\/div><\/article><!-- DPDFG End Post Item Container --><article id=\"post-11514\" class=\"dp-dfg-item post-11514 obres_autors type-obres_autors status-publish has-post-thumbnail hentry tipus_tecniques-dibuix tecnica_especifica-gouache-guaix-sobre-paper autors-gilbert-kirszbaum disciplina-dibuix \"     data-position=\"483\"   data-new-tab=\"off\"   data-action-priority=\"item\"><figure class=\"dp-dfg-image entry-thumb\"><a href=\"https:\/\/www.museuemporda.org\/?obres_autors=une-femme-un-male-qui-dansent-dans-un-miroir\" class=\"dp-dfg-image-link\" ><img loading=\"lazy\" decoding=\"async\" class=\"dp-dfg-featured-image\" src=\"https:\/\/www.museuemporda.org\/wp-content\/uploads\/2022\/02\/mE-2431-250x250.jpg\" alt=\"Une femme, un m\u00e2le qui dansent dans un miroir\" width=\"250\" height=\"250\" data-ratio=\"1\"\/><\/a><\/figure><div class=\"dp-dfg-header entry-header\"><h2 class=\"entry-title\">Une femme, un m\u00e2le qui dansent dans un miroir<\/h2><\/div><div class=\"dp-dfg-custom-content\"><p class=\"dp-dfg-custom-field dp-dfg-cf-autors2\"><span class=\"dp-dfg-custom-field-value\">Gilbert Kirszbaum<\/span><\/p><\/div><\/article><!-- DPDFG End Post Item Container --><article id=\"post-14290\" class=\"dp-dfg-item post-14290 obres_autors type-obres_autors status-publish has-post-thumbnail hentry tipus_tecniques-dibuix tecnica_especifica-impressio-digital autors-quim-bou disciplina-dibuix \"     data-position=\"484\"   data-new-tab=\"off\"   data-action-priority=\"item\"><figure class=\"dp-dfg-image entry-thumb\"><a href=\"https:\/\/www.museuemporda.org\/?obres_autors=sense-titol-469\" class=\"dp-dfg-image-link\" ><img loading=\"lazy\" decoding=\"async\" class=\"dp-dfg-featured-image\" src=\"https:\/\/www.museuemporda.org\/wp-content\/uploads\/2023\/07\/ME2854-BOU-250x250.jpg\" alt=\"Sense t\u00edtol\" width=\"250\" height=\"250\" data-ratio=\"1\"\/><\/a><\/figure><div class=\"dp-dfg-header entry-header\"><h2 class=\"entry-title\">Sense t\u00edtol<\/h2><\/div><div class=\"dp-dfg-custom-content\"><p class=\"dp-dfg-custom-field dp-dfg-cf-autors2\"><span class=\"dp-dfg-custom-field-value\">Quim Bou<\/span><\/p><\/div><\/article><!-- DPDFG End Post Item Container --><article id=\"post-11928\" class=\"dp-dfg-item post-11928 obres_autors type-obres_autors status-publish has-post-thumbnail hentry tipus_tecniques-obra-grafica tecnica_especifica-serigrafia autors-francesc-ruiz disciplina-obra-grafic \"     data-position=\"485\"   data-new-tab=\"off\"   data-action-priority=\"item\"><figure class=\"dp-dfg-image entry-thumb\"><a href=\"https:\/\/www.museuemporda.org\/?obres_autors=sense-titol-162\" class=\"dp-dfg-image-link\" ><img loading=\"lazy\" decoding=\"async\" class=\"dp-dfg-featured-image\" src=\"https:\/\/www.museuemporda.org\/wp-content\/uploads\/2022\/02\/mE-1680-250x250.jpg\" alt=\"Sense t\u00edtol\" width=\"250\" height=\"250\" data-ratio=\"1\"\/><\/a><\/figure><div class=\"dp-dfg-header entry-header\"><h2 class=\"entry-title\">Sense t\u00edtol<\/h2><\/div><div class=\"dp-dfg-custom-content\"><p class=\"dp-dfg-custom-field dp-dfg-cf-autors2\"><span class=\"dp-dfg-custom-field-value\">Francesc Ruiz<\/span><\/p><\/div><\/article><!-- DPDFG End Post Item Container --><article id=\"post-10364\" class=\"dp-dfg-item post-10364 obres_autors type-obres_autors status-publish has-post-thumbnail hentry tipus_tecniques-escultura tecnica_especifica-guix-amb-patina-de-goma-laca autors-artur-novoa-cabra disciplina-escultura \"     data-position=\"486\"   data-new-tab=\"off\"   data-action-priority=\"item\"><figure class=\"dp-dfg-image entry-thumb\"><a href=\"https:\/\/www.museuemporda.org\/?obres_autors=anselm-clave\" class=\"dp-dfg-image-link\" ><img loading=\"lazy\" decoding=\"async\" class=\"dp-dfg-featured-image\" src=\"https:\/\/www.museuemporda.org\/wp-content\/uploads\/2022\/01\/mE-1620-250x250.jpg\" alt=\"Anselm Clav\u00e9\" width=\"250\" height=\"250\" data-ratio=\"1\"\/><\/a><\/figure><div class=\"dp-dfg-header entry-header\"><h2 class=\"entry-title\">Anselm Clav\u00e9<\/h2><\/div><div class=\"dp-dfg-custom-content\"><p class=\"dp-dfg-custom-field dp-dfg-cf-autors2\"><span class=\"dp-dfg-custom-field-value\">Artur Novoa Cabra<\/span><\/p><\/div><\/article><!-- DPDFG End Post Item Container --><article id=\"post-9045\" class=\"dp-dfg-item post-9045 obres_autors type-obres_autors status-publish has-post-thumbnail hentry tipus_tecniques-bronze autors-frederic-mares-deulovol disciplina-escultura \"     data-position=\"487\"   data-new-tab=\"off\"   data-action-priority=\"item\"><figure class=\"dp-dfg-image entry-thumb\"><a href=\"https:\/\/www.museuemporda.org\/?obres_autors=monument\" class=\"dp-dfg-image-link\" ><img loading=\"lazy\" decoding=\"async\" class=\"dp-dfg-featured-image\" src=\"https:\/\/www.museuemporda.org\/wp-content\/uploads\/2021\/11\/mE-1041-250x250.jpg\" alt=\"Monument a Soler i Rovirosa\" width=\"250\" height=\"250\" data-ratio=\"1\"\/><\/a><\/figure><div class=\"dp-dfg-header entry-header\"><h2 class=\"entry-title\">Monument a Soler i Rovirosa<\/h2><\/div><div class=\"dp-dfg-custom-content\"><p class=\"dp-dfg-custom-field dp-dfg-cf-autors2\"><span class=\"dp-dfg-custom-field-value\">Frederic Mar\u00e8s Deulovol<\/span><\/p><\/div><\/article><!-- DPDFG End Post Item Container --><article id=\"post-9154\" class=\"dp-dfg-item post-9154 obres_autors type-obres_autors status-publish has-post-thumbnail hentry tecnica_especifica-ceramica-comuna autors-autoria-desconeguda disciplina-arqueologia \"     data-position=\"488\"   data-new-tab=\"off\"   data-action-priority=\"item\"><figure class=\"dp-dfg-image entry-thumb\"><a href=\"https:\/\/www.museuemporda.org\/?obres_autors=plat-2\" class=\"dp-dfg-image-link\" ><img loading=\"lazy\" decoding=\"async\" class=\"dp-dfg-featured-image\" src=\"https:\/\/www.museuemporda.org\/wp-content\/uploads\/2021\/11\/mE-523-250x250.jpg\" alt=\"Plat\" width=\"250\" height=\"250\" data-ratio=\"1\"\/><\/a><\/figure><div class=\"dp-dfg-header entry-header\"><h2 class=\"entry-title\">Plat<\/h2><\/div><div class=\"dp-dfg-custom-content\"><p class=\"dp-dfg-custom-field dp-dfg-cf-autors2\"><span class=\"dp-dfg-custom-field-value\">Autoria desconeguda<\/span><\/p><\/div><\/article><!-- DPDFG End Post Item Container --><article id=\"post-5709\" class=\"dp-dfg-item post-5709 obres_autors type-obres_autors status-publish has-post-thumbnail hentry autors-autoria-desconeguda disciplina-arqueologia \"     data-position=\"489\"   data-new-tab=\"off\"   data-action-priority=\"item\"><figure class=\"dp-dfg-image entry-thumb\"><a href=\"https:\/\/www.museuemporda.org\/?obres_autors=ganivet\" class=\"dp-dfg-image-link\" ><img loading=\"lazy\" decoding=\"async\" class=\"dp-dfg-featured-image\" src=\"https:\/\/www.museuemporda.org\/wp-content\/uploads\/2020\/04\/mE-536-250x250.jpg\" alt=\"Ganivet\" width=\"250\" height=\"250\" data-ratio=\"1\"\/><\/a><\/figure><div class=\"dp-dfg-header entry-header\"><h2 class=\"entry-title\">Ganivet<\/h2><\/div><div class=\"dp-dfg-custom-content\"><p class=\"dp-dfg-custom-field dp-dfg-cf-autors2\"><span class=\"dp-dfg-custom-field-value\">Autoria desconeguda<\/span><\/p><\/div><\/article><!-- DPDFG End Post Item Container --><article id=\"post-9923\" class=\"dp-dfg-item post-9923 obres_autors type-obres_autors status-publish has-post-thumbnail hentry tipus_tecniques-fotografia tecnica_especifica-fotografia autors-manuel-saiz disciplina-fotografia \"     data-position=\"490\"   data-new-tab=\"off\"   data-action-priority=\"item\"><figure class=\"dp-dfg-image entry-thumb\"><a href=\"https:\/\/www.museuemporda.org\/?obres_autors=expectations-if-alive-2-hospital\" class=\"dp-dfg-image-link\" ><img loading=\"lazy\" decoding=\"async\" class=\"dp-dfg-featured-image\" src=\"https:\/\/www.museuemporda.org\/wp-content\/uploads\/2022\/01\/mE-1642_1-2-250x250.jpg\" alt=\"Expectations If Alive # 2 (hospital)\" width=\"250\" height=\"250\" data-ratio=\"1\"\/><\/a><\/figure><div class=\"dp-dfg-header entry-header\"><h2 class=\"entry-title\">Expectations If Alive # 2 (hospital)<\/h2><\/div><div class=\"dp-dfg-custom-content\"><p class=\"dp-dfg-custom-field dp-dfg-cf-autors2\"><span class=\"dp-dfg-custom-field-value\">Manuel Saiz<\/span><\/p><\/div><\/article><!-- DPDFG End Post Item Container --><article id=\"post-14116\" class=\"dp-dfg-item post-14116 obres_autors type-obres_autors status-publish has-post-thumbnail hentry tipus_tecniques-dibuix tecnica_especifica-impressio-digital autors-miquel-sanchez disciplina-dibuix \"     data-position=\"491\"   data-new-tab=\"off\"   data-action-priority=\"item\"><figure class=\"dp-dfg-image entry-thumb\"><a href=\"https:\/\/www.museuemporda.org\/?obres_autors=sense-titol-387\" class=\"dp-dfg-image-link\" ><img loading=\"lazy\" decoding=\"async\" class=\"dp-dfg-featured-image\" src=\"https:\/\/www.museuemporda.org\/wp-content\/uploads\/2023\/06\/ME2752-SANCHEZ-250x250.jpg\" alt=\"Sense t\u00edtol\" width=\"250\" height=\"250\" data-ratio=\"1\"\/><\/a><\/figure><div class=\"dp-dfg-header entry-header\"><h2 class=\"entry-title\">Sense t\u00edtol<\/h2><\/div><div class=\"dp-dfg-custom-content\"><p class=\"dp-dfg-custom-field dp-dfg-cf-autors2\"><span class=\"dp-dfg-custom-field-value\">Miquel Sanchez<\/span><\/p><\/div><\/article><!-- DPDFG End Post Item Container --><article id=\"post-14213\" class=\"dp-dfg-item post-14213 obres_autors type-obres_autors status-publish has-post-thumbnail hentry tipus_tecniques-obra-grafica tecnica_especifica-impressio-digital autors-joan-antoni-poch disciplina-obra-grafic \"     data-position=\"492\"   data-new-tab=\"off\"   data-action-priority=\"item\"><figure class=\"dp-dfg-image entry-thumb\"><a href=\"https:\/\/www.museuemporda.org\/?obres_autors=sense-titol-432\" class=\"dp-dfg-image-link\" ><img loading=\"lazy\" decoding=\"async\" class=\"dp-dfg-featured-image\" src=\"https:\/\/www.museuemporda.org\/wp-content\/uploads\/2023\/07\/ME2817-JAP-250x250.jpg\" alt=\"Sense t\u00edtol\" width=\"250\" height=\"250\" data-ratio=\"1\"\/><\/a><\/figure><div class=\"dp-dfg-header entry-header\"><h2 class=\"entry-title\">Sense t\u00edtol<\/h2><\/div><div class=\"dp-dfg-custom-content\"><p class=\"dp-dfg-custom-field dp-dfg-cf-autors2\"><span class=\"dp-dfg-custom-field-value\">Joan Antoni Poch<\/span><\/p><\/div><\/article><!-- DPDFG End Post Item Container --><article id=\"post-9805\" class=\"dp-dfg-item post-9805 obres_autors type-obres_autors status-publish has-post-thumbnail hentry tipus_tecniques-fotografia tecnica_especifica-fotografia autors-francesc-guillamet-ferran disciplina-fotografia \"     data-position=\"493\"   data-new-tab=\"off\"   data-action-priority=\"item\"><figure class=\"dp-dfg-image entry-thumb\"><a href=\"https:\/\/www.museuemporda.org\/?obres_autors=sipia-amb-mandonguilles\" class=\"dp-dfg-image-link\" ><img loading=\"lazy\" decoding=\"async\" class=\"dp-dfg-featured-image\" src=\"https:\/\/www.museuemporda.org\/wp-content\/uploads\/2022\/01\/mE-2513-250x250.jpg\" alt=\"S\u00edpia amb mandonguilles\" width=\"250\" height=\"250\" data-ratio=\"1\"\/><\/a><\/figure><div class=\"dp-dfg-header entry-header\"><h2 class=\"entry-title\">S\u00edpia amb mandonguilles<\/h2><\/div><div class=\"dp-dfg-custom-content\"><p class=\"dp-dfg-custom-field dp-dfg-cf-autors2\"><span class=\"dp-dfg-custom-field-value\">Francesc Guillamet Ferran<\/span><\/p><\/div><\/article><!-- DPDFG End Post Item Container --><article id=\"post-14361\" class=\"dp-dfg-item post-14361 obres_autors type-obres_autors status-publish has-post-thumbnail hentry tipus_tecniques-dibuix tecnica_especifica-impressio-digital autors-eduard-par disciplina-dibuix \"     data-position=\"494\"   data-new-tab=\"off\"   data-action-priority=\"item\"><figure class=\"dp-dfg-image entry-thumb\"><a href=\"https:\/\/www.museuemporda.org\/?obres_autors=sense-titol-500\" class=\"dp-dfg-image-link\" ><img loading=\"lazy\" decoding=\"async\" class=\"dp-dfg-featured-image\" src=\"https:\/\/www.museuemporda.org\/wp-content\/uploads\/2023\/07\/ME2888-PAR-250x250.jpg\" alt=\"Sense t\u00edtol\" width=\"250\" height=\"250\" data-ratio=\"1\"\/><\/a><\/figure><div class=\"dp-dfg-header entry-header\"><h2 class=\"entry-title\">Sense t\u00edtol<\/h2><\/div><div class=\"dp-dfg-custom-content\"><p class=\"dp-dfg-custom-field dp-dfg-cf-autors2\"><span class=\"dp-dfg-custom-field-value\">Eduard Par<\/span><\/p><\/div><\/article><!-- DPDFG End Post Item Container --><article id=\"post-9680\" class=\"dp-dfg-item post-9680 obres_autors type-obres_autors status-publish has-post-thumbnail hentry tipus_tecniques-fotografia tecnica_especifica-fotografia autors-josep-maria-canellas disciplina-fotografia \"     data-position=\"495\"   data-new-tab=\"off\"   data-action-priority=\"item\"><figure class=\"dp-dfg-image entry-thumb\"><a href=\"https:\/\/www.museuemporda.org\/?obres_autors=jmc-13\" class=\"dp-dfg-image-link\" ><img loading=\"lazy\" decoding=\"async\" class=\"dp-dfg-featured-image\" src=\"https:\/\/www.museuemporda.org\/wp-content\/uploads\/2022\/01\/mE-2121-250x250.jpg\" alt=\"JMC 13\" width=\"250\" height=\"250\" data-ratio=\"1\"\/><\/a><\/figure><div class=\"dp-dfg-header entry-header\"><h2 class=\"entry-title\">JMC 13<\/h2><\/div><div class=\"dp-dfg-custom-content\"><p class=\"dp-dfg-custom-field dp-dfg-cf-autors2\"><span class=\"dp-dfg-custom-field-value\">Josep Maria Ca\u00f1ellas<\/span><\/p><\/div><\/article><!-- DPDFG End Post Item Container --><article id=\"post-10537\" class=\"dp-dfg-item post-10537 obres_autors type-obres_autors status-publish has-post-thumbnail hentry tipus_tecniques-dibuix tecnica_especifica-tinta-sobre-paper autors-joan-felip-vila disciplina-dibuix \"     data-position=\"496\"   data-new-tab=\"off\"   data-action-priority=\"item\"><figure class=\"dp-dfg-image entry-thumb\"><a href=\"https:\/\/www.museuemporda.org\/?obres_autors=retrat-4\" class=\"dp-dfg-image-link\" ><img loading=\"lazy\" decoding=\"async\" class=\"dp-dfg-featured-image\" src=\"https:\/\/www.museuemporda.org\/wp-content\/uploads\/2022\/02\/mE-2288-250x250.jpg\" alt=\"Retrat\" width=\"250\" height=\"250\" data-ratio=\"1\"\/><\/a><\/figure><div class=\"dp-dfg-header entry-header\"><h2 class=\"entry-title\">Retrat<\/h2><\/div><div class=\"dp-dfg-custom-content\"><p class=\"dp-dfg-custom-field dp-dfg-cf-autors2\"><span class=\"dp-dfg-custom-field-value\">Joan Felip Vil\u00e0<\/span><\/p><\/div><\/article><!-- DPDFG End Post Item Container --><article id=\"post-5887\" class=\"dp-dfg-item post-5887 obres_autors type-obres_autors status-publish has-post-thumbnail hentry autors-josep-alvarez-niebla disciplina-pintura \"     data-position=\"497\"   data-new-tab=\"off\"   data-action-priority=\"item\"><figure class=\"dp-dfg-image entry-thumb\"><a href=\"https:\/\/www.museuemporda.org\/?obres_autors=lespera\" class=\"dp-dfg-image-link\" ><img loading=\"lazy\" decoding=\"async\" class=\"dp-dfg-featured-image\" src=\"https:\/\/www.museuemporda.org\/wp-content\/uploads\/2020\/10\/mE-790-250x250.jpg\" alt=\"L&#8217;espera\" width=\"250\" height=\"250\" data-ratio=\"1\"\/><\/a><\/figure><div class=\"dp-dfg-header entry-header\"><h2 class=\"entry-title\">L&#8217;espera<\/h2><\/div><div class=\"dp-dfg-custom-content\"><p class=\"dp-dfg-custom-field dp-dfg-cf-autors2\"><span class=\"dp-dfg-custom-field-value\">Josep \u00c1lvarez Niebla<\/span><\/p><\/div><\/article><!-- DPDFG End Post Item Container --><article id=\"post-11760\" class=\"dp-dfg-item post-11760 obres_autors type-obres_autors status-publish has-post-thumbnail hentry tipus_tecniques-dibuix tecnica_especifica-tinta-sobre-paper autors-lluis-navarro disciplina-dibuix \"     data-position=\"498\"   data-new-tab=\"off\"   data-action-priority=\"item\"><figure class=\"dp-dfg-image entry-thumb\"><a href=\"https:\/\/www.museuemporda.org\/?obres_autors=maternidad\" class=\"dp-dfg-image-link\" ><img loading=\"lazy\" decoding=\"async\" class=\"dp-dfg-featured-image\" src=\"https:\/\/www.museuemporda.org\/wp-content\/uploads\/2022\/02\/mE-2254-250x250.jpg\" alt=\"Maternidad\" width=\"250\" height=\"250\" data-ratio=\"1\"\/><\/a><\/figure><div class=\"dp-dfg-header entry-header\"><h2 class=\"entry-title\">Maternidad<\/h2><\/div><div class=\"dp-dfg-custom-content\"><p class=\"dp-dfg-custom-field dp-dfg-cf-autors2\"><span class=\"dp-dfg-custom-field-value\">Llu\u00eds Navarro<\/span><\/p><\/div><\/article><!-- DPDFG End Post Item Container --><article id=\"post-12606\" class=\"dp-dfg-item post-12606 obres_autors type-obres_autors status-publish has-post-thumbnail hentry tipus_tecniques-obra-grafica tecnica_especifica-aquarella-sobre-paper-2 autors-montserrat-gudiol-i-corominas disciplina-obra-grafic \"     data-position=\"499\"   data-new-tab=\"off\"   data-action-priority=\"item\"><figure class=\"dp-dfg-image entry-thumb\"><a href=\"https:\/\/www.museuemporda.org\/?obres_autors=sense-titol-199\" class=\"dp-dfg-image-link\" ><img loading=\"lazy\" decoding=\"async\" class=\"dp-dfg-featured-image\" src=\"https:\/\/www.museuemporda.org\/wp-content\/uploads\/2022\/04\/mE-2557-250x250.jpg\" alt=\"Sense t\u00edtol\" width=\"250\" height=\"250\" data-ratio=\"1\"\/><\/a><\/figure><div class=\"dp-dfg-header entry-header\"><h2 class=\"entry-title\">Sense t\u00edtol<\/h2><\/div><div class=\"dp-dfg-custom-content\"><p class=\"dp-dfg-custom-field dp-dfg-cf-autors2\"><span class=\"dp-dfg-custom-field-value\">Montserrat Gudiol i Corominas<\/span><\/p><\/div><\/article><!-- DPDFG End Post Item Container --><article id=\"post-8229\" class=\"dp-dfg-item post-8229 obres_autors type-obres_autors status-publish has-post-thumbnail hentry tecnica_especifica-oli-sobre-tela autors-josep-bartoli-guiu disciplina-pintura \"     data-position=\"500\"   data-new-tab=\"off\"   data-action-priority=\"item\"><figure class=\"dp-dfg-image entry-thumb\"><a href=\"https:\/\/www.museuemporda.org\/?obres_autors=new-york\" class=\"dp-dfg-image-link\" ><img loading=\"lazy\" decoding=\"async\" class=\"dp-dfg-featured-image\" src=\"https:\/\/www.museuemporda.org\/wp-content\/uploads\/2021\/08\/mE-693-250x250.jpg\" alt=\"New York\" width=\"250\" height=\"250\" data-ratio=\"1\"\/><\/a><\/figure><div class=\"dp-dfg-header entry-header\"><h2 class=\"entry-title\">New York<\/h2><\/div><div class=\"dp-dfg-custom-content\"><p class=\"dp-dfg-custom-field dp-dfg-cf-autors2\"><span class=\"dp-dfg-custom-field-value\">Josep Bartol\u00ed Guiu<\/span><\/p><\/div><\/article><!-- DPDFG End Post Item Container --><article id=\"post-10791\" class=\"dp-dfg-item post-10791 obres_autors type-obres_autors status-publish has-post-thumbnail hentry tipus_tecniques-dibuix tecnica_especifica-carbonet autors-francesc-gimeno-arasa disciplina-dibuix \"     data-position=\"501\"   data-new-tab=\"off\"   data-action-priority=\"item\"><figure class=\"dp-dfg-image entry-thumb\"><a href=\"https:\/\/www.museuemporda.org\/?obres_autors=nen-llegint\" class=\"dp-dfg-image-link\" ><img loading=\"lazy\" decoding=\"async\" class=\"dp-dfg-featured-image\" src=\"https:\/\/www.museuemporda.org\/wp-content\/uploads\/2022\/02\/mE-1230-250x250.jpg\" alt=\"Nen llegint\" width=\"250\" height=\"250\" data-ratio=\"1\"\/><\/a><\/figure><div class=\"dp-dfg-header entry-header\"><h2 class=\"entry-title\">Nen llegint<\/h2><\/div><div class=\"dp-dfg-custom-content\"><p class=\"dp-dfg-custom-field dp-dfg-cf-autors2\"><span class=\"dp-dfg-custom-field-value\">Francesc Gimeno Arasa<\/span><\/p><\/div><\/article><!-- DPDFG End Post Item Container --><article id=\"post-11750\" class=\"dp-dfg-item post-11750 obres_autors type-obres_autors status-publish has-post-thumbnail hentry tipus_tecniques-pintura tecnica_especifica-oli-sobre-tela autors-norman-david-narotzky disciplina-pintura \"     data-position=\"502\"   data-new-tab=\"off\"   data-action-priority=\"item\"><figure class=\"dp-dfg-image entry-thumb\"><a href=\"https:\/\/www.museuemporda.org\/?obres_autors=azrael-angel-of-death\" class=\"dp-dfg-image-link\" ><img loading=\"lazy\" decoding=\"async\" class=\"dp-dfg-featured-image\" src=\"https:\/\/www.museuemporda.org\/wp-content\/uploads\/2022\/02\/mE-1384-250x250.jpg\" alt=\"Azrael, angel of death\" width=\"250\" height=\"250\" data-ratio=\"1\"\/><\/a><\/figure><div class=\"dp-dfg-header entry-header\"><h2 class=\"entry-title\">Azrael, angel of death<\/h2><\/div><div class=\"dp-dfg-custom-content\"><p class=\"dp-dfg-custom-field dp-dfg-cf-autors2\"><span class=\"dp-dfg-custom-field-value\">Norman David Narotzky<\/span><\/p><\/div><\/article><!-- DPDFG End Post Item Container --><article id=\"post-11449\" class=\"dp-dfg-item post-11449 obres_autors type-obres_autors status-publish has-post-thumbnail hentry tipus_tecniques-pintura tecnica_especifica-oli-sobre-tela autors-angel-hoz-gomez disciplina-pintura \"     data-position=\"503\"   data-new-tab=\"off\"   data-action-priority=\"item\"><figure class=\"dp-dfg-image entry-thumb\"><a href=\"https:\/\/www.museuemporda.org\/?obres_autors=bodego-9\" class=\"dp-dfg-image-link\" ><img loading=\"lazy\" decoding=\"async\" class=\"dp-dfg-featured-image\" src=\"https:\/\/www.museuemporda.org\/wp-content\/uploads\/2022\/02\/mE-1174-250x250.jpg\" alt=\"Bodeg\u00f3\" width=\"250\" height=\"250\" data-ratio=\"1\"\/><\/a><\/figure><div class=\"dp-dfg-header entry-header\"><h2 class=\"entry-title\">Bodeg\u00f3<\/h2><\/div><div class=\"dp-dfg-custom-content\"><p class=\"dp-dfg-custom-field dp-dfg-cf-autors2\"><span class=\"dp-dfg-custom-field-value\">Angel Hoz G\u00f3mez<\/span><\/p><\/div><\/article><!-- DPDFG End Post Item Container --><article id=\"post-10280\" class=\"dp-dfg-item post-10280 obres_autors type-obres_autors status-publish has-post-thumbnail hentry tipus_tecniques-dibuix tecnica_especifica-carbonet autors-pere-bech-sudria disciplina-dibuix \"     data-position=\"504\"   data-new-tab=\"off\"   data-action-priority=\"item\"><figure class=\"dp-dfg-image entry-thumb\"><a href=\"https:\/\/www.museuemporda.org\/?obres_autors=figura-femenina-11\" class=\"dp-dfg-image-link\" ><img loading=\"lazy\" decoding=\"async\" class=\"dp-dfg-featured-image\" src=\"https:\/\/www.museuemporda.org\/wp-content\/uploads\/2022\/01\/mE-2209-250x250.jpg\" alt=\"Figura femenina\" width=\"250\" height=\"250\" data-ratio=\"1\"\/><\/a><\/figure><div class=\"dp-dfg-header entry-header\"><h2 class=\"entry-title\">Figura femenina<\/h2><\/div><div class=\"dp-dfg-custom-content\"><p class=\"dp-dfg-custom-field dp-dfg-cf-autors2\"><span class=\"dp-dfg-custom-field-value\">Pere Bech Sudri\u00e0<\/span><\/p><\/div><\/article><!-- DPDFG End Post Item Container --><article id=\"post-10495\" class=\"dp-dfg-item post-10495 obres_autors type-obres_autors status-publish has-post-thumbnail hentry tipus_tecniques-dibuix tecnica_especifica-llapis-sobre-paper autors-frederic-mares-deulovol disciplina-dibuix \"     data-position=\"505\"   data-new-tab=\"off\"   data-action-priority=\"item\"><figure class=\"dp-dfg-image entry-thumb\"><a href=\"https:\/\/www.museuemporda.org\/?obres_autors=sense-titol-76\" class=\"dp-dfg-image-link\" ><img loading=\"lazy\" decoding=\"async\" class=\"dp-dfg-featured-image\" src=\"https:\/\/www.museuemporda.org\/wp-content\/uploads\/2022\/01\/mE-1773-250x250.jpg\" alt=\"Sense t\u00edtol\" width=\"250\" height=\"250\" data-ratio=\"1\"\/><\/a><\/figure><div class=\"dp-dfg-header entry-header\"><h2 class=\"entry-title\">Sense t\u00edtol<\/h2><\/div><div class=\"dp-dfg-custom-content\"><p class=\"dp-dfg-custom-field dp-dfg-cf-autors2\"><span class=\"dp-dfg-custom-field-value\">Frederic Mar\u00e8s Deulovol<\/span><\/p><\/div><\/article><!-- DPDFG End Post Item Container --><article id=\"post-14122\" class=\"dp-dfg-item post-14122 obres_autors type-obres_autors status-publish has-post-thumbnail hentry tipus_tecniques-obra-grafica tecnica_especifica-impressio-digital autors-miquel-sanchez disciplina-obra-grafic \"     data-position=\"506\"   data-new-tab=\"off\"   data-action-priority=\"item\"><figure class=\"dp-dfg-image entry-thumb\"><a href=\"https:\/\/www.museuemporda.org\/?obres_autors=sense-titol-390\" class=\"dp-dfg-image-link\" ><img loading=\"lazy\" decoding=\"async\" class=\"dp-dfg-featured-image\" src=\"https:\/\/www.museuemporda.org\/wp-content\/uploads\/2023\/06\/ME2755-SANCHEZ-250x250.jpg\" alt=\"Sense t\u00edtol\" width=\"250\" height=\"250\" data-ratio=\"1\"\/><\/a><\/figure><div class=\"dp-dfg-header entry-header\"><h2 class=\"entry-title\">Sense t\u00edtol<\/h2><\/div><div class=\"dp-dfg-custom-content\"><p class=\"dp-dfg-custom-field dp-dfg-cf-autors2\"><span class=\"dp-dfg-custom-field-value\">Miquel Sanchez<\/span><\/p><\/div><\/article><!-- DPDFG End Post Item Container --><article id=\"post-10731\" class=\"dp-dfg-item post-10731 obres_autors type-obres_autors status-publish has-post-thumbnail hentry tipus_tecniques-obra-grafica tecnica_especifica-gravat-sobre-paper autors-xavier-nogues-cases disciplina-obra-grafic \"     data-position=\"507\"   data-new-tab=\"off\"   data-action-priority=\"item\"><figure class=\"dp-dfg-image entry-thumb\"><a href=\"https:\/\/www.museuemporda.org\/?obres_autors=escena-comica\" class=\"dp-dfg-image-link\" ><img loading=\"lazy\" decoding=\"async\" class=\"dp-dfg-featured-image\" src=\"https:\/\/www.museuemporda.org\/wp-content\/uploads\/2022\/02\/mE-1221-250x250.jpg\" alt=\"Escena c\u00f2mica\" width=\"250\" height=\"250\" data-ratio=\"1\"\/><\/a><\/figure><div class=\"dp-dfg-header entry-header\"><h2 class=\"entry-title\">Escena c\u00f2mica<\/h2><\/div><div class=\"dp-dfg-custom-content\"><p class=\"dp-dfg-custom-field dp-dfg-cf-autors2\"><span class=\"dp-dfg-custom-field-value\">Xavier Nogu\u00e9s Cases<\/span><\/p><\/div><\/article><!-- DPDFG End Post Item Container --><article id=\"post-8035\" class=\"dp-dfg-item post-8035 obres_autors type-obres_autors status-publish has-post-thumbnail hentry tecnica_especifica-talla-de-fusta-policromada autors-autoria-desconeguda disciplina-escultura \"     data-position=\"508\"   data-new-tab=\"off\"   data-action-priority=\"item\"><figure class=\"dp-dfg-image entry-thumb\"><a href=\"https:\/\/www.museuemporda.org\/?obres_autors=mare-de-deu-amb-nen\" class=\"dp-dfg-image-link\" ><img loading=\"lazy\" decoding=\"async\" class=\"dp-dfg-featured-image\" src=\"https:\/\/www.museuemporda.org\/wp-content\/uploads\/2021\/08\/ME-432-1-250x250.jpg\" alt=\"Mare de D\u00e9u amb Nen\" width=\"250\" height=\"250\" data-ratio=\"1\"\/><\/a><\/figure><div class=\"dp-dfg-header entry-header\"><h2 class=\"entry-title\">Mare de D\u00e9u amb Nen<\/h2><\/div><div class=\"dp-dfg-custom-content\"><p class=\"dp-dfg-custom-field dp-dfg-cf-autors2\"><span class=\"dp-dfg-custom-field-value\">Autoria desconeguda<\/span><\/p><\/div><\/article><!-- DPDFG End Post Item Container --><article id=\"post-12030\" class=\"dp-dfg-item post-12030 obres_autors type-obres_autors status-publish has-post-thumbnail hentry tipus_tecniques-pintura tecnica_especifica-oli-sobre-tela autors-daisy-linda-travers disciplina-pintura \"     data-position=\"509\"   data-new-tab=\"off\"   data-action-priority=\"item\"><figure class=\"dp-dfg-image entry-thumb\"><a href=\"https:\/\/www.museuemporda.org\/?obres_autors=natura-morta-8\" class=\"dp-dfg-image-link\" ><img loading=\"lazy\" decoding=\"async\" class=\"dp-dfg-featured-image\" src=\"https:\/\/www.museuemporda.org\/wp-content\/uploads\/2022\/02\/mE-1567-250x250.jpg\" alt=\"Natura morta\" width=\"250\" height=\"250\" data-ratio=\"1\"\/><\/a><\/figure><div class=\"dp-dfg-header entry-header\"><h2 class=\"entry-title\">Natura morta<\/h2><\/div><div class=\"dp-dfg-custom-content\"><p class=\"dp-dfg-custom-field dp-dfg-cf-autors2\"><span class=\"dp-dfg-custom-field-value\">Daisy Linda Travers<\/span><\/p><\/div><\/article><!-- DPDFG End Post Item Container --><article id=\"post-9160\" class=\"dp-dfg-item post-9160 obres_autors type-obres_autors status-publish has-post-thumbnail hentry tecnica_especifica-ceramica-africana-de-cuina autors-autoria-desconeguda disciplina-arqueologia \"     data-position=\"510\"   data-new-tab=\"off\"   data-action-priority=\"item\"><figure class=\"dp-dfg-image entry-thumb\"><a href=\"https:\/\/www.museuemporda.org\/?obres_autors=plat-3\" class=\"dp-dfg-image-link\" ><img loading=\"lazy\" decoding=\"async\" class=\"dp-dfg-featured-image\" src=\"https:\/\/www.museuemporda.org\/wp-content\/uploads\/2021\/11\/mE-527-250x250.jpg\" alt=\"Plat\" width=\"250\" height=\"250\" data-ratio=\"1\"\/><\/a><\/figure><div class=\"dp-dfg-header entry-header\"><h2 class=\"entry-title\">Plat<\/h2><\/div><div class=\"dp-dfg-custom-content\"><p class=\"dp-dfg-custom-field dp-dfg-cf-autors2\"><span class=\"dp-dfg-custom-field-value\">Autoria desconeguda<\/span><\/p><\/div><\/article><!-- DPDFG End Post Item Container --><article id=\"post-14351\" class=\"dp-dfg-item post-14351 obres_autors type-obres_autors status-publish has-post-thumbnail hentry tipus_tecniques-dibuix tecnica_especifica-impressio-digital autors-eneko-las-heras disciplina-dibuix \"     data-position=\"511\"   data-new-tab=\"off\"   data-action-priority=\"item\"><figure class=\"dp-dfg-image entry-thumb\"><a href=\"https:\/\/www.museuemporda.org\/?obres_autors=dialogo-vs-guerra\" class=\"dp-dfg-image-link\" ><img loading=\"lazy\" decoding=\"async\" class=\"dp-dfg-featured-image\" src=\"https:\/\/www.museuemporda.org\/wp-content\/uploads\/2023\/07\/ME2883-ENEKO-250x250.jpg\" alt=\"Di\u00e1logo vs guerra\" width=\"250\" height=\"250\" data-ratio=\"1\"\/><\/a><\/figure><div class=\"dp-dfg-header entry-header\"><h2 class=\"entry-title\">Di\u00e1logo vs guerra<\/h2><\/div><div class=\"dp-dfg-custom-content\"><p class=\"dp-dfg-custom-field dp-dfg-cf-autors2\"><span class=\"dp-dfg-custom-field-value\">Eneko Las Heras<\/span><\/p><\/div><\/article><!-- DPDFG End Post Item Container --><article id=\"post-8976\" class=\"dp-dfg-item post-8976 obres_autors type-obres_autors status-publish has-post-thumbnail hentry tecnica_especifica-oli-sobre-tela autors-maria-baig-minobis disciplina-pintura \"     data-position=\"512\"   data-new-tab=\"off\"   data-action-priority=\"item\"><figure class=\"dp-dfg-image entry-thumb\"><a href=\"https:\/\/www.museuemporda.org\/?obres_autors=estovalles-2\" class=\"dp-dfg-image-link\" ><img loading=\"lazy\" decoding=\"async\" class=\"dp-dfg-featured-image\" src=\"https:\/\/www.museuemporda.org\/wp-content\/uploads\/2021\/11\/mE-755-250x250.jpg\" alt=\"Estovalles\" width=\"250\" height=\"250\" data-ratio=\"1\"\/><\/a><\/figure><div class=\"dp-dfg-header entry-header\"><h2 class=\"entry-title\">Estovalles<\/h2><\/div><div class=\"dp-dfg-custom-content\"><p class=\"dp-dfg-custom-field dp-dfg-cf-autors2\"><span class=\"dp-dfg-custom-field-value\">Mari\u00e0 Baig Minobis<\/span><\/p><\/div><\/article><!-- DPDFG End Post Item Container --><article id=\"post-8270\" class=\"dp-dfg-item post-8270 obres_autors type-obres_autors status-publish has-post-thumbnail hentry tecnica_especifica-oli-sobre-tela autors-josep-maria-martinez-lozano disciplina-pintura \"     data-position=\"513\"   data-new-tab=\"off\"   data-action-priority=\"item\"><figure class=\"dp-dfg-image entry-thumb\"><a href=\"https:\/\/www.museuemporda.org\/?obres_autors=mercat-2\" class=\"dp-dfg-image-link\" ><img loading=\"lazy\" decoding=\"async\" class=\"dp-dfg-featured-image\" src=\"https:\/\/www.museuemporda.org\/wp-content\/uploads\/2021\/08\/mE-766-250x250.jpg\" alt=\"Mercat\" width=\"250\" height=\"250\" data-ratio=\"1\"\/><\/a><\/figure><div class=\"dp-dfg-header entry-header\"><h2 class=\"entry-title\">Mercat<\/h2><\/div><div class=\"dp-dfg-custom-content\"><p class=\"dp-dfg-custom-field dp-dfg-cf-autors2\"><span class=\"dp-dfg-custom-field-value\">Josep Maria Mart\u00ednez Lozano<\/span><\/p><\/div><\/article><!-- DPDFG End Post Item Container --><article id=\"post-9151\" class=\"dp-dfg-item post-9151 obres_autors type-obres_autors status-publish has-post-thumbnail hentry tecnica_especifica-ceramica-comuna autors-autoria-desconeguda disciplina-arqueologia \"     data-position=\"514\"   data-new-tab=\"off\"   data-action-priority=\"item\"><figure class=\"dp-dfg-image entry-thumb\"><a href=\"https:\/\/www.museuemporda.org\/?obres_autors=urna-2\" class=\"dp-dfg-image-link\" ><img loading=\"lazy\" decoding=\"async\" class=\"dp-dfg-featured-image\" src=\"https:\/\/www.museuemporda.org\/wp-content\/uploads\/2021\/11\/mE-522-250x250.jpg\" alt=\"Urna\" width=\"250\" height=\"250\" data-ratio=\"1\"\/><\/a><\/figure><div class=\"dp-dfg-header entry-header\"><h2 class=\"entry-title\">Urna<\/h2><\/div><div class=\"dp-dfg-custom-content\"><p class=\"dp-dfg-custom-field dp-dfg-cf-autors2\"><span class=\"dp-dfg-custom-field-value\">Autoria desconeguda<\/span><\/p><\/div><\/article><!-- DPDFG End Post Item Container --><article id=\"post-8887\" class=\"dp-dfg-item post-8887 obres_autors type-obres_autors status-publish has-post-thumbnail hentry tecnica_especifica-oli-sobre-tela autors-joaquim-mir-trinxet disciplina-pintura \"     data-position=\"515\"   data-new-tab=\"off\"   data-action-priority=\"item\"><figure class=\"dp-dfg-image entry-thumb\"><a href=\"https:\/\/www.museuemporda.org\/?obres_autors=paisatge-de-laleixar\" class=\"dp-dfg-image-link\" ><img loading=\"lazy\" decoding=\"async\" class=\"dp-dfg-featured-image\" src=\"https:\/\/www.museuemporda.org\/wp-content\/uploads\/2021\/11\/mE-667-250x250.jpg\" alt=\"Paisatge de l&#8217;Aleixar\" width=\"250\" height=\"250\" data-ratio=\"1\"\/><\/a><\/figure><div class=\"dp-dfg-header entry-header\"><h2 class=\"entry-title\">Paisatge de l&#8217;Aleixar<\/h2><\/div><div class=\"dp-dfg-custom-content\"><p class=\"dp-dfg-custom-field dp-dfg-cf-autors2\"><span class=\"dp-dfg-custom-field-value\">Joaquim Mir Trinxet<\/span><\/p><\/div><\/article><!-- DPDFG End Post Item Container --><article id=\"post-10438\" class=\"dp-dfg-item post-10438 obres_autors type-obres_autors status-publish has-post-thumbnail hentry tipus_tecniques-pintura tecnica_especifica-oli-sobre-tela autors-joan-padern-faig disciplina-pintura \"     data-position=\"516\"   data-new-tab=\"off\"   data-action-priority=\"item\"><figure class=\"dp-dfg-image entry-thumb\"><a href=\"https:\/\/www.museuemporda.org\/?obres_autors=la-barca\" class=\"dp-dfg-image-link\" ><img loading=\"lazy\" decoding=\"async\" class=\"dp-dfg-featured-image\" src=\"https:\/\/www.museuemporda.org\/wp-content\/uploads\/2022\/01\/mE-1391-250x250.jpg\" alt=\"La barca\" width=\"250\" height=\"250\" data-ratio=\"1\"\/><\/a><\/figure><div class=\"dp-dfg-header entry-header\"><h2 class=\"entry-title\">La barca<\/h2><\/div><div class=\"dp-dfg-custom-content\"><p class=\"dp-dfg-custom-field dp-dfg-cf-autors2\"><span class=\"dp-dfg-custom-field-value\">Joan Padern Faig<\/span><\/p><\/div><\/article><!-- DPDFG End Post Item Container --><article id=\"post-5906\" class=\"dp-dfg-item post-5906 obres_autors type-obres_autors status-publish has-post-thumbnail hentry tecnica_especifica-oli-sobre-tela autors-daniel-argimon-granell disciplina-pintura \"     data-position=\"517\"   data-new-tab=\"off\"   data-action-priority=\"item\"><figure class=\"dp-dfg-image entry-thumb\"><a href=\"https:\/\/www.museuemporda.org\/?obres_autors=cartel-para-la-revolucion\" class=\"dp-dfg-image-link\" ><img loading=\"lazy\" decoding=\"async\" class=\"dp-dfg-featured-image\" src=\"https:\/\/www.museuemporda.org\/wp-content\/uploads\/2020\/04\/mE-1440-250x250.jpg\" alt=\"Cartel para la Revoluci\u00f3n\" width=\"250\" height=\"250\" data-ratio=\"1\"\/><\/a><\/figure><div class=\"dp-dfg-header entry-header\"><h2 class=\"entry-title\">Cartel para la Revoluci\u00f3n<\/h2><\/div><div class=\"dp-dfg-custom-content\"><p class=\"dp-dfg-custom-field dp-dfg-cf-autors2\"><span class=\"dp-dfg-custom-field-value\">Daniel Argimon Granell<\/span><\/p><\/div><\/article><!-- DPDFG End Post Item Container --><article id=\"post-13950\" class=\"dp-dfg-item post-13950 obres_autors type-obres_autors status-publish has-post-thumbnail hentry tipus_tecniques-dibuix tecnica_especifica-impressio-digital autors-pep-claparols-i-moret disciplina-dibuix \"     data-position=\"518\"   data-new-tab=\"off\"   data-action-priority=\"item\"><figure class=\"dp-dfg-image entry-thumb\"><a href=\"https:\/\/www.museuemporda.org\/?obres_autors=sense-titol-313\" class=\"dp-dfg-image-link\" ><img loading=\"lazy\" decoding=\"async\" class=\"dp-dfg-featured-image\" src=\"https:\/\/www.museuemporda.org\/wp-content\/uploads\/2023\/06\/ME2675-PEP99-250x250.jpg\" alt=\"Sense t\u00edtol\" width=\"250\" height=\"250\" data-ratio=\"1\"\/><\/a><\/figure><div class=\"dp-dfg-header entry-header\"><h2 class=\"entry-title\">Sense t\u00edtol<\/h2><\/div><div class=\"dp-dfg-custom-content\"><p class=\"dp-dfg-custom-field dp-dfg-cf-autors2\"><span class=\"dp-dfg-custom-field-value\">Pep Claparols i Moret<\/span><\/p><\/div><\/article><!-- DPDFG End Post Item Container --><article id=\"post-10665\" class=\"dp-dfg-item post-10665 obres_autors type-obres_autors status-publish has-post-thumbnail hentry tipus_tecniques-pintura tecnica_especifica-oli-sobre-fusta autors-francesc-camps-ribera disciplina-pintura \"     data-position=\"519\"   data-new-tab=\"off\"   data-action-priority=\"item\"><figure class=\"dp-dfg-image entry-thumb\"><a href=\"https:\/\/www.museuemporda.org\/?obres_autors=cami-del-chico-veracruz\" class=\"dp-dfg-image-link\" ><img loading=\"lazy\" decoding=\"async\" class=\"dp-dfg-featured-image\" src=\"https:\/\/www.museuemporda.org\/wp-content\/uploads\/2022\/02\/mE-1304-250x250.jpg\" alt=\"Cam\u00ed del Chico (Veracruz)\" width=\"250\" height=\"250\" data-ratio=\"1\"\/><\/a><\/figure><div class=\"dp-dfg-header entry-header\"><h2 class=\"entry-title\">Cam\u00ed del Chico (Veracruz)<\/h2><\/div><div class=\"dp-dfg-custom-content\"><p class=\"dp-dfg-custom-field dp-dfg-cf-autors2\"><span class=\"dp-dfg-custom-field-value\">Francesc Camps Ribera<\/span><\/p><\/div><\/article><!-- DPDFG End Post Item Container --><article id=\"post-10260\" class=\"dp-dfg-item post-10260 obres_autors type-obres_autors status-publish has-post-thumbnail hentry tipus_tecniques-pintura tecnica_especifica-aquarella-sobre-paper autors-pere-bech-sudria disciplina-pintura \"     data-position=\"520\"   data-new-tab=\"off\"   data-action-priority=\"item\"><figure class=\"dp-dfg-image entry-thumb\"><a href=\"https:\/\/www.museuemporda.org\/?obres_autors=pantano-de-santolea-las-planas-de-castellote\" class=\"dp-dfg-image-link\" ><img loading=\"lazy\" decoding=\"async\" class=\"dp-dfg-featured-image\" src=\"https:\/\/www.museuemporda.org\/wp-content\/uploads\/2022\/01\/mE-2199-250x250.jpg\" alt=\"Pantano de Santolea (Las Planas de Castellote)\" width=\"250\" height=\"250\" data-ratio=\"1\"\/><\/a><\/figure><div class=\"dp-dfg-header entry-header\"><h2 class=\"entry-title\">Pantano de Santolea (Las Planas de Castellote)<\/h2><\/div><div class=\"dp-dfg-custom-content\"><p class=\"dp-dfg-custom-field dp-dfg-cf-autors2\"><span class=\"dp-dfg-custom-field-value\">Pere Bech Sudri\u00e0<\/span><\/p><\/div><\/article><!-- DPDFG End Post Item Container --><article id=\"post-10192\" class=\"dp-dfg-item post-10192 obres_autors type-obres_autors status-publish has-post-thumbnail hentry tipus_tecniques-aquarella tecnica_especifica-aquarella-sobre-paper autors-marcelli-porta disciplina-pintura \"     data-position=\"521\"   data-new-tab=\"off\"   data-action-priority=\"item\"><figure class=\"dp-dfg-image entry-thumb\"><a href=\"https:\/\/www.museuemporda.org\/?obres_autors=parella-dindis\" class=\"dp-dfg-image-link\" ><img loading=\"lazy\" decoding=\"async\" class=\"dp-dfg-featured-image\" src=\"https:\/\/www.museuemporda.org\/wp-content\/uploads\/2022\/01\/mE-1348-250x250.jpg\" alt=\"Parella d&#8217;indis\" width=\"250\" height=\"250\" data-ratio=\"1\"\/><\/a><\/figure><div class=\"dp-dfg-header entry-header\"><h2 class=\"entry-title\">Parella d&#8217;indis<\/h2><\/div><div class=\"dp-dfg-custom-content\"><p class=\"dp-dfg-custom-field dp-dfg-cf-autors2\"><span class=\"dp-dfg-custom-field-value\">Marcel\u00b7l\u00ed Porta<\/span><\/p><\/div><\/article><!-- DPDFG End Post Item Container --><article id=\"post-9033\" class=\"dp-dfg-item post-9033 obres_autors type-obres_autors status-publish has-post-thumbnail hentry tipus_tecniques-bronze autors-josep-dunach-sala disciplina-escultura \"     data-position=\"522\"   data-new-tab=\"off\"   data-action-priority=\"item\"><figure class=\"dp-dfg-image entry-thumb\"><a href=\"https:\/\/www.museuemporda.org\/?obres_autors=retrat-de-xavier-nogues\" class=\"dp-dfg-image-link\" ><img loading=\"lazy\" decoding=\"async\" class=\"dp-dfg-featured-image\" src=\"https:\/\/www.museuemporda.org\/wp-content\/uploads\/2021\/11\/mE-820-250x250.jpg\" alt=\"Retrat de Xavier Nogu\u00e9s\" width=\"250\" height=\"250\" data-ratio=\"1\"\/><\/a><\/figure><div class=\"dp-dfg-header entry-header\"><h2 class=\"entry-title\">Retrat de Xavier Nogu\u00e9s<\/h2><\/div><div class=\"dp-dfg-custom-content\"><p class=\"dp-dfg-custom-field dp-dfg-cf-autors2\"><span class=\"dp-dfg-custom-field-value\">Josep Du\u00f1ach Sala<\/span><\/p><\/div><\/article><!-- DPDFG End Post Item Container --><article id=\"post-14107\" class=\"dp-dfg-item post-14107 obres_autors type-obres_autors status-publish has-post-thumbnail hentry tipus_tecniques-dibuix tecnica_especifica-impressio-digital autors-antoni-batllori-obiols disciplina-dibuix \"     data-position=\"523\"   data-new-tab=\"off\"   data-action-priority=\"item\"><figure class=\"dp-dfg-image entry-thumb\"><a href=\"https:\/\/www.museuemporda.org\/?obres_autors=sense-titol-383\" class=\"dp-dfg-image-link\" ><img loading=\"lazy\" decoding=\"async\" class=\"dp-dfg-featured-image\" src=\"https:\/\/www.museuemporda.org\/wp-content\/uploads\/2023\/06\/ME2748-BATLLORI-250x239.jpg\" alt=\"Sense t\u00edtol\" width=\"250\" height=\"239\" data-ratio=\"0.956\"\/><\/a><\/figure><div class=\"dp-dfg-header entry-header\"><h2 class=\"entry-title\">Sense t\u00edtol<\/h2><\/div><div class=\"dp-dfg-custom-content\"><p class=\"dp-dfg-custom-field dp-dfg-cf-autors2\"><span class=\"dp-dfg-custom-field-value\">Antoni Batllori Obiols<\/span><\/p><\/div><\/article><!-- DPDFG End Post Item Container --><article id=\"post-8244\" class=\"dp-dfg-item post-8244 obres_autors type-obres_autors status-publish has-post-thumbnail hentry tecnica_especifica-oli-i-tecnica-mixta-sobre-tela autors-august-puig-bosch disciplina-pintura \"     data-position=\"524\"   data-new-tab=\"off\"   data-action-priority=\"item\"><figure class=\"dp-dfg-image entry-thumb\"><a href=\"https:\/\/www.museuemporda.org\/?obres_autors=llop\" class=\"dp-dfg-image-link\" ><img loading=\"lazy\" decoding=\"async\" class=\"dp-dfg-featured-image\" src=\"https:\/\/www.museuemporda.org\/wp-content\/uploads\/2021\/08\/mE-794-250x250.jpg\" alt=\"Llop\" width=\"250\" height=\"250\" data-ratio=\"1\"\/><\/a><\/figure><div class=\"dp-dfg-header entry-header\"><h2 class=\"entry-title\">Llop<\/h2><\/div><div class=\"dp-dfg-custom-content\"><p class=\"dp-dfg-custom-field dp-dfg-cf-autors2\"><span class=\"dp-dfg-custom-field-value\">August Puig Bosch<\/span><\/p><\/div><\/article><!-- DPDFG End Post Item Container --><article id=\"post-8196\" class=\"dp-dfg-item post-8196 obres_autors type-obres_autors status-publish has-post-thumbnail hentry tecnica_especifica-oli-sobre-tela autors-segundo-matilla-marina disciplina-pintura \"     data-position=\"525\"   data-new-tab=\"off\"   data-action-priority=\"item\"><figure class=\"dp-dfg-image entry-thumb\"><a href=\"https:\/\/www.museuemporda.org\/?obres_autors=paisatge-i-figures\" class=\"dp-dfg-image-link\" ><img loading=\"lazy\" decoding=\"async\" class=\"dp-dfg-featured-image\" src=\"https:\/\/www.museuemporda.org\/wp-content\/uploads\/2021\/08\/mE-659-250x250.jpg\" alt=\"Paisatge i figures\" width=\"250\" height=\"250\" data-ratio=\"1\"\/><\/a><\/figure><div class=\"dp-dfg-header entry-header\"><h2 class=\"entry-title\">Paisatge i figures<\/h2><\/div><div class=\"dp-dfg-custom-content\"><p class=\"dp-dfg-custom-field dp-dfg-cf-autors2\"><span class=\"dp-dfg-custom-field-value\">Segundo Matilla Marina<\/span><\/p><\/div><\/article><!-- DPDFG End Post Item Container --><article id=\"post-10354\" class=\"dp-dfg-item post-10354 obres_autors type-obres_autors status-publish has-post-thumbnail hentry tipus_tecniques-obra-grafica tecnica_especifica-litografia autors-anton-casamor-espona disciplina-obra-grafic \"     data-position=\"526\"   data-new-tab=\"off\"   data-action-priority=\"item\"><figure class=\"dp-dfg-image entry-thumb\"><a href=\"https:\/\/www.museuemporda.org\/?obres_autors=retrat-duna-noia\" class=\"dp-dfg-image-link\" ><img loading=\"lazy\" decoding=\"async\" class=\"dp-dfg-featured-image\" src=\"https:\/\/www.museuemporda.org\/wp-content\/uploads\/2022\/01\/mE-1946-250x250.jpg\" alt=\"Retrat d&#8217;una noia\" width=\"250\" height=\"250\" data-ratio=\"1\"\/><\/a><\/figure><div class=\"dp-dfg-header entry-header\"><h2 class=\"entry-title\">Retrat d&#8217;una noia<\/h2><\/div><div class=\"dp-dfg-custom-content\"><p class=\"dp-dfg-custom-field dp-dfg-cf-autors2\"><span class=\"dp-dfg-custom-field-value\">Anton Casamor Espona<\/span><\/p><\/div><\/article><!-- DPDFG End Post Item Container --><article id=\"post-9519\" class=\"dp-dfg-item post-9519 obres_autors type-obres_autors status-publish has-post-thumbnail hentry tipus_tecniques-pintura tecnica_especifica-oli-sobre-tela autors-joan-massanet-juli disciplina-pintura \"     data-position=\"527\"   data-new-tab=\"off\"   data-action-priority=\"item\"><figure class=\"dp-dfg-image entry-thumb\"><a href=\"https:\/\/www.museuemporda.org\/?obres_autors=mascarons-de-proa\" class=\"dp-dfg-image-link\" ><img loading=\"lazy\" decoding=\"async\" class=\"dp-dfg-featured-image\" src=\"https:\/\/www.museuemporda.org\/wp-content\/uploads\/2022\/01\/mE-2394-250x250.jpg\" alt=\"Mascarons de proa\" width=\"250\" height=\"250\" data-ratio=\"1\"\/><\/a><\/figure><div class=\"dp-dfg-header entry-header\"><h2 class=\"entry-title\">Mascarons de proa<\/h2><\/div><div class=\"dp-dfg-custom-content\"><p class=\"dp-dfg-custom-field dp-dfg-cf-autors2\"><span class=\"dp-dfg-custom-field-value\">Joan Massanet Juli<\/span><\/p><\/div><\/article><!-- DPDFG End Post Item Container --><article id=\"post-5690\" class=\"dp-dfg-item post-5690 obres_autors type-obres_autors status-publish has-post-thumbnail hentry autors-autoria-desconeguda disciplina-arqueologia \"     data-position=\"528\"   data-new-tab=\"off\"   data-action-priority=\"item\"><figure class=\"dp-dfg-image entry-thumb\"><a href=\"https:\/\/www.museuemporda.org\/?obres_autors=fibula\" class=\"dp-dfg-image-link\" ><img loading=\"lazy\" decoding=\"async\" class=\"dp-dfg-featured-image\" src=\"https:\/\/www.museuemporda.org\/wp-content\/uploads\/2020\/04\/mE-202_1_2019-scaled-1-250x250.jpg\" alt=\"F\u00edbula anular hisp\u00e0nica\" width=\"250\" height=\"250\" data-ratio=\"1\"\/><\/a><\/figure><div class=\"dp-dfg-header entry-header\"><h2 class=\"entry-title\">F\u00edbula anular hisp\u00e0nica<\/h2><\/div><div class=\"dp-dfg-custom-content\"><p class=\"dp-dfg-custom-field dp-dfg-cf-autors2\"><span class=\"dp-dfg-custom-field-value\">Autoria desconeguda<\/span><\/p><\/div><\/article><!-- DPDFG End Post Item Container --><article id=\"post-14006\" class=\"dp-dfg-item post-14006 obres_autors type-obres_autors status-publish has-post-thumbnail hentry tipus_tecniques-dibuix tecnica_especifica-impressio-digital autors-pep-claparols-i-moret disciplina-dibuix \"     data-position=\"529\"   data-new-tab=\"off\"   data-action-priority=\"item\"><figure class=\"dp-dfg-image entry-thumb\"><a href=\"https:\/\/www.museuemporda.org\/?obres_autors=sense-titol-338\" class=\"dp-dfg-image-link\" ><img loading=\"lazy\" decoding=\"async\" class=\"dp-dfg-featured-image\" src=\"https:\/\/www.museuemporda.org\/wp-content\/uploads\/2023\/06\/ME2700-PEP2003-250x250.jpg\" alt=\"Sense t\u00edtol\" width=\"250\" height=\"250\" data-ratio=\"1\"\/><\/a><\/figure><div class=\"dp-dfg-header entry-header\"><h2 class=\"entry-title\">Sense t\u00edtol<\/h2><\/div><div class=\"dp-dfg-custom-content\"><p class=\"dp-dfg-custom-field dp-dfg-cf-autors2\"><span class=\"dp-dfg-custom-field-value\">Pep Claparols i Moret<\/span><\/p><\/div><\/article><!-- DPDFG End Post Item Container --><article id=\"post-14472\" class=\"dp-dfg-item post-14472 obres_autors type-obres_autors status-publish has-post-thumbnail hentry tipus_tecniques-pintura tecnica_especifica-oli-sobre-fusta autors-rosa-genis-perramon disciplina-pintura \"     data-position=\"530\"   data-new-tab=\"off\"   data-action-priority=\"item\"><figure class=\"dp-dfg-image entry-thumb\"><a href=\"https:\/\/www.museuemporda.org\/?obres_autors=titol-desconegut-3\" class=\"dp-dfg-image-link\" ><img loading=\"lazy\" decoding=\"async\" class=\"dp-dfg-featured-image\" src=\"https:\/\/www.museuemporda.org\/wp-content\/uploads\/2023\/07\/ME2927-250x250.jpg\" alt=\"T\u00edtol desconegut\" width=\"250\" height=\"250\" data-ratio=\"1\"\/><\/a><\/figure><div class=\"dp-dfg-header entry-header\"><h2 class=\"entry-title\">T\u00edtol desconegut<\/h2><\/div><div class=\"dp-dfg-custom-content\"><p class=\"dp-dfg-custom-field dp-dfg-cf-autors2\"><span class=\"dp-dfg-custom-field-value\">Rosa Gen\u00eds Perramon<\/span><\/p><\/div><\/article><!-- DPDFG End Post Item Container --><article id=\"post-13922\" class=\"dp-dfg-item post-13922 obres_autors type-obres_autors status-publish has-post-thumbnail hentry tipus_tecniques-dibuix tecnica_especifica-impressio-digital autors-pep-claparols-i-moret disciplina-dibuix \"     data-position=\"531\"   data-new-tab=\"off\"   data-action-priority=\"item\"><figure class=\"dp-dfg-image entry-thumb\"><a href=\"https:\/\/www.museuemporda.org\/?obres_autors=sense-titol-300\" class=\"dp-dfg-image-link\" ><img loading=\"lazy\" decoding=\"async\" class=\"dp-dfg-featured-image\" src=\"https:\/\/www.museuemporda.org\/wp-content\/uploads\/2023\/06\/ME2662-PEP98-250x250.jpg\" alt=\"Sense t\u00edtol\" width=\"250\" height=\"250\" data-ratio=\"1\"\/><\/a><\/figure><div class=\"dp-dfg-header entry-header\"><h2 class=\"entry-title\">Sense t\u00edtol<\/h2><\/div><div class=\"dp-dfg-custom-content\"><p class=\"dp-dfg-custom-field dp-dfg-cf-autors2\"><span class=\"dp-dfg-custom-field-value\">Pep Claparols i Moret<\/span><\/p><\/div><\/article><!-- DPDFG End Post Item Container --><article id=\"post-10647\" class=\"dp-dfg-item post-10647 obres_autors type-obres_autors status-publish has-post-thumbnail hentry tipus_tecniques-pintura tecnica_especifica-aquarella-sobre-paper autors-avelli-artis-gener disciplina-pintura \"     data-position=\"532\"   data-new-tab=\"off\"   data-action-priority=\"item\"><figure class=\"dp-dfg-image entry-thumb\"><a href=\"https:\/\/www.museuemporda.org\/?obres_autors=santa-rosa-2\" class=\"dp-dfg-image-link\" ><img loading=\"lazy\" decoding=\"async\" class=\"dp-dfg-featured-image\" src=\"https:\/\/www.museuemporda.org\/wp-content\/uploads\/2022\/02\/mE-1365-250x250.jpg\" alt=\"Santa Rosa\" width=\"250\" height=\"250\" data-ratio=\"1\"\/><\/a><\/figure><div class=\"dp-dfg-header entry-header\"><h2 class=\"entry-title\">Santa Rosa<\/h2><\/div><div class=\"dp-dfg-custom-content\"><p class=\"dp-dfg-custom-field dp-dfg-cf-autors2\"><span class=\"dp-dfg-custom-field-value\">Avel\u00b7l\u00ed Art\u00eds Gener<\/span><\/p><\/div><\/article><!-- DPDFG End Post Item Container --><article id=\"post-6006\" class=\"dp-dfg-item post-6006 obres_autors type-obres_autors status-publish has-post-thumbnail hentry autors-frederic-mares-deulovol disciplina-escultura \"     data-position=\"533\"   data-new-tab=\"off\"   data-action-priority=\"item\"><figure class=\"dp-dfg-image entry-thumb\"><a href=\"https:\/\/www.museuemporda.org\/?obres_autors=nu-dhome\" class=\"dp-dfg-image-link\" ><img loading=\"lazy\" decoding=\"async\" class=\"dp-dfg-featured-image\" src=\"https:\/\/www.museuemporda.org\/wp-content\/uploads\/2020\/10\/mE-1036-250x250.jpg\" alt=\"Nu d&#8217;home\" width=\"250\" height=\"250\" data-ratio=\"1\"\/><\/a><\/figure><div class=\"dp-dfg-header entry-header\"><h2 class=\"entry-title\">Nu d&#8217;home<\/h2><\/div><div class=\"dp-dfg-custom-content\"><p class=\"dp-dfg-custom-field dp-dfg-cf-autors2\"><span class=\"dp-dfg-custom-field-value\">Frederic Mar\u00e8s Deulovol<\/span><\/p><\/div><\/article><!-- DPDFG End Post Item Container --><article id=\"post-8042\" class=\"dp-dfg-item post-8042 obres_autors type-obres_autors status-publish has-post-thumbnail hentry tecnica_especifica-oli-sobre-tela autors-ramon-tusquets-maignon disciplina-pintura \"     data-position=\"534\"   data-new-tab=\"off\"   data-action-priority=\"item\"><figure class=\"dp-dfg-image entry-thumb\"><a href=\"https:\/\/www.museuemporda.org\/?obres_autors=calvari-2\" class=\"dp-dfg-image-link\" ><img loading=\"lazy\" decoding=\"async\" class=\"dp-dfg-featured-image\" src=\"https:\/\/www.museuemporda.org\/wp-content\/uploads\/2021\/08\/mE-601-1-250x250.jpg\" alt=\"Calvari\" width=\"250\" height=\"250\" data-ratio=\"1\"\/><\/a><\/figure><div class=\"dp-dfg-header entry-header\"><h2 class=\"entry-title\">Calvari<\/h2><\/div><div class=\"dp-dfg-custom-content\"><p class=\"dp-dfg-custom-field dp-dfg-cf-autors2\"><span class=\"dp-dfg-custom-field-value\">Ramon Tusquets Maignon<\/span><\/p><\/div><\/article><!-- DPDFG End Post Item Container --><article id=\"post-10735\" class=\"dp-dfg-item post-10735 obres_autors type-obres_autors status-publish has-post-thumbnail hentry tipus_tecniques-dibuix tecnica_especifica-llapis-sobre-paper autors-francesc-domingo-segura disciplina-dibuix \"     data-position=\"535\"   data-new-tab=\"off\"   data-action-priority=\"item\"><figure class=\"dp-dfg-image entry-thumb\"><a href=\"https:\/\/www.museuemporda.org\/?obres_autors=retrat-de-noia\" class=\"dp-dfg-image-link\" ><img loading=\"lazy\" decoding=\"async\" class=\"dp-dfg-featured-image\" src=\"https:\/\/www.museuemporda.org\/wp-content\/uploads\/2022\/02\/mE-1494-250x250.jpg\" alt=\"Retrat de noia\" width=\"250\" height=\"250\" data-ratio=\"1\"\/><\/a><\/figure><div class=\"dp-dfg-header entry-header\"><h2 class=\"entry-title\">Retrat de noia<\/h2><\/div><div class=\"dp-dfg-custom-content\"><p class=\"dp-dfg-custom-field dp-dfg-cf-autors2\"><span class=\"dp-dfg-custom-field-value\">Francesc Domingo Segura<\/span><\/p><\/div><\/article><!-- DPDFG End Post Item Container --><article id=\"post-10008\" class=\"dp-dfg-item post-10008 obres_autors type-obres_autors status-publish has-post-thumbnail hentry tipus_tecniques-escultura tecnica_especifica-tecnica-mixta autors-albert-llobet-portell disciplina-escultura \"     data-position=\"536\"   data-new-tab=\"off\"   data-action-priority=\"item\"><figure class=\"dp-dfg-image entry-thumb\"><a href=\"https:\/\/www.museuemporda.org\/?obres_autors=no-ens-maltracten-es-la-seva-cultura\" class=\"dp-dfg-image-link\" ><img loading=\"lazy\" decoding=\"async\" class=\"dp-dfg-featured-image\" src=\"https:\/\/www.museuemporda.org\/wp-content\/uploads\/2022\/01\/mE-2489-250x250.jpg\" alt=\"No ens maltracten, \u00e9s la seva cultura\" width=\"250\" height=\"250\" data-ratio=\"1\"\/><\/a><\/figure><div class=\"dp-dfg-header entry-header\"><h2 class=\"entry-title\">No ens maltracten, \u00e9s la seva cultura<\/h2><\/div><div class=\"dp-dfg-custom-content\"><p class=\"dp-dfg-custom-field dp-dfg-cf-autors2\"><span class=\"dp-dfg-custom-field-value\">Albert Llobet Portell<\/span><\/p><\/div><\/article><!-- DPDFG End Post Item Container --><article id=\"post-14127\" class=\"dp-dfg-item post-14127 obres_autors type-obres_autors status-publish has-post-thumbnail hentry tipus_tecniques-obra-grafica tecnica_especifica-impressio-digital autors-miquel-sanchez disciplina-obra-grafic \"     data-position=\"537\"   data-new-tab=\"off\"   data-action-priority=\"item\"><figure class=\"dp-dfg-image entry-thumb\"><a href=\"https:\/\/www.museuemporda.org\/?obres_autors=sense-titol-392\" class=\"dp-dfg-image-link\" ><img loading=\"lazy\" decoding=\"async\" class=\"dp-dfg-featured-image\" src=\"https:\/\/www.museuemporda.org\/wp-content\/uploads\/2023\/07\/ME2757-SANCHEZ-250x250.jpg\" alt=\"Sense t\u00edtol\" width=\"250\" height=\"250\" data-ratio=\"1\"\/><\/a><\/figure><div class=\"dp-dfg-header entry-header\"><h2 class=\"entry-title\">Sense t\u00edtol<\/h2><\/div><div class=\"dp-dfg-custom-content\"><p class=\"dp-dfg-custom-field dp-dfg-cf-autors2\"><span class=\"dp-dfg-custom-field-value\">Miquel Sanchez<\/span><\/p><\/div><\/article><!-- DPDFG End Post Item Container --><article id=\"post-10295\" class=\"dp-dfg-item post-10295 obres_autors type-obres_autors status-publish has-post-thumbnail hentry tipus_tecniques-pintura tecnica_especifica-oli-sobre-tela autors-pere-bech-sudria disciplina-pintura \"     data-position=\"538\"   data-new-tab=\"off\"   data-action-priority=\"item\"><figure class=\"dp-dfg-image entry-thumb\"><a href=\"https:\/\/www.museuemporda.org\/?obres_autors=paisatge-urba-3\" class=\"dp-dfg-image-link\" ><img loading=\"lazy\" decoding=\"async\" class=\"dp-dfg-featured-image\" src=\"https:\/\/www.museuemporda.org\/wp-content\/uploads\/2022\/01\/mE-2217-250x250.jpg\" alt=\"Paisatge urb\u00e0\" width=\"250\" height=\"250\" data-ratio=\"1\"\/><\/a><\/figure><div class=\"dp-dfg-header entry-header\"><h2 class=\"entry-title\">Paisatge urb\u00e0<\/h2><\/div><div class=\"dp-dfg-custom-content\"><p class=\"dp-dfg-custom-field dp-dfg-cf-autors2\"><span class=\"dp-dfg-custom-field-value\">Pere Bech Sudri\u00e0<\/span><\/p><\/div><\/article><!-- DPDFG End Post Item Container --><article id=\"post-8819\" class=\"dp-dfg-item post-8819 obres_autors type-obres_autors status-publish has-post-thumbnail hentry tecnica_especifica-oli-sobre-tela autors-autoria-desconeguda disciplina-pintura \"     data-position=\"539\"   data-new-tab=\"off\"   data-action-priority=\"item\"><figure class=\"dp-dfg-image entry-thumb\"><a href=\"https:\/\/www.museuemporda.org\/?obres_autors=paisatge-frondos-amb-gruta\" class=\"dp-dfg-image-link\" ><img loading=\"lazy\" decoding=\"async\" class=\"dp-dfg-featured-image\" src=\"https:\/\/www.museuemporda.org\/wp-content\/uploads\/2021\/10\/mE-636-250x250.jpg\" alt=\"Paisatge frond\u00f3s amb gruta\" width=\"250\" height=\"250\" data-ratio=\"1\"\/><\/a><\/figure><div class=\"dp-dfg-header entry-header\"><h2 class=\"entry-title\">Paisatge frond\u00f3s amb gruta<\/h2><\/div><div class=\"dp-dfg-custom-content\"><p class=\"dp-dfg-custom-field dp-dfg-cf-autors2\"><span class=\"dp-dfg-custom-field-value\">Autoria desconeguda<\/span><\/p><\/div><\/article><!-- DPDFG End Post Item Container --><article id=\"post-14460\" class=\"dp-dfg-item post-14460 obres_autors type-obres_autors status-publish has-post-thumbnail hentry tipus_tecniques-aquarella-2 tecnica_especifica-aquarella-sobre-paper-2 autors-ramon-reig-corominas disciplina-pintura \"     data-position=\"540\"   data-new-tab=\"off\"   data-action-priority=\"item\"><figure class=\"dp-dfg-image entry-thumb\"><a href=\"https:\/\/www.museuemporda.org\/?obres_autors=sense-titol-522\" class=\"dp-dfg-image-link\" ><img loading=\"lazy\" decoding=\"async\" class=\"dp-dfg-featured-image\" src=\"https:\/\/www.museuemporda.org\/wp-content\/uploads\/2023\/07\/JPH5116-250x250.jpg\" alt=\"Sense t\u00edtol\" width=\"250\" height=\"250\" data-ratio=\"1\"\/><\/a><\/figure><div class=\"dp-dfg-header entry-header\"><h2 class=\"entry-title\">Sense t\u00edtol<\/h2><\/div><div class=\"dp-dfg-custom-content\"><p class=\"dp-dfg-custom-field dp-dfg-cf-autors2\"><span class=\"dp-dfg-custom-field-value\">Ramon Reig Corominas<\/span><\/p><\/div><\/article><!-- DPDFG End Post Item Container --><article id=\"post-9103\" class=\"dp-dfg-item post-9103 obres_autors type-obres_autors status-publish has-post-thumbnail hentry tecnica_especifica-ceramica-de-reflex-metallic autors-autoria-desconeguda disciplina-arqueologia \"     data-position=\"541\"   data-new-tab=\"off\"   data-action-priority=\"item\"><figure class=\"dp-dfg-image entry-thumb\"><a href=\"https:\/\/www.museuemporda.org\/?obres_autors=bol-de-reflex-metallic-2\" class=\"dp-dfg-image-link\" ><img loading=\"lazy\" decoding=\"async\" class=\"dp-dfg-featured-image\" src=\"https:\/\/www.museuemporda.org\/wp-content\/uploads\/2021\/11\/mE-577-250x250.jpg\" alt=\"Bol\" width=\"250\" height=\"250\" data-ratio=\"1\"\/><\/a><\/figure><div class=\"dp-dfg-header entry-header\"><h2 class=\"entry-title\">Bol<\/h2><\/div><div class=\"dp-dfg-custom-content\"><p class=\"dp-dfg-custom-field dp-dfg-cf-autors2\"><span class=\"dp-dfg-custom-field-value\">Autoria desconeguda<\/span><\/p><\/div><\/article><!-- DPDFG End Post Item Container --><article id=\"post-8254\" class=\"dp-dfg-item post-8254 obres_autors type-obres_autors status-publish has-post-thumbnail hentry tecnica_especifica-tecnica-mixta-sobre-fusta autors-joan-massanet-juli disciplina-pintura \"     data-position=\"542\"   data-new-tab=\"off\"   data-action-priority=\"item\"><figure class=\"dp-dfg-image entry-thumb\"><a href=\"https:\/\/www.museuemporda.org\/?obres_autors=oblits\" class=\"dp-dfg-image-link\" ><img loading=\"lazy\" decoding=\"async\" class=\"dp-dfg-featured-image\" src=\"https:\/\/www.museuemporda.org\/wp-content\/uploads\/2021\/08\/mE-1378-e1680680065990-250x250.jpg\" alt=\"Oblits\" width=\"250\" height=\"250\" data-ratio=\"1\"\/><\/a><\/figure><div class=\"dp-dfg-header entry-header\"><h2 class=\"entry-title\">Oblits<\/h2><\/div><div class=\"dp-dfg-custom-content\"><p class=\"dp-dfg-custom-field dp-dfg-cf-autors2\"><span class=\"dp-dfg-custom-field-value\">Joan Massanet Juli<\/span><\/p><\/div><\/article><!-- DPDFG End Post Item Container --><article id=\"post-9651\" class=\"dp-dfg-item post-9651 obres_autors type-obres_autors status-publish has-post-thumbnail hentry tipus_tecniques-fotografia tecnica_especifica-fotografia autors-ester-baulida-estadella disciplina-fotografia \"     data-position=\"543\"   data-new-tab=\"off\"   data-action-priority=\"item\"><figure class=\"dp-dfg-image entry-thumb\"><a href=\"https:\/\/www.museuemporda.org\/?obres_autors=satir\" class=\"dp-dfg-image-link\" ><img loading=\"lazy\" decoding=\"async\" class=\"dp-dfg-featured-image\" src=\"https:\/\/www.museuemporda.org\/wp-content\/uploads\/2022\/01\/mE-1587-250x250.jpg\" alt=\"S\u00e0tir\" width=\"250\" height=\"250\" data-ratio=\"1\"\/><\/a><\/figure><div class=\"dp-dfg-header entry-header\"><h2 class=\"entry-title\">S\u00e0tir<\/h2><\/div><div class=\"dp-dfg-custom-content\"><p class=\"dp-dfg-custom-field dp-dfg-cf-autors2\"><span class=\"dp-dfg-custom-field-value\">Ester Baulida Estadella<\/span><\/p><\/div><\/article><!-- DPDFG End Post Item Container --><article id=\"post-9507\" class=\"dp-dfg-item post-9507 obres_autors type-obres_autors status-publish has-post-thumbnail hentry tipus_tecniques-pintura tecnica_especifica-oli-sobre-tela autors-rafael-llimona-benet disciplina-pintura \"     data-position=\"544\"   data-new-tab=\"off\"   data-action-priority=\"item\"><figure class=\"dp-dfg-image entry-thumb\"><a href=\"https:\/\/www.museuemporda.org\/?obres_autors=paisatge-dolot\" class=\"dp-dfg-image-link\" ><img loading=\"lazy\" decoding=\"async\" class=\"dp-dfg-featured-image\" src=\"https:\/\/www.museuemporda.org\/wp-content\/uploads\/2022\/01\/mE-1205-250x250.jpg\" alt=\"Paisatge d&#8217;Olot\" width=\"250\" height=\"250\" data-ratio=\"1\"\/><\/a><\/figure><div class=\"dp-dfg-header entry-header\"><h2 class=\"entry-title\">Paisatge d&#8217;Olot<\/h2><\/div><div class=\"dp-dfg-custom-content\"><p class=\"dp-dfg-custom-field dp-dfg-cf-autors2\"><span class=\"dp-dfg-custom-field-value\">Rafael Llimona Benet<\/span><\/p><\/div><\/article><!-- DPDFG End Post Item Container --><article id=\"post-1319\" class=\"dp-dfg-item post-1319 obres_autors type-obres_autors status-publish has-post-thumbnail hentry tecnica_especifica-pintura-sobre-tela autors-carme-cortes-i-llado \"     data-position=\"545\"   data-new-tab=\"off\"   data-action-priority=\"item\"><figure class=\"dp-dfg-image entry-thumb\"><a href=\"https:\/\/www.museuemporda.org\/?obres_autors=flors\" class=\"dp-dfg-image-link\" ><img loading=\"lazy\" decoding=\"async\" class=\"dp-dfg-featured-image\" src=\"https:\/\/www.museuemporda.org\/wp-content\/uploads\/2020\/04\/mE-1319-250x250.jpg\" alt=\"Flors\" width=\"250\" height=\"250\" data-ratio=\"1\"\/><\/a><\/figure><div class=\"dp-dfg-header entry-header\"><h2 class=\"entry-title\">Flors<\/h2><\/div><div class=\"dp-dfg-custom-content\"><p class=\"dp-dfg-custom-field dp-dfg-cf-autors2\"><span class=\"dp-dfg-custom-field-value\">Carme Cort\u00e8s i Llad\u00f3 <\/span><\/p><\/div><\/article><!-- DPDFG End Post Item Container --><article id=\"post-13723\" class=\"dp-dfg-item post-13723 obres_autors type-obres_autors status-publish has-post-thumbnail hentry tipus_tecniques-dibuix tecnica_especifica-tinta-sobre-paper autors-carme-sanglas-gispert disciplina-dibuix \"     data-position=\"546\"   data-new-tab=\"off\"   data-action-priority=\"item\"><figure class=\"dp-dfg-image entry-thumb\"><a href=\"https:\/\/www.museuemporda.org\/?obres_autors=sense-titol-207\" class=\"dp-dfg-image-link\" ><img loading=\"lazy\" decoding=\"async\" class=\"dp-dfg-featured-image\" src=\"https:\/\/www.museuemporda.org\/wp-content\/uploads\/2023\/06\/ME2569-SANGLAS15-250x250.jpg\" alt=\"Sense t\u00edtol\" width=\"250\" height=\"250\" data-ratio=\"1\"\/><\/a><\/figure><div class=\"dp-dfg-header entry-header\"><h2 class=\"entry-title\">Sense t\u00edtol<\/h2><\/div><div class=\"dp-dfg-custom-content\"><p class=\"dp-dfg-custom-field dp-dfg-cf-autors2\"><span class=\"dp-dfg-custom-field-value\">Carme Sanglas Gispert<\/span><\/p><\/div><\/article><!-- DPDFG End Post Item Container --><article id=\"post-8369\" class=\"dp-dfg-item post-8369 obres_autors type-obres_autors status-publish has-post-thumbnail hentry tecnica_especifica-oli-sobre-tela autors-evarist-valles-rovira disciplina-pintura \"     data-position=\"547\"   data-new-tab=\"off\"   data-action-priority=\"item\"><figure class=\"dp-dfg-image entry-thumb\"><a href=\"https:\/\/www.museuemporda.org\/?obres_autors=olivera\" class=\"dp-dfg-image-link\" ><img loading=\"lazy\" decoding=\"async\" class=\"dp-dfg-featured-image\" src=\"https:\/\/www.museuemporda.org\/wp-content\/uploads\/2021\/08\/mE-1054-1-250x250.jpg\" alt=\"Olivera\" width=\"250\" height=\"250\" data-ratio=\"1\"\/><\/a><\/figure><div class=\"dp-dfg-header entry-header\"><h2 class=\"entry-title\">Olivera<\/h2><\/div><div class=\"dp-dfg-custom-content\"><p class=\"dp-dfg-custom-field dp-dfg-cf-autors2\"><span class=\"dp-dfg-custom-field-value\">Evarist Vall\u00e8s Rovira<\/span><\/p><\/div><\/article><!-- DPDFG End Post Item Container --><article id=\"post-11088\" class=\"dp-dfg-item post-11088 obres_autors type-obres_autors status-publish has-post-thumbnail hentry tipus_tecniques-obra-grafica tecnica_especifica-serigrafia autors-mira-bernabeu disciplina-obra-grafic \"     data-position=\"548\"   data-new-tab=\"off\"   data-action-priority=\"item\"><figure class=\"dp-dfg-image entry-thumb\"><a href=\"https:\/\/www.museuemporda.org\/?obres_autors=el-hueco-del-espectaculo-criterios-individuales\" class=\"dp-dfg-image-link\" ><img loading=\"lazy\" decoding=\"async\" class=\"dp-dfg-featured-image\" src=\"https:\/\/www.museuemporda.org\/wp-content\/uploads\/2022\/02\/mE-2118-1-250x250.jpg\" alt=\"El hueco del espect\u00e1culo. Criterios individuales\" width=\"250\" height=\"250\" data-ratio=\"1\"\/><\/a><\/figure><div class=\"dp-dfg-header entry-header\"><h2 class=\"entry-title\">El hueco del espect\u00e1culo. Criterios individuales<\/h2><\/div><div class=\"dp-dfg-custom-content\"><p class=\"dp-dfg-custom-field dp-dfg-cf-autors2\"><span class=\"dp-dfg-custom-field-value\">Mira Bernabeu<\/span><\/p><\/div><\/article><!-- DPDFG End Post Item Container --><article id=\"post-10615\" class=\"dp-dfg-item post-10615 obres_autors type-obres_autors status-publish has-post-thumbnail hentry tipus_tecniques-obra-grafica tecnica_especifica-serigrafia autors-pic-adrian disciplina-obra-grafic \"     data-position=\"549\"   data-new-tab=\"off\"   data-action-priority=\"item\"><figure class=\"dp-dfg-image entry-thumb\"><a href=\"https:\/\/www.museuemporda.org\/?obres_autors=composicio-de-lobra-10-condizioni-lineari-di-segnaletica-aleatoria\" class=\"dp-dfg-image-link\" ><img loading=\"lazy\" decoding=\"async\" class=\"dp-dfg-featured-image\" src=\"https:\/\/www.museuemporda.org\/wp-content\/uploads\/2022\/02\/mE-1473-250x250.jpg\" alt=\"Composici\u00f3 de l&#8217;obra &#8220;10 condizioni lineari di segnaletica aleatoria&#8221;\" width=\"250\" height=\"250\" data-ratio=\"1\"\/><\/a><\/figure><div class=\"dp-dfg-header entry-header\"><h2 class=\"entry-title\">Composici\u00f3 de l&#8217;obra &#8220;10 condizioni lineari di segnaletica aleatoria&#8221;<\/h2><\/div><div class=\"dp-dfg-custom-content\"><p class=\"dp-dfg-custom-field dp-dfg-cf-autors2\"><span class=\"dp-dfg-custom-field-value\">Pic Adrian<\/span><\/p><\/div><\/article><!-- DPDFG End Post Item Container --><article id=\"post-5696\" class=\"dp-dfg-item post-5696 obres_autors type-obres_autors status-publish has-post-thumbnail hentry autors-autoria-desconeguda disciplina-arqueologia \"     data-position=\"550\"   data-new-tab=\"off\"   data-action-priority=\"item\"><figure class=\"dp-dfg-image entry-thumb\"><a href=\"https:\/\/www.museuemporda.org\/?obres_autors=figura-de-terracota-demeter\" class=\"dp-dfg-image-link\" ><img loading=\"lazy\" decoding=\"async\" class=\"dp-dfg-featured-image\" src=\"https:\/\/www.museuemporda.org\/wp-content\/uploads\/2020\/04\/mE-310_1_2019-250x250.jpg\" alt=\"Figura femenina del tipus cora (Possible Dem\u00e8ter)\" width=\"250\" height=\"250\" data-ratio=\"1\"\/><\/a><\/figure><div class=\"dp-dfg-header entry-header\"><h2 class=\"entry-title\">Figura femenina del tipus cora (Possible Dem\u00e8ter)<\/h2><\/div><div class=\"dp-dfg-custom-content\"><p class=\"dp-dfg-custom-field dp-dfg-cf-autors2\"><span class=\"dp-dfg-custom-field-value\">Autoria desconeguda<\/span><\/p><\/div><\/article><!-- DPDFG End Post Item Container --><article id=\"post-11210\" class=\"dp-dfg-item post-11210 obres_autors type-obres_autors status-publish has-post-thumbnail hentry tipus_tecniques-pintura tecnica_especifica-aquarella autors-giuseppe-cherubini disciplina-pintura \"     data-position=\"551\"   data-new-tab=\"off\"   data-action-priority=\"item\"><figure class=\"dp-dfg-image entry-thumb\"><a href=\"https:\/\/www.museuemporda.org\/?obres_autors=venecia\" class=\"dp-dfg-image-link\" ><img loading=\"lazy\" decoding=\"async\" class=\"dp-dfg-featured-image\" src=\"https:\/\/www.museuemporda.org\/wp-content\/uploads\/2022\/02\/mE-1073-250x250.jpg\" alt=\"Ven\u00e8cia\" width=\"250\" height=\"250\" data-ratio=\"1\"\/><\/a><\/figure><div class=\"dp-dfg-header entry-header\"><h2 class=\"entry-title\">Ven\u00e8cia<\/h2><\/div><div class=\"dp-dfg-custom-content\"><p class=\"dp-dfg-custom-field dp-dfg-cf-autors2\"><span class=\"dp-dfg-custom-field-value\">Giuseppe Cherubini<\/span><\/p><\/div><\/article><!-- DPDFG End Post Item Container --><article id=\"post-1367\" class=\"dp-dfg-item post-1367 obres_autors type-obres_autors status-publish has-post-thumbnail hentry tecnica_especifica-pintura-sobre-tela autors-avelli-artis-gener disciplina-pintura \"     data-position=\"552\"   data-new-tab=\"off\"   data-action-priority=\"item\"><figure class=\"dp-dfg-image entry-thumb\"><a href=\"https:\/\/www.museuemporda.org\/?obres_autors=musics-de-guernavaca\" class=\"dp-dfg-image-link\" ><img loading=\"lazy\" decoding=\"async\" class=\"dp-dfg-featured-image\" src=\"https:\/\/www.museuemporda.org\/wp-content\/uploads\/2020\/04\/mE-1367-scaled-1-250x250.jpg\" alt=\"M\u00fasics de Cuernavaca\" width=\"250\" height=\"250\" data-ratio=\"1\"\/><\/a><\/figure><div class=\"dp-dfg-header entry-header\"><h2 class=\"entry-title\">M\u00fasics de Cuernavaca<\/h2><\/div><div class=\"dp-dfg-custom-content\"><p class=\"dp-dfg-custom-field dp-dfg-cf-autors2\"><span class=\"dp-dfg-custom-field-value\">Avel\u00b7l\u00ed Art\u00eds Gener<\/span><\/p><\/div><\/article><!-- DPDFG End Post Item Container --><article id=\"post-8455\" class=\"dp-dfg-item post-8455 obres_autors type-obres_autors status-publish has-post-thumbnail hentry autors-ramon-reig-corominas disciplina-pintura \"     data-position=\"553\"   data-new-tab=\"off\"   data-action-priority=\"item\"><figure class=\"dp-dfg-image entry-thumb\"><a href=\"https:\/\/www.museuemporda.org\/?obres_autors=casa-de-pages\" class=\"dp-dfg-image-link\" ><img loading=\"lazy\" decoding=\"async\" class=\"dp-dfg-featured-image\" src=\"https:\/\/www.museuemporda.org\/wp-content\/uploads\/2021\/09\/mE-812-250x250.jpg\" alt=\"Casa de pag\u00e8s\" width=\"250\" height=\"250\" data-ratio=\"1\"\/><\/a><\/figure><div class=\"dp-dfg-header entry-header\"><h2 class=\"entry-title\">Casa de pag\u00e8s<\/h2><\/div><div class=\"dp-dfg-custom-content\"><p class=\"dp-dfg-custom-field dp-dfg-cf-autors2\"><span class=\"dp-dfg-custom-field-value\">Ramon Reig Corominas<\/span><\/p><\/div><\/article><!-- DPDFG End Post Item Container --><article id=\"post-10186\" class=\"dp-dfg-item post-10186 obres_autors type-obres_autors status-publish has-post-thumbnail hentry tipus_tecniques-dibuix tecnica_especifica-tecnica-mixta autors-marcelli-porta disciplina-dibuix \"     data-position=\"554\"   data-new-tab=\"off\"   data-action-priority=\"item\"><figure class=\"dp-dfg-image entry-thumb\"><a href=\"https:\/\/www.museuemporda.org\/?obres_autors=parella-de-catalans\" class=\"dp-dfg-image-link\" ><img loading=\"lazy\" decoding=\"async\" class=\"dp-dfg-featured-image\" src=\"https:\/\/www.museuemporda.org\/wp-content\/uploads\/2022\/01\/mE-1345-250x250.jpg\" alt=\"Parella de catalans\" width=\"250\" height=\"250\" data-ratio=\"1\"\/><\/a><\/figure><div class=\"dp-dfg-header entry-header\"><h2 class=\"entry-title\">Parella de catalans<\/h2><\/div><div class=\"dp-dfg-custom-content\"><p class=\"dp-dfg-custom-field dp-dfg-cf-autors2\"><span class=\"dp-dfg-custom-field-value\">Marcel\u00b7l\u00ed Porta<\/span><\/p><\/div><\/article><!-- DPDFG End Post Item Container --><article id=\"post-13896\" class=\"dp-dfg-item post-13896 obres_autors type-obres_autors status-publish has-post-thumbnail hentry tipus_tecniques-dibuix tecnica_especifica-impressio-digital autors-pep-claparols-i-moret disciplina-dibuix \"     data-position=\"555\"   data-new-tab=\"off\"   data-action-priority=\"item\"><figure class=\"dp-dfg-image entry-thumb\"><a href=\"https:\/\/www.museuemporda.org\/?obres_autors=sense-titol-287\" class=\"dp-dfg-image-link\" ><img loading=\"lazy\" decoding=\"async\" class=\"dp-dfg-featured-image\" src=\"https:\/\/www.museuemporda.org\/wp-content\/uploads\/2023\/06\/ME2649-PEP98-250x250.jpg\" alt=\"Sense t\u00edtol\" width=\"250\" height=\"250\" data-ratio=\"1\"\/><\/a><\/figure><div class=\"dp-dfg-header entry-header\"><h2 class=\"entry-title\">Sense t\u00edtol<\/h2><\/div><div class=\"dp-dfg-custom-content\"><p class=\"dp-dfg-custom-field dp-dfg-cf-autors2\"><span class=\"dp-dfg-custom-field-value\">Pep Claparols i Moret<\/span><\/p><\/div><\/article><!-- DPDFG End Post Item Container --><article id=\"post-10816\" class=\"dp-dfg-item post-10816 obres_autors type-obres_autors status-publish has-post-thumbnail hentry tipus_tecniques-dibuix tecnica_especifica-llapis-carbo-sobre-paper autors-josep-lluis-pellicer-fenye disciplina-dibuix \"     data-position=\"556\"   data-new-tab=\"off\"   data-action-priority=\"item\"><figure class=\"dp-dfg-image entry-thumb\"><a href=\"https:\/\/www.museuemporda.org\/?obres_autors=poble-de-cadiz\" class=\"dp-dfg-image-link\" ><img loading=\"lazy\" decoding=\"async\" class=\"dp-dfg-featured-image\" src=\"https:\/\/www.museuemporda.org\/wp-content\/uploads\/2022\/02\/mE-1520-250x250.jpg\" alt=\"Poble de C\u00e1diz\" width=\"250\" height=\"250\" data-ratio=\"1\"\/><\/a><\/figure><div class=\"dp-dfg-header entry-header\"><h2 class=\"entry-title\">Poble de C\u00e1diz<\/h2><\/div><div class=\"dp-dfg-custom-content\"><p class=\"dp-dfg-custom-field dp-dfg-cf-autors2\"><span class=\"dp-dfg-custom-field-value\">Josep Llu\u00eds Pellicer Feny\u00e9<\/span><\/p><\/div><\/article><!-- DPDFG End Post Item Container --><article id=\"post-14626\" class=\"dp-dfg-item post-14626 obres_autors type-obres_autors status-publish has-post-thumbnail hentry tipus_tecniques-obra-grafica tecnica_especifica-impressio-digital autors-joan-antoni-poch disciplina-obra-grafic \"     data-position=\"557\"   data-new-tab=\"off\"   data-action-priority=\"item\"><figure class=\"dp-dfg-image entry-thumb\"><a href=\"https:\/\/www.museuemporda.org\/?obres_autors=sense-titol-546\" class=\"dp-dfg-image-link\" ><img loading=\"lazy\" decoding=\"async\" class=\"dp-dfg-featured-image\" src=\"https:\/\/www.museuemporda.org\/wp-content\/uploads\/2023\/07\/ME2791-JAP-250x250.jpg\" alt=\"Sense t\u00edtol\" width=\"250\" height=\"250\" data-ratio=\"1\"\/><\/a><\/figure><div class=\"dp-dfg-header entry-header\"><h2 class=\"entry-title\">Sense t\u00edtol<\/h2><\/div><div class=\"dp-dfg-custom-content\"><p class=\"dp-dfg-custom-field dp-dfg-cf-autors2\"><span class=\"dp-dfg-custom-field-value\">Joan Antoni Poch<\/span><\/p><\/div><\/article><!-- DPDFG End Post Item Container --><article id=\"post-11758\" class=\"dp-dfg-item post-11758 obres_autors type-obres_autors status-publish has-post-thumbnail hentry tipus_tecniques-dibuix tecnica_especifica-tinta-sobre-paper autors-lluis-navarro disciplina-dibuix \"     data-position=\"558\"   data-new-tab=\"off\"   data-action-priority=\"item\"><figure class=\"dp-dfg-image entry-thumb\"><a href=\"https:\/\/www.museuemporda.org\/?obres_autors=la-posesion-de-la-muerte\" class=\"dp-dfg-image-link\" ><img loading=\"lazy\" decoding=\"async\" class=\"dp-dfg-featured-image\" src=\"https:\/\/www.museuemporda.org\/wp-content\/uploads\/2022\/02\/mE-2253-250x250.jpg\" alt=\"La posesi\u00f3n de la muerte\" width=\"250\" height=\"250\" data-ratio=\"1\"\/><\/a><\/figure><div class=\"dp-dfg-header entry-header\"><h2 class=\"entry-title\">La posesi\u00f3n de la muerte<\/h2><\/div><div class=\"dp-dfg-custom-content\"><p class=\"dp-dfg-custom-field dp-dfg-cf-autors2\"><span class=\"dp-dfg-custom-field-value\">Llu\u00eds Navarro<\/span><\/p><\/div><\/article><!-- DPDFG End Post Item Container --><article id=\"post-10954\" class=\"dp-dfg-item post-10954 obres_autors type-obres_autors status-publish has-post-thumbnail hentry tipus_tecniques-obra-grafica tecnica_especifica-tinta-sobre-paper autors-cecil-aldin disciplina-obra-grafic \"     data-position=\"559\"   data-new-tab=\"off\"   data-action-priority=\"item\"><figure class=\"dp-dfg-image entry-thumb\"><a href=\"https:\/\/www.museuemporda.org\/?obres_autors=gos-en-interior\" class=\"dp-dfg-image-link\" ><img loading=\"lazy\" decoding=\"async\" class=\"dp-dfg-featured-image\" src=\"https:\/\/www.museuemporda.org\/wp-content\/uploads\/2022\/02\/mE-1409-250x250.jpg\" alt=\"Gos en interior\" width=\"250\" height=\"250\" data-ratio=\"1\"\/><\/a><\/figure><div class=\"dp-dfg-header entry-header\"><h2 class=\"entry-title\">Gos en interior<\/h2><\/div><div class=\"dp-dfg-custom-content\"><p class=\"dp-dfg-custom-field dp-dfg-cf-autors2\"><span class=\"dp-dfg-custom-field-value\">Cecil Aldin<\/span><\/p><\/div><\/article><!-- DPDFG End Post Item Container --><article id=\"post-10844\" class=\"dp-dfg-item post-10844 obres_autors type-obres_autors status-publish has-post-thumbnail hentry tipus_tecniques-dibuix tecnica_especifica-llapis-carbo-sobre-paper autors-josep-lluis-pellicer-fenye disciplina-dibuix \"     data-position=\"560\"   data-new-tab=\"off\"   data-action-priority=\"item\"><figure class=\"dp-dfg-image entry-thumb\"><a href=\"https:\/\/www.museuemporda.org\/?obres_autors=quarantena-en-el-llatzeret-del-perthus-6\" class=\"dp-dfg-image-link\" ><img loading=\"lazy\" decoding=\"async\" class=\"dp-dfg-featured-image\" src=\"https:\/\/www.museuemporda.org\/wp-content\/uploads\/2022\/02\/mE-1547-250x250.jpg\" alt=\"Quarantena en el llatzeret del Perthus\" width=\"250\" height=\"250\" data-ratio=\"1\"\/><\/a><\/figure><div class=\"dp-dfg-header entry-header\"><h2 class=\"entry-title\">Quarantena en el llatzeret del Perthus<\/h2><\/div><div class=\"dp-dfg-custom-content\"><p class=\"dp-dfg-custom-field dp-dfg-cf-autors2\"><span class=\"dp-dfg-custom-field-value\">Josep Llu\u00eds Pellicer Feny\u00e9<\/span><\/p><\/div><\/article><!-- DPDFG End Post Item Container --><article id=\"post-5991\" class=\"dp-dfg-item post-5991 obres_autors type-obres_autors status-publish has-post-thumbnail hentry tecnica_especifica-oli-sobre-tela autors-angel-planells-cruanas disciplina-pintura \"     data-position=\"561\"   data-new-tab=\"off\"   data-action-priority=\"item\"><figure class=\"dp-dfg-image entry-thumb\"><a href=\"https:\/\/www.museuemporda.org\/?obres_autors=borrasca\" class=\"dp-dfg-image-link\" ><img loading=\"lazy\" decoding=\"async\" class=\"dp-dfg-featured-image\" src=\"https:\/\/www.museuemporda.org\/wp-content\/uploads\/2020\/04\/mE-778_2018_The_Mad_Pixel_Factory-250x250.jpg\" alt=\"Borrasca\" width=\"250\" height=\"250\" data-ratio=\"1\"\/><\/a><\/figure><div class=\"dp-dfg-header entry-header\"><h2 class=\"entry-title\">Borrasca<\/h2><\/div><div class=\"dp-dfg-custom-content\"><p class=\"dp-dfg-custom-field dp-dfg-cf-autors2\"><span class=\"dp-dfg-custom-field-value\">\u00c0ngel Planells Crua\u00f1as<\/span><\/p><\/div><\/article><!-- DPDFG End Post Item Container --><article id=\"post-9074\" class=\"dp-dfg-item post-9074 obres_autors type-obres_autors status-publish has-post-thumbnail hentry tecnica_especifica-ceramica-de-parets-fines autors-autoria-desconeguda disciplina-arqueologia \"     data-position=\"562\"   data-new-tab=\"off\"   data-action-priority=\"item\"><figure class=\"dp-dfg-image entry-thumb\"><a href=\"https:\/\/www.museuemporda.org\/?obres_autors=vas-de-parets-fines\" class=\"dp-dfg-image-link\" ><img loading=\"lazy\" decoding=\"async\" class=\"dp-dfg-featured-image\" src=\"https:\/\/www.museuemporda.org\/wp-content\/uploads\/2021\/11\/mE-13-250x250.jpg\" alt=\"Vas de parets fines\" width=\"250\" height=\"250\" data-ratio=\"1\"\/><\/a><\/figure><div class=\"dp-dfg-header entry-header\"><h2 class=\"entry-title\">Vas de parets fines<\/h2><\/div><div class=\"dp-dfg-custom-content\"><p class=\"dp-dfg-custom-field dp-dfg-cf-autors2\"><span class=\"dp-dfg-custom-field-value\">Autoria desconeguda<\/span><\/p><\/div><\/article><!-- DPDFG End Post Item Container --><article id=\"post-10246\" class=\"dp-dfg-item post-10246 obres_autors type-obres_autors status-publish has-post-thumbnail hentry tipus_tecniques-dibuix tecnica_especifica-carbonet-i-aquarella-sobre-paper autors-pere-bech-sudria disciplina-dibuix \"     data-position=\"563\"   data-new-tab=\"off\"   data-action-priority=\"item\"><figure class=\"dp-dfg-image entry-thumb\"><a href=\"https:\/\/www.museuemporda.org\/?obres_autors=sant-feliu-de-girona\" class=\"dp-dfg-image-link\" ><img loading=\"lazy\" decoding=\"async\" class=\"dp-dfg-featured-image\" src=\"https:\/\/www.museuemporda.org\/wp-content\/uploads\/2022\/01\/mE-2192-250x250.jpg\" alt=\"Sant Feliu de Girona\" width=\"250\" height=\"250\" data-ratio=\"1\"\/><\/a><\/figure><div class=\"dp-dfg-header entry-header\"><h2 class=\"entry-title\">Sant Feliu de Girona<\/h2><\/div><div class=\"dp-dfg-custom-content\"><p class=\"dp-dfg-custom-field dp-dfg-cf-autors2\"><span class=\"dp-dfg-custom-field-value\">Pere Bech Sudri\u00e0<\/span><\/p><\/div><\/article><!-- DPDFG End Post Item Container --><article id=\"post-10458\" class=\"dp-dfg-item post-10458 obres_autors type-obres_autors status-publish has-post-thumbnail hentry tipus_tecniques-pintura tecnica_especifica-aquarella autors-josep-maria-martinez-lozano disciplina-pintura \"     data-position=\"564\"   data-new-tab=\"off\"   data-action-priority=\"item\"><figure class=\"dp-dfg-image entry-thumb\"><a href=\"https:\/\/www.museuemporda.org\/?obres_autors=paisatge-gris-amb-barques\" class=\"dp-dfg-image-link\" ><img loading=\"lazy\" decoding=\"async\" class=\"dp-dfg-featured-image\" src=\"https:\/\/www.museuemporda.org\/wp-content\/uploads\/2022\/01\/mE-814-250x250.jpg\" alt=\"Paisatge gris amb barques\" width=\"250\" height=\"250\" data-ratio=\"1\"\/><\/a><\/figure><div class=\"dp-dfg-header entry-header\"><h2 class=\"entry-title\">Paisatge gris amb barques<\/h2><\/div><div class=\"dp-dfg-custom-content\"><p class=\"dp-dfg-custom-field dp-dfg-cf-autors2\"><span class=\"dp-dfg-custom-field-value\">Josep Maria Mart\u00ednez Lozano<\/span><\/p><\/div><\/article><!-- DPDFG End Post Item Container --><article id=\"post-8925\" class=\"dp-dfg-item post-8925 obres_autors type-obres_autors status-publish has-post-thumbnail hentry tecnica_especifica-oli-sobre-fusta autors-marti-vives disciplina-pintura \"     data-position=\"565\"   data-new-tab=\"off\"   data-action-priority=\"item\"><figure class=\"dp-dfg-image entry-thumb\"><a href=\"https:\/\/www.museuemporda.org\/?obres_autors=paisatge-20\" class=\"dp-dfg-image-link\" ><img loading=\"lazy\" decoding=\"async\" class=\"dp-dfg-featured-image\" src=\"https:\/\/www.museuemporda.org\/wp-content\/uploads\/2021\/11\/mE-692-250x250.jpg\" alt=\"Paisatge\" width=\"250\" height=\"250\" data-ratio=\"1\"\/><\/a><\/figure><div class=\"dp-dfg-header entry-header\"><h2 class=\"entry-title\">Paisatge<\/h2><\/div><div class=\"dp-dfg-custom-content\"><p class=\"dp-dfg-custom-field dp-dfg-cf-autors2\"><span class=\"dp-dfg-custom-field-value\">Mart\u00ed Viv\u00e8s<\/span><\/p><\/div><\/article><!-- DPDFG End Post Item Container --><article id=\"post-11358\" class=\"dp-dfg-item post-11358 obres_autors type-obres_autors status-publish has-post-thumbnail hentry tipus_tecniques-pintura tecnica_especifica-oli-sobre-paper autors-alfred-figueras-sanmarti disciplina-pintura \"     data-position=\"566\"   data-new-tab=\"off\"   data-action-priority=\"item\"><figure class=\"dp-dfg-image entry-thumb\"><a href=\"https:\/\/www.museuemporda.org\/?obres_autors=jardi\" class=\"dp-dfg-image-link\" ><img loading=\"lazy\" decoding=\"async\" class=\"dp-dfg-featured-image\" src=\"https:\/\/www.museuemporda.org\/wp-content\/uploads\/2022\/02\/mE-685-250x250.jpg\" alt=\"Jard\u00ed\" width=\"250\" height=\"250\" data-ratio=\"1\"\/><\/a><\/figure><div class=\"dp-dfg-header entry-header\"><h2 class=\"entry-title\">Jard\u00ed<\/h2><\/div><div class=\"dp-dfg-custom-content\"><p class=\"dp-dfg-custom-field dp-dfg-cf-autors2\"><span class=\"dp-dfg-custom-field-value\">Alfred Figueras Sanmart\u00ed<\/span><\/p><\/div><\/article><!-- DPDFG End Post Item Container --><article id=\"post-5744\" class=\"dp-dfg-item post-5744 obres_autors type-obres_autors status-publish has-post-thumbnail hentry tecnica_especifica-oli-sobre-fusta tecnica_especifica-pintura autors-autoria-desconeguda disciplina-pintura \"     data-position=\"567\"   data-new-tab=\"off\"   data-action-priority=\"item\"><figure class=\"dp-dfg-image entry-thumb\"><a href=\"https:\/\/www.museuemporda.org\/?obres_autors=la-verge-i-el-nen\" class=\"dp-dfg-image-link\" ><img loading=\"lazy\" decoding=\"async\" class=\"dp-dfg-featured-image\" src=\"https:\/\/www.museuemporda.org\/wp-content\/uploads\/2020\/04\/mE-616-250x250.jpg\" alt=\"La Sagrada Fam\u00edlia amb sant Joanet\" width=\"250\" height=\"250\" data-ratio=\"1\"\/><\/a><\/figure><div class=\"dp-dfg-header entry-header\"><h2 class=\"entry-title\">La Sagrada Fam\u00edlia amb sant Joanet<\/h2><\/div><div class=\"dp-dfg-custom-content\"><p class=\"dp-dfg-custom-field dp-dfg-cf-autors2\"><span class=\"dp-dfg-custom-field-value\">Autoria desconeguda<\/span><\/p><\/div><\/article><!-- DPDFG End Post Item Container --><article id=\"post-9489\" class=\"dp-dfg-item post-9489 obres_autors type-obres_autors status-publish has-post-thumbnail hentry tipus_tecniques-dibuix tecnica_especifica-dibuix-sobre-paper autors-ricard-canals-llambi disciplina-dibuix \"     data-position=\"568\"   data-new-tab=\"off\"   data-action-priority=\"item\"><figure class=\"dp-dfg-image entry-thumb\"><a href=\"https:\/\/www.museuemporda.org\/?obres_autors=dos-nus\" class=\"dp-dfg-image-link\" ><img loading=\"lazy\" decoding=\"async\" class=\"dp-dfg-featured-image\" src=\"https:\/\/www.museuemporda.org\/wp-content\/uploads\/2022\/01\/mE-1197-250x250.jpg\" alt=\"Dos nus\" width=\"250\" height=\"250\" data-ratio=\"1\"\/><\/a><\/figure><div class=\"dp-dfg-header entry-header\"><h2 class=\"entry-title\">Dos nus<\/h2><\/div><div class=\"dp-dfg-custom-content\"><p class=\"dp-dfg-custom-field dp-dfg-cf-autors2\"><span class=\"dp-dfg-custom-field-value\">Ricard Canal Llamb\u00ed<\/span><\/p><\/div><\/article><!-- DPDFG End Post Item Container --><article id=\"post-9509\" class=\"dp-dfg-item post-9509 obres_autors type-obres_autors status-publish has-post-thumbnail hentry tipus_tecniques-pintura tecnica_especifica-oli-sobre-tela autors-ramon-marti-alsina disciplina-pintura \"     data-position=\"569\"   data-new-tab=\"off\"   data-action-priority=\"item\"><figure class=\"dp-dfg-image entry-thumb\"><a href=\"https:\/\/www.museuemporda.org\/?obres_autors=retrat-demilia-mata\" class=\"dp-dfg-image-link\" ><img loading=\"lazy\" decoding=\"async\" class=\"dp-dfg-featured-image\" src=\"https:\/\/www.museuemporda.org\/wp-content\/uploads\/2022\/01\/mE-971-250x250.jpg\" alt=\"Retrat d&#8217;Em\u00edlia Mata\" width=\"250\" height=\"250\" data-ratio=\"1\"\/><\/a><\/figure><div class=\"dp-dfg-header entry-header\"><h2 class=\"entry-title\">Retrat d&#8217;Em\u00edlia Mata<\/h2><\/div><div class=\"dp-dfg-custom-content\"><p class=\"dp-dfg-custom-field dp-dfg-cf-autors2\"><span class=\"dp-dfg-custom-field-value\">Ramon Mart\u00ed Alsina<\/span><\/p><\/div><\/article><!-- DPDFG End Post Item Container --><article id=\"post-9784\" class=\"dp-dfg-item post-9784 obres_autors type-obres_autors status-publish has-post-thumbnail hentry tipus_tecniques-fotografia tecnica_especifica-fotografia autors-joaquim-fort-de-ribot disciplina-fotografia \"     data-position=\"570\"   data-new-tab=\"off\"   data-action-priority=\"item\"><figure class=\"dp-dfg-image entry-thumb\"><a href=\"https:\/\/www.museuemporda.org\/?obres_autors=santa-helena-de-roda\" class=\"dp-dfg-image-link\" ><img loading=\"lazy\" decoding=\"async\" class=\"dp-dfg-featured-image\" src=\"https:\/\/www.museuemporda.org\/wp-content\/uploads\/2022\/01\/mE-2485-250x250.jpg\" alt=\"Santa Helena de Roda\" width=\"250\" height=\"250\" data-ratio=\"1\"\/><\/a><\/figure><div class=\"dp-dfg-header entry-header\"><h2 class=\"entry-title\">Santa Helena de Roda<\/h2><\/div><div class=\"dp-dfg-custom-content\"><p class=\"dp-dfg-custom-field dp-dfg-cf-autors2\"><span class=\"dp-dfg-custom-field-value\">Joaquim Fort de Ribot<\/span><\/p><\/div><\/article><!-- DPDFG End Post Item Container --><article id=\"post-10348\" class=\"dp-dfg-item post-10348 obres_autors type-obres_autors status-publish has-post-thumbnail hentry tipus_tecniques-pintura tecnica_especifica-oli-sobre-tela autors-pere-bech-sudria disciplina-pintura \"     data-position=\"571\"   data-new-tab=\"off\"   data-action-priority=\"item\"><figure class=\"dp-dfg-image entry-thumb\"><a href=\"https:\/\/www.museuemporda.org\/?obres_autors=noia-nua-i-paisatge\" class=\"dp-dfg-image-link\" ><img loading=\"lazy\" decoding=\"async\" class=\"dp-dfg-featured-image\" src=\"https:\/\/www.museuemporda.org\/wp-content\/uploads\/2022\/01\/mE-2250-250x250.jpg\" alt=\"Noia nua i paisatge\" width=\"250\" height=\"250\" data-ratio=\"1\"\/><\/a><\/figure><div class=\"dp-dfg-header entry-header\"><h2 class=\"entry-title\">Noia nua i paisatge<\/h2><\/div><div class=\"dp-dfg-custom-content\"><p class=\"dp-dfg-custom-field dp-dfg-cf-autors2\"><span class=\"dp-dfg-custom-field-value\">Pere Bech Sudri\u00e0<\/span><\/p><\/div><\/article><!-- DPDFG End Post Item Container --><article id=\"post-14329\" class=\"dp-dfg-item post-14329 obres_autors type-obres_autors status-publish has-post-thumbnail hentry tipus_tecniques-dibuix tecnica_especifica-impressio-digital autors-jordi-fenosa-tatay disciplina-dibuix \"     data-position=\"572\"   data-new-tab=\"off\"   data-action-priority=\"item\"><figure class=\"dp-dfg-image entry-thumb\"><a href=\"https:\/\/www.museuemporda.org\/?obres_autors=sense-titol-486\" class=\"dp-dfg-image-link\" ><img loading=\"lazy\" decoding=\"async\" class=\"dp-dfg-featured-image\" src=\"https:\/\/www.museuemporda.org\/wp-content\/uploads\/2023\/07\/ME2872-TATAY-250x250.jpg\" alt=\"Sense t\u00edtol\" width=\"250\" height=\"250\" data-ratio=\"1\"\/><\/a><\/figure><div class=\"dp-dfg-header entry-header\"><h2 class=\"entry-title\">Sense t\u00edtol<\/h2><\/div><div class=\"dp-dfg-custom-content\"><p class=\"dp-dfg-custom-field dp-dfg-cf-autors2\"><span class=\"dp-dfg-custom-field-value\">Jordi Fenosa Tatay<\/span><\/p><\/div><\/article><!-- DPDFG End Post Item Container --><article id=\"post-8972\" class=\"dp-dfg-item post-8972 obres_autors type-obres_autors status-publish has-post-thumbnail hentry tecnica_especifica-llapis-carbo-sobre-paper autors-juan-nunez-fernandez disciplina-dibuix \"     data-position=\"573\"   data-new-tab=\"off\"   data-action-priority=\"item\"><figure class=\"dp-dfg-image entry-thumb\"><a href=\"https:\/\/www.museuemporda.org\/?obres_autors=paciencia\" class=\"dp-dfg-image-link\" ><img loading=\"lazy\" decoding=\"async\" class=\"dp-dfg-featured-image\" src=\"https:\/\/www.museuemporda.org\/wp-content\/uploads\/2021\/11\/mE-754-2-250x250.jpg\" alt=\"Paci\u00e8ncia\" width=\"250\" height=\"250\" data-ratio=\"1\"\/><\/a><\/figure><div class=\"dp-dfg-header entry-header\"><h2 class=\"entry-title\">Paci\u00e8ncia<\/h2><\/div><div class=\"dp-dfg-custom-content\"><p class=\"dp-dfg-custom-field dp-dfg-cf-autors2\"><span class=\"dp-dfg-custom-field-value\">Juan Nu\u00f1ez Fern\u00e1ndez<\/span><\/p><\/div><\/article><!-- DPDFG End Post Item Container --><article id=\"post-14191\" class=\"dp-dfg-item post-14191 obres_autors type-obres_autors status-publish has-post-thumbnail hentry tipus_tecniques-obra-grafica tecnica_especifica-impressio-digital autors-joan-antoni-poch disciplina-obra-grafic \"     data-position=\"574\"   data-new-tab=\"off\"   data-action-priority=\"item\"><figure class=\"dp-dfg-image entry-thumb\"><a href=\"https:\/\/www.museuemporda.org\/?obres_autors=sense-titol-421\" class=\"dp-dfg-image-link\" ><img loading=\"lazy\" decoding=\"async\" class=\"dp-dfg-featured-image\" src=\"https:\/\/www.museuemporda.org\/wp-content\/uploads\/2023\/07\/ME2806-JAP-250x250.jpg\" alt=\"Sense t\u00edtol\" width=\"250\" height=\"250\" data-ratio=\"1\"\/><\/a><\/figure><div class=\"dp-dfg-header entry-header\"><h2 class=\"entry-title\">Sense t\u00edtol<\/h2><\/div><div class=\"dp-dfg-custom-content\"><p class=\"dp-dfg-custom-field dp-dfg-cf-autors2\"><span class=\"dp-dfg-custom-field-value\">Joan Antoni Poch<\/span><\/p><\/div><\/article><!-- DPDFG End Post Item Container --><article id=\"post-14067\" class=\"dp-dfg-item post-14067 obres_autors type-obres_autors status-publish has-post-thumbnail hentry tipus_tecniques-dibuix tecnica_especifica-impressio-digital autors-carles-roman disciplina-dibuix \"     data-position=\"575\"   data-new-tab=\"off\"   data-action-priority=\"item\"><figure class=\"dp-dfg-image entry-thumb\"><a href=\"https:\/\/www.museuemporda.org\/?obres_autors=sense-titol-364\" class=\"dp-dfg-image-link\" ><img loading=\"lazy\" decoding=\"async\" class=\"dp-dfg-featured-image\" src=\"https:\/\/www.museuemporda.org\/wp-content\/uploads\/2023\/06\/ME2728-ROMAN-250x250.jpg\" alt=\"Sense t\u00edtol\" width=\"250\" height=\"250\" data-ratio=\"1\"\/><\/a><\/figure><div class=\"dp-dfg-header entry-header\"><h2 class=\"entry-title\">Sense t\u00edtol<\/h2><\/div><div class=\"dp-dfg-custom-content\"><p class=\"dp-dfg-custom-field dp-dfg-cf-autors2\"><span class=\"dp-dfg-custom-field-value\">Carles Roman<\/span><\/p><\/div><\/article><!-- DPDFG End Post Item Container --><article id=\"post-10725\" class=\"dp-dfg-item post-10725 obres_autors type-obres_autors status-publish has-post-thumbnail hentry tipus_tecniques-dibuix tecnica_especifica-tecnica-mixta-sobre-paper autors-xavier-nogues-cases disciplina-dibuix \"     data-position=\"576\"   data-new-tab=\"off\"   data-action-priority=\"item\"><figure class=\"dp-dfg-image entry-thumb\"><a href=\"https:\/\/www.museuemporda.org\/?obres_autors=personatges\" class=\"dp-dfg-image-link\" ><img loading=\"lazy\" decoding=\"async\" class=\"dp-dfg-featured-image\" src=\"https:\/\/www.museuemporda.org\/wp-content\/uploads\/2022\/02\/mE-1144-250x250.jpg\" alt=\"Personatges\" width=\"250\" height=\"250\" data-ratio=\"1\"\/><\/a><\/figure><div class=\"dp-dfg-header entry-header\"><h2 class=\"entry-title\">Personatges<\/h2><\/div><div class=\"dp-dfg-custom-content\"><p class=\"dp-dfg-custom-field dp-dfg-cf-autors2\"><span class=\"dp-dfg-custom-field-value\">Xavier Nogu\u00e9s Cases<\/span><\/p><\/div><\/article><!-- DPDFG End Post Item Container --><article id=\"post-10448\" class=\"dp-dfg-item post-10448 obres_autors type-obres_autors status-publish has-post-thumbnail hentry tipus_tecniques-pintura tecnica_especifica-oli-sobre-tela autors-joan-padern-faig disciplina-pintura \"     data-position=\"577\"   data-new-tab=\"off\"   data-action-priority=\"item\"><figure class=\"dp-dfg-image entry-thumb\"><a href=\"https:\/\/www.museuemporda.org\/?obres_autors=le-dejeuner-sur-lherbe\" class=\"dp-dfg-image-link\" ><img loading=\"lazy\" decoding=\"async\" class=\"dp-dfg-featured-image\" src=\"https:\/\/www.museuemporda.org\/wp-content\/uploads\/2022\/01\/mE-1393-1-250x250.jpg\" alt=\"Le d\u00e9jeuner sur l&#8217;herbe\" width=\"250\" height=\"250\" data-ratio=\"1\"\/><\/a><\/figure><div class=\"dp-dfg-header entry-header\"><h2 class=\"entry-title\">Le d\u00e9jeuner sur l&#8217;herbe<\/h2><\/div><div class=\"dp-dfg-custom-content\"><p class=\"dp-dfg-custom-field dp-dfg-cf-autors2\"><span class=\"dp-dfg-custom-field-value\">Joan Padern Faig<\/span><\/p><\/div><\/article><!-- DPDFG End Post Item Container --><article id=\"post-10474\" class=\"dp-dfg-item post-10474 obres_autors type-obres_autors status-publish has-post-thumbnail hentry tipus_tecniques-pintura tecnica_especifica-oli-sobre-tela autors-josep-maria-martinez-lozano disciplina-pintura \"     data-position=\"578\"   data-new-tab=\"off\"   data-action-priority=\"item\"><figure class=\"dp-dfg-image entry-thumb\"><a href=\"https:\/\/www.museuemporda.org\/?obres_autors=port\" class=\"dp-dfg-image-link\" ><img loading=\"lazy\" decoding=\"async\" class=\"dp-dfg-featured-image\" src=\"https:\/\/www.museuemporda.org\/wp-content\/uploads\/2022\/01\/mE-1070-250x250.jpg\" alt=\"Port\" width=\"250\" height=\"250\" data-ratio=\"1\"\/><\/a><\/figure><div class=\"dp-dfg-header entry-header\"><h2 class=\"entry-title\">Port<\/h2><\/div><div class=\"dp-dfg-custom-content\"><p class=\"dp-dfg-custom-field dp-dfg-cf-autors2\"><span class=\"dp-dfg-custom-field-value\">Josep Maria Mart\u00ednez Lozano<\/span><\/p><\/div><\/article><!-- DPDFG End Post Item Container --><article id=\"post-8387\" class=\"dp-dfg-item post-8387 obres_autors type-obres_autors status-publish has-post-thumbnail hentry tecnica_especifica-litografia autors-maria-baig-minobis disciplina-obra-grafic \"     data-position=\"579\"   data-new-tab=\"off\"   data-action-priority=\"item\"><figure class=\"dp-dfg-image entry-thumb\"><a href=\"https:\/\/www.museuemporda.org\/?obres_autors=esglesia-de-sant-pere-de-figueres\" class=\"dp-dfg-image-link\" ><img loading=\"lazy\" decoding=\"async\" class=\"dp-dfg-featured-image\" src=\"https:\/\/www.museuemporda.org\/wp-content\/uploads\/2021\/08\/mE-1868-250x250.jpg\" alt=\"Esgl\u00e9sia de Sant Pere de Figueres\" width=\"250\" height=\"250\" data-ratio=\"1\"\/><\/a><\/figure><div class=\"dp-dfg-header entry-header\"><h2 class=\"entry-title\">Esgl\u00e9sia de Sant Pere de Figueres<\/h2><\/div><div class=\"dp-dfg-custom-content\"><p class=\"dp-dfg-custom-field dp-dfg-cf-autors2\"><span class=\"dp-dfg-custom-field-value\">Mari\u00e0 Baig Minobis<\/span><\/p><\/div><\/article><!-- DPDFG End Post Item Container --><article id=\"post-10133\" class=\"dp-dfg-item post-10133 obres_autors type-obres_autors status-publish has-post-thumbnail hentry tipus_tecniques-dibuix tecnica_especifica-carbonet-i-aquarella-sobre-paper autors-rafael-llimona-benet disciplina-dibuix \"     data-position=\"580\"   data-new-tab=\"off\"   data-action-priority=\"item\"><figure class=\"dp-dfg-image entry-thumb\"><a href=\"https:\/\/www.museuemporda.org\/?obres_autors=figura-femenina-6\" class=\"dp-dfg-image-link\" ><img loading=\"lazy\" decoding=\"async\" class=\"dp-dfg-featured-image\" src=\"https:\/\/www.museuemporda.org\/wp-content\/uploads\/2022\/01\/mE-1211-250x250.jpg\" alt=\"Figura femenina\" width=\"250\" height=\"250\" data-ratio=\"1\"\/><\/a><\/figure><div class=\"dp-dfg-header entry-header\"><h2 class=\"entry-title\">Figura femenina<\/h2><\/div><div class=\"dp-dfg-custom-content\"><p class=\"dp-dfg-custom-field dp-dfg-cf-autors2\"><span class=\"dp-dfg-custom-field-value\">Rafael Llimona Benet<\/span><\/p><\/div><\/article><!-- DPDFG End Post Item Container --><article id=\"post-5868\" class=\"dp-dfg-item post-5868 obres_autors type-obres_autors status-publish has-post-thumbnail hentry autors-xavier-nogues-cases disciplina-dibuix \"     data-position=\"581\"   data-new-tab=\"off\"   data-action-priority=\"item\"><figure class=\"dp-dfg-image entry-thumb\"><a href=\"https:\/\/www.museuemporda.org\/?obres_autors=jove-llegint\" class=\"dp-dfg-image-link\" ><img loading=\"lazy\" decoding=\"async\" class=\"dp-dfg-featured-image\" src=\"https:\/\/www.museuemporda.org\/wp-content\/uploads\/2020\/10\/mE-1577-250x250.jpg\" alt=\"Jove llegint\" width=\"250\" height=\"250\" data-ratio=\"1\"\/><\/a><\/figure><div class=\"dp-dfg-header entry-header\"><h2 class=\"entry-title\">Jove llegint<\/h2><\/div><div class=\"dp-dfg-custom-content\"><p class=\"dp-dfg-custom-field dp-dfg-cf-autors2\"><span class=\"dp-dfg-custom-field-value\">Xavier Nogu\u00e9s Cases<\/span><\/p><\/div><\/article><!-- DPDFG End Post Item Container --><article id=\"post-14144\" class=\"dp-dfg-item post-14144 obres_autors type-obres_autors status-publish has-post-thumbnail hentry tipus_tecniques-obra-grafica tecnica_especifica-impressio-digital autors-miquel-sanchez disciplina-obra-grafic \"     data-position=\"582\"   data-new-tab=\"off\"   data-action-priority=\"item\"><figure class=\"dp-dfg-image entry-thumb\"><a href=\"https:\/\/www.museuemporda.org\/?obres_autors=sense-titol-399\" class=\"dp-dfg-image-link\" ><img loading=\"lazy\" decoding=\"async\" class=\"dp-dfg-featured-image\" src=\"https:\/\/www.museuemporda.org\/wp-content\/uploads\/2023\/07\/ME2764-SANCHEZ-250x250.jpg\" alt=\"Sense t\u00edtol\" width=\"250\" height=\"250\" data-ratio=\"1\"\/><\/a><\/figure><div class=\"dp-dfg-header entry-header\"><h2 class=\"entry-title\">Sense t\u00edtol<\/h2><\/div><div class=\"dp-dfg-custom-content\"><p class=\"dp-dfg-custom-field dp-dfg-cf-autors2\"><span class=\"dp-dfg-custom-field-value\">Miquel Sanchez<\/span><\/p><\/div><\/article><!-- DPDFG End Post Item Container --><article id=\"post-14205\" class=\"dp-dfg-item post-14205 obres_autors type-obres_autors status-publish has-post-thumbnail hentry tipus_tecniques-obra-grafica tecnica_especifica-impressio-digital autors-joan-antoni-poch disciplina-obra-grafic \"     data-position=\"583\"   data-new-tab=\"off\"   data-action-priority=\"item\"><figure class=\"dp-dfg-image entry-thumb\"><a href=\"https:\/\/www.museuemporda.org\/?obres_autors=sense-titol-428\" class=\"dp-dfg-image-link\" ><img loading=\"lazy\" decoding=\"async\" class=\"dp-dfg-featured-image\" src=\"https:\/\/www.museuemporda.org\/wp-content\/uploads\/2023\/07\/ME2813-JAP-250x250.jpg\" alt=\"Sense t\u00edtol\" width=\"250\" height=\"250\" data-ratio=\"1\"\/><\/a><\/figure><div class=\"dp-dfg-header entry-header\"><h2 class=\"entry-title\">Sense t\u00edtol<\/h2><\/div><div class=\"dp-dfg-custom-content\"><p class=\"dp-dfg-custom-field dp-dfg-cf-autors2\"><span class=\"dp-dfg-custom-field-value\">Joan Antoni Poch<\/span><\/p><\/div><\/article><!-- DPDFG End Post Item Container --><article id=\"post-11062\" class=\"dp-dfg-item post-11062 obres_autors type-obres_autors status-publish has-post-thumbnail hentry tipus_tecniques-pintura tecnica_especifica-aquarella autors-josep-barrenechea-tubilla disciplina-pintura \"     data-position=\"584\"   data-new-tab=\"off\"   data-action-priority=\"item\"><figure class=\"dp-dfg-image entry-thumb\"><a href=\"https:\/\/www.museuemporda.org\/?obres_autors=sense-titol-102\" class=\"dp-dfg-image-link\" ><img loading=\"lazy\" decoding=\"async\" class=\"dp-dfg-featured-image\" src=\"https:\/\/www.museuemporda.org\/wp-content\/uploads\/2022\/02\/mE-1991-250x250.jpg\" alt=\"Sense t\u00edtol\" width=\"250\" height=\"250\" data-ratio=\"1\"\/><\/a><\/figure><div class=\"dp-dfg-header entry-header\"><h2 class=\"entry-title\">Sense t\u00edtol<\/h2><\/div><div class=\"dp-dfg-custom-content\"><p class=\"dp-dfg-custom-field dp-dfg-cf-autors2\"><span class=\"dp-dfg-custom-field-value\">Josep Barrenechea Tubilla <\/span><\/p><\/div><\/article><!-- DPDFG End Post Item Container --><article id=\"post-5854\" class=\"dp-dfg-item post-5854 obres_autors type-obres_autors status-publish has-post-thumbnail hentry tecnica_especifica-carbonet-i-aquarella-sobre-paper autors-ricard-canals-llambi disciplina-dibuix \"     data-position=\"585\"   data-new-tab=\"off\"   data-action-priority=\"item\"><figure class=\"dp-dfg-image entry-thumb\"><a href=\"https:\/\/www.museuemporda.org\/?obres_autors=parella-ballant\" class=\"dp-dfg-image-link\" ><img loading=\"lazy\" decoding=\"async\" class=\"dp-dfg-featured-image\" src=\"https:\/\/www.museuemporda.org\/wp-content\/uploads\/2020\/04\/mE-1202-250x250.jpg\" alt=\"Parella ballant\" width=\"250\" height=\"250\" data-ratio=\"1\"\/><\/a><\/figure><div class=\"dp-dfg-header entry-header\"><h2 class=\"entry-title\">Parella ballant<\/h2><\/div><div class=\"dp-dfg-custom-content\"><p class=\"dp-dfg-custom-field dp-dfg-cf-autors2\"><span class=\"dp-dfg-custom-field-value\">Ricard Canals Llamb\u00ed<\/span><\/p><\/div><\/article><!-- DPDFG End Post Item Container --><article id=\"post-9047\" class=\"dp-dfg-item post-9047 obres_autors type-obres_autors status-publish has-post-thumbnail hentry tipus_tecniques-guix autors-artur-novoa-cabra disciplina-escultura \"     data-position=\"586\"   data-new-tab=\"off\"   data-action-priority=\"item\"><figure class=\"dp-dfg-image entry-thumb\"><a href=\"https:\/\/www.museuemporda.org\/?obres_autors=narcis-monturiol\" class=\"dp-dfg-image-link\" ><img loading=\"lazy\" decoding=\"async\" class=\"dp-dfg-featured-image\" src=\"https:\/\/www.museuemporda.org\/wp-content\/uploads\/2021\/11\/mE-1617-250x250.jpg\" alt=\"Narc\u00eds Monturiol\" width=\"250\" height=\"250\" data-ratio=\"1\"\/><\/a><\/figure><div class=\"dp-dfg-header entry-header\"><h2 class=\"entry-title\">Narc\u00eds Monturiol<\/h2><\/div><div class=\"dp-dfg-custom-content\"><p class=\"dp-dfg-custom-field dp-dfg-cf-autors2\"><span class=\"dp-dfg-custom-field-value\">Artur Narc\u00eds Monturiol<\/span><\/p><\/div><\/article><!-- DPDFG End Post Item Container --><article id=\"post-10713\" class=\"dp-dfg-item post-10713 obres_autors type-obres_autors status-publish has-post-thumbnail hentry tipus_tecniques-pintura tecnica_especifica-oli-sobre-fusta autors-marti-vives disciplina-pintura \"     data-position=\"587\"   data-new-tab=\"off\"   data-action-priority=\"item\"><figure class=\"dp-dfg-image entry-thumb\"><a href=\"https:\/\/www.museuemporda.org\/?obres_autors=la-fete-a-perpignan\" class=\"dp-dfg-image-link\" ><img loading=\"lazy\" decoding=\"async\" class=\"dp-dfg-featured-image\" src=\"https:\/\/www.museuemporda.org\/wp-content\/uploads\/2022\/02\/mE-1083-250x250.jpg\" alt=\"La f\u00eate a Perpignan\" width=\"250\" height=\"250\" data-ratio=\"1\"\/><\/a><\/figure><div class=\"dp-dfg-header entry-header\"><h2 class=\"entry-title\">La f\u00eate a Perpignan<\/h2><\/div><div class=\"dp-dfg-custom-content\"><p class=\"dp-dfg-custom-field dp-dfg-cf-autors2\"><span class=\"dp-dfg-custom-field-value\">Mart\u00ed Viv\u00e8s<\/span><\/p><\/div><\/article><!-- DPDFG End Post Item Container --><article id=\"post-14137\" class=\"dp-dfg-item post-14137 obres_autors type-obres_autors status-publish has-post-thumbnail hentry tipus_tecniques-obra-grafica tecnica_especifica-impressio-digital autors-miquel-sanchez disciplina-obra-grafic \"     data-position=\"588\"   data-new-tab=\"off\"   data-action-priority=\"item\"><figure class=\"dp-dfg-image entry-thumb\"><a href=\"https:\/\/www.museuemporda.org\/?obres_autors=sense-titol-396\" class=\"dp-dfg-image-link\" ><img loading=\"lazy\" decoding=\"async\" class=\"dp-dfg-featured-image\" src=\"https:\/\/www.museuemporda.org\/wp-content\/uploads\/2023\/07\/ME2761-SANCHEZ-250x250.jpg\" alt=\"Sense t\u00edtol\" width=\"250\" height=\"250\" data-ratio=\"1\"\/><\/a><\/figure><div class=\"dp-dfg-header entry-header\"><h2 class=\"entry-title\">Sense t\u00edtol<\/h2><\/div><div class=\"dp-dfg-custom-content\"><p class=\"dp-dfg-custom-field dp-dfg-cf-autors2\"><span class=\"dp-dfg-custom-field-value\">Miquel Sanchez<\/span><\/p><\/div><\/article><!-- DPDFG End Post Item Container --><article id=\"post-5964\" class=\"dp-dfg-item post-5964 obres_autors type-obres_autors status-publish has-post-thumbnail hentry tecnica_especifica-oli-sobre-tela autors-josep-blanquet-taberner disciplina-pintura \"     data-position=\"589\"   data-new-tab=\"off\"   data-action-priority=\"item\"><figure class=\"dp-dfg-image entry-thumb\"><a href=\"https:\/\/www.museuemporda.org\/?obres_autors=pujada-del-castell\" class=\"dp-dfg-image-link\" ><img loading=\"lazy\" decoding=\"async\" class=\"dp-dfg-featured-image\" src=\"https:\/\/www.museuemporda.org\/wp-content\/uploads\/2020\/04\/mE-745_2018_The_Mad_Pixel_Factory-250x250.jpg\" alt=\"Pujada del Castell\" width=\"250\" height=\"250\" data-ratio=\"1\"\/><\/a><\/figure><div class=\"dp-dfg-header entry-header\"><h2 class=\"entry-title\">Pujada del Castell<\/h2><\/div><div class=\"dp-dfg-custom-content\"><p class=\"dp-dfg-custom-field dp-dfg-cf-autors2\"><span class=\"dp-dfg-custom-field-value\">Josep Blanquet Taberner<\/span><\/p><\/div><\/article><!-- DPDFG End Post Item Container --><article id=\"post-8215\" class=\"dp-dfg-item post-8215 obres_autors type-obres_autors status-publish has-post-thumbnail hentry tecnica_especifica-llapis-carbo-sobre-paper autors-francesc-serra-castellet disciplina-dibuix \"     data-position=\"590\"   data-new-tab=\"off\"   data-action-priority=\"item\"><figure class=\"dp-dfg-image entry-thumb\"><a href=\"https:\/\/www.museuemporda.org\/?obres_autors=retrat-de-dona\" class=\"dp-dfg-image-link\" ><img loading=\"lazy\" decoding=\"async\" class=\"dp-dfg-featured-image\" src=\"https:\/\/www.museuemporda.org\/wp-content\/uploads\/2021\/08\/mE-1179-250x250.jpg\" alt=\"Retrat de dona\" width=\"250\" height=\"250\" data-ratio=\"1\"\/><\/a><\/figure><div class=\"dp-dfg-header entry-header\"><h2 class=\"entry-title\">Retrat de dona<\/h2><\/div><div class=\"dp-dfg-custom-content\"><p class=\"dp-dfg-custom-field dp-dfg-cf-autors2\"><span class=\"dp-dfg-custom-field-value\">Francesc Serra Castellet<\/span><\/p><\/div><\/article><!-- DPDFG End Post Item Container --><article id=\"post-9710\" class=\"dp-dfg-item post-9710 obres_autors type-obres_autors status-publish has-post-thumbnail hentry tipus_tecniques-fotografia tecnica_especifica-fotografia autors-joaquim-fort-de-ribot disciplina-fotografia \"     data-position=\"591\"   data-new-tab=\"off\"   data-action-priority=\"item\"><figure class=\"dp-dfg-image entry-thumb\"><a href=\"https:\/\/www.museuemporda.org\/?obres_autors=la-rambla-de-figueres\" class=\"dp-dfg-image-link\" ><img loading=\"lazy\" decoding=\"async\" class=\"dp-dfg-featured-image\" src=\"https:\/\/www.museuemporda.org\/wp-content\/uploads\/2022\/01\/mE-2440-250x250.jpg\" alt=\"La Rambla de Figueres\" width=\"250\" height=\"250\" data-ratio=\"1\"\/><\/a><\/figure><div class=\"dp-dfg-header entry-header\"><h2 class=\"entry-title\">La Rambla de Figueres<\/h2><\/div><div class=\"dp-dfg-custom-content\"><p class=\"dp-dfg-custom-field dp-dfg-cf-autors2\"><span class=\"dp-dfg-custom-field-value\">Joaquim Fort de Ribot<\/span><\/p><\/div><\/article><!-- DPDFG End Post Item Container --><article id=\"post-5694\" class=\"dp-dfg-item post-5694 obres_autors type-obres_autors status-publish has-post-thumbnail hentry autors-autoria-desconeguda disciplina-arqueologia \"     data-position=\"592\"   data-new-tab=\"off\"   data-action-priority=\"item\"><figure class=\"dp-dfg-image entry-thumb\"><a href=\"https:\/\/www.museuemporda.org\/?obres_autors=lecit-ceramica-atica-de-figures-roges\" class=\"dp-dfg-image-link\" ><img loading=\"lazy\" decoding=\"async\" class=\"dp-dfg-featured-image\" src=\"https:\/\/www.museuemporda.org\/wp-content\/uploads\/2020\/07\/mE-299_1-250x250.jpg\" alt=\"L\u00e8cit \u00e0tic de figures roges (reproducci\u00f3 moderna)\" width=\"250\" height=\"250\" data-ratio=\"1\"\/><\/a><\/figure><div class=\"dp-dfg-header entry-header\"><h2 class=\"entry-title\">L\u00e8cit \u00e0tic de figures roges (reproducci\u00f3 moderna)<\/h2><\/div><div class=\"dp-dfg-custom-content\"><p class=\"dp-dfg-custom-field dp-dfg-cf-autors2\"><span class=\"dp-dfg-custom-field-value\">Autoria desconeguda<\/span><\/p><\/div><\/article><!-- DPDFG End Post Item Container --><article id=\"post-5693\" class=\"dp-dfg-item post-5693 obres_autors type-obres_autors status-publish has-post-thumbnail hentry autors-autoria-desconeguda disciplina-arqueologia \"     data-position=\"593\"   data-new-tab=\"off\"   data-action-priority=\"item\"><figure class=\"dp-dfg-image entry-thumb\"><a href=\"https:\/\/www.museuemporda.org\/?obres_autors=cap-figura\" class=\"dp-dfg-image-link\" ><img loading=\"lazy\" decoding=\"async\" class=\"dp-dfg-featured-image\" src=\"https:\/\/www.museuemporda.org\/wp-content\/uploads\/2020\/07\/mE-296_1-250x250.jpg\" alt=\"Cap de figura d&#8217;infant\" width=\"250\" height=\"250\" data-ratio=\"1\"\/><\/a><\/figure><div class=\"dp-dfg-header entry-header\"><h2 class=\"entry-title\">Cap de figura d&#8217;infant<\/h2><\/div><div class=\"dp-dfg-custom-content\"><p class=\"dp-dfg-custom-field dp-dfg-cf-autors2\"><span class=\"dp-dfg-custom-field-value\">Autoria desconeguda<\/span><\/p><\/div><\/article><!-- DPDFG End Post Item Container --><article id=\"post-10549\" class=\"dp-dfg-item post-10549 obres_autors type-obres_autors status-publish has-post-thumbnail hentry tipus_tecniques-pintura tecnica_especifica-tecnica-mixta-sobre-tela autors-maria-baig-minobis disciplina-pintura \"     data-position=\"594\"   data-new-tab=\"off\"   data-action-priority=\"item\"><figure class=\"dp-dfg-image entry-thumb\"><a href=\"https:\/\/www.museuemporda.org\/?obres_autors=ultim-sopar\" class=\"dp-dfg-image-link\" ><img loading=\"lazy\" decoding=\"async\" class=\"dp-dfg-featured-image\" src=\"https:\/\/www.museuemporda.org\/wp-content\/uploads\/2022\/02\/mE-1895-250x250.jpg\" alt=\"\u00daltim sopar\" width=\"250\" height=\"250\" data-ratio=\"1\"\/><\/a><\/figure><div class=\"dp-dfg-header entry-header\"><h2 class=\"entry-title\">\u00daltim sopar<\/h2><\/div><div class=\"dp-dfg-custom-content\"><p class=\"dp-dfg-custom-field dp-dfg-cf-autors2\"><span class=\"dp-dfg-custom-field-value\">Mari\u00e0 Baig Minobis<\/span><\/p><\/div><\/article><!-- DPDFG End Post Item Container --><article id=\"post-9281\" class=\"dp-dfg-item post-9281 obres_autors type-obres_autors status-publish has-post-thumbnail hentry tecnica_especifica-oli-sobre-tela autors-ramon-bretx-comas disciplina-pintura \"     data-position=\"595\"   data-new-tab=\"off\"   data-action-priority=\"item\"><figure class=\"dp-dfg-image entry-thumb\"><a href=\"https:\/\/www.museuemporda.org\/?obres_autors=paisatge-26\" class=\"dp-dfg-image-link\" ><img loading=\"lazy\" decoding=\"async\" class=\"dp-dfg-featured-image\" src=\"https:\/\/www.museuemporda.org\/wp-content\/uploads\/2021\/11\/mE-2348-250x250.jpg\" alt=\"Paisatge\" width=\"250\" height=\"250\" data-ratio=\"1\"\/><\/a><\/figure><div class=\"dp-dfg-header entry-header\"><h2 class=\"entry-title\">Paisatge<\/h2><\/div><div class=\"dp-dfg-custom-content\"><p class=\"dp-dfg-custom-field dp-dfg-cf-autors2\"><span class=\"dp-dfg-custom-field-value\">Ramon Bretx Comas<\/span><\/p><\/div><\/article><!-- DPDFG End Post Item Container --><article id=\"post-8097\" class=\"dp-dfg-item post-8097 obres_autors type-obres_autors status-publish has-post-thumbnail hentry tecnica_especifica-oli-sobre-tela autors-guillem-comalat-joana disciplina-pintura \"     data-position=\"596\"   data-new-tab=\"off\"   data-action-priority=\"item\"><figure class=\"dp-dfg-image entry-thumb\"><a href=\"https:\/\/www.museuemporda.org\/?obres_autors=paisatge-10\" class=\"dp-dfg-image-link\" ><img loading=\"lazy\" decoding=\"async\" class=\"dp-dfg-featured-image\" src=\"https:\/\/www.museuemporda.org\/wp-content\/uploads\/2021\/08\/mE-1398-250x250.jpg\" alt=\"Paisatge\" width=\"250\" height=\"250\" data-ratio=\"1\"\/><\/a><\/figure><div class=\"dp-dfg-header entry-header\"><h2 class=\"entry-title\">Paisatge<\/h2><\/div><div class=\"dp-dfg-custom-content\"><p class=\"dp-dfg-custom-field dp-dfg-cf-autors2\"><span class=\"dp-dfg-custom-field-value\">Guillem Comalat Joana<\/span><\/p><\/div><\/article><!-- DPDFG End Post Item Container --><article id=\"post-9683\" class=\"dp-dfg-item post-9683 obres_autors type-obres_autors status-publish has-post-thumbnail hentry tipus_tecniques-fotografia tecnica_especifica-fotografia autors-josep-maria-canellas disciplina-fotografia \"     data-position=\"597\"   data-new-tab=\"off\"   data-action-priority=\"item\"><figure class=\"dp-dfg-image entry-thumb\"><a href=\"https:\/\/www.museuemporda.org\/?obres_autors=nu-2\" class=\"dp-dfg-image-link\" ><img loading=\"lazy\" decoding=\"async\" class=\"dp-dfg-featured-image\" src=\"https:\/\/www.museuemporda.org\/wp-content\/uploads\/2022\/01\/mE-1691-250x250.jpg\" alt=\"Nu\" width=\"250\" height=\"250\" data-ratio=\"1\"\/><\/a><\/figure><div class=\"dp-dfg-header entry-header\"><h2 class=\"entry-title\">Nu<\/h2><\/div><div class=\"dp-dfg-custom-content\"><p class=\"dp-dfg-custom-field dp-dfg-cf-autors2\"><span class=\"dp-dfg-custom-field-value\">Josep Maria Ca\u00f1ellas<\/span><\/p><\/div><\/article><!-- DPDFG End Post Item Container --><article id=\"post-9819\" class=\"dp-dfg-item post-9819 obres_autors type-obres_autors status-publish has-post-thumbnail hentry tipus_tecniques-fotografia tecnica_especifica-fotografia autors-francesc-guillamet-ferran disciplina-fotografia \"     data-position=\"598\"   data-new-tab=\"off\"   data-action-priority=\"item\"><figure class=\"dp-dfg-image entry-thumb\"><a href=\"https:\/\/www.museuemporda.org\/?obres_autors=molls-gaudi\" class=\"dp-dfg-image-link\" ><img loading=\"lazy\" decoding=\"async\" class=\"dp-dfg-featured-image\" src=\"https:\/\/www.museuemporda.org\/wp-content\/uploads\/2022\/01\/mE-2521-250x250.jpg\" alt=\"Molls Gaud\u00ed\" width=\"250\" height=\"250\" data-ratio=\"1\"\/><\/a><\/figure><div class=\"dp-dfg-header entry-header\"><h2 class=\"entry-title\">Molls Gaud\u00ed<\/h2><\/div><div class=\"dp-dfg-custom-content\"><p class=\"dp-dfg-custom-field dp-dfg-cf-autors2\"><span class=\"dp-dfg-custom-field-value\">Francesc Guillamet Ferran<\/span><\/p><\/div><\/article><!-- DPDFG End Post Item Container --><article id=\"post-9200\" class=\"dp-dfg-item post-9200 obres_autors type-obres_autors status-publish has-post-thumbnail hentry tipus_tecniques-marbre autors-autoria-desconeguda disciplina-arqueologia \"     data-position=\"599\"   data-new-tab=\"off\"   data-action-priority=\"item\"><figure class=\"dp-dfg-image entry-thumb\"><a href=\"https:\/\/www.museuemporda.org\/?obres_autors=altar-fragment\" class=\"dp-dfg-image-link\" ><img loading=\"lazy\" decoding=\"async\" class=\"dp-dfg-featured-image\" src=\"https:\/\/www.museuemporda.org\/wp-content\/uploads\/2021\/11\/mE-422_2019-250x250.jpg\" alt=\"Altar (fragment)\" width=\"250\" height=\"250\" data-ratio=\"1\"\/><\/a><\/figure><div class=\"dp-dfg-header entry-header\"><h2 class=\"entry-title\">Altar (fragment)<\/h2><\/div><div class=\"dp-dfg-custom-content\"><p class=\"dp-dfg-custom-field dp-dfg-cf-autors2\"><span class=\"dp-dfg-custom-field-value\">Autoria desconeguda<\/span><\/p><\/div><\/article><!-- DPDFG End Post Item Container --><article id=\"post-9913\" class=\"dp-dfg-item post-9913 obres_autors type-obres_autors status-publish has-post-thumbnail hentry tipus_tecniques-fotografia tecnica_especifica-fotografia autors-cesareo-rodriguez-aguilera disciplina-fotografia \"     data-position=\"600\"   data-new-tab=\"off\"   data-action-priority=\"item\"><figure class=\"dp-dfg-image entry-thumb\"><a href=\"https:\/\/www.museuemporda.org\/?obres_autors=sense-titol-42\" class=\"dp-dfg-image-link\" ><img loading=\"lazy\" decoding=\"async\" class=\"dp-dfg-featured-image\" src=\"https:\/\/www.museuemporda.org\/wp-content\/uploads\/2022\/01\/mE-2266-250x250.jpg\" alt=\"Sense t\u00edtol\" width=\"250\" height=\"250\" data-ratio=\"1\"\/><\/a><\/figure><div class=\"dp-dfg-header entry-header\"><h2 class=\"entry-title\">Sense t\u00edtol<\/h2><\/div><div class=\"dp-dfg-custom-content\"><p class=\"dp-dfg-custom-field dp-dfg-cf-autors2\"><span class=\"dp-dfg-custom-field-value\">Ces\u00e1reo Rodr\u00edguez Aguilera<\/span><\/p><\/div><\/article><!-- DPDFG End Post Item Container --><article id=\"post-5742\" class=\"dp-dfg-item post-5742 obres_autors type-obres_autors status-publish has-post-thumbnail hentry tecnica_especifica-oli-sobre-tela autors-autoria-desconeguda disciplina-pintura \"     data-position=\"601\"   data-new-tab=\"off\"   data-action-priority=\"item\"><figure class=\"dp-dfg-image entry-thumb\"><a href=\"https:\/\/www.museuemporda.org\/?obres_autors=calvari\" class=\"dp-dfg-image-link\" ><img loading=\"lazy\" decoding=\"async\" class=\"dp-dfg-featured-image\" src=\"https:\/\/www.museuemporda.org\/wp-content\/uploads\/2020\/04\/mE-615-250x250.jpg\" alt=\"Calvari\" width=\"250\" height=\"250\" data-ratio=\"1\"\/><\/a><\/figure><div class=\"dp-dfg-header entry-header\"><h2 class=\"entry-title\">Calvari<\/h2><\/div><div class=\"dp-dfg-custom-content\"><p class=\"dp-dfg-custom-field dp-dfg-cf-autors2\"><span class=\"dp-dfg-custom-field-value\">Autoria desconeguda<\/span><\/p><\/div><\/article><!-- DPDFG End Post Item Container --><article id=\"post-6049\" class=\"dp-dfg-item post-6049 obres_autors type-obres_autors status-publish has-post-thumbnail hentry autors-narcis-costa-bofill disciplina-escultura \"     data-position=\"602\"   data-new-tab=\"off\"   data-action-priority=\"item\"><figure class=\"dp-dfg-image entry-thumb\"><a href=\"https:\/\/www.museuemporda.org\/?obres_autors=traspas-mural-de-la-serie-falques-i-tascons\" class=\"dp-dfg-image-link\" ><img loading=\"lazy\" decoding=\"async\" class=\"dp-dfg-featured-image\" src=\"https:\/\/www.museuemporda.org\/wp-content\/uploads\/2020\/07\/mE-1559_2-250x250.jpg\" alt=\"Trasp\u00e0s mural. De la s\u00e8rie &#8216;Falques i tascons&#8217;\" width=\"250\" height=\"250\" data-ratio=\"1\"\/><\/a><\/figure><div class=\"dp-dfg-header entry-header\"><h2 class=\"entry-title\">Trasp\u00e0s mural. De la s\u00e8rie &#8216;Falques i tascons&#8217;<\/h2><\/div><div class=\"dp-dfg-custom-content\"><p class=\"dp-dfg-custom-field dp-dfg-cf-autors2\"><span class=\"dp-dfg-custom-field-value\">Narc\u00eds Costa Bofill<\/span><\/p><\/div><\/article><!-- DPDFG End Post Item Container --><article id=\"post-11784\" class=\"dp-dfg-item post-11784 obres_autors type-obres_autors status-publish has-post-thumbnail hentry tipus_tecniques-pintura tecnica_especifica-aquarella-sobre-paper autors-jaume-oates-borias disciplina-pintura \"     data-position=\"603\"   data-new-tab=\"off\"   data-action-priority=\"item\"><figure class=\"dp-dfg-image entry-thumb\"><a href=\"https:\/\/www.museuemporda.org\/?obres_autors=dia-de-pluja-a-taxco\" class=\"dp-dfg-image-link\" ><img loading=\"lazy\" decoding=\"async\" class=\"dp-dfg-featured-image\" src=\"https:\/\/www.museuemporda.org\/wp-content\/uploads\/2022\/02\/mE-1344-250x250.jpg\" alt=\"Dia de pluja a Taxco\" width=\"250\" height=\"250\" data-ratio=\"1\"\/><\/a><\/figure><div class=\"dp-dfg-header entry-header\"><h2 class=\"entry-title\">Dia de pluja a Taxco<\/h2><\/div><div class=\"dp-dfg-custom-content\"><p class=\"dp-dfg-custom-field dp-dfg-cf-autors2\"><span class=\"dp-dfg-custom-field-value\">Jaume Oates Borias<\/span><\/p><\/div><\/article><!-- DPDFG End Post Item Container --><article id=\"post-14065\" class=\"dp-dfg-item post-14065 obres_autors type-obres_autors status-publish has-post-thumbnail hentry tipus_tecniques-dibuix tecnica_especifica-tinta-sobre-paper autors-carles-roman disciplina-dibuix \"     data-position=\"604\"   data-new-tab=\"off\"   data-action-priority=\"item\"><figure class=\"dp-dfg-image entry-thumb\"><a href=\"https:\/\/www.museuemporda.org\/?obres_autors=nens-soldat\" class=\"dp-dfg-image-link\" ><img loading=\"lazy\" decoding=\"async\" class=\"dp-dfg-featured-image\" src=\"https:\/\/www.museuemporda.org\/wp-content\/uploads\/2023\/06\/ME2727-ROMAN-250x250.jpg\" alt=\"Nens soldat\" width=\"250\" height=\"250\" data-ratio=\"1\"\/><\/a><\/figure><div class=\"dp-dfg-header entry-header\"><h2 class=\"entry-title\">Nens soldat<\/h2><\/div><div class=\"dp-dfg-custom-content\"><p class=\"dp-dfg-custom-field dp-dfg-cf-autors2\"><span class=\"dp-dfg-custom-field-value\">Carles Roman<\/span><\/p><\/div><\/article><!-- DPDFG End Post Item Container --><article id=\"post-1327\" class=\"dp-dfg-item post-1327 obres_autors type-obres_autors status-publish has-post-thumbnail hentry autors-eduardo-lozano disciplina-obra-grafic \"     data-position=\"605\"   data-new-tab=\"off\"   data-action-priority=\"item\"><figure class=\"dp-dfg-image entry-thumb\"><a href=\"https:\/\/www.museuemporda.org\/?obres_autors=naixement\" class=\"dp-dfg-image-link\" ><img loading=\"lazy\" decoding=\"async\" class=\"dp-dfg-featured-image\" src=\"https:\/\/www.museuemporda.org\/wp-content\/uploads\/2020\/04\/mE-1327-scaled-1-250x250.jpg\" alt=\"Naixement\" width=\"250\" height=\"250\" data-ratio=\"1\"\/><\/a><\/figure><div class=\"dp-dfg-header entry-header\"><h2 class=\"entry-title\">Naixement<\/h2><\/div><div class=\"dp-dfg-custom-content\"><p class=\"dp-dfg-custom-field dp-dfg-cf-autors2\"><span class=\"dp-dfg-custom-field-value\">Eduardo Lozano<\/span><\/p><\/div><\/article><!-- DPDFG End Post Item Container --><article id=\"post-9474\" class=\"dp-dfg-item post-9474 obres_autors type-obres_autors status-publish has-post-thumbnail hentry tipus_tecniques-aiguafort tecnica_especifica-aiguafort-amb-vernis-tou autors-josep-bonaterra-gras disciplina-obra-grafic \"     data-position=\"606\"   data-new-tab=\"off\"   data-action-priority=\"item\"><figure class=\"dp-dfg-image entry-thumb\"><a href=\"https:\/\/www.museuemporda.org\/?obres_autors=paisatge-33\" class=\"dp-dfg-image-link\" ><img loading=\"lazy\" decoding=\"async\" class=\"dp-dfg-featured-image\" src=\"https:\/\/www.museuemporda.org\/wp-content\/uploads\/2022\/01\/mE-1446-250x250.jpg\" alt=\"Paisatge\" width=\"250\" height=\"250\" data-ratio=\"1\"\/><\/a><\/figure><div class=\"dp-dfg-header entry-header\"><h2 class=\"entry-title\">Paisatge<\/h2><\/div><div class=\"dp-dfg-custom-content\"><p class=\"dp-dfg-custom-field dp-dfg-cf-autors2\"><span class=\"dp-dfg-custom-field-value\">Josep Bonaterra Gras<\/span><\/p><\/div><\/article><!-- DPDFG End Post Item Container --><article id=\"post-5729\" class=\"dp-dfg-item post-5729 obres_autors type-obres_autors status-publish has-post-thumbnail hentry autors-autoria-desconeguda \"     data-position=\"607\"   data-new-tab=\"off\"   data-action-priority=\"item\"><figure class=\"dp-dfg-image entry-thumb\"><a href=\"https:\/\/www.museuemporda.org\/?obres_autors=talla-de-la-mare-de-deu-amb-el-nen\" class=\"dp-dfg-image-link\" ><img loading=\"lazy\" decoding=\"async\" class=\"dp-dfg-featured-image\" src=\"https:\/\/www.museuemporda.org\/wp-content\/uploads\/2020\/04\/mE-427-250x250.jpg\" alt=\"Mare de D\u00e9u amb el Nen\" width=\"250\" height=\"250\" data-ratio=\"1\"\/><\/a><\/figure><div class=\"dp-dfg-header entry-header\"><h2 class=\"entry-title\">Mare de D\u00e9u amb el Nen<\/h2><\/div><div class=\"dp-dfg-custom-content\"><p class=\"dp-dfg-custom-field dp-dfg-cf-autors2\"><span class=\"dp-dfg-custom-field-value\">Autoria desconeguda<\/span><\/p><\/div><\/article><!-- DPDFG End Post Item Container --><article id=\"post-5997\" class=\"dp-dfg-item post-5997 obres_autors type-obres_autors status-publish has-post-thumbnail hentry tecnica_especifica-tecnica-mixta-sobre-tela autors-joan-paradis-puig disciplina-pintura \"     data-position=\"608\"   data-new-tab=\"off\"   data-action-priority=\"item\"><figure class=\"dp-dfg-image entry-thumb\"><a href=\"https:\/\/www.museuemporda.org\/?obres_autors=la-vetlla-de-la-monja\" class=\"dp-dfg-image-link\" ><img loading=\"lazy\" decoding=\"async\" class=\"dp-dfg-featured-image\" src=\"https:\/\/www.museuemporda.org\/wp-content\/uploads\/2020\/04\/mE-789-250x250.jpg\" alt=\"La vetlla de la monja\" width=\"250\" height=\"250\" data-ratio=\"1\"\/><\/a><\/figure><div class=\"dp-dfg-header entry-header\"><h2 class=\"entry-title\">La vetlla de la monja<\/h2><\/div><div class=\"dp-dfg-custom-content\"><p class=\"dp-dfg-custom-field dp-dfg-cf-autors2\"><span class=\"dp-dfg-custom-field-value\">Joan Parad\u00eds Puig<\/span><\/p><\/div><\/article><!-- DPDFG End Post Item Container --><article id=\"post-11155\" class=\"dp-dfg-item post-11155 obres_autors type-obres_autors status-publish has-post-thumbnail hentry tipus_tecniques-pintura tecnica_especifica-aquarella autors-joaquim-cabane-manauta disciplina-pintura \"     data-position=\"609\"   data-new-tab=\"off\"   data-action-priority=\"item\"><figure class=\"dp-dfg-image entry-thumb\"><a href=\"https:\/\/www.museuemporda.org\/?obres_autors=paisatge-70\" class=\"dp-dfg-image-link\" ><img loading=\"lazy\" decoding=\"async\" class=\"dp-dfg-featured-image\" src=\"https:\/\/www.museuemporda.org\/wp-content\/uploads\/2022\/02\/mE-1091-250x250.jpg\" alt=\"Paisatge\" width=\"250\" height=\"250\" data-ratio=\"1\"\/><\/a><\/figure><div class=\"dp-dfg-header entry-header\"><h2 class=\"entry-title\">Paisatge<\/h2><\/div><div class=\"dp-dfg-custom-content\"><p class=\"dp-dfg-custom-field dp-dfg-cf-autors2\"><span class=\"dp-dfg-custom-field-value\">Joaquim Caban\u00e9 Manauta<\/span><\/p><\/div><\/article><!-- DPDFG End Post Item Container --><article id=\"post-6029\" class=\"dp-dfg-item post-6029 obres_autors type-obres_autors status-publish has-post-thumbnail hentry tecnica_especifica-oli-sobre-tela autors-alicia-vinas-palomer disciplina-pintura \"     data-position=\"610\"   data-new-tab=\"off\"   data-action-priority=\"item\"><figure class=\"dp-dfg-image entry-thumb\"><a href=\"https:\/\/www.museuemporda.org\/?obres_autors=els-amants-de-la-placa-del-teatre-de-figueres\" class=\"dp-dfg-image-link\" ><img loading=\"lazy\" decoding=\"async\" class=\"dp-dfg-featured-image\" src=\"https:\/\/www.museuemporda.org\/wp-content\/uploads\/2020\/04\/mE-1382-250x250.jpg\" alt=\"Els amants de la pla\u00e7a del Teatre de Figueres\" width=\"250\" height=\"250\" data-ratio=\"1\"\/><\/a><\/figure><div class=\"dp-dfg-header entry-header\"><h2 class=\"entry-title\">Els amants de la pla\u00e7a del Teatre de Figueres<\/h2><\/div><div class=\"dp-dfg-custom-content\"><p class=\"dp-dfg-custom-field dp-dfg-cf-autors2\"><span class=\"dp-dfg-custom-field-value\">Al\u00edcia Vi\u00f1as Palomer<\/span><\/p><\/div><\/article><!-- DPDFG End Post Item Container --><article id=\"post-10482\" class=\"dp-dfg-item post-10482 obres_autors type-obres_autors status-publish has-post-thumbnail hentry tipus_tecniques-obra-grafica tecnica_especifica-gravat-sobre-paper autors-joan-sibecas-cabanyo disciplina-obra-grafic \"     data-position=\"611\"   data-new-tab=\"off\"   data-action-priority=\"item\"><figure class=\"dp-dfg-image entry-thumb\"><a href=\"https:\/\/www.museuemporda.org\/?obres_autors=paisatge-63\" class=\"dp-dfg-image-link\" ><img loading=\"lazy\" decoding=\"async\" class=\"dp-dfg-featured-image\" src=\"https:\/\/www.museuemporda.org\/wp-content\/uploads\/2022\/01\/mE-2273-250x250.jpg\" alt=\"Paisatge\" width=\"250\" height=\"250\" data-ratio=\"1\"\/><\/a><\/figure><div class=\"dp-dfg-header entry-header\"><h2 class=\"entry-title\">Paisatge<\/h2><\/div><div class=\"dp-dfg-custom-content\"><p class=\"dp-dfg-custom-field dp-dfg-cf-autors2\"><span class=\"dp-dfg-custom-field-value\">Joan Sibecas Cabany\u00f3<\/span><\/p><\/div><\/article><!-- DPDFG End Post Item Container --><article id=\"post-10297\" class=\"dp-dfg-item post-10297 obres_autors type-obres_autors status-publish has-post-thumbnail hentry tipus_tecniques-pintura tecnica_especifica-oli-sobre-tela autors-pere-bech-sudria disciplina-pintura \"     data-position=\"612\"   data-new-tab=\"off\"   data-action-priority=\"item\"><figure class=\"dp-dfg-image entry-thumb\"><a href=\"https:\/\/www.museuemporda.org\/?obres_autors=figura-femenina-13\" class=\"dp-dfg-image-link\" ><img loading=\"lazy\" decoding=\"async\" class=\"dp-dfg-featured-image\" src=\"https:\/\/www.museuemporda.org\/wp-content\/uploads\/2022\/01\/mE-2218-250x250.jpg\" alt=\"Figura femenina\" width=\"250\" height=\"250\" data-ratio=\"1\"\/><\/a><\/figure><div class=\"dp-dfg-header entry-header\"><h2 class=\"entry-title\">Figura femenina<\/h2><\/div><div class=\"dp-dfg-custom-content\"><p class=\"dp-dfg-custom-field dp-dfg-cf-autors2\"><span class=\"dp-dfg-custom-field-value\">Pere Bech Sudri\u00e0<\/span><\/p><\/div><\/article><!-- DPDFG End Post Item Container --><article id=\"post-11702\" class=\"dp-dfg-item post-11702 obres_autors type-obres_autors status-publish has-post-thumbnail hentry tipus_tecniques-dibuix tecnica_especifica-dibuix-sobre-paper autors-alonso-moner disciplina-dibuix \"     data-position=\"613\"   data-new-tab=\"off\"   data-action-priority=\"item\"><figure class=\"dp-dfg-image entry-thumb\"><a href=\"https:\/\/www.museuemporda.org\/?obres_autors=sense-titol-146\" class=\"dp-dfg-image-link\" ><img loading=\"lazy\" decoding=\"async\" class=\"dp-dfg-featured-image\" src=\"https:\/\/www.museuemporda.org\/wp-content\/uploads\/2022\/02\/mE-2089-250x250.jpg\" alt=\"Sense t\u00edtol\" width=\"250\" height=\"250\" data-ratio=\"1\"\/><\/a><\/figure><div class=\"dp-dfg-header entry-header\"><h2 class=\"entry-title\">Sense t\u00edtol<\/h2><\/div><div class=\"dp-dfg-custom-content\"><p class=\"dp-dfg-custom-field dp-dfg-cf-autors2\"><span class=\"dp-dfg-custom-field-value\">Alonso Moner<\/span><\/p><\/div><\/article><!-- DPDFG End Post Item Container --><article id=\"post-9086\" class=\"dp-dfg-item post-9086 obres_autors type-obres_autors status-publish has-post-thumbnail hentry tecnica_especifica-ceramica-italiota autors-autoria-desconeguda disciplina-arqueologia \"     data-position=\"614\"   data-new-tab=\"off\"   data-action-priority=\"item\"><figure class=\"dp-dfg-image entry-thumb\"><a href=\"https:\/\/www.museuemporda.org\/?obres_autors=lecit-italiota-2\" class=\"dp-dfg-image-link\" ><img loading=\"lazy\" decoding=\"async\" class=\"dp-dfg-featured-image\" src=\"https:\/\/www.museuemporda.org\/wp-content\/uploads\/2021\/11\/mE-328-250x250.jpg\" alt=\"L\u00e8cit italiota\" width=\"250\" height=\"250\" data-ratio=\"1\"\/><\/a><\/figure><div class=\"dp-dfg-header entry-header\"><h2 class=\"entry-title\">L\u00e8cit italiota<\/h2><\/div><div class=\"dp-dfg-custom-content\"><p class=\"dp-dfg-custom-field dp-dfg-cf-autors2\"><span class=\"dp-dfg-custom-field-value\">Autoria desconeguda<\/span><\/p><\/div><\/article><!-- DPDFG End Post Item Container --><article id=\"post-9760\" class=\"dp-dfg-item post-9760 obres_autors type-obres_autors status-publish has-post-thumbnail hentry tipus_tecniques-fotografia tecnica_especifica-fotografia autors-joaquim-fort-de-ribot disciplina-fotografia \"     data-position=\"615\"   data-new-tab=\"off\"   data-action-priority=\"item\"><figure class=\"dp-dfg-image entry-thumb\"><a href=\"https:\/\/www.museuemporda.org\/?obres_autors=la-vella-de-can-llaudes\" class=\"dp-dfg-image-link\" ><img loading=\"lazy\" decoding=\"async\" class=\"dp-dfg-featured-image\" src=\"https:\/\/www.museuemporda.org\/wp-content\/uploads\/2022\/01\/mE-2472-250x250.jpg\" alt=\"La vella de can Llaudes\" width=\"250\" height=\"250\" data-ratio=\"1\"\/><\/a><\/figure><div class=\"dp-dfg-header entry-header\"><h2 class=\"entry-title\">La vella de can Llaudes<\/h2><\/div><div class=\"dp-dfg-custom-content\"><p class=\"dp-dfg-custom-field dp-dfg-cf-autors2\"><span class=\"dp-dfg-custom-field-value\">Joaquim Fort de Ribot<\/span><\/p><\/div><\/article><!-- DPDFG End Post Item Container --><article id=\"post-10968\" class=\"dp-dfg-item post-10968 obres_autors type-obres_autors status-publish has-post-thumbnail hentry tipus_tecniques-pintura tecnica_especifica-aquarella autors-gabriel-amat-pages disciplina-pintura \"     data-position=\"616\"   data-new-tab=\"off\"   data-action-priority=\"item\"><figure class=\"dp-dfg-image entry-thumb\"><a href=\"https:\/\/www.museuemporda.org\/?obres_autors=vista-dun-port\" class=\"dp-dfg-image-link\" ><img loading=\"lazy\" decoding=\"async\" class=\"dp-dfg-featured-image\" src=\"https:\/\/www.museuemporda.org\/wp-content\/uploads\/2022\/02\/mE-1108-250x250.jpg\" alt=\"Vista d&#8217;un port\" width=\"250\" height=\"250\" data-ratio=\"1\"\/><\/a><\/figure><div class=\"dp-dfg-header entry-header\"><h2 class=\"entry-title\">Vista d&#8217;un port<\/h2><\/div><div class=\"dp-dfg-custom-content\"><p class=\"dp-dfg-custom-field dp-dfg-cf-autors2\"><span class=\"dp-dfg-custom-field-value\">Gabriel Amat Pag\u00e8s<\/span><\/p><\/div><\/article><!-- DPDFG End Post Item Container --><article id=\"post-14276\" class=\"dp-dfg-item post-14276 obres_autors type-obres_autors status-publish has-post-thumbnail hentry tipus_tecniques-dibuix tecnica_especifica-impressio-digital autors-quim-bou disciplina-dibuix \"     data-position=\"617\"   data-new-tab=\"off\"   data-action-priority=\"item\"><figure class=\"dp-dfg-image entry-thumb\"><a href=\"https:\/\/www.museuemporda.org\/?obres_autors=sense-titol-462\" class=\"dp-dfg-image-link\" ><img loading=\"lazy\" decoding=\"async\" class=\"dp-dfg-featured-image\" src=\"https:\/\/www.museuemporda.org\/wp-content\/uploads\/2023\/07\/ME2847-BOU-250x250.jpg\" alt=\"Sense t\u00edtol\" width=\"250\" height=\"250\" data-ratio=\"1\"\/><\/a><\/figure><div class=\"dp-dfg-header entry-header\"><h2 class=\"entry-title\">Sense t\u00edtol<\/h2><\/div><div class=\"dp-dfg-custom-content\"><p class=\"dp-dfg-custom-field dp-dfg-cf-autors2\"><span class=\"dp-dfg-custom-field-value\">Quim Bou<\/span><\/p><\/div><\/article><!-- DPDFG End Post Item Container --><article id=\"post-5921\" class=\"dp-dfg-item post-5921 obres_autors type-obres_autors status-publish has-post-thumbnail hentry tecnica_especifica-fusta-tallada autors-xavier-medina-campeny disciplina-escultura \"     data-position=\"618\"   data-new-tab=\"off\"   data-action-priority=\"item\"><figure class=\"dp-dfg-image entry-thumb\"><a href=\"https:\/\/www.museuemporda.org\/?obres_autors=wellingtons-dream\" class=\"dp-dfg-image-link\" ><img loading=\"lazy\" decoding=\"async\" class=\"dp-dfg-featured-image\" src=\"https:\/\/www.museuemporda.org\/wp-content\/uploads\/2020\/10\/mE-702-250x250.jpg\" alt=\"Wellington&#8217;s dream\" width=\"250\" height=\"250\" data-ratio=\"1\"\/><\/a><\/figure><div class=\"dp-dfg-header entry-header\"><h2 class=\"entry-title\">Wellington&#8217;s dream<\/h2><\/div><div class=\"dp-dfg-custom-content\"><p class=\"dp-dfg-custom-field dp-dfg-cf-autors2\"><span class=\"dp-dfg-custom-field-value\">Xavier Medina-Campeny<\/span><\/p><\/div><\/article><!-- DPDFG End Post Item Container --><article id=\"post-11855\" class=\"dp-dfg-item post-11855 obres_autors type-obres_autors status-publish has-post-thumbnail hentry tipus_tecniques-dibuix tecnica_especifica-dibuix-sobre-paper autors-ramon-ponce disciplina-dibuix \"     data-position=\"619\"   data-new-tab=\"off\"   data-action-priority=\"item\"><figure class=\"dp-dfg-image entry-thumb\"><a href=\"https:\/\/www.museuemporda.org\/?obres_autors=sense-titol-154\" class=\"dp-dfg-image-link\" ><img loading=\"lazy\" decoding=\"async\" class=\"dp-dfg-featured-image\" src=\"https:\/\/www.museuemporda.org\/wp-content\/uploads\/2022\/02\/mE-2021-250x250.jpg\" alt=\"Sense t\u00edtol\" width=\"250\" height=\"250\" data-ratio=\"1\"\/><\/a><\/figure><div class=\"dp-dfg-header entry-header\"><h2 class=\"entry-title\">Sense t\u00edtol<\/h2><\/div><div class=\"dp-dfg-custom-content\"><p class=\"dp-dfg-custom-field dp-dfg-cf-autors2\"><span class=\"dp-dfg-custom-field-value\">Ramon Ponce<\/span><\/p><\/div><\/article><!-- DPDFG End Post Item Container --><article id=\"post-14142\" class=\"dp-dfg-item post-14142 obres_autors type-obres_autors status-publish has-post-thumbnail hentry tipus_tecniques-obra-grafica tecnica_especifica-impressio-digital autors-miquel-sanchez disciplina-obra-grafic \"     data-position=\"620\"   data-new-tab=\"off\"   data-action-priority=\"item\"><figure class=\"dp-dfg-image entry-thumb\"><a href=\"https:\/\/www.museuemporda.org\/?obres_autors=sense-titol-398\" class=\"dp-dfg-image-link\" ><img loading=\"lazy\" decoding=\"async\" class=\"dp-dfg-featured-image\" src=\"https:\/\/www.museuemporda.org\/wp-content\/uploads\/2023\/07\/ME2763-SANCHEZ-250x250.jpg\" alt=\"Sense t\u00edtol\" width=\"250\" height=\"250\" data-ratio=\"1\"\/><\/a><\/figure><div class=\"dp-dfg-header entry-header\"><h2 class=\"entry-title\">Sense t\u00edtol<\/h2><\/div><div class=\"dp-dfg-custom-content\"><p class=\"dp-dfg-custom-field dp-dfg-cf-autors2\"><span class=\"dp-dfg-custom-field-value\">Miquel Sanchez<\/span><\/p><\/div><\/article><!-- DPDFG End Post Item Container --><article id=\"post-9837\" class=\"dp-dfg-item post-9837 obres_autors type-obres_autors status-publish has-post-thumbnail hentry tipus_tecniques-fotografia tecnica_especifica-fotografia autors-joan-hernandez-casellas disciplina-fotografia \"     data-position=\"621\"   data-new-tab=\"off\"   data-action-priority=\"item\"><figure class=\"dp-dfg-image entry-thumb\"><a href=\"https:\/\/www.museuemporda.org\/?obres_autors=sense-titol-26\" class=\"dp-dfg-image-link\" ><img loading=\"lazy\" decoding=\"async\" class=\"dp-dfg-featured-image\" src=\"https:\/\/www.museuemporda.org\/wp-content\/uploads\/2022\/01\/mE-1950-250x250.jpg\" alt=\"Sense t\u00edtol\" width=\"250\" height=\"250\" data-ratio=\"1\"\/><\/a><\/figure><div class=\"dp-dfg-header entry-header\"><h2 class=\"entry-title\">Sense t\u00edtol<\/h2><\/div><div class=\"dp-dfg-custom-content\"><p class=\"dp-dfg-custom-field dp-dfg-cf-autors2\"><span class=\"dp-dfg-custom-field-value\">Joan Hern\u00e1ndez Casellas<\/span><\/p><\/div><\/article><!-- DPDFG End Post Item Container --><article id=\"post-11314\" class=\"dp-dfg-item post-11314 obres_autors type-obres_autors status-publish has-post-thumbnail hentry tipus_tecniques-pintura tecnica_especifica-pintura-sobre-taula autors-escola-flamenca disciplina-pintura \"     data-position=\"622\"   data-new-tab=\"off\"   data-action-priority=\"item\"><figure class=\"dp-dfg-image entry-thumb\"><a href=\"https:\/\/www.museuemporda.org\/?obres_autors=paisatge-amb-sant-humbert-agenollat\" class=\"dp-dfg-image-link\" ><img loading=\"lazy\" decoding=\"async\" class=\"dp-dfg-featured-image\" src=\"https:\/\/www.museuemporda.org\/wp-content\/uploads\/2022\/02\/mE-1396-1-250x250.jpg\" alt=\"Paisatge amb Sant Humbert agenollat\" width=\"250\" height=\"250\" data-ratio=\"1\"\/><\/a><\/figure><div class=\"dp-dfg-header entry-header\"><h2 class=\"entry-title\">Paisatge amb Sant Humbert agenollat<\/h2><\/div><div class=\"dp-dfg-custom-content\"><p class=\"dp-dfg-custom-field dp-dfg-cf-autors2\"><span class=\"dp-dfg-custom-field-value\">Escola flamenca <\/span><\/p><\/div><\/article><!-- DPDFG End Post Item Container --><article id=\"post-10328\" class=\"dp-dfg-item post-10328 obres_autors type-obres_autors status-publish has-post-thumbnail hentry tipus_tecniques-pintura tecnica_especifica-aquarella-sobre-paper autors-pere-bech-sudria disciplina-pintura \"     data-position=\"623\"   data-new-tab=\"off\"   data-action-priority=\"item\"><figure class=\"dp-dfg-image entry-thumb\"><a href=\"https:\/\/www.museuemporda.org\/?obres_autors=paisatge-urba-bodego\" class=\"dp-dfg-image-link\" ><img loading=\"lazy\" decoding=\"async\" class=\"dp-dfg-featured-image\" src=\"https:\/\/www.museuemporda.org\/wp-content\/uploads\/2022\/01\/mE-2240-A-250x250.jpg\" alt=\"Paisatge urb\u00e0 \/Bodeg\u00f3\" width=\"250\" height=\"250\" data-ratio=\"1\"\/><\/a><\/figure><div class=\"dp-dfg-header entry-header\"><h2 class=\"entry-title\">Paisatge urb\u00e0 \/Bodeg\u00f3<\/h2><\/div><div class=\"dp-dfg-custom-content\"><p class=\"dp-dfg-custom-field dp-dfg-cf-autors2\"><span class=\"dp-dfg-custom-field-value\">Pere Bech Sudri\u00e0<\/span><\/p><\/div><\/article><!-- DPDFG End Post Item Container --><article id=\"post-14172\" class=\"dp-dfg-item post-14172 obres_autors type-obres_autors status-publish has-post-thumbnail hentry tipus_tecniques-obra-grafica tecnica_especifica-impressio-digital autors-leonard-beard disciplina-obra-grafic \"     data-position=\"624\"   data-new-tab=\"off\"   data-action-priority=\"item\"><figure class=\"dp-dfg-image entry-thumb\"><a href=\"https:\/\/www.museuemporda.org\/?obres_autors=sense-titol-412\" class=\"dp-dfg-image-link\" ><img loading=\"lazy\" decoding=\"async\" class=\"dp-dfg-featured-image\" src=\"https:\/\/www.museuemporda.org\/wp-content\/uploads\/2023\/07\/ME2777-LEO-250x250.jpg\" alt=\"Sense t\u00edtol\" width=\"250\" height=\"250\" data-ratio=\"1\"\/><\/a><\/figure><div class=\"dp-dfg-header entry-header\"><h2 class=\"entry-title\">Sense t\u00edtol<\/h2><\/div><div class=\"dp-dfg-custom-content\"><p class=\"dp-dfg-custom-field dp-dfg-cf-autors2\"><span class=\"dp-dfg-custom-field-value\">Leonard Beard<\/span><\/p><\/div><\/article><!-- DPDFG End Post Item Container --><article id=\"post-10286\" class=\"dp-dfg-item post-10286 obres_autors type-obres_autors status-publish has-post-thumbnail hentry tipus_tecniques-dibuix tecnica_especifica-carbonet autors-pere-bech-sudria disciplina-dibuix \"     data-position=\"625\"   data-new-tab=\"off\"   data-action-priority=\"item\"><figure class=\"dp-dfg-image entry-thumb\"><a href=\"https:\/\/www.museuemporda.org\/?obres_autors=figura-femenina-12\" class=\"dp-dfg-image-link\" ><img loading=\"lazy\" decoding=\"async\" class=\"dp-dfg-featured-image\" src=\"https:\/\/www.museuemporda.org\/wp-content\/uploads\/2022\/01\/mE-2212-250x250.jpg\" alt=\"Figura femenina\" width=\"250\" height=\"250\" data-ratio=\"1\"\/><\/a><\/figure><div class=\"dp-dfg-header entry-header\"><h2 class=\"entry-title\">Figura femenina<\/h2><\/div><div class=\"dp-dfg-custom-content\"><p class=\"dp-dfg-custom-field dp-dfg-cf-autors2\"><span class=\"dp-dfg-custom-field-value\">Pere Bech Sudri\u00e0<\/span><\/p><\/div><\/article><!-- DPDFG End Post Item Container --><article id=\"post-8821\" class=\"dp-dfg-item post-8821 obres_autors type-obres_autors status-publish has-post-thumbnail hentry tecnica_especifica-oli-sobre-tela autors-jose-roldan-martinez disciplina-pintura \"     data-position=\"626\"   data-new-tab=\"off\"   data-action-priority=\"item\"><figure class=\"dp-dfg-image entry-thumb\"><a href=\"https:\/\/www.museuemporda.org\/?obres_autors=los-pilluelos-de-sevilla\" class=\"dp-dfg-image-link\" ><img loading=\"lazy\" decoding=\"async\" class=\"dp-dfg-featured-image\" src=\"https:\/\/www.museuemporda.org\/wp-content\/uploads\/2021\/10\/mE-637-250x250.jpg\" alt=\"Los pilluelos de Sevilla\" width=\"250\" height=\"250\" data-ratio=\"1\"\/><\/a><\/figure><div class=\"dp-dfg-header entry-header\"><h2 class=\"entry-title\">Los pilluelos de Sevilla<\/h2><\/div><div class=\"dp-dfg-custom-content\"><p class=\"dp-dfg-custom-field dp-dfg-cf-autors2\"><span class=\"dp-dfg-custom-field-value\">Jos\u00e9 Rold\u00e1n Mart\u00ednez<\/span><\/p><\/div><\/article><!-- DPDFG End Post Item Container --><article id=\"post-10509\" class=\"dp-dfg-item post-10509 obres_autors type-obres_autors status-publish has-post-thumbnail hentry tipus_tecniques-escultura tecnica_especifica-guix autors-frederic-mares-deulovol disciplina-escultura \"     data-position=\"627\"   data-new-tab=\"off\"   data-action-priority=\"item\"><figure class=\"dp-dfg-image entry-thumb\"><a href=\"https:\/\/www.museuemporda.org\/?obres_autors=enterrament-de-crist\" class=\"dp-dfg-image-link\" ><img loading=\"lazy\" decoding=\"async\" class=\"dp-dfg-featured-image\" src=\"https:\/\/www.museuemporda.org\/wp-content\/uploads\/2022\/01\/mE-1452-250x250.jpg\" alt=\"Enterrament de Crist\" width=\"250\" height=\"250\" data-ratio=\"1\"\/><\/a><\/figure><div class=\"dp-dfg-header entry-header\"><h2 class=\"entry-title\">Enterrament de Crist<\/h2><\/div><div class=\"dp-dfg-custom-content\"><p class=\"dp-dfg-custom-field dp-dfg-cf-autors2\"><span class=\"dp-dfg-custom-field-value\">Frederic Mar\u00e8s Deulovol<\/span><\/p><\/div><\/article><!-- DPDFG End Post Item Container --><article id=\"post-14604\" class=\"dp-dfg-item post-14604 obres_autors type-obres_autors status-publish has-post-thumbnail hentry tipus_tecniques-obra-grafica tecnica_especifica-impressio-digital autors-joan-antoni-poch disciplina-obra-grafic \"     data-position=\"628\"   data-new-tab=\"off\"   data-action-priority=\"item\"><figure class=\"dp-dfg-image entry-thumb\"><a href=\"https:\/\/www.museuemporda.org\/?obres_autors=sense-titol-536\" class=\"dp-dfg-image-link\" ><img loading=\"lazy\" decoding=\"async\" class=\"dp-dfg-featured-image\" src=\"https:\/\/www.museuemporda.org\/wp-content\/uploads\/2023\/07\/ME2781-JAP-250x250.jpg\" alt=\"Sense t\u00edtol\" width=\"250\" height=\"250\" data-ratio=\"1\"\/><\/a><\/figure><div class=\"dp-dfg-header entry-header\"><h2 class=\"entry-title\">Sense t\u00edtol<\/h2><\/div><div class=\"dp-dfg-custom-content\"><p class=\"dp-dfg-custom-field dp-dfg-cf-autors2\"><span class=\"dp-dfg-custom-field-value\">Joan Antoni Poch<\/span><\/p><\/div><\/article><!-- DPDFG End Post Item Container --><article id=\"post-9518\" class=\"dp-dfg-item post-9518 obres_autors type-obres_autors status-publish has-post-thumbnail hentry tipus_tecniques-pintura tecnica_especifica-oli-sobre-tela autors-josep-marti disciplina-pintura \"     data-position=\"629\"   data-new-tab=\"off\"   data-action-priority=\"item\"><figure class=\"dp-dfg-image entry-thumb\"><a href=\"https:\/\/www.museuemporda.org\/?obres_autors=natura-morta-2\" class=\"dp-dfg-image-link\" ><img loading=\"lazy\" decoding=\"async\" class=\"dp-dfg-featured-image\" src=\"https:\/\/www.museuemporda.org\/wp-content\/uploads\/2022\/01\/mE-1605-250x250.jpg\" alt=\"Natura morta\" width=\"250\" height=\"250\" data-ratio=\"1\"\/><\/a><\/figure><div class=\"dp-dfg-header entry-header\"><h2 class=\"entry-title\">Natura morta<\/h2><\/div><div class=\"dp-dfg-custom-content\"><p class=\"dp-dfg-custom-field dp-dfg-cf-autors2\"><span class=\"dp-dfg-custom-field-value\">Josep Mart\u00ed<\/span><\/p><\/div><\/article><!-- DPDFG End Post Item Container --><article id=\"post-8172\" class=\"dp-dfg-item post-8172 obres_autors type-obres_autors status-publish has-post-thumbnail hentry tecnica_especifica-oli-sobre-tela autors-rafael-durancamps-folguera disciplina-pintura \"     data-position=\"630\"   data-new-tab=\"off\"   data-action-priority=\"item\"><figure class=\"dp-dfg-image entry-thumb\"><a href=\"https:\/\/www.museuemporda.org\/?obres_autors=raco-urba\" class=\"dp-dfg-image-link\" ><img loading=\"lazy\" decoding=\"async\" class=\"dp-dfg-featured-image\" src=\"https:\/\/www.museuemporda.org\/wp-content\/uploads\/2021\/08\/mE-686-250x250.jpg\" alt=\"Rac\u00f3 urb\u00e0\" width=\"250\" height=\"250\" data-ratio=\"1\"\/><\/a><\/figure><div class=\"dp-dfg-header entry-header\"><h2 class=\"entry-title\">Rac\u00f3 urb\u00e0<\/h2><\/div><div class=\"dp-dfg-custom-content\"><p class=\"dp-dfg-custom-field dp-dfg-cf-autors2\"><span class=\"dp-dfg-custom-field-value\">Rafael Durancamps Folguera<\/span><\/p><\/div><\/article><!-- DPDFG End Post Item Container --><article id=\"post-10303\" class=\"dp-dfg-item post-10303 obres_autors type-obres_autors status-publish has-post-thumbnail hentry tipus_tecniques-pintura tecnica_especifica-oli-sobre-tela autors-pere-bech-sudria disciplina-pintura \"     data-position=\"631\"   data-new-tab=\"off\"   data-action-priority=\"item\"><figure class=\"dp-dfg-image entry-thumb\"><a href=\"https:\/\/www.museuemporda.org\/?obres_autors=paisatge-53\" class=\"dp-dfg-image-link\" ><img loading=\"lazy\" decoding=\"async\" class=\"dp-dfg-featured-image\" src=\"https:\/\/www.museuemporda.org\/wp-content\/uploads\/2022\/01\/mE-2221-250x250.jpg\" alt=\"Paisatge\" width=\"250\" height=\"250\" data-ratio=\"1\"\/><\/a><\/figure><div class=\"dp-dfg-header entry-header\"><h2 class=\"entry-title\">Paisatge<\/h2><\/div><div class=\"dp-dfg-custom-content\"><p class=\"dp-dfg-custom-field dp-dfg-cf-autors2\"><span class=\"dp-dfg-custom-field-value\">Pere Bech Sudri\u00e0<\/span><\/p><\/div><\/article><!-- DPDFG End Post Item Container --><article id=\"post-8258\" class=\"dp-dfg-item post-8258 obres_autors type-obres_autors status-publish has-post-thumbnail hentry tecnica_especifica-oli-sobre-tela autors-ramon-molons-rocha disciplina-pintura \"     data-position=\"632\"   data-new-tab=\"off\"   data-action-priority=\"item\"><figure class=\"dp-dfg-image entry-thumb\"><a href=\"https:\/\/www.museuemporda.org\/?obres_autors=composicio-5\" class=\"dp-dfg-image-link\" ><img loading=\"lazy\" decoding=\"async\" class=\"dp-dfg-featured-image\" src=\"https:\/\/www.museuemporda.org\/wp-content\/uploads\/2021\/08\/mE-1410-250x250.jpg\" alt=\"Composici\u00f3\" width=\"250\" height=\"250\" data-ratio=\"1\"\/><\/a><\/figure><div class=\"dp-dfg-header entry-header\"><h2 class=\"entry-title\">Composici\u00f3<\/h2><\/div><div class=\"dp-dfg-custom-content\"><p class=\"dp-dfg-custom-field dp-dfg-cf-autors2\"><span class=\"dp-dfg-custom-field-value\">Ramon Molons Rocha<\/span><\/p><\/div><\/article><!-- DPDFG End Post Item Container --><article id=\"post-14615\" class=\"dp-dfg-item post-14615 obres_autors type-obres_autors status-publish has-post-thumbnail hentry tipus_tecniques-obra-grafica tecnica_especifica-impressio-digital autors-joan-antoni-poch disciplina-obra-grafic \"     data-position=\"633\"   data-new-tab=\"off\"   data-action-priority=\"item\"><figure class=\"dp-dfg-image entry-thumb\"><a href=\"https:\/\/www.museuemporda.org\/?obres_autors=sense-titol-540\" class=\"dp-dfg-image-link\" ><img loading=\"lazy\" decoding=\"async\" class=\"dp-dfg-featured-image\" src=\"https:\/\/www.museuemporda.org\/wp-content\/uploads\/2023\/07\/ME2785-JAP-250x250.jpg\" alt=\"Sense t\u00edtol\" width=\"250\" height=\"250\" data-ratio=\"1\"\/><\/a><\/figure><div class=\"dp-dfg-header entry-header\"><h2 class=\"entry-title\">Sense t\u00edtol<\/h2><\/div><div class=\"dp-dfg-custom-content\"><p class=\"dp-dfg-custom-field dp-dfg-cf-autors2\"><span class=\"dp-dfg-custom-field-value\">Joan Antoni Poch<\/span><\/p><\/div><\/article><!-- DPDFG End Post Item Container --><article id=\"post-13790\" class=\"dp-dfg-item post-13790 obres_autors type-obres_autors status-publish has-post-thumbnail hentry tipus_tecniques-dibuix tecnica_especifica-tinta-sobre-paper autors-montserrat-gironell disciplina-dibuix \"     data-position=\"634\"   data-new-tab=\"off\"   data-action-priority=\"item\"><figure class=\"dp-dfg-image entry-thumb\"><a href=\"https:\/\/www.museuemporda.org\/?obres_autors=sense-titol-239\" class=\"dp-dfg-image-link\" ><img loading=\"lazy\" decoding=\"async\" class=\"dp-dfg-featured-image\" src=\"https:\/\/www.museuemporda.org\/wp-content\/uploads\/2023\/06\/ME2601-GIRONELL16-250x250.jpg\" alt=\"Sense t\u00edtol\" width=\"250\" height=\"250\" data-ratio=\"1\"\/><\/a><\/figure><div class=\"dp-dfg-header entry-header\"><h2 class=\"entry-title\">Sense t\u00edtol<\/h2><\/div><div class=\"dp-dfg-custom-content\"><p class=\"dp-dfg-custom-field dp-dfg-cf-autors2\"><span class=\"dp-dfg-custom-field-value\">Montserrat Gironell<\/span><\/p><\/div><\/article><!-- DPDFG End Post Item Container --><article id=\"post-11730\" class=\"dp-dfg-item post-11730 obres_autors type-obres_autors status-publish has-post-thumbnail hentry tipus_tecniques-pintura tecnica_especifica-oli-sobre-tela autors-josep-morell-macias disciplina-pintura \"     data-position=\"635\"   data-new-tab=\"off\"   data-action-priority=\"item\"><figure class=\"dp-dfg-image entry-thumb\"><a href=\"https:\/\/www.museuemporda.org\/?obres_autors=maternitat-2\" class=\"dp-dfg-image-link\" ><img loading=\"lazy\" decoding=\"async\" class=\"dp-dfg-featured-image\" src=\"https:\/\/www.museuemporda.org\/wp-content\/uploads\/2022\/02\/mE-1219-250x250.jpg\" alt=\"Maternitat\" width=\"250\" height=\"250\" data-ratio=\"1\"\/><\/a><\/figure><div class=\"dp-dfg-header entry-header\"><h2 class=\"entry-title\">Maternitat<\/h2><\/div><div class=\"dp-dfg-custom-content\"><p class=\"dp-dfg-custom-field dp-dfg-cf-autors2\"><span class=\"dp-dfg-custom-field-value\">Josep Morell Macias<\/span><\/p><\/div><\/article><!-- DPDFG End Post Item Container --><article id=\"post-14542\" class=\"dp-dfg-item post-14542 obres_autors type-obres_autors status-publish has-post-thumbnail hentry tipus_tecniques-dibuix tecnica_especifica-llapis-sobre-paper autors-enric-pascual-monturiol disciplina-dibuix \"     data-position=\"636\"   data-new-tab=\"off\"   data-action-priority=\"item\"><figure class=\"dp-dfg-image entry-thumb\"><a href=\"https:\/\/www.museuemporda.org\/?obres_autors=sense-titol-533\" class=\"dp-dfg-image-link\" ><img loading=\"lazy\" decoding=\"async\" class=\"dp-dfg-featured-image\" src=\"https:\/\/www.museuemporda.org\/wp-content\/uploads\/2023\/07\/ME2937-250x250.jpg\" alt=\"Sense t\u00edtol\" width=\"250\" height=\"250\" data-ratio=\"1\"\/><\/a><\/figure><div class=\"dp-dfg-header entry-header\"><h2 class=\"entry-title\">Sense t\u00edtol<\/h2><\/div><div class=\"dp-dfg-custom-content\"><p class=\"dp-dfg-custom-field dp-dfg-cf-autors2\"><span class=\"dp-dfg-custom-field-value\">Enric Pascual Monturiol<\/span><\/p><\/div><\/article><!-- DPDFG End Post Item Container --><article id=\"post-11803\" class=\"dp-dfg-item post-11803 obres_autors type-obres_autors status-publish has-post-thumbnail hentry tipus_tecniques-dibuix tecnica_especifica-dibuix-sobre-paper autors-francisco-palol disciplina-dibuix \"     data-position=\"637\"   data-new-tab=\"off\"   data-action-priority=\"item\"><figure class=\"dp-dfg-image entry-thumb\"><a href=\"https:\/\/www.museuemporda.org\/?obres_autors=sense-titol-150\" class=\"dp-dfg-image-link\" ><img loading=\"lazy\" decoding=\"async\" class=\"dp-dfg-featured-image\" src=\"https:\/\/www.museuemporda.org\/wp-content\/uploads\/2022\/02\/mE-2069-250x250.jpg\" alt=\"Sense t\u00edtol\" width=\"250\" height=\"250\" data-ratio=\"1\"\/><\/a><\/figure><div class=\"dp-dfg-header entry-header\"><h2 class=\"entry-title\">Sense t\u00edtol<\/h2><\/div><div class=\"dp-dfg-custom-content\"><p class=\"dp-dfg-custom-field dp-dfg-cf-autors2\"><span class=\"dp-dfg-custom-field-value\">Francisco Palol<\/span><\/p><\/div><\/article><!-- DPDFG End Post Item Container --><article id=\"post-10322\" class=\"dp-dfg-item post-10322 obres_autors type-obres_autors status-publish has-post-thumbnail hentry tipus_tecniques-pintura tecnica_especifica-aquarella-sobre-paper autors-pere-bech-sudria disciplina-pintura \"     data-position=\"638\"   data-new-tab=\"off\"   data-action-priority=\"item\"><figure class=\"dp-dfg-image entry-thumb\"><a href=\"https:\/\/www.museuemporda.org\/?obres_autors=interior-de-can-cabanyo-paisatge-2-obres\" class=\"dp-dfg-image-link\" ><img loading=\"lazy\" decoding=\"async\" class=\"dp-dfg-featured-image\" src=\"https:\/\/www.museuemporda.org\/wp-content\/uploads\/2022\/01\/mE-2237-A-250x250.jpg\" alt=\"Interior de Can Cabany\u00f3 \/ Paisatge [2 obres]\" width=\"250\" height=\"250\" data-ratio=\"1\"\/><\/a><\/figure><div class=\"dp-dfg-header entry-header\"><h2 class=\"entry-title\">Interior de Can Cabany\u00f3 \/ Paisatge [2 obres]<\/h2><\/div><div class=\"dp-dfg-custom-content\"><p class=\"dp-dfg-custom-field dp-dfg-cf-autors2\"><span class=\"dp-dfg-custom-field-value\">Pere Bech Sudri\u00e0<\/span><\/p><\/div><\/article><!-- DPDFG End Post Item Container --><article id=\"post-6068\" class=\"dp-dfg-item post-6068 obres_autors type-obres_autors status-publish has-post-thumbnail hentry tecnica_especifica-oli-sobre-tela autors-maria-baig-minobis disciplina-pintura \"     data-position=\"639\"   data-new-tab=\"off\"   data-action-priority=\"item\"><figure class=\"dp-dfg-image entry-thumb\"><a href=\"https:\/\/www.museuemporda.org\/?obres_autors=bruixa-del-cistell\" class=\"dp-dfg-image-link\" ><img loading=\"lazy\" decoding=\"async\" class=\"dp-dfg-featured-image\" src=\"https:\/\/www.museuemporda.org\/wp-content\/uploads\/2020\/04\/mE-1903-250x250.jpg\" alt=\"Bruixa del cistell\" width=\"250\" height=\"250\" data-ratio=\"1\"\/><\/a><\/figure><div class=\"dp-dfg-header entry-header\"><h2 class=\"entry-title\">Bruixa del cistell<\/h2><\/div><div class=\"dp-dfg-custom-content\"><p class=\"dp-dfg-custom-field dp-dfg-cf-autors2\"><span class=\"dp-dfg-custom-field-value\">Mari\u00e0 Baig Minobis<\/span><\/p><\/div><\/article><!-- DPDFG End Post Item Container --><article id=\"post-5796\" class=\"dp-dfg-item post-5796 obres_autors type-obres_autors status-publish has-post-thumbnail hentry tecnica_especifica-aquarella-sobre-paper autors-rossend-nobas-ballbe disciplina-pintura \"     data-position=\"640\"   data-new-tab=\"off\"   data-action-priority=\"item\"><figure class=\"dp-dfg-image entry-thumb\"><a href=\"https:\/\/www.museuemporda.org\/?obres_autors=academia\" class=\"dp-dfg-image-link\" ><img loading=\"lazy\" decoding=\"async\" class=\"dp-dfg-featured-image\" src=\"https:\/\/www.museuemporda.org\/wp-content\/uploads\/2020\/04\/mE-805-250x250.jpg\" alt=\"Acad\u00e8mia\" width=\"250\" height=\"250\" data-ratio=\"1\"\/><\/a><\/figure><div class=\"dp-dfg-header entry-header\"><h2 class=\"entry-title\">Acad\u00e8mia<\/h2><\/div><div class=\"dp-dfg-custom-content\"><p class=\"dp-dfg-custom-field dp-dfg-cf-autors2\"><span class=\"dp-dfg-custom-field-value\">Rossend Nobas Ballb\u00e9<\/span><\/p><\/div><\/article><!-- DPDFG End Post Item Container --><article id=\"post-10490\" class=\"dp-dfg-item post-10490 obres_autors type-obres_autors status-publish has-post-thumbnail hentry tipus_tecniques-dibuix tecnica_especifica-dibuix-sobre-paper autors-frederic-mares-deulovol disciplina-dibuix \"     data-position=\"641\"   data-new-tab=\"off\"   data-action-priority=\"item\"><figure class=\"dp-dfg-image entry-thumb\"><a href=\"https:\/\/www.museuemporda.org\/?obres_autors=sense-titol-74\" class=\"dp-dfg-image-link\" ><img loading=\"lazy\" decoding=\"async\" class=\"dp-dfg-featured-image\" src=\"https:\/\/www.museuemporda.org\/wp-content\/uploads\/2022\/01\/mE-1771-250x250.jpg\" alt=\"Sense t\u00edtol\" width=\"250\" height=\"250\" data-ratio=\"1\"\/><\/a><\/figure><div class=\"dp-dfg-header entry-header\"><h2 class=\"entry-title\">Sense t\u00edtol<\/h2><\/div><div class=\"dp-dfg-custom-content\"><p class=\"dp-dfg-custom-field dp-dfg-cf-autors2\"><span class=\"dp-dfg-custom-field-value\">Frederic Mar\u00e8s Deulovol<\/span><\/p><\/div><\/article><!-- DPDFG End Post Item Container --><article id=\"post-9170\" class=\"dp-dfg-item post-9170 obres_autors type-obres_autors status-publish has-post-thumbnail hentry tipus_tecniques-pedra autors-autoria-desconeguda disciplina-arqueologia \"     data-position=\"642\"   data-new-tab=\"off\"   data-action-priority=\"item\"><figure class=\"dp-dfg-image entry-thumb\"><a href=\"https:\/\/www.museuemporda.org\/?obres_autors=pedra-desmolar-2\" class=\"dp-dfg-image-link\" ><img loading=\"lazy\" decoding=\"async\" class=\"dp-dfg-featured-image\" src=\"https:\/\/www.museuemporda.org\/wp-content\/uploads\/2021\/11\/mE-565_1-250x250.jpg\" alt=\"Pedra d&#8217;esmolar\" width=\"250\" height=\"250\" data-ratio=\"1\"\/><\/a><\/figure><div class=\"dp-dfg-header entry-header\"><h2 class=\"entry-title\">Pedra d&#8217;esmolar<\/h2><\/div><div class=\"dp-dfg-custom-content\"><p class=\"dp-dfg-custom-field dp-dfg-cf-autors2\"><span class=\"dp-dfg-custom-field-value\">Autoria desconeguda<\/span><\/p><\/div><\/article><!-- DPDFG End Post Item Container --><article id=\"post-8992\" class=\"dp-dfg-item post-8992 obres_autors type-obres_autors status-publish has-post-thumbnail hentry tecnica_especifica-oli-sobre-tela autors-miquel-capalleras-albreda disciplina-pintura \"     data-position=\"643\"   data-new-tab=\"off\"   data-action-priority=\"item\"><figure class=\"dp-dfg-image entry-thumb\"><a href=\"https:\/\/www.museuemporda.org\/?obres_autors=eren-genials-2\" class=\"dp-dfg-image-link\" ><img loading=\"lazy\" decoding=\"async\" class=\"dp-dfg-featured-image\" src=\"https:\/\/www.museuemporda.org\/wp-content\/uploads\/2021\/11\/mE-796-250x250.jpg\" alt=\"Eren genials!\" width=\"250\" height=\"250\" data-ratio=\"1\"\/><\/a><\/figure><div class=\"dp-dfg-header entry-header\"><h2 class=\"entry-title\">Eren genials!<\/h2><\/div><div class=\"dp-dfg-custom-content\"><p class=\"dp-dfg-custom-field dp-dfg-cf-autors2\"><span class=\"dp-dfg-custom-field-value\">Miguel Capalleras Albareda<\/span><\/p><\/div><\/article><!-- DPDFG End Post Item Container --><article id=\"post-14458\" class=\"dp-dfg-item post-14458 obres_autors type-obres_autors status-publish has-post-thumbnail hentry tipus_tecniques-aquarella-2 tecnica_especifica-aquarella-sobre-paper-2 autors-ramon-reig-corominas disciplina-pintura \"     data-position=\"644\"   data-new-tab=\"off\"   data-action-priority=\"item\"><figure class=\"dp-dfg-image entry-thumb\"><a href=\"https:\/\/www.museuemporda.org\/?obres_autors=tossa\" class=\"dp-dfg-image-link\" ><img loading=\"lazy\" decoding=\"async\" class=\"dp-dfg-featured-image\" src=\"https:\/\/www.museuemporda.org\/wp-content\/uploads\/2023\/07\/ME-2920-250x250.jpg\" alt=\"Tossa\" width=\"250\" height=\"250\" data-ratio=\"1\"\/><\/a><\/figure><div class=\"dp-dfg-header entry-header\"><h2 class=\"entry-title\">Tossa<\/h2><\/div><div class=\"dp-dfg-custom-content\"><p class=\"dp-dfg-custom-field dp-dfg-cf-autors2\"><span class=\"dp-dfg-custom-field-value\">Ramon Reig Corominas<\/span><\/p><\/div><\/article><!-- DPDFG End Post Item Container --><article id=\"post-13918\" class=\"dp-dfg-item post-13918 obres_autors type-obres_autors status-publish has-post-thumbnail hentry tipus_tecniques-dibuix tecnica_especifica-impressio-digital autors-pep-claparols-i-moret disciplina-dibuix \"     data-position=\"645\"   data-new-tab=\"off\"   data-action-priority=\"item\"><figure class=\"dp-dfg-image entry-thumb\"><a href=\"https:\/\/www.museuemporda.org\/?obres_autors=sense-titol-298\" class=\"dp-dfg-image-link\" ><img loading=\"lazy\" decoding=\"async\" class=\"dp-dfg-featured-image\" src=\"https:\/\/www.museuemporda.org\/wp-content\/uploads\/2023\/06\/ME2660-PEP98-250x250.jpg\" alt=\"Sense t\u00edtol\" width=\"250\" height=\"250\" data-ratio=\"1\"\/><\/a><\/figure><div class=\"dp-dfg-header entry-header\"><h2 class=\"entry-title\">Sense t\u00edtol<\/h2><\/div><div class=\"dp-dfg-custom-content\"><p class=\"dp-dfg-custom-field dp-dfg-cf-autors2\"><span class=\"dp-dfg-custom-field-value\">Pep Claparols i Moret<\/span><\/p><\/div><\/article><!-- DPDFG End Post Item Container --><article id=\"post-10745\" class=\"dp-dfg-item post-10745 obres_autors type-obres_autors status-publish has-post-thumbnail hentry tipus_tecniques-dibuix tecnica_especifica-carbonet autors-francesc-domingo-segura disciplina-dibuix \"     data-position=\"646\"   data-new-tab=\"off\"   data-action-priority=\"item\"><figure class=\"dp-dfg-image entry-thumb\"><a href=\"https:\/\/www.museuemporda.org\/?obres_autors=nen\" class=\"dp-dfg-image-link\" ><img loading=\"lazy\" decoding=\"async\" class=\"dp-dfg-featured-image\" src=\"https:\/\/www.museuemporda.org\/wp-content\/uploads\/2022\/02\/mE-1322-250x250.jpg\" alt=\"Nen\" width=\"250\" height=\"250\" data-ratio=\"1\"\/><\/a><\/figure><div class=\"dp-dfg-header entry-header\"><h2 class=\"entry-title\">Nen<\/h2><\/div><div class=\"dp-dfg-custom-content\"><p class=\"dp-dfg-custom-field dp-dfg-cf-autors2\"><span class=\"dp-dfg-custom-field-value\">Francesc Domingo Segura<\/span><\/p><\/div><\/article><!-- DPDFG End Post Item Container --><article id=\"post-11663\" class=\"dp-dfg-item post-11663 obres_autors type-obres_autors status-publish has-post-thumbnail hentry tipus_tecniques-dibuix tecnica_especifica-dibuix-sobre-paper autors-sebastiane-marre disciplina-dibuix \"     data-position=\"647\"   data-new-tab=\"off\"   data-action-priority=\"item\"><figure class=\"dp-dfg-image entry-thumb\"><a href=\"https:\/\/www.museuemporda.org\/?obres_autors=cursa-de-cavalls-2\" class=\"dp-dfg-image-link\" ><img loading=\"lazy\" decoding=\"async\" class=\"dp-dfg-featured-image\" src=\"https:\/\/www.museuemporda.org\/wp-content\/uploads\/2022\/02\/mE-1439-250x250.jpg\" alt=\"Cursa de cavalls\" width=\"250\" height=\"250\" data-ratio=\"1\"\/><\/a><\/figure><div class=\"dp-dfg-header entry-header\"><h2 class=\"entry-title\">Cursa de cavalls<\/h2><\/div><div class=\"dp-dfg-custom-content\"><p class=\"dp-dfg-custom-field dp-dfg-cf-autors2\"><span class=\"dp-dfg-custom-field-value\">Sebastiane Marre<\/span><\/p><\/div><\/article><!-- DPDFG End Post Item Container --><article id=\"post-8017\" class=\"dp-dfg-item post-8017 obres_autors type-obres_autors status-publish has-post-thumbnail hentry autors-autoria-desconeguda disciplina-arqueologia \"     data-position=\"648\"   data-new-tab=\"off\"   data-action-priority=\"item\"><figure class=\"dp-dfg-image entry-thumb\"><a href=\"https:\/\/www.museuemporda.org\/?obres_autors=lecit-atic-de-figures-ro\" class=\"dp-dfg-image-link\" ><img loading=\"lazy\" decoding=\"async\" class=\"dp-dfg-featured-image\" src=\"https:\/\/www.museuemporda.org\/wp-content\/uploads\/2021\/08\/mE-408_4_2019-250x250.jpg\" alt=\"L\u00e8cit \u00e0tic de figures roges (reproducci\u00f3 moderna)\" width=\"250\" height=\"250\" data-ratio=\"1\"\/><\/a><\/figure><div class=\"dp-dfg-header entry-header\"><h2 class=\"entry-title\">L\u00e8cit \u00e0tic de figures roges (reproducci\u00f3 moderna)<\/h2><\/div><div class=\"dp-dfg-custom-content\"><p class=\"dp-dfg-custom-field dp-dfg-cf-autors2\"><span class=\"dp-dfg-custom-field-value\">Autoria desconeguda<\/span><\/p><\/div><\/article><!-- DPDFG End Post Item Container --><article id=\"post-8581\" class=\"dp-dfg-item post-8581 obres_autors type-obres_autors status-publish has-post-thumbnail hentry autors-josep-esquirol-perez disciplina-fotografia \"     data-position=\"649\"   data-new-tab=\"off\"   data-action-priority=\"item\"><figure class=\"dp-dfg-image entry-thumb\"><a href=\"https:\/\/www.museuemporda.org\/?obres_autors=sense-titol-14\" class=\"dp-dfg-image-link\" ><img loading=\"lazy\" decoding=\"async\" class=\"dp-dfg-featured-image\" src=\"https:\/\/www.museuemporda.org\/wp-content\/uploads\/2021\/10\/ME-2097_Jordi-Puig-2022-250x250.jpg\" alt=\"Sense t\u00edtol\" width=\"250\" height=\"250\" data-ratio=\"1\"\/><\/a><\/figure><div class=\"dp-dfg-header entry-header\"><h2 class=\"entry-title\">Sense t\u00edtol<\/h2><\/div><div class=\"dp-dfg-custom-content\"><p class=\"dp-dfg-custom-field dp-dfg-cf-autors2\"><span class=\"dp-dfg-custom-field-value\">Josep Esquirol P\u00e9rez<\/span><\/p><\/div><\/article><!-- DPDFG End Post Item Container --><article id=\"post-9740\" class=\"dp-dfg-item post-9740 obres_autors type-obres_autors status-publish has-post-thumbnail hentry tipus_tecniques-fotografia tecnica_especifica-fotografia autors-joaquim-fort-de-ribot disciplina-fotografia \"     data-position=\"650\"   data-new-tab=\"off\"   data-action-priority=\"item\"><figure class=\"dp-dfg-image entry-thumb\"><a href=\"https:\/\/www.museuemporda.org\/?obres_autors=alexandre-deulofeu-i-francesc-quiroga-mesurant-el-campanar-del-monestir-de-sant-pere-de-roda\" class=\"dp-dfg-image-link\" ><img loading=\"lazy\" decoding=\"async\" class=\"dp-dfg-featured-image\" src=\"https:\/\/www.museuemporda.org\/wp-content\/uploads\/2022\/01\/mE-2462-250x250.jpg\" alt=\"Alexandre Deulofeu i Francesc Quiroga mesurant el campanar del monestir de Sant Pere de Roda\" width=\"250\" height=\"250\" data-ratio=\"1\"\/><\/a><\/figure><div class=\"dp-dfg-header entry-header\"><h2 class=\"entry-title\">Alexandre Deulofeu i Francesc Quiroga mesurant el campanar del monestir de Sant Pere de Roda<\/h2><\/div><div class=\"dp-dfg-custom-content\"><p class=\"dp-dfg-custom-field dp-dfg-cf-autors2\"><span class=\"dp-dfg-custom-field-value\">Joaquim Fort de Ribot<\/span><\/p><\/div><\/article><!-- DPDFG End Post Item Container --><article id=\"post-12648\" class=\"dp-dfg-item post-12648 obres_autors type-obres_autors status-publish has-post-thumbnail hentry tipus_tecniques-tapis tecnica_especifica-impressio autors-rosa-tharrats disciplina-obra-grafic \"     data-position=\"651\"   data-new-tab=\"off\"   data-action-priority=\"item\"><figure class=\"dp-dfg-image entry-thumb\"><a href=\"https:\/\/www.museuemporda.org\/?obres_autors=la-trama-turca\" class=\"dp-dfg-image-link\" ><img loading=\"lazy\" decoding=\"async\" class=\"dp-dfg-featured-image\" src=\"https:\/\/www.museuemporda.org\/wp-content\/uploads\/2023\/06\/mE-2549-250x250.jpg\" alt=\"La trama turca\" width=\"250\" height=\"250\" data-ratio=\"1\"\/><\/a><\/figure><div class=\"dp-dfg-header entry-header\"><h2 class=\"entry-title\">La trama turca<\/h2><\/div><div class=\"dp-dfg-custom-content\"><p class=\"dp-dfg-custom-field dp-dfg-cf-autors2\"><span class=\"dp-dfg-custom-field-value\">Rosa Tharrats<\/span><\/p><\/div><\/article><!-- DPDFG End Post Item Container --><article id=\"post-12241\" class=\"dp-dfg-item post-12241 obres_autors type-obres_autors status-publish has-post-thumbnail hentry tipus_tecniques-indumentaria tecnica_especifica-teixit-i-fusta autors-autoria-desconeguda disciplina-indumentaria \"     data-position=\"652\"   data-new-tab=\"off\"   data-action-priority=\"item\"><figure class=\"dp-dfg-image entry-thumb\"><a href=\"https:\/\/www.museuemporda.org\/?obres_autors=sense-titol-184\" class=\"dp-dfg-image-link\" ><img loading=\"lazy\" decoding=\"async\" class=\"dp-dfg-featured-image\" src=\"https:\/\/www.museuemporda.org\/wp-content\/uploads\/2022\/03\/mE-1593-a-250x250.jpg\" alt=\"Sense t\u00edtol\" width=\"250\" height=\"250\" data-ratio=\"1\"\/><\/a><\/figure><div class=\"dp-dfg-header entry-header\"><h2 class=\"entry-title\">Sense t\u00edtol<\/h2><\/div><div class=\"dp-dfg-custom-content\"><p class=\"dp-dfg-custom-field dp-dfg-cf-autors2\"><span class=\"dp-dfg-custom-field-value\">Autoria desconeguda<\/span><\/p><\/div><\/article><!-- DPDFG End Post Item Container --><article id=\"post-9678\" class=\"dp-dfg-item post-9678 obres_autors type-obres_autors status-publish has-post-thumbnail hentry tipus_tecniques-fotografia tecnica_especifica-fotografia autors-josep-maria-canellas disciplina-fotografia \"     data-position=\"653\"   data-new-tab=\"off\"   data-action-priority=\"item\"><figure class=\"dp-dfg-image entry-thumb\"><a href=\"https:\/\/www.museuemporda.org\/?obres_autors=sense-titol-22\" class=\"dp-dfg-image-link\" ><img loading=\"lazy\" decoding=\"async\" class=\"dp-dfg-featured-image\" src=\"https:\/\/www.museuemporda.org\/wp-content\/uploads\/2022\/01\/mE-1925-250x250.jpg\" alt=\"Sense t\u00edtol\" width=\"250\" height=\"250\" data-ratio=\"1\"\/><\/a><\/figure><div class=\"dp-dfg-header entry-header\"><h2 class=\"entry-title\">Sense t\u00edtol<\/h2><\/div><div class=\"dp-dfg-custom-content\"><p class=\"dp-dfg-custom-field dp-dfg-cf-autors2\"><span class=\"dp-dfg-custom-field-value\">Josep Maria Ca\u00f1ellas<\/span><\/p><\/div><\/article><!-- DPDFG End Post Item Container --><article id=\"post-10547\" class=\"dp-dfg-item post-10547 obres_autors type-obres_autors status-publish has-post-thumbnail hentry tipus_tecniques-obra-grafica tecnica_especifica-litografia autors-maria-baig-minobis disciplina-obra-grafic \"     data-position=\"654\"   data-new-tab=\"off\"   data-action-priority=\"item\"><figure class=\"dp-dfg-image entry-thumb\"><a href=\"https:\/\/www.museuemporda.org\/?obres_autors=la-rambla-i-la-placeta-de-figueres-2\" class=\"dp-dfg-image-link\" ><img loading=\"lazy\" decoding=\"async\" class=\"dp-dfg-featured-image\" src=\"https:\/\/www.museuemporda.org\/wp-content\/uploads\/2022\/02\/mE-1870-250x250.jpg\" alt=\"La Rambla i la Placeta de Figueres\" width=\"250\" height=\"250\" data-ratio=\"1\"\/><\/a><\/figure><div class=\"dp-dfg-header entry-header\"><h2 class=\"entry-title\">La Rambla i la Placeta de Figueres<\/h2><\/div><div class=\"dp-dfg-custom-content\"><p class=\"dp-dfg-custom-field dp-dfg-cf-autors2\"><span class=\"dp-dfg-custom-field-value\">Mari\u00e0 Baig Minobis<\/span><\/p><\/div><\/article><!-- DPDFG End Post Item Container --><article id=\"post-5972\" class=\"dp-dfg-item post-5972 obres_autors type-obres_autors status-publish has-post-thumbnail hentry tecnica_especifica-tecnica-mixta-sobre-tela autors-maria-baig-minobis disciplina-pintura \"     data-position=\"655\"   data-new-tab=\"off\"   data-action-priority=\"item\"><figure class=\"dp-dfg-image entry-thumb\"><a href=\"https:\/\/www.museuemporda.org\/?obres_autors=retrat-de-la-meva-mare\" class=\"dp-dfg-image-link\" ><img loading=\"lazy\" decoding=\"async\" class=\"dp-dfg-featured-image\" src=\"https:\/\/www.museuemporda.org\/wp-content\/uploads\/2020\/04\/mE-758-250x250.jpg\" alt=\"Retrat de la meva mare\" width=\"250\" height=\"250\" data-ratio=\"1\"\/><\/a><\/figure><div class=\"dp-dfg-header entry-header\"><h2 class=\"entry-title\">Retrat de la meva mare<\/h2><\/div><div class=\"dp-dfg-custom-content\"><p class=\"dp-dfg-custom-field dp-dfg-cf-autors2\"><span class=\"dp-dfg-custom-field-value\">Mari\u00e0 Baig Minobis<\/span><\/p><\/div><\/article><!-- DPDFG End Post Item Container --><article id=\"post-5749\" class=\"dp-dfg-item post-5749 obres_autors type-obres_autors status-publish has-post-thumbnail hentry tecnica_especifica-oli-sobre-tela autors-mariano-salvador-maella-perez disciplina-pintura \"     data-position=\"656\"   data-new-tab=\"off\"   data-action-priority=\"item\"><figure class=\"dp-dfg-image entry-thumb\"><a href=\"https:\/\/www.museuemporda.org\/?obres_autors=purissima-concepcio\" class=\"dp-dfg-image-link\" ><img loading=\"lazy\" decoding=\"async\" class=\"dp-dfg-featured-image\" src=\"https:\/\/www.museuemporda.org\/wp-content\/uploads\/2020\/04\/mE-613-250x250.jpg\" alt=\"Pur\u00edssima Concepci\u00f3\" width=\"250\" height=\"250\" data-ratio=\"1\"\/><\/a><\/figure><div class=\"dp-dfg-header entry-header\"><h2 class=\"entry-title\">Pur\u00edssima Concepci\u00f3<\/h2><\/div><div class=\"dp-dfg-custom-content\"><p class=\"dp-dfg-custom-field dp-dfg-cf-autors2\"><span class=\"dp-dfg-custom-field-value\">Mariano Salvador Maella P\u00e9rez<\/span><\/p><\/div><\/article><!-- DPDFG End Post Item Container --><article id=\"post-10583\" class=\"dp-dfg-item post-10583 obres_autors type-obres_autors status-publish has-post-thumbnail hentry tipus_tecniques-dibuix tecnica_especifica-dibuix-sobre-paper autors-maria-llavanera-miralles disciplina-dibuix \"     data-position=\"657\"   data-new-tab=\"off\"   data-action-priority=\"item\"><figure class=\"dp-dfg-image entry-thumb\"><a href=\"https:\/\/www.museuemporda.org\/?obres_autors=nu-femeni-5\" class=\"dp-dfg-image-link\" ><img loading=\"lazy\" decoding=\"async\" class=\"dp-dfg-featured-image\" src=\"https:\/\/www.museuemporda.org\/wp-content\/uploads\/2022\/02\/mE-2300-250x250.jpg\" alt=\"Nu femen\u00ed\" width=\"250\" height=\"250\" data-ratio=\"1\"\/><\/a><\/figure><div class=\"dp-dfg-header entry-header\"><h2 class=\"entry-title\">Nu femen\u00ed<\/h2><\/div><div class=\"dp-dfg-custom-content\"><p class=\"dp-dfg-custom-field dp-dfg-cf-autors2\"><span class=\"dp-dfg-custom-field-value\">Mari\u00e0 Llavanera Miralles <\/span><\/p><\/div><\/article><!-- DPDFG End Post Item Container --><article id=\"post-11818\" class=\"dp-dfg-item post-11818 obres_autors type-obres_autors status-publish has-post-thumbnail hentry tipus_tecniques-pintura tecnica_especifica-tecnica-mixta-sobre-tela autors-olga-perez-montes disciplina-pintura \"     data-position=\"658\"   data-new-tab=\"off\"   data-action-priority=\"item\"><figure class=\"dp-dfg-image entry-thumb\"><a href=\"https:\/\/www.museuemporda.org\/?obres_autors=cartell-per-al-13e-festival-de-jazz-de-figueres\" class=\"dp-dfg-image-link\" ><img loading=\"lazy\" decoding=\"async\" class=\"dp-dfg-featured-image\" src=\"https:\/\/www.museuemporda.org\/wp-content\/uploads\/2022\/02\/mE-2156-250x250.jpg\" alt=\"Cartell per al 13\u00e8 festival de jazz de Figueres\" width=\"250\" height=\"250\" data-ratio=\"1\"\/><\/a><\/figure><div class=\"dp-dfg-header entry-header\"><h2 class=\"entry-title\">Cartell per al 13\u00e8 festival de jazz de Figueres<\/h2><\/div><div class=\"dp-dfg-custom-content\"><p class=\"dp-dfg-custom-field dp-dfg-cf-autors2\"><span class=\"dp-dfg-custom-field-value\">Olga P\u00e9rez Montes<\/span><\/p><\/div><\/article><!-- DPDFG End Post Item Container --><article id=\"post-11566\" class=\"dp-dfg-item post-11566 obres_autors type-obres_autors status-publish has-post-thumbnail hentry tipus_tecniques-pintura tecnica_especifica-aquarella autors-jorge-larco disciplina-pintura \"     data-position=\"659\"   data-new-tab=\"off\"   data-action-priority=\"item\"><figure class=\"dp-dfg-image entry-thumb\"><a href=\"https:\/\/www.museuemporda.org\/?obres_autors=paisatge-mari\" class=\"dp-dfg-image-link\" ><img loading=\"lazy\" decoding=\"async\" class=\"dp-dfg-featured-image\" src=\"https:\/\/www.museuemporda.org\/wp-content\/uploads\/2022\/02\/mE-1104-250x250.jpg\" alt=\"Paisatge mar\u00ed\" width=\"250\" height=\"250\" data-ratio=\"1\"\/><\/a><\/figure><div class=\"dp-dfg-header entry-header\"><h2 class=\"entry-title\">Paisatge mar\u00ed<\/h2><\/div><div class=\"dp-dfg-custom-content\"><p class=\"dp-dfg-custom-field dp-dfg-cf-autors2\"><span class=\"dp-dfg-custom-field-value\">Jorge Larco<\/span><\/p><\/div><\/article><!-- DPDFG End Post Item Container --><article id=\"post-8272\" class=\"dp-dfg-item post-8272 obres_autors type-obres_autors status-publish has-post-thumbnail hentry tecnica_especifica-oli-sobre-tela autors-ramon-molons-rocha disciplina-pintura \"     data-position=\"660\"   data-new-tab=\"off\"   data-action-priority=\"item\"><figure class=\"dp-dfg-image entry-thumb\"><a href=\"https:\/\/www.museuemporda.org\/?obres_autors=composicio-6\" class=\"dp-dfg-image-link\" ><img loading=\"lazy\" decoding=\"async\" class=\"dp-dfg-featured-image\" src=\"https:\/\/www.museuemporda.org\/wp-content\/uploads\/2021\/08\/mE-783-250x250.jpg\" alt=\"Composici\u00f3\" width=\"250\" height=\"250\" data-ratio=\"1\"\/><\/a><\/figure><div class=\"dp-dfg-header entry-header\"><h2 class=\"entry-title\">Composici\u00f3<\/h2><\/div><div class=\"dp-dfg-custom-content\"><p class=\"dp-dfg-custom-field dp-dfg-cf-autors2\"><span class=\"dp-dfg-custom-field-value\">Ramon Molons Rocha<\/span><\/p><\/div><\/article><!-- DPDFG End Post Item Container --><article id=\"post-14041\" class=\"dp-dfg-item post-14041 obres_autors type-obres_autors status-publish has-post-thumbnail hentry tipus_tecniques-dibuix tecnica_especifica-impressio-digital autors-pep-claparols-i-moret disciplina-dibuix \"     data-position=\"661\"   data-new-tab=\"off\"   data-action-priority=\"item\"><figure class=\"dp-dfg-image entry-thumb\"><a href=\"https:\/\/www.museuemporda.org\/?obres_autors=sense-titol-355\" class=\"dp-dfg-image-link\" ><img loading=\"lazy\" decoding=\"async\" class=\"dp-dfg-featured-image\" src=\"https:\/\/www.museuemporda.org\/wp-content\/uploads\/2023\/06\/ME2717-PEP2015-250x249.jpg\" alt=\"Sense t\u00edtol\" width=\"250\" height=\"249\" data-ratio=\"0.996\"\/><\/a><\/figure><div class=\"dp-dfg-header entry-header\"><h2 class=\"entry-title\">Sense t\u00edtol<\/h2><\/div><div class=\"dp-dfg-custom-content\"><p class=\"dp-dfg-custom-field dp-dfg-cf-autors2\"><span class=\"dp-dfg-custom-field-value\">Pep Claparols i Moret<\/span><\/p><\/div><\/article><!-- DPDFG End Post Item Container --><article id=\"post-8893\" class=\"dp-dfg-item post-8893 obres_autors type-obres_autors status-publish has-post-thumbnail hentry tecnica_especifica-pintura-sobre-tela autors-joan-roig-soler disciplina-pintura \"     data-position=\"662\"   data-new-tab=\"off\"   data-action-priority=\"item\"><figure class=\"dp-dfg-image entry-thumb\"><a href=\"https:\/\/www.museuemporda.org\/?obres_autors=carrer-de-lesglesia-2\" class=\"dp-dfg-image-link\" ><img loading=\"lazy\" decoding=\"async\" class=\"dp-dfg-featured-image\" src=\"https:\/\/www.museuemporda.org\/wp-content\/uploads\/2021\/11\/mE-669-250x250.jpg\" alt=\"Carrer de l&#8217;esgl\u00e9sia\" width=\"250\" height=\"250\" data-ratio=\"1\"\/><\/a><\/figure><div class=\"dp-dfg-header entry-header\"><h2 class=\"entry-title\">Carrer de l&#8217;esgl\u00e9sia<\/h2><\/div><div class=\"dp-dfg-custom-content\"><p class=\"dp-dfg-custom-field dp-dfg-cf-autors2\"><span class=\"dp-dfg-custom-field-value\">Joan Roig Soler<\/span><\/p><\/div><\/article><!-- DPDFG End Post Item Container --><article id=\"post-14111\" class=\"dp-dfg-item post-14111 obres_autors type-obres_autors status-publish has-post-thumbnail hentry tecnica_especifica-aquarella-sobre-paper-2 tecnica_especifica-tinta-sobre-paper autors-frederic-fortunet disciplina-dibuix \"     data-position=\"663\"   data-new-tab=\"off\"   data-action-priority=\"item\"><figure class=\"dp-dfg-image entry-thumb\"><a href=\"https:\/\/www.museuemporda.org\/?obres_autors=sense-titol-385\" class=\"dp-dfg-image-link\" ><img loading=\"lazy\" decoding=\"async\" class=\"dp-dfg-featured-image\" src=\"https:\/\/www.museuemporda.org\/wp-content\/uploads\/2023\/06\/ME2750-FORTUNET-250x250.jpg\" alt=\"Sense t\u00edtol\" width=\"250\" height=\"250\" data-ratio=\"1\"\/><\/a><\/figure><div class=\"dp-dfg-header entry-header\"><h2 class=\"entry-title\">Sense t\u00edtol<\/h2><\/div><div class=\"dp-dfg-custom-content\"><p class=\"dp-dfg-custom-field dp-dfg-cf-autors2\"><span class=\"dp-dfg-custom-field-value\">Frederic Fortunet<\/span><\/p><\/div><\/article><!-- DPDFG End Post Item Container --><article id=\"post-10336\" class=\"dp-dfg-item post-10336 obres_autors type-obres_autors status-publish has-post-thumbnail hentry tipus_tecniques-dibuix tecnica_especifica-carbonet autors-pere-bech-sudria disciplina-dibuix \"     data-position=\"664\"   data-new-tab=\"off\"   data-action-priority=\"item\"><figure class=\"dp-dfg-image entry-thumb\"><a href=\"https:\/\/www.museuemporda.org\/?obres_autors=retrat-de-maria-concepcio-bech\" class=\"dp-dfg-image-link\" ><img loading=\"lazy\" decoding=\"async\" class=\"dp-dfg-featured-image\" src=\"https:\/\/www.museuemporda.org\/wp-content\/uploads\/2022\/01\/mE-2244-250x250.jpg\" alt=\"Retrat de Maria Concepci\u00f3 Bech\" width=\"250\" height=\"250\" data-ratio=\"1\"\/><\/a><\/figure><div class=\"dp-dfg-header entry-header\"><h2 class=\"entry-title\">Retrat de Maria Concepci\u00f3 Bech<\/h2><\/div><div class=\"dp-dfg-custom-content\"><p class=\"dp-dfg-custom-field dp-dfg-cf-autors2\"><span class=\"dp-dfg-custom-field-value\">Pere Bech Sudri\u00e0<\/span><\/p><\/div><\/article><!-- DPDFG End Post Item Container --><article id=\"post-10797\" class=\"dp-dfg-item post-10797 obres_autors type-obres_autors status-publish has-post-thumbnail hentry tipus_tecniques-pintura tecnica_especifica-oli-sobre-tela autors-josep-amat-pages disciplina-pintura \"     data-position=\"665\"   data-new-tab=\"off\"   data-action-priority=\"item\"><figure class=\"dp-dfg-image entry-thumb\"><a href=\"https:\/\/www.museuemporda.org\/?obres_autors=placa-del-mercat-de-figueres\" class=\"dp-dfg-image-link\" ><img loading=\"lazy\" decoding=\"async\" class=\"dp-dfg-featured-image\" src=\"https:\/\/www.museuemporda.org\/wp-content\/uploads\/2022\/02\/mE-1176-250x250.jpg\" alt=\"Pla\u00e7a del mercat de Figueres\" width=\"250\" height=\"250\" data-ratio=\"1\"\/><\/a><\/figure><div class=\"dp-dfg-header entry-header\"><h2 class=\"entry-title\">Pla\u00e7a del mercat de Figueres<\/h2><\/div><div class=\"dp-dfg-custom-content\"><p class=\"dp-dfg-custom-field dp-dfg-cf-autors2\"><span class=\"dp-dfg-custom-field-value\">Josep Amat Pag\u00e8s<\/span><\/p><\/div><\/article><!-- DPDFG End Post Item Container --><article id=\"post-13804\" class=\"dp-dfg-item post-13804 obres_autors type-obres_autors status-publish has-post-thumbnail hentry tipus_tecniques-dibuix tecnica_especifica-impressio-digital autors-lluis-puigbert disciplina-obra-grafic \"     data-position=\"666\"   data-new-tab=\"off\"   data-action-priority=\"item\"><figure class=\"dp-dfg-image entry-thumb\"><a href=\"https:\/\/www.museuemporda.org\/?obres_autors=sense-titol-246\" class=\"dp-dfg-image-link\" ><img loading=\"lazy\" decoding=\"async\" class=\"dp-dfg-featured-image\" src=\"https:\/\/www.museuemporda.org\/wp-content\/uploads\/2023\/06\/ME2608-SID02-250x250.jpg\" alt=\"Sense t\u00edtol\" width=\"250\" height=\"250\" data-ratio=\"1\"\/><\/a><\/figure><div class=\"dp-dfg-header entry-header\"><h2 class=\"entry-title\">Sense t\u00edtol<\/h2><\/div><div class=\"dp-dfg-custom-content\"><p class=\"dp-dfg-custom-field dp-dfg-cf-autors2\"><span class=\"dp-dfg-custom-field-value\">Llu\u00eds Puigbert<\/span><\/p><\/div><\/article><!-- DPDFG End Post Item Container --><article id=\"post-11279\" class=\"dp-dfg-item post-11279 obres_autors type-obres_autors status-publish has-post-thumbnail hentry tipus_tecniques-obra-grafica autors-dai-bih-in disciplina-obra-grafic \"     data-position=\"667\"   data-new-tab=\"off\"   data-action-priority=\"item\"><figure class=\"dp-dfg-image entry-thumb\"><a href=\"https:\/\/www.museuemporda.org\/?obres_autors=obra-recent\" class=\"dp-dfg-image-link\" ><img loading=\"lazy\" decoding=\"async\" class=\"dp-dfg-featured-image\" src=\"https:\/\/www.museuemporda.org\/wp-content\/uploads\/2022\/02\/mE-2279-1-250x250.jpg\" alt=\"Obra recent\" width=\"250\" height=\"250\" data-ratio=\"1\"\/><\/a><\/figure><div class=\"dp-dfg-header entry-header\"><h2 class=\"entry-title\">Obra recent<\/h2><\/div><div class=\"dp-dfg-custom-content\"><p class=\"dp-dfg-custom-field dp-dfg-cf-autors2\"><span class=\"dp-dfg-custom-field-value\">Dai-Bih-In<\/span><\/p><\/div><\/article><!-- DPDFG End Post Item Container --><article id=\"post-5933\" class=\"dp-dfg-item post-5933 obres_autors type-obres_autors status-publish has-post-thumbnail hentry tecnica_especifica-tecnica-mixta-sobre-paper autors-mireya-maso disciplina-fotografia \"     data-position=\"668\"   data-new-tab=\"off\"   data-action-priority=\"item\"><figure class=\"dp-dfg-image entry-thumb\"><a href=\"https:\/\/www.museuemporda.org\/?obres_autors=sense-titol\" class=\"dp-dfg-image-link\" ><img loading=\"lazy\" decoding=\"async\" class=\"dp-dfg-featured-image\" src=\"https:\/\/www.museuemporda.org\/wp-content\/uploads\/2020\/10\/mE-1604-250x250.jpg\" alt=\"Sense t\u00edtol [de la s\u00e8rie It&#8217;s not just a question of artificial lighting or daylight]\" width=\"250\" height=\"250\" data-ratio=\"1\"\/><\/a><\/figure><div class=\"dp-dfg-header entry-header\"><h2 class=\"entry-title\">Sense t\u00edtol [de la s\u00e8rie It&#8217;s not just a question of artificial lighting or daylight]<\/h2><\/div><div class=\"dp-dfg-custom-content\"><p class=\"dp-dfg-custom-field dp-dfg-cf-autors2\"><span class=\"dp-dfg-custom-field-value\">Mireya Mas\u00f3<\/span><\/p><\/div><\/article><!-- DPDFG End Post Item Container --><article id=\"post-14087\" class=\"dp-dfg-item post-14087 obres_autors type-obres_autors status-publish has-post-thumbnail hentry tipus_tecniques-dibuix tecnica_especifica-impressio-digital autors-carles-roman disciplina-dibuix \"     data-position=\"669\"   data-new-tab=\"off\"   data-action-priority=\"item\"><figure class=\"dp-dfg-image entry-thumb\"><a href=\"https:\/\/www.museuemporda.org\/?obres_autors=sense-titol-374\" class=\"dp-dfg-image-link\" ><img loading=\"lazy\" decoding=\"async\" class=\"dp-dfg-featured-image\" src=\"https:\/\/www.museuemporda.org\/wp-content\/uploads\/2023\/06\/ME2738-ROMAN-250x250.jpg\" alt=\"Sense t\u00edtol\" width=\"250\" height=\"250\" data-ratio=\"1\"\/><\/a><\/figure><div class=\"dp-dfg-header entry-header\"><h2 class=\"entry-title\">Sense t\u00edtol<\/h2><\/div><div class=\"dp-dfg-custom-content\"><p class=\"dp-dfg-custom-field dp-dfg-cf-autors2\"><span class=\"dp-dfg-custom-field-value\">Carles Roman<\/span><\/p><\/div><\/article><!-- DPDFG End Post Item Container --><article id=\"post-11591\" class=\"dp-dfg-item post-11591 obres_autors type-obres_autors status-publish has-post-thumbnail hentry tipus_tecniques-pintura tecnica_especifica-aquarella autors-francesc-llop-marques disciplina-pintura \"     data-position=\"670\"   data-new-tab=\"off\"   data-action-priority=\"item\"><figure class=\"dp-dfg-image entry-thumb\"><a href=\"https:\/\/www.museuemporda.org\/?obres_autors=paisatge-de-costa\" class=\"dp-dfg-image-link\" ><img loading=\"lazy\" decoding=\"async\" class=\"dp-dfg-featured-image\" src=\"https:\/\/www.museuemporda.org\/wp-content\/uploads\/2022\/02\/mE-1087-250x250.jpg\" alt=\"Paisatge de costa\" width=\"250\" height=\"250\" data-ratio=\"1\"\/><\/a><\/figure><div class=\"dp-dfg-header entry-header\"><h2 class=\"entry-title\">Paisatge de costa<\/h2><\/div><div class=\"dp-dfg-custom-content\"><p class=\"dp-dfg-custom-field dp-dfg-cf-autors2\"><span class=\"dp-dfg-custom-field-value\">Francesc Llop Marqu\u00e8s<\/span><\/p><\/div><\/article><!-- DPDFG End Post Item Container --><article id=\"post-5778\" class=\"dp-dfg-item post-5778 obres_autors type-obres_autors status-publish has-post-thumbnail hentry tecnica_especifica-oli-sobre-tela autors-vicente-palmaroli-gonzalez disciplina-pintura \"     data-position=\"671\"   data-new-tab=\"off\"   data-action-priority=\"item\"><figure class=\"dp-dfg-image entry-thumb\"><a href=\"https:\/\/www.museuemporda.org\/?obres_autors=retrat-dhome\" class=\"dp-dfg-image-link\" ><img loading=\"lazy\" decoding=\"async\" class=\"dp-dfg-featured-image\" src=\"https:\/\/www.museuemporda.org\/wp-content\/uploads\/2020\/04\/mE-644-250x250.jpg\" alt=\"Retrat d&#8217;un senyor\" width=\"250\" height=\"250\" data-ratio=\"1\"\/><\/a><\/figure><div class=\"dp-dfg-header entry-header\"><h2 class=\"entry-title\">Retrat d&#8217;un senyor<\/h2><\/div><div class=\"dp-dfg-custom-content\"><p class=\"dp-dfg-custom-field dp-dfg-cf-autors2\"><span class=\"dp-dfg-custom-field-value\">Vicente Palmaroli Gonz\u00e1lez<\/span><\/p><\/div><\/article><!-- DPDFG End Post Item Container --><article id=\"post-11829\" class=\"dp-dfg-item post-11829 obres_autors type-obres_autors status-publish has-post-thumbnail hentry tipus_tecniques-pintura tecnica_especifica-oli-sobre-tela autors-ramon-pichot-soler disciplina-pintura \"     data-position=\"672\"   data-new-tab=\"off\"   data-action-priority=\"item\"><figure class=\"dp-dfg-image entry-thumb\"><a href=\"https:\/\/www.museuemporda.org\/?obres_autors=retrat-de-joan-manuel-alavedra-fau\" class=\"dp-dfg-image-link\" ><img loading=\"lazy\" decoding=\"async\" class=\"dp-dfg-featured-image\" src=\"https:\/\/www.museuemporda.org\/wp-content\/uploads\/2022\/02\/mE-2373-1-250x250.jpg\" alt=\"Retrat de Joan Manuel Alavedra Fau\" width=\"250\" height=\"250\" data-ratio=\"1\"\/><\/a><\/figure><div class=\"dp-dfg-header entry-header\"><h2 class=\"entry-title\">Retrat de Joan Manuel Alavedra Fau<\/h2><\/div><div class=\"dp-dfg-custom-content\"><p class=\"dp-dfg-custom-field dp-dfg-cf-autors2\"><span class=\"dp-dfg-custom-field-value\">Ramon Pichot Soler<\/span><\/p><\/div><\/article><!-- DPDFG End Post Item Container --><article id=\"post-9730\" class=\"dp-dfg-item post-9730 obres_autors type-obres_autors status-publish has-post-thumbnail hentry tipus_tecniques-fotografia tecnica_especifica-fotografia autors-joaquim-fort-de-ribot disciplina-fotografia \"     data-position=\"673\"   data-new-tab=\"off\"   data-action-priority=\"item\"><figure class=\"dp-dfg-image entry-thumb\"><a href=\"https:\/\/www.museuemporda.org\/?obres_autors=interior-del-monestir-de-sant-pere-de-roda\" class=\"dp-dfg-image-link\" ><img loading=\"lazy\" decoding=\"async\" class=\"dp-dfg-featured-image\" src=\"https:\/\/www.museuemporda.org\/wp-content\/uploads\/2022\/01\/mE-2456-250x250.jpg\" alt=\"Interior del monestir de Sant Pere de Roda\" width=\"250\" height=\"250\" data-ratio=\"1\"\/><\/a><\/figure><div class=\"dp-dfg-header entry-header\"><h2 class=\"entry-title\">Interior del monestir de Sant Pere de Roda<\/h2><\/div><div class=\"dp-dfg-custom-content\"><p class=\"dp-dfg-custom-field dp-dfg-cf-autors2\"><span class=\"dp-dfg-custom-field-value\">Joaquim Fort de Ribot<\/span><\/p><\/div><\/article><!-- DPDFG End Post Item Container --><article id=\"post-10617\" class=\"dp-dfg-item post-10617 obres_autors type-obres_autors status-publish has-post-thumbnail hentry tipus_tecniques-obra-grafica tecnica_especifica-serigrafia autors-pic-adrian disciplina-obra-grafic \"     data-position=\"674\"   data-new-tab=\"off\"   data-action-priority=\"item\"><figure class=\"dp-dfg-image entry-thumb\"><a href=\"https:\/\/www.museuemporda.org\/?obres_autors=composicio-de-lobra-10-condizioni-lineari-di-segnaletica-aleatoria-2\" class=\"dp-dfg-image-link\" ><img loading=\"lazy\" decoding=\"async\" class=\"dp-dfg-featured-image\" src=\"https:\/\/www.museuemporda.org\/wp-content\/uploads\/2022\/02\/mE-1474-250x250.jpg\" alt=\"Composici\u00f3 de l&#8217;obra &#8220;10 condizioni lineari di segnaletica aleatoria&#8221;\" width=\"250\" height=\"250\" data-ratio=\"1\"\/><\/a><\/figure><div class=\"dp-dfg-header entry-header\"><h2 class=\"entry-title\">Composici\u00f3 de l&#8217;obra &#8220;10 condizioni lineari di segnaletica aleatoria&#8221;<\/h2><\/div><div class=\"dp-dfg-custom-content\"><p class=\"dp-dfg-custom-field dp-dfg-cf-autors2\"><span class=\"dp-dfg-custom-field-value\">Pic Adrian<\/span><\/p><\/div><\/article><!-- DPDFG End Post Item Container --><article id=\"post-8029\" class=\"dp-dfg-item post-8029 obres_autors type-obres_autors status-publish has-post-thumbnail hentry tecnica_especifica-pedra-calcaria autors-autoria-desconeguda disciplina-escultura \"     data-position=\"675\"   data-new-tab=\"off\"   data-action-priority=\"item\"><figure class=\"dp-dfg-image entry-thumb\"><a href=\"https:\/\/www.museuemporda.org\/?obres_autors=capitell-3\" class=\"dp-dfg-image-link\" ><img loading=\"lazy\" decoding=\"async\" class=\"dp-dfg-featured-image\" src=\"https:\/\/www.museuemporda.org\/wp-content\/uploads\/2021\/08\/mE-431-250x250.jpg\" alt=\"Capitell\" width=\"250\" height=\"250\" data-ratio=\"1\"\/><\/a><\/figure><div class=\"dp-dfg-header entry-header\"><h2 class=\"entry-title\">Capitell<\/h2><\/div><div class=\"dp-dfg-custom-content\"><p class=\"dp-dfg-custom-field dp-dfg-cf-autors2\"><span class=\"dp-dfg-custom-field-value\">Autoria desconeguda<\/span><\/p><\/div><\/article><!-- DPDFG End Post Item Container --><article id=\"post-11723\" class=\"dp-dfg-item post-11723 obres_autors type-obres_autors status-publish has-post-thumbnail hentry tipus_tecniques-pintura tecnica_especifica-pintura autors-jacques-moran disciplina-pintura \"     data-position=\"676\"   data-new-tab=\"off\"   data-action-priority=\"item\"><figure class=\"dp-dfg-image entry-thumb\"><a href=\"https:\/\/www.museuemporda.org\/?obres_autors=le-prix-de-leur-savoir\" class=\"dp-dfg-image-link\" ><img loading=\"lazy\" decoding=\"async\" class=\"dp-dfg-featured-image\" src=\"https:\/\/www.museuemporda.org\/wp-content\/uploads\/2022\/02\/mE-1934-250x250.jpg\" alt=\"Le prix de leur savoir\" width=\"250\" height=\"250\" data-ratio=\"1\"\/><\/a><\/figure><div class=\"dp-dfg-header entry-header\"><h2 class=\"entry-title\">Le prix de leur savoir<\/h2><\/div><div class=\"dp-dfg-custom-content\"><p class=\"dp-dfg-custom-field dp-dfg-cf-autors2\"><span class=\"dp-dfg-custom-field-value\">Jacques Moran<\/span><\/p><\/div><\/article><!-- DPDFG End Post Item Container --><article id=\"post-11499\" class=\"dp-dfg-item post-11499 obres_autors type-obres_autors status-publish has-post-thumbnail hentry tipus_tecniques-dibuix tecnica_especifica-dibuix-sobre-paper autors-gilbert-kirszbaum disciplina-dibuix \"     data-position=\"677\"   data-new-tab=\"off\"   data-action-priority=\"item\"><figure class=\"dp-dfg-image entry-thumb\"><a href=\"https:\/\/www.museuemporda.org\/?obres_autors=naissence-dun-genie\" class=\"dp-dfg-image-link\" ><img loading=\"lazy\" decoding=\"async\" class=\"dp-dfg-featured-image\" src=\"https:\/\/www.museuemporda.org\/wp-content\/uploads\/2022\/02\/mE-2425-250x250.jpg\" alt=\"Naissence d&#8217;un g\u00e9nie\" width=\"250\" height=\"250\" data-ratio=\"1\"\/><\/a><\/figure><div class=\"dp-dfg-header entry-header\"><h2 class=\"entry-title\">Naissence d&#8217;un g\u00e9nie<\/h2><\/div><div class=\"dp-dfg-custom-content\"><p class=\"dp-dfg-custom-field dp-dfg-cf-autors2\"><span class=\"dp-dfg-custom-field-value\">Gilbert Kirszbaum<\/span><\/p><\/div><\/article><!-- DPDFG End Post Item Container --><article id=\"post-9271\" class=\"dp-dfg-item post-9271 obres_autors type-obres_autors status-publish has-post-thumbnail hentry tecnica_especifica-oli-sobre-tela autors-ramon-bretx-comas disciplina-pintura \"     data-position=\"678\"   data-new-tab=\"off\"   data-action-priority=\"item\"><figure class=\"dp-dfg-image entry-thumb\"><a href=\"https:\/\/www.museuemporda.org\/?obres_autors=bodego-3\" class=\"dp-dfg-image-link\" ><img loading=\"lazy\" decoding=\"async\" class=\"dp-dfg-featured-image\" src=\"https:\/\/www.museuemporda.org\/wp-content\/uploads\/2021\/11\/mE-2343-250x250.jpg\" alt=\"Bodeg\u00f3\" width=\"250\" height=\"250\" data-ratio=\"1\"\/><\/a><\/figure><div class=\"dp-dfg-header entry-header\"><h2 class=\"entry-title\">Bodeg\u00f3<\/h2><\/div><div class=\"dp-dfg-custom-content\"><p class=\"dp-dfg-custom-field dp-dfg-cf-autors2\"><span class=\"dp-dfg-custom-field-value\">Ramon Bretx Comas<\/span><\/p><\/div><\/article><!-- DPDFG End Post Item Container --><article id=\"post-9748\" class=\"dp-dfg-item post-9748 obres_autors type-obres_autors status-publish has-post-thumbnail hentry tipus_tecniques-fotografia tecnica_especifica-fotografia autors-joaquim-fort-de-ribot disciplina-fotografia \"     data-position=\"679\"   data-new-tab=\"off\"   data-action-priority=\"item\"><figure class=\"dp-dfg-image entry-thumb\"><a href=\"https:\/\/www.museuemporda.org\/?obres_autors=bodego-4\" class=\"dp-dfg-image-link\" ><img loading=\"lazy\" decoding=\"async\" class=\"dp-dfg-featured-image\" src=\"https:\/\/www.museuemporda.org\/wp-content\/uploads\/2022\/01\/mE-2466-250x250.jpg\" alt=\"Bodeg\u00f3\" width=\"250\" height=\"250\" data-ratio=\"1\"\/><\/a><\/figure><div class=\"dp-dfg-header entry-header\"><h2 class=\"entry-title\">Bodeg\u00f3<\/h2><\/div><div class=\"dp-dfg-custom-content\"><p class=\"dp-dfg-custom-field dp-dfg-cf-autors2\"><span class=\"dp-dfg-custom-field-value\">Joaquim Fort de Ribot<\/span><\/p><\/div><\/article><!-- DPDFG End Post Item Container --><article id=\"post-10852\" class=\"dp-dfg-item post-10852 obres_autors type-obres_autors status-publish has-post-thumbnail hentry tipus_tecniques-dibuix tecnica_especifica-llapis-carbo-sobre-paper autors-josep-lluis-pellicer-fenye disciplina-dibuix \"     data-position=\"680\"   data-new-tab=\"off\"   data-action-priority=\"item\"><figure class=\"dp-dfg-image entry-thumb\"><a href=\"https:\/\/www.museuemporda.org\/?obres_autors=viatge-per-lemporda-sant-pere-de-roda-2\" class=\"dp-dfg-image-link\" ><img loading=\"lazy\" decoding=\"async\" class=\"dp-dfg-featured-image\" src=\"https:\/\/www.museuemporda.org\/wp-content\/uploads\/2022\/02\/mE-1551-250x250.jpg\" alt=\"Viatge per l&#8217;Empord\u00e0: Sant Pere de Roda\" width=\"250\" height=\"250\" data-ratio=\"1\"\/><\/a><\/figure><div class=\"dp-dfg-header entry-header\"><h2 class=\"entry-title\">Viatge per l&#8217;Empord\u00e0: Sant Pere de Roda<\/h2><\/div><div class=\"dp-dfg-custom-content\"><p class=\"dp-dfg-custom-field dp-dfg-cf-autors2\"><span class=\"dp-dfg-custom-field-value\">Josep Llu\u00eds Pellicer Feny\u00e9<\/span><\/p><\/div><\/article><!-- DPDFG End Post Item Container --><article id=\"post-14225\" class=\"dp-dfg-item post-14225 obres_autors type-obres_autors status-publish has-post-thumbnail hentry tipus_tecniques-dibuix tecnica_especifica-impressio-digital autors-joan-antoni-poch disciplina-dibuix \"     data-position=\"681\"   data-new-tab=\"off\"   data-action-priority=\"item\"><figure class=\"dp-dfg-image entry-thumb\"><a href=\"https:\/\/www.museuemporda.org\/?obres_autors=sense-titol-438\" class=\"dp-dfg-image-link\" ><img loading=\"lazy\" decoding=\"async\" class=\"dp-dfg-featured-image\" src=\"https:\/\/www.museuemporda.org\/wp-content\/uploads\/2023\/07\/ME2823-JAP-250x250.jpg\" alt=\"Sense t\u00edtol\" width=\"250\" height=\"250\" data-ratio=\"1\"\/><\/a><\/figure><div class=\"dp-dfg-header entry-header\"><h2 class=\"entry-title\">Sense t\u00edtol<\/h2><\/div><div class=\"dp-dfg-custom-content\"><p class=\"dp-dfg-custom-field dp-dfg-cf-autors2\"><span class=\"dp-dfg-custom-field-value\">Joan Antoni Poch<\/span><\/p><\/div><\/article><!-- DPDFG End Post Item Container --><article id=\"post-14464\" class=\"dp-dfg-item post-14464 obres_autors type-obres_autors status-publish has-post-thumbnail hentry tipus_tecniques-pintura tecnica_especifica-oli-sobre-fusta autors-joan-sibecas-cabanyo disciplina-pintura \"     data-position=\"682\"   data-new-tab=\"off\"   data-action-priority=\"item\"><figure class=\"dp-dfg-image entry-thumb\"><a href=\"https:\/\/www.museuemporda.org\/?obres_autors=sense-titol-524\" class=\"dp-dfg-image-link\" ><img loading=\"lazy\" decoding=\"async\" class=\"dp-dfg-featured-image\" src=\"https:\/\/www.museuemporda.org\/wp-content\/uploads\/2023\/07\/JPH5129-250x250.jpg\" alt=\"Sense t\u00edtol\" width=\"250\" height=\"250\" data-ratio=\"1\"\/><\/a><\/figure><div class=\"dp-dfg-header entry-header\"><h2 class=\"entry-title\">Sense t\u00edtol<\/h2><\/div><div class=\"dp-dfg-custom-content\"><p class=\"dp-dfg-custom-field dp-dfg-cf-autors2\"><span class=\"dp-dfg-custom-field-value\">Joan Sibecas Cabany\u00f3<\/span><\/p><\/div><\/article><!-- DPDFG End Post Item Container --><article id=\"post-13808\" class=\"dp-dfg-item post-13808 obres_autors type-obres_autors status-publish has-post-thumbnail hentry tipus_tecniques-dibuix tecnica_especifica-impressio-digital autors-lluis-puigbert disciplina-obra-grafic \"     data-position=\"683\"   data-new-tab=\"off\"   data-action-priority=\"item\"><figure class=\"dp-dfg-image entry-thumb\"><a href=\"https:\/\/www.museuemporda.org\/?obres_autors=sense-titol-248\" class=\"dp-dfg-image-link\" ><img loading=\"lazy\" decoding=\"async\" class=\"dp-dfg-featured-image\" src=\"https:\/\/www.museuemporda.org\/wp-content\/uploads\/2023\/06\/ME2610-SID02-250x250.jpg\" alt=\"Sense t\u00edtol\" width=\"250\" height=\"250\" data-ratio=\"1\"\/><\/a><\/figure><div class=\"dp-dfg-header entry-header\"><h2 class=\"entry-title\">Sense t\u00edtol<\/h2><\/div><div class=\"dp-dfg-custom-content\"><p class=\"dp-dfg-custom-field dp-dfg-cf-autors2\"><span class=\"dp-dfg-custom-field-value\">Lu\u00eds Puigbert<\/span><\/p><\/div><\/article><!-- DPDFG End Post Item Container --><article id=\"post-13792\" class=\"dp-dfg-item post-13792 obres_autors type-obres_autors status-publish has-post-thumbnail hentry tipus_tecniques-dibuix tecnica_especifica-tinta-sobre-paper autors-daniel-leiva disciplina-dibuix \"     data-position=\"684\"   data-new-tab=\"off\"   data-action-priority=\"item\"><figure class=\"dp-dfg-image entry-thumb\"><a href=\"https:\/\/www.museuemporda.org\/?obres_autors=sense-titol-240\" class=\"dp-dfg-image-link\" ><img loading=\"lazy\" decoding=\"async\" class=\"dp-dfg-featured-image\" src=\"https:\/\/www.museuemporda.org\/wp-content\/uploads\/2023\/06\/ME2602-LEIVA09-250x250.jpg\" alt=\"Sense t\u00edtol\" width=\"250\" height=\"250\" data-ratio=\"1\"\/><\/a><\/figure><div class=\"dp-dfg-header entry-header\"><h2 class=\"entry-title\">Sense t\u00edtol<\/h2><\/div><div class=\"dp-dfg-custom-content\"><p class=\"dp-dfg-custom-field dp-dfg-cf-autors2\"><span class=\"dp-dfg-custom-field-value\">Daniel Leiva<\/span><\/p><\/div><\/article><!-- DPDFG End Post Item Container --><article id=\"post-1369\" class=\"dp-dfg-item post-1369 obres_autors type-obres_autors status-publish has-post-thumbnail hentry tecnica_especifica-pintura-sobre-tela autors-avelli-artis-gener disciplina-pintura \"     data-position=\"685\"   data-new-tab=\"off\"   data-action-priority=\"item\"><figure class=\"dp-dfg-image entry-thumb\"><a href=\"https:\/\/www.museuemporda.org\/?obres_autors=les-barques\" class=\"dp-dfg-image-link\" ><img loading=\"lazy\" decoding=\"async\" class=\"dp-dfg-featured-image\" src=\"https:\/\/www.museuemporda.org\/wp-content\/uploads\/2020\/04\/mE-1369-scaled-1-250x250.jpg\" alt=\"Les barques\" width=\"250\" height=\"250\" data-ratio=\"1\"\/><\/a><\/figure><div class=\"dp-dfg-header entry-header\"><h2 class=\"entry-title\">Les barques<\/h2><\/div><div class=\"dp-dfg-custom-content\"><p class=\"dp-dfg-custom-field dp-dfg-cf-autors2\"><span class=\"dp-dfg-custom-field-value\">Avel\u00b7l\u00ed Art\u00eds Gener<\/span><\/p><\/div><\/article><!-- DPDFG End Post Item Container --><article id=\"post-11518\" class=\"dp-dfg-item post-11518 obres_autors type-obres_autors status-publish has-post-thumbnail hentry tipus_tecniques-dibuix tecnica_especifica-gouache-guaix-sobre-paper autors-gilbert-kirszbaum disciplina-dibuix \"     data-position=\"686\"   data-new-tab=\"off\"   data-action-priority=\"item\"><figure class=\"dp-dfg-image entry-thumb\"><a href=\"https:\/\/www.museuemporda.org\/?obres_autors=el-viejo\" class=\"dp-dfg-image-link\" ><img loading=\"lazy\" decoding=\"async\" class=\"dp-dfg-featured-image\" src=\"https:\/\/www.museuemporda.org\/wp-content\/uploads\/2022\/02\/mE-2433-250x250.jpg\" alt=\"El viejo\" width=\"250\" height=\"250\" data-ratio=\"1\"\/><\/a><\/figure><div class=\"dp-dfg-header entry-header\"><h2 class=\"entry-title\">El viejo<\/h2><\/div><div class=\"dp-dfg-custom-content\"><p class=\"dp-dfg-custom-field dp-dfg-cf-autors2\"><span class=\"dp-dfg-custom-field-value\">Gilbert Kirszbaum<\/span><\/p><\/div><\/article><!-- DPDFG End Post Item Container --><article id=\"post-5913\" class=\"dp-dfg-item post-5913 obres_autors type-obres_autors status-publish has-post-thumbnail hentry tecnica_especifica-oli-sobre-tela autors-august-puig-bosch disciplina-pintura \"     data-position=\"687\"   data-new-tab=\"off\"   data-action-priority=\"item\"><figure class=\"dp-dfg-image entry-thumb\"><a href=\"https:\/\/www.museuemporda.org\/?obres_autors=joc-de-guerra-no-5\" class=\"dp-dfg-image-link\" ><img loading=\"lazy\" decoding=\"async\" class=\"dp-dfg-featured-image\" src=\"https:\/\/www.museuemporda.org\/wp-content\/uploads\/2020\/04\/mE-2509_2019-250x250.jpg\" alt=\"Jeu de guerre [de la s\u00e8rie Jeu de guerre, n\u00fam. 5]\" width=\"250\" height=\"250\" data-ratio=\"1\"\/><\/a><\/figure><div class=\"dp-dfg-header entry-header\"><h2 class=\"entry-title\">Jeu de guerre [de la s\u00e8rie Jeu de guerre, n\u00fam. 5]<\/h2><\/div><div class=\"dp-dfg-custom-content\"><p class=\"dp-dfg-custom-field dp-dfg-cf-autors2\"><span class=\"dp-dfg-custom-field-value\">August Puig Bosch<\/span><\/p><\/div><\/article><!-- DPDFG End Post Item Container --><article id=\"post-14416\" class=\"dp-dfg-item post-14416 obres_autors type-obres_autors status-publish has-post-thumbnail hentry tipus_tecniques-pintura tecnica_especifica-oli-sobre-fusta autors-rosa-cervera-giralt disciplina-pintura \"     data-position=\"688\"   data-new-tab=\"off\"   data-action-priority=\"item\"><figure class=\"dp-dfg-image entry-thumb\"><a href=\"https:\/\/www.museuemporda.org\/?obres_autors=el-castella-puerto-de-llansa\" class=\"dp-dfg-image-link\" ><img loading=\"lazy\" decoding=\"async\" class=\"dp-dfg-featured-image\" src=\"https:\/\/www.museuemporda.org\/wp-content\/uploads\/2023\/07\/JPH5119-250x250.jpg\" alt=\"El Castell\u00e1. Puerto de Llans\u00e1\" width=\"250\" height=\"250\" data-ratio=\"1\"\/><\/a><\/figure><div class=\"dp-dfg-header entry-header\"><h2 class=\"entry-title\">El Castell\u00e1. Puerto de Llans\u00e1<\/h2><\/div><div class=\"dp-dfg-custom-content\"><p class=\"dp-dfg-custom-field dp-dfg-cf-autors2\"><span class=\"dp-dfg-custom-field-value\">Rosa Cervera Giralt<\/span><\/p><\/div><\/article><!-- DPDFG End Post Item Container --><article id=\"post-9142\" class=\"dp-dfg-item post-9142 obres_autors type-obres_autors status-publish has-post-thumbnail hentry tecnica_especifica-ceramica-africana autors-autoria-desconeguda disciplina-arqueologia \"     data-position=\"689\"   data-new-tab=\"off\"   data-action-priority=\"item\"><figure class=\"dp-dfg-image entry-thumb\"><a href=\"https:\/\/www.museuemporda.org\/?obres_autors=tassa\" class=\"dp-dfg-image-link\" ><img loading=\"lazy\" decoding=\"async\" class=\"dp-dfg-featured-image\" src=\"https:\/\/www.museuemporda.org\/wp-content\/uploads\/2021\/11\/mE-521-250x250.jpg\" alt=\"Tassa\" width=\"250\" height=\"250\" data-ratio=\"1\"\/><\/a><\/figure><div class=\"dp-dfg-header entry-header\"><h2 class=\"entry-title\">Tassa<\/h2><\/div><div class=\"dp-dfg-custom-content\"><p class=\"dp-dfg-custom-field dp-dfg-cf-autors2\"><span class=\"dp-dfg-custom-field-value\">Autoria desconeguda<\/span><\/p><\/div><\/article><!-- DPDFG End Post Item Container --><article id=\"post-5725\" class=\"dp-dfg-item post-5725 obres_autors type-obres_autors status-publish has-post-thumbnail hentry tecnica_especifica-fusta-policromada tecnica_especifica-marbre-blanc autors-autoria-desconeguda disciplina-arqueologia \"     data-position=\"690\"   data-new-tab=\"off\"   data-action-priority=\"item\"><figure class=\"dp-dfg-image entry-thumb\"><a href=\"https:\/\/www.museuemporda.org\/?obres_autors=altar-ara-procedent-de-sant-pere-de-rodes\" class=\"dp-dfg-image-link\" ><img loading=\"lazy\" decoding=\"async\" class=\"dp-dfg-featured-image\" src=\"https:\/\/www.museuemporda.org\/wp-content\/uploads\/2020\/04\/mE-422_2019-250x250.jpg\" alt=\"Altar\" width=\"250\" height=\"250\" data-ratio=\"1\"\/><\/a><\/figure><div class=\"dp-dfg-header entry-header\"><h2 class=\"entry-title\">Altar<\/h2><\/div><div class=\"dp-dfg-custom-content\"><p class=\"dp-dfg-custom-field dp-dfg-cf-autors2\"><span class=\"dp-dfg-custom-field-value\">Autoria desconeguda<\/span><\/p><\/div><\/article><!-- DPDFG End Post Item Container --><article id=\"post-14257\" class=\"dp-dfg-item post-14257 obres_autors type-obres_autors status-publish has-post-thumbnail hentry tipus_tecniques-dibuix tecnica_especifica-impressio-digital autors-joan-antoja-mas disciplina-dibuix \"     data-position=\"691\"   data-new-tab=\"off\"   data-action-priority=\"item\"><figure class=\"dp-dfg-image entry-thumb\"><a href=\"https:\/\/www.museuemporda.org\/?obres_autors=sense-titol-453\" class=\"dp-dfg-image-link\" ><img loading=\"lazy\" decoding=\"async\" class=\"dp-dfg-featured-image\" src=\"https:\/\/www.museuemporda.org\/wp-content\/uploads\/2023\/07\/ME2838-ANTOJA-250x250.jpg\" alt=\"Sense t\u00edtol\" width=\"250\" height=\"250\" data-ratio=\"1\"\/><\/a><\/figure><div class=\"dp-dfg-header entry-header\"><h2 class=\"entry-title\">Sense t\u00edtol<\/h2><\/div><div class=\"dp-dfg-custom-content\"><p class=\"dp-dfg-custom-field dp-dfg-cf-autors2\"><span class=\"dp-dfg-custom-field-value\">Joan Antoja Mas<\/span><\/p><\/div><\/article><!-- DPDFG End Post Item Container --><article id=\"post-11168\" class=\"dp-dfg-item post-11168 obres_autors type-obres_autors status-publish has-post-thumbnail hentry tipus_tecniques-obra-grafica tecnica_especifica-gravat autors-josef-camaron disciplina-obra-grafic \"     data-position=\"692\"   data-new-tab=\"off\"   data-action-priority=\"item\"><figure class=\"dp-dfg-image entry-thumb\"><a href=\"https:\/\/www.museuemporda.org\/?obres_autors=anteoratori-del-rei\" class=\"dp-dfg-image-link\" ><img loading=\"lazy\" decoding=\"async\" class=\"dp-dfg-featured-image\" src=\"https:\/\/www.museuemporda.org\/wp-content\/uploads\/2022\/02\/mE-1967-250x250.jpg\" alt=\"anteoratori del rei\" width=\"250\" height=\"250\" data-ratio=\"1\"\/><\/a><\/figure><div class=\"dp-dfg-header entry-header\"><h2 class=\"entry-title\">anteoratori del rei<\/h2><\/div><div class=\"dp-dfg-custom-content\"><p class=\"dp-dfg-custom-field dp-dfg-cf-autors2\"><span class=\"dp-dfg-custom-field-value\">Josef Camaron<\/span><\/p><\/div><\/article><!-- DPDFG End Post Item Container --><article id=\"post-14630\" class=\"dp-dfg-item post-14630 obres_autors type-obres_autors status-publish has-post-thumbnail hentry tipus_tecniques-obra-grafica tecnica_especifica-impressio-digital autors-joan-antoni-poch disciplina-obra-grafic \"     data-position=\"693\"   data-new-tab=\"off\"   data-action-priority=\"item\"><figure class=\"dp-dfg-image entry-thumb\"><a href=\"https:\/\/www.museuemporda.org\/?obres_autors=sense-titol-548\" class=\"dp-dfg-image-link\" ><img loading=\"lazy\" decoding=\"async\" class=\"dp-dfg-featured-image\" src=\"https:\/\/www.museuemporda.org\/wp-content\/uploads\/2023\/07\/ME2793-JAP-250x250.jpg\" alt=\"Sense t\u00edtol\" width=\"250\" height=\"250\" data-ratio=\"1\"\/><\/a><\/figure><div class=\"dp-dfg-header entry-header\"><h2 class=\"entry-title\">Sense t\u00edtol<\/h2><\/div><div class=\"dp-dfg-custom-content\"><p class=\"dp-dfg-custom-field dp-dfg-cf-autors2\"><span class=\"dp-dfg-custom-field-value\">Joan Antoni Poch<\/span><\/p><\/div><\/article><!-- DPDFG End Post Item Container --><article id=\"post-11695\" class=\"dp-dfg-item post-11695 obres_autors type-obres_autors status-publish has-post-thumbnail hentry tipus_tecniques-installacio tecnica_especifica-installacio autors-antoni-miralda-bou disciplina-installacio \"     data-position=\"694\"   data-new-tab=\"off\"   data-action-priority=\"item\"><figure class=\"dp-dfg-image entry-thumb\"><a href=\"https:\/\/www.museuemporda.org\/?obres_autors=lobster-dream-somni-de-llagosta\" class=\"dp-dfg-image-link\" ><img loading=\"lazy\" decoding=\"async\" class=\"dp-dfg-featured-image\" src=\"https:\/\/www.museuemporda.org\/wp-content\/uploads\/2022\/02\/mE-1695_instal_lacio_1-250x250.jpg\" alt=\"Lobster Dream [Somni de llagosta]\" width=\"250\" height=\"250\" data-ratio=\"1\"\/><\/a><\/figure><div class=\"dp-dfg-header entry-header\"><h2 class=\"entry-title\">Lobster Dream [Somni de llagosta]<\/h2><\/div><div class=\"dp-dfg-custom-content\"><p class=\"dp-dfg-custom-field dp-dfg-cf-autors2\"><span class=\"dp-dfg-custom-field-value\">Antoni Miralda Bou<\/span><\/p><\/div><\/article><!-- DPDFG End Post Item Container --><article id=\"post-8816\" class=\"dp-dfg-item post-8816 obres_autors type-obres_autors status-publish has-post-thumbnail hentry tecnica_especifica-oli-sobre-tela autors-pierre-mignard disciplina-pintura \"     data-position=\"695\"   data-new-tab=\"off\"   data-action-priority=\"item\"><figure class=\"dp-dfg-image entry-thumb\"><a href=\"https:\/\/www.museuemporda.org\/?obres_autors=retrat-de-maria-adelaida-de-savoia\" class=\"dp-dfg-image-link\" ><img loading=\"lazy\" decoding=\"async\" class=\"dp-dfg-featured-image\" src=\"https:\/\/www.museuemporda.org\/wp-content\/uploads\/2021\/10\/mE-620-250x250.jpg\" alt=\"Retrat de Maria Adelaida de Savoia\" width=\"250\" height=\"250\" data-ratio=\"1\"\/><\/a><\/figure><div class=\"dp-dfg-header entry-header\"><h2 class=\"entry-title\">Retrat de Maria Adelaida de Savoia<\/h2><\/div><div class=\"dp-dfg-custom-content\"><p class=\"dp-dfg-custom-field dp-dfg-cf-autors2\"><span class=\"dp-dfg-custom-field-value\">Autoria desconeguda<\/span><\/p><\/div><\/article><!-- DPDFG End Post Item Container --><article id=\"post-697\" class=\"dp-dfg-item post-697 obres_autors type-obres_autors status-publish has-post-thumbnail hentry autors-avelli-artis-gener disciplina-pintura \"     data-position=\"696\"   data-new-tab=\"off\"   data-action-priority=\"item\"><figure class=\"dp-dfg-image entry-thumb\"><a href=\"https:\/\/www.museuemporda.org\/?obres_autors=esglesia\" class=\"dp-dfg-image-link\" ><img loading=\"lazy\" decoding=\"async\" class=\"dp-dfg-featured-image\" src=\"https:\/\/www.museuemporda.org\/wp-content\/uploads\/2020\/04\/mE-697-250x250.jpg\" alt=\"Esgl\u00e9sia\" width=\"250\" height=\"250\" data-ratio=\"1\"\/><\/a><\/figure><div class=\"dp-dfg-header entry-header\"><h2 class=\"entry-title\">Esgl\u00e9sia<\/h2><\/div><div class=\"dp-dfg-custom-content\"><p class=\"dp-dfg-custom-field dp-dfg-cf-autors2\"><span class=\"dp-dfg-custom-field-value\">Avel\u00b7l\u00ed Art\u00eds Gener<\/span><\/p><\/div><\/article><!-- DPDFG End Post Item Container --><article id=\"post-11528\" class=\"dp-dfg-item post-11528 obres_autors type-obres_autors status-publish has-post-thumbnail hentry tipus_tecniques-pintura tecnica_especifica-oli-sobre-tela autors-eugene-de-bernard-kurakin-goizueta disciplina-pintura \"     data-position=\"697\"   data-new-tab=\"off\"   data-action-priority=\"item\"><figure class=\"dp-dfg-image entry-thumb\"><a href=\"https:\/\/www.museuemporda.org\/?obres_autors=espanya-tons-calents-grocs-ocres-torrats-vermells-i-carmins\" class=\"dp-dfg-image-link\" ><img loading=\"lazy\" decoding=\"async\" class=\"dp-dfg-featured-image\" src=\"https:\/\/www.museuemporda.org\/wp-content\/uploads\/2022\/02\/mE-728-250x250.jpg\" alt=\"Espanya tons calents, grocs, ocres, torrats, vermells i carmins\" width=\"250\" height=\"250\" data-ratio=\"1\"\/><\/a><\/figure><div class=\"dp-dfg-header entry-header\"><h2 class=\"entry-title\">Espanya tons calents, grocs, ocres, torrats, vermells i carmins<\/h2><\/div><div class=\"dp-dfg-custom-content\"><p class=\"dp-dfg-custom-field dp-dfg-cf-autors2\"><span class=\"dp-dfg-custom-field-value\">Eug\u00e9ne de Bernard Kurakin Goizueta<\/span><\/p><\/div><\/article><!-- DPDFG End Post Item Container --><article id=\"post-10196\" class=\"dp-dfg-item post-10196 obres_autors type-obres_autors status-publish has-post-thumbnail hentry tipus_tecniques-dibuix tecnica_especifica-tecnica-mixta autors-marcelli-porta disciplina-dibuix \"     data-position=\"698\"   data-new-tab=\"off\"   data-action-priority=\"item\"><figure class=\"dp-dfg-image entry-thumb\"><a href=\"https:\/\/www.museuemporda.org\/?obres_autors=parella-de-nen-catala-i-nena-mexicana\" class=\"dp-dfg-image-link\" ><img loading=\"lazy\" decoding=\"async\" class=\"dp-dfg-featured-image\" src=\"https:\/\/www.museuemporda.org\/wp-content\/uploads\/2022\/01\/mE-1350-250x250.jpg\" alt=\"Parella de nen catal\u00e0 i nena mexicana\" width=\"250\" height=\"250\" data-ratio=\"1\"\/><\/a><\/figure><div class=\"dp-dfg-header entry-header\"><h2 class=\"entry-title\">Parella de nen catal\u00e0 i nena mexicana<\/h2><\/div><div class=\"dp-dfg-custom-content\"><p class=\"dp-dfg-custom-field dp-dfg-cf-autors2\"><span class=\"dp-dfg-custom-field-value\">Marcel\u00b7l\u00ed Porta<\/span><\/p><\/div><\/article><!-- DPDFG End Post Item Container --><article id=\"post-13871\" class=\"dp-dfg-item post-13871 obres_autors type-obres_autors status-publish has-post-thumbnail hentry tipus_tecniques-dibuix tecnica_especifica-impressio-digital autors-pep-claparols-i-moret disciplina-dibuix \"     data-position=\"699\"   data-new-tab=\"off\"   data-action-priority=\"item\"><figure class=\"dp-dfg-image entry-thumb\"><a href=\"https:\/\/www.museuemporda.org\/?obres_autors=sense-titol-275\" class=\"dp-dfg-image-link\" ><img loading=\"lazy\" decoding=\"async\" class=\"dp-dfg-featured-image\" src=\"https:\/\/www.museuemporda.org\/wp-content\/uploads\/2023\/06\/ME2637-PEP98-250x237.jpg\" alt=\"Sense t\u00edtol\" width=\"250\" height=\"237\" data-ratio=\"0.948\"\/><\/a><\/figure><div class=\"dp-dfg-header entry-header\"><h2 class=\"entry-title\">Sense t\u00edtol<\/h2><\/div><div class=\"dp-dfg-custom-content\"><p class=\"dp-dfg-custom-field dp-dfg-cf-autors2\"><span class=\"dp-dfg-custom-field-value\">Pep Claparols i Moret<\/span><\/p><\/div><\/article><!-- DPDFG End Post Item Container --><article id=\"post-10293\" class=\"dp-dfg-item post-10293 obres_autors type-obres_autors status-publish has-post-thumbnail hentry tipus_tecniques-pintura tecnica_especifica-oli-sobre-tela autors-pere-bech-sudria disciplina-pintura \"     data-position=\"700\"   data-new-tab=\"off\"   data-action-priority=\"item\"><figure class=\"dp-dfg-image entry-thumb\"><a href=\"https:\/\/www.museuemporda.org\/?obres_autors=paisatge-51\" class=\"dp-dfg-image-link\" ><img loading=\"lazy\" decoding=\"async\" class=\"dp-dfg-featured-image\" src=\"https:\/\/www.museuemporda.org\/wp-content\/uploads\/2022\/01\/mE-2216-250x250.jpg\" alt=\"Paisatge\" width=\"250\" height=\"250\" data-ratio=\"1\"\/><\/a><\/figure><div class=\"dp-dfg-header entry-header\"><h2 class=\"entry-title\">Paisatge<\/h2><\/div><div class=\"dp-dfg-custom-content\"><p class=\"dp-dfg-custom-field dp-dfg-cf-autors2\"><span class=\"dp-dfg-custom-field-value\">Pere Bech Sudri\u00e0<\/span><\/p><\/div><\/article><!-- DPDFG End Post Item Container --><article id=\"post-14133\" class=\"dp-dfg-item post-14133 obres_autors type-obres_autors status-publish has-post-thumbnail hentry tipus_tecniques-obra-grafica tecnica_especifica-impressio-digital autors-miquel-sanchez disciplina-obra-grafic \"     data-position=\"701\"   data-new-tab=\"off\"   data-action-priority=\"item\"><figure class=\"dp-dfg-image entry-thumb\"><a href=\"https:\/\/www.museuemporda.org\/?obres_autors=sense-titol-395\" class=\"dp-dfg-image-link\" ><img loading=\"lazy\" decoding=\"async\" class=\"dp-dfg-featured-image\" src=\"https:\/\/www.museuemporda.org\/wp-content\/uploads\/2023\/07\/ME2760-SANCHEZ-250x198.jpg\" alt=\"Sense t\u00edtol\" width=\"250\" height=\"198\" data-ratio=\"0.792\"\/><\/a><\/figure><div class=\"dp-dfg-header entry-header\"><h2 class=\"entry-title\">Sense t\u00edtol<\/h2><\/div><div class=\"dp-dfg-custom-content\"><p class=\"dp-dfg-custom-field dp-dfg-cf-autors2\"><span class=\"dp-dfg-custom-field-value\">Miquel Sanchez<\/span><\/p><\/div><\/article><!-- DPDFG End Post Item Container --><article id=\"post-13741\" class=\"dp-dfg-item post-13741 obres_autors type-obres_autors status-publish has-post-thumbnail hentry tipus_tecniques-dibuix tecnica_especifica-tinta-sobre-paper autors-enric-pujol disciplina-dibuix \"     data-position=\"702\"   data-new-tab=\"off\"   data-action-priority=\"item\"><figure class=\"dp-dfg-image entry-thumb\"><a href=\"https:\/\/www.museuemporda.org\/?obres_autors=sense-titol-215\" class=\"dp-dfg-image-link\" ><img loading=\"lazy\" decoding=\"async\" class=\"dp-dfg-featured-image\" src=\"https:\/\/www.museuemporda.org\/wp-content\/uploads\/2023\/06\/ME2577-PUJOL11-250x250.jpg\" alt=\"Sense t\u00edtol\" width=\"250\" height=\"250\" data-ratio=\"1\"\/><\/a><\/figure><div class=\"dp-dfg-header entry-header\"><h2 class=\"entry-title\">Sense t\u00edtol<\/h2><\/div><div class=\"dp-dfg-custom-content\"><p class=\"dp-dfg-custom-field dp-dfg-cf-autors2\"><span class=\"dp-dfg-custom-field-value\">Enric Pujol<\/span><\/p><\/div><\/article><!-- DPDFG End Post Item Container --><article id=\"post-8048\" class=\"dp-dfg-item post-8048 obres_autors type-obres_autors status-publish has-post-thumbnail hentry tecnica_especifica-oli-sobre-tela autors-josep-masriera-manovens disciplina-pintura \"     data-position=\"703\"   data-new-tab=\"off\"   data-action-priority=\"item\"><figure class=\"dp-dfg-image entry-thumb\"><a href=\"https:\/\/www.museuemporda.org\/?obres_autors=paisatge-4\" class=\"dp-dfg-image-link\" ><img loading=\"lazy\" decoding=\"async\" class=\"dp-dfg-featured-image\" src=\"https:\/\/www.museuemporda.org\/wp-content\/uploads\/2021\/08\/mE-656-250x250.jpg\" alt=\"Paisatge\" width=\"250\" height=\"250\" data-ratio=\"1\"\/><\/a><\/figure><div class=\"dp-dfg-header entry-header\"><h2 class=\"entry-title\">Paisatge<\/h2><\/div><div class=\"dp-dfg-custom-content\"><p class=\"dp-dfg-custom-field dp-dfg-cf-autors2\"><span class=\"dp-dfg-custom-field-value\">Josep Masriera Manovens<\/span><\/p><\/div><\/article><!-- DPDFG End Post Item Container --><article id=\"post-12622\" class=\"dp-dfg-item post-12622 obres_autors type-obres_autors status-publish has-post-thumbnail hentry tipus_tecniques-pintura tecnica_especifica-pintura-acrilica-sobre-tela autors-elena-paredes disciplina-pintura \"     data-position=\"704\"   data-new-tab=\"off\"   data-action-priority=\"item\"><figure class=\"dp-dfg-image entry-thumb\"><a href=\"https:\/\/www.museuemporda.org\/?obres_autors=sense-titol-195\" class=\"dp-dfg-image-link\" ><img loading=\"lazy\" decoding=\"async\" class=\"dp-dfg-featured-image\" src=\"https:\/\/www.museuemporda.org\/wp-content\/uploads\/2022\/04\/mE_2536_2-250x250.jpg\" alt=\"Sense t\u00edtol\" width=\"250\" height=\"250\" data-ratio=\"1\"\/><\/a><\/figure><div class=\"dp-dfg-header entry-header\"><h2 class=\"entry-title\">Sense t\u00edtol<\/h2><\/div><div class=\"dp-dfg-custom-content\"><p class=\"dp-dfg-custom-field dp-dfg-cf-autors2\"><span class=\"dp-dfg-custom-field-value\">Elena Paredes<\/span><\/p><\/div><\/article><!-- DPDFG End Post Item Container --><article id=\"post-13910\" class=\"dp-dfg-item post-13910 obres_autors type-obres_autors status-publish has-post-thumbnail hentry tipus_tecniques-dibuix tecnica_especifica-impressio-digital autors-pep-claparols-i-moret disciplina-dibuix \"     data-position=\"705\"   data-new-tab=\"off\"   data-action-priority=\"item\"><figure class=\"dp-dfg-image entry-thumb\"><a href=\"https:\/\/www.museuemporda.org\/?obres_autors=sense-titol-294\" class=\"dp-dfg-image-link\" ><img loading=\"lazy\" decoding=\"async\" class=\"dp-dfg-featured-image\" src=\"https:\/\/www.museuemporda.org\/wp-content\/uploads\/2023\/06\/ME2656-PEP98-250x250.jpg\" alt=\"Sense t\u00edtol\" width=\"250\" height=\"250\" data-ratio=\"1\"\/><\/a><\/figure><div class=\"dp-dfg-header entry-header\"><h2 class=\"entry-title\">Sense t\u00edtol<\/h2><\/div><div class=\"dp-dfg-custom-content\"><p class=\"dp-dfg-custom-field dp-dfg-cf-autors2\"><span class=\"dp-dfg-custom-field-value\">Pep Claparols i Moret<\/span><\/p><\/div><\/article><!-- DPDFG End Post Item Container --><article id=\"post-9493\" class=\"dp-dfg-item post-9493 obres_autors type-obres_autors status-publish has-post-thumbnail hentry tipus_tecniques-pintura tecnica_especifica-oli-sobre-tela autors-guillem-comalat-joana disciplina-pintura \"     data-position=\"706\"   data-new-tab=\"off\"   data-action-priority=\"item\"><figure class=\"dp-dfg-image entry-thumb\"><a href=\"https:\/\/www.museuemporda.org\/?obres_autors=paisatge-36\" class=\"dp-dfg-image-link\" ><img loading=\"lazy\" decoding=\"async\" class=\"dp-dfg-featured-image\" src=\"https:\/\/www.museuemporda.org\/wp-content\/uploads\/2022\/01\/mE-1234-250x250.jpg\" alt=\"Paisatge\" width=\"250\" height=\"250\" data-ratio=\"1\"\/><\/a><\/figure><div class=\"dp-dfg-header entry-header\"><h2 class=\"entry-title\">Paisatge<\/h2><\/div><div class=\"dp-dfg-custom-content\"><p class=\"dp-dfg-custom-field dp-dfg-cf-autors2\"><span class=\"dp-dfg-custom-field-value\">Guillem Comalat Joana<\/span><\/p><\/div><\/article><!-- DPDFG End Post Item Container --><article id=\"post-9812\" class=\"dp-dfg-item post-9812 obres_autors type-obres_autors status-publish has-post-thumbnail hentry tipus_tecniques-fotografia tecnica_especifica-fotografia autors-francesc-guillamet-ferran disciplina-fotografia \"     data-position=\"707\"   data-new-tab=\"off\"   data-action-priority=\"item\"><figure class=\"dp-dfg-image entry-thumb\"><a href=\"https:\/\/www.museuemporda.org\/?obres_autors=taps-de-cadaques\" class=\"dp-dfg-image-link\" ><img loading=\"lazy\" decoding=\"async\" class=\"dp-dfg-featured-image\" src=\"https:\/\/www.museuemporda.org\/wp-content\/uploads\/2022\/01\/mE-2518-250x250.jpg\" alt=\"Taps de Cadaqu\u00e9s\" width=\"250\" height=\"250\" data-ratio=\"1\"\/><\/a><\/figure><div class=\"dp-dfg-header entry-header\"><h2 class=\"entry-title\">Taps de Cadaqu\u00e9s<\/h2><\/div><div class=\"dp-dfg-custom-content\"><p class=\"dp-dfg-custom-field dp-dfg-cf-autors2\"><span class=\"dp-dfg-custom-field-value\">Francesc Guillamet Ferran<\/span><\/p><\/div><\/article><!-- DPDFG End Post Item Container --><article id=\"post-11459\" class=\"dp-dfg-item post-11459 obres_autors type-obres_autors status-publish has-post-thumbnail hentry tipus_tecniques-pintura tecnica_especifica-oli-sobre-tela autors-maria-pau-illana-de-moret disciplina-pintura \"     data-position=\"708\"   data-new-tab=\"off\"   data-action-priority=\"item\"><figure class=\"dp-dfg-image entry-thumb\"><a href=\"https:\/\/www.museuemporda.org\/?obres_autors=sense-titol-130\" class=\"dp-dfg-image-link\" ><img loading=\"lazy\" decoding=\"async\" class=\"dp-dfg-featured-image\" src=\"https:\/\/www.museuemporda.org\/wp-content\/uploads\/2022\/02\/mE-1955-250x250.jpg\" alt=\"Sense t\u00edtol\" width=\"250\" height=\"250\" data-ratio=\"1\"\/><\/a><\/figure><div class=\"dp-dfg-header entry-header\"><h2 class=\"entry-title\">Sense t\u00edtol<\/h2><\/div><div class=\"dp-dfg-custom-content\"><p class=\"dp-dfg-custom-field dp-dfg-cf-autors2\"><span class=\"dp-dfg-custom-field-value\">Maria Pau Illana de Moret<\/span><\/p><\/div><\/article><!-- DPDFG End Post Item Container --><article id=\"post-9744\" class=\"dp-dfg-item post-9744 obres_autors type-obres_autors status-publish has-post-thumbnail hentry tipus_tecniques-fotografia tecnica_especifica-fotografia autors-joaquim-fort-de-ribot disciplina-fotografia \"     data-position=\"709\"   data-new-tab=\"off\"   data-action-priority=\"item\"><figure class=\"dp-dfg-image entry-thumb\"><a href=\"https:\/\/www.museuemporda.org\/?obres_autors=espiga\" class=\"dp-dfg-image-link\" ><img loading=\"lazy\" decoding=\"async\" class=\"dp-dfg-featured-image\" src=\"https:\/\/www.museuemporda.org\/wp-content\/uploads\/2022\/01\/mE-2464-250x250.jpg\" alt=\"Espiga\" width=\"250\" height=\"250\" data-ratio=\"1\"\/><\/a><\/figure><div class=\"dp-dfg-header entry-header\"><h2 class=\"entry-title\">Espiga<\/h2><\/div><div class=\"dp-dfg-custom-content\"><p class=\"dp-dfg-custom-field dp-dfg-cf-autors2\"><span class=\"dp-dfg-custom-field-value\">Joaquim Fort de Ribot<\/span><\/p><\/div><\/article><!-- DPDFG End Post Item Container --><article id=\"post-12003\" class=\"dp-dfg-item post-12003 obres_autors type-obres_autors status-publish has-post-thumbnail hentry tipus_tecniques-obra-grafica tecnica_especifica-gravat autors-eugeni-torrens disciplina-obra-grafic \"     data-position=\"710\"   data-new-tab=\"off\"   data-action-priority=\"item\"><figure class=\"dp-dfg-image entry-thumb\"><a href=\"https:\/\/www.museuemporda.org\/?obres_autors=representacio-no-figurativa-4\" class=\"dp-dfg-image-link\" ><img loading=\"lazy\" decoding=\"async\" class=\"dp-dfg-featured-image\" src=\"https:\/\/www.museuemporda.org\/wp-content\/uploads\/2022\/02\/mE-1490-250x250.jpg\" alt=\"Representaci\u00f3 no figurativa\" width=\"250\" height=\"250\" data-ratio=\"1\"\/><\/a><\/figure><div class=\"dp-dfg-header entry-header\"><h2 class=\"entry-title\">Representaci\u00f3 no figurativa<\/h2><\/div><div class=\"dp-dfg-custom-content\"><p class=\"dp-dfg-custom-field dp-dfg-cf-autors2\"><span class=\"dp-dfg-custom-field-value\">Eugeni Torrens<\/span><\/p><\/div><\/article><!-- DPDFG End Post Item Container --><article id=\"post-14377\" class=\"dp-dfg-item post-14377 obres_autors type-obres_autors status-publish has-post-thumbnail hentry tipus_tecniques-dibuix tecnica_especifica-dibuix-sobre-paper autors-pep-claparols-i-moret disciplina-dibuix \"     data-position=\"711\"   data-new-tab=\"off\"   data-action-priority=\"item\"><figure class=\"dp-dfg-image entry-thumb\"><a href=\"https:\/\/www.museuemporda.org\/?obres_autors=sense-titol-507\" class=\"dp-dfg-image-link\" ><img loading=\"lazy\" decoding=\"async\" class=\"dp-dfg-featured-image\" src=\"https:\/\/www.museuemporda.org\/wp-content\/uploads\/2023\/07\/ME2894-95-PEP-1-e1688541543334-250x250.jpg\" alt=\"Sense t\u00edtol\" width=\"250\" height=\"250\" data-ratio=\"1\"\/><\/a><\/figure><div class=\"dp-dfg-header entry-header\"><h2 class=\"entry-title\">Sense t\u00edtol<\/h2><\/div><div class=\"dp-dfg-custom-content\"><p class=\"dp-dfg-custom-field dp-dfg-cf-autors2\"><span class=\"dp-dfg-custom-field-value\">Pep Claparols i Moret<\/span><\/p><\/div><\/article><!-- DPDFG End Post Item Container --><article id=\"post-13832\" class=\"dp-dfg-item post-13832 obres_autors type-obres_autors status-publish has-post-thumbnail hentry tipus_tecniques-dibuix tecnica_especifica-impressio-digital autors-lluis-puigbert disciplina-obra-grafic \"     data-position=\"712\"   data-new-tab=\"off\"   data-action-priority=\"item\"><figure class=\"dp-dfg-image entry-thumb\"><a href=\"https:\/\/www.museuemporda.org\/?obres_autors=sense-titol-260\" class=\"dp-dfg-image-link\" ><img loading=\"lazy\" decoding=\"async\" class=\"dp-dfg-featured-image\" src=\"https:\/\/www.museuemporda.org\/wp-content\/uploads\/2023\/06\/ME2622-SID-PUIGBERT09-250x250.jpg\" alt=\"Sense t\u00edtol\" width=\"250\" height=\"250\" data-ratio=\"1\"\/><\/a><\/figure><div class=\"dp-dfg-header entry-header\"><h2 class=\"entry-title\">Sense t\u00edtol<\/h2><\/div><div class=\"dp-dfg-custom-content\"><p class=\"dp-dfg-custom-field dp-dfg-cf-autors2\"><span class=\"dp-dfg-custom-field-value\">Llu\u00eds Puigbert<\/span><\/p><\/div><\/article><!-- DPDFG End Post Item Container --><article id=\"post-10828\" class=\"dp-dfg-item post-10828 obres_autors type-obres_autors status-publish has-post-thumbnail hentry tipus_tecniques-dibuix tecnica_especifica-llapis-carbo-sobre-paper autors-josep-lluis-pellicer-fenye disciplina-dibuix \"     data-position=\"713\"   data-new-tab=\"off\"   data-action-priority=\"item\"><figure class=\"dp-dfg-image entry-thumb\"><a href=\"https:\/\/www.museuemporda.org\/?obres_autors=quarantena-en-el-llatzeret-del-perthus-quarentenari-mr-gauguille\" class=\"dp-dfg-image-link\" ><img loading=\"lazy\" decoding=\"async\" class=\"dp-dfg-featured-image\" src=\"https:\/\/www.museuemporda.org\/wp-content\/uploads\/2022\/02\/mE-1539-250x250.jpg\" alt=\"Quarantena en el llatzeret del Perthus; Quarentenari Mr Gauguille\" width=\"250\" height=\"250\" data-ratio=\"1\"\/><\/a><\/figure><div class=\"dp-dfg-header entry-header\"><h2 class=\"entry-title\">Quarantena en el llatzeret del Perthus; Quarentenari Mr Gauguille<\/h2><\/div><div class=\"dp-dfg-custom-content\"><p class=\"dp-dfg-custom-field dp-dfg-cf-autors2\"><span class=\"dp-dfg-custom-field-value\">Josep Llu\u00eds Pellicer Feny\u00e9<\/span><\/p><\/div><\/article><!-- DPDFG End Post Item Container --><article id=\"post-14309\" class=\"dp-dfg-item post-14309 obres_autors type-obres_autors status-publish has-post-thumbnail hentry tipus_tecniques-dibuix tecnica_especifica-impressio-digital autors-jordi-fenosa-tatay disciplina-dibuix \"     data-position=\"714\"   data-new-tab=\"off\"   data-action-priority=\"item\"><figure class=\"dp-dfg-image entry-thumb\"><a href=\"https:\/\/www.museuemporda.org\/?obres_autors=sense-titol-476\" class=\"dp-dfg-image-link\" ><img loading=\"lazy\" decoding=\"async\" class=\"dp-dfg-featured-image\" src=\"https:\/\/www.museuemporda.org\/wp-content\/uploads\/2023\/07\/ME2862-TATAY-250x250.jpg\" alt=\"Sense t\u00edtol\" width=\"250\" height=\"250\" data-ratio=\"1\"\/><\/a><\/figure><div class=\"dp-dfg-header entry-header\"><h2 class=\"entry-title\">Sense t\u00edtol<\/h2><\/div><div class=\"dp-dfg-custom-content\"><p class=\"dp-dfg-custom-field dp-dfg-cf-autors2\"><span class=\"dp-dfg-custom-field-value\">Jordi Fenosa Tatay<\/span><\/p><\/div><\/article><!-- DPDFG End Post Item Container --><article id=\"post-13836\" class=\"dp-dfg-item post-13836 obres_autors type-obres_autors status-publish has-post-thumbnail hentry tipus_tecniques-dibuix tecnica_especifica-impressio-digital autors-lluis-puigbert disciplina-obra-grafic \"     data-position=\"715\"   data-new-tab=\"off\"   data-action-priority=\"item\"><figure class=\"dp-dfg-image entry-thumb\"><a href=\"https:\/\/www.museuemporda.org\/?obres_autors=sense-titol-262\" class=\"dp-dfg-image-link\" ><img loading=\"lazy\" decoding=\"async\" class=\"dp-dfg-featured-image\" src=\"https:\/\/www.museuemporda.org\/wp-content\/uploads\/2023\/06\/ME2624-SID-PUIGBERT11-250x250.jpg\" alt=\"Sense t\u00edtol\" width=\"250\" height=\"250\" data-ratio=\"1\"\/><\/a><\/figure><div class=\"dp-dfg-header entry-header\"><h2 class=\"entry-title\">Sense t\u00edtol<\/h2><\/div><div class=\"dp-dfg-custom-content\"><p class=\"dp-dfg-custom-field dp-dfg-cf-autors2\"><span class=\"dp-dfg-custom-field-value\">Llu\u00eds Puigbert<\/span><\/p><\/div><\/article><!-- DPDFG End Post Item Container --><article id=\"post-10139\" class=\"dp-dfg-item post-10139 obres_autors type-obres_autors status-publish has-post-thumbnail hentry tipus_tecniques-dibuix tecnica_especifica-llapis-sobre-paper autors-llorenc-cairo-sans disciplina-dibuix \"     data-position=\"716\"   data-new-tab=\"off\"   data-action-priority=\"item\"><figure class=\"dp-dfg-image entry-thumb\"><a href=\"https:\/\/www.museuemporda.org\/?obres_autors=detall-arquitectonic\" class=\"dp-dfg-image-link\" ><img loading=\"lazy\" decoding=\"async\" class=\"dp-dfg-featured-image\" src=\"https:\/\/www.museuemporda.org\/wp-content\/uploads\/2022\/01\/mE-1441-250x250.jpg\" alt=\"Detall arquitect\u00f2nic\" width=\"250\" height=\"250\" data-ratio=\"1\"\/><\/a><\/figure><div class=\"dp-dfg-header entry-header\"><h2 class=\"entry-title\">Detall arquitect\u00f2nic<\/h2><\/div><div class=\"dp-dfg-custom-content\"><p class=\"dp-dfg-custom-field dp-dfg-cf-autors2\"><span class=\"dp-dfg-custom-field-value\">Lloren\u00e7 Cair\u00f3 Sans<\/span><\/p><\/div><\/article><!-- DPDFG End Post Item Container --><article id=\"post-9772\" class=\"dp-dfg-item post-9772 obres_autors type-obres_autors status-publish has-post-thumbnail hentry tipus_tecniques-fotografia tecnica_especifica-fotografia autors-joaquim-fort-de-ribot disciplina-fotografia \"     data-position=\"717\"   data-new-tab=\"off\"   data-action-priority=\"item\"><figure class=\"dp-dfg-image entry-thumb\"><a href=\"https:\/\/www.museuemporda.org\/?obres_autors=paratge-de-lalbera\" class=\"dp-dfg-image-link\" ><img loading=\"lazy\" decoding=\"async\" class=\"dp-dfg-featured-image\" src=\"https:\/\/www.museuemporda.org\/wp-content\/uploads\/2022\/01\/mE-2478-250x250.jpg\" alt=\"Paratge de l&#8217;Albera\" width=\"250\" height=\"250\" data-ratio=\"1\"\/><\/a><\/figure><div class=\"dp-dfg-header entry-header\"><h2 class=\"entry-title\">Paratge de l&#8217;Albera<\/h2><\/div><div class=\"dp-dfg-custom-content\"><p class=\"dp-dfg-custom-field dp-dfg-cf-autors2\"><span class=\"dp-dfg-custom-field-value\">Joaquim Fort de Ribot<\/span><\/p><\/div><\/article><!-- DPDFG End Post Item Container --><article id=\"post-11546\" class=\"dp-dfg-item post-11546 obres_autors type-obres_autors status-publish has-post-thumbnail hentry tipus_tecniques-pintura tecnica_especifica-aquarella autors-lea-lafugie disciplina-pintura \"     data-position=\"718\"   data-new-tab=\"off\"   data-action-priority=\"item\"><figure class=\"dp-dfg-image entry-thumb\"><a href=\"https:\/\/www.museuemporda.org\/?obres_autors=kyber-pass\" class=\"dp-dfg-image-link\" ><img loading=\"lazy\" decoding=\"async\" class=\"dp-dfg-featured-image\" src=\"https:\/\/www.museuemporda.org\/wp-content\/uploads\/2022\/02\/mE-2406-250x250.jpg\" alt=\"Kyber Pass?\" width=\"250\" height=\"250\" data-ratio=\"1\"\/><\/a><\/figure><div class=\"dp-dfg-header entry-header\"><h2 class=\"entry-title\">Kyber Pass?<\/h2><\/div><div class=\"dp-dfg-custom-content\"><p class=\"dp-dfg-custom-field dp-dfg-cf-autors2\"><span class=\"dp-dfg-custom-field-value\">L\u00e9a Lafugie<\/span><\/p><\/div><\/article><!-- DPDFG End Post Item Container --><article id=\"post-10326\" class=\"dp-dfg-item post-10326 obres_autors type-obres_autors status-publish has-post-thumbnail hentry tipus_tecniques-pintura tecnica_especifica-aquarella-sobre-paper autors-pere-bech-sudria disciplina-pintura \"     data-position=\"719\"   data-new-tab=\"off\"   data-action-priority=\"item\"><figure class=\"dp-dfg-image entry-thumb\"><a href=\"https:\/\/www.museuemporda.org\/?obres_autors=paisatge-rural-2\" class=\"dp-dfg-image-link\" ><img loading=\"lazy\" decoding=\"async\" class=\"dp-dfg-featured-image\" src=\"https:\/\/www.museuemporda.org\/wp-content\/uploads\/2022\/01\/mE-2239-250x250.jpg\" alt=\"Paisatge rural\" width=\"250\" height=\"250\" data-ratio=\"1\"\/><\/a><\/figure><div class=\"dp-dfg-header entry-header\"><h2 class=\"entry-title\">Paisatge rural<\/h2><\/div><div class=\"dp-dfg-custom-content\"><p class=\"dp-dfg-custom-field dp-dfg-cf-autors2\"><span class=\"dp-dfg-custom-field-value\">Pere Bech Sudri\u00e0<\/span><\/p><\/div><\/article><!-- DPDFG End Post Item Container --><article id=\"post-13889\" class=\"dp-dfg-item post-13889 obres_autors type-obres_autors status-publish has-post-thumbnail hentry tipus_tecniques-dibuix tecnica_especifica-tinta-sobre-paper autors-pep-claparols-i-moret disciplina-dibuix \"     data-position=\"720\"   data-new-tab=\"off\"   data-action-priority=\"item\"><figure class=\"dp-dfg-image entry-thumb\"><a href=\"https:\/\/www.museuemporda.org\/?obres_autors=sense-titol-284\" class=\"dp-dfg-image-link\" ><img loading=\"lazy\" decoding=\"async\" class=\"dp-dfg-featured-image\" src=\"https:\/\/www.museuemporda.org\/wp-content\/uploads\/2023\/06\/ME2646-PEP98-250x250.jpg\" alt=\"Sense t\u00edtol\" width=\"250\" height=\"250\" data-ratio=\"1\"\/><\/a><\/figure><div class=\"dp-dfg-header entry-header\"><h2 class=\"entry-title\">Sense t\u00edtol<\/h2><\/div><div class=\"dp-dfg-custom-content\"><p class=\"dp-dfg-custom-field dp-dfg-cf-autors2\"><span class=\"dp-dfg-custom-field-value\">Pep Claparols i Moret<\/span><\/p><\/div><\/article><!-- DPDFG End Post Item Container --><article id=\"post-1288\" class=\"dp-dfg-item post-1288 obres_autors type-obres_autors status-publish has-post-thumbnail hentry autors-pompeu-audivert-mir \"     data-position=\"721\"   data-new-tab=\"off\"   data-action-priority=\"item\"><figure class=\"dp-dfg-image entry-thumb\"><a href=\"https:\/\/www.museuemporda.org\/?obres_autors=repos\" class=\"dp-dfg-image-link\" ><img loading=\"lazy\" decoding=\"async\" class=\"dp-dfg-featured-image\" src=\"https:\/\/www.museuemporda.org\/wp-content\/uploads\/2020\/04\/mE-1288-scaled-1-250x250.jpg\" alt=\"Rep\u00f2s\" width=\"250\" height=\"250\" data-ratio=\"1\"\/><\/a><\/figure><div class=\"dp-dfg-header entry-header\"><h2 class=\"entry-title\">Rep\u00f2s<\/h2><\/div><div class=\"dp-dfg-custom-content\"><p class=\"dp-dfg-custom-field dp-dfg-cf-autors2\"><span class=\"dp-dfg-custom-field-value\">Pompeu Audivert<\/span><\/p><\/div><\/article><!-- DPDFG End Post Item Container --><article id=\"post-8463\" class=\"dp-dfg-item post-8463 obres_autors type-obres_autors status-publish has-post-thumbnail hentry tecnica_especifica-oli-sobre-tela autors-ramon-reig-corominas disciplina-pintura \"     data-position=\"722\"   data-new-tab=\"off\"   data-action-priority=\"item\"><figure class=\"dp-dfg-image entry-thumb\"><a href=\"https:\/\/www.museuemporda.org\/?obres_autors=paisatge-maritim\" class=\"dp-dfg-image-link\" ><img loading=\"lazy\" decoding=\"async\" class=\"dp-dfg-featured-image\" src=\"https:\/\/www.museuemporda.org\/wp-content\/uploads\/2021\/09\/mE-2381-250x250.jpg\" alt=\"Paisatge mar\u00edtim\" width=\"250\" height=\"250\" data-ratio=\"1\"\/><\/a><\/figure><div class=\"dp-dfg-header entry-header\"><h2 class=\"entry-title\">Paisatge mar\u00edtim<\/h2><\/div><div class=\"dp-dfg-custom-content\"><p class=\"dp-dfg-custom-field dp-dfg-cf-autors2\"><span class=\"dp-dfg-custom-field-value\">Ramon Reig Corominas<\/span><\/p><\/div><\/article><!-- DPDFG End Post Item Container --><article id=\"post-8178\" class=\"dp-dfg-item post-8178 obres_autors type-obres_autors status-publish has-post-thumbnail hentry tecnica_especifica-llapis-i-pastel-sobre-paper autors-marie-laurencin disciplina-dibuix \"     data-position=\"723\"   data-new-tab=\"off\"   data-action-priority=\"item\"><figure class=\"dp-dfg-image entry-thumb\"><a href=\"https:\/\/www.museuemporda.org\/?obres_autors=retrat-femeni-4\" class=\"dp-dfg-image-link\" ><img loading=\"lazy\" decoding=\"async\" class=\"dp-dfg-featured-image\" src=\"https:\/\/www.museuemporda.org\/wp-content\/uploads\/2021\/08\/mE-705-250x250.jpg\" alt=\"Retrat femen\u00ed\" width=\"250\" height=\"250\" data-ratio=\"1\"\/><\/a><\/figure><div class=\"dp-dfg-header entry-header\"><h2 class=\"entry-title\">Retrat femen\u00ed<\/h2><\/div><div class=\"dp-dfg-custom-content\"><p class=\"dp-dfg-custom-field dp-dfg-cf-autors2\"><span class=\"dp-dfg-custom-field-value\">Marie Laurencin<\/span><\/p><\/div><\/article><!-- DPDFG End Post Item Container --><article id=\"post-14089\" class=\"dp-dfg-item post-14089 obres_autors type-obres_autors status-publish has-post-thumbnail hentry tipus_tecniques-dibuix tecnica_especifica-impressio-digital autors-carles-roman disciplina-dibuix \"     data-position=\"724\"   data-new-tab=\"off\"   data-action-priority=\"item\"><figure class=\"dp-dfg-image entry-thumb\"><a href=\"https:\/\/www.museuemporda.org\/?obres_autors=sense-titol-375\" class=\"dp-dfg-image-link\" ><img loading=\"lazy\" decoding=\"async\" class=\"dp-dfg-featured-image\" src=\"https:\/\/www.museuemporda.org\/wp-content\/uploads\/2023\/06\/ME2739-ROMAN-250x250.jpg\" alt=\"Sense t\u00edtol\" width=\"250\" height=\"250\" data-ratio=\"1\"\/><\/a><\/figure><div class=\"dp-dfg-header entry-header\"><h2 class=\"entry-title\">Sense t\u00edtol<\/h2><\/div><div class=\"dp-dfg-custom-content\"><p class=\"dp-dfg-custom-field dp-dfg-cf-autors2\"><span class=\"dp-dfg-custom-field-value\">Carles Roman<\/span><\/p><\/div><\/article><!-- DPDFG End Post Item Container --><article id=\"post-6045\" class=\"dp-dfg-item post-6045 obres_autors type-obres_autors status-publish has-post-thumbnail hentry tecnica_especifica-tecnica-mixta-sobre-tela autors-joan-paradis-puig disciplina-pintura \"     data-position=\"725\"   data-new-tab=\"off\"   data-action-priority=\"item\"><figure class=\"dp-dfg-image entry-thumb\"><a href=\"https:\/\/www.museuemporda.org\/?obres_autors=composicio-abstracta-rosa-tripetal\" class=\"dp-dfg-image-link\" ><img loading=\"lazy\" decoding=\"async\" class=\"dp-dfg-featured-image\" src=\"https:\/\/www.museuemporda.org\/wp-content\/uploads\/2020\/04\/mE-1424_2019-250x250.jpg\" alt=\"Rosa trip\u00e8tal\" width=\"250\" height=\"250\" data-ratio=\"1\"\/><\/a><\/figure><div class=\"dp-dfg-header entry-header\"><h2 class=\"entry-title\">Rosa trip\u00e8tal<\/h2><\/div><div class=\"dp-dfg-custom-content\"><p class=\"dp-dfg-custom-field dp-dfg-cf-autors2\"><span class=\"dp-dfg-custom-field-value\">Joan Parad\u00eds Puig<\/span><\/p><\/div><\/article><!-- DPDFG End Post Item Container --><article id=\"post-9788\" class=\"dp-dfg-item post-9788 obres_autors type-obres_autors status-publish has-post-thumbnail hentry tipus_tecniques-fotografia tecnica_especifica-fotografia autors-joaquim-fort-de-ribot disciplina-fotografia \"     data-position=\"726\"   data-new-tab=\"off\"   data-action-priority=\"item\"><figure class=\"dp-dfg-image entry-thumb\"><a href=\"https:\/\/www.museuemporda.org\/?obres_autors=visita-a-requesens\" class=\"dp-dfg-image-link\" ><img loading=\"lazy\" decoding=\"async\" class=\"dp-dfg-featured-image\" src=\"https:\/\/www.museuemporda.org\/wp-content\/uploads\/2022\/01\/mE-2487-250x250.jpg\" alt=\"Visita a Requesens\" width=\"250\" height=\"250\" data-ratio=\"1\"\/><\/a><\/figure><div class=\"dp-dfg-header entry-header\"><h2 class=\"entry-title\">Visita a Requesens<\/h2><\/div><div class=\"dp-dfg-custom-content\"><p class=\"dp-dfg-custom-field dp-dfg-cf-autors2\"><span class=\"dp-dfg-custom-field-value\">Joaquim Fort de Ribot<\/span><\/p><\/div><\/article><!-- DPDFG End Post Item Container --><article id=\"post-10374\" class=\"dp-dfg-item post-10374 obres_autors type-obres_autors status-publish has-post-thumbnail hentry tipus_tecniques-escultura tecnica_especifica-bronze autors-artur-novoa-cabra disciplina-escultura \"     data-position=\"727\"   data-new-tab=\"off\"   data-action-priority=\"item\"><figure class=\"dp-dfg-image entry-thumb\"><a href=\"https:\/\/www.museuemporda.org\/?obres_autors=relleu-del-senyor-fita\" class=\"dp-dfg-image-link\" ><img loading=\"lazy\" decoding=\"async\" class=\"dp-dfg-featured-image\" src=\"https:\/\/www.museuemporda.org\/wp-content\/uploads\/2022\/01\/mE-1646-250x250.jpg\" alt=\"Relleu del senyor Fita\" width=\"250\" height=\"250\" data-ratio=\"1\"\/><\/a><\/figure><div class=\"dp-dfg-header entry-header\"><h2 class=\"entry-title\">Relleu del senyor Fita<\/h2><\/div><div class=\"dp-dfg-custom-content\"><p class=\"dp-dfg-custom-field dp-dfg-cf-autors2\"><span class=\"dp-dfg-custom-field-value\">Artur Novoa Cabra<\/span><\/p><\/div><\/article><!-- DPDFG End Post Item Container --><article id=\"post-10452\" class=\"dp-dfg-item post-10452 obres_autors type-obres_autors status-publish has-post-thumbnail hentry tipus_tecniques-pintura tecnica_especifica-oli-sobre-tela autors-ramon-molons-rocha disciplina-pintura \"     data-position=\"728\"   data-new-tab=\"off\"   data-action-priority=\"item\"><figure class=\"dp-dfg-image entry-thumb\"><a href=\"https:\/\/www.museuemporda.org\/?obres_autors=composicio-abstracta-4\" class=\"dp-dfg-image-link\" ><img loading=\"lazy\" decoding=\"async\" class=\"dp-dfg-featured-image\" src=\"https:\/\/www.museuemporda.org\/wp-content\/uploads\/2022\/01\/mE-1411-250x250.jpg\" alt=\"Composici\u00f3 abstracta\" width=\"250\" height=\"250\" data-ratio=\"1\"\/><\/a><\/figure><div class=\"dp-dfg-header entry-header\"><h2 class=\"entry-title\">Composici\u00f3 abstracta<\/h2><\/div><div class=\"dp-dfg-custom-content\"><p class=\"dp-dfg-custom-field dp-dfg-cf-autors2\"><span class=\"dp-dfg-custom-field-value\">Ramon Molons Rocha<\/span><\/p><\/div><\/article><!-- DPDFG End Post Item Container --><article id=\"post-13858\" class=\"dp-dfg-item post-13858 obres_autors type-obres_autors status-publish has-post-thumbnail hentry tipus_tecniques-dibuix tecnica_especifica-tinta-sobre-paper autors-lluis-puigbert disciplina-dibuix \"     data-position=\"729\"   data-new-tab=\"off\"   data-action-priority=\"item\"><figure class=\"dp-dfg-image entry-thumb\"><a href=\"https:\/\/www.museuemporda.org\/?obres_autors=sense-titol-269\" class=\"dp-dfg-image-link\" ><img loading=\"lazy\" decoding=\"async\" class=\"dp-dfg-featured-image\" src=\"https:\/\/www.museuemporda.org\/wp-content\/uploads\/2023\/06\/ME2631-SID-250x250.jpg\" alt=\"Sense t\u00edtol\" width=\"250\" height=\"250\" data-ratio=\"1\"\/><\/a><\/figure><div class=\"dp-dfg-header entry-header\"><h2 class=\"entry-title\">Sense t\u00edtol<\/h2><\/div><div class=\"dp-dfg-custom-content\"><p class=\"dp-dfg-custom-field dp-dfg-cf-autors2\"><span class=\"dp-dfg-custom-field-value\">Llu\u00eds Puigbert<\/span><\/p><\/div><\/article><!-- DPDFG End Post Item Container --><article id=\"post-9196\" class=\"dp-dfg-item post-9196 obres_autors type-obres_autors status-publish has-post-thumbnail hentry tipus_tecniques-os autors-autoria-desconeguda disciplina-arqueologia \"     data-position=\"730\"   data-new-tab=\"off\"   data-action-priority=\"item\"><figure class=\"dp-dfg-image entry-thumb\"><a href=\"https:\/\/www.museuemporda.org\/?obres_autors=banya\" class=\"dp-dfg-image-link\" ><img loading=\"lazy\" decoding=\"async\" class=\"dp-dfg-featured-image\" src=\"https:\/\/www.museuemporda.org\/wp-content\/uploads\/2021\/11\/mE-169-250x250.jpg\" alt=\"Banya\" width=\"250\" height=\"250\" data-ratio=\"1\"\/><\/a><\/figure><div class=\"dp-dfg-header entry-header\"><h2 class=\"entry-title\">Banya<\/h2><\/div><div class=\"dp-dfg-custom-content\"><p class=\"dp-dfg-custom-field dp-dfg-cf-autors2\"><span class=\"dp-dfg-custom-field-value\">Autoria desconeguda<\/span><\/p><\/div><\/article><!-- DPDFG End Post Item Container --><article id=\"post-5765\" class=\"dp-dfg-item post-5765 obres_autors type-obres_autors status-publish has-post-thumbnail hentry tecnica_especifica-oli-sobre-tela autors-sebastian-martinez-domedel disciplina-pintura \"     data-position=\"731\"   data-new-tab=\"off\"   data-action-priority=\"item\"><figure class=\"dp-dfg-image entry-thumb\"><a href=\"https:\/\/www.museuemporda.org\/?obres_autors=la-verge\" class=\"dp-dfg-image-link\" ><img loading=\"lazy\" decoding=\"async\" class=\"dp-dfg-featured-image\" src=\"https:\/\/www.museuemporda.org\/wp-content\/uploads\/2020\/10\/mE-631-250x250.jpg\" alt=\"La Verge\" width=\"250\" height=\"250\" data-ratio=\"1\"\/><\/a><\/figure><div class=\"dp-dfg-header entry-header\"><h2 class=\"entry-title\">La Verge<\/h2><\/div><div class=\"dp-dfg-custom-content\"><p class=\"dp-dfg-custom-field dp-dfg-cf-autors2\"><span class=\"dp-dfg-custom-field-value\">Antonio Arias Fern\u00e1ndez<\/span><\/p><\/div><\/article><!-- DPDFG End Post Item Container --><article id=\"post-8908\" class=\"dp-dfg-item post-8908 obres_autors type-obres_autors status-publish has-post-thumbnail hentry tecnica_especifica-dibuix-sobre-paper autors-ricard-canals-llambi disciplina-dibuix \"     data-position=\"732\"   data-new-tab=\"off\"   data-action-priority=\"item\"><figure class=\"dp-dfg-image entry-thumb\"><a href=\"https:\/\/www.museuemporda.org\/?obres_autors=figura-2\" class=\"dp-dfg-image-link\" ><img loading=\"lazy\" decoding=\"async\" class=\"dp-dfg-featured-image\" src=\"https:\/\/www.museuemporda.org\/wp-content\/uploads\/2021\/11\/mE-677-250x250.jpg\" alt=\"Figura\" width=\"250\" height=\"250\" data-ratio=\"1\"\/><\/a><\/figure><div class=\"dp-dfg-header entry-header\"><h2 class=\"entry-title\">Figura<\/h2><\/div><div class=\"dp-dfg-custom-content\"><p class=\"dp-dfg-custom-field dp-dfg-cf-autors2\"><span class=\"dp-dfg-custom-field-value\">Ricard Canals Llamb\u00ed<\/span><\/p><\/div><\/article><!-- DPDFG End Post Item Container --><article id=\"post-11857\" class=\"dp-dfg-item post-11857 obres_autors type-obres_autors status-publish has-post-thumbnail hentry tipus_tecniques-dibuix tecnica_especifica-dibuix-sobre-paper autors-ramon-ponce disciplina-dibuix \"     data-position=\"733\"   data-new-tab=\"off\"   data-action-priority=\"item\"><figure class=\"dp-dfg-image entry-thumb\"><a href=\"https:\/\/www.museuemporda.org\/?obres_autors=sense-titol-155\" class=\"dp-dfg-image-link\" ><img loading=\"lazy\" decoding=\"async\" class=\"dp-dfg-featured-image\" src=\"https:\/\/www.museuemporda.org\/wp-content\/uploads\/2022\/02\/mE-2022-250x250.jpg\" alt=\"Sense t\u00edtol\" width=\"250\" height=\"250\" data-ratio=\"1\"\/><\/a><\/figure><div class=\"dp-dfg-header entry-header\"><h2 class=\"entry-title\">Sense t\u00edtol<\/h2><\/div><div class=\"dp-dfg-custom-content\"><p class=\"dp-dfg-custom-field dp-dfg-cf-autors2\"><span class=\"dp-dfg-custom-field-value\">Ramon Ponce<\/span><\/p><\/div><\/article><!-- DPDFG End Post Item Container --><article id=\"post-9774\" class=\"dp-dfg-item post-9774 obres_autors type-obres_autors status-publish has-post-thumbnail hentry tipus_tecniques-fotografia tecnica_especifica-fotografia autors-joaquim-fort-de-ribot disciplina-fotografia \"     data-position=\"734\"   data-new-tab=\"off\"   data-action-priority=\"item\"><figure class=\"dp-dfg-image entry-thumb\"><a href=\"https:\/\/www.museuemporda.org\/?obres_autors=badia-de-roses-2\" class=\"dp-dfg-image-link\" ><img loading=\"lazy\" decoding=\"async\" class=\"dp-dfg-featured-image\" src=\"https:\/\/www.museuemporda.org\/wp-content\/uploads\/2022\/01\/mE-2479-250x250.jpg\" alt=\"Badia de Roses\" width=\"250\" height=\"250\" data-ratio=\"1\"\/><\/a><\/figure><div class=\"dp-dfg-header entry-header\"><h2 class=\"entry-title\">Badia de Roses<\/h2><\/div><div class=\"dp-dfg-custom-content\"><p class=\"dp-dfg-custom-field dp-dfg-cf-autors2\"><span class=\"dp-dfg-custom-field-value\">Joaquim Fort de Ribot<\/span><\/p><\/div><\/article><!-- DPDFG End Post Item Container --><article id=\"post-13877\" class=\"dp-dfg-item post-13877 obres_autors type-obres_autors status-publish has-post-thumbnail hentry tipus_tecniques-dibuix tecnica_especifica-impressio-digital autors-pep-claparols-i-moret disciplina-dibuix \"     data-position=\"735\"   data-new-tab=\"off\"   data-action-priority=\"item\"><figure class=\"dp-dfg-image entry-thumb\"><a href=\"https:\/\/www.museuemporda.org\/?obres_autors=sense-titol-278\" class=\"dp-dfg-image-link\" ><img loading=\"lazy\" decoding=\"async\" class=\"dp-dfg-featured-image\" src=\"https:\/\/www.museuemporda.org\/wp-content\/uploads\/2023\/06\/ME2640-PEP98-250x250.jpg\" alt=\"Sense t\u00edtol\" width=\"250\" height=\"250\" data-ratio=\"1\"\/><\/a><\/figure><div class=\"dp-dfg-header entry-header\"><h2 class=\"entry-title\">Sense t\u00edtol<\/h2><\/div><div class=\"dp-dfg-custom-content\"><p class=\"dp-dfg-custom-field dp-dfg-cf-autors2\"><span class=\"dp-dfg-custom-field-value\">Pep Claparols i Moret<\/span><\/p><\/div><\/article><!-- DPDFG End Post Item Container --><article id=\"post-10503\" class=\"dp-dfg-item post-10503 obres_autors type-obres_autors status-publish has-post-thumbnail hentry tipus_tecniques-escultura tecnica_especifica-pedra autors-frederic-mares-deulovol disciplina-escultura \"     data-position=\"736\"   data-new-tab=\"off\"   data-action-priority=\"item\"><figure class=\"dp-dfg-image entry-thumb\"><a href=\"https:\/\/www.museuemporda.org\/?obres_autors=sense-titol-81\" class=\"dp-dfg-image-link\" ><img loading=\"lazy\" decoding=\"async\" class=\"dp-dfg-featured-image\" src=\"https:\/\/www.museuemporda.org\/wp-content\/uploads\/2022\/01\/mE-2507_despres-restauracio-2018-250x250.jpg\" alt=\"Sense t\u00edtol\" width=\"250\" height=\"250\" data-ratio=\"1\"\/><\/a><\/figure><div class=\"dp-dfg-header entry-header\"><h2 class=\"entry-title\">Sense t\u00edtol<\/h2><\/div><div class=\"dp-dfg-custom-content\"><p class=\"dp-dfg-custom-field dp-dfg-cf-autors2\"><span class=\"dp-dfg-custom-field-value\">Frederic Mar\u00e8s Deulovol<\/span><\/p><\/div><\/article><!-- DPDFG End Post Item Container --><article id=\"post-12217\" class=\"dp-dfg-item post-12217 obres_autors type-obres_autors status-publish has-post-thumbnail hentry tipus_tecniques-indumentaria tecnica_especifica-teixit-i-fusta autors-autoria-desconeguda disciplina-indumentaria \"     data-position=\"737\"   data-new-tab=\"off\"   data-action-priority=\"item\"><figure class=\"dp-dfg-image entry-thumb\"><a href=\"https:\/\/www.museuemporda.org\/?obres_autors=sense-titol-178\" class=\"dp-dfg-image-link\" ><img loading=\"lazy\" decoding=\"async\" class=\"dp-dfg-featured-image\" src=\"https:\/\/www.museuemporda.org\/wp-content\/uploads\/2022\/03\/mE-903-250x250.jpg\" alt=\"Sense t\u00edtol\" width=\"250\" height=\"250\" data-ratio=\"1\"\/><\/a><\/figure><div class=\"dp-dfg-header entry-header\"><h2 class=\"entry-title\">Sense t\u00edtol<\/h2><\/div><div class=\"dp-dfg-custom-content\"><p class=\"dp-dfg-custom-field dp-dfg-cf-autors2\"><span class=\"dp-dfg-custom-field-value\">Autoria desconeguda<\/span><\/p><\/div><\/article><!-- DPDFG End Post Item Container --><article id=\"post-11177\" class=\"dp-dfg-item post-11177 obres_autors type-obres_autors status-publish has-post-thumbnail hentry tipus_tecniques-obra-grafica tecnica_especifica-tecnica-mixta autors-enric-camps-llado disciplina-obra-grafic \"     data-position=\"738\"   data-new-tab=\"off\"   data-action-priority=\"item\"><figure class=\"dp-dfg-image entry-thumb\"><a href=\"https:\/\/www.museuemporda.org\/?obres_autors=retrat-de-laviador-collar\" class=\"dp-dfg-image-link\" ><img loading=\"lazy\" decoding=\"async\" class=\"dp-dfg-featured-image\" src=\"https:\/\/www.museuemporda.org\/wp-content\/uploads\/2022\/02\/mE-1882-250x250.jpg\" alt=\"Retrat de l&#8217;aviador Collar\" width=\"250\" height=\"250\" data-ratio=\"1\"\/><\/a><\/figure><div class=\"dp-dfg-header entry-header\"><h2 class=\"entry-title\">Retrat de l&#8217;aviador Collar<\/h2><\/div><div class=\"dp-dfg-custom-content\"><p class=\"dp-dfg-custom-field dp-dfg-cf-autors2\"><span class=\"dp-dfg-custom-field-value\">Enric Camps Llad\u00f3<\/span><\/p><\/div><\/article><!-- DPDFG End Post Item Container --><article id=\"post-1326\" class=\"dp-dfg-item post-1326 obres_autors type-obres_autors status-publish has-post-thumbnail hentry tecnica_especifica-pintura-sobre-tela autors-joan-gimenez-gimenez disciplina-pintura \"     data-position=\"739\"   data-new-tab=\"off\"   data-action-priority=\"item\"><figure class=\"dp-dfg-image entry-thumb\"><a href=\"https:\/\/www.museuemporda.org\/?obres_autors=flors-de-presseguer\" class=\"dp-dfg-image-link\" ><img loading=\"lazy\" decoding=\"async\" class=\"dp-dfg-featured-image\" src=\"https:\/\/www.museuemporda.org\/wp-content\/uploads\/2020\/04\/mE-1326-scaled-1-250x250.jpg\" alt=\"Flors de presseguer\" width=\"250\" height=\"250\" data-ratio=\"1\"\/><\/a><\/figure><div class=\"dp-dfg-header entry-header\"><h2 class=\"entry-title\">Flors de presseguer<\/h2><\/div><div class=\"dp-dfg-custom-content\"><p class=\"dp-dfg-custom-field dp-dfg-cf-autors2\"><span class=\"dp-dfg-custom-field-value\">Joan Gim\u00e9nez Gim\u00e9nez<\/span><\/p><\/div><\/article><!-- DPDFG End Post Item Container --><article id=\"post-5753\" class=\"dp-dfg-item post-5753 obres_autors type-obres_autors status-publish has-post-thumbnail hentry tecnica_especifica-oli-sobre-tela autors-jan-frans-van-douven disciplina-pintura \"     data-position=\"740\"   data-new-tab=\"off\"   data-action-priority=\"item\"><figure class=\"dp-dfg-image entry-thumb\"><a href=\"https:\/\/www.museuemporda.org\/?obres_autors=retrat-de-princep-amb-el-toiso\" class=\"dp-dfg-image-link\" ><img loading=\"lazy\" decoding=\"async\" class=\"dp-dfg-featured-image\" src=\"https:\/\/www.museuemporda.org\/wp-content\/uploads\/2020\/04\/Jaime-Luis-Sobiesky-pri\u0301ncipe-de-Polonia-250x250.jpg\" alt=\"Retrat de pr\u00edncep amb el Tois\u00f3\" width=\"250\" height=\"250\" data-ratio=\"1\"\/><\/a><\/figure><div class=\"dp-dfg-header entry-header\"><h2 class=\"entry-title\">Retrat de pr\u00edncep amb el Tois\u00f3<\/h2><\/div><div class=\"dp-dfg-custom-content\"><p class=\"dp-dfg-custom-field dp-dfg-cf-autors2\"><span class=\"dp-dfg-custom-field-value\">An\u00f2nim franc\u00e8s<\/span><\/p><\/div><\/article><!-- DPDFG End Post Item Container --><article id=\"post-8444\" class=\"dp-dfg-item post-8444 obres_autors type-obres_autors status-publish has-post-thumbnail hentry tecnica_especifica-oli-sobre-fusta autors-ramon-reig-corominas disciplina-pintura \"     data-position=\"741\"   data-new-tab=\"off\"   data-action-priority=\"item\"><figure class=\"dp-dfg-image entry-thumb\"><a href=\"https:\/\/www.museuemporda.org\/?obres_autors=pomes\" class=\"dp-dfg-image-link\" ><img loading=\"lazy\" decoding=\"async\" class=\"dp-dfg-featured-image\" src=\"https:\/\/www.museuemporda.org\/wp-content\/uploads\/2021\/09\/mE-756-250x250.jpg\" alt=\"Pomes\" width=\"250\" height=\"250\" data-ratio=\"1\"\/><\/a><\/figure><div class=\"dp-dfg-header entry-header\"><h2 class=\"entry-title\">Pomes<\/h2><\/div><div class=\"dp-dfg-custom-content\"><p class=\"dp-dfg-custom-field dp-dfg-cf-autors2\"><span class=\"dp-dfg-custom-field-value\">Ramon Reig Corominas<\/span><\/p><\/div><\/article><!-- DPDFG End Post Item Container --><article id=\"post-14311\" class=\"dp-dfg-item post-14311 obres_autors type-obres_autors status-publish has-post-thumbnail hentry tipus_tecniques-dibuix tecnica_especifica-impressio-digital autors-jordi-fenosa-tatay disciplina-dibuix \"     data-position=\"742\"   data-new-tab=\"off\"   data-action-priority=\"item\"><figure class=\"dp-dfg-image entry-thumb\"><a href=\"https:\/\/www.museuemporda.org\/?obres_autors=sense-titol-477\" class=\"dp-dfg-image-link\" ><img loading=\"lazy\" decoding=\"async\" class=\"dp-dfg-featured-image\" src=\"https:\/\/www.museuemporda.org\/wp-content\/uploads\/2023\/07\/ME2863-TATAY-250x250.jpg\" alt=\"Sense t\u00edtol\" width=\"250\" height=\"250\" data-ratio=\"1\"\/><\/a><\/figure><div class=\"dp-dfg-header entry-header\"><h2 class=\"entry-title\">Sense t\u00edtol<\/h2><\/div><div class=\"dp-dfg-custom-content\"><p class=\"dp-dfg-custom-field dp-dfg-cf-autors2\"><span class=\"dp-dfg-custom-field-value\">Jordi Fenosa Tatay<\/span><\/p><\/div><\/article><!-- DPDFG End Post Item Container --><article id=\"post-13711\" class=\"dp-dfg-item post-13711 obres_autors type-obres_autors status-publish has-post-thumbnail hentry tipus_tecniques-dibuix tecnica_especifica-tinta-sobre-paper autors-carme-sanglas-gispert disciplina-dibuix \"     data-position=\"743\"   data-new-tab=\"off\"   data-action-priority=\"item\"><figure class=\"dp-dfg-image entry-thumb\"><a href=\"https:\/\/www.museuemporda.org\/?obres_autors=sense-titol-201\" class=\"dp-dfg-image-link\" ><img loading=\"lazy\" decoding=\"async\" class=\"dp-dfg-featured-image\" src=\"https:\/\/www.museuemporda.org\/wp-content\/uploads\/2023\/06\/ME2563-SANGLAS09-250x250.jpg\" alt=\"Sense t\u00edtol\" width=\"250\" height=\"250\" data-ratio=\"1\"\/><\/a><\/figure><div class=\"dp-dfg-header entry-header\"><h2 class=\"entry-title\">Sense t\u00edtol<\/h2><\/div><div class=\"dp-dfg-custom-content\"><p class=\"dp-dfg-custom-field dp-dfg-cf-autors2\"><span class=\"dp-dfg-custom-field-value\">Carme Sanglas Gispert<\/span><\/p><\/div><\/article><!-- DPDFG End Post Item Container --><article id=\"post-13810\" class=\"dp-dfg-item post-13810 obres_autors type-obres_autors status-publish has-post-thumbnail hentry tipus_tecniques-dibuix tecnica_especifica-tinta-sobre-paper autors-lluis-puigbert disciplina-dibuix \"     data-position=\"744\"   data-new-tab=\"off\"   data-action-priority=\"item\"><figure class=\"dp-dfg-image entry-thumb\"><a href=\"https:\/\/www.museuemporda.org\/?obres_autors=sense-titol-249\" class=\"dp-dfg-image-link\" ><img loading=\"lazy\" decoding=\"async\" class=\"dp-dfg-featured-image\" src=\"https:\/\/www.museuemporda.org\/wp-content\/uploads\/2023\/06\/ME2611-SID03-250x249.jpg\" alt=\"Sense t\u00edtol\" width=\"250\" height=\"249\" data-ratio=\"0.996\"\/><\/a><\/figure><div class=\"dp-dfg-header entry-header\"><h2 class=\"entry-title\">Sense t\u00edtol<\/h2><\/div><div class=\"dp-dfg-custom-content\"><p class=\"dp-dfg-custom-field dp-dfg-cf-autors2\"><span class=\"dp-dfg-custom-field-value\">Llu\u00eds Puigbert<\/span><\/p><\/div><\/article><!-- DPDFG End Post Item Container --><article id=\"post-9889\" class=\"dp-dfg-item post-9889 obres_autors type-obres_autors status-publish has-post-thumbnail hentry tipus_tecniques-fotografia tecnica_especifica-fotografia autors-autoria-desconeguda disciplina-fotografia \"     data-position=\"745\"   data-new-tab=\"off\"   data-action-priority=\"item\"><figure class=\"dp-dfg-image entry-thumb\"><a href=\"https:\/\/www.museuemporda.org\/?obres_autors=sense-titol-36\" class=\"dp-dfg-image-link\" ><img loading=\"lazy\" decoding=\"async\" class=\"dp-dfg-featured-image\" src=\"https:\/\/www.museuemporda.org\/wp-content\/uploads\/2022\/01\/ME-2108_Jordi-Puig-2022-250x250.jpg\" alt=\"Sense t\u00edtol\" width=\"250\" height=\"250\" data-ratio=\"1\"\/><\/a><\/figure><div class=\"dp-dfg-header entry-header\"><h2 class=\"entry-title\">Sense t\u00edtol<\/h2><\/div><div class=\"dp-dfg-custom-content\"><p class=\"dp-dfg-custom-field dp-dfg-cf-autors2\"><span class=\"dp-dfg-custom-field-value\">Autoria desconeguda<\/span><\/p><\/div><\/article><!-- DPDFG End Post Item Container --><article id=\"post-5769\" class=\"dp-dfg-item post-5769 obres_autors type-obres_autors status-publish has-post-thumbnail hentry tecnica_especifica-oli-sobre-tela autors-jose-gonzalez-bande disciplina-pintura \"     data-position=\"746\"   data-new-tab=\"off\"   data-action-priority=\"item\"><figure class=\"dp-dfg-image entry-thumb\"><a href=\"https:\/\/www.museuemporda.org\/?obres_autors=lartista-malalt\" class=\"dp-dfg-image-link\" ><img loading=\"lazy\" decoding=\"async\" class=\"dp-dfg-featured-image\" src=\"https:\/\/www.museuemporda.org\/wp-content\/uploads\/2020\/04\/El-camino-de-la-gloria-arti\u0301stica-250x250.jpg\" alt=\"El cam\u00ed de la gl\u00f2ria art\u00edstica\" width=\"250\" height=\"250\" data-ratio=\"1\"\/><\/a><\/figure><div class=\"dp-dfg-header entry-header\"><h2 class=\"entry-title\">El cam\u00ed de la gl\u00f2ria art\u00edstica<\/h2><\/div><div class=\"dp-dfg-custom-content\"><p class=\"dp-dfg-custom-field dp-dfg-cf-autors2\"><span class=\"dp-dfg-custom-field-value\">Jos\u00e9 Gonz\u00e1lez Bande<\/span><\/p><\/div><\/article><!-- DPDFG End Post Item Container --><article id=\"post-14154\" class=\"dp-dfg-item post-14154 obres_autors type-obres_autors status-publish has-post-thumbnail hentry tipus_tecniques-obra-grafica tecnica_especifica-impressio-digital autors-leonard-beard disciplina-obra-grafic \"     data-position=\"747\"   data-new-tab=\"off\"   data-action-priority=\"item\"><figure class=\"dp-dfg-image entry-thumb\"><a href=\"https:\/\/www.museuemporda.org\/?obres_autors=sense-titol-404\" class=\"dp-dfg-image-link\" ><img loading=\"lazy\" decoding=\"async\" class=\"dp-dfg-featured-image\" src=\"https:\/\/www.museuemporda.org\/wp-content\/uploads\/2023\/07\/ME2769-LEO-250x250.jpg\" alt=\"Sense t\u00edtol\" width=\"250\" height=\"250\" data-ratio=\"1\"\/><\/a><\/figure><div class=\"dp-dfg-header entry-header\"><h2 class=\"entry-title\">Sense t\u00edtol<\/h2><\/div><div class=\"dp-dfg-custom-content\"><p class=\"dp-dfg-custom-field dp-dfg-cf-autors2\"><span class=\"dp-dfg-custom-field-value\">Leonard Beard<\/span><\/p><\/div><\/article><!-- DPDFG End Post Item Container --><article id=\"post-12068\" class=\"dp-dfg-item post-12068 obres_autors type-obres_autors status-publish has-post-thumbnail hentry tipus_tecniques-dibuix tecnica_especifica-dibuix-sobre-paper autors-roser-vilar-aymerich disciplina-dibuix \"     data-position=\"748\"   data-new-tab=\"off\"   data-action-priority=\"item\"><figure class=\"dp-dfg-image entry-thumb\"><a href=\"https:\/\/www.museuemporda.org\/?obres_autors=sense-titol-168\" class=\"dp-dfg-image-link\" ><img loading=\"lazy\" decoding=\"async\" class=\"dp-dfg-featured-image\" src=\"https:\/\/www.museuemporda.org\/wp-content\/uploads\/2022\/02\/mE-2276-250x250.jpg\" alt=\"Sense t\u00edtol\" width=\"250\" height=\"250\" data-ratio=\"1\"\/><\/a><\/figure><div class=\"dp-dfg-header entry-header\"><h2 class=\"entry-title\">Sense t\u00edtol<\/h2><\/div><div class=\"dp-dfg-custom-content\"><p class=\"dp-dfg-custom-field dp-dfg-cf-autors2\"><span class=\"dp-dfg-custom-field-value\">Roser Vilar Aymerich<\/span><\/p><\/div><\/article><!-- DPDFG End Post Item Container --><article id=\"post-10587\" class=\"dp-dfg-item post-10587 obres_autors type-obres_autors status-publish has-post-thumbnail hentry tipus_tecniques-dibuix tecnica_especifica-dibuix-sobre-paper autors-maria-llavanera-miralles disciplina-dibuix \"     data-position=\"749\"   data-new-tab=\"off\"   data-action-priority=\"item\"><figure class=\"dp-dfg-image entry-thumb\"><a href=\"https:\/\/www.museuemporda.org\/?obres_autors=sense-titol-85\" class=\"dp-dfg-image-link\" ><img loading=\"lazy\" decoding=\"async\" class=\"dp-dfg-featured-image\" src=\"https:\/\/www.museuemporda.org\/wp-content\/uploads\/2022\/02\/mE-2302-250x250.jpg\" alt=\"Sense t\u00edtol\" width=\"250\" height=\"250\" data-ratio=\"1\"\/><\/a><\/figure><div class=\"dp-dfg-header entry-header\"><h2 class=\"entry-title\">Sense t\u00edtol<\/h2><\/div><div class=\"dp-dfg-custom-content\"><p class=\"dp-dfg-custom-field dp-dfg-cf-autors2\"><span class=\"dp-dfg-custom-field-value\">Mari\u00e0 Llavanera Miralles <\/span><\/p><\/div><\/article><!-- DPDFG End Post Item Container --><article id=\"post-8377\" class=\"dp-dfg-item post-8377 obres_autors type-obres_autors status-publish has-post-thumbnail hentry tecnica_especifica-pintura-acrilica-sobre-tela autors-evarist-valles-rovira disciplina-pintura \"     data-position=\"750\"   data-new-tab=\"off\"   data-action-priority=\"item\"><figure class=\"dp-dfg-image entry-thumb\"><a href=\"https:\/\/www.museuemporda.org\/?obres_autors=composicio-blanca\" class=\"dp-dfg-image-link\" ><img loading=\"lazy\" decoding=\"async\" class=\"dp-dfg-featured-image\" src=\"https:\/\/www.museuemporda.org\/wp-content\/uploads\/2021\/08\/mE-1610-250x250.jpg\" alt=\"Composici\u00f3 Blanca\" width=\"250\" height=\"250\" data-ratio=\"1\"\/><\/a><\/figure><div class=\"dp-dfg-header entry-header\"><h2 class=\"entry-title\">Composici\u00f3 Blanca<\/h2><\/div><div class=\"dp-dfg-custom-content\"><p class=\"dp-dfg-custom-field dp-dfg-cf-autors2\"><span class=\"dp-dfg-custom-field-value\">Evarist Vall\u00e8s Rovira<\/span><\/p><\/div><\/article><!-- DPDFG End Post Item Container --><article id=\"post-10777\" class=\"dp-dfg-item post-10777 obres_autors type-obres_autors status-publish has-post-thumbnail hentry tipus_tecniques-dibuix tecnica_especifica-tecnica-mixta-sobre-paper autors-ricard-canals-llambi disciplina-dibuix \"     data-position=\"751\"   data-new-tab=\"off\"   data-action-priority=\"item\"><figure class=\"dp-dfg-image entry-thumb\"><a href=\"https:\/\/www.museuemporda.org\/?obres_autors=homes\" class=\"dp-dfg-image-link\" ><img loading=\"lazy\" decoding=\"async\" class=\"dp-dfg-featured-image\" src=\"https:\/\/www.museuemporda.org\/wp-content\/uploads\/2022\/02\/mE-1198-250x250.jpg\" alt=\"Homes\" width=\"250\" height=\"250\" data-ratio=\"1\"\/><\/a><\/figure><div class=\"dp-dfg-header entry-header\"><h2 class=\"entry-title\">Homes<\/h2><\/div><div class=\"dp-dfg-custom-content\"><p class=\"dp-dfg-custom-field dp-dfg-cf-autors2\"><span class=\"dp-dfg-custom-field-value\">Ricard Canals Llamb\u00ed<\/span><\/p><\/div><\/article><!-- DPDFG End Post Item Container --><article id=\"post-13873\" class=\"dp-dfg-item post-13873 obres_autors type-obres_autors status-publish has-post-thumbnail hentry tipus_tecniques-dibuix tecnica_especifica-impressio-digital autors-pep-claparols-i-moret disciplina-dibuix \"     data-position=\"752\"   data-new-tab=\"off\"   data-action-priority=\"item\"><figure class=\"dp-dfg-image entry-thumb\"><a href=\"https:\/\/www.museuemporda.org\/?obres_autors=sense-titol-276\" class=\"dp-dfg-image-link\" ><img loading=\"lazy\" decoding=\"async\" class=\"dp-dfg-featured-image\" src=\"https:\/\/www.museuemporda.org\/wp-content\/uploads\/2023\/06\/ME2638-PEP98-250x250.jpg\" alt=\"Sense t\u00edtol\" width=\"250\" height=\"250\" data-ratio=\"1\"\/><\/a><\/figure><div class=\"dp-dfg-header entry-header\"><h2 class=\"entry-title\">Sense t\u00edtol<\/h2><\/div><div class=\"dp-dfg-custom-content\"><p class=\"dp-dfg-custom-field dp-dfg-cf-autors2\"><span class=\"dp-dfg-custom-field-value\">Pep Claparols i Moret<\/span><\/p><\/div><\/article><!-- DPDFG End Post Item Container --><article id=\"post-8205\" class=\"dp-dfg-item post-8205 obres_autors type-obres_autors status-publish has-post-thumbnail hentry tecnica_especifica-llapis-carbo-sobre-paper autors-xavier-nogues-cases disciplina-dibuix \"     data-position=\"753\"   data-new-tab=\"off\"   data-action-priority=\"item\"><figure class=\"dp-dfg-image entry-thumb\"><a href=\"https:\/\/www.museuemporda.org\/?obres_autors=figura-femenina-2\" class=\"dp-dfg-image-link\" ><img loading=\"lazy\" decoding=\"async\" class=\"dp-dfg-featured-image\" src=\"https:\/\/www.museuemporda.org\/wp-content\/uploads\/2021\/08\/mE-1143-250x250.jpg\" alt=\"Figura femenina\" width=\"250\" height=\"250\" data-ratio=\"1\"\/><\/a><\/figure><div class=\"dp-dfg-header entry-header\"><h2 class=\"entry-title\">Figura femenina<\/h2><\/div><div class=\"dp-dfg-custom-content\"><p class=\"dp-dfg-custom-field dp-dfg-cf-autors2\"><span class=\"dp-dfg-custom-field-value\">Xavier Nogu\u00e9s Cases<\/span><\/p><\/div><\/article><!-- DPDFG End Post Item Container --><article id=\"post-14174\" class=\"dp-dfg-item post-14174 obres_autors type-obres_autors status-publish has-post-thumbnail hentry tipus_tecniques-obra-grafica tecnica_especifica-impressio-digital autors-joan-antoni-poch disciplina-obra-grafic \"     data-position=\"754\"   data-new-tab=\"off\"   data-action-priority=\"item\"><figure class=\"dp-dfg-image entry-thumb\"><a href=\"https:\/\/www.museuemporda.org\/?obres_autors=sense-titol-413\" class=\"dp-dfg-image-link\" ><img loading=\"lazy\" decoding=\"async\" class=\"dp-dfg-featured-image\" src=\"https:\/\/www.museuemporda.org\/wp-content\/uploads\/2023\/07\/ME2778-JAP-250x250.jpg\" alt=\"Sense t\u00edtol\" width=\"250\" height=\"250\" data-ratio=\"1\"\/><\/a><\/figure><div class=\"dp-dfg-header entry-header\"><h2 class=\"entry-title\">Sense t\u00edtol<\/h2><\/div><div class=\"dp-dfg-custom-content\"><p class=\"dp-dfg-custom-field dp-dfg-cf-autors2\"><span class=\"dp-dfg-custom-field-value\">Joan Antoni Poch<\/span><\/p><\/div><\/article><!-- DPDFG End Post Item Container --><article id=\"post-13961\" class=\"dp-dfg-item post-13961 obres_autors type-obres_autors status-publish has-post-thumbnail hentry tipus_tecniques-dibuix tecnica_especifica-impressio-digital autors-pep-claparols-i-moret disciplina-dibuix \"     data-position=\"755\"   data-new-tab=\"off\"   data-action-priority=\"item\"><figure class=\"dp-dfg-image entry-thumb\"><a href=\"https:\/\/www.museuemporda.org\/?obres_autors=sense-titol-318\" class=\"dp-dfg-image-link\" ><img loading=\"lazy\" decoding=\"async\" class=\"dp-dfg-featured-image\" src=\"https:\/\/www.museuemporda.org\/wp-content\/uploads\/2023\/06\/ME2680-PEP99-250x250.jpg\" alt=\"Sense t\u00edtol\" width=\"250\" height=\"250\" data-ratio=\"1\"\/><\/a><\/figure><div class=\"dp-dfg-header entry-header\"><h2 class=\"entry-title\">Sense t\u00edtol<\/h2><\/div><div class=\"dp-dfg-custom-content\"><p class=\"dp-dfg-custom-field dp-dfg-cf-autors2\"><span class=\"dp-dfg-custom-field-value\">Pep Claparols i Moret<\/span><\/p><\/div><\/article><!-- DPDFG End Post Item Container --><article id=\"post-9478\" class=\"dp-dfg-item post-9478 obres_autors type-obres_autors status-publish has-post-thumbnail hentry tipus_tecniques-aiguafort tecnica_especifica-aiguafort-amb-vernis-tou autors-josep-bonaterra-gras disciplina-obra-grafic \"     data-position=\"756\"   data-new-tab=\"off\"   data-action-priority=\"item\"><figure class=\"dp-dfg-image entry-thumb\"><a href=\"https:\/\/www.museuemporda.org\/?obres_autors=paisatge-35\" class=\"dp-dfg-image-link\" ><img loading=\"lazy\" decoding=\"async\" class=\"dp-dfg-featured-image\" src=\"https:\/\/www.museuemporda.org\/wp-content\/uploads\/2022\/01\/mE-1450-250x250.jpg\" alt=\"Paisatge\" width=\"250\" height=\"250\" data-ratio=\"1\"\/><\/a><\/figure><div class=\"dp-dfg-header entry-header\"><h2 class=\"entry-title\">Paisatge<\/h2><\/div><div class=\"dp-dfg-custom-content\"><p class=\"dp-dfg-custom-field dp-dfg-cf-autors2\"><span class=\"dp-dfg-custom-field-value\">Josep Bonaterra Gras<\/span><\/p><\/div><\/article><!-- DPDFG End Post Item Container --><article id=\"post-10749\" class=\"dp-dfg-item post-10749 obres_autors type-obres_autors status-publish has-post-thumbnail hentry tipus_tecniques-pintura tecnica_especifica-aquarella-sobre-paper autors-josep-berga-boix disciplina-pintura \"     data-position=\"757\"   data-new-tab=\"off\"   data-action-priority=\"item\"><figure class=\"dp-dfg-image entry-thumb\"><a href=\"https:\/\/www.museuemporda.org\/?obres_autors=mare-de-deu-del-mont\" class=\"dp-dfg-image-link\" ><img loading=\"lazy\" decoding=\"async\" class=\"dp-dfg-featured-image\" src=\"https:\/\/www.museuemporda.org\/wp-content\/uploads\/2022\/02\/mE-1148-250x250.jpg\" alt=\"Mare de D\u00e9u del Mont\" width=\"250\" height=\"250\" data-ratio=\"1\"\/><\/a><\/figure><div class=\"dp-dfg-header entry-header\"><h2 class=\"entry-title\">Mare de D\u00e9u del Mont<\/h2><\/div><div class=\"dp-dfg-custom-content\"><p class=\"dp-dfg-custom-field dp-dfg-cf-autors2\"><span class=\"dp-dfg-custom-field-value\">Josep Berga Boix<\/span><\/p><\/div><\/article><!-- DPDFG End Post Item Container --><article id=\"post-14049\" class=\"dp-dfg-item post-14049 obres_autors type-obres_autors status-publish has-post-thumbnail hentry tipus_tecniques-dibuix tecnica_especifica-tinta-sobre-paper autors-pep-claparols-i-moret disciplina-dibuix \"     data-position=\"758\"   data-new-tab=\"off\"   data-action-priority=\"item\"><figure class=\"dp-dfg-image entry-thumb\"><a href=\"https:\/\/www.museuemporda.org\/?obres_autors=sense-titol-359\" class=\"dp-dfg-image-link\" ><img loading=\"lazy\" decoding=\"async\" class=\"dp-dfg-featured-image\" src=\"https:\/\/www.museuemporda.org\/wp-content\/uploads\/2023\/06\/ME2721-PEP-250x250.jpg\" alt=\"Sense t\u00edtol\" width=\"250\" height=\"250\" data-ratio=\"1\"\/><\/a><\/figure><div class=\"dp-dfg-header entry-header\"><h2 class=\"entry-title\">Sense t\u00edtol<\/h2><\/div><div class=\"dp-dfg-custom-content\"><p class=\"dp-dfg-custom-field dp-dfg-cf-autors2\"><span class=\"dp-dfg-custom-field-value\">Pep Claparols i Moret<\/span><\/p><\/div><\/article><!-- DPDFG End Post Item Container --><article id=\"post-11936\" class=\"dp-dfg-item post-11936 obres_autors type-obres_autors status-publish has-post-thumbnail hentry tipus_tecniques-pintura tecnica_especifica-aquarella-sobre-paper autors-gumersindo-sainz-de-morales disciplina-pintura \"     data-position=\"759\"   data-new-tab=\"off\"   data-action-priority=\"item\"><figure class=\"dp-dfg-image entry-thumb\"><a href=\"https:\/\/www.museuemporda.org\/?obres_autors=carrer-3\" class=\"dp-dfg-image-link\" ><img loading=\"lazy\" decoding=\"async\" class=\"dp-dfg-featured-image\" src=\"https:\/\/www.museuemporda.org\/wp-content\/uploads\/2022\/02\/mE-1089-250x250.jpg\" alt=\"Carrer\" width=\"250\" height=\"250\" data-ratio=\"1\"\/><\/a><\/figure><div class=\"dp-dfg-header entry-header\"><h2 class=\"entry-title\">Carrer<\/h2><\/div><div class=\"dp-dfg-custom-content\"><p class=\"dp-dfg-custom-field dp-dfg-cf-autors2\"><span class=\"dp-dfg-custom-field-value\">Gumersindo Sainz de Morales<\/span><\/p><\/div><\/article><!-- DPDFG End Post Item Container --><article id=\"post-1360\" class=\"dp-dfg-item post-1360 obres_autors type-obres_autors status-publish has-post-thumbnail hentry autors-avelli-artis-gener disciplina-pintura \"     data-position=\"760\"   data-new-tab=\"off\"   data-action-priority=\"item\"><figure class=\"dp-dfg-image entry-thumb\"><a href=\"https:\/\/www.museuemporda.org\/?obres_autors=mercat-de-tianguis\" class=\"dp-dfg-image-link\" ><img loading=\"lazy\" decoding=\"async\" class=\"dp-dfg-featured-image\" src=\"https:\/\/www.museuemporda.org\/wp-content\/uploads\/2020\/04\/mE-1360-scaled-1-250x250.jpg\" alt=\"Mercat de Tianguis\" width=\"250\" height=\"250\" data-ratio=\"1\"\/><\/a><\/figure><div class=\"dp-dfg-header entry-header\"><h2 class=\"entry-title\">Mercat de Tianguis<\/h2><\/div><div class=\"dp-dfg-custom-content\"><p class=\"dp-dfg-custom-field dp-dfg-cf-autors2\"><span class=\"dp-dfg-custom-field-value\">Avel\u00b7l\u00ed Art\u00eds Gener<\/span><\/p><\/div><\/article><!-- DPDFG End Post Item Container --><article id=\"post-10850\" class=\"dp-dfg-item post-10850 obres_autors type-obres_autors status-publish has-post-thumbnail hentry tipus_tecniques-dibuix tecnica_especifica-llapis-carbo-sobre-paper autors-josep-lluis-pellicer-fenye disciplina-dibuix \"     data-position=\"761\"   data-new-tab=\"off\"   data-action-priority=\"item\"><figure class=\"dp-dfg-image entry-thumb\"><a href=\"https:\/\/www.museuemporda.org\/?obres_autors=viatge-per-lemporda-castello\" class=\"dp-dfg-image-link\" ><img loading=\"lazy\" decoding=\"async\" class=\"dp-dfg-featured-image\" src=\"https:\/\/www.museuemporda.org\/wp-content\/uploads\/2022\/02\/mE-1550-250x250.jpg\" alt=\"Viatge per l&#8217;Empord\u00e0: Castell\u00f3\" width=\"250\" height=\"250\" data-ratio=\"1\"\/><\/a><\/figure><div class=\"dp-dfg-header entry-header\"><h2 class=\"entry-title\">Viatge per l&#8217;Empord\u00e0: Castell\u00f3<\/h2><\/div><div class=\"dp-dfg-custom-content\"><p class=\"dp-dfg-custom-field dp-dfg-cf-autors2\"><span class=\"dp-dfg-custom-field-value\">Josep Llu\u00eds Pellicer Feny\u00e9<\/span><\/p><\/div><\/article><!-- DPDFG End Post Item Container --><article id=\"post-1329\" class=\"dp-dfg-item post-1329 obres_autors type-obres_autors status-publish has-post-thumbnail hentry autors-josep-narro \"     data-position=\"762\"   data-new-tab=\"off\"   data-action-priority=\"item\"><figure class=\"dp-dfg-image entry-thumb\"><a href=\"https:\/\/www.museuemporda.org\/?obres_autors=el-crimen-de-cuenca\" class=\"dp-dfg-image-link\" ><img loading=\"lazy\" decoding=\"async\" class=\"dp-dfg-featured-image\" src=\"https:\/\/www.museuemporda.org\/wp-content\/uploads\/2020\/04\/mE-1329-scaled-1-250x250.jpg\" alt=\"El crimen de Cuenca\" width=\"250\" height=\"250\" data-ratio=\"1\"\/><\/a><\/figure><div class=\"dp-dfg-header entry-header\"><h2 class=\"entry-title\">El crimen de Cuenca<\/h2><\/div><div class=\"dp-dfg-custom-content\"><p class=\"dp-dfg-custom-field dp-dfg-cf-autors2\"><span class=\"dp-dfg-custom-field-value\">Josep Narro<\/span><\/p><\/div><\/article><!-- DPDFG End Post Item Container --><article id=\"post-14125\" class=\"dp-dfg-item post-14125 obres_autors type-obres_autors status-publish has-post-thumbnail hentry tipus_tecniques-obra-grafica tecnica_especifica-impressio-digital autors-miquel-sanchez disciplina-obra-grafic \"     data-position=\"763\"   data-new-tab=\"off\"   data-action-priority=\"item\"><figure class=\"dp-dfg-image entry-thumb\"><a href=\"https:\/\/www.museuemporda.org\/?obres_autors=sense-titol-391\" class=\"dp-dfg-image-link\" ><img loading=\"lazy\" decoding=\"async\" class=\"dp-dfg-featured-image\" src=\"https:\/\/www.museuemporda.org\/wp-content\/uploads\/2023\/07\/ME2756-SANCHEZ-250x223.jpg\" alt=\"Sense t\u00edtol\" width=\"250\" height=\"223\" data-ratio=\"0.892\"\/><\/a><\/figure><div class=\"dp-dfg-header entry-header\"><h2 class=\"entry-title\">Sense t\u00edtol<\/h2><\/div><div class=\"dp-dfg-custom-content\"><p class=\"dp-dfg-custom-field dp-dfg-cf-autors2\"><span class=\"dp-dfg-custom-field-value\">Miquel Sanchez<\/span><\/p><\/div><\/article><!-- DPDFG End Post Item Container --><article id=\"post-9521\" class=\"dp-dfg-item post-9521 obres_autors type-obres_autors status-publish has-post-thumbnail hentry tipus_tecniques-dibuix autors-felix-mestres-borrell disciplina-dibuix \"     data-position=\"764\"   data-new-tab=\"off\"   data-action-priority=\"item\"><figure class=\"dp-dfg-image entry-thumb\"><a href=\"https:\/\/www.museuemporda.org\/?obres_autors=retrat-de-marti-mestres-notari-de-figueres\" class=\"dp-dfg-image-link\" ><img loading=\"lazy\" decoding=\"async\" class=\"dp-dfg-featured-image\" src=\"https:\/\/www.museuemporda.org\/wp-content\/uploads\/2022\/01\/mE-1688-250x250.jpg\" alt=\"Retrat de Mart\u00ed Mestres, notari de Figueres\" width=\"250\" height=\"250\" data-ratio=\"1\"\/><\/a><\/figure><div class=\"dp-dfg-header entry-header\"><h2 class=\"entry-title\">Retrat de Mart\u00ed Mestres, notari de Figueres<\/h2><\/div><div class=\"dp-dfg-custom-content\"><p class=\"dp-dfg-custom-field dp-dfg-cf-autors2\"><span class=\"dp-dfg-custom-field-value\">F\u00e8lix Mestres Borrell<\/span><\/p><\/div><\/article><!-- DPDFG End Post Item Container --><article id=\"post-10312\" class=\"dp-dfg-item post-10312 obres_autors type-obres_autors status-publish has-post-thumbnail hentry tipus_tecniques-pintura tecnica_especifica-oli-sobre-tela autors-pere-bech-sudria disciplina-pintura \"     data-position=\"765\"   data-new-tab=\"off\"   data-action-priority=\"item\"><figure class=\"dp-dfg-image entry-thumb\"><a href=\"https:\/\/www.museuemporda.org\/?obres_autors=paisatge-54\" class=\"dp-dfg-image-link\" ><img loading=\"lazy\" decoding=\"async\" class=\"dp-dfg-featured-image\" src=\"https:\/\/www.museuemporda.org\/wp-content\/uploads\/2022\/01\/mE-2226-250x250.jpg\" alt=\"Paisatge\" width=\"250\" height=\"250\" data-ratio=\"1\"\/><\/a><\/figure><div class=\"dp-dfg-header entry-header\"><h2 class=\"entry-title\">Paisatge<\/h2><\/div><div class=\"dp-dfg-custom-content\"><p class=\"dp-dfg-custom-field dp-dfg-cf-autors2\"><span class=\"dp-dfg-custom-field-value\">Pere Bech Sudri\u00e0<\/span><\/p><\/div><\/article><!-- DPDFG End Post Item Container --><article id=\"post-10912\" class=\"dp-dfg-item post-10912 obres_autors type-obres_autors status-publish has-post-thumbnail hentry tipus_tecniques-pintura tecnica_especifica-aquarella autors-sebastia-agell-sastre disciplina-pintura \"     data-position=\"766\"   data-new-tab=\"off\"   data-action-priority=\"item\"><figure class=\"dp-dfg-image entry-thumb\"><a href=\"https:\/\/www.museuemporda.org\/?obres_autors=reflexes\" class=\"dp-dfg-image-link\" ><img loading=\"lazy\" decoding=\"async\" class=\"dp-dfg-featured-image\" src=\"https:\/\/www.museuemporda.org\/wp-content\/uploads\/2022\/02\/mE-1686-250x250.jpg\" alt=\"Reflexes\" width=\"250\" height=\"250\" data-ratio=\"1\"\/><\/a><\/figure><div class=\"dp-dfg-header entry-header\"><h2 class=\"entry-title\">Reflexes<\/h2><\/div><div class=\"dp-dfg-custom-content\"><p class=\"dp-dfg-custom-field dp-dfg-cf-autors2\"><span class=\"dp-dfg-custom-field-value\">Sebasti\u00e0 Agell Sastre <\/span><\/p><\/div><\/article><!-- DPDFG End Post Item Container --><article id=\"post-11247\" class=\"dp-dfg-item post-11247 obres_autors type-obres_autors status-publish has-post-thumbnail hentry tipus_tecniques-dibuix tecnica_especifica-tecnica-mixta-sobre-paper autors-joan-commeleran-carrera disciplina-dibuix \"     data-position=\"767\"   data-new-tab=\"off\"   data-action-priority=\"item\"><figure class=\"dp-dfg-image entry-thumb\"><a href=\"https:\/\/www.museuemporda.org\/?obres_autors=san-ferminada\" class=\"dp-dfg-image-link\" ><img loading=\"lazy\" decoding=\"async\" class=\"dp-dfg-featured-image\" src=\"https:\/\/www.museuemporda.org\/wp-content\/uploads\/2022\/02\/mE-1189-250x250.jpg\" alt=\"San Ferminada\" width=\"250\" height=\"250\" data-ratio=\"1\"\/><\/a><\/figure><div class=\"dp-dfg-header entry-header\"><h2 class=\"entry-title\">San Ferminada<\/h2><\/div><div class=\"dp-dfg-custom-content\"><p class=\"dp-dfg-custom-field dp-dfg-cf-autors2\"><span class=\"dp-dfg-custom-field-value\">Joan Commeleran Carrera<\/span><\/p><\/div><\/article><!-- DPDFG End Post Item Container --><article id=\"post-11754\" class=\"dp-dfg-item post-11754 obres_autors type-obres_autors status-publish has-post-thumbnail hentry tipus_tecniques-pintura tecnica_especifica-aquarella autors-llucia-navarro-rodon disciplina-pintura \"     data-position=\"768\"   data-new-tab=\"off\"   data-action-priority=\"item\"><figure class=\"dp-dfg-image entry-thumb\"><a href=\"https:\/\/www.museuemporda.org\/?obres_autors=carrer-2\" class=\"dp-dfg-image-link\" ><img loading=\"lazy\" decoding=\"async\" class=\"dp-dfg-featured-image\" src=\"https:\/\/www.museuemporda.org\/wp-content\/uploads\/2022\/02\/mE-1084-250x250.jpg\" alt=\"Carrer\" width=\"250\" height=\"250\" data-ratio=\"1\"\/><\/a><\/figure><div class=\"dp-dfg-header entry-header\"><h2 class=\"entry-title\">Carrer<\/h2><\/div><div class=\"dp-dfg-custom-content\"><p class=\"dp-dfg-custom-field dp-dfg-cf-autors2\"><span class=\"dp-dfg-custom-field-value\">Lluci\u00e0 Navarro Rod\u00f3n<\/span><\/p><\/div><\/article><!-- DPDFG End Post Item Container --><article id=\"post-9190\" class=\"dp-dfg-item post-9190 obres_autors type-obres_autors status-publish has-post-thumbnail hentry tipus_tecniques-bronze autors-autoria-desconeguda disciplina-arqueologia \"     data-position=\"769\"   data-new-tab=\"off\"   data-action-priority=\"item\"><figure class=\"dp-dfg-image entry-thumb\"><a href=\"https:\/\/www.museuemporda.org\/?obres_autors=anell-2\" class=\"dp-dfg-image-link\" ><img loading=\"lazy\" decoding=\"async\" class=\"dp-dfg-featured-image\" src=\"https:\/\/www.museuemporda.org\/wp-content\/uploads\/2021\/11\/mE-147-250x250.jpg\" alt=\"Anell\" width=\"250\" height=\"250\" data-ratio=\"1\"\/><\/a><\/figure><div class=\"dp-dfg-header entry-header\"><h2 class=\"entry-title\">Anell<\/h2><\/div><div class=\"dp-dfg-custom-content\"><p class=\"dp-dfg-custom-field dp-dfg-cf-autors2\"><span class=\"dp-dfg-custom-field-value\">Autoria desconeguda<\/span><\/p><\/div><\/article><!-- DPDFG End Post Item Container --><article id=\"post-11125\" class=\"dp-dfg-item post-11125 obres_autors type-obres_autors status-publish has-post-thumbnail hentry tipus_tecniques-dibuix tecnica_especifica-dibuix-sobre-paper autors-juan-bonilla disciplina-dibuix \"     data-position=\"770\"   data-new-tab=\"off\"   data-action-priority=\"item\"><figure class=\"dp-dfg-image entry-thumb\"><a href=\"https:\/\/www.museuemporda.org\/?obres_autors=sense-titol-107\" class=\"dp-dfg-image-link\" ><img loading=\"lazy\" decoding=\"async\" class=\"dp-dfg-featured-image\" src=\"https:\/\/www.museuemporda.org\/wp-content\/uploads\/2022\/02\/mE-2006-250x250.jpg\" alt=\"Sense t\u00edtol\" width=\"250\" height=\"250\" data-ratio=\"1\"\/><\/a><\/figure><div class=\"dp-dfg-header entry-header\"><h2 class=\"entry-title\">Sense t\u00edtol<\/h2><\/div><div class=\"dp-dfg-custom-content\"><p class=\"dp-dfg-custom-field dp-dfg-cf-autors2\"><span class=\"dp-dfg-custom-field-value\">Juan Bonilla<\/span><\/p><\/div><\/article><!-- DPDFG End Post Item Container --><article id=\"post-8135\" class=\"dp-dfg-item post-8135 obres_autors type-obres_autors status-publish has-post-thumbnail hentry autors-joan-borrell-nicolau disciplina-escultura \"     data-position=\"771\"   data-new-tab=\"off\"   data-action-priority=\"item\"><figure class=\"dp-dfg-image entry-thumb\"><a href=\"https:\/\/www.museuemporda.org\/?obres_autors=bust-de-maria-merce-vinas-fabrega\" class=\"dp-dfg-image-link\" ><img loading=\"lazy\" decoding=\"async\" class=\"dp-dfg-featured-image\" src=\"https:\/\/www.museuemporda.org\/wp-content\/uploads\/2021\/08\/mE-747-250x250.jpg\" alt=\"Bust de Maria Merc\u00e8 Vi\u00f1as F\u00e0brega\" width=\"250\" height=\"250\" data-ratio=\"1\"\/><\/a><\/figure><div class=\"dp-dfg-header entry-header\"><h2 class=\"entry-title\">Bust de Maria Merc\u00e8 Vi\u00f1as F\u00e0brega<\/h2><\/div><div class=\"dp-dfg-custom-content\"><p class=\"dp-dfg-custom-field dp-dfg-cf-autors2\"><span class=\"dp-dfg-custom-field-value\">Joan Borrell Nicolau<\/span><\/p><\/div><\/article><!-- DPDFG End Post Item Container --><article id=\"post-10707\" class=\"dp-dfg-item post-10707 obres_autors type-obres_autors status-publish has-post-thumbnail hentry tipus_tecniques-pintura tecnica_especifica-oli-sobre-fusta autors-marti-vives disciplina-pintura \"     data-position=\"772\"   data-new-tab=\"off\"   data-action-priority=\"item\"><figure class=\"dp-dfg-image entry-thumb\"><a href=\"https:\/\/www.museuemporda.org\/?obres_autors=la-glaciere\" class=\"dp-dfg-image-link\" ><img loading=\"lazy\" decoding=\"async\" class=\"dp-dfg-featured-image\" src=\"https:\/\/www.museuemporda.org\/wp-content\/uploads\/2022\/02\/mE-1080-250x250.jpg\" alt=\"La Glaci\u00e8re\" width=\"250\" height=\"250\" data-ratio=\"1\"\/><\/a><\/figure><div class=\"dp-dfg-header entry-header\"><h2 class=\"entry-title\">La Glaci\u00e8re<\/h2><\/div><div class=\"dp-dfg-custom-content\"><p class=\"dp-dfg-custom-field dp-dfg-cf-autors2\"><span class=\"dp-dfg-custom-field-value\">Mart\u00ed Viv\u00e8s<\/span><\/p><\/div><\/article><!-- DPDFG End Post Item Container --><article id=\"post-9728\" class=\"dp-dfg-item post-9728 obres_autors type-obres_autors status-publish has-post-thumbnail hentry tipus_tecniques-fotografia tecnica_especifica-fotografia autors-joaquim-fort-de-ribot disciplina-fotografia \"     data-position=\"773\"   data-new-tab=\"off\"   data-action-priority=\"item\"><figure class=\"dp-dfg-image entry-thumb\"><a href=\"https:\/\/www.museuemporda.org\/?obres_autors=processo-de-la-verge-fatima\" class=\"dp-dfg-image-link\" ><img loading=\"lazy\" decoding=\"async\" class=\"dp-dfg-featured-image\" src=\"https:\/\/www.museuemporda.org\/wp-content\/uploads\/2022\/01\/mE-2453-250x250.jpg\" alt=\"Process\u00f3 de la verge F\u00e0tima\" width=\"250\" height=\"250\" data-ratio=\"1\"\/><\/a><\/figure><div class=\"dp-dfg-header entry-header\"><h2 class=\"entry-title\">Process\u00f3 de la verge F\u00e0tima<\/h2><\/div><div class=\"dp-dfg-custom-content\"><p class=\"dp-dfg-custom-field dp-dfg-cf-autors2\"><span class=\"dp-dfg-custom-field-value\">Joaquim Fort de Ribot<\/span><\/p><\/div><\/article><!-- DPDFG End Post Item Container --><article id=\"post-11304\" class=\"dp-dfg-item post-11304 obres_autors type-obres_autors status-publish has-post-thumbnail hentry tipus_tecniques-obra-grafica tecnica_especifica-serigrafia autors-rita-donagh disciplina-obra-grafic \"     data-position=\"774\"   data-new-tab=\"off\"   data-action-priority=\"item\"><figure class=\"dp-dfg-image entry-thumb\"><a href=\"https:\/\/www.museuemporda.org\/?obres_autors=duration-and-extent-de-la-carpeta-cadaques-portfolio-one\" class=\"dp-dfg-image-link\" ><img loading=\"lazy\" decoding=\"async\" class=\"dp-dfg-featured-image\" src=\"https:\/\/www.museuemporda.org\/wp-content\/uploads\/2022\/02\/mE-1507-250x250.jpg\" alt=\"&#8216;Duration and extent&#8217;, de la carpeta &#8216;Cadaqu\u00e9s Portfolio One&#8217;\" width=\"250\" height=\"250\" data-ratio=\"1\"\/><\/a><\/figure><div class=\"dp-dfg-header entry-header\"><h2 class=\"entry-title\">&#8216;Duration and extent&#8217;, de la carpeta &#8216;Cadaqu\u00e9s Portfolio One&#8217;<\/h2><\/div><div class=\"dp-dfg-custom-content\"><p class=\"dp-dfg-custom-field dp-dfg-cf-autors2\"><span class=\"dp-dfg-custom-field-value\">Rita Donagh<\/span><\/p><\/div><\/article><!-- DPDFG End Post Item Container --><article id=\"post-14379\" class=\"dp-dfg-item post-14379 obres_autors type-obres_autors status-publish has-post-thumbnail hentry tipus_tecniques-fotografia tecnica_especifica-impressio-digital tecnica_especifica-tinta-sobre-paper autors-joan-rabascall disciplina-fotografia \"     data-position=\"775\"   data-new-tab=\"off\"   data-action-priority=\"item\"><figure class=\"dp-dfg-image entry-thumb\"><a href=\"https:\/\/www.museuemporda.org\/?obres_autors=costa-brava-30-anys\" class=\"dp-dfg-image-link\" ><img loading=\"lazy\" decoding=\"async\" class=\"dp-dfg-featured-image\" src=\"https:\/\/www.museuemporda.org\/wp-content\/uploads\/2023\/07\/ME2896-ANVERS-250x250.jpg\" alt=\"Costa Brava 30 anys\" width=\"250\" height=\"250\" data-ratio=\"1\"\/><\/a><\/figure><div class=\"dp-dfg-header entry-header\"><h2 class=\"entry-title\">Costa Brava 30 anys<\/h2><\/div><div class=\"dp-dfg-custom-content\"><p class=\"dp-dfg-custom-field dp-dfg-cf-autors2\"><span class=\"dp-dfg-custom-field-value\">Joan Rabascall<\/span><\/p><\/div><\/article><!-- DPDFG End Post Item Container --><article id=\"post-11330\" class=\"dp-dfg-item post-11330 obres_autors type-obres_autors status-publish has-post-thumbnail hentry tipus_tecniques-pintura tecnica_especifica-aquarella-sobre-paper autors-josep-maria-fabregas-ferrando disciplina-pintura \"     data-position=\"776\"   data-new-tab=\"off\"   data-action-priority=\"item\"><figure class=\"dp-dfg-image entry-thumb\"><a href=\"https:\/\/www.museuemporda.org\/?obres_autors=paisatge-nevat\" class=\"dp-dfg-image-link\" ><img loading=\"lazy\" decoding=\"async\" class=\"dp-dfg-featured-image\" src=\"https:\/\/www.museuemporda.org\/wp-content\/uploads\/2022\/02\/mE-1094-250x250.jpg\" alt=\"Paisatge nevat\" width=\"250\" height=\"250\" data-ratio=\"1\"\/><\/a><\/figure><div class=\"dp-dfg-header entry-header\"><h2 class=\"entry-title\">Paisatge nevat<\/h2><\/div><div class=\"dp-dfg-custom-content\"><p class=\"dp-dfg-custom-field dp-dfg-cf-autors2\"><span class=\"dp-dfg-custom-field-value\">Josep Maria F\u00e0bregas Ferrando<\/span><\/p><\/div><\/article><!-- DPDFG End Post Item Container --><article id=\"post-14343\" class=\"dp-dfg-item post-14343 obres_autors type-obres_autors status-publish has-post-thumbnail hentry tipus_tecniques-dibuix tecnica_especifica-impressio-digital autors-jordi-fenosa-tatay disciplina-dibuix \"     data-position=\"777\"   data-new-tab=\"off\"   data-action-priority=\"item\"><figure class=\"dp-dfg-image entry-thumb\"><a href=\"https:\/\/www.museuemporda.org\/?obres_autors=sense-titol-493\" class=\"dp-dfg-image-link\" ><img loading=\"lazy\" decoding=\"async\" class=\"dp-dfg-featured-image\" src=\"https:\/\/www.museuemporda.org\/wp-content\/uploads\/2023\/07\/ME2879-TATAY-250x250.jpg\" alt=\"Sense t\u00edtol\" width=\"250\" height=\"250\" data-ratio=\"1\"\/><\/a><\/figure><div class=\"dp-dfg-header entry-header\"><h2 class=\"entry-title\">Sense t\u00edtol<\/h2><\/div><div class=\"dp-dfg-custom-content\"><p class=\"dp-dfg-custom-field dp-dfg-cf-autors2\"><span class=\"dp-dfg-custom-field-value\">Jordi Fenosa Tatay<\/span><\/p><\/div><\/article><!-- DPDFG End Post Item Container --><article id=\"post-11867\" class=\"dp-dfg-item post-11867 obres_autors type-obres_autors status-publish has-post-thumbnail hentry tipus_tecniques-pintura tecnica_especifica-oli-sobre-tela autors-joan-baptista-porcar-ripolles disciplina-pintura \"     data-position=\"778\"   data-new-tab=\"off\"   data-action-priority=\"item\"><figure class=\"dp-dfg-image entry-thumb\"><a href=\"https:\/\/www.museuemporda.org\/?obres_autors=estacio-del-grao\" class=\"dp-dfg-image-link\" ><img loading=\"lazy\" decoding=\"async\" class=\"dp-dfg-featured-image\" src=\"https:\/\/www.museuemporda.org\/wp-content\/uploads\/2022\/02\/mE-1168-250x250.jpg\" alt=\"Estaci\u00f3 del grao\" width=\"250\" height=\"250\" data-ratio=\"1\"\/><\/a><\/figure><div class=\"dp-dfg-header entry-header\"><h2 class=\"entry-title\">Estaci\u00f3 del grao<\/h2><\/div><div class=\"dp-dfg-custom-content\"><p class=\"dp-dfg-custom-field dp-dfg-cf-autors2\"><span class=\"dp-dfg-custom-field-value\">Joan Baptista Porcar Ripoll\u00e9s<\/span><\/p><\/div><\/article><!-- DPDFG End Post Item Container --><article id=\"post-11265\" class=\"dp-dfg-item post-11265 obres_autors type-obres_autors status-publish has-post-thumbnail hentry tipus_tecniques-pintura tecnica_especifica-oli-sobre-tela autors-josep-costa-sobrepera disciplina-pintura \"     data-position=\"779\"   data-new-tab=\"off\"   data-action-priority=\"item\"><figure class=\"dp-dfg-image entry-thumb\"><a href=\"https:\/\/www.museuemporda.org\/?obres_autors=cadaques-2\" class=\"dp-dfg-image-link\" ><img loading=\"lazy\" decoding=\"async\" class=\"dp-dfg-featured-image\" src=\"https:\/\/www.museuemporda.org\/wp-content\/uploads\/2022\/02\/mE-1876-250x250.jpg\" alt=\"Cadaqu\u00e9s\" width=\"250\" height=\"250\" data-ratio=\"1\"\/><\/a><\/figure><div class=\"dp-dfg-header entry-header\"><h2 class=\"entry-title\">Cadaqu\u00e9s<\/h2><\/div><div class=\"dp-dfg-custom-content\"><p class=\"dp-dfg-custom-field dp-dfg-cf-autors2\"><span class=\"dp-dfg-custom-field-value\">Josep Costa Sobrepera<\/span><\/p><\/div><\/article><!-- DPDFG End Post Item Container --><article id=\"post-9470\" class=\"dp-dfg-item post-9470 obres_autors type-obres_autors status-publish has-post-thumbnail hentry tipus_tecniques-pintura tecnica_especifica-oli-sobre-tela autors-josep-blanquet-taberner disciplina-pintura \"     data-position=\"780\"   data-new-tab=\"off\"   data-action-priority=\"item\"><figure class=\"dp-dfg-image entry-thumb\"><a href=\"https:\/\/www.museuemporda.org\/?obres_autors=mercat-dels-porcs\" class=\"dp-dfg-image-link\" ><img loading=\"lazy\" decoding=\"async\" class=\"dp-dfg-featured-image\" src=\"https:\/\/www.museuemporda.org\/wp-content\/uploads\/2022\/01\/mE-2126-250x250.jpg\" alt=\"Mercat dels porcs\" width=\"250\" height=\"250\" data-ratio=\"1\"\/><\/a><\/figure><div class=\"dp-dfg-header entry-header\"><h2 class=\"entry-title\">Mercat dels porcs<\/h2><\/div><div class=\"dp-dfg-custom-content\"><p class=\"dp-dfg-custom-field dp-dfg-cf-autors2\"><span class=\"dp-dfg-custom-field-value\">Josep Blanquet Taberner<\/span><\/p><\/div><\/article><!-- DPDFG End Post Item Container --><article id=\"post-10934\" class=\"dp-dfg-item post-10934 obres_autors type-obres_autors status-publish has-post-thumbnail hentry tipus_tecniques-obra-grafica tecnica_especifica-serigrafia autors-lluis-alabern disciplina-obra-grafic \"     data-position=\"781\"   data-new-tab=\"off\"   data-action-priority=\"item\"><figure class=\"dp-dfg-image entry-thumb\"><a href=\"https:\/\/www.museuemporda.org\/?obres_autors=sense-titol-96\" class=\"dp-dfg-image-link\" ><img loading=\"lazy\" decoding=\"async\" class=\"dp-dfg-featured-image\" src=\"https:\/\/www.museuemporda.org\/wp-content\/uploads\/2022\/02\/mE-2370-rotated-e1648810285369-250x250.jpg\" alt=\"Sense t\u00edtol\" width=\"250\" height=\"250\" data-ratio=\"1\"\/><\/a><\/figure><div class=\"dp-dfg-header entry-header\"><h2 class=\"entry-title\">Sense t\u00edtol<\/h2><\/div><div class=\"dp-dfg-custom-content\"><p class=\"dp-dfg-custom-field dp-dfg-cf-autors2\"><span class=\"dp-dfg-custom-field-value\">Llu\u00eds Alabern<\/span><\/p><\/div><\/article><!-- DPDFG End Post Item Container --><article id=\"post-10593\" class=\"dp-dfg-item post-10593 obres_autors type-obres_autors status-publish has-post-thumbnail hentry tipus_tecniques-pintura tecnica_especifica-oli-sobre-tela autors-maria-llavanera-miralles disciplina-pintura \"     data-position=\"782\"   data-new-tab=\"off\"   data-action-priority=\"item\"><figure class=\"dp-dfg-image entry-thumb\"><a href=\"https:\/\/www.museuemporda.org\/?obres_autors=retrat-dhome-5\" class=\"dp-dfg-image-link\" ><img loading=\"lazy\" decoding=\"async\" class=\"dp-dfg-featured-image\" src=\"https:\/\/www.museuemporda.org\/wp-content\/uploads\/2022\/02\/mE-2309-250x250.jpg\" alt=\"Retrat d&#8217;home\" width=\"250\" height=\"250\" data-ratio=\"1\"\/><\/a><\/figure><div class=\"dp-dfg-header entry-header\"><h2 class=\"entry-title\">Retrat d&#8217;home<\/h2><\/div><div class=\"dp-dfg-custom-content\"><p class=\"dp-dfg-custom-field dp-dfg-cf-autors2\"><span class=\"dp-dfg-custom-field-value\">Mari\u00e0 Llavanera Miralles<\/span><\/p><\/div><\/article><!-- DPDFG End Post Item Container --><article id=\"post-10146\" class=\"dp-dfg-item post-10146 obres_autors type-obres_autors status-publish has-post-thumbnail hentry tipus_tecniques-pintura tecnica_especifica-oli-sobre-tela autors-alonso-del-arco disciplina-pintura \"     data-position=\"783\"   data-new-tab=\"off\"   data-action-priority=\"item\"><figure class=\"dp-dfg-image entry-thumb\"><a href=\"https:\/\/www.museuemporda.org\/?obres_autors=sant-joan-baptista\" class=\"dp-dfg-image-link\" ><img loading=\"lazy\" decoding=\"async\" class=\"dp-dfg-featured-image\" src=\"https:\/\/www.museuemporda.org\/wp-content\/uploads\/2022\/01\/mE-1395-250x250.jpg\" alt=\"Sant Joan Baptista\" width=\"250\" height=\"250\" data-ratio=\"1\"\/><\/a><\/figure><div class=\"dp-dfg-header entry-header\"><h2 class=\"entry-title\">Sant Joan Baptista<\/h2><\/div><div class=\"dp-dfg-custom-content\"><p class=\"dp-dfg-custom-field dp-dfg-cf-autors2\"><span class=\"dp-dfg-custom-field-value\">Alonso del Arco<\/span><\/p><\/div><\/article><!-- DPDFG End Post Item Container --><article id=\"post-10894\" class=\"dp-dfg-item post-10894 obres_autors type-obres_autors status-publish has-post-thumbnail hentry tipus_tecniques-pintura tecnica_especifica-oli-sobre-fusta autors-enric-galwey-garcia disciplina-pintura \"     data-position=\"784\"   data-new-tab=\"off\"   data-action-priority=\"item\"><figure class=\"dp-dfg-image entry-thumb\"><a href=\"https:\/\/www.museuemporda.org\/?obres_autors=paisatge-amb-troncs-darbre\" class=\"dp-dfg-image-link\" ><img loading=\"lazy\" decoding=\"async\" class=\"dp-dfg-featured-image\" src=\"https:\/\/www.museuemporda.org\/wp-content\/uploads\/2022\/02\/mE-1233-250x250.jpg\" alt=\"Paisatge amb troncs d&#8217;arbre\" width=\"250\" height=\"250\" data-ratio=\"1\"\/><\/a><\/figure><div class=\"dp-dfg-header entry-header\"><h2 class=\"entry-title\">Paisatge amb troncs d&#8217;arbre<\/h2><\/div><div class=\"dp-dfg-custom-content\"><p class=\"dp-dfg-custom-field dp-dfg-cf-autors2\"><span class=\"dp-dfg-custom-field-value\">Enric Galwey Garcia<\/span><\/p><\/div><\/article><!-- DPDFG End Post Item Container --><article id=\"post-11778\" class=\"dp-dfg-item post-11778 obres_autors type-obres_autors status-publish has-post-thumbnail hentry tipus_tecniques-pintura tecnica_especifica-aquarella-sobre-paper autors-jaume-oates-borias disciplina-pintura \"     data-position=\"785\"   data-new-tab=\"off\"   data-action-priority=\"item\"><figure class=\"dp-dfg-image entry-thumb\"><a href=\"https:\/\/www.museuemporda.org\/?obres_autors=el-born\" class=\"dp-dfg-image-link\" ><img loading=\"lazy\" decoding=\"async\" class=\"dp-dfg-featured-image\" src=\"https:\/\/www.museuemporda.org\/wp-content\/uploads\/2022\/02\/mE-1341-250x250.jpg\" alt=\"El Born\" width=\"250\" height=\"250\" data-ratio=\"1\"\/><\/a><\/figure><div class=\"dp-dfg-header entry-header\"><h2 class=\"entry-title\">El Born<\/h2><\/div><div class=\"dp-dfg-custom-content\"><p class=\"dp-dfg-custom-field dp-dfg-cf-autors2\"><span class=\"dp-dfg-custom-field-value\">Jaume Oates Borias<\/span><\/p><\/div><\/article><!-- DPDFG End Post Item Container --><article id=\"post-10427\" class=\"dp-dfg-item post-10427 obres_autors type-obres_autors status-publish has-post-thumbnail hentry tipus_tecniques-pintura tecnica_especifica-oli-sobre-tela autors-lluis-roura-juanola disciplina-pintura \"     data-position=\"786\"   data-new-tab=\"off\"   data-action-priority=\"item\"><figure class=\"dp-dfg-image entry-thumb\"><a href=\"https:\/\/www.museuemporda.org\/?obres_autors=paisatge-de-vilabertran-2\" class=\"dp-dfg-image-link\" ><img loading=\"lazy\" decoding=\"async\" class=\"dp-dfg-featured-image\" src=\"https:\/\/www.museuemporda.org\/wp-content\/uploads\/2022\/01\/mE-2150-250x250.jpg\" alt=\"Paisatge de Vilabertran\" width=\"250\" height=\"250\" data-ratio=\"1\"\/><\/a><\/figure><div class=\"dp-dfg-header entry-header\"><h2 class=\"entry-title\">Paisatge de Vilabertran<\/h2><\/div><div class=\"dp-dfg-custom-content\"><p class=\"dp-dfg-custom-field dp-dfg-cf-autors2\"><span class=\"dp-dfg-custom-field-value\">Llu\u00eds Roura Juanola<\/span><\/p><\/div><\/article><!-- DPDFG End Post Item Container --><article id=\"post-5691\" class=\"dp-dfg-item post-5691 obres_autors type-obres_autors status-publish has-post-thumbnail hentry autors-autoria-desconeguda disciplina-arqueologia \"     data-position=\"787\"   data-new-tab=\"off\"   data-action-priority=\"item\"><figure class=\"dp-dfg-image entry-thumb\"><a href=\"https:\/\/www.museuemporda.org\/?obres_autors=figura\" class=\"dp-dfg-image-link\" ><img loading=\"lazy\" decoding=\"async\" class=\"dp-dfg-featured-image\" src=\"https:\/\/www.museuemporda.org\/wp-content\/uploads\/2020\/04\/mE-291_2019-250x250.jpg\" alt=\"Fragment de figura\" width=\"250\" height=\"250\" data-ratio=\"1\"\/><\/a><\/figure><div class=\"dp-dfg-header entry-header\"><h2 class=\"entry-title\">Fragment de figura<\/h2><\/div><div class=\"dp-dfg-custom-content\"><p class=\"dp-dfg-custom-field dp-dfg-cf-autors2\"><span class=\"dp-dfg-custom-field-value\">Autoria desconeguda<\/span><\/p><\/div><\/article><!-- DPDFG End Post Item Container --><article id=\"post-14300\" class=\"dp-dfg-item post-14300 obres_autors type-obres_autors status-publish has-post-thumbnail hentry tipus_tecniques-dibuix tecnica_especifica-impressio-digital autors-jordi-fenosa-tatay disciplina-dibuix \"     data-position=\"788\"   data-new-tab=\"off\"   data-action-priority=\"item\"><figure class=\"dp-dfg-image entry-thumb\"><a href=\"https:\/\/www.museuemporda.org\/?obres_autors=sense-titol-473\" class=\"dp-dfg-image-link\" ><img loading=\"lazy\" decoding=\"async\" class=\"dp-dfg-featured-image\" src=\"https:\/\/www.museuemporda.org\/wp-content\/uploads\/2023\/07\/ME2859-TATAY-250x250.jpg\" alt=\"Sense t\u00edtol\" width=\"250\" height=\"250\" data-ratio=\"1\"\/><\/a><\/figure><div class=\"dp-dfg-header entry-header\"><h2 class=\"entry-title\">Sense t\u00edtol<\/h2><\/div><div class=\"dp-dfg-custom-content\"><p class=\"dp-dfg-custom-field dp-dfg-cf-autors2\"><span class=\"dp-dfg-custom-field-value\">Jordi Fenosa Tatay<\/span><\/p><\/div><\/article><!-- DPDFG End Post Item Container --><article id=\"post-10523\" class=\"dp-dfg-item post-10523 obres_autors type-obres_autors status-publish has-post-thumbnail hentry tipus_tecniques-obra-grafica tecnica_especifica-paper-impres autors-salvador-dali-domenech disciplina-obra-grafic \"     data-position=\"789\"   data-new-tab=\"off\"   data-action-priority=\"item\"><figure class=\"dp-dfg-image entry-thumb\"><a href=\"https:\/\/www.museuemporda.org\/?obres_autors=sense-titol-84\" class=\"dp-dfg-image-link\" ><img loading=\"lazy\" decoding=\"async\" class=\"dp-dfg-featured-image\" src=\"https:\/\/www.museuemporda.org\/wp-content\/uploads\/2022\/02\/mE-2259-250x250.jpg\" alt=\"Sense t\u00edtol\" width=\"250\" height=\"250\" data-ratio=\"1\"\/><\/a><\/figure><div class=\"dp-dfg-header entry-header\"><h2 class=\"entry-title\">Sense t\u00edtol<\/h2><\/div><div class=\"dp-dfg-custom-content\"><p class=\"dp-dfg-custom-field dp-dfg-cf-autors2\"><span class=\"dp-dfg-custom-field-value\">Salvador Dal\u00ed Dom\u00e8nech<\/span><\/p><\/div><\/article><!-- DPDFG End Post Item Container --><article id=\"post-9527\" class=\"dp-dfg-item post-9527 obres_autors type-obres_autors status-publish has-post-thumbnail hentry tipus_tecniques-dibuix tecnica_especifica-tinta-sobre-paper autors-xavier-nogues-cases disciplina-dibuix \"     data-position=\"790\"   data-new-tab=\"off\"   data-action-priority=\"item\"><figure class=\"dp-dfg-image entry-thumb\"><a href=\"https:\/\/www.museuemporda.org\/?obres_autors=naufragi\" class=\"dp-dfg-image-link\" ><img loading=\"lazy\" decoding=\"async\" class=\"dp-dfg-featured-image\" src=\"https:\/\/www.museuemporda.org\/wp-content\/uploads\/2022\/01\/mE-1190-250x250.jpg\" alt=\"Naufragi\" width=\"250\" height=\"250\" data-ratio=\"1\"\/><\/a><\/figure><div class=\"dp-dfg-header entry-header\"><h2 class=\"entry-title\">Naufragi<\/h2><\/div><div class=\"dp-dfg-custom-content\"><p class=\"dp-dfg-custom-field dp-dfg-cf-autors2\"><span class=\"dp-dfg-custom-field-value\">Xavier Nogu\u00e9s Casas<\/span><\/p><\/div><\/article><!-- DPDFG End Post Item Container --><article id=\"post-9166\" class=\"dp-dfg-item post-9166 obres_autors type-obres_autors status-publish has-post-thumbnail hentry tipus_tecniques-estaetita autors-autoria-desconeguda disciplina-arqueologia \"     data-position=\"791\"   data-new-tab=\"off\"   data-action-priority=\"item\"><figure class=\"dp-dfg-image entry-thumb\"><a href=\"https:\/\/www.museuemporda.org\/?obres_autors=collaret-2\" class=\"dp-dfg-image-link\" ><img loading=\"lazy\" decoding=\"async\" class=\"dp-dfg-featured-image\" src=\"https:\/\/www.museuemporda.org\/wp-content\/uploads\/2021\/11\/mE-551-250x250.jpg\" alt=\"Denes de collar\" width=\"250\" height=\"250\" data-ratio=\"1\"\/><\/a><\/figure><div class=\"dp-dfg-header entry-header\"><h2 class=\"entry-title\">Denes de collar<\/h2><\/div><div class=\"dp-dfg-custom-content\"><p class=\"dp-dfg-custom-field dp-dfg-cf-autors2\"><span class=\"dp-dfg-custom-field-value\">Autoria desconeguda<\/span><\/p><\/div><\/article><!-- DPDFG End Post Item Container --><article id=\"post-13802\" class=\"dp-dfg-item post-13802 obres_autors type-obres_autors status-publish has-post-thumbnail hentry tipus_tecniques-dibuix tecnica_especifica-impressio-digital autors-lluis-puigbert disciplina-obra-grafic \"     data-position=\"792\"   data-new-tab=\"off\"   data-action-priority=\"item\"><figure class=\"dp-dfg-image entry-thumb\"><a href=\"https:\/\/www.museuemporda.org\/?obres_autors=sense-titol-245\" class=\"dp-dfg-image-link\" ><img loading=\"lazy\" decoding=\"async\" class=\"dp-dfg-featured-image\" src=\"https:\/\/www.museuemporda.org\/wp-content\/uploads\/2023\/06\/ME2607-SID02-250x250.jpg\" alt=\"Sense t\u00edtol\" width=\"250\" height=\"250\" data-ratio=\"1\"\/><\/a><\/figure><div class=\"dp-dfg-header entry-header\"><h2 class=\"entry-title\">Sense t\u00edtol<\/h2><\/div><div class=\"dp-dfg-custom-content\"><p class=\"dp-dfg-custom-field dp-dfg-cf-autors2\"><span class=\"dp-dfg-custom-field-value\">Llu\u00eds Puigbert<\/span><\/p><\/div><\/article><!-- DPDFG End Post Item Container --><article id=\"post-14611\" class=\"dp-dfg-item post-14611 obres_autors type-obres_autors status-publish has-post-thumbnail hentry tipus_tecniques-obra-grafica tecnica_especifica-impressio-digital autors-joan-antoni-poch disciplina-obra-grafic \"     data-position=\"793\"   data-new-tab=\"off\"   data-action-priority=\"item\"><figure class=\"dp-dfg-image entry-thumb\"><a href=\"https:\/\/www.museuemporda.org\/?obres_autors=sense-titol-538\" class=\"dp-dfg-image-link\" ><img loading=\"lazy\" decoding=\"async\" class=\"dp-dfg-featured-image\" src=\"https:\/\/www.museuemporda.org\/wp-content\/uploads\/2023\/07\/ME2783-JAP-250x250.jpg\" alt=\"Sense t\u00edtol\" width=\"250\" height=\"250\" data-ratio=\"1\"\/><\/a><\/figure><div class=\"dp-dfg-header entry-header\"><h2 class=\"entry-title\">Sense t\u00edtol<\/h2><\/div><div class=\"dp-dfg-custom-content\"><p class=\"dp-dfg-custom-field dp-dfg-cf-autors2\"><span class=\"dp-dfg-custom-field-value\">Joan Antoni Poch<\/span><\/p><\/div><\/article><!-- DPDFG End Post Item Container --><article id=\"post-14227\" class=\"dp-dfg-item post-14227 obres_autors type-obres_autors status-publish has-post-thumbnail hentry tipus_tecniques-dibuix tecnica_especifica-impressio-digital autors-joan-antoni-poch disciplina-dibuix \"     data-position=\"794\"   data-new-tab=\"off\"   data-action-priority=\"item\"><figure class=\"dp-dfg-image entry-thumb\"><a href=\"https:\/\/www.museuemporda.org\/?obres_autors=sense-titol-439\" class=\"dp-dfg-image-link\" ><img loading=\"lazy\" decoding=\"async\" class=\"dp-dfg-featured-image\" src=\"https:\/\/www.museuemporda.org\/wp-content\/uploads\/2023\/07\/ME2824-JAP-250x250.jpg\" alt=\"Sense t\u00edtol\" width=\"250\" height=\"250\" data-ratio=\"1\"\/><\/a><\/figure><div class=\"dp-dfg-header entry-header\"><h2 class=\"entry-title\">Sense t\u00edtol<\/h2><\/div><div class=\"dp-dfg-custom-content\"><p class=\"dp-dfg-custom-field dp-dfg-cf-autors2\"><span class=\"dp-dfg-custom-field-value\">Joan Antoni Poch<\/span><\/p><\/div><\/article><!-- DPDFG End Post Item Container --><article id=\"post-11453\" class=\"dp-dfg-item post-11453 obres_autors type-obres_autors status-publish has-post-thumbnail hentry tipus_tecniques-obra-grafica tecnica_especifica-serigrafia autors-max-huber disciplina-obra-grafic \"     data-position=\"795\"   data-new-tab=\"off\"   data-action-priority=\"item\"><figure class=\"dp-dfg-image entry-thumb\"><a href=\"https:\/\/www.museuemporda.org\/?obres_autors=due-gruppi-de-la-carpeta-cadaques-portfolio-one\" class=\"dp-dfg-image-link\" ><img loading=\"lazy\" decoding=\"async\" class=\"dp-dfg-featured-image\" src=\"https:\/\/www.museuemporda.org\/wp-content\/uploads\/2022\/02\/mE-1511-250x250.jpg\" alt=\"&#8216;Due gruppi&#8217;, de la carpeta &#8216;Cadaqu\u00e9s Portfolio One&#8217;\" width=\"250\" height=\"250\" data-ratio=\"1\"\/><\/a><\/figure><div class=\"dp-dfg-header entry-header\"><h2 class=\"entry-title\">&#8216;Due gruppi&#8217;, de la carpeta &#8216;Cadaqu\u00e9s Portfolio One&#8217;<\/h2><\/div><div class=\"dp-dfg-custom-content\"><p class=\"dp-dfg-custom-field dp-dfg-cf-autors2\"><span class=\"dp-dfg-custom-field-value\">Max Huber<\/span><\/p><\/div><\/article><!-- DPDFG End Post Item Container --><article id=\"post-11768\" class=\"dp-dfg-item post-11768 obres_autors type-obres_autors status-publish has-post-thumbnail hentry tipus_tecniques-pintura tecnica_especifica-oli-sobre-tela autors-jacint-noguer-alvaro disciplina-pintura \"     data-position=\"796\"   data-new-tab=\"off\"   data-action-priority=\"item\"><figure class=\"dp-dfg-image entry-thumb\"><a href=\"https:\/\/www.museuemporda.org\/?obres_autors=natura-morta-7\" class=\"dp-dfg-image-link\" ><img loading=\"lazy\" decoding=\"async\" class=\"dp-dfg-featured-image\" src=\"https:\/\/www.museuemporda.org\/wp-content\/uploads\/2022\/02\/mE-1128-250x250.jpg\" alt=\"Natura morta\" width=\"250\" height=\"250\" data-ratio=\"1\"\/><\/a><\/figure><div class=\"dp-dfg-header entry-header\"><h2 class=\"entry-title\">Natura morta<\/h2><\/div><div class=\"dp-dfg-custom-content\"><p class=\"dp-dfg-custom-field dp-dfg-cf-autors2\"><span class=\"dp-dfg-custom-field-value\">Jacint Noguer \u00c1lvaro<\/span><\/p><\/div><\/article><!-- DPDFG End Post Item Container --><article id=\"post-9466\" class=\"dp-dfg-item post-9466 obres_autors type-obres_autors status-publish has-post-thumbnail hentry tipus_tecniques-pintura tecnica_especifica-oli-sobre-tela autors-josep-blanquet-taberner disciplina-pintura \"     data-position=\"797\"   data-new-tab=\"off\"   data-action-priority=\"item\"><figure class=\"dp-dfg-image entry-thumb\"><a href=\"https:\/\/www.museuemporda.org\/?obres_autors=carretera-dolot\" class=\"dp-dfg-image-link\" ><img loading=\"lazy\" decoding=\"async\" class=\"dp-dfg-featured-image\" src=\"https:\/\/www.museuemporda.org\/wp-content\/uploads\/2022\/01\/mE-744-250x250.jpg\" alt=\"Carretera d&#8217;Olot\" width=\"250\" height=\"250\" data-ratio=\"1\"\/><\/a><\/figure><div class=\"dp-dfg-header entry-header\"><h2 class=\"entry-title\">Carretera d&#8217;Olot<\/h2><\/div><div class=\"dp-dfg-custom-content\"><p class=\"dp-dfg-custom-field dp-dfg-cf-autors2\"><span class=\"dp-dfg-custom-field-value\">Josep Blanquet Taberner<\/span><\/p><\/div><\/article><!-- DPDFG End Post Item Container --><article id=\"post-6050\" class=\"dp-dfg-item post-6050 obres_autors type-obres_autors status-publish has-post-thumbnail hentry autors-gabriel-sanz-romero disciplina-escultura disciplina-fotografia \"     data-position=\"798\"   data-new-tab=\"off\"   data-action-priority=\"item\"><figure class=\"dp-dfg-image entry-thumb\"><a href=\"https:\/\/www.museuemporda.org\/?obres_autors=deambulatori\" class=\"dp-dfg-image-link\" ><img loading=\"lazy\" decoding=\"async\" class=\"dp-dfg-featured-image\" src=\"https:\/\/www.museuemporda.org\/wp-content\/uploads\/2020\/10\/mE-1561-250x250.jpg\" alt=\"Deambulatori\" width=\"250\" height=\"250\" data-ratio=\"1\"\/><\/a><\/figure><div class=\"dp-dfg-header entry-header\"><h2 class=\"entry-title\">Deambulatori<\/h2><\/div><div class=\"dp-dfg-custom-content\"><p class=\"dp-dfg-custom-field dp-dfg-cf-autors2\"><span class=\"dp-dfg-custom-field-value\">Gabriel Sanz Romero<\/span><\/p><\/div><\/article><!-- DPDFG End Post Item Container --><article id=\"post-11387\" class=\"dp-dfg-item post-11387 obres_autors type-obres_autors status-publish has-post-thumbnail hentry tipus_tecniques-dibuix tecnica_especifica-dibuix-sobre-paper autors-deogracias-fuertes disciplina-dibuix \"     data-position=\"799\"   data-new-tab=\"off\"   data-action-priority=\"item\"><figure class=\"dp-dfg-image entry-thumb\"><a href=\"https:\/\/www.museuemporda.org\/?obres_autors=sense-titol-124\" class=\"dp-dfg-image-link\" ><img loading=\"lazy\" decoding=\"async\" class=\"dp-dfg-featured-image\" src=\"https:\/\/www.museuemporda.org\/wp-content\/uploads\/2022\/02\/mE-2017-250x250.jpg\" alt=\"Sense t\u00edtol\" width=\"250\" height=\"250\" data-ratio=\"1\"\/><\/a><\/figure><div class=\"dp-dfg-header entry-header\"><h2 class=\"entry-title\">Sense t\u00edtol<\/h2><\/div><div class=\"dp-dfg-custom-content\"><p class=\"dp-dfg-custom-field dp-dfg-cf-autors2\"><span class=\"dp-dfg-custom-field-value\">Deogracias Fuertes<\/span><\/p><\/div><\/article><!-- DPDFG End Post Item Container --><article id=\"post-8933\" class=\"dp-dfg-item post-8933 obres_autors type-obres_autors status-publish has-post-thumbnail hentry autors-roser-bru-i-llop disciplina-dibuix \"     data-position=\"800\"   data-new-tab=\"off\"   data-action-priority=\"item\"><figure class=\"dp-dfg-image entry-thumb\"><a href=\"https:\/\/www.museuemporda.org\/?obres_autors=nena-2\" class=\"dp-dfg-image-link\" ><img loading=\"lazy\" decoding=\"async\" class=\"dp-dfg-featured-image\" src=\"https:\/\/www.museuemporda.org\/wp-content\/uploads\/2021\/11\/mE-700-250x250.jpg\" alt=\"Nena\" width=\"250\" height=\"250\" data-ratio=\"1\"\/><\/a><\/figure><div class=\"dp-dfg-header entry-header\"><h2 class=\"entry-title\">Nena<\/h2><\/div><div class=\"dp-dfg-custom-content\"><p class=\"dp-dfg-custom-field dp-dfg-cf-autors2\"><span class=\"dp-dfg-custom-field-value\">Roser Bru Llop<\/span><\/p><\/div><\/article><!-- DPDFG End Post Item Container --><article id=\"post-13759\" class=\"dp-dfg-item post-13759 obres_autors type-obres_autors status-publish has-post-thumbnail hentry tipus_tecniques-dibuix tecnica_especifica-aquarella-sobre-paper-2 tecnica_especifica-tinta-sobre-paper autors-juliette-murphy disciplina-dibuix \"     data-position=\"801\"   data-new-tab=\"off\"   data-action-priority=\"item\"><figure class=\"dp-dfg-image entry-thumb\"><a href=\"https:\/\/www.museuemporda.org\/?obres_autors=sense-titol-224\" class=\"dp-dfg-image-link\" ><img loading=\"lazy\" decoding=\"async\" class=\"dp-dfg-featured-image\" src=\"https:\/\/www.museuemporda.org\/wp-content\/uploads\/2023\/06\/ME2586-MURPHY08-250x250.jpg\" alt=\"Sense t\u00edtol\" width=\"250\" height=\"250\" data-ratio=\"1\"\/><\/a><\/figure><div class=\"dp-dfg-header entry-header\"><h2 class=\"entry-title\">Sense t\u00edtol<\/h2><\/div><div class=\"dp-dfg-custom-content\"><p class=\"dp-dfg-custom-field dp-dfg-cf-autors2\"><span class=\"dp-dfg-custom-field-value\">Juliette Murphy<\/span><\/p><\/div><\/article><!-- DPDFG End Post Item Container --><article id=\"post-10086\" class=\"dp-dfg-item post-10086 obres_autors type-obres_autors status-publish has-post-thumbnail hentry tipus_tecniques-escultura tecnica_especifica-tecnica-mixta autors-estela-saez-vilanova disciplina-escultura \"     data-position=\"802\"   data-new-tab=\"off\"   data-action-priority=\"item\"><figure class=\"dp-dfg-image entry-thumb\"><a href=\"https:\/\/www.museuemporda.org\/?obres_autors=zandvoort\" class=\"dp-dfg-image-link\" ><img loading=\"lazy\" decoding=\"async\" class=\"dp-dfg-featured-image\" src=\"https:\/\/www.museuemporda.org\/wp-content\/uploads\/2022\/01\/mE-2135-250x250.jpg\" alt=\"Zandvoort\" width=\"250\" height=\"250\" data-ratio=\"1\"\/><\/a><\/figure><div class=\"dp-dfg-header entry-header\"><h2 class=\"entry-title\">Zandvoort<\/h2><\/div><div class=\"dp-dfg-custom-content\"><p class=\"dp-dfg-custom-field dp-dfg-cf-autors2\"><span class=\"dp-dfg-custom-field-value\">Estela Saez Vilanova<\/span><\/p><\/div><\/article><!-- DPDFG End Post Item Container --><article id=\"post-10505\" class=\"dp-dfg-item post-10505 obres_autors type-obres_autors status-publish has-post-thumbnail hentry tipus_tecniques-escultura tecnica_especifica-pedra autors-frederic-mares-deulovol disciplina-escultura \"     data-position=\"803\"   data-new-tab=\"off\"   data-action-priority=\"item\"><figure class=\"dp-dfg-image entry-thumb\"><a href=\"https:\/\/www.museuemporda.org\/?obres_autors=sense-titol-80\" class=\"dp-dfg-image-link\" ><img loading=\"lazy\" decoding=\"async\" class=\"dp-dfg-featured-image\" src=\"https:\/\/www.museuemporda.org\/wp-content\/uploads\/2022\/01\/mE-2508_despres-restauracio-2018-250x250.jpg\" alt=\"Sense t\u00edtol\" width=\"250\" height=\"250\" data-ratio=\"1\"\/><\/a><\/figure><div class=\"dp-dfg-header entry-header\"><h2 class=\"entry-title\">Sense t\u00edtol<\/h2><\/div><div class=\"dp-dfg-custom-content\"><p class=\"dp-dfg-custom-field dp-dfg-cf-autors2\"><span class=\"dp-dfg-custom-field-value\">Frederic Mar\u00e8s Deulovol<\/span><\/p><\/div><\/article><!-- DPDFG End Post Item Container --><article id=\"post-9138\" class=\"dp-dfg-item post-9138 obres_autors type-obres_autors status-publish has-post-thumbnail hentry tecnica_especifica-ceramica-comuna autors-autoria-desconeguda disciplina-arqueologia \"     data-position=\"804\"   data-new-tab=\"off\"   data-action-priority=\"item\"><figure class=\"dp-dfg-image entry-thumb\"><a href=\"https:\/\/www.museuemporda.org\/?obres_autors=gerra\" class=\"dp-dfg-image-link\" ><img loading=\"lazy\" decoding=\"async\" class=\"dp-dfg-featured-image\" src=\"https:\/\/www.museuemporda.org\/wp-content\/uploads\/2021\/11\/mE-519-250x250.jpg\" alt=\"Gerra\" width=\"250\" height=\"250\" data-ratio=\"1\"\/><\/a><\/figure><div class=\"dp-dfg-header entry-header\"><h2 class=\"entry-title\">Gerra<\/h2><\/div><div class=\"dp-dfg-custom-content\"><p class=\"dp-dfg-custom-field dp-dfg-cf-autors2\"><span class=\"dp-dfg-custom-field-value\">Autoria desconeguda<\/span><\/p><\/div><\/article><!-- DPDFG End Post Item Container --><article id=\"post-10564\" class=\"dp-dfg-item post-10564 obres_autors type-obres_autors status-publish has-post-thumbnail hentry tipus_tecniques-dibuix tecnica_especifica-dibuix-sobre-paper autors-maria-baig-minobis disciplina-dibuix \"     data-position=\"805\"   data-new-tab=\"off\"   data-action-priority=\"item\"><figure class=\"dp-dfg-image entry-thumb\"><a href=\"https:\/\/www.museuemporda.org\/?obres_autors=pallasso-amb-guitarra\" class=\"dp-dfg-image-link\" ><img loading=\"lazy\" decoding=\"async\" class=\"dp-dfg-featured-image\" src=\"https:\/\/www.museuemporda.org\/wp-content\/uploads\/2022\/02\/mE-1873-250x250.jpg\" alt=\"Pallasso amb guitarra\" width=\"250\" height=\"250\" data-ratio=\"1\"\/><\/a><\/figure><div class=\"dp-dfg-header entry-header\"><h2 class=\"entry-title\">Pallasso amb guitarra<\/h2><\/div><div class=\"dp-dfg-custom-content\"><p class=\"dp-dfg-custom-field dp-dfg-cf-autors2\"><span class=\"dp-dfg-custom-field-value\">Mari\u00e0 Baig Minobis<\/span><\/p><\/div><\/article><!-- DPDFG End Post Item Container --><article id=\"post-11629\" class=\"dp-dfg-item post-11629 obres_autors type-obres_autors status-publish has-post-thumbnail hentry tipus_tecniques-obra-grafica tecnica_especifica-serigrafia autors-richard-paul-lohse disciplina-obra-grafic \"     data-position=\"806\"   data-new-tab=\"off\"   data-action-priority=\"item\"><figure class=\"dp-dfg-image entry-thumb\"><a href=\"https:\/\/www.museuemporda.org\/?obres_autors=vier-rhythmen-an-vier-feldern-de-la-carpeta-cadaques-portfolio-one\" class=\"dp-dfg-image-link\" ><img loading=\"lazy\" decoding=\"async\" class=\"dp-dfg-featured-image\" src=\"https:\/\/www.museuemporda.org\/wp-content\/uploads\/2022\/02\/mE-1512-250x250.jpg\" alt=\"&#8216;Vier Rhythmen an vier Feldern&#8217;, de la carpeta &#8216;Cadaqu\u00e9s Portfolio One&#8217;\" width=\"250\" height=\"250\" data-ratio=\"1\"\/><\/a><\/figure><div class=\"dp-dfg-header entry-header\"><h2 class=\"entry-title\">&#8216;Vier Rhythmen an vier Feldern&#8217;, de la carpeta &#8216;Cadaqu\u00e9s Portfolio One&#8217;<\/h2><\/div><div class=\"dp-dfg-custom-content\"><p class=\"dp-dfg-custom-field dp-dfg-cf-autors2\"><span class=\"dp-dfg-custom-field-value\">Richard Paul Lohse<\/span><\/p><\/div><\/article><!-- DPDFG End Post Item Container --><article id=\"post-8383\" class=\"dp-dfg-item post-8383 obres_autors type-obres_autors status-publish has-post-thumbnail hentry autors-maria-baig-minobis disciplina-obra-grafic \"     data-position=\"807\"   data-new-tab=\"off\"   data-action-priority=\"item\"><figure class=\"dp-dfg-image entry-thumb\"><a href=\"https:\/\/www.museuemporda.org\/?obres_autors=placa-de-les-patates-de-figueres\" class=\"dp-dfg-image-link\" ><img loading=\"lazy\" decoding=\"async\" class=\"dp-dfg-featured-image\" src=\"https:\/\/www.museuemporda.org\/wp-content\/uploads\/2021\/08\/mE-1866-250x250.jpg\" alt=\"Pla\u00e7a de les Patates de Figueres\" width=\"250\" height=\"250\" data-ratio=\"1\"\/><\/a><\/figure><div class=\"dp-dfg-header entry-header\"><h2 class=\"entry-title\">Pla\u00e7a de les Patates de Figueres<\/h2><\/div><div class=\"dp-dfg-custom-content\"><p class=\"dp-dfg-custom-field dp-dfg-cf-autors2\"><span class=\"dp-dfg-custom-field-value\">Mari\u00e0 Baig Minobis<\/span><\/p><\/div><\/article><!-- DPDFG End Post Item Container --><article id=\"post-11318\" class=\"dp-dfg-item post-11318 obres_autors type-obres_autors status-publish has-post-thumbnail hentry tipus_tecniques-pintura tecnica_especifica-oli-sobre-tela autors-estela-espina disciplina-pintura \"     data-position=\"808\"   data-new-tab=\"off\"   data-action-priority=\"item\"><figure class=\"dp-dfg-image entry-thumb\"><a href=\"https:\/\/www.museuemporda.org\/?obres_autors=retrat-de-josep-rubaudonadeu\" class=\"dp-dfg-image-link\" ><img loading=\"lazy\" decoding=\"async\" class=\"dp-dfg-featured-image\" src=\"https:\/\/www.museuemporda.org\/wp-content\/uploads\/2022\/02\/mE-1141-1-250x250.jpg\" alt=\"Retrat de Josep Rubaudonadeu\" width=\"250\" height=\"250\" data-ratio=\"1\"\/><\/a><\/figure><div class=\"dp-dfg-header entry-header\"><h2 class=\"entry-title\">Retrat de Josep Rubaudonadeu<\/h2><\/div><div class=\"dp-dfg-custom-content\"><p class=\"dp-dfg-custom-field dp-dfg-cf-autors2\"><span class=\"dp-dfg-custom-field-value\">Estela Espina<\/span><\/p><\/div><\/article><!-- DPDFG End Post Item Container --><article id=\"post-10783\" class=\"dp-dfg-item post-10783 obres_autors type-obres_autors status-publish has-post-thumbnail hentry tipus_tecniques-dibuix tecnica_especifica-tecnica-mixta-sobre-paper autors-ricard-canals-llambi disciplina-dibuix \"     data-position=\"809\"   data-new-tab=\"off\"   data-action-priority=\"item\"><figure class=\"dp-dfg-image entry-thumb\"><a href=\"https:\/\/www.museuemporda.org\/?obres_autors=homes-2\" class=\"dp-dfg-image-link\" ><img loading=\"lazy\" decoding=\"async\" class=\"dp-dfg-featured-image\" src=\"https:\/\/www.museuemporda.org\/wp-content\/uploads\/2022\/02\/mE-1203-250x250.jpg\" alt=\"Homes\" width=\"250\" height=\"250\" data-ratio=\"1\"\/><\/a><\/figure><div class=\"dp-dfg-header entry-header\"><h2 class=\"entry-title\">Homes<\/h2><\/div><div class=\"dp-dfg-custom-content\"><p class=\"dp-dfg-custom-field dp-dfg-cf-autors2\"><span class=\"dp-dfg-custom-field-value\">Ricard Canals Llamb\u00ed<\/span><\/p><\/div><\/article><!-- DPDFG End Post Item Container --><article id=\"post-14337\" class=\"dp-dfg-item post-14337 obres_autors type-obres_autors status-publish has-post-thumbnail hentry tipus_tecniques-dibuix tecnica_especifica-impressio-digital autors-jordi-fenosa-tatay disciplina-dibuix \"     data-position=\"810\"   data-new-tab=\"off\"   data-action-priority=\"item\"><figure class=\"dp-dfg-image entry-thumb\"><a href=\"https:\/\/www.museuemporda.org\/?obres_autors=sense-titol-490\" class=\"dp-dfg-image-link\" ><img loading=\"lazy\" decoding=\"async\" class=\"dp-dfg-featured-image\" src=\"https:\/\/www.museuemporda.org\/wp-content\/uploads\/2023\/07\/ME2877-TATAY-250x250.jpg\" alt=\"Sense t\u00edtol\" width=\"250\" height=\"250\" data-ratio=\"1\"\/><\/a><\/figure><div class=\"dp-dfg-header entry-header\"><h2 class=\"entry-title\">Sense t\u00edtol<\/h2><\/div><div class=\"dp-dfg-custom-content\"><p class=\"dp-dfg-custom-field dp-dfg-cf-autors2\"><span class=\"dp-dfg-custom-field-value\">Jordi Fenosa Tatay<\/span><\/p><\/div><\/article><!-- DPDFG End Post Item Container --><article id=\"post-14357\" class=\"dp-dfg-item post-14357 obres_autors type-obres_autors status-publish has-post-thumbnail hentry tipus_tecniques-dibuix tecnica_especifica-impressio-digital autors-eva-m-ramon disciplina-dibuix \"     data-position=\"811\"   data-new-tab=\"off\"   data-action-priority=\"item\"><figure class=\"dp-dfg-image entry-thumb\"><a href=\"https:\/\/www.museuemporda.org\/?obres_autors=sense-titol-498\" class=\"dp-dfg-image-link\" ><img loading=\"lazy\" decoding=\"async\" class=\"dp-dfg-featured-image\" src=\"https:\/\/www.museuemporda.org\/wp-content\/uploads\/2023\/07\/ME2886-EVA-250x250.jpg\" alt=\"Sense t\u00edtol\" width=\"250\" height=\"250\" data-ratio=\"1\"\/><\/a><\/figure><div class=\"dp-dfg-header entry-header\"><h2 class=\"entry-title\">Sense t\u00edtol<\/h2><\/div><div class=\"dp-dfg-custom-content\"><p class=\"dp-dfg-custom-field dp-dfg-cf-autors2\"><span class=\"dp-dfg-custom-field-value\">Eva M. Ramon<\/span><\/p><\/div><\/article><!-- DPDFG End Post Item Container --><article id=\"post-11762\" class=\"dp-dfg-item post-11762 obres_autors type-obres_autors status-publish has-post-thumbnail hentry tipus_tecniques-dibuix tecnica_especifica-tinta-sobre-paper autors-lluis-navarro disciplina-dibuix \"     data-position=\"812\"   data-new-tab=\"off\"   data-action-priority=\"item\"><figure class=\"dp-dfg-image entry-thumb\"><a href=\"https:\/\/www.museuemporda.org\/?obres_autors=allaitament\" class=\"dp-dfg-image-link\" ><img loading=\"lazy\" decoding=\"async\" class=\"dp-dfg-featured-image\" src=\"https:\/\/www.museuemporda.org\/wp-content\/uploads\/2022\/02\/mE-2255-250x250.jpg\" alt=\"Allaitament\" width=\"250\" height=\"250\" data-ratio=\"1\"\/><\/a><\/figure><div class=\"dp-dfg-header entry-header\"><h2 class=\"entry-title\">Allaitament<\/h2><\/div><div class=\"dp-dfg-custom-content\"><p class=\"dp-dfg-custom-field dp-dfg-cf-autors2\"><span class=\"dp-dfg-custom-field-value\">Llu\u00eds Navarro<\/span><\/p><\/div><\/article><!-- DPDFG End Post Item Container --><article id=\"post-14462\" class=\"dp-dfg-item post-14462 obres_autors type-obres_autors status-publish has-post-thumbnail hentry tipus_tecniques-pintura tecnica_especifica-oli-sobre-fusta autors-eduard-rodeja-galter disciplina-pintura \"     data-position=\"813\"   data-new-tab=\"off\"   data-action-priority=\"item\"><figure class=\"dp-dfg-image entry-thumb\"><a href=\"https:\/\/www.museuemporda.org\/?obres_autors=sense-titol-523\" class=\"dp-dfg-image-link\" ><img loading=\"lazy\" decoding=\"async\" class=\"dp-dfg-featured-image\" src=\"https:\/\/www.museuemporda.org\/wp-content\/uploads\/2023\/07\/JPH5169-250x250.jpg\" alt=\"Sense t\u00edtol\" width=\"250\" height=\"250\" data-ratio=\"1\"\/><\/a><\/figure><div class=\"dp-dfg-header entry-header\"><h2 class=\"entry-title\">Sense t\u00edtol<\/h2><\/div><div class=\"dp-dfg-custom-content\"><p class=\"dp-dfg-custom-field dp-dfg-cf-autors2\"><span class=\"dp-dfg-custom-field-value\">Eduard Rodeja Galter<\/span><\/p><\/div><\/article><!-- DPDFG End Post Item Container --><article id=\"post-14386\" class=\"dp-dfg-item post-14386 obres_autors type-obres_autors status-publish has-post-thumbnail hentry tipus_tecniques-aquarella-2 tecnica_especifica-aquarella-sobre-paper-2 autors-carme-escursell-burch disciplina-obra-grafic \"     data-position=\"814\"   data-new-tab=\"off\"   data-action-priority=\"item\"><figure class=\"dp-dfg-image entry-thumb\"><a href=\"https:\/\/www.museuemporda.org\/?obres_autors=sense-titol-509\" class=\"dp-dfg-image-link\" ><img loading=\"lazy\" decoding=\"async\" class=\"dp-dfg-featured-image\" src=\"https:\/\/www.museuemporda.org\/wp-content\/uploads\/2023\/07\/ME2900-250x250.jpg\" alt=\"Sense t\u00edtol\" width=\"250\" height=\"250\" data-ratio=\"1\"\/><\/a><\/figure><div class=\"dp-dfg-header entry-header\"><h2 class=\"entry-title\">Sense t\u00edtol<\/h2><\/div><div class=\"dp-dfg-custom-content\"><p class=\"dp-dfg-custom-field dp-dfg-cf-autors2\"><span class=\"dp-dfg-custom-field-value\">Carme Escursell Burch<\/span><\/p><\/div><\/article><!-- DPDFG End Post Item Container --><article id=\"post-9285\" class=\"dp-dfg-item post-9285 obres_autors type-obres_autors status-publish has-post-thumbnail hentry tecnica_especifica-oli-sobre-tela autors-ramon-bretx-comas disciplina-pintura \"     data-position=\"815\"   data-new-tab=\"off\"   data-action-priority=\"item\"><figure class=\"dp-dfg-image entry-thumb\"><a href=\"https:\/\/www.museuemporda.org\/?obres_autors=paisatge-28\" class=\"dp-dfg-image-link\" ><img loading=\"lazy\" decoding=\"async\" class=\"dp-dfg-featured-image\" src=\"https:\/\/www.museuemporda.org\/wp-content\/uploads\/2021\/11\/mE-2350-250x250.jpg\" alt=\"Paisatge\" width=\"250\" height=\"250\" data-ratio=\"1\"\/><\/a><\/figure><div class=\"dp-dfg-header entry-header\"><h2 class=\"entry-title\">Paisatge<\/h2><\/div><div class=\"dp-dfg-custom-content\"><p class=\"dp-dfg-custom-field dp-dfg-cf-autors2\"><span class=\"dp-dfg-custom-field-value\">Ramon Bretx Comas<\/span><\/p><\/div><\/article><!-- DPDFG End Post Item Container --><article id=\"post-11965\" class=\"dp-dfg-item post-11965 obres_autors type-obres_autors status-publish has-post-thumbnail hentry tipus_tecniques-pintura tecnica_especifica-aquarella autors-robert-segura-monge disciplina-pintura \"     data-position=\"816\"   data-new-tab=\"off\"   data-action-priority=\"item\"><figure class=\"dp-dfg-image entry-thumb\"><a href=\"https:\/\/www.museuemporda.org\/?obres_autors=vista-del-port-de-barcelona\" class=\"dp-dfg-image-link\" ><img loading=\"lazy\" decoding=\"async\" class=\"dp-dfg-featured-image\" src=\"https:\/\/www.museuemporda.org\/wp-content\/uploads\/2022\/02\/mE-1442-250x250.jpg\" alt=\"Vista del port de Barcelona\" width=\"250\" height=\"250\" data-ratio=\"1\"\/><\/a><\/figure><div class=\"dp-dfg-header entry-header\"><h2 class=\"entry-title\">Vista del port de Barcelona<\/h2><\/div><div class=\"dp-dfg-custom-content\"><p class=\"dp-dfg-custom-field dp-dfg-cf-autors2\"><span class=\"dp-dfg-custom-field-value\">Robert Segura Monge<\/span><\/p><\/div><\/article><!-- DPDFG End Post Item Container --><article id=\"post-8117\" class=\"dp-dfg-item post-8117 obres_autors type-obres_autors status-publish has-post-thumbnail hentry tecnica_especifica-oli-sobre-tela autors-pere-bech-sudria disciplina-pintura \"     data-position=\"817\"   data-new-tab=\"off\"   data-action-priority=\"item\"><figure class=\"dp-dfg-image entry-thumb\"><a href=\"https:\/\/www.museuemporda.org\/?obres_autors=bodego-2\" class=\"dp-dfg-image-link\" ><img loading=\"lazy\" decoding=\"async\" class=\"dp-dfg-featured-image\" src=\"https:\/\/www.museuemporda.org\/wp-content\/uploads\/2021\/08\/mE-2222_2019-250x250.jpg\" alt=\"Bodeg\u00f3\" width=\"250\" height=\"250\" data-ratio=\"1\"\/><\/a><\/figure><div class=\"dp-dfg-header entry-header\"><h2 class=\"entry-title\">Bodeg\u00f3<\/h2><\/div><div class=\"dp-dfg-custom-content\"><p class=\"dp-dfg-custom-field dp-dfg-cf-autors2\"><span class=\"dp-dfg-custom-field-value\">Pere Bech Sudri\u00e0<\/span><\/p><\/div><\/article><!-- DPDFG End Post Item Container --><article id=\"post-11721\" class=\"dp-dfg-item post-11721 obres_autors type-obres_autors status-publish has-post-thumbnail hentry tipus_tecniques-pintura tecnica_especifica-pintura autors-jacques-moran disciplina-pintura \"     data-position=\"818\"   data-new-tab=\"off\"   data-action-priority=\"item\"><figure class=\"dp-dfg-image entry-thumb\"><a href=\"https:\/\/www.museuemporda.org\/?obres_autors=le-long-chemin\" class=\"dp-dfg-image-link\" ><img loading=\"lazy\" decoding=\"async\" class=\"dp-dfg-featured-image\" src=\"https:\/\/www.museuemporda.org\/wp-content\/uploads\/2022\/02\/mE-1933-250x250.jpg\" alt=\"Le long chemin\" width=\"250\" height=\"250\" data-ratio=\"1\"\/><\/a><\/figure><div class=\"dp-dfg-header entry-header\"><h2 class=\"entry-title\">Le long chemin<\/h2><\/div><div class=\"dp-dfg-custom-content\"><p class=\"dp-dfg-custom-field dp-dfg-cf-autors2\"><span class=\"dp-dfg-custom-field-value\">Jacques Moran<\/span><\/p><\/div><\/article><!-- DPDFG End Post Item Container --><article id=\"post-10723\" class=\"dp-dfg-item post-10723 obres_autors type-obres_autors status-publish has-post-thumbnail hentry tipus_tecniques-pintura tecnica_especifica-tecnica-mixta-sobre-paper autors-joan-josep-tharrats-vidal disciplina-pintura \"     data-position=\"819\"   data-new-tab=\"off\"   data-action-priority=\"item\"><figure class=\"dp-dfg-image entry-thumb\"><a href=\"https:\/\/www.museuemporda.org\/?obres_autors=sense-titol-90\" class=\"dp-dfg-image-link\" ><img loading=\"lazy\" decoding=\"async\" class=\"dp-dfg-featured-image\" src=\"https:\/\/www.museuemporda.org\/wp-content\/uploads\/2022\/02\/mE-2153-250x250.jpg\" alt=\"Sense t\u00edtol\" width=\"250\" height=\"250\" data-ratio=\"1\"\/><\/a><\/figure><div class=\"dp-dfg-header entry-header\"><h2 class=\"entry-title\">Sense t\u00edtol<\/h2><\/div><div class=\"dp-dfg-custom-content\"><p class=\"dp-dfg-custom-field dp-dfg-cf-autors2\"><span class=\"dp-dfg-custom-field-value\">Joan-Josep Tharrats Vidal<\/span><\/p><\/div><\/article><!-- DPDFG End Post Item Container --><article id=\"post-9069\" class=\"dp-dfg-item post-9069 obres_autors type-obres_autors status-publish has-post-thumbnail hentry tipus_tecniques-marbre tipus_tecniques-terracota tecnica_especifica-resina-sobre-rabassa-dolivera autors-merce-riba-romeva disciplina-escultura \"     data-position=\"820\"   data-new-tab=\"off\"   data-action-priority=\"item\"><figure class=\"dp-dfg-image entry-thumb\"><a href=\"https:\/\/www.museuemporda.org\/?obres_autors=sacrifici\" class=\"dp-dfg-image-link\" ><img loading=\"lazy\" decoding=\"async\" class=\"dp-dfg-featured-image\" src=\"https:\/\/www.museuemporda.org\/wp-content\/uploads\/2021\/11\/mE-2510_1-250x250.jpg\" alt=\"Sacrifici\" width=\"250\" height=\"250\" data-ratio=\"1\"\/><\/a><\/figure><div class=\"dp-dfg-header entry-header\"><h2 class=\"entry-title\">Sacrifici<\/h2><\/div><div class=\"dp-dfg-custom-content\"><p class=\"dp-dfg-custom-field dp-dfg-cf-autors2\"><span class=\"dp-dfg-custom-field-value\">Merc\u00e8 Roba Romeva<\/span><\/p><\/div><\/article><!-- DPDFG End Post Item Container --><article id=\"post-5958\" class=\"dp-dfg-item post-5958 obres_autors type-obres_autors status-publish has-post-thumbnail hentry tecnica_especifica-oli-sobre-tela autors-eusebi-de-puig-i-de-conill disciplina-pintura \"     data-position=\"821\"   data-new-tab=\"off\"   data-action-priority=\"item\"><figure class=\"dp-dfg-image entry-thumb\"><a href=\"https:\/\/www.museuemporda.org\/?obres_autors=la-noia-de-rosa\" class=\"dp-dfg-image-link\" ><img loading=\"lazy\" decoding=\"async\" class=\"dp-dfg-featured-image\" src=\"https:\/\/www.museuemporda.org\/wp-content\/uploads\/2020\/04\/mE-732-1-250x250.jpg\" alt=\"La noia de rosa\" width=\"250\" height=\"250\" data-ratio=\"1\"\/><\/a><\/figure><div class=\"dp-dfg-header entry-header\"><h2 class=\"entry-title\">La noia de rosa<\/h2><\/div><div class=\"dp-dfg-custom-content\"><p class=\"dp-dfg-custom-field dp-dfg-cf-autors2\"><span class=\"dp-dfg-custom-field-value\">Eusebi de Puig i de Conill<\/span><\/p><\/div><\/article><!-- DPDFG End Post Item Container --><article id=\"post-11599\" class=\"dp-dfg-item post-11599 obres_autors type-obres_autors status-publish has-post-thumbnail hentry tipus_tecniques-dibuix tecnica_especifica-dibuix-sobre-paper autors-fernando-lloveras disciplina-dibuix \"     data-position=\"822\"   data-new-tab=\"off\"   data-action-priority=\"item\"><figure class=\"dp-dfg-image entry-thumb\"><a href=\"https:\/\/www.museuemporda.org\/?obres_autors=sense-titol-141\" class=\"dp-dfg-image-link\" ><img loading=\"lazy\" decoding=\"async\" class=\"dp-dfg-featured-image\" src=\"https:\/\/www.museuemporda.org\/wp-content\/uploads\/2022\/02\/mE-2008-250x250.jpg\" alt=\"Sense t\u00edtol\" width=\"250\" height=\"250\" data-ratio=\"1\"\/><\/a><\/figure><div class=\"dp-dfg-header entry-header\"><h2 class=\"entry-title\">Sense t\u00edtol<\/h2><\/div><div class=\"dp-dfg-custom-content\"><p class=\"dp-dfg-custom-field dp-dfg-cf-autors2\"><span class=\"dp-dfg-custom-field-value\">Fernando Lloveras<\/span><\/p><\/div><\/article><!-- DPDFG End Post Item Container --><article id=\"post-10163\" class=\"dp-dfg-item post-10163 obres_autors type-obres_autors status-publish has-post-thumbnail hentry tipus_tecniques-aiguafort tecnica_especifica-aiguafort autors-joan-vila-moncau disciplina-obra-grafic \"     data-position=\"823\"   data-new-tab=\"off\"   data-action-priority=\"item\"><figure class=\"dp-dfg-image entry-thumb\"><a href=\"https:\/\/www.museuemporda.org\/?obres_autors=els-ulls\" class=\"dp-dfg-image-link\" ><img loading=\"lazy\" decoding=\"async\" class=\"dp-dfg-featured-image\" src=\"https:\/\/www.museuemporda.org\/wp-content\/uploads\/2022\/01\/mE-1134-250x250.jpg\" alt=\"Els ulls\" width=\"250\" height=\"250\" data-ratio=\"1\"\/><\/a><\/figure><div class=\"dp-dfg-header entry-header\"><h2 class=\"entry-title\">Els ulls<\/h2><\/div><div class=\"dp-dfg-custom-content\"><p class=\"dp-dfg-custom-field dp-dfg-cf-autors2\"><span class=\"dp-dfg-custom-field-value\">Joan Vil\u00e0 Moncau<\/span><\/p><\/div><\/article><!-- DPDFG End Post Item Container --><article id=\"post-9547\" class=\"dp-dfg-item post-9547 obres_autors type-obres_autors status-publish has-post-thumbnail hentry tipus_tecniques-pintura tecnica_especifica-oli-sobre-fusta autors-joan-sibecas-cabanyo disciplina-pintura \"     data-position=\"824\"   data-new-tab=\"off\"   data-action-priority=\"item\"><figure class=\"dp-dfg-image entry-thumb\"><a href=\"https:\/\/www.museuemporda.org\/?obres_autors=paisatge-davinyonet-de-puigventos\" class=\"dp-dfg-image-link\" ><img loading=\"lazy\" decoding=\"async\" class=\"dp-dfg-featured-image\" src=\"https:\/\/www.museuemporda.org\/wp-content\/uploads\/2022\/01\/mE-1334-250x250.jpg\" alt=\"Paisatge d&#8217;Avinyonet de Puigvent\u00f3s\" width=\"250\" height=\"250\" data-ratio=\"1\"\/><\/a><\/figure><div class=\"dp-dfg-header entry-header\"><h2 class=\"entry-title\">Paisatge d&#8217;Avinyonet de Puigvent\u00f3s<\/h2><\/div><div class=\"dp-dfg-custom-content\"><p class=\"dp-dfg-custom-field dp-dfg-cf-autors2\"><span class=\"dp-dfg-custom-field-value\">Joan Sibecas Cabany\u00f3<\/span><\/p><\/div><\/article><!-- DPDFG End Post Item Container --><article id=\"post-14414\" class=\"dp-dfg-item post-14414 obres_autors type-obres_autors status-publish has-post-thumbnail hentry tipus_tecniques-pintura tecnica_especifica-oli-sobre-tela autors-rosa-cervera-giralt disciplina-pintura \"     data-position=\"825\"   data-new-tab=\"off\"   data-action-priority=\"item\"><figure class=\"dp-dfg-image entry-thumb\"><a href=\"https:\/\/www.museuemporda.org\/?obres_autors=alberca-junto-a-mi-estudio\" class=\"dp-dfg-image-link\" ><img loading=\"lazy\" decoding=\"async\" class=\"dp-dfg-featured-image\" src=\"https:\/\/www.museuemporda.org\/wp-content\/uploads\/2023\/07\/ME2913-A-250x250.jpg\" alt=\"Alberca junto a mi estudio\" width=\"250\" height=\"250\" data-ratio=\"1\"\/><\/a><\/figure><div class=\"dp-dfg-header entry-header\"><h2 class=\"entry-title\">Alberca junto a mi estudio<\/h2><\/div><div class=\"dp-dfg-custom-content\"><p class=\"dp-dfg-custom-field dp-dfg-cf-autors2\"><span class=\"dp-dfg-custom-field-value\">Rosa Cervera Giralt<\/span><\/p><\/div><\/article><!-- DPDFG End Post Item Container --><article id=\"post-13972\" class=\"dp-dfg-item post-13972 obres_autors type-obres_autors status-publish has-post-thumbnail hentry tipus_tecniques-dibuix tecnica_especifica-impressio-digital autors-pep-claparols-i-moret disciplina-dibuix \"     data-position=\"826\"   data-new-tab=\"off\"   data-action-priority=\"item\"><figure class=\"dp-dfg-image entry-thumb\"><a href=\"https:\/\/www.museuemporda.org\/?obres_autors=sense-titol-323\" class=\"dp-dfg-image-link\" ><img loading=\"lazy\" decoding=\"async\" class=\"dp-dfg-featured-image\" src=\"https:\/\/www.museuemporda.org\/wp-content\/uploads\/2023\/06\/ME2685-PEP2000-250x250.jpg\" alt=\"Sense t\u00edtol\" width=\"250\" height=\"250\" data-ratio=\"1\"\/><\/a><\/figure><div class=\"dp-dfg-header entry-header\"><h2 class=\"entry-title\">Sense t\u00edtol<\/h2><\/div><div class=\"dp-dfg-custom-content\"><p class=\"dp-dfg-custom-field dp-dfg-cf-autors2\"><span class=\"dp-dfg-custom-field-value\">Pep Claparols i Moret<\/span><\/p><\/div><\/article><!-- DPDFG End Post Item Container --><article id=\"post-13683\" class=\"dp-dfg-item post-13683 obres_autors type-obres_autors status-publish has-post-thumbnail hentry tipus_tecniques-pintura tecnica_especifica-oli-sobre-tela autors-josep-costa-sobrepera disciplina-oli-sobre-tela \"     data-position=\"827\"   data-new-tab=\"off\"   data-action-priority=\"item\"><figure class=\"dp-dfg-image entry-thumb\"><a href=\"https:\/\/www.museuemporda.org\/?obres_autors=mercado\" class=\"dp-dfg-image-link\" ><img loading=\"lazy\" decoding=\"async\" class=\"dp-dfg-featured-image\" src=\"https:\/\/www.museuemporda.org\/wp-content\/uploads\/2023\/06\/me-2545A-250x250.jpg\" alt=\"Mercado\" width=\"250\" height=\"250\" data-ratio=\"1\"\/><\/a><\/figure><div class=\"dp-dfg-header entry-header\"><h2 class=\"entry-title\">Mercado<\/h2><\/div><div class=\"dp-dfg-custom-content\"><p class=\"dp-dfg-custom-field dp-dfg-cf-autors2\"><span class=\"dp-dfg-custom-field-value\">Josep Costa Sobrepera<\/span><\/p><\/div><\/article><!-- DPDFG End Post Item Container --><article id=\"post-8980\" class=\"dp-dfg-item post-8980 obres_autors type-obres_autors status-publish has-post-thumbnail hentry tecnica_especifica-oli-sobre-tela autors-fernando-garrido-pallardo disciplina-pintura \"     data-position=\"828\"   data-new-tab=\"off\"   data-action-priority=\"item\"><figure class=\"dp-dfg-image entry-thumb\"><a href=\"https:\/\/www.museuemporda.org\/?obres_autors=natura-morta\" class=\"dp-dfg-image-link\" ><img loading=\"lazy\" decoding=\"async\" class=\"dp-dfg-featured-image\" src=\"https:\/\/www.museuemporda.org\/wp-content\/uploads\/2021\/11\/mE-763-250x250.jpg\" alt=\"Natura morta\" width=\"250\" height=\"250\" data-ratio=\"1\"\/><\/a><\/figure><div class=\"dp-dfg-header entry-header\"><h2 class=\"entry-title\">Natura morta<\/h2><\/div><div class=\"dp-dfg-custom-content\"><p class=\"dp-dfg-custom-field dp-dfg-cf-autors2\"><span class=\"dp-dfg-custom-field-value\">Fernando Garrido Gallard\u00f3<\/span><\/p><\/div><\/article><!-- DPDFG End Post Item Container --><article id=\"post-10410\" class=\"dp-dfg-item post-10410 obres_autors type-obres_autors status-publish has-post-thumbnail hentry tipus_tecniques-escultura tecnica_especifica-guix autors-artur-novoa-cabra disciplina-escultura \"     data-position=\"829\"   data-new-tab=\"off\"   data-action-priority=\"item\"><figure class=\"dp-dfg-image entry-thumb\"><a href=\"https:\/\/www.museuemporda.org\/?obres_autors=sense-titol-68\" class=\"dp-dfg-image-link\" ><img loading=\"lazy\" decoding=\"async\" class=\"dp-dfg-featured-image\" src=\"https:\/\/www.museuemporda.org\/wp-content\/uploads\/2022\/01\/mE-1922-250x250.jpg\" alt=\"Sense t\u00edtol\" width=\"250\" height=\"250\" data-ratio=\"1\"\/><\/a><\/figure><div class=\"dp-dfg-header entry-header\"><h2 class=\"entry-title\">Sense t\u00edtol<\/h2><\/div><div class=\"dp-dfg-custom-content\"><p class=\"dp-dfg-custom-field dp-dfg-cf-autors2\"><span class=\"dp-dfg-custom-field-value\">Artur Novoa Cabra<\/span><\/p><\/div><\/article><!-- DPDFG End Post Item Container --><article id=\"post-11641\" class=\"dp-dfg-item post-11641 obres_autors type-obres_autors status-publish has-post-thumbnail hentry tipus_tecniques-dibuix tecnica_especifica-dibuix-sobre-paper autors-joan-mallol-pibernat disciplina-dibuix disciplina-pintura \"     data-position=\"830\"   data-new-tab=\"off\"   data-action-priority=\"item\"><figure class=\"dp-dfg-image entry-thumb\"><a href=\"https:\/\/www.museuemporda.org\/?obres_autors=retrat-de-josep-alberti-corominas\" class=\"dp-dfg-image-link\" ><img loading=\"lazy\" decoding=\"async\" class=\"dp-dfg-featured-image\" src=\"https:\/\/www.museuemporda.org\/wp-content\/uploads\/2022\/02\/mE-1433-250x250.jpg\" alt=\"Retrat de Josep Albert\u00ed Corominas\" width=\"250\" height=\"250\" data-ratio=\"1\"\/><\/a><\/figure><div class=\"dp-dfg-header entry-header\"><h2 class=\"entry-title\">Retrat de Josep Albert\u00ed Corominas<\/h2><\/div><div class=\"dp-dfg-custom-content\"><p class=\"dp-dfg-custom-field dp-dfg-cf-autors2\"><span class=\"dp-dfg-custom-field-value\">Joan Mallol Pibernat<\/span><\/p><\/div><\/article><!-- DPDFG End Post Item Container --><article id=\"post-5784\" class=\"dp-dfg-item post-5784 obres_autors type-obres_autors status-publish has-post-thumbnail hentry tecnica_especifica-oli-sobre-tela autors-enric-serra-auque disciplina-pintura \"     data-position=\"831\"   data-new-tab=\"off\"   data-action-priority=\"item\"><figure class=\"dp-dfg-image entry-thumb\"><a href=\"https:\/\/www.museuemporda.org\/?obres_autors=capvespre\" class=\"dp-dfg-image-link\" ><img loading=\"lazy\" decoding=\"async\" class=\"dp-dfg-featured-image\" src=\"https:\/\/www.museuemporda.org\/wp-content\/uploads\/2020\/04\/mE-654-1-250x250.jpg\" alt=\"Capvespre\" width=\"250\" height=\"250\" data-ratio=\"1\"\/><\/a><\/figure><div class=\"dp-dfg-header entry-header\"><h2 class=\"entry-title\">Capvespre<\/h2><\/div><div class=\"dp-dfg-custom-content\"><p class=\"dp-dfg-custom-field dp-dfg-cf-autors2\"><span class=\"dp-dfg-custom-field-value\">Enric Serra Auqu\u00e9<\/span><\/p><\/div><\/article><!-- DPDFG End Post Item Container --><article id=\"post-14140\" class=\"dp-dfg-item post-14140 obres_autors type-obres_autors status-publish has-post-thumbnail hentry tipus_tecniques-obra-grafica tecnica_especifica-impressio-digital autors-miquel-sanchez disciplina-obra-grafic \"     data-position=\"832\"   data-new-tab=\"off\"   data-action-priority=\"item\"><figure class=\"dp-dfg-image entry-thumb\"><a href=\"https:\/\/www.museuemporda.org\/?obres_autors=sense-titol-397\" class=\"dp-dfg-image-link\" ><img loading=\"lazy\" decoding=\"async\" class=\"dp-dfg-featured-image\" src=\"https:\/\/www.museuemporda.org\/wp-content\/uploads\/2023\/07\/ME2762-SANCHEZ-250x250.jpg\" alt=\"Sense t\u00edtol\" width=\"250\" height=\"250\" data-ratio=\"1\"\/><\/a><\/figure><div class=\"dp-dfg-header entry-header\"><h2 class=\"entry-title\">Sense t\u00edtol<\/h2><\/div><div class=\"dp-dfg-custom-content\"><p class=\"dp-dfg-custom-field dp-dfg-cf-autors2\"><span class=\"dp-dfg-custom-field-value\">Miquel Sanchez<\/span><\/p><\/div><\/article><!-- DPDFG End Post Item Container --><article id=\"post-8629\" class=\"dp-dfg-item post-8629 obres_autors type-obres_autors status-publish has-post-thumbnail hentry autors-joaquim-fort-de-ribot disciplina-fotografia \"     data-position=\"833\"   data-new-tab=\"off\"   data-action-priority=\"item\"><figure class=\"dp-dfg-image entry-thumb\"><a href=\"https:\/\/www.museuemporda.org\/?obres_autors=interior-del-monestir-de-sant-pere-de-rodes\" class=\"dp-dfg-image-link\" ><img loading=\"lazy\" decoding=\"async\" class=\"dp-dfg-featured-image\" src=\"https:\/\/www.museuemporda.org\/wp-content\/uploads\/2021\/10\/mE-2457-250x250.jpg\" alt=\"Interior del monestir de Sant Pere de Rodes\" width=\"250\" height=\"250\" data-ratio=\"1\"\/><\/a><\/figure><div class=\"dp-dfg-header entry-header\"><h2 class=\"entry-title\">Interior del monestir de Sant Pere de Rodes<\/h2><\/div><div class=\"dp-dfg-custom-content\"><p class=\"dp-dfg-custom-field dp-dfg-cf-autors2\"><span class=\"dp-dfg-custom-field-value\">Joaquim Fort de Ribot<\/span><\/p><\/div><\/article><!-- DPDFG End Post Item Container --><article id=\"post-10541\" class=\"dp-dfg-item post-10541 obres_autors type-obres_autors status-publish has-post-thumbnail hentry tipus_tecniques-pintura tecnica_especifica-tecnica-mixta-sobre-paper autors-joan-felip-vila disciplina-pintura \"     data-position=\"834\"   data-new-tab=\"off\"   data-action-priority=\"item\"><figure class=\"dp-dfg-image entry-thumb\"><a href=\"https:\/\/www.museuemporda.org\/?obres_autors=retrat-5\" class=\"dp-dfg-image-link\" ><img loading=\"lazy\" decoding=\"async\" class=\"dp-dfg-featured-image\" src=\"https:\/\/www.museuemporda.org\/wp-content\/uploads\/2022\/02\/mE-2307-250x250.jpg\" alt=\"Retrat\" width=\"250\" height=\"250\" data-ratio=\"1\"\/><\/a><\/figure><div class=\"dp-dfg-header entry-header\"><h2 class=\"entry-title\">Retrat<\/h2><\/div><div class=\"dp-dfg-custom-content\"><p class=\"dp-dfg-custom-field dp-dfg-cf-autors2\"><span class=\"dp-dfg-custom-field-value\">Joan Felip Vil\u00e0<\/span><\/p><\/div><\/article><!-- DPDFG End Post Item Container --><article id=\"post-11137\" class=\"dp-dfg-item post-11137 obres_autors type-obres_autors status-publish has-post-thumbnail hentry tipus_tecniques-dibuix tecnica_especifica-dibuix-sobre-paper autors-jaime-bosch-portas disciplina-dibuix \"     data-position=\"835\"   data-new-tab=\"off\"   data-action-priority=\"item\"><figure class=\"dp-dfg-image entry-thumb\"><a href=\"https:\/\/www.museuemporda.org\/?obres_autors=sense-titol-109\" class=\"dp-dfg-image-link\" ><img loading=\"lazy\" decoding=\"async\" class=\"dp-dfg-featured-image\" src=\"https:\/\/www.museuemporda.org\/wp-content\/uploads\/2022\/02\/mE-2009-250x250.jpg\" alt=\"Sense t\u00edtol\" width=\"250\" height=\"250\" data-ratio=\"1\"\/><\/a><\/figure><div class=\"dp-dfg-header entry-header\"><h2 class=\"entry-title\">Sense t\u00edtol<\/h2><\/div><div class=\"dp-dfg-custom-content\"><p class=\"dp-dfg-custom-field dp-dfg-cf-autors2\"><span class=\"dp-dfg-custom-field-value\">Jaime Bosch Portas<\/span><\/p><\/div><\/article><!-- DPDFG End Post Item Container --><article id=\"post-5929\" class=\"dp-dfg-item post-5929 obres_autors type-obres_autors status-publish has-post-thumbnail hentry autors-miquel-blay-fabregas disciplina-escultura \"     data-position=\"836\"   data-new-tab=\"off\"   data-action-priority=\"item\"><figure class=\"dp-dfg-image entry-thumb\"><a href=\"https:\/\/www.museuemporda.org\/?obres_autors=eclosio\" class=\"dp-dfg-image-link\" ><img loading=\"lazy\" decoding=\"async\" class=\"dp-dfg-featured-image\" src=\"https:\/\/www.museuemporda.org\/wp-content\/uploads\/2020\/04\/mE-1557_2019-250x250.jpg\" alt=\"Eclosi\u00f3\" width=\"250\" height=\"250\" data-ratio=\"1\"\/><\/a><\/figure><div class=\"dp-dfg-header entry-header\"><h2 class=\"entry-title\">Eclosi\u00f3<\/h2><\/div><div class=\"dp-dfg-custom-content\"><p class=\"dp-dfg-custom-field dp-dfg-cf-autors2\"><span class=\"dp-dfg-custom-field-value\">Miquel Blay F\u00e0bregas<\/span><\/p><\/div><\/article><!-- DPDFG End Post Item Container --><article id=\"post-14093\" class=\"dp-dfg-item post-14093 obres_autors type-obres_autors status-publish has-post-thumbnail hentry tipus_tecniques-dibuix tecnica_especifica-impressio-digital autors-carles-roman disciplina-dibuix \"     data-position=\"837\"   data-new-tab=\"off\"   data-action-priority=\"item\"><figure class=\"dp-dfg-image entry-thumb\"><a href=\"https:\/\/www.museuemporda.org\/?obres_autors=sense-titol-377\" class=\"dp-dfg-image-link\" ><img loading=\"lazy\" decoding=\"async\" class=\"dp-dfg-featured-image\" src=\"https:\/\/www.museuemporda.org\/wp-content\/uploads\/2023\/06\/ME2741-ROMAN-250x250.jpg\" alt=\"Sense t\u00edtol\" width=\"250\" height=\"250\" data-ratio=\"1\"\/><\/a><\/figure><div class=\"dp-dfg-header entry-header\"><h2 class=\"entry-title\">Sense t\u00edtol<\/h2><\/div><div class=\"dp-dfg-custom-content\"><p class=\"dp-dfg-custom-field dp-dfg-cf-autors2\"><span class=\"dp-dfg-custom-field-value\">Carles Roman<\/span><\/p><\/div><\/article><!-- DPDFG End Post Item Container --><article id=\"post-10394\" class=\"dp-dfg-item post-10394 obres_autors type-obres_autors status-publish has-post-thumbnail hentry tipus_tecniques-escultura tecnica_especifica-guix autors-artur-novoa-cabra disciplina-escultura \"     data-position=\"838\"   data-new-tab=\"off\"   data-action-priority=\"item\"><figure class=\"dp-dfg-image entry-thumb\"><a href=\"https:\/\/www.museuemporda.org\/?obres_autors=sense-titol-60\" class=\"dp-dfg-image-link\" ><img loading=\"lazy\" decoding=\"async\" class=\"dp-dfg-featured-image\" src=\"https:\/\/www.museuemporda.org\/wp-content\/uploads\/2022\/01\/mE-1914-250x250.jpg\" alt=\"Sense t\u00edtol\" width=\"250\" height=\"250\" data-ratio=\"1\"\/><\/a><\/figure><div class=\"dp-dfg-header entry-header\"><h2 class=\"entry-title\">Sense t\u00edtol<\/h2><\/div><div class=\"dp-dfg-custom-content\"><p class=\"dp-dfg-custom-field dp-dfg-cf-autors2\"><span class=\"dp-dfg-custom-field-value\">Artur Novoa Cabra<\/span><\/p><\/div><\/article><!-- DPDFG End Post Item Container --><article id=\"post-8984\" class=\"dp-dfg-item post-8984 obres_autors type-obres_autors status-publish has-post-thumbnail hentry tecnica_especifica-oli-sobre-tela autors-lluis-vayreda-trullol disciplina-pintura \"     data-position=\"839\"   data-new-tab=\"off\"   data-action-priority=\"item\"><figure class=\"dp-dfg-image entry-thumb\"><a href=\"https:\/\/www.museuemporda.org\/?obres_autors=oliveres-2\" class=\"dp-dfg-image-link\" ><img loading=\"lazy\" decoding=\"async\" class=\"dp-dfg-featured-image\" src=\"https:\/\/www.museuemporda.org\/wp-content\/uploads\/2021\/11\/ME-764_JORDI-PUIG-2021-250x250.jpg\" alt=\"Oliveres\" width=\"250\" height=\"250\" data-ratio=\"1\"\/><\/a><\/figure><div class=\"dp-dfg-header entry-header\"><h2 class=\"entry-title\">Oliveres<\/h2><\/div><div class=\"dp-dfg-custom-content\"><p class=\"dp-dfg-custom-field dp-dfg-cf-autors2\"><span class=\"dp-dfg-custom-field-value\">Llu\u00eds Vayreda Trullol<\/span><\/p><\/div><\/article><!-- DPDFG End Post Item Container --><article id=\"post-14018\" class=\"dp-dfg-item post-14018 obres_autors type-obres_autors status-publish has-post-thumbnail hentry tipus_tecniques-dibuix tecnica_especifica-tinta-sobre-paper autors-pep-claparols-i-moret disciplina-dibuix \"     data-position=\"840\"   data-new-tab=\"off\"   data-action-priority=\"item\"><figure class=\"dp-dfg-image entry-thumb\"><a href=\"https:\/\/www.museuemporda.org\/?obres_autors=sense-titol-344\" class=\"dp-dfg-image-link\" ><img loading=\"lazy\" decoding=\"async\" class=\"dp-dfg-featured-image\" src=\"https:\/\/www.museuemporda.org\/wp-content\/uploads\/2023\/06\/ME2706-PEP2006-250x229.jpg\" alt=\"Sense t\u00edtol\" width=\"250\" height=\"229\" data-ratio=\"0.916\"\/><\/a><\/figure><div class=\"dp-dfg-header entry-header\"><h2 class=\"entry-title\">Sense t\u00edtol<\/h2><\/div><div class=\"dp-dfg-custom-content\"><p class=\"dp-dfg-custom-field dp-dfg-cf-autors2\"><span class=\"dp-dfg-custom-field-value\">Pep Claparols i Moret<\/span><\/p><\/div><\/article><!-- DPDFG End Post Item Container --><article id=\"post-9224\" class=\"dp-dfg-item post-9224 obres_autors type-obres_autors status-publish has-post-thumbnail hentry tecnica_especifica-oli-sobre-tela autors-gustau-carbo-berthold disciplina-pintura \"     data-position=\"841\"   data-new-tab=\"off\"   data-action-priority=\"item\"><figure class=\"dp-dfg-image entry-thumb\"><a href=\"https:\/\/www.museuemporda.org\/?obres_autors=persecusio-de-la-serie-entorn-ecologic\" class=\"dp-dfg-image-link\" ><img loading=\"lazy\" decoding=\"async\" class=\"dp-dfg-featured-image\" src=\"https:\/\/www.museuemporda.org\/wp-content\/uploads\/2021\/11\/mE-2530-250x250.jpg\" alt=\"Persecusi\u00f3, de la s\u00e8rie &#8220;Entorn ecol\u00f2gic&#8221;\" width=\"250\" height=\"250\" data-ratio=\"1\"\/><\/a><\/figure><div class=\"dp-dfg-header entry-header\"><h2 class=\"entry-title\">Persecusi\u00f3, de la s\u00e8rie &#8220;Entorn ecol\u00f2gic&#8221;<\/h2><\/div><div class=\"dp-dfg-custom-content\"><p class=\"dp-dfg-custom-field dp-dfg-cf-autors2\"><span class=\"dp-dfg-custom-field-value\">Gustau Carb\u00f3 Berthold<\/span><\/p><\/div><\/article><!-- DPDFG End Post Item Container --><article id=\"post-12629\" class=\"dp-dfg-item post-12629 obres_autors type-obres_autors status-publish has-post-thumbnail hentry tipus_tecniques-pintura tecnica_especifica-pintura-acrilica-sobre-tela autors-elena-paredes disciplina-pintura \"     data-position=\"842\"   data-new-tab=\"off\"   data-action-priority=\"item\"><figure class=\"dp-dfg-image entry-thumb\"><a href=\"https:\/\/www.museuemporda.org\/?obres_autors=sense-titol-196\" class=\"dp-dfg-image-link\" ><img loading=\"lazy\" decoding=\"async\" class=\"dp-dfg-featured-image\" src=\"https:\/\/www.museuemporda.org\/wp-content\/uploads\/2022\/04\/mE_2537_2-250x250.jpg\" alt=\"Sense t\u00edtol\" width=\"250\" height=\"250\" data-ratio=\"1\"\/><\/a><\/figure><div class=\"dp-dfg-header entry-header\"><h2 class=\"entry-title\">Sense t\u00edtol<\/h2><\/div><div class=\"dp-dfg-custom-content\"><p class=\"dp-dfg-custom-field dp-dfg-cf-autors2\"><span class=\"dp-dfg-custom-field-value\">Elena Paredes<\/span><\/p><\/div><\/article><!-- DPDFG End Post Item Container --><article id=\"post-11637\" class=\"dp-dfg-item post-11637 obres_autors type-obres_autors status-publish has-post-thumbnail hentry tipus_tecniques-pintura tecnica_especifica-oli-sobre-tela autors-eugenio-lucas-velazquez disciplina-pintura \"     data-position=\"843\"   data-new-tab=\"off\"   data-action-priority=\"item\"><figure class=\"dp-dfg-image entry-thumb\"><a href=\"https:\/\/www.museuemporda.org\/?obres_autors=cursa-de-braus\" class=\"dp-dfg-image-link\" ><img loading=\"lazy\" decoding=\"async\" class=\"dp-dfg-featured-image\" src=\"https:\/\/www.museuemporda.org\/wp-content\/uploads\/2022\/02\/mE-632-250x250.jpg\" alt=\"Cursa de braus\" width=\"250\" height=\"250\" data-ratio=\"1\"\/><\/a><\/figure><div class=\"dp-dfg-header entry-header\"><h2 class=\"entry-title\">Cursa de braus<\/h2><\/div><div class=\"dp-dfg-custom-content\"><p class=\"dp-dfg-custom-field dp-dfg-cf-autors2\"><span class=\"dp-dfg-custom-field-value\">Eugenio Lucas Vel\u00e1zquez<\/span><\/p><\/div><\/article><!-- DPDFG End Post Item Container --><article id=\"post-8871\" class=\"dp-dfg-item post-8871 obres_autors type-obres_autors status-publish has-post-thumbnail hentry tipus_tecniques-dibuix tecnica_especifica-dibuix-sobre-paper autors-ramon-casas-carbo disciplina-dibuix \"     data-position=\"844\"   data-new-tab=\"off\"   data-action-priority=\"item\"><figure class=\"dp-dfg-image entry-thumb\"><a href=\"https:\/\/www.museuemporda.org\/?obres_autors=retrat-de-joan-pellicer-i-montseny\" class=\"dp-dfg-image-link\" ><img loading=\"lazy\" decoding=\"async\" class=\"dp-dfg-featured-image\" src=\"https:\/\/www.museuemporda.org\/wp-content\/uploads\/2021\/11\/mE-653-250x250.jpg\" alt=\"Retrat de Joan Pellicer i Montseny\" width=\"250\" height=\"250\" data-ratio=\"1\"\/><\/a><\/figure><div class=\"dp-dfg-header entry-header\"><h2 class=\"entry-title\">Retrat de Joan Pellicer i Montseny<\/h2><\/div><div class=\"dp-dfg-custom-content\"><p class=\"dp-dfg-custom-field dp-dfg-cf-autors2\"><span class=\"dp-dfg-custom-field-value\">Ramon Casas Carb\u00f3<\/span><\/p><\/div><\/article><!-- DPDFG End Post Item Container --><article id=\"post-13773\" class=\"dp-dfg-item post-13773 obres_autors type-obres_autors status-publish has-post-thumbnail hentry tipus_tecniques-dibuix tecnica_especifica-impressio-digital autors-juliette-murphy disciplina-obra-grafic \"     data-position=\"845\"   data-new-tab=\"off\"   data-action-priority=\"item\"><figure class=\"dp-dfg-image entry-thumb\"><a href=\"https:\/\/www.museuemporda.org\/?obres_autors=sense-titol-231\" class=\"dp-dfg-image-link\" ><img loading=\"lazy\" decoding=\"async\" class=\"dp-dfg-featured-image\" src=\"https:\/\/www.museuemporda.org\/wp-content\/uploads\/2023\/06\/ME2593-MURPHY15-250x250.jpg\" alt=\"Sense t\u00edtol\" width=\"250\" height=\"250\" data-ratio=\"1\"\/><\/a><\/figure><div class=\"dp-dfg-header entry-header\"><h2 class=\"entry-title\">Sense t\u00edtol<\/h2><\/div><div class=\"dp-dfg-custom-content\"><p class=\"dp-dfg-custom-field dp-dfg-cf-autors2\"><span class=\"dp-dfg-custom-field-value\">Juliette Murphy<\/span><\/p><\/div><\/article><!-- DPDFG End Post Item Container --><article id=\"post-11573\" class=\"dp-dfg-item post-11573 obres_autors type-obres_autors status-publish has-post-thumbnail hentry tipus_tecniques-pintura tecnica_especifica-pintura-acrilica-sobre-tela autors-andre-liebscher disciplina-pintura \"     data-position=\"846\"   data-new-tab=\"off\"   data-action-priority=\"item\"><figure class=\"dp-dfg-image entry-thumb\"><a href=\"https:\/\/www.museuemporda.org\/?obres_autors=sense-titol-140\" class=\"dp-dfg-image-link\" ><img loading=\"lazy\" decoding=\"async\" class=\"dp-dfg-featured-image\" src=\"https:\/\/www.museuemporda.org\/wp-content\/uploads\/2022\/02\/mE-2145-250x250.jpg\" alt=\"Sense t\u00edtol\" width=\"250\" height=\"250\" data-ratio=\"1\"\/><\/a><\/figure><div class=\"dp-dfg-header entry-header\"><h2 class=\"entry-title\">Sense t\u00edtol<\/h2><\/div><div class=\"dp-dfg-custom-content\"><p class=\"dp-dfg-custom-field dp-dfg-cf-autors2\"><span class=\"dp-dfg-custom-field-value\">Andr\u00e9 Liebscher<\/span><\/p><\/div><\/article><!-- DPDFG End Post Item Container --><article id=\"post-9786\" class=\"dp-dfg-item post-9786 obres_autors type-obres_autors status-publish has-post-thumbnail hentry tipus_tecniques-fotografia tecnica_especifica-fotografia autors-joaquim-fort-de-ribot disciplina-fotografia \"     data-position=\"847\"   data-new-tab=\"off\"   data-action-priority=\"item\"><figure class=\"dp-dfg-image entry-thumb\"><a href=\"https:\/\/www.museuemporda.org\/?obres_autors=excursio-al-pirineu\" class=\"dp-dfg-image-link\" ><img loading=\"lazy\" decoding=\"async\" class=\"dp-dfg-featured-image\" src=\"https:\/\/www.museuemporda.org\/wp-content\/uploads\/2022\/01\/mE-2486-250x250.jpg\" alt=\"Excursi\u00f3 al Pirineu\" width=\"250\" height=\"250\" data-ratio=\"1\"\/><\/a><\/figure><div class=\"dp-dfg-header entry-header\"><h2 class=\"entry-title\">Excursi\u00f3 al Pirineu<\/h2><\/div><div class=\"dp-dfg-custom-content\"><p class=\"dp-dfg-custom-field dp-dfg-cf-autors2\"><span class=\"dp-dfg-custom-field-value\">Joaquim Fort de Ribot<\/span><\/p><\/div><\/article><!-- DPDFG End Post Item Container --><article id=\"post-9092\" class=\"dp-dfg-item post-9092 obres_autors type-obres_autors status-publish has-post-thumbnail hentry tipus_tecniques-ceramica tecnica_especifica-ceramica-atica-de-figures-roges autors-autoria-desconeguda disciplina-arqueologia \"     data-position=\"848\"   data-new-tab=\"off\"   data-action-priority=\"item\"><figure class=\"dp-dfg-image entry-thumb\"><a href=\"https:\/\/www.museuemporda.org\/?obres_autors=pelike-atic-de-figures-roges\" class=\"dp-dfg-image-link\" ><img loading=\"lazy\" decoding=\"async\" class=\"dp-dfg-featured-image\" src=\"https:\/\/www.museuemporda.org\/wp-content\/uploads\/2021\/11\/mE-405-250x250.jpg\" alt=\"Pelike \u00e0tic de figures roges\" width=\"250\" height=\"250\" data-ratio=\"1\"\/><\/a><\/figure><div class=\"dp-dfg-header entry-header\"><h2 class=\"entry-title\">Pelike \u00e0tic de figures roges<\/h2><\/div><div class=\"dp-dfg-custom-content\"><p class=\"dp-dfg-custom-field dp-dfg-cf-autors2\"><span class=\"dp-dfg-custom-field-value\">Autoria desconeguda<\/span><\/p><\/div><\/article><!-- DPDFG End Post Item Container --><article id=\"post-9693\" class=\"dp-dfg-item post-9693 obres_autors type-obres_autors status-publish has-post-thumbnail hentry tipus_tecniques-fotografia tecnica_especifica-fotografia autors-josep-esquirol-perez disciplina-fotografia \"     data-position=\"849\"   data-new-tab=\"off\"   data-action-priority=\"item\"><figure class=\"dp-dfg-image entry-thumb\"><a href=\"https:\/\/www.museuemporda.org\/?obres_autors=carrer-principal-o-cardo-maximus-de-la-ciutat-romana-del-jaciment-dempuries\" class=\"dp-dfg-image-link\" ><img loading=\"lazy\" decoding=\"async\" class=\"dp-dfg-featured-image\" src=\"https:\/\/www.museuemporda.org\/wp-content\/uploads\/2022\/01\/ME-2092_Jordi-Puig-2022-250x250.jpg\" alt=\"Carrer principal o &#8216;cardo maximus&#8217; de la ciutat romana del jaciment d&#8217;Emp\u00faries\" width=\"250\" height=\"250\" data-ratio=\"1\"\/><\/a><\/figure><div class=\"dp-dfg-header entry-header\"><h2 class=\"entry-title\">Carrer principal o &#8216;cardo maximus&#8217; de la ciutat romana del jaciment d&#8217;Emp\u00faries<\/h2><\/div><div class=\"dp-dfg-custom-content\"><p class=\"dp-dfg-custom-field dp-dfg-cf-autors2\"><span class=\"dp-dfg-custom-field-value\">Josep Esquirol P\u00e9rez<\/span><\/p><\/div><\/article><!-- DPDFG End Post Item Container --><article id=\"post-10368\" class=\"dp-dfg-item post-10368 obres_autors type-obres_autors status-publish has-post-thumbnail hentry tipus_tecniques-escultura tecnica_especifica-guix-amb-patina-de-goma-laca autors-artur-novoa-cabra disciplina-escultura \"     data-position=\"850\"   data-new-tab=\"off\"   data-action-priority=\"item\"><figure class=\"dp-dfg-image entry-thumb\"><a href=\"https:\/\/www.museuemporda.org\/?obres_autors=retrat-del-president-kennedy\" class=\"dp-dfg-image-link\" ><img loading=\"lazy\" decoding=\"async\" class=\"dp-dfg-featured-image\" src=\"https:\/\/www.museuemporda.org\/wp-content\/uploads\/2022\/01\/mE-1623-250x250.jpg\" alt=\"Retrat del President Kennedy\" width=\"250\" height=\"250\" data-ratio=\"1\"\/><\/a><\/figure><div class=\"dp-dfg-header entry-header\"><h2 class=\"entry-title\">Retrat del President Kennedy<\/h2><\/div><div class=\"dp-dfg-custom-content\"><p class=\"dp-dfg-custom-field dp-dfg-cf-autors2\"><span class=\"dp-dfg-custom-field-value\">Artur Novoa Cabra<\/span><\/p><\/div><\/article><!-- DPDFG End Post Item Container --><article id=\"post-14266\" class=\"dp-dfg-item post-14266 obres_autors type-obres_autors status-publish has-post-thumbnail hentry tipus_tecniques-dibuix tecnica_especifica-impressio-digital autors-quim-bou disciplina-dibuix \"     data-position=\"851\"   data-new-tab=\"off\"   data-action-priority=\"item\"><figure class=\"dp-dfg-image entry-thumb\"><a href=\"https:\/\/www.museuemporda.org\/?obres_autors=sense-titol-457\" class=\"dp-dfg-image-link\" ><img loading=\"lazy\" decoding=\"async\" class=\"dp-dfg-featured-image\" src=\"https:\/\/www.museuemporda.org\/wp-content\/uploads\/2023\/07\/ME2842-BOU-250x250.jpg\" alt=\"Sense t\u00edtol\" width=\"250\" height=\"250\" data-ratio=\"1\"\/><\/a><\/figure><div class=\"dp-dfg-header entry-header\"><h2 class=\"entry-title\">Sense t\u00edtol<\/h2><\/div><div class=\"dp-dfg-custom-content\"><p class=\"dp-dfg-custom-field dp-dfg-cf-autors2\"><span class=\"dp-dfg-custom-field-value\">Quim Bou<\/span><\/p><\/div><\/article><!-- DPDFG End Post Item Container --><article id=\"post-14085\" class=\"dp-dfg-item post-14085 obres_autors type-obres_autors status-publish has-post-thumbnail hentry tipus_tecniques-dibuix tecnica_especifica-impressio-digital autors-carles-roman disciplina-dibuix \"     data-position=\"852\"   data-new-tab=\"off\"   data-action-priority=\"item\"><figure class=\"dp-dfg-image entry-thumb\"><a href=\"https:\/\/www.museuemporda.org\/?obres_autors=sense-titol-373\" class=\"dp-dfg-image-link\" ><img loading=\"lazy\" decoding=\"async\" class=\"dp-dfg-featured-image\" src=\"https:\/\/www.museuemporda.org\/wp-content\/uploads\/2023\/06\/ME2737-ROMAN-250x250.jpg\" alt=\"Sense t\u00edtol\" width=\"250\" height=\"250\" data-ratio=\"1\"\/><\/a><\/figure><div class=\"dp-dfg-header entry-header\"><h2 class=\"entry-title\">Sense t\u00edtol<\/h2><\/div><div class=\"dp-dfg-custom-content\"><p class=\"dp-dfg-custom-field dp-dfg-cf-autors2\"><span class=\"dp-dfg-custom-field-value\">Carles Roman<\/span><\/p><\/div><\/article><!-- DPDFG End Post Item Container --><article id=\"post-6039\" class=\"dp-dfg-item post-6039 obres_autors type-obres_autors status-publish has-post-thumbnail hentry tecnica_especifica-oli-sobre-fusta autors-moises-sidrach-planas disciplina-pintura \"     data-position=\"853\"   data-new-tab=\"off\"   data-action-priority=\"item\"><figure class=\"dp-dfg-image entry-thumb\"><a href=\"https:\/\/www.museuemporda.org\/?obres_autors=interior-i-figura\" class=\"dp-dfg-image-link\" ><img loading=\"lazy\" decoding=\"async\" class=\"dp-dfg-featured-image\" src=\"https:\/\/www.museuemporda.org\/wp-content\/uploads\/2020\/04\/mE-1412-250x250.jpg\" alt=\"Interior i figura\" width=\"250\" height=\"250\" data-ratio=\"1\"\/><\/a><\/figure><div class=\"dp-dfg-header entry-header\"><h2 class=\"entry-title\">Interior i figura<\/h2><\/div><div class=\"dp-dfg-custom-content\"><p class=\"dp-dfg-custom-field dp-dfg-cf-autors2\"><span class=\"dp-dfg-custom-field-value\">Mois\u00e8s Sidrach Planas<\/span><\/p><\/div><\/article><!-- DPDFG End Post Item Container --><article id=\"post-5682\" class=\"dp-dfg-item post-5682 obres_autors type-obres_autors status-publish has-post-thumbnail hentry tecnica_especifica-vidre-bufat autors-autoria-desconeguda \"     data-position=\"854\"   data-new-tab=\"off\"   data-action-priority=\"item\"><figure class=\"dp-dfg-image entry-thumb\"><a href=\"https:\/\/www.museuemporda.org\/?obres_autors=gerra-de-vidre\" class=\"dp-dfg-image-link\" ><img loading=\"lazy\" decoding=\"async\" class=\"dp-dfg-featured-image\" src=\"https:\/\/www.museuemporda.org\/wp-content\/uploads\/2020\/10\/mE-84-1-250x250.jpg\" alt=\"Gerra\" width=\"250\" height=\"250\" data-ratio=\"1\"\/><\/a><\/figure><div class=\"dp-dfg-header entry-header\"><h2 class=\"entry-title\">Gerra<\/h2><\/div><div class=\"dp-dfg-custom-content\"><p class=\"dp-dfg-custom-field dp-dfg-cf-autors2\"><span class=\"dp-dfg-custom-field-value\">Autoria desconeguda<\/span><\/p><\/div><\/article><!-- DPDFG End Post Item Container --><article id=\"post-13992\" class=\"dp-dfg-item post-13992 obres_autors type-obres_autors status-publish has-post-thumbnail hentry tipus_tecniques-dibuix tecnica_especifica-tinta-sobre-paper autors-pep-claparols-i-moret disciplina-dibuix \"     data-position=\"855\"   data-new-tab=\"off\"   data-action-priority=\"item\"><figure class=\"dp-dfg-image entry-thumb\"><a href=\"https:\/\/www.museuemporda.org\/?obres_autors=sense-titol-333\" class=\"dp-dfg-image-link\" ><img loading=\"lazy\" decoding=\"async\" class=\"dp-dfg-featured-image\" src=\"https:\/\/www.museuemporda.org\/wp-content\/uploads\/2023\/06\/ME2695-PEP2001-250x250.jpg\" alt=\"Sense t\u00edtol\" width=\"250\" height=\"250\" data-ratio=\"1\"\/><\/a><\/figure><div class=\"dp-dfg-header entry-header\"><h2 class=\"entry-title\">Sense t\u00edtol<\/h2><\/div><div class=\"dp-dfg-custom-content\"><p class=\"dp-dfg-custom-field dp-dfg-cf-autors2\"><span class=\"dp-dfg-custom-field-value\">Pep Claparols i Moret<\/span><\/p><\/div><\/article><!-- DPDFG End Post Item Container --><article id=\"post-12986\" class=\"dp-dfg-item post-12986 obres_autors type-obres_autors status-publish has-post-thumbnail hentry tipus_tecniques-aquarella-2 tipus_tecniques-pintura tecnica_especifica-aquarella-sobre-paper-2 autors-alfons-vila-franquesa disciplina-pintura \"     data-position=\"856\"   data-new-tab=\"off\"   data-action-priority=\"item\"><figure class=\"dp-dfg-image entry-thumb\"><a href=\"https:\/\/www.museuemporda.org\/?obres_autors=hivern\" class=\"dp-dfg-image-link\" ><img loading=\"lazy\" decoding=\"async\" class=\"dp-dfg-featured-image\" src=\"https:\/\/www.museuemporda.org\/wp-content\/uploads\/2022\/07\/mE-1359-250x250.jpg\" alt=\"Hivern\" width=\"250\" height=\"250\" data-ratio=\"1\"\/><\/a><\/figure><div class=\"dp-dfg-header entry-header\"><h2 class=\"entry-title\">Hivern<\/h2><\/div><div class=\"dp-dfg-custom-content\"><p class=\"dp-dfg-custom-field dp-dfg-cf-autors2\"><span class=\"dp-dfg-custom-field-value\">Alfons Vila Franquesa (Shum)<\/span><\/p><\/div><\/article><!-- DPDFG End Post Item Container --><article id=\"post-12637\" class=\"dp-dfg-item post-12637 obres_autors type-obres_autors status-publish has-post-thumbnail hentry tipus_tecniques-pintura tecnica_especifica-pintura-acrilica-sobre-tela autors-elena-paredes disciplina-pintura \"     data-position=\"857\"   data-new-tab=\"off\"   data-action-priority=\"item\"><figure class=\"dp-dfg-image entry-thumb\"><a href=\"https:\/\/www.museuemporda.org\/?obres_autors=sense-titol-193\" class=\"dp-dfg-image-link\" ><img loading=\"lazy\" decoding=\"async\" class=\"dp-dfg-featured-image\" src=\"https:\/\/www.museuemporda.org\/wp-content\/uploads\/2022\/04\/ME-2540_JORDI-PUIG-2021_2-250x250.jpg\" alt=\"Sense t\u00edtol\" width=\"250\" height=\"250\" data-ratio=\"1\"\/><\/a><\/figure><div class=\"dp-dfg-header entry-header\"><h2 class=\"entry-title\">Sense t\u00edtol<\/h2><\/div><div class=\"dp-dfg-custom-content\"><p class=\"dp-dfg-custom-field dp-dfg-cf-autors2\"><span class=\"dp-dfg-custom-field-value\">Elena Paredes<\/span><\/p><\/div><\/article><!-- DPDFG End Post Item Container --><article id=\"post-11385\" class=\"dp-dfg-item post-11385 obres_autors type-obres_autors status-publish has-post-thumbnail hentry tipus_tecniques-dibuix tecnica_especifica-dibuix-sobre-paper autors-deogracias-fuertes disciplina-dibuix \"     data-position=\"858\"   data-new-tab=\"off\"   data-action-priority=\"item\"><figure class=\"dp-dfg-image entry-thumb\"><a href=\"https:\/\/www.museuemporda.org\/?obres_autors=sense-titol-123\" class=\"dp-dfg-image-link\" ><img loading=\"lazy\" decoding=\"async\" class=\"dp-dfg-featured-image\" src=\"https:\/\/www.museuemporda.org\/wp-content\/uploads\/2022\/02\/mE-2052-250x250.jpg\" alt=\"Sense t\u00edtol\" width=\"250\" height=\"250\" data-ratio=\"1\"\/><\/a><\/figure><div class=\"dp-dfg-header entry-header\"><h2 class=\"entry-title\">Sense t\u00edtol<\/h2><\/div><div class=\"dp-dfg-custom-content\"><p class=\"dp-dfg-custom-field dp-dfg-cf-autors2\"><span class=\"dp-dfg-custom-field-value\">Deogracias Fuertes<\/span><\/p><\/div><\/article><!-- DPDFG End Post Item Container --><article id=\"post-14270\" class=\"dp-dfg-item post-14270 obres_autors type-obres_autors status-publish has-post-thumbnail hentry tipus_tecniques-dibuix tecnica_especifica-impressio-digital autors-quim-bou disciplina-dibuix \"     data-position=\"859\"   data-new-tab=\"off\"   data-action-priority=\"item\"><figure class=\"dp-dfg-image entry-thumb\"><a href=\"https:\/\/www.museuemporda.org\/?obres_autors=sense-titol-459\" class=\"dp-dfg-image-link\" ><img loading=\"lazy\" decoding=\"async\" class=\"dp-dfg-featured-image\" src=\"https:\/\/www.museuemporda.org\/wp-content\/uploads\/2023\/07\/ME2844-BOU-250x250.jpg\" alt=\"Sense t\u00edtol\" width=\"250\" height=\"250\" data-ratio=\"1\"\/><\/a><\/figure><div class=\"dp-dfg-header entry-header\"><h2 class=\"entry-title\">Sense t\u00edtol<\/h2><\/div><div class=\"dp-dfg-custom-content\"><p class=\"dp-dfg-custom-field dp-dfg-cf-autors2\"><span class=\"dp-dfg-custom-field-value\">Quim Bou<\/span><\/p><\/div><\/article><!-- DPDFG End Post Item Container --><article id=\"post-5886\" class=\"dp-dfg-item post-5886 obres_autors type-obres_autors status-publish has-post-thumbnail hentry tecnica_especifica-tecnica-mixta-sobre-fusta autors-joaquim-llucia-olivet disciplina-pintura \"     data-position=\"860\"   data-new-tab=\"off\"   data-action-priority=\"item\"><figure class=\"dp-dfg-image entry-thumb\"><a href=\"https:\/\/www.museuemporda.org\/?obres_autors=lombra-del-temps\" class=\"dp-dfg-image-link\" ><img loading=\"lazy\" decoding=\"async\" class=\"dp-dfg-featured-image\" src=\"https:\/\/www.museuemporda.org\/wp-content\/uploads\/2020\/07\/mE-730_reflex-250x250.jpg\" alt=\"L&#8217;ombra del temps\" width=\"250\" height=\"250\" data-ratio=\"1\"\/><\/a><\/figure><div class=\"dp-dfg-header entry-header\"><h2 class=\"entry-title\">L&#8217;ombra del temps<\/h2><\/div><div class=\"dp-dfg-custom-content\"><p class=\"dp-dfg-custom-field dp-dfg-cf-autors2\"><span class=\"dp-dfg-custom-field-value\">Joaquim Lluci\u00e0 Olivet<\/span><\/p><\/div><\/article><!-- DPDFG End Post Item Container --><article id=\"post-9513\" class=\"dp-dfg-item post-9513 obres_autors type-obres_autors status-publish has-post-thumbnail hentry tipus_tecniques-pintura tecnica_especifica-oli-sobre-tela autors-ramon-marti-alsina disciplina-pintura \"     data-position=\"861\"   data-new-tab=\"off\"   data-action-priority=\"item\"><figure class=\"dp-dfg-image entry-thumb\"><a href=\"https:\/\/www.museuemporda.org\/?obres_autors=retrat-de-narcis-monturiol-3\" class=\"dp-dfg-image-link\" ><img loading=\"lazy\" decoding=\"async\" class=\"dp-dfg-featured-image\" src=\"https:\/\/www.museuemporda.org\/wp-content\/uploads\/2022\/01\/mE-2371-2018-250x250.jpg\" alt=\"Retrat de Narc\u00eds Monturiol\" width=\"250\" height=\"250\" data-ratio=\"1\"\/><\/a><\/figure><div class=\"dp-dfg-header entry-header\"><h2 class=\"entry-title\">Retrat de Narc\u00eds Monturiol<\/h2><\/div><div class=\"dp-dfg-custom-content\"><p class=\"dp-dfg-custom-field dp-dfg-cf-autors2\"><span class=\"dp-dfg-custom-field-value\">Ramon Mart\u00ed Alsina<\/span><\/p><\/div><\/article><!-- DPDFG End Post Item Container --><article id=\"post-14223\" class=\"dp-dfg-item post-14223 obres_autors type-obres_autors status-publish has-post-thumbnail hentry tipus_tecniques-dibuix tecnica_especifica-impressio-digital autors-joan-antoni-poch disciplina-dibuix \"     data-position=\"862\"   data-new-tab=\"off\"   data-action-priority=\"item\"><figure class=\"dp-dfg-image entry-thumb\"><a href=\"https:\/\/www.museuemporda.org\/?obres_autors=sense-titol-437\" class=\"dp-dfg-image-link\" ><img loading=\"lazy\" decoding=\"async\" class=\"dp-dfg-featured-image\" src=\"https:\/\/www.museuemporda.org\/wp-content\/uploads\/2023\/07\/ME2822-JAP-250x250.jpg\" alt=\"Sense t\u00edtol\" width=\"250\" height=\"250\" data-ratio=\"1\"\/><\/a><\/figure><div class=\"dp-dfg-header entry-header\"><h2 class=\"entry-title\">Sense t\u00edtol<\/h2><\/div><div class=\"dp-dfg-custom-content\"><p class=\"dp-dfg-custom-field dp-dfg-cf-autors2\"><span class=\"dp-dfg-custom-field-value\">Joan Antoni Poch<\/span><\/p><\/div><\/article><!-- DPDFG End Post Item Container --><article id=\"post-14325\" class=\"dp-dfg-item post-14325 obres_autors type-obres_autors status-publish has-post-thumbnail hentry tipus_tecniques-dibuix tecnica_especifica-impressio-digital autors-jordi-fenosa-tatay disciplina-dibuix \"     data-position=\"863\"   data-new-tab=\"off\"   data-action-priority=\"item\"><figure class=\"dp-dfg-image entry-thumb\"><a href=\"https:\/\/www.museuemporda.org\/?obres_autors=sense-titol-484\" class=\"dp-dfg-image-link\" ><img loading=\"lazy\" decoding=\"async\" class=\"dp-dfg-featured-image\" src=\"https:\/\/www.museuemporda.org\/wp-content\/uploads\/2023\/07\/ME2870-TATAY-250x250.jpg\" alt=\"Sense t\u00edtol\" width=\"250\" height=\"250\" data-ratio=\"1\"\/><\/a><\/figure><div class=\"dp-dfg-header entry-header\"><h2 class=\"entry-title\">Sense t\u00edtol<\/h2><\/div><div class=\"dp-dfg-custom-content\"><p class=\"dp-dfg-custom-field dp-dfg-cf-autors2\"><span class=\"dp-dfg-custom-field-value\">Jordi Fenosa Tatay<\/span><\/p><\/div><\/article><!-- DPDFG End Post Item Container --><article id=\"post-10822\" class=\"dp-dfg-item post-10822 obres_autors type-obres_autors status-publish has-post-thumbnail hentry tipus_tecniques-dibuix tecnica_especifica-llapis-carbo-sobre-paper autors-josep-lluis-pellicer-fenye disciplina-dibuix \"     data-position=\"864\"   data-new-tab=\"off\"   data-action-priority=\"item\"><figure class=\"dp-dfg-image entry-thumb\"><a href=\"https:\/\/www.museuemporda.org\/?obres_autors=quarantena-en-el-llatzeret-del-perthus-2\" class=\"dp-dfg-image-link\" ><img loading=\"lazy\" decoding=\"async\" class=\"dp-dfg-featured-image\" src=\"https:\/\/www.museuemporda.org\/wp-content\/uploads\/2022\/02\/mE-1536-250x250.jpg\" alt=\"Quarantena en el llatzeret del Perthus\" width=\"250\" height=\"250\" data-ratio=\"1\"\/><\/a><\/figure><div class=\"dp-dfg-header entry-header\"><h2 class=\"entry-title\">Quarantena en el llatzeret del Perthus<\/h2><\/div><div class=\"dp-dfg-custom-content\"><p class=\"dp-dfg-custom-field dp-dfg-cf-autors2\"><span class=\"dp-dfg-custom-field-value\">Josep Llu\u00eds Pellicer Feny\u00e9<\/span><\/p><\/div><\/article><!-- DPDFG End Post Item Container --><article id=\"post-13860\" class=\"dp-dfg-item post-13860 obres_autors type-obres_autors status-publish has-post-thumbnail hentry tipus_tecniques-dibuix tecnica_especifica-tinta-sobre-paper autors-lluis-puigbert disciplina-dibuix \"     data-position=\"865\"   data-new-tab=\"off\"   data-action-priority=\"item\"><figure class=\"dp-dfg-image entry-thumb\"><a href=\"https:\/\/www.museuemporda.org\/?obres_autors=sense-titol-270\" class=\"dp-dfg-image-link\" ><img loading=\"lazy\" decoding=\"async\" class=\"dp-dfg-featured-image\" src=\"https:\/\/www.museuemporda.org\/wp-content\/uploads\/2023\/06\/ME2632-SID-250x250.jpg\" alt=\"Sense t\u00edtol\" width=\"250\" height=\"250\" data-ratio=\"1\"\/><\/a><\/figure><div class=\"dp-dfg-header entry-header\"><h2 class=\"entry-title\">Sense t\u00edtol<\/h2><\/div><div class=\"dp-dfg-custom-content\"><p class=\"dp-dfg-custom-field dp-dfg-cf-autors2\"><span class=\"dp-dfg-custom-field-value\">Llu\u00eds Puigbert<\/span><\/p><\/div><\/article><!-- DPDFG End Post Item Container --><article id=\"post-10977\" class=\"dp-dfg-item post-10977 obres_autors type-obres_autors status-publish has-post-thumbnail hentry tipus_tecniques-pintura tecnica_especifica-oli-sobre-tela autors-josep-maria-ametlla disciplina-pintura \"     data-position=\"866\"   data-new-tab=\"off\"   data-action-priority=\"item\"><figure class=\"dp-dfg-image entry-thumb\"><a href=\"https:\/\/www.museuemporda.org\/?obres_autors=tors-nu\" class=\"dp-dfg-image-link\" ><img loading=\"lazy\" decoding=\"async\" class=\"dp-dfg-featured-image\" src=\"https:\/\/www.museuemporda.org\/wp-content\/uploads\/2022\/02\/mE-1525-250x250.jpg\" alt=\"Tors nu\" width=\"250\" height=\"250\" data-ratio=\"1\"\/><\/a><\/figure><div class=\"dp-dfg-header entry-header\"><h2 class=\"entry-title\">Tors nu<\/h2><\/div><div class=\"dp-dfg-custom-content\"><p class=\"dp-dfg-custom-field dp-dfg-cf-autors2\"><span class=\"dp-dfg-custom-field-value\">Josep Maria Ametlla<\/span><\/p><\/div><\/article><!-- DPDFG End Post Item Container --><article id=\"post-5910\" class=\"dp-dfg-item post-5910 obres_autors type-obres_autors status-publish has-post-thumbnail hentry tecnica_especifica-serigrafia autors-lanfranco-bombelli-tiravanti disciplina-obra-grafic \"     data-position=\"867\"   data-new-tab=\"off\"   data-action-priority=\"item\"><figure class=\"dp-dfg-image entry-thumb\"><a href=\"https:\/\/www.museuemporda.org\/?obres_autors=cubo-cinque-cadaques-portfolia-one\" class=\"dp-dfg-image-link\" ><img loading=\"lazy\" decoding=\"async\" class=\"dp-dfg-featured-image\" src=\"https:\/\/www.museuemporda.org\/wp-content\/uploads\/2020\/10\/mE-1503-250x250.jpg\" alt=\"Cubo cinque. Cadaqu\u00e9s Portfolia One\" width=\"250\" height=\"250\" data-ratio=\"1\"\/><\/a><\/figure><div class=\"dp-dfg-header entry-header\"><h2 class=\"entry-title\">Cubo cinque. Cadaqu\u00e9s Portfolia One<\/h2><\/div><div class=\"dp-dfg-custom-content\"><p class=\"dp-dfg-custom-field dp-dfg-cf-autors2\"><span class=\"dp-dfg-custom-field-value\">Lanfranco Bombelli Tiravanti<\/span><\/p><\/div><\/article><!-- DPDFG End Post Item Container --><article id=\"post-9221\" class=\"dp-dfg-item post-9221 obres_autors type-obres_autors status-publish has-post-thumbnail hentry tecnica_especifica-pintura-acrilica-i-pasta-de-paper autors-nobuko-kihira disciplina-pintura \"     data-position=\"868\"   data-new-tab=\"off\"   data-action-priority=\"item\"><figure class=\"dp-dfg-image entry-thumb\"><a href=\"https:\/\/www.museuemporda.org\/?obres_autors=nubes-viento-y-roca\" class=\"dp-dfg-image-link\" ><img loading=\"lazy\" decoding=\"async\" class=\"dp-dfg-featured-image\" src=\"https:\/\/www.museuemporda.org\/wp-content\/uploads\/2021\/11\/mE-2529-250x250.jpg\" alt=\"Nubes, viento y roca\" width=\"250\" height=\"250\" data-ratio=\"1\"\/><\/a><\/figure><div class=\"dp-dfg-header entry-header\"><h2 class=\"entry-title\">Nubes, viento y roca<\/h2><\/div><div class=\"dp-dfg-custom-content\"><p class=\"dp-dfg-custom-field dp-dfg-cf-autors2\"><span class=\"dp-dfg-custom-field-value\">Nobuko Kihira<\/span><\/p><\/div><\/article><!-- DPDFG End Post Item Container --><article id=\"post-14353\" class=\"dp-dfg-item post-14353 obres_autors type-obres_autors status-publish has-post-thumbnail hentry tipus_tecniques-dibuix tecnica_especifica-impressio-digital autors-eva-m-ramon disciplina-dibuix \"     data-position=\"869\"   data-new-tab=\"off\"   data-action-priority=\"item\"><figure class=\"dp-dfg-image entry-thumb\"><a href=\"https:\/\/www.museuemporda.org\/?obres_autors=sense-titol-497\" class=\"dp-dfg-image-link\" ><img loading=\"lazy\" decoding=\"async\" class=\"dp-dfg-featured-image\" src=\"https:\/\/www.museuemporda.org\/wp-content\/uploads\/2023\/07\/ME2884-EVA-250x250.jpg\" alt=\"Sense t\u00edtol\" width=\"250\" height=\"250\" data-ratio=\"1\"\/><\/a><\/figure><div class=\"dp-dfg-header entry-header\"><h2 class=\"entry-title\">Sense t\u00edtol<\/h2><\/div><div class=\"dp-dfg-custom-content\"><p class=\"dp-dfg-custom-field dp-dfg-cf-autors2\"><span class=\"dp-dfg-custom-field-value\">Eva M. Ramon<\/span><\/p><\/div><\/article><!-- DPDFG End Post Item Container --><article id=\"post-8951\" class=\"dp-dfg-item post-8951 obres_autors type-obres_autors status-publish has-post-thumbnail hentry tecnica_especifica-llapis-sobre-paper autors-antoni-tapies-puig disciplina-dibuix \"     data-position=\"870\"   data-new-tab=\"off\"   data-action-priority=\"item\"><figure class=\"dp-dfg-image entry-thumb\"><a href=\"https:\/\/www.museuemporda.org\/?obres_autors=sant-pere\" class=\"dp-dfg-image-link\" ><img loading=\"lazy\" decoding=\"async\" class=\"dp-dfg-featured-image\" src=\"https:\/\/www.museuemporda.org\/wp-content\/uploads\/2021\/11\/mE-722-250x250.jpg\" alt=\"Sant Pere\" width=\"250\" height=\"250\" data-ratio=\"1\"\/><\/a><\/figure><div class=\"dp-dfg-header entry-header\"><h2 class=\"entry-title\">Sant Pere<\/h2><\/div><div class=\"dp-dfg-custom-content\"><p class=\"dp-dfg-custom-field dp-dfg-cf-autors2\"><span class=\"dp-dfg-custom-field-value\">Antoni T\u00e0pies Puig<\/span><\/p><\/div><\/article><!-- DPDFG End Post Item Container --><article id=\"post-8145\" class=\"dp-dfg-item post-8145 obres_autors type-obres_autors status-publish has-post-thumbnail hentry autors-autoria-desconeguda disciplina-arqueologia \"     data-position=\"871\"   data-new-tab=\"off\"   data-action-priority=\"item\"><figure class=\"dp-dfg-image entry-thumb\"><a href=\"https:\/\/www.museuemporda.org\/?obres_autors=urna-i-tapadora\" class=\"dp-dfg-image-link\" ><img loading=\"lazy\" decoding=\"async\" class=\"dp-dfg-featured-image\" src=\"https:\/\/www.museuemporda.org\/wp-content\/uploads\/2021\/08\/ME-53-ME-54_2-250x250.jpg\" alt=\"Urna ciner\u00e0ria i tapadora\" width=\"250\" height=\"250\" data-ratio=\"1\"\/><\/a><\/figure><div class=\"dp-dfg-header entry-header\"><h2 class=\"entry-title\">Urna ciner\u00e0ria i tapadora<\/h2><\/div><div class=\"dp-dfg-custom-content\"><p class=\"dp-dfg-custom-field dp-dfg-cf-autors2\"><span class=\"dp-dfg-custom-field-value\">Autoria desconeguda<\/span><\/p><\/div><\/article><!-- DPDFG End Post Item Container --><article id=\"post-5826\" class=\"dp-dfg-item post-5826 obres_autors type-obres_autors status-publish has-post-thumbnail hentry tecnica_especifica-oli-sobre-cartro autors-joaquim-sunyer-de-miro \"     data-position=\"872\"   data-new-tab=\"off\"   data-action-priority=\"item\"><figure class=\"dp-dfg-image entry-thumb\"><a href=\"https:\/\/www.museuemporda.org\/?obres_autors=rue-du-marche\" class=\"dp-dfg-image-link\" ><img loading=\"lazy\" decoding=\"async\" class=\"dp-dfg-featured-image\" src=\"https:\/\/www.museuemporda.org\/wp-content\/uploads\/2020\/04\/mE-668_-250x250.jpg\" alt=\"Rue du march\u00e9\" width=\"250\" height=\"250\" data-ratio=\"1\"\/><\/a><\/figure><div class=\"dp-dfg-header entry-header\"><h2 class=\"entry-title\">Rue du march\u00e9<\/h2><\/div><div class=\"dp-dfg-custom-content\"><p class=\"dp-dfg-custom-field dp-dfg-cf-autors2\"><span class=\"dp-dfg-custom-field-value\">Joaquim Sunyer de Mir\u00f3<\/span><\/p><\/div><\/article><!-- DPDFG End Post Item Container --><article id=\"post-11872\" class=\"dp-dfg-item post-11872 obres_autors type-obres_autors status-publish has-post-thumbnail hentry tipus_tecniques-pintura tecnica_especifica-tecnica-mixta-sobre-paper autors-albert-porta disciplina-pintura \"     data-position=\"873\"   data-new-tab=\"off\"   data-action-priority=\"item\"><figure class=\"dp-dfg-image entry-thumb\"><a href=\"https:\/\/www.museuemporda.org\/?obres_autors=garvru-3\" class=\"dp-dfg-image-link\" ><img loading=\"lazy\" decoding=\"async\" class=\"dp-dfg-featured-image\" src=\"https:\/\/www.museuemporda.org\/wp-content\/uploads\/2022\/02\/mE-1566-250x250.jpg\" alt=\"Garvru 3\" width=\"250\" height=\"250\" data-ratio=\"1\"\/><\/a><\/figure><div class=\"dp-dfg-header entry-header\"><h2 class=\"entry-title\">Garvru 3<\/h2><\/div><div class=\"dp-dfg-custom-content\"><p class=\"dp-dfg-custom-field dp-dfg-cf-autors2\"><span class=\"dp-dfg-custom-field-value\">Albert Porta<\/span><\/p><\/div><\/article><!-- DPDFG End Post Item Container --><article id=\"post-8639\" class=\"dp-dfg-item post-8639 obres_autors type-obres_autors status-publish has-post-thumbnail hentry autors-philippe-avila disciplina-fotografia \"     data-position=\"874\"   data-new-tab=\"off\"   data-action-priority=\"item\"><figure class=\"dp-dfg-image entry-thumb\"><a href=\"https:\/\/www.museuemporda.org\/?obres_autors=dream-wrap-embolcalla-somnis-4\" class=\"dp-dfg-image-link\" ><img loading=\"lazy\" decoding=\"async\" class=\"dp-dfg-featured-image\" src=\"https:\/\/www.museuemporda.org\/wp-content\/uploads\/2021\/10\/mE-16034-250x250.jpg\" alt=\"Dream wrap (embolcalla somnis)\" width=\"250\" height=\"250\" data-ratio=\"1\"\/><\/a><\/figure><div class=\"dp-dfg-header entry-header\"><h2 class=\"entry-title\">Dream wrap (embolcalla somnis)<\/h2><\/div><div class=\"dp-dfg-custom-content\"><p class=\"dp-dfg-custom-field dp-dfg-cf-autors2\"><span class=\"dp-dfg-custom-field-value\">Philippe \u00c1vila<\/span><\/p><\/div><\/article><!-- DPDFG End Post Item Container --><article id=\"post-11884\" class=\"dp-dfg-item post-11884 obres_autors type-obres_autors status-publish has-post-thumbnail hentry tipus_tecniques-pintura tecnica_especifica-oli-sobre-tela autors-pere-pruna-ocerans disciplina-pintura \"     data-position=\"875\"   data-new-tab=\"off\"   data-action-priority=\"item\"><figure class=\"dp-dfg-image entry-thumb\"><a href=\"https:\/\/www.museuemporda.org\/?obres_autors=florista\" class=\"dp-dfg-image-link\" ><img loading=\"lazy\" decoding=\"async\" class=\"dp-dfg-featured-image\" src=\"https:\/\/www.museuemporda.org\/wp-content\/uploads\/2022\/02\/ME-681_2022-250x250.jpg\" alt=\"Florista\" width=\"250\" height=\"250\" data-ratio=\"1\"\/><\/a><\/figure><div class=\"dp-dfg-header entry-header\"><h2 class=\"entry-title\">Florista<\/h2><\/div><div class=\"dp-dfg-custom-content\"><p class=\"dp-dfg-custom-field dp-dfg-cf-autors2\"><span class=\"dp-dfg-custom-field-value\">Pere Pruna Ocerans<\/span><\/p><\/div><\/article><!-- DPDFG End Post Item Container --><article id=\"post-10812\" class=\"dp-dfg-item post-10812 obres_autors type-obres_autors status-publish has-post-thumbnail hentry tipus_tecniques-dibuix tecnica_especifica-llapis-carbo-sobre-paper autors-josep-lluis-pellicer-fenye disciplina-dibuix \"     data-position=\"876\"   data-new-tab=\"off\"   data-action-priority=\"item\"><figure class=\"dp-dfg-image entry-thumb\"><a href=\"https:\/\/www.museuemporda.org\/?obres_autors=viatge-per-lemporda-sant-pere-de-roda\" class=\"dp-dfg-image-link\" ><img loading=\"lazy\" decoding=\"async\" class=\"dp-dfg-featured-image\" src=\"https:\/\/www.museuemporda.org\/wp-content\/uploads\/2022\/02\/mE-1518-250x250.jpg\" alt=\"Viatge per l&#8217;Empord\u00e0; Sant Pere de Roda\" width=\"250\" height=\"250\" data-ratio=\"1\"\/><\/a><\/figure><div class=\"dp-dfg-header entry-header\"><h2 class=\"entry-title\">Viatge per l&#8217;Empord\u00e0; Sant Pere de Roda<\/h2><\/div><div class=\"dp-dfg-custom-content\"><p class=\"dp-dfg-custom-field dp-dfg-cf-autors2\"><span class=\"dp-dfg-custom-field-value\">Josep Llu\u00eds Pellicer Feny\u00e9<\/span><\/p><\/div><\/article><!-- DPDFG End Post Item Container --><article id=\"post-8998\" class=\"dp-dfg-item post-8998 obres_autors type-obres_autors status-publish has-post-thumbnail hentry tecnica_especifica-oli-sobre-tela autors-agustin-salinas-teruel disciplina-pintura \"     data-position=\"877\"   data-new-tab=\"off\"   data-action-priority=\"item\"><figure class=\"dp-dfg-image entry-thumb\"><a href=\"https:\/\/www.museuemporda.org\/?obres_autors=retrat-de-rubaudonadeu-corecelles\" class=\"dp-dfg-image-link\" ><img loading=\"lazy\" decoding=\"async\" class=\"dp-dfg-featured-image\" src=\"https:\/\/www.museuemporda.org\/wp-content\/uploads\/2021\/11\/mE-1043-250x250.jpg\" alt=\"Retrat de Rubaudonadeu Corecell\u00e9s\" width=\"250\" height=\"250\" data-ratio=\"1\"\/><\/a><\/figure><div class=\"dp-dfg-header entry-header\"><h2 class=\"entry-title\">Retrat de Rubaudonadeu Corecell\u00e9s<\/h2><\/div><div class=\"dp-dfg-custom-content\"><p class=\"dp-dfg-custom-field dp-dfg-cf-autors2\"><span class=\"dp-dfg-custom-field-value\">Agust\u00edn Salinas Teruel<\/span><\/p><\/div><\/article><!-- DPDFG End Post Item Container --><article id=\"post-13814\" class=\"dp-dfg-item post-13814 obres_autors type-obres_autors status-publish has-post-thumbnail hentry tipus_tecniques-dibuix tecnica_especifica-tinta-sobre-paper autors-lluis-puigbert disciplina-dibuix \"     data-position=\"878\"   data-new-tab=\"off\"   data-action-priority=\"item\"><figure class=\"dp-dfg-image entry-thumb\"><a href=\"https:\/\/www.museuemporda.org\/?obres_autors=sense-titol-251\" class=\"dp-dfg-image-link\" ><img loading=\"lazy\" decoding=\"async\" class=\"dp-dfg-featured-image\" src=\"https:\/\/www.museuemporda.org\/wp-content\/uploads\/2023\/06\/ME2613-SID03-250x250.jpg\" alt=\"Sense t\u00edtol\" width=\"250\" height=\"250\" data-ratio=\"1\"\/><\/a><\/figure><div class=\"dp-dfg-header entry-header\"><h2 class=\"entry-title\">Sense t\u00edtol<\/h2><\/div><div class=\"dp-dfg-custom-content\"><p class=\"dp-dfg-custom-field dp-dfg-cf-autors2\"><span class=\"dp-dfg-custom-field-value\">Llu\u00eds Puigbert<\/span><\/p><\/div><\/article><!-- DPDFG End Post Item Container --><article id=\"post-14203\" class=\"dp-dfg-item post-14203 obres_autors type-obres_autors status-publish has-post-thumbnail hentry tipus_tecniques-obra-grafica tecnica_especifica-impressio-digital autors-joan-antoni-poch disciplina-obra-grafic \"     data-position=\"879\"   data-new-tab=\"off\"   data-action-priority=\"item\"><figure class=\"dp-dfg-image entry-thumb\"><a href=\"https:\/\/www.museuemporda.org\/?obres_autors=sense-titol-427\" class=\"dp-dfg-image-link\" ><img loading=\"lazy\" decoding=\"async\" class=\"dp-dfg-featured-image\" src=\"https:\/\/www.museuemporda.org\/wp-content\/uploads\/2023\/07\/ME2812-JAP-250x250.jpg\" alt=\"Sense t\u00edtol\" width=\"250\" height=\"250\" data-ratio=\"1\"\/><\/a><\/figure><div class=\"dp-dfg-header entry-header\"><h2 class=\"entry-title\">Sense t\u00edtol<\/h2><\/div><div class=\"dp-dfg-custom-content\"><p class=\"dp-dfg-custom-field dp-dfg-cf-autors2\"><span class=\"dp-dfg-custom-field-value\">Joan Antoni Poch<\/span><\/p><\/div><\/article><!-- DPDFG End Post Item Container --><article id=\"post-10661\" class=\"dp-dfg-item post-10661 obres_autors type-obres_autors status-publish has-post-thumbnail hentry tipus_tecniques-dibuix tecnica_especifica-tecnica-mixta-sobre-paper autors-francesc-camps-ribera disciplina-dibuix \"     data-position=\"880\"   data-new-tab=\"off\"   data-action-priority=\"item\"><figure class=\"dp-dfg-image entry-thumb\"><a href=\"https:\/\/www.museuemporda.org\/?obres_autors=dona-de-la-criolla\" class=\"dp-dfg-image-link\" ><img loading=\"lazy\" decoding=\"async\" class=\"dp-dfg-featured-image\" src=\"https:\/\/www.museuemporda.org\/wp-content\/uploads\/2022\/02\/mE-1302-250x250.jpg\" alt=\"Dona de La Criolla\" width=\"250\" height=\"250\" data-ratio=\"1\"\/><\/a><\/figure><div class=\"dp-dfg-header entry-header\"><h2 class=\"entry-title\">Dona de La Criolla<\/h2><\/div><div class=\"dp-dfg-custom-content\"><p class=\"dp-dfg-custom-field dp-dfg-cf-autors2\"><span class=\"dp-dfg-custom-field-value\">Francesc Camps Ribera<\/span><\/p><\/div><\/article><!-- DPDFG End Post Item Container --><article id=\"post-5684\" class=\"dp-dfg-item post-5684 obres_autors type-obres_autors status-publish has-post-thumbnail hentry tecnica_especifica-pasta-de-vidre-policromada-i-lapislatzuli autors-autoria-desconeguda disciplina-arqueologia \"     data-position=\"881\"   data-new-tab=\"off\"   data-action-priority=\"item\"><figure class=\"dp-dfg-image entry-thumb\"><a href=\"https:\/\/www.museuemporda.org\/?obres_autors=collaret\" class=\"dp-dfg-image-link\" ><img loading=\"lazy\" decoding=\"async\" class=\"dp-dfg-featured-image\" src=\"https:\/\/www.museuemporda.org\/wp-content\/uploads\/2020\/04\/mE-96_2019-250x250.jpg\" alt=\"Denes de collar\" width=\"250\" height=\"250\" data-ratio=\"1\"\/><\/a><\/figure><div class=\"dp-dfg-header entry-header\"><h2 class=\"entry-title\">Denes de collar<\/h2><\/div><div class=\"dp-dfg-custom-content\"><p class=\"dp-dfg-custom-field dp-dfg-cf-autors2\"><span class=\"dp-dfg-custom-field-value\">Autoria desconeguda<\/span><\/p><\/div><\/article><!-- DPDFG End Post Item Container --><article id=\"post-11725\" class=\"dp-dfg-item post-11725 obres_autors type-obres_autors status-publish has-post-thumbnail hentry tipus_tecniques-pintura tecnica_especifica-paper-impres autors-jacques-moran disciplina-pintura \"     data-position=\"882\"   data-new-tab=\"off\"   data-action-priority=\"item\"><figure class=\"dp-dfg-image entry-thumb\"><a href=\"https:\/\/www.museuemporda.org\/?obres_autors=red-mountain\" class=\"dp-dfg-image-link\" ><img loading=\"lazy\" decoding=\"async\" class=\"dp-dfg-featured-image\" src=\"https:\/\/www.museuemporda.org\/wp-content\/uploads\/2022\/02\/me-1935-250x250.jpg\" alt=\"Red mountain\" width=\"250\" height=\"250\" data-ratio=\"1\"\/><\/a><\/figure><div class=\"dp-dfg-header entry-header\"><h2 class=\"entry-title\">Red mountain<\/h2><\/div><div class=\"dp-dfg-custom-content\"><p class=\"dp-dfg-custom-field dp-dfg-cf-autors2\"><span class=\"dp-dfg-custom-field-value\">Jacques Moran<\/span><\/p><\/div><\/article><!-- DPDFG End Post Item Container --><article id=\"post-9192\" class=\"dp-dfg-item post-9192 obres_autors type-obres_autors status-publish has-post-thumbnail hentry tipus_tecniques-terracota autors-autoria-desconeguda disciplina-arqueologia \"     data-position=\"883\"   data-new-tab=\"off\"   data-action-priority=\"item\"><figure class=\"dp-dfg-image entry-thumb\"><a href=\"https:\/\/www.museuemporda.org\/?obres_autors=figura-disis\" class=\"dp-dfg-image-link\" ><img loading=\"lazy\" decoding=\"async\" class=\"dp-dfg-featured-image\" src=\"https:\/\/www.museuemporda.org\/wp-content\/uploads\/2021\/11\/mE-306-250x250.jpg\" alt=\"Figura d&#8217;Isis?\" width=\"250\" height=\"250\" data-ratio=\"1\"\/><\/a><\/figure><div class=\"dp-dfg-header entry-header\"><h2 class=\"entry-title\">Figura d&#8217;Isis?<\/h2><\/div><div class=\"dp-dfg-custom-content\"><p class=\"dp-dfg-custom-field dp-dfg-cf-autors2\"><span class=\"dp-dfg-custom-field-value\">Autoria desconeguda<\/span><\/p><\/div><\/article><!-- DPDFG End Post Item Container --><article id=\"post-13806\" class=\"dp-dfg-item post-13806 obres_autors type-obres_autors status-publish has-post-thumbnail hentry tipus_tecniques-dibuix tecnica_especifica-impressio-digital autors-lluis-puigbert disciplina-obra-grafic \"     data-position=\"884\"   data-new-tab=\"off\"   data-action-priority=\"item\"><figure class=\"dp-dfg-image entry-thumb\"><a href=\"https:\/\/www.museuemporda.org\/?obres_autors=sense-titol-247\" class=\"dp-dfg-image-link\" ><img loading=\"lazy\" decoding=\"async\" class=\"dp-dfg-featured-image\" src=\"https:\/\/www.museuemporda.org\/wp-content\/uploads\/2023\/06\/ME2609-SID02-250x250.jpg\" alt=\"Sense t\u00edtol\" width=\"250\" height=\"250\" data-ratio=\"1\"\/><\/a><\/figure><div class=\"dp-dfg-header entry-header\"><h2 class=\"entry-title\">Sense t\u00edtol<\/h2><\/div><div class=\"dp-dfg-custom-content\"><p class=\"dp-dfg-custom-field dp-dfg-cf-autors2\"><span class=\"dp-dfg-custom-field-value\">Llu\u00eds Puigbert<\/span><\/p><\/div><\/article><!-- DPDFG End Post Item Container --><article id=\"post-6089\" class=\"dp-dfg-item post-6089 obres_autors type-obres_autors status-publish has-post-thumbnail hentry autors-joaquim-fort-de-ribot disciplina-fotografia \"     data-position=\"885\"   data-new-tab=\"off\"   data-action-priority=\"item\"><figure class=\"dp-dfg-image entry-thumb\"><a href=\"https:\/\/www.museuemporda.org\/?obres_autors=nena-gitana-fent-de-model-del-pintor-evarist-valles-al-seu-estudi-de-figueres\" class=\"dp-dfg-image-link\" ><img loading=\"lazy\" decoding=\"async\" class=\"dp-dfg-featured-image\" src=\"https:\/\/www.museuemporda.org\/wp-content\/uploads\/2020\/04\/mE-2442-250x250.jpg\" alt=\"Nena gitana fent de model del pintor Evarist Vall\u00e8s al seu estudi de Figueres\" width=\"250\" height=\"250\" data-ratio=\"1\"\/><\/a><\/figure><div class=\"dp-dfg-header entry-header\"><h2 class=\"entry-title\">Nena gitana fent de model del pintor Evarist Vall\u00e8s al seu estudi de Figueres<\/h2><\/div><div class=\"dp-dfg-custom-content\"><p class=\"dp-dfg-custom-field dp-dfg-cf-autors2\"><span class=\"dp-dfg-custom-field-value\">Joaquim Fort de Ribot<\/span><\/p><\/div><\/article><!-- DPDFG End Post Item Container --><article id=\"post-14016\" class=\"dp-dfg-item post-14016 obres_autors type-obres_autors status-publish has-post-thumbnail hentry tipus_tecniques-dibuix tecnica_especifica-tinta-sobre-paper autors-pep-claparols-i-moret disciplina-dibuix \"     data-position=\"886\"   data-new-tab=\"off\"   data-action-priority=\"item\"><figure class=\"dp-dfg-image entry-thumb\"><a href=\"https:\/\/www.museuemporda.org\/?obres_autors=sense-titol-343\" class=\"dp-dfg-image-link\" ><img loading=\"lazy\" decoding=\"async\" class=\"dp-dfg-featured-image\" src=\"https:\/\/www.museuemporda.org\/wp-content\/uploads\/2023\/06\/ME2705-PEP2005-250x231.jpg\" alt=\"Sense t\u00edtol\" width=\"250\" height=\"231\" data-ratio=\"0.924\"\/><\/a><\/figure><div class=\"dp-dfg-header entry-header\"><h2 class=\"entry-title\">Sense t\u00edtol<\/h2><\/div><div class=\"dp-dfg-custom-content\"><p class=\"dp-dfg-custom-field dp-dfg-cf-autors2\"><span class=\"dp-dfg-custom-field-value\">Pep Claparols i Moret<\/span><\/p><\/div><\/article><!-- DPDFG End Post Item Container --><article id=\"post-14166\" class=\"dp-dfg-item post-14166 obres_autors type-obres_autors status-publish has-post-thumbnail hentry tipus_tecniques-obra-grafica tecnica_especifica-impressio-digital autors-leonard-beard disciplina-obra-grafic \"     data-position=\"887\"   data-new-tab=\"off\"   data-action-priority=\"item\"><figure class=\"dp-dfg-image entry-thumb\"><a href=\"https:\/\/www.museuemporda.org\/?obres_autors=sense-titol-410\" class=\"dp-dfg-image-link\" ><img loading=\"lazy\" decoding=\"async\" class=\"dp-dfg-featured-image\" src=\"https:\/\/www.museuemporda.org\/wp-content\/uploads\/2023\/07\/ME2775-LEO-250x250.jpg\" alt=\"Sense t\u00edtol\" width=\"250\" height=\"250\" data-ratio=\"1\"\/><\/a><\/figure><div class=\"dp-dfg-header entry-header\"><h2 class=\"entry-title\">Sense t\u00edtol<\/h2><\/div><div class=\"dp-dfg-custom-content\"><p class=\"dp-dfg-custom-field dp-dfg-cf-autors2\"><span class=\"dp-dfg-custom-field-value\">Leonard Beard<\/span><\/p><\/div><\/article><!-- DPDFG End Post Item Container --><article id=\"post-12621\" class=\"dp-dfg-item post-12621 obres_autors type-obres_autors status-publish has-post-thumbnail hentry tipus_tecniques-obra-grafica tecnica_especifica-gravat autors-antoni-miro disciplina-obra-grafic \"     data-position=\"888\"   data-new-tab=\"off\"   data-action-priority=\"item\"><figure class=\"dp-dfg-image entry-thumb\"><a href=\"https:\/\/www.museuemporda.org\/?obres_autors=nua-sota-les-estrelles\" class=\"dp-dfg-image-link\" ><img loading=\"lazy\" decoding=\"async\" class=\"dp-dfg-featured-image\" src=\"https:\/\/www.museuemporda.org\/wp-content\/uploads\/2023\/06\/mE-2554-250x250.jpg\" alt=\"Nua sota les estrelles\" width=\"250\" height=\"250\" data-ratio=\"1\"\/><\/a><\/figure><div class=\"dp-dfg-header entry-header\"><h2 class=\"entry-title\">Nua sota les estrelles<\/h2><\/div><div class=\"dp-dfg-custom-content\"><p class=\"dp-dfg-custom-field dp-dfg-cf-autors2\"><span class=\"dp-dfg-custom-field-value\">Antoni Mir\u00f3<\/span><\/p><\/div><\/article><!-- DPDFG End Post Item Container --><article id=\"post-13916\" class=\"dp-dfg-item post-13916 obres_autors type-obres_autors status-publish has-post-thumbnail hentry tipus_tecniques-dibuix tecnica_especifica-impressio-digital autors-pep-claparols-i-moret disciplina-dibuix \"     data-position=\"889\"   data-new-tab=\"off\"   data-action-priority=\"item\"><figure class=\"dp-dfg-image entry-thumb\"><a href=\"https:\/\/www.museuemporda.org\/?obres_autors=sense-titol-297\" class=\"dp-dfg-image-link\" ><img loading=\"lazy\" decoding=\"async\" class=\"dp-dfg-featured-image\" src=\"https:\/\/www.museuemporda.org\/wp-content\/uploads\/2023\/06\/ME2659-PEP98-250x250.jpg\" alt=\"Sense t\u00edtol\" width=\"250\" height=\"250\" data-ratio=\"1\"\/><\/a><\/figure><div class=\"dp-dfg-header entry-header\"><h2 class=\"entry-title\">Sense t\u00edtol<\/h2><\/div><div class=\"dp-dfg-custom-content\"><p class=\"dp-dfg-custom-field dp-dfg-cf-autors2\"><span class=\"dp-dfg-custom-field-value\">Pep Claparols i Moret<\/span><\/p><\/div><\/article><!-- DPDFG End Post Item Container --><article id=\"post-1320\" class=\"dp-dfg-item post-1320 obres_autors type-obres_autors status-publish has-post-thumbnail hentry tecnica_especifica-oli-sobre-tela autors-carme-cortes-i-llado \"     data-position=\"890\"   data-new-tab=\"off\"   data-action-priority=\"item\"><figure class=\"dp-dfg-image entry-thumb\"><a href=\"https:\/\/www.museuemporda.org\/?obres_autors=aucanada-mallorca\" class=\"dp-dfg-image-link\" ><img loading=\"lazy\" decoding=\"async\" class=\"dp-dfg-featured-image\" src=\"https:\/\/www.museuemporda.org\/wp-content\/uploads\/2020\/04\/mE-1320-scaled-1-250x250.jpg\" alt=\"Aucanada, Mallorca\" width=\"250\" height=\"250\" data-ratio=\"1\"\/><\/a><\/figure><div class=\"dp-dfg-header entry-header\"><h2 class=\"entry-title\">Aucanada, Mallorca<\/h2><\/div><div class=\"dp-dfg-custom-content\"><p class=\"dp-dfg-custom-field dp-dfg-cf-autors2\"><span class=\"dp-dfg-custom-field-value\">Carme Cort\u00e8s i Llad\u00f3 <\/span><\/p><\/div><\/article><!-- DPDFG End Post Item Container --><article id=\"post-9897\" class=\"dp-dfg-item post-9897 obres_autors type-obres_autors status-publish has-post-thumbnail hentry tipus_tecniques-fotografia tecnica_especifica-fotografia autors-autoria-desconeguda disciplina-fotografia \"     data-position=\"891\"   data-new-tab=\"off\"   data-action-priority=\"item\"><figure class=\"dp-dfg-image entry-thumb\"><a href=\"https:\/\/www.museuemporda.org\/?obres_autors=sense-titol-40\" class=\"dp-dfg-image-link\" ><img loading=\"lazy\" decoding=\"async\" class=\"dp-dfg-featured-image\" src=\"https:\/\/www.museuemporda.org\/wp-content\/uploads\/2022\/01\/ME-2112_Jordi-Puig-2022-250x250.jpg\" alt=\"Sense t\u00edtol\" width=\"250\" height=\"250\" data-ratio=\"1\"\/><\/a><\/figure><div class=\"dp-dfg-header entry-header\"><h2 class=\"entry-title\">Sense t\u00edtol<\/h2><\/div><div class=\"dp-dfg-custom-content\"><p class=\"dp-dfg-custom-field dp-dfg-cf-autors2\"><span class=\"dp-dfg-custom-field-value\">Autoria desconeguda<\/span><\/p><\/div><\/article><!-- DPDFG End Post Item Container --><article id=\"post-5834\" class=\"dp-dfg-item post-5834 obres_autors type-obres_autors status-publish has-post-thumbnail hentry tecnica_especifica-aquarella-sobre-paper autors-ricard-canals-llambi \"     data-position=\"892\"   data-new-tab=\"off\"   data-action-priority=\"item\"><figure class=\"dp-dfg-image entry-thumb\"><a href=\"https:\/\/www.museuemporda.org\/?obres_autors=ballarina\" class=\"dp-dfg-image-link\" ><img loading=\"lazy\" decoding=\"async\" class=\"dp-dfg-featured-image\" src=\"https:\/\/www.museuemporda.org\/wp-content\/uploads\/2020\/04\/mE-678-250x250.jpg\" alt=\"Ballarina\" width=\"250\" height=\"250\" data-ratio=\"1\"\/><\/a><\/figure><div class=\"dp-dfg-header entry-header\"><h2 class=\"entry-title\">Ballarina<\/h2><\/div><div class=\"dp-dfg-custom-content\"><p class=\"dp-dfg-custom-field dp-dfg-cf-autors2\"><span class=\"dp-dfg-custom-field-value\">Ricard Canals Llamb\u00ed<\/span><\/p><\/div><\/article><!-- DPDFG End Post Item Container --><article id=\"post-10476\" class=\"dp-dfg-item post-10476 obres_autors type-obres_autors status-publish has-post-thumbnail hentry tipus_tecniques-pintura tecnica_especifica-aquarella autors-josep-maria-martinez-lozano disciplina-pintura \"     data-position=\"893\"   data-new-tab=\"off\"   data-action-priority=\"item\"><figure class=\"dp-dfg-image entry-thumb\"><a href=\"https:\/\/www.museuemporda.org\/?obres_autors=paisatge-empordanes-6\" class=\"dp-dfg-image-link\" ><img loading=\"lazy\" decoding=\"async\" class=\"dp-dfg-featured-image\" src=\"https:\/\/www.museuemporda.org\/wp-content\/uploads\/2022\/01\/mE-2313-1-250x250.jpg\" alt=\"Paisatge empordan\u00e8s\" width=\"250\" height=\"250\" data-ratio=\"1\"\/><\/a><\/figure><div class=\"dp-dfg-header entry-header\"><h2 class=\"entry-title\">Paisatge empordan\u00e8s<\/h2><\/div><div class=\"dp-dfg-custom-content\"><p class=\"dp-dfg-custom-field dp-dfg-cf-autors2\"><span class=\"dp-dfg-custom-field-value\">Josep Maria Mart\u00ednez Lozano<\/span><\/p><\/div><\/article><!-- DPDFG End Post Item Container --><article id=\"post-10972\" class=\"dp-dfg-item post-10972 obres_autors type-obres_autors status-publish has-post-thumbnail hentry tipus_tecniques-dibuix tecnica_especifica-llapis-sobre-paper autors-gabriel-amat-pages disciplina-dibuix \"     data-position=\"894\"   data-new-tab=\"off\"   data-action-priority=\"item\"><figure class=\"dp-dfg-image entry-thumb\"><a href=\"https:\/\/www.museuemporda.org\/?obres_autors=bosc-2\" class=\"dp-dfg-image-link\" ><img loading=\"lazy\" decoding=\"async\" class=\"dp-dfg-featured-image\" src=\"https:\/\/www.museuemporda.org\/wp-content\/uploads\/2022\/02\/mE-1445-250x250.jpg\" alt=\"Bosc\" width=\"250\" height=\"250\" data-ratio=\"1\"\/><\/a><\/figure><div class=\"dp-dfg-header entry-header\"><h2 class=\"entry-title\">Bosc<\/h2><\/div><div class=\"dp-dfg-custom-content\"><p class=\"dp-dfg-custom-field dp-dfg-cf-autors2\"><span class=\"dp-dfg-custom-field-value\">Gabriel Amat Pag\u00e8s<\/span><\/p><\/div><\/article><!-- DPDFG End Post Item Container --><article id=\"post-14234\" class=\"dp-dfg-item post-14234 obres_autors type-obres_autors status-publish has-post-thumbnail hentry tipus_tecniques-dibuix tecnica_especifica-impressio-digital autors-joan-antoni-poch disciplina-dibuix \"     data-position=\"895\"   data-new-tab=\"off\"   data-action-priority=\"item\"><figure class=\"dp-dfg-image entry-thumb\"><a href=\"https:\/\/www.museuemporda.org\/?obres_autors=sense-titol-442\" class=\"dp-dfg-image-link\" ><img loading=\"lazy\" decoding=\"async\" class=\"dp-dfg-featured-image\" src=\"https:\/\/www.museuemporda.org\/wp-content\/uploads\/2023\/07\/ME2827-JAP-250x250.jpg\" alt=\"Sense t\u00edtol\" width=\"250\" height=\"250\" data-ratio=\"1\"\/><\/a><\/figure><div class=\"dp-dfg-header entry-header\"><h2 class=\"entry-title\">Sense t\u00edtol<\/h2><\/div><div class=\"dp-dfg-custom-content\"><p class=\"dp-dfg-custom-field dp-dfg-cf-autors2\"><span class=\"dp-dfg-custom-field-value\">Joan Antoni Poch<\/span><\/p><\/div><\/article><!-- DPDFG End Post Item Container --><article id=\"post-10307\" class=\"dp-dfg-item post-10307 obres_autors type-obres_autors status-publish has-post-thumbnail hentry tipus_tecniques-pintura tecnica_especifica-oli-sobre-tela autors-pere-bech-sudria disciplina-pintura \"     data-position=\"896\"   data-new-tab=\"off\"   data-action-priority=\"item\"><figure class=\"dp-dfg-image entry-thumb\"><a href=\"https:\/\/www.museuemporda.org\/?obres_autors=figura-femenina-asseguda\" class=\"dp-dfg-image-link\" ><img loading=\"lazy\" decoding=\"async\" class=\"dp-dfg-featured-image\" src=\"https:\/\/www.museuemporda.org\/wp-content\/uploads\/2022\/01\/mE-2224-250x250.jpg\" alt=\"Figura femenina asseguda\" width=\"250\" height=\"250\" data-ratio=\"1\"\/><\/a><\/figure><div class=\"dp-dfg-header entry-header\"><h2 class=\"entry-title\">Figura femenina asseguda<\/h2><\/div><div class=\"dp-dfg-custom-content\"><p class=\"dp-dfg-custom-field dp-dfg-cf-autors2\"><span class=\"dp-dfg-custom-field-value\">Pere Bech Sudri\u00e0<\/span><\/p><\/div><\/article><!-- DPDFG End Post Item Container --><article id=\"post-8943\" class=\"dp-dfg-item post-8943 obres_autors type-obres_autors status-publish has-post-thumbnail hentry tecnica_especifica-tinta-sobre-paper autors-antoni-tapies-puig disciplina-pintura \"     data-position=\"897\"   data-new-tab=\"off\"   data-action-priority=\"item\"><figure class=\"dp-dfg-image entry-thumb\"><a href=\"https:\/\/www.museuemporda.org\/?obres_autors=gall\" class=\"dp-dfg-image-link\" ><img loading=\"lazy\" decoding=\"async\" class=\"dp-dfg-featured-image\" src=\"https:\/\/www.museuemporda.org\/wp-content\/uploads\/2021\/11\/mE-715-250x250.jpg\" alt=\"Gall\" width=\"250\" height=\"250\" data-ratio=\"1\"\/><\/a><\/figure><div class=\"dp-dfg-header entry-header\"><h2 class=\"entry-title\">Gall<\/h2><\/div><div class=\"dp-dfg-custom-content\"><p class=\"dp-dfg-custom-field dp-dfg-cf-autors2\"><span class=\"dp-dfg-custom-field-value\">Antoni T\u00e0pies Puig<\/span><\/p><\/div><\/article><!-- DPDFG End Post Item Container --><article id=\"post-14282\" class=\"dp-dfg-item post-14282 obres_autors type-obres_autors status-publish has-post-thumbnail hentry tipus_tecniques-dibuix tecnica_especifica-impressio-digital autors-quim-bou disciplina-dibuix \"     data-position=\"898\"   data-new-tab=\"off\"   data-action-priority=\"item\"><figure class=\"dp-dfg-image entry-thumb\"><a href=\"https:\/\/www.museuemporda.org\/?obres_autors=sense-titol-465\" class=\"dp-dfg-image-link\" ><img loading=\"lazy\" decoding=\"async\" class=\"dp-dfg-featured-image\" src=\"https:\/\/www.museuemporda.org\/wp-content\/uploads\/2023\/07\/ME2850-BOU-250x250.jpg\" alt=\"Sense t\u00edtol\" width=\"250\" height=\"250\" data-ratio=\"1\"\/><\/a><\/figure><div class=\"dp-dfg-header entry-header\"><h2 class=\"entry-title\">Sense t\u00edtol<\/h2><\/div><div class=\"dp-dfg-custom-content\"><p class=\"dp-dfg-custom-field dp-dfg-cf-autors2\"><span class=\"dp-dfg-custom-field-value\">Quim Bou<\/span><\/p><\/div><\/article><!-- DPDFG End Post Item Container --><article id=\"post-6066\" class=\"dp-dfg-item post-6066 obres_autors type-obres_autors status-publish has-post-thumbnail hentry tecnica_especifica-oli-sobre-tela autors-maria-baig-minobis disciplina-pintura \"     data-position=\"899\"   data-new-tab=\"off\"   data-action-priority=\"item\"><figure class=\"dp-dfg-image entry-thumb\"><a href=\"https:\/\/www.museuemporda.org\/?obres_autors=mare-gitana\" class=\"dp-dfg-image-link\" ><img loading=\"lazy\" decoding=\"async\" class=\"dp-dfg-featured-image\" src=\"https:\/\/www.museuemporda.org\/wp-content\/uploads\/2020\/04\/mE-1900-250x250.jpg\" alt=\"Mare gitana\" width=\"250\" height=\"250\" data-ratio=\"1\"\/><\/a><\/figure><div class=\"dp-dfg-header entry-header\"><h2 class=\"entry-title\">Mare gitana<\/h2><\/div><div class=\"dp-dfg-custom-content\"><p class=\"dp-dfg-custom-field dp-dfg-cf-autors2\"><span class=\"dp-dfg-custom-field-value\">Mari\u00e0 Baig Minobis<\/span><\/p><\/div><\/article><!-- DPDFG End Post Item Container --><article id=\"post-8641\" class=\"dp-dfg-item post-8641 obres_autors type-obres_autors status-publish has-post-thumbnail hentry autors-philippe-avila disciplina-fotografia \"     data-position=\"900\"   data-new-tab=\"off\"   data-action-priority=\"item\"><figure class=\"dp-dfg-image entry-thumb\"><a href=\"https:\/\/www.museuemporda.org\/?obres_autors=dream-wrap-embolcalla-somnis-5\" class=\"dp-dfg-image-link\" ><img loading=\"lazy\" decoding=\"async\" class=\"dp-dfg-featured-image\" src=\"https:\/\/www.museuemporda.org\/wp-content\/uploads\/2021\/10\/mE-16035-250x250.jpg\" alt=\"Dream wrap (embolcalla somnis)\" width=\"250\" height=\"250\" data-ratio=\"1\"\/><\/a><\/figure><div class=\"dp-dfg-header entry-header\"><h2 class=\"entry-title\">Dream wrap (embolcalla somnis)<\/h2><\/div><div class=\"dp-dfg-custom-content\"><p class=\"dp-dfg-custom-field dp-dfg-cf-autors2\"><span class=\"dp-dfg-custom-field-value\">Philippe \u00c1vila<\/span><\/p><\/div><\/article><!-- DPDFG End Post Item Container --><article id=\"post-13717\" class=\"dp-dfg-item post-13717 obres_autors type-obres_autors status-publish has-post-thumbnail hentry tipus_tecniques-dibuix tecnica_especifica-tinta-sobre-paper autors-carme-sanglas-gispert disciplina-dibuix \"     data-position=\"901\"   data-new-tab=\"off\"   data-action-priority=\"item\"><figure class=\"dp-dfg-image entry-thumb\"><a href=\"https:\/\/www.museuemporda.org\/?obres_autors=sense-titol-204\" class=\"dp-dfg-image-link\" ><img loading=\"lazy\" decoding=\"async\" class=\"dp-dfg-featured-image\" src=\"https:\/\/www.museuemporda.org\/wp-content\/uploads\/2023\/06\/ME2566-SANGLAS12-250x250.jpg\" alt=\"Sense t\u00edtol\" width=\"250\" height=\"250\" data-ratio=\"1\"\/><\/a><\/figure><div class=\"dp-dfg-header entry-header\"><h2 class=\"entry-title\">Sense t\u00edtol<\/h2><\/div><div class=\"dp-dfg-custom-content\"><p class=\"dp-dfg-custom-field dp-dfg-cf-autors2\"><span class=\"dp-dfg-custom-field-value\">Carme Sanglas Gispert<\/span><\/p><\/div><\/article><!-- DPDFG End Post Item Container --><article id=\"post-14181\" class=\"dp-dfg-item post-14181 obres_autors type-obres_autors status-publish has-post-thumbnail hentry tipus_tecniques-obra-grafica tecnica_especifica-impressio-digital autors-joan-antoni-poch disciplina-obra-grafic \"     data-position=\"902\"   data-new-tab=\"off\"   data-action-priority=\"item\"><figure class=\"dp-dfg-image entry-thumb\"><a href=\"https:\/\/www.museuemporda.org\/?obres_autors=sense-titol-416\" class=\"dp-dfg-image-link\" ><img loading=\"lazy\" decoding=\"async\" class=\"dp-dfg-featured-image\" src=\"https:\/\/www.museuemporda.org\/wp-content\/uploads\/2023\/07\/ME2801-JAP-1-250x250.jpg\" alt=\"Sense t\u00edtol\" width=\"250\" height=\"250\" data-ratio=\"1\"\/><\/a><\/figure><div class=\"dp-dfg-header entry-header\"><h2 class=\"entry-title\">Sense t\u00edtol<\/h2><\/div><div class=\"dp-dfg-custom-content\"><p class=\"dp-dfg-custom-field dp-dfg-cf-autors2\"><span class=\"dp-dfg-custom-field-value\">Joan Antoni Poch<\/span><\/p><\/div><\/article><!-- DPDFG End Post Item Container --><article id=\"post-14075\" class=\"dp-dfg-item post-14075 obres_autors type-obres_autors status-publish has-post-thumbnail hentry tipus_tecniques-dibuix tecnica_especifica-impressio-digital autors-carles-roman disciplina-dibuix \"     data-position=\"903\"   data-new-tab=\"off\"   data-action-priority=\"item\"><figure class=\"dp-dfg-image entry-thumb\"><a href=\"https:\/\/www.museuemporda.org\/?obres_autors=sense-titol-368\" class=\"dp-dfg-image-link\" ><img loading=\"lazy\" decoding=\"async\" class=\"dp-dfg-featured-image\" src=\"https:\/\/www.museuemporda.org\/wp-content\/uploads\/2023\/06\/ME2732-ROMAN-250x250.jpg\" alt=\"Sense t\u00edtol\" width=\"250\" height=\"250\" data-ratio=\"1\"\/><\/a><\/figure><div class=\"dp-dfg-header entry-header\"><h2 class=\"entry-title\">Sense t\u00edtol<\/h2><\/div><div class=\"dp-dfg-custom-content\"><p class=\"dp-dfg-custom-field dp-dfg-cf-autors2\"><span class=\"dp-dfg-custom-field-value\">Carles Roman<\/span><\/p><\/div><\/article><!-- DPDFG End Post Item Container --><article id=\"post-13952\" class=\"dp-dfg-item post-13952 obres_autors type-obres_autors status-publish has-post-thumbnail hentry tipus_tecniques-dibuix tecnica_especifica-impressio-digital autors-pep-claparols-i-moret disciplina-dibuix \"     data-position=\"904\"   data-new-tab=\"off\"   data-action-priority=\"item\"><figure class=\"dp-dfg-image entry-thumb\"><a href=\"https:\/\/www.museuemporda.org\/?obres_autors=sense-titol-314\" class=\"dp-dfg-image-link\" ><img loading=\"lazy\" decoding=\"async\" class=\"dp-dfg-featured-image\" src=\"https:\/\/www.museuemporda.org\/wp-content\/uploads\/2023\/06\/ME2676-PEP99-250x184.jpg\" alt=\"Sense t\u00edtol\" width=\"250\" height=\"184\" data-ratio=\"0.736\"\/><\/a><\/figure><div class=\"dp-dfg-header entry-header\"><h2 class=\"entry-title\">Sense t\u00edtol<\/h2><\/div><div class=\"dp-dfg-custom-content\"><p class=\"dp-dfg-custom-field dp-dfg-cf-autors2\"><span class=\"dp-dfg-custom-field-value\">Pep Claparols i Moret<\/span><\/p><\/div><\/article><!-- DPDFG End Post Item Container --><article id=\"post-10846\" class=\"dp-dfg-item post-10846 obres_autors type-obres_autors status-publish has-post-thumbnail hentry tipus_tecniques-dibuix tecnica_especifica-llapis-carbo-sobre-paper autors-josep-lluis-pellicer-fenye disciplina-dibuix \"     data-position=\"905\"   data-new-tab=\"off\"   data-action-priority=\"item\"><figure class=\"dp-dfg-image entry-thumb\"><a href=\"https:\/\/www.museuemporda.org\/?obres_autors=quarantena-en-el-llatzeret-del-perthus-7\" class=\"dp-dfg-image-link\" ><img loading=\"lazy\" decoding=\"async\" class=\"dp-dfg-featured-image\" src=\"https:\/\/www.museuemporda.org\/wp-content\/uploads\/2022\/02\/mE-1548-250x250.jpg\" alt=\"Quarantena en el llatzeret del Perthus\" width=\"250\" height=\"250\" data-ratio=\"1\"\/><\/a><\/figure><div class=\"dp-dfg-header entry-header\"><h2 class=\"entry-title\">Quarantena en el llatzeret del Perthus<\/h2><\/div><div class=\"dp-dfg-custom-content\"><p class=\"dp-dfg-custom-field dp-dfg-cf-autors2\"><span class=\"dp-dfg-custom-field-value\">Josep Llu\u00eds Pellicer Feny\u00e9 <\/span><\/p><\/div><\/article><!-- DPDFG End Post Item Container --><article id=\"post-11295\" class=\"dp-dfg-item post-11295 obres_autors type-obres_autors status-publish has-post-thumbnail hentry tipus_tecniques-dibuix tecnica_especifica-dibuix-sobre-paper autors-emile-dardoy disciplina-dibuix \"     data-position=\"906\"   data-new-tab=\"off\"   data-action-priority=\"item\"><figure class=\"dp-dfg-image entry-thumb\"><a href=\"https:\/\/www.museuemporda.org\/?obres_autors=sense-titol-117\" class=\"dp-dfg-image-link\" ><img loading=\"lazy\" decoding=\"async\" class=\"dp-dfg-featured-image\" src=\"https:\/\/www.museuemporda.org\/wp-content\/uploads\/2022\/02\/mE-2053-250x250.jpg\" alt=\"Sense t\u00edtol\" width=\"250\" height=\"250\" data-ratio=\"1\"\/><\/a><\/figure><div class=\"dp-dfg-header entry-header\"><h2 class=\"entry-title\">Sense t\u00edtol<\/h2><\/div><div class=\"dp-dfg-custom-content\"><p class=\"dp-dfg-custom-field dp-dfg-cf-autors2\"><span class=\"dp-dfg-custom-field-value\">Emile Dardoy <\/span><\/p><\/div><\/article><!-- DPDFG End Post Item Container --><article id=\"post-13994\" class=\"dp-dfg-item post-13994 obres_autors type-obres_autors status-publish has-post-thumbnail hentry tipus_tecniques-dibuix tecnica_especifica-impressio-digital autors-pep-claparols-i-moret disciplina-dibuix \"     data-position=\"907\"   data-new-tab=\"off\"   data-action-priority=\"item\"><figure class=\"dp-dfg-image entry-thumb\"><a href=\"https:\/\/www.museuemporda.org\/?obres_autors=sense-titol-334\" class=\"dp-dfg-image-link\" ><img loading=\"lazy\" decoding=\"async\" class=\"dp-dfg-featured-image\" src=\"https:\/\/www.museuemporda.org\/wp-content\/uploads\/2023\/06\/ME2696-PEP2001-250x250.jpg\" alt=\"Sense t\u00edtol\" width=\"250\" height=\"250\" data-ratio=\"1\"\/><\/a><\/figure><div class=\"dp-dfg-header entry-header\"><h2 class=\"entry-title\">Sense t\u00edtol<\/h2><\/div><div class=\"dp-dfg-custom-content\"><p class=\"dp-dfg-custom-field dp-dfg-cf-autors2\"><span class=\"dp-dfg-custom-field-value\">Pep Claparols i Moret<\/span><\/p><\/div><\/article><!-- DPDFG End Post Item Container --><article id=\"post-11569\" class=\"dp-dfg-item post-11569 obres_autors type-obres_autors status-publish has-post-thumbnail hentry tipus_tecniques-obra-grafica tecnica_especifica-gravat autors-john-frederick-lewis disciplina-obra-grafic \"     data-position=\"908\"   data-new-tab=\"off\"   data-action-priority=\"item\"><figure class=\"dp-dfg-image entry-thumb\"><a href=\"https:\/\/www.museuemporda.org\/?obres_autors=paso-de-bolero\" class=\"dp-dfg-image-link\" ><img loading=\"lazy\" decoding=\"async\" class=\"dp-dfg-featured-image\" src=\"https:\/\/www.museuemporda.org\/wp-content\/uploads\/2022\/02\/mE-1470-250x250.jpg\" alt=\"Paso de bolero\" width=\"250\" height=\"250\" data-ratio=\"1\"\/><\/a><\/figure><div class=\"dp-dfg-header entry-header\"><h2 class=\"entry-title\">Paso de bolero<\/h2><\/div><div class=\"dp-dfg-custom-content\"><p class=\"dp-dfg-custom-field dp-dfg-cf-autors2\"><span class=\"dp-dfg-custom-field-value\">John Frederick Lewis<\/span><\/p><\/div><\/article><!-- DPDFG End Post Item Container --><article id=\"post-5990\" class=\"dp-dfg-item post-5990 obres_autors type-obres_autors status-publish has-post-thumbnail hentry tecnica_especifica-tecnica-mixta-sobre-cartro autors-salvador-dali-domenech disciplina-pintura \"     data-position=\"909\"   data-new-tab=\"off\"   data-action-priority=\"item\"><figure class=\"dp-dfg-image entry-thumb\"><a href=\"https:\/\/www.museuemporda.org\/?obres_autors=sant-narcis\" class=\"dp-dfg-image-link\" ><img loading=\"lazy\" decoding=\"async\" class=\"dp-dfg-featured-image\" src=\"https:\/\/www.museuemporda.org\/wp-content\/uploads\/2020\/04\/mE-777_2018_The_Mad_Pixel_Factory-250x250.jpg\" alt=\"Sant Narc\u00eds\" width=\"250\" height=\"250\" data-ratio=\"1\"\/><\/a><\/figure><div class=\"dp-dfg-header entry-header\"><h2 class=\"entry-title\">Sant Narc\u00eds<\/h2><\/div><div class=\"dp-dfg-custom-content\"><p class=\"dp-dfg-custom-field dp-dfg-cf-autors2\"><span class=\"dp-dfg-custom-field-value\">Salvador Dal\u00ed Dom\u00e8nech<\/span><\/p><\/div><\/article><!-- DPDFG End Post Item Container --><article id=\"post-10820\" class=\"dp-dfg-item post-10820 obres_autors type-obres_autors status-publish has-post-thumbnail hentry tipus_tecniques-dibuix tecnica_especifica-llapis-carbo-sobre-paper autors-josep-lluis-pellicer-fenye disciplina-dibuix \"     data-position=\"910\"   data-new-tab=\"off\"   data-action-priority=\"item\"><figure class=\"dp-dfg-image entry-thumb\"><a href=\"https:\/\/www.museuemporda.org\/?obres_autors=quarentena-al-llatzeret-del-perthus\" class=\"dp-dfg-image-link\" ><img loading=\"lazy\" decoding=\"async\" class=\"dp-dfg-featured-image\" src=\"https:\/\/www.museuemporda.org\/wp-content\/uploads\/2022\/02\/mE-1535-250x250.jpg\" alt=\"Quarentena al llatzeret del Perthus\" width=\"250\" height=\"250\" data-ratio=\"1\"\/><\/a><\/figure><div class=\"dp-dfg-header entry-header\"><h2 class=\"entry-title\">Quarentena al llatzeret del Perthus<\/h2><\/div><div class=\"dp-dfg-custom-content\"><p class=\"dp-dfg-custom-field dp-dfg-cf-autors2\"><span class=\"dp-dfg-custom-field-value\">Josep Llu\u00eds Pellicer Feny\u00e9<\/span><\/p><\/div><\/article><!-- DPDFG End Post Item Container --><article id=\"post-9486\" class=\"dp-dfg-item post-9486 obres_autors type-obres_autors status-publish has-post-thumbnail hentry tipus_tecniques-dibuix tecnica_especifica-dibuix-sobre-paper autors-ricard-canals-llambi disciplina-dibuix \"     data-position=\"911\"   data-new-tab=\"off\"   data-action-priority=\"item\"><figure class=\"dp-dfg-image entry-thumb\"><a href=\"https:\/\/www.museuemporda.org\/?obres_autors=nu\" class=\"dp-dfg-image-link\" ><img loading=\"lazy\" decoding=\"async\" class=\"dp-dfg-featured-image\" src=\"https:\/\/www.museuemporda.org\/wp-content\/uploads\/2022\/01\/mE-1195-250x250.jpg\" alt=\"Nu\" width=\"250\" height=\"250\" data-ratio=\"1\"\/><\/a><\/figure><div class=\"dp-dfg-header entry-header\"><h2 class=\"entry-title\">Nu<\/h2><\/div><div class=\"dp-dfg-custom-content\"><p class=\"dp-dfg-custom-field dp-dfg-cf-autors2\"><span class=\"dp-dfg-custom-field-value\">Ricard Canals Llamb\u00ed<\/span><\/p><\/div><\/article><!-- DPDFG End Post Item Container --><article id=\"post-12009\" class=\"dp-dfg-item post-12009 obres_autors type-obres_autors status-publish has-post-thumbnail hentry tipus_tecniques-pintura tecnica_especifica-oli-sobre-tela autors-diego-torrent-noguer disciplina-pintura \"     data-position=\"912\"   data-new-tab=\"off\"   data-action-priority=\"item\"><figure class=\"dp-dfg-image entry-thumb\"><a href=\"https:\/\/www.museuemporda.org\/?obres_autors=paisatge-76\" class=\"dp-dfg-image-link\" ><img loading=\"lazy\" decoding=\"async\" class=\"dp-dfg-featured-image\" src=\"https:\/\/www.museuemporda.org\/wp-content\/uploads\/2022\/02\/mE-1402-250x250.jpg\" alt=\"Paisatge\" width=\"250\" height=\"250\" data-ratio=\"1\"\/><\/a><\/figure><div class=\"dp-dfg-header entry-header\"><h2 class=\"entry-title\">Paisatge<\/h2><\/div><div class=\"dp-dfg-custom-content\"><p class=\"dp-dfg-custom-field dp-dfg-cf-autors2\"><span class=\"dp-dfg-custom-field-value\">Diego Torrent Noguer<\/span><\/p><\/div><\/article><!-- DPDFG End Post Item Container --><article id=\"post-14468\" class=\"dp-dfg-item post-14468 obres_autors type-obres_autors status-publish has-post-thumbnail hentry tipus_tecniques-pintura tecnica_especifica-oli-sobre-tela autors-eduard-rodeja-galter disciplina-pintura \"     data-position=\"913\"   data-new-tab=\"off\"   data-action-priority=\"item\"><figure class=\"dp-dfg-image entry-thumb\"><a href=\"https:\/\/www.museuemporda.org\/?obres_autors=sense-titol-526\" class=\"dp-dfg-image-link\" ><img loading=\"lazy\" decoding=\"async\" class=\"dp-dfg-featured-image\" src=\"https:\/\/www.museuemporda.org\/wp-content\/uploads\/2023\/07\/JPH5118-250x250.jpg\" alt=\"Sense t\u00edtol\" width=\"250\" height=\"250\" data-ratio=\"1\"\/><\/a><\/figure><div class=\"dp-dfg-header entry-header\"><h2 class=\"entry-title\">Sense t\u00edtol<\/h2><\/div><div class=\"dp-dfg-custom-content\"><p class=\"dp-dfg-custom-field dp-dfg-cf-autors2\"><span class=\"dp-dfg-custom-field-value\">Eduard Rodeja Galter<\/span><\/p><\/div><\/article><!-- DPDFG End Post Item Container --><article id=\"post-13783\" class=\"dp-dfg-item post-13783 obres_autors type-obres_autors status-publish has-post-thumbnail hentry tipus_tecniques-dibuix tecnica_especifica-tinta-sobre-paper autors-montserrat-gironell disciplina-dibuix \"     data-position=\"914\"   data-new-tab=\"off\"   data-action-priority=\"item\"><figure class=\"dp-dfg-image entry-thumb\"><a href=\"https:\/\/www.museuemporda.org\/?obres_autors=sense-titol-236\" class=\"dp-dfg-image-link\" ><img loading=\"lazy\" decoding=\"async\" class=\"dp-dfg-featured-image\" src=\"https:\/\/www.museuemporda.org\/wp-content\/uploads\/2023\/06\/ME2598-GIRONELL12-250x250.jpg\" alt=\"Sense t\u00edtol\" width=\"250\" height=\"250\" data-ratio=\"1\"\/><\/a><\/figure><div class=\"dp-dfg-header entry-header\"><h2 class=\"entry-title\">Sense t\u00edtol<\/h2><\/div><div class=\"dp-dfg-custom-content\"><p class=\"dp-dfg-custom-field dp-dfg-cf-autors2\"><span class=\"dp-dfg-custom-field-value\">Montserrat Gironell<\/span><\/p><\/div><\/article><!-- DPDFG End Post Item Container --><article id=\"post-9198\" class=\"dp-dfg-item post-9198 obres_autors type-obres_autors status-publish has-post-thumbnail hentry tipus_tecniques-terracota autors-autoria-desconeguda disciplina-arqueologia \"     data-position=\"915\"   data-new-tab=\"off\"   data-action-priority=\"item\"><figure class=\"dp-dfg-image entry-thumb\"><a href=\"https:\/\/www.museuemporda.org\/?obres_autors=figura-5\" class=\"dp-dfg-image-link\" ><img loading=\"lazy\" decoding=\"async\" class=\"dp-dfg-featured-image\" src=\"https:\/\/www.museuemporda.org\/wp-content\/uploads\/2021\/11\/mE-307-250x250.jpg\" alt=\"Figura\" width=\"250\" height=\"250\" data-ratio=\"1\"\/><\/a><\/figure><div class=\"dp-dfg-header entry-header\"><h2 class=\"entry-title\">Figura<\/h2><\/div><div class=\"dp-dfg-custom-content\"><p class=\"dp-dfg-custom-field dp-dfg-cf-autors2\"><span class=\"dp-dfg-custom-field-value\">Autoria desconeguda<\/span><\/p><\/div><\/article><!-- DPDFG End Post Item Container --><article id=\"post-12620\" class=\"dp-dfg-item post-12620 obres_autors type-obres_autors status-publish has-post-thumbnail hentry tipus_tecniques-pintura tecnica_especifica-oli-sobre-tela autors-remei-martinez-mari-i-odena disciplina-pintura \"     data-position=\"916\"   data-new-tab=\"off\"   data-action-priority=\"item\"><figure class=\"dp-dfg-image entry-thumb\"><a href=\"https:\/\/www.museuemporda.org\/?obres_autors=facana-de-botiga-de-figueres\" class=\"dp-dfg-image-link\" ><img loading=\"lazy\" decoding=\"async\" class=\"dp-dfg-featured-image\" src=\"https:\/\/www.museuemporda.org\/wp-content\/uploads\/2023\/06\/ME-2552-250x250.jpg\" alt=\"Fa\u00e7ana de botiga de Figueres\" width=\"250\" height=\"250\" data-ratio=\"1\"\/><\/a><\/figure><div class=\"dp-dfg-header entry-header\"><h2 class=\"entry-title\">Fa\u00e7ana de botiga de Figueres<\/h2><\/div><div class=\"dp-dfg-custom-content\"><p class=\"dp-dfg-custom-field dp-dfg-cf-autors2\"><span class=\"dp-dfg-custom-field-value\">Remei Mart\u00ednez-Mart\u00ed i \u00d2dena<\/span><\/p><\/div><\/article><!-- DPDFG End Post Item Container --><article id=\"post-9023\" class=\"dp-dfg-item post-9023 obres_autors type-obres_autors status-publish has-post-thumbnail hentry tecnica_especifica-fusta-policromada autors-escola-catalana disciplina-escultura \"     data-position=\"917\"   data-new-tab=\"off\"   data-action-priority=\"item\"><figure class=\"dp-dfg-image entry-thumb\"><a href=\"https:\/\/www.museuemporda.org\/?obres_autors=mare-de-deu-de-lanunciacio\" class=\"dp-dfg-image-link\" ><img loading=\"lazy\" decoding=\"async\" class=\"dp-dfg-featured-image\" src=\"https:\/\/www.museuemporda.org\/wp-content\/uploads\/2021\/11\/mE-436-1-250x250.jpg\" alt=\"Mare de D\u00e9u de l&#8217;Anunciaci\u00f3\" width=\"250\" height=\"250\" data-ratio=\"1\"\/><\/a><\/figure><div class=\"dp-dfg-header entry-header\"><h2 class=\"entry-title\">Mare de D\u00e9u de l&#8217;Anunciaci\u00f3<\/h2><\/div><div class=\"dp-dfg-custom-content\"><p class=\"dp-dfg-custom-field dp-dfg-cf-autors2\"><span class=\"dp-dfg-custom-field-value\">Autoria desconeguda<\/span><\/p><\/div><\/article><!-- DPDFG End Post Item Container --><article id=\"post-11596\" class=\"dp-dfg-item post-11596 obres_autors type-obres_autors status-publish has-post-thumbnail hentry tipus_tecniques-pintura tecnica_especifica-aquarella-sobre-paper autors-frederic-lloveras-herrera disciplina-pintura \"     data-position=\"918\"   data-new-tab=\"off\"   data-action-priority=\"item\"><figure class=\"dp-dfg-image entry-thumb\"><a href=\"https:\/\/www.museuemporda.org\/?obres_autors=passeig-de-colom-barcelona\" class=\"dp-dfg-image-link\" ><img loading=\"lazy\" decoding=\"async\" class=\"dp-dfg-featured-image\" src=\"https:\/\/www.museuemporda.org\/wp-content\/uploads\/2022\/02\/mE-815-250x250.jpg\" alt=\"Passeig de Colom (Barcelona)\" width=\"250\" height=\"250\" data-ratio=\"1\"\/><\/a><\/figure><div class=\"dp-dfg-header entry-header\"><h2 class=\"entry-title\">Passeig de Colom (Barcelona)<\/h2><\/div><div class=\"dp-dfg-custom-content\"><p class=\"dp-dfg-custom-field dp-dfg-cf-autors2\"><span class=\"dp-dfg-custom-field-value\">Frederic Lloveras Herrera<\/span><\/p><\/div><\/article><!-- DPDFG End Post Item Container --><article id=\"post-8359\" class=\"dp-dfg-item post-8359 obres_autors type-obres_autors status-publish has-post-thumbnail hentry autors-autoria-desconeguda disciplina-arqueologia \"     data-position=\"919\"   data-new-tab=\"off\"   data-action-priority=\"item\"><figure class=\"dp-dfg-image entry-thumb\"><a href=\"https:\/\/www.museuemporda.org\/?obres_autors=ceramica-italiota-de-figures-roges\" class=\"dp-dfg-image-link\" ><img loading=\"lazy\" decoding=\"async\" class=\"dp-dfg-featured-image\" src=\"https:\/\/www.museuemporda.org\/wp-content\/uploads\/2021\/08\/mE-409-250x250.jpg\" alt=\"Copa italiota de figures roges\" width=\"250\" height=\"250\" data-ratio=\"1\"\/><\/a><\/figure><div class=\"dp-dfg-header entry-header\"><h2 class=\"entry-title\">Copa italiota de figures roges<\/h2><\/div><div class=\"dp-dfg-custom-content\"><p class=\"dp-dfg-custom-field dp-dfg-cf-autors2\"><span class=\"dp-dfg-custom-field-value\">Autoria desconeguda<\/span><\/p><\/div><\/article><!-- DPDFG End Post Item Container --><article id=\"post-11235\" class=\"dp-dfg-item post-11235 obres_autors type-obres_autors status-publish has-post-thumbnail hentry tipus_tecniques-pintura tecnica_especifica-aquarella autors-joan-colom-agusti disciplina-pintura \"     data-position=\"920\"   data-new-tab=\"off\"   data-action-priority=\"item\"><figure class=\"dp-dfg-image entry-thumb\"><a href=\"https:\/\/www.museuemporda.org\/?obres_autors=paisatge-urba-de-barcelona\" class=\"dp-dfg-image-link\" ><img loading=\"lazy\" decoding=\"async\" class=\"dp-dfg-featured-image\" src=\"https:\/\/www.museuemporda.org\/wp-content\/uploads\/2022\/02\/mE-1092-250x250.jpg\" alt=\"Paisatge urb\u00e0 de Barcelona\" width=\"250\" height=\"250\" data-ratio=\"1\"\/><\/a><\/figure><div class=\"dp-dfg-header entry-header\"><h2 class=\"entry-title\">Paisatge urb\u00e0 de Barcelona<\/h2><\/div><div class=\"dp-dfg-custom-content\"><p class=\"dp-dfg-custom-field dp-dfg-cf-autors2\"><span class=\"dp-dfg-custom-field-value\">Joan Colom Agust\u00ed<\/span><\/p><\/div><\/article><!-- DPDFG End Post Item Container --><article id=\"post-10567\" class=\"dp-dfg-item post-10567 obres_autors type-obres_autors status-publish has-post-thumbnail hentry tipus_tecniques-obra-grafica tecnica_especifica-gravat-sobre-paper autors-josep-bonaterra-gras disciplina-obra-grafic \"     data-position=\"921\"   data-new-tab=\"off\"   data-action-priority=\"item\"><figure class=\"dp-dfg-image entry-thumb\"><a href=\"https:\/\/www.museuemporda.org\/?obres_autors=paisatge-65\" class=\"dp-dfg-image-link\" ><img loading=\"lazy\" decoding=\"async\" class=\"dp-dfg-featured-image\" src=\"https:\/\/www.museuemporda.org\/wp-content\/uploads\/2022\/02\/mE-2304-250x250.jpg\" alt=\"Paisatge\" width=\"250\" height=\"250\" data-ratio=\"1\"\/><\/a><\/figure><div class=\"dp-dfg-header entry-header\"><h2 class=\"entry-title\">Paisatge<\/h2><\/div><div class=\"dp-dfg-custom-content\"><p class=\"dp-dfg-custom-field dp-dfg-cf-autors2\"><span class=\"dp-dfg-custom-field-value\">Josep Bonaterra Gras<\/span><\/p><\/div><\/article><!-- DPDFG End Post Item Container --><article id=\"post-10432\" class=\"dp-dfg-item post-10432 obres_autors type-obres_autors status-publish has-post-thumbnail hentry tipus_tecniques-pintura tecnica_especifica-pintura-sobre-paper autors-moises-sidrach-planas disciplina-pintura \"     data-position=\"922\"   data-new-tab=\"off\"   data-action-priority=\"item\"><figure class=\"dp-dfg-image entry-thumb\"><a href=\"https:\/\/www.museuemporda.org\/?obres_autors=sense-titol-73\" class=\"dp-dfg-image-link\" ><img loading=\"lazy\" decoding=\"async\" class=\"dp-dfg-featured-image\" src=\"https:\/\/www.museuemporda.org\/wp-content\/uploads\/2022\/01\/mE-2284-250x250.jpg\" alt=\"Sense t\u00edtol\" width=\"250\" height=\"250\" data-ratio=\"1\"\/><\/a><\/figure><div class=\"dp-dfg-header entry-header\"><h2 class=\"entry-title\">Sense t\u00edtol<\/h2><\/div><div class=\"dp-dfg-custom-content\"><p class=\"dp-dfg-custom-field dp-dfg-cf-autors2\"><span class=\"dp-dfg-custom-field-value\">Mois\u00e8s Sidrach Planas<\/span><\/p><\/div><\/article><!-- DPDFG End Post Item Container --><article id=\"post-8119\" class=\"dp-dfg-item post-8119 obres_autors type-obres_autors status-publish has-post-thumbnail hentry tecnica_especifica-oli-sobre-tela autors-ricard-anson-rigall disciplina-pintura \"     data-position=\"923\"   data-new-tab=\"off\"   data-action-priority=\"item\"><figure class=\"dp-dfg-image entry-thumb\"><a href=\"https:\/\/www.museuemporda.org\/?obres_autors=paisatge-14\" class=\"dp-dfg-image-link\" ><img loading=\"lazy\" decoding=\"async\" class=\"dp-dfg-featured-image\" src=\"https:\/\/www.museuemporda.org\/wp-content\/uploads\/2021\/08\/mE-762-250x250.jpg\" alt=\"Paisatge\" width=\"250\" height=\"250\" data-ratio=\"1\"\/><\/a><\/figure><div class=\"dp-dfg-header entry-header\"><h2 class=\"entry-title\">Paisatge<\/h2><\/div><div class=\"dp-dfg-custom-content\"><p class=\"dp-dfg-custom-field dp-dfg-cf-autors2\"><span class=\"dp-dfg-custom-field-value\">Ricard Ans\u00f3n Rigall<\/span><\/p><\/div><\/article><!-- DPDFG End Post Item Container --><article id=\"post-8741\" class=\"dp-dfg-item post-8741 obres_autors type-obres_autors status-publish has-post-thumbnail hentry tecnica_especifica-oli-sobre-tela autors-autoria-desconeguda disciplina-pintura \"     data-position=\"924\"   data-new-tab=\"off\"   data-action-priority=\"item\"><figure class=\"dp-dfg-image entry-thumb\"><a href=\"https:\/\/www.museuemporda.org\/?obres_autors=escena-de-costums\" class=\"dp-dfg-image-link\" ><img loading=\"lazy\" decoding=\"async\" class=\"dp-dfg-featured-image\" src=\"https:\/\/www.museuemporda.org\/wp-content\/uploads\/2021\/10\/ME-602_JORDI-PUIG-2021-250x250.jpg\" alt=\"Escena de costums\" width=\"250\" height=\"250\" data-ratio=\"1\"\/><\/a><\/figure><div class=\"dp-dfg-header entry-header\"><h2 class=\"entry-title\">Escena de costums<\/h2><\/div><div class=\"dp-dfg-custom-content\"><p class=\"dp-dfg-custom-field dp-dfg-cf-autors2\"><span class=\"dp-dfg-custom-field-value\">Autoria desconeguda<\/span><\/p><\/div><\/article><!-- DPDFG End Post Item Container --><article id=\"post-9084\" class=\"dp-dfg-item post-9084 obres_autors type-obres_autors status-publish has-post-thumbnail hentry tecnica_especifica-ceramica-italiota autors-autoria-desconeguda disciplina-arqueologia \"     data-position=\"925\"   data-new-tab=\"off\"   data-action-priority=\"item\"><figure class=\"dp-dfg-image entry-thumb\"><a href=\"https:\/\/www.museuemporda.org\/?obres_autors=lecit-italiota\" class=\"dp-dfg-image-link\" ><img loading=\"lazy\" decoding=\"async\" class=\"dp-dfg-featured-image\" src=\"https:\/\/www.museuemporda.org\/wp-content\/uploads\/2021\/11\/mE-326-250x250.jpg\" alt=\"L\u00e8cit italiota\" width=\"250\" height=\"250\" data-ratio=\"1\"\/><\/a><\/figure><div class=\"dp-dfg-header entry-header\"><h2 class=\"entry-title\">L\u00e8cit italiota<\/h2><\/div><div class=\"dp-dfg-custom-content\"><p class=\"dp-dfg-custom-field dp-dfg-cf-autors2\"><span class=\"dp-dfg-custom-field-value\">Autoria desconeguda<\/span><\/p><\/div><\/article><!-- DPDFG End Post Item Container --><article id=\"post-14286\" class=\"dp-dfg-item post-14286 obres_autors type-obres_autors status-publish has-post-thumbnail hentry tipus_tecniques-dibuix tecnica_especifica-impressio-digital autors-quim-bou disciplina-dibuix \"     data-position=\"926\"   data-new-tab=\"off\"   data-action-priority=\"item\"><figure class=\"dp-dfg-image entry-thumb\"><a href=\"https:\/\/www.museuemporda.org\/?obres_autors=sense-titol-467\" class=\"dp-dfg-image-link\" ><img loading=\"lazy\" decoding=\"async\" class=\"dp-dfg-featured-image\" src=\"https:\/\/www.museuemporda.org\/wp-content\/uploads\/2023\/07\/ME2852-BOU-250x250.jpg\" alt=\"Sense t\u00edtol\" width=\"250\" height=\"250\" data-ratio=\"1\"\/><\/a><\/figure><div class=\"dp-dfg-header entry-header\"><h2 class=\"entry-title\">Sense t\u00edtol<\/h2><\/div><div class=\"dp-dfg-custom-content\"><p class=\"dp-dfg-custom-field dp-dfg-cf-autors2\"><span class=\"dp-dfg-custom-field-value\">Quim Bou<\/span><\/p><\/div><\/article><!-- DPDFG End Post Item Container --><article id=\"post-5999\" class=\"dp-dfg-item post-5999 obres_autors type-obres_autors status-publish has-post-thumbnail hentry tecnica_especifica-oli-sobre-tela autors-josep-ministral-agusti disciplina-pintura \"     data-position=\"927\"   data-new-tab=\"off\"   data-action-priority=\"item\"><figure class=\"dp-dfg-image entry-thumb\"><a href=\"https:\/\/www.museuemporda.org\/?obres_autors=herba-cel-enmig-de-la-plana-figueres-escolta-el-vent-mirant-el-mar-de-la-serie-suite-figarias\" class=\"dp-dfg-image-link\" ><img loading=\"lazy\" decoding=\"async\" class=\"dp-dfg-featured-image\" src=\"https:\/\/www.museuemporda.org\/wp-content\/uploads\/2020\/04\/ME-791_JORDI-PUIG-2021-250x250.jpg\" alt=\"Figueres escolta el vent mirant a mar [de la s\u00e8rie &#8220;Suite Figarias&#8221;]\" width=\"250\" height=\"250\" data-ratio=\"1\"\/><\/a><\/figure><div class=\"dp-dfg-header entry-header\"><h2 class=\"entry-title\">Figueres escolta el vent mirant a mar [de la s\u00e8rie &#8220;Suite Figarias&#8221;]<\/h2><\/div><div class=\"dp-dfg-custom-content\"><p class=\"dp-dfg-custom-field dp-dfg-cf-autors2\"><span class=\"dp-dfg-custom-field-value\">Josep Ministral Agust\u00ed<\/span><\/p><\/div><\/article><!-- DPDFG End Post Item Container --><article id=\"post-13926\" class=\"dp-dfg-item post-13926 obres_autors type-obres_autors status-publish has-post-thumbnail hentry tipus_tecniques-dibuix tecnica_especifica-impressio-digital autors-pep-claparols-i-moret disciplina-dibuix \"     data-position=\"928\"   data-new-tab=\"off\"   data-action-priority=\"item\"><figure class=\"dp-dfg-image entry-thumb\"><a href=\"https:\/\/www.museuemporda.org\/?obres_autors=sense-titol-302\" class=\"dp-dfg-image-link\" ><img loading=\"lazy\" decoding=\"async\" class=\"dp-dfg-featured-image\" src=\"https:\/\/www.museuemporda.org\/wp-content\/uploads\/2023\/06\/ME2664-PEP99-250x250.jpg\" alt=\"Sense t\u00edtol\" width=\"250\" height=\"250\" data-ratio=\"1\"\/><\/a><\/figure><div class=\"dp-dfg-header entry-header\"><h2 class=\"entry-title\">Sense t\u00edtol<\/h2><\/div><div class=\"dp-dfg-custom-content\"><p class=\"dp-dfg-custom-field dp-dfg-cf-autors2\"><span class=\"dp-dfg-custom-field-value\">Pep Claparols i Moret<\/span><\/p><\/div><\/article><!-- DPDFG End Post Item Container --><article id=\"post-10330\" class=\"dp-dfg-item post-10330 obres_autors type-obres_autors status-publish has-post-thumbnail hentry tipus_tecniques-dibuix tecnica_especifica-tecnica-mixta-sobre-paper autors-pere-bech-sudria disciplina-dibuix \"     data-position=\"929\"   data-new-tab=\"off\"   data-action-priority=\"item\"><figure class=\"dp-dfg-image entry-thumb\"><a href=\"https:\/\/www.museuemporda.org\/?obres_autors=personatge-masculi\" class=\"dp-dfg-image-link\" ><img loading=\"lazy\" decoding=\"async\" class=\"dp-dfg-featured-image\" src=\"https:\/\/www.museuemporda.org\/wp-content\/uploads\/2022\/01\/mE-2241-250x250.jpg\" alt=\"Personatge mascul\u00ed\" width=\"250\" height=\"250\" data-ratio=\"1\"\/><\/a><\/figure><div class=\"dp-dfg-header entry-header\"><h2 class=\"entry-title\">Personatge mascul\u00ed<\/h2><\/div><div class=\"dp-dfg-custom-content\"><p class=\"dp-dfg-custom-field dp-dfg-cf-autors2\"><span class=\"dp-dfg-custom-field-value\">Pere Bech Sudri\u00e0<\/span><\/p><\/div><\/article><!-- DPDFG End Post Item Container --><article id=\"post-14008\" class=\"dp-dfg-item post-14008 obres_autors type-obres_autors status-publish has-post-thumbnail hentry tipus_tecniques-dibuix tecnica_especifica-impressio-digital autors-pep-claparols-i-moret disciplina-dibuix \"     data-position=\"930\"   data-new-tab=\"off\"   data-action-priority=\"item\"><figure class=\"dp-dfg-image entry-thumb\"><a href=\"https:\/\/www.museuemporda.org\/?obres_autors=sense-titol-339\" class=\"dp-dfg-image-link\" ><img loading=\"lazy\" decoding=\"async\" class=\"dp-dfg-featured-image\" src=\"https:\/\/www.museuemporda.org\/wp-content\/uploads\/2023\/06\/ME2701-PEP2003-250x250.jpg\" alt=\"Sense t\u00edtol\" width=\"250\" height=\"250\" data-ratio=\"1\"\/><\/a><\/figure><div class=\"dp-dfg-header entry-header\"><h2 class=\"entry-title\">Sense t\u00edtol<\/h2><\/div><div class=\"dp-dfg-custom-content\"><p class=\"dp-dfg-custom-field dp-dfg-cf-autors2\"><span class=\"dp-dfg-custom-field-value\">Pep Claparols i Moret<\/span><\/p><\/div><\/article><!-- DPDFG End Post Item Container --><article id=\"post-13622\" class=\"dp-dfg-item post-13622 obres_autors type-obres_autors status-publish has-post-thumbnail hentry tipus_tecniques-obra-grafica tecnica_especifica-paper-impres autors-monika-anselment disciplina-obra-grafic \"     data-position=\"931\"   data-new-tab=\"off\"   data-action-priority=\"item\"><figure class=\"dp-dfg-image entry-thumb\"><a href=\"https:\/\/www.museuemporda.org\/?obres_autors=histories-de-bagdad\" class=\"dp-dfg-image-link\" ><img loading=\"lazy\" decoding=\"async\" class=\"dp-dfg-featured-image\" src=\"https:\/\/www.museuemporda.org\/wp-content\/uploads\/2023\/06\/mE-2366-250x250.jpg\" alt=\"Hist\u00f2ries de Bagdad\" width=\"250\" height=\"250\" data-ratio=\"1\"\/><\/a><\/figure><div class=\"dp-dfg-header entry-header\"><h2 class=\"entry-title\">Hist\u00f2ries de Bagdad<\/h2><\/div><div class=\"dp-dfg-custom-content\"><p class=\"dp-dfg-custom-field dp-dfg-cf-autors2\"><span class=\"dp-dfg-custom-field-value\">Monika Anselment<\/span><\/p><\/div><\/article><!-- DPDFG End Post Item Container --><article id=\"post-10571\" class=\"dp-dfg-item post-10571 obres_autors type-obres_autors status-publish has-post-thumbnail hentry tipus_tecniques-pintura tecnica_especifica-oli-sobre-tela autors-josep-blanquet-taberner disciplina-pintura \"     data-position=\"932\"   data-new-tab=\"off\"   data-action-priority=\"item\"><figure class=\"dp-dfg-image entry-thumb\"><a href=\"https:\/\/www.museuemporda.org\/?obres_autors=retrat-dhome-4\" class=\"dp-dfg-image-link\" ><img loading=\"lazy\" decoding=\"async\" class=\"dp-dfg-featured-image\" src=\"https:\/\/www.museuemporda.org\/wp-content\/uploads\/2022\/02\/mE-2232A-250x250.jpg\" alt=\"Retrat d&#8217;home\" width=\"250\" height=\"250\" data-ratio=\"1\"\/><\/a><\/figure><div class=\"dp-dfg-header entry-header\"><h2 class=\"entry-title\">Retrat d&#8217;home<\/h2><\/div><div class=\"dp-dfg-custom-content\"><p class=\"dp-dfg-custom-field dp-dfg-cf-autors2\"><span class=\"dp-dfg-custom-field-value\">Josep Blanquet Taberner<\/span><\/p><\/div><\/article><!-- DPDFG End Post Item Container --><article id=\"post-5876\" class=\"dp-dfg-item post-5876 obres_autors type-obres_autors status-publish has-post-thumbnail hentry tecnica_especifica-llapis-sobre-paper autors-modest-cuixart-tapies disciplina-dibuix \"     data-position=\"933\"   data-new-tab=\"off\"   data-action-priority=\"item\"><figure class=\"dp-dfg-image entry-thumb\"><a href=\"https:\/\/www.museuemporda.org\/?obres_autors=composicio\" class=\"dp-dfg-image-link\" ><img loading=\"lazy\" decoding=\"async\" class=\"dp-dfg-featured-image\" src=\"https:\/\/www.museuemporda.org\/wp-content\/uploads\/2020\/04\/mE-713-250x250.jpg\" alt=\"Composici\u00f3\" width=\"250\" height=\"250\" data-ratio=\"1\"\/><\/a><\/figure><div class=\"dp-dfg-header entry-header\"><h2 class=\"entry-title\">Composici\u00f3<\/h2><\/div><div class=\"dp-dfg-custom-content\"><p class=\"dp-dfg-custom-field dp-dfg-cf-autors2\"><span class=\"dp-dfg-custom-field-value\">Modest Cuixart T\u00e0pies<\/span><\/p><\/div><\/article><!-- DPDFG End Post Item Container --><article id=\"post-9895\" class=\"dp-dfg-item post-9895 obres_autors type-obres_autors status-publish has-post-thumbnail hentry tipus_tecniques-fotografia tecnica_especifica-fotografia autors-autoria-desconeguda disciplina-fotografia \"     data-position=\"934\"   data-new-tab=\"off\"   data-action-priority=\"item\"><figure class=\"dp-dfg-image entry-thumb\"><a href=\"https:\/\/www.museuemporda.org\/?obres_autors=sense-titol-39\" class=\"dp-dfg-image-link\" ><img loading=\"lazy\" decoding=\"async\" class=\"dp-dfg-featured-image\" src=\"https:\/\/www.museuemporda.org\/wp-content\/uploads\/2022\/01\/ME-2111_Jordi-Puig-2022-250x250.jpg\" alt=\"Sense t\u00edtol\" width=\"250\" height=\"250\" data-ratio=\"1\"\/><\/a><\/figure><div class=\"dp-dfg-header entry-header\"><h2 class=\"entry-title\">Sense t\u00edtol<\/h2><\/div><div class=\"dp-dfg-custom-content\"><p class=\"dp-dfg-custom-field dp-dfg-cf-autors2\"><span class=\"dp-dfg-custom-field-value\">Autoria desconeguda<\/span><\/p><\/div><\/article><!-- DPDFG End Post Item Container --><article id=\"post-9156\" class=\"dp-dfg-item post-9156 obres_autors type-obres_autors status-publish has-post-thumbnail hentry tecnica_especifica-ceramica-comuna autors-autoria-desconeguda disciplina-arqueologia \"     data-position=\"935\"   data-new-tab=\"off\"   data-action-priority=\"item\"><figure class=\"dp-dfg-image entry-thumb\"><a href=\"https:\/\/www.museuemporda.org\/?obres_autors=gerra-2\" class=\"dp-dfg-image-link\" ><img loading=\"lazy\" decoding=\"async\" class=\"dp-dfg-featured-image\" src=\"https:\/\/www.museuemporda.org\/wp-content\/uploads\/2021\/11\/mE-525-250x250.jpg\" alt=\"Gerra\" width=\"250\" height=\"250\" data-ratio=\"1\"\/><\/a><\/figure><div class=\"dp-dfg-header entry-header\"><h2 class=\"entry-title\">Gerra<\/h2><\/div><div class=\"dp-dfg-custom-content\"><p class=\"dp-dfg-custom-field dp-dfg-cf-autors2\"><span class=\"dp-dfg-custom-field-value\">Autoria desconeguda<\/span><\/p><\/div><\/article><!-- DPDFG End Post Item Container --><article id=\"post-14375\" class=\"dp-dfg-item post-14375 obres_autors type-obres_autors status-publish has-post-thumbnail hentry tipus_tecniques-dibuix tecnica_especifica-dibuix-sobre-paper autors-pep-claparols-i-moret disciplina-dibuix \"     data-position=\"936\"   data-new-tab=\"off\"   data-action-priority=\"item\"><figure class=\"dp-dfg-image entry-thumb\"><a href=\"https:\/\/www.museuemporda.org\/?obres_autors=sense-titol-506\" class=\"dp-dfg-image-link\" ><img loading=\"lazy\" decoding=\"async\" class=\"dp-dfg-featured-image\" src=\"https:\/\/www.museuemporda.org\/wp-content\/uploads\/2023\/07\/ME2894-95-PEP-e1688541227337-250x250.jpg\" alt=\"Sense t\u00edtol\" width=\"250\" height=\"250\" data-ratio=\"1\"\/><\/a><\/figure><div class=\"dp-dfg-header entry-header\"><h2 class=\"entry-title\">Sense t\u00edtol<\/h2><\/div><div class=\"dp-dfg-custom-content\"><p class=\"dp-dfg-custom-field dp-dfg-cf-autors2\"><span class=\"dp-dfg-custom-field-value\">Pep Claparols i Moret<\/span><\/p><\/div><\/article><!-- DPDFG End Post Item Container --><article id=\"post-13965\" class=\"dp-dfg-item post-13965 obres_autors type-obres_autors status-publish has-post-thumbnail hentry tipus_tecniques-dibuix tecnica_especifica-impressio-digital autors-pep-claparols-i-moret disciplina-dibuix \"     data-position=\"937\"   data-new-tab=\"off\"   data-action-priority=\"item\"><figure class=\"dp-dfg-image entry-thumb\"><a href=\"https:\/\/www.museuemporda.org\/?obres_autors=sense-titol-320\" class=\"dp-dfg-image-link\" ><img loading=\"lazy\" decoding=\"async\" class=\"dp-dfg-featured-image\" src=\"https:\/\/www.museuemporda.org\/wp-content\/uploads\/2023\/06\/ME2682-PEP99-250x250.jpg\" alt=\"Sense t\u00edtol\" width=\"250\" height=\"250\" data-ratio=\"1\"\/><\/a><\/figure><div class=\"dp-dfg-header entry-header\"><h2 class=\"entry-title\">Sense t\u00edtol<\/h2><\/div><div class=\"dp-dfg-custom-content\"><p class=\"dp-dfg-custom-field dp-dfg-cf-autors2\"><span class=\"dp-dfg-custom-field-value\">Pep Claparols i Moret<\/span><\/p><\/div><\/article><!-- DPDFG End Post Item Container --><article id=\"post-14245\" class=\"dp-dfg-item post-14245 obres_autors type-obres_autors status-publish has-post-thumbnail hentry tipus_tecniques-dibuix tecnica_especifica-impressio-digital autors-joan-antoja-mas disciplina-dibuix \"     data-position=\"938\"   data-new-tab=\"off\"   data-action-priority=\"item\"><figure class=\"dp-dfg-image entry-thumb\"><a href=\"https:\/\/www.museuemporda.org\/?obres_autors=sense-titol-447\" class=\"dp-dfg-image-link\" ><img loading=\"lazy\" decoding=\"async\" class=\"dp-dfg-featured-image\" src=\"https:\/\/www.museuemporda.org\/wp-content\/uploads\/2023\/07\/ME2832-ANTOJA-250x250.jpg\" alt=\"Sense t\u00edtol\" width=\"250\" height=\"250\" data-ratio=\"1\"\/><\/a><\/figure><div class=\"dp-dfg-header entry-header\"><h2 class=\"entry-title\">Sense t\u00edtol<\/h2><\/div><div class=\"dp-dfg-custom-content\"><p class=\"dp-dfg-custom-field dp-dfg-cf-autors2\"><span class=\"dp-dfg-custom-field-value\">Joan Antoja Mas<\/span><\/p><\/div><\/article><!-- DPDFG End Post Item Container --><article id=\"post-13856\" class=\"dp-dfg-item post-13856 obres_autors type-obres_autors status-publish has-post-thumbnail hentry tipus_tecniques-dibuix tecnica_especifica-impressio-digital autors-lluis-puigbert disciplina-obra-grafic \"     data-position=\"939\"   data-new-tab=\"off\"   data-action-priority=\"item\"><figure class=\"dp-dfg-image entry-thumb\"><a href=\"https:\/\/www.museuemporda.org\/?obres_autors=sense-titol-268\" class=\"dp-dfg-image-link\" ><img loading=\"lazy\" decoding=\"async\" class=\"dp-dfg-featured-image\" src=\"https:\/\/www.museuemporda.org\/wp-content\/uploads\/2023\/06\/ME2630-SID-PUIGBERT16-250x250.jpg\" alt=\"Sense t\u00edtol\" width=\"250\" height=\"250\" data-ratio=\"1\"\/><\/a><\/figure><div class=\"dp-dfg-header entry-header\"><h2 class=\"entry-title\">Sense t\u00edtol<\/h2><\/div><div class=\"dp-dfg-custom-content\"><p class=\"dp-dfg-custom-field dp-dfg-cf-autors2\"><span class=\"dp-dfg-custom-field-value\">Llu\u00eds Puigbert<\/span><\/p><\/div><\/article><!-- DPDFG End Post Item Container --><article id=\"post-8151\" class=\"dp-dfg-item post-8151 obres_autors type-obres_autors status-publish has-post-thumbnail hentry autors-autoria-desconeguda disciplina-arqueologia \"     data-position=\"940\"   data-new-tab=\"off\"   data-action-priority=\"item\"><figure class=\"dp-dfg-image entry-thumb\"><a href=\"https:\/\/www.museuemporda.org\/?obres_autors=escif-de-figures-roge\" class=\"dp-dfg-image-link\" ><img loading=\"lazy\" decoding=\"async\" class=\"dp-dfg-featured-image\" src=\"https:\/\/www.museuemporda.org\/wp-content\/uploads\/2021\/08\/mE-390-250x250.jpg\" alt=\"Escif de figures roges\" width=\"250\" height=\"250\" data-ratio=\"1\"\/><\/a><\/figure><div class=\"dp-dfg-header entry-header\"><h2 class=\"entry-title\">Escif de figures roges<\/h2><\/div><div class=\"dp-dfg-custom-content\"><p class=\"dp-dfg-custom-field dp-dfg-cf-autors2\"><span class=\"dp-dfg-custom-field-value\">Autoria desconeguda<\/span><\/p><\/div><\/article><!-- DPDFG End Post Item Container --><article id=\"post-9182\" class=\"dp-dfg-item post-9182 obres_autors type-obres_autors status-publish has-post-thumbnail hentry tecnica_especifica-ceramica-atica-de-figures-roges autors-autoria-desconeguda disciplina-arqueologia \"     data-position=\"941\"   data-new-tab=\"off\"   data-action-priority=\"item\"><figure class=\"dp-dfg-image entry-thumb\"><a href=\"https:\/\/www.museuemporda.org\/?obres_autors=fragment-de-ceramica\" class=\"dp-dfg-image-link\" ><img loading=\"lazy\" decoding=\"async\" class=\"dp-dfg-featured-image\" src=\"https:\/\/www.museuemporda.org\/wp-content\/uploads\/2021\/11\/mE-295-250x250.jpg\" alt=\"Fragment de cer\u00e0mica\" width=\"250\" height=\"250\" data-ratio=\"1\"\/><\/a><\/figure><div class=\"dp-dfg-header entry-header\"><h2 class=\"entry-title\">Fragment de cer\u00e0mica<\/h2><\/div><div class=\"dp-dfg-custom-content\"><p class=\"dp-dfg-custom-field dp-dfg-cf-autors2\"><span class=\"dp-dfg-custom-field-value\">Autoria desconeguda<\/span><\/p><\/div><\/article><!-- DPDFG End Post Item Container --><article id=\"post-9825\" class=\"dp-dfg-item post-9825 obres_autors type-obres_autors status-publish has-post-thumbnail hentry tipus_tecniques-fotografia tecnica_especifica-fotografia autors-francesc-guillamet-ferran disciplina-fotografia \"     data-position=\"942\"   data-new-tab=\"off\"   data-action-priority=\"item\"><figure class=\"dp-dfg-image entry-thumb\"><a href=\"https:\/\/www.museuemporda.org\/?obres_autors=aire-de-pastanaga-amb-llet-amarga-de-coco\" class=\"dp-dfg-image-link\" ><img loading=\"lazy\" decoding=\"async\" class=\"dp-dfg-featured-image\" src=\"https:\/\/www.museuemporda.org\/wp-content\/uploads\/2022\/01\/mE-2523-250x250.jpg\" alt=\"Aire de pastanaga amb llet amarga de coco\" width=\"250\" height=\"250\" data-ratio=\"1\"\/><\/a><\/figure><div class=\"dp-dfg-header entry-header\"><h2 class=\"entry-title\">Aire de pastanaga amb llet amarga de coco<\/h2><\/div><div class=\"dp-dfg-custom-content\"><p class=\"dp-dfg-custom-field dp-dfg-cf-autors2\"><span class=\"dp-dfg-custom-field-value\">Francesc Guillamet Ferran<\/span><\/p><\/div><\/article><!-- DPDFG End Post Item Container --><article id=\"post-9669\" class=\"dp-dfg-item post-9669 obres_autors type-obres_autors status-publish has-post-thumbnail hentry tipus_tecniques-fotografia tecnica_especifica-fotografia autors-josep-maria-canellas disciplina-fotografia \"     data-position=\"943\"   data-new-tab=\"off\"   data-action-priority=\"item\"><figure class=\"dp-dfg-image entry-thumb\"><a href=\"https:\/\/www.museuemporda.org\/?obres_autors=familia\" class=\"dp-dfg-image-link\" ><img loading=\"lazy\" decoding=\"async\" class=\"dp-dfg-featured-image\" src=\"https:\/\/www.museuemporda.org\/wp-content\/uploads\/2022\/01\/mE-1888-250x250.jpg\" alt=\"Fam\u00edlia\" width=\"250\" height=\"250\" data-ratio=\"1\"\/><\/a><\/figure><div class=\"dp-dfg-header entry-header\"><h2 class=\"entry-title\">Fam\u00edlia<\/h2><\/div><div class=\"dp-dfg-custom-content\"><p class=\"dp-dfg-custom-field dp-dfg-cf-autors2\"><span class=\"dp-dfg-custom-field-value\">Josep Maria Ca\u00f1ellas<\/span><\/p><\/div><\/article><!-- DPDFG End Post Item Container --><article id=\"post-11084\" class=\"dp-dfg-item post-11084 obres_autors type-obres_autors status-publish has-post-thumbnail hentry tipus_tecniques-pintura tecnica_especifica-aquarella autors-miquel-bernabeu disciplina-pintura \"     data-position=\"944\"   data-new-tab=\"off\"   data-action-priority=\"item\"><figure class=\"dp-dfg-image entry-thumb\"><a href=\"https:\/\/www.museuemporda.org\/?obres_autors=roma\" class=\"dp-dfg-image-link\" ><img loading=\"lazy\" decoding=\"async\" class=\"dp-dfg-featured-image\" src=\"https:\/\/www.museuemporda.org\/wp-content\/uploads\/2022\/02\/mE-806-250x250.jpg\" alt=\"Roma\" width=\"250\" height=\"250\" data-ratio=\"1\"\/><\/a><\/figure><div class=\"dp-dfg-header entry-header\"><h2 class=\"entry-title\">Roma<\/h2><\/div><div class=\"dp-dfg-custom-content\"><p class=\"dp-dfg-custom-field dp-dfg-cf-autors2\"><span class=\"dp-dfg-custom-field-value\">Miquel Bernabeu<\/span><\/p><\/div><\/article><!-- DPDFG End Post Item Container --><article id=\"post-8904\" class=\"dp-dfg-item post-8904 obres_autors type-obres_autors status-publish has-post-thumbnail hentry tecnica_especifica-dibuix-sobre-paper autors-ricard-canals-llambi disciplina-dibuix \"     data-position=\"945\"   data-new-tab=\"off\"   data-action-priority=\"item\"><figure class=\"dp-dfg-image entry-thumb\"><a href=\"https:\/\/www.museuemporda.org\/?obres_autors=parella\" class=\"dp-dfg-image-link\" ><img loading=\"lazy\" decoding=\"async\" class=\"dp-dfg-featured-image\" src=\"https:\/\/www.museuemporda.org\/wp-content\/uploads\/2021\/11\/mE-675-250x250.jpg\" alt=\"Parella\" width=\"250\" height=\"250\" data-ratio=\"1\"\/><\/a><\/figure><div class=\"dp-dfg-header entry-header\"><h2 class=\"entry-title\">Parella<\/h2><\/div><div class=\"dp-dfg-custom-content\"><p class=\"dp-dfg-custom-field dp-dfg-cf-autors2\"><span class=\"dp-dfg-custom-field-value\">Ricard Canals Llamb\u00ed<\/span><\/p><\/div><\/article><!-- DPDFG End Post Item Container --><article id=\"post-6031\" class=\"dp-dfg-item post-6031 obres_autors type-obres_autors status-publish has-post-thumbnail hentry tecnica_especifica-oli-sobre-tela autors-joan-padern-faig disciplina-pintura \"     data-position=\"946\"   data-new-tab=\"off\"   data-action-priority=\"item\"><figure class=\"dp-dfg-image entry-thumb\"><a href=\"https:\/\/www.museuemporda.org\/?obres_autors=la-cuina-de-vilamaniscle\" class=\"dp-dfg-image-link\" ><img loading=\"lazy\" decoding=\"async\" class=\"dp-dfg-featured-image\" src=\"https:\/\/www.museuemporda.org\/wp-content\/uploads\/2020\/04\/mE-1389-250x250.jpg\" alt=\"La cuina de Vilamaniscle\" width=\"250\" height=\"250\" data-ratio=\"1\"\/><\/a><\/figure><div class=\"dp-dfg-header entry-header\"><h2 class=\"entry-title\">La cuina de Vilamaniscle<\/h2><\/div><div class=\"dp-dfg-custom-content\"><p class=\"dp-dfg-custom-field dp-dfg-cf-autors2\"><span class=\"dp-dfg-custom-field-value\">Joan Padern Faig<\/span><\/p><\/div><\/article><!-- DPDFG End Post Item Container --><article id=\"post-9756\" class=\"dp-dfg-item post-9756 obres_autors type-obres_autors status-publish has-post-thumbnail hentry tipus_tecniques-fotografia tecnica_especifica-fotografia autors-joaquim-fort-de-ribot disciplina-fotografia \"     data-position=\"947\"   data-new-tab=\"off\"   data-action-priority=\"item\"><figure class=\"dp-dfg-image entry-thumb\"><a href=\"https:\/\/www.museuemporda.org\/?obres_autors=joaquim-raimond-i-montserrat-fort-i-maria-dolors-bonal\" class=\"dp-dfg-image-link\" ><img loading=\"lazy\" decoding=\"async\" class=\"dp-dfg-featured-image\" src=\"https:\/\/www.museuemporda.org\/wp-content\/uploads\/2022\/01\/mE-2470-250x250.jpg\" alt=\"Joaquim, Raimond i Montserrat Fort i Maria Dolors Bonal\" width=\"250\" height=\"250\" data-ratio=\"1\"\/><\/a><\/figure><div class=\"dp-dfg-header entry-header\"><h2 class=\"entry-title\">Joaquim, Raimond i Montserrat Fort i Maria Dolors Bonal<\/h2><\/div><div class=\"dp-dfg-custom-content\"><p class=\"dp-dfg-custom-field dp-dfg-cf-autors2\"><span class=\"dp-dfg-custom-field-value\">Joaquim Fort de Ribot<\/span><\/p><\/div><\/article><!-- DPDFG End Post Item Container --><article id=\"post-14095\" class=\"dp-dfg-item post-14095 obres_autors type-obres_autors status-publish has-post-thumbnail hentry tipus_tecniques-dibuix tecnica_especifica-impressio-digital autors-carles-roman disciplina-dibuix \"     data-position=\"948\"   data-new-tab=\"off\"   data-action-priority=\"item\"><figure class=\"dp-dfg-image entry-thumb\"><a href=\"https:\/\/www.museuemporda.org\/?obres_autors=sense-titol-378\" class=\"dp-dfg-image-link\" ><img loading=\"lazy\" decoding=\"async\" class=\"dp-dfg-featured-image\" src=\"https:\/\/www.museuemporda.org\/wp-content\/uploads\/2023\/06\/ME2742-ROMAN-250x250.jpg\" alt=\"Sense t\u00edtol\" width=\"250\" height=\"250\" data-ratio=\"1\"\/><\/a><\/figure><div class=\"dp-dfg-header entry-header\"><h2 class=\"entry-title\">Sense t\u00edtol<\/h2><\/div><div class=\"dp-dfg-custom-content\"><p class=\"dp-dfg-custom-field dp-dfg-cf-autors2\"><span class=\"dp-dfg-custom-field-value\">Carles Roman<\/span><\/p><\/div><\/article><!-- DPDFG End Post Item Container --><article id=\"post-5731\" class=\"dp-dfg-item post-5731 obres_autors type-obres_autors status-publish has-post-thumbnail hentry autors-mestre-de-cabestany disciplina-escultura \"     data-position=\"949\"   data-new-tab=\"off\"   data-action-priority=\"item\"><figure class=\"dp-dfg-image entry-thumb\"><a href=\"https:\/\/www.museuemporda.org\/?obres_autors=fust-de-columna-procedent-de-sant-pere-de-rodes\" class=\"dp-dfg-image-link\" ><img loading=\"lazy\" decoding=\"async\" class=\"dp-dfg-featured-image\" src=\"https:\/\/www.museuemporda.org\/wp-content\/uploads\/2020\/04\/mE-429-250x250.jpg\" alt=\"Fust de columna\" width=\"250\" height=\"250\" data-ratio=\"1\"\/><\/a><\/figure><div class=\"dp-dfg-header entry-header\"><h2 class=\"entry-title\">Fust de columna<\/h2><\/div><div class=\"dp-dfg-custom-content\"><p class=\"dp-dfg-custom-field dp-dfg-cf-autors2\"><span class=\"dp-dfg-custom-field-value\">Taller de Mestre de Cabestany<\/span><\/p><\/div><\/article><!-- DPDFG End Post Item Container --><article id=\"post-6081\" class=\"dp-dfg-item post-6081 obres_autors type-obres_autors status-publish has-post-thumbnail hentry tecnica_especifica-oli-sobre-tela autors-evarist-valles-rovira disciplina-pintura \"     data-position=\"950\"   data-new-tab=\"off\"   data-action-priority=\"item\"><figure class=\"dp-dfg-image entry-thumb\"><a href=\"https:\/\/www.museuemporda.org\/?obres_autors=crani-i-ampolla\" class=\"dp-dfg-image-link\" ><img loading=\"lazy\" decoding=\"async\" class=\"dp-dfg-featured-image\" src=\"https:\/\/www.museuemporda.org\/wp-content\/uploads\/2020\/04\/mE-2326_2019-250x250.jpg\" alt=\"Crani i ampolla\" width=\"250\" height=\"250\" data-ratio=\"1\"\/><\/a><\/figure><div class=\"dp-dfg-header entry-header\"><h2 class=\"entry-title\">Crani i ampolla<\/h2><\/div><div class=\"dp-dfg-custom-content\"><p class=\"dp-dfg-custom-field dp-dfg-cf-autors2\"><span class=\"dp-dfg-custom-field-value\">Evarist Vall\u00e8s Rovira<\/span><\/p><\/div><\/article><!-- DPDFG End Post Item Container --><article id=\"post-14247\" class=\"dp-dfg-item post-14247 obres_autors type-obres_autors status-publish has-post-thumbnail hentry tipus_tecniques-dibuix tecnica_especifica-impressio-digital autors-joan-antoja-mas disciplina-dibuix \"     data-position=\"951\"   data-new-tab=\"off\"   data-action-priority=\"item\"><figure class=\"dp-dfg-image entry-thumb\"><a href=\"https:\/\/www.museuemporda.org\/?obres_autors=sense-titol-448\" class=\"dp-dfg-image-link\" ><img loading=\"lazy\" decoding=\"async\" class=\"dp-dfg-featured-image\" src=\"https:\/\/www.museuemporda.org\/wp-content\/uploads\/2023\/07\/ME2833-ANTOJA-250x250.jpg\" alt=\"Sense t\u00edtol\" width=\"250\" height=\"250\" data-ratio=\"1\"\/><\/a><\/figure><div class=\"dp-dfg-header entry-header\"><h2 class=\"entry-title\">Sense t\u00edtol<\/h2><\/div><div class=\"dp-dfg-custom-content\"><p class=\"dp-dfg-custom-field dp-dfg-cf-autors2\"><span class=\"dp-dfg-custom-field-value\">Joan Antoja Mas<\/span><\/p><\/div><\/article><!-- DPDFG End Post Item Container --><article id=\"post-14420\" class=\"dp-dfg-item post-14420 obres_autors type-obres_autors status-publish has-post-thumbnail hentry tipus_tecniques-pintura tecnica_especifica-oli-sobre-fusta autors-rosa-cervera-giralt disciplina-pintura \"     data-position=\"952\"   data-new-tab=\"off\"   data-action-priority=\"item\"><figure class=\"dp-dfg-image entry-thumb\"><a href=\"https:\/\/www.museuemporda.org\/?obres_autors=banistas-el-port-de-la-selva\" class=\"dp-dfg-image-link\" ><img loading=\"lazy\" decoding=\"async\" class=\"dp-dfg-featured-image\" src=\"https:\/\/www.museuemporda.org\/wp-content\/uploads\/2023\/07\/JPH5126-250x250.jpg\" alt=\"Ba\u00f1istas. El Port de la Selva\" width=\"250\" height=\"250\" data-ratio=\"1\"\/><\/a><\/figure><div class=\"dp-dfg-header entry-header\"><h2 class=\"entry-title\">Ba\u00f1istas. El Port de la Selva<\/h2><\/div><div class=\"dp-dfg-custom-content\"><p class=\"dp-dfg-custom-field dp-dfg-cf-autors2\"><span class=\"dp-dfg-custom-field-value\">Rosa Cervera Giralt<\/span><\/p><\/div><\/article><!-- DPDFG End Post Item Container --><article id=\"post-14026\" class=\"dp-dfg-item post-14026 obres_autors type-obres_autors status-publish has-post-thumbnail hentry tipus_tecniques-dibuix tecnica_especifica-tinta-sobre-paper autors-pep-claparols-i-moret disciplina-dibuix \"     data-position=\"953\"   data-new-tab=\"off\"   data-action-priority=\"item\"><figure class=\"dp-dfg-image entry-thumb\"><a href=\"https:\/\/www.museuemporda.org\/?obres_autors=sense-titol-348\" class=\"dp-dfg-image-link\" ><img loading=\"lazy\" decoding=\"async\" class=\"dp-dfg-featured-image\" src=\"https:\/\/www.museuemporda.org\/wp-content\/uploads\/2023\/06\/ME2710-PEP2009-250x250.jpg\" alt=\"Sense t\u00edtol\" width=\"250\" height=\"250\" data-ratio=\"1\"\/><\/a><\/figure><div class=\"dp-dfg-header entry-header\"><h2 class=\"entry-title\">Sense t\u00edtol<\/h2><\/div><div class=\"dp-dfg-custom-content\"><p class=\"dp-dfg-custom-field dp-dfg-cf-autors2\"><span class=\"dp-dfg-custom-field-value\">Pep Claparols i Moret<\/span><\/p><\/div><\/article><!-- DPDFG End Post Item Container --><article id=\"post-14359\" class=\"dp-dfg-item post-14359 obres_autors type-obres_autors status-publish has-post-thumbnail hentry tipus_tecniques-dibuix tecnica_especifica-impressio-digital autors-francesc-vila-i-rufas disciplina-dibuix \"     data-position=\"954\"   data-new-tab=\"off\"   data-action-priority=\"item\"><figure class=\"dp-dfg-image entry-thumb\"><a href=\"https:\/\/www.museuemporda.org\/?obres_autors=sense-titol-499\" class=\"dp-dfg-image-link\" ><img loading=\"lazy\" decoding=\"async\" class=\"dp-dfg-featured-image\" src=\"https:\/\/www.museuemporda.org\/wp-content\/uploads\/2023\/07\/ME2887-CESC-250x250.jpg\" alt=\"Sense t\u00edtol\" width=\"250\" height=\"250\" data-ratio=\"1\"\/><\/a><\/figure><div class=\"dp-dfg-header entry-header\"><h2 class=\"entry-title\">Sense t\u00edtol<\/h2><\/div><div class=\"dp-dfg-custom-content\"><p class=\"dp-dfg-custom-field dp-dfg-cf-autors2\"><span class=\"dp-dfg-custom-field-value\">Francesc Vila i Rufas<\/span><\/p><\/div><\/article><!-- DPDFG End Post Item Container --><article id=\"post-5739\" class=\"dp-dfg-item post-5739 obres_autors type-obres_autors status-publish has-post-thumbnail hentry tecnica_especifica-oli-sobre-fusta autors-mestre-de-premia disciplina-pintura \"     data-position=\"955\"   data-new-tab=\"off\"   data-action-priority=\"item\"><figure class=\"dp-dfg-image entry-thumb\"><a href=\"https:\/\/www.museuemporda.org\/?obres_autors=taula-de-santa-llucia\" class=\"dp-dfg-image-link\" ><img loading=\"lazy\" decoding=\"async\" class=\"dp-dfg-featured-image\" src=\"https:\/\/www.museuemporda.org\/wp-content\/uploads\/2020\/04\/mE-433-250x250.jpg\" alt=\"Santa Ll\u00facia\" width=\"250\" height=\"250\" data-ratio=\"1\"\/><\/a><\/figure><div class=\"dp-dfg-header entry-header\"><h2 class=\"entry-title\">Santa Ll\u00facia<\/h2><\/div><div class=\"dp-dfg-custom-content\"><p class=\"dp-dfg-custom-field dp-dfg-cf-autors2\"><span class=\"dp-dfg-custom-field-value\">Mestre de Premi\u00e0<\/span><\/p><\/div><\/article><!-- DPDFG End Post Item Container --><article id=\"post-14466\" class=\"dp-dfg-item post-14466 obres_autors type-obres_autors status-publish has-post-thumbnail hentry tipus_tecniques-dibuix tecnica_especifica-oli-sobre-tela autors-eduard-rodeja-galter disciplina-pintura \"     data-position=\"956\"   data-new-tab=\"off\"   data-action-priority=\"item\"><figure class=\"dp-dfg-image entry-thumb\"><a href=\"https:\/\/www.museuemporda.org\/?obres_autors=sense-titol-525\" class=\"dp-dfg-image-link\" ><img loading=\"lazy\" decoding=\"async\" class=\"dp-dfg-featured-image\" src=\"https:\/\/www.museuemporda.org\/wp-content\/uploads\/2023\/07\/JPH5113-250x250.jpg\" alt=\"Sense t\u00edtol\" width=\"250\" height=\"250\" data-ratio=\"1\"\/><\/a><\/figure><div class=\"dp-dfg-header entry-header\"><h2 class=\"entry-title\">Sense t\u00edtol<\/h2><\/div><div class=\"dp-dfg-custom-content\"><p class=\"dp-dfg-custom-field dp-dfg-cf-autors2\"><span class=\"dp-dfg-custom-field-value\">Eduard Rodeja Galter<\/span><\/p><\/div><\/article><!-- DPDFG End Post Item Container --><article id=\"post-14057\" class=\"dp-dfg-item post-14057 obres_autors type-obres_autors status-publish has-post-thumbnail hentry tipus_tecniques-dibuix tecnica_especifica-tinta-sobre-paper autors-albert-maria-rosa disciplina-dibuix \"     data-position=\"957\"   data-new-tab=\"off\"   data-action-priority=\"item\"><figure class=\"dp-dfg-image entry-thumb\"><a href=\"https:\/\/www.museuemporda.org\/?obres_autors=sense-titol-363\" class=\"dp-dfg-image-link\" ><img loading=\"lazy\" decoding=\"async\" class=\"dp-dfg-featured-image\" src=\"https:\/\/www.museuemporda.org\/wp-content\/uploads\/2023\/06\/ME2725A-ALBERT-250x250.jpg\" alt=\"Sense t\u00edtol\" width=\"250\" height=\"250\" data-ratio=\"1\"\/><\/a><\/figure><div class=\"dp-dfg-header entry-header\"><h2 class=\"entry-title\">Sense t\u00edtol<\/h2><\/div><div class=\"dp-dfg-custom-content\"><p class=\"dp-dfg-custom-field dp-dfg-cf-autors2\"><span class=\"dp-dfg-custom-field-value\">Albert Maria Rosa<\/span><\/p><\/div><\/article><!-- DPDFG End Post Item Container --><article id=\"post-13898\" class=\"dp-dfg-item post-13898 obres_autors type-obres_autors status-publish has-post-thumbnail hentry tipus_tecniques-dibuix tecnica_especifica-impressio-digital autors-pep-claparols-i-moret disciplina-dibuix \"     data-position=\"958\"   data-new-tab=\"off\"   data-action-priority=\"item\"><figure class=\"dp-dfg-image entry-thumb\"><a href=\"https:\/\/www.museuemporda.org\/?obres_autors=sense-titol-288\" class=\"dp-dfg-image-link\" ><img loading=\"lazy\" decoding=\"async\" class=\"dp-dfg-featured-image\" src=\"https:\/\/www.museuemporda.org\/wp-content\/uploads\/2023\/06\/ME2650-PEP98-250x250.jpg\" alt=\"Sense t\u00edtol\" width=\"250\" height=\"250\" data-ratio=\"1\"\/><\/a><\/figure><div class=\"dp-dfg-header entry-header\"><h2 class=\"entry-title\">Sense t\u00edtol<\/h2><\/div><div class=\"dp-dfg-custom-content\"><p class=\"dp-dfg-custom-field dp-dfg-cf-autors2\"><span class=\"dp-dfg-custom-field-value\">Pep Claparols i Moret<\/span><\/p><\/div><\/article><!-- DPDFG End Post Item Container --><article id=\"post-10419\" class=\"dp-dfg-item post-10419 obres_autors type-obres_autors status-publish has-post-thumbnail hentry tipus_tecniques-escultura tecnica_especifica-guix autors-artur-novoa-cabra disciplina-escultura \"     data-position=\"959\"   data-new-tab=\"off\"   data-action-priority=\"item\"><figure class=\"dp-dfg-image entry-thumb\"><a href=\"https:\/\/www.museuemporda.org\/?obres_autors=sense-titol-69\" class=\"dp-dfg-image-link\" ><img loading=\"lazy\" decoding=\"async\" class=\"dp-dfg-featured-image\" src=\"https:\/\/www.museuemporda.org\/wp-content\/uploads\/2022\/01\/mE-1923-250x250.jpg\" alt=\"Sense t\u00edtol\" width=\"250\" height=\"250\" data-ratio=\"1\"\/><\/a><\/figure><div class=\"dp-dfg-header entry-header\"><h2 class=\"entry-title\">Sense t\u00edtol<\/h2><\/div><div class=\"dp-dfg-custom-content\"><p class=\"dp-dfg-custom-field dp-dfg-cf-autors2\"><span class=\"dp-dfg-custom-field-value\">Artur Novoa Cabra<\/span><\/p><\/div><\/article><!-- DPDFG End Post Item Container --><article id=\"post-10755\" class=\"dp-dfg-item post-10755 obres_autors type-obres_autors status-publish has-post-thumbnail hentry tipus_tecniques-pintura tecnica_especifica-aquarella-sobre-paper autors-josep-berga-boix disciplina-pintura \"     data-position=\"960\"   data-new-tab=\"off\"   data-action-priority=\"item\"><figure class=\"dp-dfg-image entry-thumb\"><a href=\"https:\/\/www.museuemporda.org\/?obres_autors=paisatge-dels-volts-dolot\" class=\"dp-dfg-image-link\" ><img loading=\"lazy\" decoding=\"async\" class=\"dp-dfg-featured-image\" src=\"https:\/\/www.museuemporda.org\/wp-content\/uploads\/2022\/02\/mE-1152-250x250.jpg\" alt=\"Paisatge dels volts d&#8217;Olot\" width=\"250\" height=\"250\" data-ratio=\"1\"\/><\/a><\/figure><div class=\"dp-dfg-header entry-header\"><h2 class=\"entry-title\">Paisatge dels volts d&#8217;Olot<\/h2><\/div><div class=\"dp-dfg-custom-content\"><p class=\"dp-dfg-custom-field dp-dfg-cf-autors2\"><span class=\"dp-dfg-custom-field-value\">Josep Berga Boix<\/span><\/p><\/div><\/article><!-- DPDFG End Post Item Container --><article id=\"post-9472\" class=\"dp-dfg-item post-9472 obres_autors type-obres_autors status-publish has-post-thumbnail hentry tipus_tecniques-pintura tecnica_especifica-aquarella-sobre-paper-2 autors-josep-bonaterra-gras disciplina-pintura \"     data-position=\"961\"   data-new-tab=\"off\"   data-action-priority=\"item\"><figure class=\"dp-dfg-image entry-thumb\"><a href=\"https:\/\/www.museuemporda.org\/?obres_autors=paisatge-32\" class=\"dp-dfg-image-link\" ><img loading=\"lazy\" decoding=\"async\" class=\"dp-dfg-featured-image\" src=\"https:\/\/www.museuemporda.org\/wp-content\/uploads\/2022\/01\/mE-1884-250x250.jpg\" alt=\"Paisatge\" width=\"250\" height=\"250\" data-ratio=\"1\"\/><\/a><\/figure><div class=\"dp-dfg-header entry-header\"><h2 class=\"entry-title\">Paisatge<\/h2><\/div><div class=\"dp-dfg-custom-content\"><p class=\"dp-dfg-custom-field dp-dfg-cf-autors2\"><span class=\"dp-dfg-custom-field-value\">Josep Bonaterra Gras<\/span><\/p><\/div><\/article><!-- DPDFG End Post Item Container --><article id=\"post-8945\" class=\"dp-dfg-item post-8945 obres_autors type-obres_autors status-publish has-post-thumbnail hentry tecnica_especifica-aquarella-sobre-paper tecnica_especifica-tinta-sobre-paper autors-antoni-tapies-puig disciplina-pintura \"     data-position=\"962\"   data-new-tab=\"off\"   data-action-priority=\"item\"><figure class=\"dp-dfg-image entry-thumb\"><a href=\"https:\/\/www.museuemporda.org\/?obres_autors=arbre-2\" class=\"dp-dfg-image-link\" ><img loading=\"lazy\" decoding=\"async\" class=\"dp-dfg-featured-image\" src=\"https:\/\/www.museuemporda.org\/wp-content\/uploads\/2021\/11\/mE-717-250x250.jpg\" alt=\"Arbre\" width=\"250\" height=\"250\" data-ratio=\"1\"\/><\/a><\/figure><div class=\"dp-dfg-header entry-header\"><h2 class=\"entry-title\">Arbre<\/h2><\/div><div class=\"dp-dfg-custom-content\"><p class=\"dp-dfg-custom-field dp-dfg-cf-autors2\"><span class=\"dp-dfg-custom-field-value\">Antoni T\u00e0pies Puig<\/span><\/p><\/div><\/article><!-- DPDFG End Post Item Container --><article id=\"post-13670\" class=\"dp-dfg-item post-13670 obres_autors type-obres_autors status-publish has-post-thumbnail hentry tipus_tecniques-obra-grafica tecnica_especifica-paper-impres autors-desconegut disciplina-obra-grafic \"     data-position=\"963\"   data-new-tab=\"off\"   data-action-priority=\"item\"><figure class=\"dp-dfg-image entry-thumb\"><a href=\"https:\/\/www.museuemporda.org\/?obres_autors=masterpieces-of-meissonier\" class=\"dp-dfg-image-link\" ><img loading=\"lazy\" decoding=\"async\" class=\"dp-dfg-featured-image\" src=\"https:\/\/www.museuemporda.org\/wp-content\/uploads\/2023\/06\/mE-2490-250x250.jpg\" alt=\"Masterpieces of Meissonier\" width=\"250\" height=\"250\" data-ratio=\"1\"\/><\/a><\/figure><div class=\"dp-dfg-header entry-header\"><h2 class=\"entry-title\">Masterpieces of Meissonier<\/h2><\/div><div class=\"dp-dfg-custom-content\"><p class=\"dp-dfg-custom-field dp-dfg-cf-autors2\"><span class=\"dp-dfg-custom-field-value\">Desconegut<\/span><\/p><\/div><\/article><!-- DPDFG End Post Item Container --><article id=\"post-13928\" class=\"dp-dfg-item post-13928 obres_autors type-obres_autors status-publish has-post-thumbnail hentry tipus_tecniques-dibuix tecnica_especifica-impressio-digital autors-pep-claparols-i-moret disciplina-dibuix \"     data-position=\"964\"   data-new-tab=\"off\"   data-action-priority=\"item\"><figure class=\"dp-dfg-image entry-thumb\"><a href=\"https:\/\/www.museuemporda.org\/?obres_autors=sense-titol-303\" class=\"dp-dfg-image-link\" ><img loading=\"lazy\" decoding=\"async\" class=\"dp-dfg-featured-image\" src=\"https:\/\/www.museuemporda.org\/wp-content\/uploads\/2023\/06\/ME2665-PEP99-250x250.jpg\" alt=\"Sense t\u00edtol\" width=\"250\" height=\"250\" data-ratio=\"1\"\/><\/a><\/figure><div class=\"dp-dfg-header entry-header\"><h2 class=\"entry-title\">Sense t\u00edtol<\/h2><\/div><div class=\"dp-dfg-custom-content\"><p class=\"dp-dfg-custom-field dp-dfg-cf-autors2\"><span class=\"dp-dfg-custom-field-value\">Pep Claparols i Moret<\/span><\/p><\/div><\/article><!-- DPDFG End Post Item Container --><article id=\"post-5719\" class=\"dp-dfg-item post-5719 obres_autors type-obres_autors status-publish has-post-thumbnail hentry autors-autoria-desconeguda disciplina-arqueologia \"     data-position=\"965\"   data-new-tab=\"off\"   data-action-priority=\"item\"><figure class=\"dp-dfg-image entry-thumb\"><a href=\"https:\/\/www.museuemporda.org\/?obres_autors=pedra-desmolar\" class=\"dp-dfg-image-link\" ><img loading=\"lazy\" decoding=\"async\" class=\"dp-dfg-featured-image\" src=\"https:\/\/www.museuemporda.org\/wp-content\/uploads\/2020\/04\/mE-565_2019-250x250.jpg\" alt=\"Pedra d&#8217;esmolar\" width=\"250\" height=\"250\" data-ratio=\"1\"\/><\/a><\/figure><div class=\"dp-dfg-header entry-header\"><h2 class=\"entry-title\">Pedra d&#8217;esmolar<\/h2><\/div><div class=\"dp-dfg-custom-content\"><p class=\"dp-dfg-custom-field dp-dfg-cf-autors2\"><span class=\"dp-dfg-custom-field-value\">Autoria desconeguda<\/span><\/p><\/div><\/article><!-- DPDFG End Post Item Container --><article id=\"post-10167\" class=\"dp-dfg-item post-10167 obres_autors type-obres_autors status-publish has-post-thumbnail hentry tipus_tecniques-aiguafort tecnica_especifica-aiguafort autors-joan-vila-moncau disciplina-obra-grafic \"     data-position=\"966\"   data-new-tab=\"off\"   data-action-priority=\"item\"><figure class=\"dp-dfg-image entry-thumb\"><a href=\"https:\/\/www.museuemporda.org\/?obres_autors=les-mans\" class=\"dp-dfg-image-link\" ><img loading=\"lazy\" decoding=\"async\" class=\"dp-dfg-featured-image\" src=\"https:\/\/www.museuemporda.org\/wp-content\/uploads\/2022\/01\/mE-1224-250x250.jpg\" alt=\"Les mans\" width=\"250\" height=\"250\" data-ratio=\"1\"\/><\/a><\/figure><div class=\"dp-dfg-header entry-header\"><h2 class=\"entry-title\">Les mans<\/h2><\/div><div class=\"dp-dfg-custom-content\"><p class=\"dp-dfg-custom-field dp-dfg-cf-autors2\"><span class=\"dp-dfg-custom-field-value\">Joan Vil\u00e0 Moncau<\/span><\/p><\/div><\/article><!-- DPDFG End Post Item Container --><article id=\"post-11510\" class=\"dp-dfg-item post-11510 obres_autors type-obres_autors status-publish has-post-thumbnail hentry tipus_tecniques-dibuix tecnica_especifica-dibuix-sobre-paper autors-gilbert-kirszbaum disciplina-dibuix \"     data-position=\"967\"   data-new-tab=\"off\"   data-action-priority=\"item\"><figure class=\"dp-dfg-image entry-thumb\"><a href=\"https:\/\/www.museuemporda.org\/?obres_autors=de-la-femeuse-aventure-de-la-barque-enchantee\" class=\"dp-dfg-image-link\" ><img loading=\"lazy\" decoding=\"async\" class=\"dp-dfg-featured-image\" src=\"https:\/\/www.museuemporda.org\/wp-content\/uploads\/2022\/02\/mE-2429-250x250.jpg\" alt=\"De la femeuse aventure de la barque enchant\u00e9e\" width=\"250\" height=\"250\" data-ratio=\"1\"\/><\/a><\/figure><div class=\"dp-dfg-header entry-header\"><h2 class=\"entry-title\">De la femeuse aventure de la barque enchant\u00e9e<\/h2><\/div><div class=\"dp-dfg-custom-content\"><p class=\"dp-dfg-custom-field dp-dfg-cf-autors2\"><span class=\"dp-dfg-custom-field-value\">Gilbert Kirszbaum<\/span><\/p><\/div><\/article><!-- DPDFG End Post Item Container --><article id=\"post-14211\" class=\"dp-dfg-item post-14211 obres_autors type-obres_autors status-publish has-post-thumbnail hentry tipus_tecniques-obra-grafica tecnica_especifica-impressio-digital autors-joan-antoni-poch disciplina-obra-grafic \"     data-position=\"968\"   data-new-tab=\"off\"   data-action-priority=\"item\"><figure class=\"dp-dfg-image entry-thumb\"><a href=\"https:\/\/www.museuemporda.org\/?obres_autors=sense-titol-431\" class=\"dp-dfg-image-link\" ><img loading=\"lazy\" decoding=\"async\" class=\"dp-dfg-featured-image\" src=\"https:\/\/www.museuemporda.org\/wp-content\/uploads\/2023\/07\/ME2816-JAP-250x250.jpg\" alt=\"Sense t\u00edtol\" width=\"250\" height=\"250\" data-ratio=\"1\"\/><\/a><\/figure><div class=\"dp-dfg-header entry-header\"><h2 class=\"entry-title\">Sense t\u00edtol<\/h2><\/div><div class=\"dp-dfg-custom-content\"><p class=\"dp-dfg-custom-field dp-dfg-cf-autors2\"><span class=\"dp-dfg-custom-field-value\">Joan Antoni Poch<\/span><\/p><\/div><\/article><!-- DPDFG End Post Item Container --><article id=\"post-5982\" class=\"dp-dfg-item post-5982 obres_autors type-obres_autors status-publish has-post-thumbnail hentry tecnica_especifica-oli-sobre-tela autors-fernando-san-martin-felez disciplina-pintura \"     data-position=\"969\"   data-new-tab=\"off\"   data-action-priority=\"item\"><figure class=\"dp-dfg-image entry-thumb\"><a href=\"https:\/\/www.museuemporda.org\/?obres_autors=partida-descacs\" class=\"dp-dfg-image-link\" ><img loading=\"lazy\" decoding=\"async\" class=\"dp-dfg-featured-image\" src=\"https:\/\/www.museuemporda.org\/wp-content\/uploads\/2020\/04\/mE-769-250x250.jpg\" alt=\"La guerra de les gal\u00e0xies\" width=\"250\" height=\"250\" data-ratio=\"1\"\/><\/a><\/figure><div class=\"dp-dfg-header entry-header\"><h2 class=\"entry-title\">La guerra de les gal\u00e0xies<\/h2><\/div><div class=\"dp-dfg-custom-content\"><p class=\"dp-dfg-custom-field dp-dfg-cf-autors2\"><span class=\"dp-dfg-custom-field-value\">Fernando San Mart\u00edn F\u00e9lez<\/span><\/p><\/div><\/article><!-- DPDFG End Post Item Container --><article id=\"post-5722\" class=\"dp-dfg-item post-5722 obres_autors type-obres_autors status-publish has-post-thumbnail hentry tecnica_especifica-talla-de-fusta-policromada autors-autoria-desconeguda \"     data-position=\"970\"   data-new-tab=\"off\"   data-action-priority=\"item\"><figure class=\"dp-dfg-image entry-thumb\"><a href=\"https:\/\/www.museuemporda.org\/?obres_autors=talla-de-sant-joan-baptista\" class=\"dp-dfg-image-link\" ><img loading=\"lazy\" decoding=\"async\" class=\"dp-dfg-featured-image\" src=\"https:\/\/www.museuemporda.org\/wp-content\/uploads\/2020\/04\/mE-416_1_2019-250x250.jpg\" alt=\"Sant Joan Baptista\" width=\"250\" height=\"250\" data-ratio=\"1\"\/><\/a><\/figure><div class=\"dp-dfg-header entry-header\"><h2 class=\"entry-title\">Sant Joan Baptista<\/h2><\/div><div class=\"dp-dfg-custom-content\"><p class=\"dp-dfg-custom-field dp-dfg-cf-autors2\"><span class=\"dp-dfg-custom-field-value\">Autoria desconeguda<\/span><\/p><\/div><\/article><!-- DPDFG End Post Item Container --><article id=\"post-14418\" class=\"dp-dfg-item post-14418 obres_autors type-obres_autors status-publish has-post-thumbnail hentry tipus_tecniques-pintura tecnica_especifica-oli-sobre-fusta autors-rosa-cervera-giralt disciplina-pintura \"     data-position=\"971\"   data-new-tab=\"off\"   data-action-priority=\"item\"><figure class=\"dp-dfg-image entry-thumb\"><a href=\"https:\/\/www.museuemporda.org\/?obres_autors=paisaje-en-gris\" class=\"dp-dfg-image-link\" ><img loading=\"lazy\" decoding=\"async\" class=\"dp-dfg-featured-image\" src=\"https:\/\/www.museuemporda.org\/wp-content\/uploads\/2023\/07\/JPH5123-250x250.jpg\" alt=\"Paisaje en gris\" width=\"250\" height=\"250\" data-ratio=\"1\"\/><\/a><\/figure><div class=\"dp-dfg-header entry-header\"><h2 class=\"entry-title\">Paisaje en gris<\/h2><\/div><div class=\"dp-dfg-custom-content\"><p class=\"dp-dfg-custom-field dp-dfg-cf-autors2\"><span class=\"dp-dfg-custom-field-value\">Rosa Cervera Giralt<\/span><\/p><\/div><\/article><!-- DPDFG End Post Item Container --><article id=\"post-5866\" class=\"dp-dfg-item post-5866 obres_autors type-obres_autors status-publish has-post-thumbnail hentry autors-josep-berga-boada disciplina-dibuix \"     data-position=\"972\"   data-new-tab=\"off\"   data-action-priority=\"item\"><figure class=\"dp-dfg-image entry-thumb\"><a href=\"https:\/\/www.museuemporda.org\/?obres_autors=retrat\" class=\"dp-dfg-image-link\" ><img loading=\"lazy\" decoding=\"async\" class=\"dp-dfg-featured-image\" src=\"https:\/\/www.museuemporda.org\/wp-content\/uploads\/2020\/10\/mE-1493-250x250.jpg\" alt=\"Retrat\" width=\"250\" height=\"250\" data-ratio=\"1\"\/><\/a><\/figure><div class=\"dp-dfg-header entry-header\"><h2 class=\"entry-title\">Retrat<\/h2><\/div><div class=\"dp-dfg-custom-content\"><p class=\"dp-dfg-custom-field dp-dfg-cf-autors2\"><span class=\"dp-dfg-custom-field-value\">Josep Berga Boada<\/span><\/p><\/div><\/article><!-- DPDFG End Post Item Container --><article id=\"post-8385\" class=\"dp-dfg-item post-8385 obres_autors type-obres_autors status-publish has-post-thumbnail hentry tecnica_especifica-litografia autors-maria-baig-minobis disciplina-obra-grafic \"     data-position=\"973\"   data-new-tab=\"off\"   data-action-priority=\"item\"><figure class=\"dp-dfg-image entry-thumb\"><a href=\"https:\/\/www.museuemporda.org\/?obres_autors=el-parc-bosc-de-figueres\" class=\"dp-dfg-image-link\" ><img loading=\"lazy\" decoding=\"async\" class=\"dp-dfg-featured-image\" src=\"https:\/\/www.museuemporda.org\/wp-content\/uploads\/2021\/08\/mE-1867-250x250.jpg\" alt=\"El Parc Bosc de Figueres\" width=\"250\" height=\"250\" data-ratio=\"1\"\/><\/a><\/figure><div class=\"dp-dfg-header entry-header\"><h2 class=\"entry-title\">El Parc Bosc de Figueres<\/h2><\/div><div class=\"dp-dfg-custom-content\"><p class=\"dp-dfg-custom-field dp-dfg-cf-autors2\"><span class=\"dp-dfg-custom-field-value\">Mari\u00e0 Baig Minobis<\/span><\/p><\/div><\/article><!-- DPDFG End Post Item Container --><article id=\"post-5802\" class=\"dp-dfg-item post-5802 obres_autors type-obres_autors status-publish has-post-thumbnail hentry tecnica_especifica-oli-sobre-fusta autors-tomas-padro-pedret disciplina-pintura \"     data-position=\"974\"   data-new-tab=\"off\"   data-action-priority=\"item\"><figure class=\"dp-dfg-image entry-thumb\"><a href=\"https:\/\/www.museuemporda.org\/?obres_autors=pages\" class=\"dp-dfg-image-link\" ><img loading=\"lazy\" decoding=\"async\" class=\"dp-dfg-featured-image\" src=\"https:\/\/www.museuemporda.org\/wp-content\/uploads\/2020\/04\/mE-1182-250x250.jpg\" alt=\"Pag\u00e8s\" width=\"250\" height=\"250\" data-ratio=\"1\"\/><\/a><\/figure><div class=\"dp-dfg-header entry-header\"><h2 class=\"entry-title\">Pag\u00e8s<\/h2><\/div><div class=\"dp-dfg-custom-content\"><p class=\"dp-dfg-custom-field dp-dfg-cf-autors2\"><span class=\"dp-dfg-custom-field-value\">Joan Carles Pany\u00f3<\/span><\/p><\/div><\/article><!-- DPDFG End Post Item Container --><article id=\"post-14613\" class=\"dp-dfg-item post-14613 obres_autors type-obres_autors status-publish has-post-thumbnail hentry tipus_tecniques-obra-grafica tecnica_especifica-impressio-digital autors-joan-antoni-poch disciplina-obra-grafic \"     data-position=\"975\"   data-new-tab=\"off\"   data-action-priority=\"item\"><figure class=\"dp-dfg-image entry-thumb\"><a href=\"https:\/\/www.museuemporda.org\/?obres_autors=sense-titol-539\" class=\"dp-dfg-image-link\" ><img loading=\"lazy\" decoding=\"async\" class=\"dp-dfg-featured-image\" src=\"https:\/\/www.museuemporda.org\/wp-content\/uploads\/2023\/07\/ME2784-JAP-250x250.jpg\" alt=\"Sense t\u00edtol\" width=\"250\" height=\"250\" data-ratio=\"1\"\/><\/a><\/figure><div class=\"dp-dfg-header entry-header\"><h2 class=\"entry-title\">Sense t\u00edtol<\/h2><\/div><div class=\"dp-dfg-custom-content\"><p class=\"dp-dfg-custom-field dp-dfg-cf-autors2\"><span class=\"dp-dfg-custom-field-value\">Joan Antoni Poch<\/span><\/p><\/div><\/article><!-- DPDFG End Post Item Container --><article id=\"post-8692\" class=\"dp-dfg-item post-8692 obres_autors type-obres_autors status-publish has-post-thumbnail hentry autors-autoria-desconeguda disciplina-arqueologia \"     data-position=\"976\"   data-new-tab=\"off\"   data-action-priority=\"item\"><figure class=\"dp-dfg-image entry-thumb\"><a href=\"https:\/\/www.museuemporda.org\/?obres_autors=moneda-as-3\" class=\"dp-dfg-image-link\" ><img loading=\"lazy\" decoding=\"async\" class=\"dp-dfg-featured-image\" src=\"https:\/\/www.museuemporda.org\/wp-content\/uploads\/2021\/10\/mE-452-250x250.jpg\" alt=\"Moneda (as)\" width=\"250\" height=\"250\" data-ratio=\"1\"\/><\/a><\/figure><div class=\"dp-dfg-header entry-header\"><h2 class=\"entry-title\">Moneda (as)<\/h2><\/div><div class=\"dp-dfg-custom-content\"><p class=\"dp-dfg-custom-field dp-dfg-cf-autors2\"><span class=\"dp-dfg-custom-field-value\">Autoria desconeguda<\/span><\/p><\/div><\/article><!-- DPDFG End Post Item Container --><article id=\"post-13976\" class=\"dp-dfg-item post-13976 obres_autors type-obres_autors status-publish has-post-thumbnail hentry tipus_tecniques-dibuix tecnica_especifica-impressio-digital autors-pep-claparols-i-moret disciplina-dibuix \"     data-position=\"977\"   data-new-tab=\"off\"   data-action-priority=\"item\"><figure class=\"dp-dfg-image entry-thumb\"><a href=\"https:\/\/www.museuemporda.org\/?obres_autors=sense-titol-325\" class=\"dp-dfg-image-link\" ><img loading=\"lazy\" decoding=\"async\" class=\"dp-dfg-featured-image\" src=\"https:\/\/www.museuemporda.org\/wp-content\/uploads\/2023\/06\/ME2687-PEP2000-250x250.jpg\" alt=\"Sense t\u00edtol\" width=\"250\" height=\"250\" data-ratio=\"1\"\/><\/a><\/figure><div class=\"dp-dfg-header entry-header\"><h2 class=\"entry-title\">Sense t\u00edtol<\/h2><\/div><div class=\"dp-dfg-custom-content\"><p class=\"dp-dfg-custom-field dp-dfg-cf-autors2\"><span class=\"dp-dfg-custom-field-value\">Pep Claparols i Moret<\/span><\/p><\/div><\/article><!-- DPDFG End Post Item Container --><article id=\"post-13701\" class=\"dp-dfg-item post-13701 obres_autors type-obres_autors status-publish has-post-thumbnail hentry tipus_tecniques-pintura tecnica_especifica-oli-sobre-tela autors-jordi-mitja disciplina-pintura \"     data-position=\"978\"   data-new-tab=\"off\"   data-action-priority=\"item\"><figure class=\"dp-dfg-image entry-thumb\"><a href=\"https:\/\/www.museuemporda.org\/?obres_autors=espectre-ultim-intent\" class=\"dp-dfg-image-link\" ><img loading=\"lazy\" decoding=\"async\" class=\"dp-dfg-featured-image\" src=\"https:\/\/www.museuemporda.org\/wp-content\/uploads\/2023\/06\/ME-2559-250x250.jpg\" alt=\"Espectre, \u00faltim intent\" width=\"250\" height=\"250\" data-ratio=\"1\"\/><\/a><\/figure><div class=\"dp-dfg-header entry-header\"><h2 class=\"entry-title\">Espectre, \u00faltim intent<\/h2><\/div><div class=\"dp-dfg-custom-content\"><p class=\"dp-dfg-custom-field dp-dfg-cf-autors2\"><span class=\"dp-dfg-custom-field-value\">Jordi Mitj\u00e0<\/span><\/p><\/div><\/article><!-- DPDFG End Post Item Container --><article id=\"post-14347\" class=\"dp-dfg-item post-14347 obres_autors type-obres_autors status-publish has-post-thumbnail hentry tipus_tecniques-dibuix tecnica_especifica-impressio-digital autors-eneko-las-heras disciplina-dibuix \"     data-position=\"979\"   data-new-tab=\"off\"   data-action-priority=\"item\"><figure class=\"dp-dfg-image entry-thumb\"><a href=\"https:\/\/www.museuemporda.org\/?obres_autors=sense-titol-495\" class=\"dp-dfg-image-link\" ><img loading=\"lazy\" decoding=\"async\" class=\"dp-dfg-featured-image\" src=\"https:\/\/www.museuemporda.org\/wp-content\/uploads\/2023\/07\/ME2881-ENEKO-250x250.jpg\" alt=\"Sense t\u00edtol\" width=\"250\" height=\"250\" data-ratio=\"1\"\/><\/a><\/figure><div class=\"dp-dfg-header entry-header\"><h2 class=\"entry-title\">Sense t\u00edtol<\/h2><\/div><div class=\"dp-dfg-custom-content\"><p class=\"dp-dfg-custom-field dp-dfg-cf-autors2\"><span class=\"dp-dfg-custom-field-value\">Eneko las Heras <\/span><\/p><\/div><\/article><!-- DPDFG End Post Item Container --><article id=\"post-13824\" class=\"dp-dfg-item post-13824 obres_autors type-obres_autors status-publish has-post-thumbnail hentry tipus_tecniques-dibuix tecnica_especifica-tinta-sobre-paper autors-lluis-puigbert disciplina-dibuix \"     data-position=\"980\"   data-new-tab=\"off\"   data-action-priority=\"item\"><figure class=\"dp-dfg-image entry-thumb\"><a href=\"https:\/\/www.museuemporda.org\/?obres_autors=sense-titol-256\" class=\"dp-dfg-image-link\" ><img loading=\"lazy\" decoding=\"async\" class=\"dp-dfg-featured-image\" src=\"https:\/\/www.museuemporda.org\/wp-content\/uploads\/2023\/06\/ME2618-SID05-250x250.jpg\" alt=\"Sense t\u00edtol\" width=\"250\" height=\"250\" data-ratio=\"1\"\/><\/a><\/figure><div class=\"dp-dfg-header entry-header\"><h2 class=\"entry-title\">Sense t\u00edtol<\/h2><\/div><div class=\"dp-dfg-custom-content\"><p class=\"dp-dfg-custom-field dp-dfg-cf-autors2\"><span class=\"dp-dfg-custom-field-value\">Llu\u00eds Puigbert<\/span><\/p><\/div><\/article><!-- DPDFG End Post Item Container --><article id=\"post-10478\" class=\"dp-dfg-item post-10478 obres_autors type-obres_autors status-publish has-post-thumbnail hentry tipus_tecniques-pintura tecnica_especifica-aiguada-sobre-paper autors-josep-maria-martinez-lozano disciplina-pintura \"     data-position=\"981\"   data-new-tab=\"off\"   data-action-priority=\"item\"><figure class=\"dp-dfg-image entry-thumb\"><a href=\"https:\/\/www.museuemporda.org\/?obres_autors=paisatge-urba-6\" class=\"dp-dfg-image-link\" ><img loading=\"lazy\" decoding=\"async\" class=\"dp-dfg-featured-image\" src=\"https:\/\/www.museuemporda.org\/wp-content\/uploads\/2022\/01\/mE-2314-250x250.jpg\" alt=\"Paisatge urb\u00e0\" width=\"250\" height=\"250\" data-ratio=\"1\"\/><\/a><\/figure><div class=\"dp-dfg-header entry-header\"><h2 class=\"entry-title\">Paisatge urb\u00e0<\/h2><\/div><div class=\"dp-dfg-custom-content\"><p class=\"dp-dfg-custom-field dp-dfg-cf-autors2\"><span class=\"dp-dfg-custom-field-value\">Josep Maria Mart\u00ednez Lozano<\/span><\/p><\/div><\/article><!-- DPDFG End Post Item Container --><article id=\"post-14407\" class=\"dp-dfg-item post-14407 obres_autors type-obres_autors status-publish has-post-thumbnail hentry tipus_tecniques-pintura tecnica_especifica-oli-sobre-tela autors-rosa-genis-perramon disciplina-pintura \"     data-position=\"982\"   data-new-tab=\"off\"   data-action-priority=\"item\"><figure class=\"dp-dfg-image entry-thumb\"><a href=\"https:\/\/www.museuemporda.org\/?obres_autors=sense-titol-519\" class=\"dp-dfg-image-link\" ><img loading=\"lazy\" decoding=\"async\" class=\"dp-dfg-featured-image\" src=\"https:\/\/www.museuemporda.org\/wp-content\/uploads\/2023\/07\/ME2910-250x250.jpg\" alt=\"Sense t\u00edtol\" width=\"250\" height=\"250\" data-ratio=\"1\"\/><\/a><\/figure><div class=\"dp-dfg-header entry-header\"><h2 class=\"entry-title\">Sense t\u00edtol<\/h2><\/div><div class=\"dp-dfg-custom-content\"><p class=\"dp-dfg-custom-field dp-dfg-cf-autors2\"><span class=\"dp-dfg-custom-field-value\">Rosa Gen\u00eds Perramon<\/span><\/p><\/div><\/article><!-- DPDFG End Post Item Container --><article id=\"post-8157\" class=\"dp-dfg-item post-8157 obres_autors type-obres_autors status-publish has-post-thumbnail hentry tecnica_especifica-oli-sobre-fusta autors-autoria-desconeguda disciplina-pintura \"     data-position=\"983\"   data-new-tab=\"off\"   data-action-priority=\"item\"><figure class=\"dp-dfg-image entry-thumb\"><a href=\"https:\/\/www.museuemporda.org\/?obres_autors=combat-naval\" class=\"dp-dfg-image-link\" ><img loading=\"lazy\" decoding=\"async\" class=\"dp-dfg-featured-image\" src=\"https:\/\/www.museuemporda.org\/wp-content\/uploads\/2021\/08\/mE-624-250x250.jpg\" alt=\"Combat naval\" width=\"250\" height=\"250\" data-ratio=\"1\"\/><\/a><\/figure><div class=\"dp-dfg-header entry-header\"><h2 class=\"entry-title\">Combat naval<\/h2><\/div><div class=\"dp-dfg-custom-content\"><p class=\"dp-dfg-custom-field dp-dfg-cf-autors2\"><span class=\"dp-dfg-custom-field-value\">Autoria desconeguda<\/span><\/p><\/div><\/article><!-- DPDFG End Post Item Container --><article id=\"post-8188\" class=\"dp-dfg-item post-8188 obres_autors type-obres_autors status-publish has-post-thumbnail hentry tecnica_especifica-llapis-carbo-sobre-paper autors-francesc-domingo-segura disciplina-dibuix \"     data-position=\"984\"   data-new-tab=\"off\"   data-action-priority=\"item\"><figure class=\"dp-dfg-image entry-thumb\"><a href=\"https:\/\/www.museuemporda.org\/?obres_autors=nena\" class=\"dp-dfg-image-link\" ><img loading=\"lazy\" decoding=\"async\" class=\"dp-dfg-featured-image\" src=\"https:\/\/www.museuemporda.org\/wp-content\/uploads\/2021\/08\/mE-1161-250x250.jpg\" alt=\"Nena\" width=\"250\" height=\"250\" data-ratio=\"1\"\/><\/a><\/figure><div class=\"dp-dfg-header entry-header\"><h2 class=\"entry-title\">Nena<\/h2><\/div><div class=\"dp-dfg-custom-content\"><p class=\"dp-dfg-custom-field dp-dfg-cf-autors2\"><span class=\"dp-dfg-custom-field-value\">Francesc Domingo Segura<\/span><\/p><\/div><\/article><!-- DPDFG End Post Item Container --><article id=\"post-12005\" class=\"dp-dfg-item post-12005 obres_autors type-obres_autors status-publish has-post-thumbnail hentry tipus_tecniques-obra-grafica tecnica_especifica-gravat autors-eugeni-torrens disciplina-obra-grafic \"     data-position=\"985\"   data-new-tab=\"off\"   data-action-priority=\"item\"><figure class=\"dp-dfg-image entry-thumb\"><a href=\"https:\/\/www.museuemporda.org\/?obres_autors=representacio-no-figurativa-5\" class=\"dp-dfg-image-link\" ><img loading=\"lazy\" decoding=\"async\" class=\"dp-dfg-featured-image\" src=\"https:\/\/www.museuemporda.org\/wp-content\/uploads\/2022\/02\/mE-1491-250x250.jpg\" alt=\"Representaci\u00f3 no figurativa\" width=\"250\" height=\"250\" data-ratio=\"1\"\/><\/a><\/figure><div class=\"dp-dfg-header entry-header\"><h2 class=\"entry-title\">Representaci\u00f3 no figurativa<\/h2><\/div><div class=\"dp-dfg-custom-content\"><p class=\"dp-dfg-custom-field dp-dfg-cf-autors2\"><span class=\"dp-dfg-custom-field-value\">Eugeni Torrens <\/span><\/p><\/div><\/article><!-- DPDFG End Post Item Container --><article id=\"post-13936\" class=\"dp-dfg-item post-13936 obres_autors type-obres_autors status-publish has-post-thumbnail hentry tipus_tecniques-dibuix tecnica_especifica-impressio-digital autors-pep-claparols-i-moret disciplina-dibuix \"     data-position=\"986\"   data-new-tab=\"off\"   data-action-priority=\"item\"><figure class=\"dp-dfg-image entry-thumb\"><a href=\"https:\/\/www.museuemporda.org\/?obres_autors=sense-titol-307\" class=\"dp-dfg-image-link\" ><img loading=\"lazy\" decoding=\"async\" class=\"dp-dfg-featured-image\" src=\"https:\/\/www.museuemporda.org\/wp-content\/uploads\/2023\/06\/ME2669-PEP99-250x250.jpg\" alt=\"Sense t\u00edtol\" width=\"250\" height=\"250\" data-ratio=\"1\"\/><\/a><\/figure><div class=\"dp-dfg-header entry-header\"><h2 class=\"entry-title\">Sense t\u00edtol<\/h2><\/div><div class=\"dp-dfg-custom-content\"><p class=\"dp-dfg-custom-field dp-dfg-cf-autors2\"><span class=\"dp-dfg-custom-field-value\">Pep Claparols i Moret<\/span><\/p><\/div><\/article><!-- DPDFG End Post Item Container --><article id=\"post-11229\" class=\"dp-dfg-item post-11229 obres_autors type-obres_autors status-publish has-post-thumbnail hentry tipus_tecniques-pintura tecnica_especifica-oli-sobre-tela autors-josep-coll-bardolet disciplina-pintura \"     data-position=\"987\"   data-new-tab=\"off\"   data-action-priority=\"item\"><figure class=\"dp-dfg-image entry-thumb\"><a href=\"https:\/\/www.museuemporda.org\/?obres_autors=paisatge-71\" class=\"dp-dfg-image-link\" ><img loading=\"lazy\" decoding=\"async\" class=\"dp-dfg-featured-image\" src=\"https:\/\/www.museuemporda.org\/wp-content\/uploads\/2022\/02\/mE-1401-250x250.jpg\" alt=\"Paisatge\" width=\"250\" height=\"250\" data-ratio=\"1\"\/><\/a><\/figure><div class=\"dp-dfg-header entry-header\"><h2 class=\"entry-title\">Paisatge<\/h2><\/div><div class=\"dp-dfg-custom-content\"><p class=\"dp-dfg-custom-field dp-dfg-cf-autors2\"><span class=\"dp-dfg-custom-field-value\">Josep Coll Bardolet<\/span><\/p><\/div><\/article><!-- DPDFG End Post Item Container --><article id=\"post-13681\" class=\"dp-dfg-item post-13681 obres_autors type-obres_autors status-publish has-post-thumbnail hentry tipus_tecniques-fotografia tecnica_especifica-fotografia autors-paloma-orts-pascual disciplina-fotografia \"     data-position=\"988\"   data-new-tab=\"off\"   data-action-priority=\"item\"><figure class=\"dp-dfg-image entry-thumb\"><a href=\"https:\/\/www.museuemporda.org\/?obres_autors=responem-juntes\" class=\"dp-dfg-image-link\" ><img loading=\"lazy\" decoding=\"async\" class=\"dp-dfg-featured-image\" src=\"https:\/\/www.museuemporda.org\/wp-content\/uploads\/2023\/06\/mE-2499-250x250.jpg\" alt=\"Responem juntes\" width=\"250\" height=\"250\" data-ratio=\"1\"\/><\/a><\/figure><div class=\"dp-dfg-header entry-header\"><h2 class=\"entry-title\">Responem juntes<\/h2><\/div><div class=\"dp-dfg-custom-content\"><p class=\"dp-dfg-custom-field dp-dfg-cf-autors2\"><span class=\"dp-dfg-custom-field-value\">Paloma Orts Pascual<\/span><\/p><\/div><\/article><!-- DPDFG End Post Item Container --><article id=\"post-5794\" class=\"dp-dfg-item post-5794 obres_autors type-obres_autors status-publish has-post-thumbnail hentry tecnica_especifica-aquarella-sobre-paper autors-agusti-rigalt-cortiella disciplina-pintura \"     data-position=\"989\"   data-new-tab=\"off\"   data-action-priority=\"item\"><figure class=\"dp-dfg-image entry-thumb\"><a href=\"https:\/\/www.museuemporda.org\/?obres_autors=raco-de-lhort\" class=\"dp-dfg-image-link\" ><img loading=\"lazy\" decoding=\"async\" class=\"dp-dfg-featured-image\" src=\"https:\/\/www.museuemporda.org\/wp-content\/uploads\/2020\/04\/mE-798-250x250.jpg\" alt=\"Rac\u00f3 de l&#8217;hort\" width=\"250\" height=\"250\" data-ratio=\"1\"\/><\/a><\/figure><div class=\"dp-dfg-header entry-header\"><h2 class=\"entry-title\">Rac\u00f3 de l&#8217;hort<\/h2><\/div><div class=\"dp-dfg-custom-content\"><p class=\"dp-dfg-custom-field dp-dfg-cf-autors2\"><span class=\"dp-dfg-custom-field-value\">Agust\u00ed Rigalt Cortiella<\/span><\/p><\/div><\/article><!-- DPDFG End Post Item Container --><article id=\"post-14335\" class=\"dp-dfg-item post-14335 obres_autors type-obres_autors status-publish has-post-thumbnail hentry tipus_tecniques-dibuix tecnica_especifica-impressio-digital autors-jordi-fenosa-tatay disciplina-dibuix \"     data-position=\"990\"   data-new-tab=\"off\"   data-action-priority=\"item\"><figure class=\"dp-dfg-image entry-thumb\"><a href=\"https:\/\/www.museuemporda.org\/?obres_autors=sense-titol-489\" class=\"dp-dfg-image-link\" ><img loading=\"lazy\" decoding=\"async\" class=\"dp-dfg-featured-image\" src=\"https:\/\/www.museuemporda.org\/wp-content\/uploads\/2023\/07\/ME2875-TATAY-250x250.jpg\" alt=\"Sense t\u00edtol\" width=\"250\" height=\"250\" data-ratio=\"1\"\/><\/a><\/figure><div class=\"dp-dfg-header entry-header\"><h2 class=\"entry-title\">Sense t\u00edtol<\/h2><\/div><div class=\"dp-dfg-custom-content\"><p class=\"dp-dfg-custom-field dp-dfg-cf-autors2\"><span class=\"dp-dfg-custom-field-value\">Jordi Fenosa Tatay<\/span><\/p><\/div><\/article><!-- DPDFG End Post Item Container --><article id=\"post-5763\" class=\"dp-dfg-item post-5763 obres_autors type-obres_autors status-publish has-post-thumbnail hentry tecnica_especifica-oli-sobre-tela autors-jose-de-ribera-atribuit disciplina-pintura \"     data-position=\"991\"   data-new-tab=\"off\"   data-action-priority=\"item\"><figure class=\"dp-dfg-image entry-thumb\"><a href=\"https:\/\/www.museuemporda.org\/?obres_autors=sant-joan-evangelista-a-patmos\" class=\"dp-dfg-image-link\" ><img loading=\"lazy\" decoding=\"async\" class=\"dp-dfg-featured-image\" src=\"https:\/\/www.museuemporda.org\/wp-content\/uploads\/2020\/04\/San-Juan-Evangelista-en-Patmos-250x250.jpg\" alt=\"Sant Joan Evangelista a Patmos\" width=\"250\" height=\"250\" data-ratio=\"1\"\/><\/a><\/figure><div class=\"dp-dfg-header entry-header\"><h2 class=\"entry-title\">Sant Joan Evangelista a Patmos<\/h2><\/div><div class=\"dp-dfg-custom-content\"><p class=\"dp-dfg-custom-field dp-dfg-cf-autors2\"><span class=\"dp-dfg-custom-field-value\">Jos\u00e9 de Ribera [atribu\u00eft]<\/span><\/p><\/div><\/article><!-- DPDFG End Post Item Container --><article id=\"post-11158\" class=\"dp-dfg-item post-11158 obres_autors type-obres_autors status-publish has-post-thumbnail hentry tipus_tecniques-dibuix tecnica_especifica-dibuix-sobre-paper autors-pedro-cairo disciplina-dibuix \"     data-position=\"992\"   data-new-tab=\"off\"   data-action-priority=\"item\"><figure class=\"dp-dfg-image entry-thumb\"><a href=\"https:\/\/www.museuemporda.org\/?obres_autors=sense-titol-111\" class=\"dp-dfg-image-link\" ><img loading=\"lazy\" decoding=\"async\" class=\"dp-dfg-featured-image\" src=\"https:\/\/www.museuemporda.org\/wp-content\/uploads\/2022\/02\/mE-2012-250x250.jpg\" alt=\"Sense t\u00edtol\" width=\"250\" height=\"250\" data-ratio=\"1\"\/><\/a><\/figure><div class=\"dp-dfg-header entry-header\"><h2 class=\"entry-title\">Sense t\u00edtol<\/h2><\/div><div class=\"dp-dfg-custom-content\"><p class=\"dp-dfg-custom-field dp-dfg-cf-autors2\"><span class=\"dp-dfg-custom-field-value\">Pedro Cair\u00f3<\/span><\/p><\/div><\/article><!-- DPDFG End Post Item Container --><article id=\"post-9671\" class=\"dp-dfg-item post-9671 obres_autors type-obres_autors status-publish has-post-thumbnail hentry tipus_tecniques-fotografia tecnica_especifica-fotografia autors-josep-maria-canellas disciplina-fotografia \"     data-position=\"993\"   data-new-tab=\"off\"   data-action-priority=\"item\"><figure class=\"dp-dfg-image entry-thumb\"><a href=\"https:\/\/www.museuemporda.org\/?obres_autors=bouquinistes-al-sena\" class=\"dp-dfg-image-link\" ><img loading=\"lazy\" decoding=\"async\" class=\"dp-dfg-featured-image\" src=\"https:\/\/www.museuemporda.org\/wp-content\/uploads\/2022\/01\/mE-1889-250x250.jpg\" alt=\"Bouquinistes al Sena\" width=\"250\" height=\"250\" data-ratio=\"1\"\/><\/a><\/figure><div class=\"dp-dfg-header entry-header\"><h2 class=\"entry-title\">Bouquinistes al Sena<\/h2><\/div><div class=\"dp-dfg-custom-content\"><p class=\"dp-dfg-custom-field dp-dfg-cf-autors2\"><span class=\"dp-dfg-custom-field-value\">Josep Maria Ca\u00f1ellas<\/span><\/p><\/div><\/article><!-- DPDFG End Post Item Container --><article id=\"post-12040\" class=\"dp-dfg-item post-12040 obres_autors type-obres_autors status-publish has-post-thumbnail hentry tipus_tecniques-pintura tecnica_especifica-tecnica-mixta-sobre-tela autors-salvador-valente disciplina-pintura \"     data-position=\"994\"   data-new-tab=\"off\"   data-action-priority=\"item\"><figure class=\"dp-dfg-image entry-thumb\"><a href=\"https:\/\/www.museuemporda.org\/?obres_autors=paisatge-rocos\" class=\"dp-dfg-image-link\" ><img loading=\"lazy\" decoding=\"async\" class=\"dp-dfg-featured-image\" src=\"https:\/\/www.museuemporda.org\/wp-content\/uploads\/2022\/02\/mE-1400-250x250.jpg\" alt=\"Paisatge roc\u00f3s\" width=\"250\" height=\"250\" data-ratio=\"1\"\/><\/a><\/figure><div class=\"dp-dfg-header entry-header\"><h2 class=\"entry-title\">Paisatge roc\u00f3s<\/h2><\/div><div class=\"dp-dfg-custom-content\"><p class=\"dp-dfg-custom-field dp-dfg-cf-autors2\"><span class=\"dp-dfg-custom-field-value\">Salvador Valente<\/span><\/p><\/div><\/article><!-- DPDFG End Post Item Container --><article id=\"post-9028\" class=\"dp-dfg-item post-9028 obres_autors type-obres_autors status-publish has-post-thumbnail hentry tipus_tecniques-resina autors-guillem-duran-i-suner disciplina-escultura \"     data-position=\"995\"   data-new-tab=\"off\"   data-action-priority=\"item\"><figure class=\"dp-dfg-image entry-thumb\"><a href=\"https:\/\/www.museuemporda.org\/?obres_autors=escultura\" class=\"dp-dfg-image-link\" ><img loading=\"lazy\" decoding=\"async\" class=\"dp-dfg-featured-image\" src=\"https:\/\/www.museuemporda.org\/wp-content\/uploads\/2021\/11\/mE-768-250x250.jpg\" alt=\"Escultura\" width=\"250\" height=\"250\" data-ratio=\"1\"\/><\/a><\/figure><div class=\"dp-dfg-header entry-header\"><h2 class=\"entry-title\">Escultura<\/h2><\/div><div class=\"dp-dfg-custom-content\"><p class=\"dp-dfg-custom-field dp-dfg-cf-autors2\"><span class=\"dp-dfg-custom-field-value\">Guillem Duran i Su\u00f1er<\/span><\/p><\/div><\/article><!-- DPDFG End Post Item Container --><article id=\"post-14073\" class=\"dp-dfg-item post-14073 obres_autors type-obres_autors status-publish has-post-thumbnail hentry tipus_tecniques-dibuix tecnica_especifica-impressio-digital autors-carles-roman disciplina-dibuix \"     data-position=\"996\"   data-new-tab=\"off\"   data-action-priority=\"item\"><figure class=\"dp-dfg-image entry-thumb\"><a href=\"https:\/\/www.museuemporda.org\/?obres_autors=sense-titol-367\" class=\"dp-dfg-image-link\" ><img loading=\"lazy\" decoding=\"async\" class=\"dp-dfg-featured-image\" src=\"https:\/\/www.museuemporda.org\/wp-content\/uploads\/2023\/06\/ME2731-ROMAN-250x250.jpg\" alt=\"Sense t\u00edtol\" width=\"250\" height=\"250\" data-ratio=\"1\"\/><\/a><\/figure><div class=\"dp-dfg-header entry-header\"><h2 class=\"entry-title\">Sense t\u00edtol<\/h2><\/div><div class=\"dp-dfg-custom-content\"><p class=\"dp-dfg-custom-field dp-dfg-cf-autors2\"><span class=\"dp-dfg-custom-field-value\">Carles Roman<\/span><\/p><\/div><\/article><!-- DPDFG End Post Item Container --><article id=\"post-9831\" class=\"dp-dfg-item post-9831 obres_autors type-obres_autors status-publish has-post-thumbnail hentry tipus_tecniques-fotografia tecnica_especifica-fotografia autors-albert-gusi-las disciplina-fotografia \"     data-position=\"997\"   data-new-tab=\"off\"   data-action-priority=\"item\"><figure class=\"dp-dfg-image entry-thumb\"><a href=\"https:\/\/www.museuemporda.org\/?obres_autors=vent-planxat-de-tramuntana-a-la-punta-de-falco-de-portbou\" class=\"dp-dfg-image-link\" ><img loading=\"lazy\" decoding=\"async\" class=\"dp-dfg-featured-image\" src=\"https:\/\/www.museuemporda.org\/wp-content\/uploads\/2022\/01\/mE-2137-250x250.jpg\" alt=\"Vent planxat de tramuntana a la punta de Falc\u00f3 de Portbou\" width=\"250\" height=\"250\" data-ratio=\"1\"\/><\/a><\/figure><div class=\"dp-dfg-header entry-header\"><h2 class=\"entry-title\">Vent planxat de tramuntana a la punta de Falc\u00f3 de Portbou<\/h2><\/div><div class=\"dp-dfg-custom-content\"><p class=\"dp-dfg-custom-field dp-dfg-cf-autors2\"><span class=\"dp-dfg-custom-field-value\">Albert Gusi Las<\/span><\/p><\/div><\/article><!-- DPDFG End Post Item Container --><article id=\"post-11411\" class=\"dp-dfg-item post-11411 obres_autors type-obres_autors status-publish has-post-thumbnail hentry tipus_tecniques-pintura tecnica_especifica-oli-sobre-fusta autors-vicente-gomez-novella disciplina-pintura \"     data-position=\"998\"   data-new-tab=\"off\"   data-action-priority=\"item\"><figure class=\"dp-dfg-image entry-thumb\"><a href=\"https:\/\/www.museuemporda.org\/?obres_autors=celler\" class=\"dp-dfg-image-link\" ><img loading=\"lazy\" decoding=\"async\" class=\"dp-dfg-featured-image\" src=\"https:\/\/www.museuemporda.org\/wp-content\/uploads\/2022\/02\/mE-1110-250x250.jpg\" alt=\"Celler\" width=\"250\" height=\"250\" data-ratio=\"1\"\/><\/a><\/figure><div class=\"dp-dfg-header entry-header\"><h2 class=\"entry-title\">Celler<\/h2><\/div><div class=\"dp-dfg-custom-content\"><p class=\"dp-dfg-custom-field dp-dfg-cf-autors2\"><span class=\"dp-dfg-custom-field-value\">Vicente G\u00f3mez Novella<\/span><\/p><\/div><\/article><!-- DPDFG End Post Item Container --><article id=\"post-13749\" class=\"dp-dfg-item post-13749 obres_autors type-obres_autors status-publish has-post-thumbnail hentry tipus_tecniques-dibuix tecnica_especifica-tinta-sobre-paper autors-enric-pujol disciplina-dibuix \"     data-position=\"999\"   data-new-tab=\"off\"   data-action-priority=\"item\"><figure class=\"dp-dfg-image entry-thumb\"><a href=\"https:\/\/www.museuemporda.org\/?obres_autors=sense-titol-219\" class=\"dp-dfg-image-link\" ><img loading=\"lazy\" decoding=\"async\" class=\"dp-dfg-featured-image\" src=\"https:\/\/www.museuemporda.org\/wp-content\/uploads\/2023\/06\/ME2581-PUJOL15-250x250.jpg\" alt=\"Sense t\u00edtol\" width=\"250\" height=\"250\" data-ratio=\"1\"\/><\/a><\/figure><div class=\"dp-dfg-header entry-header\"><h2 class=\"entry-title\">Sense t\u00edtol<\/h2><\/div><div class=\"dp-dfg-custom-content\"><p class=\"dp-dfg-custom-field dp-dfg-cf-autors2\"><span class=\"dp-dfg-custom-field-value\">Enric Pujol<\/span><\/p><\/div><\/article><!-- DPDFG End Post Item Container --><article id=\"post-9929\" class=\"dp-dfg-item post-9929 obres_autors type-obres_autors status-publish has-post-thumbnail hentry autors-josep-manuel-berenguer disciplina-escultura \"     data-position=\"1000\"   data-new-tab=\"off\"   data-action-priority=\"item\"><figure class=\"dp-dfg-image entry-thumb\"><a href=\"https:\/\/www.museuemporda.org\/?obres_autors=sense-titol-43\" class=\"dp-dfg-image-link\" ><img loading=\"lazy\" decoding=\"async\" class=\"dp-dfg-featured-image\" src=\"https:\/\/www.museuemporda.org\/wp-content\/uploads\/2022\/01\/mE-1602-250x250.jpg\" alt=\"Sense t\u00edtol\" width=\"250\" height=\"250\" data-ratio=\"1\"\/><\/a><\/figure><div class=\"dp-dfg-header entry-header\"><h2 class=\"entry-title\">Sense t\u00edtol<\/h2><\/div><div class=\"dp-dfg-custom-content\"><p class=\"dp-dfg-custom-field dp-dfg-cf-autors2\"><span class=\"dp-dfg-custom-field-value\">Josep Manuel Berenguer<\/span><\/p><\/div><\/article><!-- DPDFG End Post Item Container --><article id=\"post-10781\" class=\"dp-dfg-item post-10781 obres_autors type-obres_autors status-publish has-post-thumbnail hentry tipus_tecniques-dibuix tecnica_especifica-tecnica-mixta-sobre-paper autors-ricard-canals-llambi disciplina-dibuix \"     data-position=\"1001\"   data-new-tab=\"off\"   data-action-priority=\"item\"><figure class=\"dp-dfg-image entry-thumb\"><a href=\"https:\/\/www.museuemporda.org\/?obres_autors=tres-figures-femenines-assegudes\" class=\"dp-dfg-image-link\" ><img loading=\"lazy\" decoding=\"async\" class=\"dp-dfg-featured-image\" src=\"https:\/\/www.museuemporda.org\/wp-content\/uploads\/2022\/02\/mE-1201-250x250.jpg\" alt=\"Tres figures femenines assegudes\" width=\"250\" height=\"250\" data-ratio=\"1\"\/><\/a><\/figure><div class=\"dp-dfg-header entry-header\"><h2 class=\"entry-title\">Tres figures femenines assegudes<\/h2><\/div><div class=\"dp-dfg-custom-content\"><p class=\"dp-dfg-custom-field dp-dfg-cf-autors2\"><span class=\"dp-dfg-custom-field-value\">Ricard Canals Llamb\u00ed<\/span><\/p><\/div><\/article><!-- DPDFG End Post Item Container --><article id=\"post-10465\" class=\"dp-dfg-item post-10465 obres_autors type-obres_autors status-publish has-post-thumbnail hentry tipus_tecniques-dibuix tecnica_especifica-tecnica-mixta-sobre-paper autors-josep-maria-martinez-lozano disciplina-dibuix \"     data-position=\"1002\"   data-new-tab=\"off\"   data-action-priority=\"item\"><figure class=\"dp-dfg-image entry-thumb\"><a href=\"https:\/\/www.museuemporda.org\/?obres_autors=apunts-de-dibuix\" class=\"dp-dfg-image-link\" ><img loading=\"lazy\" decoding=\"async\" class=\"dp-dfg-featured-image\" src=\"https:\/\/www.museuemporda.org\/wp-content\/uploads\/2022\/01\/mE-1065-250x250.jpg\" alt=\"apunts de dibuix\" width=\"250\" height=\"250\" data-ratio=\"1\"\/><\/a><\/figure><div class=\"dp-dfg-header entry-header\"><h2 class=\"entry-title\">apunts de dibuix<\/h2><\/div><div class=\"dp-dfg-custom-content\"><p class=\"dp-dfg-custom-field dp-dfg-cf-autors2\"><span class=\"dp-dfg-custom-field-value\">Josep Maria Mart\u00ednez Lozano<\/span><\/p><\/div><\/article><!-- DPDFG End Post Item Container --><article id=\"post-9140\" class=\"dp-dfg-item post-9140 obres_autors type-obres_autors status-publish has-post-thumbnail hentry tecnica_especifica-ceramica-comuna autors-autoria-desconeguda disciplina-arqueologia \"     data-position=\"1003\"   data-new-tab=\"off\"   data-action-priority=\"item\"><figure class=\"dp-dfg-image entry-thumb\"><a href=\"https:\/\/www.museuemporda.org\/?obres_autors=urna\" class=\"dp-dfg-image-link\" ><img loading=\"lazy\" decoding=\"async\" class=\"dp-dfg-featured-image\" src=\"https:\/\/www.museuemporda.org\/wp-content\/uploads\/2021\/11\/mE-520-250x250.jpg\" alt=\"Urna\" width=\"250\" height=\"250\" data-ratio=\"1\"\/><\/a><\/figure><div class=\"dp-dfg-header entry-header\"><h2 class=\"entry-title\">Urna<\/h2><\/div><div class=\"dp-dfg-custom-content\"><p class=\"dp-dfg-custom-field dp-dfg-cf-autors2\"><span class=\"dp-dfg-custom-field-value\">Autoria desconeguda<\/span><\/p><\/div><\/article><!-- DPDFG End Post Item Container --><article id=\"post-10904\" class=\"dp-dfg-item post-10904 obres_autors type-obres_autors status-publish has-post-thumbnail hentry tipus_tecniques-obra-grafica tecnica_especifica-serigrafia autors-francesc-abad-gomez disciplina-obra-grafic \"     data-position=\"1004\"   data-new-tab=\"off\"   data-action-priority=\"item\"><figure class=\"dp-dfg-image entry-thumb\"><a href=\"https:\/\/www.museuemporda.org\/?obres_autors=geis-trust\" class=\"dp-dfg-image-link\" ><img loading=\"lazy\" decoding=\"async\" class=\"dp-dfg-featured-image\" src=\"https:\/\/www.museuemporda.org\/wp-content\/uploads\/2022\/02\/mE-1571-250x250.jpg\" alt=\"Geis Trust\" width=\"250\" height=\"250\" data-ratio=\"1\"\/><\/a><\/figure><div class=\"dp-dfg-header entry-header\"><h2 class=\"entry-title\">Geis Trust<\/h2><\/div><div class=\"dp-dfg-custom-content\"><p class=\"dp-dfg-custom-field dp-dfg-cf-autors2\"><span class=\"dp-dfg-custom-field-value\">Francesc Abad G\u00f3mez <\/span><\/p><\/div><\/article><!-- DPDFG End Post Item Container --><article id=\"post-11415\" class=\"dp-dfg-item post-11415 obres_autors type-obres_autors status-publish has-post-thumbnail hentry tipus_tecniques-pintura tecnica_especifica-oli-sobre-tela autors-vicente-gomez-plasent disciplina-pintura \"     data-position=\"1005\"   data-new-tab=\"off\"   data-action-priority=\"item\"><figure class=\"dp-dfg-image entry-thumb\"><a href=\"https:\/\/www.museuemporda.org\/?obres_autors=sense-titol-127\" class=\"dp-dfg-image-link\" ><img loading=\"lazy\" decoding=\"async\" class=\"dp-dfg-featured-image\" src=\"https:\/\/www.museuemporda.org\/wp-content\/uploads\/2022\/02\/mE-1949-250x250.jpg\" alt=\"Sense t\u00edtol\" width=\"250\" height=\"250\" data-ratio=\"1\"\/><\/a><\/figure><div class=\"dp-dfg-header entry-header\"><h2 class=\"entry-title\">Sense t\u00edtol<\/h2><\/div><div class=\"dp-dfg-custom-content\"><p class=\"dp-dfg-custom-field dp-dfg-cf-autors2\"><span class=\"dp-dfg-custom-field-value\">Vicente G\u00f3mez Plasent<\/span><\/p><\/div><\/article><!-- DPDFG End Post Item Container --><article id=\"post-5812\" class=\"dp-dfg-item post-5812 obres_autors type-obres_autors status-publish has-post-thumbnail hentry tecnica_especifica-oli-sobre-tela autors-guillem-roca-sanpere disciplina-pintura \"     data-position=\"1006\"   data-new-tab=\"off\"   data-action-priority=\"item\"><figure class=\"dp-dfg-image entry-thumb\"><a href=\"https:\/\/www.museuemporda.org\/?obres_autors=mercat-de-bous\" class=\"dp-dfg-image-link\" ><img loading=\"lazy\" decoding=\"async\" class=\"dp-dfg-featured-image\" src=\"https:\/\/www.museuemporda.org\/wp-content\/uploads\/2020\/04\/mE-1422-250x250.jpg\" alt=\"Mercat de bous\" width=\"250\" height=\"250\" data-ratio=\"1\"\/><\/a><\/figure><div class=\"dp-dfg-header entry-header\"><h2 class=\"entry-title\">Mercat de bous<\/h2><\/div><div class=\"dp-dfg-custom-content\"><p class=\"dp-dfg-custom-field dp-dfg-cf-autors2\"><span class=\"dp-dfg-custom-field-value\">Guillem Roca Sanpere<\/span><\/p><\/div><\/article><!-- DPDFG End Post Item Container --><article id=\"post-10332\" class=\"dp-dfg-item post-10332 obres_autors type-obres_autors status-publish has-post-thumbnail hentry tipus_tecniques-pintura tecnica_especifica-aquarella-sobre-paper autors-pere-bech-sudria disciplina-pintura \"     data-position=\"1007\"   data-new-tab=\"off\"   data-action-priority=\"item\"><figure class=\"dp-dfg-image entry-thumb\"><a href=\"https:\/\/www.museuemporda.org\/?obres_autors=paisatge-58\" class=\"dp-dfg-image-link\" ><img loading=\"lazy\" decoding=\"async\" class=\"dp-dfg-featured-image\" src=\"https:\/\/www.museuemporda.org\/wp-content\/uploads\/2022\/01\/mE-2242-250x250.jpg\" alt=\"Paisatge\" width=\"250\" height=\"250\" data-ratio=\"1\"\/><\/a><\/figure><div class=\"dp-dfg-header entry-header\"><h2 class=\"entry-title\">Paisatge<\/h2><\/div><div class=\"dp-dfg-custom-content\"><p class=\"dp-dfg-custom-field dp-dfg-cf-autors2\"><span class=\"dp-dfg-custom-field-value\">Pere Bech Sudri\u00e0<\/span><\/p><\/div><\/article><!-- DPDFG End Post Item Container --><article id=\"post-8929\" class=\"dp-dfg-item post-8929 obres_autors type-obres_autors status-publish has-post-thumbnail hentry tecnica_especifica-oli-sobre-tela autors-francesc-camps-ribera disciplina-pintura \"     data-position=\"1008\"   data-new-tab=\"off\"   data-action-priority=\"item\"><figure class=\"dp-dfg-image entry-thumb\"><a href=\"https:\/\/www.museuemporda.org\/?obres_autors=paisatge-dirving-u-s-a\" class=\"dp-dfg-image-link\" ><img loading=\"lazy\" decoding=\"async\" class=\"dp-dfg-featured-image\" src=\"https:\/\/www.museuemporda.org\/wp-content\/uploads\/2021\/11\/mE-695-250x250.jpg\" alt=\"Paisatge d&#8217;Irving U.S.A\" width=\"250\" height=\"250\" data-ratio=\"1\"\/><\/a><\/figure><div class=\"dp-dfg-header entry-header\"><h2 class=\"entry-title\">Paisatge d&#8217;Irving U.S.A<\/h2><\/div><div class=\"dp-dfg-custom-content\"><p class=\"dp-dfg-custom-field dp-dfg-cf-autors2\"><span class=\"dp-dfg-custom-field-value\">Francesc Camps Ribera<\/span><\/p><\/div><\/article><!-- DPDFG End Post Item Container --><article id=\"post-1285\" class=\"dp-dfg-item post-1285 obres_autors type-obres_autors status-publish has-post-thumbnail hentry autors-pompeu-audivert-mir \"     data-position=\"1009\"   data-new-tab=\"off\"   data-action-priority=\"item\"><figure class=\"dp-dfg-image entry-thumb\"><a href=\"https:\/\/www.museuemporda.org\/?obres_autors=verge-asseguda-amb-nen\" class=\"dp-dfg-image-link\" ><img loading=\"lazy\" decoding=\"async\" class=\"dp-dfg-featured-image\" src=\"https:\/\/www.museuemporda.org\/wp-content\/uploads\/2020\/04\/mE-1285-scaled-1-250x250.jpg\" alt=\"Verge asseguda amb nen\" width=\"250\" height=\"250\" data-ratio=\"1\"\/><\/a><\/figure><div class=\"dp-dfg-header entry-header\"><h2 class=\"entry-title\">Verge asseguda amb nen<\/h2><\/div><div class=\"dp-dfg-custom-content\"><p class=\"dp-dfg-custom-field dp-dfg-cf-autors2\"><span class=\"dp-dfg-custom-field-value\">Pompeu Audivert<\/span><\/p><\/div><\/article><!-- DPDFG End Post Item Container --><article id=\"post-10649\" class=\"dp-dfg-item post-10649 obres_autors type-obres_autors status-publish has-post-thumbnail hentry tipus_tecniques-dibuix tecnica_especifica-tinta-sobre-paper autors-avelli-artis-gener disciplina-dibuix \"     data-position=\"1010\"   data-new-tab=\"off\"   data-action-priority=\"item\"><figure class=\"dp-dfg-image entry-thumb\"><a href=\"https:\/\/www.museuemporda.org\/?obres_autors=nu-femeni-7\" class=\"dp-dfg-image-link\" ><img loading=\"lazy\" decoding=\"async\" class=\"dp-dfg-featured-image\" src=\"https:\/\/www.museuemporda.org\/wp-content\/uploads\/2022\/02\/mE-1366-250x250.jpg\" alt=\"Nu femen\u00ed\" width=\"250\" height=\"250\" data-ratio=\"1\"\/><\/a><\/figure><div class=\"dp-dfg-header entry-header\"><h2 class=\"entry-title\">Nu femen\u00ed<\/h2><\/div><div class=\"dp-dfg-custom-content\"><p class=\"dp-dfg-custom-field dp-dfg-cf-autors2\"><span class=\"dp-dfg-custom-field-value\">Avel\u00b7l\u00ed Art\u00eds Gener<\/span><\/p><\/div><\/article><!-- DPDFG End Post Item Container --><article id=\"post-9872\" class=\"dp-dfg-item post-9872 obres_autors type-obres_autors status-publish has-post-thumbnail hentry tipus_tecniques-fotografia tecnica_especifica-fotografia autors-autoria-desconeguda disciplina-fotografia \"     data-position=\"1011\"   data-new-tab=\"off\"   data-action-priority=\"item\"><figure class=\"dp-dfg-image entry-thumb\"><a href=\"https:\/\/www.museuemporda.org\/?obres_autors=sense-titol-33\" class=\"dp-dfg-image-link\" ><img loading=\"lazy\" decoding=\"async\" class=\"dp-dfg-featured-image\" src=\"https:\/\/www.museuemporda.org\/wp-content\/uploads\/2022\/01\/ME-2100_Jordi-Puig-2022-250x250.jpg\" alt=\"Sense t\u00edtol\" width=\"250\" height=\"250\" data-ratio=\"1\"\/><\/a><\/figure><div class=\"dp-dfg-header entry-header\"><h2 class=\"entry-title\">Sense t\u00edtol<\/h2><\/div><div class=\"dp-dfg-custom-content\"><p class=\"dp-dfg-custom-field dp-dfg-cf-autors2\"><span class=\"dp-dfg-custom-field-value\">Autoria desconeguda<\/span><\/p><\/div><\/article><!-- DPDFG End Post Item Container --><article id=\"post-9732\" class=\"dp-dfg-item post-9732 obres_autors type-obres_autors status-publish has-post-thumbnail hentry tipus_tecniques-fotografia tecnica_especifica-fotografia autors-joaquim-fort-de-ribot disciplina-fotografia \"     data-position=\"1012\"   data-new-tab=\"off\"   data-action-priority=\"item\"><figure class=\"dp-dfg-image entry-thumb\"><a href=\"https:\/\/www.museuemporda.org\/?obres_autors=interior-del-monestir-de-sant-pere-de-roda-2\" class=\"dp-dfg-image-link\" ><img loading=\"lazy\" decoding=\"async\" class=\"dp-dfg-featured-image\" src=\"https:\/\/www.museuemporda.org\/wp-content\/uploads\/2022\/01\/mE-2458-250x250.jpg\" alt=\"Interior del monestir de Sant Pere de Roda\" width=\"250\" height=\"250\" data-ratio=\"1\"\/><\/a><\/figure><div class=\"dp-dfg-header entry-header\"><h2 class=\"entry-title\">Interior del monestir de Sant Pere de Roda<\/h2><\/div><div class=\"dp-dfg-custom-content\"><p class=\"dp-dfg-custom-field dp-dfg-cf-autors2\"><span class=\"dp-dfg-custom-field-value\">Joaquim Fort de Ribot<\/span><\/p><\/div><\/article><!-- DPDFG End Post Item Container --><article id=\"post-5808\" class=\"dp-dfg-item post-5808 obres_autors type-obres_autors status-publish has-post-thumbnail hentry tecnica_especifica-oli-sobre-tela autors-francesc-masriera-manovens disciplina-pintura \"     data-position=\"1013\"   data-new-tab=\"off\"   data-action-priority=\"item\"><figure class=\"dp-dfg-image entry-thumb\"><a href=\"https:\/\/www.museuemporda.org\/?obres_autors=retrat-de-la-difunta-elisa-masriera\" class=\"dp-dfg-image-link\" ><img loading=\"lazy\" decoding=\"async\" class=\"dp-dfg-featured-image\" src=\"https:\/\/www.museuemporda.org\/wp-content\/uploads\/2020\/04\/mE-1188-250x250.jpg\" alt=\"Retrat de la difunta Elisa Masriera Manovens\" width=\"250\" height=\"250\" data-ratio=\"1\"\/><\/a><\/figure><div class=\"dp-dfg-header entry-header\"><h2 class=\"entry-title\">Retrat de la difunta Elisa Masriera Manovens<\/h2><\/div><div class=\"dp-dfg-custom-content\"><p class=\"dp-dfg-custom-field dp-dfg-cf-autors2\"><span class=\"dp-dfg-custom-field-value\">Francesc Masriera Manovens<\/span><\/p><\/div><\/article><!-- DPDFG End Post Item Container --><article id=\"post-10655\" class=\"dp-dfg-item post-10655 obres_autors type-obres_autors status-publish has-post-thumbnail hentry tipus_tecniques-pintura tecnica_especifica-pastel-sobre-paper autors-antoni-sbert-callao disciplina-pintura \"     data-position=\"1014\"   data-new-tab=\"off\"   data-action-priority=\"item\"><figure class=\"dp-dfg-image entry-thumb\"><a href=\"https:\/\/www.museuemporda.org\/?obres_autors=natura-morta-3\" class=\"dp-dfg-image-link\" ><img loading=\"lazy\" decoding=\"async\" class=\"dp-dfg-featured-image\" src=\"https:\/\/www.museuemporda.org\/wp-content\/uploads\/2022\/02\/mE-1357-250x250.jpg\" alt=\"Natura morta\" width=\"250\" height=\"250\" data-ratio=\"1\"\/><\/a><\/figure><div class=\"dp-dfg-header entry-header\"><h2 class=\"entry-title\">Natura morta<\/h2><\/div><div class=\"dp-dfg-custom-content\"><p class=\"dp-dfg-custom-field dp-dfg-cf-autors2\"><span class=\"dp-dfg-custom-field-value\">Antoni Sbert Callao<\/span><\/p><\/div><\/article><!-- DPDFG End Post Item Container --><article id=\"post-13865\" class=\"dp-dfg-item post-13865 obres_autors type-obres_autors status-publish has-post-thumbnail hentry tipus_tecniques-dibuix tecnica_especifica-tinta-sobre-paper autors-josep-menchon-alvarez disciplina-dibuix \"     data-position=\"1015\"   data-new-tab=\"off\"   data-action-priority=\"item\"><figure class=\"dp-dfg-image entry-thumb\"><a href=\"https:\/\/www.museuemporda.org\/?obres_autors=sense-titol-272\" class=\"dp-dfg-image-link\" ><img loading=\"lazy\" decoding=\"async\" class=\"dp-dfg-featured-image\" src=\"https:\/\/www.museuemporda.org\/wp-content\/uploads\/2023\/06\/ME2634-MENCHON04-250x250.jpg\" alt=\"Sense t\u00edtol\" width=\"250\" height=\"250\" data-ratio=\"1\"\/><\/a><\/figure><div class=\"dp-dfg-header entry-header\"><h2 class=\"entry-title\">Sense t\u00edtol<\/h2><\/div><div class=\"dp-dfg-custom-content\"><p class=\"dp-dfg-custom-field dp-dfg-cf-autors2\"><span class=\"dp-dfg-custom-field-value\">Josep Mench\u00f3n \u00c1lvarez<\/span><\/p><\/div><\/article><!-- DPDFG End Post Item Container --><article id=\"post-13938\" class=\"dp-dfg-item post-13938 obres_autors type-obres_autors status-publish has-post-thumbnail hentry tipus_tecniques-dibuix tecnica_especifica-impressio-digital autors-pep-claparols-i-moret disciplina-dibuix \"     data-position=\"1016\"   data-new-tab=\"off\"   data-action-priority=\"item\"><figure class=\"dp-dfg-image entry-thumb\"><a href=\"https:\/\/www.museuemporda.org\/?obres_autors=sense-titol-308\" class=\"dp-dfg-image-link\" ><img loading=\"lazy\" decoding=\"async\" class=\"dp-dfg-featured-image\" src=\"https:\/\/www.museuemporda.org\/wp-content\/uploads\/2023\/06\/ME2670-PEP99-250x250.jpg\" alt=\"Sense t\u00edtol\" width=\"250\" height=\"250\" data-ratio=\"1\"\/><\/a><\/figure><div class=\"dp-dfg-header entry-header\"><h2 class=\"entry-title\">Sense t\u00edtol<\/h2><\/div><div class=\"dp-dfg-custom-content\"><p class=\"dp-dfg-custom-field dp-dfg-cf-autors2\"><span class=\"dp-dfg-custom-field-value\">Pep Claparols i Moret<\/span><\/p><\/div><\/article><!-- DPDFG End Post Item Container --><article id=\"post-10390\" class=\"dp-dfg-item post-10390 obres_autors type-obres_autors status-publish has-post-thumbnail hentry tipus_tecniques-escultura tecnica_especifica-guix autors-artur-novoa-cabra disciplina-escultura \"     data-position=\"1017\"   data-new-tab=\"off\"   data-action-priority=\"item\"><figure class=\"dp-dfg-image entry-thumb\"><a href=\"https:\/\/www.museuemporda.org\/?obres_autors=sense-titol-58\" class=\"dp-dfg-image-link\" ><img loading=\"lazy\" decoding=\"async\" class=\"dp-dfg-featured-image\" src=\"https:\/\/www.museuemporda.org\/wp-content\/uploads\/2022\/01\/mE-1912-250x250.jpg\" alt=\"Sense t\u00edtol\" width=\"250\" height=\"250\" data-ratio=\"1\"\/><\/a><\/figure><div class=\"dp-dfg-header entry-header\"><h2 class=\"entry-title\">Sense t\u00edtol<\/h2><\/div><div class=\"dp-dfg-custom-content\"><p class=\"dp-dfg-custom-field dp-dfg-cf-autors2\"><span class=\"dp-dfg-custom-field-value\">Artur Novoa Cabra<\/span><\/p><\/div><\/article><!-- DPDFG End Post Item Container --><article id=\"post-5697\" class=\"dp-dfg-item post-5697 obres_autors type-obres_autors status-publish has-post-thumbnail hentry autors-autoria-desconeguda disciplina-arqueologia \"     data-position=\"1018\"   data-new-tab=\"off\"   data-action-priority=\"item\"><figure class=\"dp-dfg-image entry-thumb\"><a href=\"https:\/\/www.museuemporda.org\/?obres_autors=lecit-ceramica-atica-de-figures-negres\" class=\"dp-dfg-image-link\" ><img loading=\"lazy\" decoding=\"async\" class=\"dp-dfg-featured-image\" src=\"https:\/\/www.museuemporda.org\/wp-content\/uploads\/2020\/04\/mE-312_1_2019-250x250.jpg\" alt=\"L\u00e8cit \u00e0tic de figures negres\" width=\"250\" height=\"250\" data-ratio=\"1\"\/><\/a><\/figure><div class=\"dp-dfg-header entry-header\"><h2 class=\"entry-title\">L\u00e8cit \u00e0tic de figures negres<\/h2><\/div><div class=\"dp-dfg-custom-content\"><p class=\"dp-dfg-custom-field dp-dfg-cf-autors2\"><span class=\"dp-dfg-custom-field-value\">Autoria desconeguda<\/span><\/p><\/div><\/article><!-- DPDFG End Post Item Container --><article id=\"post-8789\" class=\"dp-dfg-item post-8789 obres_autors type-obres_autors status-publish has-post-thumbnail hentry tecnica_especifica-oli-sobre-tela autors-juan-de-arellano disciplina-pintura \"     data-position=\"1019\"   data-new-tab=\"off\"   data-action-priority=\"item\"><figure class=\"dp-dfg-image entry-thumb\"><a href=\"https:\/\/www.museuemporda.org\/?obres_autors=florero-con-rosas-y-lirios-natura-morta-amb-flors\" class=\"dp-dfg-image-link\" ><img loading=\"lazy\" decoding=\"async\" class=\"dp-dfg-featured-image\" src=\"https:\/\/www.museuemporda.org\/wp-content\/uploads\/2021\/10\/mE-628-250x250.jpg\" alt=\"Florero con rosas y lirios (Natura morta amb flors)\" width=\"250\" height=\"250\" data-ratio=\"1\"\/><\/a><\/figure><div class=\"dp-dfg-header entry-header\"><h2 class=\"entry-title\">Florero con rosas y lirios (Natura morta amb flors)<\/h2><\/div><div class=\"dp-dfg-custom-content\"><p class=\"dp-dfg-custom-field dp-dfg-cf-autors2\"><span class=\"dp-dfg-custom-field-value\">Juan de Arellano<\/span><\/p><\/div><\/article><!-- DPDFG End Post Item Container --><article id=\"post-9468\" class=\"dp-dfg-item post-9468 obres_autors type-obres_autors status-publish has-post-thumbnail hentry tipus_tecniques-pintura tecnica_especifica-oli-sobre-tela autors-josep-blanquet-taberner disciplina-pintura \"     data-position=\"1020\"   data-new-tab=\"off\"   data-action-priority=\"item\"><figure class=\"dp-dfg-image entry-thumb\"><a href=\"https:\/\/www.museuemporda.org\/?obres_autors=pages-amb-arada\" class=\"dp-dfg-image-link\" ><img loading=\"lazy\" decoding=\"async\" class=\"dp-dfg-featured-image\" src=\"https:\/\/www.museuemporda.org\/wp-content\/uploads\/2022\/01\/mE-2124-250x250.jpg\" alt=\"Pag\u00e8s amb arada\" width=\"250\" height=\"250\" data-ratio=\"1\"\/><\/a><\/figure><div class=\"dp-dfg-header entry-header\"><h2 class=\"entry-title\">Pag\u00e8s amb arada<\/h2><\/div><div class=\"dp-dfg-custom-content\"><p class=\"dp-dfg-custom-field dp-dfg-cf-autors2\"><span class=\"dp-dfg-custom-field-value\">Josep Blanquet Taberner<\/span><\/p><\/div><\/article><!-- DPDFG End Post Item Container --><article id=\"post-9543\" class=\"dp-dfg-item post-9543 obres_autors type-obres_autors status-publish has-post-thumbnail hentry tipus_tecniques-pintura tecnica_especifica-oli-sobre-tela autors-august-puig-bosch disciplina-pintura \"     data-position=\"1021\"   data-new-tab=\"off\"   data-action-priority=\"item\"><figure class=\"dp-dfg-image entry-thumb\"><a href=\"https:\/\/www.museuemporda.org\/?obres_autors=peix-alga\" class=\"dp-dfg-image-link\" ><img loading=\"lazy\" decoding=\"async\" class=\"dp-dfg-featured-image\" src=\"https:\/\/www.museuemporda.org\/wp-content\/uploads\/2022\/01\/mE-1606-250x250.jpg\" alt=\"Peix alga\" width=\"250\" height=\"250\" data-ratio=\"1\"\/><\/a><\/figure><div class=\"dp-dfg-header entry-header\"><h2 class=\"entry-title\">Peix alga<\/h2><\/div><div class=\"dp-dfg-custom-content\"><p class=\"dp-dfg-custom-field dp-dfg-cf-autors2\"><span class=\"dp-dfg-custom-field-value\">August Puig Bosch<\/span><\/p><\/div><\/article><!-- DPDFG End Post Item Container --><article id=\"post-13963\" class=\"dp-dfg-item post-13963 obres_autors type-obres_autors status-publish has-post-thumbnail hentry tipus_tecniques-dibuix tecnica_especifica-impressio-digital autors-pep-claparols-i-moret disciplina-dibuix \"     data-position=\"1022\"   data-new-tab=\"off\"   data-action-priority=\"item\"><figure class=\"dp-dfg-image entry-thumb\"><a href=\"https:\/\/www.museuemporda.org\/?obres_autors=sense-titol-319\" class=\"dp-dfg-image-link\" ><img loading=\"lazy\" decoding=\"async\" class=\"dp-dfg-featured-image\" src=\"https:\/\/www.museuemporda.org\/wp-content\/uploads\/2023\/06\/ME2681-PEP99-250x250.jpg\" alt=\"Sense t\u00edtol\" width=\"250\" height=\"250\" data-ratio=\"1\"\/><\/a><\/figure><div class=\"dp-dfg-header entry-header\"><h2 class=\"entry-title\">Sense t\u00edtol<\/h2><\/div><div class=\"dp-dfg-custom-content\"><p class=\"dp-dfg-custom-field dp-dfg-cf-autors2\"><span class=\"dp-dfg-custom-field-value\">Pep Claparols i Moret<\/span><\/p><\/div><\/article><!-- DPDFG End Post Item Container --><article id=\"post-9109\" class=\"dp-dfg-item post-9109 obres_autors type-obres_autors status-publish has-post-thumbnail hentry tecnica_especifica-ceramica-blava-catalana autors-autoria-desconeguda disciplina-arqueologia \"     data-position=\"1023\"   data-new-tab=\"off\"   data-action-priority=\"item\"><figure class=\"dp-dfg-image entry-thumb\"><a href=\"https:\/\/www.museuemporda.org\/?obres_autors=bol-3\" class=\"dp-dfg-image-link\" ><img loading=\"lazy\" decoding=\"async\" class=\"dp-dfg-featured-image\" src=\"https:\/\/www.museuemporda.org\/wp-content\/uploads\/2021\/11\/mE-580-250x250.jpg\" alt=\"Bol\" width=\"250\" height=\"250\" data-ratio=\"1\"\/><\/a><\/figure><div class=\"dp-dfg-header entry-header\"><h2 class=\"entry-title\">Bol<\/h2><\/div><div class=\"dp-dfg-custom-content\"><p class=\"dp-dfg-custom-field dp-dfg-cf-autors2\"><span class=\"dp-dfg-custom-field-value\">Autoria desconeguda<\/span><\/p><\/div><\/article><!-- DPDFG End Post Item Container --><article id=\"post-14099\" class=\"dp-dfg-item post-14099 obres_autors type-obres_autors status-publish has-post-thumbnail hentry tipus_tecniques-dibuix tecnica_especifica-tinta-sobre-paper autors-antoni-batllori-obiols disciplina-dibuix \"     data-position=\"1024\"   data-new-tab=\"off\"   data-action-priority=\"item\"><figure class=\"dp-dfg-image entry-thumb\"><a href=\"https:\/\/www.museuemporda.org\/?obres_autors=sense-titol-379\" class=\"dp-dfg-image-link\" ><img loading=\"lazy\" decoding=\"async\" class=\"dp-dfg-featured-image\" src=\"https:\/\/www.museuemporda.org\/wp-content\/uploads\/2023\/06\/ME2744-BATLLORI-250x250.jpg\" alt=\"Sense t\u00edtol\" width=\"250\" height=\"250\" data-ratio=\"1\"\/><\/a><\/figure><div class=\"dp-dfg-header entry-header\"><h2 class=\"entry-title\">Sense t\u00edtol<\/h2><\/div><div class=\"dp-dfg-custom-content\"><p class=\"dp-dfg-custom-field dp-dfg-cf-autors2\"><span class=\"dp-dfg-custom-field-value\">Antoni Batllori Obiols<\/span><\/p><\/div><\/article><!-- DPDFG End Post Item Container --><article id=\"post-11742\" class=\"dp-dfg-item post-11742 obres_autors type-obres_autors status-publish has-post-thumbnail hentry tipus_tecniques-obra-grafica tecnica_especifica-gravat autors-francisco-muntaner-moner disciplina-obra-grafic \"     data-position=\"1025\"   data-new-tab=\"off\"   data-action-priority=\"item\"><figure class=\"dp-dfg-image entry-thumb\"><a href=\"https:\/\/www.museuemporda.org\/?obres_autors=retrat-de-tomas-moro\" class=\"dp-dfg-image-link\" ><img loading=\"lazy\" decoding=\"async\" class=\"dp-dfg-featured-image\" src=\"https:\/\/www.museuemporda.org\/wp-content\/uploads\/2022\/02\/mE-1977-250x250.jpg\" alt=\"Retrat de Tomas Moro\" width=\"250\" height=\"250\" data-ratio=\"1\"\/><\/a><\/figure><div class=\"dp-dfg-header entry-header\"><h2 class=\"entry-title\">Retrat de Tomas Moro<\/h2><\/div><div class=\"dp-dfg-custom-content\"><p class=\"dp-dfg-custom-field dp-dfg-cf-autors2\"><span class=\"dp-dfg-custom-field-value\">Francisco Muntaner Moner<\/span><\/p><\/div><\/article><!-- DPDFG End Post Item Container --><article id=\"post-14294\" class=\"dp-dfg-item post-14294 obres_autors type-obres_autors status-publish has-post-thumbnail hentry tipus_tecniques-dibuix tecnica_especifica-impressio-digital autors-quim-bou disciplina-dibuix \"     data-position=\"1026\"   data-new-tab=\"off\"   data-action-priority=\"item\"><figure class=\"dp-dfg-image entry-thumb\"><a href=\"https:\/\/www.museuemporda.org\/?obres_autors=sense-titol-471\" class=\"dp-dfg-image-link\" ><img loading=\"lazy\" decoding=\"async\" class=\"dp-dfg-featured-image\" src=\"https:\/\/www.museuemporda.org\/wp-content\/uploads\/2023\/07\/ME2856-BOU-250x250.jpg\" alt=\"Sense t\u00edtol\" width=\"250\" height=\"250\" data-ratio=\"1\"\/><\/a><\/figure><div class=\"dp-dfg-header entry-header\"><h2 class=\"entry-title\">Sense t\u00edtol<\/h2><\/div><div class=\"dp-dfg-custom-content\"><p class=\"dp-dfg-custom-field dp-dfg-cf-autors2\"><span class=\"dp-dfg-custom-field-value\">Quim Bou<\/span><\/p><\/div><\/article><!-- DPDFG End Post Item Container --><article id=\"post-9851\" class=\"dp-dfg-item post-9851 obres_autors type-obres_autors status-publish has-post-thumbnail hentry tipus_tecniques-fotografia tecnica_especifica-fotografia autors-conxi-molons-de-san-roman disciplina-fotografia \"     data-position=\"1027\"   data-new-tab=\"off\"   data-action-priority=\"item\"><figure class=\"dp-dfg-image entry-thumb\"><a href=\"https:\/\/www.museuemporda.org\/?obres_autors=sense-titol-27\" class=\"dp-dfg-image-link\" ><img loading=\"lazy\" decoding=\"async\" class=\"dp-dfg-featured-image\" src=\"https:\/\/www.museuemporda.org\/wp-content\/uploads\/2022\/01\/mE-1573-250x250.jpg\" alt=\"Sense t\u00edtol\" width=\"250\" height=\"250\" data-ratio=\"1\"\/><\/a><\/figure><div class=\"dp-dfg-header entry-header\"><h2 class=\"entry-title\">Sense t\u00edtol<\/h2><\/div><div class=\"dp-dfg-custom-content\"><p class=\"dp-dfg-custom-field dp-dfg-cf-autors2\"><span class=\"dp-dfg-custom-field-value\">Conxi Molons de San Roman<\/span><\/p><\/div><\/article><!-- DPDFG End Post Item Container --><article id=\"post-11961\" class=\"dp-dfg-item post-11961 obres_autors type-obres_autors status-publish has-post-thumbnail hentry tipus_tecniques-pintura tecnica_especifica-aquarella autors-ramon-segura-elias disciplina-pintura \"     data-position=\"1028\"   data-new-tab=\"off\"   data-action-priority=\"item\"><figure class=\"dp-dfg-image entry-thumb\"><a href=\"https:\/\/www.museuemporda.org\/?obres_autors=barri-gotic-de-barcelona\" class=\"dp-dfg-image-link\" ><img loading=\"lazy\" decoding=\"async\" class=\"dp-dfg-featured-image\" src=\"https:\/\/www.museuemporda.org\/wp-content\/uploads\/2022\/02\/mE-1090-250x250.jpg\" alt=\"Barri g\u00f2tic de barcelona\" width=\"250\" height=\"250\" data-ratio=\"1\"\/><\/a><\/figure><div class=\"dp-dfg-header entry-header\"><h2 class=\"entry-title\">Barri g\u00f2tic de barcelona<\/h2><\/div><div class=\"dp-dfg-custom-content\"><p class=\"dp-dfg-custom-field dp-dfg-cf-autors2\"><span class=\"dp-dfg-custom-field-value\">Ramon Segura Elias<\/span><\/p><\/div><\/article><!-- DPDFG End Post Item Container --><article id=\"post-8091\" class=\"dp-dfg-item post-8091 obres_autors type-obres_autors status-publish has-post-thumbnail hentry autors-joana-cera-bernad disciplina-installacio \"     data-position=\"1029\"   data-new-tab=\"off\"   data-action-priority=\"item\"><figure class=\"dp-dfg-image entry-thumb\"><a href=\"https:\/\/www.museuemporda.org\/?obres_autors=sense-titol-4\" class=\"dp-dfg-image-link\" ><img loading=\"lazy\" decoding=\"async\" class=\"dp-dfg-featured-image\" src=\"https:\/\/www.museuemporda.org\/wp-content\/uploads\/2021\/08\/mE-1953_2019-250x250.jpg\" alt=\"Sense t\u00edtol\" width=\"250\" height=\"250\" data-ratio=\"1\"\/><\/a><\/figure><div class=\"dp-dfg-header entry-header\"><h2 class=\"entry-title\">Sense t\u00edtol<\/h2><\/div><div class=\"dp-dfg-custom-content\"><p class=\"dp-dfg-custom-field dp-dfg-cf-autors2\"><span class=\"dp-dfg-custom-field-value\">Joana Cera Bernad<\/span><\/p><\/div><\/article><!-- DPDFG End Post Item Container --><article id=\"post-9829\" class=\"dp-dfg-item post-9829 obres_autors type-obres_autors status-publish has-post-thumbnail hentry tipus_tecniques-fotografia tecnica_especifica-fotografia autors-francesc-guillamet-ferran disciplina-fotografia \"     data-position=\"1030\"   data-new-tab=\"off\"   data-action-priority=\"item\"><figure class=\"dp-dfg-image entry-thumb\"><a href=\"https:\/\/www.museuemporda.org\/?obres_autors=ravioli-que-se-va\" class=\"dp-dfg-image-link\" ><img loading=\"lazy\" decoding=\"async\" class=\"dp-dfg-featured-image\" src=\"https:\/\/www.museuemporda.org\/wp-content\/uploads\/2022\/01\/mE-2524-250x250.jpg\" alt=\"Ravioli que se va\" width=\"250\" height=\"250\" data-ratio=\"1\"\/><\/a><\/figure><div class=\"dp-dfg-header entry-header\"><h2 class=\"entry-title\">Ravioli que se va<\/h2><\/div><div class=\"dp-dfg-custom-content\"><p class=\"dp-dfg-custom-field dp-dfg-cf-autors2\"><span class=\"dp-dfg-custom-field-value\">Francesc Guillamet Ferran<\/span><\/p><\/div><\/article><!-- DPDFG End Post Item Container --><article id=\"post-8686\" class=\"dp-dfg-item post-8686 obres_autors type-obres_autors status-publish has-post-thumbnail hentry autors-autoria-desconeguda disciplina-arqueologia \"     data-position=\"1031\"   data-new-tab=\"off\"   data-action-priority=\"item\"><figure class=\"dp-dfg-image entry-thumb\"><a href=\"https:\/\/www.museuemporda.org\/?obres_autors=moneda-as\" class=\"dp-dfg-image-link\" ><img loading=\"lazy\" decoding=\"async\" class=\"dp-dfg-featured-image\" src=\"https:\/\/www.museuemporda.org\/wp-content\/uploads\/2021\/10\/mE-449-250x250.jpg\" alt=\"Moneda (as)\" width=\"250\" height=\"250\" data-ratio=\"1\"\/><\/a><\/figure><div class=\"dp-dfg-header entry-header\"><h2 class=\"entry-title\">Moneda (as)<\/h2><\/div><div class=\"dp-dfg-custom-content\"><p class=\"dp-dfg-custom-field dp-dfg-cf-autors2\"><span class=\"dp-dfg-custom-field-value\">Autoria desconeguda<\/span><\/p><\/div><\/article><!-- DPDFG End Post Item Container --><article id=\"post-10262\" class=\"dp-dfg-item post-10262 obres_autors type-obres_autors status-publish has-post-thumbnail hentry tipus_tecniques-pintura tecnica_especifica-aquarella-sobre-paper autors-pere-bech-sudria disciplina-pintura \"     data-position=\"1032\"   data-new-tab=\"off\"   data-action-priority=\"item\"><figure class=\"dp-dfg-image entry-thumb\"><a href=\"https:\/\/www.museuemporda.org\/?obres_autors=paisatge-46\" class=\"dp-dfg-image-link\" ><img loading=\"lazy\" decoding=\"async\" class=\"dp-dfg-featured-image\" src=\"https:\/\/www.museuemporda.org\/wp-content\/uploads\/2022\/01\/mE-2200-A-250x250.jpg\" alt=\"Paisatge\" width=\"250\" height=\"250\" data-ratio=\"1\"\/><\/a><\/figure><div class=\"dp-dfg-header entry-header\"><h2 class=\"entry-title\">Paisatge<\/h2><\/div><div class=\"dp-dfg-custom-content\"><p class=\"dp-dfg-custom-field dp-dfg-cf-autors2\"><span class=\"dp-dfg-custom-field-value\">Pere Bech Sudri\u00e0<\/span><\/p><\/div><\/article><!-- DPDFG End Post Item Container --><article id=\"post-11487\" class=\"dp-dfg-item post-11487 obres_autors type-obres_autors status-publish has-post-thumbnail hentry tipus_tecniques-pintura tecnica_especifica-oli-sobre-fusta autors-oleguer-junyent-sans disciplina-pintura \"     data-position=\"1033\"   data-new-tab=\"off\"   data-action-priority=\"item\"><figure class=\"dp-dfg-image entry-thumb\"><a href=\"https:\/\/www.museuemporda.org\/?obres_autors=comarca-gironina\" class=\"dp-dfg-image-link\" ><img loading=\"lazy\" decoding=\"async\" class=\"dp-dfg-featured-image\" src=\"https:\/\/www.museuemporda.org\/wp-content\/uploads\/2022\/02\/mE-1235-250x250.jpg\" alt=\"Comarca gironina\" width=\"250\" height=\"250\" data-ratio=\"1\"\/><\/a><\/figure><div class=\"dp-dfg-header entry-header\"><h2 class=\"entry-title\">Comarca gironina<\/h2><\/div><div class=\"dp-dfg-custom-content\"><p class=\"dp-dfg-custom-field dp-dfg-cf-autors2\"><span class=\"dp-dfg-custom-field-value\">Oleguer Junyent Sans<\/span><\/p><\/div><\/article><!-- DPDFG End Post Item Container --><article id=\"post-13617\" class=\"dp-dfg-item post-13617 obres_autors type-obres_autors status-publish has-post-thumbnail hentry tipus_tecniques-obra-grafica tecnica_especifica-impressio-digital autors-enric-bardera-garcia disciplina-obra-grafic \"     data-position=\"1034\"   data-new-tab=\"off\"   data-action-priority=\"item\"><figure class=\"dp-dfg-image entry-thumb\"><a href=\"https:\/\/www.museuemporda.org\/?obres_autors=poesia-optica-i-2\" class=\"dp-dfg-image-link\" ><img loading=\"lazy\" decoding=\"async\" class=\"dp-dfg-featured-image\" src=\"https:\/\/www.museuemporda.org\/wp-content\/uploads\/2023\/06\/mE-2364-223x250.jpg\" alt=\"Poesia \u00f2ptica I\" width=\"223\" height=\"250\" data-ratio=\"1.1210762331839\"\/><\/a><\/figure><div class=\"dp-dfg-header entry-header\"><h2 class=\"entry-title\">Poesia \u00f2ptica I<\/h2><\/div><div class=\"dp-dfg-custom-content\"><p class=\"dp-dfg-custom-field dp-dfg-cf-autors2\"><span class=\"dp-dfg-custom-field-value\">Enric Bardera Garcia<\/span><\/p><\/div><\/article><!-- DPDFG End Post Item Container --><article id=\"post-11999\" class=\"dp-dfg-item post-11999 obres_autors type-obres_autors status-publish has-post-thumbnail hentry tipus_tecniques-obra-grafica tecnica_especifica-gravat autors-eugeni-torrens disciplina-obra-grafic \"     data-position=\"1035\"   data-new-tab=\"off\"   data-action-priority=\"item\"><figure class=\"dp-dfg-image entry-thumb\"><a href=\"https:\/\/www.museuemporda.org\/?obres_autors=representacio-no-figurativa-2\" class=\"dp-dfg-image-link\" ><img loading=\"lazy\" decoding=\"async\" class=\"dp-dfg-featured-image\" src=\"https:\/\/www.museuemporda.org\/wp-content\/uploads\/2022\/02\/mE-1488-250x250.jpg\" alt=\"Representaci\u00f3 no figurativa\" width=\"250\" height=\"250\" data-ratio=\"1\"\/><\/a><\/figure><div class=\"dp-dfg-header entry-header\"><h2 class=\"entry-title\">Representaci\u00f3 no figurativa<\/h2><\/div><div class=\"dp-dfg-custom-content\"><p class=\"dp-dfg-custom-field dp-dfg-cf-autors2\"><span class=\"dp-dfg-custom-field-value\">Eugeni Torrens<\/span><\/p><\/div><\/article><!-- DPDFG End Post Item Container --><article id=\"post-9464\" class=\"dp-dfg-item post-9464 obres_autors type-obres_autors status-publish has-post-thumbnail hentry tipus_tecniques-dibuix tecnica_especifica-tinta-sobre-paper autors-joaquim-bech-de-careda-casadevall disciplina-dibuix \"     data-position=\"1036\"   data-new-tab=\"off\"   data-action-priority=\"item\"><figure class=\"dp-dfg-image entry-thumb\"><a href=\"https:\/\/www.museuemporda.org\/?obres_autors=vilabertran\" class=\"dp-dfg-image-link\" ><img loading=\"lazy\" decoding=\"async\" class=\"dp-dfg-featured-image\" src=\"https:\/\/www.museuemporda.org\/wp-content\/uploads\/2022\/01\/mE-759-250x250.jpg\" alt=\"Vilabertran\" width=\"250\" height=\"250\" data-ratio=\"1\"\/><\/a><\/figure><div class=\"dp-dfg-header entry-header\"><h2 class=\"entry-title\">Vilabertran<\/h2><\/div><div class=\"dp-dfg-custom-content\"><p class=\"dp-dfg-custom-field dp-dfg-cf-autors2\"><span class=\"dp-dfg-custom-field-value\">Joaquim Bech de Careda Casadevall<\/span><\/p><\/div><\/article><!-- DPDFG End Post Item Container --><article id=\"post-14118\" class=\"dp-dfg-item post-14118 obres_autors type-obres_autors status-publish has-post-thumbnail hentry tipus_tecniques-dibuix tecnica_especifica-impressio-digital autors-miquel-sanchez disciplina-fotografia \"     data-position=\"1037\"   data-new-tab=\"off\"   data-action-priority=\"item\"><figure class=\"dp-dfg-image entry-thumb\"><a href=\"https:\/\/www.museuemporda.org\/?obres_autors=sense-titol-388\" class=\"dp-dfg-image-link\" ><img loading=\"lazy\" decoding=\"async\" class=\"dp-dfg-featured-image\" src=\"https:\/\/www.museuemporda.org\/wp-content\/uploads\/2023\/06\/ME2753-SANCHEZ-250x250.jpg\" alt=\"Sense t\u00edtol\" width=\"250\" height=\"250\" data-ratio=\"1\"\/><\/a><\/figure><div class=\"dp-dfg-header entry-header\"><h2 class=\"entry-title\">Sense t\u00edtol<\/h2><\/div><div class=\"dp-dfg-custom-content\"><p class=\"dp-dfg-custom-field dp-dfg-cf-autors2\"><span class=\"dp-dfg-custom-field-value\">Miquel Sanchez<\/span><\/p><\/div><\/article><!-- DPDFG End Post Item Container --><article id=\"post-11117\" class=\"dp-dfg-item post-11117 obres_autors type-obres_autors status-publish has-post-thumbnail hentry tipus_tecniques-obra-grafica tecnica_especifica-aiguafort-amb-vernis-tou autors-alexandre-bonaterra-matas disciplina-obra-grafic \"     data-position=\"1038\"   data-new-tab=\"off\"   data-action-priority=\"item\"><figure class=\"dp-dfg-image entry-thumb\"><a href=\"https:\/\/www.museuemporda.org\/?obres_autors=poble\" class=\"dp-dfg-image-link\" ><img loading=\"lazy\" decoding=\"async\" class=\"dp-dfg-featured-image\" src=\"https:\/\/www.museuemporda.org\/wp-content\/uploads\/2022\/02\/mE-1449-250x250.jpg\" alt=\"Poble\" width=\"250\" height=\"250\" data-ratio=\"1\"\/><\/a><\/figure><div class=\"dp-dfg-header entry-header\"><h2 class=\"entry-title\">Poble<\/h2><\/div><div class=\"dp-dfg-custom-content\"><p class=\"dp-dfg-custom-field dp-dfg-cf-autors2\"><span class=\"dp-dfg-custom-field-value\">Alexandre Bonaterra Matas<\/span><\/p><\/div><\/article><!-- DPDFG End Post Item Container --><article id=\"post-13650\" class=\"dp-dfg-item post-13650 obres_autors type-obres_autors status-publish has-post-thumbnail hentry tipus_tecniques-pintura tecnica_especifica-pintura-sobre-tela autors-aubert disciplina-pintura \"     data-position=\"1039\"   data-new-tab=\"off\"   data-action-priority=\"item\"><figure class=\"dp-dfg-image entry-thumb\"><a href=\"https:\/\/www.museuemporda.org\/?obres_autors=13650\" class=\"dp-dfg-image-link\" ><img loading=\"lazy\" decoding=\"async\" class=\"dp-dfg-featured-image\" src=\"https:\/\/www.museuemporda.org\/wp-content\/uploads\/2023\/06\/mE-2421-250x250.jpg\" alt=\"Sense t\u00edtol\" width=\"250\" height=\"250\" data-ratio=\"1\"\/><\/a><\/figure><div class=\"dp-dfg-header entry-header\"><h2 class=\"entry-title\">Sense t\u00edtol<\/h2><\/div><div class=\"dp-dfg-custom-content\"><p class=\"dp-dfg-custom-field dp-dfg-cf-autors2\"><span class=\"dp-dfg-custom-field-value\">Aubert<\/span><\/p><\/div><\/article><!-- DPDFG End Post Item Container --><article id=\"post-12247\" class=\"dp-dfg-item post-12247 obres_autors type-obres_autors status-publish has-post-thumbnail hentry tipus_tecniques-indumentaria tecnica_especifica-fusta-i-paper autors-autoria-desconeguda disciplina-indumentaria \"     data-position=\"1040\"   data-new-tab=\"off\"   data-action-priority=\"item\"><figure class=\"dp-dfg-image entry-thumb\"><a href=\"https:\/\/www.museuemporda.org\/?obres_autors=sense-titol-187\" class=\"dp-dfg-image-link\" ><img loading=\"lazy\" decoding=\"async\" class=\"dp-dfg-featured-image\" src=\"https:\/\/www.museuemporda.org\/wp-content\/uploads\/2022\/03\/mE-1596-c-250x250.jpg\" alt=\"Sense t\u00edtol\" width=\"250\" height=\"250\" data-ratio=\"1\"\/><\/a><\/figure><div class=\"dp-dfg-header entry-header\"><h2 class=\"entry-title\">Sense t\u00edtol<\/h2><\/div><div class=\"dp-dfg-custom-content\"><p class=\"dp-dfg-custom-field dp-dfg-cf-autors2\"><span class=\"dp-dfg-custom-field-value\">Autoria desconeguda<\/span><\/p><\/div><\/article><!-- DPDFG End Post Item Container --><article id=\"post-5912\" class=\"dp-dfg-item post-5912 obres_autors type-obres_autors status-publish has-post-thumbnail hentry autors-anna-marin-escursell disciplina-fotografia \"     data-position=\"1041\"   data-new-tab=\"off\"   data-action-priority=\"item\"><figure class=\"dp-dfg-image entry-thumb\"><a href=\"https:\/\/www.museuemporda.org\/?obres_autors=la-source-i\" class=\"dp-dfg-image-link\" ><img loading=\"lazy\" decoding=\"async\" class=\"dp-dfg-featured-image\" src=\"https:\/\/www.museuemporda.org\/wp-content\/uploads\/2020\/04\/mE-1639_3-250x250.jpg\" alt=\"La Source, 12 d&#8217;abril\" width=\"250\" height=\"250\" data-ratio=\"1\"\/><\/a><\/figure><div class=\"dp-dfg-header entry-header\"><h2 class=\"entry-title\">La Source, 12 d&#8217;abril<\/h2><\/div><div class=\"dp-dfg-custom-content\"><p class=\"dp-dfg-custom-field dp-dfg-cf-autors2\"><span class=\"dp-dfg-custom-field-value\">Anna Mar\u00edn Escursell<\/span><\/p><\/div><\/article><!-- DPDFG End Post Item Container --><article id=\"post-9107\" class=\"dp-dfg-item post-9107 obres_autors type-obres_autors status-publish has-post-thumbnail hentry tecnica_especifica-ceramica-blava-catalana autors-autoria-desconeguda disciplina-arqueologia \"     data-position=\"1042\"   data-new-tab=\"off\"   data-action-priority=\"item\"><figure class=\"dp-dfg-image entry-thumb\"><a href=\"https:\/\/www.museuemporda.org\/?obres_autors=bol-2\" class=\"dp-dfg-image-link\" ><img loading=\"lazy\" decoding=\"async\" class=\"dp-dfg-featured-image\" src=\"https:\/\/www.museuemporda.org\/wp-content\/uploads\/2021\/11\/mE-579-250x250.jpg\" alt=\"Bol\" width=\"250\" height=\"250\" data-ratio=\"1\"\/><\/a><\/figure><div class=\"dp-dfg-header entry-header\"><h2 class=\"entry-title\">Bol<\/h2><\/div><div class=\"dp-dfg-custom-content\"><p class=\"dp-dfg-custom-field dp-dfg-cf-autors2\"><span class=\"dp-dfg-custom-field-value\">Autoria desconeguda<\/span><\/p><\/div><\/article><!-- DPDFG End Post Item Container --><article id=\"post-6043\" class=\"dp-dfg-item post-6043 obres_autors type-obres_autors status-publish has-post-thumbnail hentry tecnica_especifica-oli-sobre-fusta autors-xavier-casellas-mas disciplina-pintura \"     data-position=\"1043\"   data-new-tab=\"off\"   data-action-priority=\"item\"><figure class=\"dp-dfg-image entry-thumb\"><a href=\"https:\/\/www.museuemporda.org\/?obres_autors=de-la-serie-els-malls-de-lalbera\" class=\"dp-dfg-image-link\" ><img loading=\"lazy\" decoding=\"async\" class=\"dp-dfg-featured-image\" src=\"https:\/\/www.museuemporda.org\/wp-content\/uploads\/2020\/04\/mE-1423-250x250.jpg\" alt=\"Estimballs de pols [de la s\u00e8rie &#8220;Els malls de l&#8217;Albera&#8221;]\" width=\"250\" height=\"250\" data-ratio=\"1\"\/><\/a><\/figure><div class=\"dp-dfg-header entry-header\"><h2 class=\"entry-title\">Estimballs de pols [de la s\u00e8rie &#8220;Els malls de l&#8217;Albera&#8221;]<\/h2><\/div><div class=\"dp-dfg-custom-content\"><p class=\"dp-dfg-custom-field dp-dfg-cf-autors2\"><span class=\"dp-dfg-custom-field-value\">Xavier Casellas Mas<\/span><\/p><\/div><\/article><!-- DPDFG End Post Item Container --><article id=\"post-6005\" class=\"dp-dfg-item post-6005 obres_autors type-obres_autors status-publish has-post-thumbnail hentry tecnica_especifica-aquarella-sobre-paper autors-rafael-santos-torroella disciplina-pintura \"     data-position=\"1044\"   data-new-tab=\"off\"   data-action-priority=\"item\"><figure class=\"dp-dfg-image entry-thumb\"><a href=\"https:\/\/www.museuemporda.org\/?obres_autors=retrat-de-pep-valles\" class=\"dp-dfg-image-link\" ><img loading=\"lazy\" decoding=\"async\" class=\"dp-dfg-featured-image\" src=\"https:\/\/www.museuemporda.org\/wp-content\/uploads\/2020\/04\/mE-807-250x250.jpg\" alt=\"Retrat del cr\u00edtic d&#8217;art Pep Vall\u00e8s Rovira\" width=\"250\" height=\"250\" data-ratio=\"1\"\/><\/a><\/figure><div class=\"dp-dfg-header entry-header\"><h2 class=\"entry-title\">Retrat del cr\u00edtic d&#8217;art Pep Vall\u00e8s Rovira<\/h2><\/div><div class=\"dp-dfg-custom-content\"><p class=\"dp-dfg-custom-field dp-dfg-cf-autors2\"><span class=\"dp-dfg-custom-field-value\">Rafael Santos Torroella<\/span><\/p><\/div><\/article><!-- DPDFG End Post Item Container --><article id=\"post-14345\" class=\"dp-dfg-item post-14345 obres_autors type-obres_autors status-publish has-post-thumbnail hentry tipus_tecniques-dibuix tecnica_especifica-impressio-digital autors-jordi-fenosa-tatay disciplina-dibuix \"     data-position=\"1045\"   data-new-tab=\"off\"   data-action-priority=\"item\"><figure class=\"dp-dfg-image entry-thumb\"><a href=\"https:\/\/www.museuemporda.org\/?obres_autors=sense-titol-494\" class=\"dp-dfg-image-link\" ><img loading=\"lazy\" decoding=\"async\" class=\"dp-dfg-featured-image\" src=\"https:\/\/www.museuemporda.org\/wp-content\/uploads\/2023\/07\/ME2880-TATAY-250x250.jpg\" alt=\"Sense t\u00edtol\" width=\"250\" height=\"250\" data-ratio=\"1\"\/><\/a><\/figure><div class=\"dp-dfg-header entry-header\"><h2 class=\"entry-title\">Sense t\u00edtol<\/h2><\/div><div class=\"dp-dfg-custom-content\"><p class=\"dp-dfg-custom-field dp-dfg-cf-autors2\"><span class=\"dp-dfg-custom-field-value\">Jordi Fenosa Tatay<\/span><\/p><\/div><\/article><!-- DPDFG End Post Item Container --><article id=\"post-10607\" class=\"dp-dfg-item post-10607 obres_autors type-obres_autors status-publish has-post-thumbnail hentry tipus_tecniques-obra-grafica tecnica_especifica-obra-grafica autors-francesc-torres-monso disciplina-obra-grafic \"     data-position=\"1046\"   data-new-tab=\"off\"   data-action-priority=\"item\"><figure class=\"dp-dfg-image entry-thumb\"><a href=\"https:\/\/www.museuemporda.org\/?obres_autors=creu-del-sud-i\" class=\"dp-dfg-image-link\" ><img loading=\"lazy\" decoding=\"async\" class=\"dp-dfg-featured-image\" src=\"https:\/\/www.museuemporda.org\/wp-content\/uploads\/2022\/02\/mE-1626-250x250.jpg\" alt=\"Creu del sud I\" width=\"250\" height=\"250\" data-ratio=\"1\"\/><\/a><\/figure><div class=\"dp-dfg-header entry-header\"><h2 class=\"entry-title\">Creu del sud I<\/h2><\/div><div class=\"dp-dfg-custom-content\"><p class=\"dp-dfg-custom-field dp-dfg-cf-autors2\"><span class=\"dp-dfg-custom-field-value\">Francesc Torres Mons\u00f3<\/span><\/p><\/div><\/article><!-- DPDFG End Post Item Container --><article id=\"post-9244\" class=\"dp-dfg-item post-9244 obres_autors type-obres_autors status-publish has-post-thumbnail hentry tecnica_especifica-guaix-sobre-paper autors-antoni-pitxot-soler disciplina-pintura \"     data-position=\"1047\"   data-new-tab=\"off\"   data-action-priority=\"item\"><figure class=\"dp-dfg-image entry-thumb\"><a href=\"https:\/\/www.museuemporda.org\/?obres_autors=sense-titol-19\" class=\"dp-dfg-image-link\" ><img loading=\"lazy\" decoding=\"async\" class=\"dp-dfg-featured-image\" src=\"https:\/\/www.museuemporda.org\/wp-content\/uploads\/2021\/11\/ME-2501_JORDI-PUIG-2021-250x250.jpg\" alt=\"Sense t\u00edtol\" width=\"250\" height=\"250\" data-ratio=\"1\"\/><\/a><\/figure><div class=\"dp-dfg-header entry-header\"><h2 class=\"entry-title\">Sense t\u00edtol<\/h2><\/div><div class=\"dp-dfg-custom-content\"><p class=\"dp-dfg-custom-field dp-dfg-cf-autors2\"><span class=\"dp-dfg-custom-field-value\">Antoni Pitxot Soler<\/span><\/p><\/div><\/article><!-- DPDFG End Post Item Container --><article id=\"post-14280\" class=\"dp-dfg-item post-14280 obres_autors type-obres_autors status-publish has-post-thumbnail hentry tipus_tecniques-dibuix tecnica_especifica-impressio-digital autors-quim-bou disciplina-dibuix \"     data-position=\"1048\"   data-new-tab=\"off\"   data-action-priority=\"item\"><figure class=\"dp-dfg-image entry-thumb\"><a href=\"https:\/\/www.museuemporda.org\/?obres_autors=sense-titol-464\" class=\"dp-dfg-image-link\" ><img loading=\"lazy\" decoding=\"async\" class=\"dp-dfg-featured-image\" src=\"https:\/\/www.museuemporda.org\/wp-content\/uploads\/2023\/07\/ME2849-BOU-250x250.jpg\" alt=\"Sense t\u00edtol\" width=\"250\" height=\"250\" data-ratio=\"1\"\/><\/a><\/figure><div class=\"dp-dfg-header entry-header\"><h2 class=\"entry-title\">Sense t\u00edtol<\/h2><\/div><div class=\"dp-dfg-custom-content\"><p class=\"dp-dfg-custom-field dp-dfg-cf-autors2\"><span class=\"dp-dfg-custom-field-value\">Quim Bou<\/span><\/p><\/div><\/article><!-- DPDFG End Post Item Container --><article id=\"post-10836\" class=\"dp-dfg-item post-10836 obres_autors type-obres_autors status-publish has-post-thumbnail hentry tipus_tecniques-dibuix tecnica_especifica-llapis-carbo-sobre-paper autors-josep-lluis-pellicer-fenye disciplina-dibuix \"     data-position=\"1049\"   data-new-tab=\"off\"   data-action-priority=\"item\"><figure class=\"dp-dfg-image entry-thumb\"><a href=\"https:\/\/www.museuemporda.org\/?obres_autors=quarantena-en-el-llatzeret-del-perthus-la-meva-cambra\" class=\"dp-dfg-image-link\" ><img loading=\"lazy\" decoding=\"async\" class=\"dp-dfg-featured-image\" src=\"https:\/\/www.museuemporda.org\/wp-content\/uploads\/2022\/02\/mE-1543-250x250.jpg\" alt=\"Quarantena en el llatzeret del Perthus; la meva cambra\" width=\"250\" height=\"250\" data-ratio=\"1\"\/><\/a><\/figure><div class=\"dp-dfg-header entry-header\"><h2 class=\"entry-title\">Quarantena en el llatzeret del Perthus; la meva cambra<\/h2><\/div><div class=\"dp-dfg-custom-content\"><p class=\"dp-dfg-custom-field dp-dfg-cf-autors2\"><span class=\"dp-dfg-custom-field-value\">Josep Llu\u00eds Pellicer Feny\u00e9<\/span><\/p><\/div><\/article><!-- DPDFG End Post Item Container --><article id=\"post-9234\" class=\"dp-dfg-item post-9234 obres_autors type-obres_autors status-publish has-post-thumbnail hentry tecnica_especifica-tecnica-mixta-sobre-fusta-i-teixit autors-joaquim-carbo-berthold disciplina-pintura \"     data-position=\"1050\"   data-new-tab=\"off\"   data-action-priority=\"item\"><figure class=\"dp-dfg-image entry-thumb\"><a href=\"https:\/\/www.museuemporda.org\/?obres_autors=sense-titol-18\" class=\"dp-dfg-image-link\" ><img loading=\"lazy\" decoding=\"async\" class=\"dp-dfg-featured-image\" src=\"https:\/\/www.museuemporda.org\/wp-content\/uploads\/2021\/11\/mE-2533-250x250.jpg\" alt=\"Sense t\u00edtol\" width=\"250\" height=\"250\" data-ratio=\"1\"\/><\/a><\/figure><div class=\"dp-dfg-header entry-header\"><h2 class=\"entry-title\">Sense t\u00edtol<\/h2><\/div><div class=\"dp-dfg-custom-content\"><p class=\"dp-dfg-custom-field dp-dfg-cf-autors2\"><span class=\"dp-dfg-custom-field-value\">Joaquim Carb\u00f3 Berthold<\/span><\/p><\/div><\/article><!-- DPDFG End Post Item Container --><article id=\"post-11925\" class=\"dp-dfg-item post-11925 obres_autors type-obres_autors status-publish has-post-thumbnail hentry tipus_tecniques-pintura tecnica_especifica-tecnica-mixta-sobre-tela autors-montserrat-rovira-vallhonesta disciplina-pintura \"     data-position=\"1051\"   data-new-tab=\"off\"   data-action-priority=\"item\"><figure class=\"dp-dfg-image entry-thumb\"><a href=\"https:\/\/www.museuemporda.org\/?obres_autors=arran-de-mar\" class=\"dp-dfg-image-link\" ><img loading=\"lazy\" decoding=\"async\" class=\"dp-dfg-featured-image\" src=\"https:\/\/www.museuemporda.org\/wp-content\/uploads\/2022\/02\/mE-2172-250x250.jpg\" alt=\"Arran de mar\" width=\"250\" height=\"250\" data-ratio=\"1\"\/><\/a><\/figure><div class=\"dp-dfg-header entry-header\"><h2 class=\"entry-title\">Arran de mar<\/h2><\/div><div class=\"dp-dfg-custom-content\"><p class=\"dp-dfg-custom-field dp-dfg-cf-autors2\"><span class=\"dp-dfg-custom-field-value\">Montserrat Rovira Vallhonesta<\/span><\/p><\/div><\/article><!-- DPDFG End Post Item Container --><article id=\"post-11782\" class=\"dp-dfg-item post-11782 obres_autors type-obres_autors status-publish has-post-thumbnail hentry tipus_tecniques-pintura tecnica_especifica-aquarella-sobre-paper autors-jaume-oates-borias disciplina-pintura \"     data-position=\"1052\"   data-new-tab=\"off\"   data-action-priority=\"item\"><figure class=\"dp-dfg-image entry-thumb\"><a href=\"https:\/\/www.museuemporda.org\/?obres_autors=els-voltants-de-taxco\" class=\"dp-dfg-image-link\" ><img loading=\"lazy\" decoding=\"async\" class=\"dp-dfg-featured-image\" src=\"https:\/\/www.museuemporda.org\/wp-content\/uploads\/2022\/02\/mE-1343-250x250.jpg\" alt=\"Els voltants de Taxco\" width=\"250\" height=\"250\" data-ratio=\"1\"\/><\/a><\/figure><div class=\"dp-dfg-header entry-header\"><h2 class=\"entry-title\">Els voltants de Taxco<\/h2><\/div><div class=\"dp-dfg-custom-content\"><p class=\"dp-dfg-custom-field dp-dfg-cf-autors2\"><span class=\"dp-dfg-custom-field-value\">Jaume Oates Borias<\/span><\/p><\/div><\/article><!-- DPDFG End Post Item Container --><article id=\"post-9718\" class=\"dp-dfg-item post-9718 obres_autors type-obres_autors status-publish has-post-thumbnail hentry tipus_tecniques-fotografia tecnica_especifica-fotografia autors-joaquim-fort-de-ribot disciplina-fotografia \"     data-position=\"1053\"   data-new-tab=\"off\"   data-action-priority=\"item\"><figure class=\"dp-dfg-image entry-thumb\"><a href=\"https:\/\/www.museuemporda.org\/?obres_autors=el-far-demporda\" class=\"dp-dfg-image-link\" ><img loading=\"lazy\" decoding=\"async\" class=\"dp-dfg-featured-image\" src=\"https:\/\/www.museuemporda.org\/wp-content\/uploads\/2022\/01\/mE-2448-250x250.jpg\" alt=\"El Far d&#8217;Empord\u00e0\" width=\"250\" height=\"250\" data-ratio=\"1\"\/><\/a><\/figure><div class=\"dp-dfg-header entry-header\"><h2 class=\"entry-title\">El Far d&#8217;Empord\u00e0<\/h2><\/div><div class=\"dp-dfg-custom-content\"><p class=\"dp-dfg-custom-field dp-dfg-cf-autors2\"><span class=\"dp-dfg-custom-field-value\">Joaquim Fort de Ribot<\/span><\/p><\/div><\/article><!-- DPDFG End Post Item Container --><article id=\"post-9115\" class=\"dp-dfg-item post-9115 obres_autors type-obres_autors status-publish has-post-thumbnail hentry tipus_tecniques-amfora tipus_tecniques-ceramica autors-autoria-desconeguda disciplina-arqueologia \"     data-position=\"1054\"   data-new-tab=\"off\"   data-action-priority=\"item\"><figure class=\"dp-dfg-image entry-thumb\"><a href=\"https:\/\/www.museuemporda.org\/?obres_autors=amfora-betica-2\" class=\"dp-dfg-image-link\" ><img loading=\"lazy\" decoding=\"async\" class=\"dp-dfg-featured-image\" src=\"https:\/\/www.museuemporda.org\/wp-content\/uploads\/2021\/11\/mE-569-250x250.jpg\" alt=\"\u00c0mfora b\u00e8tica\" width=\"250\" height=\"250\" data-ratio=\"1\"\/><\/a><\/figure><div class=\"dp-dfg-header entry-header\"><h2 class=\"entry-title\">\u00c0mfora b\u00e8tica<\/h2><\/div><div class=\"dp-dfg-custom-content\"><p class=\"dp-dfg-custom-field dp-dfg-cf-autors2\"><span class=\"dp-dfg-custom-field-value\">Autoria desconeguda<\/span><\/p><\/div><\/article><!-- DPDFG End Post Item Container --><article id=\"post-14260\" class=\"dp-dfg-item post-14260 obres_autors type-obres_autors status-publish has-post-thumbnail hentry tipus_tecniques-dibuix tecnica_especifica-impressio-digital autors-joan-antoja-mas disciplina-dibuix \"     data-position=\"1055\"   data-new-tab=\"off\"   data-action-priority=\"item\"><figure class=\"dp-dfg-image entry-thumb\"><a href=\"https:\/\/www.museuemporda.org\/?obres_autors=sense-titol-454\" class=\"dp-dfg-image-link\" ><img loading=\"lazy\" decoding=\"async\" class=\"dp-dfg-featured-image\" src=\"https:\/\/www.museuemporda.org\/wp-content\/uploads\/2023\/07\/ME2839-ANTOJA-250x250.jpg\" alt=\"Sense t\u00edtol\" width=\"250\" height=\"250\" data-ratio=\"1\"\/><\/a><\/figure><div class=\"dp-dfg-header entry-header\"><h2 class=\"entry-title\">Sense t\u00edtol<\/h2><\/div><div class=\"dp-dfg-custom-content\"><p class=\"dp-dfg-custom-field dp-dfg-cf-autors2\"><span class=\"dp-dfg-custom-field-value\">Joan Antoja Mas<\/span><\/p><\/div><\/article><!-- DPDFG End Post Item Container --><article id=\"post-9117\" class=\"dp-dfg-item post-9117 obres_autors type-obres_autors status-publish has-post-thumbnail hentry tipus_tecniques-ceramica autors-autoria-desconeguda disciplina-arqueologia \"     data-position=\"1056\"   data-new-tab=\"off\"   data-action-priority=\"item\"><figure class=\"dp-dfg-image entry-thumb\"><a href=\"https:\/\/www.museuemporda.org\/?obres_autors=amfora-betica-3\" class=\"dp-dfg-image-link\" ><img loading=\"lazy\" decoding=\"async\" class=\"dp-dfg-featured-image\" src=\"https:\/\/www.museuemporda.org\/wp-content\/uploads\/2021\/11\/mE-570-250x250.jpg\" alt=\"\u00c0mfora b\u00e8tica\" width=\"250\" height=\"250\" data-ratio=\"1\"\/><\/a><\/figure><div class=\"dp-dfg-header entry-header\"><h2 class=\"entry-title\">\u00c0mfora b\u00e8tica<\/h2><\/div><div class=\"dp-dfg-custom-content\"><p class=\"dp-dfg-custom-field dp-dfg-cf-autors2\"><span class=\"dp-dfg-custom-field-value\">Autoria desconeguda<\/span><\/p><\/div><\/article><!-- DPDFG End Post Item Container --><article id=\"post-8139\" class=\"dp-dfg-item post-8139 obres_autors type-obres_autors status-publish has-post-thumbnail hentry tecnica_especifica-llapis-sobre-paper autors-vladimir-kibaltchitch-rusakov disciplina-obra-grafic \"     data-position=\"1057\"   data-new-tab=\"off\"   data-action-priority=\"item\"><figure class=\"dp-dfg-image entry-thumb\"><a href=\"https:\/\/www.museuemporda.org\/?obres_autors=retrat-dabelard-fabrega-esteb\" class=\"dp-dfg-image-link\" ><img loading=\"lazy\" decoding=\"async\" class=\"dp-dfg-featured-image\" src=\"https:\/\/www.museuemporda.org\/wp-content\/uploads\/2021\/08\/mE-1380-250x250.jpg\" alt=\"Retrat d&#8217;Abelard F\u00e0brega Esteba\" width=\"250\" height=\"250\" data-ratio=\"1\"\/><\/a><\/figure><div class=\"dp-dfg-header entry-header\"><h2 class=\"entry-title\">Retrat d&#8217;Abelard F\u00e0brega Esteba<\/h2><\/div><div class=\"dp-dfg-custom-content\"><p class=\"dp-dfg-custom-field dp-dfg-cf-autors2\"><span class=\"dp-dfg-custom-field-value\">Vladimir Kibaltchitch Rusakov<\/span><\/p><\/div><\/article><!-- DPDFG End Post Item Container --><article id=\"post-1316\" class=\"dp-dfg-item post-1316 obres_autors type-obres_autors status-publish has-post-thumbnail hentry tecnica_especifica-pintura-sobre-paper autors-enric-climent-palahi \"     data-position=\"1058\"   data-new-tab=\"off\"   data-action-priority=\"item\"><figure class=\"dp-dfg-image entry-thumb\"><a href=\"https:\/\/www.museuemporda.org\/?obres_autors=piramide-de-teotihuacan\" class=\"dp-dfg-image-link\" ><img loading=\"lazy\" decoding=\"async\" class=\"dp-dfg-featured-image\" src=\"https:\/\/www.museuemporda.org\/wp-content\/uploads\/2020\/04\/mE-1316-scaled-1-250x250.jpg\" alt=\"Pir\u00e0mide de Teotihuacan\" width=\"250\" height=\"250\" data-ratio=\"1\"\/><\/a><\/figure><div class=\"dp-dfg-header entry-header\"><h2 class=\"entry-title\">Pir\u00e0mide de Teotihuacan<\/h2><\/div><div class=\"dp-dfg-custom-content\"><p class=\"dp-dfg-custom-field dp-dfg-cf-autors2\"><span class=\"dp-dfg-custom-field-value\">Enric Climent Palah\u00ed<\/span><\/p><\/div><\/article><!-- DPDFG End Post Item Container --><article id=\"post-5824\" class=\"dp-dfg-item post-5824 obres_autors type-obres_autors status-publish has-post-thumbnail hentry tecnica_especifica-oli-sobre-tela autors-joaquim-mir-trinxet \"     data-position=\"1059\"   data-new-tab=\"off\"   data-action-priority=\"item\"><figure class=\"dp-dfg-image entry-thumb\"><a href=\"https:\/\/www.museuemporda.org\/?obres_autors=laleixar\" class=\"dp-dfg-image-link\" ><img loading=\"lazy\" decoding=\"async\" class=\"dp-dfg-featured-image\" src=\"https:\/\/www.museuemporda.org\/wp-content\/uploads\/2020\/04\/mE-665-250x250.jpg\" alt=\"L&#8217;Aleixar\" width=\"250\" height=\"250\" data-ratio=\"1\"\/><\/a><\/figure><div class=\"dp-dfg-header entry-header\"><h2 class=\"entry-title\">L&#8217;Aleixar<\/h2><\/div><div class=\"dp-dfg-custom-content\"><p class=\"dp-dfg-custom-field dp-dfg-cf-autors2\"><span class=\"dp-dfg-custom-field-value\">Joaquim Mir Trinxet<\/span><\/p><\/div><\/article><!-- DPDFG End Post Item Container --><article id=\"post-8190\" class=\"dp-dfg-item post-8190 obres_autors type-obres_autors status-publish has-post-thumbnail hentry autors-josep-dunach-sala disciplina-escultura \"     data-position=\"1060\"   data-new-tab=\"off\"   data-action-priority=\"item\"><figure class=\"dp-dfg-image entry-thumb\"><a href=\"https:\/\/www.museuemporda.org\/?obres_autors=figura-masculina-asseguda\" class=\"dp-dfg-image-link\" ><img loading=\"lazy\" decoding=\"async\" class=\"dp-dfg-featured-image\" src=\"https:\/\/www.museuemporda.org\/wp-content\/uploads\/2021\/08\/mE-1453-250x250.jpg\" alt=\"Figura masculina asseguda\" width=\"250\" height=\"250\" data-ratio=\"1\"\/><\/a><\/figure><div class=\"dp-dfg-header entry-header\"><h2 class=\"entry-title\">Figura masculina asseguda<\/h2><\/div><div class=\"dp-dfg-custom-content\"><p class=\"dp-dfg-custom-field dp-dfg-cf-autors2\"><span class=\"dp-dfg-custom-field-value\">Josep Du\u00f1ach Sala<\/span><\/p><\/div><\/article><!-- DPDFG End Post Item Container --><article id=\"post-1323\" class=\"dp-dfg-item post-1323 obres_autors type-obres_autors status-publish has-post-thumbnail hentry autors-abel-ferrater-hortet \"     data-position=\"1061\"   data-new-tab=\"off\"   data-action-priority=\"item\"><figure class=\"dp-dfg-image entry-thumb\"><a href=\"https:\/\/www.museuemporda.org\/?obres_autors=eucaliptus\" class=\"dp-dfg-image-link\" ><img loading=\"lazy\" decoding=\"async\" class=\"dp-dfg-featured-image\" src=\"https:\/\/www.museuemporda.org\/wp-content\/uploads\/2020\/04\/mE-1323-scaled-1-250x250.jpg\" alt=\"Eucaliptus\" width=\"250\" height=\"250\" data-ratio=\"1\"\/><\/a><\/figure><div class=\"dp-dfg-header entry-header\"><h2 class=\"entry-title\">Eucaliptus<\/h2><\/div><div class=\"dp-dfg-custom-content\"><p class=\"dp-dfg-custom-field dp-dfg-cf-autors2\"><span class=\"dp-dfg-custom-field-value\">Abel Ferrater Hortet<\/span><\/p><\/div><\/article><!-- DPDFG End Post Item Container --><article id=\"post-10143\" class=\"dp-dfg-item post-10143 obres_autors type-obres_autors status-publish has-post-thumbnail hentry tipus_tecniques-dibuix tecnica_especifica-tecnica-mixta autors-josep-maria-mallol-suazo disciplina-dibuix \"     data-position=\"1062\"   data-new-tab=\"off\"   data-action-priority=\"item\"><figure class=\"dp-dfg-image entry-thumb\"><a href=\"https:\/\/www.museuemporda.org\/?obres_autors=figura-femenina-7\" class=\"dp-dfg-image-link\" ><img loading=\"lazy\" decoding=\"async\" class=\"dp-dfg-featured-image\" src=\"https:\/\/www.museuemporda.org\/wp-content\/uploads\/2022\/01\/mE-1178-250x250.jpg\" alt=\"Figura femenina\" width=\"250\" height=\"250\" data-ratio=\"1\"\/><\/a><\/figure><div class=\"dp-dfg-header entry-header\"><h2 class=\"entry-title\">Figura femenina<\/h2><\/div><div class=\"dp-dfg-custom-content\"><p class=\"dp-dfg-custom-field dp-dfg-cf-autors2\"><span class=\"dp-dfg-custom-field-value\">Josep Maria Mallol Suazo<\/span><\/p><\/div><\/article><!-- DPDFG End Post Item Container --><article id=\"post-14268\" class=\"dp-dfg-item post-14268 obres_autors type-obres_autors status-publish has-post-thumbnail hentry tipus_tecniques-dibuix tecnica_especifica-impressio-digital autors-quim-bou disciplina-dibuix \"     data-position=\"1063\"   data-new-tab=\"off\"   data-action-priority=\"item\"><figure class=\"dp-dfg-image entry-thumb\"><a href=\"https:\/\/www.museuemporda.org\/?obres_autors=sense-titol-458\" class=\"dp-dfg-image-link\" ><img loading=\"lazy\" decoding=\"async\" class=\"dp-dfg-featured-image\" src=\"https:\/\/www.museuemporda.org\/wp-content\/uploads\/2023\/07\/ME2843-BOU-250x250.jpg\" alt=\"Sense t\u00edtol\" width=\"250\" height=\"250\" data-ratio=\"1\"\/><\/a><\/figure><div class=\"dp-dfg-header entry-header\"><h2 class=\"entry-title\">Sense t\u00edtol<\/h2><\/div><div class=\"dp-dfg-custom-content\"><p class=\"dp-dfg-custom-field dp-dfg-cf-autors2\"><span class=\"dp-dfg-custom-field-value\">Quim Bou<\/span><\/p><\/div><\/article><!-- DPDFG End Post Item Container --><article id=\"post-9096\" class=\"dp-dfg-item post-9096 obres_autors type-obres_autors status-publish has-post-thumbnail hentry tecnica_especifica-pedra-calcaria autors-autoria-desconeguda disciplina-escultura \"     data-position=\"1064\"   data-new-tab=\"off\"   data-action-priority=\"item\"><figure class=\"dp-dfg-image entry-thumb\"><a href=\"https:\/\/www.museuemporda.org\/?obres_autors=capitell-4\" class=\"dp-dfg-image-link\" ><img loading=\"lazy\" decoding=\"async\" class=\"dp-dfg-featured-image\" src=\"https:\/\/www.museuemporda.org\/wp-content\/uploads\/2021\/11\/mE-413-250x250.jpg\" alt=\"Capitell\" width=\"250\" height=\"250\" data-ratio=\"1\"\/><\/a><\/figure><div class=\"dp-dfg-header entry-header\"><h2 class=\"entry-title\">Capitell<\/h2><\/div><div class=\"dp-dfg-custom-content\"><p class=\"dp-dfg-custom-field dp-dfg-cf-autors2\"><span class=\"dp-dfg-custom-field-value\">Autoria desconeguda<\/span><\/p><\/div><\/article><!-- DPDFG End Post Item Container --><article id=\"post-9129\" class=\"dp-dfg-item post-9129 obres_autors type-obres_autors status-publish has-post-thumbnail hentry tipus_tecniques-ceramica autors-autoria-desconeguda disciplina-arqueologia \"     data-position=\"1065\"   data-new-tab=\"off\"   data-action-priority=\"item\"><figure class=\"dp-dfg-image entry-thumb\"><a href=\"https:\/\/www.museuemporda.org\/?obres_autors=urna-cineraria\" class=\"dp-dfg-image-link\" ><img loading=\"lazy\" decoding=\"async\" class=\"dp-dfg-featured-image\" src=\"https:\/\/www.museuemporda.org\/wp-content\/uploads\/2021\/11\/mE-515-250x250.jpg\" alt=\"Urna ciner\u00e0ria\" width=\"250\" height=\"250\" data-ratio=\"1\"\/><\/a><\/figure><div class=\"dp-dfg-header entry-header\"><h2 class=\"entry-title\">Urna ciner\u00e0ria<\/h2><\/div><div class=\"dp-dfg-custom-content\"><p class=\"dp-dfg-custom-field dp-dfg-cf-autors2\"><span class=\"dp-dfg-custom-field-value\">Autoria desconeguda<\/span><\/p><\/div><\/article><!-- DPDFG End Post Item Container --><article id=\"post-5800\" class=\"dp-dfg-item post-5800 obres_autors type-obres_autors status-publish has-post-thumbnail hentry tecnica_especifica-oli-sobre-tela autors-lluis-rigalt-farriols disciplina-pintura \"     data-position=\"1066\"   data-new-tab=\"off\"   data-action-priority=\"item\"><figure class=\"dp-dfg-image entry-thumb\"><a href=\"https:\/\/www.museuemporda.org\/?obres_autors=paisatge-amb-figura\" class=\"dp-dfg-image-link\" ><img loading=\"lazy\" decoding=\"async\" class=\"dp-dfg-featured-image\" src=\"https:\/\/www.museuemporda.org\/wp-content\/uploads\/2020\/04\/mE-1181-250x250.jpg\" alt=\"Cam\u00ed de Vallvidrera; al fons, Barcelona\" width=\"250\" height=\"250\" data-ratio=\"1\"\/><\/a><\/figure><div class=\"dp-dfg-header entry-header\"><h2 class=\"entry-title\">Cam\u00ed de Vallvidrera; al fons, Barcelona<\/h2><\/div><div class=\"dp-dfg-custom-content\"><p class=\"dp-dfg-custom-field dp-dfg-cf-autors2\"><span class=\"dp-dfg-custom-field-value\">Llu\u00eds Rigalt Farriols<\/span><\/p><\/div><\/article><!-- DPDFG End Post Item Container --><article id=\"post-9758\" class=\"dp-dfg-item post-9758 obres_autors type-obres_autors status-publish has-post-thumbnail hentry tipus_tecniques-fotografia tecnica_especifica-fotografia autors-joaquim-fort-de-ribot disciplina-fotografia \"     data-position=\"1067\"   data-new-tab=\"off\"   data-action-priority=\"item\"><figure class=\"dp-dfg-image entry-thumb\"><a href=\"https:\/\/www.museuemporda.org\/?obres_autors=jean-foutre-avi-de-can-llaudes-de-besalu\" class=\"dp-dfg-image-link\" ><img loading=\"lazy\" decoding=\"async\" class=\"dp-dfg-featured-image\" src=\"https:\/\/www.museuemporda.org\/wp-content\/uploads\/2022\/01\/mE-2471-250x250.jpg\" alt=\"Jean Foutre, avi de can Llaudes de Besal\u00fa\" width=\"250\" height=\"250\" data-ratio=\"1\"\/><\/a><\/figure><div class=\"dp-dfg-header entry-header\"><h2 class=\"entry-title\">Jean Foutre, avi de can Llaudes de Besal\u00fa<\/h2><\/div><div class=\"dp-dfg-custom-content\"><p class=\"dp-dfg-custom-field dp-dfg-cf-autors2\"><span class=\"dp-dfg-custom-field-value\">Joaquim Fort de Ribot<\/span><\/p><\/div><\/article><!-- DPDFG End Post Item Container --><article id=\"post-14355\" class=\"dp-dfg-item post-14355 obres_autors type-obres_autors status-publish has-post-thumbnail hentry tipus_tecniques-dibuix tecnica_especifica-impressio-digital autors-eva-m-ramon disciplina-dibuix \"     data-position=\"1068\"   data-new-tab=\"off\"   data-action-priority=\"item\"><figure class=\"dp-dfg-image entry-thumb\"><a href=\"https:\/\/www.museuemporda.org\/?obres_autors=jo-tu-ell-ella\" class=\"dp-dfg-image-link\" ><img loading=\"lazy\" decoding=\"async\" class=\"dp-dfg-featured-image\" src=\"https:\/\/www.museuemporda.org\/wp-content\/uploads\/2023\/07\/ME2885-EVA-250x250.jpg\" alt=\"jo, tu, ell, ella\u2026\" width=\"250\" height=\"250\" data-ratio=\"1\"\/><\/a><\/figure><div class=\"dp-dfg-header entry-header\"><h2 class=\"entry-title\">jo, tu, ell, ella\u2026<\/h2><\/div><div class=\"dp-dfg-custom-content\"><p class=\"dp-dfg-custom-field dp-dfg-cf-autors2\"><span class=\"dp-dfg-custom-field-value\">Eva M. Ramon<\/span><\/p><\/div><\/article><!-- DPDFG End Post Item Container --><article id=\"post-11291\" class=\"dp-dfg-item post-11291 obres_autors type-obres_autors status-publish has-post-thumbnail hentry tipus_tecniques-pintura tecnica_especifica-oli-sobre-tela autors-enric-daoust-i-jaquetti disciplina-pintura \"     data-position=\"1069\"   data-new-tab=\"off\"   data-action-priority=\"item\"><figure class=\"dp-dfg-image entry-thumb\"><a href=\"https:\/\/www.museuemporda.org\/?obres_autors=nen-mexica\" class=\"dp-dfg-image-link\" ><img loading=\"lazy\" decoding=\"async\" class=\"dp-dfg-featured-image\" src=\"https:\/\/www.museuemporda.org\/wp-content\/uploads\/2022\/02\/mE-1321-250x250.jpg\" alt=\"Nen mexic\u00e0\" width=\"250\" height=\"250\" data-ratio=\"1\"\/><\/a><\/figure><div class=\"dp-dfg-header entry-header\"><h2 class=\"entry-title\">Nen mexic\u00e0<\/h2><\/div><div class=\"dp-dfg-custom-content\"><p class=\"dp-dfg-custom-field dp-dfg-cf-autors2\"><span class=\"dp-dfg-custom-field-value\">Enric d'Aoust i Jaquetti<\/span><\/p><\/div><\/article><!-- DPDFG End Post Item Container --><article id=\"post-11548\" class=\"dp-dfg-item post-11548 obres_autors type-obres_autors status-publish has-post-thumbnail hentry tipus_tecniques-pintura tecnica_especifica-aquarella-sobre-paper autors-lea-lafugie disciplina-pintura \"     data-position=\"1070\"   data-new-tab=\"off\"   data-action-priority=\"item\"><figure class=\"dp-dfg-image entry-thumb\"><a href=\"https:\/\/www.museuemporda.org\/?obres_autors=sense-titol-137\" class=\"dp-dfg-image-link\" ><img loading=\"lazy\" decoding=\"async\" class=\"dp-dfg-featured-image\" src=\"https:\/\/www.museuemporda.org\/wp-content\/uploads\/2022\/02\/mE-2407-250x250.jpg\" alt=\"Sense t\u00edtol\" width=\"250\" height=\"250\" data-ratio=\"1\"\/><\/a><\/figure><div class=\"dp-dfg-header entry-header\"><h2 class=\"entry-title\">Sense t\u00edtol<\/h2><\/div><div class=\"dp-dfg-custom-content\"><p class=\"dp-dfg-custom-field dp-dfg-cf-autors2\"><span class=\"dp-dfg-custom-field-value\">L\u00e9a Lafugie<\/span><\/p><\/div><\/article><!-- DPDFG End Post Item Container --><article id=\"post-14454\" class=\"dp-dfg-item post-14454 obres_autors type-obres_autors status-publish has-post-thumbnail hentry tipus_tecniques-pintura tecnica_especifica-oli-sobre-tela autors-rosa-cervera-giralt disciplina-pintura \"     data-position=\"1071\"   data-new-tab=\"off\"   data-action-priority=\"item\"><figure class=\"dp-dfg-image entry-thumb\"><a href=\"https:\/\/www.museuemporda.org\/?obres_autors=titol-desconegut-2\" class=\"dp-dfg-image-link\" ><img loading=\"lazy\" decoding=\"async\" class=\"dp-dfg-featured-image\" src=\"https:\/\/www.museuemporda.org\/wp-content\/uploads\/2023\/07\/ME2918-A-250x250.jpg\" alt=\"T\u00edtol desconegut\" width=\"250\" height=\"250\" data-ratio=\"1\"\/><\/a><\/figure><div class=\"dp-dfg-header entry-header\"><h2 class=\"entry-title\">T\u00edtol desconegut<\/h2><\/div><div class=\"dp-dfg-custom-content\"><p class=\"dp-dfg-custom-field dp-dfg-cf-autors2\"><span class=\"dp-dfg-custom-field-value\">Rosa Cervera Giralt<\/span><\/p><\/div><\/article><!-- DPDFG End Post Item Container --><article id=\"post-8211\" class=\"dp-dfg-item post-8211 obres_autors type-obres_autors status-publish has-post-thumbnail hentry autors-lluis-roig-ensenat disciplina-pintura \"     data-position=\"1072\"   data-new-tab=\"off\"   data-action-priority=\"item\"><figure class=\"dp-dfg-image entry-thumb\"><a href=\"https:\/\/www.museuemporda.org\/?obres_autors=paisatge-17\" class=\"dp-dfg-image-link\" ><img loading=\"lazy\" decoding=\"async\" class=\"dp-dfg-featured-image\" src=\"https:\/\/www.museuemporda.org\/wp-content\/uploads\/2021\/08\/mE-1215-250x250.jpg\" alt=\"Paisatge\" width=\"250\" height=\"250\" data-ratio=\"1\"\/><\/a><\/figure><div class=\"dp-dfg-header entry-header\"><h2 class=\"entry-title\">Paisatge<\/h2><\/div><div class=\"dp-dfg-custom-content\"><p class=\"dp-dfg-custom-field dp-dfg-cf-autors2\"><span class=\"dp-dfg-custom-field-value\">Llu\u00eds Roig Ense\u00f1at<\/span><\/p><\/div><\/article><!-- DPDFG End Post Item Container --><article id=\"post-10511\" class=\"dp-dfg-item post-10511 obres_autors type-obres_autors status-publish has-post-thumbnail hentry tipus_tecniques-pintura tecnica_especifica-tecnica-mixta autors-joan-paradis-puig disciplina-pintura \"     data-position=\"1073\"   data-new-tab=\"off\"   data-action-priority=\"item\"><figure class=\"dp-dfg-image entry-thumb\"><a href=\"https:\/\/www.museuemporda.org\/?obres_autors=homenatge-als-cels-infinits-devarist-valles\" class=\"dp-dfg-image-link\" ><img loading=\"lazy\" decoding=\"async\" class=\"dp-dfg-featured-image\" src=\"https:\/\/www.museuemporda.org\/wp-content\/uploads\/2022\/01\/mE-2289-250x250.jpg\" alt=\"Homenatge als cels infinits d&#8217;Evarist Vall\u00e8s\" width=\"250\" height=\"250\" data-ratio=\"1\"\/><\/a><\/figure><div class=\"dp-dfg-header entry-header\"><h2 class=\"entry-title\">Homenatge als cels infinits d&#8217;Evarist Vall\u00e8s<\/h2><\/div><div class=\"dp-dfg-custom-content\"><p class=\"dp-dfg-custom-field dp-dfg-cf-autors2\"><span class=\"dp-dfg-custom-field-value\">Joan Parad\u00eds Puig<\/span><\/p><\/div><\/article><!-- DPDFG End Post Item Container --><article id=\"post-14636\" class=\"dp-dfg-item post-14636 obres_autors type-obres_autors status-publish has-post-thumbnail hentry tipus_tecniques-obra-grafica tecnica_especifica-impressio-digital autors-joan-antoni-poch disciplina-obra-grafic \"     data-position=\"1074\"   data-new-tab=\"off\"   data-action-priority=\"item\"><figure class=\"dp-dfg-image entry-thumb\"><a href=\"https:\/\/www.museuemporda.org\/?obres_autors=sense-titol-550\" class=\"dp-dfg-image-link\" ><img loading=\"lazy\" decoding=\"async\" class=\"dp-dfg-featured-image\" src=\"https:\/\/www.museuemporda.org\/wp-content\/uploads\/2023\/07\/ME2795-JAP-250x250.jpg\" alt=\"Sense t\u00edtol\" width=\"250\" height=\"250\" data-ratio=\"1\"\/><\/a><\/figure><div class=\"dp-dfg-header entry-header\"><h2 class=\"entry-title\">Sense t\u00edtol<\/h2><\/div><div class=\"dp-dfg-custom-content\"><p class=\"dp-dfg-custom-field dp-dfg-cf-autors2\"><span class=\"dp-dfg-custom-field-value\">Joan Antoni Poch<\/span><\/p><\/div><\/article><!-- DPDFG End Post Item Container --><article id=\"post-9176\" class=\"dp-dfg-item post-9176 obres_autors type-obres_autors status-publish has-post-thumbnail hentry tipus_tecniques-bronze autors-autoria-desconeguda disciplina-arqueologia \"     data-position=\"1075\"   data-new-tab=\"off\"   data-action-priority=\"item\"><figure class=\"dp-dfg-image entry-thumb\"><a href=\"https:\/\/www.museuemporda.org\/?obres_autors=encenser-objecte-liturgic\" class=\"dp-dfg-image-link\" ><img loading=\"lazy\" decoding=\"async\" class=\"dp-dfg-featured-image\" src=\"https:\/\/www.museuemporda.org\/wp-content\/uploads\/2021\/11\/mE-423-250x250.jpg\" alt=\"Encenser (objecte lit\u00fargic)\" width=\"250\" height=\"250\" data-ratio=\"1\"\/><\/a><\/figure><div class=\"dp-dfg-header entry-header\"><h2 class=\"entry-title\">Encenser (objecte lit\u00fargic)<\/h2><\/div><div class=\"dp-dfg-custom-content\"><p class=\"dp-dfg-custom-field dp-dfg-cf-autors2\"><span class=\"dp-dfg-custom-field-value\">Autoria desconeguda<\/span><\/p><\/div><\/article><!-- DPDFG End Post Item Container --><article id=\"post-10832\" class=\"dp-dfg-item post-10832 obres_autors type-obres_autors status-publish has-post-thumbnail hentry tipus_tecniques-dibuix tecnica_especifica-llapis-carbo-sobre-paper autors-josep-lluis-pellicer-fenye disciplina-dibuix \"     data-position=\"1076\"   data-new-tab=\"off\"   data-action-priority=\"item\"><figure class=\"dp-dfg-image entry-thumb\"><a href=\"https:\/\/www.museuemporda.org\/?obres_autors=quarantena-en-el-llatzeret-del-perthus-barracas-enfermos-y-escusados\" class=\"dp-dfg-image-link\" ><img loading=\"lazy\" decoding=\"async\" class=\"dp-dfg-featured-image\" src=\"https:\/\/www.museuemporda.org\/wp-content\/uploads\/2022\/02\/mE-1541-250x250.jpg\" alt=\"Quarantena en el llatzeret del Perthus; barracas enfermos y escusados\" width=\"250\" height=\"250\" data-ratio=\"1\"\/><\/a><\/figure><div class=\"dp-dfg-header entry-header\"><h2 class=\"entry-title\">Quarantena en el llatzeret del Perthus; barracas enfermos y escusados<\/h2><\/div><div class=\"dp-dfg-custom-content\"><p class=\"dp-dfg-custom-field dp-dfg-cf-autors2\"><span class=\"dp-dfg-custom-field-value\">Josep Llu\u00eds Pellicer Feny\u00e9<\/span><\/p><\/div><\/article><!-- DPDFG End Post Item Container --><article id=\"post-10621\" class=\"dp-dfg-item post-10621 obres_autors type-obres_autors status-publish has-post-thumbnail hentry tipus_tecniques-obra-grafica tecnica_especifica-serigrafia autors-pic-adrian disciplina-obra-grafic \"     data-position=\"1077\"   data-new-tab=\"off\"   data-action-priority=\"item\"><figure class=\"dp-dfg-image entry-thumb\"><a href=\"https:\/\/www.museuemporda.org\/?obres_autors=composicio-de-lobra-10-condizioni-lineari-di-segnaletica-aleatoria-4\" class=\"dp-dfg-image-link\" ><img loading=\"lazy\" decoding=\"async\" class=\"dp-dfg-featured-image\" src=\"https:\/\/www.museuemporda.org\/wp-content\/uploads\/2022\/02\/mE-1477-250x250.jpg\" alt=\"Composici\u00f3 de l&#8217;obra &#8220;10 condizioni lineari di segnaletica aleatoria&#8221;\" width=\"250\" height=\"250\" data-ratio=\"1\"\/><\/a><\/figure><div class=\"dp-dfg-header entry-header\"><h2 class=\"entry-title\">Composici\u00f3 de l&#8217;obra &#8220;10 condizioni lineari di segnaletica aleatoria&#8221;<\/h2><\/div><div class=\"dp-dfg-custom-content\"><p class=\"dp-dfg-custom-field dp-dfg-cf-autors2\"><span class=\"dp-dfg-custom-field-value\">Pic Adrian <\/span><\/p><\/div><\/article><!-- DPDFG End Post Item Container --><article id=\"post-10182\" class=\"dp-dfg-item post-10182 obres_autors type-obres_autors status-publish has-post-thumbnail hentry tipus_tecniques-pintura tecnica_especifica-oli-sobre-tela autors-joan-gimenez-gimenez disciplina-pintura \"     data-position=\"1078\"   data-new-tab=\"off\"   data-action-priority=\"item\"><figure class=\"dp-dfg-image entry-thumb\"><a href=\"https:\/\/www.museuemporda.org\/?obres_autors=lesglesia-de-santa-cruz\" class=\"dp-dfg-image-link\" ><img loading=\"lazy\" decoding=\"async\" class=\"dp-dfg-featured-image\" src=\"https:\/\/www.museuemporda.org\/wp-content\/uploads\/2022\/01\/mE-1325-250x250.jpg\" alt=\"L&#8217;esgl\u00e9sia de Santa Cruz\" width=\"250\" height=\"250\" data-ratio=\"1\"\/><\/a><\/figure><div class=\"dp-dfg-header entry-header\"><h2 class=\"entry-title\">L&#8217;esgl\u00e9sia de Santa Cruz<\/h2><\/div><div class=\"dp-dfg-custom-content\"><p class=\"dp-dfg-custom-field dp-dfg-cf-autors2\"><span class=\"dp-dfg-custom-field-value\">Joan Gim\u00e9nez Gim\u00e9nez<\/span><\/p><\/div><\/article><!-- DPDFG End Post Item Container --><article id=\"post-12209\" class=\"dp-dfg-item post-12209 obres_autors type-obres_autors status-publish has-post-thumbnail hentry tipus_tecniques-indumentaria tecnica_especifica-teixit-i-fusta autors-autoria-desconeguda disciplina-indumentaria \"     data-position=\"1079\"   data-new-tab=\"off\"   data-action-priority=\"item\"><figure class=\"dp-dfg-image entry-thumb\"><a href=\"https:\/\/www.museuemporda.org\/?obres_autors=sense-titol-174\" class=\"dp-dfg-image-link\" ><img loading=\"lazy\" decoding=\"async\" class=\"dp-dfg-featured-image\" src=\"https:\/\/www.museuemporda.org\/wp-content\/uploads\/2022\/03\/mE-899-250x250.jpg\" alt=\"Sense t\u00edtol\" width=\"250\" height=\"250\" data-ratio=\"1\"\/><\/a><\/figure><div class=\"dp-dfg-header entry-header\"><h2 class=\"entry-title\">Sense t\u00edtol<\/h2><\/div><div class=\"dp-dfg-custom-content\"><p class=\"dp-dfg-custom-field dp-dfg-cf-autors2\"><span class=\"dp-dfg-custom-field-value\">Autoria desconeguda<\/span><\/p><\/div><\/article><!-- DPDFG End Post Item Container --><article id=\"post-8592\" class=\"dp-dfg-item post-8592 obres_autors type-obres_autors status-publish has-post-thumbnail hentry autors-joaquim-fort-de-ribot disciplina-fotografia \"     data-position=\"1080\"   data-new-tab=\"off\"   data-action-priority=\"item\"><figure class=\"dp-dfg-image entry-thumb\"><a href=\"https:\/\/www.museuemporda.org\/?obres_autors=paisatge-amb-celatge-a-la-manera-de-ramon-reig\" class=\"dp-dfg-image-link\" ><img loading=\"lazy\" decoding=\"async\" class=\"dp-dfg-featured-image\" src=\"https:\/\/www.museuemporda.org\/wp-content\/uploads\/2021\/10\/mE-2446-250x250.jpg\" alt=\"Paisatge amb celatge a la manera de Ramon Reig\" width=\"250\" height=\"250\" data-ratio=\"1\"\/><\/a><\/figure><div class=\"dp-dfg-header entry-header\"><h2 class=\"entry-title\">Paisatge amb celatge a la manera de Ramon Reig<\/h2><\/div><div class=\"dp-dfg-custom-content\"><p class=\"dp-dfg-custom-field dp-dfg-cf-autors2\"><span class=\"dp-dfg-custom-field-value\">Joaquim Fort de Ribot<\/span><\/p><\/div><\/article><!-- DPDFG End Post Item Container --><article id=\"post-6018\" class=\"dp-dfg-item post-6018 obres_autors type-obres_autors status-publish has-post-thumbnail hentry tecnica_especifica-oli-sobre-fusta autors-joan-sibecas-cabanyo disciplina-pintura \"     data-position=\"1081\"   data-new-tab=\"off\"   data-action-priority=\"item\"><figure class=\"dp-dfg-image entry-thumb\"><a href=\"https:\/\/www.museuemporda.org\/?obres_autors=cases\" class=\"dp-dfg-image-link\" ><img loading=\"lazy\" decoding=\"async\" class=\"dp-dfg-featured-image\" src=\"https:\/\/www.museuemporda.org\/wp-content\/uploads\/2020\/04\/mE-1158-250x250.jpg\" alt=\"Cases\" width=\"250\" height=\"250\" data-ratio=\"1\"\/><\/a><\/figure><div class=\"dp-dfg-header entry-header\"><h2 class=\"entry-title\">Cases<\/h2><\/div><div class=\"dp-dfg-custom-content\"><p class=\"dp-dfg-custom-field dp-dfg-cf-autors2\"><span class=\"dp-dfg-custom-field-value\">Joan Sibecas Cabany\u00f3<\/span><\/p><\/div><\/article><!-- DPDFG End Post Item Container --><article id=\"post-9798\" class=\"dp-dfg-item post-9798 obres_autors type-obres_autors status-publish has-post-thumbnail hentry tipus_tecniques-fotografia tecnica_especifica-fotografia autors-elena-genis disciplina-fotografia \"     data-position=\"1082\"   data-new-tab=\"off\"   data-action-priority=\"item\"><figure class=\"dp-dfg-image entry-thumb\"><a href=\"https:\/\/www.museuemporda.org\/?obres_autors=stephane\" class=\"dp-dfg-image-link\" ><img loading=\"lazy\" decoding=\"async\" class=\"dp-dfg-featured-image\" src=\"https:\/\/www.museuemporda.org\/wp-content\/uploads\/2022\/01\/mE-1601-250x250.jpg\" alt=\"St\u00e9phane\" width=\"250\" height=\"250\" data-ratio=\"1\"\/><\/a><\/figure><div class=\"dp-dfg-header entry-header\"><h2 class=\"entry-title\">St\u00e9phane<\/h2><\/div><div class=\"dp-dfg-custom-content\"><p class=\"dp-dfg-custom-field dp-dfg-cf-autors2\"><span class=\"dp-dfg-custom-field-value\">Elena Gen\u00eds<\/span><\/p><\/div><\/article><!-- DPDFG End Post Item Container --><article id=\"post-10848\" class=\"dp-dfg-item post-10848 obres_autors type-obres_autors status-publish has-post-thumbnail hentry tipus_tecniques-dibuix tecnica_especifica-llapis-carbo-sobre-paper autors-josep-lluis-pellicer-fenye disciplina-dibuix \"     data-position=\"1083\"   data-new-tab=\"off\"   data-action-priority=\"item\"><figure class=\"dp-dfg-image entry-thumb\"><a href=\"https:\/\/www.museuemporda.org\/?obres_autors=viatge-per-lemporda-pont-castello\" class=\"dp-dfg-image-link\" ><img loading=\"lazy\" decoding=\"async\" class=\"dp-dfg-featured-image\" src=\"https:\/\/www.museuemporda.org\/wp-content\/uploads\/2022\/02\/mE-1549-250x250.jpg\" alt=\"Viatge per l&#8217;Empord\u00e0; Pont Castell\u00f3\" width=\"250\" height=\"250\" data-ratio=\"1\"\/><\/a><\/figure><div class=\"dp-dfg-header entry-header\"><h2 class=\"entry-title\">Viatge per l&#8217;Empord\u00e0; Pont Castell\u00f3<\/h2><\/div><div class=\"dp-dfg-custom-content\"><p class=\"dp-dfg-custom-field dp-dfg-cf-autors2\"><span class=\"dp-dfg-custom-field-value\">Josep Llu\u00eds Pellicer Feny\u00e9<\/span><\/p><\/div><\/article><!-- DPDFG End Post Item Container --><article id=\"post-11109\" class=\"dp-dfg-item post-11109 obres_autors type-obres_autors status-publish has-post-thumbnail hentry tipus_tecniques-obra-grafica tecnica_especifica-gravat autors-giacomo-bofsi disciplina-obra-grafic \"     data-position=\"1084\"   data-new-tab=\"off\"   data-action-priority=\"item\"><figure class=\"dp-dfg-image entry-thumb\"><a href=\"https:\/\/www.museuemporda.org\/?obres_autors=sense-titol-104\" class=\"dp-dfg-image-link\" ><img loading=\"lazy\" decoding=\"async\" class=\"dp-dfg-featured-image\" src=\"https:\/\/www.museuemporda.org\/wp-content\/uploads\/2022\/02\/mE-1970-250x250.jpg\" alt=\"Sense t\u00edtol\" width=\"250\" height=\"250\" data-ratio=\"1\"\/><\/a><\/figure><div class=\"dp-dfg-header entry-header\"><h2 class=\"entry-title\">Sense t\u00edtol<\/h2><\/div><div class=\"dp-dfg-custom-content\"><p class=\"dp-dfg-custom-field dp-dfg-cf-autors2\"><span class=\"dp-dfg-custom-field-value\">Giacomo Bofsi<\/span><\/p><\/div><\/article><!-- DPDFG End Post Item Container --><article id=\"post-10667\" class=\"dp-dfg-item post-10667 obres_autors type-obres_autors status-publish has-post-thumbnail hentry tipus_tecniques-pintura tecnica_especifica-oli-sobre-fusta autors-francesc-camps-ribera disciplina-pintura \"     data-position=\"1085\"   data-new-tab=\"off\"   data-action-priority=\"item\"><figure class=\"dp-dfg-image entry-thumb\"><a href=\"https:\/\/www.museuemporda.org\/?obres_autors=flors-en-gris\" class=\"dp-dfg-image-link\" ><img loading=\"lazy\" decoding=\"async\" class=\"dp-dfg-featured-image\" src=\"https:\/\/www.museuemporda.org\/wp-content\/uploads\/2022\/02\/mE-1305-250x250.jpg\" alt=\"Flors en gris\" width=\"250\" height=\"250\" data-ratio=\"1\"\/><\/a><\/figure><div class=\"dp-dfg-header entry-header\"><h2 class=\"entry-title\">Flors en gris<\/h2><\/div><div class=\"dp-dfg-custom-content\"><p class=\"dp-dfg-custom-field dp-dfg-cf-autors2\"><span class=\"dp-dfg-custom-field-value\">Francesc Camps Ribera<\/span><\/p><\/div><\/article><!-- DPDFG End Post Item Container --><article id=\"post-5780\" class=\"dp-dfg-item post-5780 obres_autors type-obres_autors status-publish has-post-thumbnail hentry tecnica_especifica-oli-sobre-tela autors-josep-llovera-bofill disciplina-pintura \"     data-position=\"1086\"   data-new-tab=\"off\"   data-action-priority=\"item\"><figure class=\"dp-dfg-image entry-thumb\"><a href=\"https:\/\/www.museuemporda.org\/?obres_autors=majas\" class=\"dp-dfg-image-link\" ><img loading=\"lazy\" decoding=\"async\" class=\"dp-dfg-featured-image\" src=\"https:\/\/www.museuemporda.org\/wp-content\/uploads\/2020\/04\/mE-646-250x250.jpg\" alt=\"Majas\" width=\"250\" height=\"250\" data-ratio=\"1\"\/><\/a><\/figure><div class=\"dp-dfg-header entry-header\"><h2 class=\"entry-title\">Majas<\/h2><\/div><div class=\"dp-dfg-custom-content\"><p class=\"dp-dfg-custom-field dp-dfg-cf-autors2\"><span class=\"dp-dfg-custom-field-value\">Josep Llovera Bofill<\/span><\/p><\/div><\/article><!-- DPDFG End Post Item Container --><article id=\"post-10551\" class=\"dp-dfg-item post-10551 obres_autors type-obres_autors status-publish has-post-thumbnail hentry tipus_tecniques-pintura tecnica_especifica-oli-sobre-fusta autors-maria-baig-minobis disciplina-pintura \"     data-position=\"1087\"   data-new-tab=\"off\"   data-action-priority=\"item\"><figure class=\"dp-dfg-image entry-thumb\"><a href=\"https:\/\/www.museuemporda.org\/?obres_autors=pomes-2\" class=\"dp-dfg-image-link\" ><img loading=\"lazy\" decoding=\"async\" class=\"dp-dfg-featured-image\" src=\"https:\/\/www.museuemporda.org\/wp-content\/uploads\/2022\/02\/mE-1901-250x250.jpg\" alt=\"Pomes\" width=\"250\" height=\"250\" data-ratio=\"1\"\/><\/a><\/figure><div class=\"dp-dfg-header entry-header\"><h2 class=\"entry-title\">Pomes<\/h2><\/div><div class=\"dp-dfg-custom-content\"><p class=\"dp-dfg-custom-field dp-dfg-cf-autors2\"><span class=\"dp-dfg-custom-field-value\">Mari\u00e0 Baig Minobis<\/span><\/p><\/div><\/article><!-- DPDFG End Post Item Container --><article id=\"post-13883\" class=\"dp-dfg-item post-13883 obres_autors type-obres_autors status-publish has-post-thumbnail hentry tipus_tecniques-dibuix tecnica_especifica-impressio-digital autors-pep-claparols-i-moret disciplina-dibuix \"     data-position=\"1088\"   data-new-tab=\"off\"   data-action-priority=\"item\"><figure class=\"dp-dfg-image entry-thumb\"><a href=\"https:\/\/www.museuemporda.org\/?obres_autors=sense-titol-281\" class=\"dp-dfg-image-link\" ><img loading=\"lazy\" decoding=\"async\" class=\"dp-dfg-featured-image\" src=\"https:\/\/www.museuemporda.org\/wp-content\/uploads\/2023\/06\/ME2643-PEP98-250x250.jpg\" alt=\"Sense t\u00edtol\" width=\"250\" height=\"250\" data-ratio=\"1\"\/><\/a><\/figure><div class=\"dp-dfg-header entry-header\"><h2 class=\"entry-title\">Sense t\u00edtol<\/h2><\/div><div class=\"dp-dfg-custom-content\"><p class=\"dp-dfg-custom-field dp-dfg-cf-autors2\"><span class=\"dp-dfg-custom-field-value\">Pep Claparols i Moret<\/span><\/p><\/div><\/article><!-- DPDFG End Post Item Container --><article id=\"post-14146\" class=\"dp-dfg-item post-14146 obres_autors type-obres_autors status-publish has-post-thumbnail hentry tipus_tecniques-fotografia tecnica_especifica-impressio-digital autors-miquel-sanchez disciplina-obra-grafic \"     data-position=\"1089\"   data-new-tab=\"off\"   data-action-priority=\"item\"><figure class=\"dp-dfg-image entry-thumb\"><a href=\"https:\/\/www.museuemporda.org\/?obres_autors=sense-titol-400\" class=\"dp-dfg-image-link\" ><img loading=\"lazy\" decoding=\"async\" class=\"dp-dfg-featured-image\" src=\"https:\/\/www.museuemporda.org\/wp-content\/uploads\/2023\/07\/ME2765-SANCHEZ-250x250.jpg\" alt=\"Sense t\u00edtol\" width=\"250\" height=\"250\" data-ratio=\"1\"\/><\/a><\/figure><div class=\"dp-dfg-header entry-header\"><h2 class=\"entry-title\">Sense t\u00edtol<\/h2><\/div><div class=\"dp-dfg-custom-content\"><p class=\"dp-dfg-custom-field dp-dfg-cf-autors2\"><span class=\"dp-dfg-custom-field-value\">Miquel Sanchez<\/span><\/p><\/div><\/article><!-- DPDFG End Post Item Container --><article id=\"post-9736\" class=\"dp-dfg-item post-9736 obres_autors type-obres_autors status-publish has-post-thumbnail hentry tipus_tecniques-fotografia tecnica_especifica-fotografia autors-joaquim-fort-de-ribot disciplina-fotografia \"     data-position=\"1090\"   data-new-tab=\"off\"   data-action-priority=\"item\"><figure class=\"dp-dfg-image entry-thumb\"><a href=\"https:\/\/www.museuemporda.org\/?obres_autors=portada-del-monestir-de-sant-pere-de-roda\" class=\"dp-dfg-image-link\" ><img loading=\"lazy\" decoding=\"async\" class=\"dp-dfg-featured-image\" src=\"https:\/\/www.museuemporda.org\/wp-content\/uploads\/2022\/01\/mE-2460-250x250.jpg\" alt=\"Portada del monestir de Sant Pere de Roda\" width=\"250\" height=\"250\" data-ratio=\"1\"\/><\/a><\/figure><div class=\"dp-dfg-header entry-header\"><h2 class=\"entry-title\">Portada del monestir de Sant Pere de Roda<\/h2><\/div><div class=\"dp-dfg-custom-content\"><p class=\"dp-dfg-custom-field dp-dfg-cf-autors2\"><span class=\"dp-dfg-custom-field-value\">Joaquim Fort de Ribot<\/span><\/p><\/div><\/article><!-- DPDFG End Post Item Container --><article id=\"post-14474\" class=\"dp-dfg-item post-14474 obres_autors type-obres_autors status-publish has-post-thumbnail hentry tipus_tecniques-pintura tecnica_especifica-oli-sobre-fusta autors-rosa-genis-perramon disciplina-pintura \"     data-position=\"1091\"   data-new-tab=\"off\"   data-action-priority=\"item\"><figure class=\"dp-dfg-image entry-thumb\"><a href=\"https:\/\/www.museuemporda.org\/?obres_autors=titol-desconegut-4\" class=\"dp-dfg-image-link\" ><img loading=\"lazy\" decoding=\"async\" class=\"dp-dfg-featured-image\" src=\"https:\/\/www.museuemporda.org\/wp-content\/uploads\/2023\/07\/ME2928-250x250.jpg\" alt=\"T\u00edtol desconegut\" width=\"250\" height=\"250\" data-ratio=\"1\"\/><\/a><\/figure><div class=\"dp-dfg-header entry-header\"><h2 class=\"entry-title\">T\u00edtol desconegut<\/h2><\/div><div class=\"dp-dfg-custom-content\"><p class=\"dp-dfg-custom-field dp-dfg-cf-autors2\"><span class=\"dp-dfg-custom-field-value\">Rosa Gen\u00eds Perramon<\/span><\/p><\/div><\/article><!-- DPDFG End Post Item Container --><article id=\"post-8906\" class=\"dp-dfg-item post-8906 obres_autors type-obres_autors status-publish has-post-thumbnail hentry tecnica_especifica-dibuix-sobre-paper autors-ricard-canals-llambi disciplina-dibuix \"     data-position=\"1092\"   data-new-tab=\"off\"   data-action-priority=\"item\"><figure class=\"dp-dfg-image entry-thumb\"><a href=\"https:\/\/www.museuemporda.org\/?obres_autors=gitanes\" class=\"dp-dfg-image-link\" ><img loading=\"lazy\" decoding=\"async\" class=\"dp-dfg-featured-image\" src=\"https:\/\/www.museuemporda.org\/wp-content\/uploads\/2021\/11\/mE-676-250x250.jpg\" alt=\"Gitanes\" width=\"250\" height=\"250\" data-ratio=\"1\"\/><\/a><\/figure><div class=\"dp-dfg-header entry-header\"><h2 class=\"entry-title\">Gitanes<\/h2><\/div><div class=\"dp-dfg-custom-content\"><p class=\"dp-dfg-custom-field dp-dfg-cf-autors2\"><span class=\"dp-dfg-custom-field-value\">Ricard Canals Llamb\u00ed<\/span><\/p><\/div><\/article><!-- DPDFG End Post Item Container --><article id=\"post-8103\" class=\"dp-dfg-item post-8103 obres_autors type-obres_autors status-publish has-post-thumbnail hentry tecnica_especifica-oli-sobre-tela autors-joan-massanet-juli disciplina-pintura \"     data-position=\"1093\"   data-new-tab=\"off\"   data-action-priority=\"item\"><figure class=\"dp-dfg-image entry-thumb\"><a href=\"https:\/\/www.museuemporda.org\/?obres_autors=paisatge-empordanes-2\" class=\"dp-dfg-image-link\" ><img loading=\"lazy\" decoding=\"async\" class=\"dp-dfg-featured-image\" src=\"https:\/\/www.museuemporda.org\/wp-content\/uploads\/2021\/08\/mE-772-250x250.jpg\" alt=\"Paisatge empordan\u00e8s\" width=\"250\" height=\"250\" data-ratio=\"1\"\/><\/a><\/figure><div class=\"dp-dfg-header entry-header\"><h2 class=\"entry-title\">Paisatge empordan\u00e8s<\/h2><\/div><div class=\"dp-dfg-custom-content\"><p class=\"dp-dfg-custom-field dp-dfg-cf-autors2\"><span class=\"dp-dfg-custom-field-value\">Joan Massanet Juli<\/span><\/p><\/div><\/article><!-- DPDFG End Post Item Container --><article id=\"post-5701\" class=\"dp-dfg-item post-5701 obres_autors type-obres_autors status-publish has-post-thumbnail hentry tecnica_especifica-pedra-calcaria autors-autoria-desconeguda disciplina-arqueologia \"     data-position=\"1094\"   data-new-tab=\"off\"   data-action-priority=\"item\"><figure class=\"dp-dfg-image entry-thumb\"><a href=\"https:\/\/www.museuemporda.org\/?obres_autors=lapida-funeraria\" class=\"dp-dfg-image-link\" ><img loading=\"lazy\" decoding=\"async\" class=\"dp-dfg-featured-image\" src=\"https:\/\/www.museuemporda.org\/wp-content\/uploads\/2020\/04\/mE-355_2019-250x250.jpg\" alt=\"L\u00e0pida sepulcral dedicada a Marcus Valeri  Lavino\" width=\"250\" height=\"250\" data-ratio=\"1\"\/><\/a><\/figure><div class=\"dp-dfg-header entry-header\"><h2 class=\"entry-title\">L\u00e0pida sepulcral dedicada a Marcus Valeri  Lavino<\/h2><\/div><div class=\"dp-dfg-custom-content\"><p class=\"dp-dfg-custom-field dp-dfg-cf-autors2\"><span class=\"dp-dfg-custom-field-value\">Autoria desconeguda<\/span><\/p><\/div><\/article><!-- DPDFG End Post Item Container --><article id=\"post-5746\" class=\"dp-dfg-item post-5746 obres_autors type-obres_autors status-publish has-post-thumbnail hentry tecnica_especifica-oli-sobre-fusta autors-autoria-desconeguda disciplina-pintura \"     data-position=\"1095\"   data-new-tab=\"off\"   data-action-priority=\"item\"><figure class=\"dp-dfg-image entry-thumb\"><a href=\"https:\/\/www.museuemporda.org\/?obres_autors=retaule-del-roser\" class=\"dp-dfg-image-link\" ><img loading=\"lazy\" decoding=\"async\" class=\"dp-dfg-featured-image\" src=\"https:\/\/www.museuemporda.org\/wp-content\/uploads\/2020\/04\/mE-1171-torner-250x250.jpg\" alt=\"Assumpci\u00f3, Coronaci\u00f3, Pentacosta i Ascensi\u00f3 de la mare de D\u00e9u\" width=\"250\" height=\"250\" data-ratio=\"1\"\/><\/a><\/figure><div class=\"dp-dfg-header entry-header\"><h2 class=\"entry-title\">Assumpci\u00f3, Coronaci\u00f3, Pentacosta i Ascensi\u00f3 de la mare de D\u00e9u<\/h2><\/div><div class=\"dp-dfg-custom-content\"><p class=\"dp-dfg-custom-field dp-dfg-cf-autors2\"><span class=\"dp-dfg-custom-field-value\">Autoria desconeguda<\/span><\/p><\/div><\/article><!-- DPDFG End Post Item Container --><article id=\"post-10579\" class=\"dp-dfg-item post-10579 obres_autors type-obres_autors status-publish has-post-thumbnail hentry tipus_tecniques-dibuix tecnica_especifica-dibuix-sobre-paper autors-maria-llavanera-miralles disciplina-dibuix \"     data-position=\"1096\"   data-new-tab=\"off\"   data-action-priority=\"item\"><figure class=\"dp-dfg-image entry-thumb\"><a href=\"https:\/\/www.museuemporda.org\/?obres_autors=nu-femeni-3\" class=\"dp-dfg-image-link\" ><img loading=\"lazy\" decoding=\"async\" class=\"dp-dfg-featured-image\" src=\"https:\/\/www.museuemporda.org\/wp-content\/uploads\/2022\/02\/mE-2298-250x250.jpg\" alt=\"Nu femen\u00ed\" width=\"250\" height=\"250\" data-ratio=\"1\"\/><\/a><\/figure><div class=\"dp-dfg-header entry-header\"><h2 class=\"entry-title\">Nu femen\u00ed<\/h2><\/div><div class=\"dp-dfg-custom-content\"><p class=\"dp-dfg-custom-field dp-dfg-cf-autors2\"><span class=\"dp-dfg-custom-field-value\">Mari\u00e0 Llavanera Miralles<\/span><\/p><\/div><\/article><!-- DPDFG End Post Item Container --><article id=\"post-8141\" class=\"dp-dfg-item post-8141 obres_autors type-obres_autors status-publish has-post-thumbnail hentry autors-autoria-desconeguda disciplina-arqueologia \"     data-position=\"1097\"   data-new-tab=\"off\"   data-action-priority=\"item\"><figure class=\"dp-dfg-image entry-thumb\"><a href=\"https:\/\/www.museuemporda.org\/?obres_autors=fragment-de-vas\" class=\"dp-dfg-image-link\" ><img loading=\"lazy\" decoding=\"async\" class=\"dp-dfg-featured-image\" src=\"https:\/\/www.museuemporda.org\/wp-content\/uploads\/2021\/08\/ME-539-1-250x250.jpg\" alt=\"Fragment de vas\" width=\"250\" height=\"250\" data-ratio=\"1\"\/><\/a><\/figure><div class=\"dp-dfg-header entry-header\"><h2 class=\"entry-title\">Fragment de vas<\/h2><\/div><div class=\"dp-dfg-custom-content\"><p class=\"dp-dfg-custom-field dp-dfg-cf-autors2\"><span class=\"dp-dfg-custom-field-value\">Autoria desconeguda<\/span><\/p><\/div><\/article><!-- DPDFG End Post Item Container --><article id=\"post-8276\" class=\"dp-dfg-item post-8276 obres_autors type-obres_autors status-publish has-post-thumbnail hentry tecnica_especifica-oli-sobre-fusta autors-joan-sibecas-cabanyo disciplina-pintura \"     data-position=\"1098\"   data-new-tab=\"off\"   data-action-priority=\"item\"><figure class=\"dp-dfg-image entry-thumb\"><a href=\"https:\/\/www.museuemporda.org\/?obres_autors=composicio-7\" class=\"dp-dfg-image-link\" ><img loading=\"lazy\" decoding=\"async\" class=\"dp-dfg-featured-image\" src=\"https:\/\/www.museuemporda.org\/wp-content\/uploads\/2021\/08\/mE-782-250x250.jpg\" alt=\"Composici\u00f3\" width=\"250\" height=\"250\" data-ratio=\"1\"\/><\/a><\/figure><div class=\"dp-dfg-header entry-header\"><h2 class=\"entry-title\">Composici\u00f3<\/h2><\/div><div class=\"dp-dfg-custom-content\"><p class=\"dp-dfg-custom-field dp-dfg-cf-autors2\"><span class=\"dp-dfg-custom-field-value\">Joan Sibecas Cabany\u00f3<\/span><\/p><\/div><\/article><!-- DPDFG End Post Item Container --><article id=\"post-10486\" class=\"dp-dfg-item post-10486 obres_autors type-obres_autors status-publish has-post-thumbnail hentry tipus_tecniques-obra-grafica tecnica_especifica-tinta-sobre-paper autors-joan-sibecas-cabanyo disciplina-obra-grafic \"     data-position=\"1099\"   data-new-tab=\"off\"   data-action-priority=\"item\"><figure class=\"dp-dfg-image entry-thumb\"><a href=\"https:\/\/www.museuemporda.org\/?obres_autors=paisatge-64\" class=\"dp-dfg-image-link\" ><img loading=\"lazy\" decoding=\"async\" class=\"dp-dfg-featured-image\" src=\"https:\/\/www.museuemporda.org\/wp-content\/uploads\/2022\/01\/mE-2277-250x250.jpg\" alt=\"Paisatge\" width=\"250\" height=\"250\" data-ratio=\"1\"\/><\/a><\/figure><div class=\"dp-dfg-header entry-header\"><h2 class=\"entry-title\">Paisatge<\/h2><\/div><div class=\"dp-dfg-custom-content\"><p class=\"dp-dfg-custom-field dp-dfg-cf-autors2\"><span class=\"dp-dfg-custom-field-value\">Joan Sibecas Cabany\u00f3<\/span><\/p><\/div><\/article><!-- DPDFG End Post Item Container --><article id=\"post-13765\" class=\"dp-dfg-item post-13765 obres_autors type-obres_autors status-publish has-post-thumbnail hentry tipus_tecniques-dibuix tecnica_especifica-aquarella-sobre-paper-2 tecnica_especifica-tinta-sobre-paper autors-juliette-murphy disciplina-dibuix \"     data-position=\"1100\"   data-new-tab=\"off\"   data-action-priority=\"item\"><figure class=\"dp-dfg-image entry-thumb\"><a href=\"https:\/\/www.museuemporda.org\/?obres_autors=sense-titol-227\" class=\"dp-dfg-image-link\" ><img loading=\"lazy\" decoding=\"async\" class=\"dp-dfg-featured-image\" src=\"https:\/\/www.museuemporda.org\/wp-content\/uploads\/2023\/06\/ME2589-MURPHY11-250x250.jpg\" alt=\"Sense t\u00edtol\" width=\"250\" height=\"250\" data-ratio=\"1\"\/><\/a><\/figure><div class=\"dp-dfg-header entry-header\"><h2 class=\"entry-title\">Sense t\u00edtol<\/h2><\/div><div class=\"dp-dfg-custom-content\"><p class=\"dp-dfg-custom-field dp-dfg-cf-autors2\"><span class=\"dp-dfg-custom-field-value\">Juliette Murphy<\/span><\/p><\/div><\/article><!-- DPDFG End Post Item Container --><article id=\"post-10122\" class=\"dp-dfg-item post-10122 obres_autors type-obres_autors status-publish has-post-thumbnail hentry tipus_tecniques-obra-grafica tecnica_especifica-impressio autors-enric-ruiz-geli disciplina-obra-grafic \"     data-position=\"1101\"   data-new-tab=\"off\"   data-action-priority=\"item\"><figure class=\"dp-dfg-image entry-thumb\"><a href=\"https:\/\/www.museuemporda.org\/?obres_autors=villa-nurbs-empuriabrava-3\" class=\"dp-dfg-image-link\" ><img loading=\"lazy\" decoding=\"async\" class=\"dp-dfg-featured-image\" src=\"https:\/\/www.museuemporda.org\/wp-content\/uploads\/2022\/01\/mE-1698-250x250.jpg\" alt=\"Villa Nurbs, Empuriabrava\" width=\"250\" height=\"250\" data-ratio=\"1\"\/><\/a><\/figure><div class=\"dp-dfg-header entry-header\"><h2 class=\"entry-title\">Villa Nurbs, Empuriabrava<\/h2><\/div><div class=\"dp-dfg-custom-content\"><p class=\"dp-dfg-custom-field dp-dfg-cf-autors2\"><span class=\"dp-dfg-custom-field-value\">Enric Ruiz-Geli<\/span><\/p><\/div><\/article><!-- DPDFG End Post Item Container --><article id=\"post-8220\" class=\"dp-dfg-item post-8220 obres_autors type-obres_autors status-publish has-post-thumbnail hentry tecnica_especifica-oli-sobre-tela autors-joan-serra-melgosa disciplina-pintura \"     data-position=\"1102\"   data-new-tab=\"off\"   data-action-priority=\"item\"><figure class=\"dp-dfg-image entry-thumb\"><a href=\"https:\/\/www.museuemporda.org\/?obres_autors=paisatge-18\" class=\"dp-dfg-image-link\" ><img loading=\"lazy\" decoding=\"async\" class=\"dp-dfg-featured-image\" src=\"https:\/\/www.museuemporda.org\/wp-content\/uploads\/2021\/08\/mE-1204-250x250.jpg\" alt=\"Paisatge\" width=\"250\" height=\"250\" data-ratio=\"1\"\/><\/a><\/figure><div class=\"dp-dfg-header entry-header\"><h2 class=\"entry-title\">Paisatge<\/h2><\/div><div class=\"dp-dfg-custom-content\"><p class=\"dp-dfg-custom-field dp-dfg-cf-autors2\"><span class=\"dp-dfg-custom-field-value\">Joan Serra Melgosa<\/span><\/p><\/div><\/article><!-- DPDFG End Post Item Container --><article id=\"post-10175\" class=\"dp-dfg-item post-10175 obres_autors type-obres_autors status-publish has-post-thumbnail hentry tipus_tecniques-dibuix tecnica_especifica-dibuix-sobre-paper autors-emili-bosch-roger disciplina-dibuix \"     data-position=\"1103\"   data-new-tab=\"off\"   data-action-priority=\"item\"><figure class=\"dp-dfg-image entry-thumb\"><a href=\"https:\/\/www.museuemporda.org\/?obres_autors=retrat-de-francesc-camps-ribera\" class=\"dp-dfg-image-link\" ><img loading=\"lazy\" decoding=\"async\" class=\"dp-dfg-featured-image\" src=\"https:\/\/www.museuemporda.org\/wp-content\/uploads\/2022\/01\/mE-1277-250x250.jpg\" alt=\"Retrat de Francesc Camps Ribera\" width=\"250\" height=\"250\" data-ratio=\"1\"\/><\/a><\/figure><div class=\"dp-dfg-header entry-header\"><h2 class=\"entry-title\">Retrat de Francesc Camps Ribera<\/h2><\/div><div class=\"dp-dfg-custom-content\"><p class=\"dp-dfg-custom-field dp-dfg-cf-autors2\"><span class=\"dp-dfg-custom-field-value\">Emili Bosch Roger<\/span><\/p><\/div><\/article><!-- DPDFG End Post Item Container --><article id=\"post-13818\" class=\"dp-dfg-item post-13818 obres_autors type-obres_autors status-publish has-post-thumbnail hentry tipus_tecniques-dibuix tecnica_especifica-tinta-sobre-paper autors-lluis-puigbert disciplina-dibuix \"     data-position=\"1104\"   data-new-tab=\"off\"   data-action-priority=\"item\"><figure class=\"dp-dfg-image entry-thumb\"><a href=\"https:\/\/www.museuemporda.org\/?obres_autors=sense-titol-253\" class=\"dp-dfg-image-link\" ><img loading=\"lazy\" decoding=\"async\" class=\"dp-dfg-featured-image\" src=\"https:\/\/www.museuemporda.org\/wp-content\/uploads\/2023\/06\/ME2615-SID04-250x250.jpg\" alt=\"Sense t\u00edtol\" width=\"250\" height=\"250\" data-ratio=\"1\"\/><\/a><\/figure><div class=\"dp-dfg-header entry-header\"><h2 class=\"entry-title\">Sense t\u00edtol<\/h2><\/div><div class=\"dp-dfg-custom-content\"><p class=\"dp-dfg-custom-field dp-dfg-cf-autors2\"><span class=\"dp-dfg-custom-field-value\">Llu\u00eds Puigbert<\/span><\/p><\/div><\/article><!-- DPDFG End Post Item Container --><article id=\"post-10190\" class=\"dp-dfg-item post-10190 obres_autors type-obres_autors status-publish has-post-thumbnail hentry tipus_tecniques-dibuix tecnica_especifica-tecnica-mixta autors-marcelli-porta disciplina-dibuix \"     data-position=\"1105\"   data-new-tab=\"off\"   data-action-priority=\"item\"><figure class=\"dp-dfg-image entry-thumb\"><a href=\"https:\/\/www.museuemporda.org\/?obres_autors=india-amb-una-flor\" class=\"dp-dfg-image-link\" ><img loading=\"lazy\" decoding=\"async\" class=\"dp-dfg-featured-image\" src=\"https:\/\/www.museuemporda.org\/wp-content\/uploads\/2022\/01\/mE-1347-250x250.jpg\" alt=\"\u00cdndia amb una flor\" width=\"250\" height=\"250\" data-ratio=\"1\"\/><\/a><\/figure><div class=\"dp-dfg-header entry-header\"><h2 class=\"entry-title\">\u00cdndia amb una flor<\/h2><\/div><div class=\"dp-dfg-custom-content\"><p class=\"dp-dfg-custom-field dp-dfg-cf-autors2\"><span class=\"dp-dfg-custom-field-value\">Marcel\u00b7l\u00ed Porta<\/span><\/p><\/div><\/article><!-- DPDFG End Post Item Container --><article id=\"post-9040\" class=\"dp-dfg-item post-9040 obres_autors type-obres_autors status-publish has-post-thumbnail hentry tipus_tecniques-bronze autors-frederic-mares-deulovol disciplina-escultura \"     data-position=\"1106\"   data-new-tab=\"off\"   data-action-priority=\"item\"><figure class=\"dp-dfg-image entry-thumb\"><a href=\"https:\/\/www.museuemporda.org\/?obres_autors=figura-femenina-3\" class=\"dp-dfg-image-link\" ><img loading=\"lazy\" decoding=\"async\" class=\"dp-dfg-featured-image\" src=\"https:\/\/www.museuemporda.org\/wp-content\/uploads\/2021\/11\/mE-1038-250x250.jpg\" alt=\"Figura femenina\" width=\"250\" height=\"250\" data-ratio=\"1\"\/><\/a><\/figure><div class=\"dp-dfg-header entry-header\"><h2 class=\"entry-title\">Figura femenina<\/h2><\/div><div class=\"dp-dfg-custom-content\"><p class=\"dp-dfg-custom-field dp-dfg-cf-autors2\"><span class=\"dp-dfg-custom-field-value\">Frederic Mar\u00e8s Deulovol<\/span><\/p><\/div><\/article><!-- DPDFG End Post Item Container --><article id=\"post-8935\" class=\"dp-dfg-item post-8935 obres_autors type-obres_autors status-publish has-post-thumbnail hentry tipus_tecniques-aquarella autors-manuel-humbert-esteve disciplina-pintura \"     data-position=\"1107\"   data-new-tab=\"off\"   data-action-priority=\"item\"><figure class=\"dp-dfg-image entry-thumb\"><a href=\"https:\/\/www.museuemporda.org\/?obres_autors=bar\" class=\"dp-dfg-image-link\" ><img loading=\"lazy\" decoding=\"async\" class=\"dp-dfg-featured-image\" src=\"https:\/\/www.museuemporda.org\/wp-content\/uploads\/2021\/11\/mE-704-250x250.jpg\" alt=\"Bar\" width=\"250\" height=\"250\" data-ratio=\"1\"\/><\/a><\/figure><div class=\"dp-dfg-header entry-header\"><h2 class=\"entry-title\">Bar<\/h2><\/div><div class=\"dp-dfg-custom-content\"><p class=\"dp-dfg-custom-field dp-dfg-cf-autors2\"><span class=\"dp-dfg-custom-field-value\">Manuel Humbert Esteva <\/span><\/p><\/div><\/article><!-- DPDFG End Post Item Container --><article id=\"post-14369\" class=\"dp-dfg-item post-14369 obres_autors type-obres_autors status-publish has-post-thumbnail hentry tipus_tecniques-dibuix tecnica_especifica-impressio-digital autors-lluis-puigbert disciplina-dibuix \"     data-position=\"1108\"   data-new-tab=\"off\"   data-action-priority=\"item\"><figure class=\"dp-dfg-image entry-thumb\"><a href=\"https:\/\/www.museuemporda.org\/?obres_autors=sense-titol-504\" class=\"dp-dfg-image-link\" ><img loading=\"lazy\" decoding=\"async\" class=\"dp-dfg-featured-image\" src=\"https:\/\/www.museuemporda.org\/wp-content\/uploads\/2023\/07\/ME2892-PUIGBERT-SID-250x250.jpg\" alt=\"Sense t\u00edtol\" width=\"250\" height=\"250\" data-ratio=\"1\"\/><\/a><\/figure><div class=\"dp-dfg-header entry-header\"><h2 class=\"entry-title\">Sense t\u00edtol<\/h2><\/div><div class=\"dp-dfg-custom-content\"><p class=\"dp-dfg-custom-field dp-dfg-cf-autors2\"><span class=\"dp-dfg-custom-field-value\">Llu\u00eds Puigbert<\/span><\/p><\/div><\/article><!-- DPDFG End Post Item Container --><article id=\"post-10840\" class=\"dp-dfg-item post-10840 obres_autors type-obres_autors status-publish has-post-thumbnail hentry tipus_tecniques-dibuix tecnica_especifica-llapis-carbo-sobre-paper autors-josep-lluis-pellicer-fenye disciplina-dibuix \"     data-position=\"1109\"   data-new-tab=\"off\"   data-action-priority=\"item\"><figure class=\"dp-dfg-image entry-thumb\"><a href=\"https:\/\/www.museuemporda.org\/?obres_autors=quarantena-en-el-llatzeret-del-perthus-5\" class=\"dp-dfg-image-link\" ><img loading=\"lazy\" decoding=\"async\" class=\"dp-dfg-featured-image\" src=\"https:\/\/www.museuemporda.org\/wp-content\/uploads\/2022\/02\/mE-1545-250x250.jpg\" alt=\"Quarantena en el llatzeret del Perthus\" width=\"250\" height=\"250\" data-ratio=\"1\"\/><\/a><\/figure><div class=\"dp-dfg-header entry-header\"><h2 class=\"entry-title\">Quarantena en el llatzeret del Perthus<\/h2><\/div><div class=\"dp-dfg-custom-content\"><p class=\"dp-dfg-custom-field dp-dfg-cf-autors2\"><span class=\"dp-dfg-custom-field-value\">Josep Llu\u00eds Pellicer Feny\u00e9<\/span><\/p><\/div><\/article><!-- DPDFG End Post Item Container --><article id=\"post-10372\" class=\"dp-dfg-item post-10372 obres_autors type-obres_autors status-publish has-post-thumbnail hentry tipus_tecniques-escultura tecnica_especifica-guix-policromat autors-artur-novoa-cabra disciplina-escultura \"     data-position=\"1110\"   data-new-tab=\"off\"   data-action-priority=\"item\"><figure class=\"dp-dfg-image entry-thumb\"><a href=\"https:\/\/www.museuemporda.org\/?obres_autors=relleu-del-senyor-don-vicente-aldeguer\" class=\"dp-dfg-image-link\" ><img loading=\"lazy\" decoding=\"async\" class=\"dp-dfg-featured-image\" src=\"https:\/\/www.museuemporda.org\/wp-content\/uploads\/2022\/01\/mE-1645-250x250.jpg\" alt=\"Relleu del senyor Don Vicente Aldeguer\" width=\"250\" height=\"250\" data-ratio=\"1\"\/><\/a><\/figure><div class=\"dp-dfg-header entry-header\"><h2 class=\"entry-title\">Relleu del senyor Don Vicente Aldeguer<\/h2><\/div><div class=\"dp-dfg-custom-content\"><p class=\"dp-dfg-custom-field dp-dfg-cf-autors2\"><span class=\"dp-dfg-custom-field-value\">Artur Novoa Cabra <\/span><\/p><\/div><\/article><!-- DPDFG End Post Item Container --><article id=\"post-13747\" class=\"dp-dfg-item post-13747 obres_autors type-obres_autors status-publish has-post-thumbnail hentry tipus_tecniques-dibuix tecnica_especifica-tinta-sobre-paper autors-enric-pujol disciplina-dibuix \"     data-position=\"1111\"   data-new-tab=\"off\"   data-action-priority=\"item\"><figure class=\"dp-dfg-image entry-thumb\"><a href=\"https:\/\/www.museuemporda.org\/?obres_autors=sense-titol-218\" class=\"dp-dfg-image-link\" ><img loading=\"lazy\" decoding=\"async\" class=\"dp-dfg-featured-image\" src=\"https:\/\/www.museuemporda.org\/wp-content\/uploads\/2023\/06\/ME2580-PUJOL14-250x250.jpg\" alt=\"Sense t\u00edtol\" width=\"250\" height=\"250\" data-ratio=\"1\"\/><\/a><\/figure><div class=\"dp-dfg-header entry-header\"><h2 class=\"entry-title\">Sense t\u00edtol<\/h2><\/div><div class=\"dp-dfg-custom-content\"><p class=\"dp-dfg-custom-field dp-dfg-cf-autors2\"><span class=\"dp-dfg-custom-field-value\">Enric Pujol<\/span><\/p><\/div><\/article><!-- DPDFG End Post Item Container --><article id=\"post-12207\" class=\"dp-dfg-item post-12207 obres_autors type-obres_autors status-publish has-post-thumbnail hentry tipus_tecniques-indumentaria tecnica_especifica-teixit-i-fusta autors-autoria-desconeguda disciplina-indumentaria \"     data-position=\"1112\"   data-new-tab=\"off\"   data-action-priority=\"item\"><figure class=\"dp-dfg-image entry-thumb\"><a href=\"https:\/\/www.museuemporda.org\/?obres_autors=sense-titol-173\" class=\"dp-dfg-image-link\" ><img loading=\"lazy\" decoding=\"async\" class=\"dp-dfg-featured-image\" src=\"https:\/\/www.museuemporda.org\/wp-content\/uploads\/2022\/03\/mE-898-250x250.jpg\" alt=\"Sense t\u00edtol\" width=\"250\" height=\"250\" data-ratio=\"1\"\/><\/a><\/figure><div class=\"dp-dfg-header entry-header\"><h2 class=\"entry-title\">Sense t\u00edtol<\/h2><\/div><div class=\"dp-dfg-custom-content\"><p class=\"dp-dfg-custom-field dp-dfg-cf-autors2\"><span class=\"dp-dfg-custom-field-value\">Autoria desconeguda<\/span><\/p><\/div><\/article><!-- DPDFG End Post Item Container --><article id=\"post-10520\" class=\"dp-dfg-item post-10520 obres_autors type-obres_autors status-publish has-post-thumbnail hentry tipus_tecniques-obra-grafica tecnica_especifica-paper-impres autors-salvador-dali-domenech disciplina-obra-grafic \"     data-position=\"1113\"   data-new-tab=\"off\"   data-action-priority=\"item\"><figure class=\"dp-dfg-image entry-thumb\"><a href=\"https:\/\/www.museuemporda.org\/?obres_autors=alsace-chemins-de-fer-francais\" class=\"dp-dfg-image-link\" ><img loading=\"lazy\" decoding=\"async\" class=\"dp-dfg-featured-image\" src=\"https:\/\/www.museuemporda.org\/wp-content\/uploads\/2022\/02\/mE-2236-250x250.jpg\" alt=\"Alsace. Chemins de fer fran\u00e7ais\" width=\"250\" height=\"250\" data-ratio=\"1\"\/><\/a><\/figure><div class=\"dp-dfg-header entry-header\"><h2 class=\"entry-title\">Alsace. Chemins de fer fran\u00e7ais<\/h2><\/div><div class=\"dp-dfg-custom-content\"><p class=\"dp-dfg-custom-field dp-dfg-cf-autors2\"><span class=\"dp-dfg-custom-field-value\">Salvador Dal\u00ed Dom\u00e8nech<\/span><\/p><\/div><\/article><!-- DPDFG End Post Item Container --><article id=\"post-11903\" class=\"dp-dfg-item post-11903 obres_autors type-obres_autors status-publish has-post-thumbnail hentry tipus_tecniques-pintura tecnica_especifica-aquarella autors-manuel-risques-trillas disciplina-pintura \"     data-position=\"1114\"   data-new-tab=\"off\"   data-action-priority=\"item\"><figure class=\"dp-dfg-image entry-thumb\"><a href=\"https:\/\/www.museuemporda.org\/?obres_autors=retrat-duna-noia-3\" class=\"dp-dfg-image-link\" ><img loading=\"lazy\" decoding=\"async\" class=\"dp-dfg-featured-image\" src=\"https:\/\/www.museuemporda.org\/wp-content\/uploads\/2022\/02\/mE-818-250x250.jpg\" alt=\"Retrat d&#8217;una noia\" width=\"250\" height=\"250\" data-ratio=\"1\"\/><\/a><\/figure><div class=\"dp-dfg-header entry-header\"><h2 class=\"entry-title\">Retrat d&#8217;una noia<\/h2><\/div><div class=\"dp-dfg-custom-content\"><p class=\"dp-dfg-custom-field dp-dfg-cf-autors2\"><span class=\"dp-dfg-custom-field-value\">Manuel Risques Trillas<\/span><\/p><\/div><\/article><!-- DPDFG End Post Item Container --><article id=\"post-16750\" class=\"dp-dfg-item post-16750 obres_autors type-obres_autors status-publish has-post-thumbnail hentry tipus_tecniques-mixta-sobre-paper autors-leonard-beard disciplina-obra-grafic \"     data-position=\"1115\"   data-new-tab=\"off\"   data-action-priority=\"item\"><figure class=\"dp-dfg-image entry-thumb\"><a href=\"https:\/\/www.museuemporda.org\/?obres_autors=01-20\" class=\"dp-dfg-image-link\" ><img loading=\"lazy\" decoding=\"async\" class=\"dp-dfg-featured-image\" src=\"https:\/\/www.museuemporda.org\/wp-content\/uploads\/2025\/09\/mE-1591-250x250.jpg\" alt=\"01.20\" width=\"250\" height=\"250\" data-ratio=\"1\"\/><\/a><\/figure><div class=\"dp-dfg-header entry-header\"><h2 class=\"entry-title\">01.20<\/h2><\/div><div class=\"dp-dfg-custom-content\"><p class=\"dp-dfg-custom-field dp-dfg-cf-autors2\"><span class=\"dp-dfg-custom-field-value\">Leonard Beard<\/span><\/p><\/div><\/article><!-- DPDFG End Post Item Container --><article id=\"post-14069\" class=\"dp-dfg-item post-14069 obres_autors type-obres_autors status-publish has-post-thumbnail hentry tipus_tecniques-dibuix tecnica_especifica-impressio-digital autors-carles-roman disciplina-dibuix \"     data-position=\"1116\"   data-new-tab=\"off\"   data-action-priority=\"item\"><figure class=\"dp-dfg-image entry-thumb\"><a href=\"https:\/\/www.museuemporda.org\/?obres_autors=sense-titol-365\" class=\"dp-dfg-image-link\" ><img loading=\"lazy\" decoding=\"async\" class=\"dp-dfg-featured-image\" src=\"https:\/\/www.museuemporda.org\/wp-content\/uploads\/2023\/06\/ME2729-ROMAN-250x250.jpg\" alt=\"Sense t\u00edtol\" width=\"250\" height=\"250\" data-ratio=\"1\"\/><\/a><\/figure><div class=\"dp-dfg-header entry-header\"><h2 class=\"entry-title\">Sense t\u00edtol<\/h2><\/div><div class=\"dp-dfg-custom-content\"><p class=\"dp-dfg-custom-field dp-dfg-cf-autors2\"><span class=\"dp-dfg-custom-field-value\">Carles Roman<\/span><\/p><\/div><\/article><!-- DPDFG End Post Item Container --><article id=\"post-10854\" class=\"dp-dfg-item post-10854 obres_autors type-obres_autors status-publish has-post-thumbnail hentry tipus_tecniques-dibuix tecnica_especifica-llapis-carbo-sobre-paper autors-josep-lluis-pellicer-fenye disciplina-dibuix \"     data-position=\"1117\"   data-new-tab=\"off\"   data-action-priority=\"item\"><figure class=\"dp-dfg-image entry-thumb\"><a href=\"https:\/\/www.museuemporda.org\/?obres_autors=viatge-per-lemporda-estacio-de-figueres-2\" class=\"dp-dfg-image-link\" ><img loading=\"lazy\" decoding=\"async\" class=\"dp-dfg-featured-image\" src=\"https:\/\/www.museuemporda.org\/wp-content\/uploads\/2022\/02\/mE-1552-250x250.jpg\" alt=\"Viatge per l&#8217;Empord\u00e0; Estaci\u00f3 de Figueres\" width=\"250\" height=\"250\" data-ratio=\"1\"\/><\/a><\/figure><div class=\"dp-dfg-header entry-header\"><h2 class=\"entry-title\">Viatge per l&#8217;Empord\u00e0; Estaci\u00f3 de Figueres<\/h2><\/div><div class=\"dp-dfg-custom-content\"><p class=\"dp-dfg-custom-field dp-dfg-cf-autors2\"><span class=\"dp-dfg-custom-field-value\">Josep Llu\u00eds Pellicer Feny\u00e9<\/span><\/p><\/div><\/article><!-- DPDFG End Post Item Container --><article id=\"post-13906\" class=\"dp-dfg-item post-13906 obres_autors type-obres_autors status-publish has-post-thumbnail hentry tipus_tecniques-dibuix tecnica_especifica-impressio-digital autors-pep-claparols-i-moret disciplina-dibuix \"     data-position=\"1118\"   data-new-tab=\"off\"   data-action-priority=\"item\"><figure class=\"dp-dfg-image entry-thumb\"><a href=\"https:\/\/www.museuemporda.org\/?obres_autors=sense-titol-292\" class=\"dp-dfg-image-link\" ><img loading=\"lazy\" decoding=\"async\" class=\"dp-dfg-featured-image\" src=\"https:\/\/www.museuemporda.org\/wp-content\/uploads\/2023\/06\/ME2654-PEP98-250x250.jpg\" alt=\"Sense t\u00edtol\" width=\"250\" height=\"250\" data-ratio=\"1\"\/><\/a><\/figure><div class=\"dp-dfg-header entry-header\"><h2 class=\"entry-title\">Sense t\u00edtol<\/h2><\/div><div class=\"dp-dfg-custom-content\"><p class=\"dp-dfg-custom-field dp-dfg-cf-autors2\"><span class=\"dp-dfg-custom-field-value\">Pep Claparols i Moret<\/span><\/p><\/div><\/article><!-- DPDFG End Post Item Container --><article id=\"post-11259\" class=\"dp-dfg-item post-11259 obres_autors type-obres_autors status-publish has-post-thumbnail hentry tipus_tecniques-obra-grafica tecnica_especifica-serigrafia autors-angel-corral disciplina-obra-grafic \"     data-position=\"1119\"   data-new-tab=\"off\"   data-action-priority=\"item\"><figure class=\"dp-dfg-image entry-thumb\"><a href=\"https:\/\/www.museuemporda.org\/?obres_autors=se-vende-2005\" class=\"dp-dfg-image-link\" ><img loading=\"lazy\" decoding=\"async\" class=\"dp-dfg-featured-image\" src=\"https:\/\/www.museuemporda.org\/wp-content\/uploads\/2022\/02\/mE-1898-250x250.jpg\" alt=\"Se vende, 2005\" width=\"250\" height=\"250\" data-ratio=\"1\"\/><\/a><\/figure><div class=\"dp-dfg-header entry-header\"><h2 class=\"entry-title\">Se vende, 2005<\/h2><\/div><div class=\"dp-dfg-custom-content\"><p class=\"dp-dfg-custom-field dp-dfg-cf-autors2\"><span class=\"dp-dfg-custom-field-value\">\u00c0ngel Corral<\/span><\/p><\/div><\/article><!-- DPDFG End Post Item Container --><article id=\"post-6035\" class=\"dp-dfg-item post-6035 obres_autors type-obres_autors status-publish has-post-thumbnail hentry tecnica_especifica-aquarella-sobre-paper autors-joan-sibecas-cabanyo disciplina-pintura \"     data-position=\"1120\"   data-new-tab=\"off\"   data-action-priority=\"item\"><figure class=\"dp-dfg-image entry-thumb\"><a href=\"https:\/\/www.museuemporda.org\/?obres_autors=paisatge-de-lemporda\" class=\"dp-dfg-image-link\" ><img loading=\"lazy\" decoding=\"async\" class=\"dp-dfg-featured-image\" src=\"https:\/\/www.museuemporda.org\/wp-content\/uploads\/2020\/04\/mE-1406-250x250.jpg\" alt=\"Paisatge de l&#8217;Empord\u00e0\" width=\"250\" height=\"250\" data-ratio=\"1\"\/><\/a><\/figure><div class=\"dp-dfg-header entry-header\"><h2 class=\"entry-title\">Paisatge de l&#8217;Empord\u00e0<\/h2><\/div><div class=\"dp-dfg-custom-content\"><p class=\"dp-dfg-custom-field dp-dfg-cf-autors2\"><span class=\"dp-dfg-custom-field-value\">Joan Sibecas Cabany\u00f3<\/span><\/p><\/div><\/article><!-- DPDFG End Post Item Container --><article id=\"post-1286\" class=\"dp-dfg-item post-1286 obres_autors type-obres_autors status-publish has-post-thumbnail hentry autors-pompeu-audivert-mir \"     data-position=\"1121\"   data-new-tab=\"off\"   data-action-priority=\"item\"><figure class=\"dp-dfg-image entry-thumb\"><a href=\"https:\/\/www.museuemporda.org\/?obres_autors=amants\" class=\"dp-dfg-image-link\" ><img loading=\"lazy\" decoding=\"async\" class=\"dp-dfg-featured-image\" src=\"https:\/\/www.museuemporda.org\/wp-content\/uploads\/2020\/04\/mE-1286-scaled-1-250x250.jpg\" alt=\"Amants\" width=\"250\" height=\"250\" data-ratio=\"1\"\/><\/a><\/figure><div class=\"dp-dfg-header entry-header\"><h2 class=\"entry-title\">Amants<\/h2><\/div><div class=\"dp-dfg-custom-content\"><p class=\"dp-dfg-custom-field dp-dfg-cf-autors2\"><span class=\"dp-dfg-custom-field-value\">Pompeu Audivert<\/span><\/p><\/div><\/article><!-- DPDFG End Post Item Container --><article id=\"post-7974\" class=\"dp-dfg-item post-7974 obres_autors type-obres_autors status-publish has-post-thumbnail hentry tecnica_especifica-oli-sobre-tela autors-evarist-valles-rovira disciplina-pintura \"     data-position=\"1122\"   data-new-tab=\"off\"   data-action-priority=\"item\"><figure class=\"dp-dfg-image entry-thumb\"><a href=\"https:\/\/www.museuemporda.org\/?obres_autors=autoretrat-3\" class=\"dp-dfg-image-link\" ><img loading=\"lazy\" decoding=\"async\" class=\"dp-dfg-featured-image\" src=\"https:\/\/www.museuemporda.org\/wp-content\/uploads\/2021\/08\/mE-1607_2019-250x250.jpg\" alt=\"Autoretrat\" width=\"250\" height=\"250\" data-ratio=\"1\"\/><\/a><\/figure><div class=\"dp-dfg-header entry-header\"><h2 class=\"entry-title\">Autoretrat<\/h2><\/div><div class=\"dp-dfg-custom-content\"><p class=\"dp-dfg-custom-field dp-dfg-cf-autors2\"><span class=\"dp-dfg-custom-field-value\">Evarist Vall\u00e8s Rovira<\/span><\/p><\/div><\/article><!-- DPDFG End Post Item Container --><article id=\"post-5705\" class=\"dp-dfg-item post-5705 obres_autors type-obres_autors status-publish has-post-thumbnail hentry autors-autoria-desconeguda disciplina-arqueologia \"     data-position=\"1123\"   data-new-tab=\"off\"   data-action-priority=\"item\"><figure class=\"dp-dfg-image entry-thumb\"><a href=\"https:\/\/www.museuemporda.org\/?obres_autors=amfora-de-ceramica-atica-de-figures-roges\" class=\"dp-dfg-image-link\" ><img loading=\"lazy\" decoding=\"async\" class=\"dp-dfg-featured-image\" src=\"https:\/\/www.museuemporda.org\/wp-content\/uploads\/2020\/04\/mE-392_2_2019-250x250.jpg\" alt=\"\u00c0mfora \u00e0tica de figures negres\" width=\"250\" height=\"250\" data-ratio=\"1\"\/><\/a><\/figure><div class=\"dp-dfg-header entry-header\"><h2 class=\"entry-title\">\u00c0mfora \u00e0tica de figures negres<\/h2><\/div><div class=\"dp-dfg-custom-content\"><p class=\"dp-dfg-custom-field dp-dfg-cf-autors2\"><span class=\"dp-dfg-custom-field-value\">Autoria desconeguda<\/span><\/p><\/div><\/article><!-- DPDFG End Post Item Container --><article id=\"post-11911\" class=\"dp-dfg-item post-11911 obres_autors type-obres_autors status-publish has-post-thumbnail hentry tipus_tecniques-pintura tecnica_especifica-aquarella-sobre-paper autors-rafael-rodriguez-moya disciplina-pintura \"     data-position=\"1124\"   data-new-tab=\"off\"   data-action-priority=\"item\"><figure class=\"dp-dfg-image entry-thumb\"><a href=\"https:\/\/www.museuemporda.org\/?obres_autors=retrat-femeni-6\" class=\"dp-dfg-image-link\" ><img loading=\"lazy\" decoding=\"async\" class=\"dp-dfg-featured-image\" src=\"https:\/\/www.museuemporda.org\/wp-content\/uploads\/2022\/02\/mE-1514-250x250.jpg\" alt=\"Retrat femen\u00ed\" width=\"250\" height=\"250\" data-ratio=\"1\"\/><\/a><\/figure><div class=\"dp-dfg-header entry-header\"><h2 class=\"entry-title\">Retrat femen\u00ed<\/h2><\/div><div class=\"dp-dfg-custom-content\"><p class=\"dp-dfg-custom-field dp-dfg-cf-autors2\"><span class=\"dp-dfg-custom-field-value\">Rafael Rodr\u00edguez Moya<\/span><\/p><\/div><\/article><!-- DPDFG End Post Item Container --><article id=\"post-8234\" class=\"dp-dfg-item post-8234 obres_autors type-obres_autors status-publish has-post-thumbnail hentry tecnica_especifica-tecnica-mixta-sobre-tela autors-manuel-bea-cervera disciplina-pintura \"     data-position=\"1125\"   data-new-tab=\"off\"   data-action-priority=\"item\"><figure class=\"dp-dfg-image entry-thumb\"><a href=\"https:\/\/www.museuemporda.org\/?obres_autors=bruixola\" class=\"dp-dfg-image-link\" ><img loading=\"lazy\" decoding=\"async\" class=\"dp-dfg-featured-image\" src=\"https:\/\/www.museuemporda.org\/wp-content\/uploads\/2021\/08\/mE-724-250x250.jpg\" alt=\"Br\u00faixola\" width=\"250\" height=\"250\" data-ratio=\"1\"\/><\/a><\/figure><div class=\"dp-dfg-header entry-header\"><h2 class=\"entry-title\">Br\u00faixola<\/h2><\/div><div class=\"dp-dfg-custom-content\"><p class=\"dp-dfg-custom-field dp-dfg-cf-autors2\"><span class=\"dp-dfg-custom-field-value\">Manuel Bea Cervera<\/span><\/p><\/div><\/article><!-- DPDFG End Post Item Container --><article id=\"post-8919\" class=\"dp-dfg-item post-8919 obres_autors type-obres_autors status-publish has-post-thumbnail hentry tecnica_especifica-oli-sobre-tela autors-joan-vila-puig disciplina-pintura \"     data-position=\"1126\"   data-new-tab=\"off\"   data-action-priority=\"item\"><figure class=\"dp-dfg-image entry-thumb\"><a href=\"https:\/\/www.museuemporda.org\/?obres_autors=santiga\" class=\"dp-dfg-image-link\" ><img loading=\"lazy\" decoding=\"async\" class=\"dp-dfg-featured-image\" src=\"https:\/\/www.museuemporda.org\/wp-content\/uploads\/2021\/11\/mE-689-250x250.jpg\" alt=\"Santiga\" width=\"250\" height=\"250\" data-ratio=\"1\"\/><\/a><\/figure><div class=\"dp-dfg-header entry-header\"><h2 class=\"entry-title\">Santiga<\/h2><\/div><div class=\"dp-dfg-custom-content\"><p class=\"dp-dfg-custom-field dp-dfg-cf-autors2\"><span class=\"dp-dfg-custom-field-value\">Joan Vila Puig<\/span><\/p><\/div><\/article><!-- DPDFG End Post Item Container --><article id=\"post-14537\" class=\"dp-dfg-item post-14537 obres_autors type-obres_autors status-publish has-post-thumbnail hentry tipus_tecniques-dibuix tecnica_especifica-llapis-carbo-sobre-paper autors-enric-pascual-monturiol disciplina-dibuix \"     data-position=\"1127\"   data-new-tab=\"off\"   data-action-priority=\"item\"><figure class=\"dp-dfg-image entry-thumb\"><a href=\"https:\/\/www.museuemporda.org\/?obres_autors=sense-titol-531\" class=\"dp-dfg-image-link\" ><img loading=\"lazy\" decoding=\"async\" class=\"dp-dfg-featured-image\" src=\"https:\/\/www.museuemporda.org\/wp-content\/uploads\/2023\/07\/JPH5204-250x250.jpg\" alt=\"Sense t\u00edtol\" width=\"250\" height=\"250\" data-ratio=\"1\"\/><\/a><\/figure><div class=\"dp-dfg-header entry-header\"><h2 class=\"entry-title\">Sense t\u00edtol<\/h2><\/div><div class=\"dp-dfg-custom-content\"><p class=\"dp-dfg-custom-field dp-dfg-cf-autors2\"><span class=\"dp-dfg-custom-field-value\">Enric Pascual Monturiol<\/span><\/p><\/div><\/article><!-- DPDFG End Post Item Container --><article id=\"post-10719\" class=\"dp-dfg-item post-10719 obres_autors type-obres_autors status-publish has-post-thumbnail hentry tipus_tecniques-pintura tecnica_especifica-tecnica-mixta-sobre-tela autors-modest-cuixart-tapies disciplina-pintura \"     data-position=\"1128\"   data-new-tab=\"off\"   data-action-priority=\"item\"><figure class=\"dp-dfg-image entry-thumb\"><a href=\"https:\/\/www.museuemporda.org\/?obres_autors=cami-de-tardor\" class=\"dp-dfg-image-link\" ><img loading=\"lazy\" decoding=\"async\" class=\"dp-dfg-featured-image\" src=\"https:\/\/www.museuemporda.org\/wp-content\/uploads\/2022\/02\/mE-1582-250x250.jpg\" alt=\"Cam\u00ed de tardor\" width=\"250\" height=\"250\" data-ratio=\"1\"\/><\/a><\/figure><div class=\"dp-dfg-header entry-header\"><h2 class=\"entry-title\">Cam\u00ed de tardor<\/h2><\/div><div class=\"dp-dfg-custom-content\"><p class=\"dp-dfg-custom-field dp-dfg-cf-autors2\"><span class=\"dp-dfg-custom-field-value\">Modest Cuixart T\u00e0pies<\/span><\/p><\/div><\/article><!-- DPDFG End Post Item Container --><article id=\"post-11969\" class=\"dp-dfg-item post-11969 obres_autors type-obres_autors status-publish has-post-thumbnail hentry tipus_tecniques-obra-grafica tecnica_especifica-gravat autors-fernando-selma disciplina-obra-grafic \"     data-position=\"1129\"   data-new-tab=\"off\"   data-action-priority=\"item\"><figure class=\"dp-dfg-image entry-thumb\"><a href=\"https:\/\/www.museuemporda.org\/?obres_autors=retrat-11\" class=\"dp-dfg-image-link\" ><img loading=\"lazy\" decoding=\"async\" class=\"dp-dfg-featured-image\" src=\"https:\/\/www.museuemporda.org\/wp-content\/uploads\/2022\/02\/mE-1975-250x250.jpg\" alt=\"Retrat\" width=\"250\" height=\"250\" data-ratio=\"1\"\/><\/a><\/figure><div class=\"dp-dfg-header entry-header\"><h2 class=\"entry-title\">Retrat<\/h2><\/div><div class=\"dp-dfg-custom-content\"><p class=\"dp-dfg-custom-field dp-dfg-cf-autors2\"><span class=\"dp-dfg-custom-field-value\">Fernando Selma<\/span><\/p><\/div><\/article><!-- DPDFG End Post Item Container --><article id=\"post-13816\" class=\"dp-dfg-item post-13816 obres_autors type-obres_autors status-publish has-post-thumbnail hentry tipus_tecniques-dibuix tecnica_especifica-tinta-sobre-paper autors-lluis-puigbert disciplina-dibuix \"     data-position=\"1130\"   data-new-tab=\"off\"   data-action-priority=\"item\"><figure class=\"dp-dfg-image entry-thumb\"><a href=\"https:\/\/www.museuemporda.org\/?obres_autors=sense-titol-252\" class=\"dp-dfg-image-link\" ><img loading=\"lazy\" decoding=\"async\" class=\"dp-dfg-featured-image\" src=\"https:\/\/www.museuemporda.org\/wp-content\/uploads\/2023\/06\/ME2614-SID04-250x250.jpg\" alt=\"Sense t\u00edtol\" width=\"250\" height=\"250\" data-ratio=\"1\"\/><\/a><\/figure><div class=\"dp-dfg-header entry-header\"><h2 class=\"entry-title\">Sense t\u00edtol<\/h2><\/div><div class=\"dp-dfg-custom-content\"><p class=\"dp-dfg-custom-field dp-dfg-cf-autors2\"><span class=\"dp-dfg-custom-field-value\">Llu\u00eds Puigbert<\/span><\/p><\/div><\/article><!-- DPDFG End Post Item Container --><article id=\"post-9807\" class=\"dp-dfg-item post-9807 obres_autors type-obres_autors status-publish has-post-thumbnail hentry tipus_tecniques-fotografia tecnica_especifica-fotografia autors-francesc-guillamet-ferran disciplina-fotografia \"     data-position=\"1131\"   data-new-tab=\"off\"   data-action-priority=\"item\"><figure class=\"dp-dfg-image entry-thumb\"><a href=\"https:\/\/www.museuemporda.org\/?obres_autors=llenguado-a-la-taronja\" class=\"dp-dfg-image-link\" ><img loading=\"lazy\" decoding=\"async\" class=\"dp-dfg-featured-image\" src=\"https:\/\/www.museuemporda.org\/wp-content\/uploads\/2022\/01\/mE-2514-250x250.jpg\" alt=\"Llenguado a la taronja\" width=\"250\" height=\"250\" data-ratio=\"1\"\/><\/a><\/figure><div class=\"dp-dfg-header entry-header\"><h2 class=\"entry-title\">Llenguado a la taronja<\/h2><\/div><div class=\"dp-dfg-custom-content\"><p class=\"dp-dfg-custom-field dp-dfg-cf-autors2\"><span class=\"dp-dfg-custom-field-value\">Francesc Guillamet Ferran<\/span><\/p><\/div><\/article><!-- DPDFG End Post Item Container --><article id=\"post-10501\" class=\"dp-dfg-item post-10501 obres_autors type-obres_autors status-publish has-post-thumbnail hentry tipus_tecniques-dibuix tecnica_especifica-llapis-sobre-paper autors-frederic-mares-deulovol disciplina-dibuix \"     data-position=\"1132\"   data-new-tab=\"off\"   data-action-priority=\"item\"><figure class=\"dp-dfg-image entry-thumb\"><a href=\"https:\/\/www.museuemporda.org\/?obres_autors=sense-titol-79\" class=\"dp-dfg-image-link\" ><img loading=\"lazy\" decoding=\"async\" class=\"dp-dfg-featured-image\" src=\"https:\/\/www.museuemporda.org\/wp-content\/uploads\/2022\/01\/mE-1776-250x250.jpg\" alt=\"Sense t\u00edtol\" width=\"250\" height=\"250\" data-ratio=\"1\"\/><\/a><\/figure><div class=\"dp-dfg-header entry-header\"><h2 class=\"entry-title\">Sense t\u00edtol<\/h2><\/div><div class=\"dp-dfg-custom-content\"><p class=\"dp-dfg-custom-field dp-dfg-cf-autors2\"><span class=\"dp-dfg-custom-field-value\">Frederic Mar\u00e8s Deulovol<\/span><\/p><\/div><\/article><!-- DPDFG End Post Item Container --><article id=\"post-14398\" class=\"dp-dfg-item post-14398 obres_autors type-obres_autors status-publish has-post-thumbnail hentry tipus_tecniques-pintura tecnica_especifica-oli-sobre-fusta autors-carme-escursell-burch disciplina-pintura \"     data-position=\"1133\"   data-new-tab=\"off\"   data-action-priority=\"item\"><figure class=\"dp-dfg-image entry-thumb\"><a href=\"https:\/\/www.museuemporda.org\/?obres_autors=sense-titol-515\" class=\"dp-dfg-image-link\" ><img loading=\"lazy\" decoding=\"async\" class=\"dp-dfg-featured-image\" src=\"https:\/\/www.museuemporda.org\/wp-content\/uploads\/2023\/07\/ME2906-250x250.jpg\" alt=\"Sense t\u00edtol\" width=\"250\" height=\"250\" data-ratio=\"1\"\/><\/a><\/figure><div class=\"dp-dfg-header entry-header\"><h2 class=\"entry-title\">Sense t\u00edtol<\/h2><\/div><div class=\"dp-dfg-custom-content\"><p class=\"dp-dfg-custom-field dp-dfg-cf-autors2\"><span class=\"dp-dfg-custom-field-value\">Carme Escursell Burch<\/span><\/p><\/div><\/article><!-- DPDFG End Post Item Container --><article id=\"post-11530\" class=\"dp-dfg-item post-11530 obres_autors type-obres_autors status-publish has-post-thumbnail hentry tipus_tecniques-pintura tecnica_especifica-pintura-sobre-paper autors-eugene-de-bernard-kurakin-goizueta disciplina-pintura \"     data-position=\"1134\"   data-new-tab=\"off\"   data-action-priority=\"item\"><figure class=\"dp-dfg-image entry-thumb\"><a href=\"https:\/\/www.museuemporda.org\/?obres_autors=retrat-devarist-valles-4\" class=\"dp-dfg-image-link\" ><img loading=\"lazy\" decoding=\"async\" class=\"dp-dfg-featured-image\" src=\"https:\/\/www.museuemporda.org\/wp-content\/uploads\/2022\/02\/mE-2281-250x250.jpg\" alt=\"Retrat d&#8217;Evarist Vall\u00e8s\" width=\"250\" height=\"250\" data-ratio=\"1\"\/><\/a><\/figure><div class=\"dp-dfg-header entry-header\"><h2 class=\"entry-title\">Retrat d&#8217;Evarist Vall\u00e8s<\/h2><\/div><div class=\"dp-dfg-custom-content\"><p class=\"dp-dfg-custom-field dp-dfg-cf-autors2\"><span class=\"dp-dfg-custom-field-value\">Eug\u00e9ne de Bernard Kurakin Goizueta<\/span><\/p><\/div><\/article><!-- DPDFG End Post Item Container --><article id=\"post-10120\" class=\"dp-dfg-item post-10120 obres_autors type-obres_autors status-publish has-post-thumbnail hentry tipus_tecniques-obra-grafica tecnica_especifica-impressio autors-enric-ruiz-geli disciplina-obra-grafic \"     data-position=\"1135\"   data-new-tab=\"off\"   data-action-priority=\"item\"><figure class=\"dp-dfg-image entry-thumb\"><a href=\"https:\/\/www.museuemporda.org\/?obres_autors=villa-nurbs-empuriabrava-2\" class=\"dp-dfg-image-link\" ><img loading=\"lazy\" decoding=\"async\" class=\"dp-dfg-featured-image\" src=\"https:\/\/www.museuemporda.org\/wp-content\/uploads\/2022\/01\/mE-1697-250x250.jpg\" alt=\"Villa Nurbs, Empuriabrava\" width=\"250\" height=\"250\" data-ratio=\"1\"\/><\/a><\/figure><div class=\"dp-dfg-header entry-header\"><h2 class=\"entry-title\">Villa Nurbs, Empuriabrava<\/h2><\/div><div class=\"dp-dfg-custom-content\"><p class=\"dp-dfg-custom-field dp-dfg-cf-autors2\"><span class=\"dp-dfg-custom-field-value\">Enric Ruiz-Geli<\/span><\/p><\/div><\/article><!-- DPDFG End Post Item Container --><article id=\"post-10320\" class=\"dp-dfg-item post-10320 obres_autors type-obres_autors status-publish has-post-thumbnail hentry tipus_tecniques-pintura tecnica_especifica-oli-sobre-tela autors-pere-bech-sudria disciplina-pintura \"     data-position=\"1136\"   data-new-tab=\"off\"   data-action-priority=\"item\"><figure class=\"dp-dfg-image entry-thumb\"><a href=\"https:\/\/www.museuemporda.org\/?obres_autors=figures-2\" class=\"dp-dfg-image-link\" ><img loading=\"lazy\" decoding=\"async\" class=\"dp-dfg-featured-image\" src=\"https:\/\/www.museuemporda.org\/wp-content\/uploads\/2022\/01\/mE-2230-250x250.jpg\" alt=\"Figures\" width=\"250\" height=\"250\" data-ratio=\"1\"\/><\/a><\/figure><div class=\"dp-dfg-header entry-header\"><h2 class=\"entry-title\">Figures<\/h2><\/div><div class=\"dp-dfg-custom-content\"><p class=\"dp-dfg-custom-field dp-dfg-cf-autors2\"><span class=\"dp-dfg-custom-field-value\">Pere Bech Sudri\u00e0<\/span><\/p><\/div><\/article><!-- DPDFG End Post Item Container --><article id=\"post-13800\" class=\"dp-dfg-item post-13800 obres_autors type-obres_autors status-publish has-post-thumbnail hentry tipus_tecniques-dibuix tecnica_especifica-tinta-sobre-paper autors-daniel-leiva disciplina-dibuix \"     data-position=\"1137\"   data-new-tab=\"off\"   data-action-priority=\"item\"><figure class=\"dp-dfg-image entry-thumb\"><a href=\"https:\/\/www.museuemporda.org\/?obres_autors=sense-titol-244\" class=\"dp-dfg-image-link\" ><img loading=\"lazy\" decoding=\"async\" class=\"dp-dfg-featured-image\" src=\"https:\/\/www.museuemporda.org\/wp-content\/uploads\/2023\/06\/ME2606-LEIVA13-250x250.jpg\" alt=\"Sense t\u00edtol\" width=\"250\" height=\"250\" data-ratio=\"1\"\/><\/a><\/figure><div class=\"dp-dfg-header entry-header\"><h2 class=\"entry-title\">Sense t\u00edtol<\/h2><\/div><div class=\"dp-dfg-custom-content\"><p class=\"dp-dfg-custom-field dp-dfg-cf-autors2\"><span class=\"dp-dfg-custom-field-value\">Daniel Leiva<\/span><\/p><\/div><\/article><!-- DPDFG End Post Item Container --><article id=\"post-9287\" class=\"dp-dfg-item post-9287 obres_autors type-obres_autors status-publish has-post-thumbnail hentry tecnica_especifica-oli-sobre-tela autors-ramon-bretx-comas disciplina-pintura \"     data-position=\"1138\"   data-new-tab=\"off\"   data-action-priority=\"item\"><figure class=\"dp-dfg-image entry-thumb\"><a href=\"https:\/\/www.museuemporda.org\/?obres_autors=paisatge-29\" class=\"dp-dfg-image-link\" ><img loading=\"lazy\" decoding=\"async\" class=\"dp-dfg-featured-image\" src=\"https:\/\/www.museuemporda.org\/wp-content\/uploads\/2021\/11\/mE-2351-250x250.jpg\" alt=\"Paisatge\" width=\"250\" height=\"250\" data-ratio=\"1\"\/><\/a><\/figure><div class=\"dp-dfg-header entry-header\"><h2 class=\"entry-title\">Paisatge<\/h2><\/div><div class=\"dp-dfg-custom-content\"><p class=\"dp-dfg-custom-field dp-dfg-cf-autors2\"><span class=\"dp-dfg-custom-field-value\">Ramon Bretx Comas<\/span><\/p><\/div><\/article><!-- DPDFG End Post Item Container --><article id=\"post-5733\" class=\"dp-dfg-item post-5733 obres_autors type-obres_autors status-publish has-post-thumbnail hentry autors-ramon-boet disciplina-escultura \"     data-position=\"1139\"   data-new-tab=\"off\"   data-action-priority=\"item\"><figure class=\"dp-dfg-image entry-thumb\"><a href=\"https:\/\/www.museuemporda.org\/?obres_autors=capitell\" class=\"dp-dfg-image-link\" ><img loading=\"lazy\" decoding=\"async\" class=\"dp-dfg-featured-image\" src=\"https:\/\/www.museuemporda.org\/wp-content\/uploads\/2020\/04\/mE-430-250x250.jpg\" alt=\"Capitell de creu de terme\" width=\"250\" height=\"250\" data-ratio=\"1\"\/><\/a><\/figure><div class=\"dp-dfg-header entry-header\"><h2 class=\"entry-title\">Capitell de creu de terme<\/h2><\/div><div class=\"dp-dfg-custom-content\"><p class=\"dp-dfg-custom-field dp-dfg-cf-autors2\"><span class=\"dp-dfg-custom-field-value\">Ramon Boet<\/span><\/p><\/div><\/article><!-- DPDFG End Post Item Container --><article id=\"post-10406\" class=\"dp-dfg-item post-10406 obres_autors type-obres_autors status-publish has-post-thumbnail hentry tipus_tecniques-escultura tecnica_especifica-guix autors-artur-novoa-cabra disciplina-escultura \"     data-position=\"1140\"   data-new-tab=\"off\"   data-action-priority=\"item\"><figure class=\"dp-dfg-image entry-thumb\"><a href=\"https:\/\/www.museuemporda.org\/?obres_autors=sense-titol-66\" class=\"dp-dfg-image-link\" ><img loading=\"lazy\" decoding=\"async\" class=\"dp-dfg-featured-image\" src=\"https:\/\/www.museuemporda.org\/wp-content\/uploads\/2022\/01\/mE-1920-250x250.jpg\" alt=\"Sense t\u00edtol\" width=\"250\" height=\"250\" data-ratio=\"1\"\/><\/a><\/figure><div class=\"dp-dfg-header entry-header\"><h2 class=\"entry-title\">Sense t\u00edtol<\/h2><\/div><div class=\"dp-dfg-custom-content\"><p class=\"dp-dfg-custom-field dp-dfg-cf-autors2\"><span class=\"dp-dfg-custom-field-value\">Artur Novoa Cabra<\/span><\/p><\/div><\/article><!-- DPDFG End Post Item Container --><article id=\"post-14055\" class=\"dp-dfg-item post-14055 obres_autors type-obres_autors status-publish has-post-thumbnail hentry tipus_tecniques-dibuix tecnica_especifica-tinta-sobre-paper autors-albert-maria-rosa disciplina-dibuix \"     data-position=\"1141\"   data-new-tab=\"off\"   data-action-priority=\"item\"><figure class=\"dp-dfg-image entry-thumb\"><a href=\"https:\/\/www.museuemporda.org\/?obres_autors=sense-titol-362\" class=\"dp-dfg-image-link\" ><img loading=\"lazy\" decoding=\"async\" class=\"dp-dfg-featured-image\" src=\"https:\/\/www.museuemporda.org\/wp-content\/uploads\/2023\/06\/ME2724-ALBERT-250x250.jpg\" alt=\"Sense t\u00edtol\" width=\"250\" height=\"250\" data-ratio=\"1\"\/><\/a><\/figure><div class=\"dp-dfg-header entry-header\"><h2 class=\"entry-title\">Sense t\u00edtol<\/h2><\/div><div class=\"dp-dfg-custom-content\"><p class=\"dp-dfg-custom-field dp-dfg-cf-autors2\"><span class=\"dp-dfg-custom-field-value\">Albert Maria Rosa<\/span><\/p><\/div><\/article><!-- DPDFG End Post Item Container --><article id=\"post-9790\" class=\"dp-dfg-item post-9790 obres_autors type-obres_autors status-publish has-post-thumbnail hentry tipus_tecniques-fotografia tecnica_especifica-fotografia autors-joaquim-fort-de-ribot disciplina-fotografia \"     data-position=\"1142\"   data-new-tab=\"off\"   data-action-priority=\"item\"><figure class=\"dp-dfg-image entry-thumb\"><a href=\"https:\/\/www.museuemporda.org\/?obres_autors=basilica-de-santa-maria-de-castello-dempuries\" class=\"dp-dfg-image-link\" ><img loading=\"lazy\" decoding=\"async\" class=\"dp-dfg-featured-image\" src=\"https:\/\/www.museuemporda.org\/wp-content\/uploads\/2022\/01\/mE-2488-250x250.jpg\" alt=\"Bas\u00edlica de Santa Maria de Castell\u00f3 d&#8217;Emp\u00faries\" width=\"250\" height=\"250\" data-ratio=\"1\"\/><\/a><\/figure><div class=\"dp-dfg-header entry-header\"><h2 class=\"entry-title\">Bas\u00edlica de Santa Maria de Castell\u00f3 d&#8217;Emp\u00faries<\/h2><\/div><div class=\"dp-dfg-custom-content\"><p class=\"dp-dfg-custom-field dp-dfg-cf-autors2\"><span class=\"dp-dfg-custom-field-value\">Joaquim Fort de Ribot<\/span><\/p><\/div><\/article><!-- DPDFG End Post Item Container --><article id=\"post-10653\" class=\"dp-dfg-item post-10653 obres_autors type-obres_autors status-publish has-post-thumbnail hentry tipus_tecniques-pintura tecnica_especifica-pintura-acrilica autors-avelli-artis-gener disciplina-pintura \"     data-position=\"1143\"   data-new-tab=\"off\"   data-action-priority=\"item\"><figure class=\"dp-dfg-image entry-thumb\"><a href=\"https:\/\/www.museuemporda.org\/?obres_autors=girona\" class=\"dp-dfg-image-link\" ><img loading=\"lazy\" decoding=\"async\" class=\"dp-dfg-featured-image\" src=\"https:\/\/www.museuemporda.org\/wp-content\/uploads\/2022\/02\/mE-1371-250x250.jpg\" alt=\"Girona\" width=\"250\" height=\"250\" data-ratio=\"1\"\/><\/a><\/figure><div class=\"dp-dfg-header entry-header\"><h2 class=\"entry-title\">Girona<\/h2><\/div><div class=\"dp-dfg-custom-content\"><p class=\"dp-dfg-custom-field dp-dfg-cf-autors2\"><span class=\"dp-dfg-custom-field-value\">Avel\u00b7l\u00ed Art\u00eds Gener<\/span><\/p><\/div><\/article><!-- DPDFG End Post Item Container --><article id=\"post-10234\" class=\"dp-dfg-item post-10234 obres_autors type-obres_autors status-publish has-post-thumbnail hentry tipus_tecniques-pintura tecnica_especifica-tecnica-mixta-sobre-tela autors-jaume-turro-brunet disciplina-pintura \"     data-position=\"1144\"   data-new-tab=\"off\"   data-action-priority=\"item\"><figure class=\"dp-dfg-image entry-thumb\"><a href=\"https:\/\/www.museuemporda.org\/?obres_autors=sense-titol-51\" class=\"dp-dfg-image-link\" ><img loading=\"lazy\" decoding=\"async\" class=\"dp-dfg-featured-image\" src=\"https:\/\/www.museuemporda.org\/wp-content\/uploads\/2022\/01\/mE-2311-250x250.jpg\" alt=\"Sense t\u00edtol\" width=\"250\" height=\"250\" data-ratio=\"1\"\/><\/a><\/figure><div class=\"dp-dfg-header entry-header\"><h2 class=\"entry-title\">Sense t\u00edtol<\/h2><\/div><div class=\"dp-dfg-custom-content\"><p class=\"dp-dfg-custom-field dp-dfg-cf-autors2\"><span class=\"dp-dfg-custom-field-value\">Jaume Turr\u00f3 Brunet<\/span><\/p><\/div><\/article><!-- DPDFG End Post Item Container --><article id=\"post-9857\" class=\"dp-dfg-item post-9857 obres_autors type-obres_autors status-publish has-post-thumbnail hentry tipus_tecniques-fotografia tecnica_especifica-fotografia autors-autoria-desconeguda disciplina-fotografia \"     data-position=\"1145\"   data-new-tab=\"off\"   data-action-priority=\"item\"><figure class=\"dp-dfg-image entry-thumb\"><a href=\"https:\/\/www.museuemporda.org\/?obres_autors=sense-titol-28\" class=\"dp-dfg-image-link\" ><img loading=\"lazy\" decoding=\"async\" class=\"dp-dfg-featured-image\" src=\"https:\/\/www.museuemporda.org\/wp-content\/uploads\/2022\/01\/mE-1994-250x250.jpg\" alt=\"Sense t\u00edtol\" width=\"250\" height=\"250\" data-ratio=\"1\"\/><\/a><\/figure><div class=\"dp-dfg-header entry-header\"><h2 class=\"entry-title\">Sense t\u00edtol<\/h2><\/div><div class=\"dp-dfg-custom-content\"><p class=\"dp-dfg-custom-field dp-dfg-cf-autors2\"><span class=\"dp-dfg-custom-field-value\">Autoria desconeguda<\/span><\/p><\/div><\/article><!-- DPDFG End Post Item Container --><article id=\"post-8858\" class=\"dp-dfg-item post-8858 obres_autors type-obres_autors status-publish has-post-thumbnail hentry tecnica_especifica-oli-sobre-tela autors-francisco-ribera-gomez disciplina-pintura \"     data-position=\"1146\"   data-new-tab=\"off\"   data-action-priority=\"item\"><figure class=\"dp-dfg-image entry-thumb\"><a href=\"https:\/\/www.museuemporda.org\/?obres_autors=joan-subias-galter\" class=\"dp-dfg-image-link\" ><img loading=\"lazy\" decoding=\"async\" class=\"dp-dfg-featured-image\" src=\"https:\/\/www.museuemporda.org\/wp-content\/uploads\/2021\/11\/mE-649-250x250.jpg\" alt=\"Retrat de Joan Sub\u00edas Galter\" width=\"250\" height=\"250\" data-ratio=\"1\"\/><\/a><\/figure><div class=\"dp-dfg-header entry-header\"><h2 class=\"entry-title\">Retrat de Joan Sub\u00edas Galter<\/h2><\/div><div class=\"dp-dfg-custom-content\"><p class=\"dp-dfg-custom-field dp-dfg-cf-autors2\"><span class=\"dp-dfg-custom-field-value\">Francisco Ribera G\u00f3mez<\/span><\/p><\/div><\/article><!-- DPDFG End Post Item Container --><article id=\"post-11366\" class=\"dp-dfg-item post-11366 obres_autors type-obres_autors status-publish has-post-thumbnail hentry tipus_tecniques-obra-grafica tecnica_especifica-gravat-sobre-paper autors-magda-folch-sole disciplina-obra-grafic \"     data-position=\"1147\"   data-new-tab=\"off\"   data-action-priority=\"item\"><figure class=\"dp-dfg-image entry-thumb\"><a href=\"https:\/\/www.museuemporda.org\/?obres_autors=olivera-2\" class=\"dp-dfg-image-link\" ><img loading=\"lazy\" decoding=\"async\" class=\"dp-dfg-featured-image\" src=\"https:\/\/www.museuemporda.org\/wp-content\/uploads\/2022\/02\/mE-1974-250x250.jpg\" alt=\"Olivera\" width=\"250\" height=\"250\" data-ratio=\"1\"\/><\/a><\/figure><div class=\"dp-dfg-header entry-header\"><h2 class=\"entry-title\">Olivera<\/h2><\/div><div class=\"dp-dfg-custom-content\"><p class=\"dp-dfg-custom-field dp-dfg-cf-autors2\"><span class=\"dp-dfg-custom-field-value\">Magda Folch Sol\u00e9<\/span><\/p><\/div><\/article><!-- DPDFG End Post Item Container --><article id=\"post-9752\" class=\"dp-dfg-item post-9752 obres_autors type-obres_autors status-publish has-post-thumbnail hentry tipus_tecniques-fotografia tecnica_especifica-fotografia autors-joaquim-fort-de-ribot disciplina-fotografia \"     data-position=\"1148\"   data-new-tab=\"off\"   data-action-priority=\"item\"><figure class=\"dp-dfg-image entry-thumb\"><a href=\"https:\/\/www.museuemporda.org\/?obres_autors=composicio-amb-nen\" class=\"dp-dfg-image-link\" ><img loading=\"lazy\" decoding=\"async\" class=\"dp-dfg-featured-image\" src=\"https:\/\/www.museuemporda.org\/wp-content\/uploads\/2022\/01\/mE-2468-250x250.jpg\" alt=\"Composici\u00f3 amb nen\" width=\"250\" height=\"250\" data-ratio=\"1\"\/><\/a><\/figure><div class=\"dp-dfg-header entry-header\"><h2 class=\"entry-title\">Composici\u00f3 amb nen<\/h2><\/div><div class=\"dp-dfg-custom-content\"><p class=\"dp-dfg-custom-field dp-dfg-cf-autors2\"><span class=\"dp-dfg-custom-field-value\">Joaquim Fort de Ribot<\/span><\/p><\/div><\/article><!-- DPDFG End Post Item Container --><article id=\"post-5923\" class=\"dp-dfg-item post-5923 obres_autors type-obres_autors status-publish has-post-thumbnail hentry autors-marti-llaurado-mariscot disciplina-escultura \"     data-position=\"1149\"   data-new-tab=\"off\"   data-action-priority=\"item\"><figure class=\"dp-dfg-image entry-thumb\"><a href=\"https:\/\/www.museuemporda.org\/?obres_autors=retrat-de-josep-pous-i-pages\" class=\"dp-dfg-image-link\" ><img loading=\"lazy\" decoding=\"async\" class=\"dp-dfg-featured-image\" src=\"https:\/\/www.museuemporda.org\/wp-content\/uploads\/2020\/04\/mE-742-250x250.jpg\" alt=\"Retrat de Josep Pous i Pag\u00e8s\" width=\"250\" height=\"250\" data-ratio=\"1\"\/><\/a><\/figure><div class=\"dp-dfg-header entry-header\"><h2 class=\"entry-title\">Retrat de Josep Pous i Pag\u00e8s<\/h2><\/div><div class=\"dp-dfg-custom-content\"><p class=\"dp-dfg-custom-field dp-dfg-cf-autors2\"><span class=\"dp-dfg-custom-field-value\">Mart\u00ed Llaurad\u00f3 Mariscot<\/span><\/p><\/div><\/article><!-- DPDFG End Post Item Container --><article id=\"post-10250\" class=\"dp-dfg-item post-10250 obres_autors type-obres_autors status-publish has-post-thumbnail hentry tipus_tecniques-dibuix tecnica_especifica-carbonet autors-pere-bech-sudria disciplina-dibuix \"     data-position=\"1150\"   data-new-tab=\"off\"   data-action-priority=\"item\"><figure class=\"dp-dfg-image entry-thumb\"><a href=\"https:\/\/www.museuemporda.org\/?obres_autors=paisatge-43\" class=\"dp-dfg-image-link\" ><img loading=\"lazy\" decoding=\"async\" class=\"dp-dfg-featured-image\" src=\"https:\/\/www.museuemporda.org\/wp-content\/uploads\/2022\/01\/mE-2194-250x250.jpg\" alt=\"Paisatge\" width=\"250\" height=\"250\" data-ratio=\"1\"\/><\/a><\/figure><div class=\"dp-dfg-header entry-header\"><h2 class=\"entry-title\">Paisatge<\/h2><\/div><div class=\"dp-dfg-custom-content\"><p class=\"dp-dfg-custom-field dp-dfg-cf-autors2\"><span class=\"dp-dfg-custom-field-value\">Pere Bech Sudri\u00e0<\/span><\/p><\/div><\/article><!-- DPDFG End Post Item Container --><article id=\"post-10488\" class=\"dp-dfg-item post-10488 obres_autors type-obres_autors status-publish has-post-thumbnail hentry tipus_tecniques-pintura tecnica_especifica-tecnica-mixta-sobre-paper autors-joan-sibecas-cabanyo disciplina-pintura \"     data-position=\"1151\"   data-new-tab=\"off\"   data-action-priority=\"item\"><figure class=\"dp-dfg-image entry-thumb\"><a href=\"https:\/\/www.museuemporda.org\/?obres_autors=nocturn-2\" class=\"dp-dfg-image-link\" ><img loading=\"lazy\" decoding=\"async\" class=\"dp-dfg-featured-image\" src=\"https:\/\/www.museuemporda.org\/wp-content\/uploads\/2022\/01\/mE-2287-250x250.jpg\" alt=\"Nocturn\" width=\"250\" height=\"250\" data-ratio=\"1\"\/><\/a><\/figure><div class=\"dp-dfg-header entry-header\"><h2 class=\"entry-title\">Nocturn<\/h2><\/div><div class=\"dp-dfg-custom-content\"><p class=\"dp-dfg-custom-field dp-dfg-cf-autors2\"><span class=\"dp-dfg-custom-field-value\">Joan Sibecas Cabany\u00f3<\/span><\/p><\/div><\/article><!-- DPDFG End Post Item Container --><article id=\"post-14619\" class=\"dp-dfg-item post-14619 obres_autors type-obres_autors status-publish has-post-thumbnail hentry tipus_tecniques-obra-grafica tecnica_especifica-impressio-digital autors-joan-antoni-poch disciplina-obra-grafic \"     data-position=\"1152\"   data-new-tab=\"off\"   data-action-priority=\"item\"><figure class=\"dp-dfg-image entry-thumb\"><a href=\"https:\/\/www.museuemporda.org\/?obres_autors=sense-titol-542\" class=\"dp-dfg-image-link\" ><img loading=\"lazy\" decoding=\"async\" class=\"dp-dfg-featured-image\" src=\"https:\/\/www.museuemporda.org\/wp-content\/uploads\/2023\/07\/ME2787-JAP-250x250.jpg\" alt=\"Sense t\u00edtol\" width=\"250\" height=\"250\" data-ratio=\"1\"\/><\/a><\/figure><div class=\"dp-dfg-header entry-header\"><h2 class=\"entry-title\">Sense t\u00edtol<\/h2><\/div><div class=\"dp-dfg-custom-content\"><p class=\"dp-dfg-custom-field dp-dfg-cf-autors2\"><span class=\"dp-dfg-custom-field-value\">Joan Antoni Poch<\/span><\/p><\/div><\/article><!-- DPDFG End Post Item Container --><article id=\"post-1314\" class=\"dp-dfg-item post-1314 obres_autors type-obres_autors status-publish has-post-thumbnail hentry tecnica_especifica-pintura-sobre-paper autors-enric-climent-palahi \"     data-position=\"1153\"   data-new-tab=\"off\"   data-action-priority=\"item\"><figure class=\"dp-dfg-image entry-thumb\"><a href=\"https:\/\/www.museuemporda.org\/?obres_autors=carrer-de-taxco\" class=\"dp-dfg-image-link\" ><img loading=\"lazy\" decoding=\"async\" class=\"dp-dfg-featured-image\" src=\"https:\/\/www.museuemporda.org\/wp-content\/uploads\/2020\/04\/mE-1314-scaled-1-250x250.jpg\" alt=\"Carrer de Taxco\" width=\"250\" height=\"250\" data-ratio=\"1\"\/><\/a><\/figure><div class=\"dp-dfg-header entry-header\"><h2 class=\"entry-title\">Carrer de Taxco<\/h2><\/div><div class=\"dp-dfg-custom-content\"><p class=\"dp-dfg-custom-field dp-dfg-cf-autors2\"><span class=\"dp-dfg-custom-field-value\">Enric Climent Palah\u00ed<\/span><\/p><\/div><\/article><!-- DPDFG End Post Item Container --><article id=\"post-12064\" class=\"dp-dfg-item post-12064 obres_autors type-obres_autors status-publish has-post-thumbnail hentry tipus_tecniques-obra-grafica tecnica_especifica-aiguafort autors-joan-vila-moncau disciplina-obra-grafic \"     data-position=\"1154\"   data-new-tab=\"off\"   data-action-priority=\"item\"><figure class=\"dp-dfg-image entry-thumb\"><a href=\"https:\/\/www.museuemporda.org\/?obres_autors=les-mans-2\" class=\"dp-dfg-image-link\" ><img loading=\"lazy\" decoding=\"async\" class=\"dp-dfg-featured-image\" src=\"https:\/\/www.museuemporda.org\/wp-content\/uploads\/2022\/02\/mE-2272-250x250.jpg\" alt=\"Les mans\" width=\"250\" height=\"250\" data-ratio=\"1\"\/><\/a><\/figure><div class=\"dp-dfg-header entry-header\"><h2 class=\"entry-title\">Les mans<\/h2><\/div><div class=\"dp-dfg-custom-content\"><p class=\"dp-dfg-custom-field dp-dfg-cf-autors2\"><span class=\"dp-dfg-custom-field-value\">Joan Vil\u00e0 Moncau<\/span><\/p><\/div><\/article><!-- DPDFG End Post Item Container --><article id=\"post-9180\" class=\"dp-dfg-item post-9180 obres_autors type-obres_autors status-publish has-post-thumbnail hentry tipus_tecniques-terracota autors-autoria-desconeguda disciplina-arqueologia \"     data-position=\"1155\"   data-new-tab=\"off\"   data-action-priority=\"item\"><figure class=\"dp-dfg-image entry-thumb\"><a href=\"https:\/\/www.museuemporda.org\/?obres_autors=figura-4\" class=\"dp-dfg-image-link\" ><img loading=\"lazy\" decoding=\"async\" class=\"dp-dfg-featured-image\" src=\"https:\/\/www.museuemporda.org\/wp-content\/uploads\/2021\/11\/mE-311-250x250.jpg\" alt=\"Figura\" width=\"250\" height=\"250\" data-ratio=\"1\"\/><\/a><\/figure><div class=\"dp-dfg-header entry-header\"><h2 class=\"entry-title\">Figura<\/h2><\/div><div class=\"dp-dfg-custom-content\"><p class=\"dp-dfg-custom-field dp-dfg-cf-autors2\"><span class=\"dp-dfg-custom-field-value\">Autoria desconegut<\/span><\/p><\/div><\/article><!-- DPDFG End Post Item Container --><article id=\"post-9780\" class=\"dp-dfg-item post-9780 obres_autors type-obres_autors status-publish has-post-thumbnail hentry tipus_tecniques-fotografia tecnica_especifica-fotografia autors-joaquim-fort-de-ribot disciplina-fotografia \"     data-position=\"1156\"   data-new-tab=\"off\"   data-action-priority=\"item\"><figure class=\"dp-dfg-image entry-thumb\"><a href=\"https:\/\/www.museuemporda.org\/?obres_autors=sant-marti-del-canigo\" class=\"dp-dfg-image-link\" ><img loading=\"lazy\" decoding=\"async\" class=\"dp-dfg-featured-image\" src=\"https:\/\/www.museuemporda.org\/wp-content\/uploads\/2022\/01\/mE-2483-250x250.jpg\" alt=\"Sant Mart\u00ed del Canig\u00f3\" width=\"250\" height=\"250\" data-ratio=\"1\"\/><\/a><\/figure><div class=\"dp-dfg-header entry-header\"><h2 class=\"entry-title\">Sant Mart\u00ed del Canig\u00f3<\/h2><\/div><div class=\"dp-dfg-custom-content\"><p class=\"dp-dfg-custom-field dp-dfg-cf-autors2\"><span class=\"dp-dfg-custom-field-value\">Joaquim Fort de Ribot<\/span><\/p><\/div><\/article><!-- DPDFG End Post Item Container --><article id=\"post-10221\" class=\"dp-dfg-item post-10221 obres_autors type-obres_autors status-publish has-post-thumbnail hentry tipus_tecniques-gravat autors-josep-pujol-ripoll disciplina-obra-grafic \"     data-position=\"1157\"   data-new-tab=\"off\"   data-action-priority=\"item\"><figure class=\"dp-dfg-image entry-thumb\"><a href=\"https:\/\/www.museuemporda.org\/?obres_autors=cami\" class=\"dp-dfg-image-link\" ><img loading=\"lazy\" decoding=\"async\" class=\"dp-dfg-featured-image\" src=\"https:\/\/www.museuemporda.org\/wp-content\/uploads\/2022\/01\/mE-1985-250x250.jpg\" alt=\"Cam\u00ed\" width=\"250\" height=\"250\" data-ratio=\"1\"\/><\/a><\/figure><div class=\"dp-dfg-header entry-header\"><h2 class=\"entry-title\">Cam\u00ed<\/h2><\/div><div class=\"dp-dfg-custom-content\"><p class=\"dp-dfg-custom-field dp-dfg-cf-autors2\"><span class=\"dp-dfg-custom-field-value\">Josep Pujol Ripoll<\/span><\/p><\/div><\/article><!-- DPDFG End Post Item Container --><article id=\"post-13739\" class=\"dp-dfg-item post-13739 obres_autors type-obres_autors status-publish has-post-thumbnail hentry tipus_tecniques-dibuix tecnica_especifica-tinta-sobre-paper autors-enric-pujol disciplina-dibuix \"     data-position=\"1158\"   data-new-tab=\"off\"   data-action-priority=\"item\"><figure class=\"dp-dfg-image entry-thumb\"><a href=\"https:\/\/www.museuemporda.org\/?obres_autors=sense-titol-214\" class=\"dp-dfg-image-link\" ><img loading=\"lazy\" decoding=\"async\" class=\"dp-dfg-featured-image\" src=\"https:\/\/www.museuemporda.org\/wp-content\/uploads\/2023\/06\/ME2576-PUJOL10-250x250.jpg\" alt=\"Sense t\u00edtol\" width=\"250\" height=\"250\" data-ratio=\"1\"\/><\/a><\/figure><div class=\"dp-dfg-header entry-header\"><h2 class=\"entry-title\">Sense t\u00edtol<\/h2><\/div><div class=\"dp-dfg-custom-content\"><p class=\"dp-dfg-custom-field dp-dfg-cf-autors2\"><span class=\"dp-dfg-custom-field-value\">Enric Pujol<\/span><\/p><\/div><\/article><!-- DPDFG End Post Item Container --><article id=\"post-9615\" class=\"dp-dfg-item post-9615 obres_autors type-obres_autors status-publish has-post-thumbnail hentry tipus_tecniques-pintura tecnica_especifica-aquarella-sobre-paper-2 autors-pere-gironell-piernau disciplina-pintura \"     data-position=\"1159\"   data-new-tab=\"off\"   data-action-priority=\"item\"><figure class=\"dp-dfg-image entry-thumb\"><a href=\"https:\/\/www.museuemporda.org\/?obres_autors=paisatge-empordanes-4\" class=\"dp-dfg-image-link\" ><img loading=\"lazy\" decoding=\"async\" class=\"dp-dfg-featured-image\" src=\"https:\/\/www.museuemporda.org\/wp-content\/uploads\/2022\/01\/ME-1062_JORDI-PUIG-2021-250x250.jpg\" alt=\"Paisatge empordan\u00e8s\" width=\"250\" height=\"250\" data-ratio=\"1\"\/><\/a><\/figure><div class=\"dp-dfg-header entry-header\"><h2 class=\"entry-title\">Paisatge empordan\u00e8s<\/h2><\/div><div class=\"dp-dfg-custom-content\"><p class=\"dp-dfg-custom-field dp-dfg-cf-autors2\"><span class=\"dp-dfg-custom-field-value\">Pere Gironell Piernau<\/span><\/p><\/div><\/article><!-- DPDFG End Post Item Container --><article id=\"post-9842\" class=\"dp-dfg-item post-9842 obres_autors type-obres_autors status-publish has-post-thumbnail hentry tipus_tecniques-fotografia tecnica_especifica-fotografia autors-anna-marin-escursell disciplina-fotografia \"     data-position=\"1160\"   data-new-tab=\"off\"   data-action-priority=\"item\"><figure class=\"dp-dfg-image entry-thumb\"><a href=\"https:\/\/www.museuemporda.org\/?obres_autors=premier-passage-lava\" class=\"dp-dfg-image-link\" ><img loading=\"lazy\" decoding=\"async\" class=\"dp-dfg-featured-image\" src=\"https:\/\/www.museuemporda.org\/wp-content\/uploads\/2022\/01\/mE-1637-250x250.jpg\" alt=\"Premier passage (lava)\" width=\"250\" height=\"250\" data-ratio=\"1\"\/><\/a><\/figure><div class=\"dp-dfg-header entry-header\"><h2 class=\"entry-title\">Premier passage (lava)<\/h2><\/div><div class=\"dp-dfg-custom-content\"><p class=\"dp-dfg-custom-field dp-dfg-cf-autors2\"><span class=\"dp-dfg-custom-field-value\">Anna Mar\u00edn Escursell<\/span><\/p><\/div><\/article><!-- DPDFG End Post Item Container --><article id=\"post-10785\" class=\"dp-dfg-item post-10785 obres_autors type-obres_autors status-publish has-post-thumbnail hentry tipus_tecniques-pintura tecnica_especifica-oli-sobre-tela autors-francesc-gimeno-arasa disciplina-pintura \"     data-position=\"1161\"   data-new-tab=\"off\"   data-action-priority=\"item\"><figure class=\"dp-dfg-image entry-thumb\"><a href=\"https:\/\/www.museuemporda.org\/?obres_autors=paisatge-67\" class=\"dp-dfg-image-link\" ><img loading=\"lazy\" decoding=\"async\" class=\"dp-dfg-featured-image\" src=\"https:\/\/www.museuemporda.org\/wp-content\/uploads\/2022\/02\/mE-1227-250x250.jpg\" alt=\"Paisatge\" width=\"250\" height=\"250\" data-ratio=\"1\"\/><\/a><\/figure><div class=\"dp-dfg-header entry-header\"><h2 class=\"entry-title\">Paisatge<\/h2><\/div><div class=\"dp-dfg-custom-content\"><p class=\"dp-dfg-custom-field dp-dfg-cf-autors2\"><span class=\"dp-dfg-custom-field-value\">Francesc Gimeno Arasa<\/span><\/p><\/div><\/article><!-- DPDFG End Post Item Container --><article id=\"post-5700\" class=\"dp-dfg-item post-5700 obres_autors type-obres_autors status-publish has-post-thumbnail hentry autors-autoria-desconeguda disciplina-arqueologia \"     data-position=\"1162\"   data-new-tab=\"off\"   data-action-priority=\"item\"><figure class=\"dp-dfg-image entry-thumb\"><a href=\"https:\/\/www.museuemporda.org\/?obres_autors=kylix-ceramica-atica-de-figures-negres\" class=\"dp-dfg-image-link\" ><img loading=\"lazy\" decoding=\"async\" class=\"dp-dfg-featured-image\" src=\"https:\/\/www.museuemporda.org\/wp-content\/uploads\/2020\/04\/mE-331_1_2019-250x250.jpg\" alt=\"C\u00edlix \u00e0tic de figures negres\" width=\"250\" height=\"250\" data-ratio=\"1\"\/><\/a><\/figure><div class=\"dp-dfg-header entry-header\"><h2 class=\"entry-title\">C\u00edlix \u00e0tic de figures negres<\/h2><\/div><div class=\"dp-dfg-custom-content\"><p class=\"dp-dfg-custom-field dp-dfg-cf-autors2\"><span class=\"dp-dfg-custom-field-value\">Autoria desconeguda<\/span><\/p><\/div><\/article><!-- DPDFG End Post Item Container --><article id=\"post-7964\" class=\"dp-dfg-item post-7964 obres_autors type-obres_autors status-publish has-post-thumbnail hentry tecnica_especifica-oli-sobre-fusta autors-maria-llavanera-miralles disciplina-pintura \"     data-position=\"1163\"   data-new-tab=\"off\"   data-action-priority=\"item\"><figure class=\"dp-dfg-image entry-thumb\"><a href=\"https:\/\/www.museuemporda.org\/?obres_autors=autoretrat-2\" class=\"dp-dfg-image-link\" ><img loading=\"lazy\" decoding=\"async\" class=\"dp-dfg-featured-image\" src=\"https:\/\/www.museuemporda.org\/wp-content\/uploads\/2021\/08\/mE-741-250x250.jpg\" alt=\"Autoretrat\" width=\"250\" height=\"250\" data-ratio=\"1\"\/><\/a><\/figure><div class=\"dp-dfg-header entry-header\"><h2 class=\"entry-title\">Autoretrat<\/h2><\/div><div class=\"dp-dfg-custom-content\"><p class=\"dp-dfg-custom-field dp-dfg-cf-autors2\"><span class=\"dp-dfg-custom-field-value\">Mari\u00e0 Llavanera Miralles<\/span><\/p><\/div><\/article><!-- DPDFG End Post Item Container --><article id=\"post-8068\" class=\"dp-dfg-item post-8068 obres_autors type-obres_autors status-publish has-post-thumbnail hentry tecnica_especifica-monotip autors-joan-ponc-bonet disciplina-obra-grafic \"     data-position=\"1164\"   data-new-tab=\"off\"   data-action-priority=\"item\"><figure class=\"dp-dfg-image entry-thumb\"><a href=\"https:\/\/www.museuemporda.org\/?obres_autors=paisatge-9\" class=\"dp-dfg-image-link\" ><img loading=\"lazy\" decoding=\"async\" class=\"dp-dfg-featured-image\" src=\"https:\/\/www.museuemporda.org\/wp-content\/uploads\/2021\/08\/mE-716_estampa-250x250.jpg\" alt=\"Paisatge\" width=\"250\" height=\"250\" data-ratio=\"1\"\/><\/a><\/figure><div class=\"dp-dfg-header entry-header\"><h2 class=\"entry-title\">Paisatge<\/h2><\/div><div class=\"dp-dfg-custom-content\"><p class=\"dp-dfg-custom-field dp-dfg-cf-autors2\"><span class=\"dp-dfg-custom-field-value\">Joan Pon\u00e7 Bonet<\/span><\/p><\/div><\/article><!-- DPDFG End Post Item Container --><article id=\"post-9817\" class=\"dp-dfg-item post-9817 obres_autors type-obres_autors status-publish has-post-thumbnail hentry tipus_tecniques-fotografia tecnica_especifica-fotografia autors-jordi-puig disciplina-fotografia \"     data-position=\"1165\"   data-new-tab=\"off\"   data-action-priority=\"item\"><figure class=\"dp-dfg-image entry-thumb\"><a href=\"https:\/\/www.museuemporda.org\/?obres_autors=silencis-2\" class=\"dp-dfg-image-link\" ><img loading=\"lazy\" decoding=\"async\" class=\"dp-dfg-featured-image\" src=\"https:\/\/www.museuemporda.org\/wp-content\/uploads\/2022\/01\/1.jpg_1-250x250.jpg\" alt=\"Silencis &#8211; Miquel Padrosa Ros\" width=\"250\" height=\"250\" data-ratio=\"1\"\/><\/a><\/figure><div class=\"dp-dfg-header entry-header\"><h2 class=\"entry-title\">Silencis &#8211; Miquel Padrosa Ros<\/h2><\/div><div class=\"dp-dfg-custom-content\"><p class=\"dp-dfg-custom-field dp-dfg-cf-autors2\"><span class=\"dp-dfg-custom-field-value\">Jordi Puig<\/span><\/p><\/div><\/article><!-- DPDFG End Post Item Container --><article id=\"post-10695\" class=\"dp-dfg-item post-10695 obres_autors type-obres_autors status-publish has-post-thumbnail hentry tipus_tecniques-obra-grafica tecnica_especifica-gravat-sobre-paper autors-pompeu-audivert-mir disciplina-obra-grafic \"     data-position=\"1166\"   data-new-tab=\"off\"   data-action-priority=\"item\"><figure class=\"dp-dfg-image entry-thumb\"><a href=\"https:\/\/www.museuemporda.org\/?obres_autors=amants-2\" class=\"dp-dfg-image-link\" ><img loading=\"lazy\" decoding=\"async\" class=\"dp-dfg-featured-image\" src=\"https:\/\/www.museuemporda.org\/wp-content\/uploads\/2022\/02\/mE-1286-250x250.jpg\" alt=\"Amants\" width=\"250\" height=\"250\" data-ratio=\"1\"\/><\/a><\/figure><div class=\"dp-dfg-header entry-header\"><h2 class=\"entry-title\">Amants<\/h2><\/div><div class=\"dp-dfg-custom-content\"><p class=\"dp-dfg-custom-field dp-dfg-cf-autors2\"><span class=\"dp-dfg-custom-field-value\">Pompeu Audivert Mir <\/span><\/p><\/div><\/article><!-- DPDFG End Post Item Container --><article id=\"post-14302\" class=\"dp-dfg-item post-14302 obres_autors type-obres_autors status-publish has-post-thumbnail hentry tipus_tecniques-dibuix tecnica_especifica-impressio-digital autors-jordi-fenosa-tatay disciplina-dibuix \"     data-position=\"1167\"   data-new-tab=\"off\"   data-action-priority=\"item\"><figure class=\"dp-dfg-image entry-thumb\"><a href=\"https:\/\/www.museuemporda.org\/?obres_autors=sense-titol-474\" class=\"dp-dfg-image-link\" ><img loading=\"lazy\" decoding=\"async\" class=\"dp-dfg-featured-image\" src=\"https:\/\/www.museuemporda.org\/wp-content\/uploads\/2023\/07\/ME2860-TATAY-250x250.jpg\" alt=\"Sense t\u00edtol\" width=\"250\" height=\"250\" data-ratio=\"1\"\/><\/a><\/figure><div class=\"dp-dfg-header entry-header\"><h2 class=\"entry-title\">Sense t\u00edtol<\/h2><\/div><div class=\"dp-dfg-custom-content\"><p class=\"dp-dfg-custom-field dp-dfg-cf-autors2\"><span class=\"dp-dfg-custom-field-value\">Jordi Fenosa Tatay<\/span><\/p><\/div><\/article><!-- DPDFG End Post Item Container --><article id=\"post-10384\" class=\"dp-dfg-item post-10384 obres_autors type-obres_autors status-publish has-post-thumbnail hentry tipus_tecniques-escultura tecnica_especifica-marbre autors-artur-novoa-cabra disciplina-escultura \"     data-position=\"1168\"   data-new-tab=\"off\"   data-action-priority=\"item\"><figure class=\"dp-dfg-image entry-thumb\"><a href=\"https:\/\/www.museuemporda.org\/?obres_autors=sense-titol-55\" class=\"dp-dfg-image-link\" ><img loading=\"lazy\" decoding=\"async\" class=\"dp-dfg-featured-image\" src=\"https:\/\/www.museuemporda.org\/wp-content\/uploads\/2022\/01\/mE-1909-250x250.jpg\" alt=\"Sense t\u00edtol\" width=\"250\" height=\"250\" data-ratio=\"1\"\/><\/a><\/figure><div class=\"dp-dfg-header entry-header\"><h2 class=\"entry-title\">Sense t\u00edtol<\/h2><\/div><div class=\"dp-dfg-custom-content\"><p class=\"dp-dfg-custom-field dp-dfg-cf-autors2\"><span class=\"dp-dfg-custom-field-value\">Artur Novoa Cabra<\/span><\/p><\/div><\/article><!-- DPDFG End Post Item Container --><article id=\"post-14640\" class=\"dp-dfg-item post-14640 obres_autors type-obres_autors status-publish has-post-thumbnail hentry tipus_tecniques-obra-grafica tecnica_especifica-impressio-digital autors-joan-antoni-poch disciplina-obra-grafic \"     data-position=\"1169\"   data-new-tab=\"off\"   data-action-priority=\"item\"><figure class=\"dp-dfg-image entry-thumb\"><a href=\"https:\/\/www.museuemporda.org\/?obres_autors=sense-titol-552\" class=\"dp-dfg-image-link\" ><img loading=\"lazy\" decoding=\"async\" class=\"dp-dfg-featured-image\" src=\"https:\/\/www.museuemporda.org\/wp-content\/uploads\/2023\/07\/ME2797-JAP-250x250.jpg\" alt=\"Sense t\u00edtol\" width=\"250\" height=\"250\" data-ratio=\"1\"\/><\/a><\/figure><div class=\"dp-dfg-header entry-header\"><h2 class=\"entry-title\">Sense t\u00edtol<\/h2><\/div><div class=\"dp-dfg-custom-content\"><p class=\"dp-dfg-custom-field dp-dfg-cf-autors2\"><span class=\"dp-dfg-custom-field-value\">Joan Antoni Poch<\/span><\/p><\/div><\/article><!-- DPDFG End Post Item Container --><article id=\"post-11977\" class=\"dp-dfg-item post-11977 obres_autors type-obres_autors status-publish has-post-thumbnail hentry tipus_tecniques-pintura tecnica_especifica-oli-sobre-tela autors-vicenc-sole-jorba disciplina-pintura \"     data-position=\"1170\"   data-new-tab=\"off\"   data-action-priority=\"item\"><figure class=\"dp-dfg-image entry-thumb\"><a href=\"https:\/\/www.museuemporda.org\/?obres_autors=fira-de-cavalls-de-sant-andreu-dolot\" class=\"dp-dfg-image-link\" ><img loading=\"lazy\" decoding=\"async\" class=\"dp-dfg-featured-image\" src=\"https:\/\/www.museuemporda.org\/wp-content\/uploads\/2022\/02\/mE-1332-250x250.jpg\" alt=\"Fira de cavalls de Sant Andreu d&#8217;Olot\" width=\"250\" height=\"250\" data-ratio=\"1\"\/><\/a><\/figure><div class=\"dp-dfg-header entry-header\"><h2 class=\"entry-title\">Fira de cavalls de Sant Andreu d&#8217;Olot<\/h2><\/div><div class=\"dp-dfg-custom-content\"><p class=\"dp-dfg-custom-field dp-dfg-cf-autors2\"><span class=\"dp-dfg-custom-field-value\">Vicen\u00e7 Sol\u00e9 Jorba<\/span><\/p><\/div><\/article><!-- DPDFG End Post Item Container --><article id=\"post-9635\" class=\"dp-dfg-item post-9635 obres_autors type-obres_autors status-publish has-post-thumbnail hentry tipus_tecniques-fotografia tecnica_especifica-fotografia autors-monika-anselment disciplina-fotografia \"     data-position=\"1171\"   data-new-tab=\"off\"   data-action-priority=\"item\"><figure class=\"dp-dfg-image entry-thumb\"><a href=\"https:\/\/www.museuemporda.org\/?obres_autors=la-nit-baixa-sobre-bagdad\" class=\"dp-dfg-image-link\" ><img loading=\"lazy\" decoding=\"async\" class=\"dp-dfg-featured-image\" src=\"https:\/\/www.museuemporda.org\/wp-content\/uploads\/2022\/01\/mE-2361-250x250.jpg\" alt=\"La nit baixa sobre Bagdad\" width=\"250\" height=\"250\" data-ratio=\"1\"\/><\/a><\/figure><div class=\"dp-dfg-header entry-header\"><h2 class=\"entry-title\">La nit baixa sobre Bagdad<\/h2><\/div><div class=\"dp-dfg-custom-content\"><p class=\"dp-dfg-custom-field dp-dfg-cf-autors2\"><span class=\"dp-dfg-custom-field-value\">Monika Anselment<\/span><\/p><\/div><\/article><!-- DPDFG End Post Item Container --><article id=\"post-11715\" class=\"dp-dfg-item post-11715 obres_autors type-obres_autors status-publish has-post-thumbnail hentry tipus_tecniques-pintura tecnica_especifica-pintura-acrilica-sobre-tela autors-pau-morales disciplina-pintura \"     data-position=\"1172\"   data-new-tab=\"off\"   data-action-priority=\"item\"><figure class=\"dp-dfg-image entry-thumb\"><a href=\"https:\/\/www.museuemporda.org\/?obres_autors=colors-de-tramuntana\" class=\"dp-dfg-image-link\" ><img loading=\"lazy\" decoding=\"async\" class=\"dp-dfg-featured-image\" src=\"https:\/\/www.museuemporda.org\/wp-content\/uploads\/2022\/02\/mE-2356-250x250.jpg\" alt=\"Colors de Tramuntana\" width=\"250\" height=\"250\" data-ratio=\"1\"\/><\/a><\/figure><div class=\"dp-dfg-header entry-header\"><h2 class=\"entry-title\">Colors de Tramuntana<\/h2><\/div><div class=\"dp-dfg-custom-content\"><p class=\"dp-dfg-custom-field dp-dfg-cf-autors2\"><span class=\"dp-dfg-custom-field-value\">Pau Morales<\/span><\/p><\/div><\/article><!-- DPDFG End Post Item Container --><article id=\"post-8793\" class=\"dp-dfg-item post-8793 obres_autors type-obres_autors status-publish has-post-thumbnail hentry tecnica_especifica-oli-sobre-tela autors-isidre-nonell-monturiol disciplina-pintura \"     data-position=\"1173\"   data-new-tab=\"off\"   data-action-priority=\"item\"><figure class=\"dp-dfg-image entry-thumb\"><a href=\"https:\/\/www.museuemporda.org\/?obres_autors=esperanca\" class=\"dp-dfg-image-link\" ><img loading=\"lazy\" decoding=\"async\" class=\"dp-dfg-featured-image\" src=\"https:\/\/www.museuemporda.org\/wp-content\/uploads\/2021\/10\/mE-647-250x250.jpg\" alt=\"Esperan\u00e7a\" width=\"250\" height=\"250\" data-ratio=\"1\"\/><\/a><\/figure><div class=\"dp-dfg-header entry-header\"><h2 class=\"entry-title\">Esperan\u00e7a<\/h2><\/div><div class=\"dp-dfg-custom-content\"><p class=\"dp-dfg-custom-field dp-dfg-cf-autors2\"><span class=\"dp-dfg-custom-field-value\">Isidre Nonell Monturiol <\/span><\/p><\/div><\/article><!-- DPDFG End Post Item Container --><article id=\"post-14411\" class=\"dp-dfg-item post-14411 obres_autors type-obres_autors status-publish has-post-thumbnail hentry tipus_tecniques-pintura tecnica_especifica-oli-sobre-tela autors-rosa-cervera-giralt disciplina-pintura \"     data-position=\"1174\"   data-new-tab=\"off\"   data-action-priority=\"item\"><figure class=\"dp-dfg-image entry-thumb\"><a href=\"https:\/\/www.museuemporda.org\/?obres_autors=composicion\" class=\"dp-dfg-image-link\" ><img loading=\"lazy\" decoding=\"async\" class=\"dp-dfg-featured-image\" src=\"https:\/\/www.museuemporda.org\/wp-content\/uploads\/2023\/07\/ME2912-A-250x250.jpg\" alt=\"Composici\u00f3n\" width=\"250\" height=\"250\" data-ratio=\"1\"\/><\/a><\/figure><div class=\"dp-dfg-header entry-header\"><h2 class=\"entry-title\">Composici\u00f3n<\/h2><\/div><div class=\"dp-dfg-custom-content\"><p class=\"dp-dfg-custom-field dp-dfg-cf-autors2\"><span class=\"dp-dfg-custom-field-value\">Rosa Cervera Giralt<\/span><\/p><\/div><\/article><!-- DPDFG End Post Item Container --><article id=\"post-8690\" class=\"dp-dfg-item post-8690 obres_autors type-obres_autors status-publish has-post-thumbnail hentry autors-autoria-desconeguda disciplina-arqueologia \"     data-position=\"1175\"   data-new-tab=\"off\"   data-action-priority=\"item\"><figure class=\"dp-dfg-image entry-thumb\"><a href=\"https:\/\/www.museuemporda.org\/?obres_autors=moneda-as-2\" class=\"dp-dfg-image-link\" ><img loading=\"lazy\" decoding=\"async\" class=\"dp-dfg-featured-image\" src=\"https:\/\/www.museuemporda.org\/wp-content\/uploads\/2021\/10\/mE-451-250x250.jpg\" alt=\"Moneda (as)\" width=\"250\" height=\"250\" data-ratio=\"1\"\/><\/a><\/figure><div class=\"dp-dfg-header entry-header\"><h2 class=\"entry-title\">Moneda (as)<\/h2><\/div><div class=\"dp-dfg-custom-content\"><p class=\"dp-dfg-custom-field dp-dfg-cf-autors2\"><span class=\"dp-dfg-custom-field-value\">Autoria desconeguda<\/span><\/p><\/div><\/article><!-- DPDFG End Post Item Container --><article id=\"post-13705\" class=\"dp-dfg-item post-13705 obres_autors type-obres_autors status-publish has-post-thumbnail hentry tipus_tecniques-dibuix tecnica_especifica-tinta-sobre-paper autors-carme-sanglas-gispert disciplina-dibuix \"     data-position=\"1176\"   data-new-tab=\"off\"   data-action-priority=\"item\"><figure class=\"dp-dfg-image entry-thumb\"><a href=\"https:\/\/www.museuemporda.org\/?obres_autors=pacifisme\" class=\"dp-dfg-image-link\" ><img loading=\"lazy\" decoding=\"async\" class=\"dp-dfg-featured-image\" src=\"https:\/\/www.museuemporda.org\/wp-content\/uploads\/2023\/06\/ME2561-SANGLAS01-250x194.jpg\" alt=\"Pacifisme\" width=\"250\" height=\"194\" data-ratio=\"0.776\"\/><\/a><\/figure><div class=\"dp-dfg-header entry-header\"><h2 class=\"entry-title\">Pacifisme<\/h2><\/div><div class=\"dp-dfg-custom-content\"><p class=\"dp-dfg-custom-field dp-dfg-cf-autors2\"><span class=\"dp-dfg-custom-field-value\">Carme Sanglas Gispert<\/span><\/p><\/div><\/article><!-- DPDFG End Post Item Container --><article id=\"post-10799\" class=\"dp-dfg-item post-10799 obres_autors type-obres_autors status-publish has-post-thumbnail hentry tipus_tecniques-pintura tecnica_especifica-aquarella autors-alfred-opisso-cardona disciplina-pintura \"     data-position=\"1177\"   data-new-tab=\"off\"   data-action-priority=\"item\"><figure class=\"dp-dfg-image entry-thumb\"><a href=\"https:\/\/www.museuemporda.org\/?obres_autors=devallament-de-la-creu\" class=\"dp-dfg-image-link\" ><img loading=\"lazy\" decoding=\"async\" class=\"dp-dfg-featured-image\" src=\"https:\/\/www.museuemporda.org\/wp-content\/uploads\/2022\/02\/mE-1101-250x250.jpg\" alt=\"Devallament de la creu\" width=\"250\" height=\"250\" data-ratio=\"1\"\/><\/a><\/figure><div class=\"dp-dfg-header entry-header\"><h2 class=\"entry-title\">Devallament de la creu<\/h2><\/div><div class=\"dp-dfg-custom-content\"><p class=\"dp-dfg-custom-field dp-dfg-cf-autors2\"><span class=\"dp-dfg-custom-field-value\">Alfred Opisso Cardona<\/span><\/p><\/div><\/article><!-- DPDFG End Post Item Container --><article id=\"post-11463\" class=\"dp-dfg-item post-11463 obres_autors type-obres_autors status-publish has-post-thumbnail hentry tipus_tecniques-dibuix tecnica_especifica-dibuix-sobre-paper autors-ramon-isern-escola disciplina-dibuix \"     data-position=\"1178\"   data-new-tab=\"off\"   data-action-priority=\"item\"><figure class=\"dp-dfg-image entry-thumb\"><a href=\"https:\/\/www.museuemporda.org\/?obres_autors=sense-titol-131\" class=\"dp-dfg-image-link\" ><img loading=\"lazy\" decoding=\"async\" class=\"dp-dfg-featured-image\" src=\"https:\/\/www.museuemporda.org\/wp-content\/uploads\/2022\/02\/mE-2271-250x250.jpg\" alt=\"Sense t\u00edtol\" width=\"250\" height=\"250\" data-ratio=\"1\"\/><\/a><\/figure><div class=\"dp-dfg-header entry-header\"><h2 class=\"entry-title\">Sense t\u00edtol<\/h2><\/div><div class=\"dp-dfg-custom-content\"><p class=\"dp-dfg-custom-field dp-dfg-cf-autors2\"><span class=\"dp-dfg-custom-field-value\">Ramon Isern Escola<\/span><\/p><\/div><\/article><!-- DPDFG End Post Item Container --><article id=\"post-13948\" class=\"dp-dfg-item post-13948 obres_autors type-obres_autors status-publish has-post-thumbnail hentry tipus_tecniques-dibuix tecnica_especifica-impressio-digital autors-pep-claparols-i-moret disciplina-dibuix \"     data-position=\"1179\"   data-new-tab=\"off\"   data-action-priority=\"item\"><figure class=\"dp-dfg-image entry-thumb\"><a href=\"https:\/\/www.museuemporda.org\/?obres_autors=sense-titol-312\" class=\"dp-dfg-image-link\" ><img loading=\"lazy\" decoding=\"async\" class=\"dp-dfg-featured-image\" src=\"https:\/\/www.museuemporda.org\/wp-content\/uploads\/2023\/06\/ME2674-PEP99-250x250.jpg\" alt=\"Sense t\u00edtol\" width=\"250\" height=\"250\" data-ratio=\"1\"\/><\/a><\/figure><div class=\"dp-dfg-header entry-header\"><h2 class=\"entry-title\">Sense t\u00edtol<\/h2><\/div><div class=\"dp-dfg-custom-content\"><p class=\"dp-dfg-custom-field dp-dfg-cf-autors2\"><span class=\"dp-dfg-custom-field-value\">Pep Claparols i Moret<\/span><\/p><\/div><\/article><!-- DPDFG End Post Item Container --><article id=\"post-13838\" class=\"dp-dfg-item post-13838 obres_autors type-obres_autors status-publish has-post-thumbnail hentry tipus_tecniques-dibuix tecnica_especifica-impressio-digital autors-lluis-puigbert disciplina-obra-grafic \"     data-position=\"1180\"   data-new-tab=\"off\"   data-action-priority=\"item\"><figure class=\"dp-dfg-image entry-thumb\"><a href=\"https:\/\/www.museuemporda.org\/?obres_autors=sense-titol-263\" class=\"dp-dfg-image-link\" ><img loading=\"lazy\" decoding=\"async\" class=\"dp-dfg-featured-image\" src=\"https:\/\/www.museuemporda.org\/wp-content\/uploads\/2023\/06\/ME2625-SID-PUIGBERT12-250x250.jpg\" alt=\"Sense t\u00edtol\" width=\"250\" height=\"250\" data-ratio=\"1\"\/><\/a><\/figure><div class=\"dp-dfg-header entry-header\"><h2 class=\"entry-title\">Sense t\u00edtol<\/h2><\/div><div class=\"dp-dfg-custom-content\"><p class=\"dp-dfg-custom-field dp-dfg-cf-autors2\"><span class=\"dp-dfg-custom-field-value\">Llu\u00eds Puigbert<\/span><\/p><\/div><\/article><!-- DPDFG End Post Item Container --><article id=\"post-10671\" class=\"dp-dfg-item post-10671 obres_autors type-obres_autors status-publish has-post-thumbnail hentry tipus_tecniques-pintura tecnica_especifica-oli-sobre-tela autors-francesc-camps-ribera disciplina-pintura \"     data-position=\"1181\"   data-new-tab=\"off\"   data-action-priority=\"item\"><figure class=\"dp-dfg-image entry-thumb\"><a href=\"https:\/\/www.museuemporda.org\/?obres_autors=maya\" class=\"dp-dfg-image-link\" ><img loading=\"lazy\" decoding=\"async\" class=\"dp-dfg-featured-image\" src=\"https:\/\/www.museuemporda.org\/wp-content\/uploads\/2022\/02\/mE-1307-250x250.jpg\" alt=\"Maya\" width=\"250\" height=\"250\" data-ratio=\"1\"\/><\/a><\/figure><div class=\"dp-dfg-header entry-header\"><h2 class=\"entry-title\">Maya<\/h2><\/div><div class=\"dp-dfg-custom-content\"><p class=\"dp-dfg-custom-field dp-dfg-cf-autors2\"><span class=\"dp-dfg-custom-field-value\">Francesc Camps Ribera<\/span><\/p><\/div><\/article><!-- DPDFG End Post Item Container --><article id=\"post-14478\" class=\"dp-dfg-item post-14478 obres_autors type-obres_autors status-publish has-post-thumbnail hentry tipus_tecniques-pintura tecnica_especifica-pintura-sobre-tela autors-daniel-torrent-riba disciplina-pintura \"     data-position=\"1182\"   data-new-tab=\"off\"   data-action-priority=\"item\"><figure class=\"dp-dfg-image entry-thumb\"><a href=\"https:\/\/www.museuemporda.org\/?obres_autors=sense-titol-528\" class=\"dp-dfg-image-link\" ><img loading=\"lazy\" decoding=\"async\" class=\"dp-dfg-featured-image\" src=\"https:\/\/www.museuemporda.org\/wp-content\/uploads\/2023\/07\/JPH5134-250x250.jpg\" alt=\"Sense t\u00edtol\" width=\"250\" height=\"250\" data-ratio=\"1\"\/><\/a><\/figure><div class=\"dp-dfg-header entry-header\"><h2 class=\"entry-title\">Sense t\u00edtol<\/h2><\/div><div class=\"dp-dfg-custom-content\"><p class=\"dp-dfg-custom-field dp-dfg-cf-autors2\"><span class=\"dp-dfg-custom-field-value\">Daniel Torrent Riba<\/span><\/p><\/div><\/article><!-- DPDFG End Post Item Container --><article id=\"post-14339\" class=\"dp-dfg-item post-14339 obres_autors type-obres_autors status-publish has-post-thumbnail hentry tipus_tecniques-dibuix tecnica_especifica-impressio-digital autors-jordi-fenosa-tatay disciplina-dibuix \"     data-position=\"1183\"   data-new-tab=\"off\"   data-action-priority=\"item\"><figure class=\"dp-dfg-image entry-thumb\"><a href=\"https:\/\/www.museuemporda.org\/?obres_autors=sense-titol-491\" class=\"dp-dfg-image-link\" ><img loading=\"lazy\" decoding=\"async\" class=\"dp-dfg-featured-image\" src=\"https:\/\/www.museuemporda.org\/wp-content\/uploads\/2023\/07\/ME2876-TATAY-250x250.jpg\" alt=\"Sense t\u00edtol\" width=\"250\" height=\"250\" data-ratio=\"1\"\/><\/a><\/figure><div class=\"dp-dfg-header entry-header\"><h2 class=\"entry-title\">Sense t\u00edtol<\/h2><\/div><div class=\"dp-dfg-custom-content\"><p class=\"dp-dfg-custom-field dp-dfg-cf-autors2\"><span class=\"dp-dfg-custom-field-value\">Jordi Fenosa Tatay<\/span><\/p><\/div><\/article><!-- DPDFG End Post Item Container --><article id=\"post-10629\" class=\"dp-dfg-item post-10629 obres_autors type-obres_autors status-publish has-post-thumbnail hentry tipus_tecniques-obra-grafica tecnica_especifica-litografia autors-pic-adrian disciplina-obra-grafic \"     data-position=\"1184\"   data-new-tab=\"off\"   data-action-priority=\"item\"><figure class=\"dp-dfg-image entry-thumb\"><a href=\"https:\/\/www.museuemporda.org\/?obres_autors=composicio-11\" class=\"dp-dfg-image-link\" ><img loading=\"lazy\" decoding=\"async\" class=\"dp-dfg-featured-image\" src=\"https:\/\/www.museuemporda.org\/wp-content\/uploads\/2022\/02\/mE-1481-250x250.jpg\" alt=\"Composici\u00f3\" width=\"250\" height=\"250\" data-ratio=\"1\"\/><\/a><\/figure><div class=\"dp-dfg-header entry-header\"><h2 class=\"entry-title\">Composici\u00f3<\/h2><\/div><div class=\"dp-dfg-custom-content\"><p class=\"dp-dfg-custom-field dp-dfg-cf-autors2\"><span class=\"dp-dfg-custom-field-value\">Pic Adrian<\/span><\/p><\/div><\/article><!-- DPDFG End Post Item Container --><article id=\"post-10210\" class=\"dp-dfg-item post-10210 obres_autors type-obres_autors status-publish has-post-thumbnail hentry tipus_tecniques-pintura tecnica_especifica-oli-sobre-tela autors-enric-climent-palahi disciplina-pintura \"     data-position=\"1185\"   data-new-tab=\"off\"   data-action-priority=\"item\"><figure class=\"dp-dfg-image entry-thumb\"><a href=\"https:\/\/www.museuemporda.org\/?obres_autors=interior-4\" class=\"dp-dfg-image-link\" ><img loading=\"lazy\" decoding=\"async\" class=\"dp-dfg-featured-image\" src=\"https:\/\/www.museuemporda.org\/wp-content\/uploads\/2022\/01\/mE-1315-250x250.jpg\" alt=\"Interior\" width=\"250\" height=\"250\" data-ratio=\"1\"\/><\/a><\/figure><div class=\"dp-dfg-header entry-header\"><h2 class=\"entry-title\">Interior<\/h2><\/div><div class=\"dp-dfg-custom-content\"><p class=\"dp-dfg-custom-field dp-dfg-cf-autors2\"><span class=\"dp-dfg-custom-field-value\">Enric Climent Palah\u00ed<\/span><\/p><\/div><\/article><!-- DPDFG End Post Item Container --><article id=\"post-11932\" class=\"dp-dfg-item post-11932 obres_autors type-obres_autors status-publish has-post-thumbnail hentry tipus_tecniques-pintura tecnica_especifica-aquarella-sobre-paper autors-pau-sabate-jauma disciplina-pintura \"     data-position=\"1186\"   data-new-tab=\"off\"   data-action-priority=\"item\"><figure class=\"dp-dfg-image entry-thumb\"><a href=\"https:\/\/www.museuemporda.org\/?obres_autors=paisatge-de-costa-3\" class=\"dp-dfg-image-link\" ><img loading=\"lazy\" decoding=\"async\" class=\"dp-dfg-featured-image\" src=\"https:\/\/www.museuemporda.org\/wp-content\/uploads\/2022\/02\/mE-1086-250x250.jpg\" alt=\"Paisatge de costa\" width=\"250\" height=\"250\" data-ratio=\"1\"\/><\/a><\/figure><div class=\"dp-dfg-header entry-header\"><h2 class=\"entry-title\">Paisatge de costa<\/h2><\/div><div class=\"dp-dfg-custom-content\"><p class=\"dp-dfg-custom-field dp-dfg-cf-autors2\"><span class=\"dp-dfg-custom-field-value\">Pau Sabat\u00e9 Jaum\u00e0<\/span><\/p><\/div><\/article><!-- DPDFG End Post Item Container --><article id=\"post-14367\" class=\"dp-dfg-item post-14367 obres_autors type-obres_autors status-publish has-post-thumbnail hentry tipus_tecniques-dibuix tecnica_especifica-impressio-digital autors-montserrat-gironell disciplina-dibuix \"     data-position=\"1187\"   data-new-tab=\"off\"   data-action-priority=\"item\"><figure class=\"dp-dfg-image entry-thumb\"><a href=\"https:\/\/www.museuemporda.org\/?obres_autors=sense-titol-503\" class=\"dp-dfg-image-link\" ><img loading=\"lazy\" decoding=\"async\" class=\"dp-dfg-featured-image\" src=\"https:\/\/www.museuemporda.org\/wp-content\/uploads\/2023\/07\/ME2891-GIRONELL-250x250.jpg\" alt=\"Sense t\u00edtol\" width=\"250\" height=\"250\" data-ratio=\"1\"\/><\/a><\/figure><div class=\"dp-dfg-header entry-header\"><h2 class=\"entry-title\">Sense t\u00edtol<\/h2><\/div><div class=\"dp-dfg-custom-content\"><p class=\"dp-dfg-custom-field dp-dfg-cf-autors2\"><span class=\"dp-dfg-custom-field-value\">Montserrat Gironell<\/span><\/p><\/div><\/article><!-- DPDFG End Post Item Container --><article id=\"post-9734\" class=\"dp-dfg-item post-9734 obres_autors type-obres_autors status-publish has-post-thumbnail hentry tipus_tecniques-fotografia tecnica_especifica-fotografia autors-joaquim-fort-de-ribot disciplina-fotografia \"     data-position=\"1188\"   data-new-tab=\"off\"   data-action-priority=\"item\"><figure class=\"dp-dfg-image entry-thumb\"><a href=\"https:\/\/www.museuemporda.org\/?obres_autors=interior-del-monestir-de-sant-pere-de-roda-3\" class=\"dp-dfg-image-link\" ><img loading=\"lazy\" decoding=\"async\" class=\"dp-dfg-featured-image\" src=\"https:\/\/www.museuemporda.org\/wp-content\/uploads\/2022\/01\/mE-2459-250x250.jpg\" alt=\"Interior del monestir de Sant Pere de Roda\" width=\"250\" height=\"250\" data-ratio=\"1\"\/><\/a><\/figure><div class=\"dp-dfg-header entry-header\"><h2 class=\"entry-title\">Interior del monestir de Sant Pere de Roda<\/h2><\/div><div class=\"dp-dfg-custom-content\"><p class=\"dp-dfg-custom-field dp-dfg-cf-autors2\"><span class=\"dp-dfg-custom-field-value\">Joaquim Fort de Ribot<\/span><\/p><\/div><\/article><!-- DPDFG End Post Item Container --><article id=\"post-10645\" class=\"dp-dfg-item post-10645 obres_autors type-obres_autors status-publish has-post-thumbnail hentry tipus_tecniques-pintura tecnica_especifica-aquarella-sobre-paper autors-avelli-artis-gener disciplina-pintura \"     data-position=\"1189\"   data-new-tab=\"off\"   data-action-priority=\"item\"><figure class=\"dp-dfg-image entry-thumb\"><a href=\"https:\/\/www.museuemporda.org\/?obres_autors=burros\" class=\"dp-dfg-image-link\" ><img loading=\"lazy\" decoding=\"async\" class=\"dp-dfg-featured-image\" src=\"https:\/\/www.museuemporda.org\/wp-content\/uploads\/2022\/02\/mE-1363-250x250.jpg\" alt=\"Burros\" width=\"250\" height=\"250\" data-ratio=\"1\"\/><\/a><\/figure><div class=\"dp-dfg-header entry-header\"><h2 class=\"entry-title\">Burros<\/h2><\/div><div class=\"dp-dfg-custom-content\"><p class=\"dp-dfg-custom-field dp-dfg-cf-autors2\"><span class=\"dp-dfg-custom-field-value\">Avel\u00b7l\u00ed Art\u00eds Gener<\/span><\/p><\/div><\/article><!-- DPDFG End Post Item Container --><article id=\"post-9860\" class=\"dp-dfg-item post-9860 obres_autors type-obres_autors status-publish has-post-thumbnail hentry tipus_tecniques-fotografia tecnica_especifica-fotografia autors-jordi-puig disciplina-fotografia \"     data-position=\"1190\"   data-new-tab=\"off\"   data-action-priority=\"item\"><figure class=\"dp-dfg-image entry-thumb\"><a href=\"https:\/\/www.museuemporda.org\/?obres_autors=silencis-10\" class=\"dp-dfg-image-link\" ><img loading=\"lazy\" decoding=\"async\" class=\"dp-dfg-featured-image\" src=\"https:\/\/www.museuemporda.org\/wp-content\/uploads\/2022\/01\/9.jpg-250x250.jpg\" alt=\"Silencis &#8211; Salvador Comas Albert\" width=\"250\" height=\"250\" data-ratio=\"1\"\/><\/a><\/figure><div class=\"dp-dfg-header entry-header\"><h2 class=\"entry-title\">Silencis &#8211; Salvador Comas Albert<\/h2><\/div><div class=\"dp-dfg-custom-content\"><p class=\"dp-dfg-custom-field dp-dfg-cf-autors2\"><span class=\"dp-dfg-custom-field-value\">Jordi Puig<\/span><\/p><\/div><\/article><!-- DPDFG End Post Item Container --><article id=\"post-8579\" class=\"dp-dfg-item post-8579 obres_autors type-obres_autors status-publish has-post-thumbnail hentry autors-josep-esquirol-perez disciplina-fotografia \"     data-position=\"1191\"   data-new-tab=\"off\"   data-action-priority=\"item\"><figure class=\"dp-dfg-image entry-thumb\"><a href=\"https:\/\/www.museuemporda.org\/?obres_autors=sense-titol-13\" class=\"dp-dfg-image-link\" ><img loading=\"lazy\" decoding=\"async\" class=\"dp-dfg-featured-image\" src=\"https:\/\/www.museuemporda.org\/wp-content\/uploads\/2021\/10\/ME-2093_Jordi-Puig-2022-250x250.jpg\" alt=\"Sense t\u00edtol\" width=\"250\" height=\"250\" data-ratio=\"1\"\/><\/a><\/figure><div class=\"dp-dfg-header entry-header\"><h2 class=\"entry-title\">Sense t\u00edtol<\/h2><\/div><div class=\"dp-dfg-custom-content\"><p class=\"dp-dfg-custom-field dp-dfg-cf-autors2\"><span class=\"dp-dfg-custom-field-value\">Josep Esquirol P\u00e9rez<\/span><\/p><\/div><\/article><!-- DPDFG End Post Item Container --><article id=\"post-10643\" class=\"dp-dfg-item post-10643 obres_autors type-obres_autors status-publish has-post-thumbnail hentry tipus_tecniques-pintura tecnica_especifica-aquarella autors-avelli-artis-gener disciplina-pintura \"     data-position=\"1192\"   data-new-tab=\"off\"   data-action-priority=\"item\"><figure class=\"dp-dfg-image entry-thumb\"><a href=\"https:\/\/www.museuemporda.org\/?obres_autors=santa-rosa\" class=\"dp-dfg-image-link\" ><img loading=\"lazy\" decoding=\"async\" class=\"dp-dfg-featured-image\" src=\"https:\/\/www.museuemporda.org\/wp-content\/uploads\/2022\/02\/mE-1361-250x250.jpg\" alt=\"Santa Rosa\" width=\"250\" height=\"250\" data-ratio=\"1\"\/><\/a><\/figure><div class=\"dp-dfg-header entry-header\"><h2 class=\"entry-title\">Santa Rosa<\/h2><\/div><div class=\"dp-dfg-custom-content\"><p class=\"dp-dfg-custom-field dp-dfg-cf-autors2\"><span class=\"dp-dfg-custom-field-value\">Avel\u00b7l\u00ed Art\u00eds Gener<\/span><\/p><\/div><\/article><!-- DPDFG End Post Item Container --><article id=\"post-5904\" class=\"dp-dfg-item post-5904 obres_autors type-obres_autors status-publish has-post-thumbnail hentry tecnica_especifica-tecnica-mixta-sobre-tela autors-antoni-clave-sanmarti disciplina-obra-grafic \"     data-position=\"1193\"   data-new-tab=\"off\"   data-action-priority=\"item\"><figure class=\"dp-dfg-image entry-thumb\"><a href=\"https:\/\/www.museuemporda.org\/?obres_autors=composicio-abstracta\" class=\"dp-dfg-image-link\" ><img loading=\"lazy\" decoding=\"async\" class=\"dp-dfg-featured-image\" src=\"https:\/\/www.museuemporda.org\/wp-content\/uploads\/2020\/04\/mE-1377-250x250.jpg\" alt=\"T\u00eate de guerrier\" width=\"250\" height=\"250\" data-ratio=\"1\"\/><\/a><\/figure><div class=\"dp-dfg-header entry-header\"><h2 class=\"entry-title\">T\u00eate de guerrier<\/h2><\/div><div class=\"dp-dfg-custom-content\"><p class=\"dp-dfg-custom-field dp-dfg-cf-autors2\"><span class=\"dp-dfg-custom-field-value\">Antoni Clav\u00e9 Sanmart\u00ed<\/span><\/p><\/div><\/article><!-- DPDFG End Post Item Container --><article id=\"post-10194\" class=\"dp-dfg-item post-10194 obres_autors type-obres_autors status-publish has-post-thumbnail hentry tipus_tecniques-dibuix tecnica_especifica-tecnica-mixta autors-marcelli-porta disciplina-dibuix \"     data-position=\"1194\"   data-new-tab=\"off\"   data-action-priority=\"item\"><figure class=\"dp-dfg-image entry-thumb\"><a href=\"https:\/\/www.museuemporda.org\/?obres_autors=parella-de-nens-catalans\" class=\"dp-dfg-image-link\" ><img loading=\"lazy\" decoding=\"async\" class=\"dp-dfg-featured-image\" src=\"https:\/\/www.museuemporda.org\/wp-content\/uploads\/2022\/01\/mE-1349-250x250.jpg\" alt=\"Parella de nens catalans\" width=\"250\" height=\"250\" data-ratio=\"1\"\/><\/a><\/figure><div class=\"dp-dfg-header entry-header\"><h2 class=\"entry-title\">Parella de nens catalans<\/h2><\/div><div class=\"dp-dfg-custom-content\"><p class=\"dp-dfg-custom-field dp-dfg-cf-autors2\"><span class=\"dp-dfg-custom-field-value\">Marcel\u00b7l\u00ed Porta<\/span><\/p><\/div><\/article><!-- DPDFG End Post Item Container --><article id=\"post-5948\" class=\"dp-dfg-item post-5948 obres_autors type-obres_autors status-publish has-post-thumbnail hentry tecnica_especifica-fotografia-i-pedra-intervinguda-amb-tecnica-mixta autors-jordi-mitja disciplina-installacio \"     data-position=\"1195\"   data-new-tab=\"off\"   data-action-priority=\"item\"><figure class=\"dp-dfg-image entry-thumb\"><a href=\"https:\/\/www.museuemporda.org\/?obres_autors=retorn-alquimic-des-de-les-entranyes-de-tots-els-figuerencs\" class=\"dp-dfg-image-link\" ><img loading=\"lazy\" decoding=\"async\" class=\"dp-dfg-featured-image\" src=\"https:\/\/www.museuemporda.org\/wp-content\/uploads\/2020\/07\/mE-2167_conjunt_2-250x250.jpg\" alt=\"Retorn alqu\u00edmic des de les entranyes de tots els figuerencs\" width=\"250\" height=\"250\" data-ratio=\"1\"\/><\/a><\/figure><div class=\"dp-dfg-header entry-header\"><h2 class=\"entry-title\">Retorn alqu\u00edmic des de les entranyes de tots els figuerencs<\/h2><\/div><div class=\"dp-dfg-custom-content\"><p class=\"dp-dfg-custom-field dp-dfg-cf-autors2\"><span class=\"dp-dfg-custom-field-value\">Jordi Mitj\u00e0<\/span><\/p><\/div><\/article><!-- DPDFG End Post Item Container --><article id=\"post-11263\" class=\"dp-dfg-item post-11263 obres_autors type-obres_autors status-publish has-post-thumbnail hentry tipus_tecniques-dibuix tecnica_especifica-llapis-carbo-sobre-paper autors-josep-costa-sobrepera disciplina-dibuix \"     data-position=\"1196\"   data-new-tab=\"off\"   data-action-priority=\"item\"><figure class=\"dp-dfg-image entry-thumb\"><a href=\"https:\/\/www.museuemporda.org\/?obres_autors=cap-dhome\" class=\"dp-dfg-image-link\" ><img loading=\"lazy\" decoding=\"async\" class=\"dp-dfg-featured-image\" src=\"https:\/\/www.museuemporda.org\/wp-content\/uploads\/2022\/02\/mE-1875-250x250.jpg\" alt=\"Cap d&#8217;home\" width=\"250\" height=\"250\" data-ratio=\"1\"\/><\/a><\/figure><div class=\"dp-dfg-header entry-header\"><h2 class=\"entry-title\">Cap d&#8217;home<\/h2><\/div><div class=\"dp-dfg-custom-content\"><p class=\"dp-dfg-custom-field dp-dfg-cf-autors2\"><span class=\"dp-dfg-custom-field-value\">Josep Costa Sobrepera<\/span><\/p><\/div><\/article><!-- DPDFG End Post Item Container --><article id=\"post-10382\" class=\"dp-dfg-item post-10382 obres_autors type-obres_autors status-publish has-post-thumbnail hentry tipus_tecniques-escultura tecnica_especifica-guix autors-artur-novoa-cabra disciplina-escultura \"     data-position=\"1197\"   data-new-tab=\"off\"   data-action-priority=\"item\"><figure class=\"dp-dfg-image entry-thumb\"><a href=\"https:\/\/www.museuemporda.org\/?obres_autors=sense-titol-54\" class=\"dp-dfg-image-link\" ><img loading=\"lazy\" decoding=\"async\" class=\"dp-dfg-featured-image\" src=\"https:\/\/www.museuemporda.org\/wp-content\/uploads\/2022\/01\/mE-1908-250x250.jpg\" alt=\"Sense t\u00edtol\" width=\"250\" height=\"250\" data-ratio=\"1\"\/><\/a><\/figure><div class=\"dp-dfg-header entry-header\"><h2 class=\"entry-title\">Sense t\u00edtol<\/h2><\/div><div class=\"dp-dfg-custom-content\"><p class=\"dp-dfg-custom-field dp-dfg-cf-autors2\"><span class=\"dp-dfg-custom-field-value\">Artur Novoa Cabra<\/span><\/p><\/div><\/article><!-- DPDFG End Post Item Container --><article id=\"post-14004\" class=\"dp-dfg-item post-14004 obres_autors type-obres_autors status-publish has-post-thumbnail hentry tipus_tecniques-dibuix tecnica_especifica-tinta-sobre-paper autors-pep-claparols-i-moret disciplina-dibuix \"     data-position=\"1198\"   data-new-tab=\"off\"   data-action-priority=\"item\"><figure class=\"dp-dfg-image entry-thumb\"><a href=\"https:\/\/www.museuemporda.org\/?obres_autors=sense-titol-337\" class=\"dp-dfg-image-link\" ><img loading=\"lazy\" decoding=\"async\" class=\"dp-dfg-featured-image\" src=\"https:\/\/www.museuemporda.org\/wp-content\/uploads\/2023\/06\/ME2699-PEP2003-250x250.jpg\" alt=\"Sense t\u00edtol\" width=\"250\" height=\"250\" data-ratio=\"1\"\/><\/a><\/figure><div class=\"dp-dfg-header entry-header\"><h2 class=\"entry-title\">Sense t\u00edtol<\/h2><\/div><div class=\"dp-dfg-custom-content\"><p class=\"dp-dfg-custom-field dp-dfg-cf-autors2\"><span class=\"dp-dfg-custom-field-value\">Pep Claparols i Moret<\/span><\/p><\/div><\/article><!-- DPDFG End Post Item Container --><article id=\"post-10611\" class=\"dp-dfg-item post-10611 obres_autors type-obres_autors status-publish has-post-thumbnail hentry tipus_tecniques-pintura tecnica_especifica-oli-sobre-tela autors-august-puig-bosch disciplina-pintura \"     data-position=\"1199\"   data-new-tab=\"off\"   data-action-priority=\"item\"><figure class=\"dp-dfg-image entry-thumb\"><a href=\"https:\/\/www.museuemporda.org\/?obres_autors=espectral\" class=\"dp-dfg-image-link\" ><img loading=\"lazy\" decoding=\"async\" class=\"dp-dfg-featured-image\" src=\"https:\/\/www.museuemporda.org\/wp-content\/uploads\/2022\/02\/mE-1598-250x250.jpg\" alt=\"Espectral\" width=\"250\" height=\"250\" data-ratio=\"1\"\/><\/a><\/figure><div class=\"dp-dfg-header entry-header\"><h2 class=\"entry-title\">Espectral<\/h2><\/div><div class=\"dp-dfg-custom-content\"><p class=\"dp-dfg-custom-field dp-dfg-cf-autors2\"><span class=\"dp-dfg-custom-field-value\">August Puig Bosch<\/span><\/p><\/div><\/article><!-- DPDFG End Post Item Container --><article id=\"post-9219\" class=\"dp-dfg-item post-9219 obres_autors type-obres_autors status-publish has-post-thumbnail hentry tecnica_especifica-pintura-acrilica-i-pasta-de-paper autors-nobuko-kihira disciplina-pintura \"     data-position=\"1200\"   data-new-tab=\"off\"   data-action-priority=\"item\"><figure class=\"dp-dfg-image entry-thumb\"><a href=\"https:\/\/www.museuemporda.org\/?obres_autors=ashibikino-azul-blanco\" class=\"dp-dfg-image-link\" ><img loading=\"lazy\" decoding=\"async\" class=\"dp-dfg-featured-image\" src=\"https:\/\/www.museuemporda.org\/wp-content\/uploads\/2021\/11\/ME-2528_JORDI-PUIG-2021-250x250.jpg\" alt=\"Ashibikino. Azul. Blanco\" width=\"250\" height=\"250\" data-ratio=\"1\"\/><\/a><\/figure><div class=\"dp-dfg-header entry-header\"><h2 class=\"entry-title\">Ashibikino. Azul. Blanco<\/h2><\/div><div class=\"dp-dfg-custom-content\"><p class=\"dp-dfg-custom-field dp-dfg-cf-autors2\"><span class=\"dp-dfg-custom-field-value\">Nobuko Kihira<\/span><\/p><\/div><\/article><!-- DPDFG End Post Item Container --><article id=\"post-10316\" class=\"dp-dfg-item post-10316 obres_autors type-obres_autors status-publish has-post-thumbnail hentry tipus_tecniques-pintura tecnica_especifica-oli-sobre-tela autors-pere-bech-sudria disciplina-pintura \"     data-position=\"1201\"   data-new-tab=\"off\"   data-action-priority=\"item\"><figure class=\"dp-dfg-image entry-thumb\"><a href=\"https:\/\/www.museuemporda.org\/?obres_autors=paisatge-56\" class=\"dp-dfg-image-link\" ><img loading=\"lazy\" decoding=\"async\" class=\"dp-dfg-featured-image\" src=\"https:\/\/www.museuemporda.org\/wp-content\/uploads\/2022\/01\/mE-2228-250x250.jpg\" alt=\"Paisatge\" width=\"250\" height=\"250\" data-ratio=\"1\"\/><\/a><\/figure><div class=\"dp-dfg-header entry-header\"><h2 class=\"entry-title\">Paisatge<\/h2><\/div><div class=\"dp-dfg-custom-content\"><p class=\"dp-dfg-custom-field dp-dfg-cf-autors2\"><span class=\"dp-dfg-custom-field-value\">Pere Bech Sudri\u00e0 <\/span><\/p><\/div><\/article><!-- DPDFG End Post Item Container --><article id=\"post-10601\" class=\"dp-dfg-item post-10601 obres_autors type-obres_autors status-publish has-post-thumbnail hentry tipus_tecniques-pintura tecnica_especifica-carbonet-i-pastel-sobre-poliester autors-patricia-dauder disciplina-pintura \"     data-position=\"1202\"   data-new-tab=\"off\"   data-action-priority=\"item\"><figure class=\"dp-dfg-image entry-thumb\"><a href=\"https:\/\/www.museuemporda.org\/?obres_autors=sense-titol-forest\" class=\"dp-dfg-image-link\" ><img loading=\"lazy\" decoding=\"async\" class=\"dp-dfg-featured-image\" src=\"https:\/\/www.museuemporda.org\/wp-content\/uploads\/2022\/02\/mE-2116-250x250.jpg\" alt=\"Sense t\u00edtol (Forest)\" width=\"250\" height=\"250\" data-ratio=\"1\"\/><\/a><\/figure><div class=\"dp-dfg-header entry-header\"><h2 class=\"entry-title\">Sense t\u00edtol (Forest)<\/h2><\/div><div class=\"dp-dfg-custom-content\"><p class=\"dp-dfg-custom-field dp-dfg-cf-autors2\"><span class=\"dp-dfg-custom-field-value\">Patricia Dauder<\/span><\/p><\/div><\/article><!-- DPDFG End Post Item Container --><article id=\"post-5902\" class=\"dp-dfg-item post-5902 obres_autors type-obres_autors status-publish has-post-thumbnail hentry tecnica_especifica-aquarella-sobre-paper autors-avelli-artis-gener disciplina-pintura \"     data-position=\"1203\"   data-new-tab=\"off\"   data-action-priority=\"item\"><figure class=\"dp-dfg-image entry-thumb\"><a href=\"https:\/\/www.museuemporda.org\/?obres_autors=tres-marias\" class=\"dp-dfg-image-link\" ><img loading=\"lazy\" decoding=\"async\" class=\"dp-dfg-featured-image\" src=\"https:\/\/www.museuemporda.org\/wp-content\/uploads\/2020\/04\/mE-1362-250x250.jpg\" alt=\"Tres Mar\u00edas\" width=\"250\" height=\"250\" data-ratio=\"1\"\/><\/a><\/figure><div class=\"dp-dfg-header entry-header\"><h2 class=\"entry-title\">Tres Mar\u00edas<\/h2><\/div><div class=\"dp-dfg-custom-content\"><p class=\"dp-dfg-custom-field dp-dfg-cf-autors2\"><span class=\"dp-dfg-custom-field-value\">Avel\u00b7l\u00ed Art\u00eds Gener<\/span><\/p><\/div><\/article><!-- DPDFG End Post Item Container --><article id=\"post-5759\" class=\"dp-dfg-item post-5759 obres_autors type-obres_autors status-publish has-post-thumbnail hentry tecnica_especifica-oli-sobre-tela autors-francisco-de-herrera disciplina-pintura \"     data-position=\"1204\"   data-new-tab=\"off\"   data-action-priority=\"item\"><figure class=\"dp-dfg-image entry-thumb\"><a href=\"https:\/\/www.museuemporda.org\/?obres_autors=sant-antoni-amb-el-nen-jesus\" class=\"dp-dfg-image-link\" ><img loading=\"lazy\" decoding=\"async\" class=\"dp-dfg-featured-image\" src=\"https:\/\/www.museuemporda.org\/wp-content\/uploads\/2020\/04\/mE-627-250x250.jpg\" alt=\"Sant Antoni de P\u00e0dua\" width=\"250\" height=\"250\" data-ratio=\"1\"\/><\/a><\/figure><div class=\"dp-dfg-header entry-header\"><h2 class=\"entry-title\">Sant Antoni de P\u00e0dua<\/h2><\/div><div class=\"dp-dfg-custom-content\"><p class=\"dp-dfg-custom-field dp-dfg-cf-autors2\"><span class=\"dp-dfg-custom-field-value\">Francisco de Herrera, el Mozo<\/span><\/p><\/div><\/article><!-- DPDFG End Post Item Container --><article id=\"post-10219\" class=\"dp-dfg-item post-10219 obres_autors type-obres_autors status-publish has-post-thumbnail hentry tipus_tecniques-obra-grafica autors-roser-bru-i-llop disciplina-obra-grafic \"     data-position=\"1205\"   data-new-tab=\"off\"   data-action-priority=\"item\"><figure class=\"dp-dfg-image entry-thumb\"><a href=\"https:\/\/www.museuemporda.org\/?obres_autors=pati\" class=\"dp-dfg-image-link\" ><img loading=\"lazy\" decoding=\"async\" class=\"dp-dfg-featured-image\" src=\"https:\/\/www.museuemporda.org\/wp-content\/uploads\/2022\/01\/mE-1298-250x250.jpg\" alt=\"Pati\" width=\"250\" height=\"250\" data-ratio=\"1\"\/><\/a><\/figure><div class=\"dp-dfg-header entry-header\"><h2 class=\"entry-title\">Pati<\/h2><\/div><div class=\"dp-dfg-custom-content\"><p class=\"dp-dfg-custom-field dp-dfg-cf-autors2\"><span class=\"dp-dfg-custom-field-value\">Roser Bru i Llop<\/span><\/p><\/div><\/article><!-- DPDFG End Post Item Container --><article id=\"post-8044\" class=\"dp-dfg-item post-8044 obres_autors type-obres_autors status-publish has-post-thumbnail hentry tecnica_especifica-oli-sobre-tela autors-enric-galwey-garcia disciplina-pintura \"     data-position=\"1206\"   data-new-tab=\"off\"   data-action-priority=\"item\"><figure class=\"dp-dfg-image entry-thumb\"><a href=\"https:\/\/www.museuemporda.org\/?obres_autors=paisatge-3\" class=\"dp-dfg-image-link\" ><img loading=\"lazy\" decoding=\"async\" class=\"dp-dfg-featured-image\" src=\"https:\/\/www.museuemporda.org\/wp-content\/uploads\/2021\/08\/mE-658-250x250.jpg\" alt=\"Paisatge\" width=\"250\" height=\"250\" data-ratio=\"1\"\/><\/a><\/figure><div class=\"dp-dfg-header entry-header\"><h2 class=\"entry-title\">Paisatge<\/h2><\/div><div class=\"dp-dfg-custom-content\"><p class=\"dp-dfg-custom-field dp-dfg-cf-autors2\"><span class=\"dp-dfg-custom-field-value\">Enric Galwey Garcia<\/span><\/p><\/div><\/article><!-- DPDFG End Post Item Container --><article id=\"post-5695\" class=\"dp-dfg-item post-5695 obres_autors type-obres_autors status-publish has-post-thumbnail hentry autors-autoria-desconeguda \"     data-position=\"1207\"   data-new-tab=\"off\"   data-action-priority=\"item\"><figure class=\"dp-dfg-image entry-thumb\"><a href=\"https:\/\/www.museuemporda.org\/?obres_autors=figura-de-terracota-isis\" class=\"dp-dfg-image-link\" ><img loading=\"lazy\" decoding=\"async\" class=\"dp-dfg-featured-image\" src=\"https:\/\/www.museuemporda.org\/wp-content\/uploads\/2020\/07\/mE-306_frontal-250x250.jpg\" alt=\"Figureta femenina del tipus cora (Possible Isis)\" width=\"250\" height=\"250\" data-ratio=\"1\"\/><\/a><\/figure><div class=\"dp-dfg-header entry-header\"><h2 class=\"entry-title\">Figureta femenina del tipus cora (Possible Isis)<\/h2><\/div><div class=\"dp-dfg-custom-content\"><p class=\"dp-dfg-custom-field dp-dfg-cf-autors2\"><span class=\"dp-dfg-custom-field-value\">Autoria desconeguda<\/span><\/p><\/div><\/article><!-- DPDFG End Post Item Container --><article id=\"post-14238\" class=\"dp-dfg-item post-14238 obres_autors type-obres_autors status-publish has-post-thumbnail hentry tipus_tecniques-dibuix tecnica_especifica-impressio-digital autors-joan-antoni-poch disciplina-dibuix \"     data-position=\"1208\"   data-new-tab=\"off\"   data-action-priority=\"item\"><figure class=\"dp-dfg-image entry-thumb\"><a href=\"https:\/\/www.museuemporda.org\/?obres_autors=sense-titol-444\" class=\"dp-dfg-image-link\" ><img loading=\"lazy\" decoding=\"async\" class=\"dp-dfg-featured-image\" src=\"https:\/\/www.museuemporda.org\/wp-content\/uploads\/2023\/07\/ME2829-JAP-250x250.jpg\" alt=\"Sense t\u00edtol\" width=\"250\" height=\"250\" data-ratio=\"1\"\/><\/a><\/figure><div class=\"dp-dfg-header entry-header\"><h2 class=\"entry-title\">Sense t\u00edtol<\/h2><\/div><div class=\"dp-dfg-custom-content\"><p class=\"dp-dfg-custom-field dp-dfg-cf-autors2\"><span class=\"dp-dfg-custom-field-value\">Joan Antoni Poch<\/span><\/p><\/div><\/article><!-- DPDFG End Post Item Container --><article id=\"post-10721\" class=\"dp-dfg-item post-10721 obres_autors type-obres_autors status-publish has-post-thumbnail hentry tipus_tecniques-obra-grafica tecnica_especifica-gravat-sobre-paper autors-modest-cuixart-tapies disciplina-obra-grafic \"     data-position=\"1209\"   data-new-tab=\"off\"   data-action-priority=\"item\"><figure class=\"dp-dfg-image entry-thumb\"><a href=\"https:\/\/www.museuemporda.org\/?obres_autors=sense-titol-89\" class=\"dp-dfg-image-link\" ><img loading=\"lazy\" decoding=\"async\" class=\"dp-dfg-featured-image\" src=\"https:\/\/www.museuemporda.org\/wp-content\/uploads\/2022\/02\/mE-2151-250x250.jpg\" alt=\"Sense t\u00edtol\" width=\"250\" height=\"250\" data-ratio=\"1\"\/><\/a><\/figure><div class=\"dp-dfg-header entry-header\"><h2 class=\"entry-title\">Sense t\u00edtol<\/h2><\/div><div class=\"dp-dfg-custom-content\"><p class=\"dp-dfg-custom-field dp-dfg-cf-autors2\"><span class=\"dp-dfg-custom-field-value\">Modest Cuixart T\u00e0pies<\/span><\/p><\/div><\/article><!-- DPDFG End Post Item Container --><article id=\"post-10942\" class=\"dp-dfg-item post-10942 obres_autors type-obres_autors status-publish has-post-thumbnail hentry tipus_tecniques-dibuix tecnica_especifica-dibuix-sobre-paper autors-pedro-albareda disciplina-dibuix \"     data-position=\"1210\"   data-new-tab=\"off\"   data-action-priority=\"item\"><figure class=\"dp-dfg-image entry-thumb\"><a href=\"https:\/\/www.museuemporda.org\/?obres_autors=sense-titol-99\" class=\"dp-dfg-image-link\" ><img loading=\"lazy\" decoding=\"async\" class=\"dp-dfg-featured-image\" src=\"https:\/\/www.museuemporda.org\/wp-content\/uploads\/2022\/02\/mE-2015-250x250.jpg\" alt=\"Sense t\u00edtol\" width=\"250\" height=\"250\" data-ratio=\"1\"\/><\/a><\/figure><div class=\"dp-dfg-header entry-header\"><h2 class=\"entry-title\">Sense t\u00edtol<\/h2><\/div><div class=\"dp-dfg-custom-content\"><p class=\"dp-dfg-custom-field dp-dfg-cf-autors2\"><span class=\"dp-dfg-custom-field-value\">Pedro Albareda<\/span><\/p><\/div><\/article><!-- DPDFG End Post Item Container --><article id=\"post-10442\" class=\"dp-dfg-item post-10442 obres_autors type-obres_autors status-publish has-post-thumbnail hentry tipus_tecniques-pintura tecnica_especifica-tecnica-mixta-sobre-tela autors-joan-padern-faig disciplina-pintura \"     data-position=\"1211\"   data-new-tab=\"off\"   data-action-priority=\"item\"><figure class=\"dp-dfg-image entry-thumb\"><a href=\"https:\/\/www.museuemporda.org\/?obres_autors=composicio-geometrica-2\" class=\"dp-dfg-image-link\" ><img loading=\"lazy\" decoding=\"async\" class=\"dp-dfg-featured-image\" src=\"https:\/\/www.museuemporda.org\/wp-content\/uploads\/2022\/01\/mE-1387-250x250.jpg\" alt=\"Composici\u00f3 geom\u00e8trica\" width=\"250\" height=\"250\" data-ratio=\"1\"\/><\/a><\/figure><div class=\"dp-dfg-header entry-header\"><h2 class=\"entry-title\">Composici\u00f3 geom\u00e8trica<\/h2><\/div><div class=\"dp-dfg-custom-content\"><p class=\"dp-dfg-custom-field dp-dfg-cf-autors2\"><span class=\"dp-dfg-custom-field-value\">Joan Padern Faig<\/span><\/p><\/div><\/article><!-- DPDFG End Post Item Container --><article id=\"post-14272\" class=\"dp-dfg-item post-14272 obres_autors type-obres_autors status-publish has-post-thumbnail hentry tipus_tecniques-dibuix tecnica_especifica-impressio-digital autors-quim-bou disciplina-dibuix \"     data-position=\"1212\"   data-new-tab=\"off\"   data-action-priority=\"item\"><figure class=\"dp-dfg-image entry-thumb\"><a href=\"https:\/\/www.museuemporda.org\/?obres_autors=sense-titol-460\" class=\"dp-dfg-image-link\" ><img loading=\"lazy\" decoding=\"async\" class=\"dp-dfg-featured-image\" src=\"https:\/\/www.museuemporda.org\/wp-content\/uploads\/2023\/07\/ME2845-BOU-250x250.jpg\" alt=\"Sense t\u00edtol\" width=\"250\" height=\"250\" data-ratio=\"1\"\/><\/a><\/figure><div class=\"dp-dfg-header entry-header\"><h2 class=\"entry-title\">Sense t\u00edtol<\/h2><\/div><div class=\"dp-dfg-custom-content\"><p class=\"dp-dfg-custom-field dp-dfg-cf-autors2\"><span class=\"dp-dfg-custom-field-value\">Quim Bou<\/span><\/p><\/div><\/article><!-- DPDFG End Post Item Container --><article id=\"post-8941\" class=\"dp-dfg-item post-8941 obres_autors type-obres_autors status-publish has-post-thumbnail hentry tecnica_especifica-oli-sobre-tela autors-olga-nicolajevna-sacharoff disciplina-pintura \"     data-position=\"1213\"   data-new-tab=\"off\"   data-action-priority=\"item\"><figure class=\"dp-dfg-image entry-thumb\"><a href=\"https:\/\/www.museuemporda.org\/?obres_autors=nena-amb-flors\" class=\"dp-dfg-image-link\" ><img loading=\"lazy\" decoding=\"async\" class=\"dp-dfg-featured-image\" src=\"https:\/\/www.museuemporda.org\/wp-content\/uploads\/2021\/11\/mE-708-250x250.jpg\" alt=\"Nena amb flors\" width=\"250\" height=\"250\" data-ratio=\"1\"\/><\/a><\/figure><div class=\"dp-dfg-header entry-header\"><h2 class=\"entry-title\">Nena amb flors<\/h2><\/div><div class=\"dp-dfg-custom-content\"><p class=\"dp-dfg-custom-field dp-dfg-cf-autors2\"><span class=\"dp-dfg-custom-field-value\">Olga Nicolajevna Sacharoff<\/span><\/p><\/div><\/article><!-- DPDFG End Post Item Container --><article id=\"post-9067\" class=\"dp-dfg-item post-9067 obres_autors type-obres_autors status-publish has-post-thumbnail hentry tipus_tecniques-ferro tipus_tecniques-pedra autors-adria-ciurana-geli disciplina-escultura \"     data-position=\"1214\"   data-new-tab=\"off\"   data-action-priority=\"item\"><figure class=\"dp-dfg-image entry-thumb\"><a href=\"https:\/\/www.museuemporda.org\/?obres_autors=sense-titol-17\" class=\"dp-dfg-image-link\" ><img loading=\"lazy\" decoding=\"async\" class=\"dp-dfg-featured-image\" src=\"https:\/\/www.museuemporda.org\/wp-content\/uploads\/2021\/11\/mE-2502-250x250.jpg\" alt=\"Sense t\u00edtol\" width=\"250\" height=\"250\" data-ratio=\"1\"\/><\/a><\/figure><div class=\"dp-dfg-header entry-header\"><h2 class=\"entry-title\">Sense t\u00edtol<\/h2><\/div><div class=\"dp-dfg-custom-content\"><p class=\"dp-dfg-custom-field dp-dfg-cf-autors2\"><span class=\"dp-dfg-custom-field-value\">Adri\u00e0 Ciurana Geli<\/span><\/p><\/div><\/article><!-- DPDFG End Post Item Container --><article id=\"post-8791\" class=\"dp-dfg-item post-8791 obres_autors type-obres_autors status-publish has-post-thumbnail hentry tecnica_especifica-oli-sobre-tela autors-autoria-desconeguda disciplina-pintura \"     data-position=\"1215\"   data-new-tab=\"off\"   data-action-priority=\"item\"><figure class=\"dp-dfg-image entry-thumb\"><a href=\"https:\/\/www.museuemporda.org\/?obres_autors=paisatge-amb-llacuna-i-cacadors\" class=\"dp-dfg-image-link\" ><img loading=\"lazy\" decoding=\"async\" class=\"dp-dfg-featured-image\" src=\"https:\/\/www.museuemporda.org\/wp-content\/uploads\/2021\/10\/mE-635-1-250x250.jpg\" alt=\"Paisatge amb llacuna i ca\u00e7adors\" width=\"250\" height=\"250\" data-ratio=\"1\"\/><\/a><\/figure><div class=\"dp-dfg-header entry-header\"><h2 class=\"entry-title\">Paisatge amb llacuna i ca\u00e7adors<\/h2><\/div><div class=\"dp-dfg-custom-content\"><p class=\"dp-dfg-custom-field dp-dfg-cf-autors2\"><span class=\"dp-dfg-custom-field-value\">Autoria desconeguda (escola flamenca)<\/span><\/p><\/div><\/article><!-- DPDFG End Post Item Container --><article id=\"post-13646\" class=\"dp-dfg-item post-13646 obres_autors type-obres_autors status-publish has-post-thumbnail hentry tipus_tecniques-dibuix tecnica_especifica-pintura-sobre-paper autors-desconegut disciplina-dibuix \"     data-position=\"1216\"   data-new-tab=\"off\"   data-action-priority=\"item\"><figure class=\"dp-dfg-image entry-thumb\"><a href=\"https:\/\/www.museuemporda.org\/?obres_autors=paisatge-77\" class=\"dp-dfg-image-link\" ><img loading=\"lazy\" decoding=\"async\" class=\"dp-dfg-featured-image\" src=\"https:\/\/www.museuemporda.org\/wp-content\/uploads\/2023\/06\/mE-2390-250x250.jpg\" alt=\"Paisatge\" width=\"250\" height=\"250\" data-ratio=\"1\"\/><\/a><\/figure><div class=\"dp-dfg-header entry-header\"><h2 class=\"entry-title\">Paisatge<\/h2><\/div><div class=\"dp-dfg-custom-content\"><p class=\"dp-dfg-custom-field dp-dfg-cf-autors2\"><span class=\"dp-dfg-custom-field-value\">Desconegut<\/span><\/p><\/div><\/article><!-- DPDFG End Post Item Container --><article id=\"post-13735\" class=\"dp-dfg-item post-13735 obres_autors type-obres_autors status-publish has-post-thumbnail hentry tipus_tecniques-dibuix tecnica_especifica-tecnica-mixta-sobre-paper autors-enric-pujol disciplina-dibuix \"     data-position=\"1217\"   data-new-tab=\"off\"   data-action-priority=\"item\"><figure class=\"dp-dfg-image entry-thumb\"><a href=\"https:\/\/www.museuemporda.org\/?obres_autors=sense-titol-212\" class=\"dp-dfg-image-link\" ><img loading=\"lazy\" decoding=\"async\" class=\"dp-dfg-featured-image\" src=\"https:\/\/www.museuemporda.org\/wp-content\/uploads\/2023\/06\/ME2574-PUJOL08-250x250.jpg\" alt=\"Sense t\u00edtol\" width=\"250\" height=\"250\" data-ratio=\"1\"\/><\/a><\/figure><div class=\"dp-dfg-header entry-header\"><h2 class=\"entry-title\">Sense t\u00edtol<\/h2><\/div><div class=\"dp-dfg-custom-content\"><p class=\"dp-dfg-custom-field dp-dfg-cf-autors2\"><span class=\"dp-dfg-custom-field-value\">Enric Pujol<\/span><\/p><\/div><\/article><!-- DPDFG End Post Item Container --><article id=\"post-10525\" class=\"dp-dfg-item post-10525 obres_autors type-obres_autors status-publish has-post-thumbnail hentry tipus_tecniques-obra-grafica tecnica_especifica-paper autors-salvador-dali-domenech disciplina-obra-grafic \"     data-position=\"1218\"   data-new-tab=\"off\"   data-action-priority=\"item\"><figure class=\"dp-dfg-image entry-thumb\"><a href=\"https:\/\/www.museuemporda.org\/?obres_autors=surrealism-and-their-heritage\" class=\"dp-dfg-image-link\" ><img loading=\"lazy\" decoding=\"async\" class=\"dp-dfg-featured-image\" src=\"https:\/\/www.museuemporda.org\/wp-content\/uploads\/2022\/02\/mE-2267-250x250.jpg\" alt=\"Surrealism and their heritage\" width=\"250\" height=\"250\" data-ratio=\"1\"\/><\/a><\/figure><div class=\"dp-dfg-header entry-header\"><h2 class=\"entry-title\">Surrealism and their heritage<\/h2><\/div><div class=\"dp-dfg-custom-content\"><p class=\"dp-dfg-custom-field dp-dfg-cf-autors2\"><span class=\"dp-dfg-custom-field-value\">Salvador Dal\u00ed Dom\u00e8nech<\/span><\/p><\/div><\/article><!-- DPDFG End Post Item Container --><article id=\"post-10838\" class=\"dp-dfg-item post-10838 obres_autors type-obres_autors status-publish has-post-thumbnail hentry tipus_tecniques-dibuix tecnica_especifica-llapis-carbo-sobre-paper autors-josep-lluis-pellicer-fenye disciplina-dibuix \"     data-position=\"1219\"   data-new-tab=\"off\"   data-action-priority=\"item\"><figure class=\"dp-dfg-image entry-thumb\"><a href=\"https:\/\/www.museuemporda.org\/?obres_autors=quarantena-en-el-llatzeret-del-perthus-4\" class=\"dp-dfg-image-link\" ><img loading=\"lazy\" decoding=\"async\" class=\"dp-dfg-featured-image\" src=\"https:\/\/www.museuemporda.org\/wp-content\/uploads\/2022\/02\/mE-1544-250x250.jpg\" alt=\"Quarantena en el llatzeret del Perthus\" width=\"250\" height=\"250\" data-ratio=\"1\"\/><\/a><\/figure><div class=\"dp-dfg-header entry-header\"><h2 class=\"entry-title\">Quarantena en el llatzeret del Perthus<\/h2><\/div><div class=\"dp-dfg-custom-content\"><p class=\"dp-dfg-custom-field dp-dfg-cf-autors2\"><span class=\"dp-dfg-custom-field-value\">Josep Llu\u00eds Pellicer Feny\u00e9<\/span><\/p><\/div><\/article><!-- DPDFG End Post Item Container --><article id=\"post-9499\" class=\"dp-dfg-item post-9499 obres_autors type-obres_autors status-publish has-post-thumbnail hentry tipus_tecniques-obra-grafica tecnica_especifica-litografia autors-tsuguharu-foujita disciplina-obra-grafic \"     data-position=\"1220\"   data-new-tab=\"off\"   data-action-priority=\"item\"><figure class=\"dp-dfg-image entry-thumb\"><a href=\"https:\/\/www.museuemporda.org\/?obres_autors=parella-2\" class=\"dp-dfg-image-link\" ><img loading=\"lazy\" decoding=\"async\" class=\"dp-dfg-featured-image\" src=\"https:\/\/www.museuemporda.org\/wp-content\/uploads\/2022\/01\/mE-706-250x250.jpg\" alt=\"Parella\" width=\"250\" height=\"250\" data-ratio=\"1\"\/><\/a><\/figure><div class=\"dp-dfg-header entry-header\"><h2 class=\"entry-title\">Parella<\/h2><\/div><div class=\"dp-dfg-custom-content\"><p class=\"dp-dfg-custom-field dp-dfg-cf-autors2\"><span class=\"dp-dfg-custom-field-value\">Tsuguharu Foujita<\/span><\/p><\/div><\/article><!-- DPDFG End Post Item Container --><article id=\"post-9037\" class=\"dp-dfg-item post-9037 obres_autors type-obres_autors status-publish has-post-thumbnail hentry tipus_tecniques-bronze autors-josep-dunach-sala disciplina-escultura \"     data-position=\"1221\"   data-new-tab=\"off\"   data-action-priority=\"item\"><figure class=\"dp-dfg-image entry-thumb\"><a href=\"https:\/\/www.museuemporda.org\/?obres_autors=retrat-de-pompeu-fabra\" class=\"dp-dfg-image-link\" ><img loading=\"lazy\" decoding=\"async\" class=\"dp-dfg-featured-image\" src=\"https:\/\/www.museuemporda.org\/wp-content\/uploads\/2021\/11\/mE-822-250x250.jpg\" alt=\"Retrat de Pompeu Fabra\" width=\"250\" height=\"250\" data-ratio=\"1\"\/><\/a><\/figure><div class=\"dp-dfg-header entry-header\"><h2 class=\"entry-title\">Retrat de Pompeu Fabra<\/h2><\/div><div class=\"dp-dfg-custom-content\"><p class=\"dp-dfg-custom-field dp-dfg-cf-autors2\"><span class=\"dp-dfg-custom-field-value\">Josep Du\u00f1ach Sala<\/span><\/p><\/div><\/article><!-- DPDFG End Post Item Container --><article id=\"post-14628\" class=\"dp-dfg-item post-14628 obres_autors type-obres_autors status-publish has-post-thumbnail hentry tipus_tecniques-obra-grafica tecnica_especifica-impressio-digital autors-joan-antoni-poch disciplina-obra-grafic \"     data-position=\"1222\"   data-new-tab=\"off\"   data-action-priority=\"item\"><figure class=\"dp-dfg-image entry-thumb\"><a href=\"https:\/\/www.museuemporda.org\/?obres_autors=sense-titol-547\" class=\"dp-dfg-image-link\" ><img loading=\"lazy\" decoding=\"async\" class=\"dp-dfg-featured-image\" src=\"https:\/\/www.museuemporda.org\/wp-content\/uploads\/2023\/07\/ME2792-JAP-250x250.jpg\" alt=\"Sense t\u00edtol\" width=\"250\" height=\"250\" data-ratio=\"1\"\/><\/a><\/figure><div class=\"dp-dfg-header entry-header\"><h2 class=\"entry-title\">Sense t\u00edtol<\/h2><\/div><div class=\"dp-dfg-custom-content\"><p class=\"dp-dfg-custom-field dp-dfg-cf-autors2\"><span class=\"dp-dfg-custom-field-value\">Joan Antoni Poch<\/span><\/p><\/div><\/article><!-- DPDFG End Post Item Container --><article id=\"post-6083\" class=\"dp-dfg-item post-6083 obres_autors type-obres_autors status-publish has-post-thumbnail hentry tecnica_especifica-tecnica-mixta-sobre-paper autors-lluis-penaranda disciplina-pintura \"     data-position=\"1223\"   data-new-tab=\"off\"   data-action-priority=\"item\"><figure class=\"dp-dfg-image entry-thumb\"><a href=\"https:\/\/www.museuemporda.org\/?obres_autors=desdoblament\" class=\"dp-dfg-image-link\" ><img loading=\"lazy\" decoding=\"async\" class=\"dp-dfg-featured-image\" src=\"https:\/\/www.museuemporda.org\/wp-content\/uploads\/2020\/10\/mE-2391-250x250.jpg\" alt=\"Desdoblament\" width=\"250\" height=\"250\" data-ratio=\"1\"\/><\/a><\/figure><div class=\"dp-dfg-header entry-header\"><h2 class=\"entry-title\">Desdoblament<\/h2><\/div><div class=\"dp-dfg-custom-content\"><p class=\"dp-dfg-custom-field dp-dfg-cf-autors2\"><span class=\"dp-dfg-custom-field-value\">Llu\u00eds Pe\u00f1aranda<\/span><\/p><\/div><\/article><!-- DPDFG End Post Item Container --><article id=\"post-9205\" class=\"dp-dfg-item post-9205 obres_autors type-obres_autors status-publish has-post-thumbnail hentry tipus_tecniques-os autors-autoria-desconeguda disciplina-arqueologia \"     data-position=\"1224\"   data-new-tab=\"off\"   data-action-priority=\"item\"><figure class=\"dp-dfg-image entry-thumb\"><a href=\"https:\/\/www.museuemporda.org\/?obres_autors=espatula\" class=\"dp-dfg-image-link\" ><img loading=\"lazy\" decoding=\"async\" class=\"dp-dfg-featured-image\" src=\"https:\/\/www.museuemporda.org\/wp-content\/uploads\/2021\/11\/mE-191-250x250.jpg\" alt=\"Esp\u00e0tula\" width=\"250\" height=\"250\" data-ratio=\"1\"\/><\/a><\/figure><div class=\"dp-dfg-header entry-header\"><h2 class=\"entry-title\">Esp\u00e0tula<\/h2><\/div><div class=\"dp-dfg-custom-content\"><p class=\"dp-dfg-custom-field dp-dfg-cf-autors2\"><span class=\"dp-dfg-custom-field-value\">Autoria desconeguda<\/span><\/p><\/div><\/article><!-- DPDFG End Post Item Container --><article id=\"post-11995\" class=\"dp-dfg-item post-11995 obres_autors type-obres_autors status-publish has-post-thumbnail hentry tipus_tecniques-pintura tecnica_especifica-aquarella-sobre-paper autors-francesc-torne-gavalda disciplina-pintura \"     data-position=\"1225\"   data-new-tab=\"off\"   data-action-priority=\"item\"><figure class=\"dp-dfg-image entry-thumb\"><a href=\"https:\/\/www.museuemporda.org\/?obres_autors=paisatge-75\" class=\"dp-dfg-image-link\" ><img loading=\"lazy\" decoding=\"async\" class=\"dp-dfg-featured-image\" src=\"https:\/\/www.museuemporda.org\/wp-content\/uploads\/2022\/02\/mE-1088-250x250.jpg\" alt=\"Paisatge\" width=\"250\" height=\"250\" data-ratio=\"1\"\/><\/a><\/figure><div class=\"dp-dfg-header entry-header\"><h2 class=\"entry-title\">Paisatge<\/h2><\/div><div class=\"dp-dfg-custom-content\"><p class=\"dp-dfg-custom-field dp-dfg-cf-autors2\"><span class=\"dp-dfg-custom-field-value\">Francesc Torn\u00e9 Gavald\u00e0<\/span><\/p><\/div><\/article><!-- DPDFG End Post Item Container --><article id=\"post-11981\" class=\"dp-dfg-item post-11981 obres_autors type-obres_autors status-publish has-post-thumbnail hentry tipus_tecniques-pintura tecnica_especifica-oli-sobre-tela autors-vicenc-sole-jorba disciplina-pintura \"     data-position=\"1226\"   data-new-tab=\"off\"   data-action-priority=\"item\"><figure class=\"dp-dfg-image entry-thumb\"><a href=\"https:\/\/www.museuemporda.org\/?obres_autors=figura-relaxada\" class=\"dp-dfg-image-link\" ><img loading=\"lazy\" decoding=\"async\" class=\"dp-dfg-featured-image\" src=\"https:\/\/www.museuemporda.org\/wp-content\/uploads\/2022\/02\/mE-1435-250x250.jpg\" alt=\"Figura relaxada\" width=\"250\" height=\"250\" data-ratio=\"1\"\/><\/a><\/figure><div class=\"dp-dfg-header entry-header\"><h2 class=\"entry-title\">Figura relaxada<\/h2><\/div><div class=\"dp-dfg-custom-content\"><p class=\"dp-dfg-custom-field dp-dfg-cf-autors2\"><span class=\"dp-dfg-custom-field-value\">Vicen\u00e7 Sol\u00e9 Jorba<\/span><\/p><\/div><\/article><!-- DPDFG End Post Item Container --><article id=\"post-12603\" class=\"dp-dfg-item post-12603 obres_autors type-obres_autors status-publish has-post-thumbnail hentry tipus_tecniques-dibuix tecnica_especifica-dibuix-sobre-paper autors-modest-cuixart-tapies disciplina-dibuix \"     data-position=\"1227\"   data-new-tab=\"off\"   data-action-priority=\"item\"><figure class=\"dp-dfg-image entry-thumb\"><a href=\"https:\/\/www.museuemporda.org\/?obres_autors=canigo\" class=\"dp-dfg-image-link\" ><img loading=\"lazy\" decoding=\"async\" class=\"dp-dfg-featured-image\" src=\"https:\/\/www.museuemporda.org\/wp-content\/uploads\/2022\/04\/mE-2556-250x250.jpg\" alt=\"Canig\u00f3\" width=\"250\" height=\"250\" data-ratio=\"1\"\/><\/a><\/figure><div class=\"dp-dfg-header entry-header\"><h2 class=\"entry-title\">Canig\u00f3<\/h2><\/div><div class=\"dp-dfg-custom-content\"><p class=\"dp-dfg-custom-field dp-dfg-cf-autors2\"><span class=\"dp-dfg-custom-field-value\">Modest Cuixart T\u00e0pies<\/span><\/p><\/div><\/article><!-- DPDFG End Post Item Container --><article id=\"post-13709\" class=\"dp-dfg-item post-13709 obres_autors type-obres_autors status-publish has-post-thumbnail hentry tipus_tecniques-dibuix tecnica_especifica-tinta-sobre-paper autors-carme-sanglas-gispert disciplina-dibuix \"     data-position=\"1228\"   data-new-tab=\"off\"   data-action-priority=\"item\"><figure class=\"dp-dfg-image entry-thumb\"><a href=\"https:\/\/www.museuemporda.org\/?obres_autors=sense-titol-200\" class=\"dp-dfg-image-link\" ><img loading=\"lazy\" decoding=\"async\" class=\"dp-dfg-featured-image\" src=\"https:\/\/www.museuemporda.org\/wp-content\/uploads\/2023\/06\/ME2562-SANGLAS08-250x250.jpg\" alt=\"Sense t\u00edtol\" width=\"250\" height=\"250\" data-ratio=\"1\"\/><\/a><\/figure><div class=\"dp-dfg-header entry-header\"><h2 class=\"entry-title\">Sense t\u00edtol<\/h2><\/div><div class=\"dp-dfg-custom-content\"><p class=\"dp-dfg-custom-field dp-dfg-cf-autors2\"><span class=\"dp-dfg-custom-field-value\">Carme Sanglas Gispert<\/span><\/p><\/div><\/article><!-- DPDFG End Post Item Container --><article id=\"post-13673\" class=\"dp-dfg-item post-13673 obres_autors type-obres_autors status-publish has-post-thumbnail hentry tipus_tecniques-obra-grafica tecnica_especifica-paper-impres autors-desconegut disciplina-obra-grafic \"     data-position=\"1229\"   data-new-tab=\"off\"   data-action-priority=\"item\"><figure class=\"dp-dfg-image entry-thumb\"><a href=\"https:\/\/www.museuemporda.org\/?obres_autors=the-masterpieces-of-teniers\" class=\"dp-dfg-image-link\" ><img loading=\"lazy\" decoding=\"async\" class=\"dp-dfg-featured-image\" src=\"https:\/\/www.museuemporda.org\/wp-content\/uploads\/2023\/06\/mE-2491-250x250.jpg\" alt=\"The Masterpieces of Teniers\" width=\"250\" height=\"250\" data-ratio=\"1\"\/><\/a><\/figure><div class=\"dp-dfg-header entry-header\"><h2 class=\"entry-title\">The Masterpieces of Teniers<\/h2><\/div><div class=\"dp-dfg-custom-content\"><p class=\"dp-dfg-custom-field dp-dfg-cf-autors2\"><span class=\"dp-dfg-custom-field-value\">Desconegut<\/span><\/p><\/div><\/article><!-- DPDFG End Post Item Container --><article id=\"post-14014\" class=\"dp-dfg-item post-14014 obres_autors type-obres_autors status-publish has-post-thumbnail hentry tipus_tecniques-dibuix tecnica_especifica-tinta-sobre-paper autors-pep-claparols-i-moret disciplina-dibuix \"     data-position=\"1230\"   data-new-tab=\"off\"   data-action-priority=\"item\"><figure class=\"dp-dfg-image entry-thumb\"><a href=\"https:\/\/www.museuemporda.org\/?obres_autors=sense-titol-342\" class=\"dp-dfg-image-link\" ><img loading=\"lazy\" decoding=\"async\" class=\"dp-dfg-featured-image\" src=\"https:\/\/www.museuemporda.org\/wp-content\/uploads\/2023\/06\/ME2704-PEP2004-250x250.jpg\" alt=\"Sense t\u00edtol\" width=\"250\" height=\"250\" data-ratio=\"1\"\/><\/a><\/figure><div class=\"dp-dfg-header entry-header\"><h2 class=\"entry-title\">Sense t\u00edtol<\/h2><\/div><div class=\"dp-dfg-custom-content\"><p class=\"dp-dfg-custom-field dp-dfg-cf-autors2\"><span class=\"dp-dfg-custom-field-value\">Pep Claparols i Moret<\/span><\/p><\/div><\/article><!-- DPDFG End Post Item Container --><article id=\"post-13954\" class=\"dp-dfg-item post-13954 obres_autors type-obres_autors status-publish has-post-thumbnail hentry tipus_tecniques-dibuix tecnica_especifica-impressio-digital autors-pep-claparols-i-moret disciplina-dibuix \"     data-position=\"1231\"   data-new-tab=\"off\"   data-action-priority=\"item\"><figure class=\"dp-dfg-image entry-thumb\"><a href=\"https:\/\/www.museuemporda.org\/?obres_autors=sense-titol-315\" class=\"dp-dfg-image-link\" ><img loading=\"lazy\" decoding=\"async\" class=\"dp-dfg-featured-image\" src=\"https:\/\/www.museuemporda.org\/wp-content\/uploads\/2023\/06\/ME2677-PEP99-250x250.jpg\" alt=\"Sense t\u00edtol\" width=\"250\" height=\"250\" data-ratio=\"1\"\/><\/a><\/figure><div class=\"dp-dfg-header entry-header\"><h2 class=\"entry-title\">Sense t\u00edtol<\/h2><\/div><div class=\"dp-dfg-custom-content\"><p class=\"dp-dfg-custom-field dp-dfg-cf-autors2\"><span class=\"dp-dfg-custom-field-value\">Pep Claparols i Moret<\/span><\/p><\/div><\/article><!-- DPDFG End Post Item Container --><article id=\"post-11491\" class=\"dp-dfg-item post-11491 obres_autors type-obres_autors status-publish has-post-thumbnail hentry tipus_tecniques-obra-grafica tecnica_especifica-serigrafia autors-francisco-karmona disciplina-obra-grafic \"     data-position=\"1232\"   data-new-tab=\"off\"   data-action-priority=\"item\"><figure class=\"dp-dfg-image entry-thumb\"><a href=\"https:\/\/www.museuemporda.org\/?obres_autors=representacio-no-figurativa\" class=\"dp-dfg-image-link\" ><img loading=\"lazy\" decoding=\"async\" class=\"dp-dfg-featured-image\" src=\"https:\/\/www.museuemporda.org\/wp-content\/uploads\/2022\/02\/mE-1579-250x250.jpg\" alt=\"Representaci\u00f3 no figurativa\" width=\"250\" height=\"250\" data-ratio=\"1\"\/><\/a><\/figure><div class=\"dp-dfg-header entry-header\"><h2 class=\"entry-title\">Representaci\u00f3 no figurativa<\/h2><\/div><div class=\"dp-dfg-custom-content\"><p class=\"dp-dfg-custom-field dp-dfg-cf-autors2\"><span class=\"dp-dfg-custom-field-value\">Francisco Karmona<\/span><\/p><\/div><\/article><!-- DPDFG End Post Item Container --><article id=\"post-11687\" class=\"dp-dfg-item post-11687 obres_autors type-obres_autors status-publish has-post-thumbnail hentry tipus_tecniques-pintura tecnica_especifica-oli-sobre-tela autors-lluis-mercade-villanueva disciplina-pintura \"     data-position=\"1233\"   data-new-tab=\"off\"   data-action-priority=\"item\"><figure class=\"dp-dfg-image entry-thumb\"><a href=\"https:\/\/www.museuemporda.org\/?obres_autors=paisatge-74\" class=\"dp-dfg-image-link\" ><img loading=\"lazy\" decoding=\"async\" class=\"dp-dfg-featured-image\" src=\"https:\/\/www.museuemporda.org\/wp-content\/uploads\/2022\/02\/mE-1173-250x250.jpg\" alt=\"Paisatge\" width=\"250\" height=\"250\" data-ratio=\"1\"\/><\/a><\/figure><div class=\"dp-dfg-header entry-header\"><h2 class=\"entry-title\">Paisatge<\/h2><\/div><div class=\"dp-dfg-custom-content\"><p class=\"dp-dfg-custom-field dp-dfg-cf-autors2\"><span class=\"dp-dfg-custom-field-value\">Llu\u00eds Mercad\u00e9 Villanueva<\/span><\/p><\/div><\/article><!-- DPDFG End Post Item Container --><article id=\"post-9019\" class=\"dp-dfg-item post-9019 obres_autors type-obres_autors status-publish has-post-thumbnail hentry tecnica_especifica-fusta-policromada autors-autoria-desconeguda disciplina-escultura \"     data-position=\"1234\"   data-new-tab=\"off\"   data-action-priority=\"item\"><figure class=\"dp-dfg-image entry-thumb\"><a href=\"https:\/\/www.museuemporda.org\/?obres_autors=talla\" class=\"dp-dfg-image-link\" ><img loading=\"lazy\" decoding=\"async\" class=\"dp-dfg-featured-image\" src=\"https:\/\/www.museuemporda.org\/wp-content\/uploads\/2021\/11\/mE-414-250x250.jpg\" alt=\"Talla\" width=\"250\" height=\"250\" data-ratio=\"1\"\/><\/a><\/figure><div class=\"dp-dfg-header entry-header\"><h2 class=\"entry-title\">Talla<\/h2><\/div><div class=\"dp-dfg-custom-content\"><p class=\"dp-dfg-custom-field dp-dfg-cf-autors2\"><span class=\"dp-dfg-custom-field-value\">Autoria desconeguda<\/span><\/p><\/div><\/article><!-- DPDFG End Post Item Container --><article id=\"post-8147\" class=\"dp-dfg-item post-8147 obres_autors type-obres_autors status-publish has-post-thumbnail hentry autors-autoria-desconeguda disciplina-arqueologia \"     data-position=\"1235\"   data-new-tab=\"off\"   data-action-priority=\"item\"><figure class=\"dp-dfg-image entry-thumb\"><a href=\"https:\/\/www.museuemporda.org\/?obres_autors=gerro\" class=\"dp-dfg-image-link\" ><img loading=\"lazy\" decoding=\"async\" class=\"dp-dfg-featured-image\" src=\"https:\/\/www.museuemporda.org\/wp-content\/uploads\/2021\/08\/mE-48-250x250.jpg\" alt=\"Gerr\u00f3\" width=\"250\" height=\"250\" data-ratio=\"1\"\/><\/a><\/figure><div class=\"dp-dfg-header entry-header\"><h2 class=\"entry-title\">Gerr\u00f3<\/h2><\/div><div class=\"dp-dfg-custom-content\"><p class=\"dp-dfg-custom-field dp-dfg-cf-autors2\"><span class=\"dp-dfg-custom-field-value\">Autoria desconeguda<\/span><\/p><\/div><\/article><!-- DPDFG End Post Item Container --><article id=\"post-10450\" class=\"dp-dfg-item post-10450 obres_autors type-obres_autors status-publish has-post-thumbnail hentry tipus_tecniques-pintura tecnica_especifica-gouache-guaix-sobre-paper autors-alicia-vinas-palomer disciplina-pintura \"     data-position=\"1236\"   data-new-tab=\"off\"   data-action-priority=\"item\"><figure class=\"dp-dfg-image entry-thumb\"><a href=\"https:\/\/www.museuemporda.org\/?obres_autors=de-les-flors-de-maig-als-estels-de-joan-miro\" class=\"dp-dfg-image-link\" ><img loading=\"lazy\" decoding=\"async\" class=\"dp-dfg-featured-image\" src=\"https:\/\/www.museuemporda.org\/wp-content\/uploads\/2022\/01\/mE-2318-250x250.jpg\" alt=\"De les flors de maig als estels de Joan Mir\u00f3\" width=\"250\" height=\"250\" data-ratio=\"1\"\/><\/a><\/figure><div class=\"dp-dfg-header entry-header\"><h2 class=\"entry-title\">De les flors de maig als estels de Joan Mir\u00f3<\/h2><\/div><div class=\"dp-dfg-custom-content\"><p class=\"dp-dfg-custom-field dp-dfg-cf-autors2\"><span class=\"dp-dfg-custom-field-value\">Al\u00edcia Vi\u00f1as Palomer<\/span><\/p><\/div><\/article><!-- DPDFG End Post Item Container --><article id=\"post-8902\" class=\"dp-dfg-item post-8902 obres_autors type-obres_autors status-publish has-post-thumbnail hentry tecnica_especifica-dibuix-sobre-paper autors-ricard-canals-llambi disciplina-dibuix \"     data-position=\"1237\"   data-new-tab=\"off\"   data-action-priority=\"item\"><figure class=\"dp-dfg-image entry-thumb\"><a href=\"https:\/\/www.museuemporda.org\/?obres_autors=figures\" class=\"dp-dfg-image-link\" ><img loading=\"lazy\" decoding=\"async\" class=\"dp-dfg-featured-image\" src=\"https:\/\/www.museuemporda.org\/wp-content\/uploads\/2021\/11\/mE-674-250x250.jpg\" alt=\"Figures\" width=\"250\" height=\"250\" data-ratio=\"1\"\/><\/a><\/figure><div class=\"dp-dfg-header entry-header\"><h2 class=\"entry-title\">Figures<\/h2><\/div><div class=\"dp-dfg-custom-content\"><p class=\"dp-dfg-custom-field dp-dfg-cf-autors2\"><span class=\"dp-dfg-custom-field-value\">Ricard Canals Llamb\u00ed<\/span><\/p><\/div><\/article><!-- DPDFG End Post Item Container --><article id=\"post-10515\" class=\"dp-dfg-item post-10515 obres_autors type-obres_autors status-publish has-post-thumbnail hentry tipus_tecniques-dibuix tecnica_especifica-dibuix-sobre-paper autors-angel-planells-cruanas disciplina-dibuix \"     data-position=\"1238\"   data-new-tab=\"off\"   data-action-priority=\"item\"><figure class=\"dp-dfg-image entry-thumb\"><a href=\"https:\/\/www.museuemporda.org\/?obres_autors=sense-titol-82\" class=\"dp-dfg-image-link\" ><img loading=\"lazy\" decoding=\"async\" class=\"dp-dfg-featured-image\" src=\"https:\/\/www.museuemporda.org\/wp-content\/uploads\/2022\/01\/mE-2294-250x250.jpg\" alt=\"Sense t\u00edtol\" width=\"250\" height=\"250\" data-ratio=\"1\"\/><\/a><\/figure><div class=\"dp-dfg-header entry-header\"><h2 class=\"entry-title\">Sense t\u00edtol<\/h2><\/div><div class=\"dp-dfg-custom-content\"><p class=\"dp-dfg-custom-field dp-dfg-cf-autors2\"><span class=\"dp-dfg-custom-field-value\">\u00c0ngel Planells Crua\u00f1as<\/span><\/p><\/div><\/article><!-- DPDFG End Post Item Container --><article id=\"post-5688\" class=\"dp-dfg-item post-5688 obres_autors type-obres_autors status-publish has-post-thumbnail hentry tecnica_especifica-ceramica-i-pedra-polida autors-autoria-desconeguda disciplina-arqueologia \"     data-position=\"1239\"   data-new-tab=\"off\"   data-action-priority=\"item\"><figure class=\"dp-dfg-image entry-thumb\"><a href=\"https:\/\/www.museuemporda.org\/?obres_autors=dena-de-collaret\" class=\"dp-dfg-image-link\" ><img loading=\"lazy\" decoding=\"async\" class=\"dp-dfg-featured-image\" src=\"https:\/\/www.museuemporda.org\/wp-content\/uploads\/2020\/10\/mE-170-186-250x250.jpg\" alt=\"Denes de collar\" width=\"250\" height=\"250\" data-ratio=\"1\"\/><\/a><\/figure><div class=\"dp-dfg-header entry-header\"><h2 class=\"entry-title\">Denes de collar<\/h2><\/div><div class=\"dp-dfg-custom-content\"><p class=\"dp-dfg-custom-field dp-dfg-cf-autors2\"><span class=\"dp-dfg-custom-field-value\">Autoria desconeguda<\/span><\/p><\/div><\/article><!-- DPDFG End Post Item Container --><article id=\"post-11945\" class=\"dp-dfg-item post-11945 obres_autors type-obres_autors status-publish has-post-thumbnail hentry tipus_tecniques-pintura tecnica_especifica-tecnica-mixta-sobre-tela autors-antonio-sanchez-santiago disciplina-pintura \"     data-position=\"1240\"   data-new-tab=\"off\"   data-action-priority=\"item\"><figure class=\"dp-dfg-image entry-thumb\"><a href=\"https:\/\/www.museuemporda.org\/?obres_autors=llibre-obert\" class=\"dp-dfg-image-link\" ><img loading=\"lazy\" decoding=\"async\" class=\"dp-dfg-featured-image\" src=\"https:\/\/www.museuemporda.org\/wp-content\/uploads\/2022\/02\/mE-2166-250x250.jpg\" alt=\"Llibre obert\" width=\"250\" height=\"250\" data-ratio=\"1\"\/><\/a><\/figure><div class=\"dp-dfg-header entry-header\"><h2 class=\"entry-title\">Llibre obert<\/h2><\/div><div class=\"dp-dfg-custom-content\"><p class=\"dp-dfg-custom-field dp-dfg-cf-autors2\"><span class=\"dp-dfg-custom-field-value\">Antonio S\u00e1nchez Santiago<\/span><\/p><\/div><\/article><!-- DPDFG End Post Item Container --><article id=\"post-11495\" class=\"dp-dfg-item post-11495 obres_autors type-obres_autors status-publish has-post-thumbnail hentry tipus_tecniques-obra-grafica tecnica_especifica-serigrafia autors-kubra-khademi disciplina-obra-grafic \"     data-position=\"1241\"   data-new-tab=\"off\"   data-action-priority=\"item\"><figure class=\"dp-dfg-image entry-thumb\"><a href=\"https:\/\/www.museuemporda.org\/?obres_autors=the-enlightenment\" class=\"dp-dfg-image-link\" ><img loading=\"lazy\" decoding=\"async\" class=\"dp-dfg-featured-image\" src=\"https:\/\/www.museuemporda.org\/wp-content\/uploads\/2022\/02\/mE-2369-250x250.jpg\" alt=\"The Enlightenment\" width=\"250\" height=\"250\" data-ratio=\"1\"\/><\/a><\/figure><div class=\"dp-dfg-header entry-header\"><h2 class=\"entry-title\">The Enlightenment<\/h2><\/div><div class=\"dp-dfg-custom-content\"><p class=\"dp-dfg-custom-field dp-dfg-cf-autors2\"><span class=\"dp-dfg-custom-field-value\">Kubra Khademi<\/span><\/p><\/div><\/article><!-- DPDFG End Post Item Container --><article id=\"post-14221\" class=\"dp-dfg-item post-14221 obres_autors type-obres_autors status-publish has-post-thumbnail hentry tipus_tecniques-dibuix tecnica_especifica-impressio-digital autors-joan-antoni-poch disciplina-dibuix \"     data-position=\"1242\"   data-new-tab=\"off\"   data-action-priority=\"item\"><figure class=\"dp-dfg-image entry-thumb\"><a href=\"https:\/\/www.museuemporda.org\/?obres_autors=sense-titol-436\" class=\"dp-dfg-image-link\" ><img loading=\"lazy\" decoding=\"async\" class=\"dp-dfg-featured-image\" src=\"https:\/\/www.museuemporda.org\/wp-content\/uploads\/2023\/07\/ME2821-JAP-250x250.jpg\" alt=\"Sense t\u00edtol\" width=\"250\" height=\"250\" data-ratio=\"1\"\/><\/a><\/figure><div class=\"dp-dfg-header entry-header\"><h2 class=\"entry-title\">Sense t\u00edtol<\/h2><\/div><div class=\"dp-dfg-custom-content\"><p class=\"dp-dfg-custom-field dp-dfg-cf-autors2\"><span class=\"dp-dfg-custom-field-value\">Joan Antoni Poch<\/span><\/p><\/div><\/article><!-- DPDFG End Post Item Container --><article id=\"post-9754\" class=\"dp-dfg-item post-9754 obres_autors type-obres_autors status-publish has-post-thumbnail hentry tipus_tecniques-fotografia tecnica_especifica-fotografia autors-joaquim-fort-de-ribot disciplina-fotografia \"     data-position=\"1243\"   data-new-tab=\"off\"   data-action-priority=\"item\"><figure class=\"dp-dfg-image entry-thumb\"><a href=\"https:\/\/www.museuemporda.org\/?obres_autors=composicio-amb-nens\" class=\"dp-dfg-image-link\" ><img loading=\"lazy\" decoding=\"async\" class=\"dp-dfg-featured-image\" src=\"https:\/\/www.museuemporda.org\/wp-content\/uploads\/2022\/01\/mE-2469-250x250.jpg\" alt=\"Composici\u00f3 amb nens\" width=\"250\" height=\"250\" data-ratio=\"1\"\/><\/a><\/figure><div class=\"dp-dfg-header entry-header\"><h2 class=\"entry-title\">Composici\u00f3 amb nens<\/h2><\/div><div class=\"dp-dfg-custom-content\"><p class=\"dp-dfg-custom-field dp-dfg-cf-autors2\"><span class=\"dp-dfg-custom-field-value\">Joaquim Fort de Ribot<\/span><\/p><\/div><\/article><!-- DPDFG End Post Item Container --><article id=\"post-11692\" class=\"dp-dfg-item post-11692 obres_autors type-obres_autors status-publish has-post-thumbnail hentry tipus_tecniques-pintura tecnica_especifica-aquarella autors-francesc-mestre-ferran disciplina-pintura \"     data-position=\"1244\"   data-new-tab=\"off\"   data-action-priority=\"item\"><figure class=\"dp-dfg-image entry-thumb\"><a href=\"https:\/\/www.museuemporda.org\/?obres_autors=paisatge-del-puig-major-mallorca\" class=\"dp-dfg-image-link\" ><img loading=\"lazy\" decoding=\"async\" class=\"dp-dfg-featured-image\" src=\"https:\/\/www.museuemporda.org\/wp-content\/uploads\/2022\/02\/mE-1217-250x250.jpg\" alt=\"Paisatge del Puig Major (Mallorca)\" width=\"250\" height=\"250\" data-ratio=\"1\"\/><\/a><\/figure><div class=\"dp-dfg-header entry-header\"><h2 class=\"entry-title\">Paisatge del Puig Major (Mallorca)<\/h2><\/div><div class=\"dp-dfg-custom-content\"><p class=\"dp-dfg-custom-field dp-dfg-cf-autors2\"><span class=\"dp-dfg-custom-field-value\">Francesc Mestre Ferran<\/span><\/p><\/div><\/article><!-- DPDFG End Post Item Container --><article id=\"post-13924\" class=\"dp-dfg-item post-13924 obres_autors type-obres_autors status-publish has-post-thumbnail hentry tipus_tecniques-dibuix tecnica_especifica-impressio-digital autors-pep-claparols-i-moret disciplina-dibuix \"     data-position=\"1245\"   data-new-tab=\"off\"   data-action-priority=\"item\"><figure class=\"dp-dfg-image entry-thumb\"><a href=\"https:\/\/www.museuemporda.org\/?obres_autors=sense-titol-301\" class=\"dp-dfg-image-link\" ><img loading=\"lazy\" decoding=\"async\" class=\"dp-dfg-featured-image\" src=\"https:\/\/www.museuemporda.org\/wp-content\/uploads\/2023\/06\/ME2663-PEP99-250x250.jpg\" alt=\"Sense t\u00edtol\" width=\"250\" height=\"250\" data-ratio=\"1\"\/><\/a><\/figure><div class=\"dp-dfg-header entry-header\"><h2 class=\"entry-title\">Sense t\u00edtol<\/h2><\/div><div class=\"dp-dfg-custom-content\"><p class=\"dp-dfg-custom-field dp-dfg-cf-autors2\"><span class=\"dp-dfg-custom-field-value\">Pep Claparols i Moret<\/span><\/p><\/div><\/article><!-- DPDFG End Post Item Container --><article id=\"post-5932\" class=\"dp-dfg-item post-5932 obres_autors type-obres_autors status-publish has-post-thumbnail hentry autors-manuel-oms-canet disciplina-escultura \"     data-position=\"1246\"   data-new-tab=\"off\"   data-action-priority=\"item\"><figure class=\"dp-dfg-image entry-thumb\"><a href=\"https:\/\/www.museuemporda.org\/?obres_autors=les-primeres-passes\" class=\"dp-dfg-image-link\" ><img loading=\"lazy\" decoding=\"async\" class=\"dp-dfg-featured-image\" src=\"https:\/\/www.museuemporda.org\/wp-content\/uploads\/2020\/07\/mE-1929_1-250x250.jpg\" alt=\"Les primeres passes\" width=\"250\" height=\"250\" data-ratio=\"1\"\/><\/a><\/figure><div class=\"dp-dfg-header entry-header\"><h2 class=\"entry-title\">Les primeres passes<\/h2><\/div><div class=\"dp-dfg-custom-content\"><p class=\"dp-dfg-custom-field dp-dfg-cf-autors2\"><span class=\"dp-dfg-custom-field-value\">Manuel Oms Canet<\/span><\/p><\/div><\/article><!-- DPDFG End Post Item Container --><article id=\"post-9876\" class=\"dp-dfg-item post-9876 obres_autors type-obres_autors status-publish has-post-thumbnail hentry tipus_tecniques-fotografia tecnica_especifica-fotografia autors-autoria-desconeguda disciplina-fotografia \"     data-position=\"1247\"   data-new-tab=\"off\"   data-action-priority=\"item\"><figure class=\"dp-dfg-image entry-thumb\"><a href=\"https:\/\/www.museuemporda.org\/?obres_autors=retaule-de-laltar-major-de-la-catedral-de-girona\" class=\"dp-dfg-image-link\" ><img loading=\"lazy\" decoding=\"async\" class=\"dp-dfg-featured-image\" src=\"https:\/\/www.museuemporda.org\/wp-content\/uploads\/2022\/01\/ME-2102_Jordi-Puig-2022-250x250.jpg\" alt=\"Retaule de l&#8217;altar major de la catedral de Girona\" width=\"250\" height=\"250\" data-ratio=\"1\"\/><\/a><\/figure><div class=\"dp-dfg-header entry-header\"><h2 class=\"entry-title\">Retaule de l&#8217;altar major de la catedral de Girona<\/h2><\/div><div class=\"dp-dfg-custom-content\"><p class=\"dp-dfg-custom-field dp-dfg-cf-autors2\"><span class=\"dp-dfg-custom-field-value\">Autoria desconeguda<\/span><\/p><\/div><\/article><!-- DPDFG End Post Item Container --><article id=\"post-13826\" class=\"dp-dfg-item post-13826 obres_autors type-obres_autors status-publish has-post-thumbnail hentry tipus_tecniques-dibuix tecnica_especifica-tinta-sobre-paper autors-lluis-puigbert disciplina-dibuix \"     data-position=\"1248\"   data-new-tab=\"off\"   data-action-priority=\"item\"><figure class=\"dp-dfg-image entry-thumb\"><a href=\"https:\/\/www.museuemporda.org\/?obres_autors=sense-titol-257\" class=\"dp-dfg-image-link\" ><img loading=\"lazy\" decoding=\"async\" class=\"dp-dfg-featured-image\" src=\"https:\/\/www.museuemporda.org\/wp-content\/uploads\/2023\/06\/ME2619-SID06-250x250.jpg\" alt=\"Sense t\u00edtol\" width=\"250\" height=\"250\" data-ratio=\"1\"\/><\/a><\/figure><div class=\"dp-dfg-header entry-header\"><h2 class=\"entry-title\">Sense t\u00edtol<\/h2><\/div><div class=\"dp-dfg-custom-content\"><p class=\"dp-dfg-custom-field dp-dfg-cf-autors2\"><span class=\"dp-dfg-custom-field-value\">Llu\u00eds Puigbert<\/span><\/p><\/div><\/article><!-- DPDFG End Post Item Container --><article id=\"post-12044\" class=\"dp-dfg-item post-12044 obres_autors type-obres_autors status-publish has-post-thumbnail hentry tipus_tecniques-obra-grafica tecnica_especifica-gravat autors-jose-angel-vega-garcia disciplina-obra-grafic \"     data-position=\"1249\"   data-new-tab=\"off\"   data-action-priority=\"item\"><figure class=\"dp-dfg-image entry-thumb\"><a href=\"https:\/\/www.museuemporda.org\/?obres_autors=trama\" class=\"dp-dfg-image-link\" ><img loading=\"lazy\" decoding=\"async\" class=\"dp-dfg-featured-image\" src=\"https:\/\/www.museuemporda.org\/wp-content\/uploads\/2022\/02\/mE-1500-250x250.jpg\" alt=\"Trama\" width=\"250\" height=\"250\" data-ratio=\"1\"\/><\/a><\/figure><div class=\"dp-dfg-header entry-header\"><h2 class=\"entry-title\">Trama<\/h2><\/div><div class=\"dp-dfg-custom-content\"><p class=\"dp-dfg-custom-field dp-dfg-cf-autors2\"><span class=\"dp-dfg-custom-field-value\">Jos\u00e9 \u00c1ngel Vega Garc\u00eda<\/span><\/p><\/div><\/article><!-- DPDFG End Post Item Container --><article id=\"post-11251\" class=\"dp-dfg-item post-11251 obres_autors type-obres_autors status-publish has-post-thumbnail hentry tipus_tecniques-obra-grafica tecnica_especifica-serigrafia autors-xavier-corbero-olivella disciplina-obra-grafic \"     data-position=\"1250\"   data-new-tab=\"off\"   data-action-priority=\"item\"><figure class=\"dp-dfg-image entry-thumb\"><a href=\"https:\/\/www.museuemporda.org\/?obres_autors=horizonte-de-horizonte-de-la-carpeta-cadaques-portfolio-one\" class=\"dp-dfg-image-link\" ><img loading=\"lazy\" decoding=\"async\" class=\"dp-dfg-featured-image\" src=\"https:\/\/www.museuemporda.org\/wp-content\/uploads\/2022\/02\/mE-1506-250x250.jpg\" alt=\"&#8216;Horizonte de horizonte&#8217;, de la carpeta &#8216;Cadaqu\u00e9s Portfolio One&#8217;\" width=\"250\" height=\"250\" data-ratio=\"1\"\/><\/a><\/figure><div class=\"dp-dfg-header entry-header\"><h2 class=\"entry-title\">&#8216;Horizonte de horizonte&#8217;, de la carpeta &#8216;Cadaqu\u00e9s Portfolio One&#8217;<\/h2><\/div><div class=\"dp-dfg-custom-content\"><p class=\"dp-dfg-custom-field dp-dfg-cf-autors2\"><span class=\"dp-dfg-custom-field-value\">Xavier Corber\u00f3 Olivella<\/span><\/p><\/div><\/article><!-- DPDFG End Post Item Container --><article id=\"post-9174\" class=\"dp-dfg-item post-9174 obres_autors type-obres_autors status-publish has-post-thumbnail hentry tecnica_especifica-pasta-de-vidre autors-autoria-desconeguda disciplina-arqueologia \"     data-position=\"1251\"   data-new-tab=\"off\"   data-action-priority=\"item\"><figure class=\"dp-dfg-image entry-thumb\"><a href=\"https:\/\/www.museuemporda.org\/?obres_autors=denes-de-collar-3\" class=\"dp-dfg-image-link\" ><img loading=\"lazy\" decoding=\"async\" class=\"dp-dfg-featured-image\" src=\"https:\/\/www.museuemporda.org\/wp-content\/uploads\/2021\/11\/mE-98-250x250.jpg\" alt=\"Denes de collar\" width=\"250\" height=\"250\" data-ratio=\"1\"\/><\/a><\/figure><div class=\"dp-dfg-header entry-header\"><h2 class=\"entry-title\">Denes de collar<\/h2><\/div><div class=\"dp-dfg-custom-content\"><p class=\"dp-dfg-custom-field dp-dfg-cf-autors2\"><span class=\"dp-dfg-custom-field-value\">Autoria desconeguda<\/span><\/p><\/div><\/article><!-- DPDFG End Post Item Container --><article id=\"post-8180\" class=\"dp-dfg-item post-8180 obres_autors type-obres_autors status-publish has-post-thumbnail hentry autors-josep-berga-boix disciplina-pintura \"     data-position=\"1252\"   data-new-tab=\"off\"   data-action-priority=\"item\"><figure class=\"dp-dfg-image entry-thumb\"><a href=\"https:\/\/www.museuemporda.org\/?obres_autors=paisatge-15\" class=\"dp-dfg-image-link\" ><img loading=\"lazy\" decoding=\"async\" class=\"dp-dfg-featured-image\" src=\"https:\/\/www.museuemporda.org\/wp-content\/uploads\/2021\/08\/mE-1153-torner-250x250.jpg\" alt=\"Paisatge\" width=\"250\" height=\"250\" data-ratio=\"1\"\/><\/a><\/figure><div class=\"dp-dfg-header entry-header\"><h2 class=\"entry-title\">Paisatge<\/h2><\/div><div class=\"dp-dfg-custom-content\"><p class=\"dp-dfg-custom-field dp-dfg-cf-autors2\"><span class=\"dp-dfg-custom-field-value\">Josep Berga Boix<\/span><\/p><\/div><\/article><!-- DPDFG End Post Item Container --><article id=\"post-9667\" class=\"dp-dfg-item post-9667 obres_autors type-obres_autors status-publish has-post-thumbnail hentry tipus_tecniques-fotografia tecnica_especifica-fotografia autors-josep-maria-canellas disciplina-fotografia \"     data-position=\"1253\"   data-new-tab=\"off\"   data-action-priority=\"item\"><figure class=\"dp-dfg-image entry-thumb\"><a href=\"https:\/\/www.museuemporda.org\/?obres_autors=dona-i-noia-junt-a-un-carro\" class=\"dp-dfg-image-link\" ><img loading=\"lazy\" decoding=\"async\" class=\"dp-dfg-featured-image\" src=\"https:\/\/www.museuemporda.org\/wp-content\/uploads\/2022\/01\/mE-1887-250x250.jpg\" alt=\"Dona i noia junt a un carro\" width=\"250\" height=\"250\" data-ratio=\"1\"\/><\/a><\/figure><div class=\"dp-dfg-header entry-header\"><h2 class=\"entry-title\">Dona i noia junt a un carro<\/h2><\/div><div class=\"dp-dfg-custom-content\"><p class=\"dp-dfg-custom-field dp-dfg-cf-autors2\"><span class=\"dp-dfg-custom-field-value\">Josep Maria Ca\u00f1ellas<\/span><\/p><\/div><\/article><!-- DPDFG End Post Item Container --><article id=\"post-9511\" class=\"dp-dfg-item post-9511 obres_autors type-obres_autors status-publish has-post-thumbnail hentry tipus_tecniques-pintura tecnica_especifica-oli-sobre-tela autors-ramon-marti-alsina disciplina-dibuix \"     data-position=\"1254\"   data-new-tab=\"off\"   data-action-priority=\"item\"><figure class=\"dp-dfg-image entry-thumb\"><a href=\"https:\/\/www.museuemporda.org\/?obres_autors=retrat-de-narcis-monturiol-2\" class=\"dp-dfg-image-link\" ><img loading=\"lazy\" decoding=\"async\" class=\"dp-dfg-featured-image\" src=\"https:\/\/www.museuemporda.org\/wp-content\/uploads\/2022\/01\/mE-2177-250x250.jpg\" alt=\"Retrat de Narc\u00eds Monturiol\" width=\"250\" height=\"250\" data-ratio=\"1\"\/><\/a><\/figure><div class=\"dp-dfg-header entry-header\"><h2 class=\"entry-title\">Retrat de Narc\u00eds Monturiol<\/h2><\/div><div class=\"dp-dfg-custom-content\"><p class=\"dp-dfg-custom-field dp-dfg-cf-autors2\"><span class=\"dp-dfg-custom-field-value\">Ramon Mart\u00ed Alsina<\/span><\/p><\/div><\/article><!-- DPDFG End Post Item Container --><article id=\"post-10818\" class=\"dp-dfg-item post-10818 obres_autors type-obres_autors status-publish has-post-thumbnail hentry tipus_tecniques-dibuix tecnica_especifica-llapis-carbo-sobre-paper autors-josep-lluis-pellicer-fenye disciplina-dibuix \"     data-position=\"1255\"   data-new-tab=\"off\"   data-action-priority=\"item\"><figure class=\"dp-dfg-image entry-thumb\"><a href=\"https:\/\/www.museuemporda.org\/?obres_autors=poble-de-balaguer\" class=\"dp-dfg-image-link\" ><img loading=\"lazy\" decoding=\"async\" class=\"dp-dfg-featured-image\" src=\"https:\/\/www.museuemporda.org\/wp-content\/uploads\/2022\/02\/mE-1521-250x250.jpg\" alt=\"Poble de Balaguer\" width=\"250\" height=\"250\" data-ratio=\"1\"\/><\/a><\/figure><div class=\"dp-dfg-header entry-header\"><h2 class=\"entry-title\">Poble de Balaguer<\/h2><\/div><div class=\"dp-dfg-custom-content\"><p class=\"dp-dfg-custom-field dp-dfg-cf-autors2\"><span class=\"dp-dfg-custom-field-value\">Josep Llu\u00eds Pellicer Feny\u00e9<\/span><\/p><\/div><\/article><!-- DPDFG End Post Item Container --><article id=\"post-8375\" class=\"dp-dfg-item post-8375 obres_autors type-obres_autors status-publish has-post-thumbnail hentry tecnica_especifica-tecnica-mixta autors-evarist-valles-rovira disciplina-escultura \"     data-position=\"1256\"   data-new-tab=\"off\"   data-action-priority=\"item\"><figure class=\"dp-dfg-image entry-thumb\"><a href=\"https:\/\/www.museuemporda.org\/?obres_autors=nadal-71374\" class=\"dp-dfg-image-link\" ><img loading=\"lazy\" decoding=\"async\" class=\"dp-dfg-featured-image\" src=\"https:\/\/www.museuemporda.org\/wp-content\/uploads\/2021\/08\/ME-1609-1-250x250.jpg\" alt=\"Nadal 71374\" width=\"250\" height=\"250\" data-ratio=\"1\"\/><\/a><\/figure><div class=\"dp-dfg-header entry-header\"><h2 class=\"entry-title\">Nadal 71374<\/h2><\/div><div class=\"dp-dfg-custom-content\"><p class=\"dp-dfg-custom-field dp-dfg-cf-autors2\"><span class=\"dp-dfg-custom-field-value\">Evarist Vall\u00e8s Rovira<\/span><\/p><\/div><\/article><!-- DPDFG End Post Item Container --><article id=\"post-5926\" class=\"dp-dfg-item post-5926 obres_autors type-obres_autors status-publish has-post-thumbnail hentry tecnica_especifica-guix-amb-patina-de-goma-laca autors-josep-dunach-sala disciplina-escultura \"     data-position=\"1257\"   data-new-tab=\"off\"   data-action-priority=\"item\"><figure class=\"dp-dfg-image entry-thumb\"><a href=\"https:\/\/www.museuemporda.org\/?obres_autors=noia-de-la-sandalia\" class=\"dp-dfg-image-link\" ><img loading=\"lazy\" decoding=\"async\" class=\"dp-dfg-featured-image\" src=\"https:\/\/www.museuemporda.org\/wp-content\/uploads\/2020\/07\/mE-1454_4-250x250.jpg\" alt=\"Noia de la sand\u00e0lia\" width=\"250\" height=\"250\" data-ratio=\"1\"\/><\/a><\/figure><div class=\"dp-dfg-header entry-header\"><h2 class=\"entry-title\">Noia de la sand\u00e0lia<\/h2><\/div><div class=\"dp-dfg-custom-content\"><p class=\"dp-dfg-custom-field dp-dfg-cf-autors2\"><span class=\"dp-dfg-custom-field-value\">Josep Du\u00f1ach Sala<\/span><\/p><\/div><\/article><!-- DPDFG End Post Item Container --><article id=\"post-8885\" class=\"dp-dfg-item post-8885 obres_autors type-obres_autors status-publish has-post-thumbnail hentry tecnica_especifica-oli-sobre-tela autors-felix-mestres-borrell disciplina-pintura \"     data-position=\"1258\"   data-new-tab=\"off\"   data-action-priority=\"item\"><figure class=\"dp-dfg-image entry-thumb\"><a href=\"https:\/\/www.museuemporda.org\/?obres_autors=retrat-de-la-senyora-mestres\" class=\"dp-dfg-image-link\" ><img loading=\"lazy\" decoding=\"async\" class=\"dp-dfg-featured-image\" src=\"https:\/\/www.museuemporda.org\/wp-content\/uploads\/2021\/11\/mE-664-250x250.jpg\" alt=\"Retrat de la senyora Mestres\" width=\"250\" height=\"250\" data-ratio=\"1\"\/><\/a><\/figure><div class=\"dp-dfg-header entry-header\"><h2 class=\"entry-title\">Retrat de la senyora Mestres<\/h2><\/div><div class=\"dp-dfg-custom-content\"><p class=\"dp-dfg-custom-field dp-dfg-cf-autors2\"><span class=\"dp-dfg-custom-field-value\">F\u00e8lix Mestres Borrell<\/span><\/p><\/div><\/article><!-- DPDFG End Post Item Container --><article id=\"post-5882\" class=\"dp-dfg-item post-5882 obres_autors type-obres_autors status-publish has-post-thumbnail hentry autors-antoni-tapies-puig disciplina-dibuix \"     data-position=\"1259\"   data-new-tab=\"off\"   data-action-priority=\"item\"><figure class=\"dp-dfg-image entry-thumb\"><a href=\"https:\/\/www.museuemporda.org\/?obres_autors=dibuix\" class=\"dp-dfg-image-link\" ><img loading=\"lazy\" decoding=\"async\" class=\"dp-dfg-featured-image\" src=\"https:\/\/www.museuemporda.org\/wp-content\/uploads\/2020\/10\/mE-721-250x250.jpg\" alt=\"Dibuix\" width=\"250\" height=\"250\" data-ratio=\"1\"\/><\/a><\/figure><div class=\"dp-dfg-header entry-header\"><h2 class=\"entry-title\">Dibuix<\/h2><\/div><div class=\"dp-dfg-custom-content\"><p class=\"dp-dfg-custom-field dp-dfg-cf-autors2\"><span class=\"dp-dfg-custom-field-value\">Antoni T\u00e0pies Puig<\/span><\/p><\/div><\/article><!-- DPDFG End Post Item Container --><article id=\"post-14195\" class=\"dp-dfg-item post-14195 obres_autors type-obres_autors status-publish has-post-thumbnail hentry tipus_tecniques-obra-grafica tecnica_especifica-impressio-digital autors-joan-antoni-poch disciplina-obra-grafic \"     data-position=\"1260\"   data-new-tab=\"off\"   data-action-priority=\"item\"><figure class=\"dp-dfg-image entry-thumb\"><a href=\"https:\/\/www.museuemporda.org\/?obres_autors=sense-titol-423\" class=\"dp-dfg-image-link\" ><img loading=\"lazy\" decoding=\"async\" class=\"dp-dfg-featured-image\" src=\"https:\/\/www.museuemporda.org\/wp-content\/uploads\/2023\/07\/ME2808-JAP-250x250.jpg\" alt=\"Sense t\u00edtol\" width=\"250\" height=\"250\" data-ratio=\"1\"\/><\/a><\/figure><div class=\"dp-dfg-header entry-header\"><h2 class=\"entry-title\">Sense t\u00edtol<\/h2><\/div><div class=\"dp-dfg-custom-content\"><p class=\"dp-dfg-custom-field dp-dfg-cf-autors2\"><span class=\"dp-dfg-custom-field-value\">Joan Antoni Poch<\/span><\/p><\/div><\/article><!-- DPDFG End Post Item Container --><article id=\"post-11845\" class=\"dp-dfg-item post-11845 obres_autors type-obres_autors status-publish has-post-thumbnail hentry tipus_tecniques-dibuix tecnica_especifica-dibuix-sobre-paper autors-felix-planas-canomeras disciplina-dibuix \"     data-position=\"1261\"   data-new-tab=\"off\"   data-action-priority=\"item\"><figure class=\"dp-dfg-image entry-thumb\"><a href=\"https:\/\/www.museuemporda.org\/?obres_autors=sense-titol-153\" class=\"dp-dfg-image-link\" ><img loading=\"lazy\" decoding=\"async\" class=\"dp-dfg-featured-image\" src=\"https:\/\/www.museuemporda.org\/wp-content\/uploads\/2022\/02\/mE-2016-250x250.jpg\" alt=\"Sense t\u00edtol\" width=\"250\" height=\"250\" data-ratio=\"1\"\/><\/a><\/figure><div class=\"dp-dfg-header entry-header\"><h2 class=\"entry-title\">Sense t\u00edtol<\/h2><\/div><div class=\"dp-dfg-custom-content\"><p class=\"dp-dfg-custom-field dp-dfg-cf-autors2\"><span class=\"dp-dfg-custom-field-value\">F\u00e8lix Planas Ca\u00f1omeras<\/span><\/p><\/div><\/article><!-- DPDFG End Post Item Container --><article id=\"post-13777\" class=\"dp-dfg-item post-13777 obres_autors type-obres_autors status-publish has-post-thumbnail hentry tipus_tecniques-dibuix tecnica_especifica-aquarella-sobre-paper-2 tecnica_especifica-tinta-sobre-paper autors-juliette-murphy disciplina-dibuix \"     data-position=\"1262\"   data-new-tab=\"off\"   data-action-priority=\"item\"><figure class=\"dp-dfg-image entry-thumb\"><a href=\"https:\/\/www.museuemporda.org\/?obres_autors=sense-titol-233\" class=\"dp-dfg-image-link\" ><img loading=\"lazy\" decoding=\"async\" class=\"dp-dfg-featured-image\" src=\"https:\/\/www.museuemporda.org\/wp-content\/uploads\/2023\/06\/ME2595-MURPHY-250x250.jpg\" alt=\"Sense t\u00edtol\" width=\"250\" height=\"250\" data-ratio=\"1\"\/><\/a><\/figure><div class=\"dp-dfg-header entry-header\"><h2 class=\"entry-title\">Sense t\u00edtol<\/h2><\/div><div class=\"dp-dfg-custom-content\"><p class=\"dp-dfg-custom-field dp-dfg-cf-autors2\"><span class=\"dp-dfg-custom-field-value\">Juliette Murphy<\/span><\/p><\/div><\/article><!-- DPDFG End Post Item Container --><article id=\"post-11039\" class=\"dp-dfg-item post-11039 obres_autors type-obres_autors status-publish has-post-thumbnail hentry tipus_tecniques-obra-grafica tecnica_especifica-tecnica-mixta-sobre-paper autors-rosa-ballester-vilaseca disciplina-obra-grafic \"     data-position=\"1263\"   data-new-tab=\"off\"   data-action-priority=\"item\"><figure class=\"dp-dfg-image entry-thumb\"><a href=\"https:\/\/www.museuemporda.org\/?obres_autors=bodego-8\" class=\"dp-dfg-image-link\" ><img loading=\"lazy\" decoding=\"async\" class=\"dp-dfg-featured-image\" src=\"https:\/\/www.museuemporda.org\/wp-content\/uploads\/2022\/02\/mE-1290-250x250.jpg\" alt=\"Bodeg\u00f3\" width=\"250\" height=\"250\" data-ratio=\"1\"\/><\/a><\/figure><div class=\"dp-dfg-header entry-header\"><h2 class=\"entry-title\">Bodeg\u00f3<\/h2><\/div><div class=\"dp-dfg-custom-content\"><p class=\"dp-dfg-custom-field dp-dfg-cf-autors2\"><span class=\"dp-dfg-custom-field-value\">Rosa Ballester Vilaseca<\/span><\/p><\/div><\/article><!-- DPDFG End Post Item Container --><article id=\"post-14384\" class=\"dp-dfg-item post-14384 obres_autors type-obres_autors status-publish has-post-thumbnail hentry tipus_tecniques-pintura tecnica_especifica-impressio-digital tecnica_especifica-tinta-sobre-paper autors-assumpcio-mateu-negre disciplina-pintura \"     data-position=\"1264\"   data-new-tab=\"off\"   data-action-priority=\"item\"><figure class=\"dp-dfg-image entry-thumb\"><a href=\"https:\/\/www.museuemporda.org\/?obres_autors=trepitjant-el-silenci\" class=\"dp-dfg-image-link\" ><img loading=\"lazy\" decoding=\"async\" class=\"dp-dfg-featured-image\" src=\"https:\/\/www.museuemporda.org\/wp-content\/uploads\/2023\/07\/JPH5086-250x250.jpg\" alt=\"Trepitjant el silenci\" width=\"250\" height=\"250\" data-ratio=\"1\"\/><\/a><\/figure><div class=\"dp-dfg-header entry-header\"><h2 class=\"entry-title\">Trepitjant el silenci<\/h2><\/div><div class=\"dp-dfg-custom-content\"><p class=\"dp-dfg-custom-field dp-dfg-cf-autors2\"><span class=\"dp-dfg-custom-field-value\">Assumpci\u00f3 Mateu Negre<\/span><\/p><\/div><\/article><!-- DPDFG End Post Item Container --><article id=\"post-9742\" class=\"dp-dfg-item post-9742 obres_autors type-obres_autors status-publish has-post-thumbnail hentry tipus_tecniques-fotografia tecnica_especifica-fotografia autors-joaquim-fort-de-ribot disciplina-fotografia \"     data-position=\"1265\"   data-new-tab=\"off\"   data-action-priority=\"item\"><figure class=\"dp-dfg-image entry-thumb\"><a href=\"https:\/\/www.museuemporda.org\/?obres_autors=interior-del-campanar-del-monestir-de-sant-pere-de-roda-amb-un-instrument-de-mesura\" class=\"dp-dfg-image-link\" ><img loading=\"lazy\" decoding=\"async\" class=\"dp-dfg-featured-image\" src=\"https:\/\/www.museuemporda.org\/wp-content\/uploads\/2022\/01\/mE-2463-250x250.jpg\" alt=\"Interior del campanar del monestir de Sant Pere de Roda amb un instrument de mesura\" width=\"250\" height=\"250\" data-ratio=\"1\"\/><\/a><\/figure><div class=\"dp-dfg-header entry-header\"><h2 class=\"entry-title\">Interior del campanar del monestir de Sant Pere de Roda amb un instrument de mesura<\/h2><\/div><div class=\"dp-dfg-custom-content\"><p class=\"dp-dfg-custom-field dp-dfg-cf-autors2\"><span class=\"dp-dfg-custom-field-value\">Joaquim Fort de Ribot<\/span><\/p><\/div><\/article><!-- DPDFG End Post Item Container --><article id=\"post-11479\" class=\"dp-dfg-item post-11479 obres_autors type-obres_autors status-publish has-post-thumbnail hentry tipus_tecniques-obra-grafica tecnica_especifica-gravat autors-juan-antonio-salvador-carmona disciplina-obra-grafic \"     data-position=\"1266\"   data-new-tab=\"off\"   data-action-priority=\"item\"><figure class=\"dp-dfg-image entry-thumb\"><a href=\"https:\/\/www.museuemporda.org\/?obres_autors=ecce-homo\" class=\"dp-dfg-image-link\" ><img loading=\"lazy\" decoding=\"async\" class=\"dp-dfg-featured-image\" src=\"https:\/\/www.museuemporda.org\/wp-content\/uploads\/2022\/02\/mE-1971-250x250.jpg\" alt=\"Ecce Homo\" width=\"250\" height=\"250\" data-ratio=\"1\"\/><\/a><\/figure><div class=\"dp-dfg-header entry-header\"><h2 class=\"entry-title\">Ecce Homo<\/h2><\/div><div class=\"dp-dfg-custom-content\"><p class=\"dp-dfg-custom-field dp-dfg-cf-autors2\"><span class=\"dp-dfg-custom-field-value\">Juan Antonio Salvador Carmona<\/span><\/p><\/div><\/article><!-- DPDFG End Post Item Container --><article id=\"post-10938\" class=\"dp-dfg-item post-10938 obres_autors type-obres_autors status-publish has-post-thumbnail hentry tipus_tecniques-dibuix tecnica_especifica-dibuix-sobre-paper autors-pedro-albareda disciplina-dibuix \"     data-position=\"1267\"   data-new-tab=\"off\"   data-action-priority=\"item\"><figure class=\"dp-dfg-image entry-thumb\"><a href=\"https:\/\/www.museuemporda.org\/?obres_autors=sense-titol-97\" class=\"dp-dfg-image-link\" ><img loading=\"lazy\" decoding=\"async\" class=\"dp-dfg-featured-image\" src=\"https:\/\/www.museuemporda.org\/wp-content\/uploads\/2022\/02\/mE-2010-250x250.jpg\" alt=\"Sense t\u00edtol\" width=\"250\" height=\"250\" data-ratio=\"1\"\/><\/a><\/figure><div class=\"dp-dfg-header entry-header\"><h2 class=\"entry-title\">Sense t\u00edtol<\/h2><\/div><div class=\"dp-dfg-custom-content\"><p class=\"dp-dfg-custom-field dp-dfg-cf-autors2\"><span class=\"dp-dfg-custom-field-value\">Pedro Albareda<\/span><\/p><\/div><\/article><!-- DPDFG End Post Item Container --><article id=\"post-10423\" class=\"dp-dfg-item post-10423 obres_autors type-obres_autors status-publish has-post-thumbnail hentry tipus_tecniques-dibuix tecnica_especifica-tinta-sobre-paper autors-gabriel-sanz-romero disciplina-dibuix \"     data-position=\"1268\"   data-new-tab=\"off\"   data-action-priority=\"item\"><figure class=\"dp-dfg-image entry-thumb\"><a href=\"https:\/\/www.museuemporda.org\/?obres_autors=sense-titol-71\" class=\"dp-dfg-image-link\" ><img loading=\"lazy\" decoding=\"async\" class=\"dp-dfg-featured-image\" src=\"https:\/\/www.museuemporda.org\/wp-content\/uploads\/2022\/01\/mE-2331-250x250.jpg\" alt=\"Sense t\u00edtol\" width=\"250\" height=\"250\" data-ratio=\"1\"\/><\/a><\/figure><div class=\"dp-dfg-header entry-header\"><h2 class=\"entry-title\">Sense t\u00edtol<\/h2><\/div><div class=\"dp-dfg-custom-content\"><p class=\"dp-dfg-custom-field dp-dfg-cf-autors2\"><span class=\"dp-dfg-custom-field-value\">Gabriel Sanz Romero<\/span><\/p><\/div><\/article><!-- DPDFG End Post Item Container --><article id=\"post-14390\" class=\"dp-dfg-item post-14390 obres_autors type-obres_autors status-publish has-post-thumbnail hentry tipus_tecniques-aquarella-2 tecnica_especifica-aquarella-sobre-paper-2 autors-carme-escursell-burch disciplina-obra-grafic \"     data-position=\"1269\"   data-new-tab=\"off\"   data-action-priority=\"item\"><figure class=\"dp-dfg-image entry-thumb\"><a href=\"https:\/\/www.museuemporda.org\/?obres_autors=sense-titol-511\" class=\"dp-dfg-image-link\" ><img loading=\"lazy\" decoding=\"async\" class=\"dp-dfg-featured-image\" src=\"https:\/\/www.museuemporda.org\/wp-content\/uploads\/2023\/07\/JPH5105-250x250.jpg\" alt=\"Sense t\u00edtol\" width=\"250\" height=\"250\" data-ratio=\"1\"\/><\/a><\/figure><div class=\"dp-dfg-header entry-header\"><h2 class=\"entry-title\">Sense t\u00edtol<\/h2><\/div><div class=\"dp-dfg-custom-content\"><p class=\"dp-dfg-custom-field dp-dfg-cf-autors2\"><span class=\"dp-dfg-custom-field-value\">Carme Escursell Burch<\/span><\/p><\/div><\/article><!-- DPDFG End Post Item Container --><article id=\"post-13688\" class=\"dp-dfg-item post-13688 obres_autors type-obres_autors status-publish has-post-thumbnail hentry tipus_tecniques-pintura tecnica_especifica-oli-sobre-tela autors-josep-costa-sobrepera disciplina-oli-sobre-tela \"     data-position=\"1270\"   data-new-tab=\"off\"   data-action-priority=\"item\"><figure class=\"dp-dfg-image entry-thumb\"><a href=\"https:\/\/www.museuemporda.org\/?obres_autors=volendam\" class=\"dp-dfg-image-link\" ><img loading=\"lazy\" decoding=\"async\" class=\"dp-dfg-featured-image\" src=\"https:\/\/www.museuemporda.org\/wp-content\/uploads\/2023\/06\/me-2547A-250x250.jpg\" alt=\"Volendam\" width=\"250\" height=\"250\" data-ratio=\"1\"\/><\/a><\/figure><div class=\"dp-dfg-header entry-header\"><h2 class=\"entry-title\">Volendam<\/h2><\/div><div class=\"dp-dfg-custom-content\"><p class=\"dp-dfg-custom-field dp-dfg-cf-autors2\"><span class=\"dp-dfg-custom-field-value\">Josep Costa Sobrepera <\/span><\/p><\/div><\/article><!-- DPDFG End Post Item Container --><article id=\"post-9011\" class=\"dp-dfg-item post-9011 obres_autors type-obres_autors status-publish has-post-thumbnail hentry tecnica_especifica-oli-sobre-tela autors-monturiol-puig disciplina-pintura \"     data-position=\"1271\"   data-new-tab=\"off\"   data-action-priority=\"item\"><figure class=\"dp-dfg-image entry-thumb\"><a href=\"https:\/\/www.museuemporda.org\/?obres_autors=esglesia-de-cadaques\" class=\"dp-dfg-image-link\" ><img loading=\"lazy\" decoding=\"async\" class=\"dp-dfg-featured-image\" src=\"https:\/\/www.museuemporda.org\/wp-content\/uploads\/2021\/11\/mE-1050-anvers-250x250.jpg\" alt=\"Esgl\u00e9sia de Cadaqu\u00e9s\" width=\"250\" height=\"250\" data-ratio=\"1\"\/><\/a><\/figure><div class=\"dp-dfg-header entry-header\"><h2 class=\"entry-title\">Esgl\u00e9sia de Cadaqu\u00e9s<\/h2><\/div><div class=\"dp-dfg-custom-content\"><p class=\"dp-dfg-custom-field dp-dfg-cf-autors2\"><span class=\"dp-dfg-custom-field-value\">Monturiol Puig<\/span><\/p><\/div><\/article><!-- DPDFG End Post Item Container --><article id=\"post-11973\" class=\"dp-dfg-item post-11973 obres_autors type-obres_autors status-publish has-post-thumbnail hentry tipus_tecniques-obra-grafica tecnica_especifica-gravat autors-emil-schumacher disciplina-obra-grafic \"     data-position=\"1272\"   data-new-tab=\"off\"   data-action-priority=\"item\"><figure class=\"dp-dfg-image entry-thumb\"><a href=\"https:\/\/www.museuemporda.org\/?obres_autors=sense-titol-164\" class=\"dp-dfg-image-link\" ><img loading=\"lazy\" decoding=\"async\" class=\"dp-dfg-featured-image\" src=\"https:\/\/www.museuemporda.org\/wp-content\/uploads\/2022\/02\/mE-2138-250x250.jpg\" alt=\"Sense t\u00edtol\" width=\"250\" height=\"250\" data-ratio=\"1\"\/><\/a><\/figure><div class=\"dp-dfg-header entry-header\"><h2 class=\"entry-title\">Sense t\u00edtol<\/h2><\/div><div class=\"dp-dfg-custom-content\"><p class=\"dp-dfg-custom-field dp-dfg-cf-autors2\"><span class=\"dp-dfg-custom-field-value\">Emil Schumacher<\/span><\/p><\/div><\/article><!-- DPDFG End Post Item Container --><article id=\"post-10747\" class=\"dp-dfg-item post-10747 obres_autors type-obres_autors status-publish has-post-thumbnail hentry tipus_tecniques-dibuix tecnica_especifica-carbonet autors-francesc-serra-castellet disciplina-dibuix \"     data-position=\"1273\"   data-new-tab=\"off\"   data-action-priority=\"item\"><figure class=\"dp-dfg-image entry-thumb\"><a href=\"https:\/\/www.museuemporda.org\/?obres_autors=nu-femeni-8\" class=\"dp-dfg-image-link\" ><img loading=\"lazy\" decoding=\"async\" class=\"dp-dfg-featured-image\" src=\"https:\/\/www.museuemporda.org\/wp-content\/uploads\/2022\/02\/mE-1180-250x250.jpg\" alt=\"Nu femen\u00ed\" width=\"250\" height=\"250\" data-ratio=\"1\"\/><\/a><\/figure><div class=\"dp-dfg-header entry-header\"><h2 class=\"entry-title\">Nu femen\u00ed<\/h2><\/div><div class=\"dp-dfg-custom-content\"><p class=\"dp-dfg-custom-field dp-dfg-cf-autors2\"><span class=\"dp-dfg-custom-field-value\">Francesc Serra Castellet <\/span><\/p><\/div><\/article><!-- DPDFG End Post Item Container --><article id=\"post-5751\" class=\"dp-dfg-item post-5751 obres_autors type-obres_autors status-publish has-post-thumbnail hentry tecnica_especifica-oli-sobre-tela autors-vicente-berdusan-osorio disciplina-pintura \"     data-position=\"1274\"   data-new-tab=\"off\"   data-action-priority=\"item\"><figure class=\"dp-dfg-image entry-thumb\"><a href=\"https:\/\/www.museuemporda.org\/?obres_autors=sant-atilla\" class=\"dp-dfg-image-link\" ><img loading=\"lazy\" decoding=\"async\" class=\"dp-dfg-featured-image\" src=\"https:\/\/www.museuemporda.org\/wp-content\/uploads\/2020\/04\/mE-617-250x250.jpg\" alt=\"Sant Atil\u00e0\" width=\"250\" height=\"250\" data-ratio=\"1\"\/><\/a><\/figure><div class=\"dp-dfg-header entry-header\"><h2 class=\"entry-title\">Sant Atil\u00e0<\/h2><\/div><div class=\"dp-dfg-custom-content\"><p class=\"dp-dfg-custom-field dp-dfg-cf-autors2\"><span class=\"dp-dfg-custom-field-value\">Vicente Berdus\u00e1n Osorio<\/span><\/p><\/div><\/article><!-- DPDFG End Post Item Container --><article id=\"post-9893\" class=\"dp-dfg-item post-9893 obres_autors type-obres_autors status-publish has-post-thumbnail hentry tipus_tecniques-fotografia tecnica_especifica-fotografia autors-autoria-desconeguda disciplina-fotografia \"     data-position=\"1275\"   data-new-tab=\"off\"   data-action-priority=\"item\"><figure class=\"dp-dfg-image entry-thumb\"><a href=\"https:\/\/www.museuemporda.org\/?obres_autors=sense-titol-38\" class=\"dp-dfg-image-link\" ><img loading=\"lazy\" decoding=\"async\" class=\"dp-dfg-featured-image\" src=\"https:\/\/www.museuemporda.org\/wp-content\/uploads\/2022\/01\/ME-2110_Jordi-Puig-2022-250x250.jpg\" alt=\"Sense t\u00edtol\" width=\"250\" height=\"250\" data-ratio=\"1\"\/><\/a><\/figure><div class=\"dp-dfg-header entry-header\"><h2 class=\"entry-title\">Sense t\u00edtol<\/h2><\/div><div class=\"dp-dfg-custom-content\"><p class=\"dp-dfg-custom-field dp-dfg-cf-autors2\"><span class=\"dp-dfg-custom-field-value\">Autoria desconeguda<\/span><\/p><\/div><\/article><!-- DPDFG End Post Item Container --><article id=\"post-6056\" class=\"dp-dfg-item post-6056 obres_autors type-obres_autors status-publish has-post-thumbnail hentry autors-conxi-molons-de-san-roman disciplina-fotografia \"     data-position=\"1276\"   data-new-tab=\"off\"   data-action-priority=\"item\"><figure class=\"dp-dfg-image entry-thumb\"><a href=\"https:\/\/www.museuemporda.org\/?obres_autors=cementiri\" class=\"dp-dfg-image-link\" ><img loading=\"lazy\" decoding=\"async\" class=\"dp-dfg-featured-image\" src=\"https:\/\/www.museuemporda.org\/wp-content\/uploads\/2020\/10\/mE-1572-250x250.jpg\" alt=\"Sense t\u00edtol [de la s\u00e8rie &#8220;Cementiri&#8221;]\" width=\"250\" height=\"250\" data-ratio=\"1\"\/><\/a><\/figure><div class=\"dp-dfg-header entry-header\"><h2 class=\"entry-title\">Sense t\u00edtol [de la s\u00e8rie &#8220;Cementiri&#8221;]<\/h2><\/div><div class=\"dp-dfg-custom-content\"><p class=\"dp-dfg-custom-field dp-dfg-cf-autors2\"><span class=\"dp-dfg-custom-field-value\">Conxi Molons de San Roman<\/span><\/p><\/div><\/article><!-- DPDFG End Post Item Container --><article id=\"post-12252\" class=\"dp-dfg-item post-12252 obres_autors type-obres_autors status-publish has-post-thumbnail hentry tipus_tecniques-indumentaria tecnica_especifica-tinta-sobre-teixit autors-dario-urzay disciplina-indumentaria \"     data-position=\"1277\"   data-new-tab=\"off\"   data-action-priority=\"item\"><figure class=\"dp-dfg-image entry-thumb\"><a href=\"https:\/\/www.museuemporda.org\/?obres_autors=sense-titol-188\" class=\"dp-dfg-image-link\" ><img loading=\"lazy\" decoding=\"async\" class=\"dp-dfg-featured-image\" src=\"https:\/\/www.museuemporda.org\/wp-content\/uploads\/2022\/03\/mE-1700-250x250.jpg\" alt=\"Sense t\u00edtol\" width=\"250\" height=\"250\" data-ratio=\"1\"\/><\/a><\/figure><div class=\"dp-dfg-header entry-header\"><h2 class=\"entry-title\">Sense t\u00edtol<\/h2><\/div><div class=\"dp-dfg-custom-content\"><p class=\"dp-dfg-custom-field dp-dfg-cf-autors2\"><span class=\"dp-dfg-custom-field-value\">Dar\u00edo Urzay<\/span><\/p><\/div><\/article><!-- DPDFG End Post Item Container --><article id=\"post-10858\" class=\"dp-dfg-item post-10858 obres_autors type-obres_autors status-publish has-post-thumbnail hentry tipus_tecniques-dibuix tecnica_especifica-llapis-carbo-sobre-paper autors-josep-lluis-pellicer-fenye disciplina-dibuix \"     data-position=\"1278\"   data-new-tab=\"off\"   data-action-priority=\"item\"><figure class=\"dp-dfg-image entry-thumb\"><a href=\"https:\/\/www.museuemporda.org\/?obres_autors=sense-titol-92\" class=\"dp-dfg-image-link\" ><img loading=\"lazy\" decoding=\"async\" class=\"dp-dfg-featured-image\" src=\"https:\/\/www.museuemporda.org\/wp-content\/uploads\/2022\/02\/mE-1558-250x250.jpg\" alt=\"Sense t\u00edtol\" width=\"250\" height=\"250\" data-ratio=\"1\"\/><\/a><\/figure><div class=\"dp-dfg-header entry-header\"><h2 class=\"entry-title\">Sense t\u00edtol<\/h2><\/div><div class=\"dp-dfg-custom-content\"><p class=\"dp-dfg-custom-field dp-dfg-cf-autors2\"><span class=\"dp-dfg-custom-field-value\">Josep Llu\u00eds Pellicer Feny\u00e9<\/span><\/p><\/div><\/article><!-- DPDFG End Post Item Container --><article id=\"post-11396\" class=\"dp-dfg-item post-11396 obres_autors type-obres_autors status-publish has-post-thumbnail hentry tipus_tecniques-pintura tecnica_especifica-aquarella autors-francesc-galofre-suris disciplina-pintura \"     data-position=\"1279\"   data-new-tab=\"off\"   data-action-priority=\"item\"><figure class=\"dp-dfg-image entry-thumb\"><a href=\"https:\/\/www.museuemporda.org\/?obres_autors=figura-9\" class=\"dp-dfg-image-link\" ><img loading=\"lazy\" decoding=\"async\" class=\"dp-dfg-featured-image\" src=\"https:\/\/www.museuemporda.org\/wp-content\/uploads\/2022\/02\/mE-816-250x250.jpg\" alt=\"Figura\" width=\"250\" height=\"250\" data-ratio=\"1\"\/><\/a><\/figure><div class=\"dp-dfg-header entry-header\"><h2 class=\"entry-title\">Figura<\/h2><\/div><div class=\"dp-dfg-custom-content\"><p class=\"dp-dfg-custom-field dp-dfg-cf-autors2\"><span class=\"dp-dfg-custom-field-value\">Francesc Galofr\u00e9 Suris<\/span><\/p><\/div><\/article><!-- DPDFG End Post Item Container --><article id=\"post-11437\" class=\"dp-dfg-item post-11437 obres_autors type-obres_autors status-publish has-post-thumbnail hentry tipus_tecniques-obra-grafica tecnica_especifica-serigrafia autors-dario-grossi disciplina-obra-grafic \"     data-position=\"1280\"   data-new-tab=\"off\"   data-action-priority=\"item\"><figure class=\"dp-dfg-image entry-thumb\"><a href=\"https:\/\/www.museuemporda.org\/?obres_autors=esagono-de-la-carpeta-cadaques-portfolio-one\" class=\"dp-dfg-image-link\" ><img loading=\"lazy\" decoding=\"async\" class=\"dp-dfg-featured-image\" src=\"https:\/\/www.museuemporda.org\/wp-content\/uploads\/2022\/02\/mE-1509-250x250.jpg\" alt=\"&#8216;Esagono&#8217;, de la carpeta &#8216;Cadaqu\u00e9s Portfolio One&#8217;\" width=\"250\" height=\"250\" data-ratio=\"1\"\/><\/a><\/figure><div class=\"dp-dfg-header entry-header\"><h2 class=\"entry-title\">&#8216;Esagono&#8217;, de la carpeta &#8216;Cadaqu\u00e9s Portfolio One&#8217;<\/h2><\/div><div class=\"dp-dfg-custom-content\"><p class=\"dp-dfg-custom-field dp-dfg-cf-autors2\"><span class=\"dp-dfg-custom-field-value\">Dario Grossi<\/span><\/p><\/div><\/article><!-- DPDFG End Post Item Container --><article id=\"post-9883\" class=\"dp-dfg-item post-9883 obres_autors type-obres_autors status-publish has-post-thumbnail hentry tipus_tecniques-fotografia tecnica_especifica-fotografia autors-autoria-desconeguda disciplina-fotografia \"     data-position=\"1281\"   data-new-tab=\"off\"   data-action-priority=\"item\"><figure class=\"dp-dfg-image entry-thumb\"><a href=\"https:\/\/www.museuemporda.org\/?obres_autors=parroquia-de-porqueres\" class=\"dp-dfg-image-link\" ><img loading=\"lazy\" decoding=\"async\" class=\"dp-dfg-featured-image\" src=\"https:\/\/www.museuemporda.org\/wp-content\/uploads\/2022\/01\/ME-2105_Jordi-Puig-2022-250x250.jpg\" alt=\"Parr\u00f2quia de Porqueres\" width=\"250\" height=\"250\" data-ratio=\"1\"\/><\/a><\/figure><div class=\"dp-dfg-header entry-header\"><h2 class=\"entry-title\">Parr\u00f2quia de Porqueres<\/h2><\/div><div class=\"dp-dfg-custom-content\"><p class=\"dp-dfg-custom-field dp-dfg-cf-autors2\"><span class=\"dp-dfg-custom-field-value\">Autoria desconeguda<\/span><\/p><\/div><\/article><!-- DPDFG End Post Item Container --><article id=\"post-14010\" class=\"dp-dfg-item post-14010 obres_autors type-obres_autors status-publish has-post-thumbnail hentry tipus_tecniques-dibuix tecnica_especifica-tinta-sobre-paper autors-pep-claparols-i-moret disciplina-dibuix \"     data-position=\"1282\"   data-new-tab=\"off\"   data-action-priority=\"item\"><figure class=\"dp-dfg-image entry-thumb\"><a href=\"https:\/\/www.museuemporda.org\/?obres_autors=sense-titol-340\" class=\"dp-dfg-image-link\" ><img loading=\"lazy\" decoding=\"async\" class=\"dp-dfg-featured-image\" src=\"https:\/\/www.museuemporda.org\/wp-content\/uploads\/2023\/06\/ME2702-PEP2004-250x250.jpg\" alt=\"Sense t\u00edtol\" width=\"250\" height=\"250\" data-ratio=\"1\"\/><\/a><\/figure><div class=\"dp-dfg-header entry-header\"><h2 class=\"entry-title\">Sense t\u00edtol<\/h2><\/div><div class=\"dp-dfg-custom-content\"><p class=\"dp-dfg-custom-field dp-dfg-cf-autors2\"><span class=\"dp-dfg-custom-field-value\">Pep Claparols i Moret<\/span><\/p><\/div><\/article><!-- DPDFG End Post Item Container --><article id=\"post-14034\" class=\"dp-dfg-item post-14034 obres_autors type-obres_autors status-publish has-post-thumbnail hentry tipus_tecniques-dibuix tecnica_especifica-impressio-digital autors-pep-claparols-i-moret disciplina-dibuix \"     data-position=\"1283\"   data-new-tab=\"off\"   data-action-priority=\"item\"><figure class=\"dp-dfg-image entry-thumb\"><a href=\"https:\/\/www.museuemporda.org\/?obres_autors=sense-titol-352\" class=\"dp-dfg-image-link\" ><img loading=\"lazy\" decoding=\"async\" class=\"dp-dfg-featured-image\" src=\"https:\/\/www.museuemporda.org\/wp-content\/uploads\/2023\/06\/ME2714-PEP2013-250x250.jpg\" alt=\"Sense t\u00edtol\" width=\"250\" height=\"250\" data-ratio=\"1\"\/><\/a><\/figure><div class=\"dp-dfg-header entry-header\"><h2 class=\"entry-title\">Sense t\u00edtol<\/h2><\/div><div class=\"dp-dfg-custom-content\"><p class=\"dp-dfg-custom-field dp-dfg-cf-autors2\"><span class=\"dp-dfg-custom-field-value\">Pep Claparols i Moret<\/span><\/p><\/div><\/article><!-- DPDFG End Post Item Container --><article id=\"post-5828\" class=\"dp-dfg-item post-5828 obres_autors type-obres_autors status-publish has-post-thumbnail hentry tecnica_especifica-oli-sobre-tela autors-alfred-opisso-cardona \"     data-position=\"1284\"   data-new-tab=\"off\"   data-action-priority=\"item\"><figure class=\"dp-dfg-image entry-thumb\"><a href=\"https:\/\/www.museuemporda.org\/?obres_autors=nu-femeni\" class=\"dp-dfg-image-link\" ><img loading=\"lazy\" decoding=\"async\" class=\"dp-dfg-featured-image\" src=\"https:\/\/www.museuemporda.org\/wp-content\/uploads\/2020\/04\/mE-670-250x250.jpg\" alt=\"Nu femen\u00ed\" width=\"250\" height=\"250\" data-ratio=\"1\"\/><\/a><\/figure><div class=\"dp-dfg-header entry-header\"><h2 class=\"entry-title\">Nu femen\u00ed<\/h2><\/div><div class=\"dp-dfg-custom-content\"><p class=\"dp-dfg-custom-field dp-dfg-cf-autors2\"><span class=\"dp-dfg-custom-field-value\">Alfred Opisso Cardona<\/span><\/p><\/div><\/article><!-- DPDFG End Post Item Container --><article id=\"post-14533\" class=\"dp-dfg-item post-14533 obres_autors type-obres_autors status-publish has-post-thumbnail hentry tipus_tecniques-dibuix tecnica_especifica-llapis-carbo-sobre-paper autors-enric-pascual-monturiol disciplina-dibuix \"     data-position=\"1285\"   data-new-tab=\"off\"   data-action-priority=\"item\"><figure class=\"dp-dfg-image entry-thumb\"><a href=\"https:\/\/www.museuemporda.org\/?obres_autors=sense-titol-529\" class=\"dp-dfg-image-link\" ><img loading=\"lazy\" decoding=\"async\" class=\"dp-dfg-featured-image\" src=\"https:\/\/www.museuemporda.org\/wp-content\/uploads\/2023\/07\/ME2933-250x250.jpg\" alt=\"Sense t\u00edtol\" width=\"250\" height=\"250\" data-ratio=\"1\"\/><\/a><\/figure><div class=\"dp-dfg-header entry-header\"><h2 class=\"entry-title\">Sense t\u00edtol<\/h2><\/div><div class=\"dp-dfg-custom-content\"><p class=\"dp-dfg-custom-field dp-dfg-cf-autors2\"><span class=\"dp-dfg-custom-field-value\">Enric Pascual Monturiol<\/span><\/p><\/div><\/article><!-- DPDFG End Post Item Container --><article id=\"post-10440\" class=\"dp-dfg-item post-10440 obres_autors type-obres_autors status-publish has-post-thumbnail hentry tipus_tecniques-pintura tecnica_especifica-tecnica-mixta-sobre-fusta autors-joan-padern-faig disciplina-pintura \"     data-position=\"1286\"   data-new-tab=\"off\"   data-action-priority=\"item\"><figure class=\"dp-dfg-image entry-thumb\"><a href=\"https:\/\/www.museuemporda.org\/?obres_autors=composicio-geometrica\" class=\"dp-dfg-image-link\" ><img loading=\"lazy\" decoding=\"async\" class=\"dp-dfg-featured-image\" src=\"https:\/\/www.museuemporda.org\/wp-content\/uploads\/2022\/01\/mE-1386-250x250.jpg\" alt=\"Composici\u00f3 geom\u00e8trica\" width=\"250\" height=\"250\" data-ratio=\"1\"\/><\/a><\/figure><div class=\"dp-dfg-header entry-header\"><h2 class=\"entry-title\">Composici\u00f3 geom\u00e8trica<\/h2><\/div><div class=\"dp-dfg-custom-content\"><p class=\"dp-dfg-custom-field dp-dfg-cf-autors2\"><span class=\"dp-dfg-custom-field-value\">Joan Padern Faig<\/span><\/p><\/div><\/article><!-- DPDFG End Post Item Container --><article id=\"post-13652\" class=\"dp-dfg-item post-13652 obres_autors type-obres_autors status-publish has-post-thumbnail hentry tipus_tecniques-pintura tecnica_especifica-pintura-sobre-tela autors-m-moos disciplina-pintura \"     data-position=\"1287\"   data-new-tab=\"off\"   data-action-priority=\"item\"><figure class=\"dp-dfg-image entry-thumb\"><a href=\"https:\/\/www.museuemporda.org\/?obres_autors=13652\" class=\"dp-dfg-image-link\" ><img loading=\"lazy\" decoding=\"async\" class=\"dp-dfg-featured-image\" src=\"https:\/\/www.museuemporda.org\/wp-content\/uploads\/2023\/06\/mE-2422-250x250.jpg\" alt=\"Sense t\u00edtol\" width=\"250\" height=\"250\" data-ratio=\"1\"\/><\/a><\/figure><div class=\"dp-dfg-header entry-header\"><h2 class=\"entry-title\">Sense t\u00edtol<\/h2><\/div><div class=\"dp-dfg-custom-content\"><p class=\"dp-dfg-custom-field dp-dfg-cf-autors2\"><span class=\"dp-dfg-custom-field-value\">M. Moos<\/span><\/p><\/div><\/article><!-- DPDFG End Post Item Container --><article id=\"post-10425\" class=\"dp-dfg-item post-10425 obres_autors type-obres_autors status-publish has-post-thumbnail hentry tipus_tecniques-pintura tecnica_especifica-oli-sobre-tela autors-lluis-roura-juanola disciplina-pintura \"     data-position=\"1288\"   data-new-tab=\"off\"   data-action-priority=\"item\"><figure class=\"dp-dfg-image entry-thumb\"><a href=\"https:\/\/www.museuemporda.org\/?obres_autors=paisatge-amb-vinyes\" class=\"dp-dfg-image-link\" ><img loading=\"lazy\" decoding=\"async\" class=\"dp-dfg-featured-image\" src=\"https:\/\/www.museuemporda.org\/wp-content\/uploads\/2022\/01\/mE-1418-250x250.jpg\" alt=\"Paisatge amb vinyes\" width=\"250\" height=\"250\" data-ratio=\"1\"\/><\/a><\/figure><div class=\"dp-dfg-header entry-header\"><h2 class=\"entry-title\">Paisatge amb vinyes<\/h2><\/div><div class=\"dp-dfg-custom-content\"><p class=\"dp-dfg-custom-field dp-dfg-cf-autors2\"><span class=\"dp-dfg-custom-field-value\">Llu\u00eds Roura Juanola<\/span><\/p><\/div><\/article><!-- DPDFG End Post Item Container --><article id=\"post-11160\" class=\"dp-dfg-item post-11160 obres_autors type-obres_autors status-publish has-post-thumbnail hentry tipus_tecniques-dibuix tecnica_especifica-dibuix-sobre-paper autors-pedro-cairo disciplina-dibuix \"     data-position=\"1289\"   data-new-tab=\"off\"   data-action-priority=\"item\"><figure class=\"dp-dfg-image entry-thumb\"><a href=\"https:\/\/www.museuemporda.org\/?obres_autors=sense-titol-112\" class=\"dp-dfg-image-link\" ><img loading=\"lazy\" decoding=\"async\" class=\"dp-dfg-featured-image\" src=\"https:\/\/www.museuemporda.org\/wp-content\/uploads\/2022\/02\/mE-2013-250x250.jpg\" alt=\"Sense t\u00edtol\" width=\"250\" height=\"250\" data-ratio=\"1\"\/><\/a><\/figure><div class=\"dp-dfg-header entry-header\"><h2 class=\"entry-title\">Sense t\u00edtol<\/h2><\/div><div class=\"dp-dfg-custom-content\"><p class=\"dp-dfg-custom-field dp-dfg-cf-autors2\"><span class=\"dp-dfg-custom-field-value\">Pedro Cair\u00f3<\/span><\/p><\/div><\/article><!-- DPDFG End Post Item Container --><article id=\"post-10472\" class=\"dp-dfg-item post-10472 obres_autors type-obres_autors status-publish has-post-thumbnail hentry tipus_tecniques-pintura tecnica_especifica-oli-sobre-tela autors-josep-maria-martinez-lozano disciplina-pintura \"     data-position=\"1290\"   data-new-tab=\"off\"   data-action-priority=\"item\"><figure class=\"dp-dfg-image entry-thumb\"><a href=\"https:\/\/www.museuemporda.org\/?obres_autors=paisatge-62\" class=\"dp-dfg-image-link\" ><img loading=\"lazy\" decoding=\"async\" class=\"dp-dfg-featured-image\" src=\"https:\/\/www.museuemporda.org\/wp-content\/uploads\/2022\/01\/mE-1069-250x250.jpg\" alt=\"Paisatge\" width=\"250\" height=\"250\" data-ratio=\"1\"\/><\/a><\/figure><div class=\"dp-dfg-header entry-header\"><h2 class=\"entry-title\">Paisatge<\/h2><\/div><div class=\"dp-dfg-custom-content\"><p class=\"dp-dfg-custom-field dp-dfg-cf-autors2\"><span class=\"dp-dfg-custom-field-value\">Josep Maria Mart\u00ednez Lozano<\/span><\/p><\/div><\/article><!-- DPDFG End Post Item Container --><article id=\"post-11334\" class=\"dp-dfg-item post-11334 obres_autors type-obres_autors status-publish has-post-thumbnail hentry tipus_tecniques-pintura tecnica_especifica-pintura autors-alba-falgarona-costa disciplina-pintura \"     data-position=\"1291\"   data-new-tab=\"off\"   data-action-priority=\"item\"><figure class=\"dp-dfg-image entry-thumb\"><a href=\"https:\/\/www.museuemporda.org\/?obres_autors=wawi-daliniana\" class=\"dp-dfg-image-link\" ><img loading=\"lazy\" decoding=\"async\" class=\"dp-dfg-featured-image\" src=\"https:\/\/www.museuemporda.org\/wp-content\/uploads\/2022\/02\/mE-2355-250x250.jpg\" alt=\"W\u00e4w\u00ef daliniana\" width=\"250\" height=\"250\" data-ratio=\"1\"\/><\/a><\/figure><div class=\"dp-dfg-header entry-header\"><h2 class=\"entry-title\">W\u00e4w\u00ef daliniana<\/h2><\/div><div class=\"dp-dfg-custom-content\"><p class=\"dp-dfg-custom-field dp-dfg-cf-autors2\"><span class=\"dp-dfg-custom-field-value\">Alba Falgarona Costa <\/span><\/p><\/div><\/article><!-- DPDFG End Post Item Container --><article id=\"post-6092\" class=\"dp-dfg-item post-6092 obres_autors type-obres_autors status-publish has-post-thumbnail hentry tecnica_especifica-oli-sobre-fusta autors-bartomeu-massot-guillamet disciplina-pintura \"     data-position=\"1292\"   data-new-tab=\"off\"   data-action-priority=\"item\"><figure class=\"dp-dfg-image entry-thumb\"><a href=\"https:\/\/www.museuemporda.org\/?obres_autors=vista-de-la-placa-de-lajuntament-de-figueres\" class=\"dp-dfg-image-link\" ><img loading=\"lazy\" decoding=\"async\" class=\"dp-dfg-featured-image\" src=\"https:\/\/www.museuemporda.org\/wp-content\/uploads\/2020\/04\/mE-2496-250x250.jpg\" alt=\"Sense t\u00edtol [Vista de la pla\u00e7a de l&#8217;Ajuntament de Figueres]\" width=\"250\" height=\"250\" data-ratio=\"1\"\/><\/a><\/figure><div class=\"dp-dfg-header entry-header\"><h2 class=\"entry-title\">Sense t\u00edtol [Vista de la pla\u00e7a de l&#8217;Ajuntament de Figueres]<\/h2><\/div><div class=\"dp-dfg-custom-content\"><p class=\"dp-dfg-custom-field dp-dfg-cf-autors2\"><span class=\"dp-dfg-custom-field-value\">Bartomeu Massot Guillamet<\/span><\/p><\/div><\/article><!-- DPDFG End Post Item Container --><article id=\"post-5884\" class=\"dp-dfg-item post-5884 obres_autors type-obres_autors status-publish has-post-thumbnail hentry tecnica_especifica-tecnica-mixta-sobre-tela autors-domenech-fita-molat disciplina-pintura \"     data-position=\"1293\"   data-new-tab=\"off\"   data-action-priority=\"item\"><figure class=\"dp-dfg-image entry-thumb\"><a href=\"https:\/\/www.museuemporda.org\/?obres_autors=penetrar\" class=\"dp-dfg-image-link\" ><img loading=\"lazy\" decoding=\"async\" class=\"dp-dfg-featured-image\" src=\"https:\/\/www.museuemporda.org\/wp-content\/uploads\/2020\/10\/mE-729-250x250.jpg\" alt=\"Penetrar\" width=\"250\" height=\"250\" data-ratio=\"1\"\/><\/a><\/figure><div class=\"dp-dfg-header entry-header\"><h2 class=\"entry-title\">Penetrar<\/h2><\/div><div class=\"dp-dfg-custom-content\"><p class=\"dp-dfg-custom-field dp-dfg-cf-autors2\"><span class=\"dp-dfg-custom-field-value\">Dom\u00e8nech Fita Molat<\/span><\/p><\/div><\/article><!-- DPDFG End Post Item Container --><article id=\"post-13648\" class=\"dp-dfg-item post-13648 obres_autors type-obres_autors status-publish has-post-thumbnail hentry tipus_tecniques-pintura tecnica_especifica-pintura-sobre-tela autors-desconegut disciplina-pintura \"     data-position=\"1294\"   data-new-tab=\"off\"   data-action-priority=\"item\"><figure class=\"dp-dfg-image entry-thumb\"><a href=\"https:\/\/www.museuemporda.org\/?obres_autors=13648\" class=\"dp-dfg-image-link\" ><img loading=\"lazy\" decoding=\"async\" class=\"dp-dfg-featured-image\" src=\"https:\/\/www.museuemporda.org\/wp-content\/uploads\/2023\/06\/mE-2413-250x250.jpg\" alt=\"Sense t\u00edtol\" width=\"250\" height=\"250\" data-ratio=\"1\"\/><\/a><\/figure><div class=\"dp-dfg-header entry-header\"><h2 class=\"entry-title\">Sense t\u00edtol<\/h2><\/div><div class=\"dp-dfg-custom-content\"><p class=\"dp-dfg-custom-field dp-dfg-cf-autors2\"><span class=\"dp-dfg-custom-field-value\">Desconegut<\/span><\/p><\/div><\/article><!-- DPDFG End Post Item Container --><article id=\"post-11550\" class=\"dp-dfg-item post-11550 obres_autors type-obres_autors status-publish has-post-thumbnail hentry tipus_tecniques-pintura tecnica_especifica-aquarella-sobre-paper autors-lea-lafugie disciplina-pintura \"     data-position=\"1295\"   data-new-tab=\"off\"   data-action-priority=\"item\"><figure class=\"dp-dfg-image entry-thumb\"><a href=\"https:\/\/www.museuemporda.org\/?obres_autors=hooley-festival\" class=\"dp-dfg-image-link\" ><img loading=\"lazy\" decoding=\"async\" class=\"dp-dfg-featured-image\" src=\"https:\/\/www.museuemporda.org\/wp-content\/uploads\/2022\/02\/mE-2408-250x250.jpg\" alt=\"Hooley festival\" width=\"250\" height=\"250\" data-ratio=\"1\"\/><\/a><\/figure><div class=\"dp-dfg-header entry-header\"><h2 class=\"entry-title\">Hooley festival<\/h2><\/div><div class=\"dp-dfg-custom-content\"><p class=\"dp-dfg-custom-field dp-dfg-cf-autors2\"><span class=\"dp-dfg-custom-field-value\">L\u00e9a Lafugie<\/span><\/p><\/div><\/article><!-- DPDFG End Post Item Container --><article id=\"post-11273\" class=\"dp-dfg-item post-11273 obres_autors type-obres_autors status-publish has-post-thumbnail hentry tipus_tecniques-obra-grafica tecnica_especifica-gravat autors-pere-creixams-pico disciplina-obra-grafic \"     data-position=\"1296\"   data-new-tab=\"off\"   data-action-priority=\"item\"><figure class=\"dp-dfg-image entry-thumb\"><a href=\"https:\/\/www.museuemporda.org\/?obres_autors=parella-de-musics\" class=\"dp-dfg-image-link\" ><img loading=\"lazy\" decoding=\"async\" class=\"dp-dfg-featured-image\" src=\"https:\/\/www.museuemporda.org\/wp-content\/uploads\/2022\/02\/mE-1142-250x250.jpg\" alt=\"Parella de m\u00fasics\" width=\"250\" height=\"250\" data-ratio=\"1\"\/><\/a><\/figure><div class=\"dp-dfg-header entry-header\"><h2 class=\"entry-title\">Parella de m\u00fasics<\/h2><\/div><div class=\"dp-dfg-custom-content\"><p class=\"dp-dfg-custom-field dp-dfg-cf-autors2\"><span class=\"dp-dfg-custom-field-value\">Pere Cr\u00e8ixams Pic\u00f3 <\/span><\/p><\/div><\/article><!-- DPDFG End Post Item Container --><article id=\"post-8856\" class=\"dp-dfg-item post-8856 obres_autors type-obres_autors status-publish has-post-thumbnail hentry tecnica_especifica-oli-sobre-tela autors-vicente-palmaroli-gonzalez disciplina-pintura \"     data-position=\"1297\"   data-new-tab=\"off\"   data-action-priority=\"item\"><figure class=\"dp-dfg-image entry-thumb\"><a href=\"https:\/\/www.museuemporda.org\/?obres_autors=retrat-de-nena\" class=\"dp-dfg-image-link\" ><img loading=\"lazy\" decoding=\"async\" class=\"dp-dfg-featured-image\" src=\"https:\/\/www.museuemporda.org\/wp-content\/uploads\/2021\/11\/mE-645-250x250.jpg\" alt=\"Retrat de nena\" width=\"250\" height=\"250\" data-ratio=\"1\"\/><\/a><\/figure><div class=\"dp-dfg-header entry-header\"><h2 class=\"entry-title\">Retrat de nena<\/h2><\/div><div class=\"dp-dfg-custom-content\"><p class=\"dp-dfg-custom-field dp-dfg-cf-autors2\"><span class=\"dp-dfg-custom-field-value\">Vicente Palmaroli Gonz\u00e1lez<\/span><\/p><\/div><\/article><!-- DPDFG End Post Item Container --><article id=\"post-9184\" class=\"dp-dfg-item post-9184 obres_autors type-obres_autors status-publish has-post-thumbnail hentry tecnica_especifica-ceramica-atica-de-figures-roges autors-autoria-desconeguda disciplina-arqueologia \"     data-position=\"1298\"   data-new-tab=\"off\"   data-action-priority=\"item\"><figure class=\"dp-dfg-image entry-thumb\"><a href=\"https:\/\/www.museuemporda.org\/?obres_autors=fragment-de-ceramica-2\" class=\"dp-dfg-image-link\" ><img loading=\"lazy\" decoding=\"async\" class=\"dp-dfg-featured-image\" src=\"https:\/\/www.museuemporda.org\/wp-content\/uploads\/2021\/11\/mE-308-250x250.jpg\" alt=\"Fragment de cer\u00e0mica\" width=\"250\" height=\"250\" data-ratio=\"1\"\/><\/a><\/figure><div class=\"dp-dfg-header entry-header\"><h2 class=\"entry-title\">Fragment de cer\u00e0mica<\/h2><\/div><div class=\"dp-dfg-custom-content\"><p class=\"dp-dfg-custom-field dp-dfg-cf-autors2\"><span class=\"dp-dfg-custom-field-value\">Autoria desconeguda<\/span><\/p><\/div><\/article><!-- DPDFG End Post Item Container --><article id=\"post-8647\" class=\"dp-dfg-item post-8647 obres_autors type-obres_autors status-publish has-post-thumbnail hentry autors-philippe-avila disciplina-fotografia \"     data-position=\"1299\"   data-new-tab=\"off\"   data-action-priority=\"item\"><figure class=\"dp-dfg-image entry-thumb\"><a href=\"https:\/\/www.museuemporda.org\/?obres_autors=dream-wrap-embolcalla-somnis-7\" class=\"dp-dfg-image-link\" ><img loading=\"lazy\" decoding=\"async\" class=\"dp-dfg-featured-image\" src=\"https:\/\/www.museuemporda.org\/wp-content\/uploads\/2021\/10\/mE-16038-250x250.jpg\" alt=\"Dream wrap (embolcalla somnis)\" width=\"250\" height=\"250\" data-ratio=\"1\"\/><\/a><\/figure><div class=\"dp-dfg-header entry-header\"><h2 class=\"entry-title\">Dream wrap (embolcalla somnis)<\/h2><\/div><div class=\"dp-dfg-custom-content\"><p class=\"dp-dfg-custom-field dp-dfg-cf-autors2\"><span class=\"dp-dfg-custom-field-value\">Philippe \u00c1vila<\/span><\/p><\/div><\/article><!-- DPDFG End Post Item Container --><article id=\"post-11149\" class=\"dp-dfg-item post-11149 obres_autors type-obres_autors status-publish has-post-thumbnail hentry tipus_tecniques-pintura tecnica_especifica-oli-sobre-tela autors-joan-busquets-mollera disciplina-pintura \"     data-position=\"1300\"   data-new-tab=\"off\"   data-action-priority=\"item\"><figure class=\"dp-dfg-image entry-thumb\"><a href=\"https:\/\/www.museuemporda.org\/?obres_autors=natura-morta-4\" class=\"dp-dfg-image-link\" ><img loading=\"lazy\" decoding=\"async\" class=\"dp-dfg-featured-image\" src=\"https:\/\/www.museuemporda.org\/wp-content\/uploads\/2022\/02\/mE-1122-250x250.jpg\" alt=\"Natura morta\" width=\"250\" height=\"250\" data-ratio=\"1\"\/><\/a><\/figure><div class=\"dp-dfg-header entry-header\"><h2 class=\"entry-title\">Natura morta<\/h2><\/div><div class=\"dp-dfg-custom-content\"><p class=\"dp-dfg-custom-field dp-dfg-cf-autors2\"><span class=\"dp-dfg-custom-field-value\">Joan Busquets Mollera<\/span><\/p><\/div><\/article><!-- DPDFG End Post Item Container --><article id=\"post-8203\" class=\"dp-dfg-item post-8203 obres_autors type-obres_autors status-publish has-post-thumbnail hentry tecnica_especifica-oli-sobre-tela autors-joaquim-mombru-ferrer disciplina-pintura \"     data-position=\"1301\"   data-new-tab=\"off\"   data-action-priority=\"item\"><figure class=\"dp-dfg-image entry-thumb\"><a href=\"https:\/\/www.museuemporda.org\/?obres_autors=hora-foscant\" class=\"dp-dfg-image-link\" ><img loading=\"lazy\" decoding=\"async\" class=\"dp-dfg-featured-image\" src=\"https:\/\/www.museuemporda.org\/wp-content\/uploads\/2021\/08\/mE-1177-1-250x250.jpg\" alt=\"Hora foscant\" width=\"250\" height=\"250\" data-ratio=\"1\"\/><\/a><\/figure><div class=\"dp-dfg-header entry-header\"><h2 class=\"entry-title\">Hora foscant<\/h2><\/div><div class=\"dp-dfg-custom-content\"><p class=\"dp-dfg-custom-field dp-dfg-cf-autors2\"><span class=\"dp-dfg-custom-field-value\">Joaquim Mombr\u00fa Ferrer<\/span><\/p><\/div><\/article><!-- DPDFG End Post Item Container --><article id=\"post-10635\" class=\"dp-dfg-item post-10635 obres_autors type-obres_autors status-publish has-post-thumbnail hentry tipus_tecniques-obra-grafica tecnica_especifica-litografia autors-pic-adrian disciplina-obra-grafic \"     data-position=\"1302\"   data-new-tab=\"off\"   data-action-priority=\"item\"><figure class=\"dp-dfg-image entry-thumb\"><a href=\"https:\/\/www.museuemporda.org\/?obres_autors=composicio-14\" class=\"dp-dfg-image-link\" ><img loading=\"lazy\" decoding=\"async\" class=\"dp-dfg-featured-image\" src=\"https:\/\/www.museuemporda.org\/wp-content\/uploads\/2022\/02\/mE-1484-250x250.jpg\" alt=\"Composici\u00f3\" width=\"250\" height=\"250\" data-ratio=\"1\"\/><\/a><\/figure><div class=\"dp-dfg-header entry-header\"><h2 class=\"entry-title\">Composici\u00f3<\/h2><\/div><div class=\"dp-dfg-custom-content\"><p class=\"dp-dfg-custom-field dp-dfg-cf-autors2\"><span class=\"dp-dfg-custom-field-value\">Pic Adrian<\/span><\/p><\/div><\/article><!-- DPDFG End Post Item Container --><article id=\"post-10507\" class=\"dp-dfg-item post-10507 obres_autors type-obres_autors status-publish has-post-thumbnail hentry tipus_tecniques-escultura tecnica_especifica-emmotllat autors-frederic-mares-deulovol disciplina-escultura \"     data-position=\"1303\"   data-new-tab=\"off\"   data-action-priority=\"item\"><figure class=\"dp-dfg-image entry-thumb\"><a href=\"https:\/\/www.museuemporda.org\/?obres_autors=sant-enterrament\" class=\"dp-dfg-image-link\" ><img loading=\"lazy\" decoding=\"async\" class=\"dp-dfg-featured-image\" src=\"https:\/\/www.museuemporda.org\/wp-content\/uploads\/2022\/01\/mE-1451-250x250.jpg\" alt=\"Sant enterrament\" width=\"250\" height=\"250\" data-ratio=\"1\"\/><\/a><\/figure><div class=\"dp-dfg-header entry-header\"><h2 class=\"entry-title\">Sant enterrament<\/h2><\/div><div class=\"dp-dfg-custom-content\"><p class=\"dp-dfg-custom-field dp-dfg-cf-autors2\"><span class=\"dp-dfg-custom-field-value\">Frederic Mar\u00e8s Deulovol <\/span><\/p><\/div><\/article><!-- DPDFG End Post Item Container --><article id=\"post-8451\" class=\"dp-dfg-item post-8451 obres_autors type-obres_autors status-publish has-post-thumbnail hentry autors-ramon-reig-corominas disciplina-pintura \"     data-position=\"1304\"   data-new-tab=\"off\"   data-action-priority=\"item\"><figure class=\"dp-dfg-image entry-thumb\"><a href=\"https:\/\/www.museuemporda.org\/?obres_autors=paisatge-de-lemporda-4\" class=\"dp-dfg-image-link\" ><img loading=\"lazy\" decoding=\"async\" class=\"dp-dfg-featured-image\" src=\"https:\/\/www.museuemporda.org\/wp-content\/uploads\/2021\/09\/mE-810-250x250.jpg\" alt=\"Paisatge de l&#8217;Empord\u00e0\" width=\"250\" height=\"250\" data-ratio=\"1\"\/><\/a><\/figure><div class=\"dp-dfg-header entry-header\"><h2 class=\"entry-title\">Paisatge de l&#8217;Empord\u00e0<\/h2><\/div><div class=\"dp-dfg-custom-content\"><p class=\"dp-dfg-custom-field dp-dfg-cf-autors2\"><span class=\"dp-dfg-custom-field-value\">Ramon Reig Corominas<\/span><\/p><\/div><\/article><!-- DPDFG End Post Item Container --><article id=\"post-8198\" class=\"dp-dfg-item post-8198 obres_autors type-obres_autors status-publish has-post-thumbnail hentry tecnica_especifica-oli-sobre-tela autors-joaquim-mir-trinxet disciplina-pintura \"     data-position=\"1305\"   data-new-tab=\"off\"   data-action-priority=\"item\"><figure class=\"dp-dfg-image entry-thumb\"><a href=\"https:\/\/www.museuemporda.org\/?obres_autors=paisatge-de-canyelles\" class=\"dp-dfg-image-link\" ><img loading=\"lazy\" decoding=\"async\" class=\"dp-dfg-featured-image\" src=\"https:\/\/www.museuemporda.org\/wp-content\/uploads\/2021\/08\/mE-666-250x250.jpg\" alt=\"Paisatge de Canyelles\" width=\"250\" height=\"250\" data-ratio=\"1\"\/><\/a><\/figure><div class=\"dp-dfg-header entry-header\"><h2 class=\"entry-title\">Paisatge de Canyelles<\/h2><\/div><div class=\"dp-dfg-custom-content\"><p class=\"dp-dfg-custom-field dp-dfg-cf-autors2\"><span class=\"dp-dfg-custom-field-value\">Joaquim Mir Trinxet<\/span><\/p><\/div><\/article><!-- DPDFG End Post Item Container --><article id=\"post-13934\" class=\"dp-dfg-item post-13934 obres_autors type-obres_autors status-publish has-post-thumbnail hentry tipus_tecniques-dibuix tecnica_especifica-impressio-digital autors-pep-claparols-i-moret disciplina-dibuix \"     data-position=\"1306\"   data-new-tab=\"off\"   data-action-priority=\"item\"><figure class=\"dp-dfg-image entry-thumb\"><a href=\"https:\/\/www.museuemporda.org\/?obres_autors=sense-titol-306\" class=\"dp-dfg-image-link\" ><img loading=\"lazy\" decoding=\"async\" class=\"dp-dfg-featured-image\" src=\"https:\/\/www.museuemporda.org\/wp-content\/uploads\/2023\/06\/ME2668-PEP99-250x250.jpg\" alt=\"Sense t\u00edtol\" width=\"250\" height=\"250\" data-ratio=\"1\"\/><\/a><\/figure><div class=\"dp-dfg-header entry-header\"><h2 class=\"entry-title\">Sense t\u00edtol<\/h2><\/div><div class=\"dp-dfg-custom-content\"><p class=\"dp-dfg-custom-field dp-dfg-cf-autors2\"><span class=\"dp-dfg-custom-field-value\">Pep Claparols i Moret<\/span><\/p><\/div><\/article><!-- DPDFG End Post Item Container --><article id=\"post-1364\" class=\"dp-dfg-item post-1364 obres_autors type-obres_autors status-publish has-post-thumbnail hentry autors-avelli-artis-gener disciplina-pintura \"     data-position=\"1307\"   data-new-tab=\"off\"   data-action-priority=\"item\"><figure class=\"dp-dfg-image entry-thumb\"><a href=\"https:\/\/www.museuemporda.org\/?obres_autors=avenida-juarez\" class=\"dp-dfg-image-link\" ><img loading=\"lazy\" decoding=\"async\" class=\"dp-dfg-featured-image\" src=\"https:\/\/www.museuemporda.org\/wp-content\/uploads\/2020\/04\/mE-1364-250x250.jpg\" alt=\"Avenida Ju\u00e1rez\" width=\"250\" height=\"250\" data-ratio=\"1\"\/><\/a><\/figure><div class=\"dp-dfg-header entry-header\"><h2 class=\"entry-title\">Avenida Ju\u00e1rez<\/h2><\/div><div class=\"dp-dfg-custom-content\"><p class=\"dp-dfg-custom-field dp-dfg-cf-autors2\"><span class=\"dp-dfg-custom-field-value\">Avel\u00b7l\u00ed Art\u00eds Gener<\/span><\/p><\/div><\/article><!-- DPDFG End Post Item Container --><article id=\"post-9238\" class=\"dp-dfg-item post-9238 obres_autors type-obres_autors status-publish has-post-thumbnail hentry tecnica_especifica-pastel-i-tecnica-mixta-sobre-cartolina autors-joaquim-carbo-berthold disciplina-pintura \"     data-position=\"1308\"   data-new-tab=\"off\"   data-action-priority=\"item\"><figure class=\"dp-dfg-image entry-thumb\"><a href=\"https:\/\/www.museuemporda.org\/?obres_autors=tecnica-mixta-sobre-paper\" class=\"dp-dfg-image-link\" ><img loading=\"lazy\" decoding=\"async\" class=\"dp-dfg-featured-image\" src=\"https:\/\/www.museuemporda.org\/wp-content\/uploads\/2021\/11\/mE-2534-250x250.jpg\" alt=\"Sense t\u00edtol\" width=\"250\" height=\"250\" data-ratio=\"1\"\/><\/a><\/figure><div class=\"dp-dfg-header entry-header\"><h2 class=\"entry-title\">Sense t\u00edtol<\/h2><\/div><div class=\"dp-dfg-custom-content\"><p class=\"dp-dfg-custom-field dp-dfg-cf-autors2\"><span class=\"dp-dfg-custom-field-value\">Joaquim Carb\u00f3 Berthold<\/span><\/p><\/div><\/article><!-- DPDFG End Post Item Container --><article id=\"post-10679\" class=\"dp-dfg-item post-10679 obres_autors type-obres_autors status-publish has-post-thumbnail hentry tipus_tecniques-dibuix tecnica_especifica-tecnica-mixta-sobre-paper autors-josep-bartoli-guiu disciplina-dibuix \"     data-position=\"1309\"   data-new-tab=\"off\"   data-action-priority=\"item\"><figure class=\"dp-dfg-image entry-thumb\"><a href=\"https:\/\/www.museuemporda.org\/?obres_autors=els-bous\" class=\"dp-dfg-image-link\" ><img loading=\"lazy\" decoding=\"async\" class=\"dp-dfg-featured-image\" src=\"https:\/\/www.museuemporda.org\/wp-content\/uploads\/2022\/02\/mE-1293-250x250.jpg\" alt=\"Els bous\" width=\"250\" height=\"250\" data-ratio=\"1\"\/><\/a><\/figure><div class=\"dp-dfg-header entry-header\"><h2 class=\"entry-title\">Els bous<\/h2><\/div><div class=\"dp-dfg-custom-content\"><p class=\"dp-dfg-custom-field dp-dfg-cf-autors2\"><span class=\"dp-dfg-custom-field-value\">Josep Bartol\u00ed Guiu<\/span><\/p><\/div><\/article><!-- DPDFG End Post Item Container --><article id=\"post-10803\" class=\"dp-dfg-item post-10803 obres_autors type-obres_autors status-publish has-post-thumbnail hentry tipus_tecniques-dibuix tecnica_especifica-llapis-sobre-paper autors-joaquim-mir-trinxet disciplina-dibuix \"     data-position=\"1310\"   data-new-tab=\"off\"   data-action-priority=\"item\"><figure class=\"dp-dfg-image entry-thumb\"><a href=\"https:\/\/www.museuemporda.org\/?obres_autors=sense-titol-91\" class=\"dp-dfg-image-link\" ><img loading=\"lazy\" decoding=\"async\" class=\"dp-dfg-featured-image\" src=\"https:\/\/www.museuemporda.org\/wp-content\/uploads\/2022\/02\/mE-1660-250x250.jpg\" alt=\"Sense t\u00edtol\" width=\"250\" height=\"250\" data-ratio=\"1\"\/><\/a><\/figure><div class=\"dp-dfg-header entry-header\"><h2 class=\"entry-title\">Sense t\u00edtol<\/h2><\/div><div class=\"dp-dfg-custom-content\"><p class=\"dp-dfg-custom-field dp-dfg-cf-autors2\"><span class=\"dp-dfg-custom-field-value\">Joaquim Mir Trinxet<\/span><\/p><\/div><\/article><!-- DPDFG End Post Item Container --><article id=\"post-14160\" class=\"dp-dfg-item post-14160 obres_autors type-obres_autors status-publish has-post-thumbnail hentry tipus_tecniques-obra-grafica tecnica_especifica-impressio-digital autors-leonard-beard disciplina-obra-grafic \"     data-position=\"1311\"   data-new-tab=\"off\"   data-action-priority=\"item\"><figure class=\"dp-dfg-image entry-thumb\"><a href=\"https:\/\/www.museuemporda.org\/?obres_autors=sense-titol-407\" class=\"dp-dfg-image-link\" ><img loading=\"lazy\" decoding=\"async\" class=\"dp-dfg-featured-image\" src=\"https:\/\/www.museuemporda.org\/wp-content\/uploads\/2023\/07\/ME2772-LEO-250x250.jpg\" alt=\"Sense t\u00edtol\" width=\"250\" height=\"250\" data-ratio=\"1\"\/><\/a><\/figure><div class=\"dp-dfg-header entry-header\"><h2 class=\"entry-title\">Sense t\u00edtol<\/h2><\/div><div class=\"dp-dfg-custom-content\"><p class=\"dp-dfg-custom-field dp-dfg-cf-autors2\"><span class=\"dp-dfg-custom-field-value\">Leonard Beard<\/span><\/p><\/div><\/article><!-- DPDFG End Post Item Container --><article id=\"post-13900\" class=\"dp-dfg-item post-13900 obres_autors type-obres_autors status-publish has-post-thumbnail hentry tipus_tecniques-dibuix tecnica_especifica-impressio-digital autors-pep-claparols-i-moret disciplina-dibuix \"     data-position=\"1312\"   data-new-tab=\"off\"   data-action-priority=\"item\"><figure class=\"dp-dfg-image entry-thumb\"><a href=\"https:\/\/www.museuemporda.org\/?obres_autors=sense-titol-289\" class=\"dp-dfg-image-link\" ><img loading=\"lazy\" decoding=\"async\" class=\"dp-dfg-featured-image\" src=\"https:\/\/www.museuemporda.org\/wp-content\/uploads\/2023\/06\/ME2651-PEP98-250x250.jpg\" alt=\"Sense t\u00edtol\" width=\"250\" height=\"250\" data-ratio=\"1\"\/><\/a><\/figure><div class=\"dp-dfg-header entry-header\"><h2 class=\"entry-title\">Sense t\u00edtol<\/h2><\/div><div class=\"dp-dfg-custom-content\"><p class=\"dp-dfg-custom-field dp-dfg-cf-autors2\"><span class=\"dp-dfg-custom-field-value\">Pep Claparols i Moret<\/span><\/p><\/div><\/article><!-- DPDFG End Post Item Container --><article id=\"post-8881\" class=\"dp-dfg-item post-8881 obres_autors type-obres_autors status-publish has-post-thumbnail hentry tecnica_especifica-oli-sobre-tela autors-ignasi-mallol-casanovas disciplina-pintura \"     data-position=\"1313\"   data-new-tab=\"off\"   data-action-priority=\"item\"><figure class=\"dp-dfg-image entry-thumb\"><a href=\"https:\/\/www.museuemporda.org\/?obres_autors=primavera\" class=\"dp-dfg-image-link\" ><img loading=\"lazy\" decoding=\"async\" class=\"dp-dfg-featured-image\" src=\"https:\/\/www.museuemporda.org\/wp-content\/uploads\/2021\/11\/mE-662-250x250.jpg\" alt=\"Primavera\" width=\"250\" height=\"250\" data-ratio=\"1\"\/><\/a><\/figure><div class=\"dp-dfg-header entry-header\"><h2 class=\"entry-title\">Primavera<\/h2><\/div><div class=\"dp-dfg-custom-content\"><p class=\"dp-dfg-custom-field dp-dfg-cf-autors2\"><span class=\"dp-dfg-custom-field-value\">Ignasi Mallol Casanovas<\/span><\/p><\/div><\/article><!-- DPDFG End Post Item Container --><article id=\"post-8594\" class=\"dp-dfg-item post-8594 obres_autors type-obres_autors status-publish has-post-thumbnail hentry autors-joaquim-fort-de-ribot disciplina-fotografia \"     data-position=\"1314\"   data-new-tab=\"off\"   data-action-priority=\"item\"><figure class=\"dp-dfg-image entry-thumb\"><a href=\"https:\/\/www.museuemporda.org\/?obres_autors=borrassa\" class=\"dp-dfg-image-link\" ><img loading=\"lazy\" decoding=\"async\" class=\"dp-dfg-featured-image\" src=\"https:\/\/www.museuemporda.org\/wp-content\/uploads\/2021\/10\/mE-2445-250x250.jpg\" alt=\"Borrass\u00e0\" width=\"250\" height=\"250\" data-ratio=\"1\"\/><\/a><\/figure><div class=\"dp-dfg-header entry-header\"><h2 class=\"entry-title\">Borrass\u00e0<\/h2><\/div><div class=\"dp-dfg-custom-content\"><p class=\"dp-dfg-custom-field dp-dfg-cf-autors2\"><span class=\"dp-dfg-custom-field-value\">Joaquim Fort de Ribot<\/span><\/p><\/div><\/article><!-- DPDFG End Post Item Container --><article id=\"post-10169\" class=\"dp-dfg-item post-10169 obres_autors type-obres_autors status-publish has-post-thumbnail hentry tipus_tecniques-aiguafort tecnica_especifica-aiguafort autors-joan-vila-moncau disciplina-obra-grafic \"     data-position=\"1315\"   data-new-tab=\"off\"   data-action-priority=\"item\"><figure class=\"dp-dfg-image entry-thumb\"><a href=\"https:\/\/www.museuemporda.org\/?obres_autors=el-segador\" class=\"dp-dfg-image-link\" ><img loading=\"lazy\" decoding=\"async\" class=\"dp-dfg-featured-image\" src=\"https:\/\/www.museuemporda.org\/wp-content\/uploads\/2022\/01\/mE-1225-250x250.jpg\" alt=\"El segador\" width=\"250\" height=\"250\" data-ratio=\"1\"\/><\/a><\/figure><div class=\"dp-dfg-header entry-header\"><h2 class=\"entry-title\">El segador<\/h2><\/div><div class=\"dp-dfg-custom-content\"><p class=\"dp-dfg-custom-field dp-dfg-cf-autors2\"><span class=\"dp-dfg-custom-field-value\">Joan Vil\u00e0 Moncau<\/span><\/p><\/div><\/article><!-- DPDFG End Post Item Container --><article id=\"post-6064\" class=\"dp-dfg-item post-6064 obres_autors type-obres_autors status-publish has-post-thumbnail hentry tecnica_especifica-oli-sobre-tela autors-evarist-valles-rovira disciplina-pintura \"     data-position=\"1316\"   data-new-tab=\"off\"   data-action-priority=\"item\"><figure class=\"dp-dfg-image entry-thumb\"><a href=\"https:\/\/www.museuemporda.org\/?obres_autors=pop-vegetal\" class=\"dp-dfg-image-link\" ><img loading=\"lazy\" decoding=\"async\" class=\"dp-dfg-featured-image\" src=\"https:\/\/www.museuemporda.org\/wp-content\/uploads\/2020\/04\/mE-1611-250x250.jpg\" alt=\"Pop vegetal\" width=\"250\" height=\"250\" data-ratio=\"1\"\/><\/a><\/figure><div class=\"dp-dfg-header entry-header\"><h2 class=\"entry-title\">Pop vegetal<\/h2><\/div><div class=\"dp-dfg-custom-content\"><p class=\"dp-dfg-custom-field dp-dfg-cf-autors2\"><span class=\"dp-dfg-custom-field-value\">Evarist Vall\u00e8s Rovira<\/span><\/p><\/div><\/article><!-- DPDFG End Post Item Container --><article id=\"post-10084\" class=\"dp-dfg-item post-10084 obres_autors type-obres_autors status-publish has-post-thumbnail hentry tipus_tecniques-escultura tecnica_especifica-tecnica-mixta autors-estela-saez-vilanova disciplina-escultura \"     data-position=\"1317\"   data-new-tab=\"off\"   data-action-priority=\"item\"><figure class=\"dp-dfg-image entry-thumb\"><a href=\"https:\/\/www.museuemporda.org\/?obres_autors=del-genesi-a-lapocalipsi\" class=\"dp-dfg-image-link\" ><img loading=\"lazy\" decoding=\"async\" class=\"dp-dfg-featured-image\" src=\"https:\/\/www.museuemporda.org\/wp-content\/uploads\/2022\/01\/mE-2134-250x250.jpg\" alt=\"Del g\u00e8nesi a l&#8217;apocalipsi\" width=\"250\" height=\"250\" data-ratio=\"1\"\/><\/a><\/figure><div class=\"dp-dfg-header entry-header\"><h2 class=\"entry-title\">Del g\u00e8nesi a l&#8217;apocalipsi<\/h2><\/div><div class=\"dp-dfg-custom-content\"><p class=\"dp-dfg-custom-field dp-dfg-cf-autors2\"><span class=\"dp-dfg-custom-field-value\">Estela Saez Vilanova <\/span><\/p><\/div><\/article><!-- DPDFG End Post Item Container --><article id=\"post-10082\" class=\"dp-dfg-item post-10082 obres_autors type-obres_autors status-publish has-post-thumbnail hentry tipus_tecniques-escultura tecnica_especifica-tecnica-mixta autors-estela-saez-vilanova disciplina-escultura \"     data-position=\"1318\"   data-new-tab=\"off\"   data-action-priority=\"item\"><figure class=\"dp-dfg-image entry-thumb\"><a href=\"https:\/\/www.museuemporda.org\/?obres_autors=st-rocco\" class=\"dp-dfg-image-link\" ><img loading=\"lazy\" decoding=\"async\" class=\"dp-dfg-featured-image\" src=\"https:\/\/www.museuemporda.org\/wp-content\/uploads\/2022\/01\/mE-2133-250x250.jpg\" alt=\"St. Rocco\" width=\"250\" height=\"250\" data-ratio=\"1\"\/><\/a><\/figure><div class=\"dp-dfg-header entry-header\"><h2 class=\"entry-title\">St. Rocco<\/h2><\/div><div class=\"dp-dfg-custom-content\"><p class=\"dp-dfg-custom-field dp-dfg-cf-autors2\"><span class=\"dp-dfg-custom-field-value\">Estela Saez Vilanova<\/span><\/p><\/div><\/article><!-- DPDFG End Post Item Container --><article id=\"post-10760\" class=\"dp-dfg-item post-10760 obres_autors type-obres_autors status-publish has-post-thumbnail hentry tipus_tecniques-pintura tecnica_especifica-tecnica-mixta autors-josep-berga-boix disciplina-pintura \"     data-position=\"1319\"   data-new-tab=\"off\"   data-action-priority=\"item\"><figure class=\"dp-dfg-image entry-thumb\"><a href=\"https:\/\/www.museuemporda.org\/?obres_autors=paisatge-de-la-garrotxa\" class=\"dp-dfg-image-link\" ><img loading=\"lazy\" decoding=\"async\" class=\"dp-dfg-featured-image\" src=\"https:\/\/www.museuemporda.org\/wp-content\/uploads\/2022\/02\/mE-1207-250x250.jpg\" alt=\"Paisatge de la Garrotxa\" width=\"250\" height=\"250\" data-ratio=\"1\"\/><\/a><\/figure><div class=\"dp-dfg-header entry-header\"><h2 class=\"entry-title\">Paisatge de la Garrotxa<\/h2><\/div><div class=\"dp-dfg-custom-content\"><p class=\"dp-dfg-custom-field dp-dfg-cf-autors2\"><span class=\"dp-dfg-custom-field-value\">Josep Berga Boix<\/span><\/p><\/div><\/article><!-- DPDFG End Post Item Container --><article id=\"post-10518\" class=\"dp-dfg-item post-10518 obres_autors type-obres_autors status-publish has-post-thumbnail hentry tipus_tecniques-obra-grafica tecnica_especifica-paper-impres autors-salvador-dali-domenech disciplina-obra-grafic \"     data-position=\"1320\"   data-new-tab=\"off\"   data-action-priority=\"item\"><figure class=\"dp-dfg-image entry-thumb\"><a href=\"https:\/\/www.museuemporda.org\/?obres_autors=dali\" class=\"dp-dfg-image-link\" ><img loading=\"lazy\" decoding=\"async\" class=\"dp-dfg-featured-image\" src=\"https:\/\/www.museuemporda.org\/wp-content\/uploads\/2022\/02\/mE-2235-250x250.jpg\" alt=\"Dal\u00ed\" width=\"250\" height=\"250\" data-ratio=\"1\"\/><\/a><\/figure><div class=\"dp-dfg-header entry-header\"><h2 class=\"entry-title\">Dal\u00ed<\/h2><\/div><div class=\"dp-dfg-custom-content\"><p class=\"dp-dfg-custom-field dp-dfg-cf-autors2\"><span class=\"dp-dfg-custom-field-value\">Salvador Dal\u00ed Dom\u00e8nech<\/span><\/p><\/div><\/article><!-- DPDFG End Post Item Container --><article id=\"post-1292\" class=\"dp-dfg-item post-1292 obres_autors type-obres_autors status-publish has-post-thumbnail hentry tecnica_especifica-dibuix-sobre-paper autors-josep-bartoli-guiu \"     data-position=\"1321\"   data-new-tab=\"off\"   data-action-priority=\"item\"><figure class=\"dp-dfg-image entry-thumb\"><a href=\"https:\/\/www.museuemporda.org\/?obres_autors=el-charro\" class=\"dp-dfg-image-link\" ><img loading=\"lazy\" decoding=\"async\" class=\"dp-dfg-featured-image\" src=\"https:\/\/www.museuemporda.org\/wp-content\/uploads\/2020\/04\/mE-1292-scaled-1-250x250.jpg\" alt=\"El Charro\" width=\"250\" height=\"250\" data-ratio=\"1\"\/><\/a><\/figure><div class=\"dp-dfg-header entry-header\"><h2 class=\"entry-title\">El Charro<\/h2><\/div><div class=\"dp-dfg-custom-content\"><p class=\"dp-dfg-custom-field dp-dfg-cf-autors2\"><span class=\"dp-dfg-custom-field-value\">Josep Bartol\u00ed Guiu<\/span><\/p><\/div><\/article><!-- DPDFG End Post Item Container --><article id=\"post-5757\" class=\"dp-dfg-item post-5757 obres_autors type-obres_autors status-publish has-post-thumbnail hentry tecnica_especifica-oli-sobre-tela autors-juan-de-arellano disciplina-pintura \"     data-position=\"1322\"   data-new-tab=\"off\"   data-action-priority=\"item\"><figure class=\"dp-dfg-image entry-thumb\"><a href=\"https:\/\/www.museuemporda.org\/?obres_autors=natura-morta-amb-flors\" class=\"dp-dfg-image-link\" ><img loading=\"lazy\" decoding=\"async\" class=\"dp-dfg-featured-image\" src=\"https:\/\/www.museuemporda.org\/wp-content\/uploads\/2020\/04\/mE-626-250x250.jpg\" alt=\"Gerro de flors amb tulipes\" width=\"250\" height=\"250\" data-ratio=\"1\"\/><\/a><\/figure><div class=\"dp-dfg-header entry-header\"><h2 class=\"entry-title\">Gerro de flors amb tulipes<\/h2><\/div><div class=\"dp-dfg-custom-content\"><p class=\"dp-dfg-custom-field dp-dfg-cf-autors2\"><span class=\"dp-dfg-custom-field-value\">Juan de Arellano<\/span><\/p><\/div><\/article><!-- DPDFG End Post Item Container --><article id=\"post-13763\" class=\"dp-dfg-item post-13763 obres_autors type-obres_autors status-publish has-post-thumbnail hentry tipus_tecniques-dibuix tecnica_especifica-aquarella-sobre-paper-2 tecnica_especifica-tinta-sobre-paper autors-juliette-murphy disciplina-dibuix \"     data-position=\"1323\"   data-new-tab=\"off\"   data-action-priority=\"item\"><figure class=\"dp-dfg-image entry-thumb\"><a href=\"https:\/\/www.museuemporda.org\/?obres_autors=sense-titol-226\" class=\"dp-dfg-image-link\" ><img loading=\"lazy\" decoding=\"async\" class=\"dp-dfg-featured-image\" src=\"https:\/\/www.museuemporda.org\/wp-content\/uploads\/2023\/06\/ME2588-MURPHY10-250x250.jpg\" alt=\"Sense t\u00edtol\" width=\"250\" height=\"250\" data-ratio=\"1\"\/><\/a><\/figure><div class=\"dp-dfg-header entry-header\"><h2 class=\"entry-title\">Sense t\u00edtol<\/h2><\/div><div class=\"dp-dfg-custom-content\"><p class=\"dp-dfg-custom-field dp-dfg-cf-autors2\"><span class=\"dp-dfg-custom-field-value\">Juliette Murphy<\/span><\/p><\/div><\/article><!-- DPDFG End Post Item Container --><article id=\"post-8571\" class=\"dp-dfg-item post-8571 obres_autors type-obres_autors status-publish has-post-thumbnail hentry autors-francesc-guillamet-ferran disciplina-fotografia \"     data-position=\"1324\"   data-new-tab=\"off\"   data-action-priority=\"item\"><figure class=\"dp-dfg-image entry-thumb\"><a href=\"https:\/\/www.museuemporda.org\/?obres_autors=crep-suzette\" class=\"dp-dfg-image-link\" ><img loading=\"lazy\" decoding=\"async\" class=\"dp-dfg-featured-image\" src=\"https:\/\/www.museuemporda.org\/wp-content\/uploads\/2021\/10\/mE-2516-250x250.jpg\" alt=\"Crep Suzette\" width=\"250\" height=\"250\" data-ratio=\"1\"\/><\/a><\/figure><div class=\"dp-dfg-header entry-header\"><h2 class=\"entry-title\">Crep Suzette<\/h2><\/div><div class=\"dp-dfg-custom-content\"><p class=\"dp-dfg-custom-field dp-dfg-cf-autors2\"><span class=\"dp-dfg-custom-field-value\">Francesc Guillamet Ferran<\/span><\/p><\/div><\/article><!-- DPDFG End Post Item Container --><article id=\"post-9000\" class=\"dp-dfg-item post-9000 obres_autors type-obres_autors status-publish has-post-thumbnail hentry tecnica_especifica-oli-sobre-tela autors-wolfgang-rohde disciplina-pintura \"     data-position=\"1325\"   data-new-tab=\"off\"   data-action-priority=\"item\"><figure class=\"dp-dfg-image entry-thumb\"><a href=\"https:\/\/www.museuemporda.org\/?obres_autors=olivera-esplandent\" class=\"dp-dfg-image-link\" ><img loading=\"lazy\" decoding=\"async\" class=\"dp-dfg-featured-image\" src=\"https:\/\/www.museuemporda.org\/wp-content\/uploads\/2021\/11\/mE-1044-250x250.jpg\" alt=\"Olivera esplandent\" width=\"250\" height=\"250\" data-ratio=\"1\"\/><\/a><\/figure><div class=\"dp-dfg-header entry-header\"><h2 class=\"entry-title\">Olivera esplandent<\/h2><\/div><div class=\"dp-dfg-custom-content\"><p class=\"dp-dfg-custom-field dp-dfg-cf-autors2\"><span class=\"dp-dfg-custom-field-value\">Wolfgang Rohde<\/span><\/p><\/div><\/article><!-- DPDFG End Post Item Container --><article id=\"post-9290\" class=\"dp-dfg-item post-9290 obres_autors type-obres_autors status-publish has-post-thumbnail hentry tecnica_especifica-oli-sobre-tela autors-ramon-bretx-comas disciplina-pintura \"     data-position=\"1326\"   data-new-tab=\"off\"   data-action-priority=\"item\"><figure class=\"dp-dfg-image entry-thumb\"><a href=\"https:\/\/www.museuemporda.org\/?obres_autors=paisatge-30\" class=\"dp-dfg-image-link\" ><img loading=\"lazy\" decoding=\"async\" class=\"dp-dfg-featured-image\" src=\"https:\/\/www.museuemporda.org\/wp-content\/uploads\/2021\/11\/mE-2352-250x250.jpg\" alt=\"Paisatge\" width=\"250\" height=\"250\" data-ratio=\"1\"\/><\/a><\/figure><div class=\"dp-dfg-header entry-header\"><h2 class=\"entry-title\">Paisatge<\/h2><\/div><div class=\"dp-dfg-custom-content\"><p class=\"dp-dfg-custom-field dp-dfg-cf-autors2\"><span class=\"dp-dfg-custom-field-value\">Ramon Bretx Comas<\/span><\/p><\/div><\/article><!-- DPDFG End Post Item Container --><article id=\"post-5842\" class=\"dp-dfg-item post-5842 obres_autors type-obres_autors status-publish has-post-thumbnail hentry autors-marie-laurencin disciplina-dibuix \"     data-position=\"1327\"   data-new-tab=\"off\"   data-action-priority=\"item\"><figure class=\"dp-dfg-image entry-thumb\"><a href=\"https:\/\/www.museuemporda.org\/?obres_autors=retrat-femeni\" class=\"dp-dfg-image-link\" ><img loading=\"lazy\" decoding=\"async\" class=\"dp-dfg-featured-image\" src=\"https:\/\/www.museuemporda.org\/wp-content\/uploads\/2020\/04\/mE-707-250x250.jpg\" alt=\"Retrat femen\u00ed\" width=\"250\" height=\"250\" data-ratio=\"1\"\/><\/a><\/figure><div class=\"dp-dfg-header entry-header\"><h2 class=\"entry-title\">Retrat femen\u00ed<\/h2><\/div><div class=\"dp-dfg-custom-content\"><p class=\"dp-dfg-custom-field dp-dfg-cf-autors2\"><span class=\"dp-dfg-custom-field-value\">Marie Laurencin<\/span><\/p><\/div><\/article><!-- DPDFG End Post Item Container --><article id=\"post-9841\" class=\"dp-dfg-item post-9841 obres_autors type-obres_autors status-publish has-post-thumbnail hentry tipus_tecniques-fotografia tecnica_especifica-fotografia autors-jordi-puig disciplina-fotografia \"     data-position=\"1328\"   data-new-tab=\"off\"   data-action-priority=\"item\"><figure class=\"dp-dfg-image entry-thumb\"><a href=\"https:\/\/www.museuemporda.org\/?obres_autors=silencis-6\" class=\"dp-dfg-image-link\" ><img loading=\"lazy\" decoding=\"async\" class=\"dp-dfg-featured-image\" src=\"https:\/\/www.museuemporda.org\/wp-content\/uploads\/2022\/01\/5.jpg-250x250.jpg\" alt=\"Silencis &#8211; M. Rosa Marull Sol\u00e9\" width=\"250\" height=\"250\" data-ratio=\"1\"\/><\/a><\/figure><div class=\"dp-dfg-header entry-header\"><h2 class=\"entry-title\">Silencis &#8211; M. Rosa Marull Sol\u00e9<\/h2><\/div><div class=\"dp-dfg-custom-content\"><p class=\"dp-dfg-custom-field dp-dfg-cf-autors2\"><span class=\"dp-dfg-custom-field-value\">Jordi Puig<\/span><\/p><\/div><\/article><!-- DPDFG End Post Item Container --><article id=\"post-14262\" class=\"dp-dfg-item post-14262 obres_autors type-obres_autors status-publish has-post-thumbnail hentry tipus_tecniques-dibuix tecnica_especifica-impressio-digital autors-joan-antoja-mas disciplina-dibuix \"     data-position=\"1329\"   data-new-tab=\"off\"   data-action-priority=\"item\"><figure class=\"dp-dfg-image entry-thumb\"><a href=\"https:\/\/www.museuemporda.org\/?obres_autors=sense-titol-455\" class=\"dp-dfg-image-link\" ><img loading=\"lazy\" decoding=\"async\" class=\"dp-dfg-featured-image\" src=\"https:\/\/www.museuemporda.org\/wp-content\/uploads\/2023\/07\/ME2840-ANTOJA-250x250.jpg\" alt=\"Sense t\u00edtol\" width=\"250\" height=\"250\" data-ratio=\"1\"\/><\/a><\/figure><div class=\"dp-dfg-header entry-header\"><h2 class=\"entry-title\">Sense t\u00edtol<\/h2><\/div><div class=\"dp-dfg-custom-content\"><p class=\"dp-dfg-custom-field dp-dfg-cf-autors2\"><span class=\"dp-dfg-custom-field-value\">Joan Antoja Mas<\/span><\/p><\/div><\/article><!-- DPDFG End Post Item Container --><article id=\"post-5956\" class=\"dp-dfg-item post-5956 obres_autors type-obres_autors status-publish has-post-thumbnail hentry tecnica_especifica-oli-sobre-tela autors-daniel-lleixa-borras disciplina-pintura \"     data-position=\"1330\"   data-new-tab=\"off\"   data-action-priority=\"item\"><figure class=\"dp-dfg-image entry-thumb\"><a href=\"https:\/\/www.museuemporda.org\/?obres_autors=quadern-momentani\" class=\"dp-dfg-image-link\" ><img loading=\"lazy\" decoding=\"async\" class=\"dp-dfg-featured-image\" src=\"https:\/\/www.museuemporda.org\/wp-content\/uploads\/2020\/04\/mE-731-250x250.jpg\" alt=\"Quadern momentani\" width=\"250\" height=\"250\" data-ratio=\"1\"\/><\/a><\/figure><div class=\"dp-dfg-header entry-header\"><h2 class=\"entry-title\">Quadern momentani<\/h2><\/div><div class=\"dp-dfg-custom-content\"><p class=\"dp-dfg-custom-field dp-dfg-cf-autors2\"><span class=\"dp-dfg-custom-field-value\">Daniel Lleix\u00e0 Borr\u00e0s<\/span><\/p><\/div><\/article><!-- DPDFG End Post Item Container --><article id=\"post-8957\" class=\"dp-dfg-item post-8957 obres_autors type-obres_autors status-publish has-post-thumbnail hentry tecnica_especifica-oli-sobre-tela autors-guillem-comalat-joana disciplina-pintura \"     data-position=\"1331\"   data-new-tab=\"off\"   data-action-priority=\"item\"><figure class=\"dp-dfg-image entry-thumb\"><a href=\"https:\/\/www.museuemporda.org\/?obres_autors=retrat-femeni-5\" class=\"dp-dfg-image-link\" ><img loading=\"lazy\" decoding=\"async\" class=\"dp-dfg-featured-image\" src=\"https:\/\/www.museuemporda.org\/wp-content\/uploads\/2021\/11\/mE-736-250x250.jpg\" alt=\"Retrat femen\u00ed\" width=\"250\" height=\"250\" data-ratio=\"1\"\/><\/a><\/figure><div class=\"dp-dfg-header entry-header\"><h2 class=\"entry-title\">Retrat femen\u00ed<\/h2><\/div><div class=\"dp-dfg-custom-content\"><p class=\"dp-dfg-custom-field dp-dfg-cf-autors2\"><span class=\"dp-dfg-custom-field-value\">Guillem Comalat Joana<\/span><\/p><\/div><\/article><!-- DPDFG End Post Item Container --><article id=\"post-5716\" class=\"dp-dfg-item post-5716 obres_autors type-obres_autors status-publish has-post-thumbnail hentry autors-autoria-desconeguda \"     data-position=\"1332\"   data-new-tab=\"off\"   data-action-priority=\"item\"><figure class=\"dp-dfg-image entry-thumb\"><a href=\"https:\/\/www.museuemporda.org\/?obres_autors=destral\" class=\"dp-dfg-image-link\" ><img loading=\"lazy\" decoding=\"async\" class=\"dp-dfg-featured-image\" src=\"https:\/\/www.museuemporda.org\/wp-content\/uploads\/2020\/04\/mE-560-1-250x250.jpg\" alt=\"Destral plana\" width=\"250\" height=\"250\" data-ratio=\"1\"\/><\/a><\/figure><div class=\"dp-dfg-header entry-header\"><h2 class=\"entry-title\">Destral plana<\/h2><\/div><div class=\"dp-dfg-custom-content\"><p class=\"dp-dfg-custom-field dp-dfg-cf-autors2\"><span class=\"dp-dfg-custom-field-value\">Autoria desconeguda<\/span><\/p><\/div><\/article><!-- DPDFG End Post Item Container --><article id=\"post-8965\" class=\"dp-dfg-item post-8965 obres_autors type-obres_autors status-publish has-post-thumbnail hentry tecnica_especifica-oli-sobre-tela autors-josep-blanquet-taberner disciplina-pintura \"     data-position=\"1333\"   data-new-tab=\"off\"   data-action-priority=\"item\"><figure class=\"dp-dfg-image entry-thumb\"><a href=\"https:\/\/www.museuemporda.org\/?obres_autors=el-mercat\" class=\"dp-dfg-image-link\" ><img loading=\"lazy\" decoding=\"async\" class=\"dp-dfg-featured-image\" src=\"https:\/\/www.museuemporda.org\/wp-content\/uploads\/2021\/11\/mE-746-250x250.jpg\" alt=\"El mercat\" width=\"250\" height=\"250\" data-ratio=\"1\"\/><\/a><\/figure><div class=\"dp-dfg-header entry-header\"><h2 class=\"entry-title\">El mercat<\/h2><\/div><div class=\"dp-dfg-custom-content\"><p class=\"dp-dfg-custom-field dp-dfg-cf-autors2\"><span class=\"dp-dfg-custom-field-value\">Josep Blanquet Taberner<\/span><\/p><\/div><\/article><!-- DPDFG End Post Item Container --><article id=\"post-13885\" class=\"dp-dfg-item post-13885 obres_autors type-obres_autors status-publish has-post-thumbnail hentry tipus_tecniques-dibuix tecnica_especifica-impressio-digital autors-pep-claparols-i-moret disciplina-dibuix \"     data-position=\"1334\"   data-new-tab=\"off\"   data-action-priority=\"item\"><figure class=\"dp-dfg-image entry-thumb\"><a href=\"https:\/\/www.museuemporda.org\/?obres_autors=sense-titol-282\" class=\"dp-dfg-image-link\" ><img loading=\"lazy\" decoding=\"async\" class=\"dp-dfg-featured-image\" src=\"https:\/\/www.museuemporda.org\/wp-content\/uploads\/2023\/06\/ME2644-PEP98-250x250.jpg\" alt=\"Sense t\u00edtol\" width=\"250\" height=\"250\" data-ratio=\"1\"\/><\/a><\/figure><div class=\"dp-dfg-header entry-header\"><h2 class=\"entry-title\">Sense t\u00edtol<\/h2><\/div><div class=\"dp-dfg-custom-content\"><p class=\"dp-dfg-custom-field dp-dfg-cf-autors2\"><span class=\"dp-dfg-custom-field-value\">Pep Claparols i Moret<\/span><\/p><\/div><\/article><!-- DPDFG End Post Item Container --><article id=\"post-8590\" class=\"dp-dfg-item post-8590 obres_autors type-obres_autors status-publish has-post-thumbnail hentry autors-joaquim-fort-de-ribot disciplina-fotografia \"     data-position=\"1335\"   data-new-tab=\"off\"   data-action-priority=\"item\"><figure class=\"dp-dfg-image entry-thumb\"><a href=\"https:\/\/www.museuemporda.org\/?obres_autors=figueres-vista-des-del-far-demporda\" class=\"dp-dfg-image-link\" ><img loading=\"lazy\" decoding=\"async\" class=\"dp-dfg-featured-image\" src=\"https:\/\/www.museuemporda.org\/wp-content\/uploads\/2021\/10\/mE-2447-250x250.jpg\" alt=\"Figueres vista des del Far d&#8217;Empord\u00e0\" width=\"250\" height=\"250\" data-ratio=\"1\"\/><\/a><\/figure><div class=\"dp-dfg-header entry-header\"><h2 class=\"entry-title\">Figueres vista des del Far d&#8217;Empord\u00e0<\/h2><\/div><div class=\"dp-dfg-custom-content\"><p class=\"dp-dfg-custom-field dp-dfg-cf-autors2\"><span class=\"dp-dfg-custom-field-value\">Joaquim Fort de Ribot<\/span><\/p><\/div><\/article><!-- DPDFG End Post Item Container --><article id=\"post-14331\" class=\"dp-dfg-item post-14331 obres_autors type-obres_autors status-publish has-post-thumbnail hentry tipus_tecniques-dibuix tecnica_especifica-impressio-digital autors-jordi-fenosa-tatay disciplina-dibuix \"     data-position=\"1336\"   data-new-tab=\"off\"   data-action-priority=\"item\"><figure class=\"dp-dfg-image entry-thumb\"><a href=\"https:\/\/www.museuemporda.org\/?obres_autors=sense-titol-487\" class=\"dp-dfg-image-link\" ><img loading=\"lazy\" decoding=\"async\" class=\"dp-dfg-featured-image\" src=\"https:\/\/www.museuemporda.org\/wp-content\/uploads\/2023\/07\/ME2873-TATAY-250x250.jpg\" alt=\"Sense t\u00edtol\" width=\"250\" height=\"250\" data-ratio=\"1\"\/><\/a><\/figure><div class=\"dp-dfg-header entry-header\"><h2 class=\"entry-title\">Sense t\u00edtol<\/h2><\/div><div class=\"dp-dfg-custom-content\"><p class=\"dp-dfg-custom-field dp-dfg-cf-autors2\"><span class=\"dp-dfg-custom-field-value\">Jordi Fenosa Tatay<\/span><\/p><\/div><\/article><!-- DPDFG End Post Item Container --><article id=\"post-9484\" class=\"dp-dfg-item post-9484 obres_autors type-obres_autors status-publish has-post-thumbnail hentry tipus_tecniques-dibuix tecnica_especifica-dibuix-sobre-paper autors-ricard-canals-llambi disciplina-dibuix \"     data-position=\"1337\"   data-new-tab=\"off\"   data-action-priority=\"item\"><figure class=\"dp-dfg-image entry-thumb\"><a href=\"https:\/\/www.museuemporda.org\/?obres_autors=figura-femenina-4\" class=\"dp-dfg-image-link\" ><img loading=\"lazy\" decoding=\"async\" class=\"dp-dfg-featured-image\" src=\"https:\/\/www.museuemporda.org\/wp-content\/uploads\/2022\/01\/mE-1193-250x250.jpg\" alt=\"Figura femenina\" width=\"250\" height=\"250\" data-ratio=\"1\"\/><\/a><\/figure><div class=\"dp-dfg-header entry-header\"><h2 class=\"entry-title\">Figura femenina<\/h2><\/div><div class=\"dp-dfg-custom-content\"><p class=\"dp-dfg-custom-field dp-dfg-cf-autors2\"><span class=\"dp-dfg-custom-field-value\">Ricard Canals Llamb\u00ed<\/span><\/p><\/div><\/article><!-- DPDFG End Post Item Container --><article id=\"post-5988\" class=\"dp-dfg-item post-5988 obres_autors type-obres_autors status-publish has-post-thumbnail hentry tecnica_especifica-oli-sobre-tela autors-joan-massanet-juli disciplina-pintura \"     data-position=\"1338\"   data-new-tab=\"off\"   data-action-priority=\"item\"><figure class=\"dp-dfg-image entry-thumb\"><a href=\"https:\/\/www.museuemporda.org\/?obres_autors=pantocrator\" class=\"dp-dfg-image-link\" ><img loading=\"lazy\" decoding=\"async\" class=\"dp-dfg-featured-image\" src=\"https:\/\/www.museuemporda.org\/wp-content\/uploads\/2020\/04\/mE-773-250x250.jpg\" alt=\"Pantocr\u00e0tor\" width=\"250\" height=\"250\" data-ratio=\"1\"\/><\/a><\/figure><div class=\"dp-dfg-header entry-header\"><h2 class=\"entry-title\">Pantocr\u00e0tor<\/h2><\/div><div class=\"dp-dfg-custom-content\"><p class=\"dp-dfg-custom-field dp-dfg-cf-autors2\"><span class=\"dp-dfg-custom-field-value\">Joan Massanet Juli<\/span><\/p><\/div><\/article><!-- DPDFG End Post Item Container --><article id=\"post-14535\" class=\"dp-dfg-item post-14535 obres_autors type-obres_autors status-publish has-post-thumbnail hentry tipus_tecniques-dibuix tecnica_especifica-tecnica-mixta-sobre-cartro autors-enric-pascual-monturiol disciplina-dibuix \"     data-position=\"1339\"   data-new-tab=\"off\"   data-action-priority=\"item\"><figure class=\"dp-dfg-image entry-thumb\"><a href=\"https:\/\/www.museuemporda.org\/?obres_autors=sense-titol-530\" class=\"dp-dfg-image-link\" ><img loading=\"lazy\" decoding=\"async\" class=\"dp-dfg-featured-image\" src=\"https:\/\/www.museuemporda.org\/wp-content\/uploads\/2023\/07\/ME2934-250x250.jpg\" alt=\"Sense t\u00edtol\" width=\"250\" height=\"250\" data-ratio=\"1\"\/><\/a><\/figure><div class=\"dp-dfg-header entry-header\"><h2 class=\"entry-title\">Sense t\u00edtol<\/h2><\/div><div class=\"dp-dfg-custom-content\"><p class=\"dp-dfg-custom-field dp-dfg-cf-autors2\"><span class=\"dp-dfg-custom-field-value\">Enric Pascual Monturiol<\/span><\/p><\/div><\/article><!-- DPDFG End Post Item Container --><article id=\"post-9082\" class=\"dp-dfg-item post-9082 obres_autors type-obres_autors status-publish has-post-thumbnail hentry tipus_tecniques-argila autors-autoria-desconeguda disciplina-arqueologia \"     data-position=\"1340\"   data-new-tab=\"off\"   data-action-priority=\"item\"><figure class=\"dp-dfg-image entry-thumb\"><a href=\"https:\/\/www.museuemporda.org\/?obres_autors=amfora-tarraconesa\" class=\"dp-dfg-image-link\" ><img loading=\"lazy\" decoding=\"async\" class=\"dp-dfg-featured-image\" src=\"https:\/\/www.museuemporda.org\/wp-content\/uploads\/2021\/11\/mE-70_2019-250x250.jpg\" alt=\"\u00c0mfora tarraconesa\" width=\"250\" height=\"250\" data-ratio=\"1\"\/><\/a><\/figure><div class=\"dp-dfg-header entry-header\"><h2 class=\"entry-title\">\u00c0mfora tarraconesa<\/h2><\/div><div class=\"dp-dfg-custom-content\"><p class=\"dp-dfg-custom-field dp-dfg-cf-autors2\"><span class=\"dp-dfg-custom-field-value\">Autoria desconeguda<\/span><\/p><\/div><\/article><!-- DPDFG End Post Item Container --><article id=\"post-12647\" class=\"dp-dfg-item post-12647 obres_autors type-obres_autors status-publish has-post-thumbnail hentry tipus_tecniques-pintura tecnica_especifica-pintura-sobre-paper autors-lluis-penaranda disciplina-pintura \"     data-position=\"1341\"   data-new-tab=\"off\"   data-action-priority=\"item\"><figure class=\"dp-dfg-image entry-thumb\"><a href=\"https:\/\/www.museuemporda.org\/?obres_autors=noia-fosca-al-cim-dun-llapis\" class=\"dp-dfg-image-link\" ><img loading=\"lazy\" decoding=\"async\" class=\"dp-dfg-featured-image\" src=\"https:\/\/www.museuemporda.org\/wp-content\/uploads\/2022\/04\/ME-2549_JORDI-PUIG-2021_2-250x250.jpg\" alt=\"Noia fosca, al cim d&#8217;un llapis\" width=\"250\" height=\"250\" data-ratio=\"1\"\/><\/a><\/figure><div class=\"dp-dfg-header entry-header\"><h2 class=\"entry-title\">Noia fosca, al cim d&#8217;un llapis<\/h2><\/div><div class=\"dp-dfg-custom-content\"><p class=\"dp-dfg-custom-field dp-dfg-cf-autors2\"><span class=\"dp-dfg-custom-field-value\">Llu\u00eds Pe\u00f1aranda<\/span><\/p><\/div><\/article><!-- DPDFG End Post Item Container --><article id=\"post-14621\" class=\"dp-dfg-item post-14621 obres_autors type-obres_autors status-publish has-post-thumbnail hentry tipus_tecniques-obra-grafica tecnica_especifica-impressio-digital autors-joan-antoni-poch disciplina-obra-grafic \"     data-position=\"1342\"   data-new-tab=\"off\"   data-action-priority=\"item\"><figure class=\"dp-dfg-image entry-thumb\"><a href=\"https:\/\/www.museuemporda.org\/?obres_autors=sense-titol-543\" class=\"dp-dfg-image-link\" ><img loading=\"lazy\" decoding=\"async\" class=\"dp-dfg-featured-image\" src=\"https:\/\/www.museuemporda.org\/wp-content\/uploads\/2023\/07\/ME2788-JAP-250x250.jpg\" alt=\"Sense t\u00edtol\" width=\"250\" height=\"250\" data-ratio=\"1\"\/><\/a><\/figure><div class=\"dp-dfg-header entry-header\"><h2 class=\"entry-title\">Sense t\u00edtol<\/h2><\/div><div class=\"dp-dfg-custom-content\"><p class=\"dp-dfg-custom-field dp-dfg-cf-autors2\"><span class=\"dp-dfg-custom-field-value\">Joan Antoni Poch<\/span><\/p><\/div><\/article><!-- DPDFG End Post Item Container --><article id=\"post-10631\" class=\"dp-dfg-item post-10631 obres_autors type-obres_autors status-publish has-post-thumbnail hentry tipus_tecniques-obra-grafica tecnica_especifica-litografia autors-pic-adrian disciplina-obra-grafic \"     data-position=\"1343\"   data-new-tab=\"off\"   data-action-priority=\"item\"><figure class=\"dp-dfg-image entry-thumb\"><a href=\"https:\/\/www.museuemporda.org\/?obres_autors=composicio-12\" class=\"dp-dfg-image-link\" ><img loading=\"lazy\" decoding=\"async\" class=\"dp-dfg-featured-image\" src=\"https:\/\/www.museuemporda.org\/wp-content\/uploads\/2022\/02\/mE-1482-250x250.jpg\" alt=\"Composici\u00f3\" width=\"250\" height=\"250\" data-ratio=\"1\"\/><\/a><\/figure><div class=\"dp-dfg-header entry-header\"><h2 class=\"entry-title\">Composici\u00f3<\/h2><\/div><div class=\"dp-dfg-custom-content\"><p class=\"dp-dfg-custom-field dp-dfg-cf-autors2\"><span class=\"dp-dfg-custom-field-value\">Pic Adrian<\/span><\/p><\/div><\/article><!-- DPDFG End Post Item Container --><article id=\"post-9724\" class=\"dp-dfg-item post-9724 obres_autors type-obres_autors status-publish has-post-thumbnail hentry tipus_tecniques-fotografia tecnica_especifica-fotografia autors-joaquim-fort-de-ribot disciplina-fotografia \"     data-position=\"1344\"   data-new-tab=\"off\"   data-action-priority=\"item\"><figure class=\"dp-dfg-image entry-thumb\"><a href=\"https:\/\/www.museuemporda.org\/?obres_autors=bosc\" class=\"dp-dfg-image-link\" ><img loading=\"lazy\" decoding=\"async\" class=\"dp-dfg-featured-image\" src=\"https:\/\/www.museuemporda.org\/wp-content\/uploads\/2022\/01\/mE-2451-250x250.jpg\" alt=\"Bosc\" width=\"250\" height=\"250\" data-ratio=\"1\"\/><\/a><\/figure><div class=\"dp-dfg-header entry-header\"><h2 class=\"entry-title\">Bosc<\/h2><\/div><div class=\"dp-dfg-custom-content\"><p class=\"dp-dfg-custom-field dp-dfg-cf-autors2\"><span class=\"dp-dfg-custom-field-value\">Joaquim Fort de Ribot<\/span><\/p><\/div><\/article><!-- DPDFG End Post Item Container --><article id=\"post-8623\" class=\"dp-dfg-item post-8623 obres_autors type-obres_autors status-publish has-post-thumbnail hentry autors-joaquim-fort-de-ribot disciplina-fotografia \"     data-position=\"1345\"   data-new-tab=\"off\"   data-action-priority=\"item\"><figure class=\"dp-dfg-image entry-thumb\"><a href=\"https:\/\/www.museuemporda.org\/?obres_autors=imatge-del-monestir-de-sant-pere-de-roda-2\" class=\"dp-dfg-image-link\" ><img loading=\"lazy\" decoding=\"async\" class=\"dp-dfg-featured-image\" src=\"https:\/\/www.museuemporda.org\/wp-content\/uploads\/2021\/10\/mE-2454-250x250.jpg\" alt=\"Imatge del monestir de Sant Pere de Roda\" width=\"250\" height=\"250\" data-ratio=\"1\"\/><\/a><\/figure><div class=\"dp-dfg-header entry-header\"><h2 class=\"entry-title\">Imatge del monestir de Sant Pere de Roda<\/h2><\/div><div class=\"dp-dfg-custom-content\"><p class=\"dp-dfg-custom-field dp-dfg-cf-autors2\"><span class=\"dp-dfg-custom-field-value\">Joaquim Fort de Ribot<\/span><\/p><\/div><\/article><!-- DPDFG End Post Item Container --><article id=\"post-6087\" class=\"dp-dfg-item post-6087 obres_autors type-obres_autors status-publish has-post-thumbnail hentry autors-joaquim-fort-de-ribot disciplina-fotografia \"     data-position=\"1346\"   data-new-tab=\"off\"   data-action-priority=\"item\"><figure class=\"dp-dfg-image entry-thumb\"><a href=\"https:\/\/www.museuemporda.org\/?obres_autors=merce-montane-grau-de-can-suro\" class=\"dp-dfg-image-link\" ><img loading=\"lazy\" decoding=\"async\" class=\"dp-dfg-featured-image\" src=\"https:\/\/www.museuemporda.org\/wp-content\/uploads\/2020\/04\/mE-2439-250x250.jpg\" alt=\"Merc\u00e8 Montan\u00e9 Grau, de can Suro (Borrass\u00e0)\" width=\"250\" height=\"250\" data-ratio=\"1\"\/><\/a><\/figure><div class=\"dp-dfg-header entry-header\"><h2 class=\"entry-title\">Merc\u00e8 Montan\u00e9 Grau, de can Suro (Borrass\u00e0)<\/h2><\/div><div class=\"dp-dfg-custom-content\"><p class=\"dp-dfg-custom-field dp-dfg-cf-autors2\"><span class=\"dp-dfg-custom-field-value\">Joaquim Fort de Ribot<\/span><\/p><\/div><\/article><!-- DPDFG End Post Item Container --><article id=\"post-6085\" class=\"dp-dfg-item post-6085 obres_autors type-obres_autors status-publish has-post-thumbnail hentry tecnica_especifica-oli-sobre-tela autors-josep-pujol-ripoll disciplina-pintura \"     data-position=\"1347\"   data-new-tab=\"off\"   data-action-priority=\"item\"><figure class=\"dp-dfg-image entry-thumb\"><a href=\"https:\/\/www.museuemporda.org\/?obres_autors=el-garrigal\" class=\"dp-dfg-image-link\" ><img loading=\"lazy\" decoding=\"async\" class=\"dp-dfg-featured-image\" src=\"https:\/\/www.museuemporda.org\/wp-content\/uploads\/2020\/04\/mE-2392-2018-250x250.jpg\" alt=\"El Garrigal\" width=\"250\" height=\"250\" data-ratio=\"1\"\/><\/a><\/figure><div class=\"dp-dfg-header entry-header\"><h2 class=\"entry-title\">El Garrigal<\/h2><\/div><div class=\"dp-dfg-custom-content\"><p class=\"dp-dfg-custom-field dp-dfg-cf-autors2\"><span class=\"dp-dfg-custom-field-value\">Josep Pujol Ripoll<\/span><\/p><\/div><\/article><!-- DPDFG End Post Item Container --><article id=\"post-12635\" class=\"dp-dfg-item post-12635 obres_autors type-obres_autors status-publish has-post-thumbnail hentry tipus_tecniques-pintura tecnica_especifica-pintura-acrilica-sobre-tela autors-elena-paredes disciplina-pintura \"     data-position=\"1348\"   data-new-tab=\"off\"   data-action-priority=\"item\"><figure class=\"dp-dfg-image entry-thumb\"><a href=\"https:\/\/www.museuemporda.org\/?obres_autors=sense-titol-192\" class=\"dp-dfg-image-link\" ><img loading=\"lazy\" decoding=\"async\" class=\"dp-dfg-featured-image\" src=\"https:\/\/www.museuemporda.org\/wp-content\/uploads\/2022\/04\/ME-2538_JORDI-PUIG-2021_2-250x250.jpg\" alt=\"Sense t\u00edtol\" width=\"250\" height=\"250\" data-ratio=\"1\"\/><\/a><\/figure><div class=\"dp-dfg-header entry-header\"><h2 class=\"entry-title\">Sense t\u00edtol<\/h2><\/div><div class=\"dp-dfg-custom-content\"><p class=\"dp-dfg-custom-field dp-dfg-cf-autors2\"><span class=\"dp-dfg-custom-field-value\">Elena Paredes<\/span><\/p><\/div><\/article><!-- DPDFG End Post Item Container --><article id=\"post-12027\" class=\"dp-dfg-item post-12027 obres_autors type-obres_autors status-publish has-post-thumbnail hentry tipus_tecniques-pintura tecnica_especifica-aquarella-sobre-paper autors-josep-traite-compte disciplina-pintura \"     data-position=\"1349\"   data-new-tab=\"off\"   data-action-priority=\"item\"><figure class=\"dp-dfg-image entry-thumb\"><a href=\"https:\/\/www.museuemporda.org\/?obres_autors=garrigal\" class=\"dp-dfg-image-link\" ><img loading=\"lazy\" decoding=\"async\" class=\"dp-dfg-featured-image\" src=\"https:\/\/www.museuemporda.org\/wp-content\/uploads\/2022\/02\/mE-1105-250x250.jpg\" alt=\"Garrigal\" width=\"250\" height=\"250\" data-ratio=\"1\"\/><\/a><\/figure><div class=\"dp-dfg-header entry-header\"><h2 class=\"entry-title\">Garrigal<\/h2><\/div><div class=\"dp-dfg-custom-content\"><p class=\"dp-dfg-custom-field dp-dfg-cf-autors2\"><span class=\"dp-dfg-custom-field-value\">Josep Trait\u00e9 Compte<\/span><\/p><\/div><\/article><!-- DPDFG End Post Item Container --><article id=\"post-7976\" class=\"dp-dfg-item post-7976 obres_autors type-obres_autors status-publish has-post-thumbnail hentry tecnica_especifica-aquarella-sobre-paper autors-ramon-reig-corominas disciplina-pintura \"     data-position=\"1350\"   data-new-tab=\"off\"   data-action-priority=\"item\"><figure class=\"dp-dfg-image entry-thumb\"><a href=\"https:\/\/www.museuemporda.org\/?obres_autors=paisatge-de-lemporda-2\" class=\"dp-dfg-image-link\" ><img loading=\"lazy\" decoding=\"async\" class=\"dp-dfg-featured-image\" src=\"https:\/\/www.museuemporda.org\/wp-content\/uploads\/2021\/08\/mE-1407-250x250.jpg\" alt=\"Paisatge de l&#8217;Empord\u00e0\" width=\"250\" height=\"250\" data-ratio=\"1\"\/><\/a><\/figure><div class=\"dp-dfg-header entry-header\"><h2 class=\"entry-title\">Paisatge de l&#8217;Empord\u00e0<\/h2><\/div><div class=\"dp-dfg-custom-content\"><p class=\"dp-dfg-custom-field dp-dfg-cf-autors2\"><span class=\"dp-dfg-custom-field-value\">Ramon Reig Corominas<\/span><\/p><\/div><\/article><!-- DPDFG End Post Item Container --><article id=\"post-5776\" class=\"dp-dfg-item post-5776 obres_autors type-obres_autors status-publish has-post-thumbnail hentry tecnica_especifica-oli-sobre-tela autors-joaquin-sorolla-bastida disciplina-pintura \"     data-position=\"1351\"   data-new-tab=\"off\"   data-action-priority=\"item\"><figure class=\"dp-dfg-image entry-thumb\"><a href=\"https:\/\/www.museuemporda.org\/?obres_autors=retrat-de-senyora-amb-mantellina\" class=\"dp-dfg-image-link\" ><img loading=\"lazy\" decoding=\"async\" class=\"dp-dfg-featured-image\" src=\"https:\/\/www.museuemporda.org\/wp-content\/uploads\/2020\/04\/mE-643-250x250.jpg\" alt=\"Dona amb mantellina blanca\" width=\"250\" height=\"250\" data-ratio=\"1\"\/><\/a><\/figure><div class=\"dp-dfg-header entry-header\"><h2 class=\"entry-title\">Dona amb mantellina blanca<\/h2><\/div><div class=\"dp-dfg-custom-content\"><p class=\"dp-dfg-custom-field dp-dfg-cf-autors2\"><span class=\"dp-dfg-custom-field-value\">Joaqu\u00edn Sorolla Bastida<\/span><\/p><\/div><\/article><!-- DPDFG End Post Item Container --><article id=\"post-10400\" class=\"dp-dfg-item post-10400 obres_autors type-obres_autors status-publish has-post-thumbnail hentry tipus_tecniques-escultura tecnica_especifica-guix autors-artur-novoa-cabra disciplina-escultura \"     data-position=\"1352\"   data-new-tab=\"off\"   data-action-priority=\"item\"><figure class=\"dp-dfg-image entry-thumb\"><a href=\"https:\/\/www.museuemporda.org\/?obres_autors=sense-titol-63\" class=\"dp-dfg-image-link\" ><img loading=\"lazy\" decoding=\"async\" class=\"dp-dfg-featured-image\" src=\"https:\/\/www.museuemporda.org\/wp-content\/uploads\/2022\/01\/mE-1917-250x250.jpg\" alt=\"Sense t\u00edtol\" width=\"250\" height=\"250\" data-ratio=\"1\"\/><\/a><\/figure><div class=\"dp-dfg-header entry-header\"><h2 class=\"entry-title\">Sense t\u00edtol<\/h2><\/div><div class=\"dp-dfg-custom-content\"><p class=\"dp-dfg-custom-field dp-dfg-cf-autors2\"><span class=\"dp-dfg-custom-field-value\">Artur Novoa Cabra<\/span><\/p><\/div><\/article><!-- DPDFG End Post Item Container --><article id=\"post-8700\" class=\"dp-dfg-item post-8700 obres_autors type-obres_autors status-publish has-post-thumbnail hentry autors-autoria-desconeguda disciplina-arqueologia \"     data-position=\"1353\"   data-new-tab=\"off\"   data-action-priority=\"item\"><figure class=\"dp-dfg-image entry-thumb\"><a href=\"https:\/\/www.museuemporda.org\/?obres_autors=moneda-as-7\" class=\"dp-dfg-image-link\" ><img loading=\"lazy\" decoding=\"async\" class=\"dp-dfg-featured-image\" src=\"https:\/\/www.museuemporda.org\/wp-content\/uploads\/2021\/10\/mE-456-250x250.jpg\" alt=\"Moneda (as)\" width=\"250\" height=\"250\" data-ratio=\"1\"\/><\/a><\/figure><div class=\"dp-dfg-header entry-header\"><h2 class=\"entry-title\">Moneda (as)<\/h2><\/div><div class=\"dp-dfg-custom-content\"><p class=\"dp-dfg-custom-field dp-dfg-cf-autors2\"><span class=\"dp-dfg-custom-field-value\">Autoria desconeguda<\/span><\/p><\/div><\/article><!-- DPDFG End Post Item Container --><article id=\"post-12223\" class=\"dp-dfg-item post-12223 obres_autors type-obres_autors status-publish has-post-thumbnail hentry tipus_tecniques-indumentaria tecnica_especifica-teixit autors-autoria-desconeguda disciplina-indumentaria \"     data-position=\"1354\"   data-new-tab=\"off\"   data-action-priority=\"item\"><figure class=\"dp-dfg-image entry-thumb\"><a href=\"https:\/\/www.museuemporda.org\/?obres_autors=sense-titol-181\" class=\"dp-dfg-image-link\" ><img loading=\"lazy\" decoding=\"async\" class=\"dp-dfg-featured-image\" src=\"https:\/\/www.museuemporda.org\/wp-content\/uploads\/2022\/03\/mE-906-250x250.jpg\" alt=\"Sense t\u00edtol\" width=\"250\" height=\"250\" data-ratio=\"1\"\/><\/a><\/figure><div class=\"dp-dfg-header entry-header\"><h2 class=\"entry-title\">Sense t\u00edtol<\/h2><\/div><div class=\"dp-dfg-custom-content\"><p class=\"dp-dfg-custom-field dp-dfg-cf-autors2\"><span class=\"dp-dfg-custom-field-value\">Autoria desconeguda<\/span><\/p><\/div><\/article><!-- DPDFG End Post Item Container --><article id=\"post-14333\" class=\"dp-dfg-item post-14333 obres_autors type-obres_autors status-publish has-post-thumbnail hentry tipus_tecniques-dibuix tecnica_especifica-impressio-digital autors-jordi-fenosa-tatay disciplina-dibuix \"     data-position=\"1355\"   data-new-tab=\"off\"   data-action-priority=\"item\"><figure class=\"dp-dfg-image entry-thumb\"><a href=\"https:\/\/www.museuemporda.org\/?obres_autors=sense-titol-488\" class=\"dp-dfg-image-link\" ><img loading=\"lazy\" decoding=\"async\" class=\"dp-dfg-featured-image\" src=\"https:\/\/www.museuemporda.org\/wp-content\/uploads\/2023\/07\/ME2874-TATAY-250x250.jpg\" alt=\"Sense t\u00edtol\" width=\"250\" height=\"250\" data-ratio=\"1\"\/><\/a><\/figure><div class=\"dp-dfg-header entry-header\"><h2 class=\"entry-title\">Sense t\u00edtol<\/h2><\/div><div class=\"dp-dfg-custom-content\"><p class=\"dp-dfg-custom-field dp-dfg-cf-autors2\"><span class=\"dp-dfg-custom-field-value\">Jordi Fenosa Tatay<\/span><\/p><\/div><\/article><!-- DPDFG End Post Item Container --><article id=\"post-11224\" class=\"dp-dfg-item post-11224 obres_autors type-obres_autors status-publish has-post-thumbnail hentry tipus_tecniques-dibuix tecnica_especifica-tecnica-mixta-sobre-paper autors-josep-coll-bardolet disciplina-dibuix \"     data-position=\"1356\"   data-new-tab=\"off\"   data-action-priority=\"item\"><figure class=\"dp-dfg-image entry-thumb\"><a href=\"https:\/\/www.museuemporda.org\/?obres_autors=pagesos\" class=\"dp-dfg-image-link\" ><img loading=\"lazy\" decoding=\"async\" class=\"dp-dfg-featured-image\" src=\"https:\/\/www.museuemporda.org\/wp-content\/uploads\/2022\/02\/mE-1444-1-250x250.jpg\" alt=\"Pagesos\" width=\"250\" height=\"250\" data-ratio=\"1\"\/><\/a><\/figure><div class=\"dp-dfg-header entry-header\"><h2 class=\"entry-title\">Pagesos<\/h2><\/div><div class=\"dp-dfg-custom-content\"><p class=\"dp-dfg-custom-field dp-dfg-cf-autors2\"><span class=\"dp-dfg-custom-field-value\">Josep Coll Bardolet<\/span><\/p><\/div><\/article><!-- DPDFG End Post Item Container --><article id=\"post-11797\" class=\"dp-dfg-item post-11797 obres_autors type-obres_autors status-publish has-post-thumbnail hentry tipus_tecniques-pintura tecnica_especifica-tecnica-mixta-sobre-tela autors-jordi-palmada disciplina-pintura \"     data-position=\"1357\"   data-new-tab=\"off\"   data-action-priority=\"item\"><figure class=\"dp-dfg-image entry-thumb\"><a href=\"https:\/\/www.museuemporda.org\/?obres_autors=sense-titol-148\" class=\"dp-dfg-image-link\" ><img loading=\"lazy\" decoding=\"async\" class=\"dp-dfg-featured-image\" src=\"https:\/\/www.museuemporda.org\/wp-content\/uploads\/2022\/02\/mE-2175-250x250.jpg\" alt=\"Sense t\u00edtol\" width=\"250\" height=\"250\" data-ratio=\"1\"\/><\/a><\/figure><div class=\"dp-dfg-header entry-header\"><h2 class=\"entry-title\">Sense t\u00edtol<\/h2><\/div><div class=\"dp-dfg-custom-content\"><p class=\"dp-dfg-custom-field dp-dfg-cf-autors2\"><span class=\"dp-dfg-custom-field-value\">Jordi Palmada<\/span><\/p><\/div><\/article><!-- DPDFG End Post Item Container --><article id=\"post-13624\" class=\"dp-dfg-item post-13624 obres_autors type-obres_autors status-publish has-post-thumbnail hentry tipus_tecniques-fotografia tecnica_especifica-fotografia autors-carles-hernandez-mor disciplina-fotografia \"     data-position=\"1358\"   data-new-tab=\"off\"   data-action-priority=\"item\"><figure class=\"dp-dfg-image entry-thumb\"><a href=\"https:\/\/www.museuemporda.org\/?obres_autors=la-cadira-com-seu-allegoria-de-lou-com-balla\" class=\"dp-dfg-image-link\" ><img loading=\"lazy\" decoding=\"async\" class=\"dp-dfg-featured-image\" src=\"https:\/\/www.museuemporda.org\/wp-content\/uploads\/2023\/06\/mE-2367_1-250x250.jpg\" alt=\"La cadira com seu (al\u00b7legoria de l&#8217;ou com balla)\" width=\"250\" height=\"250\" data-ratio=\"1\"\/><\/a><\/figure><div class=\"dp-dfg-header entry-header\"><h2 class=\"entry-title\">La cadira com seu (al\u00b7legoria de l&#8217;ou com balla)<\/h2><\/div><div class=\"dp-dfg-custom-content\"><p class=\"dp-dfg-custom-field dp-dfg-cf-autors2\"><span class=\"dp-dfg-custom-field-value\">Carles Hern\u00e1ndez Mor<\/span><\/p><\/div><\/article><!-- DPDFG End Post Item Container --><article id=\"post-11311\" class=\"dp-dfg-item post-11311 obres_autors type-obres_autors status-publish has-post-thumbnail hentry tipus_tecniques-dibuix tecnica_especifica-carbonet autors-josephine-ducollet disciplina-dibuix \"     data-position=\"1359\"   data-new-tab=\"off\"   data-action-priority=\"item\"><figure class=\"dp-dfg-image entry-thumb\"><a href=\"https:\/\/www.museuemporda.org\/?obres_autors=sense-titol-119\" class=\"dp-dfg-image-link\" ><img loading=\"lazy\" decoding=\"async\" class=\"dp-dfg-featured-image\" src=\"https:\/\/www.museuemporda.org\/wp-content\/uploads\/2022\/02\/mE-2056-250x250.jpg\" alt=\"Sense t\u00edtol\" width=\"250\" height=\"250\" data-ratio=\"1\"\/><\/a><\/figure><div class=\"dp-dfg-header entry-header\"><h2 class=\"entry-title\">Sense t\u00edtol<\/h2><\/div><div class=\"dp-dfg-custom-content\"><p class=\"dp-dfg-custom-field dp-dfg-cf-autors2\"><span class=\"dp-dfg-custom-field-value\">Jos\u00e9phine Ducollet<\/span><\/p><\/div><\/article><!-- DPDFG End Post Item Container --><article id=\"post-10705\" class=\"dp-dfg-item post-10705 obres_autors type-obres_autors status-publish has-post-thumbnail hentry tipus_tecniques-pintura tecnica_especifica-oli-sobre-fusta autors-marti-vives disciplina-pintura \"     data-position=\"1360\"   data-new-tab=\"off\"   data-action-priority=\"item\"><figure class=\"dp-dfg-image entry-thumb\"><a href=\"https:\/\/www.museuemporda.org\/?obres_autors=laplec-al-rossello\" class=\"dp-dfg-image-link\" ><img loading=\"lazy\" decoding=\"async\" class=\"dp-dfg-featured-image\" src=\"https:\/\/www.museuemporda.org\/wp-content\/uploads\/2022\/02\/mE-1079-250x250.jpg\" alt=\"L&#8217;aplec al Rossell\u00f3\" width=\"250\" height=\"250\" data-ratio=\"1\"\/><\/a><\/figure><div class=\"dp-dfg-header entry-header\"><h2 class=\"entry-title\">L&#8217;aplec al Rossell\u00f3<\/h2><\/div><div class=\"dp-dfg-custom-content\"><p class=\"dp-dfg-custom-field dp-dfg-cf-autors2\"><span class=\"dp-dfg-custom-field-value\">Mart\u00ed Viv\u00e8s<\/span><\/p><\/div><\/article><!-- DPDFG End Post Item Container --><article id=\"post-9867\" class=\"dp-dfg-item post-9867 obres_autors type-obres_autors status-publish has-post-thumbnail hentry tipus_tecniques-fotografia tecnica_especifica-fotografia autors-autoria-desconeguda disciplina-fotografia \"     data-position=\"1361\"   data-new-tab=\"off\"   data-action-priority=\"item\"><figure class=\"dp-dfg-image entry-thumb\"><a href=\"https:\/\/www.museuemporda.org\/?obres_autors=sense-titol-31\" class=\"dp-dfg-image-link\" ><img loading=\"lazy\" decoding=\"async\" class=\"dp-dfg-featured-image\" src=\"https:\/\/www.museuemporda.org\/wp-content\/uploads\/2022\/01\/ME-2098_Jordi-Puig-2022-250x250.jpg\" alt=\"Sense t\u00edtol\" width=\"250\" height=\"250\" data-ratio=\"1\"\/><\/a><\/figure><div class=\"dp-dfg-header entry-header\"><h2 class=\"entry-title\">Sense t\u00edtol<\/h2><\/div><div class=\"dp-dfg-custom-content\"><p class=\"dp-dfg-custom-field dp-dfg-cf-autors2\"><span class=\"dp-dfg-custom-field-value\">Autoria desconeguda<\/span><\/p><\/div><\/article><!-- DPDFG End Post Item Container --><article id=\"post-11562\" class=\"dp-dfg-item post-11562 obres_autors type-obres_autors status-publish has-post-thumbnail hentry tipus_tecniques-pintura tecnica_especifica-oli-sobre-tela autors-salvador-lapuente-ballester disciplina-pintura \"     data-position=\"1362\"   data-new-tab=\"off\"   data-action-priority=\"item\"><figure class=\"dp-dfg-image entry-thumb\"><a href=\"https:\/\/www.museuemporda.org\/?obres_autors=paisatge-73\" class=\"dp-dfg-image-link\" ><img loading=\"lazy\" decoding=\"async\" class=\"dp-dfg-featured-image\" src=\"https:\/\/www.museuemporda.org\/wp-content\/uploads\/2022\/02\/mE-1676-250x250.jpg\" alt=\"Paisatge\" width=\"250\" height=\"250\" data-ratio=\"1\"\/><\/a><\/figure><div class=\"dp-dfg-header entry-header\"><h2 class=\"entry-title\">Paisatge<\/h2><\/div><div class=\"dp-dfg-custom-content\"><p class=\"dp-dfg-custom-field dp-dfg-cf-autors2\"><span class=\"dp-dfg-custom-field-value\">Salvador Lapuente Ballester<\/span><\/p><\/div><\/article><!-- DPDFG End Post Item Container --><article id=\"post-10779\" class=\"dp-dfg-item post-10779 obres_autors type-obres_autors status-publish has-post-thumbnail hentry tipus_tecniques-dibuix tecnica_especifica-tecnica-mixta-sobre-paper autors-ricard-canals-llambi disciplina-dibuix \"     data-position=\"1363\"   data-new-tab=\"off\"   data-action-priority=\"item\"><figure class=\"dp-dfg-image entry-thumb\"><a href=\"https:\/\/www.museuemporda.org\/?obres_autors=maternitat\" class=\"dp-dfg-image-link\" ><img loading=\"lazy\" decoding=\"async\" class=\"dp-dfg-featured-image\" src=\"https:\/\/www.museuemporda.org\/wp-content\/uploads\/2022\/02\/mE-1200-250x250.jpg\" alt=\"Maternitat\" width=\"250\" height=\"250\" data-ratio=\"1\"\/><\/a><\/figure><div class=\"dp-dfg-header entry-header\"><h2 class=\"entry-title\">Maternitat<\/h2><\/div><div class=\"dp-dfg-custom-content\"><p class=\"dp-dfg-custom-field dp-dfg-cf-autors2\"><span class=\"dp-dfg-custom-field-value\">Ricard Canals Llamb\u00ed<\/span><\/p><\/div><\/article><!-- DPDFG End Post Item Container --><article id=\"post-9277\" class=\"dp-dfg-item post-9277 obres_autors type-obres_autors status-publish has-post-thumbnail hentry tecnica_especifica-oli-sobre-tela autors-ramon-bretx-comas disciplina-pintura \"     data-position=\"1364\"   data-new-tab=\"off\"   data-action-priority=\"item\"><figure class=\"dp-dfg-image entry-thumb\"><a href=\"https:\/\/www.museuemporda.org\/?obres_autors=flors-3\" class=\"dp-dfg-image-link\" ><img loading=\"lazy\" decoding=\"async\" class=\"dp-dfg-featured-image\" src=\"https:\/\/www.museuemporda.org\/wp-content\/uploads\/2021\/11\/mE-2346-250x250.jpg\" alt=\"Flors\" width=\"250\" height=\"250\" data-ratio=\"1\"\/><\/a><\/figure><div class=\"dp-dfg-header entry-header\"><h2 class=\"entry-title\">Flors<\/h2><\/div><div class=\"dp-dfg-custom-content\"><p class=\"dp-dfg-custom-field dp-dfg-cf-autors2\"><span class=\"dp-dfg-custom-field-value\">Ramon Bretx Comas<\/span><\/p><\/div><\/article><!-- DPDFG End Post Item Container --><article id=\"post-9164\" class=\"dp-dfg-item post-9164 obres_autors type-obres_autors status-publish has-post-thumbnail hentry tecnica_especifica-ceramica-dengalba-blanca autors-autoria-desconeguda disciplina-arqueologia \"     data-position=\"1365\"   data-new-tab=\"off\"   data-action-priority=\"item\"><figure class=\"dp-dfg-image entry-thumb\"><a href=\"https:\/\/www.museuemporda.org\/?obres_autors=tapadora\" class=\"dp-dfg-image-link\" ><img loading=\"lazy\" decoding=\"async\" class=\"dp-dfg-featured-image\" src=\"https:\/\/www.museuemporda.org\/wp-content\/uploads\/2021\/11\/mE-529-250x250.jpg\" alt=\"Tapadora\" width=\"250\" height=\"250\" data-ratio=\"1\"\/><\/a><\/figure><div class=\"dp-dfg-header entry-header\"><h2 class=\"entry-title\">Tapadora<\/h2><\/div><div class=\"dp-dfg-custom-content\"><p class=\"dp-dfg-custom-field dp-dfg-cf-autors2\"><span class=\"dp-dfg-custom-field-value\">Autoria desconeguda<\/span><\/p><\/div><\/article><!-- DPDFG End Post Item Container --><article id=\"post-11433\" class=\"dp-dfg-item post-11433 obres_autors type-obres_autors status-publish has-post-thumbnail hentry tipus_tecniques-dibuix tecnica_especifica-tinta-sobre-paper autors-emili-grau-sala disciplina-dibuix \"     data-position=\"1366\"   data-new-tab=\"off\"   data-action-priority=\"item\"><figure class=\"dp-dfg-image entry-thumb\"><a href=\"https:\/\/www.museuemporda.org\/?obres_autors=retrat-de-francesc-camps-ribera-3\" class=\"dp-dfg-image-link\" ><img loading=\"lazy\" decoding=\"async\" class=\"dp-dfg-featured-image\" src=\"https:\/\/www.museuemporda.org\/wp-content\/uploads\/2022\/02\/mE-1279-250x250.jpg\" alt=\"Retrat de Francesc Camps Ribera\" width=\"250\" height=\"250\" data-ratio=\"1\"\/><\/a><\/figure><div class=\"dp-dfg-header entry-header\"><h2 class=\"entry-title\">Retrat de Francesc Camps Ribera<\/h2><\/div><div class=\"dp-dfg-custom-content\"><p class=\"dp-dfg-custom-field dp-dfg-cf-autors2\"><span class=\"dp-dfg-custom-field-value\">Emili Grau Sala<\/span><\/p><\/div><\/article><!-- DPDFG End Post Item Container --><article id=\"post-10208\" class=\"dp-dfg-item post-10208 obres_autors type-obres_autors status-publish has-post-thumbnail hentry tipus_tecniques-pintura tecnica_especifica-pintura-sobre-paper autors-carme-cortes-i-llado disciplina-pintura \"     data-position=\"1367\"   data-new-tab=\"off\"   data-action-priority=\"item\"><figure class=\"dp-dfg-image entry-thumb\"><a href=\"https:\/\/www.museuemporda.org\/?obres_autors=chapultepec-a-cuernavaca\" class=\"dp-dfg-image-link\" ><img loading=\"lazy\" decoding=\"async\" class=\"dp-dfg-featured-image\" src=\"https:\/\/www.museuemporda.org\/wp-content\/uploads\/2022\/01\/mE-1318-250x250.jpg\" alt=\"Chapultepec, a Cuernavaca\" width=\"250\" height=\"250\" data-ratio=\"1\"\/><\/a><\/figure><div class=\"dp-dfg-header entry-header\"><h2 class=\"entry-title\">Chapultepec, a Cuernavaca<\/h2><\/div><div class=\"dp-dfg-custom-content\"><p class=\"dp-dfg-custom-field dp-dfg-cf-autors2\"><span class=\"dp-dfg-custom-field-value\">Carme Cort\u00e8s I Llad\u00f3<\/span><\/p><\/div><\/article><!-- DPDFG End Post Item Container --><article id=\"post-13619\" class=\"dp-dfg-item post-13619 obres_autors type-obres_autors status-publish has-post-thumbnail hentry tipus_tecniques-obra-grafica tecnica_especifica-impressio-digital autors-enric-bardera-garcia disciplina-obra-grafic \"     data-position=\"1368\"   data-new-tab=\"off\"   data-action-priority=\"item\"><figure class=\"dp-dfg-image entry-thumb\"><a href=\"https:\/\/www.museuemporda.org\/?obres_autors=poesia-optica-ii-2\" class=\"dp-dfg-image-link\" ><img loading=\"lazy\" decoding=\"async\" class=\"dp-dfg-featured-image\" src=\"https:\/\/www.museuemporda.org\/wp-content\/uploads\/2023\/06\/mE-2365-1-215x250.jpg\" alt=\"Poesia \u00f2ptica II\" width=\"215\" height=\"250\" data-ratio=\"1.1627906976744\"\/><\/a><\/figure><div class=\"dp-dfg-header entry-header\"><h2 class=\"entry-title\">Poesia \u00f2ptica II<\/h2><\/div><div class=\"dp-dfg-custom-content\"><p class=\"dp-dfg-custom-field dp-dfg-cf-autors2\"><span class=\"dp-dfg-custom-field-value\">Enric Bardera Garcia<\/span><\/p><\/div><\/article><!-- DPDFG End Post Item Container --><article id=\"post-5949\" class=\"dp-dfg-item post-5949 obres_autors type-obres_autors status-publish has-post-thumbnail hentry autors-daniel-lleixa-borras disciplina-obra-grafic \"     data-position=\"1369\"   data-new-tab=\"off\"   data-action-priority=\"item\"><figure class=\"dp-dfg-image entry-thumb\"><a href=\"https:\/\/www.museuemporda.org\/?obres_autors=arbre\" class=\"dp-dfg-image-link\" ><img loading=\"lazy\" decoding=\"async\" class=\"dp-dfg-featured-image\" src=\"https:\/\/www.museuemporda.org\/wp-content\/uploads\/2020\/04\/mE-2493-1-250x250.jpg\" alt=\"Arbre\" width=\"250\" height=\"250\" data-ratio=\"1\"\/><\/a><\/figure><div class=\"dp-dfg-header entry-header\"><h2 class=\"entry-title\">Arbre<\/h2><\/div><div class=\"dp-dfg-custom-content\"><p class=\"dp-dfg-custom-field dp-dfg-cf-autors2\"><span class=\"dp-dfg-custom-field-value\">Daniel Lleix\u00e0 Borr\u00e0s<\/span><\/p><\/div><\/article><!-- DPDFG End Post Item Container --><article id=\"post-11603\" class=\"dp-dfg-item post-11603 obres_autors type-obres_autors status-publish has-post-thumbnail hentry tipus_tecniques-dibuix tecnica_especifica-dibuix-sobre-paper autors-segismundo-logaya disciplina-dibuix \"     data-position=\"1370\"   data-new-tab=\"off\"   data-action-priority=\"item\"><figure class=\"dp-dfg-image entry-thumb\"><a href=\"https:\/\/www.museuemporda.org\/?obres_autors=sense-titol-142\" class=\"dp-dfg-image-link\" ><img loading=\"lazy\" decoding=\"async\" class=\"dp-dfg-featured-image\" src=\"https:\/\/www.museuemporda.org\/wp-content\/uploads\/2022\/02\/mE-2061-250x250.jpg\" alt=\"Sense t\u00edtol\" width=\"250\" height=\"250\" data-ratio=\"1\"\/><\/a><\/figure><div class=\"dp-dfg-header entry-header\"><h2 class=\"entry-title\">Sense t\u00edtol<\/h2><\/div><div class=\"dp-dfg-custom-content\"><p class=\"dp-dfg-custom-field dp-dfg-cf-autors2\"><span class=\"dp-dfg-custom-field-value\">Segismundo Logaya<\/span><\/p><\/div><\/article><!-- DPDFG End Post Item Container --><article id=\"post-14170\" class=\"dp-dfg-item post-14170 obres_autors type-obres_autors status-publish has-post-thumbnail hentry tipus_tecniques-obra-grafica tecnica_especifica-impressio-digital autors-leonard-beard disciplina-obra-grafic \"     data-position=\"1371\"   data-new-tab=\"off\"   data-action-priority=\"item\"><figure class=\"dp-dfg-image entry-thumb\"><a href=\"https:\/\/www.museuemporda.org\/?obres_autors=sense-titol-411\" class=\"dp-dfg-image-link\" ><img loading=\"lazy\" decoding=\"async\" class=\"dp-dfg-featured-image\" src=\"https:\/\/www.museuemporda.org\/wp-content\/uploads\/2023\/07\/ME2776-LEO-250x250.jpg\" alt=\"Sense t\u00edtol\" width=\"250\" height=\"250\" data-ratio=\"1\"\/><\/a><\/figure><div class=\"dp-dfg-header entry-header\"><h2 class=\"entry-title\">Sense t\u00edtol<\/h2><\/div><div class=\"dp-dfg-custom-content\"><p class=\"dp-dfg-custom-field dp-dfg-cf-autors2\"><span class=\"dp-dfg-custom-field-value\">Leonard Beard<\/span><\/p><\/div><\/article><!-- DPDFG End Post Item Container --><article id=\"post-9158\" class=\"dp-dfg-item post-9158 obres_autors type-obres_autors status-publish has-post-thumbnail hentry autors-autoria-desconeguda disciplina-arqueologia \"     data-position=\"1372\"   data-new-tab=\"off\"   data-action-priority=\"item\"><figure class=\"dp-dfg-image entry-thumb\"><a href=\"https:\/\/www.museuemporda.org\/?obres_autors=urna-3\" class=\"dp-dfg-image-link\" ><img loading=\"lazy\" decoding=\"async\" class=\"dp-dfg-featured-image\" src=\"https:\/\/www.museuemporda.org\/wp-content\/uploads\/2021\/11\/mE-526-250x250.jpg\" alt=\"Urna\" width=\"250\" height=\"250\" data-ratio=\"1\"\/><\/a><\/figure><div class=\"dp-dfg-header entry-header\"><h2 class=\"entry-title\">Urna<\/h2><\/div><div class=\"dp-dfg-custom-content\"><p class=\"dp-dfg-custom-field dp-dfg-cf-autors2\"><span class=\"dp-dfg-custom-field-value\">Autoria desconeguda<\/span><\/p><\/div><\/article><!-- DPDFG End Post Item Container --><article id=\"post-9113\" class=\"dp-dfg-item post-9113 obres_autors type-obres_autors status-publish has-post-thumbnail hentry tipus_tecniques-ceramica autors-autoria-desconeguda disciplina-arqueologia \"     data-position=\"1373\"   data-new-tab=\"off\"   data-action-priority=\"item\"><figure class=\"dp-dfg-image entry-thumb\"><a href=\"https:\/\/www.museuemporda.org\/?obres_autors=amfora-tarraconesa-2\" class=\"dp-dfg-image-link\" ><img loading=\"lazy\" decoding=\"async\" class=\"dp-dfg-featured-image\" src=\"https:\/\/www.museuemporda.org\/wp-content\/uploads\/2021\/11\/mE-568-250x250.jpg\" alt=\"\u00c0mfora tarraconesa\" width=\"250\" height=\"250\" data-ratio=\"1\"\/><\/a><\/figure><div class=\"dp-dfg-header entry-header\"><h2 class=\"entry-title\">\u00c0mfora tarraconesa<\/h2><\/div><div class=\"dp-dfg-custom-content\"><p class=\"dp-dfg-custom-field dp-dfg-cf-autors2\"><span class=\"dp-dfg-custom-field-value\">Autoria desconeguda<\/span><\/p><\/div><\/article><!-- DPDFG End Post Item Container --><article id=\"post-11183\" class=\"dp-dfg-item post-11183 obres_autors type-obres_autors status-publish has-post-thumbnail hentry tipus_tecniques-pintura tecnica_especifica-oli-sobre-cartro autors-yamandu-canosa disciplina-pintura \"     data-position=\"1374\"   data-new-tab=\"off\"   data-action-priority=\"item\"><figure class=\"dp-dfg-image entry-thumb\"><a href=\"https:\/\/www.museuemporda.org\/?obres_autors=story-board\" class=\"dp-dfg-image-link\" ><img loading=\"lazy\" decoding=\"async\" class=\"dp-dfg-featured-image\" src=\"https:\/\/www.museuemporda.org\/wp-content\/uploads\/2022\/02\/mE-1628-250x250.jpg\" alt=\"Story board\" width=\"250\" height=\"250\" data-ratio=\"1\"\/><\/a><\/figure><div class=\"dp-dfg-header entry-header\"><h2 class=\"entry-title\">Story board<\/h2><\/div><div class=\"dp-dfg-custom-content\"><p class=\"dp-dfg-custom-field dp-dfg-cf-autors2\"><span class=\"dp-dfg-custom-field-value\">Yamand\u00fa Canosa<\/span><\/p><\/div><\/article><!-- DPDFG End Post Item Container --><article id=\"post-11853\" class=\"dp-dfg-item post-11853 obres_autors type-obres_autors status-publish has-post-thumbnail hentry tipus_tecniques-dibuix tecnica_especifica-dibuix-sobre-paper autors-ramon-ponce disciplina-dibuix \"     data-position=\"1375\"   data-new-tab=\"off\"   data-action-priority=\"item\"><figure class=\"dp-dfg-image entry-thumb\"><a href=\"https:\/\/www.museuemporda.org\/?obres_autors=telegrafia-morse\" class=\"dp-dfg-image-link\" ><img loading=\"lazy\" decoding=\"async\" class=\"dp-dfg-featured-image\" src=\"https:\/\/www.museuemporda.org\/wp-content\/uploads\/2022\/02\/mE-2023-250x250.jpg\" alt=\"Telegrafia morse\" width=\"250\" height=\"250\" data-ratio=\"1\"\/><\/a><\/figure><div class=\"dp-dfg-header entry-header\"><h2 class=\"entry-title\">Telegrafia morse<\/h2><\/div><div class=\"dp-dfg-custom-content\"><p class=\"dp-dfg-custom-field dp-dfg-cf-autors2\"><span class=\"dp-dfg-custom-field-value\">Ramon Ponce<\/span><\/p><\/div><\/article><!-- DPDFG End Post Item Container --><article id=\"post-11080\" class=\"dp-dfg-item post-11080 obres_autors type-obres_autors status-publish has-post-thumbnail hentry tipus_tecniques-pintura tecnica_especifica-oli-sobre-tela autors-rafael-benet-vancells disciplina-pintura \"     data-position=\"1376\"   data-new-tab=\"off\"   data-action-priority=\"item\"><figure class=\"dp-dfg-image entry-thumb\"><a href=\"https:\/\/www.museuemporda.org\/?obres_autors=paisatge-de-muntanya\" class=\"dp-dfg-image-link\" ><img loading=\"lazy\" decoding=\"async\" class=\"dp-dfg-featured-image\" src=\"https:\/\/www.museuemporda.org\/wp-content\/uploads\/2022\/02\/mE-1208-250x250.jpg\" alt=\"Paisatge de muntanya\" width=\"250\" height=\"250\" data-ratio=\"1\"\/><\/a><\/figure><div class=\"dp-dfg-header entry-header\"><h2 class=\"entry-title\">Paisatge de muntanya<\/h2><\/div><div class=\"dp-dfg-custom-content\"><p class=\"dp-dfg-custom-field dp-dfg-cf-autors2\"><span class=\"dp-dfg-custom-field-value\">Rafael Benet Vancells<\/span><\/p><\/div><\/article><!-- DPDFG End Post Item Container --><article id=\"post-8052\" class=\"dp-dfg-item post-8052 obres_autors type-obres_autors status-publish has-post-thumbnail hentry tecnica_especifica-oli-sobre-tela autors-francesc-gimeno-arasa disciplina-pintura \"     data-position=\"1377\"   data-new-tab=\"off\"   data-action-priority=\"item\"><figure class=\"dp-dfg-image entry-thumb\"><a href=\"https:\/\/www.museuemporda.org\/?obres_autors=paisatge-6\" class=\"dp-dfg-image-link\" ><img loading=\"lazy\" decoding=\"async\" class=\"dp-dfg-featured-image\" src=\"https:\/\/www.museuemporda.org\/wp-content\/uploads\/2021\/08\/mE-1229-250x250.jpg\" alt=\"Paisatge\" width=\"250\" height=\"250\" data-ratio=\"1\"\/><\/a><\/figure><div class=\"dp-dfg-header entry-header\"><h2 class=\"entry-title\">Paisatge<\/h2><\/div><div class=\"dp-dfg-custom-content\"><p class=\"dp-dfg-custom-field dp-dfg-cf-autors2\"><span class=\"dp-dfg-custom-field-value\">Francesc Gimeno Arasa<\/span><\/p><\/div><\/article><!-- DPDFG End Post Item Container --><article id=\"post-9495\" class=\"dp-dfg-item post-9495 obres_autors type-obres_autors status-publish has-post-thumbnail hentry tipus_tecniques-pintura tecnica_especifica-oli-sobre-tela autors-guillem-comalat-joana disciplina-pintura \"     data-position=\"1378\"   data-new-tab=\"off\"   data-action-priority=\"item\"><figure class=\"dp-dfg-image entry-thumb\"><a href=\"https:\/\/www.museuemporda.org\/?obres_autors=paisatge-37\" class=\"dp-dfg-image-link\" ><img loading=\"lazy\" decoding=\"async\" class=\"dp-dfg-featured-image\" src=\"https:\/\/www.museuemporda.org\/wp-content\/uploads\/2022\/01\/mE-1238-250x250.jpg\" alt=\"Paisatge\" width=\"250\" height=\"250\" data-ratio=\"1\"\/><\/a><\/figure><div class=\"dp-dfg-header entry-header\"><h2 class=\"entry-title\">Paisatge<\/h2><\/div><div class=\"dp-dfg-custom-content\"><p class=\"dp-dfg-custom-field dp-dfg-cf-autors2\"><span class=\"dp-dfg-custom-field-value\">Guillem Comalat Joana<\/span><\/p><\/div><\/article><!-- DPDFG End Post Item Container --><article id=\"post-8352\" class=\"dp-dfg-item post-8352 obres_autors type-obres_autors status-publish has-post-thumbnail hentry autors-autoria-desconeguda disciplina-arqueologia \"     data-position=\"1379\"   data-new-tab=\"off\"   data-action-priority=\"item\"><figure class=\"dp-dfg-image entry-thumb\"><a href=\"https:\/\/www.museuemporda.org\/?obres_autors=llantia\" class=\"dp-dfg-image-link\" ><img loading=\"lazy\" decoding=\"async\" class=\"dp-dfg-featured-image\" src=\"https:\/\/www.museuemporda.org\/wp-content\/uploads\/2021\/08\/mE-378-250x250.jpg\" alt=\"Ll\u00e0ntia\" width=\"250\" height=\"250\" data-ratio=\"1\"\/><\/a><\/figure><div class=\"dp-dfg-header entry-header\"><h2 class=\"entry-title\">Ll\u00e0ntia<\/h2><\/div><div class=\"dp-dfg-custom-content\"><p class=\"dp-dfg-custom-field dp-dfg-cf-autors2\"><span class=\"dp-dfg-custom-field-value\">Desconegut<\/span><\/p><\/div><\/article><!-- DPDFG End Post Item Container --><article id=\"post-11536\" class=\"dp-dfg-item post-11536 obres_autors type-obres_autors status-publish has-post-thumbnail hentry tipus_tecniques-dibuix tecnica_especifica-tinta-sobre-paper autors-eugene-de-bernard-kurakin-goizueta disciplina-dibuix \"     data-position=\"1380\"   data-new-tab=\"off\"   data-action-priority=\"item\"><figure class=\"dp-dfg-image entry-thumb\"><a href=\"https:\/\/www.museuemporda.org\/?obres_autors=autoretrat-11\" class=\"dp-dfg-image-link\" ><img loading=\"lazy\" decoding=\"async\" class=\"dp-dfg-featured-image\" src=\"https:\/\/www.museuemporda.org\/wp-content\/uploads\/2022\/02\/mE-2291-250x250.jpg\" alt=\"Autoretrat\" width=\"250\" height=\"250\" data-ratio=\"1\"\/><\/a><\/figure><div class=\"dp-dfg-header entry-header\"><h2 class=\"entry-title\">Autoretrat<\/h2><\/div><div class=\"dp-dfg-custom-content\"><p class=\"dp-dfg-custom-field dp-dfg-cf-autors2\"><span class=\"dp-dfg-custom-field-value\">Eug\u00e9ne de Bernard Kurakin Goizueta<\/span><\/p><\/div><\/article><!-- DPDFG End Post Item Container --><article id=\"post-10591\" class=\"dp-dfg-item post-10591 obres_autors type-obres_autors status-publish has-post-thumbnail hentry tipus_tecniques-dibuix tecnica_especifica-dibuix-sobre-paper autors-maria-llavanera-miralles disciplina-dibuix \"     data-position=\"1381\"   data-new-tab=\"off\"   data-action-priority=\"item\"><figure class=\"dp-dfg-image entry-thumb\"><a href=\"https:\/\/www.museuemporda.org\/?obres_autors=retrat-diu-pascual\" class=\"dp-dfg-image-link\" ><img loading=\"lazy\" decoding=\"async\" class=\"dp-dfg-featured-image\" src=\"https:\/\/www.museuemporda.org\/wp-content\/uploads\/2022\/02\/mE-2305-250x250.jpg\" alt=\"Retrat d&#8217;Iu Pascual\" width=\"250\" height=\"250\" data-ratio=\"1\"\/><\/a><\/figure><div class=\"dp-dfg-header entry-header\"><h2 class=\"entry-title\">Retrat d&#8217;Iu Pascual<\/h2><\/div><div class=\"dp-dfg-custom-content\"><p class=\"dp-dfg-custom-field dp-dfg-cf-autors2\"><span class=\"dp-dfg-custom-field-value\">Mari\u00e0 Llavanera Miralles<\/span><\/p><\/div><\/article><!-- DPDFG End Post Item Container --><article id=\"post-10362\" class=\"dp-dfg-item post-10362 obres_autors type-obres_autors status-publish has-post-thumbnail hentry tipus_tecniques-escultura tecnica_especifica-guix-amb-patina-de-goma-laca autors-artur-novoa-cabra disciplina-escultura \"     data-position=\"1382\"   data-new-tab=\"off\"   data-action-priority=\"item\"><figure class=\"dp-dfg-image entry-thumb\"><a href=\"https:\/\/www.museuemporda.org\/?obres_autors=narcis-monturiol-3\" class=\"dp-dfg-image-link\" ><img loading=\"lazy\" decoding=\"async\" class=\"dp-dfg-featured-image\" src=\"https:\/\/www.museuemporda.org\/wp-content\/uploads\/2022\/01\/mE-1619-250x250.jpg\" alt=\"Narc\u00eds Monturiol\" width=\"250\" height=\"250\" data-ratio=\"1\"\/><\/a><\/figure><div class=\"dp-dfg-header entry-header\"><h2 class=\"entry-title\">Narc\u00eds Monturiol<\/h2><\/div><div class=\"dp-dfg-custom-content\"><p class=\"dp-dfg-custom-field dp-dfg-cf-autors2\"><span class=\"dp-dfg-custom-field-value\">Artur Novoa Cabra<\/span><\/p><\/div><\/article><!-- DPDFG End Post Item Container --><article id=\"post-9661\" class=\"dp-dfg-item post-9661 obres_autors type-obres_autors status-publish has-post-thumbnail hentry tipus_tecniques-fotografia tecnica_especifica-fotografia autors-andres-buhlmann disciplina-fotografia \"     data-position=\"1383\"   data-new-tab=\"off\"   data-action-priority=\"item\"><figure class=\"dp-dfg-image entry-thumb\"><a href=\"https:\/\/www.museuemporda.org\/?obres_autors=sense-titol-21\" class=\"dp-dfg-image-link\" ><img loading=\"lazy\" decoding=\"async\" class=\"dp-dfg-featured-image\" src=\"https:\/\/www.museuemporda.org\/wp-content\/uploads\/2022\/01\/mE-1632-250x250.jpg\" alt=\"Sense t\u00edtol\" width=\"250\" height=\"250\" data-ratio=\"1\"\/><\/a><\/figure><div class=\"dp-dfg-header entry-header\"><h2 class=\"entry-title\">Sense t\u00edtol<\/h2><\/div><div class=\"dp-dfg-custom-content\"><p class=\"dp-dfg-custom-field dp-dfg-cf-autors2\"><span class=\"dp-dfg-custom-field-value\">Andr\u00e9s B\u00fchlmann<\/span><\/p><\/div><\/article><!-- DPDFG End Post Item Container --><article id=\"post-11512\" class=\"dp-dfg-item post-11512 obres_autors type-obres_autors status-publish has-post-thumbnail hentry tipus_tecniques-dibuix tecnica_especifica-dibuix-sobre-paper autors-gilbert-kirszbaum disciplina-dibuix \"     data-position=\"1384\"   data-new-tab=\"off\"   data-action-priority=\"item\"><figure class=\"dp-dfg-image entry-thumb\"><a href=\"https:\/\/www.museuemporda.org\/?obres_autors=sans-begayer\" class=\"dp-dfg-image-link\" ><img loading=\"lazy\" decoding=\"async\" class=\"dp-dfg-featured-image\" src=\"https:\/\/www.museuemporda.org\/wp-content\/uploads\/2022\/02\/mE-2430-250x250.jpg\" alt=\"Sans b\u00e9gayer&#8230;\" width=\"250\" height=\"250\" data-ratio=\"1\"\/><\/a><\/figure><div class=\"dp-dfg-header entry-header\"><h2 class=\"entry-title\">Sans b\u00e9gayer&#8230;<\/h2><\/div><div class=\"dp-dfg-custom-content\"><p class=\"dp-dfg-custom-field dp-dfg-cf-autors2\"><span class=\"dp-dfg-custom-field-value\">Gilbert Kirszbaum<\/span><\/p><\/div><\/article><!-- DPDFG End Post Item Container --><article id=\"post-13730\" class=\"dp-dfg-item post-13730 obres_autors type-obres_autors status-publish has-post-thumbnail hentry tipus_tecniques-dibuix tecnica_especifica-tinta-sobre-paper autors-enric-pujol disciplina-dibuix \"     data-position=\"1385\"   data-new-tab=\"off\"   data-action-priority=\"item\"><figure class=\"dp-dfg-image entry-thumb\"><a href=\"https:\/\/www.museuemporda.org\/?obres_autors=sense-titol-210\" class=\"dp-dfg-image-link\" ><img loading=\"lazy\" decoding=\"async\" class=\"dp-dfg-featured-image\" src=\"https:\/\/www.museuemporda.org\/wp-content\/uploads\/2023\/06\/ME2572-PUJOL06-250x250.jpg\" alt=\"Sense t\u00edtol\" width=\"250\" height=\"250\" data-ratio=\"1\"\/><\/a><\/figure><div class=\"dp-dfg-header entry-header\"><h2 class=\"entry-title\">Sense t\u00edtol<\/h2><\/div><div class=\"dp-dfg-custom-content\"><p class=\"dp-dfg-custom-field dp-dfg-cf-autors2\"><span class=\"dp-dfg-custom-field-value\">Enric Pujol<\/span><\/p><\/div><\/article><!-- DPDFG End Post Item Container --><article id=\"post-11075\" class=\"dp-dfg-item post-11075 obres_autors type-obres_autors status-publish has-post-thumbnail hentry tipus_tecniques-installacio tecnica_especifica-installacio autors-pere-belles disciplina-installacio \"     data-position=\"1386\"   data-new-tab=\"off\"   data-action-priority=\"item\"><figure class=\"dp-dfg-image entry-thumb\"><a href=\"https:\/\/www.museuemporda.org\/?obres_autors=e2-mct-49\" class=\"dp-dfg-image-link\" ><img loading=\"lazy\" decoding=\"async\" class=\"dp-dfg-featured-image\" src=\"https:\/\/www.museuemporda.org\/wp-content\/uploads\/2022\/02\/mE-2340-1-250x250.jpg\" alt=\"E2 MCT 49\" width=\"250\" height=\"250\" data-ratio=\"1\"\/><\/a><\/figure><div class=\"dp-dfg-header entry-header\"><h2 class=\"entry-title\">E2 MCT 49<\/h2><\/div><div class=\"dp-dfg-custom-content\"><p class=\"dp-dfg-custom-field dp-dfg-cf-autors2\"><span class=\"dp-dfg-custom-field-value\">Pere Bell\u00e8s<\/span><\/p><\/div><\/article><!-- DPDFG End Post Item Container --><article id=\"post-12076\" class=\"dp-dfg-item post-12076 obres_autors type-obres_autors status-publish has-post-thumbnail hentry tipus_tecniques-pintura tecnica_especifica-tecnica-mixta-sobre-paper autors-moises-villelia disciplina-pintura \"     data-position=\"1387\"   data-new-tab=\"off\"   data-action-priority=\"item\"><figure class=\"dp-dfg-image entry-thumb\"><a href=\"https:\/\/www.museuemporda.org\/?obres_autors=sense-titol-169\" class=\"dp-dfg-image-link\" ><img loading=\"lazy\" decoding=\"async\" class=\"dp-dfg-featured-image\" src=\"https:\/\/www.museuemporda.org\/wp-content\/uploads\/2022\/02\/mE-2140-250x250.jpg\" alt=\"Sense t\u00edtol\" width=\"250\" height=\"250\" data-ratio=\"1\"\/><\/a><\/figure><div class=\"dp-dfg-header entry-header\"><h2 class=\"entry-title\">Sense t\u00edtol<\/h2><\/div><div class=\"dp-dfg-custom-content\"><p class=\"dp-dfg-custom-field dp-dfg-cf-autors2\"><span class=\"dp-dfg-custom-field-value\">Mois\u00e8s Villelia<\/span><\/p><\/div><\/article><!-- DPDFG End Post Item Container --><article id=\"post-11581\" class=\"dp-dfg-item post-11581 obres_autors type-obres_autors status-publish has-post-thumbnail hentry tipus_tecniques-pintura tecnica_especifica-aquarella-sobre-paper autors-joan-lleo-sanchez disciplina-pintura \"     data-position=\"1388\"   data-new-tab=\"off\"   data-action-priority=\"item\"><figure class=\"dp-dfg-image entry-thumb\"><a href=\"https:\/\/www.museuemporda.org\/?obres_autors=oliveres-4\" class=\"dp-dfg-image-link\" ><img loading=\"lazy\" decoding=\"async\" class=\"dp-dfg-featured-image\" src=\"https:\/\/www.museuemporda.org\/wp-content\/uploads\/2022\/02\/mE-11021-250x250.jpg\" alt=\"Oliveres\" width=\"250\" height=\"250\" data-ratio=\"1\"\/><\/a><\/figure><div class=\"dp-dfg-header entry-header\"><h2 class=\"entry-title\">Oliveres<\/h2><\/div><div class=\"dp-dfg-custom-content\"><p class=\"dp-dfg-custom-field dp-dfg-cf-autors2\"><span class=\"dp-dfg-custom-field-value\">Joan Lle\u00f3 S\u00e1nchez<\/span><\/p><\/div><\/article><!-- DPDFG End Post Item Container --><article id=\"post-11524\" class=\"dp-dfg-item post-11524 obres_autors type-obres_autors status-publish has-post-thumbnail hentry tipus_tecniques-dibuix tecnica_especifica-gouache-guaix-sobre-paper autors-gilbert-kirszbaum disciplina-dibuix \"     data-position=\"1389\"   data-new-tab=\"off\"   data-action-priority=\"item\"><figure class=\"dp-dfg-image entry-thumb\"><a href=\"https:\/\/www.museuemporda.org\/?obres_autors=numero-de-cirque-les-clowns\" class=\"dp-dfg-image-link\" ><img loading=\"lazy\" decoding=\"async\" class=\"dp-dfg-featured-image\" src=\"https:\/\/www.museuemporda.org\/wp-content\/uploads\/2022\/02\/mE-2436-250x250.jpg\" alt=\"Num\u00e9ro de cirque: les clowns\" width=\"250\" height=\"250\" data-ratio=\"1\"\/><\/a><\/figure><div class=\"dp-dfg-header entry-header\"><h2 class=\"entry-title\">Num\u00e9ro de cirque: les clowns<\/h2><\/div><div class=\"dp-dfg-custom-content\"><p class=\"dp-dfg-custom-field dp-dfg-cf-autors2\"><span class=\"dp-dfg-custom-field-value\">Gilbert Kirszbaum<\/span><\/p><\/div><\/article><!-- DPDFG End Post Item Container --><article id=\"post-14215\" class=\"dp-dfg-item post-14215 obres_autors type-obres_autors status-publish has-post-thumbnail hentry tipus_tecniques-obra-grafica tecnica_especifica-impressio-digital autors-joan-antoni-poch disciplina-obra-grafic \"     data-position=\"1390\"   data-new-tab=\"off\"   data-action-priority=\"item\"><figure class=\"dp-dfg-image entry-thumb\"><a href=\"https:\/\/www.museuemporda.org\/?obres_autors=sense-titol-433\" class=\"dp-dfg-image-link\" ><img loading=\"lazy\" decoding=\"async\" class=\"dp-dfg-featured-image\" src=\"https:\/\/www.museuemporda.org\/wp-content\/uploads\/2023\/07\/ME2818-JAP-250x250.jpg\" alt=\"Sense t\u00edtol\" width=\"250\" height=\"250\" data-ratio=\"1\"\/><\/a><\/figure><div class=\"dp-dfg-header entry-header\"><h2 class=\"entry-title\">Sense t\u00edtol<\/h2><\/div><div class=\"dp-dfg-custom-content\"><p class=\"dp-dfg-custom-field dp-dfg-cf-autors2\"><span class=\"dp-dfg-custom-field-value\">Joan Antoni Poch<\/span><\/p><\/div><\/article><!-- DPDFG End Post Item Container --><article id=\"post-8645\" class=\"dp-dfg-item post-8645 obres_autors type-obres_autors status-publish has-post-thumbnail hentry autors-philippe-avila disciplina-fotografia \"     data-position=\"1391\"   data-new-tab=\"off\"   data-action-priority=\"item\"><figure class=\"dp-dfg-image entry-thumb\"><a href=\"https:\/\/www.museuemporda.org\/?obres_autors=dream-wrap-embolcalla-somnis-6\" class=\"dp-dfg-image-link\" ><img loading=\"lazy\" decoding=\"async\" class=\"dp-dfg-featured-image\" src=\"https:\/\/www.museuemporda.org\/wp-content\/uploads\/2021\/10\/mE-16037-250x250.jpg\" alt=\"Dream wrap (embolcalla somnis)\" width=\"250\" height=\"250\" data-ratio=\"1\"\/><\/a><\/figure><div class=\"dp-dfg-header entry-header\"><h2 class=\"entry-title\">Dream wrap (embolcalla somnis)<\/h2><\/div><div class=\"dp-dfg-custom-content\"><p class=\"dp-dfg-custom-field dp-dfg-cf-autors2\"><span class=\"dp-dfg-custom-field-value\">Philippe \u00c1vila<\/span><\/p><\/div><\/article><!-- DPDFG End Post Item Container --><article id=\"post-9617\" class=\"dp-dfg-item post-9617 obres_autors type-obres_autors status-publish has-post-thumbnail hentry tipus_tecniques-pintura tecnica_especifica-oli-sobre-tela autors-marti-vives disciplina-pintura \"     data-position=\"1392\"   data-new-tab=\"off\"   data-action-priority=\"item\"><figure class=\"dp-dfg-image entry-thumb\"><a href=\"https:\/\/www.museuemporda.org\/?obres_autors=danses-a-latour-de-france\" class=\"dp-dfg-image-link\" ><img loading=\"lazy\" decoding=\"async\" class=\"dp-dfg-featured-image\" src=\"https:\/\/www.museuemporda.org\/wp-content\/uploads\/2022\/01\/ME-1075_JORDI-PUIG-2021-250x250.jpg\" alt=\"Danses a Latour de France\" width=\"250\" height=\"250\" data-ratio=\"1\"\/><\/a><\/figure><div class=\"dp-dfg-header entry-header\"><h2 class=\"entry-title\">Danses a Latour de France<\/h2><\/div><div class=\"dp-dfg-custom-content\"><p class=\"dp-dfg-custom-field dp-dfg-cf-autors2\"><span class=\"dp-dfg-custom-field-value\">Mart\u00ed Viv\u00e8s<\/span><\/p><\/div><\/article><!-- DPDFG End Post Item Container --><article id=\"post-8176\" class=\"dp-dfg-item post-8176 obres_autors type-obres_autors status-publish has-post-thumbnail hentry autors-felix-mestres-borrell disciplina-dibuix \"     data-position=\"1393\"   data-new-tab=\"off\"   data-action-priority=\"item\"><figure class=\"dp-dfg-image entry-thumb\"><a href=\"https:\/\/www.museuemporda.org\/?obres_autors=esboc-per-cartell\" class=\"dp-dfg-image-link\" ><img loading=\"lazy\" decoding=\"async\" class=\"dp-dfg-featured-image\" src=\"https:\/\/www.museuemporda.org\/wp-content\/uploads\/2021\/08\/mE-1146-250x250.jpg\" alt=\"Esb\u00f3s per cartell\" width=\"250\" height=\"250\" data-ratio=\"1\"\/><\/a><\/figure><div class=\"dp-dfg-header entry-header\"><h2 class=\"entry-title\">Esb\u00f3s per cartell<\/h2><\/div><div class=\"dp-dfg-custom-content\"><p class=\"dp-dfg-custom-field dp-dfg-cf-autors2\"><span class=\"dp-dfg-custom-field-value\">F\u00e8lix Mestres Borrell<\/span><\/p><\/div><\/article><!-- DPDFG End Post Item Container --><article id=\"post-12575\" class=\"dp-dfg-item post-12575 obres_autors type-obres_autors status-publish has-post-thumbnail hentry tipus_tecniques-pintura tecnica_especifica-oli-sobre-fusta autors-joan-paradis-puig disciplina-pintura \"     data-position=\"1394\"   data-new-tab=\"off\"   data-action-priority=\"item\"><figure class=\"dp-dfg-image entry-thumb\"><a href=\"https:\/\/www.museuemporda.org\/?obres_autors=sense-titol-191\" class=\"dp-dfg-image-link\" ><img loading=\"lazy\" decoding=\"async\" class=\"dp-dfg-featured-image\" src=\"https:\/\/www.museuemporda.org\/wp-content\/uploads\/2022\/04\/ME-2543_JORDI-PUIG-2021-250x250.jpg\" alt=\"Sense t\u00edtol\" width=\"250\" height=\"250\" data-ratio=\"1\"\/><\/a><\/figure><div class=\"dp-dfg-header entry-header\"><h2 class=\"entry-title\">Sense t\u00edtol<\/h2><\/div><div class=\"dp-dfg-custom-content\"><p class=\"dp-dfg-custom-field dp-dfg-cf-autors2\"><span class=\"dp-dfg-custom-field-value\">Joan Parad\u00eds Puig<\/span><\/p><\/div><\/article><!-- DPDFG End Post Item Container --><article id=\"post-14319\" class=\"dp-dfg-item post-14319 obres_autors type-obres_autors status-publish has-post-thumbnail hentry tipus_tecniques-dibuix tecnica_especifica-impressio-digital autors-jordi-fenosa-tatay disciplina-dibuix \"     data-position=\"1395\"   data-new-tab=\"off\"   data-action-priority=\"item\"><figure class=\"dp-dfg-image entry-thumb\"><a href=\"https:\/\/www.museuemporda.org\/?obres_autors=sense-titol-481\" class=\"dp-dfg-image-link\" ><img loading=\"lazy\" decoding=\"async\" class=\"dp-dfg-featured-image\" src=\"https:\/\/www.museuemporda.org\/wp-content\/uploads\/2023\/07\/ME2867-TATAY-250x250.jpg\" alt=\"Sense t\u00edtol\" width=\"250\" height=\"250\" data-ratio=\"1\"\/><\/a><\/figure><div class=\"dp-dfg-header entry-header\"><h2 class=\"entry-title\">Sense t\u00edtol<\/h2><\/div><div class=\"dp-dfg-custom-content\"><p class=\"dp-dfg-custom-field dp-dfg-cf-autors2\"><span class=\"dp-dfg-custom-field-value\">Jordi Fenosa Tatay<\/span><\/p><\/div><\/article><!-- DPDFG End Post Item Container --><article id=\"post-11370\" class=\"dp-dfg-item post-11370 obres_autors type-obres_autors status-publish has-post-thumbnail hentry tipus_tecniques-pintura tecnica_especifica-oli-sobre-tela autors-yury-fomichev disciplina-pintura \"     data-position=\"1396\"   data-new-tab=\"off\"   data-action-priority=\"item\"><figure class=\"dp-dfg-image entry-thumb\"><a href=\"https:\/\/www.museuemporda.org\/?obres_autors=figueres\" class=\"dp-dfg-image-link\" ><img loading=\"lazy\" decoding=\"async\" class=\"dp-dfg-featured-image\" src=\"https:\/\/www.museuemporda.org\/wp-content\/uploads\/2022\/02\/mE-1685-250x250.jpg\" alt=\"Figueres\" width=\"250\" height=\"250\" data-ratio=\"1\"\/><\/a><\/figure><div class=\"dp-dfg-header entry-header\"><h2 class=\"entry-title\">Figueres<\/h2><\/div><div class=\"dp-dfg-custom-content\"><p class=\"dp-dfg-custom-field dp-dfg-cf-autors2\"><span class=\"dp-dfg-custom-field-value\">Yury Fomichev<\/span><\/p><\/div><\/article><!-- DPDFG End Post Item Container --><article id=\"post-11957\" class=\"dp-dfg-item post-11957 obres_autors type-obres_autors status-publish has-post-thumbnail hentry tipus_tecniques-pintura tecnica_especifica-oli-sobre-fusta autors-pilar-segura-badia disciplina-pintura \"     data-position=\"1397\"   data-new-tab=\"off\"   data-action-priority=\"item\"><figure class=\"dp-dfg-image entry-thumb\"><a href=\"https:\/\/www.museuemporda.org\/?obres_autors=arbres-de-la-garrotxa\" class=\"dp-dfg-image-link\" ><img loading=\"lazy\" decoding=\"async\" class=\"dp-dfg-featured-image\" src=\"https:\/\/www.museuemporda.org\/wp-content\/uploads\/2022\/02\/mE-1684-250x250.jpg\" alt=\"Arbres de la Garrotxa\" width=\"250\" height=\"250\" data-ratio=\"1\"\/><\/a><\/figure><div class=\"dp-dfg-header entry-header\"><h2 class=\"entry-title\">Arbres de la Garrotxa<\/h2><\/div><div class=\"dp-dfg-custom-content\"><p class=\"dp-dfg-custom-field dp-dfg-cf-autors2\"><span class=\"dp-dfg-custom-field-value\">Pilar Segura Badia<\/span><\/p><\/div><\/article><!-- DPDFG End Post Item Container --><article id=\"post-11955\" class=\"dp-dfg-item post-11955 obres_autors type-obres_autors status-publish has-post-thumbnail hentry tipus_tecniques-pintura tecnica_especifica-oli-sobre-tela autors-pilar-segura-badia disciplina-pintura \"     data-position=\"1398\"   data-new-tab=\"off\"   data-action-priority=\"item\"><figure class=\"dp-dfg-image entry-thumb\"><a href=\"https:\/\/www.museuemporda.org\/?obres_autors=la-tardor\" class=\"dp-dfg-image-link\" ><img loading=\"lazy\" decoding=\"async\" class=\"dp-dfg-featured-image\" src=\"https:\/\/www.museuemporda.org\/wp-content\/uploads\/2022\/02\/mE-1597-250x250.jpg\" alt=\"La tardor\" width=\"250\" height=\"250\" data-ratio=\"1\"\/><\/a><\/figure><div class=\"dp-dfg-header entry-header\"><h2 class=\"entry-title\">La tardor<\/h2><\/div><div class=\"dp-dfg-custom-content\"><p class=\"dp-dfg-custom-field dp-dfg-cf-autors2\"><span class=\"dp-dfg-custom-field-value\">Pilar Segura Badia<\/span><\/p><\/div><\/article><!-- DPDFG End Post Item Container --><article id=\"post-5740\" class=\"dp-dfg-item post-5740 obres_autors type-obres_autors status-publish has-post-thumbnail hentry tecnica_especifica-oli-sobre-fusta autors-mestre-de-premia disciplina-pintura \"     data-position=\"1399\"   data-new-tab=\"off\"   data-action-priority=\"item\"><figure class=\"dp-dfg-image entry-thumb\"><a href=\"https:\/\/www.museuemporda.org\/?obres_autors=taula-de-santa-magdalena\" class=\"dp-dfg-image-link\" ><img loading=\"lazy\" decoding=\"async\" class=\"dp-dfg-featured-image\" src=\"https:\/\/www.museuemporda.org\/wp-content\/uploads\/2020\/04\/mE-434-250x250.jpg\" alt=\"Santa Magdalena\" width=\"250\" height=\"250\" data-ratio=\"1\"\/><\/a><\/figure><div class=\"dp-dfg-header entry-header\"><h2 class=\"entry-title\">Santa Magdalena<\/h2><\/div><div class=\"dp-dfg-custom-content\"><p class=\"dp-dfg-custom-field dp-dfg-cf-autors2\"><span class=\"dp-dfg-custom-field-value\">Mestre de Premi\u00e0<\/span><\/p><\/div><\/article><!-- DPDFG End Post Item Container --><article id=\"post-10135\" class=\"dp-dfg-item post-10135 obres_autors type-obres_autors status-publish has-post-thumbnail hentry tipus_tecniques-pintura tecnica_especifica-tecnica-mixta autors-gustau-carbo-berthold disciplina-pintura \"     data-position=\"1400\"   data-new-tab=\"off\"   data-action-priority=\"item\"><figure class=\"dp-dfg-image entry-thumb\"><a href=\"https:\/\/www.museuemporda.org\/?obres_autors=interior-3\" class=\"dp-dfg-image-link\" ><img loading=\"lazy\" decoding=\"async\" class=\"dp-dfg-featured-image\" src=\"https:\/\/www.museuemporda.org\/wp-content\/uploads\/2022\/01\/mE-1414-250x250.jpg\" alt=\"Interior\" width=\"250\" height=\"250\" data-ratio=\"1\"\/><\/a><\/figure><div class=\"dp-dfg-header entry-header\"><h2 class=\"entry-title\">Interior<\/h2><\/div><div class=\"dp-dfg-custom-content\"><p class=\"dp-dfg-custom-field dp-dfg-cf-autors2\"><span class=\"dp-dfg-custom-field-value\">Gustau Carb\u00f3 Berthold<\/span><\/p><\/div><\/article><!-- DPDFG End Post Item Container --><article id=\"post-10892\" class=\"dp-dfg-item post-10892 obres_autors type-obres_autors status-publish has-post-thumbnail hentry tipus_tecniques-pintura tecnica_especifica-aquarella autors-agusti-rigalt-cortiella disciplina-pintura \"     data-position=\"1401\"   data-new-tab=\"off\"   data-action-priority=\"item\"><figure class=\"dp-dfg-image entry-thumb\"><a href=\"https:\/\/www.museuemporda.org\/?obres_autors=figura-dun-jove\" class=\"dp-dfg-image-link\" ><img loading=\"lazy\" decoding=\"async\" class=\"dp-dfg-featured-image\" src=\"https:\/\/www.museuemporda.org\/wp-content\/uploads\/2022\/02\/mE-801-250x250.jpg\" alt=\"Figura d&#8217;un jove\" width=\"250\" height=\"250\" data-ratio=\"1\"\/><\/a><\/figure><div class=\"dp-dfg-header entry-header\"><h2 class=\"entry-title\">Figura d&#8217;un jove<\/h2><\/div><div class=\"dp-dfg-custom-content\"><p class=\"dp-dfg-custom-field dp-dfg-cf-autors2\"><span class=\"dp-dfg-custom-field-value\">Agust\u00ed Rigalt Cortiella<\/span><\/p><\/div><\/article><!-- DPDFG End Post Item Container --><article id=\"post-14059\" class=\"dp-dfg-item post-14059 obres_autors type-obres_autors status-publish has-post-thumbnail hentry tipus_tecniques-dibuix tecnica_especifica-tinta-sobre-paper autors-carles-roman disciplina-dibuix \"     data-position=\"1402\"   data-new-tab=\"off\"   data-action-priority=\"item\"><figure class=\"dp-dfg-image entry-thumb\"><a href=\"https:\/\/www.museuemporda.org\/?obres_autors=armes-al-primer-mon\" class=\"dp-dfg-image-link\" ><img loading=\"lazy\" decoding=\"async\" class=\"dp-dfg-featured-image\" src=\"https:\/\/www.museuemporda.org\/wp-content\/uploads\/2023\/06\/ME2726-ROMAN-250x250.jpg\" alt=\"Armes al primer m\u00f3n\" width=\"250\" height=\"250\" data-ratio=\"1\"\/><\/a><\/figure><div class=\"dp-dfg-header entry-header\"><h2 class=\"entry-title\">Armes al primer m\u00f3n<\/h2><\/div><div class=\"dp-dfg-custom-content\"><p class=\"dp-dfg-custom-field dp-dfg-cf-autors2\"><span class=\"dp-dfg-custom-field-value\">Carles Roman<\/span><\/p><\/div><\/article><!-- DPDFG End Post Item Container --><article id=\"post-8248\" class=\"dp-dfg-item post-8248 obres_autors type-obres_autors status-publish has-post-thumbnail hentry autors-joan-vila-moncau disciplina-obra-grafic \"     data-position=\"1403\"   data-new-tab=\"off\"   data-action-priority=\"item\"><figure class=\"dp-dfg-image entry-thumb\"><a href=\"https:\/\/www.museuemporda.org\/?obres_autors=nina-mecanica\" class=\"dp-dfg-image-link\" ><img loading=\"lazy\" decoding=\"async\" class=\"dp-dfg-featured-image\" src=\"https:\/\/www.museuemporda.org\/wp-content\/uploads\/2021\/08\/mE-1133-250x250.jpg\" alt=\"Nina mec\u00e0nica\" width=\"250\" height=\"250\" data-ratio=\"1\"\/><\/a><\/figure><div class=\"dp-dfg-header entry-header\"><h2 class=\"entry-title\">Nina mec\u00e0nica<\/h2><\/div><div class=\"dp-dfg-custom-content\"><p class=\"dp-dfg-custom-field dp-dfg-cf-autors2\"><span class=\"dp-dfg-custom-field-value\">Joan Vil\u00e0 Moncau<\/span><\/p><\/div><\/article><!-- DPDFG End Post Item Container --><article id=\"post-10888\" class=\"dp-dfg-item post-10888 obres_autors type-obres_autors status-publish has-post-thumbnail hentry tipus_tecniques-pintura tecnica_especifica-aquarella autors-rossend-nobas-ballbe disciplina-pintura \"     data-position=\"1404\"   data-new-tab=\"off\"   data-action-priority=\"item\"><figure class=\"dp-dfg-image entry-thumb\"><a href=\"https:\/\/www.museuemporda.org\/?obres_autors=descans-o-pagesos\" class=\"dp-dfg-image-link\" ><img loading=\"lazy\" decoding=\"async\" class=\"dp-dfg-featured-image\" src=\"https:\/\/www.museuemporda.org\/wp-content\/uploads\/2022\/02\/mE-799-250x250.jpg\" alt=\"Descans o pagesos\" width=\"250\" height=\"250\" data-ratio=\"1\"\/><\/a><\/figure><div class=\"dp-dfg-header entry-header\"><h2 class=\"entry-title\">Descans o pagesos<\/h2><\/div><div class=\"dp-dfg-custom-content\"><p class=\"dp-dfg-custom-field dp-dfg-cf-autors2\"><span class=\"dp-dfg-custom-field-value\">Rossend Nobas Ballb\u00e9<\/span><\/p><\/div><\/article><!-- DPDFG End Post Item Container --><article id=\"post-8371\" class=\"dp-dfg-item post-8371 obres_autors type-obres_autors status-publish has-post-thumbnail hentry tecnica_especifica-pintura-sobre-cartolina autors-evarist-valles-rovira disciplina-pintura \"     data-position=\"1405\"   data-new-tab=\"off\"   data-action-priority=\"item\"><figure class=\"dp-dfg-image entry-thumb\"><a href=\"https:\/\/www.museuemporda.org\/?obres_autors=cartell-exposicio\" class=\"dp-dfg-image-link\" ><img loading=\"lazy\" decoding=\"async\" class=\"dp-dfg-featured-image\" src=\"https:\/\/www.museuemporda.org\/wp-content\/uploads\/2021\/08\/mE-1339-250x250.jpg\" alt=\"Cartell exposici\u00f3\" width=\"250\" height=\"250\" data-ratio=\"1\"\/><\/a><\/figure><div class=\"dp-dfg-header entry-header\"><h2 class=\"entry-title\">Cartell exposici\u00f3<\/h2><\/div><div class=\"dp-dfg-custom-content\"><p class=\"dp-dfg-custom-field dp-dfg-cf-autors2\"><span class=\"dp-dfg-custom-field-value\">Evarist Vall\u00e8s Rovira<\/span><\/p><\/div><\/article><!-- DPDFG End Post Item Container --><article id=\"post-14255\" class=\"dp-dfg-item post-14255 obres_autors type-obres_autors status-publish has-post-thumbnail hentry tipus_tecniques-dibuix tecnica_especifica-impressio-digital autors-joan-antoja-mas disciplina-dibuix \"     data-position=\"1406\"   data-new-tab=\"off\"   data-action-priority=\"item\"><figure class=\"dp-dfg-image entry-thumb\"><a href=\"https:\/\/www.museuemporda.org\/?obres_autors=sense-titol-452\" class=\"dp-dfg-image-link\" ><img loading=\"lazy\" decoding=\"async\" class=\"dp-dfg-featured-image\" src=\"https:\/\/www.museuemporda.org\/wp-content\/uploads\/2023\/07\/ME2837-ANTOJA-250x250.jpg\" alt=\"Sense t\u00edtol\" width=\"250\" height=\"250\" data-ratio=\"1\"\/><\/a><\/figure><div class=\"dp-dfg-header entry-header\"><h2 class=\"entry-title\">Sense t\u00edtol<\/h2><\/div><div class=\"dp-dfg-custom-content\"><p class=\"dp-dfg-custom-field dp-dfg-cf-autors2\"><span class=\"dp-dfg-custom-field-value\">Joan Antoja Mas<\/span><\/p><\/div><\/article><!-- DPDFG End Post Item Container --><article id=\"post-9764\" class=\"dp-dfg-item post-9764 obres_autors type-obres_autors status-publish has-post-thumbnail hentry tipus_tecniques-fotografia tecnica_especifica-fotografia autors-joaquim-fort-de-ribot disciplina-fotografia \"     data-position=\"1407\"   data-new-tab=\"off\"   data-action-priority=\"item\"><figure class=\"dp-dfg-image entry-thumb\"><a href=\"https:\/\/www.museuemporda.org\/?obres_autors=masia\" class=\"dp-dfg-image-link\" ><img loading=\"lazy\" decoding=\"async\" class=\"dp-dfg-featured-image\" src=\"https:\/\/www.museuemporda.org\/wp-content\/uploads\/2022\/01\/mE-2474-250x250.jpg\" alt=\"Masia\" width=\"250\" height=\"250\" data-ratio=\"1\"\/><\/a><\/figure><div class=\"dp-dfg-header entry-header\"><h2 class=\"entry-title\">Masia<\/h2><\/div><div class=\"dp-dfg-custom-content\"><p class=\"dp-dfg-custom-field dp-dfg-cf-autors2\"><span class=\"dp-dfg-custom-field-value\">Joaquim Fort de Ribot<\/span><\/p><\/div><\/article><!-- DPDFG End Post Item Container --><article id=\"post-10310\" class=\"dp-dfg-item post-10310 obres_autors type-obres_autors status-publish has-post-thumbnail hentry tipus_tecniques-pintura tecnica_especifica-oli-sobre-tela autors-pere-bech-sudria disciplina-pintura \"     data-position=\"1408\"   data-new-tab=\"off\"   data-action-priority=\"item\"><figure class=\"dp-dfg-image entry-thumb\"><a href=\"https:\/\/www.museuemporda.org\/?obres_autors=figura-femenina-14\" class=\"dp-dfg-image-link\" ><img loading=\"lazy\" decoding=\"async\" class=\"dp-dfg-featured-image\" src=\"https:\/\/www.museuemporda.org\/wp-content\/uploads\/2022\/01\/mE-2225-250x250.jpg\" alt=\"Figura femenina\" width=\"250\" height=\"250\" data-ratio=\"1\"\/><\/a><\/figure><div class=\"dp-dfg-header entry-header\"><h2 class=\"entry-title\">Figura femenina<\/h2><\/div><div class=\"dp-dfg-custom-content\"><p class=\"dp-dfg-custom-field dp-dfg-cf-autors2\"><span class=\"dp-dfg-custom-field-value\">Pere Bech Sudri\u00e0<\/span><\/p><\/div><\/article><!-- DPDFG End Post Item Container --><article id=\"post-5786\" class=\"dp-dfg-item post-5786 obres_autors type-obres_autors status-publish has-post-thumbnail hentry tecnica_especifica-oli-sobre-tela autors-enric-serra-auque disciplina-pintura \"     data-position=\"1409\"   data-new-tab=\"off\"   data-action-priority=\"item\"><figure class=\"dp-dfg-image entry-thumb\"><a href=\"https:\/\/www.museuemporda.org\/?obres_autors=nocturn\" class=\"dp-dfg-image-link\" ><img loading=\"lazy\" decoding=\"async\" class=\"dp-dfg-featured-image\" src=\"https:\/\/www.museuemporda.org\/wp-content\/uploads\/2020\/04\/mE-655-250x250.jpg\" alt=\"Nocturn\" width=\"250\" height=\"250\" data-ratio=\"1\"\/><\/a><\/figure><div class=\"dp-dfg-header entry-header\"><h2 class=\"entry-title\">Nocturn<\/h2><\/div><div class=\"dp-dfg-custom-content\"><p class=\"dp-dfg-custom-field dp-dfg-cf-autors2\"><span class=\"dp-dfg-custom-field-value\">Enric Serra Auqu\u00e9<\/span><\/p><\/div><\/article><!-- DPDFG End Post Item Container --><article id=\"post-5937\" class=\"dp-dfg-item post-5937 obres_autors type-obres_autors status-publish has-post-thumbnail hentry tecnica_especifica-samarretes-de-coto-amb-lletres-estampades autors-dora-garcia-lopez disciplina-indumentaria \"     data-position=\"1410\"   data-new-tab=\"off\"   data-action-priority=\"item\"><figure class=\"dp-dfg-image entry-thumb\"><a href=\"https:\/\/www.museuemporda.org\/?obres_autors=samarretes-amb-frase\" class=\"dp-dfg-image-link\" ><img loading=\"lazy\" decoding=\"async\" class=\"dp-dfg-featured-image\" src=\"https:\/\/www.museuemporda.org\/wp-content\/uploads\/2020\/07\/mE-1930_1931-250x250.jpg\" alt=\"La realidad es una ilusi\u00f3n muy persistente [de la s\u00e8rie Frases de Oro]\" width=\"250\" height=\"250\" data-ratio=\"1\"\/><\/a><\/figure><div class=\"dp-dfg-header entry-header\"><h2 class=\"entry-title\">La realidad es una ilusi\u00f3n muy persistente [de la s\u00e8rie Frases de Oro]<\/h2><\/div><div class=\"dp-dfg-custom-content\"><p class=\"dp-dfg-custom-field dp-dfg-cf-autors2\"><span class=\"dp-dfg-custom-field-value\">Dora Garc\u00eda L\u00f3pez<\/span><\/p><\/div><\/article><!-- DPDFG End Post Item Container --><article id=\"post-13725\" class=\"dp-dfg-item post-13725 obres_autors type-obres_autors status-publish has-post-thumbnail hentry tipus_tecniques-dibuix tecnica_especifica-tinta-sobre-paper autors-carme-sanglas-gispert disciplina-dibuix \"     data-position=\"1411\"   data-new-tab=\"off\"   data-action-priority=\"item\"><figure class=\"dp-dfg-image entry-thumb\"><a href=\"https:\/\/www.museuemporda.org\/?obres_autors=sense-titol-208\" class=\"dp-dfg-image-link\" ><img loading=\"lazy\" decoding=\"async\" class=\"dp-dfg-featured-image\" src=\"https:\/\/www.museuemporda.org\/wp-content\/uploads\/2023\/06\/ME2570-SANGLAS16-250x250.jpg\" alt=\"Sense t\u00edtol\" width=\"250\" height=\"250\" data-ratio=\"1\"\/><\/a><\/figure><div class=\"dp-dfg-header entry-header\"><h2 class=\"entry-title\">Sense t\u00edtol<\/h2><\/div><div class=\"dp-dfg-custom-content\"><p class=\"dp-dfg-custom-field dp-dfg-cf-autors2\"><span class=\"dp-dfg-custom-field-value\">Carme Sanglas Gispert<\/span><\/p><\/div><\/article><!-- DPDFG End Post Item Container --><article id=\"post-13788\" class=\"dp-dfg-item post-13788 obres_autors type-obres_autors status-publish has-post-thumbnail hentry tipus_tecniques-dibuix tecnica_especifica-tinta-sobre-paper autors-montserrat-gironell disciplina-dibuix \"     data-position=\"1412\"   data-new-tab=\"off\"   data-action-priority=\"item\"><figure class=\"dp-dfg-image entry-thumb\"><a href=\"https:\/\/www.museuemporda.org\/?obres_autors=sense-titol-238\" class=\"dp-dfg-image-link\" ><img loading=\"lazy\" decoding=\"async\" class=\"dp-dfg-featured-image\" src=\"https:\/\/www.museuemporda.org\/wp-content\/uploads\/2023\/06\/ME2600-GIRONELL14-250x250.jpg\" alt=\"Sense t\u00edtol\" width=\"250\" height=\"250\" data-ratio=\"1\"\/><\/a><\/figure><div class=\"dp-dfg-header entry-header\"><h2 class=\"entry-title\">Sense t\u00edtol<\/h2><\/div><div class=\"dp-dfg-custom-content\"><p class=\"dp-dfg-custom-field dp-dfg-cf-autors2\"><span class=\"dp-dfg-custom-field-value\">Montserrat Gironell<\/span><\/p><\/div><\/article><!-- DPDFG End Post Item Container --><article id=\"post-10314\" class=\"dp-dfg-item post-10314 obres_autors type-obres_autors status-publish has-post-thumbnail hentry tipus_tecniques-pintura tecnica_especifica-oli-sobre-tela autors-pere-bech-sudria disciplina-pintura \"     data-position=\"1413\"   data-new-tab=\"off\"   data-action-priority=\"item\"><figure class=\"dp-dfg-image entry-thumb\"><a href=\"https:\/\/www.museuemporda.org\/?obres_autors=paisatge-55\" class=\"dp-dfg-image-link\" ><img loading=\"lazy\" decoding=\"async\" class=\"dp-dfg-featured-image\" src=\"https:\/\/www.museuemporda.org\/wp-content\/uploads\/2022\/01\/mE-2227-250x250.jpg\" alt=\"Paisatge\" width=\"250\" height=\"250\" data-ratio=\"1\"\/><\/a><\/figure><div class=\"dp-dfg-header entry-header\"><h2 class=\"entry-title\">Paisatge<\/h2><\/div><div class=\"dp-dfg-custom-content\"><p class=\"dp-dfg-custom-field dp-dfg-cf-autors2\"><span class=\"dp-dfg-custom-field-value\">Pere Bech Sudri\u00e0<\/span><\/p><\/div><\/article><!-- DPDFG End Post Item Container --><article id=\"post-10531\" class=\"dp-dfg-item post-10531 obres_autors type-obres_autors status-publish has-post-thumbnail hentry tipus_tecniques-pintura tecnica_especifica-gouache-guaix-sobre-paper autors-ramon-pujol-boira disciplina-pintura \"     data-position=\"1414\"   data-new-tab=\"off\"   data-action-priority=\"item\"><figure class=\"dp-dfg-image entry-thumb\"><a href=\"https:\/\/www.museuemporda.org\/?obres_autors=10-anys-dentramuntanats-a-barcelona\" class=\"dp-dfg-image-link\" ><img loading=\"lazy\" decoding=\"async\" class=\"dp-dfg-featured-image\" src=\"https:\/\/www.museuemporda.org\/wp-content\/uploads\/2022\/02\/mE-2260-250x250.jpg\" alt=\"10 anys d&#8217;entramuntanats a Barcelona\" width=\"250\" height=\"250\" data-ratio=\"1\"\/><\/a><\/figure><div class=\"dp-dfg-header entry-header\"><h2 class=\"entry-title\">10 anys d&#8217;entramuntanats a Barcelona<\/h2><\/div><div class=\"dp-dfg-custom-content\"><p class=\"dp-dfg-custom-field dp-dfg-cf-autors2\"><span class=\"dp-dfg-custom-field-value\">Ramon Pujol Boira<\/span><\/p><\/div><\/article><!-- DPDFG End Post Item Container --><article id=\"post-5676\" class=\"dp-dfg-item post-5676 obres_autors type-obres_autors status-publish has-post-thumbnail hentry autors-autoria-desconeguda disciplina-arqueologia \"     data-position=\"1415\"   data-new-tab=\"off\"   data-action-priority=\"item\"><figure class=\"dp-dfg-image entry-thumb\"><a href=\"https:\/\/www.museuemporda.org\/?obres_autors=amfora-italica-republicana\" class=\"dp-dfg-image-link\" ><img loading=\"lazy\" decoding=\"async\" class=\"dp-dfg-featured-image\" src=\"https:\/\/www.museuemporda.org\/wp-content\/uploads\/2020\/04\/mE-63-250x250.jpg\" alt=\"\u00c0mfora it\u00e0lica\" width=\"250\" height=\"250\" data-ratio=\"1\"\/><\/a><\/figure><div class=\"dp-dfg-header entry-header\"><h2 class=\"entry-title\">\u00c0mfora it\u00e0lica<\/h2><\/div><div class=\"dp-dfg-custom-content\"><p class=\"dp-dfg-custom-field dp-dfg-cf-autors2\"><span class=\"dp-dfg-custom-field-value\">Autoria desconeguda<\/span><\/p><\/div><\/article><!-- DPDFG End Post Item Container --><article id=\"post-9462\" class=\"dp-dfg-item post-9462 obres_autors type-obres_autors status-publish has-post-thumbnail hentry tipus_tecniques-pintura tecnica_especifica-oli-sobre-tela autors-maria-baig-minobis disciplina-pintura \"     data-position=\"1416\"   data-new-tab=\"off\"   data-action-priority=\"item\"><figure class=\"dp-dfg-image entry-thumb\"><a href=\"https:\/\/www.museuemporda.org\/?obres_autors=paisatge-31\" class=\"dp-dfg-image-link\" ><img loading=\"lazy\" decoding=\"async\" class=\"dp-dfg-featured-image\" src=\"https:\/\/www.museuemporda.org\/wp-content\/uploads\/2022\/01\/mE-1872-250x250.jpg\" alt=\"Paisatge\" width=\"250\" height=\"250\" data-ratio=\"1\"\/><\/a><\/figure><div class=\"dp-dfg-header entry-header\"><h2 class=\"entry-title\">Paisatge<\/h2><\/div><div class=\"dp-dfg-custom-content\"><p class=\"dp-dfg-custom-field dp-dfg-cf-autors2\"><span class=\"dp-dfg-custom-field-value\">Mari\u00e0 Baig Minobis<\/span><\/p><\/div><\/article><!-- DPDFG End Post Item Container --><article id=\"post-10633\" class=\"dp-dfg-item post-10633 obres_autors type-obres_autors status-publish has-post-thumbnail hentry tipus_tecniques-obra-grafica tecnica_especifica-litografia autors-pic-adrian disciplina-obra-grafic \"     data-position=\"1417\"   data-new-tab=\"off\"   data-action-priority=\"item\"><figure class=\"dp-dfg-image entry-thumb\"><a href=\"https:\/\/www.museuemporda.org\/?obres_autors=composicio-13\" class=\"dp-dfg-image-link\" ><img loading=\"lazy\" decoding=\"async\" class=\"dp-dfg-featured-image\" src=\"https:\/\/www.museuemporda.org\/wp-content\/uploads\/2022\/02\/mE-1483-250x250.jpg\" alt=\"Composici\u00f3\" width=\"250\" height=\"250\" data-ratio=\"1\"\/><\/a><\/figure><div class=\"dp-dfg-header entry-header\"><h2 class=\"entry-title\">Composici\u00f3<\/h2><\/div><div class=\"dp-dfg-custom-content\"><p class=\"dp-dfg-custom-field dp-dfg-cf-autors2\"><span class=\"dp-dfg-custom-field-value\">Pic Adrian<\/span><\/p><\/div><\/article><!-- DPDFG End Post Item Container --><article id=\"post-11300\" class=\"dp-dfg-item post-11300 obres_autors type-obres_autors status-publish has-post-thumbnail hentry tipus_tecniques-pintura tecnica_especifica-oli-sobre-tela autors-melcior-domenge-antiga disciplina-pintura \"     data-position=\"1418\"   data-new-tab=\"off\"   data-action-priority=\"item\"><figure class=\"dp-dfg-image entry-thumb\"><a href=\"https:\/\/www.museuemporda.org\/?obres_autors=paisatge-72\" class=\"dp-dfg-image-link\" ><img loading=\"lazy\" decoding=\"async\" class=\"dp-dfg-featured-image\" src=\"https:\/\/www.museuemporda.org\/wp-content\/uploads\/2022\/02\/mE-1170-250x250.jpg\" alt=\"Paisatge\" width=\"250\" height=\"250\" data-ratio=\"1\"\/><\/a><\/figure><div class=\"dp-dfg-header entry-header\"><h2 class=\"entry-title\">Paisatge<\/h2><\/div><div class=\"dp-dfg-custom-content\"><p class=\"dp-dfg-custom-field dp-dfg-cf-autors2\"><span class=\"dp-dfg-custom-field-value\">Melcior Domenge Antiga<\/span><\/p><\/div><\/article><!-- DPDFG End Post Item Container --><article id=\"post-11206\" class=\"dp-dfg-item post-11206 obres_autors type-obres_autors status-publish has-post-thumbnail hentry tipus_tecniques-obra-grafica tecnica_especifica-serigrafia autors-ivan-chermayeff disciplina-obra-grafic \"     data-position=\"1419\"   data-new-tab=\"off\"   data-action-priority=\"item\"><figure class=\"dp-dfg-image entry-thumb\"><a href=\"https:\/\/www.museuemporda.org\/?obres_autors=big-rectangle-de-la-carpeta-cadaques-portfolio-one\" class=\"dp-dfg-image-link\" ><img loading=\"lazy\" decoding=\"async\" class=\"dp-dfg-featured-image\" src=\"https:\/\/www.museuemporda.org\/wp-content\/uploads\/2022\/02\/mE-1505-250x250.jpg\" alt=\"&#8216;Big rectangle&#8217;, de la carpeta &#8216;Cadaqu\u00e9s Portfolio One&#8217;\" width=\"250\" height=\"250\" data-ratio=\"1\"\/><\/a><\/figure><div class=\"dp-dfg-header entry-header\"><h2 class=\"entry-title\">&#8216;Big rectangle&#8217;, de la carpeta &#8216;Cadaqu\u00e9s Portfolio One&#8217;<\/h2><\/div><div class=\"dp-dfg-custom-content\"><p class=\"dp-dfg-custom-field dp-dfg-cf-autors2\"><span class=\"dp-dfg-custom-field-value\">Ivan Chermayeff<\/span><\/p><\/div><\/article><!-- DPDFG End Post Item Container --><article id=\"post-8752\" class=\"dp-dfg-item post-8752 obres_autors type-obres_autors status-publish has-post-thumbnail hentry tecnica_especifica-oli-sobre-tela autors-autoria-desconeguda disciplina-pintura \"     data-position=\"1420\"   data-new-tab=\"off\"   data-action-priority=\"item\"><figure class=\"dp-dfg-image entry-thumb\"><a href=\"https:\/\/www.museuemporda.org\/?obres_autors=escena-de-costums-5\" class=\"dp-dfg-image-link\" ><img loading=\"lazy\" decoding=\"async\" class=\"dp-dfg-featured-image\" src=\"https:\/\/www.museuemporda.org\/wp-content\/uploads\/2021\/10\/ME-607_JORDI-PUIG-2021-250x250.jpg\" alt=\"Escena de costums\" width=\"250\" height=\"250\" data-ratio=\"1\"\/><\/a><\/figure><div class=\"dp-dfg-header entry-header\"><h2 class=\"entry-title\">Escena de costums<\/h2><\/div><div class=\"dp-dfg-custom-content\"><p class=\"dp-dfg-custom-field dp-dfg-cf-autors2\"><span class=\"dp-dfg-custom-field-value\">Autoria desconeguda<\/span><\/p><\/div><\/article><!-- DPDFG End Post Item Container --><article id=\"post-12254\" class=\"dp-dfg-item post-12254 obres_autors type-obres_autors status-publish has-post-thumbnail hentry tipus_tecniques-indumentaria tecnica_especifica-paper-cartro autors-maria-baig-minobis disciplina-indumentaria \"     data-position=\"1421\"   data-new-tab=\"off\"   data-action-priority=\"item\"><figure class=\"dp-dfg-image entry-thumb\"><a href=\"https:\/\/www.museuemporda.org\/?obres_autors=ventall-xocolates-comet\" class=\"dp-dfg-image-link\" ><img loading=\"lazy\" decoding=\"async\" class=\"dp-dfg-featured-image\" src=\"https:\/\/www.museuemporda.org\/wp-content\/uploads\/2022\/03\/mE-1871-250x250.jpg\" alt=\"Ventall xocolates Comet\" width=\"250\" height=\"250\" data-ratio=\"1\"\/><\/a><\/figure><div class=\"dp-dfg-header entry-header\"><h2 class=\"entry-title\">Ventall xocolates Comet<\/h2><\/div><div class=\"dp-dfg-custom-content\"><p class=\"dp-dfg-custom-field dp-dfg-cf-autors2\"><span class=\"dp-dfg-custom-field-value\">Mari\u00e0 Baig Minobis<\/span><\/p><\/div><\/article><!-- DPDFG End Post Item Container --><article id=\"post-10299\" class=\"dp-dfg-item post-10299 obres_autors type-obres_autors status-publish has-post-thumbnail hentry tipus_tecniques-pintura tecnica_especifica-oli-sobre-tela autors-pere-bech-sudria disciplina-pintura \"     data-position=\"1422\"   data-new-tab=\"off\"   data-action-priority=\"item\"><figure class=\"dp-dfg-image entry-thumb\"><a href=\"https:\/\/www.museuemporda.org\/?obres_autors=figura-femenina-ajeguda-en-un-interior\" class=\"dp-dfg-image-link\" ><img loading=\"lazy\" decoding=\"async\" class=\"dp-dfg-featured-image\" src=\"https:\/\/www.museuemporda.org\/wp-content\/uploads\/2022\/01\/mE-2219-250x250.jpg\" alt=\"Figura femenina ajeguda en un interior\" width=\"250\" height=\"250\" data-ratio=\"1\"\/><\/a><\/figure><div class=\"dp-dfg-header entry-header\"><h2 class=\"entry-title\">Figura femenina ajeguda en un interior<\/h2><\/div><div class=\"dp-dfg-custom-content\"><p class=\"dp-dfg-custom-field dp-dfg-cf-autors2\"><span class=\"dp-dfg-custom-field-value\">Pere Bech Sudri\u00e0<\/span><\/p><\/div><\/article><!-- DPDFG End Post Item Container --><article id=\"post-9090\" class=\"dp-dfg-item post-9090 obres_autors type-obres_autors status-publish has-post-thumbnail hentry tecnica_especifica-ceramica-atica-de-figures-roges autors-autoria-desconeguda disciplina-arqueologia \"     data-position=\"1423\"   data-new-tab=\"off\"   data-action-priority=\"item\"><figure class=\"dp-dfg-image entry-thumb\"><a href=\"https:\/\/www.museuemporda.org\/?obres_autors=skyphos-atic-de-figures-roges\" class=\"dp-dfg-image-link\" ><img loading=\"lazy\" decoding=\"async\" class=\"dp-dfg-featured-image\" src=\"https:\/\/www.museuemporda.org\/wp-content\/uploads\/2021\/11\/mE-395-1-250x250.jpg\" alt=\"Skyphos \u00e0tic de figures roges\" width=\"250\" height=\"250\" data-ratio=\"1\"\/><\/a><\/figure><div class=\"dp-dfg-header entry-header\"><h2 class=\"entry-title\">Skyphos \u00e0tic de figures roges<\/h2><\/div><div class=\"dp-dfg-custom-content\"><p class=\"dp-dfg-custom-field dp-dfg-cf-autors2\"><span class=\"dp-dfg-custom-field-value\">Autoria desconeguda<\/span><\/p><\/div><\/article><!-- DPDFG End Post Item Container --><article id=\"post-12048\" class=\"dp-dfg-item post-12048 obres_autors type-obres_autors status-publish has-post-thumbnail hentry tipus_tecniques-pintura tecnica_especifica-aquarella-sobre-paper autors-francina-verdaguer-verdu disciplina-pintura \"     data-position=\"1424\"   data-new-tab=\"off\"   data-action-priority=\"item\"><figure class=\"dp-dfg-image entry-thumb\"><a href=\"https:\/\/www.museuemporda.org\/?obres_autors=flors-4\" class=\"dp-dfg-image-link\" ><img loading=\"lazy\" decoding=\"async\" class=\"dp-dfg-featured-image\" src=\"https:\/\/www.museuemporda.org\/wp-content\/uploads\/2022\/02\/mE-2317-250x250.jpg\" alt=\"Flors\" width=\"250\" height=\"250\" data-ratio=\"1\"\/><\/a><\/figure><div class=\"dp-dfg-header entry-header\"><h2 class=\"entry-title\">Flors<\/h2><\/div><div class=\"dp-dfg-custom-content\"><p class=\"dp-dfg-custom-field dp-dfg-cf-autors2\"><span class=\"dp-dfg-custom-field-value\">Francina Verdaguer Verd\u00fa<\/span><\/p><\/div><\/article><!-- DPDFG End Post Item Container --><article id=\"post-6008\" class=\"dp-dfg-item post-6008 obres_autors type-obres_autors status-publish has-post-thumbnail hentry tecnica_especifica-gavarrots-i-pintura-acrilica-sobre-tela autors-evarist-valles-rovira disciplina-pintura \"     data-position=\"1425\"   data-new-tab=\"off\"   data-action-priority=\"item\"><figure class=\"dp-dfg-image entry-thumb\"><a href=\"https:\/\/www.museuemporda.org\/?obres_autors=cercle-blanc\" class=\"dp-dfg-image-link\" ><img loading=\"lazy\" decoding=\"async\" class=\"dp-dfg-featured-image\" src=\"https:\/\/www.museuemporda.org\/wp-content\/uploads\/2020\/10\/mE-1045-250x250.jpg\" alt=\"Cercle blanc\" width=\"250\" height=\"250\" data-ratio=\"1\"\/><\/a><\/figure><div class=\"dp-dfg-header entry-header\"><h2 class=\"entry-title\">Cercle blanc<\/h2><\/div><div class=\"dp-dfg-custom-content\"><p class=\"dp-dfg-custom-field dp-dfg-cf-autors2\"><span class=\"dp-dfg-custom-field-value\">Evarist Vall\u00e8s Rovira<\/span><\/p><\/div><\/article><!-- DPDFG End Post Item Container --><article id=\"post-11520\" class=\"dp-dfg-item post-11520 obres_autors type-obres_autors status-publish has-post-thumbnail hentry tipus_tecniques-dibuix tecnica_especifica-gouache-guaix-sobre-paper autors-gilbert-kirszbaum disciplina-dibuix \"     data-position=\"1426\"   data-new-tab=\"off\"   data-action-priority=\"item\"><figure class=\"dp-dfg-image entry-thumb\"><a href=\"https:\/\/www.museuemporda.org\/?obres_autors=une-tete-poudre-en-noir-et-blanc\" class=\"dp-dfg-image-link\" ><img loading=\"lazy\" decoding=\"async\" class=\"dp-dfg-featured-image\" src=\"https:\/\/www.museuemporda.org\/wp-content\/uploads\/2022\/02\/mE-2434-250x250.jpg\" alt=\"Une t\u00eate poudr\u00e9 en noir et blanc\" width=\"250\" height=\"250\" data-ratio=\"1\"\/><\/a><\/figure><div class=\"dp-dfg-header entry-header\"><h2 class=\"entry-title\">Une t\u00eate poudr\u00e9 en noir et blanc<\/h2><\/div><div class=\"dp-dfg-custom-content\"><p class=\"dp-dfg-custom-field dp-dfg-cf-autors2\"><span class=\"dp-dfg-custom-field-value\">Gilbert Kirszbaum<\/span><\/p><\/div><\/article><!-- DPDFG End Post Item Container --><article id=\"post-9292\" class=\"dp-dfg-item post-9292 obres_autors type-obres_autors status-publish has-post-thumbnail hentry tecnica_especifica-oli-sobre-tela autors-ramon-bretx-comas disciplina-pintura \"     data-position=\"1427\"   data-new-tab=\"off\"   data-action-priority=\"item\"><figure class=\"dp-dfg-image entry-thumb\"><a href=\"https:\/\/www.museuemporda.org\/?obres_autors=9292\" class=\"dp-dfg-image-link\" ><img loading=\"lazy\" decoding=\"async\" class=\"dp-dfg-featured-image\" src=\"https:\/\/www.museuemporda.org\/wp-content\/uploads\/2021\/11\/mE-2353-250x250.jpg\" alt=\"Paisatge\" width=\"250\" height=\"250\" data-ratio=\"1\"\/><\/a><\/figure><div class=\"dp-dfg-header entry-header\"><h2 class=\"entry-title\">Paisatge<\/h2><\/div><div class=\"dp-dfg-custom-content\"><p class=\"dp-dfg-custom-field dp-dfg-cf-autors2\"><span class=\"dp-dfg-custom-field-value\">Ramon Bretx Comas<\/span><\/p><\/div><\/article><!-- DPDFG End Post Item Container --><article id=\"post-5775\" class=\"dp-dfg-item post-5775 obres_autors type-obres_autors status-publish has-post-thumbnail hentry tecnica_especifica-oli-sobre-tela autors-ignacio-pinazo-camarlench disciplina-pintura \"     data-position=\"1428\"   data-new-tab=\"off\"   data-action-priority=\"item\"><figure class=\"dp-dfg-image entry-thumb\"><a href=\"https:\/\/www.museuemporda.org\/?obres_autors=retrat-de-noia-amb-mantellina\" class=\"dp-dfg-image-link\" ><img loading=\"lazy\" decoding=\"async\" class=\"dp-dfg-featured-image\" src=\"https:\/\/www.museuemporda.org\/wp-content\/uploads\/2020\/04\/mE-642-250x250.jpg\" alt=\"Manola amb mantellina blanca\" width=\"250\" height=\"250\" data-ratio=\"1\"\/><\/a><\/figure><div class=\"dp-dfg-header entry-header\"><h2 class=\"entry-title\">Manola amb mantellina blanca<\/h2><\/div><div class=\"dp-dfg-custom-content\"><p class=\"dp-dfg-custom-field dp-dfg-cf-autors2\"><span class=\"dp-dfg-custom-field-value\">Ignacio Pinazo Camarlench<\/span><\/p><\/div><\/article><!-- DPDFG End Post Item Container --><article id=\"post-13732\" class=\"dp-dfg-item post-13732 obres_autors type-obres_autors status-publish has-post-thumbnail hentry tipus_tecniques-dibuix tecnica_especifica-tinta-sobre-paper autors-enric-pujol disciplina-dibuix \"     data-position=\"1429\"   data-new-tab=\"off\"   data-action-priority=\"item\"><figure class=\"dp-dfg-image entry-thumb\"><a href=\"https:\/\/www.museuemporda.org\/?obres_autors=sense-titol-211\" class=\"dp-dfg-image-link\" ><img loading=\"lazy\" decoding=\"async\" class=\"dp-dfg-featured-image\" src=\"https:\/\/www.museuemporda.org\/wp-content\/uploads\/2023\/06\/ME2573-PUJOL07-250x250.jpg\" alt=\"Sense t\u00edtol\" width=\"250\" height=\"250\" data-ratio=\"1\"\/><\/a><\/figure><div class=\"dp-dfg-header entry-header\"><h2 class=\"entry-title\">Sense t\u00edtol<\/h2><\/div><div class=\"dp-dfg-custom-content\"><p class=\"dp-dfg-custom-field dp-dfg-cf-autors2\"><span class=\"dp-dfg-custom-field-value\">Enric Pujol<\/span><\/p><\/div><\/article><!-- DPDFG End Post Item Container --><article id=\"post-14209\" class=\"dp-dfg-item post-14209 obres_autors type-obres_autors status-publish has-post-thumbnail hentry tipus_tecniques-obra-grafica tecnica_especifica-impressio-digital autors-joan-antoni-poch disciplina-obra-grafic \"     data-position=\"1430\"   data-new-tab=\"off\"   data-action-priority=\"item\"><figure class=\"dp-dfg-image entry-thumb\"><a href=\"https:\/\/www.museuemporda.org\/?obres_autors=sense-titol-430\" class=\"dp-dfg-image-link\" ><img loading=\"lazy\" decoding=\"async\" class=\"dp-dfg-featured-image\" src=\"https:\/\/www.museuemporda.org\/wp-content\/uploads\/2023\/07\/ME2815-JAP-250x250.jpg\" alt=\"Sense t\u00edtol\" width=\"250\" height=\"250\" data-ratio=\"1\"\/><\/a><\/figure><div class=\"dp-dfg-header entry-header\"><h2 class=\"entry-title\">Sense t\u00edtol<\/h2><\/div><div class=\"dp-dfg-custom-content\"><p class=\"dp-dfg-custom-field dp-dfg-cf-autors2\"><span class=\"dp-dfg-custom-field-value\">Joan Antoni Poch<\/span><\/p><\/div><\/article><!-- DPDFG End Post Item Container --><article id=\"post-5895\" class=\"dp-dfg-item post-5895 obres_autors type-obres_autors status-publish has-post-thumbnail hentry autors-josep-bartoli-guiu disciplina-dibuix \"     data-position=\"1431\"   data-new-tab=\"off\"   data-action-priority=\"item\"><figure class=\"dp-dfg-image entry-thumb\"><a href=\"https:\/\/www.museuemporda.org\/?obres_autors=a-baixeres-renom-i-els-seus-tres-menuts\" class=\"dp-dfg-image-link\" ><img loading=\"lazy\" decoding=\"async\" class=\"dp-dfg-featured-image\" src=\"https:\/\/www.museuemporda.org\/wp-content\/uploads\/2020\/07\/mE-1291_2019-250x250.jpg\" alt=\"A Baixeras Renom i els seus tres menuts\" width=\"250\" height=\"250\" data-ratio=\"1\"\/><\/a><\/figure><div class=\"dp-dfg-header entry-header\"><h2 class=\"entry-title\">A Baixeras Renom i els seus tres menuts<\/h2><\/div><div class=\"dp-dfg-custom-content\"><p class=\"dp-dfg-custom-field dp-dfg-cf-autors2\"><span class=\"dp-dfg-custom-field-value\">Josep Bartol\u00ed Guiu<\/span><\/p><\/div><\/article><!-- DPDFG End Post Item Container --><article id=\"post-13828\" class=\"dp-dfg-item post-13828 obres_autors type-obres_autors status-publish has-post-thumbnail hentry tipus_tecniques-dibuix tecnica_especifica-impressio-digital autors-lluis-puigbert disciplina-obra-grafic \"     data-position=\"1432\"   data-new-tab=\"off\"   data-action-priority=\"item\"><figure class=\"dp-dfg-image entry-thumb\"><a href=\"https:\/\/www.museuemporda.org\/?obres_autors=sense-titol-258\" class=\"dp-dfg-image-link\" ><img loading=\"lazy\" decoding=\"async\" class=\"dp-dfg-featured-image\" src=\"https:\/\/www.museuemporda.org\/wp-content\/uploads\/2023\/06\/ME2620-SID07-250x250.jpg\" alt=\"Sense t\u00edtol\" width=\"250\" height=\"250\" data-ratio=\"1\"\/><\/a><\/figure><div class=\"dp-dfg-header entry-header\"><h2 class=\"entry-title\">Sense t\u00edtol<\/h2><\/div><div class=\"dp-dfg-custom-content\"><p class=\"dp-dfg-custom-field dp-dfg-cf-autors2\"><span class=\"dp-dfg-custom-field-value\">Llu\u00eds Puigbert<\/span><\/p><\/div><\/article><!-- DPDFG End Post Item Container --><article id=\"post-8095\" class=\"dp-dfg-item post-8095 obres_autors type-obres_autors status-publish has-post-thumbnail hentry tecnica_especifica-oli-sobre-tela autors-narcis-monturiol-estarriol disciplina-pintura \"     data-position=\"1433\"   data-new-tab=\"off\"   data-action-priority=\"item\"><figure class=\"dp-dfg-image entry-thumb\"><a href=\"https:\/\/www.museuemporda.org\/?obres_autors=retrat-dhome-2\" class=\"dp-dfg-image-link\" ><img loading=\"lazy\" decoding=\"async\" class=\"dp-dfg-featured-image\" src=\"https:\/\/www.museuemporda.org\/wp-content\/uploads\/2021\/08\/mE-1213-250x250.jpg\" alt=\"Retrat d&#8217;home\" width=\"250\" height=\"250\" data-ratio=\"1\"\/><\/a><\/figure><div class=\"dp-dfg-header entry-header\"><h2 class=\"entry-title\">Retrat d&#8217;home<\/h2><\/div><div class=\"dp-dfg-custom-content\"><p class=\"dp-dfg-custom-field dp-dfg-cf-autors2\"><span class=\"dp-dfg-custom-field-value\">Narc\u00eds Monturiol Estarriol<\/span><\/p><\/div><\/article><!-- DPDFG End Post Item Container --><article id=\"post-11066\" class=\"dp-dfg-item post-11066 obres_autors type-obres_autors status-publish has-post-thumbnail hentry tipus_tecniques-dibuix tecnica_especifica-dibuix-sobre-paper autors-jose-basco-roura disciplina-dibuix \"     data-position=\"1434\"   data-new-tab=\"off\"   data-action-priority=\"item\"><figure class=\"dp-dfg-image entry-thumb\"><a href=\"https:\/\/www.museuemporda.org\/?obres_autors=sense-titol-103\" class=\"dp-dfg-image-link\" ><img loading=\"lazy\" decoding=\"async\" class=\"dp-dfg-featured-image\" src=\"https:\/\/www.museuemporda.org\/wp-content\/uploads\/2022\/02\/mE-2004-250x250.jpg\" alt=\"Sense t\u00edtol\" width=\"250\" height=\"250\" data-ratio=\"1\"\/><\/a><\/figure><div class=\"dp-dfg-header entry-header\"><h2 class=\"entry-title\">Sense t\u00edtol<\/h2><\/div><div class=\"dp-dfg-custom-content\"><p class=\"dp-dfg-custom-field dp-dfg-cf-autors2\"><span class=\"dp-dfg-custom-field-value\">Jos\u00e9 Basco Roura<\/span><\/p><\/div><\/article><!-- DPDFG End Post Item Container --><article id=\"post-6014\" class=\"dp-dfg-item post-6014 obres_autors type-obres_autors status-publish has-post-thumbnail hentry tecnica_especifica-aiguafort autors-miquel-duran-carrera disciplina-obra-grafic \"     data-position=\"1435\"   data-new-tab=\"off\"   data-action-priority=\"item\"><figure class=\"dp-dfg-image entry-thumb\"><a href=\"https:\/\/www.museuemporda.org\/?obres_autors=abril-270\" class=\"dp-dfg-image-link\" ><img loading=\"lazy\" decoding=\"async\" class=\"dp-dfg-featured-image\" src=\"https:\/\/www.museuemporda.org\/wp-content\/uploads\/2020\/04\/mE-1124_2019-250x250.jpg\" alt=\"Abril 270\u00b0\" width=\"250\" height=\"250\" data-ratio=\"1\"\/><\/a><\/figure><div class=\"dp-dfg-header entry-header\"><h2 class=\"entry-title\">Abril 270\u00b0<\/h2><\/div><div class=\"dp-dfg-custom-content\"><p class=\"dp-dfg-custom-field dp-dfg-cf-autors2\"><span class=\"dp-dfg-custom-field-value\">Miquel Duran Carrera<\/span><\/p><\/div><\/article><!-- DPDFG End Post Item Container --><article id=\"post-14284\" class=\"dp-dfg-item post-14284 obres_autors type-obres_autors status-publish has-post-thumbnail hentry tipus_tecniques-dibuix tecnica_especifica-impressio-digital autors-quim-bou disciplina-dibuix \"     data-position=\"1436\"   data-new-tab=\"off\"   data-action-priority=\"item\"><figure class=\"dp-dfg-image entry-thumb\"><a href=\"https:\/\/www.museuemporda.org\/?obres_autors=sense-titol-466\" class=\"dp-dfg-image-link\" ><img loading=\"lazy\" decoding=\"async\" class=\"dp-dfg-featured-image\" src=\"https:\/\/www.museuemporda.org\/wp-content\/uploads\/2023\/07\/ME2851-BOU-250x250.jpg\" alt=\"Sense t\u00edtol\" width=\"250\" height=\"250\" data-ratio=\"1\"\/><\/a><\/figure><div class=\"dp-dfg-header entry-header\"><h2 class=\"entry-title\">Sense t\u00edtol<\/h2><\/div><div class=\"dp-dfg-custom-content\"><p class=\"dp-dfg-custom-field dp-dfg-cf-autors2\"><span class=\"dp-dfg-custom-field-value\">Quim Bou<\/span><\/p><\/div><\/article><!-- DPDFG End Post Item Container --><article id=\"post-10589\" class=\"dp-dfg-item post-10589 obres_autors type-obres_autors status-publish has-post-thumbnail hentry tipus_tecniques-dibuix tecnica_especifica-dibuix-sobre-paper autors-maria-llavanera-miralles disciplina-dibuix \"     data-position=\"1437\"   data-new-tab=\"off\"   data-action-priority=\"item\"><figure class=\"dp-dfg-image entry-thumb\"><a href=\"https:\/\/www.museuemporda.org\/?obres_autors=nu-fememi\" class=\"dp-dfg-image-link\" ><img loading=\"lazy\" decoding=\"async\" class=\"dp-dfg-featured-image\" src=\"https:\/\/www.museuemporda.org\/wp-content\/uploads\/2022\/02\/mE-2303-250x250.jpg\" alt=\"Nu femem\u00ed\" width=\"250\" height=\"250\" data-ratio=\"1\"\/><\/a><\/figure><div class=\"dp-dfg-header entry-header\"><h2 class=\"entry-title\">Nu femem\u00ed<\/h2><\/div><div class=\"dp-dfg-custom-content\"><p class=\"dp-dfg-custom-field dp-dfg-cf-autors2\"><span class=\"dp-dfg-custom-field-value\">Mari\u00e0 Llavanera Miralles<\/span><\/p><\/div><\/article><!-- DPDFG End Post Item Container --><article id=\"post-9708\" class=\"dp-dfg-item post-9708 obres_autors type-obres_autors status-publish has-post-thumbnail hentry tipus_tecniques-fotografia tecnica_especifica-fotografia autors-esther-ferrer disciplina-fotografia \"     data-position=\"1438\"   data-new-tab=\"off\"   data-action-priority=\"item\"><figure class=\"dp-dfg-image entry-thumb\"><a href=\"https:\/\/www.museuemporda.org\/?obres_autors=papieds\" class=\"dp-dfg-image-link\" ><img loading=\"lazy\" decoding=\"async\" class=\"dp-dfg-featured-image\" src=\"https:\/\/www.museuemporda.org\/wp-content\/uploads\/2022\/01\/mE-2129-250x250.jpg\" alt=\"Papieds\" width=\"250\" height=\"250\" data-ratio=\"1\"\/><\/a><\/figure><div class=\"dp-dfg-header entry-header\"><h2 class=\"entry-title\">Papieds<\/h2><\/div><div class=\"dp-dfg-custom-content\"><p class=\"dp-dfg-custom-field dp-dfg-cf-autors2\"><span class=\"dp-dfg-custom-field-value\">Esther Ferrer<\/span><\/p><\/div><\/article><!-- DPDFG End Post Item Container --><article id=\"post-5822\" class=\"dp-dfg-item post-5822 obres_autors type-obres_autors status-publish has-post-thumbnail hentry tecnica_especifica-oli-sobre-tela autors-felix-mestres-borrell \"     data-position=\"1439\"   data-new-tab=\"off\"   data-action-priority=\"item\"><figure class=\"dp-dfg-image entry-thumb\"><a href=\"https:\/\/www.museuemporda.org\/?obres_autors=retrat-del-senyor-marti-mestres-notari-de-figueres\" class=\"dp-dfg-image-link\" ><img loading=\"lazy\" decoding=\"async\" class=\"dp-dfg-featured-image\" src=\"https:\/\/www.museuemporda.org\/wp-content\/uploads\/2020\/04\/mE-663-1-250x250.jpg\" alt=\"El meu germ\u00e0 Mart\u00ed\" width=\"250\" height=\"250\" data-ratio=\"1\"\/><\/a><\/figure><div class=\"dp-dfg-header entry-header\"><h2 class=\"entry-title\">El meu germ\u00e0 Mart\u00ed<\/h2><\/div><div class=\"dp-dfg-custom-content\"><p class=\"dp-dfg-custom-field dp-dfg-cf-autors2\"><span class=\"dp-dfg-custom-field-value\">F\u00e8lix Mestres Borrell<\/span><\/p><\/div><\/article><!-- DPDFG End Post Item Container --><article id=\"post-9101\" class=\"dp-dfg-item post-9101 obres_autors type-obres_autors status-publish has-post-thumbnail hentry tecnica_especifica-ceramica-de-reflex-metallic autors-autoria-desconeguda disciplina-arqueologia \"     data-position=\"1440\"   data-new-tab=\"off\"   data-action-priority=\"item\"><figure class=\"dp-dfg-image entry-thumb\"><a href=\"https:\/\/www.museuemporda.org\/?obres_autors=bol-de-reflex-metallic\" class=\"dp-dfg-image-link\" ><img loading=\"lazy\" decoding=\"async\" class=\"dp-dfg-featured-image\" src=\"https:\/\/www.museuemporda.org\/wp-content\/uploads\/2021\/11\/mE-576-250x250.jpg\" alt=\"Bol\" width=\"250\" height=\"250\" data-ratio=\"1\"\/><\/a><\/figure><div class=\"dp-dfg-header entry-header\"><h2 class=\"entry-title\">Bol<\/h2><\/div><div class=\"dp-dfg-custom-content\"><p class=\"dp-dfg-custom-field dp-dfg-cf-autors2\"><span class=\"dp-dfg-custom-field-value\">Autoria desconeguda<\/span><\/p><\/div><\/article><!-- DPDFG End Post Item Container --><article id=\"post-11917\" class=\"dp-dfg-item post-11917 obres_autors type-obres_autors status-publish has-post-thumbnail hentry tipus_tecniques-pintura tecnica_especifica-oli-sobre-tela autors-juan-pablo-salinas-teruel disciplina-pintura \"     data-position=\"1441\"   data-new-tab=\"off\"   data-action-priority=\"item\"><figure class=\"dp-dfg-image entry-thumb\"><a href=\"https:\/\/www.museuemporda.org\/?obres_autors=retrat-de-josep-rubaudonadeu-2\" class=\"dp-dfg-image-link\" ><img loading=\"lazy\" decoding=\"async\" class=\"dp-dfg-featured-image\" src=\"https:\/\/www.museuemporda.org\/wp-content\/uploads\/2022\/02\/ME-1117_2022-250x250.jpg\" alt=\"Retrat de Josep Rubaudonadeu\" width=\"250\" height=\"250\" data-ratio=\"1\"\/><\/a><\/figure><div class=\"dp-dfg-header entry-header\"><h2 class=\"entry-title\">Retrat de Josep Rubaudonadeu<\/h2><\/div><div class=\"dp-dfg-custom-content\"><p class=\"dp-dfg-custom-field dp-dfg-cf-autors2\"><span class=\"dp-dfg-custom-field-value\">Juan Pablo Salinas Teruel <\/span><\/p><\/div><\/article><!-- DPDFG End Post Item Container --><article id=\"post-10200\" class=\"dp-dfg-item post-10200 obres_autors type-obres_autors status-publish has-post-thumbnail hentry tipus_tecniques-pintura tecnica_especifica-oli-sobre-fusta autors-marcelli-porta disciplina-pintura \"     data-position=\"1442\"   data-new-tab=\"off\"   data-action-priority=\"item\"><figure class=\"dp-dfg-image entry-thumb\"><a href=\"https:\/\/www.museuemporda.org\/?obres_autors=bodego-amb-gerro-de-flors\" class=\"dp-dfg-image-link\" ><img loading=\"lazy\" decoding=\"async\" class=\"dp-dfg-featured-image\" src=\"https:\/\/www.museuemporda.org\/wp-content\/uploads\/2022\/01\/mE-1353-250x250.jpg\" alt=\"Bodeg\u00f3 amb gerro de flors\" width=\"250\" height=\"250\" data-ratio=\"1\"\/><\/a><\/figure><div class=\"dp-dfg-header entry-header\"><h2 class=\"entry-title\">Bodeg\u00f3 amb gerro de flors<\/h2><\/div><div class=\"dp-dfg-custom-content\"><p class=\"dp-dfg-custom-field dp-dfg-cf-autors2\"><span class=\"dp-dfg-custom-field-value\">Marcel\u00b7l\u00ed Porta<\/span><\/p><\/div><\/article><!-- DPDFG End Post Item Container --><article id=\"post-11552\" class=\"dp-dfg-item post-11552 obres_autors type-obres_autors status-publish has-post-thumbnail hentry tipus_tecniques-pintura tecnica_especifica-aquarella-sobre-paper autors-lea-lafugie disciplina-pintura \"     data-position=\"1443\"   data-new-tab=\"off\"   data-action-priority=\"item\"><figure class=\"dp-dfg-image entry-thumb\"><a href=\"https:\/\/www.museuemporda.org\/?obres_autors=pokuna-anuradhapura\" class=\"dp-dfg-image-link\" ><img loading=\"lazy\" decoding=\"async\" class=\"dp-dfg-featured-image\" src=\"https:\/\/www.museuemporda.org\/wp-content\/uploads\/2022\/02\/mE-2409-250x250.jpg\" alt=\"Pokuna Anuradhapura\" width=\"250\" height=\"250\" data-ratio=\"1\"\/><\/a><\/figure><div class=\"dp-dfg-header entry-header\"><h2 class=\"entry-title\">Pokuna Anuradhapura<\/h2><\/div><div class=\"dp-dfg-custom-content\"><p class=\"dp-dfg-custom-field dp-dfg-cf-autors2\"><span class=\"dp-dfg-custom-field-value\">L\u00e9a Lafugie<\/span><\/p><\/div><\/article><!-- DPDFG End Post Item Container --><article id=\"post-10787\" class=\"dp-dfg-item post-10787 obres_autors type-obres_autors status-publish has-post-thumbnail hentry tipus_tecniques-pintura tecnica_especifica-oli-sobre-tela autors-francesc-gimeno-arasa disciplina-pintura \"     data-position=\"1444\"   data-new-tab=\"off\"   data-action-priority=\"item\"><figure class=\"dp-dfg-image entry-thumb\"><a href=\"https:\/\/www.museuemporda.org\/?obres_autors=paisatge-rural-3\" class=\"dp-dfg-image-link\" ><img loading=\"lazy\" decoding=\"async\" class=\"dp-dfg-featured-image\" src=\"https:\/\/www.museuemporda.org\/wp-content\/uploads\/2022\/02\/mE-1147-250x250.jpg\" alt=\"Paisatge rural\" width=\"250\" height=\"250\" data-ratio=\"1\"\/><\/a><\/figure><div class=\"dp-dfg-header entry-header\"><h2 class=\"entry-title\">Paisatge rural<\/h2><\/div><div class=\"dp-dfg-custom-content\"><p class=\"dp-dfg-custom-field dp-dfg-cf-autors2\"><span class=\"dp-dfg-custom-field-value\">Francesc Gimeno Arasa <\/span><\/p><\/div><\/article><!-- DPDFG End Post Item Container --><article id=\"post-11392\" class=\"dp-dfg-item post-11392 obres_autors type-obres_autors status-publish has-post-thumbnail hentry tipus_tecniques-dibuix tecnica_especifica-tecnica-mixta-sobre-paper autors-francesc-dassis-gali-fabra disciplina-dibuix \"     data-position=\"1445\"   data-new-tab=\"off\"   data-action-priority=\"item\"><figure class=\"dp-dfg-image entry-thumb\"><a href=\"https:\/\/www.museuemporda.org\/?obres_autors=lintrigant-i-la-lleialtat\" class=\"dp-dfg-image-link\" ><img loading=\"lazy\" decoding=\"async\" class=\"dp-dfg-featured-image\" src=\"https:\/\/www.museuemporda.org\/wp-content\/uploads\/2022\/02\/mE-7031-250x250.jpg\" alt=\"L&#8217;intrigant i la Lleialtat\" width=\"250\" height=\"250\" data-ratio=\"1\"\/><\/a><\/figure><div class=\"dp-dfg-header entry-header\"><h2 class=\"entry-title\">L&#8217;intrigant i la Lleialtat<\/h2><\/div><div class=\"dp-dfg-custom-content\"><p class=\"dp-dfg-custom-field dp-dfg-cf-autors2\"><span class=\"dp-dfg-custom-field-value\">Francesc d'Ass\u00eds Gal\u00ed Fabra<\/span><\/p><\/div><\/article><!-- DPDFG End Post Item Container --><article id=\"post-11544\" class=\"dp-dfg-item post-11544 obres_autors type-obres_autors status-publish has-post-thumbnail hentry tipus_tecniques-pintura tecnica_especifica-aquarella-sobre-paper autors-lea-lafugie disciplina-pintura \"     data-position=\"1446\"   data-new-tab=\"off\"   data-action-priority=\"item\"><figure class=\"dp-dfg-image entry-thumb\"><a href=\"https:\/\/www.museuemporda.org\/?obres_autors=sense-titol-136\" class=\"dp-dfg-image-link\" ><img loading=\"lazy\" decoding=\"async\" class=\"dp-dfg-featured-image\" src=\"https:\/\/www.museuemporda.org\/wp-content\/uploads\/2022\/02\/mE-2405-250x250.jpg\" alt=\"Sense t\u00edtol\" width=\"250\" height=\"250\" data-ratio=\"1\"\/><\/a><\/figure><div class=\"dp-dfg-header entry-header\"><h2 class=\"entry-title\">Sense t\u00edtol<\/h2><\/div><div class=\"dp-dfg-custom-content\"><p class=\"dp-dfg-custom-field dp-dfg-cf-autors2\"><span class=\"dp-dfg-custom-field-value\">L\u00e9a Lafugie<\/span><\/p><\/div><\/article><!-- DPDFG End Post Item Container --><article id=\"post-14363\" class=\"dp-dfg-item post-14363 obres_autors type-obres_autors status-publish has-post-thumbnail hentry tipus_tecniques-dibuix tecnica_especifica-impressio-digital autors-enric-pujol disciplina-dibuix \"     data-position=\"1447\"   data-new-tab=\"off\"   data-action-priority=\"item\"><figure class=\"dp-dfg-image entry-thumb\"><a href=\"https:\/\/www.museuemporda.org\/?obres_autors=sense-titol-501\" class=\"dp-dfg-image-link\" ><img loading=\"lazy\" decoding=\"async\" class=\"dp-dfg-featured-image\" src=\"https:\/\/www.museuemporda.org\/wp-content\/uploads\/2023\/07\/ME2889-PUJOL-250x250.jpg\" alt=\"Sense t\u00edtol\" width=\"250\" height=\"250\" data-ratio=\"1\"\/><\/a><\/figure><div class=\"dp-dfg-header entry-header\"><h2 class=\"entry-title\">Sense t\u00edtol<\/h2><\/div><div class=\"dp-dfg-custom-content\"><p class=\"dp-dfg-custom-field dp-dfg-cf-autors2\"><span class=\"dp-dfg-custom-field-value\">Enric Pujol<\/span><\/p><\/div><\/article><!-- DPDFG End Post Item Container --><article id=\"post-13767\" class=\"dp-dfg-item post-13767 obres_autors type-obres_autors status-publish has-post-thumbnail hentry tipus_tecniques-dibuix tecnica_especifica-aquarella-sobre-paper-2 tecnica_especifica-tinta-sobre-paper autors-juliette-murphy disciplina-dibuix \"     data-position=\"1448\"   data-new-tab=\"off\"   data-action-priority=\"item\"><figure class=\"dp-dfg-image entry-thumb\"><a href=\"https:\/\/www.museuemporda.org\/?obres_autors=sense-titol-228\" class=\"dp-dfg-image-link\" ><img loading=\"lazy\" decoding=\"async\" class=\"dp-dfg-featured-image\" src=\"https:\/\/www.museuemporda.org\/wp-content\/uploads\/2023\/06\/ME2590-MURPHY12-250x250.jpg\" alt=\"Sense t\u00edtol\" width=\"250\" height=\"250\" data-ratio=\"1\"\/><\/a><\/figure><div class=\"dp-dfg-header entry-header\"><h2 class=\"entry-title\">Sense t\u00edtol<\/h2><\/div><div class=\"dp-dfg-custom-content\"><p class=\"dp-dfg-custom-field dp-dfg-cf-autors2\"><span class=\"dp-dfg-custom-field-value\">Juliette Murphy<\/span><\/p><\/div><\/article><!-- DPDFG End Post Item Container --><article id=\"post-10497\" class=\"dp-dfg-item post-10497 obres_autors type-obres_autors status-publish has-post-thumbnail hentry tipus_tecniques-dibuix tecnica_especifica-llapis-sobre-paper autors-frederic-mares-deulovol disciplina-dibuix \"     data-position=\"1449\"   data-new-tab=\"off\"   data-action-priority=\"item\"><figure class=\"dp-dfg-image entry-thumb\"><a href=\"https:\/\/www.museuemporda.org\/?obres_autors=sense-titol-77\" class=\"dp-dfg-image-link\" ><img loading=\"lazy\" decoding=\"async\" class=\"dp-dfg-featured-image\" src=\"https:\/\/www.museuemporda.org\/wp-content\/uploads\/2022\/01\/mE-1774.a-250x250.jpg\" alt=\"Sense t\u00edtol\" width=\"250\" height=\"250\" data-ratio=\"1\"\/><\/a><\/figure><div class=\"dp-dfg-header entry-header\"><h2 class=\"entry-title\">Sense t\u00edtol<\/h2><\/div><div class=\"dp-dfg-custom-content\"><p class=\"dp-dfg-custom-field dp-dfg-cf-autors2\"><span class=\"dp-dfg-custom-field-value\">Frederic Mar\u00e8s Deulovol<\/span><\/p><\/div><\/article><!-- DPDFG End Post Item Container --><article id=\"post-698\" class=\"dp-dfg-item post-698 obres_autors type-obres_autors status-publish has-post-thumbnail hentry autors-pere-calders-rossinyol \"     data-position=\"1450\"   data-new-tab=\"off\"   data-action-priority=\"item\"><figure class=\"dp-dfg-image entry-thumb\"><a href=\"https:\/\/www.museuemporda.org\/?obres_autors=la-diana\" class=\"dp-dfg-image-link\" ><img loading=\"lazy\" decoding=\"async\" class=\"dp-dfg-featured-image\" src=\"https:\/\/www.museuemporda.org\/wp-content\/uploads\/2020\/04\/mE-698-1-250x250.jpg\" alt=\"Rac\u00f3 de l&#8217;Alameda\" width=\"250\" height=\"250\" data-ratio=\"1\"\/><\/a><\/figure><div class=\"dp-dfg-header entry-header\"><h2 class=\"entry-title\">Rac\u00f3 de l&#8217;Alameda<\/h2><\/div><div class=\"dp-dfg-custom-content\"><p class=\"dp-dfg-custom-field dp-dfg-cf-autors2\"><span class=\"dp-dfg-custom-field-value\">Pere Calders Rossinyol<\/span><\/p><\/div><\/article><!-- DPDFG End Post Item Container --><article id=\"post-11309\" class=\"dp-dfg-item post-11309 obres_autors type-obres_autors status-publish has-post-thumbnail hentry tipus_tecniques-dibuix tecnica_especifica-carbonet autors-josephine-ducollet disciplina-dibuix \"     data-position=\"1451\"   data-new-tab=\"off\"   data-action-priority=\"item\"><figure class=\"dp-dfg-image entry-thumb\"><a href=\"https:\/\/www.museuemporda.org\/?obres_autors=sense-titol-118\" class=\"dp-dfg-image-link\" ><img loading=\"lazy\" decoding=\"async\" class=\"dp-dfg-featured-image\" src=\"https:\/\/www.museuemporda.org\/wp-content\/uploads\/2022\/02\/mE-2055-250x250.jpg\" alt=\"Sense t\u00edtol\" width=\"250\" height=\"250\" data-ratio=\"1\"\/><\/a><\/figure><div class=\"dp-dfg-header entry-header\"><h2 class=\"entry-title\">Sense t\u00edtol<\/h2><\/div><div class=\"dp-dfg-custom-content\"><p class=\"dp-dfg-custom-field dp-dfg-cf-autors2\"><span class=\"dp-dfg-custom-field-value\">Jos\u00e9phine Ducollet <\/span><\/p><\/div><\/article><!-- DPDFG End Post Item Container --><article id=\"post-10681\" class=\"dp-dfg-item post-10681 obres_autors type-obres_autors status-publish has-post-thumbnail hentry tipus_tecniques-dibuix tecnica_especifica-tinta-sobre-paper autors-josep-bartoli-guiu disciplina-dibuix \"     data-position=\"1452\"   data-new-tab=\"off\"   data-action-priority=\"item\"><figure class=\"dp-dfg-image entry-thumb\"><a href=\"https:\/\/www.museuemporda.org\/?obres_autors=les-cues-de-la-guerra\" class=\"dp-dfg-image-link\" ><img loading=\"lazy\" decoding=\"async\" class=\"dp-dfg-featured-image\" src=\"https:\/\/www.museuemporda.org\/wp-content\/uploads\/2022\/02\/mE-1294-250x250.jpg\" alt=\"Les cues de la guerra\" width=\"250\" height=\"250\" data-ratio=\"1\"\/><\/a><\/figure><div class=\"dp-dfg-header entry-header\"><h2 class=\"entry-title\">Les cues de la guerra<\/h2><\/div><div class=\"dp-dfg-custom-content\"><p class=\"dp-dfg-custom-field dp-dfg-cf-autors2\"><span class=\"dp-dfg-custom-field-value\">Josep Bartol\u00ed Guiu<\/span><\/p><\/div><\/article><!-- DPDFG End Post Item Container --><article id=\"post-12204\" class=\"dp-dfg-item post-12204 obres_autors type-obres_autors status-publish has-post-thumbnail hentry tipus_tecniques-indumentaria tecnica_especifica-teixit-i-fusta autors-autoria-desconeguda disciplina-indumentaria \"     data-position=\"1453\"   data-new-tab=\"off\"   data-action-priority=\"item\"><figure class=\"dp-dfg-image entry-thumb\"><a href=\"https:\/\/www.museuemporda.org\/?obres_autors=sense-titol-172\" class=\"dp-dfg-image-link\" ><img loading=\"lazy\" decoding=\"async\" class=\"dp-dfg-featured-image\" src=\"https:\/\/www.museuemporda.org\/wp-content\/uploads\/2022\/03\/mE-897-250x250.jpg\" alt=\"Sense t\u00edtol\" width=\"250\" height=\"250\" data-ratio=\"1\"\/><\/a><\/figure><div class=\"dp-dfg-header entry-header\"><h2 class=\"entry-title\">Sense t\u00edtol<\/h2><\/div><div class=\"dp-dfg-custom-content\"><p class=\"dp-dfg-custom-field dp-dfg-cf-autors2\"><span class=\"dp-dfg-custom-field-value\">Autoria desconeguda<\/span><\/p><\/div><\/article><!-- DPDFG End Post Item Container --><article id=\"post-8602\" class=\"dp-dfg-item post-8602 obres_autors type-obres_autors status-publish has-post-thumbnail hentry autors-josep-maria-canellas disciplina-fotografia \"     data-position=\"1454\"   data-new-tab=\"off\"   data-action-priority=\"item\"><figure class=\"dp-dfg-image entry-thumb\"><a href=\"https:\/\/www.museuemporda.org\/?obres_autors=cavall\" class=\"dp-dfg-image-link\" ><img loading=\"lazy\" decoding=\"async\" class=\"dp-dfg-featured-image\" src=\"https:\/\/www.museuemporda.org\/wp-content\/uploads\/2021\/10\/mE-1885-250x250.jpg\" alt=\"Cavall\" width=\"250\" height=\"250\" data-ratio=\"1\"\/><\/a><\/figure><div class=\"dp-dfg-header entry-header\"><h2 class=\"entry-title\">Cavall<\/h2><\/div><div class=\"dp-dfg-custom-content\"><p class=\"dp-dfg-custom-field dp-dfg-cf-autors2\"><span class=\"dp-dfg-custom-field-value\">Josep Maria Ca\u00f1ellas<\/span><\/p><\/div><\/article><!-- DPDFG End Post Item Container --><article id=\"post-10215\" class=\"dp-dfg-item post-10215 obres_autors type-obres_autors status-publish has-post-thumbnail hentry tipus_tecniques-aquarella tecnica_especifica-aquarella autors-pere-calders-rossinyol disciplina-pintura \"     data-position=\"1455\"   data-new-tab=\"off\"   data-action-priority=\"item\"><figure class=\"dp-dfg-image entry-thumb\"><a href=\"https:\/\/www.museuemporda.org\/?obres_autors=langel\" class=\"dp-dfg-image-link\" ><img loading=\"lazy\" decoding=\"async\" class=\"dp-dfg-featured-image\" src=\"https:\/\/www.museuemporda.org\/wp-content\/uploads\/2022\/01\/mE-1300-250x250.jpg\" alt=\"L&#8217;\u00c0ngel\" width=\"250\" height=\"250\" data-ratio=\"1\"\/><\/a><\/figure><div class=\"dp-dfg-header entry-header\"><h2 class=\"entry-title\">L&#8217;\u00c0ngel<\/h2><\/div><div class=\"dp-dfg-custom-content\"><p class=\"dp-dfg-custom-field dp-dfg-cf-autors2\"><span class=\"dp-dfg-custom-field-value\">Pere Calders Rossinyol<\/span><\/p><\/div><\/article><!-- DPDFG End Post Item Container --><article id=\"post-14405\" class=\"dp-dfg-item post-14405 obres_autors type-obres_autors status-publish has-post-thumbnail hentry tipus_tecniques-pintura tecnica_especifica-oli-sobre-tela autors-pages disciplina-pintura \"     data-position=\"1456\"   data-new-tab=\"off\"   data-action-priority=\"item\"><figure class=\"dp-dfg-image entry-thumb\"><a href=\"https:\/\/www.museuemporda.org\/?obres_autors=sense-titol-518\" class=\"dp-dfg-image-link\" ><img loading=\"lazy\" decoding=\"async\" class=\"dp-dfg-featured-image\" src=\"https:\/\/www.museuemporda.org\/wp-content\/uploads\/2023\/07\/ME2909-250x250.jpg\" alt=\"Sense t\u00edtol\" width=\"250\" height=\"250\" data-ratio=\"1\"\/><\/a><\/figure><div class=\"dp-dfg-header entry-header\"><h2 class=\"entry-title\">Sense t\u00edtol<\/h2><\/div><div class=\"dp-dfg-custom-content\"><p class=\"dp-dfg-custom-field dp-dfg-cf-autors2\"><span class=\"dp-dfg-custom-field-value\">Pag\u00e8s<\/span><\/p><\/div><\/article><!-- DPDFG End Post Item Container --><article id=\"post-5668\" class=\"dp-dfg-item post-5668 obres_autors type-obres_autors status-publish has-post-thumbnail hentry autors-autoria-desconeguda disciplina-arqueologia \"     data-position=\"1457\"   data-new-tab=\"off\"   data-action-priority=\"item\"><figure class=\"dp-dfg-image entry-thumb\"><a href=\"https:\/\/www.museuemporda.org\/?obres_autors=vas-de-ceramica-de-parets-fines\" class=\"dp-dfg-image-link\" ><img loading=\"lazy\" decoding=\"async\" class=\"dp-dfg-featured-image\" src=\"https:\/\/www.museuemporda.org\/wp-content\/uploads\/2020\/04\/mE-6-250x250.jpg\" alt=\"Vas\" width=\"250\" height=\"250\" data-ratio=\"1\"\/><\/a><\/figure><div class=\"dp-dfg-header entry-header\"><h2 class=\"entry-title\">Vas<\/h2><\/div><div class=\"dp-dfg-custom-content\"><p class=\"dp-dfg-custom-field dp-dfg-cf-autors2\"><span class=\"dp-dfg-custom-field-value\">Autoria desconeguda<\/span><\/p><\/div><\/article><!-- DPDFG End Post Item Container --><article id=\"post-11558\" class=\"dp-dfg-item post-11558 obres_autors type-obres_autors status-publish has-post-thumbnail hentry tipus_tecniques-pintura tecnica_especifica-aquarella-sobre-paper autors-lea-lafugie disciplina-pintura \"     data-position=\"1458\"   data-new-tab=\"off\"   data-action-priority=\"item\"><figure class=\"dp-dfg-image entry-thumb\"><a href=\"https:\/\/www.museuemporda.org\/?obres_autors=sense-titol-139\" class=\"dp-dfg-image-link\" ><img loading=\"lazy\" decoding=\"async\" class=\"dp-dfg-featured-image\" src=\"https:\/\/www.museuemporda.org\/wp-content\/uploads\/2022\/02\/mE-2412-250x250.jpg\" alt=\"Sense t\u00edtol\" width=\"250\" height=\"250\" data-ratio=\"1\"\/><\/a><\/figure><div class=\"dp-dfg-header entry-header\"><h2 class=\"entry-title\">Sense t\u00edtol<\/h2><\/div><div class=\"dp-dfg-custom-content\"><p class=\"dp-dfg-custom-field dp-dfg-cf-autors2\"><span class=\"dp-dfg-custom-field-value\">L\u00e9a Lafugie<\/span><\/p><\/div><\/article><!-- DPDFG End Post Item Container --><article id=\"post-9879\" class=\"dp-dfg-item post-9879 obres_autors type-obres_autors status-publish has-post-thumbnail hentry tipus_tecniques-fotografia tecnica_especifica-fotografia autors-autoria-desconeguda disciplina-fotografia \"     data-position=\"1459\"   data-new-tab=\"off\"   data-action-priority=\"item\"><figure class=\"dp-dfg-image entry-thumb\"><a href=\"https:\/\/www.museuemporda.org\/?obres_autors=sant-miquel-de-fluvia\" class=\"dp-dfg-image-link\" ><img loading=\"lazy\" decoding=\"async\" class=\"dp-dfg-featured-image\" src=\"https:\/\/www.museuemporda.org\/wp-content\/uploads\/2022\/01\/ME-2103_Jordi-Puig-2022-250x250.jpg\" alt=\"Sant Miquel de Fluvi\u00e0\" width=\"250\" height=\"250\" data-ratio=\"1\"\/><\/a><\/figure><div class=\"dp-dfg-header entry-header\"><h2 class=\"entry-title\">Sant Miquel de Fluvi\u00e0<\/h2><\/div><div class=\"dp-dfg-custom-content\"><p class=\"dp-dfg-custom-field dp-dfg-cf-autors2\"><span class=\"dp-dfg-custom-field-value\">Autoria desconeguda<\/span><\/p><\/div><\/article><!-- DPDFG End Post Item Container --><article id=\"post-11947\" class=\"dp-dfg-item post-11947 obres_autors type-obres_autors status-publish has-post-thumbnail hentry tipus_tecniques-pintura tecnica_especifica-pintura-sobre-tela autors-antonio-sanchez-santiago disciplina-pintura \"     data-position=\"1460\"   data-new-tab=\"off\"   data-action-priority=\"item\"><figure class=\"dp-dfg-image entry-thumb\"><a href=\"https:\/\/www.museuemporda.org\/?obres_autors=canyes\" class=\"dp-dfg-image-link\" ><img loading=\"lazy\" decoding=\"async\" class=\"dp-dfg-featured-image\" src=\"https:\/\/www.museuemporda.org\/wp-content\/uploads\/2022\/02\/mE-1383-250x250.jpg\" alt=\"Canyes\" width=\"250\" height=\"250\" data-ratio=\"1\"\/><\/a><\/figure><div class=\"dp-dfg-header entry-header\"><h2 class=\"entry-title\">Canyes<\/h2><\/div><div class=\"dp-dfg-custom-content\"><p class=\"dp-dfg-custom-field dp-dfg-cf-autors2\"><span class=\"dp-dfg-custom-field-value\">Antonio S\u00e1nchez Santiago<\/span><\/p><\/div><\/article><!-- DPDFG End Post Item Container --><article id=\"post-11378\" class=\"dp-dfg-item post-11378 obres_autors type-obres_autors status-publish has-post-thumbnail hentry tipus_tecniques-pintura tecnica_especifica-oli-sobre-tela autors-jordi-freixas-cortes disciplina-pintura \"     data-position=\"1461\"   data-new-tab=\"off\"   data-action-priority=\"item\"><figure class=\"dp-dfg-image entry-thumb\"><a href=\"https:\/\/www.museuemporda.org\/?obres_autors=carrer-en-gris\" class=\"dp-dfg-image-link\" ><img loading=\"lazy\" decoding=\"async\" class=\"dp-dfg-featured-image\" src=\"https:\/\/www.museuemporda.org\/wp-content\/uploads\/2022\/02\/mE-1167-250x250.jpg\" alt=\"Carrer en gris\" width=\"250\" height=\"250\" data-ratio=\"1\"\/><\/a><\/figure><div class=\"dp-dfg-header entry-header\"><h2 class=\"entry-title\">Carrer en gris<\/h2><\/div><div class=\"dp-dfg-custom-content\"><p class=\"dp-dfg-custom-field dp-dfg-cf-autors2\"><span class=\"dp-dfg-custom-field-value\">Jordi Freixas Cort\u00e9s<\/span><\/p><\/div><\/article><!-- DPDFG End Post Item Container --><article id=\"post-14251\" class=\"dp-dfg-item post-14251 obres_autors type-obres_autors status-publish has-post-thumbnail hentry tipus_tecniques-dibuix tecnica_especifica-impressio-digital autors-joan-antoja-mas disciplina-dibuix \"     data-position=\"1462\"   data-new-tab=\"off\"   data-action-priority=\"item\"><figure class=\"dp-dfg-image entry-thumb\"><a href=\"https:\/\/www.museuemporda.org\/?obres_autors=sense-titol-450\" class=\"dp-dfg-image-link\" ><img loading=\"lazy\" decoding=\"async\" class=\"dp-dfg-featured-image\" src=\"https:\/\/www.museuemporda.org\/wp-content\/uploads\/2023\/07\/ME2835-ANTOJA-250x250.jpg\" alt=\"Sense t\u00edtol\" width=\"250\" height=\"250\" data-ratio=\"1\"\/><\/a><\/figure><div class=\"dp-dfg-header entry-header\"><h2 class=\"entry-title\">Sense t\u00edtol<\/h2><\/div><div class=\"dp-dfg-custom-content\"><p class=\"dp-dfg-custom-field dp-dfg-cf-autors2\"><span class=\"dp-dfg-custom-field-value\">Joan Antoja Mas<\/span><\/p><\/div><\/article><!-- DPDFG End Post Item Container --><article id=\"post-5816\" class=\"dp-dfg-item post-5816 obres_autors type-obres_autors status-publish has-post-thumbnail hentry tecnica_especifica-oli-sobre-tela autors-isidre-nonell-monturiol \"     data-position=\"1463\"   data-new-tab=\"off\"   data-action-priority=\"item\"><figure class=\"dp-dfg-image entry-thumb\"><a href=\"https:\/\/www.museuemporda.org\/?obres_autors=consuelo\" class=\"dp-dfg-image-link\" ><img loading=\"lazy\" decoding=\"async\" class=\"dp-dfg-featured-image\" src=\"https:\/\/www.museuemporda.org\/wp-content\/uploads\/2020\/04\/mE-648-250x250.jpg\" alt=\"Consuelo\" width=\"250\" height=\"250\" data-ratio=\"1\"\/><\/a><\/figure><div class=\"dp-dfg-header entry-header\"><h2 class=\"entry-title\">Consuelo<\/h2><\/div><div class=\"dp-dfg-custom-content\"><p class=\"dp-dfg-custom-field dp-dfg-cf-autors2\"><span class=\"dp-dfg-custom-field-value\">Isidre Nonell Monturiol<\/span><\/p><\/div><\/article><!-- DPDFG End Post Item Container --><article id=\"post-8447\" class=\"dp-dfg-item post-8447 obres_autors type-obres_autors status-publish has-post-thumbnail hentry autors-ramon-reig-corominas disciplina-pintura \"     data-position=\"1464\"   data-new-tab=\"off\"   data-action-priority=\"item\"><figure class=\"dp-dfg-image entry-thumb\"><a href=\"https:\/\/www.museuemporda.org\/?obres_autors=cami-de-vilafant\" class=\"dp-dfg-image-link\" ><img loading=\"lazy\" decoding=\"async\" class=\"dp-dfg-featured-image\" src=\"https:\/\/www.museuemporda.org\/wp-content\/uploads\/2021\/09\/mE-808-250x250.jpg\" alt=\"Cam\u00ed de Vilafant\" width=\"250\" height=\"250\" data-ratio=\"1\"\/><\/a><\/figure><div class=\"dp-dfg-header entry-header\"><h2 class=\"entry-title\">Cam\u00ed de Vilafant<\/h2><\/div><div class=\"dp-dfg-custom-content\"><p class=\"dp-dfg-custom-field dp-dfg-cf-autors2\"><span class=\"dp-dfg-custom-field-value\">Ramon Reig Corominas<\/span><\/p><\/div><\/article><!-- DPDFG End Post Item Container --><article id=\"post-9050\" class=\"dp-dfg-item post-9050 obres_autors type-obres_autors status-publish has-post-thumbnail hentry tipus_tecniques-bronze autors-joan-borrell-nicolau disciplina-escultura \"     data-position=\"1465\"   data-new-tab=\"off\"   data-action-priority=\"item\"><figure class=\"dp-dfg-image entry-thumb\"><a href=\"https:\/\/www.museuemporda.org\/?obres_autors=enric-monturiol\" class=\"dp-dfg-image-link\" ><img loading=\"lazy\" decoding=\"async\" class=\"dp-dfg-featured-image\" src=\"https:\/\/www.museuemporda.org\/wp-content\/uploads\/2021\/11\/mE-1624-250x250.jpg\" alt=\"Enric Monturiol\" width=\"250\" height=\"250\" data-ratio=\"1\"\/><\/a><\/figure><div class=\"dp-dfg-header entry-header\"><h2 class=\"entry-title\">Enric Monturiol<\/h2><\/div><div class=\"dp-dfg-custom-content\"><p class=\"dp-dfg-custom-field dp-dfg-cf-autors2\"><span class=\"dp-dfg-custom-field-value\">Joan Borrel Nicolau<\/span><\/p><\/div><\/article><!-- DPDFG End Post Item Container --><article id=\"post-12001\" class=\"dp-dfg-item post-12001 obres_autors type-obres_autors status-publish has-post-thumbnail hentry tipus_tecniques-obra-grafica tecnica_especifica-gravat autors-eugeni-torrens disciplina-obra-grafic \"     data-position=\"1466\"   data-new-tab=\"off\"   data-action-priority=\"item\"><figure class=\"dp-dfg-image entry-thumb\"><a href=\"https:\/\/www.museuemporda.org\/?obres_autors=representacio-no-figurativa-3\" class=\"dp-dfg-image-link\" ><img loading=\"lazy\" decoding=\"async\" class=\"dp-dfg-featured-image\" src=\"https:\/\/www.museuemporda.org\/wp-content\/uploads\/2022\/02\/mE-1489-250x250.jpg\" alt=\"Representaci\u00f3 no figurativa\" width=\"250\" height=\"250\" data-ratio=\"1\"\/><\/a><\/figure><div class=\"dp-dfg-header entry-header\"><h2 class=\"entry-title\">Representaci\u00f3 no figurativa<\/h2><\/div><div class=\"dp-dfg-custom-content\"><p class=\"dp-dfg-custom-field dp-dfg-cf-autors2\"><span class=\"dp-dfg-custom-field-value\">Eugeni Torrens<\/span><\/p><\/div><\/article><!-- DPDFG End Post Item Container --><article id=\"post-9535\" class=\"dp-dfg-item post-9535 obres_autors type-obres_autors status-publish has-post-thumbnail hentry tipus_tecniques-dibuix tecnica_especifica-llapis-carbo-sobre-paper autors-iu-pascual-rodes disciplina-dibuix \"     data-position=\"1467\"   data-new-tab=\"off\"   data-action-priority=\"item\"><figure class=\"dp-dfg-image entry-thumb\"><a href=\"https:\/\/www.museuemporda.org\/?obres_autors=retrat-dana-matilde-monsalvatje\" class=\"dp-dfg-image-link\" ><img loading=\"lazy\" decoding=\"async\" class=\"dp-dfg-featured-image\" src=\"https:\/\/www.museuemporda.org\/wp-content\/uploads\/2022\/01\/mE-2123-250x250.jpg\" alt=\"Retrat d&#8217;Ana Matilde Monsalvatje\" width=\"250\" height=\"250\" data-ratio=\"1\"\/><\/a><\/figure><div class=\"dp-dfg-header entry-header\"><h2 class=\"entry-title\">Retrat d&#8217;Ana Matilde Monsalvatje<\/h2><\/div><div class=\"dp-dfg-custom-content\"><p class=\"dp-dfg-custom-field dp-dfg-cf-autors2\"><span class=\"dp-dfg-custom-field-value\">Iu Pascual Rod\u00e9s<\/span><\/p><\/div><\/article><!-- DPDFG End Post Item Container --><article id=\"post-14456\" class=\"dp-dfg-item post-14456 obres_autors type-obres_autors status-publish has-post-thumbnail hentry tipus_tecniques-aquarella-2 tecnica_especifica-aquarella-sobre-paper-2 autors-ramon-reig-corominas disciplina-pintura \"     data-position=\"1468\"   data-new-tab=\"off\"   data-action-priority=\"item\"><figure class=\"dp-dfg-image entry-thumb\"><a href=\"https:\/\/www.museuemporda.org\/?obres_autors=sense-titol-521\" class=\"dp-dfg-image-link\" ><img loading=\"lazy\" decoding=\"async\" class=\"dp-dfg-featured-image\" src=\"https:\/\/www.museuemporda.org\/wp-content\/uploads\/2023\/07\/ME2919-250x250.jpg\" alt=\"Sense t\u00edtol\" width=\"250\" height=\"250\" data-ratio=\"1\"\/><\/a><\/figure><div class=\"dp-dfg-header entry-header\"><h2 class=\"entry-title\">Sense t\u00edtol<\/h2><\/div><div class=\"dp-dfg-custom-content\"><p class=\"dp-dfg-custom-field dp-dfg-cf-autors2\"><span class=\"dp-dfg-custom-field-value\">Ramon Reig Corominas<\/span><\/p><\/div><\/article><!-- DPDFG End Post Item Container --><article id=\"post-8583\" class=\"dp-dfg-item post-8583 obres_autors type-obres_autors status-publish has-post-thumbnail hentry autors-josep-esquirol-perez disciplina-fotografia \"     data-position=\"1469\"   data-new-tab=\"off\"   data-action-priority=\"item\"><figure class=\"dp-dfg-image entry-thumb\"><a href=\"https:\/\/www.museuemporda.org\/?obres_autors=sense-titol-15\" class=\"dp-dfg-image-link\" ><img loading=\"lazy\" decoding=\"async\" class=\"dp-dfg-featured-image\" src=\"https:\/\/www.museuemporda.org\/wp-content\/uploads\/2021\/10\/ME-2096_Jordi-Puig-2022-250x250.jpg\" alt=\"Sense t\u00edtol\" width=\"250\" height=\"250\" data-ratio=\"1\"\/><\/a><\/figure><div class=\"dp-dfg-header entry-header\"><h2 class=\"entry-title\">Sense t\u00edtol<\/h2><\/div><div class=\"dp-dfg-custom-content\"><p class=\"dp-dfg-custom-field dp-dfg-cf-autors2\"><span class=\"dp-dfg-custom-field-value\">Josep Esquirol P\u00e9rez<\/span><\/p><\/div><\/article><!-- DPDFG End Post Item Container --><article id=\"post-13775\" class=\"dp-dfg-item post-13775 obres_autors type-obres_autors status-publish has-post-thumbnail hentry tipus_tecniques-dibuix tecnica_especifica-tinta-sobre-paper autors-juliette-murphy disciplina-dibuix \"     data-position=\"1470\"   data-new-tab=\"off\"   data-action-priority=\"item\"><figure class=\"dp-dfg-image entry-thumb\"><a href=\"https:\/\/www.museuemporda.org\/?obres_autors=sense-titol-232\" class=\"dp-dfg-image-link\" ><img loading=\"lazy\" decoding=\"async\" class=\"dp-dfg-featured-image\" src=\"https:\/\/www.museuemporda.org\/wp-content\/uploads\/2023\/06\/ME2594-MURPHY16-250x250.jpg\" alt=\"Sense t\u00edtol\" width=\"250\" height=\"250\" data-ratio=\"1\"\/><\/a><\/figure><div class=\"dp-dfg-header entry-header\"><h2 class=\"entry-title\">Sense t\u00edtol<\/h2><\/div><div class=\"dp-dfg-custom-content\"><p class=\"dp-dfg-custom-field dp-dfg-cf-autors2\"><span class=\"dp-dfg-custom-field-value\">Juliette Murphy<\/span><\/p><\/div><\/article><!-- DPDFG End Post Item Container --><article id=\"post-5706\" class=\"dp-dfg-item post-5706 obres_autors type-obres_autors status-publish has-post-thumbnail hentry autors-autoria-desconeguda disciplina-arqueologia \"     data-position=\"1471\"   data-new-tab=\"off\"   data-action-priority=\"item\"><figure class=\"dp-dfg-image entry-thumb\"><a href=\"https:\/\/www.museuemporda.org\/?obres_autors=hidria-ceramica-atica-de-figures-roges\" class=\"dp-dfg-image-link\" ><img loading=\"lazy\" decoding=\"async\" class=\"dp-dfg-featured-image\" src=\"https:\/\/www.museuemporda.org\/wp-content\/uploads\/2020\/04\/mE-401-250x250.jpg\" alt=\"H\u00eddria \u00e0tica de figures roges\" width=\"250\" height=\"250\" data-ratio=\"1\"\/><\/a><\/figure><div class=\"dp-dfg-header entry-header\"><h2 class=\"entry-title\">H\u00eddria \u00e0tica de figures roges<\/h2><\/div><div class=\"dp-dfg-custom-content\"><p class=\"dp-dfg-custom-field dp-dfg-cf-autors2\"><span class=\"dp-dfg-custom-field-value\">Autoria desconeguda<\/span><\/p><\/div><\/article><!-- DPDFG End Post Item Container --><article id=\"post-10350\" class=\"dp-dfg-item post-10350 obres_autors type-obres_autors status-publish has-post-thumbnail hentry tipus_tecniques-pintura tecnica_especifica-oli-sobre-tela autors-pere-bech-sudria disciplina-pintura \"     data-position=\"1472\"   data-new-tab=\"off\"   data-action-priority=\"item\"><figure class=\"dp-dfg-image entry-thumb\"><a href=\"https:\/\/www.museuemporda.org\/?obres_autors=noia-asseguda-en-una-cadira\" class=\"dp-dfg-image-link\" ><img loading=\"lazy\" decoding=\"async\" class=\"dp-dfg-featured-image\" src=\"https:\/\/www.museuemporda.org\/wp-content\/uploads\/2022\/01\/mE-2251-250x250.jpg\" alt=\"Noia asseguda en una cadira\" width=\"250\" height=\"250\" data-ratio=\"1\"\/><\/a><\/figure><div class=\"dp-dfg-header entry-header\"><h2 class=\"entry-title\">Noia asseguda en una cadira<\/h2><\/div><div class=\"dp-dfg-custom-content\"><p class=\"dp-dfg-custom-field dp-dfg-cf-autors2\"><span class=\"dp-dfg-custom-field-value\">Pere Bech Sudri\u00e0<\/span><\/p><\/div><\/article><!-- DPDFG End Post Item Container --><article id=\"post-10996\" class=\"dp-dfg-item post-10996 obres_autors type-obres_autors status-publish has-post-thumbnail hentry tipus_tecniques-obra-grafica tecnica_especifica-serigrafia autors-sanae-ando disciplina-obra-grafic \"     data-position=\"1473\"   data-new-tab=\"off\"   data-action-priority=\"item\"><figure class=\"dp-dfg-image entry-thumb\"><a href=\"https:\/\/www.museuemporda.org\/?obres_autors=dimension-de-la-carpeta-cadaques-portfolio-one\" class=\"dp-dfg-image-link\" ><img loading=\"lazy\" decoding=\"async\" class=\"dp-dfg-featured-image\" src=\"https:\/\/www.museuemporda.org\/wp-content\/uploads\/2022\/02\/mE-1502-250x250.jpg\" alt=\"&#8216;Dimension&#8217;, de la carpeta &#8216;Cadaqu\u00e9s Portfolio One&#8217;\" width=\"250\" height=\"250\" data-ratio=\"1\"\/><\/a><\/figure><div class=\"dp-dfg-header entry-header\"><h2 class=\"entry-title\">&#8216;Dimension&#8217;, de la carpeta &#8216;Cadaqu\u00e9s Portfolio One&#8217;<\/h2><\/div><div class=\"dp-dfg-custom-content\"><p class=\"dp-dfg-custom-field dp-dfg-cf-autors2\"><span class=\"dp-dfg-custom-field-value\">Sanae Ando<\/span><\/p><\/div><\/article><!-- DPDFG End Post Item Container --><article id=\"post-13656\" class=\"dp-dfg-item post-13656 obres_autors type-obres_autors status-publish has-post-thumbnail hentry tipus_tecniques-obra-grafica tecnica_especifica-paper-impres autors-salvador-dali-domenech disciplina-obra-grafic \"     data-position=\"1474\"   data-new-tab=\"off\"   data-action-priority=\"item\"><figure class=\"dp-dfg-image entry-thumb\"><a href=\"https:\/\/www.museuemporda.org\/?obres_autors=el-triomf-i-el-rodoli-de-la-gala-i-en-dali\" class=\"dp-dfg-image-link\" ><img loading=\"lazy\" decoding=\"async\" class=\"dp-dfg-featured-image\" src=\"https:\/\/www.museuemporda.org\/wp-content\/uploads\/2023\/06\/mE-2424-scaled-e1687347642180-250x250.jpg\" alt=\"El triomf i el rodol\u00ed de la Gala i en Dal\u00ed\" width=\"250\" height=\"250\" data-ratio=\"1\"\/><\/a><\/figure><div class=\"dp-dfg-header entry-header\"><h2 class=\"entry-title\">El triomf i el rodol\u00ed de la Gala i en Dal\u00ed<\/h2><\/div><div class=\"dp-dfg-custom-content\"><p class=\"dp-dfg-custom-field dp-dfg-cf-autors2\"><span class=\"dp-dfg-custom-field-value\">Salvador Dal\u00ed Dom\u00e8nech<\/span><\/p><\/div><\/article><!-- DPDFG End Post Item Container --><article id=\"post-12022\" class=\"dp-dfg-item post-12022 obres_autors type-obres_autors status-publish has-post-thumbnail hentry tipus_tecniques-pintura tecnica_especifica-oli-sobre-tela autors-francisco-tortosa disciplina-pintura \"     data-position=\"1475\"   data-new-tab=\"off\"   data-action-priority=\"item\"><figure class=\"dp-dfg-image entry-thumb\"><a href=\"https:\/\/www.museuemporda.org\/?obres_autors=balco-de-cuernavaca\" class=\"dp-dfg-image-link\" ><img loading=\"lazy\" decoding=\"async\" class=\"dp-dfg-featured-image\" src=\"https:\/\/www.museuemporda.org\/wp-content\/uploads\/2022\/02\/mE-1372-250x250.jpg\" alt=\"Balc\u00f3 de Cuernavaca\" width=\"250\" height=\"250\" data-ratio=\"1\"\/><\/a><\/figure><div class=\"dp-dfg-header entry-header\"><h2 class=\"entry-title\">Balc\u00f3 de Cuernavaca<\/h2><\/div><div class=\"dp-dfg-custom-content\"><p class=\"dp-dfg-custom-field dp-dfg-cf-autors2\"><span class=\"dp-dfg-custom-field-value\">Francisco Tortosa<\/span><\/p><\/div><\/article><!-- DPDFG End Post Item Container --><article id=\"post-11679\" class=\"dp-dfg-item post-11679 obres_autors type-obres_autors status-publish has-post-thumbnail hentry tipus_tecniques-dibuix tecnica_especifica-dibuix-sobre-paper autors-jose-martinez disciplina-dibuix \"     data-position=\"1476\"   data-new-tab=\"off\"   data-action-priority=\"item\"><figure class=\"dp-dfg-image entry-thumb\"><a href=\"https:\/\/www.museuemporda.org\/?obres_autors=sense-titol-145\" class=\"dp-dfg-image-link\" ><img loading=\"lazy\" decoding=\"async\" class=\"dp-dfg-featured-image\" src=\"https:\/\/www.museuemporda.org\/wp-content\/uploads\/2022\/02\/mE-2025-250x250.jpg\" alt=\"Sense t\u00edtol\" width=\"250\" height=\"250\" data-ratio=\"1\"\/><\/a><\/figure><div class=\"dp-dfg-header entry-header\"><h2 class=\"entry-title\">Sense t\u00edtol<\/h2><\/div><div class=\"dp-dfg-custom-content\"><p class=\"dp-dfg-custom-field dp-dfg-cf-autors2\"><span class=\"dp-dfg-custom-field-value\">Jos\u00e9 Mart\u00ednez<\/span><\/p><\/div><\/article><!-- DPDFG End Post Item Container --><article id=\"post-11245\" class=\"dp-dfg-item post-11245 obres_autors type-obres_autors status-publish has-post-thumbnail hentry tipus_tecniques-pintura tecnica_especifica-oli-sobre-tela autors-joan-commeleran-carrera disciplina-pintura \"     data-position=\"1477\"   data-new-tab=\"off\"   data-action-priority=\"item\"><figure class=\"dp-dfg-image entry-thumb\"><a href=\"https:\/\/www.museuemporda.org\/?obres_autors=flors-navareses\" class=\"dp-dfg-image-link\" ><img loading=\"lazy\" decoding=\"async\" class=\"dp-dfg-featured-image\" src=\"https:\/\/www.museuemporda.org\/wp-content\/uploads\/2022\/02\/mE-1166-250x250.jpg\" alt=\"Flors navareses\" width=\"250\" height=\"250\" data-ratio=\"1\"\/><\/a><\/figure><div class=\"dp-dfg-header entry-header\"><h2 class=\"entry-title\">Flors navareses<\/h2><\/div><div class=\"dp-dfg-custom-content\"><p class=\"dp-dfg-custom-field dp-dfg-cf-autors2\"><span class=\"dp-dfg-custom-field-value\">Joan Commeleran Carrera<\/span><\/p><\/div><\/article><!-- DPDFG End Post Item Container --><article id=\"post-9685\" class=\"dp-dfg-item post-9685 obres_autors type-obres_autors status-publish has-post-thumbnail hentry tipus_tecniques-fotografia tecnica_especifica-fotografia autors-josep-maria-canellas disciplina-fotografia \"     data-position=\"1478\"   data-new-tab=\"off\"   data-action-priority=\"item\"><figure class=\"dp-dfg-image entry-thumb\"><a href=\"https:\/\/www.museuemporda.org\/?obres_autors=sense-titol-reclining-nude-and-reflection\" class=\"dp-dfg-image-link\" ><img loading=\"lazy\" decoding=\"async\" class=\"dp-dfg-featured-image\" src=\"https:\/\/www.museuemporda.org\/wp-content\/uploads\/2022\/01\/mE-1692-250x250.jpg\" alt=\"Sense t\u00edtol [Reclining nude and reflection]\" width=\"250\" height=\"250\" data-ratio=\"1\"\/><\/a><\/figure><div class=\"dp-dfg-header entry-header\"><h2 class=\"entry-title\">Sense t\u00edtol [Reclining nude and reflection]<\/h2><\/div><div class=\"dp-dfg-custom-content\"><p class=\"dp-dfg-custom-field dp-dfg-cf-autors2\"><span class=\"dp-dfg-custom-field-value\">Josep Maria Ca\u00f1ellas<\/span><\/p><\/div><\/article><!-- DPDFG End Post Item Container --><article id=\"post-6058\" class=\"dp-dfg-item post-6058 obres_autors type-obres_autors status-publish has-post-thumbnail hentry autors-jordi-mitja disciplina-fotografia \"     data-position=\"1479\"   data-new-tab=\"off\"   data-action-priority=\"item\"><figure class=\"dp-dfg-image entry-thumb\"><a href=\"https:\/\/www.museuemporda.org\/?obres_autors=mausoleu\" class=\"dp-dfg-image-link\" ><img loading=\"lazy\" decoding=\"async\" class=\"dp-dfg-featured-image\" src=\"https:\/\/www.museuemporda.org\/wp-content\/uploads\/2020\/10\/mE-1588-250x250.jpg\" alt=\"M\u2c65us\u00f8\u0142eu\" width=\"250\" height=\"250\" data-ratio=\"1\"\/><\/a><\/figure><div class=\"dp-dfg-header entry-header\"><h2 class=\"entry-title\">M\u2c65us\u00f8\u0142eu<\/h2><\/div><div class=\"dp-dfg-custom-content\"><p class=\"dp-dfg-custom-field dp-dfg-cf-autors2\"><span class=\"dp-dfg-custom-field-value\">Jordi Mitj\u00e0<\/span><\/p><\/div><\/article><!-- DPDFG End Post Item Container --><article id=\"post-10890\" class=\"dp-dfg-item post-10890 obres_autors type-obres_autors status-publish has-post-thumbnail hentry tipus_tecniques-pintura tecnica_especifica-aquarella autors-agusti-rigalt-cortiella disciplina-pintura \"     data-position=\"1480\"   data-new-tab=\"off\"   data-action-priority=\"item\"><figure class=\"dp-dfg-image entry-thumb\"><a href=\"https:\/\/www.museuemporda.org\/?obres_autors=paisatge-69\" class=\"dp-dfg-image-link\" ><img loading=\"lazy\" decoding=\"async\" class=\"dp-dfg-featured-image\" src=\"https:\/\/www.museuemporda.org\/wp-content\/uploads\/2022\/02\/mE-797-250x250.jpg\" alt=\"Paisatge\" width=\"250\" height=\"250\" data-ratio=\"1\"\/><\/a><\/figure><div class=\"dp-dfg-header entry-header\"><h2 class=\"entry-title\">Paisatge<\/h2><\/div><div class=\"dp-dfg-custom-content\"><p class=\"dp-dfg-custom-field dp-dfg-cf-autors2\"><span class=\"dp-dfg-custom-field-value\">Agust\u00ed Rigalt Cortiella<\/span><\/p><\/div><\/article><!-- DPDFG End Post Item Container --><article id=\"post-5721\" class=\"dp-dfg-item post-5721 obres_autors type-obres_autors status-publish has-post-thumbnail hentry autors-autoria-desconeguda disciplina-escultura \"     data-position=\"1481\"   data-new-tab=\"off\"   data-action-priority=\"item\"><figure class=\"dp-dfg-image entry-thumb\"><a href=\"https:\/\/www.museuemporda.org\/?obres_autors=gargola\" class=\"dp-dfg-image-link\" ><img loading=\"lazy\" decoding=\"async\" class=\"dp-dfg-featured-image\" src=\"https:\/\/www.museuemporda.org\/wp-content\/uploads\/2020\/07\/mE-325_1_2019-250x250.jpg\" alt=\"G\u00e0rgola\" width=\"250\" height=\"250\" data-ratio=\"1\"\/><\/a><\/figure><div class=\"dp-dfg-header entry-header\"><h2 class=\"entry-title\">G\u00e0rgola<\/h2><\/div><div class=\"dp-dfg-custom-content\"><p class=\"dp-dfg-custom-field dp-dfg-cf-autors2\"><span class=\"dp-dfg-custom-field-value\">Autoria desconeguda<\/span><\/p><\/div><\/article><!-- DPDFG End Post Item Container --><article id=\"post-5976\" class=\"dp-dfg-item post-5976 obres_autors type-obres_autors status-publish has-post-thumbnail hentry tecnica_especifica-oli-sobre-tela autors-joan-felip-vila disciplina-pintura \"     data-position=\"1482\"   data-new-tab=\"off\"   data-action-priority=\"item\"><figure class=\"dp-dfg-image entry-thumb\"><a href=\"https:\/\/www.museuemporda.org\/?obres_autors=interior\" class=\"dp-dfg-image-link\" ><img loading=\"lazy\" decoding=\"async\" class=\"dp-dfg-featured-image\" src=\"https:\/\/www.museuemporda.org\/wp-content\/uploads\/2020\/04\/mE-761_2019-250x250.jpg\" alt=\"Interior\" width=\"250\" height=\"250\" data-ratio=\"1\"\/><\/a><\/figure><div class=\"dp-dfg-header entry-header\"><h2 class=\"entry-title\">Interior<\/h2><\/div><div class=\"dp-dfg-custom-content\"><p class=\"dp-dfg-custom-field dp-dfg-cf-autors2\"><span class=\"dp-dfg-custom-field-value\">Joan Felip Vil\u00e0<\/span><\/p><\/div><\/article><!-- DPDFG End Post Item Container --><article id=\"post-10733\" class=\"dp-dfg-item post-10733 obres_autors type-obres_autors status-publish has-post-thumbnail hentry tipus_tecniques-obra-grafica tecnica_especifica-gravat-sobre-paper autors-xavier-nogues-cases disciplina-obra-grafic \"     data-position=\"1483\"   data-new-tab=\"off\"   data-action-priority=\"item\"><figure class=\"dp-dfg-image entry-thumb\"><a href=\"https:\/\/www.museuemporda.org\/?obres_autors=escena-de-circ\" class=\"dp-dfg-image-link\" ><img loading=\"lazy\" decoding=\"async\" class=\"dp-dfg-featured-image\" src=\"https:\/\/www.museuemporda.org\/wp-content\/uploads\/2022\/02\/mE-1222-250x250.jpg\" alt=\"Escena de circ\" width=\"250\" height=\"250\" data-ratio=\"1\"\/><\/a><\/figure><div class=\"dp-dfg-header entry-header\"><h2 class=\"entry-title\">Escena de circ<\/h2><\/div><div class=\"dp-dfg-custom-content\"><p class=\"dp-dfg-custom-field dp-dfg-cf-autors2\"><span class=\"dp-dfg-custom-field-value\">Xavier Nogu\u00e9s Cases<\/span><\/p><\/div><\/article><!-- DPDFG End Post Item Container --><article id=\"post-8826\" class=\"dp-dfg-item post-8826 obres_autors type-obres_autors status-publish has-post-thumbnail hentry tecnica_especifica-oli-sobre-tela autors-autoria-desconeguda disciplina-pintura \"     data-position=\"1484\"   data-new-tab=\"off\"   data-action-priority=\"item\"><figure class=\"dp-dfg-image entry-thumb\"><a href=\"https:\/\/www.museuemporda.org\/?obres_autors=crist-a-casa-de-marta-i-maria\" class=\"dp-dfg-image-link\" ><img loading=\"lazy\" decoding=\"async\" class=\"dp-dfg-featured-image\" src=\"https:\/\/www.museuemporda.org\/wp-content\/uploads\/2021\/10\/mE-1049-250x250.jpg\" alt=\"Crist a casa de Marta i Maria\" width=\"250\" height=\"250\" data-ratio=\"1\"\/><\/a><\/figure><div class=\"dp-dfg-header entry-header\"><h2 class=\"entry-title\">Crist a casa de Marta i Maria<\/h2><\/div><div class=\"dp-dfg-custom-content\"><p class=\"dp-dfg-custom-field dp-dfg-cf-autors2\"><span class=\"dp-dfg-custom-field-value\">Autoria desconeguda<\/span><\/p><\/div><\/article><!-- DPDFG End Post Item Container --><article id=\"post-7250\" class=\"dp-dfg-item post-7250 obres_autors type-obres_autors status-publish has-post-thumbnail hentry autors-josep-dunach-sala disciplina-escultura \"     data-position=\"1485\"   data-new-tab=\"off\"   data-action-priority=\"item\"><figure class=\"dp-dfg-image entry-thumb\"><a href=\"https:\/\/www.museuemporda.org\/?obres_autors=dona-i-fruita\" class=\"dp-dfg-image-link\" ><img loading=\"lazy\" decoding=\"async\" class=\"dp-dfg-featured-image\" src=\"https:\/\/www.museuemporda.org\/wp-content\/uploads\/2021\/04\/Dona-i-fruita-250x250.jpg\" alt=\"Dona i fruita\" width=\"250\" height=\"250\" data-ratio=\"1\"\/><\/a><\/figure><div class=\"dp-dfg-header entry-header\"><h2 class=\"entry-title\">Dona i fruita<\/h2><\/div><div class=\"dp-dfg-custom-content\"><p class=\"dp-dfg-custom-field dp-dfg-cf-autors2\"><span class=\"dp-dfg-custom-field-value\">Josep Du\u00f1ach Sala<\/span><\/p><\/div><\/article><!-- DPDFG End Post Item Container --><article id=\"post-11326\" class=\"dp-dfg-item post-11326 obres_autors type-obres_autors status-publish has-post-thumbnail hentry tipus_tecniques-obra-grafica tecnica_especifica-serigrafia autors-adolfo-estrada disciplina-obra-grafic \"     data-position=\"1486\"   data-new-tab=\"off\"   data-action-priority=\"item\"><figure class=\"dp-dfg-image entry-thumb\"><a href=\"https:\/\/www.museuemporda.org\/?obres_autors=cdqs-de-la-carpeta-cadaques-portfolio-one\" class=\"dp-dfg-image-link\" ><img loading=\"lazy\" decoding=\"async\" class=\"dp-dfg-featured-image\" src=\"https:\/\/www.museuemporda.org\/wp-content\/uploads\/2022\/02\/mE-1508-250x250.jpg\" alt=\"&#8216;Cdqs&#8217;, de la carpeta &#8216;Cadaqu\u00e9s Portfolio One&#8217;\" width=\"250\" height=\"250\" data-ratio=\"1\"\/><\/a><\/figure><div class=\"dp-dfg-header entry-header\"><h2 class=\"entry-title\">&#8216;Cdqs&#8217;, de la carpeta &#8216;Cadaqu\u00e9s Portfolio One&#8217;<\/h2><\/div><div class=\"dp-dfg-custom-content\"><p class=\"dp-dfg-custom-field dp-dfg-cf-autors2\"><span class=\"dp-dfg-custom-field-value\">Adolfo Estrada<\/span><\/p><\/div><\/article><!-- DPDFG End Post Item Container --><article id=\"post-8111\" class=\"dp-dfg-item post-8111 obres_autors type-obres_autors status-publish has-post-thumbnail hentry tecnica_especifica-tecnica-mixta-sobre-tela autors-ramon-molons-rocha disciplina-pintura \"     data-position=\"1487\"   data-new-tab=\"off\"   data-action-priority=\"item\"><figure class=\"dp-dfg-image entry-thumb\"><a href=\"https:\/\/www.museuemporda.org\/?obres_autors=composicio-abstracta-2\" class=\"dp-dfg-image-link\" ><img loading=\"lazy\" decoding=\"async\" class=\"dp-dfg-featured-image\" src=\"https:\/\/www.museuemporda.org\/wp-content\/uploads\/2021\/08\/mE-1330-250x250.jpg\" alt=\"Composici\u00f3 abstracta\" width=\"250\" height=\"250\" data-ratio=\"1\"\/><\/a><\/figure><div class=\"dp-dfg-header entry-header\"><h2 class=\"entry-title\">Composici\u00f3 abstracta<\/h2><\/div><div class=\"dp-dfg-custom-content\"><p class=\"dp-dfg-custom-field dp-dfg-cf-autors2\"><span class=\"dp-dfg-custom-field-value\">Ramon Molons Rocha<\/span><\/p><\/div><\/article><!-- DPDFG End Post Item Container --><article id=\"post-8923\" class=\"dp-dfg-item post-8923 obres_autors type-obres_autors status-publish has-post-thumbnail hentry tecnica_especifica-oli-sobre-tela autors-francesc-domingo-segura disciplina-pintura \"     data-position=\"1488\"   data-new-tab=\"off\"   data-action-priority=\"item\"><figure class=\"dp-dfg-image entry-thumb\"><a href=\"https:\/\/www.museuemporda.org\/?obres_autors=nena-amb-nina\" class=\"dp-dfg-image-link\" ><img loading=\"lazy\" decoding=\"async\" class=\"dp-dfg-featured-image\" src=\"https:\/\/www.museuemporda.org\/wp-content\/uploads\/2021\/11\/mE-690-250x250.jpg\" alt=\"Nena amb nina\" width=\"250\" height=\"250\" data-ratio=\"1\"\/><\/a><\/figure><div class=\"dp-dfg-header entry-header\"><h2 class=\"entry-title\">Nena amb nina<\/h2><\/div><div class=\"dp-dfg-custom-content\"><p class=\"dp-dfg-custom-field dp-dfg-cf-autors2\"><span class=\"dp-dfg-custom-field-value\">Francesc Domingo Segura<\/span><\/p><\/div><\/article><!-- DPDFG End Post Item Container --><article id=\"post-10627\" class=\"dp-dfg-item post-10627 obres_autors type-obres_autors status-publish has-post-thumbnail hentry tipus_tecniques-obra-grafica tecnica_especifica-serigrafia autors-pic-adrian disciplina-obra-grafic \"     data-position=\"1489\"   data-new-tab=\"off\"   data-action-priority=\"item\"><figure class=\"dp-dfg-image entry-thumb\"><a href=\"https:\/\/www.museuemporda.org\/?obres_autors=composicio-de-lobra-10-condizioni-lineari-di-segnaletica-aleatoria-7\" class=\"dp-dfg-image-link\" ><img loading=\"lazy\" decoding=\"async\" class=\"dp-dfg-featured-image\" src=\"https:\/\/www.museuemporda.org\/wp-content\/uploads\/2022\/02\/mE-1480-250x250.jpg\" alt=\"Composici\u00f3 de l&#8217;obra &#8220;10 condizioni lineari di segnaletica aleatoria&#8221;\" width=\"250\" height=\"250\" data-ratio=\"1\"\/><\/a><\/figure><div class=\"dp-dfg-header entry-header\"><h2 class=\"entry-title\">Composici\u00f3 de l&#8217;obra &#8220;10 condizioni lineari di segnaletica aleatoria&#8221;<\/h2><\/div><div class=\"dp-dfg-custom-content\"><p class=\"dp-dfg-custom-field dp-dfg-cf-autors2\"><span class=\"dp-dfg-custom-field-value\">Pic Adrian<\/span><\/p><\/div><\/article><!-- DPDFG End Post Item Container --><article id=\"post-11522\" class=\"dp-dfg-item post-11522 obres_autors type-obres_autors status-publish has-post-thumbnail hentry tipus_tecniques-dibuix tecnica_especifica-gouache-guaix-sobre-paper autors-gilbert-kirszbaum disciplina-dibuix \"     data-position=\"1490\"   data-new-tab=\"off\"   data-action-priority=\"item\"><figure class=\"dp-dfg-image entry-thumb\"><a href=\"https:\/\/www.museuemporda.org\/?obres_autors=platax-neme-rhombea-pasaichtys-no3\" class=\"dp-dfg-image-link\" ><img loading=\"lazy\" decoding=\"async\" class=\"dp-dfg-featured-image\" src=\"https:\/\/www.museuemporda.org\/wp-content\/uploads\/2022\/02\/mE-2435-250x250.jpg\" alt=\"Platax Neme Rhombea Pasaichtys n\u00ba3\" width=\"250\" height=\"250\" data-ratio=\"1\"\/><\/a><\/figure><div class=\"dp-dfg-header entry-header\"><h2 class=\"entry-title\">Platax Neme Rhombea Pasaichtys n\u00ba3<\/h2><\/div><div class=\"dp-dfg-custom-content\"><p class=\"dp-dfg-custom-field dp-dfg-cf-autors2\"><span class=\"dp-dfg-custom-field-value\">Gilbert Kirszbaum<\/span><\/p><\/div><\/article><!-- DPDFG End Post Item Container --><article id=\"post-8449\" class=\"dp-dfg-item post-8449 obres_autors type-obres_autors status-publish has-post-thumbnail hentry autors-ramon-reig-corominas disciplina-pintura \"     data-position=\"1491\"   data-new-tab=\"off\"   data-action-priority=\"item\"><figure class=\"dp-dfg-image entry-thumb\"><a href=\"https:\/\/www.museuemporda.org\/?obres_autors=paisatge-de-lemporda-3\" class=\"dp-dfg-image-link\" ><img loading=\"lazy\" decoding=\"async\" class=\"dp-dfg-featured-image\" src=\"https:\/\/www.museuemporda.org\/wp-content\/uploads\/2021\/09\/mE-809-250x250.jpg\" alt=\"Paisatge de l&#8217;Empord\u00e0\" width=\"250\" height=\"250\" data-ratio=\"1\"\/><\/a><\/figure><div class=\"dp-dfg-header entry-header\"><h2 class=\"entry-title\">Paisatge de l&#8217;Empord\u00e0<\/h2><\/div><div class=\"dp-dfg-custom-content\"><p class=\"dp-dfg-custom-field dp-dfg-cf-autors2\"><span class=\"dp-dfg-custom-field-value\">Ramon Reig Corominas<\/span><\/p><\/div><\/article><!-- DPDFG End Post Item Container --><article id=\"post-10810\" class=\"dp-dfg-item post-10810 obres_autors type-obres_autors status-publish has-post-thumbnail hentry tipus_tecniques-dibuix tecnica_especifica-tecnica-mixta-sobre-paper autors-josep-lluis-pellicer-fenye disciplina-dibuix \"     data-position=\"1492\"   data-new-tab=\"off\"   data-action-priority=\"item\"><figure class=\"dp-dfg-image entry-thumb\"><a href=\"https:\/\/www.museuemporda.org\/?obres_autors=quarantena-en-el-llatzeret-del-perthus\" class=\"dp-dfg-image-link\" ><img loading=\"lazy\" decoding=\"async\" class=\"dp-dfg-featured-image\" src=\"https:\/\/www.museuemporda.org\/wp-content\/uploads\/2022\/02\/mE-1055-250x250.jpg\" alt=\"Quarantena en el llatzeret del Perthus\" width=\"250\" height=\"250\" data-ratio=\"1\"\/><\/a><\/figure><div class=\"dp-dfg-header entry-header\"><h2 class=\"entry-title\">Quarantena en el llatzeret del Perthus<\/h2><\/div><div class=\"dp-dfg-custom-content\"><p class=\"dp-dfg-custom-field dp-dfg-cf-autors2\"><span class=\"dp-dfg-custom-field-value\">Josep Llu\u00eds Pellicer Feny\u00e9<\/span><\/p><\/div><\/article><!-- DPDFG End Post Item Container --><article id=\"post-5945\" class=\"dp-dfg-item post-5945 obres_autors type-obres_autors status-publish has-post-thumbnail hentry autors-estela-saez-vilanova disciplina-escultura \"     data-position=\"1493\"   data-new-tab=\"off\"   data-action-priority=\"item\"><figure class=\"dp-dfg-image entry-thumb\"><a href=\"https:\/\/www.museuemporda.org\/?obres_autors=petit-encontre\" class=\"dp-dfg-image-link\" ><img loading=\"lazy\" decoding=\"async\" class=\"dp-dfg-featured-image\" src=\"https:\/\/www.museuemporda.org\/wp-content\/uploads\/2020\/10\/mE-2132-250x250.jpg\" alt=\"Petit encontre\" width=\"250\" height=\"250\" data-ratio=\"1\"\/><\/a><\/figure><div class=\"dp-dfg-header entry-header\"><h2 class=\"entry-title\">Petit encontre<\/h2><\/div><div class=\"dp-dfg-custom-content\"><p class=\"dp-dfg-custom-field dp-dfg-cf-autors2\"><span class=\"dp-dfg-custom-field-value\">Estela Saez Vilanova<\/span><\/p><\/div><\/article><!-- DPDFG End Post Item Container --><article id=\"post-14024\" class=\"dp-dfg-item post-14024 obres_autors type-obres_autors status-publish has-post-thumbnail hentry tipus_tecniques-dibuix tecnica_especifica-tinta-sobre-paper autors-pep-claparols-i-moret disciplina-dibuix \"     data-position=\"1494\"   data-new-tab=\"off\"   data-action-priority=\"item\"><figure class=\"dp-dfg-image entry-thumb\"><a href=\"https:\/\/www.museuemporda.org\/?obres_autors=sense-titol-347\" class=\"dp-dfg-image-link\" ><img loading=\"lazy\" decoding=\"async\" class=\"dp-dfg-featured-image\" src=\"https:\/\/www.museuemporda.org\/wp-content\/uploads\/2023\/06\/ME2709-PEP2008-250x250.jpg\" alt=\"Sense t\u00edtol\" width=\"250\" height=\"250\" data-ratio=\"1\"\/><\/a><\/figure><div class=\"dp-dfg-header entry-header\"><h2 class=\"entry-title\">Sense t\u00edtol<\/h2><\/div><div class=\"dp-dfg-custom-content\"><p class=\"dp-dfg-custom-field dp-dfg-cf-autors2\"><span class=\"dp-dfg-custom-field-value\">Pep Claparols i Moret<\/span><\/p><\/div><\/article><!-- DPDFG End Post Item Container --><article id=\"post-9921\" class=\"dp-dfg-item post-9921 obres_autors type-obres_autors status-publish has-post-thumbnail hentry tipus_tecniques-fotografia tecnica_especifica-fotografia autors-manuel-saiz disciplina-fotografia \"     data-position=\"1495\"   data-new-tab=\"off\"   data-action-priority=\"item\"><figure class=\"dp-dfg-image entry-thumb\"><a href=\"https:\/\/www.museuemporda.org\/?obres_autors=expectations-if-alive-1-golf\" class=\"dp-dfg-image-link\" ><img loading=\"lazy\" decoding=\"async\" class=\"dp-dfg-featured-image\" src=\"https:\/\/www.museuemporda.org\/wp-content\/uploads\/2022\/01\/mE-1641_1-2-250x250.jpg\" alt=\"Expectations If Alive # 1 (golf)\" width=\"250\" height=\"250\" data-ratio=\"1\"\/><\/a><\/figure><div class=\"dp-dfg-header entry-header\"><h2 class=\"entry-title\">Expectations If Alive # 1 (golf)<\/h2><\/div><div class=\"dp-dfg-custom-content\"><p class=\"dp-dfg-custom-field dp-dfg-cf-autors2\"><span class=\"dp-dfg-custom-field-value\">Manuel Saiz<\/span><\/p><\/div><\/article><!-- DPDFG End Post Item Container --><article id=\"post-8155\" class=\"dp-dfg-item post-8155 obres_autors type-obres_autors status-publish has-post-thumbnail hentry tecnica_especifica-fusta-policromada autors-autoria-desconeguda disciplina-escultura \"     data-position=\"1496\"   data-new-tab=\"off\"   data-action-priority=\"item\"><figure class=\"dp-dfg-image entry-thumb\"><a href=\"https:\/\/www.museuemporda.org\/?obres_autors=mare-de-deu-de-la-llet\" class=\"dp-dfg-image-link\" ><img loading=\"lazy\" decoding=\"async\" class=\"dp-dfg-featured-image\" src=\"https:\/\/www.museuemporda.org\/wp-content\/uploads\/2021\/08\/mE-419-250x250.jpg\" alt=\"Mare de d\u00e9u de la llet\" width=\"250\" height=\"250\" data-ratio=\"1\"\/><\/a><\/figure><div class=\"dp-dfg-header entry-header\"><h2 class=\"entry-title\">Mare de d\u00e9u de la llet<\/h2><\/div><div class=\"dp-dfg-custom-content\"><p class=\"dp-dfg-custom-field dp-dfg-cf-autors2\"><span class=\"dp-dfg-custom-field-value\">Autoria desconeguda<\/span><\/p><\/div><\/article><!-- DPDFG End Post Item Container --><article id=\"post-14392\" class=\"dp-dfg-item post-14392 obres_autors type-obres_autors status-publish has-post-thumbnail hentry tipus_tecniques-aquarella-2 tecnica_especifica-aquarella-sobre-paper-2 autors-carme-escursell-burch disciplina-obra-grafic \"     data-position=\"1497\"   data-new-tab=\"off\"   data-action-priority=\"item\"><figure class=\"dp-dfg-image entry-thumb\"><a href=\"https:\/\/www.museuemporda.org\/?obres_autors=sense-titol-512\" class=\"dp-dfg-image-link\" ><img loading=\"lazy\" decoding=\"async\" class=\"dp-dfg-featured-image\" src=\"https:\/\/www.museuemporda.org\/wp-content\/uploads\/2023\/07\/ME2903-250x250.jpg\" alt=\"Sense t\u00edtol\" width=\"250\" height=\"250\" data-ratio=\"1\"\/><\/a><\/figure><div class=\"dp-dfg-header entry-header\"><h2 class=\"entry-title\">Sense t\u00edtol<\/h2><\/div><div class=\"dp-dfg-custom-content\"><p class=\"dp-dfg-custom-field dp-dfg-cf-autors2\"><span class=\"dp-dfg-custom-field-value\">Carme Escursell Burch<\/span><\/p><\/div><\/article><!-- DPDFG End Post Item Container --><article id=\"post-11188\" class=\"dp-dfg-item post-11188 obres_autors type-obres_autors status-publish has-post-thumbnail hentry tipus_tecniques-pintura tecnica_especifica-oli-sobre-tela autors-maria-carberol disciplina-pintura \"     data-position=\"1498\"   data-new-tab=\"off\"   data-action-priority=\"item\"><figure class=\"dp-dfg-image entry-thumb\"><a href=\"https:\/\/www.museuemporda.org\/?obres_autors=sense-titol-113\" class=\"dp-dfg-image-link\" ><img loading=\"lazy\" decoding=\"async\" class=\"dp-dfg-featured-image\" src=\"https:\/\/www.museuemporda.org\/wp-content\/uploads\/2022\/02\/mE-2146-1-250x250.jpg\" alt=\"Sense t\u00edtol\" width=\"250\" height=\"250\" data-ratio=\"1\"\/><\/a><\/figure><div class=\"dp-dfg-header entry-header\"><h2 class=\"entry-title\">Sense t\u00edtol<\/h2><\/div><div class=\"dp-dfg-custom-content\"><p class=\"dp-dfg-custom-field dp-dfg-cf-autors2\"><span class=\"dp-dfg-custom-field-value\">Maria Carberol<\/span><\/p><\/div><\/article><!-- DPDFG End Post Item Container --><article id=\"post-10930\" class=\"dp-dfg-item post-10930 obres_autors type-obres_autors status-publish has-post-thumbnail hentry tipus_tecniques-dibuix tecnica_especifica-dibuix-sobre-paper autors-esteban-agullo disciplina-dibuix \"     data-position=\"1499\"   data-new-tab=\"off\"   data-action-priority=\"item\"><figure class=\"dp-dfg-image entry-thumb\"><a href=\"https:\/\/www.museuemporda.org\/?obres_autors=sense-titol-95\" class=\"dp-dfg-image-link\" ><img loading=\"lazy\" decoding=\"async\" class=\"dp-dfg-featured-image\" src=\"https:\/\/www.museuemporda.org\/wp-content\/uploads\/2022\/02\/mE-2084-250x250.jpg\" alt=\"Sense t\u00edtol\" width=\"250\" height=\"250\" data-ratio=\"1\"\/><\/a><\/figure><div class=\"dp-dfg-header entry-header\"><h2 class=\"entry-title\">Sense t\u00edtol<\/h2><\/div><div class=\"dp-dfg-custom-content\"><p class=\"dp-dfg-custom-field dp-dfg-cf-autors2\"><span class=\"dp-dfg-custom-field-value\">Esteban Agull\u00f3<\/span><\/p><\/div><\/article><!-- DPDFG End Post Item Container --><article id=\"post-14539\" class=\"dp-dfg-item post-14539 obres_autors type-obres_autors status-publish has-post-thumbnail hentry tipus_tecniques-dibuix tecnica_especifica-dibuix-sobre-cartro autors-enric-pascual-monturiol disciplina-dibuix \"     data-position=\"1500\"   data-new-tab=\"off\"   data-action-priority=\"item\"><figure class=\"dp-dfg-image entry-thumb\"><a href=\"https:\/\/www.museuemporda.org\/?obres_autors=sense-titol-532\" class=\"dp-dfg-image-link\" ><img loading=\"lazy\" decoding=\"async\" class=\"dp-dfg-featured-image\" src=\"https:\/\/www.museuemporda.org\/wp-content\/uploads\/2023\/07\/ME2936-1-250x250.jpg\" alt=\"Sense t\u00edtol\" width=\"250\" height=\"250\" data-ratio=\"1\"\/><\/a><\/figure><div class=\"dp-dfg-header entry-header\"><h2 class=\"entry-title\">Sense t\u00edtol<\/h2><\/div><div class=\"dp-dfg-custom-content\"><p class=\"dp-dfg-custom-field dp-dfg-cf-autors2\"><span class=\"dp-dfg-custom-field-value\">Enric Pascual Monturiol<\/span><\/p><\/div><\/article><!-- DPDFG End Post Item Container --><article id=\"post-12225\" class=\"dp-dfg-item post-12225 obres_autors type-obres_autors status-publish has-post-thumbnail hentry tipus_tecniques-indumentaria tecnica_especifica-teixit autors-autoria-desconeguda disciplina-indumentaria \"     data-position=\"1501\"   data-new-tab=\"off\"   data-action-priority=\"item\"><figure class=\"dp-dfg-image entry-thumb\"><a href=\"https:\/\/www.museuemporda.org\/?obres_autors=sense-titol-182\" class=\"dp-dfg-image-link\" ><img loading=\"lazy\" decoding=\"async\" class=\"dp-dfg-featured-image\" src=\"https:\/\/www.museuemporda.org\/wp-content\/uploads\/2022\/03\/mE-907-250x250.jpg\" alt=\"Sense t\u00edtol\" width=\"250\" height=\"250\" data-ratio=\"1\"\/><\/a><\/figure><div class=\"dp-dfg-header entry-header\"><h2 class=\"entry-title\">Sense t\u00edtol<\/h2><\/div><div class=\"dp-dfg-custom-content\"><p class=\"dp-dfg-custom-field dp-dfg-cf-autors2\"><span class=\"dp-dfg-custom-field-value\">Autoria desconeguda<\/span><\/p><\/div><\/article><!-- DPDFG End Post Item Container --><article id=\"post-10659\" class=\"dp-dfg-item post-10659 obres_autors type-obres_autors status-publish has-post-thumbnail hentry tipus_tecniques-obra-grafica tecnica_especifica-litografia autors-francesc-moreno-capdevila disciplina-obra-grafic \"     data-position=\"1502\"   data-new-tab=\"off\"   data-action-priority=\"item\"><figure class=\"dp-dfg-image entry-thumb\"><a href=\"https:\/\/www.museuemporda.org\/?obres_autors=barraques-del-llac-de-texcoco\" class=\"dp-dfg-image-link\" ><img loading=\"lazy\" decoding=\"async\" class=\"dp-dfg-featured-image\" src=\"https:\/\/www.museuemporda.org\/wp-content\/uploads\/2022\/02\/mE-1313-250x250.jpg\" alt=\"Barraques del llac de Texcoco\" width=\"250\" height=\"250\" data-ratio=\"1\"\/><\/a><\/figure><div class=\"dp-dfg-header entry-header\"><h2 class=\"entry-title\">Barraques del llac de Texcoco<\/h2><\/div><div class=\"dp-dfg-custom-content\"><p class=\"dp-dfg-custom-field dp-dfg-cf-autors2\"><span class=\"dp-dfg-custom-field-value\">Francesc Moreno Capdevila<\/span><\/p><\/div><\/article><!-- DPDFG End Post Item Container --><article id=\"post-10625\" class=\"dp-dfg-item post-10625 obres_autors type-obres_autors status-publish has-post-thumbnail hentry tipus_tecniques-obra-grafica tecnica_especifica-serigrafia autors-pic-adrian disciplina-obra-grafic \"     data-position=\"1503\"   data-new-tab=\"off\"   data-action-priority=\"item\"><figure class=\"dp-dfg-image entry-thumb\"><a href=\"https:\/\/www.museuemporda.org\/?obres_autors=composicio-de-lobra-10-condizioni-lineari-di-segnaletica-aleatoria-6\" class=\"dp-dfg-image-link\" ><img loading=\"lazy\" decoding=\"async\" class=\"dp-dfg-featured-image\" src=\"https:\/\/www.museuemporda.org\/wp-content\/uploads\/2022\/02\/mE-1479-250x250.jpg\" alt=\"Composici\u00f3 de l&#8217;obra &#8220;10 condizioni lineari di segnaletica aleatoria&#8221;\" width=\"250\" height=\"250\" data-ratio=\"1\"\/><\/a><\/figure><div class=\"dp-dfg-header entry-header\"><h2 class=\"entry-title\">Composici\u00f3 de l&#8217;obra &#8220;10 condizioni lineari di segnaletica aleatoria&#8221;<\/h2><\/div><div class=\"dp-dfg-custom-content\"><p class=\"dp-dfg-custom-field dp-dfg-cf-autors2\"><span class=\"dp-dfg-custom-field-value\">Pic Adrian<\/span><\/p><\/div><\/article><!-- DPDFG End Post Item Container --><article id=\"post-11577\" class=\"dp-dfg-item post-11577 obres_autors type-obres_autors status-publish has-post-thumbnail hentry tipus_tecniques-pintura tecnica_especifica-aquarella-sobre-paper autors-lluis-lleo-arnau disciplina-pintura \"     data-position=\"1504\"   data-new-tab=\"off\"   data-action-priority=\"item\"><figure class=\"dp-dfg-image entry-thumb\"><a href=\"https:\/\/www.museuemporda.org\/?obres_autors=paisatge-boiros\" class=\"dp-dfg-image-link\" ><img loading=\"lazy\" decoding=\"async\" class=\"dp-dfg-featured-image\" src=\"https:\/\/www.museuemporda.org\/wp-content\/uploads\/2022\/02\/mE-1214-250x250.jpg\" alt=\"Paisatge boir\u00f3s\" width=\"250\" height=\"250\" data-ratio=\"1\"\/><\/a><\/figure><div class=\"dp-dfg-header entry-header\"><h2 class=\"entry-title\">Paisatge boir\u00f3s<\/h2><\/div><div class=\"dp-dfg-custom-content\"><p class=\"dp-dfg-custom-field dp-dfg-cf-autors2\"><span class=\"dp-dfg-custom-field-value\">Llu\u00eds Lle\u00f3 Arnau<\/span><\/p><\/div><\/article><!-- DPDFG End Post Item Container --><article id=\"post-5941\" class=\"dp-dfg-item post-5941 obres_autors type-obres_autors status-publish has-post-thumbnail hentry tecnica_especifica-carbonet-i-pastel-sobre-poliester autors-patricia-dauder disciplina-pintura \"     data-position=\"1505\"   data-new-tab=\"off\"   data-action-priority=\"item\"><figure class=\"dp-dfg-image entry-thumb\"><a href=\"https:\/\/www.museuemporda.org\/?obres_autors=aerial-view-ii\" class=\"dp-dfg-image-link\" ><img loading=\"lazy\" decoding=\"async\" class=\"dp-dfg-featured-image\" src=\"https:\/\/www.museuemporda.org\/wp-content\/uploads\/2020\/10\/mE-2115-250x250.jpg\" alt=\"Sense t\u00edtol. Aerial view II [de la s\u00e8rie Les Maliens (A script)]\" width=\"250\" height=\"250\" data-ratio=\"1\"\/><\/a><\/figure><div class=\"dp-dfg-header entry-header\"><h2 class=\"entry-title\">Sense t\u00edtol. Aerial view II [de la s\u00e8rie Les Maliens (A script)]<\/h2><\/div><div class=\"dp-dfg-custom-content\"><p class=\"dp-dfg-custom-field dp-dfg-cf-autors2\"><span class=\"dp-dfg-custom-field-value\">Patricia Dauder<\/span><\/p><\/div><\/article><!-- DPDFG End Post Item Container --><article id=\"post-14623\" class=\"dp-dfg-item post-14623 obres_autors type-obres_autors status-publish has-post-thumbnail hentry tipus_tecniques-obra-grafica tecnica_especifica-impressio-digital autors-joan-antoni-poch disciplina-obra-grafic \"     data-position=\"1506\"   data-new-tab=\"off\"   data-action-priority=\"item\"><figure class=\"dp-dfg-image entry-thumb\"><a href=\"https:\/\/www.museuemporda.org\/?obres_autors=sense-titol-544\" class=\"dp-dfg-image-link\" ><img loading=\"lazy\" decoding=\"async\" class=\"dp-dfg-featured-image\" src=\"https:\/\/www.museuemporda.org\/wp-content\/uploads\/2023\/07\/ME2789-JAP-250x250.jpg\" alt=\"Sense t\u00edtol\" width=\"250\" height=\"250\" data-ratio=\"1\"\/><\/a><\/figure><div class=\"dp-dfg-header entry-header\"><h2 class=\"entry-title\">Sense t\u00edtol<\/h2><\/div><div class=\"dp-dfg-custom-content\"><p class=\"dp-dfg-custom-field dp-dfg-cf-autors2\"><span class=\"dp-dfg-custom-field-value\">Joan Antoni Poch<\/span><\/p><\/div><\/article><!-- DPDFG End Post Item Container --><article id=\"post-13957\" class=\"dp-dfg-item post-13957 obres_autors type-obres_autors status-publish has-post-thumbnail hentry tipus_tecniques-dibuix tecnica_especifica-impressio-digital autors-pep-claparols-i-moret disciplina-dibuix \"     data-position=\"1507\"   data-new-tab=\"off\"   data-action-priority=\"item\"><figure class=\"dp-dfg-image entry-thumb\"><a href=\"https:\/\/www.museuemporda.org\/?obres_autors=sense-titol-316\" class=\"dp-dfg-image-link\" ><img loading=\"lazy\" decoding=\"async\" class=\"dp-dfg-featured-image\" src=\"https:\/\/www.museuemporda.org\/wp-content\/uploads\/2023\/06\/ME2678-PEP99-250x250.jpg\" alt=\"Sense t\u00edtol\" width=\"250\" height=\"250\" data-ratio=\"1\"\/><\/a><\/figure><div class=\"dp-dfg-header entry-header\"><h2 class=\"entry-title\">Sense t\u00edtol<\/h2><\/div><div class=\"dp-dfg-custom-content\"><p class=\"dp-dfg-custom-field dp-dfg-cf-autors2\"><span class=\"dp-dfg-custom-field-value\">Pep Claparols i Moret<\/span><\/p><\/div><\/article><!-- DPDFG End Post Item Container --><article id=\"post-10204\" class=\"dp-dfg-item post-10204 obres_autors type-obres_autors status-publish has-post-thumbnail hentry tipus_tecniques-pintura tecnica_especifica-oli-sobre-tela autors-marcelli-porta disciplina-pintura \"     data-position=\"1508\"   data-new-tab=\"off\"   data-action-priority=\"item\"><figure class=\"dp-dfg-image entry-thumb\"><a href=\"https:\/\/www.museuemporda.org\/?obres_autors=aplec\" class=\"dp-dfg-image-link\" ><img loading=\"lazy\" decoding=\"async\" class=\"dp-dfg-featured-image\" src=\"https:\/\/www.museuemporda.org\/wp-content\/uploads\/2022\/01\/mE-1355-250x250.jpg\" alt=\"Aplec\" width=\"250\" height=\"250\" data-ratio=\"1\"\/><\/a><\/figure><div class=\"dp-dfg-header entry-header\"><h2 class=\"entry-title\">Aplec<\/h2><\/div><div class=\"dp-dfg-custom-content\"><p class=\"dp-dfg-custom-field dp-dfg-cf-autors2\"><span class=\"dp-dfg-custom-field-value\">Marcel\u00b7l\u00ed Porta<\/span><\/p><\/div><\/article><!-- DPDFG End Post Item Container --><article id=\"post-10256\" class=\"dp-dfg-item post-10256 obres_autors type-obres_autors status-publish has-post-thumbnail hentry tipus_tecniques-pintura tecnica_especifica-aquarella-sobre-paper autors-pere-bech-sudria disciplina-pintura \"     data-position=\"1509\"   data-new-tab=\"off\"   data-action-priority=\"item\"><figure class=\"dp-dfg-image entry-thumb\"><a href=\"https:\/\/www.museuemporda.org\/?obres_autors=paisatge-45\" class=\"dp-dfg-image-link\" ><img loading=\"lazy\" decoding=\"async\" class=\"dp-dfg-featured-image\" src=\"https:\/\/www.museuemporda.org\/wp-content\/uploads\/2022\/01\/mE-2197-250x250.jpg\" alt=\"Paisatge\" width=\"250\" height=\"250\" data-ratio=\"1\"\/><\/a><\/figure><div class=\"dp-dfg-header entry-header\"><h2 class=\"entry-title\">Paisatge<\/h2><\/div><div class=\"dp-dfg-custom-content\"><p class=\"dp-dfg-custom-field dp-dfg-cf-autors2\"><span class=\"dp-dfg-custom-field-value\">Pere Bech Sudri\u00e0<\/span><\/p><\/div><\/article><!-- DPDFG End Post Item Container --><article id=\"post-13982\" class=\"dp-dfg-item post-13982 obres_autors type-obres_autors status-publish has-post-thumbnail hentry tipus_tecniques-dibuix tecnica_especifica-impressio-digital autors-pep-claparols-i-moret disciplina-dibuix \"     data-position=\"1510\"   data-new-tab=\"off\"   data-action-priority=\"item\"><figure class=\"dp-dfg-image entry-thumb\"><a href=\"https:\/\/www.museuemporda.org\/?obres_autors=sense-titol-328\" class=\"dp-dfg-image-link\" ><img loading=\"lazy\" decoding=\"async\" class=\"dp-dfg-featured-image\" src=\"https:\/\/www.museuemporda.org\/wp-content\/uploads\/2023\/06\/ME2690-PEP2000-250x250.jpg\" alt=\"Sense t\u00edtol\" width=\"250\" height=\"250\" data-ratio=\"1\"\/><\/a><\/figure><div class=\"dp-dfg-header entry-header\"><h2 class=\"entry-title\">Sense t\u00edtol<\/h2><\/div><div class=\"dp-dfg-custom-content\"><p class=\"dp-dfg-custom-field dp-dfg-cf-autors2\"><span class=\"dp-dfg-custom-field-value\">Pep Claparols i Moret<\/span><\/p><\/div><\/article><!-- DPDFG End Post Item Container --><article id=\"post-11501\" class=\"dp-dfg-item post-11501 obres_autors type-obres_autors status-publish has-post-thumbnail hentry tipus_tecniques-dibuix tecnica_especifica-dibuix-sobre-paper autors-gilbert-kirszbaum disciplina-dibuix \"     data-position=\"1511\"   data-new-tab=\"off\"   data-action-priority=\"item\"><figure class=\"dp-dfg-image entry-thumb\"><a href=\"https:\/\/www.museuemporda.org\/?obres_autors=angelus-du-24-mai-1904\" class=\"dp-dfg-image-link\" ><img loading=\"lazy\" decoding=\"async\" class=\"dp-dfg-featured-image\" src=\"https:\/\/www.museuemporda.org\/wp-content\/uploads\/2022\/02\/mE-2426-250x250.jpg\" alt=\"Angelus du 24 mai 1904\" width=\"250\" height=\"250\" data-ratio=\"1\"\/><\/a><\/figure><div class=\"dp-dfg-header entry-header\"><h2 class=\"entry-title\">Angelus du 24 mai 1904<\/h2><\/div><div class=\"dp-dfg-custom-content\"><p class=\"dp-dfg-custom-field dp-dfg-cf-autors2\"><span class=\"dp-dfg-custom-field-value\">Gilbert Kirszbaum<\/span><\/p><\/div><\/article><!-- DPDFG End Post Item Container --><article id=\"post-14402\" class=\"dp-dfg-item post-14402 obres_autors type-obres_autors status-publish has-post-thumbnail hentry tipus_tecniques-pintura tecnica_especifica-oli-sobre-tela autors-pages disciplina-pintura \"     data-position=\"1512\"   data-new-tab=\"off\"   data-action-priority=\"item\"><figure class=\"dp-dfg-image entry-thumb\"><a href=\"https:\/\/www.museuemporda.org\/?obres_autors=sense-titol-517\" class=\"dp-dfg-image-link\" ><img loading=\"lazy\" decoding=\"async\" class=\"dp-dfg-featured-image\" src=\"https:\/\/www.museuemporda.org\/wp-content\/uploads\/2023\/07\/ME2908-250x250.jpg\" alt=\"Sense t\u00edtol\" width=\"250\" height=\"250\" data-ratio=\"1\"\/><\/a><\/figure><div class=\"dp-dfg-header entry-header\"><h2 class=\"entry-title\">Sense t\u00edtol<\/h2><\/div><div class=\"dp-dfg-custom-content\"><p class=\"dp-dfg-custom-field dp-dfg-cf-autors2\"><span class=\"dp-dfg-custom-field-value\">Pag\u00e8s<\/span><\/p><\/div><\/article><!-- DPDFG End Post Item Container --><article id=\"post-14253\" class=\"dp-dfg-item post-14253 obres_autors type-obres_autors status-publish has-post-thumbnail hentry tipus_tecniques-dibuix tecnica_especifica-impressio-digital autors-joan-antoja-mas disciplina-dibuix \"     data-position=\"1513\"   data-new-tab=\"off\"   data-action-priority=\"item\"><figure class=\"dp-dfg-image entry-thumb\"><a href=\"https:\/\/www.museuemporda.org\/?obres_autors=sense-titol-451\" class=\"dp-dfg-image-link\" ><img loading=\"lazy\" decoding=\"async\" class=\"dp-dfg-featured-image\" src=\"https:\/\/www.museuemporda.org\/wp-content\/uploads\/2023\/07\/ME2836-ANTOJA-250x250.jpg\" alt=\"Sense t\u00edtol\" width=\"250\" height=\"250\" data-ratio=\"1\"\/><\/a><\/figure><div class=\"dp-dfg-header entry-header\"><h2 class=\"entry-title\">Sense t\u00edtol<\/h2><\/div><div class=\"dp-dfg-custom-content\"><p class=\"dp-dfg-custom-field dp-dfg-cf-autors2\"><span class=\"dp-dfg-custom-field-value\">Joan Antoja Mas<\/span><\/p><\/div><\/article><!-- DPDFG End Post Item Container --><article id=\"post-5782\" class=\"dp-dfg-item post-5782 obres_autors type-obres_autors status-publish has-post-thumbnail hentry tecnica_especifica-aiguafort autors-joaquim-vayreda-vila disciplina-pintura \"     data-position=\"1514\"   data-new-tab=\"off\"   data-action-priority=\"item\"><figure class=\"dp-dfg-image entry-thumb\"><a href=\"https:\/\/www.museuemporda.org\/?obres_autors=paisatge\" class=\"dp-dfg-image-link\" ><img loading=\"lazy\" decoding=\"async\" class=\"dp-dfg-featured-image\" src=\"https:\/\/www.museuemporda.org\/wp-content\/uploads\/2020\/04\/mE-650-3-250x250.jpg\" alt=\"Paisatge\" width=\"250\" height=\"250\" data-ratio=\"1\"\/><\/a><\/figure><div class=\"dp-dfg-header entry-header\"><h2 class=\"entry-title\">Paisatge<\/h2><\/div><div class=\"dp-dfg-custom-content\"><p class=\"dp-dfg-custom-field dp-dfg-cf-autors2\"><span class=\"dp-dfg-custom-field-value\">Joaquim Vayreda<\/span><\/p><\/div><\/article><!-- DPDFG End Post Item Container --><article id=\"post-13771\" class=\"dp-dfg-item post-13771 obres_autors type-obres_autors status-publish has-post-thumbnail hentry tipus_tecniques-dibuix tecnica_especifica-tinta-sobre-paper autors-juliette-murphy disciplina-dibuix \"     data-position=\"1515\"   data-new-tab=\"off\"   data-action-priority=\"item\"><figure class=\"dp-dfg-image entry-thumb\"><a href=\"https:\/\/www.museuemporda.org\/?obres_autors=sense-titol-230\" class=\"dp-dfg-image-link\" ><img loading=\"lazy\" decoding=\"async\" class=\"dp-dfg-featured-image\" src=\"https:\/\/www.museuemporda.org\/wp-content\/uploads\/2023\/06\/ME2592-MURPHY14-250x250.jpg\" alt=\"Sense t\u00edtol\" width=\"250\" height=\"250\" data-ratio=\"1\"\/><\/a><\/figure><div class=\"dp-dfg-header entry-header\"><h2 class=\"entry-title\">Sense t\u00edtol<\/h2><\/div><div class=\"dp-dfg-custom-content\"><p class=\"dp-dfg-custom-field dp-dfg-cf-autors2\"><span class=\"dp-dfg-custom-field-value\">Juliette Murphy<\/span><\/p><\/div><\/article><!-- DPDFG End Post Item Container --><article id=\"post-14109\" class=\"dp-dfg-item post-14109 obres_autors type-obres_autors status-publish has-post-thumbnail hentry tipus_tecniques-dibuix tecnica_especifica-impressio-digital autors-antoni-batllori-obiols disciplina-dibuix \"     data-position=\"1516\"   data-new-tab=\"off\"   data-action-priority=\"item\"><figure class=\"dp-dfg-image entry-thumb\"><a href=\"https:\/\/www.museuemporda.org\/?obres_autors=sense-titol-384\" class=\"dp-dfg-image-link\" ><img loading=\"lazy\" decoding=\"async\" class=\"dp-dfg-featured-image\" src=\"https:\/\/www.museuemporda.org\/wp-content\/uploads\/2023\/06\/ME2749-BATLLORI-250x250.jpg\" alt=\"Sense t\u00edtol\" width=\"250\" height=\"250\" data-ratio=\"1\"\/><\/a><\/figure><div class=\"dp-dfg-header entry-header\"><h2 class=\"entry-title\">Sense t\u00edtol<\/h2><\/div><div class=\"dp-dfg-custom-content\"><p class=\"dp-dfg-custom-field dp-dfg-cf-autors2\"><span class=\"dp-dfg-custom-field-value\">Antoni Batllori Obiols<\/span><\/p><\/div><\/article><!-- DPDFG End Post Item Container --><article id=\"post-8596\" class=\"dp-dfg-item post-8596 obres_autors type-obres_autors status-publish has-post-thumbnail hentry autors-mireya-maso disciplina-fotografia \"     data-position=\"1517\"   data-new-tab=\"off\"   data-action-priority=\"item\"><figure class=\"dp-dfg-image entry-thumb\"><a href=\"https:\/\/www.museuemporda.org\/?obres_autors=sense-titol-16\" class=\"dp-dfg-image-link\" ><img loading=\"lazy\" decoding=\"async\" class=\"dp-dfg-featured-image\" src=\"https:\/\/www.museuemporda.org\/wp-content\/uploads\/2021\/10\/mE-1627-250x250.jpg\" alt=\"Sense t\u00edtol\" width=\"250\" height=\"250\" data-ratio=\"1\"\/><\/a><\/figure><div class=\"dp-dfg-header entry-header\"><h2 class=\"entry-title\">Sense t\u00edtol<\/h2><\/div><div class=\"dp-dfg-custom-content\"><p class=\"dp-dfg-custom-field dp-dfg-cf-autors2\"><span class=\"dp-dfg-custom-field-value\">Mireya Mas\u00f3 Mas<\/span><\/p><\/div><\/article><!-- DPDFG End Post Item Container --><article id=\"post-13703\" class=\"dp-dfg-item post-13703 obres_autors type-obres_autors status-publish has-post-thumbnail hentry tipus_tecniques-obra-grafica tecnica_especifica-paper autors-marti-anson disciplina-obra-grafic \"     data-position=\"1518\"   data-new-tab=\"off\"   data-action-priority=\"item\"><figure class=\"dp-dfg-image entry-thumb\"><a href=\"https:\/\/www.museuemporda.org\/?obres_autors=01221-13842\" class=\"dp-dfg-image-link\" ><img loading=\"lazy\" decoding=\"async\" class=\"dp-dfg-featured-image\" src=\"https:\/\/www.museuemporda.org\/wp-content\/uploads\/2023\/06\/ME-2560-250x250.jpg\" alt=\"01221\/13842\" width=\"250\" height=\"250\" data-ratio=\"1\"\/><\/a><\/figure><div class=\"dp-dfg-header entry-header\"><h2 class=\"entry-title\">01221\/13842<\/h2><\/div><div class=\"dp-dfg-custom-content\"><p class=\"dp-dfg-custom-field dp-dfg-cf-autors2\"><span class=\"dp-dfg-custom-field-value\">Mart\u00ed Anson<\/span><\/p><\/div><\/article><!-- DPDFG End Post Item Container --><article id=\"post-8256\" class=\"dp-dfg-item post-8256 obres_autors type-obres_autors status-publish has-post-thumbnail hentry tecnica_especifica-oli-sobre-tela autors-joan-puig-manera disciplina-pintura \"     data-position=\"1519\"   data-new-tab=\"off\"   data-action-priority=\"item\"><figure class=\"dp-dfg-image entry-thumb\"><a href=\"https:\/\/www.museuemporda.org\/?obres_autors=composicio-4\" class=\"dp-dfg-image-link\" ><img loading=\"lazy\" decoding=\"async\" class=\"dp-dfg-featured-image\" src=\"https:\/\/www.museuemporda.org\/wp-content\/uploads\/2021\/08\/mE-1047-250x250.jpg\" alt=\"Composici\u00f3\" width=\"250\" height=\"250\" data-ratio=\"1\"\/><\/a><\/figure><div class=\"dp-dfg-header entry-header\"><h2 class=\"entry-title\">Composici\u00f3<\/h2><\/div><div class=\"dp-dfg-custom-content\"><p class=\"dp-dfg-custom-field dp-dfg-cf-autors2\"><span class=\"dp-dfg-custom-field-value\">Joan Puig Manera<\/span><\/p><\/div><\/article><!-- DPDFG End Post Item Container --><article id=\"post-10522\" class=\"dp-dfg-item post-10522 obres_autors type-obres_autors status-publish has-post-thumbnail hentry tipus_tecniques-obra-grafica tecnica_especifica-paper-impres autors-salvador-dali-domenech disciplina-obra-grafic \"     data-position=\"1520\"   data-new-tab=\"off\"   data-action-priority=\"item\"><figure class=\"dp-dfg-image entry-thumb\"><a href=\"https:\/\/www.museuemporda.org\/?obres_autors=sense-titol-83\" class=\"dp-dfg-image-link\" ><img loading=\"lazy\" decoding=\"async\" class=\"dp-dfg-featured-image\" src=\"https:\/\/www.museuemporda.org\/wp-content\/uploads\/2022\/02\/mE-2258-250x250.jpg\" alt=\"Sense t\u00edtol\" width=\"250\" height=\"250\" data-ratio=\"1\"\/><\/a><\/figure><div class=\"dp-dfg-header entry-header\"><h2 class=\"entry-title\">Sense t\u00edtol<\/h2><\/div><div class=\"dp-dfg-custom-content\"><p class=\"dp-dfg-custom-field dp-dfg-cf-autors2\"><span class=\"dp-dfg-custom-field-value\">Salvador Dal\u00ed Dom\u00e8nech<\/span><\/p><\/div><\/article><!-- DPDFG End Post Item Container --><article id=\"post-9776\" class=\"dp-dfg-item post-9776 obres_autors type-obres_autors status-publish has-post-thumbnail hentry tipus_tecniques-fotografia tecnica_especifica-fotografia autors-joaquim-fort-de-ribot disciplina-fotografia \"     data-position=\"1521\"   data-new-tab=\"off\"   data-action-priority=\"item\"><figure class=\"dp-dfg-image entry-thumb\"><a href=\"https:\/\/www.museuemporda.org\/?obres_autors=lalmadrava-roses\" class=\"dp-dfg-image-link\" ><img loading=\"lazy\" decoding=\"async\" class=\"dp-dfg-featured-image\" src=\"https:\/\/www.museuemporda.org\/wp-content\/uploads\/2022\/01\/mE-2481-250x250.jpg\" alt=\"L&#8217;Almadrava (Roses)\" width=\"250\" height=\"250\" data-ratio=\"1\"\/><\/a><\/figure><div class=\"dp-dfg-header entry-header\"><h2 class=\"entry-title\">L&#8217;Almadrava (Roses)<\/h2><\/div><div class=\"dp-dfg-custom-content\"><p class=\"dp-dfg-custom-field dp-dfg-cf-autors2\"><span class=\"dp-dfg-custom-field-value\">Joaquim Fort de Ribot<\/span><\/p><\/div><\/article><!-- DPDFG End Post Item Container --><article id=\"post-10651\" class=\"dp-dfg-item post-10651 obres_autors type-obres_autors status-publish has-post-thumbnail hentry tipus_tecniques-pintura tecnica_especifica-oli-sobre-tela autors-avelli-artis-gener disciplina-pintura \"     data-position=\"1522\"   data-new-tab=\"off\"   data-action-priority=\"item\"><figure class=\"dp-dfg-image entry-thumb\"><a href=\"https:\/\/www.museuemporda.org\/?obres_autors=chapultepec\" class=\"dp-dfg-image-link\" ><img loading=\"lazy\" decoding=\"async\" class=\"dp-dfg-featured-image\" src=\"https:\/\/www.museuemporda.org\/wp-content\/uploads\/2022\/02\/mE-1368-250x250.jpg\" alt=\"Chapultepec\" width=\"250\" height=\"250\" data-ratio=\"1\"\/><\/a><\/figure><div class=\"dp-dfg-header entry-header\"><h2 class=\"entry-title\">Chapultepec<\/h2><\/div><div class=\"dp-dfg-custom-content\"><p class=\"dp-dfg-custom-field dp-dfg-cf-autors2\"><span class=\"dp-dfg-custom-field-value\">Avel\u00b7l\u00ed Art\u00eds Gener<\/span><\/p><\/div><\/article><!-- DPDFG End Post Item Container --><article id=\"post-10896\" class=\"dp-dfg-item post-10896 obres_autors type-obres_autors status-publish has-post-thumbnail hentry tipus_tecniques-pintura tecnica_especifica-tecnica-mixta-sobre-paper autors-antoni-caba-casamitjana disciplina-pintura \"     data-position=\"1523\"   data-new-tab=\"off\"   data-action-priority=\"item\"><figure class=\"dp-dfg-image entry-thumb\"><a href=\"https:\/\/www.museuemporda.org\/?obres_autors=interior-amb-figura-2\" class=\"dp-dfg-image-link\" ><img loading=\"lazy\" decoding=\"async\" class=\"dp-dfg-featured-image\" src=\"https:\/\/www.museuemporda.org\/wp-content\/uploads\/2022\/02\/mE-803-250x250.jpg\" alt=\"Interior amb figura\" width=\"250\" height=\"250\" data-ratio=\"1\"\/><\/a><\/figure><div class=\"dp-dfg-header entry-header\"><h2 class=\"entry-title\">Interior amb figura<\/h2><\/div><div class=\"dp-dfg-custom-content\"><p class=\"dp-dfg-custom-field dp-dfg-cf-autors2\"><span class=\"dp-dfg-custom-field-value\">Antoni Caba Casamitjana<\/span><\/p><\/div><\/article><!-- DPDFG End Post Item Container --><article id=\"post-14020\" class=\"dp-dfg-item post-14020 obres_autors type-obres_autors status-publish has-post-thumbnail hentry tipus_tecniques-dibuix tecnica_especifica-impressio-digital autors-pep-claparols-i-moret disciplina-dibuix \"     data-position=\"1524\"   data-new-tab=\"off\"   data-action-priority=\"item\"><figure class=\"dp-dfg-image entry-thumb\"><a href=\"https:\/\/www.museuemporda.org\/?obres_autors=sense-titol-345\" class=\"dp-dfg-image-link\" ><img loading=\"lazy\" decoding=\"async\" class=\"dp-dfg-featured-image\" src=\"https:\/\/www.museuemporda.org\/wp-content\/uploads\/2023\/06\/ME2707-PEP2007-250x250.jpg\" alt=\"Sense t\u00edtol\" width=\"250\" height=\"250\" data-ratio=\"1\"\/><\/a><\/figure><div class=\"dp-dfg-header entry-header\"><h2 class=\"entry-title\">Sense t\u00edtol<\/h2><\/div><div class=\"dp-dfg-custom-content\"><p class=\"dp-dfg-custom-field dp-dfg-cf-autors2\"><span class=\"dp-dfg-custom-field-value\">Pep Claparols i Moret<\/span><\/p><\/div><\/article><!-- DPDFG End Post Item Container --><article id=\"post-1312\" class=\"dp-dfg-item post-1312 obres_autors type-obres_autors status-publish has-post-thumbnail hentry tecnica_especifica-aiguafort autors-francesc-moreno-capdevila \"     data-position=\"1525\"   data-new-tab=\"off\"   data-action-priority=\"item\"><figure class=\"dp-dfg-image entry-thumb\"><a href=\"https:\/\/www.museuemporda.org\/?obres_autors=subterrani-i-facana-2\" class=\"dp-dfg-image-link\" ><img loading=\"lazy\" decoding=\"async\" class=\"dp-dfg-featured-image\" src=\"https:\/\/www.museuemporda.org\/wp-content\/uploads\/2020\/10\/mE-1312-250x250.jpg\" alt=\"Soterrani i fa\u00e7ana [de la s\u00e8rie Llum i tenebres]\" width=\"250\" height=\"250\" data-ratio=\"1\"\/><\/a><\/figure><div class=\"dp-dfg-header entry-header\"><h2 class=\"entry-title\">Soterrani i fa\u00e7ana [de la s\u00e8rie Llum i tenebres]<\/h2><\/div><div class=\"dp-dfg-custom-content\"><p class=\"dp-dfg-custom-field dp-dfg-cf-autors2\"><span class=\"dp-dfg-custom-field-value\">Francesc Moreno Capdevila<\/span><\/p><\/div><\/article><!-- DPDFG End Post Item Container --><article id=\"post-14037\" class=\"dp-dfg-item post-14037 obres_autors type-obres_autors status-publish has-post-thumbnail hentry tipus_tecniques-dibuix tecnica_especifica-tinta-sobre-paper autors-pep-claparols-i-moret disciplina-dibuix \"     data-position=\"1526\"   data-new-tab=\"off\"   data-action-priority=\"item\"><figure class=\"dp-dfg-image entry-thumb\"><a href=\"https:\/\/www.museuemporda.org\/?obres_autors=sense-titol-353\" class=\"dp-dfg-image-link\" ><img loading=\"lazy\" decoding=\"async\" class=\"dp-dfg-featured-image\" src=\"https:\/\/www.museuemporda.org\/wp-content\/uploads\/2023\/06\/ME2715-PEP2014-250x250.jpg\" alt=\"Sense t\u00edtol\" width=\"250\" height=\"250\" data-ratio=\"1\"\/><\/a><\/figure><div class=\"dp-dfg-header entry-header\"><h2 class=\"entry-title\">Sense t\u00edtol<\/h2><\/div><div class=\"dp-dfg-custom-content\"><p class=\"dp-dfg-custom-field dp-dfg-cf-autors2\"><span class=\"dp-dfg-custom-field-value\">Pep Claparols i Moret<\/span><\/p><\/div><\/article><!-- DPDFG End Post Item Container --><article id=\"post-10952\" class=\"dp-dfg-item post-10952 obres_autors type-obres_autors status-publish has-post-thumbnail hentry tipus_tecniques-obra-grafica tecnica_especifica-tinta-sobre-paper autors-cecil-aldin disciplina-obra-grafic \"     data-position=\"1527\"   data-new-tab=\"off\"   data-action-priority=\"item\"><figure class=\"dp-dfg-image entry-thumb\"><a href=\"https:\/\/www.museuemporda.org\/?obres_autors=gos-al-camp\" class=\"dp-dfg-image-link\" ><img loading=\"lazy\" decoding=\"async\" class=\"dp-dfg-featured-image\" src=\"https:\/\/www.museuemporda.org\/wp-content\/uploads\/2022\/02\/mE-1408-250x250.jpg\" alt=\"Gos al camp\" width=\"250\" height=\"250\" data-ratio=\"1\"\/><\/a><\/figure><div class=\"dp-dfg-header entry-header\"><h2 class=\"entry-title\">Gos al camp<\/h2><\/div><div class=\"dp-dfg-custom-content\"><p class=\"dp-dfg-custom-field dp-dfg-cf-autors2\"><span class=\"dp-dfg-custom-field-value\">Cecil Aldin<\/span><\/p><\/div><\/article><!-- DPDFG End Post Item Container --><article id=\"post-8027\" class=\"dp-dfg-item post-8027 obres_autors type-obres_autors status-publish has-post-thumbnail hentry tecnica_especifica-pedra-calcaria autors-autoria-desconeguda disciplina-escultura \"     data-position=\"1528\"   data-new-tab=\"off\"   data-action-priority=\"item\"><figure class=\"dp-dfg-image entry-thumb\"><a href=\"https:\/\/www.museuemporda.org\/?obres_autors=capitell-2\" class=\"dp-dfg-image-link\" ><img loading=\"lazy\" decoding=\"async\" class=\"dp-dfg-featured-image\" src=\"https:\/\/www.museuemporda.org\/wp-content\/uploads\/2021\/08\/mE-426-250x250.jpg\" alt=\"Capitell\" width=\"250\" height=\"250\" data-ratio=\"1\"\/><\/a><\/figure><div class=\"dp-dfg-header entry-header\"><h2 class=\"entry-title\">Capitell<\/h2><\/div><div class=\"dp-dfg-custom-content\"><p class=\"dp-dfg-custom-field dp-dfg-cf-autors2\"><span class=\"dp-dfg-custom-field-value\">Autoria desconeguda<\/span><\/p><\/div><\/article><!-- DPDFG End Post Item Container --><article id=\"post-5698\" class=\"dp-dfg-item post-5698 obres_autors type-obres_autors status-publish has-post-thumbnail hentry autors-autoria-desconeguda disciplina-arqueologia \"     data-position=\"1529\"   data-new-tab=\"off\"   data-action-priority=\"item\"><figure class=\"dp-dfg-image entry-thumb\"><a href=\"https:\/\/www.museuemporda.org\/?obres_autors=lecit-ceramica-italiota\" class=\"dp-dfg-image-link\" ><img loading=\"lazy\" decoding=\"async\" class=\"dp-dfg-featured-image\" src=\"https:\/\/www.museuemporda.org\/wp-content\/uploads\/2020\/04\/mE-330_2019-250x250.jpg\" alt=\"L\u00e8cit italiota\" width=\"250\" height=\"250\" data-ratio=\"1\"\/><\/a><\/figure><div class=\"dp-dfg-header entry-header\"><h2 class=\"entry-title\">L\u00e8cit italiota<\/h2><\/div><div class=\"dp-dfg-custom-content\"><p class=\"dp-dfg-custom-field dp-dfg-cf-autors2\"><span class=\"dp-dfg-custom-field-value\">Autoria desconeguda<\/span><\/p><\/div><\/article><!-- DPDFG End Post Item Container --><article id=\"post-11814\" class=\"dp-dfg-item post-11814 obres_autors type-obres_autors status-publish has-post-thumbnail hentry tipus_tecniques-obra-grafica tecnica_especifica-litografia autors-carlos-pazos-moya disciplina-obra-grafic \"     data-position=\"1530\"   data-new-tab=\"off\"   data-action-priority=\"item\"><figure class=\"dp-dfg-image entry-thumb\"><a href=\"https:\/\/www.museuemporda.org\/?obres_autors=el-cielo-austral\" class=\"dp-dfg-image-link\" ><img loading=\"lazy\" decoding=\"async\" class=\"dp-dfg-featured-image\" src=\"https:\/\/www.museuemporda.org\/wp-content\/uploads\/2022\/02\/mE-2182-250x250.jpg\" alt=\"El cielo austral\" width=\"250\" height=\"250\" data-ratio=\"1\"\/><\/a><\/figure><div class=\"dp-dfg-header entry-header\"><h2 class=\"entry-title\">El cielo austral<\/h2><\/div><div class=\"dp-dfg-custom-content\"><p class=\"dp-dfg-custom-field dp-dfg-cf-autors2\"><span class=\"dp-dfg-custom-field-value\">Carlos Pazos Moya<\/span><\/p><\/div><\/article><!-- DPDFG End Post Item Container --><article id=\"post-13794\" class=\"dp-dfg-item post-13794 obres_autors type-obres_autors status-publish has-post-thumbnail hentry tipus_tecniques-dibuix tecnica_especifica-tinta-sobre-paper autors-daniel-leiva disciplina-dibuix \"     data-position=\"1531\"   data-new-tab=\"off\"   data-action-priority=\"item\"><figure class=\"dp-dfg-image entry-thumb\"><a href=\"https:\/\/www.museuemporda.org\/?obres_autors=sense-titol-241\" class=\"dp-dfg-image-link\" ><img loading=\"lazy\" decoding=\"async\" class=\"dp-dfg-featured-image\" src=\"https:\/\/www.museuemporda.org\/wp-content\/uploads\/2023\/06\/ME2603-LEIVA09-250x250.jpg\" alt=\"Sense t\u00edtol\" width=\"250\" height=\"250\" data-ratio=\"1\"\/><\/a><\/figure><div class=\"dp-dfg-header entry-header\"><h2 class=\"entry-title\">Sense t\u00edtol<\/h2><\/div><div class=\"dp-dfg-custom-content\"><p class=\"dp-dfg-custom-field dp-dfg-cf-autors2\"><span class=\"dp-dfg-custom-field-value\">Daniel Leiva<\/span><\/p><\/div><\/article><!-- DPDFG End Post Item Container --><article id=\"post-14053\" class=\"dp-dfg-item post-14053 obres_autors type-obres_autors status-publish has-post-thumbnail hentry tipus_tecniques-dibuix tecnica_especifica-tinta-sobre-paper autors-pep-claparols-i-moret disciplina-dibuix \"     data-position=\"1532\"   data-new-tab=\"off\"   data-action-priority=\"item\"><figure class=\"dp-dfg-image entry-thumb\"><a href=\"https:\/\/www.museuemporda.org\/?obres_autors=sense-titol-361\" class=\"dp-dfg-image-link\" ><img loading=\"lazy\" decoding=\"async\" class=\"dp-dfg-featured-image\" src=\"https:\/\/www.museuemporda.org\/wp-content\/uploads\/2023\/06\/ME2723-PEP-250x250.jpg\" alt=\"Sense t\u00edtol\" width=\"250\" height=\"250\" data-ratio=\"1\"\/><\/a><\/figure><div class=\"dp-dfg-header entry-header\"><h2 class=\"entry-title\">Sense t\u00edtol<\/h2><\/div><div class=\"dp-dfg-custom-content\"><p class=\"dp-dfg-custom-field dp-dfg-cf-autors2\"><span class=\"dp-dfg-custom-field-value\">Pep Claparols i Moret<\/span><\/p><\/div><\/article><!-- DPDFG End Post Item Container --><article id=\"post-10360\" class=\"dp-dfg-item post-10360 obres_autors type-obres_autors status-publish has-post-thumbnail hentry tipus_tecniques-escultura tecnica_especifica-guix-amb-patina-de-goma-laca autors-artur-novoa-cabra disciplina-escultura \"     data-position=\"1533\"   data-new-tab=\"off\"   data-action-priority=\"item\"><figure class=\"dp-dfg-image entry-thumb\"><a href=\"https:\/\/www.museuemporda.org\/?obres_autors=sant-cristofol\" class=\"dp-dfg-image-link\" ><img loading=\"lazy\" decoding=\"async\" class=\"dp-dfg-featured-image\" src=\"https:\/\/www.museuemporda.org\/wp-content\/uploads\/2022\/01\/mE-1616-250x250.jpg\" alt=\"Sant Crist\u00f2fol\" width=\"250\" height=\"250\" data-ratio=\"1\"\/><\/a><\/figure><div class=\"dp-dfg-header entry-header\"><h2 class=\"entry-title\">Sant Crist\u00f2fol<\/h2><\/div><div class=\"dp-dfg-custom-content\"><p class=\"dp-dfg-custom-field dp-dfg-cf-autors2\"><span class=\"dp-dfg-custom-field-value\">Artur Novoa Cabra<\/span><\/p><\/div><\/article><!-- DPDFG End Post Item Container --><article id=\"post-8612\" class=\"dp-dfg-item post-8612 obres_autors type-obres_autors status-publish has-post-thumbnail hentry autors-jordi-puig disciplina-fotografia \"     data-position=\"1534\"   data-new-tab=\"off\"   data-action-priority=\"item\"><figure class=\"dp-dfg-image entry-thumb\"><a href=\"https:\/\/www.museuemporda.org\/?obres_autors=silencis\" class=\"dp-dfg-image-link\" ><img loading=\"lazy\" decoding=\"async\" class=\"dp-dfg-featured-image\" src=\"https:\/\/www.museuemporda.org\/wp-content\/uploads\/2021\/10\/ME-2339_conjunt-250x250.jpg\" alt=\"Silencis\" width=\"250\" height=\"250\" data-ratio=\"1\"\/><\/a><\/figure><div class=\"dp-dfg-header entry-header\"><h2 class=\"entry-title\">Silencis<\/h2><\/div><div class=\"dp-dfg-custom-content\"><p class=\"dp-dfg-custom-field dp-dfg-cf-autors2\"><span class=\"dp-dfg-custom-field-value\">Jordi Puig<\/span><\/p><\/div><\/article><!-- DPDFG End Post Item Container --><article id=\"post-14307\" class=\"dp-dfg-item post-14307 obres_autors type-obres_autors status-publish has-post-thumbnail hentry tipus_tecniques-dibuix tecnica_especifica-impressio-digital autors-jordi-fenosa-tatay disciplina-dibuix \"     data-position=\"1535\"   data-new-tab=\"off\"   data-action-priority=\"item\"><figure class=\"dp-dfg-image entry-thumb\"><a href=\"https:\/\/www.museuemporda.org\/?obres_autors=sense-titol-475\" class=\"dp-dfg-image-link\" ><img loading=\"lazy\" decoding=\"async\" class=\"dp-dfg-featured-image\" src=\"https:\/\/www.museuemporda.org\/wp-content\/uploads\/2023\/07\/ME2861-TATAY-250x250.jpg\" alt=\"Sense t\u00edtol\" width=\"250\" height=\"250\" data-ratio=\"1\"\/><\/a><\/figure><div class=\"dp-dfg-header entry-header\"><h2 class=\"entry-title\">Sense t\u00edtol<\/h2><\/div><div class=\"dp-dfg-custom-content\"><p class=\"dp-dfg-custom-field dp-dfg-cf-autors2\"><span class=\"dp-dfg-custom-field-value\">Jordi Fenosa Tatay<\/span><\/p><\/div><\/article><!-- DPDFG End Post Item Container --><article id=\"post-10757\" class=\"dp-dfg-item post-10757 obres_autors type-obres_autors status-publish has-post-thumbnail hentry tipus_tecniques-pintura tecnica_especifica-aquarella autors-josep-berga-boix disciplina-pintura \"     data-position=\"1536\"   data-new-tab=\"off\"   data-action-priority=\"item\"><figure class=\"dp-dfg-image entry-thumb\"><a href=\"https:\/\/www.museuemporda.org\/?obres_autors=paisatge-oloti\" class=\"dp-dfg-image-link\" ><img loading=\"lazy\" decoding=\"async\" class=\"dp-dfg-featured-image\" src=\"https:\/\/www.museuemporda.org\/wp-content\/uploads\/2022\/02\/mE-11552-250x250.jpg\" alt=\"Paisatge olot\u00ed\" width=\"250\" height=\"250\" data-ratio=\"1\"\/><\/a><\/figure><div class=\"dp-dfg-header entry-header\"><h2 class=\"entry-title\">Paisatge olot\u00ed<\/h2><\/div><div class=\"dp-dfg-custom-content\"><p class=\"dp-dfg-custom-field dp-dfg-cf-autors2\"><span class=\"dp-dfg-custom-field-value\">Josep Berga Boix<\/span><\/p><\/div><\/article><!-- DPDFG End Post Item Container --><article id=\"post-13786\" class=\"dp-dfg-item post-13786 obres_autors type-obres_autors status-publish has-post-thumbnail hentry tipus_tecniques-dibuix tecnica_especifica-tinta-sobre-paper autors-montserrat-gironell disciplina-dibuix \"     data-position=\"1537\"   data-new-tab=\"off\"   data-action-priority=\"item\"><figure class=\"dp-dfg-image entry-thumb\"><a href=\"https:\/\/www.museuemporda.org\/?obres_autors=sense-titol-237\" class=\"dp-dfg-image-link\" ><img loading=\"lazy\" decoding=\"async\" class=\"dp-dfg-featured-image\" src=\"https:\/\/www.museuemporda.org\/wp-content\/uploads\/2023\/06\/ME2599-GIRONELL13-250x250.jpg\" alt=\"Sense t\u00edtol\" width=\"250\" height=\"250\" data-ratio=\"1\"\/><\/a><\/figure><div class=\"dp-dfg-header entry-header\"><h2 class=\"entry-title\">Sense t\u00edtol<\/h2><\/div><div class=\"dp-dfg-custom-content\"><p class=\"dp-dfg-custom-field dp-dfg-cf-autors2\"><span class=\"dp-dfg-custom-field-value\">Montserrat Gironell<\/span><\/p><\/div><\/article><!-- DPDFG End Post Item Container --><article id=\"post-9695\" class=\"dp-dfg-item post-9695 obres_autors type-obres_autors status-publish has-post-thumbnail hentry tipus_tecniques-fotografia tecnica_especifica-fotografia autors-josep-esquirol-perez disciplina-fotografia \"     data-position=\"1538\"   data-new-tab=\"off\"   data-action-priority=\"item\"><figure class=\"dp-dfg-image entry-thumb\"><a href=\"https:\/\/www.museuemporda.org\/?obres_autors=sense-titol-23\" class=\"dp-dfg-image-link\" ><img loading=\"lazy\" decoding=\"async\" class=\"dp-dfg-featured-image\" src=\"https:\/\/www.museuemporda.org\/wp-content\/uploads\/2022\/01\/ME-2094_Jordi-Puig-2022-250x250.jpg\" alt=\"Sense t\u00edtol\" width=\"250\" height=\"250\" data-ratio=\"1\"\/><\/a><\/figure><div class=\"dp-dfg-header entry-header\"><h2 class=\"entry-title\">Sense t\u00edtol<\/h2><\/div><div class=\"dp-dfg-custom-content\"><p class=\"dp-dfg-custom-field dp-dfg-cf-autors2\"><span class=\"dp-dfg-custom-field-value\">Josep Esquirol P\u00e9rez<\/span><\/p><\/div><\/article><!-- DPDFG End Post Item Container --><article id=\"post-14274\" class=\"dp-dfg-item post-14274 obres_autors type-obres_autors status-publish has-post-thumbnail hentry tipus_tecniques-dibuix tecnica_especifica-impressio-digital autors-quim-bou disciplina-dibuix \"     data-position=\"1539\"   data-new-tab=\"off\"   data-action-priority=\"item\"><figure class=\"dp-dfg-image entry-thumb\"><a href=\"https:\/\/www.museuemporda.org\/?obres_autors=sense-titol-461\" class=\"dp-dfg-image-link\" ><img loading=\"lazy\" decoding=\"async\" class=\"dp-dfg-featured-image\" src=\"https:\/\/www.museuemporda.org\/wp-content\/uploads\/2023\/07\/ME2846-BOU-250x250.jpg\" alt=\"Sense t\u00edtol\" width=\"250\" height=\"250\" data-ratio=\"1\"\/><\/a><\/figure><div class=\"dp-dfg-header entry-header\"><h2 class=\"entry-title\">Sense t\u00edtol<\/h2><\/div><div class=\"dp-dfg-custom-content\"><p class=\"dp-dfg-custom-field dp-dfg-cf-autors2\"><span class=\"dp-dfg-custom-field-value\">Quim Bou<\/span><\/p><\/div><\/article><!-- DPDFG End Post Item Container --><article id=\"post-8953\" class=\"dp-dfg-item post-8953 obres_autors type-obres_autors status-publish has-post-thumbnail hentry tecnica_especifica-llapis-carbo-sobre-paper autors-modest-cuixart-tapies disciplina-dibuix \"     data-position=\"1540\"   data-new-tab=\"off\"   data-action-priority=\"item\"><figure class=\"dp-dfg-image entry-thumb\"><a href=\"https:\/\/www.museuemporda.org\/?obres_autors=sant-pere-2\" class=\"dp-dfg-image-link\" ><img loading=\"lazy\" decoding=\"async\" class=\"dp-dfg-featured-image\" src=\"https:\/\/www.museuemporda.org\/wp-content\/uploads\/2021\/11\/mE-723-250x250.jpg\" alt=\"Sant Pere\" width=\"250\" height=\"250\" data-ratio=\"1\"\/><\/a><\/figure><div class=\"dp-dfg-header entry-header\"><h2 class=\"entry-title\">Sant Pere<\/h2><\/div><div class=\"dp-dfg-custom-content\"><p class=\"dp-dfg-custom-field dp-dfg-cf-autors2\"><span class=\"dp-dfg-custom-field-value\">Modest Cuixart T\u00e0pies<\/span><\/p><\/div><\/article><!-- DPDFG End Post Item Container --><article id=\"post-9768\" class=\"dp-dfg-item post-9768 obres_autors type-obres_autors status-publish has-post-thumbnail hentry tipus_tecniques-fotografia tecnica_especifica-fotografia autors-joaquim-fort-de-ribot disciplina-fotografia \"     data-position=\"1541\"   data-new-tab=\"off\"   data-action-priority=\"item\"><figure class=\"dp-dfg-image entry-thumb\"><a href=\"https:\/\/www.museuemporda.org\/?obres_autors=canonica-de-santa-maria-de-vilabertran\" class=\"dp-dfg-image-link\" ><img loading=\"lazy\" decoding=\"async\" class=\"dp-dfg-featured-image\" src=\"https:\/\/www.museuemporda.org\/wp-content\/uploads\/2022\/01\/mE-2476-250x250.jpg\" alt=\"Can\u00f2nica de Santa Maria de Vilabertran\" width=\"250\" height=\"250\" data-ratio=\"1\"\/><\/a><\/figure><div class=\"dp-dfg-header entry-header\"><h2 class=\"entry-title\">Can\u00f2nica de Santa Maria de Vilabertran<\/h2><\/div><div class=\"dp-dfg-custom-content\"><p class=\"dp-dfg-custom-field dp-dfg-cf-autors2\"><span class=\"dp-dfg-custom-field-value\">Joaquim Fort de Ribot<\/span><\/p><\/div><\/article><!-- DPDFG End Post Item Container --><article id=\"post-8955\" class=\"dp-dfg-item post-8955 obres_autors type-obres_autors status-publish has-post-thumbnail hentry tecnica_especifica-oli-sobre-tela autors-guillem-comalat-joana disciplina-pintura \"     data-position=\"1542\"   data-new-tab=\"off\"   data-action-priority=\"item\"><figure class=\"dp-dfg-image entry-thumb\"><a href=\"https:\/\/www.museuemporda.org\/?obres_autors=paisatge-21\" class=\"dp-dfg-image-link\" ><img loading=\"lazy\" decoding=\"async\" class=\"dp-dfg-featured-image\" src=\"https:\/\/www.museuemporda.org\/wp-content\/uploads\/2021\/11\/mE-735-250x250.jpg\" alt=\"Paisatge\" width=\"250\" height=\"250\" data-ratio=\"1\"\/><\/a><\/figure><div class=\"dp-dfg-header entry-header\"><h2 class=\"entry-title\">Paisatge<\/h2><\/div><div class=\"dp-dfg-custom-content\"><p class=\"dp-dfg-custom-field dp-dfg-cf-autors2\"><span class=\"dp-dfg-custom-field-value\">Guillem Comalat Joana<\/span><\/p><\/div><\/article><!-- DPDFG End Post Item Container --><article id=\"post-10492\" class=\"dp-dfg-item post-10492 obres_autors type-obres_autors status-publish has-post-thumbnail hentry tipus_tecniques-dibuix tecnica_especifica-llapis-sobre-paper autors-frederic-mares-deulovol disciplina-dibuix \"     data-position=\"1543\"   data-new-tab=\"off\"   data-action-priority=\"item\"><figure class=\"dp-dfg-image entry-thumb\"><a href=\"https:\/\/www.museuemporda.org\/?obres_autors=sense-titol-75\" class=\"dp-dfg-image-link\" ><img loading=\"lazy\" decoding=\"async\" class=\"dp-dfg-featured-image\" src=\"https:\/\/www.museuemporda.org\/wp-content\/uploads\/2022\/01\/mE-1772-250x250.jpg\" alt=\"Sense t\u00edtol\" width=\"250\" height=\"250\" data-ratio=\"1\"\/><\/a><\/figure><div class=\"dp-dfg-header entry-header\"><h2 class=\"entry-title\">Sense t\u00edtol<\/h2><\/div><div class=\"dp-dfg-custom-content\"><p class=\"dp-dfg-custom-field dp-dfg-cf-autors2\"><span class=\"dp-dfg-custom-field-value\">Frederic Mar\u00e8s Deulovol<\/span><\/p><\/div><\/article><!-- DPDFG End Post Item Container --><article id=\"post-8617\" class=\"dp-dfg-item post-8617 obres_autors type-obres_autors status-publish has-post-thumbnail hentry tipus_tecniques-fotografia tecnica_especifica-fotografia autors-valenti-fargnoli-annetta disciplina-fotografia \"     data-position=\"1544\"   data-new-tab=\"off\"   data-action-priority=\"item\"><figure class=\"dp-dfg-image entry-thumb\"><a href=\"https:\/\/www.museuemporda.org\/?obres_autors=fotografia-de-lajuntament-de-figuere\" class=\"dp-dfg-image-link\" ><img loading=\"lazy\" decoding=\"async\" class=\"dp-dfg-featured-image\" src=\"https:\/\/www.museuemporda.org\/wp-content\/uploads\/2021\/10\/mE-2377-250x250.jpg\" alt=\"Fotografia de l&#8217;Ajuntament de Figueres\" width=\"250\" height=\"250\" data-ratio=\"1\"\/><\/a><\/figure><div class=\"dp-dfg-header entry-header\"><h2 class=\"entry-title\">Fotografia de l&#8217;Ajuntament de Figueres<\/h2><\/div><div class=\"dp-dfg-custom-content\"><p class=\"dp-dfg-custom-field dp-dfg-cf-autors2\"><span class=\"dp-dfg-custom-field-value\">Valent\u00ed Fargnoli Annetta<\/span><\/p><\/div><\/article><!-- DPDFG End Post Item Container --><article id=\"post-12988\" class=\"dp-dfg-item post-12988 obres_autors type-obres_autors status-publish has-post-thumbnail hentry tipus_tecniques-obra-grafica tecnica_especifica-impressio-digital autors-perico-pastor-bodmer disciplina-obra-grafic \"     data-position=\"1545\"   data-new-tab=\"off\"   data-action-priority=\"item\"><figure class=\"dp-dfg-image entry-thumb\"><a href=\"https:\/\/www.museuemporda.org\/?obres_autors=sense-titol-197\" class=\"dp-dfg-image-link\" ><img loading=\"lazy\" decoding=\"async\" class=\"dp-dfg-featured-image\" src=\"https:\/\/www.museuemporda.org\/wp-content\/uploads\/2022\/07\/mE-2332-250x250.jpg\" alt=\"Sense t\u00edtol\" width=\"250\" height=\"250\" data-ratio=\"1\"\/><\/a><\/figure><div class=\"dp-dfg-header entry-header\"><h2 class=\"entry-title\">Sense t\u00edtol<\/h2><\/div><div class=\"dp-dfg-custom-content\"><p class=\"dp-dfg-custom-field dp-dfg-cf-autors2\"><span class=\"dp-dfg-custom-field-value\">Perico Pastor Bodmer<\/span><\/p><\/div><\/article><!-- DPDFG End Post Item Container --><article id=\"post-5771\" class=\"dp-dfg-item post-5771 obres_autors type-obres_autors status-publish has-post-thumbnail hentry tecnica_especifica-oli-sobre-tela autors-antoni-caba-casamitjana disciplina-pintura \"     data-position=\"1546\"   data-new-tab=\"off\"   data-action-priority=\"item\"><figure class=\"dp-dfg-image entry-thumb\"><a href=\"https:\/\/www.museuemporda.org\/?obres_autors=nu-masculi\" class=\"dp-dfg-image-link\" ><img loading=\"lazy\" decoding=\"async\" class=\"dp-dfg-featured-image\" src=\"https:\/\/www.museuemporda.org\/wp-content\/uploads\/2020\/04\/mE-639_2019-250x250.jpg\" alt=\"Acad\u00e8mia de nu mascul\u00ed\" width=\"250\" height=\"250\" data-ratio=\"1\"\/><\/a><\/figure><div class=\"dp-dfg-header entry-header\"><h2 class=\"entry-title\">Acad\u00e8mia de nu mascul\u00ed<\/h2><\/div><div class=\"dp-dfg-custom-content\"><p class=\"dp-dfg-custom-field dp-dfg-cf-autors2\"><span class=\"dp-dfg-custom-field-value\">Antoni Caba Casamitjana<\/span><\/p><\/div><\/article><!-- DPDFG End Post Item Container --><article id=\"post-9874\" class=\"dp-dfg-item post-9874 obres_autors type-obres_autors status-publish has-post-thumbnail hentry tipus_tecniques-fotografia tecnica_especifica-fotografia autors-autoria-desconeguda disciplina-fotografia \"     data-position=\"1547\"   data-new-tab=\"off\"   data-action-priority=\"item\"><figure class=\"dp-dfg-image entry-thumb\"><a href=\"https:\/\/www.museuemporda.org\/?obres_autors=sense-titol-34\" class=\"dp-dfg-image-link\" ><img loading=\"lazy\" decoding=\"async\" class=\"dp-dfg-featured-image\" src=\"https:\/\/www.museuemporda.org\/wp-content\/uploads\/2022\/01\/ME-2101_Jordi-Puig-2022-250x250.jpg\" alt=\"Sense t\u00edtol\" width=\"250\" height=\"250\" data-ratio=\"1\"\/><\/a><\/figure><div class=\"dp-dfg-header entry-header\"><h2 class=\"entry-title\">Sense t\u00edtol<\/h2><\/div><div class=\"dp-dfg-custom-content\"><p class=\"dp-dfg-custom-field dp-dfg-cf-autors2\"><span class=\"dp-dfg-custom-field-value\">Autoria desconeguda<\/span><\/p><\/div><\/article><!-- DPDFG End Post Item Container --><article id=\"post-12256\" class=\"dp-dfg-item post-12256 obres_autors type-obres_autors status-publish has-post-thumbnail hentry tipus_tecniques-indumentaria tecnica_especifica-teixit-i-fusta autors-autoria-desconeguda disciplina-indumentaria \"     data-position=\"1548\"   data-new-tab=\"off\"   data-action-priority=\"item\"><figure class=\"dp-dfg-image entry-thumb\"><a href=\"https:\/\/www.museuemporda.org\/?obres_autors=sense-titol-189\" class=\"dp-dfg-image-link\" ><img loading=\"lazy\" decoding=\"async\" class=\"dp-dfg-featured-image\" src=\"https:\/\/www.museuemporda.org\/wp-content\/uploads\/2022\/03\/mE-2185-250x250.jpg\" alt=\"Sense t\u00edtol\" width=\"250\" height=\"250\" data-ratio=\"1\"\/><\/a><\/figure><div class=\"dp-dfg-header entry-header\"><h2 class=\"entry-title\">Sense t\u00edtol<\/h2><\/div><div class=\"dp-dfg-custom-content\"><p class=\"dp-dfg-custom-field dp-dfg-cf-autors2\"><span class=\"dp-dfg-custom-field-value\">Autoria desconeguda<\/span><\/p><\/div><\/article><!-- DPDFG End Post Item Container --><article id=\"post-13639\" class=\"dp-dfg-item post-13639 obres_autors type-obres_autors status-publish has-post-thumbnail hentry tipus_tecniques-fusta tecnica_especifica-fusta autors-m-catallanos disciplina-escultura \"     data-position=\"1549\"   data-new-tab=\"off\"   data-action-priority=\"item\"><figure class=\"dp-dfg-image entry-thumb\"><a href=\"https:\/\/www.museuemporda.org\/?obres_autors=pep-ventura-2\" class=\"dp-dfg-image-link\" ><img loading=\"lazy\" decoding=\"async\" class=\"dp-dfg-featured-image\" src=\"https:\/\/www.museuemporda.org\/wp-content\/uploads\/2023\/06\/mE-2384-250x250.jpg\" alt=\"Pep Ventura\" width=\"250\" height=\"250\" data-ratio=\"1\"\/><\/a><\/figure><div class=\"dp-dfg-header entry-header\"><h2 class=\"entry-title\">Pep Ventura<\/h2><\/div><div class=\"dp-dfg-custom-content\"><p class=\"dp-dfg-custom-field dp-dfg-cf-autors2\"><span class=\"dp-dfg-custom-field-value\">M. Catallanos<\/span><\/p><\/div><\/article><!-- DPDFG End Post Item Container --><article id=\"post-11216\" class=\"dp-dfg-item post-11216 obres_autors type-obres_autors status-publish has-post-thumbnail hentry tipus_tecniques-pintura tecnica_especifica-aquarella autors-pere-clapera-argelaguer disciplina-pintura \"     data-position=\"1550\"   data-new-tab=\"off\"   data-action-priority=\"item\"><figure class=\"dp-dfg-image entry-thumb\"><a href=\"https:\/\/www.museuemporda.org\/?obres_autors=escena-de-circ-3\" class=\"dp-dfg-image-link\" ><img loading=\"lazy\" decoding=\"async\" class=\"dp-dfg-featured-image\" src=\"https:\/\/www.museuemporda.org\/wp-content\/uploads\/2022\/02\/mE-1106-250x250.jpg\" alt=\"Escena de circ\" width=\"250\" height=\"250\" data-ratio=\"1\"\/><\/a><\/figure><div class=\"dp-dfg-header entry-header\"><h2 class=\"entry-title\">Escena de circ<\/h2><\/div><div class=\"dp-dfg-custom-content\"><p class=\"dp-dfg-custom-field dp-dfg-cf-autors2\"><span class=\"dp-dfg-custom-field-value\">Pere Clapera Argelaguer<\/span><\/p><\/div><\/article><!-- DPDFG End Post Item Container --><article id=\"post-9480\" class=\"dp-dfg-item post-9480 obres_autors type-obres_autors status-publish has-post-thumbnail hentry tipus_tecniques-pintura tecnica_especifica-aquarella-sobre-paper-2 autors-antoni-caba-casamitjana disciplina-pintura \"     data-position=\"1551\"   data-new-tab=\"off\"   data-action-priority=\"item\"><figure class=\"dp-dfg-image entry-thumb\"><a href=\"https:\/\/www.museuemporda.org\/?obres_autors=figura-6\" class=\"dp-dfg-image-link\" ><img loading=\"lazy\" decoding=\"async\" class=\"dp-dfg-featured-image\" src=\"https:\/\/www.museuemporda.org\/wp-content\/uploads\/2022\/01\/mE-804-250x250.jpg\" alt=\"Figura\" width=\"250\" height=\"250\" data-ratio=\"1\"\/><\/a><\/figure><div class=\"dp-dfg-header entry-header\"><h2 class=\"entry-title\">Figura<\/h2><\/div><div class=\"dp-dfg-custom-content\"><p class=\"dp-dfg-custom-field dp-dfg-cf-autors2\"><span class=\"dp-dfg-custom-field-value\">Antoni Caba Casamitjana<\/span><\/p><\/div><\/article><!-- DPDFG End Post Item Container --><article id=\"post-10641\" class=\"dp-dfg-item post-10641 obres_autors type-obres_autors status-publish has-post-thumbnail hentry tipus_tecniques-obra-grafica tecnica_especifica-litografia autors-pic-adrian disciplina-obra-grafic \"     data-position=\"1552\"   data-new-tab=\"off\"   data-action-priority=\"item\"><figure class=\"dp-dfg-image entry-thumb\"><a href=\"https:\/\/www.museuemporda.org\/?obres_autors=composicio-17\" class=\"dp-dfg-image-link\" ><img loading=\"lazy\" decoding=\"async\" class=\"dp-dfg-featured-image\" src=\"https:\/\/www.museuemporda.org\/wp-content\/uploads\/2022\/02\/mE-1487-250x250.jpg\" alt=\"Composici\u00f3\" width=\"250\" height=\"250\" data-ratio=\"1\"\/><\/a><\/figure><div class=\"dp-dfg-header entry-header\"><h2 class=\"entry-title\">Composici\u00f3<\/h2><\/div><div class=\"dp-dfg-custom-content\"><p class=\"dp-dfg-custom-field dp-dfg-cf-autors2\"><span class=\"dp-dfg-custom-field-value\">Pic Adrian<\/span><\/p><\/div><\/article><!-- DPDFG End Post Item Container --><article id=\"post-11772\" class=\"dp-dfg-item post-11772 obres_autors type-obres_autors status-publish has-post-thumbnail hentry tipus_tecniques-obra-grafica tecnica_especifica-serigrafia autors-pere-noguera disciplina-obra-grafic \"     data-position=\"1553\"   data-new-tab=\"off\"   data-action-priority=\"item\"><figure class=\"dp-dfg-image entry-thumb\"><a href=\"https:\/\/www.museuemporda.org\/?obres_autors=el-color-mafecta\" class=\"dp-dfg-image-link\" ><img loading=\"lazy\" decoding=\"async\" class=\"dp-dfg-featured-image\" src=\"https:\/\/www.museuemporda.org\/wp-content\/uploads\/2022\/02\/mE-1570-250x250.jpg\" alt=\"El color m&#8217;afecta\" width=\"250\" height=\"250\" data-ratio=\"1\"\/><\/a><\/figure><div class=\"dp-dfg-header entry-header\"><h2 class=\"entry-title\">El color m&#8217;afecta<\/h2><\/div><div class=\"dp-dfg-custom-content\"><p class=\"dp-dfg-custom-field dp-dfg-cf-autors2\"><span class=\"dp-dfg-custom-field-value\">Pere Noguera<\/span><\/p><\/div><\/article><!-- DPDFG End Post Item Container --><article id=\"post-13986\" class=\"dp-dfg-item post-13986 obres_autors type-obres_autors status-publish has-post-thumbnail hentry tipus_tecniques-dibuix tecnica_especifica-impressio-digital autors-pep-claparols-i-moret disciplina-dibuix \"     data-position=\"1554\"   data-new-tab=\"off\"   data-action-priority=\"item\"><figure class=\"dp-dfg-image entry-thumb\"><a href=\"https:\/\/www.museuemporda.org\/?obres_autors=sense-titol-330\" class=\"dp-dfg-image-link\" ><img loading=\"lazy\" decoding=\"async\" class=\"dp-dfg-featured-image\" src=\"https:\/\/www.museuemporda.org\/wp-content\/uploads\/2023\/06\/ME2692-PEP2000-250x250.jpg\" alt=\"Sense t\u00edtol\" width=\"250\" height=\"250\" data-ratio=\"1\"\/><\/a><\/figure><div class=\"dp-dfg-header entry-header\"><h2 class=\"entry-title\">Sense t\u00edtol<\/h2><\/div><div class=\"dp-dfg-custom-content\"><p class=\"dp-dfg-custom-field dp-dfg-cf-autors2\"><span class=\"dp-dfg-custom-field-value\">Pep Claparols i Moret<\/span><\/p><\/div><\/article><!-- DPDFG End Post Item Container --><article id=\"post-11220\" class=\"dp-dfg-item post-11220 obres_autors type-obres_autors status-publish has-post-thumbnail hentry tipus_tecniques-pintura tecnica_especifica-oli-sobre-tela autors-montserrat-clausells-ver disciplina-pintura \"     data-position=\"1555\"   data-new-tab=\"off\"   data-action-priority=\"item\"><figure class=\"dp-dfg-image entry-thumb\"><a href=\"https:\/\/www.museuemporda.org\/?obres_autors=el-tell-viatge-dhivern-shubert\" class=\"dp-dfg-image-link\" ><img loading=\"lazy\" decoding=\"async\" class=\"dp-dfg-featured-image\" src=\"https:\/\/www.museuemporda.org\/wp-content\/uploads\/2022\/02\/mE-2158-250x250.jpg\" alt=\"El Tell \/ Viatge d&#8217;hivern Shubert\" width=\"250\" height=\"250\" data-ratio=\"1\"\/><\/a><\/figure><div class=\"dp-dfg-header entry-header\"><h2 class=\"entry-title\">El Tell \/ Viatge d&#8217;hivern Shubert<\/h2><\/div><div class=\"dp-dfg-custom-content\"><p class=\"dp-dfg-custom-field dp-dfg-cf-autors2\"><span class=\"dp-dfg-custom-field-value\">Montserrat Clausells Ver<\/span><\/p><\/div><\/article><!-- DPDFG End Post Item Container --><article id=\"post-8060\" class=\"dp-dfg-item post-8060 obres_autors type-obres_autors status-publish has-post-thumbnail hentry tecnica_especifica-aquarella-sobre-paper autors-josep-berga-boix disciplina-pintura \"     data-position=\"1556\"   data-new-tab=\"off\"   data-action-priority=\"item\"><figure class=\"dp-dfg-image entry-thumb\"><a href=\"https:\/\/www.museuemporda.org\/?obres_autors=paisatge-8\" class=\"dp-dfg-image-link\" ><img loading=\"lazy\" decoding=\"async\" class=\"dp-dfg-featured-image\" src=\"https:\/\/www.museuemporda.org\/wp-content\/uploads\/2021\/08\/mE-1149-1-250x250.jpg\" alt=\"Paisatge\" width=\"250\" height=\"250\" data-ratio=\"1\"\/><\/a><\/figure><div class=\"dp-dfg-header entry-header\"><h2 class=\"entry-title\">Paisatge<\/h2><\/div><div class=\"dp-dfg-custom-content\"><p class=\"dp-dfg-custom-field dp-dfg-cf-autors2\"><span class=\"dp-dfg-custom-field-value\">Josep Berga Boix<\/span><\/p><\/div><\/article><!-- DPDFG End Post Item Container --><article id=\"post-5852\" class=\"dp-dfg-item post-5852 obres_autors type-obres_autors status-publish has-post-thumbnail hentry autors-francesc-domingo-segura disciplina-dibuix \"     data-position=\"1557\"   data-new-tab=\"off\"   data-action-priority=\"item\"><figure class=\"dp-dfg-image entry-thumb\"><a href=\"https:\/\/www.museuemporda.org\/?obres_autors=retrat-de-la-senyora-moncanut\" class=\"dp-dfg-image-link\" ><img loading=\"lazy\" decoding=\"async\" class=\"dp-dfg-featured-image\" src=\"https:\/\/www.museuemporda.org\/wp-content\/uploads\/2020\/04\/mE-1163-250x250.jpg\" alt=\"Retrat de la senyora Moncanut\" width=\"250\" height=\"250\" data-ratio=\"1\"\/><\/a><\/figure><div class=\"dp-dfg-header entry-header\"><h2 class=\"entry-title\">Retrat de la senyora Moncanut<\/h2><\/div><div class=\"dp-dfg-custom-content\"><p class=\"dp-dfg-custom-field dp-dfg-cf-autors2\"><span class=\"dp-dfg-custom-field-value\">Francesc Domingo Segura<\/span><\/p><\/div><\/article><!-- DPDFG End Post Item Container --><article id=\"post-5952\" class=\"dp-dfg-item post-5952 obres_autors type-obres_autors status-publish has-post-thumbnail hentry tecnica_especifica-pintura-plastica-i-retolador-sobre-mur autors-paula-bonet-herrero disciplina-pintura \"     data-position=\"1558\"   data-new-tab=\"off\"   data-action-priority=\"item\"><figure class=\"dp-dfg-image entry-thumb\"><a href=\"https:\/\/www.museuemporda.org\/?obres_autors=una\" class=\"dp-dfg-image-link\" ><img loading=\"lazy\" decoding=\"async\" class=\"dp-dfg-featured-image\" src=\"https:\/\/www.museuemporda.org\/wp-content\/uploads\/2020\/10\/mE-2506-250x250.jpg\" alt=\"UNA\" width=\"250\" height=\"250\" data-ratio=\"1\"\/><\/a><\/figure><div class=\"dp-dfg-header entry-header\"><h2 class=\"entry-title\">UNA<\/h2><\/div><div class=\"dp-dfg-custom-content\"><p class=\"dp-dfg-custom-field dp-dfg-cf-autors2\"><span class=\"dp-dfg-custom-field-value\">Paula Bonet Herrero<\/span><\/p><\/div><\/article><!-- DPDFG End Post Item Container --><article id=\"post-9925\" class=\"dp-dfg-item post-9925 obres_autors type-obres_autors status-publish has-post-thumbnail hentry tipus_tecniques-fotografia tecnica_especifica-fotografia autors-manuel-saiz disciplina-fotografia \"     data-position=\"1559\"   data-new-tab=\"off\"   data-action-priority=\"item\"><figure class=\"dp-dfg-image entry-thumb\"><a href=\"https:\/\/www.museuemporda.org\/?obres_autors=expectations-if-alive-3-homeless\" class=\"dp-dfg-image-link\" ><img loading=\"lazy\" decoding=\"async\" class=\"dp-dfg-featured-image\" src=\"https:\/\/www.museuemporda.org\/wp-content\/uploads\/2022\/01\/mE-1643_1-2-250x250.jpg\" alt=\"Expectations If Alive # 3 (homeless)\" width=\"250\" height=\"250\" data-ratio=\"1\"\/><\/a><\/figure><div class=\"dp-dfg-header entry-header\"><h2 class=\"entry-title\">Expectations If Alive # 3 (homeless)<\/h2><\/div><div class=\"dp-dfg-custom-content\"><p class=\"dp-dfg-custom-field dp-dfg-cf-autors2\"><span class=\"dp-dfg-custom-field-value\">Manuel Saiz<\/span><\/p><\/div><\/article><!-- DPDFG End Post Item Container --><article id=\"post-10456\" class=\"dp-dfg-item post-10456 obres_autors type-obres_autors status-publish has-post-thumbnail hentry tipus_tecniques-pintura tecnica_especifica-pintura-sobre-taula autors-miquel-duran-carrera disciplina-pintura \"     data-position=\"1560\"   data-new-tab=\"off\"   data-action-priority=\"item\"><figure class=\"dp-dfg-image entry-thumb\"><a href=\"https:\/\/www.museuemporda.org\/?obres_autors=un-silenci\" class=\"dp-dfg-image-link\" ><img loading=\"lazy\" decoding=\"async\" class=\"dp-dfg-featured-image\" src=\"https:\/\/www.museuemporda.org\/wp-content\/uploads\/2022\/01\/mE-2147-250x250.jpg\" alt=\"Un silenci\" width=\"250\" height=\"250\" data-ratio=\"1\"\/><\/a><\/figure><div class=\"dp-dfg-header entry-header\"><h2 class=\"entry-title\">Un silenci<\/h2><\/div><div class=\"dp-dfg-custom-content\"><p class=\"dp-dfg-custom-field dp-dfg-cf-autors2\"><span class=\"dp-dfg-custom-field-value\">Miquel Duran Carrera<\/span><\/p><\/div><\/article><!-- DPDFG End Post Item Container --><article id=\"post-14292\" class=\"dp-dfg-item post-14292 obres_autors type-obres_autors status-publish has-post-thumbnail hentry tipus_tecniques-dibuix tecnica_especifica-impressio-digital autors-quim-bou disciplina-dibuix \"     data-position=\"1561\"   data-new-tab=\"off\"   data-action-priority=\"item\"><figure class=\"dp-dfg-image entry-thumb\"><a href=\"https:\/\/www.museuemporda.org\/?obres_autors=sense-titol-470\" class=\"dp-dfg-image-link\" ><img loading=\"lazy\" decoding=\"async\" class=\"dp-dfg-featured-image\" src=\"https:\/\/www.museuemporda.org\/wp-content\/uploads\/2023\/07\/ME2855-BOU-250x250.jpg\" alt=\"Sense t\u00edtol\" width=\"250\" height=\"250\" data-ratio=\"1\"\/><\/a><\/figure><div class=\"dp-dfg-header entry-header\"><h2 class=\"entry-title\">Sense t\u00edtol<\/h2><\/div><div class=\"dp-dfg-custom-content\"><p class=\"dp-dfg-custom-field dp-dfg-cf-autors2\"><span class=\"dp-dfg-custom-field-value\">Quim Bou<\/span><\/p><\/div><\/article><!-- DPDFG End Post Item Container --><article id=\"post-14341\" class=\"dp-dfg-item post-14341 obres_autors type-obres_autors status-publish has-post-thumbnail hentry tipus_tecniques-dibuix tecnica_especifica-impressio-digital autors-jordi-fenosa-tatay disciplina-dibuix \"     data-position=\"1562\"   data-new-tab=\"off\"   data-action-priority=\"item\"><figure class=\"dp-dfg-image entry-thumb\"><a href=\"https:\/\/www.museuemporda.org\/?obres_autors=sense-titol-492\" class=\"dp-dfg-image-link\" ><img loading=\"lazy\" decoding=\"async\" class=\"dp-dfg-featured-image\" src=\"https:\/\/www.museuemporda.org\/wp-content\/uploads\/2023\/07\/ME2878-TATAY-250x250.jpg\" alt=\"Sense t\u00edtol\" width=\"250\" height=\"250\" data-ratio=\"1\"\/><\/a><\/figure><div class=\"dp-dfg-header entry-header\"><h2 class=\"entry-title\">Sense t\u00edtol<\/h2><\/div><div class=\"dp-dfg-custom-content\"><p class=\"dp-dfg-custom-field dp-dfg-cf-autors2\"><span class=\"dp-dfg-custom-field-value\">Jordi Fenosa Tatay<\/span><\/p><\/div><\/article><!-- DPDFG End Post Item Container --><article id=\"post-10380\" class=\"dp-dfg-item post-10380 obres_autors type-obres_autors status-publish has-post-thumbnail hentry tipus_tecniques-escultura tecnica_especifica-guix autors-artur-novoa-cabra disciplina-escultura \"     data-position=\"1563\"   data-new-tab=\"off\"   data-action-priority=\"item\"><figure class=\"dp-dfg-image entry-thumb\"><a href=\"https:\/\/www.museuemporda.org\/?obres_autors=sense-titol-53\" class=\"dp-dfg-image-link\" ><img loading=\"lazy\" decoding=\"async\" class=\"dp-dfg-featured-image\" src=\"https:\/\/www.museuemporda.org\/wp-content\/uploads\/2022\/01\/mE-1907-250x250.jpg\" alt=\"Sense t\u00edtol\" width=\"250\" height=\"250\" data-ratio=\"1\"\/><\/a><\/figure><div class=\"dp-dfg-header entry-header\"><h2 class=\"entry-title\">Sense t\u00edtol<\/h2><\/div><div class=\"dp-dfg-custom-content\"><p class=\"dp-dfg-custom-field dp-dfg-cf-autors2\"><span class=\"dp-dfg-custom-field-value\">Artur Novoa Cabra<\/span><\/p><\/div><\/article><!-- DPDFG End Post Item Container --><article id=\"post-9178\" class=\"dp-dfg-item post-9178 obres_autors type-obres_autors status-publish has-post-thumbnail hentry tipus_tecniques-terracota autors-autoria-desconeguda disciplina-arqueologia \"     data-position=\"1564\"   data-new-tab=\"off\"   data-action-priority=\"item\"><figure class=\"dp-dfg-image entry-thumb\"><a href=\"https:\/\/www.museuemporda.org\/?obres_autors=figura-3\" class=\"dp-dfg-image-link\" ><img loading=\"lazy\" decoding=\"async\" class=\"dp-dfg-featured-image\" src=\"https:\/\/www.museuemporda.org\/wp-content\/uploads\/2021\/11\/mE-297-250x250.jpg\" alt=\"Figura\" width=\"250\" height=\"250\" data-ratio=\"1\"\/><\/a><\/figure><div class=\"dp-dfg-header entry-header\"><h2 class=\"entry-title\">Figura<\/h2><\/div><div class=\"dp-dfg-custom-content\"><p class=\"dp-dfg-custom-field dp-dfg-cf-autors2\"><span class=\"dp-dfg-custom-field-value\">Autoria desconeguda<\/span><\/p><\/div><\/article><!-- DPDFG End Post Item Container --><article id=\"post-11197\" class=\"dp-dfg-item post-11197 obres_autors type-obres_autors status-publish has-post-thumbnail hentry tipus_tecniques-pintura tecnica_especifica-oli-sobre-tela autors-simeon-cerda-juan disciplina-pintura \"     data-position=\"1565\"   data-new-tab=\"off\"   data-action-priority=\"item\"><figure class=\"dp-dfg-image entry-thumb\"><a href=\"https:\/\/www.museuemporda.org\/?obres_autors=refugio-encantado\" class=\"dp-dfg-image-link\" ><img loading=\"lazy\" decoding=\"async\" class=\"dp-dfg-featured-image\" src=\"https:\/\/www.museuemporda.org\/wp-content\/uploads\/2022\/02\/mE-1115-250x250.jpg\" alt=\"Refugio Encantado\" width=\"250\" height=\"250\" data-ratio=\"1\"\/><\/a><\/figure><div class=\"dp-dfg-header entry-header\"><h2 class=\"entry-title\">Refugio Encantado<\/h2><\/div><div class=\"dp-dfg-custom-content\"><p class=\"dp-dfg-custom-field dp-dfg-cf-autors2\"><span class=\"dp-dfg-custom-field-value\">Sime\u00f3n Cerd\u00e0 Juan<\/span><\/p><\/div><\/article><!-- DPDFG End Post Item Container --><article id=\"post-8153\" class=\"dp-dfg-item post-8153 obres_autors type-obres_autors status-publish has-post-thumbnail hentry tecnica_especifica-pedra-calcaria autors-estil-de-pere-sanglada disciplina-escultura \"     data-position=\"1566\"   data-new-tab=\"off\"   data-action-priority=\"item\"><figure class=\"dp-dfg-image entry-thumb\"><a href=\"https:\/\/www.museuemporda.org\/?obres_autors=bust\" class=\"dp-dfg-image-link\" ><img loading=\"lazy\" decoding=\"async\" class=\"dp-dfg-featured-image\" src=\"https:\/\/www.museuemporda.org\/wp-content\/uploads\/2021\/08\/mE-418-250x250.jpg\" alt=\"Bust\" width=\"250\" height=\"250\" data-ratio=\"1\"\/><\/a><\/figure><div class=\"dp-dfg-header entry-header\"><h2 class=\"entry-title\">Bust<\/h2><\/div><div class=\"dp-dfg-custom-content\"><p class=\"dp-dfg-custom-field dp-dfg-cf-autors2\"><span class=\"dp-dfg-custom-field-value\">Estil de Pere Sanglada<\/span><\/p><\/div><\/article><!-- DPDFG End Post Item Container --><article id=\"post-14185\" class=\"dp-dfg-item post-14185 obres_autors type-obres_autors status-publish has-post-thumbnail hentry tipus_tecniques-obra-grafica tecnica_especifica-impressio-digital autors-joan-antoni-poch disciplina-obra-grafic \"     data-position=\"1567\"   data-new-tab=\"off\"   data-action-priority=\"item\"><figure class=\"dp-dfg-image entry-thumb\"><a href=\"https:\/\/www.museuemporda.org\/?obres_autors=sense-titol-418\" class=\"dp-dfg-image-link\" ><img loading=\"lazy\" decoding=\"async\" class=\"dp-dfg-featured-image\" src=\"https:\/\/www.museuemporda.org\/wp-content\/uploads\/2023\/07\/ME2803-JAP-250x250.jpg\" alt=\"Sense t\u00edtol\" width=\"250\" height=\"250\" data-ratio=\"1\"\/><\/a><\/figure><div class=\"dp-dfg-header entry-header\"><h2 class=\"entry-title\">Sense t\u00edtol<\/h2><\/div><div class=\"dp-dfg-custom-content\"><p class=\"dp-dfg-custom-field dp-dfg-cf-autors2\"><span class=\"dp-dfg-custom-field-value\">Joan Antoni Poch<\/span><\/p><\/div><\/article><!-- DPDFG End Post Item Container --><article id=\"post-12213\" class=\"dp-dfg-item post-12213 obres_autors type-obres_autors status-publish has-post-thumbnail hentry tipus_tecniques-indumentaria tecnica_especifica-teixit-i-fusta autors-autoria-desconeguda disciplina-indumentaria \"     data-position=\"1568\"   data-new-tab=\"off\"   data-action-priority=\"item\"><figure class=\"dp-dfg-image entry-thumb\"><a href=\"https:\/\/www.museuemporda.org\/?obres_autors=sense-titol-176\" class=\"dp-dfg-image-link\" ><img loading=\"lazy\" decoding=\"async\" class=\"dp-dfg-featured-image\" src=\"https:\/\/www.museuemporda.org\/wp-content\/uploads\/2022\/03\/mE-901-250x250.jpg\" alt=\"Sense t\u00edtol\" width=\"250\" height=\"250\" data-ratio=\"1\"\/><\/a><\/figure><div class=\"dp-dfg-header entry-header\"><h2 class=\"entry-title\">Sense t\u00edtol<\/h2><\/div><div class=\"dp-dfg-custom-content\"><p class=\"dp-dfg-custom-field dp-dfg-cf-autors2\"><span class=\"dp-dfg-custom-field-value\">Autoria desconeguda<\/span><\/p><\/div><\/article><!-- DPDFG End Post Item Container --><article id=\"post-9240\" class=\"dp-dfg-item post-9240 obres_autors type-obres_autors status-publish has-post-thumbnail hentry tecnica_especifica-pintura-acrilica-sobre-tela autors-joaquim-carbo-berthold disciplina-pintura \"     data-position=\"1569\"   data-new-tab=\"off\"   data-action-priority=\"item\"><figure class=\"dp-dfg-image entry-thumb\"><a href=\"https:\/\/www.museuemporda.org\/?obres_autors=habitat-interior-camps\" class=\"dp-dfg-image-link\" ><img loading=\"lazy\" decoding=\"async\" class=\"dp-dfg-featured-image\" src=\"https:\/\/www.museuemporda.org\/wp-content\/uploads\/2021\/11\/ME-2535_JORDI-PUIG-2021-250x250.jpg\" alt=\"Habitat: Interior \/ camps\" width=\"250\" height=\"250\" data-ratio=\"1\"\/><\/a><\/figure><div class=\"dp-dfg-header entry-header\"><h2 class=\"entry-title\">Habitat: Interior \/ camps<\/h2><\/div><div class=\"dp-dfg-custom-content\"><p class=\"dp-dfg-custom-field dp-dfg-cf-autors2\"><span class=\"dp-dfg-custom-field-value\">Joaquim Carb\u00f3 Berthold<\/span><\/p><\/div><\/article><!-- DPDFG End Post Item Container --><article id=\"post-10691\" class=\"dp-dfg-item post-10691 obres_autors type-obres_autors status-publish has-post-thumbnail hentry tipus_tecniques-obra-grafica tecnica_especifica-gravat-sobre-paper autors-pompeu-audivert-mir disciplina-obra-grafic \"     data-position=\"1570\"   data-new-tab=\"off\"   data-action-priority=\"item\"><figure class=\"dp-dfg-image entry-thumb\"><a href=\"https:\/\/www.museuemporda.org\/?obres_autors=adoracio\" class=\"dp-dfg-image-link\" ><img loading=\"lazy\" decoding=\"async\" class=\"dp-dfg-featured-image\" src=\"https:\/\/www.museuemporda.org\/wp-content\/uploads\/2022\/02\/mE-1284-250x250.jpg\" alt=\"Adoraci\u00f3\" width=\"250\" height=\"250\" data-ratio=\"1\"\/><\/a><\/figure><div class=\"dp-dfg-header entry-header\"><h2 class=\"entry-title\">Adoraci\u00f3<\/h2><\/div><div class=\"dp-dfg-custom-content\"><p class=\"dp-dfg-custom-field dp-dfg-cf-autors2\"><span class=\"dp-dfg-custom-field-value\">Pompeu Audivert Mir<\/span><\/p><\/div><\/article><!-- DPDFG End Post Item Container --><article id=\"post-14022\" class=\"dp-dfg-item post-14022 obres_autors type-obres_autors status-publish has-post-thumbnail hentry tipus_tecniques-dibuix tecnica_especifica-tinta-sobre-paper autors-pep-claparols-i-moret disciplina-dibuix \"     data-position=\"1571\"   data-new-tab=\"off\"   data-action-priority=\"item\"><figure class=\"dp-dfg-image entry-thumb\"><a href=\"https:\/\/www.museuemporda.org\/?obres_autors=sense-titol-346\" class=\"dp-dfg-image-link\" ><img loading=\"lazy\" decoding=\"async\" class=\"dp-dfg-featured-image\" src=\"https:\/\/www.museuemporda.org\/wp-content\/uploads\/2023\/06\/ME2708-PEP2007-250x250.jpg\" alt=\"Sense t\u00edtol\" width=\"250\" height=\"250\" data-ratio=\"1\"\/><\/a><\/figure><div class=\"dp-dfg-header entry-header\"><h2 class=\"entry-title\">Sense t\u00edtol<\/h2><\/div><div class=\"dp-dfg-custom-content\"><p class=\"dp-dfg-custom-field dp-dfg-cf-autors2\"><span class=\"dp-dfg-custom-field-value\">Pep Claparols i Moret<\/span><\/p><\/div><\/article><!-- DPDFG End Post Item Container --><article id=\"post-8056\" class=\"dp-dfg-item post-8056 obres_autors type-obres_autors status-publish has-post-thumbnail hentry tecnica_especifica-pintura-acrilica-sobre-tela autors-gustau-carbo-berthold disciplina-pintura \"     data-position=\"1572\"   data-new-tab=\"off\"   data-action-priority=\"item\"><figure class=\"dp-dfg-image entry-thumb\"><a href=\"https:\/\/www.museuemporda.org\/?obres_autors=formes-datraccio-espai-calid-91\" class=\"dp-dfg-image-link\" ><img loading=\"lazy\" decoding=\"async\" class=\"dp-dfg-featured-image\" src=\"https:\/\/www.museuemporda.org\/wp-content\/uploads\/2021\/08\/mE-795_2019-250-250x250.jpeg\" alt=\"Formes d&#8217;atracci\u00f3: espai c\u00e0lid 91\" width=\"250\" height=\"250\" data-ratio=\"1\"\/><\/a><\/figure><div class=\"dp-dfg-header entry-header\"><h2 class=\"entry-title\">Formes d&#8217;atracci\u00f3: espai c\u00e0lid 91<\/h2><\/div><div class=\"dp-dfg-custom-content\"><p class=\"dp-dfg-custom-field dp-dfg-cf-autors2\"><span class=\"dp-dfg-custom-field-value\">Gustau Carb\u00f3 Berthold<\/span><\/p><\/div><\/article><!-- DPDFG End Post Item Container --><article id=\"post-8758\" class=\"dp-dfg-item post-8758 obres_autors type-obres_autors status-publish has-post-thumbnail hentry tecnica_especifica-oli-sobre-tela autors-autoria-desconeguda disciplina-pintura \"     data-position=\"1573\"   data-new-tab=\"off\"   data-action-priority=\"item\"><figure class=\"dp-dfg-image entry-thumb\"><a href=\"https:\/\/www.museuemporda.org\/?obres_autors=crist-a-emaus\" class=\"dp-dfg-image-link\" ><img loading=\"lazy\" decoding=\"async\" class=\"dp-dfg-featured-image\" src=\"https:\/\/www.museuemporda.org\/wp-content\/uploads\/2021\/10\/mE-610-250x250.jpg\" alt=\"Crist a Ema\u00fas\" width=\"250\" height=\"250\" data-ratio=\"1\"\/><\/a><\/figure><div class=\"dp-dfg-header entry-header\"><h2 class=\"entry-title\">Crist a Ema\u00fas<\/h2><\/div><div class=\"dp-dfg-custom-content\"><p class=\"dp-dfg-custom-field dp-dfg-cf-autors2\"><span class=\"dp-dfg-custom-field-value\">Autoria desconeguda<\/span><\/p><\/div><\/article><!-- DPDFG End Post Item Container --><article id=\"post-10290\" class=\"dp-dfg-item post-10290 obres_autors type-obres_autors status-publish has-post-thumbnail hentry tipus_tecniques-dibuix tecnica_especifica-carbonet-i-aquarella-sobre-paper autors-pere-bech-sudria disciplina-dibuix \"     data-position=\"1574\"   data-new-tab=\"off\"   data-action-priority=\"item\"><figure class=\"dp-dfg-image entry-thumb\"><a href=\"https:\/\/www.museuemporda.org\/?obres_autors=figura-7\" class=\"dp-dfg-image-link\" ><img loading=\"lazy\" decoding=\"async\" class=\"dp-dfg-featured-image\" src=\"https:\/\/www.museuemporda.org\/wp-content\/uploads\/2022\/01\/mE-2214-250x250.jpg\" alt=\"Figura\" width=\"250\" height=\"250\" data-ratio=\"1\"\/><\/a><\/figure><div class=\"dp-dfg-header entry-header\"><h2 class=\"entry-title\">Figura<\/h2><\/div><div class=\"dp-dfg-custom-content\"><p class=\"dp-dfg-custom-field dp-dfg-cf-autors2\"><span class=\"dp-dfg-custom-field-value\">Pere Bech Sudri\u00e0<\/span><\/p><\/div><\/article><!-- DPDFG End Post Item Container --><article id=\"post-11201\" class=\"dp-dfg-item post-11201 obres_autors type-obres_autors status-publish has-post-thumbnail hentry tipus_tecniques-pintura tecnica_especifica-oli-sobre-tela autors-rosa-cervera-giralt disciplina-pintura \"     data-position=\"1575\"   data-new-tab=\"off\"   data-action-priority=\"item\"><figure class=\"dp-dfg-image entry-thumb\"><a href=\"https:\/\/www.museuemporda.org\/?obres_autors=el-port-de-la-selva\" class=\"dp-dfg-image-link\" ><img loading=\"lazy\" decoding=\"async\" class=\"dp-dfg-featured-image\" src=\"https:\/\/www.museuemporda.org\/wp-content\/uploads\/2022\/02\/mE-1137-250x250.jpg\" alt=\"El Port de la Selva\" width=\"250\" height=\"250\" data-ratio=\"1\"\/><\/a><\/figure><div class=\"dp-dfg-header entry-header\"><h2 class=\"entry-title\">El Port de la Selva<\/h2><\/div><div class=\"dp-dfg-custom-content\"><p class=\"dp-dfg-custom-field dp-dfg-cf-autors2\"><span class=\"dp-dfg-custom-field-value\">Rosa Cervera Giralt<\/span><\/p><\/div><\/article><!-- DPDFG End Post Item Container --><article id=\"post-10513\" class=\"dp-dfg-item post-10513 obres_autors type-obres_autors status-publish has-post-thumbnail hentry tipus_tecniques-pintura tecnica_especifica-tecnica-mixta-sobre-fusta autors-bartomeu-massot-guillamet disciplina-pintura \"     data-position=\"1576\"   data-new-tab=\"off\"   data-action-priority=\"item\"><figure class=\"dp-dfg-image entry-thumb\"><a href=\"https:\/\/www.museuemporda.org\/?obres_autors=composicio-abstracta-5\" class=\"dp-dfg-image-link\" ><img loading=\"lazy\" decoding=\"async\" class=\"dp-dfg-featured-image\" src=\"https:\/\/www.museuemporda.org\/wp-content\/uploads\/2022\/01\/mE-787-250x250.jpg\" alt=\"Composici\u00f3 abstracta\" width=\"250\" height=\"250\" data-ratio=\"1\"\/><\/a><\/figure><div class=\"dp-dfg-header entry-header\"><h2 class=\"entry-title\">Composici\u00f3 abstracta<\/h2><\/div><div class=\"dp-dfg-custom-content\"><p class=\"dp-dfg-custom-field dp-dfg-cf-autors2\"><span class=\"dp-dfg-custom-field-value\">Bartomeu Massot Guillamet<\/span><\/p><\/div><\/article><!-- DPDFG End Post Item Container --><article id=\"post-11269\" class=\"dp-dfg-item post-11269 obres_autors type-obres_autors status-publish has-post-thumbnail hentry tipus_tecniques-pintura tecnica_especifica-aquarella-sobre-paper autors-josep-costa-sobrepera disciplina-pintura \"     data-position=\"1577\"   data-new-tab=\"off\"   data-action-priority=\"item\"><figure class=\"dp-dfg-image entry-thumb\"><a href=\"https:\/\/www.museuemporda.org\/?obres_autors=port-de-bergen\" class=\"dp-dfg-image-link\" ><img loading=\"lazy\" decoding=\"async\" class=\"dp-dfg-featured-image\" src=\"https:\/\/www.museuemporda.org\/wp-content\/uploads\/2022\/02\/mE-1878-250x250.jpg\" alt=\"Port de Bergen\" width=\"250\" height=\"250\" data-ratio=\"1\"\/><\/a><\/figure><div class=\"dp-dfg-header entry-header\"><h2 class=\"entry-title\">Port de Bergen<\/h2><\/div><div class=\"dp-dfg-custom-content\"><p class=\"dp-dfg-custom-field dp-dfg-cf-autors2\"><span class=\"dp-dfg-custom-field-value\">Josep Costa Sobrepera<\/span><\/p><\/div><\/article><!-- DPDFG End Post Item Container --><article id=\"post-11239\" class=\"dp-dfg-item post-11239 obres_autors type-obres_autors status-publish has-post-thumbnail hentry tipus_tecniques-pintura tecnica_especifica-oli-sobre-tela autors-joan-comella-grau disciplina-pintura \"     data-position=\"1578\"   data-new-tab=\"off\"   data-action-priority=\"item\"><figure class=\"dp-dfg-image entry-thumb\"><a href=\"https:\/\/www.museuemporda.org\/?obres_autors=sense-titol-114\" class=\"dp-dfg-image-link\" ><img loading=\"lazy\" decoding=\"async\" class=\"dp-dfg-featured-image\" src=\"https:\/\/www.museuemporda.org\/wp-content\/uploads\/2022\/02\/mE-2128.jpg\" alt=\"Sense t\u00edtol\" width=\"221\" height=\"185\" data-ratio=\"0.83710407239819\"\/><\/a><\/figure><div class=\"dp-dfg-header entry-header\"><h2 class=\"entry-title\">Sense t\u00edtol<\/h2><\/div><div class=\"dp-dfg-custom-content\"><p class=\"dp-dfg-custom-field dp-dfg-cf-autors2\"><span class=\"dp-dfg-custom-field-value\">Joan Comella Grau<\/span><\/p><\/div><\/article><!-- DPDFG End Post Item Container --><article id=\"post-14313\" class=\"dp-dfg-item post-14313 obres_autors type-obres_autors status-publish has-post-thumbnail hentry tipus_tecniques-dibuix tecnica_especifica-impressio-digital autors-jordi-fenosa-tatay disciplina-dibuix \"     data-position=\"1579\"   data-new-tab=\"off\"   data-action-priority=\"item\"><figure class=\"dp-dfg-image entry-thumb\"><a href=\"https:\/\/www.museuemporda.org\/?obres_autors=sense-titol-478\" class=\"dp-dfg-image-link\" ><img loading=\"lazy\" decoding=\"async\" class=\"dp-dfg-featured-image\" src=\"https:\/\/www.museuemporda.org\/wp-content\/uploads\/2023\/07\/ME2864-TATAY-250x250.jpg\" alt=\"Sense t\u00edtol\" width=\"250\" height=\"250\" data-ratio=\"1\"\/><\/a><\/figure><div class=\"dp-dfg-header entry-header\"><h2 class=\"entry-title\">Sense t\u00edtol<\/h2><\/div><div class=\"dp-dfg-custom-content\"><p class=\"dp-dfg-custom-field dp-dfg-cf-autors2\"><span class=\"dp-dfg-custom-field-value\">Jordi Fenosa Tatay<\/span><\/p><\/div><\/article><!-- DPDFG End Post Item Container --><article id=\"post-6054\" class=\"dp-dfg-item post-6054 obres_autors type-obres_autors status-publish has-post-thumbnail hentry tecnica_especifica-tecnica-mixta-sobre-paper autors-carme-sanglas-gispert disciplina-pintura \"     data-position=\"1580\"   data-new-tab=\"off\"   data-action-priority=\"item\"><figure class=\"dp-dfg-image entry-thumb\"><a href=\"https:\/\/www.museuemporda.org\/?obres_autors=la-casa-de-la-festa\" class=\"dp-dfg-image-link\" ><img loading=\"lazy\" decoding=\"async\" class=\"dp-dfg-featured-image\" src=\"https:\/\/www.museuemporda.org\/wp-content\/uploads\/2020\/04\/mE-1563-250x250.jpg\" alt=\"La casa de la festa\" width=\"250\" height=\"250\" data-ratio=\"1\"\/><\/a><\/figure><div class=\"dp-dfg-header entry-header\"><h2 class=\"entry-title\">La casa de la festa<\/h2><\/div><div class=\"dp-dfg-custom-content\"><p class=\"dp-dfg-custom-field dp-dfg-cf-autors2\"><span class=\"dp-dfg-custom-field-value\">Carme Sanglas Gispert<\/span><\/p><\/div><\/article><!-- DPDFG End Post Item Container --><article id=\"post-9849\" class=\"dp-dfg-item post-9849 obres_autors type-obres_autors status-publish has-post-thumbnail hentry tipus_tecniques-fotografia tecnica_especifica-fotografia autors-jordi-puig disciplina-fotografia \"     data-position=\"1581\"   data-new-tab=\"off\"   data-action-priority=\"item\"><figure class=\"dp-dfg-image entry-thumb\"><a href=\"https:\/\/www.museuemporda.org\/?obres_autors=silencis-8\" class=\"dp-dfg-image-link\" ><img loading=\"lazy\" decoding=\"async\" class=\"dp-dfg-featured-image\" src=\"https:\/\/www.museuemporda.org\/wp-content\/uploads\/2022\/01\/7.jpg-250x250.jpg\" alt=\"Silencis &#8211; Josefina Font Tatxer\" width=\"250\" height=\"250\" data-ratio=\"1\"\/><\/a><\/figure><div class=\"dp-dfg-header entry-header\"><h2 class=\"entry-title\">Silencis &#8211; Josefina Font Tatxer<\/h2><\/div><div class=\"dp-dfg-custom-content\"><p class=\"dp-dfg-custom-field dp-dfg-cf-autors2\"><span class=\"dp-dfg-custom-field-value\">Jordi Puig<\/span><\/p><\/div><\/article><!-- DPDFG End Post Item Container --><article id=\"post-9188\" class=\"dp-dfg-item post-9188 obres_autors type-obres_autors status-publish has-post-thumbnail hentry tipus_tecniques-bronze autors-autoria-desconeguda disciplina-arqueologia \"     data-position=\"1582\"   data-new-tab=\"off\"   data-action-priority=\"item\"><figure class=\"dp-dfg-image entry-thumb\"><a href=\"https:\/\/www.museuemporda.org\/?obres_autors=anell\" class=\"dp-dfg-image-link\" ><img loading=\"lazy\" decoding=\"async\" class=\"dp-dfg-featured-image\" src=\"https:\/\/www.museuemporda.org\/wp-content\/uploads\/2021\/11\/mE-146-250x250.jpg\" alt=\"Anell\" width=\"250\" height=\"250\" data-ratio=\"1\"\/><\/a><\/figure><div class=\"dp-dfg-header entry-header\"><h2 class=\"entry-title\">Anell<\/h2><\/div><div class=\"dp-dfg-custom-content\"><p class=\"dp-dfg-custom-field dp-dfg-cf-autors2\"><span class=\"dp-dfg-custom-field-value\">Autoria Desconeguda<\/span><\/p><\/div><\/article><!-- DPDFG End Post Item Container --><article id=\"post-8252\" class=\"dp-dfg-item post-8252 obres_autors type-obres_autors status-publish has-post-thumbnail hentry tecnica_especifica-oli-sobre-tela autors-josep-blanquet-taberner disciplina-pintura \"     data-position=\"1583\"   data-new-tab=\"off\"   data-action-priority=\"item\"><figure class=\"dp-dfg-image entry-thumb\"><a href=\"https:\/\/www.museuemporda.org\/?obres_autors=lhospital\" class=\"dp-dfg-image-link\" ><img loading=\"lazy\" decoding=\"async\" class=\"dp-dfg-featured-image\" src=\"https:\/\/www.museuemporda.org\/wp-content\/uploads\/2021\/08\/mE-743-250x250.jpg\" alt=\"L&#8217;hospital\" width=\"250\" height=\"250\" data-ratio=\"1\"\/><\/a><\/figure><div class=\"dp-dfg-header entry-header\"><h2 class=\"entry-title\">L&#8217;hospital<\/h2><\/div><div class=\"dp-dfg-custom-content\"><p class=\"dp-dfg-custom-field dp-dfg-cf-autors2\"><span class=\"dp-dfg-custom-field-value\">Josep Blanquet Taberner<\/span><\/p><\/div><\/article><!-- DPDFG End Post Item Container --><article id=\"post-10324\" class=\"dp-dfg-item post-10324 obres_autors type-obres_autors status-publish has-post-thumbnail hentry tipus_tecniques-pintura tecnica_especifica-aquarella-sobre-paper autors-pere-bech-sudria disciplina-pintura \"     data-position=\"1584\"   data-new-tab=\"off\"   data-action-priority=\"item\"><figure class=\"dp-dfg-image entry-thumb\"><a href=\"https:\/\/www.museuemporda.org\/?obres_autors=bodego-paisatge-2-obres\" class=\"dp-dfg-image-link\" ><img loading=\"lazy\" decoding=\"async\" class=\"dp-dfg-featured-image\" src=\"https:\/\/www.museuemporda.org\/wp-content\/uploads\/2022\/01\/mE-2238-A-250x250.jpg\" alt=\"Bodeg\u00f3 \/ Paisatge [2 obres]\" width=\"250\" height=\"250\" data-ratio=\"1\"\/><\/a><\/figure><div class=\"dp-dfg-header entry-header\"><h2 class=\"entry-title\">Bodeg\u00f3 \/ Paisatge [2 obres]<\/h2><\/div><div class=\"dp-dfg-custom-content\"><p class=\"dp-dfg-custom-field dp-dfg-cf-autors2\"><span class=\"dp-dfg-custom-field-value\">Pere Bech Sudri\u00e0<\/span><\/p><\/div><\/article><!-- DPDFG End Post Item Container --><article id=\"post-9283\" class=\"dp-dfg-item post-9283 obres_autors type-obres_autors status-publish has-post-thumbnail hentry tecnica_especifica-oli-sobre-tela autors-ramon-bretx-comas disciplina-pintura \"     data-position=\"1585\"   data-new-tab=\"off\"   data-action-priority=\"item\"><figure class=\"dp-dfg-image entry-thumb\"><a href=\"https:\/\/www.museuemporda.org\/?obres_autors=paisatge-27\" class=\"dp-dfg-image-link\" ><img loading=\"lazy\" decoding=\"async\" class=\"dp-dfg-featured-image\" src=\"https:\/\/www.museuemporda.org\/wp-content\/uploads\/2021\/11\/mE-2349-250x250.jpg\" alt=\"Paisatge\" width=\"250\" height=\"250\" data-ratio=\"1\"\/><\/a><\/figure><div class=\"dp-dfg-header entry-header\"><h2 class=\"entry-title\">Paisatge<\/h2><\/div><div class=\"dp-dfg-custom-content\"><p class=\"dp-dfg-custom-field dp-dfg-cf-autors2\"><span class=\"dp-dfg-custom-field-value\">Ramon Bretx Comas<\/span><\/p><\/div><\/article><!-- DPDFG End Post Item Container --><article id=\"post-10462\" class=\"dp-dfg-item post-10462 obres_autors type-obres_autors status-publish has-post-thumbnail hentry tipus_tecniques-pintura tecnica_especifica-aquarella autors-josep-maria-martinez-lozano disciplina-pintura \"     data-position=\"1586\"   data-new-tab=\"off\"   data-action-priority=\"item\"><figure class=\"dp-dfg-image entry-thumb\"><a href=\"https:\/\/www.museuemporda.org\/?obres_autors=paisatge-61\" class=\"dp-dfg-image-link\" ><img loading=\"lazy\" decoding=\"async\" class=\"dp-dfg-featured-image\" src=\"https:\/\/www.museuemporda.org\/wp-content\/uploads\/2022\/01\/mE-1064-250x250.jpg\" alt=\"Paisatge\" width=\"250\" height=\"250\" data-ratio=\"1\"\/><\/a><\/figure><div class=\"dp-dfg-header entry-header\"><h2 class=\"entry-title\">Paisatge<\/h2><\/div><div class=\"dp-dfg-custom-content\"><p class=\"dp-dfg-custom-field dp-dfg-cf-autors2\"><span class=\"dp-dfg-custom-field-value\">Josep Maria Mart\u00ednez Lozano<\/span><\/p><\/div><\/article><!-- DPDFG End Post Item Container --><article id=\"post-9794\" class=\"dp-dfg-item post-9794 obres_autors type-obres_autors status-publish has-post-thumbnail hentry tipus_tecniques-fotografia tecnica_especifica-fotografia autors-sandra-genis-falgueras disciplina-fotografia \"     data-position=\"1587\"   data-new-tab=\"off\"   data-action-priority=\"item\"><figure class=\"dp-dfg-image entry-thumb\"><a href=\"https:\/\/www.museuemporda.org\/?obres_autors=origen\" class=\"dp-dfg-image-link\" ><img loading=\"lazy\" decoding=\"async\" class=\"dp-dfg-featured-image\" src=\"https:\/\/www.museuemporda.org\/wp-content\/uploads\/2022\/01\/mE-1578-250x250.jpg\" alt=\"Origen\" width=\"250\" height=\"250\" data-ratio=\"1\"\/><\/a><\/figure><div class=\"dp-dfg-header entry-header\"><h2 class=\"entry-title\">Origen<\/h2><\/div><div class=\"dp-dfg-custom-content\"><p class=\"dp-dfg-custom-field dp-dfg-cf-autors2\"><span class=\"dp-dfg-custom-field-value\">Sandra Gen\u00eds Falgueras<\/span><\/p><\/div><\/article><!-- DPDFG End Post Item Container --><article id=\"post-9230\" class=\"dp-dfg-item post-9230 obres_autors type-obres_autors status-publish has-post-thumbnail hentry tecnica_especifica-pintura-acrilica autors-gustau-carbo-berthold disciplina-pintura \"     data-position=\"1588\"   data-new-tab=\"off\"   data-action-priority=\"item\"><figure class=\"dp-dfg-image entry-thumb\"><a href=\"https:\/\/www.museuemporda.org\/?obres_autors=espais-delipses-de-la-serie-terra-mar\" class=\"dp-dfg-image-link\" ><img loading=\"lazy\" decoding=\"async\" class=\"dp-dfg-featured-image\" src=\"https:\/\/www.museuemporda.org\/wp-content\/uploads\/2021\/11\/mE-2531-250x250.jpg\" alt=\"Espais d\u2019elipses, de la s\u00e8rie &#8220;Terra &#8211; Mar&#8221;\" width=\"250\" height=\"250\" data-ratio=\"1\"\/><\/a><\/figure><div class=\"dp-dfg-header entry-header\"><h2 class=\"entry-title\">Espais d\u2019elipses, de la s\u00e8rie &#8220;Terra &#8211; Mar&#8221;<\/h2><\/div><div class=\"dp-dfg-custom-content\"><p class=\"dp-dfg-custom-field dp-dfg-cf-autors2\"><span class=\"dp-dfg-custom-field-value\">Gustau Carb\u00f3 Berthold<\/span><\/p><\/div><\/article><!-- DPDFG End Post Item Container --><article id=\"post-10595\" class=\"dp-dfg-item post-10595 obres_autors type-obres_autors status-publish has-post-thumbnail hentry tipus_tecniques-installacio tecnica_especifica-tecnica-mixta autors-adria-ciurana-geli disciplina-installacio \"     data-position=\"1589\"   data-new-tab=\"off\"   data-action-priority=\"item\"><figure class=\"dp-dfg-image entry-thumb\"><a href=\"https:\/\/www.museuemporda.org\/?obres_autors=escapula\" class=\"dp-dfg-image-link\" ><img loading=\"lazy\" decoding=\"async\" class=\"dp-dfg-featured-image\" src=\"https:\/\/www.museuemporda.org\/wp-content\/uploads\/2022\/02\/mE-2329-250x250.jpg\" alt=\"Esc\u00e0pula\" width=\"250\" height=\"250\" data-ratio=\"1\"\/><\/a><\/figure><div class=\"dp-dfg-header entry-header\"><h2 class=\"entry-title\">Esc\u00e0pula<\/h2><\/div><div class=\"dp-dfg-custom-content\"><p class=\"dp-dfg-custom-field dp-dfg-cf-autors2\"><span class=\"dp-dfg-custom-field-value\">Adri\u00e0 Ciurana Geli<\/span><\/p><\/div><\/article><!-- DPDFG End Post Item Container --><article id=\"post-11025\" class=\"dp-dfg-item post-11025 obres_autors type-obres_autors status-publish has-post-thumbnail hentry tipus_tecniques-dibuix tecnica_especifica-tecnica-mixta-sobre-paper autors-lluis-bagaria-bou disciplina-dibuix \"     data-position=\"1590\"   data-new-tab=\"off\"   data-action-priority=\"item\"><figure class=\"dp-dfg-image entry-thumb\"><a href=\"https:\/\/www.museuemporda.org\/?obres_autors=caricatura\" class=\"dp-dfg-image-link\" ><img loading=\"lazy\" decoding=\"async\" class=\"dp-dfg-featured-image\" src=\"https:\/\/www.museuemporda.org\/wp-content\/uploads\/2022\/02\/mE-1060-250x250.jpg\" alt=\"Caricatura\" width=\"250\" height=\"250\" data-ratio=\"1\"\/><\/a><\/figure><div class=\"dp-dfg-header entry-header\"><h2 class=\"entry-title\">Caricatura<\/h2><\/div><div class=\"dp-dfg-custom-content\"><p class=\"dp-dfg-custom-field dp-dfg-cf-autors2\"><span class=\"dp-dfg-custom-field-value\">Llu\u00eds Bagaria Bou<\/span><\/p><\/div><\/article><!-- DPDFG End Post Item Container --><article id=\"post-10807\" class=\"dp-dfg-item post-10807 obres_autors type-obres_autors status-publish has-post-thumbnail hentry tipus_tecniques-pintura tecnica_especifica-oli-sobre-fusta autors-ramon-casas-carbo disciplina-pintura \"     data-position=\"1591\"   data-new-tab=\"off\"   data-action-priority=\"item\"><figure class=\"dp-dfg-image entry-thumb\"><a href=\"https:\/\/www.museuemporda.org\/?obres_autors=retrat-duna-noia-2\" class=\"dp-dfg-image-link\" ><img loading=\"lazy\" decoding=\"async\" class=\"dp-dfg-featured-image\" src=\"https:\/\/www.museuemporda.org\/wp-content\/uploads\/2022\/02\/mE-1130-250x250.jpg\" alt=\"Retrat d&#8217;una noia\" width=\"250\" height=\"250\" data-ratio=\"1\"\/><\/a><\/figure><div class=\"dp-dfg-header entry-header\"><h2 class=\"entry-title\">Retrat d&#8217;una noia<\/h2><\/div><div class=\"dp-dfg-custom-content\"><p class=\"dp-dfg-custom-field dp-dfg-cf-autors2\"><span class=\"dp-dfg-custom-field-value\">Ramon Casas Carb\u00f3<\/span><\/p><\/div><\/article><!-- DPDFG End Post Item Container --><article id=\"post-11423\" class=\"dp-dfg-item post-11423 obres_autors type-obres_autors status-publish has-post-thumbnail hentry tipus_tecniques-pintura tecnica_especifica-gouache-guaix-sobre-paper autors-joan-granados-llimona disciplina-pintura \"     data-position=\"1592\"   data-new-tab=\"off\"   data-action-priority=\"item\"><figure class=\"dp-dfg-image entry-thumb\"><a href=\"https:\/\/www.museuemporda.org\/?obres_autors=composicio-de-la-rambla-de-figueres\" class=\"dp-dfg-image-link\" ><img loading=\"lazy\" decoding=\"async\" class=\"dp-dfg-featured-image\" src=\"https:\/\/www.museuemporda.org\/wp-content\/uploads\/2022\/02\/mE-1120-250x250.jpg\" alt=\"Composici\u00f3 de la Rambla de Figueres\" width=\"250\" height=\"250\" data-ratio=\"1\"\/><\/a><\/figure><div class=\"dp-dfg-header entry-header\"><h2 class=\"entry-title\">Composici\u00f3 de la Rambla de Figueres<\/h2><\/div><div class=\"dp-dfg-custom-content\"><p class=\"dp-dfg-custom-field dp-dfg-cf-autors2\"><span class=\"dp-dfg-custom-field-value\">Joan Granados Llimona<\/span><\/p><\/div><\/article><!-- DPDFG End Post Item Container --><article id=\"post-13637\" class=\"dp-dfg-item post-13637 obres_autors type-obres_autors status-publish has-post-thumbnail hentry tipus_tecniques-fusta tecnica_especifica-fusta autors-m-catallanos disciplina-escultura \"     data-position=\"1593\"   data-new-tab=\"off\"   data-action-priority=\"item\"><figure class=\"dp-dfg-image entry-thumb\"><a href=\"https:\/\/www.museuemporda.org\/?obres_autors=narcis-monturiol-4\" class=\"dp-dfg-image-link\" ><img loading=\"lazy\" decoding=\"async\" class=\"dp-dfg-featured-image\" src=\"https:\/\/www.museuemporda.org\/wp-content\/uploads\/2023\/06\/mE-2383-250x250.jpg\" alt=\"Narc\u00eds Monturiol\" width=\"250\" height=\"250\" data-ratio=\"1\"\/><\/a><\/figure><div class=\"dp-dfg-header entry-header\"><h2 class=\"entry-title\">Narc\u00eds Monturiol<\/h2><\/div><div class=\"dp-dfg-custom-content\"><p class=\"dp-dfg-custom-field dp-dfg-cf-autors2\"><span class=\"dp-dfg-custom-field-value\">M. Catallanos<\/span><\/p><\/div><\/article><!-- DPDFG End Post Item Container --><article id=\"post-10824\" class=\"dp-dfg-item post-10824 obres_autors type-obres_autors status-publish has-post-thumbnail hentry tipus_tecniques-dibuix tecnica_especifica-llapis-carbo-sobre-paper autors-josep-lluis-pellicer-fenye disciplina-dibuix \"     data-position=\"1594\"   data-new-tab=\"off\"   data-action-priority=\"item\"><figure class=\"dp-dfg-image entry-thumb\"><a href=\"https:\/\/www.museuemporda.org\/?obres_autors=quarantena-en-el-llatzeret-del-perthus-sala-dhomes\" class=\"dp-dfg-image-link\" ><img loading=\"lazy\" decoding=\"async\" class=\"dp-dfg-featured-image\" src=\"https:\/\/www.museuemporda.org\/wp-content\/uploads\/2022\/02\/mE-1537-250x250.jpg\" alt=\"Quarantena en el llatzeret del Perthus; Sala d&#8217;homes\" width=\"250\" height=\"250\" data-ratio=\"1\"\/><\/a><\/figure><div class=\"dp-dfg-header entry-header\"><h2 class=\"entry-title\">Quarantena en el llatzeret del Perthus; Sala d&#8217;homes<\/h2><\/div><div class=\"dp-dfg-custom-content\"><p class=\"dp-dfg-custom-field dp-dfg-cf-autors2\"><span class=\"dp-dfg-custom-field-value\">Josep Llu\u00eds Pellicer Feny\u00e9<\/span><\/p><\/div><\/article><!-- DPDFG End Post Item Container --><article id=\"post-8567\" class=\"dp-dfg-item post-8567 obres_autors type-obres_autors status-publish has-post-thumbnail hentry autors-josep-maria-canellas disciplina-fotografia \"     data-position=\"1595\"   data-new-tab=\"off\"   data-action-priority=\"item\"><figure class=\"dp-dfg-image entry-thumb\"><a href=\"https:\/\/www.museuemporda.org\/?obres_autors=ramat-de-xais\" class=\"dp-dfg-image-link\" ><img loading=\"lazy\" decoding=\"async\" class=\"dp-dfg-featured-image\" src=\"https:\/\/www.museuemporda.org\/wp-content\/uploads\/2021\/10\/mE-1892-250x250.jpg\" alt=\"Ramat de xais\" width=\"250\" height=\"250\" data-ratio=\"1\"\/><\/a><\/figure><div class=\"dp-dfg-header entry-header\"><h2 class=\"entry-title\">Ramat de xais<\/h2><\/div><div class=\"dp-dfg-custom-content\"><p class=\"dp-dfg-custom-field dp-dfg-cf-autors2\"><span class=\"dp-dfg-custom-field-value\">Josep Maria Ca\u00f1ellas<\/span><\/p><\/div><\/article><!-- DPDFG End Post Item Container --><article id=\"post-11099\" class=\"dp-dfg-item post-11099 obres_autors type-obres_autors status-publish has-post-thumbnail hentry tipus_tecniques-obra-grafica tecnica_especifica-serigrafia autors-julien-blaine disciplina-obra-grafic \"     data-position=\"1596\"   data-new-tab=\"off\"   data-action-priority=\"item\"><figure class=\"dp-dfg-image entry-thumb\"><a href=\"https:\/\/www.museuemporda.org\/?obres_autors=orient-occident-calligrafia-asiatica-contra-tipografia-europea\" class=\"dp-dfg-image-link\" ><img loading=\"lazy\" decoding=\"async\" class=\"dp-dfg-featured-image\" src=\"https:\/\/www.museuemporda.org\/wp-content\/uploads\/2022\/02\/mE-2114-250x250.jpg\" alt=\"Orient\/Occident. Cal\u00b7ligrafia asi\u00e0tica contra tipografia europea\" width=\"250\" height=\"250\" data-ratio=\"1\"\/><\/a><\/figure><div class=\"dp-dfg-header entry-header\"><h2 class=\"entry-title\">Orient\/Occident. Cal\u00b7ligrafia asi\u00e0tica contra tipografia europea<\/h2><\/div><div class=\"dp-dfg-custom-content\"><p class=\"dp-dfg-custom-field dp-dfg-cf-autors2\"><span class=\"dp-dfg-custom-field-value\">Julien Blaine<\/span><\/p><\/div><\/article><!-- DPDFG End Post Item Container --><article id=\"post-11141\" class=\"dp-dfg-item post-11141 obres_autors type-obres_autors status-publish has-post-thumbnail hentry tipus_tecniques-pintura tecnica_especifica-aquarella autors-mariano-brunet-coll disciplina-pintura \"     data-position=\"1597\"   data-new-tab=\"off\"   data-action-priority=\"item\"><figure class=\"dp-dfg-image entry-thumb\"><a href=\"https:\/\/www.museuemporda.org\/?obres_autors=marina-2\" class=\"dp-dfg-image-link\" ><img loading=\"lazy\" decoding=\"async\" class=\"dp-dfg-featured-image\" src=\"https:\/\/www.museuemporda.org\/wp-content\/uploads\/2022\/02\/mE-1099-250x250.jpg\" alt=\"Marina\" width=\"250\" height=\"250\" data-ratio=\"1\"\/><\/a><\/figure><div class=\"dp-dfg-header entry-header\"><h2 class=\"entry-title\">Marina<\/h2><\/div><div class=\"dp-dfg-custom-content\"><p class=\"dp-dfg-custom-field dp-dfg-cf-autors2\"><span class=\"dp-dfg-custom-field-value\">Mariano Brunet Coll<\/span><\/p><\/div><\/article><!-- DPDFG End Post Item Container --><article id=\"post-11241\" class=\"dp-dfg-item post-11241 obres_autors type-obres_autors status-publish has-post-thumbnail hentry tipus_tecniques-pintura tecnica_especifica-oli-sobre-fusta autors-joan-comella-grau disciplina-pintura \"     data-position=\"1598\"   data-new-tab=\"off\"   data-action-priority=\"item\"><figure class=\"dp-dfg-image entry-thumb\"><a href=\"https:\/\/www.museuemporda.org\/?obres_autors=peca-fragmentable-de-lobra-georgina\" class=\"dp-dfg-image-link\" ><img loading=\"lazy\" decoding=\"async\" class=\"dp-dfg-featured-image\" src=\"https:\/\/www.museuemporda.org\/wp-content\/uploads\/2022\/02\/mE-2495-250x250.jpg\" alt=\"pe\u00e7a fragmentable de l&#8217;obra &#8220;Georgina&#8221;\" width=\"250\" height=\"250\" data-ratio=\"1\"\/><\/a><\/figure><div class=\"dp-dfg-header entry-header\"><h2 class=\"entry-title\">pe\u00e7a fragmentable de l&#8217;obra &#8220;Georgina&#8221;<\/h2><\/div><div class=\"dp-dfg-custom-content\"><p class=\"dp-dfg-custom-field dp-dfg-cf-autors2\"><span class=\"dp-dfg-custom-field-value\">Joan Comella Grau<\/span><\/p><\/div><\/article><!-- DPDFG End Post Item Container --><article id=\"post-699\" class=\"dp-dfg-item post-699 obres_autors type-obres_autors status-publish has-post-thumbnail hentry autors-roser-bru-i-llop \"     data-position=\"1599\"   data-new-tab=\"off\"   data-action-priority=\"item\"><figure class=\"dp-dfg-image entry-thumb\"><a href=\"https:\/\/www.museuemporda.org\/?obres_autors=com-angels\" class=\"dp-dfg-image-link\" ><img loading=\"lazy\" decoding=\"async\" class=\"dp-dfg-featured-image\" src=\"https:\/\/www.museuemporda.org\/wp-content\/uploads\/2020\/04\/mE-699_2019-scaled-1-250x250.jpg\" alt=\"Com \u00e0ngels\" width=\"250\" height=\"250\" data-ratio=\"1\"\/><\/a><\/figure><div class=\"dp-dfg-header entry-header\"><h2 class=\"entry-title\">Com \u00e0ngels<\/h2><\/div><div class=\"dp-dfg-custom-content\"><p class=\"dp-dfg-custom-field dp-dfg-cf-autors2\"><span class=\"dp-dfg-custom-field-value\">Roser Bru i Llop<\/span><\/p><\/div><\/article><!-- DPDFG End Post Item Container --><article id=\"post-14606\" class=\"dp-dfg-item post-14606 obres_autors type-obres_autors status-publish has-post-thumbnail hentry tipus_tecniques-obra-grafica tecnica_especifica-impressio-digital autors-joan-antoni-poch disciplina-obra-grafic \"     data-position=\"1600\"   data-new-tab=\"off\"   data-action-priority=\"item\"><figure class=\"dp-dfg-image entry-thumb\"><a href=\"https:\/\/www.museuemporda.org\/?obres_autors=sense-titol-537\" class=\"dp-dfg-image-link\" ><img loading=\"lazy\" decoding=\"async\" class=\"dp-dfg-featured-image\" src=\"https:\/\/www.museuemporda.org\/wp-content\/uploads\/2023\/07\/ME2782-JAP-250x250.jpg\" alt=\"Sense t\u00edtol\" width=\"250\" height=\"250\" data-ratio=\"1\"\/><\/a><\/figure><div class=\"dp-dfg-header entry-header\"><h2 class=\"entry-title\">Sense t\u00edtol<\/h2><\/div><div class=\"dp-dfg-custom-content\"><p class=\"dp-dfg-custom-field dp-dfg-cf-autors2\"><span class=\"dp-dfg-custom-field-value\">Joan Antoni Poch<\/span><\/p><\/div><\/article><!-- DPDFG End Post Item Container --><article id=\"post-13781\" class=\"dp-dfg-item post-13781 obres_autors type-obres_autors status-publish has-post-thumbnail hentry tipus_tecniques-dibuix tecnica_especifica-dibuix-sobre-paper autors-montserrat-gironell disciplina-dibuix \"     data-position=\"1601\"   data-new-tab=\"off\"   data-action-priority=\"item\"><figure class=\"dp-dfg-image entry-thumb\"><a href=\"https:\/\/www.museuemporda.org\/?obres_autors=sense-titol-235\" class=\"dp-dfg-image-link\" ><img loading=\"lazy\" decoding=\"async\" class=\"dp-dfg-featured-image\" src=\"https:\/\/www.museuemporda.org\/wp-content\/uploads\/2023\/06\/ME2597-GIRONELL11-250x250.jpg\" alt=\"Sense t\u00edtol\" width=\"250\" height=\"250\" data-ratio=\"1\"\/><\/a><\/figure><div class=\"dp-dfg-header entry-header\"><h2 class=\"entry-title\">Sense t\u00edtol<\/h2><\/div><div class=\"dp-dfg-custom-content\"><p class=\"dp-dfg-custom-field dp-dfg-cf-autors2\"><span class=\"dp-dfg-custom-field-value\">Montserrat Gironell <\/span><\/p><\/div><\/article><!-- DPDFG End Post Item Container --><article id=\"post-9697\" class=\"dp-dfg-item post-9697 obres_autors type-obres_autors status-publish has-post-thumbnail hentry tipus_tecniques-fotografia tecnica_especifica-fotografia autors-josep-esquirol-perez disciplina-fotografia \"     data-position=\"1602\"   data-new-tab=\"off\"   data-action-priority=\"item\"><figure class=\"dp-dfg-image entry-thumb\"><a href=\"https:\/\/www.museuemporda.org\/?obres_autors=sense-titol-24\" class=\"dp-dfg-image-link\" ><img loading=\"lazy\" decoding=\"async\" class=\"dp-dfg-featured-image\" src=\"https:\/\/www.museuemporda.org\/wp-content\/uploads\/2022\/01\/ME-2095_Jordi-Puig-2022-250x250.jpg\" alt=\"Sense t\u00edtol\" width=\"250\" height=\"250\" data-ratio=\"1\"\/><\/a><\/figure><div class=\"dp-dfg-header entry-header\"><h2 class=\"entry-title\">Sense t\u00edtol<\/h2><\/div><div class=\"dp-dfg-custom-content\"><p class=\"dp-dfg-custom-field dp-dfg-cf-autors2\"><span class=\"dp-dfg-custom-field-value\">Josep Esquirol P\u00e9rez<\/span><\/p><\/div><\/article><!-- DPDFG End Post Item Container --><article id=\"post-14077\" class=\"dp-dfg-item post-14077 obres_autors type-obres_autors status-publish has-post-thumbnail hentry tipus_tecniques-dibuix tecnica_especifica-impressio-digital autors-carles-roman disciplina-dibuix \"     data-position=\"1603\"   data-new-tab=\"off\"   data-action-priority=\"item\"><figure class=\"dp-dfg-image entry-thumb\"><a href=\"https:\/\/www.museuemporda.org\/?obres_autors=sense-titol-369\" class=\"dp-dfg-image-link\" ><img loading=\"lazy\" decoding=\"async\" class=\"dp-dfg-featured-image\" src=\"https:\/\/www.museuemporda.org\/wp-content\/uploads\/2023\/06\/ME2733-ROMAN-250x250.jpg\" alt=\"Sense t\u00edtol\" width=\"250\" height=\"250\" data-ratio=\"1\"\/><\/a><\/figure><div class=\"dp-dfg-header entry-header\"><h2 class=\"entry-title\">Sense t\u00edtol<\/h2><\/div><div class=\"dp-dfg-custom-content\"><p class=\"dp-dfg-custom-field dp-dfg-cf-autors2\"><span class=\"dp-dfg-custom-field-value\">Carles Roman<\/span><\/p><\/div><\/article><!-- DPDFG End Post Item Container --><article id=\"post-10639\" class=\"dp-dfg-item post-10639 obres_autors type-obres_autors status-publish has-post-thumbnail hentry tipus_tecniques-obra-grafica tecnica_especifica-litografia autors-pic-adrian disciplina-obra-grafic \"     data-position=\"1604\"   data-new-tab=\"off\"   data-action-priority=\"item\"><figure class=\"dp-dfg-image entry-thumb\"><a href=\"https:\/\/www.museuemporda.org\/?obres_autors=composicio-16\" class=\"dp-dfg-image-link\" ><img loading=\"lazy\" decoding=\"async\" class=\"dp-dfg-featured-image\" src=\"https:\/\/www.museuemporda.org\/wp-content\/uploads\/2022\/02\/mE-1486-250x250.jpg\" alt=\"Composici\u00f3\" width=\"250\" height=\"250\" data-ratio=\"1\"\/><\/a><\/figure><div class=\"dp-dfg-header entry-header\"><h2 class=\"entry-title\">Composici\u00f3<\/h2><\/div><div class=\"dp-dfg-custom-content\"><p class=\"dp-dfg-custom-field dp-dfg-cf-autors2\"><span class=\"dp-dfg-custom-field-value\">Pic Adrian<\/span><\/p><\/div><\/article><!-- DPDFG End Post Item Container --><article id=\"post-14644\" class=\"dp-dfg-item post-14644 obres_autors type-obres_autors status-publish has-post-thumbnail hentry tipus_tecniques-obra-grafica tecnica_especifica-impressio-digital autors-joan-antoni-poch disciplina-obra-grafic \"     data-position=\"1605\"   data-new-tab=\"off\"   data-action-priority=\"item\"><figure class=\"dp-dfg-image entry-thumb\"><a href=\"https:\/\/www.museuemporda.org\/?obres_autors=sense-titol-554\" class=\"dp-dfg-image-link\" ><img loading=\"lazy\" decoding=\"async\" class=\"dp-dfg-featured-image\" src=\"https:\/\/www.museuemporda.org\/wp-content\/uploads\/2023\/07\/ME2799-JAP-250x250.jpg\" alt=\"Sense t\u00edtol\" width=\"250\" height=\"250\" data-ratio=\"1\"\/><\/a><\/figure><div class=\"dp-dfg-header entry-header\"><h2 class=\"entry-title\">Sense t\u00edtol<\/h2><\/div><div class=\"dp-dfg-custom-content\"><p class=\"dp-dfg-custom-field dp-dfg-cf-autors2\"><span class=\"dp-dfg-custom-field-value\">Joan Antoni Poch<\/span><\/p><\/div><\/article><!-- DPDFG End Post Item Container --><article id=\"post-10657\" class=\"dp-dfg-item post-10657 obres_autors type-obres_autors status-publish has-post-thumbnail hentry tipus_tecniques-pintura tecnica_especifica-tecnica-mixta-sobre-tela autors-antoni-sbert-callao disciplina-pintura \"     data-position=\"1606\"   data-new-tab=\"off\"   data-action-priority=\"item\"><figure class=\"dp-dfg-image entry-thumb\"><a href=\"https:\/\/www.museuemporda.org\/?obres_autors=heraldica-blava\" class=\"dp-dfg-image-link\" ><img loading=\"lazy\" decoding=\"async\" class=\"dp-dfg-featured-image\" src=\"https:\/\/www.museuemporda.org\/wp-content\/uploads\/2022\/02\/mE-696-250x250.jpg\" alt=\"Her\u00e0ldica blava\" width=\"250\" height=\"250\" data-ratio=\"1\"\/><\/a><\/figure><div class=\"dp-dfg-header entry-header\"><h2 class=\"entry-title\">Her\u00e0ldica blava<\/h2><\/div><div class=\"dp-dfg-custom-content\"><p class=\"dp-dfg-custom-field dp-dfg-cf-autors2\"><span class=\"dp-dfg-custom-field-value\">Antoni Sbert Callao<\/span><\/p><\/div><\/article><!-- DPDFG End Post Item Container --><article id=\"post-10687\" class=\"dp-dfg-item post-10687 obres_autors type-obres_autors status-publish has-post-thumbnail hentry tipus_tecniques-obra-grafica tecnica_especifica-gravat-sobre-paper autors-pompeu-audivert-mir disciplina-obra-grafic \"     data-position=\"1607\"   data-new-tab=\"off\"   data-action-priority=\"item\"><figure class=\"dp-dfg-image entry-thumb\"><a href=\"https:\/\/www.museuemporda.org\/?obres_autors=carrer\" class=\"dp-dfg-image-link\" ><img loading=\"lazy\" decoding=\"async\" class=\"dp-dfg-featured-image\" src=\"https:\/\/www.museuemporda.org\/wp-content\/uploads\/2022\/02\/mE-1282-250x250.jpg\" alt=\"Carrer\" width=\"250\" height=\"250\" data-ratio=\"1\"\/><\/a><\/figure><div class=\"dp-dfg-header entry-header\"><h2 class=\"entry-title\">Carrer<\/h2><\/div><div class=\"dp-dfg-custom-content\"><p class=\"dp-dfg-custom-field dp-dfg-cf-autors2\"><span class=\"dp-dfg-custom-field-value\">Pompeu Audivert Mir<\/span><\/p><\/div><\/article><!-- DPDFG End Post Item Container --><article id=\"post-9704\" class=\"dp-dfg-item post-9704 obres_autors type-obres_autors status-publish has-post-thumbnail hentry tipus_tecniques-fotografia tecnica_especifica-fotografia autors-bartomeu-ferrando disciplina-fotografia \"     data-position=\"1608\"   data-new-tab=\"off\"   data-action-priority=\"item\"><figure class=\"dp-dfg-image entry-thumb\"><a href=\"https:\/\/www.museuemporda.org\/?obres_autors=sense-titol-25\" class=\"dp-dfg-image-link\" ><img loading=\"lazy\" decoding=\"async\" class=\"dp-dfg-featured-image\" src=\"https:\/\/www.museuemporda.org\/wp-content\/uploads\/2022\/01\/mE-2164-250x250.jpg\" alt=\"Sense t\u00edtol\" width=\"250\" height=\"250\" data-ratio=\"1\"\/><\/a><\/figure><div class=\"dp-dfg-header entry-header\"><h2 class=\"entry-title\">Sense t\u00edtol<\/h2><\/div><div class=\"dp-dfg-custom-content\"><p class=\"dp-dfg-custom-field dp-dfg-cf-autors2\"><span class=\"dp-dfg-custom-field-value\">Bartomeu Ferrando<\/span><\/p><\/div><\/article><!-- DPDFG End Post Item Container --><article id=\"post-11278\" class=\"dp-dfg-item post-11278 obres_autors type-obres_autors status-publish has-post-thumbnail hentry tipus_tecniques-pintura tecnica_especifica-oli-sobre-tela autors-francoise-cruells disciplina-pintura \"     data-position=\"1609\"   data-new-tab=\"off\"   data-action-priority=\"item\"><figure class=\"dp-dfg-image entry-thumb\"><a href=\"https:\/\/www.museuemporda.org\/?obres_autors=sense-titol-116\" class=\"dp-dfg-image-link\" ><img loading=\"lazy\" decoding=\"async\" class=\"dp-dfg-featured-image\" src=\"https:\/\/www.museuemporda.org\/wp-content\/uploads\/2022\/02\/mE-2142-250x250.jpg\" alt=\"Sense t\u00edtol\" width=\"250\" height=\"250\" data-ratio=\"1\"\/><\/a><\/figure><div class=\"dp-dfg-header entry-header\"><h2 class=\"entry-title\">Sense t\u00edtol<\/h2><\/div><div class=\"dp-dfg-custom-content\"><p class=\"dp-dfg-custom-field dp-dfg-cf-autors2\"><span class=\"dp-dfg-custom-field-value\">Fran\u00e7oise Cruells<\/span><\/p><\/div><\/article><!-- DPDFG End Post Item Container --><article id=\"post-11164\" class=\"dp-dfg-item post-11164 obres_autors type-obres_autors status-publish has-post-thumbnail hentry tipus_tecniques-obra-grafica tecnica_especifica-serigrafia autors-mary-callery disciplina-obra-grafic \"     data-position=\"1610\"   data-new-tab=\"off\"   data-action-priority=\"item\"><figure class=\"dp-dfg-image entry-thumb\"><a href=\"https:\/\/www.museuemporda.org\/?obres_autors=metamorphosis-1971-de-la-carpeta-cadaques-portfolio-one\" class=\"dp-dfg-image-link\" ><img loading=\"lazy\" decoding=\"async\" class=\"dp-dfg-featured-image\" src=\"https:\/\/www.museuemporda.org\/wp-content\/uploads\/2022\/02\/mE-1504-250x250.jpg\" alt=\"&#8216;Metamorphosis 1971&#8217;, de la carpeta &#8216;Cadaqu\u00e9s Portfolio One&#8217;\" width=\"250\" height=\"250\" data-ratio=\"1\"\/><\/a><\/figure><div class=\"dp-dfg-header entry-header\"><h2 class=\"entry-title\">&#8216;Metamorphosis 1971&#8217;, de la carpeta &#8216;Cadaqu\u00e9s Portfolio One&#8217;<\/h2><\/div><div class=\"dp-dfg-custom-content\"><p class=\"dp-dfg-custom-field dp-dfg-cf-autors2\"><span class=\"dp-dfg-custom-field-value\">Mary Callery<\/span><\/p><\/div><\/article><!-- DPDFG End Post Item Container --><article id=\"post-11698\" class=\"dp-dfg-item post-11698 obres_autors type-obres_autors status-publish has-post-thumbnail hentry tipus_tecniques-pintura tecnica_especifica-oli-sobre-tela autors-armand-miravalls-bove disciplina-pintura \"     data-position=\"1611\"   data-new-tab=\"off\"   data-action-priority=\"item\"><figure class=\"dp-dfg-image entry-thumb\"><a href=\"https:\/\/www.museuemporda.org\/?obres_autors=andalusa\" class=\"dp-dfg-image-link\" ><img loading=\"lazy\" decoding=\"async\" class=\"dp-dfg-featured-image\" src=\"https:\/\/www.museuemporda.org\/wp-content\/uploads\/2022\/02\/mE-1129-250x250.jpg\" alt=\"Andalusa\" width=\"250\" height=\"250\" data-ratio=\"1\"\/><\/a><\/figure><div class=\"dp-dfg-header entry-header\"><h2 class=\"entry-title\">Andalusa<\/h2><\/div><div class=\"dp-dfg-custom-content\"><p class=\"dp-dfg-custom-field dp-dfg-cf-autors2\"><span class=\"dp-dfg-custom-field-value\">Armand Miravalls Bov\u00e9<\/span><\/p><\/div><\/article><!-- DPDFG End Post Item Container --><article id=\"post-10709\" class=\"dp-dfg-item post-10709 obres_autors type-obres_autors status-publish has-post-thumbnail hentry tipus_tecniques-pintura tecnica_especifica-oli-sobre-fusta autors-marti-vives disciplina-pintura \"     data-position=\"1612\"   data-new-tab=\"off\"   data-action-priority=\"item\"><figure class=\"dp-dfg-image entry-thumb\"><a href=\"https:\/\/www.museuemporda.org\/?obres_autors=la-berger\" class=\"dp-dfg-image-link\" ><img loading=\"lazy\" decoding=\"async\" class=\"dp-dfg-featured-image\" src=\"https:\/\/www.museuemporda.org\/wp-content\/uploads\/2022\/02\/mE-1081-250x250.jpg\" alt=\"La Berger\" width=\"250\" height=\"250\" data-ratio=\"1\"\/><\/a><\/figure><div class=\"dp-dfg-header entry-header\"><h2 class=\"entry-title\">La Berger<\/h2><\/div><div class=\"dp-dfg-custom-content\"><p class=\"dp-dfg-custom-field dp-dfg-cf-autors2\"><span class=\"dp-dfg-custom-field-value\">Mart\u00ed Viv\u00e8s<\/span><\/p><\/div><\/article><!-- DPDFG End Post Item Container --><article id=\"post-13626\" class=\"dp-dfg-item post-13626 obres_autors type-obres_autors status-publish has-post-thumbnail hentry tipus_tecniques-fotografia tecnica_especifica-fotografia autors-benjamin-patterson disciplina-fotografia \"     data-position=\"1613\"   data-new-tab=\"off\"   data-action-priority=\"item\"><figure class=\"dp-dfg-image entry-thumb\"><a href=\"https:\/\/www.museuemporda.org\/?obres_autors=the-kaiser-plays-violin\" class=\"dp-dfg-image-link\" ><img loading=\"lazy\" decoding=\"async\" class=\"dp-dfg-featured-image\" src=\"https:\/\/www.museuemporda.org\/wp-content\/uploads\/2023\/06\/mE-2368-250x250.png\" alt=\"The kaiser plays violin\" width=\"250\" height=\"250\" data-ratio=\"1\"\/><\/a><\/figure><div class=\"dp-dfg-header entry-header\"><h2 class=\"entry-title\">The kaiser plays violin<\/h2><\/div><div class=\"dp-dfg-custom-content\"><p class=\"dp-dfg-custom-field dp-dfg-cf-autors2\"><span class=\"dp-dfg-custom-field-value\">Benjamin Patterson<\/span><\/p><\/div><\/article><!-- DPDFG End Post Item Container --><article id=\"post-8265\" class=\"dp-dfg-item post-8265 obres_autors type-obres_autors status-publish has-post-thumbnail hentry tecnica_especifica-tecnica-mixta-sobre-paper autors-dai-bih-in disciplina-pintura \"     data-position=\"1614\"   data-new-tab=\"off\"   data-action-priority=\"item\"><figure class=\"dp-dfg-image entry-thumb\"><a href=\"https:\/\/www.museuemporda.org\/?obres_autors=sense-titol-8\" class=\"dp-dfg-image-link\" ><img loading=\"lazy\" decoding=\"async\" class=\"dp-dfg-featured-image\" src=\"https:\/\/www.museuemporda.org\/wp-content\/uploads\/2021\/08\/ME-727_JORDI-PUIG-2021-250x250.jpg\" alt=\"Composici\u00f3\" width=\"250\" height=\"250\" data-ratio=\"1\"\/><\/a><\/figure><div class=\"dp-dfg-header entry-header\"><h2 class=\"entry-title\">Composici\u00f3<\/h2><\/div><div class=\"dp-dfg-custom-content\"><p class=\"dp-dfg-custom-field dp-dfg-cf-autors2\"><span class=\"dp-dfg-custom-field-value\">Dai-Bih-In<\/span><\/p><\/div><\/article><!-- DPDFG End Post Item Container --><article id=\"post-11863\" class=\"dp-dfg-item post-11863 obres_autors type-obres_autors status-publish has-post-thumbnail hentry tipus_tecniques-pintura tecnica_especifica-aquarella autors-hans-otto-poppelreuther disciplina-pintura \"     data-position=\"1615\"   data-new-tab=\"off\"   data-action-priority=\"item\"><figure class=\"dp-dfg-image entry-thumb\"><a href=\"https:\/\/www.museuemporda.org\/?obres_autors=paisatge-de-costa-2\" class=\"dp-dfg-image-link\" ><img loading=\"lazy\" decoding=\"async\" class=\"dp-dfg-featured-image\" src=\"https:\/\/www.museuemporda.org\/wp-content\/uploads\/2022\/02\/mE-1096-250x250.jpg\" alt=\"Paisatge de costa\" width=\"250\" height=\"250\" data-ratio=\"1\"\/><\/a><\/figure><div class=\"dp-dfg-header entry-header\"><h2 class=\"entry-title\">Paisatge de costa<\/h2><\/div><div class=\"dp-dfg-custom-content\"><p class=\"dp-dfg-custom-field dp-dfg-cf-autors2\"><span class=\"dp-dfg-custom-field-value\">Hans Otto Poppelreuther<\/span><\/p><\/div><\/article><!-- DPDFG End Post Item Container --><article id=\"post-10856\" class=\"dp-dfg-item post-10856 obres_autors type-obres_autors status-publish has-post-thumbnail hentry tipus_tecniques-dibuix tecnica_especifica-llapis-carbo-sobre-paper autors-josep-lluis-pellicer-fenye disciplina-dibuix \"     data-position=\"1616\"   data-new-tab=\"off\"   data-action-priority=\"item\"><figure class=\"dp-dfg-image entry-thumb\"><a href=\"https:\/\/www.museuemporda.org\/?obres_autors=interior-ii\" class=\"dp-dfg-image-link\" ><img loading=\"lazy\" decoding=\"async\" class=\"dp-dfg-featured-image\" src=\"https:\/\/www.museuemporda.org\/wp-content\/uploads\/2022\/02\/mE-1554-250x250.jpg\" alt=\"Interior II\" width=\"250\" height=\"250\" data-ratio=\"1\"\/><\/a><\/figure><div class=\"dp-dfg-header entry-header\"><h2 class=\"entry-title\">Interior II<\/h2><\/div><div class=\"dp-dfg-custom-content\"><p class=\"dp-dfg-custom-field dp-dfg-cf-autors2\"><span class=\"dp-dfg-custom-field-value\">Josep Llu\u00eds Pellicer Feny\u00e9<\/span><\/p><\/div><\/article><!-- DPDFG End Post Item Container --><article id=\"post-11554\" class=\"dp-dfg-item post-11554 obres_autors type-obres_autors status-publish has-post-thumbnail hentry tipus_tecniques-pintura tecnica_especifica-aquarella-sobre-paper autors-lea-lafugie disciplina-pintura \"     data-position=\"1617\"   data-new-tab=\"off\"   data-action-priority=\"item\"><figure class=\"dp-dfg-image entry-thumb\"><a href=\"https:\/\/www.museuemporda.org\/?obres_autors=femme-tho\" class=\"dp-dfg-image-link\" ><img loading=\"lazy\" decoding=\"async\" class=\"dp-dfg-featured-image\" src=\"https:\/\/www.museuemporda.org\/wp-content\/uploads\/2022\/02\/mE-2410-250x250.jpg\" alt=\"Femme Th\u00f4\" width=\"250\" height=\"250\" data-ratio=\"1\"\/><\/a><\/figure><div class=\"dp-dfg-header entry-header\"><h2 class=\"entry-title\">Femme Th\u00f4<\/h2><\/div><div class=\"dp-dfg-custom-content\"><p class=\"dp-dfg-custom-field dp-dfg-cf-autors2\"><span class=\"dp-dfg-custom-field-value\">L\u00e9a Lafugie<\/span><\/p><\/div><\/article><!-- DPDFG End Post Item Container --><article id=\"post-10188\" class=\"dp-dfg-item post-10188 obres_autors type-obres_autors status-publish has-post-thumbnail hentry tipus_tecniques-dibuix tecnica_especifica-dibuix-sobre-paper autors-marcelli-porta disciplina-dibuix \"     data-position=\"1618\"   data-new-tab=\"off\"   data-action-priority=\"item\"><figure class=\"dp-dfg-image entry-thumb\"><a href=\"https:\/\/www.museuemporda.org\/?obres_autors=cap-dindia\" class=\"dp-dfg-image-link\" ><img loading=\"lazy\" decoding=\"async\" class=\"dp-dfg-featured-image\" src=\"https:\/\/www.museuemporda.org\/wp-content\/uploads\/2022\/01\/mE-1346-250x250.jpg\" alt=\"Cap d&#8217;\u00edndia\" width=\"250\" height=\"250\" data-ratio=\"1\"\/><\/a><\/figure><div class=\"dp-dfg-header entry-header\"><h2 class=\"entry-title\">Cap d&#8217;\u00edndia<\/h2><\/div><div class=\"dp-dfg-custom-content\"><p class=\"dp-dfg-custom-field dp-dfg-cf-autors2\"><span class=\"dp-dfg-custom-field-value\">Marcel\u00b7l\u00ed Porta<\/span><\/p><\/div><\/article><!-- DPDFG End Post Item Container --><article id=\"post-10398\" class=\"dp-dfg-item post-10398 obres_autors type-obres_autors status-publish has-post-thumbnail hentry tipus_tecniques-escultura tecnica_especifica-guix autors-artur-novoa-cabra disciplina-escultura \"     data-position=\"1619\"   data-new-tab=\"off\"   data-action-priority=\"item\"><figure class=\"dp-dfg-image entry-thumb\"><a href=\"https:\/\/www.museuemporda.org\/?obres_autors=sense-titol-62\" class=\"dp-dfg-image-link\" ><img loading=\"lazy\" decoding=\"async\" class=\"dp-dfg-featured-image\" src=\"https:\/\/www.museuemporda.org\/wp-content\/uploads\/2022\/01\/mE-1916-250x250.jpg\" alt=\"Sense t\u00edtol\" width=\"250\" height=\"250\" data-ratio=\"1\"\/><\/a><\/figure><div class=\"dp-dfg-header entry-header\"><h2 class=\"entry-title\">Sense t\u00edtol<\/h2><\/div><div class=\"dp-dfg-custom-content\"><p class=\"dp-dfg-custom-field dp-dfg-cf-autors2\"><span class=\"dp-dfg-custom-field-value\">Artur Novoa Cabra<\/span><\/p><\/div><\/article><!-- DPDFG End Post Item Container --><article id=\"post-8631\" class=\"dp-dfg-item post-8631 obres_autors type-obres_autors status-publish has-post-thumbnail hentry autors-joaquim-fort-de-ribot disciplina-fotografia \"     data-position=\"1620\"   data-new-tab=\"off\"   data-action-priority=\"item\"><figure class=\"dp-dfg-image entry-thumb\"><a href=\"https:\/\/www.museuemporda.org\/?obres_autors=ruines-dempuries\" class=\"dp-dfg-image-link\" ><img loading=\"lazy\" decoding=\"async\" class=\"dp-dfg-featured-image\" src=\"https:\/\/www.museuemporda.org\/wp-content\/uploads\/2021\/10\/mE-2480-250x250.jpg\" alt=\"Ru\u00efnes d&#8217;Emp\u00faries\" width=\"250\" height=\"250\" data-ratio=\"1\"\/><\/a><\/figure><div class=\"dp-dfg-header entry-header\"><h2 class=\"entry-title\">Ru\u00efnes d&#8217;Emp\u00faries<\/h2><\/div><div class=\"dp-dfg-custom-content\"><p class=\"dp-dfg-custom-field dp-dfg-cf-autors2\"><span class=\"dp-dfg-custom-field-value\">Joaquim Fort de Ribot<\/span><\/p><\/div><\/article><!-- DPDFG End Post Item Container --><article id=\"post-14164\" class=\"dp-dfg-item post-14164 obres_autors type-obres_autors status-publish has-post-thumbnail hentry tipus_tecniques-obra-grafica tecnica_especifica-impressio-digital autors-leonard-beard disciplina-obra-grafic \"     data-position=\"1621\"   data-new-tab=\"off\"   data-action-priority=\"item\"><figure class=\"dp-dfg-image entry-thumb\"><a href=\"https:\/\/www.museuemporda.org\/?obres_autors=sense-titol-409\" class=\"dp-dfg-image-link\" ><img loading=\"lazy\" decoding=\"async\" class=\"dp-dfg-featured-image\" src=\"https:\/\/www.museuemporda.org\/wp-content\/uploads\/2023\/07\/ME2774-LEO-250x250.jpg\" alt=\"Sense t\u00edtol\" width=\"250\" height=\"250\" data-ratio=\"1\"\/><\/a><\/figure><div class=\"dp-dfg-header entry-header\"><h2 class=\"entry-title\">Sense t\u00edtol<\/h2><\/div><div class=\"dp-dfg-custom-content\"><p class=\"dp-dfg-custom-field dp-dfg-cf-autors2\"><span class=\"dp-dfg-custom-field-value\">Leonard Beard<\/span><\/p><\/div><\/article><!-- DPDFG End Post Item Container --><article id=\"post-9035\" class=\"dp-dfg-item post-9035 obres_autors type-obres_autors status-publish has-post-thumbnail hentry tipus_tecniques-bronze autors-josep-dunach-sala disciplina-escultura \"     data-position=\"1622\"   data-new-tab=\"off\"   data-action-priority=\"item\"><figure class=\"dp-dfg-image entry-thumb\"><a href=\"https:\/\/www.museuemporda.org\/?obres_autors=retrat-de-lartista-ricard-canals\" class=\"dp-dfg-image-link\" ><img loading=\"lazy\" decoding=\"async\" class=\"dp-dfg-featured-image\" src=\"https:\/\/www.museuemporda.org\/wp-content\/uploads\/2021\/11\/mE-821-250x250.jpg\" alt=\"Retrat de l&#8217;artista Ricard Canals\" width=\"250\" height=\"250\" data-ratio=\"1\"\/><\/a><\/figure><div class=\"dp-dfg-header entry-header\"><h2 class=\"entry-title\">Retrat de l&#8217;artista Ricard Canals<\/h2><\/div><div class=\"dp-dfg-custom-content\"><p class=\"dp-dfg-custom-field dp-dfg-cf-autors2\"><span class=\"dp-dfg-custom-field-value\">Josep Du\u00f1ach Sala<\/span><\/p><\/div><\/article><!-- DPDFG End Post Item Container --><article id=\"post-8149\" class=\"dp-dfg-item post-8149 obres_autors type-obres_autors status-publish has-post-thumbnail hentry autors-autoria-desconeguda disciplina-arqueologia \"     data-position=\"1623\"   data-new-tab=\"off\"   data-action-priority=\"item\"><figure class=\"dp-dfg-image entry-thumb\"><a href=\"https:\/\/www.museuemporda.org\/?obres_autors=crater-de-campana\" class=\"dp-dfg-image-link\" ><img loading=\"lazy\" decoding=\"async\" class=\"dp-dfg-featured-image\" src=\"https:\/\/www.museuemporda.org\/wp-content\/uploads\/2021\/08\/mE-391-250x250.jpg\" alt=\"Crater de campana\" width=\"250\" height=\"250\" data-ratio=\"1\"\/><\/a><\/figure><div class=\"dp-dfg-header entry-header\"><h2 class=\"entry-title\">Crater de campana<\/h2><\/div><div class=\"dp-dfg-custom-content\"><p class=\"dp-dfg-custom-field dp-dfg-cf-autors2\"><span class=\"dp-dfg-custom-field-value\">Autoria desconeguda<\/span><\/p><\/div><\/article><!-- DPDFG End Post Item Container --><article id=\"post-10305\" class=\"dp-dfg-item post-10305 obres_autors type-obres_autors status-publish has-post-thumbnail hentry tipus_tecniques-pintura tecnica_especifica-oli-sobre-tela autors-pere-bech-sudria disciplina-pintura \"     data-position=\"1624\"   data-new-tab=\"off\"   data-action-priority=\"item\"><figure class=\"dp-dfg-image entry-thumb\"><a href=\"https:\/\/www.museuemporda.org\/?obres_autors=bodego-5\" class=\"dp-dfg-image-link\" ><img loading=\"lazy\" decoding=\"async\" class=\"dp-dfg-featured-image\" src=\"https:\/\/www.museuemporda.org\/wp-content\/uploads\/2022\/01\/mE-2223-250x250.jpg\" alt=\"Bodeg\u00f3\" width=\"250\" height=\"250\" data-ratio=\"1\"\/><\/a><\/figure><div class=\"dp-dfg-header entry-header\"><h2 class=\"entry-title\">Bodeg\u00f3<\/h2><\/div><div class=\"dp-dfg-custom-content\"><p class=\"dp-dfg-custom-field dp-dfg-cf-autors2\"><span class=\"dp-dfg-custom-field-value\">Pere Bech Sudri\u00e0<\/span><\/p><\/div><\/article><!-- DPDFG End Post Item Container --><article id=\"post-8994\" class=\"dp-dfg-item post-8994 obres_autors type-obres_autors status-publish has-post-thumbnail hentry tecnica_especifica-aiguada-sobre-paper autors-marie-adelaide-baubry-vaillant disciplina-pintura \"     data-position=\"1625\"   data-new-tab=\"off\"   data-action-priority=\"item\"><figure class=\"dp-dfg-image entry-thumb\"><a href=\"https:\/\/www.museuemporda.org\/?obres_autors=flors-2\" class=\"dp-dfg-image-link\" ><img loading=\"lazy\" decoding=\"async\" class=\"dp-dfg-featured-image\" src=\"https:\/\/www.museuemporda.org\/wp-content\/uploads\/2021\/11\/mE-817-250x250.jpg\" alt=\"Flors\" width=\"250\" height=\"250\" data-ratio=\"1\"\/><\/a><\/figure><div class=\"dp-dfg-header entry-header\"><h2 class=\"entry-title\">Flors<\/h2><\/div><div class=\"dp-dfg-custom-content\"><p class=\"dp-dfg-custom-field dp-dfg-cf-autors2\"><span class=\"dp-dfg-custom-field-value\">Marie Adelaide Baubry - Vaillant<\/span><\/p><\/div><\/article><!-- DPDFG End Post Item Container --><article id=\"post-8381\" class=\"dp-dfg-item post-8381 obres_autors type-obres_autors status-publish has-post-thumbnail hentry tecnica_especifica-oli-sobre-tela autors-evarist-valles-rovira disciplina-pintura \"     data-position=\"1626\"   data-new-tab=\"off\"   data-action-priority=\"item\"><figure class=\"dp-dfg-image entry-thumb\"><a href=\"https:\/\/www.museuemporda.org\/?obres_autors=sense-titol-11\" class=\"dp-dfg-image-link\" ><img loading=\"lazy\" decoding=\"async\" class=\"dp-dfg-featured-image\" src=\"https:\/\/www.museuemporda.org\/wp-content\/uploads\/2021\/08\/ME-2149_JORDI-PUIG-2021-250x250.jpg\" alt=\"Sense t\u00edtol\" width=\"250\" height=\"250\" data-ratio=\"1\"\/><\/a><\/figure><div class=\"dp-dfg-header entry-header\"><h2 class=\"entry-title\">Sense t\u00edtol<\/h2><\/div><div class=\"dp-dfg-custom-content\"><p class=\"dp-dfg-custom-field dp-dfg-cf-autors2\"><span class=\"dp-dfg-custom-field-value\">Evarist Vall\u00e8s Rovira<\/span><\/p><\/div><\/article><!-- DPDFG End Post Item Container --><article id=\"post-9098\" class=\"dp-dfg-item post-9098 obres_autors type-obres_autors status-publish has-post-thumbnail hentry tecnica_especifica-pedra-calcaria autors-autoria-desconeguda disciplina-arqueologia \"     data-position=\"1627\"   data-new-tab=\"off\"   data-action-priority=\"item\"><figure class=\"dp-dfg-image entry-thumb\"><a href=\"https:\/\/www.museuemporda.org\/?obres_autors=boca-del-pou-cisterna-casa-romana\" class=\"dp-dfg-image-link\" ><img loading=\"lazy\" decoding=\"async\" class=\"dp-dfg-featured-image\" src=\"https:\/\/www.museuemporda.org\/wp-content\/uploads\/2021\/11\/mE-514-250x250.jpg\" alt=\"Boca del pou \/ cisterna (casa romana)\" width=\"250\" height=\"250\" data-ratio=\"1\"\/><\/a><\/figure><div class=\"dp-dfg-header entry-header\"><h2 class=\"entry-title\">Boca del pou \/ cisterna (casa romana)<\/h2><\/div><div class=\"dp-dfg-custom-content\"><p class=\"dp-dfg-custom-field dp-dfg-cf-autors2\"><span class=\"dp-dfg-custom-field-value\">Autoria desconeguda<\/span><\/p><\/div><\/article><!-- DPDFG End Post Item Container --><article id=\"post-14103\" class=\"dp-dfg-item post-14103 obres_autors type-obres_autors status-publish has-post-thumbnail hentry tipus_tecniques-dibuix tecnica_especifica-impressio-digital autors-antoni-batllori-obiols disciplina-dibuix \"     data-position=\"1628\"   data-new-tab=\"off\"   data-action-priority=\"item\"><figure class=\"dp-dfg-image entry-thumb\"><a href=\"https:\/\/www.museuemporda.org\/?obres_autors=sense-titol-381\" class=\"dp-dfg-image-link\" ><img loading=\"lazy\" decoding=\"async\" class=\"dp-dfg-featured-image\" src=\"https:\/\/www.museuemporda.org\/wp-content\/uploads\/2023\/06\/ME2746-BATLLORI-250x250.jpg\" alt=\"Sense t\u00edtol\" width=\"250\" height=\"250\" data-ratio=\"1\"\/><\/a><\/figure><div class=\"dp-dfg-header entry-header\"><h2 class=\"entry-title\">Sense t\u00edtol<\/h2><\/div><div class=\"dp-dfg-custom-content\"><p class=\"dp-dfg-custom-field dp-dfg-cf-autors2\"><span class=\"dp-dfg-custom-field-value\">Antoni Batllori Obiols<\/span><\/p><\/div><\/article><!-- DPDFG End Post Item Container --><article id=\"post-10378\" class=\"dp-dfg-item post-10378 obres_autors type-obres_autors status-publish has-post-thumbnail hentry tipus_tecniques-escultura tecnica_especifica-guix autors-artur-novoa-cabra disciplina-escultura \"     data-position=\"1629\"   data-new-tab=\"off\"   data-action-priority=\"item\"><figure class=\"dp-dfg-image entry-thumb\"><a href=\"https:\/\/www.museuemporda.org\/?obres_autors=angel\" class=\"dp-dfg-image-link\" ><img loading=\"lazy\" decoding=\"async\" class=\"dp-dfg-featured-image\" src=\"https:\/\/www.museuemporda.org\/wp-content\/uploads\/2022\/01\/mE-1906-250x250.jpg\" alt=\"\u00c0ngel\" width=\"250\" height=\"250\" data-ratio=\"1\"\/><\/a><\/figure><div class=\"dp-dfg-header entry-header\"><h2 class=\"entry-title\">\u00c0ngel<\/h2><\/div><div class=\"dp-dfg-custom-content\"><p class=\"dp-dfg-custom-field dp-dfg-cf-autors2\"><span class=\"dp-dfg-custom-field-value\">Artur Novoa Cabra<\/span><\/p><\/div><\/article><!-- DPDFG End Post Item Container --><article id=\"post-11647\" class=\"dp-dfg-item post-11647 obres_autors type-obres_autors status-publish has-post-thumbnail hentry tipus_tecniques-pintura tecnica_especifica-tecnica-mixta-sobre-tela autors-angels-marcos-gonzalez disciplina-pintura \"     data-position=\"1630\"   data-new-tab=\"off\"   data-action-priority=\"item\"><figure class=\"dp-dfg-image entry-thumb\"><a href=\"https:\/\/www.museuemporda.org\/?obres_autors=las-puertas-de-los-suenos-conducen-a-las-estructuras-de-la-pesadilla\" class=\"dp-dfg-image-link\" ><img loading=\"lazy\" decoding=\"async\" class=\"dp-dfg-featured-image\" src=\"https:\/\/www.museuemporda.org\/wp-content\/uploads\/2022\/02\/mE-1590-250x250.jpg\" alt=\"Las puertas de los sue\u00f1os conducen a las estructuras de la pesadilla\" width=\"250\" height=\"250\" data-ratio=\"1\"\/><\/a><\/figure><div class=\"dp-dfg-header entry-header\"><h2 class=\"entry-title\">Las puertas de los sue\u00f1os conducen a las estructuras de la pesadilla<\/h2><\/div><div class=\"dp-dfg-custom-content\"><p class=\"dp-dfg-custom-field dp-dfg-cf-autors2\"><span class=\"dp-dfg-custom-field-value\">\u00c0ngels Marcos-Gonz\u00e1lez<\/span><\/p><\/div><\/article><!-- DPDFG End Post Item Container --><article id=\"post-10436\" class=\"dp-dfg-item post-10436 obres_autors type-obres_autors status-publish has-post-thumbnail hentry tipus_tecniques-pintura tecnica_especifica-oli-sobre-tela autors-joan-padern-faig disciplina-pintura \"     data-position=\"1631\"   data-new-tab=\"off\"   data-action-priority=\"item\"><figure class=\"dp-dfg-image entry-thumb\"><a href=\"https:\/\/www.museuemporda.org\/?obres_autors=societat-de-consum\" class=\"dp-dfg-image-link\" ><img loading=\"lazy\" decoding=\"async\" class=\"dp-dfg-featured-image\" src=\"https:\/\/www.museuemporda.org\/wp-content\/uploads\/2022\/01\/mE-1390-250x250.jpg\" alt=\"Societat de consum\" width=\"250\" height=\"250\" data-ratio=\"1\"\/><\/a><\/figure><div class=\"dp-dfg-header entry-header\"><h2 class=\"entry-title\">Societat de consum<\/h2><\/div><div class=\"dp-dfg-custom-content\"><p class=\"dp-dfg-custom-field dp-dfg-cf-autors2\"><span class=\"dp-dfg-custom-field-value\">Joan Padern Faig<\/span><\/p><\/div><\/article><!-- DPDFG End Post Item Container --><article id=\"post-13721\" class=\"dp-dfg-item post-13721 obres_autors type-obres_autors status-publish has-post-thumbnail hentry tipus_tecniques-dibuix tecnica_especifica-tinta-sobre-paper autors-carme-sanglas-gispert disciplina-dibuix \"     data-position=\"1632\"   data-new-tab=\"off\"   data-action-priority=\"item\"><figure class=\"dp-dfg-image entry-thumb\"><a href=\"https:\/\/www.museuemporda.org\/?obres_autors=sense-titol-206\" class=\"dp-dfg-image-link\" ><img loading=\"lazy\" decoding=\"async\" class=\"dp-dfg-featured-image\" src=\"https:\/\/www.museuemporda.org\/wp-content\/uploads\/2023\/06\/ME2568-SANGLAS14-250x207.jpg\" alt=\"Sense t\u00edtol\" width=\"250\" height=\"207\" data-ratio=\"0.828\"\/><\/a><\/figure><div class=\"dp-dfg-header entry-header\"><h2 class=\"entry-title\">Sense t\u00edtol<\/h2><\/div><div class=\"dp-dfg-custom-content\"><p class=\"dp-dfg-custom-field dp-dfg-cf-autors2\"><span class=\"dp-dfg-custom-field-value\">Carme Sanglas Gispert<\/span><\/p><\/div><\/article><!-- DPDFG End Post Item Container --><article id=\"post-10127\" class=\"dp-dfg-item post-10127 obres_autors type-obres_autors status-publish has-post-thumbnail hentry tipus_tecniques-aquarella tecnica_especifica-aquarella autors-pere-gironell-piernau disciplina-pintura \"     data-position=\"1633\"   data-new-tab=\"off\"   data-action-priority=\"item\"><figure class=\"dp-dfg-image entry-thumb\"><a href=\"https:\/\/www.museuemporda.org\/?obres_autors=paisatge-40\" class=\"dp-dfg-image-link\" ><img loading=\"lazy\" decoding=\"async\" class=\"dp-dfg-featured-image\" src=\"https:\/\/www.museuemporda.org\/wp-content\/uploads\/2022\/01\/mE-1575-250x250.jpg\" alt=\"Paisatge\" width=\"250\" height=\"250\" data-ratio=\"1\"\/><\/a><\/figure><div class=\"dp-dfg-header entry-header\"><h2 class=\"entry-title\">Paisatge<\/h2><\/div><div class=\"dp-dfg-custom-content\"><p class=\"dp-dfg-custom-field dp-dfg-cf-autors2\"><span class=\"dp-dfg-custom-field-value\">Pere Gironell Piernau<\/span><\/p><\/div><\/article><!-- DPDFG End Post Item Container --><article id=\"post-5715\" class=\"dp-dfg-item post-5715 obres_autors type-obres_autors status-publish has-post-thumbnail hentry autors-autoria-desconeguda disciplina-arqueologia \"     data-position=\"1634\"   data-new-tab=\"off\"   data-action-priority=\"item\"><figure class=\"dp-dfg-image entry-thumb\"><a href=\"https:\/\/www.museuemporda.org\/?obres_autors=bol\" class=\"dp-dfg-image-link\" ><img loading=\"lazy\" decoding=\"async\" class=\"dp-dfg-featured-image\" src=\"https:\/\/www.museuemporda.org\/wp-content\/uploads\/2020\/07\/mE-558_costat1-250x250.jpg\" alt=\"Bol amb mugrons\" width=\"250\" height=\"250\" data-ratio=\"1\"\/><\/a><\/figure><div class=\"dp-dfg-header entry-header\"><h2 class=\"entry-title\">Bol amb mugrons<\/h2><\/div><div class=\"dp-dfg-custom-content\"><p class=\"dp-dfg-custom-field dp-dfg-cf-autors2\"><span class=\"dp-dfg-custom-field-value\">Autoria desconeguda<\/span><\/p><\/div><\/article><!-- DPDFG End Post Item Container --><article id=\"post-8563\" class=\"dp-dfg-item post-8563 obres_autors type-obres_autors status-publish has-post-thumbnail hentry autors-josep-maria-canellas disciplina-fotografia \"     data-position=\"1635\"   data-new-tab=\"off\"   data-action-priority=\"item\"><figure class=\"dp-dfg-image entry-thumb\"><a href=\"https:\/\/www.museuemporda.org\/?obres_autors=vaca\" class=\"dp-dfg-image-link\" ><img loading=\"lazy\" decoding=\"async\" class=\"dp-dfg-featured-image\" src=\"https:\/\/www.museuemporda.org\/wp-content\/uploads\/2021\/10\/mE-1893-250x250.jpg\" alt=\"Vaca\" width=\"250\" height=\"250\" data-ratio=\"1\"\/><\/a><\/figure><div class=\"dp-dfg-header entry-header\"><h2 class=\"entry-title\">Vaca<\/h2><\/div><div class=\"dp-dfg-custom-content\"><p class=\"dp-dfg-custom-field dp-dfg-cf-autors2\"><span class=\"dp-dfg-custom-field-value\">Josep Maria Ca\u00f1ellas<\/span><\/p><\/div><\/article><!-- DPDFG End Post Item Container --><article id=\"post-10683\" class=\"dp-dfg-item post-10683 obres_autors type-obres_autors status-publish has-post-thumbnail hentry tipus_tecniques-pintura tecnica_especifica-aquarella-sobre-paper autors-josep-bartoli-guiu disciplina-pintura \"     data-position=\"1636\"   data-new-tab=\"off\"   data-action-priority=\"item\"><figure class=\"dp-dfg-image entry-thumb\"><a href=\"https:\/\/www.museuemporda.org\/?obres_autors=dona-desquena\" class=\"dp-dfg-image-link\" ><img loading=\"lazy\" decoding=\"async\" class=\"dp-dfg-featured-image\" src=\"https:\/\/www.museuemporda.org\/wp-content\/uploads\/2022\/02\/mE-1295-250x250.jpg\" alt=\"Dona d&#8217;esquena\" width=\"250\" height=\"250\" data-ratio=\"1\"\/><\/a><\/figure><div class=\"dp-dfg-header entry-header\"><h2 class=\"entry-title\">Dona d&#8217;esquena<\/h2><\/div><div class=\"dp-dfg-custom-content\"><p class=\"dp-dfg-custom-field dp-dfg-cf-autors2\"><span class=\"dp-dfg-custom-field-value\">Josep Bartol\u00ed Guiu<\/span><\/p><\/div><\/article><!-- DPDFG End Post Item Container --><article id=\"post-9746\" class=\"dp-dfg-item post-9746 obres_autors type-obres_autors status-publish has-post-thumbnail hentry tipus_tecniques-fotografia tecnica_especifica-fotografia autors-joaquim-fort-de-ribot disciplina-fotografia \"     data-position=\"1637\"   data-new-tab=\"off\"   data-action-priority=\"item\"><figure class=\"dp-dfg-image entry-thumb\"><a href=\"https:\/\/www.museuemporda.org\/?obres_autors=motor\" class=\"dp-dfg-image-link\" ><img loading=\"lazy\" decoding=\"async\" class=\"dp-dfg-featured-image\" src=\"https:\/\/www.museuemporda.org\/wp-content\/uploads\/2022\/01\/mE-2465-250x250.jpg\" alt=\"Motor\" width=\"250\" height=\"250\" data-ratio=\"1\"\/><\/a><\/figure><div class=\"dp-dfg-header entry-header\"><h2 class=\"entry-title\">Motor<\/h2><\/div><div class=\"dp-dfg-custom-content\"><p class=\"dp-dfg-custom-field dp-dfg-cf-autors2\"><span class=\"dp-dfg-custom-field-value\">Joaquim Fort de Ribot<\/span><\/p><\/div><\/article><!-- DPDFG End Post Item Container --><article id=\"post-8367\" class=\"dp-dfg-item post-8367 obres_autors type-obres_autors status-publish has-post-thumbnail hentry tecnica_especifica-oli-sobre-tela autors-evarist-valles-rovira disciplina-pintura \"     data-position=\"1638\"   data-new-tab=\"off\"   data-action-priority=\"item\"><figure class=\"dp-dfg-image entry-thumb\"><a href=\"https:\/\/www.museuemporda.org\/?obres_autors=composicio-9\" class=\"dp-dfg-image-link\" ><img loading=\"lazy\" decoding=\"async\" class=\"dp-dfg-featured-image\" src=\"https:\/\/www.museuemporda.org\/wp-content\/uploads\/2021\/08\/ME-780_JORDI-PUIG-2021-250x250.jpg\" alt=\"Composici\u00f3\" width=\"250\" height=\"250\" data-ratio=\"1\"\/><\/a><\/figure><div class=\"dp-dfg-header entry-header\"><h2 class=\"entry-title\">Composici\u00f3<\/h2><\/div><div class=\"dp-dfg-custom-content\"><p class=\"dp-dfg-custom-field dp-dfg-cf-autors2\"><span class=\"dp-dfg-custom-field-value\">Evarist Vall\u00e8s Rovira<\/span><\/p><\/div><\/article><!-- DPDFG End Post Item Container --><article id=\"post-10928\" class=\"dp-dfg-item post-10928 obres_autors type-obres_autors status-publish has-post-thumbnail hentry tipus_tecniques-dibuix tecnica_especifica-dibuix-sobre-paper autors-esteban-agullo disciplina-dibuix \"     data-position=\"1639\"   data-new-tab=\"off\"   data-action-priority=\"item\"><figure class=\"dp-dfg-image entry-thumb\"><a href=\"https:\/\/www.museuemporda.org\/?obres_autors=sense-titol-94\" class=\"dp-dfg-image-link\" ><img loading=\"lazy\" decoding=\"async\" class=\"dp-dfg-featured-image\" src=\"https:\/\/www.museuemporda.org\/wp-content\/uploads\/2022\/02\/mE-2083-250x250.jpg\" alt=\"Sense t\u00edtol\" width=\"250\" height=\"250\" data-ratio=\"1\"\/><\/a><\/figure><div class=\"dp-dfg-header entry-header\"><h2 class=\"entry-title\">Sense t\u00edtol<\/h2><\/div><div class=\"dp-dfg-custom-content\"><p class=\"dp-dfg-custom-field dp-dfg-cf-autors2\"><span class=\"dp-dfg-custom-field-value\">Esteban Agull\u00f3<\/span><\/p><\/div><\/article><!-- DPDFG End Post Item Container --><article id=\"post-12052\" class=\"dp-dfg-item post-12052 obres_autors type-obres_autors status-publish has-post-thumbnail hentry tipus_tecniques-pintura tecnica_especifica-tecnica-mixta-sobre-tela autors-paloma-vidal-sanchez-tabernero disciplina-pintura \"     data-position=\"1640\"   data-new-tab=\"off\"   data-action-priority=\"item\"><figure class=\"dp-dfg-image entry-thumb\"><a href=\"https:\/\/www.museuemporda.org\/?obres_autors=violi\" class=\"dp-dfg-image-link\" ><img loading=\"lazy\" decoding=\"async\" class=\"dp-dfg-featured-image\" src=\"https:\/\/www.museuemporda.org\/wp-content\/uploads\/2022\/02\/mE-2144-250x250.jpg\" alt=\"Viol\u00ed\" width=\"250\" height=\"250\" data-ratio=\"1\"\/><\/a><\/figure><div class=\"dp-dfg-header entry-header\"><h2 class=\"entry-title\">Viol\u00ed<\/h2><\/div><div class=\"dp-dfg-custom-content\"><p class=\"dp-dfg-custom-field dp-dfg-cf-autors2\"><span class=\"dp-dfg-custom-field-value\">Paloma Vidal S\u00e1nchez-Tabernero<\/span><\/p><\/div><\/article><!-- DPDFG End Post Item Container --><article id=\"post-13751\" class=\"dp-dfg-item post-13751 obres_autors type-obres_autors status-publish has-post-thumbnail hentry tipus_tecniques-dibuix tecnica_especifica-tinta-sobre-paper autors-enric-pujol disciplina-dibuix \"     data-position=\"1641\"   data-new-tab=\"off\"   data-action-priority=\"item\"><figure class=\"dp-dfg-image entry-thumb\"><a href=\"https:\/\/www.museuemporda.org\/?obres_autors=sense-titol-220\" class=\"dp-dfg-image-link\" ><img loading=\"lazy\" decoding=\"async\" class=\"dp-dfg-featured-image\" src=\"https:\/\/www.museuemporda.org\/wp-content\/uploads\/2023\/06\/ME2582-PUJOL16-250x250.jpg\" alt=\"Sense t\u00edtol\" width=\"250\" height=\"250\" data-ratio=\"1\"\/><\/a><\/figure><div class=\"dp-dfg-header entry-header\"><h2 class=\"entry-title\">Sense t\u00edtol<\/h2><\/div><div class=\"dp-dfg-custom-content\"><p class=\"dp-dfg-custom-field dp-dfg-cf-autors2\"><span class=\"dp-dfg-custom-field-value\">Enric Pujol<\/span><\/p><\/div><\/article><!-- DPDFG End Post Item Container --><article id=\"post-11713\" class=\"dp-dfg-item post-11713 obres_autors type-obres_autors status-publish has-post-thumbnail hentry tipus_tecniques-pintura tecnica_especifica-tecnica-mixta-sobre-fusta autors-pau-morales disciplina-pintura \"     data-position=\"1642\"   data-new-tab=\"off\"   data-action-priority=\"item\"><figure class=\"dp-dfg-image entry-thumb\"><a href=\"https:\/\/www.museuemporda.org\/?obres_autors=sense-titol-147\" class=\"dp-dfg-image-link\" ><img loading=\"lazy\" decoding=\"async\" class=\"dp-dfg-featured-image\" src=\"https:\/\/www.museuemporda.org\/wp-content\/uploads\/2022\/02\/mE-2154-250x250.jpg\" alt=\"Sense t\u00edtol\" width=\"250\" height=\"250\" data-ratio=\"1\"\/><\/a><\/figure><div class=\"dp-dfg-header entry-header\"><h2 class=\"entry-title\">Sense t\u00edtol<\/h2><\/div><div class=\"dp-dfg-custom-content\"><p class=\"dp-dfg-custom-field dp-dfg-cf-autors2\"><span class=\"dp-dfg-custom-field-value\">Pau Morales<\/span><\/p><\/div><\/article><!-- DPDFG End Post Item Container --><article id=\"post-10318\" class=\"dp-dfg-item post-10318 obres_autors type-obres_autors status-publish has-post-thumbnail hentry tipus_tecniques-pintura tecnica_especifica-oli-sobre-tela autors-pere-bech-sudria disciplina-pintura \"     data-position=\"1643\"   data-new-tab=\"off\"   data-action-priority=\"item\"><figure class=\"dp-dfg-image entry-thumb\"><a href=\"https:\/\/www.museuemporda.org\/?obres_autors=paisatge-57\" class=\"dp-dfg-image-link\" ><img loading=\"lazy\" decoding=\"async\" class=\"dp-dfg-featured-image\" src=\"https:\/\/www.museuemporda.org\/wp-content\/uploads\/2022\/01\/mE-2229-250x250.jpg\" alt=\"Paisatge\" width=\"250\" height=\"250\" data-ratio=\"1\"\/><\/a><\/figure><div class=\"dp-dfg-header entry-header\"><h2 class=\"entry-title\">Paisatge<\/h2><\/div><div class=\"dp-dfg-custom-content\"><p class=\"dp-dfg-custom-field dp-dfg-cf-autors2\"><span class=\"dp-dfg-custom-field-value\">Pere Bech Sudri\u00e0<\/span><\/p><\/div><\/article><!-- DPDFG End Post Item Container --><article id=\"post-11000\" class=\"dp-dfg-item post-11000 obres_autors type-obres_autors status-publish has-post-thumbnail hentry tipus_tecniques-pintura tecnica_especifica-oli-sobre-tela autors-jesus-apellaniz disciplina-pintura \"     data-position=\"1644\"   data-new-tab=\"off\"   data-action-priority=\"item\"><figure class=\"dp-dfg-image entry-thumb\"><a href=\"https:\/\/www.museuemporda.org\/?obres_autors=port-dorio\" class=\"dp-dfg-image-link\" ><img loading=\"lazy\" decoding=\"async\" class=\"dp-dfg-featured-image\" src=\"https:\/\/www.museuemporda.org\/wp-content\/uploads\/2022\/02\/mE-1165-250x250.jpg\" alt=\"Port d&#8217;Orio\" width=\"250\" height=\"250\" data-ratio=\"1\"\/><\/a><\/figure><div class=\"dp-dfg-header entry-header\"><h2 class=\"entry-title\">Port d&#8217;Orio<\/h2><\/div><div class=\"dp-dfg-custom-content\"><p class=\"dp-dfg-custom-field dp-dfg-cf-autors2\"><span class=\"dp-dfg-custom-field-value\">Jes\u00fas Apell\u00e1niz<\/span><\/p><\/div><\/article><!-- DPDFG End Post Item Container --><article id=\"post-11661\" class=\"dp-dfg-item post-11661 obres_autors type-obres_autors status-publish has-post-thumbnail hentry tipus_tecniques-dibuix tecnica_especifica-dibuix-sobre-paper autors-sebastiane-marre disciplina-dibuix \"     data-position=\"1645\"   data-new-tab=\"off\"   data-action-priority=\"item\"><figure class=\"dp-dfg-image entry-thumb\"><a href=\"https:\/\/www.museuemporda.org\/?obres_autors=cursa-de-cavalls\" class=\"dp-dfg-image-link\" ><img loading=\"lazy\" decoding=\"async\" class=\"dp-dfg-featured-image\" src=\"https:\/\/www.museuemporda.org\/wp-content\/uploads\/2022\/02\/mE-1438-250x250.jpg\" alt=\"Cursa de cavalls\" width=\"250\" height=\"250\" data-ratio=\"1\"\/><\/a><\/figure><div class=\"dp-dfg-header entry-header\"><h2 class=\"entry-title\">Cursa de cavalls<\/h2><\/div><div class=\"dp-dfg-custom-content\"><p class=\"dp-dfg-custom-field dp-dfg-cf-autors2\"><span class=\"dp-dfg-custom-field-value\">Sebastiane Marre<\/span><\/p><\/div><\/article><!-- DPDFG End Post Item Container --><article id=\"post-13967\" class=\"dp-dfg-item post-13967 obres_autors type-obres_autors status-publish has-post-thumbnail hentry tipus_tecniques-dibuix tecnica_especifica-impressio-digital autors-pep-claparols-i-moret disciplina-dibuix \"     data-position=\"1646\"   data-new-tab=\"off\"   data-action-priority=\"item\"><figure class=\"dp-dfg-image entry-thumb\"><a href=\"https:\/\/www.museuemporda.org\/?obres_autors=sense-titol-321\" class=\"dp-dfg-image-link\" ><img loading=\"lazy\" decoding=\"async\" class=\"dp-dfg-featured-image\" src=\"https:\/\/www.museuemporda.org\/wp-content\/uploads\/2023\/06\/ME2683-PEP99-250x250.jpg\" alt=\"Sense t\u00edtol\" width=\"250\" height=\"250\" data-ratio=\"1\"\/><\/a><\/figure><div class=\"dp-dfg-header entry-header\"><h2 class=\"entry-title\">Sense t\u00edtol<\/h2><\/div><div class=\"dp-dfg-custom-content\"><p class=\"dp-dfg-custom-field dp-dfg-cf-autors2\"><span class=\"dp-dfg-custom-field-value\">Pep Claparols i Moret<\/span><\/p><\/div><\/article><!-- DPDFG End Post Item Container --><article id=\"post-7978\" class=\"dp-dfg-item post-7978 obres_autors type-obres_autors status-publish has-post-thumbnail hentry autors-autoria-desconeguda disciplina-arqueologia \"     data-position=\"1647\"   data-new-tab=\"off\"   data-action-priority=\"item\"><figure class=\"dp-dfg-image entry-thumb\"><a href=\"https:\/\/www.museuemporda.org\/?obres_autors=denes-de-collar\" class=\"dp-dfg-image-link\" ><img loading=\"lazy\" decoding=\"async\" class=\"dp-dfg-featured-image\" src=\"https:\/\/www.museuemporda.org\/wp-content\/uploads\/2021\/08\/mE-550_2019-250x250.jpg\" alt=\"Denes de collar\" width=\"250\" height=\"250\" data-ratio=\"1\"\/><\/a><\/figure><div class=\"dp-dfg-header entry-header\"><h2 class=\"entry-title\">Denes de collar<\/h2><\/div><div class=\"dp-dfg-custom-content\"><p class=\"dp-dfg-custom-field dp-dfg-cf-autors2\"><span class=\"dp-dfg-custom-field-value\">Autoria desconeguda<\/span><\/p><\/div><\/article><!-- DPDFG End Post Item Container --><article id=\"post-10741\" class=\"dp-dfg-item post-10741 obres_autors type-obres_autors status-publish has-post-thumbnail hentry tipus_tecniques-pintura tecnica_especifica-oli-sobre-tela autors-francesc-domingo-segura disciplina-pintura \"     data-position=\"1648\"   data-new-tab=\"off\"   data-action-priority=\"item\"><figure class=\"dp-dfg-image entry-thumb\"><a href=\"https:\/\/www.museuemporda.org\/?obres_autors=bodego-7\" class=\"dp-dfg-image-link\" ><img loading=\"lazy\" decoding=\"async\" class=\"dp-dfg-featured-image\" src=\"https:\/\/www.museuemporda.org\/wp-content\/uploads\/2022\/02\/mE-1164-250x250.jpg\" alt=\"Bodeg\u00f3\" width=\"250\" height=\"250\" data-ratio=\"1\"\/><\/a><\/figure><div class=\"dp-dfg-header entry-header\"><h2 class=\"entry-title\">Bodeg\u00f3<\/h2><\/div><div class=\"dp-dfg-custom-content\"><p class=\"dp-dfg-custom-field dp-dfg-cf-autors2\"><span class=\"dp-dfg-custom-field-value\">Francesc Domingo Segura<\/span><\/p><\/div><\/article><!-- DPDFG End Post Item Container --><article id=\"post-11801\" class=\"dp-dfg-item post-11801 obres_autors type-obres_autors status-publish has-post-thumbnail hentry tipus_tecniques-dibuix tecnica_especifica-dibuix-sobre-paper autors-francisco-palol disciplina-dibuix \"     data-position=\"1649\"   data-new-tab=\"off\"   data-action-priority=\"item\"><figure class=\"dp-dfg-image entry-thumb\"><a href=\"https:\/\/www.museuemporda.org\/?obres_autors=sense-titol-149\" class=\"dp-dfg-image-link\" ><img loading=\"lazy\" decoding=\"async\" class=\"dp-dfg-featured-image\" src=\"https:\/\/www.museuemporda.org\/wp-content\/uploads\/2022\/02\/mE-2062-250x250.jpg\" alt=\"Sense t\u00edtol\" width=\"250\" height=\"250\" data-ratio=\"1\"\/><\/a><\/figure><div class=\"dp-dfg-header entry-header\"><h2 class=\"entry-title\">Sense t\u00edtol<\/h2><\/div><div class=\"dp-dfg-custom-content\"><p class=\"dp-dfg-custom-field dp-dfg-cf-autors2\"><span class=\"dp-dfg-custom-field-value\">Francisco Palol<\/span><\/p><\/div><\/article><!-- DPDFG End Post Item Container --><article id=\"post-9279\" class=\"dp-dfg-item post-9279 obres_autors type-obres_autors status-publish has-post-thumbnail hentry tecnica_especifica-oli-sobre-tela autors-ramon-bretx-comas disciplina-pintura \"     data-position=\"1650\"   data-new-tab=\"off\"   data-action-priority=\"item\"><figure class=\"dp-dfg-image entry-thumb\"><a href=\"https:\/\/www.museuemporda.org\/?obres_autors=paisatge-25\" class=\"dp-dfg-image-link\" ><img loading=\"lazy\" decoding=\"async\" class=\"dp-dfg-featured-image\" src=\"https:\/\/www.museuemporda.org\/wp-content\/uploads\/2021\/11\/mE-2347-250x250.jpg\" alt=\"Paisatge\" width=\"250\" height=\"250\" data-ratio=\"1\"\/><\/a><\/figure><div class=\"dp-dfg-header entry-header\"><h2 class=\"entry-title\">Paisatge<\/h2><\/div><div class=\"dp-dfg-custom-content\"><p class=\"dp-dfg-custom-field dp-dfg-cf-autors2\"><span class=\"dp-dfg-custom-field-value\">Ramon Bretx Comas<\/span><\/p><\/div><\/article><!-- DPDFG End Post Item Container --><article id=\"post-14520\" class=\"dp-dfg-item post-14520 obres_autors type-obres_autors status-publish has-post-thumbnail hentry tipus_tecniques-pintura tecnica_especifica-oli-sobre-tela autors-enric-pascual-monturiol disciplina-pintura \"     data-position=\"1651\"   data-new-tab=\"off\"   data-action-priority=\"item\"><figure class=\"dp-dfg-image entry-thumb\"><a href=\"https:\/\/www.museuemporda.org\/?obres_autors=autoretrat-13\" class=\"dp-dfg-image-link\" ><img loading=\"lazy\" decoding=\"async\" class=\"dp-dfg-featured-image\" src=\"https:\/\/www.museuemporda.org\/wp-content\/uploads\/2023\/07\/JPH5174-250x250.jpg\" alt=\"Autoretrat\" width=\"250\" height=\"250\" data-ratio=\"1\"\/><\/a><\/figure><div class=\"dp-dfg-header entry-header\"><h2 class=\"entry-title\">Autoretrat<\/h2><\/div><div class=\"dp-dfg-custom-content\"><p class=\"dp-dfg-custom-field dp-dfg-cf-autors2\"><span class=\"dp-dfg-custom-field-value\">Enric Pascual Monturiol<\/span><\/p><\/div><\/article><!-- DPDFG End Post Item Container --><article id=\"post-12231\" class=\"dp-dfg-item post-12231 obres_autors type-obres_autors status-publish has-post-thumbnail hentry tipus_tecniques-indumentaria tecnica_especifica-seda autors-autoria-desconeguda disciplina-indumentaria \"     data-position=\"1652\"   data-new-tab=\"off\"   data-action-priority=\"item\"><figure class=\"dp-dfg-image entry-thumb\"><a href=\"https:\/\/www.museuemporda.org\/?obres_autors=vestit-de-seda-negre\" class=\"dp-dfg-image-link\" ><img loading=\"lazy\" decoding=\"async\" class=\"dp-dfg-featured-image\" src=\"https:\/\/www.museuemporda.org\/wp-content\/uploads\/2022\/03\/memp91101frontaldsc0048-250x250.jpg\" alt=\"Vestit de seda negre\" width=\"250\" height=\"250\" data-ratio=\"1\"\/><\/a><\/figure><div class=\"dp-dfg-header entry-header\"><h2 class=\"entry-title\">Vestit de seda negre<\/h2><\/div><div class=\"dp-dfg-custom-content\"><p class=\"dp-dfg-custom-field dp-dfg-cf-autors2\"><span class=\"dp-dfg-custom-field-value\">Autoria desconeguda<\/span><\/p><\/div><\/article><!-- DPDFG End Post Item Container --><article id=\"post-11991\" class=\"dp-dfg-item post-11991 obres_autors type-obres_autors status-publish has-post-thumbnail hentry tipus_tecniques-obra-grafica tecnica_especifica-serigrafia autors-quim-tarrida disciplina-obra-grafic \"     data-position=\"1653\"   data-new-tab=\"off\"   data-action-priority=\"item\"><figure class=\"dp-dfg-image entry-thumb\"><a href=\"https:\/\/www.museuemporda.org\/?obres_autors=sense-titol-166\" class=\"dp-dfg-image-link\" ><img loading=\"lazy\" decoding=\"async\" class=\"dp-dfg-featured-image\" src=\"https:\/\/www.museuemporda.org\/wp-content\/uploads\/2022\/02\/mE-1951-250x250.jpg\" alt=\"Sense t\u00edtol\" width=\"250\" height=\"250\" data-ratio=\"1\"\/><\/a><\/figure><div class=\"dp-dfg-header entry-header\"><h2 class=\"entry-title\">Sense t\u00edtol<\/h2><\/div><div class=\"dp-dfg-custom-content\"><p class=\"dp-dfg-custom-field dp-dfg-cf-autors2\"><span class=\"dp-dfg-custom-field-value\">Quim Tarrida<\/span><\/p><\/div><\/article><!-- DPDFG End Post Item Container --><article id=\"post-13737\" class=\"dp-dfg-item post-13737 obres_autors type-obres_autors status-publish has-post-thumbnail hentry tipus_tecniques-dibuix tecnica_especifica-tinta-sobre-paper autors-enric-pujol disciplina-dibuix \"     data-position=\"1654\"   data-new-tab=\"off\"   data-action-priority=\"item\"><figure class=\"dp-dfg-image entry-thumb\"><a href=\"https:\/\/www.museuemporda.org\/?obres_autors=sense-titol-213\" class=\"dp-dfg-image-link\" ><img loading=\"lazy\" decoding=\"async\" class=\"dp-dfg-featured-image\" src=\"https:\/\/www.museuemporda.org\/wp-content\/uploads\/2023\/06\/ME2575-PUJOL09-250x250.jpg\" alt=\"Sense t\u00edtol\" width=\"250\" height=\"250\" data-ratio=\"1\"\/><\/a><\/figure><div class=\"dp-dfg-header entry-header\"><h2 class=\"entry-title\">Sense t\u00edtol<\/h2><\/div><div class=\"dp-dfg-custom-content\"><p class=\"dp-dfg-custom-field dp-dfg-cf-autors2\"><span class=\"dp-dfg-custom-field-value\">Enric Pujol<\/span><\/p><\/div><\/article><!-- DPDFG End Post Item Container --><article id=\"post-10982\" class=\"dp-dfg-item post-10982 obres_autors type-obres_autors status-publish has-post-thumbnail hentry tipus_tecniques-obra-grafica tecnica_especifica-gravat autors-blai-ametller-rotllan disciplina-obra-grafic \"     data-position=\"1655\"   data-new-tab=\"off\"   data-action-priority=\"item\"><figure class=\"dp-dfg-image entry-thumb\"><a href=\"https:\/\/www.museuemporda.org\/?obres_autors=santa-rosa-de-lima\" class=\"dp-dfg-image-link\" ><img loading=\"lazy\" decoding=\"async\" class=\"dp-dfg-featured-image\" src=\"https:\/\/www.museuemporda.org\/wp-content\/uploads\/2022\/02\/mE-1978-250x250.jpg\" alt=\"Santa Rosa de Lima\" width=\"250\" height=\"250\" data-ratio=\"1\"\/><\/a><\/figure><div class=\"dp-dfg-header entry-header\"><h2 class=\"entry-title\">Santa Rosa de Lima<\/h2><\/div><div class=\"dp-dfg-custom-content\"><p class=\"dp-dfg-custom-field dp-dfg-cf-autors2\"><span class=\"dp-dfg-custom-field-value\">Blai Ametller Rotllan<\/span><\/p><\/div><\/article><!-- DPDFG End Post Item Container --><article id=\"post-13887\" class=\"dp-dfg-item post-13887 obres_autors type-obres_autors status-publish has-post-thumbnail hentry tipus_tecniques-dibuix tecnica_especifica-impressio-digital autors-pep-claparols-i-moret disciplina-dibuix \"     data-position=\"1656\"   data-new-tab=\"off\"   data-action-priority=\"item\"><figure class=\"dp-dfg-image entry-thumb\"><a href=\"https:\/\/www.museuemporda.org\/?obres_autors=sense-titol-283\" class=\"dp-dfg-image-link\" ><img loading=\"lazy\" decoding=\"async\" class=\"dp-dfg-featured-image\" src=\"https:\/\/www.museuemporda.org\/wp-content\/uploads\/2023\/06\/ME2645-PEP98-250x250.jpg\" alt=\"Sense t\u00edtol\" width=\"250\" height=\"250\" data-ratio=\"1\"\/><\/a><\/figure><div class=\"dp-dfg-header entry-header\"><h2 class=\"entry-title\">Sense t\u00edtol<\/h2><\/div><div class=\"dp-dfg-custom-content\"><p class=\"dp-dfg-custom-field dp-dfg-cf-autors2\"><span class=\"dp-dfg-custom-field-value\">Pep Claparols i Moret<\/span><\/p><\/div><\/article><!-- DPDFG End Post Item Container --><article id=\"post-11534\" class=\"dp-dfg-item post-11534 obres_autors type-obres_autors status-publish has-post-thumbnail hentry tipus_tecniques-pintura tecnica_especifica-pintura-sobre-paper autors-eugene-de-bernard-kurakin-goizueta disciplina-pintura \"     data-position=\"1657\"   data-new-tab=\"off\"   data-action-priority=\"item\"><figure class=\"dp-dfg-image entry-thumb\"><a href=\"https:\/\/www.museuemporda.org\/?obres_autors=retrat-devarist-valles-5\" class=\"dp-dfg-image-link\" ><img loading=\"lazy\" decoding=\"async\" class=\"dp-dfg-featured-image\" src=\"https:\/\/www.museuemporda.org\/wp-content\/uploads\/2022\/02\/mE-2283-250x250.jpg\" alt=\"Retrat d&#8217;Evarist Vall\u00e8s\" width=\"250\" height=\"250\" data-ratio=\"1\"\/><\/a><\/figure><div class=\"dp-dfg-header entry-header\"><h2 class=\"entry-title\">Retrat d&#8217;Evarist Vall\u00e8s<\/h2><\/div><div class=\"dp-dfg-custom-content\"><p class=\"dp-dfg-custom-field dp-dfg-cf-autors2\"><span class=\"dp-dfg-custom-field-value\">Eug\u00e9ne de Bernard Kurakin Goizueta<\/span><\/p><\/div><\/article><!-- DPDFG End Post Item Container --><article id=\"post-10346\" class=\"dp-dfg-item post-10346 obres_autors type-obres_autors status-publish has-post-thumbnail hentry tipus_tecniques-pintura tecnica_especifica-oli-sobre-tela autors-pere-bech-sudria disciplina-pintura \"     data-position=\"1658\"   data-new-tab=\"off\"   data-action-priority=\"item\"><figure class=\"dp-dfg-image entry-thumb\"><a href=\"https:\/\/www.museuemporda.org\/?obres_autors=figura-femenina-15\" class=\"dp-dfg-image-link\" ><img loading=\"lazy\" decoding=\"async\" class=\"dp-dfg-featured-image\" src=\"https:\/\/www.museuemporda.org\/wp-content\/uploads\/2022\/01\/mE-2249-250x250.jpg\" alt=\"Figura femenina\" width=\"250\" height=\"250\" data-ratio=\"1\"\/><\/a><\/figure><div class=\"dp-dfg-header entry-header\"><h2 class=\"entry-title\">Figura femenina<\/h2><\/div><div class=\"dp-dfg-custom-content\"><p class=\"dp-dfg-custom-field dp-dfg-cf-autors2\"><span class=\"dp-dfg-custom-field-value\">Pere Bech Sudri\u00e0<\/span><\/p><\/div><\/article><!-- DPDFG End Post Item Container --><article id=\"post-9955\" class=\"dp-dfg-item post-9955 obres_autors type-obres_autors status-publish has-post-thumbnail hentry tipus_tecniques-escultura tecnica_especifica-terra-cuita autors-josep-clara-ayats disciplina-escultura \"     data-position=\"1659\"   data-new-tab=\"off\"   data-action-priority=\"item\"><figure class=\"dp-dfg-image entry-thumb\"><a href=\"https:\/\/www.museuemporda.org\/?obres_autors=a-francesc-vinas\" class=\"dp-dfg-image-link\" ><img loading=\"lazy\" decoding=\"async\" class=\"dp-dfg-featured-image\" src=\"https:\/\/www.museuemporda.org\/wp-content\/uploads\/2022\/01\/mE-2165-1-250x250.jpg\" alt=\"A Francesc Vi\u00f1as\" width=\"250\" height=\"250\" data-ratio=\"1\"\/><\/a><\/figure><div class=\"dp-dfg-header entry-header\"><h2 class=\"entry-title\">A Francesc Vi\u00f1as<\/h2><\/div><div class=\"dp-dfg-custom-content\"><p class=\"dp-dfg-custom-field dp-dfg-cf-autors2\"><span class=\"dp-dfg-custom-field-value\">Josep Clar\u00e0 Ayats<\/span><\/p><\/div><\/article><!-- DPDFG End Post Item Container --><article id=\"post-10677\" class=\"dp-dfg-item post-10677 obres_autors type-obres_autors status-publish has-post-thumbnail hentry tipus_tecniques-obra-grafica tecnica_especifica-litografia autors-josep-bartoli-guiu disciplina-obra-grafic \"     data-position=\"1660\"   data-new-tab=\"off\"   data-action-priority=\"item\"><figure class=\"dp-dfg-image entry-thumb\"><a href=\"https:\/\/www.museuemporda.org\/?obres_autors=dona-negra-del-carib\" class=\"dp-dfg-image-link\" ><img loading=\"lazy\" decoding=\"async\" class=\"dp-dfg-featured-image\" src=\"https:\/\/www.museuemporda.org\/wp-content\/uploads\/2022\/02\/mE-1275-250x250.jpg\" alt=\"Dona negra del Carib\" width=\"250\" height=\"250\" data-ratio=\"1\"\/><\/a><\/figure><div class=\"dp-dfg-header entry-header\"><h2 class=\"entry-title\">Dona negra del Carib<\/h2><\/div><div class=\"dp-dfg-custom-content\"><p class=\"dp-dfg-custom-field dp-dfg-cf-autors2\"><span class=\"dp-dfg-custom-field-value\">Josep Bartol\u00ed Guiu<\/span><\/p><\/div><\/article><!-- DPDFG End Post Item Container --><article id=\"post-11888\" class=\"dp-dfg-item post-11888 obres_autors type-obres_autors status-publish has-post-thumbnail hentry tipus_tecniques-pintura tecnica_especifica-tecnica-mixta autors-clement-pujol disciplina-pintura \"     data-position=\"1661\"   data-new-tab=\"off\"   data-action-priority=\"item\"><figure class=\"dp-dfg-image entry-thumb\"><a href=\"https:\/\/www.museuemporda.org\/?obres_autors=retrat-de-joan-matas\" class=\"dp-dfg-image-link\" ><img loading=\"lazy\" decoding=\"async\" class=\"dp-dfg-featured-image\" src=\"https:\/\/www.museuemporda.org\/wp-content\/uploads\/2022\/02\/mE-1434-250x250.jpg\" alt=\"Retrat de Joan Matas\" width=\"250\" height=\"250\" data-ratio=\"1\"\/><\/a><\/figure><div class=\"dp-dfg-header entry-header\"><h2 class=\"entry-title\">Retrat de Joan Matas<\/h2><\/div><div class=\"dp-dfg-custom-content\"><p class=\"dp-dfg-custom-field dp-dfg-cf-autors2\"><span class=\"dp-dfg-custom-field-value\">Clement Pujol<\/span><\/p><\/div><\/article><!-- DPDFG End Post Item Container --><article id=\"post-9217\" class=\"dp-dfg-item post-9217 obres_autors type-obres_autors status-publish has-post-thumbnail hentry tecnica_especifica-pintura-acrilica-i-pasta-de-paper autors-nobuko-kihira disciplina-pintura \"     data-position=\"1662\"   data-new-tab=\"off\"   data-action-priority=\"item\"><figure class=\"dp-dfg-image entry-thumb\"><a href=\"https:\/\/www.museuemporda.org\/?obres_autors=la-forma-calligrafica-93-aha-shiro\" class=\"dp-dfg-image-link\" ><img loading=\"lazy\" decoding=\"async\" class=\"dp-dfg-featured-image\" src=\"https:\/\/www.museuemporda.org\/wp-content\/uploads\/2021\/11\/mE-2527-250x250.jpg\" alt=\"La forma cal\u00b7ligr\u00e0fica 93 (&#8220;Aha shiro&#8221;)\" width=\"250\" height=\"250\" data-ratio=\"1\"\/><\/a><\/figure><div class=\"dp-dfg-header entry-header\"><h2 class=\"entry-title\">La forma cal\u00b7ligr\u00e0fica 93 (&#8220;Aha shiro&#8221;)<\/h2><\/div><div class=\"dp-dfg-custom-content\"><p class=\"dp-dfg-custom-field dp-dfg-cf-autors2\"><span class=\"dp-dfg-custom-field-value\">Nobuko Kihira<\/span><\/p><\/div><\/article><!-- DPDFG End Post Item Container --><article id=\"post-12013\" class=\"dp-dfg-item post-12013 obres_autors type-obres_autors status-publish has-post-thumbnail hentry tipus_tecniques-obra-grafica tecnica_especifica-serigrafia autors-francesc-torres-iturrioz disciplina-obra-grafic \"     data-position=\"1663\"   data-new-tab=\"off\"   data-action-priority=\"item\"><figure class=\"dp-dfg-image entry-thumb\"><a href=\"https:\/\/www.museuemporda.org\/?obres_autors=ara-que\" class=\"dp-dfg-image-link\" ><img loading=\"lazy\" decoding=\"async\" class=\"dp-dfg-featured-image\" src=\"https:\/\/www.museuemporda.org\/wp-content\/uploads\/2022\/02\/mE-1682-250x250.jpg\" alt=\"Ara qu\u00e8?\" width=\"250\" height=\"250\" data-ratio=\"1\"\/><\/a><\/figure><div class=\"dp-dfg-header entry-header\"><h2 class=\"entry-title\">Ara qu\u00e8?<\/h2><\/div><div class=\"dp-dfg-custom-content\"><p class=\"dp-dfg-custom-field dp-dfg-cf-autors2\"><span class=\"dp-dfg-custom-field-value\">Francesc Torres Iturrioz<\/span><\/p><\/div><\/article><!-- DPDFG End Post Item Container --><article id=\"post-10753\" class=\"dp-dfg-item post-10753 obres_autors type-obres_autors status-publish has-post-thumbnail hentry tipus_tecniques-pintura tecnica_especifica-aquarella-sobre-paper autors-josep-berga-boix disciplina-pintura \"     data-position=\"1664\"   data-new-tab=\"off\"   data-action-priority=\"item\"><figure class=\"dp-dfg-image entry-thumb\"><a href=\"https:\/\/www.museuemporda.org\/?obres_autors=paisatge-66\" class=\"dp-dfg-image-link\" ><img loading=\"lazy\" decoding=\"async\" class=\"dp-dfg-featured-image\" src=\"https:\/\/www.museuemporda.org\/wp-content\/uploads\/2022\/02\/mE-1151-250x250.jpg\" alt=\"Paisatge\" width=\"250\" height=\"250\" data-ratio=\"1\"\/><\/a><\/figure><div class=\"dp-dfg-header entry-header\"><h2 class=\"entry-title\">Paisatge<\/h2><\/div><div class=\"dp-dfg-custom-content\"><p class=\"dp-dfg-custom-field dp-dfg-cf-autors2\"><span class=\"dp-dfg-custom-field-value\">Josep Berga Boix<\/span><\/p><\/div><\/article><!-- DPDFG End Post Item Container --><article id=\"post-12227\" class=\"dp-dfg-item post-12227 obres_autors type-obres_autors status-publish has-post-thumbnail hentry tipus_tecniques-indumentaria tecnica_especifica-teixit autors-autoria-desconeguda disciplina-indumentaria \"     data-position=\"1665\"   data-new-tab=\"off\"   data-action-priority=\"item\"><figure class=\"dp-dfg-image entry-thumb\"><a href=\"https:\/\/www.museuemporda.org\/?obres_autors=vestit-de-bateig\" class=\"dp-dfg-image-link\" ><img loading=\"lazy\" decoding=\"async\" class=\"dp-dfg-featured-image\" src=\"https:\/\/www.museuemporda.org\/wp-content\/uploads\/2022\/03\/mE-908-250x250.jpg\" alt=\"Vestit de bateig\" width=\"250\" height=\"250\" data-ratio=\"1\"\/><\/a><\/figure><div class=\"dp-dfg-header entry-header\"><h2 class=\"entry-title\">Vestit de bateig<\/h2><\/div><div class=\"dp-dfg-custom-content\"><p class=\"dp-dfg-custom-field dp-dfg-cf-autors2\"><span class=\"dp-dfg-custom-field-value\">Autoria desconeguda<\/span><\/p><\/div><\/article><!-- DPDFG End Post Item Container --><article id=\"post-5893\" class=\"dp-dfg-item post-5893 obres_autors type-obres_autors status-publish has-post-thumbnail hentry tecnica_especifica-xilografia autors-pompeu-audivert-mir disciplina-obra-grafic \"     data-position=\"1666\"   data-new-tab=\"off\"   data-action-priority=\"item\"><figure class=\"dp-dfg-image entry-thumb\"><a href=\"https:\/\/www.museuemporda.org\/?obres_autors=composicio-de-tres-figures-geometritzades\" class=\"dp-dfg-image-link\" ><img loading=\"lazy\" decoding=\"async\" class=\"dp-dfg-featured-image\" src=\"https:\/\/www.museuemporda.org\/wp-content\/uploads\/2020\/10\/mE-1287-250x250.jpg\" alt=\"El treball\" width=\"250\" height=\"250\" data-ratio=\"1\"\/><\/a><\/figure><div class=\"dp-dfg-header entry-header\"><h2 class=\"entry-title\">El treball<\/h2><\/div><div class=\"dp-dfg-custom-content\"><p class=\"dp-dfg-custom-field dp-dfg-cf-autors2\"><span class=\"dp-dfg-custom-field-value\">Pompeu Audivert Mir<\/span><\/p><\/div><\/article><!-- DPDFG End Post Item Container --><article id=\"post-10173\" class=\"dp-dfg-item post-10173 obres_autors type-obres_autors status-publish has-post-thumbnail hentry tipus_tecniques-aquarella tecnica_especifica-aquarella-sobre-paper autors-lluis-roig-ensenat disciplina-pintura \"     data-position=\"1667\"   data-new-tab=\"off\"   data-action-priority=\"item\"><figure class=\"dp-dfg-image entry-thumb\"><a href=\"https:\/\/www.museuemporda.org\/?obres_autors=interior-rural\" class=\"dp-dfg-image-link\" ><img loading=\"lazy\" decoding=\"async\" class=\"dp-dfg-featured-image\" src=\"https:\/\/www.museuemporda.org\/wp-content\/uploads\/2022\/01\/mE-1103-250x250.jpg\" alt=\"Interior rural\" width=\"250\" height=\"250\" data-ratio=\"1\"\/><\/a><\/figure><div class=\"dp-dfg-header entry-header\"><h2 class=\"entry-title\">Interior rural<\/h2><\/div><div class=\"dp-dfg-custom-content\"><p class=\"dp-dfg-custom-field dp-dfg-cf-autors2\"><span class=\"dp-dfg-custom-field-value\">Llu\u00eds Roig Ense\u00f1at<\/span><\/p><\/div><\/article><!-- DPDFG End Post Item Container --><article id=\"post-13904\" class=\"dp-dfg-item post-13904 obres_autors type-obres_autors status-publish has-post-thumbnail hentry tipus_tecniques-dibuix tecnica_especifica-impressio-digital autors-pep-claparols-i-moret disciplina-dibuix \"     data-position=\"1668\"   data-new-tab=\"off\"   data-action-priority=\"item\"><figure class=\"dp-dfg-image entry-thumb\"><a href=\"https:\/\/www.museuemporda.org\/?obres_autors=sense-titol-291\" class=\"dp-dfg-image-link\" ><img loading=\"lazy\" decoding=\"async\" class=\"dp-dfg-featured-image\" src=\"https:\/\/www.museuemporda.org\/wp-content\/uploads\/2023\/06\/ME2653-PEP98-250x250.jpg\" alt=\"Sense t\u00edtol\" width=\"250\" height=\"250\" data-ratio=\"1\"\/><\/a><\/figure><div class=\"dp-dfg-header entry-header\"><h2 class=\"entry-title\">Sense t\u00edtol<\/h2><\/div><div class=\"dp-dfg-custom-content\"><p class=\"dp-dfg-custom-field dp-dfg-cf-autors2\"><span class=\"dp-dfg-custom-field-value\">Pep Claparols i Moret<\/span><\/p><\/div><\/article><!-- DPDFG End Post Item Container --><article id=\"post-8274\" class=\"dp-dfg-item post-8274 obres_autors type-obres_autors status-publish has-post-thumbnail hentry tecnica_especifica-guix-policromat autors-artur-novoa-cabra disciplina-escultura \"     data-position=\"1669\"   data-new-tab=\"off\"   data-action-priority=\"item\"><figure class=\"dp-dfg-image entry-thumb\"><a href=\"https:\/\/www.museuemporda.org\/?obres_autors=cap-de-noia-2\" class=\"dp-dfg-image-link\" ><img loading=\"lazy\" decoding=\"async\" class=\"dp-dfg-featured-image\" src=\"https:\/\/www.museuemporda.org\/wp-content\/uploads\/2021\/08\/mE-1379-250x250.jpg\" alt=\"Cap de noia\" width=\"250\" height=\"250\" data-ratio=\"1\"\/><\/a><\/figure><div class=\"dp-dfg-header entry-header\"><h2 class=\"entry-title\">Cap de noia<\/h2><\/div><div class=\"dp-dfg-custom-content\"><p class=\"dp-dfg-custom-field dp-dfg-cf-autors2\"><span class=\"dp-dfg-custom-field-value\">Artur Novoa Cabra<\/span><\/p><\/div><\/article><!-- DPDFG End Post Item Container --><article id=\"post-13844\" class=\"dp-dfg-item post-13844 obres_autors type-obres_autors status-publish has-post-thumbnail hentry tipus_tecniques-dibuix tecnica_especifica-impressio-digital autors-lluis-puigbert disciplina-obra-grafic \"     data-position=\"1670\"   data-new-tab=\"off\"   data-action-priority=\"item\"><figure class=\"dp-dfg-image entry-thumb\"><a href=\"https:\/\/www.museuemporda.org\/?obres_autors=sense-titol-266\" class=\"dp-dfg-image-link\" ><img loading=\"lazy\" decoding=\"async\" class=\"dp-dfg-featured-image\" src=\"https:\/\/www.museuemporda.org\/wp-content\/uploads\/2023\/06\/ME2628-SID-PUIGBERT15-250x250.jpg\" alt=\"Sense t\u00edtol\" width=\"250\" height=\"250\" data-ratio=\"1\"\/><\/a><\/figure><div class=\"dp-dfg-header entry-header\"><h2 class=\"entry-title\">Sense t\u00edtol<\/h2><\/div><div class=\"dp-dfg-custom-content\"><p class=\"dp-dfg-custom-field dp-dfg-cf-autors2\"><span class=\"dp-dfg-custom-field-value\">Llu\u00eds Puigbert<\/span><\/p><\/div><\/article><!-- DPDFG End Post Item Container --><article id=\"post-13875\" class=\"dp-dfg-item post-13875 obres_autors type-obres_autors status-publish has-post-thumbnail hentry autors-pep-claparols-i-moret disciplina-dibuix \"     data-position=\"1671\"   data-new-tab=\"off\"   data-action-priority=\"item\"><figure class=\"dp-dfg-image entry-thumb\"><a href=\"https:\/\/www.museuemporda.org\/?obres_autors=sense-titol-277\" class=\"dp-dfg-image-link\" ><img loading=\"lazy\" decoding=\"async\" class=\"dp-dfg-featured-image\" src=\"https:\/\/www.museuemporda.org\/wp-content\/uploads\/2023\/06\/ME2639-PEP98-250x250.jpg\" alt=\"Sense t\u00edtol\" width=\"250\" height=\"250\" data-ratio=\"1\"\/><\/a><\/figure><div class=\"dp-dfg-header entry-header\"><h2 class=\"entry-title\">Sense t\u00edtol<\/h2><\/div><div class=\"dp-dfg-custom-content\"><p class=\"dp-dfg-custom-field dp-dfg-cf-autors2\"><span class=\"dp-dfg-custom-field-value\">Pep Claparols i Moret<\/span><\/p><\/div><\/article><!-- DPDFG End Post Item Container --><article id=\"post-9726\" class=\"dp-dfg-item post-9726 obres_autors type-obres_autors status-publish has-post-thumbnail hentry tipus_tecniques-fotografia tecnica_especifica-fotografia autors-joaquim-fort-de-ribot disciplina-fotografia \"     data-position=\"1672\"   data-new-tab=\"off\"   data-action-priority=\"item\"><figure class=\"dp-dfg-image entry-thumb\"><a href=\"https:\/\/www.museuemporda.org\/?obres_autors=carbonera\" class=\"dp-dfg-image-link\" ><img loading=\"lazy\" decoding=\"async\" class=\"dp-dfg-featured-image\" src=\"https:\/\/www.museuemporda.org\/wp-content\/uploads\/2022\/01\/mE-2452-250x250.jpg\" alt=\"Carbonera\" width=\"250\" height=\"250\" data-ratio=\"1\"\/><\/a><\/figure><div class=\"dp-dfg-header entry-header\"><h2 class=\"entry-title\">Carbonera<\/h2><\/div><div class=\"dp-dfg-custom-content\"><p class=\"dp-dfg-custom-field dp-dfg-cf-autors2\"><span class=\"dp-dfg-custom-field-value\">Joaquim Fort de Ribot<\/span><\/p><\/div><\/article><!-- DPDFG End Post Item Container --><article id=\"post-14264\" class=\"dp-dfg-item post-14264 obres_autors type-obres_autors status-publish has-post-thumbnail hentry tipus_tecniques-dibuix tecnica_especifica-impressio-digital autors-quim-bou disciplina-dibuix \"     data-position=\"1673\"   data-new-tab=\"off\"   data-action-priority=\"item\"><figure class=\"dp-dfg-image entry-thumb\"><a href=\"https:\/\/www.museuemporda.org\/?obres_autors=sense-titol-456\" class=\"dp-dfg-image-link\" ><img loading=\"lazy\" decoding=\"async\" class=\"dp-dfg-featured-image\" src=\"https:\/\/www.museuemporda.org\/wp-content\/uploads\/2023\/07\/ME2841-BOU-250x250.jpg\" alt=\"Sense t\u00edtol\" width=\"250\" height=\"250\" data-ratio=\"1\"\/><\/a><\/figure><div class=\"dp-dfg-header entry-header\"><h2 class=\"entry-title\">Sense t\u00edtol<\/h2><\/div><div class=\"dp-dfg-custom-content\"><p class=\"dp-dfg-custom-field dp-dfg-cf-autors2\"><span class=\"dp-dfg-custom-field-value\">Quim Bou<\/span><\/p><\/div><\/article><!-- DPDFG End Post Item Container --><article id=\"post-5804\" class=\"dp-dfg-item post-5804 obres_autors type-obres_autors status-publish has-post-thumbnail hentry tecnica_especifica-oli-sobre-tela autors-antoni-caba-casamitjana disciplina-pintura \"     data-position=\"1674\"   data-new-tab=\"off\"   data-action-priority=\"item\"><figure class=\"dp-dfg-image entry-thumb\"><a href=\"https:\/\/www.museuemporda.org\/?obres_autors=testa-de-vell\" class=\"dp-dfg-image-link\" ><img loading=\"lazy\" decoding=\"async\" class=\"dp-dfg-featured-image\" src=\"https:\/\/www.museuemporda.org\/wp-content\/uploads\/2020\/04\/mE-1184-250x250.jpg\" alt=\"Estudi de cap d&#8217;home\" width=\"250\" height=\"250\" data-ratio=\"1\"\/><\/a><\/figure><div class=\"dp-dfg-header entry-header\"><h2 class=\"entry-title\">Estudi de cap d&#8217;home<\/h2><\/div><div class=\"dp-dfg-custom-content\"><p class=\"dp-dfg-custom-field dp-dfg-cf-autors2\"><span class=\"dp-dfg-custom-field-value\">Antoni Caba Casamitjana<\/span><\/p><\/div><\/article><!-- DPDFG End Post Item Container --><article id=\"post-5917\" class=\"dp-dfg-item post-5917 obres_autors type-obres_autors status-publish has-post-thumbnail hentry autors-pau-gargallo-catalan disciplina-escultura \"     data-position=\"1675\"   data-new-tab=\"off\"   data-action-priority=\"item\"><figure class=\"dp-dfg-image entry-thumb\"><a href=\"https:\/\/www.museuemporda.org\/?obres_autors=petita-maternitat\" class=\"dp-dfg-image-link\" ><img loading=\"lazy\" decoding=\"async\" class=\"dp-dfg-featured-image\" src=\"https:\/\/www.museuemporda.org\/wp-content\/uploads\/2020\/04\/mE-683-250x250.jpg\" alt=\"Petita maternitat\" width=\"250\" height=\"250\" data-ratio=\"1\"\/><\/a><\/figure><div class=\"dp-dfg-header entry-header\"><h2 class=\"entry-title\">Petita maternitat<\/h2><\/div><div class=\"dp-dfg-custom-content\"><p class=\"dp-dfg-custom-field dp-dfg-cf-autors2\"><span class=\"dp-dfg-custom-field-value\">Pau Gargallo Catal\u00e1n<\/span><\/p><\/div><\/article><!-- DPDFG End Post Item Container --><article id=\"post-9659\" class=\"dp-dfg-item post-9659 obres_autors type-obres_autors status-publish has-post-thumbnail hentry tipus_tecniques-fotografia tecnica_especifica-fotografia autors-andres-buhlmann disciplina-fotografia \"     data-position=\"1676\"   data-new-tab=\"off\"   data-action-priority=\"item\"><figure class=\"dp-dfg-image entry-thumb\"><a href=\"https:\/\/www.museuemporda.org\/?obres_autors=sense-titol-20\" class=\"dp-dfg-image-link\" ><img loading=\"lazy\" decoding=\"async\" class=\"dp-dfg-featured-image\" src=\"https:\/\/www.museuemporda.org\/wp-content\/uploads\/2022\/01\/mE-1631-250x250.jpg\" alt=\"Sense t\u00edtol\" width=\"250\" height=\"250\" data-ratio=\"1\"\/><\/a><\/figure><div class=\"dp-dfg-header entry-header\"><h2 class=\"entry-title\">Sense t\u00edtol<\/h2><\/div><div class=\"dp-dfg-custom-content\"><p class=\"dp-dfg-custom-field dp-dfg-cf-autors2\"><span class=\"dp-dfg-custom-field-value\">Andr\u00e9s B\u00fchlmann<\/span><\/p><\/div><\/article><!-- DPDFG End Post Item Container --><article id=\"post-9168\" class=\"dp-dfg-item post-9168 obres_autors type-obres_autors status-publish has-post-thumbnail hentry tipus_tecniques-ceramica autors-autoria-desconeguda disciplina-arqueologia \"     data-position=\"1677\"   data-new-tab=\"off\"   data-action-priority=\"item\"><figure class=\"dp-dfg-image entry-thumb\"><a href=\"https:\/\/www.museuemporda.org\/?obres_autors=bol-5\" class=\"dp-dfg-image-link\" ><img loading=\"lazy\" decoding=\"async\" class=\"dp-dfg-featured-image\" src=\"https:\/\/www.museuemporda.org\/wp-content\/uploads\/2021\/11\/mE-558-250x250.jpg\" alt=\"Bol\" width=\"250\" height=\"250\" data-ratio=\"1\"\/><\/a><\/figure><div class=\"dp-dfg-header entry-header\"><h2 class=\"entry-title\">Bol<\/h2><\/div><div class=\"dp-dfg-custom-content\"><p class=\"dp-dfg-custom-field dp-dfg-cf-autors2\"><span class=\"dp-dfg-custom-field-value\">Autoria desconeguda<\/span><\/p><\/div><\/article><!-- DPDFG End Post Item Container --><article id=\"post-14091\" class=\"dp-dfg-item post-14091 obres_autors type-obres_autors status-publish has-post-thumbnail hentry tipus_tecniques-dibuix tecnica_especifica-impressio-digital autors-carles-roman disciplina-dibuix \"     data-position=\"1678\"   data-new-tab=\"off\"   data-action-priority=\"item\"><figure class=\"dp-dfg-image entry-thumb\"><a href=\"https:\/\/www.museuemporda.org\/?obres_autors=sense-titol-376\" class=\"dp-dfg-image-link\" ><img loading=\"lazy\" decoding=\"async\" class=\"dp-dfg-featured-image\" src=\"https:\/\/www.museuemporda.org\/wp-content\/uploads\/2023\/06\/ME2740-ROMAN-250x250.jpg\" alt=\"Sense t\u00edtol\" width=\"250\" height=\"250\" data-ratio=\"1\"\/><\/a><\/figure><div class=\"dp-dfg-header entry-header\"><h2 class=\"entry-title\">Sense t\u00edtol<\/h2><\/div><div class=\"dp-dfg-custom-content\"><p class=\"dp-dfg-custom-field dp-dfg-cf-autors2\"><span class=\"dp-dfg-custom-field-value\">Carles Roman<\/span><\/p><\/div><\/article><!-- DPDFG End Post Item Container --><article id=\"post-10619\" class=\"dp-dfg-item post-10619 obres_autors type-obres_autors status-publish has-post-thumbnail hentry tipus_tecniques-obra-grafica tecnica_especifica-serigrafia autors-pic-adrian disciplina-obra-grafic \"     data-position=\"1679\"   data-new-tab=\"off\"   data-action-priority=\"item\"><figure class=\"dp-dfg-image entry-thumb\"><a href=\"https:\/\/www.museuemporda.org\/?obres_autors=composicio-de-lobra-10-condizioni-lineari-di-segnaletica-aleatoria-3\" class=\"dp-dfg-image-link\" ><img loading=\"lazy\" decoding=\"async\" class=\"dp-dfg-featured-image\" src=\"https:\/\/www.museuemporda.org\/wp-content\/uploads\/2022\/02\/mE-1476-250x250.jpg\" alt=\"Composici\u00f3 de l&#8217;obra &#8220;10 condizioni lineari di segnaletica aleatoria&#8221;\" width=\"250\" height=\"250\" data-ratio=\"1\"\/><\/a><\/figure><div class=\"dp-dfg-header entry-header\"><h2 class=\"entry-title\">Composici\u00f3 de l&#8217;obra &#8220;10 condizioni lineari di segnaletica aleatoria&#8221;<\/h2><\/div><div class=\"dp-dfg-custom-content\"><p class=\"dp-dfg-custom-field dp-dfg-cf-autors2\"><span class=\"dp-dfg-custom-field-value\">Pic Adrian<\/span><\/p><\/div><\/article><!-- DPDFG End Post Item Container --><article id=\"post-10264\" class=\"dp-dfg-item post-10264 obres_autors type-obres_autors status-publish has-post-thumbnail hentry tipus_tecniques-dibuix tecnica_especifica-carbonet autors-pere-bech-sudria disciplina-dibuix \"     data-position=\"1680\"   data-new-tab=\"off\"   data-action-priority=\"item\"><figure class=\"dp-dfg-image entry-thumb\"><a href=\"https:\/\/www.museuemporda.org\/?obres_autors=autoretrat-7\" class=\"dp-dfg-image-link\" ><img loading=\"lazy\" decoding=\"async\" class=\"dp-dfg-featured-image\" src=\"https:\/\/www.museuemporda.org\/wp-content\/uploads\/2022\/01\/mE-2201-250x250.jpg\" alt=\"Autoretrat\" width=\"250\" height=\"250\" data-ratio=\"1\"\/><\/a><\/figure><div class=\"dp-dfg-header entry-header\"><h2 class=\"entry-title\">Autoretrat<\/h2><\/div><div class=\"dp-dfg-custom-content\"><p class=\"dp-dfg-custom-field dp-dfg-cf-autors2\"><span class=\"dp-dfg-custom-field-value\">Pere Bech Sudri\u00e0<\/span><\/p><\/div><\/article><!-- DPDFG End Post Item Container --><article id=\"post-9865\" class=\"dp-dfg-item post-9865 obres_autors type-obres_autors status-publish has-post-thumbnail hentry tipus_tecniques-fotografia tecnica_especifica-fotografia autors-jordi-puig disciplina-fotografia \"     data-position=\"1681\"   data-new-tab=\"off\"   data-action-priority=\"item\"><figure class=\"dp-dfg-image entry-thumb\"><a href=\"https:\/\/www.museuemporda.org\/?obres_autors=silencis-11\" class=\"dp-dfg-image-link\" ><img loading=\"lazy\" decoding=\"async\" class=\"dp-dfg-featured-image\" src=\"https:\/\/www.museuemporda.org\/wp-content\/uploads\/2022\/01\/10.jpg-250x250.jpg\" alt=\"Silencis &#8211; Mercedes Juv\u00e9 Acero\" width=\"250\" height=\"250\" data-ratio=\"1\"\/><\/a><\/figure><div class=\"dp-dfg-header entry-header\"><h2 class=\"entry-title\">Silencis &#8211; Mercedes Juv\u00e9 Acero<\/h2><\/div><div class=\"dp-dfg-custom-content\"><p class=\"dp-dfg-custom-field dp-dfg-cf-autors2\"><span class=\"dp-dfg-custom-field-value\">Jordi Puig<\/span><\/p><\/div><\/article><!-- DPDFG End Post Item Container --><article id=\"post-10701\" class=\"dp-dfg-item post-10701 obres_autors type-obres_autors status-publish has-post-thumbnail hentry tipus_tecniques-pintura tecnica_especifica-pintura autors-marti-vives disciplina-pintura \"     data-position=\"1682\"   data-new-tab=\"off\"   data-action-priority=\"item\"><figure class=\"dp-dfg-image entry-thumb\"><a href=\"https:\/\/www.museuemporda.org\/?obres_autors=la-campagne-a-perpignan\" class=\"dp-dfg-image-link\" ><img loading=\"lazy\" decoding=\"async\" class=\"dp-dfg-featured-image\" src=\"https:\/\/www.museuemporda.org\/wp-content\/uploads\/2022\/02\/mE-1076-250x250.jpg\" alt=\"La Campagne a Perpignan\" width=\"250\" height=\"250\" data-ratio=\"1\"\/><\/a><\/figure><div class=\"dp-dfg-header entry-header\"><h2 class=\"entry-title\">La Campagne a Perpignan<\/h2><\/div><div class=\"dp-dfg-custom-content\"><p class=\"dp-dfg-custom-field dp-dfg-cf-autors2\"><span class=\"dp-dfg-custom-field-value\">Mart\u00ed Viv\u00e8s<\/span><\/p><\/div><\/article><!-- DPDFG End Post Item Container --><article id=\"post-10301\" class=\"dp-dfg-item post-10301 obres_autors type-obres_autors status-publish has-post-thumbnail hentry tipus_tecniques-pintura tecnica_especifica-oli-sobre-tela autors-pere-bech-sudria disciplina-pintura \"     data-position=\"1683\"   data-new-tab=\"off\"   data-action-priority=\"item\"><figure class=\"dp-dfg-image entry-thumb\"><a href=\"https:\/\/www.museuemporda.org\/?obres_autors=paisatge-52\" class=\"dp-dfg-image-link\" ><img loading=\"lazy\" decoding=\"async\" class=\"dp-dfg-featured-image\" src=\"https:\/\/www.museuemporda.org\/wp-content\/uploads\/2022\/01\/mE-2220-250x250.jpg\" alt=\"Paisatge\" width=\"250\" height=\"250\" data-ratio=\"1\"\/><\/a><\/figure><div class=\"dp-dfg-header entry-header\"><h2 class=\"entry-title\">Paisatge<\/h2><\/div><div class=\"dp-dfg-custom-content\"><p class=\"dp-dfg-custom-field dp-dfg-cf-autors2\"><span class=\"dp-dfg-custom-field-value\">Pere Bech Sudri\u00e0<\/span><\/p><\/div><\/article><!-- DPDFG End Post Item Container --><article id=\"post-11058\" class=\"dp-dfg-item post-11058 obres_autors type-obres_autors status-publish has-post-thumbnail hentry tipus_tecniques-pintura tecnica_especifica-aquarella autors-enric-barber-gallostra disciplina-pintura \"     data-position=\"1684\"   data-new-tab=\"off\"   data-action-priority=\"item\"><figure class=\"dp-dfg-image entry-thumb\"><a href=\"https:\/\/www.museuemporda.org\/?obres_autors=paisatge-industrrial\" class=\"dp-dfg-image-link\" ><img loading=\"lazy\" decoding=\"async\" class=\"dp-dfg-featured-image\" src=\"https:\/\/www.museuemporda.org\/wp-content\/uploads\/2022\/02\/mE-1100-250x250.jpg\" alt=\"Paisatge industrrial\" width=\"250\" height=\"250\" data-ratio=\"1\"\/><\/a><\/figure><div class=\"dp-dfg-header entry-header\"><h2 class=\"entry-title\">Paisatge industrrial<\/h2><\/div><div class=\"dp-dfg-custom-content\"><p class=\"dp-dfg-custom-field dp-dfg-cf-autors2\"><span class=\"dp-dfg-custom-field-value\">Enric Barber Gallostra<\/span><\/p><\/div><\/article><!-- DPDFG End Post Item Container --><article id=\"post-8266\" class=\"dp-dfg-item post-8266 obres_autors type-obres_autors status-publish has-post-thumbnail hentry tecnica_especifica-oli-sobre-tela autors-maria-llavanera-miralles disciplina-pintura \"     data-position=\"1685\"   data-new-tab=\"off\"   data-action-priority=\"item\"><figure class=\"dp-dfg-image entry-thumb\"><a href=\"https:\/\/www.museuemporda.org\/?obres_autors=paisatge-de-les-rodalies-de-llado\" class=\"dp-dfg-image-link\" ><img loading=\"lazy\" decoding=\"async\" class=\"dp-dfg-featured-image\" src=\"https:\/\/www.museuemporda.org\/wp-content\/uploads\/2021\/08\/mE-740-250x250.jpg\" alt=\"Paisatge de les rodalies de Llad\u00f3\" width=\"250\" height=\"250\" data-ratio=\"1\"\/><\/a><\/figure><div class=\"dp-dfg-header entry-header\"><h2 class=\"entry-title\">Paisatge de les rodalies de Llad\u00f3<\/h2><\/div><div class=\"dp-dfg-custom-content\"><p class=\"dp-dfg-custom-field dp-dfg-cf-autors2\"><span class=\"dp-dfg-custom-field-value\">Mari\u00e0 Llavanera Miralles<\/span><\/p><\/div><\/article><!-- DPDFG End Post Item Container --><article id=\"post-10131\" class=\"dp-dfg-item post-10131 obres_autors type-obres_autors status-publish has-post-thumbnail hentry tipus_tecniques-aquarella tecnica_especifica-aquarella autors-pere-gironell-piernau disciplina-pintura \"     data-position=\"1686\"   data-new-tab=\"off\"   data-action-priority=\"item\"><figure class=\"dp-dfg-image entry-thumb\"><a href=\"https:\/\/www.museuemporda.org\/?obres_autors=el-garrigal-2\" class=\"dp-dfg-image-link\" ><img loading=\"lazy\" decoding=\"async\" class=\"dp-dfg-featured-image\" src=\"https:\/\/www.museuemporda.org\/wp-content\/uploads\/2022\/01\/mE-2393-250x250.jpg\" alt=\"El Garrigal\" width=\"250\" height=\"250\" data-ratio=\"1\"\/><\/a><\/figure><div class=\"dp-dfg-header entry-header\"><h2 class=\"entry-title\">El Garrigal<\/h2><\/div><div class=\"dp-dfg-custom-content\"><p class=\"dp-dfg-custom-field dp-dfg-cf-autors2\"><span class=\"dp-dfg-custom-field-value\">Pere Gironell Piernau<\/span><\/p><\/div><\/article><!-- DPDFG End Post Item Container --><article id=\"post-9904\" class=\"dp-dfg-item post-9904 obres_autors type-obres_autors status-publish has-post-thumbnail hentry tipus_tecniques-fotografia tecnica_especifica-fotografia autors-mabel-palacin-lahoz disciplina-fotografia \"     data-position=\"1687\"   data-new-tab=\"off\"   data-action-priority=\"item\"><figure class=\"dp-dfg-image entry-thumb\"><a href=\"https:\/\/www.museuemporda.org\/?obres_autors=sense-titol-projecte-sur-lautoroute-no-1-edicio-2-3\" class=\"dp-dfg-image-link\" ><img loading=\"lazy\" decoding=\"async\" class=\"dp-dfg-featured-image\" src=\"https:\/\/www.museuemporda.org\/wp-content\/uploads\/2022\/01\/mE-1765-250x250.jpg\" alt=\"Sense t\u00edtol. Projecte &#8216;Sur l&#8217;autoroute n\u00ba 1&#8217;. Edici\u00f3 2\/3\" width=\"250\" height=\"250\" data-ratio=\"1\"\/><\/a><\/figure><div class=\"dp-dfg-header entry-header\"><h2 class=\"entry-title\">Sense t\u00edtol. Projecte &#8216;Sur l&#8217;autoroute n\u00ba 1&#8217;. Edici\u00f3 2\/3<\/h2><\/div><div class=\"dp-dfg-custom-content\"><p class=\"dp-dfg-custom-field dp-dfg-cf-autors2\"><span class=\"dp-dfg-custom-field-value\">Mabel Palac\u00edn Lahoz<\/span><\/p><\/div><\/article><!-- DPDFG End Post Item Container --><article id=\"post-13753\" class=\"dp-dfg-item post-13753 obres_autors type-obres_autors status-publish has-post-thumbnail hentry tipus_tecniques-dibuix tecnica_especifica-aquarella-sobre-paper-2 tecnica_especifica-tinta-sobre-paper autors-juliette-murphy disciplina-dibuix \"     data-position=\"1688\"   data-new-tab=\"off\"   data-action-priority=\"item\"><figure class=\"dp-dfg-image entry-thumb\"><a href=\"https:\/\/www.museuemporda.org\/?obres_autors=sense-titol-221\" class=\"dp-dfg-image-link\" ><img loading=\"lazy\" decoding=\"async\" class=\"dp-dfg-featured-image\" src=\"https:\/\/www.museuemporda.org\/wp-content\/uploads\/2023\/06\/ME2583-MURPHY07-250x250.jpg\" alt=\"Sense t\u00edtol\" width=\"250\" height=\"250\" data-ratio=\"1\"\/><\/a><\/figure><div class=\"dp-dfg-header entry-header\"><h2 class=\"entry-title\">Sense t\u00edtol<\/h2><\/div><div class=\"dp-dfg-custom-content\"><p class=\"dp-dfg-custom-field dp-dfg-cf-autors2\"><span class=\"dp-dfg-custom-field-value\">Juliette Murphy<\/span><\/p><\/div><\/article><!-- DPDFG End Post Item Container --><article id=\"post-9172\" class=\"dp-dfg-item post-9172 obres_autors type-obres_autors status-publish has-post-thumbnail hentry tecnica_especifica-pisa-blanca-policromada autors-autoria-desconeguda disciplina-arqueologia \"     data-position=\"1689\"   data-new-tab=\"off\"   data-action-priority=\"item\"><figure class=\"dp-dfg-image entry-thumb\"><a href=\"https:\/\/www.museuemporda.org\/?obres_autors=plat-4\" class=\"dp-dfg-image-link\" ><img loading=\"lazy\" decoding=\"async\" class=\"dp-dfg-featured-image\" src=\"https:\/\/www.museuemporda.org\/wp-content\/uploads\/2021\/11\/mE-421-250x250.jpg\" alt=\"Plat\" width=\"250\" height=\"250\" data-ratio=\"1\"\/><\/a><\/figure><div class=\"dp-dfg-header entry-header\"><h2 class=\"entry-title\">Plat<\/h2><\/div><div class=\"dp-dfg-custom-content\"><p class=\"dp-dfg-custom-field dp-dfg-cf-autors2\"><span class=\"dp-dfg-custom-field-value\">Autoria desconeguda<\/span><\/p><\/div><\/article><!-- DPDFG End Post Item Container --><article id=\"post-14602\" class=\"dp-dfg-item post-14602 obres_autors type-obres_autors status-publish has-post-thumbnail hentry tipus_tecniques-obra-grafica tecnica_especifica-impressio-digital autors-joan-antoni-poch disciplina-obra-grafic \"     data-position=\"1690\"   data-new-tab=\"off\"   data-action-priority=\"item\"><figure class=\"dp-dfg-image entry-thumb\"><a href=\"https:\/\/www.museuemporda.org\/?obres_autors=sense-titol-535\" class=\"dp-dfg-image-link\" ><img loading=\"lazy\" decoding=\"async\" class=\"dp-dfg-featured-image\" src=\"https:\/\/www.museuemporda.org\/wp-content\/uploads\/2023\/07\/ME2780-JAP-250x250.jpg\" alt=\"Sense t\u00edtol\" width=\"250\" height=\"250\" data-ratio=\"1\"\/><\/a><\/figure><div class=\"dp-dfg-header entry-header\"><h2 class=\"entry-title\">Sense t\u00edtol<\/h2><\/div><div class=\"dp-dfg-custom-content\"><p class=\"dp-dfg-custom-field dp-dfg-cf-autors2\"><span class=\"dp-dfg-custom-field-value\">Joan Antoni Poch<\/span><\/p><\/div><\/article><!-- DPDFG End Post Item Container --><article id=\"post-10404\" class=\"dp-dfg-item post-10404 obres_autors type-obres_autors status-publish has-post-thumbnail hentry tipus_tecniques-escultura tecnica_especifica-guix autors-artur-novoa-cabra disciplina-escultura \"     data-position=\"1691\"   data-new-tab=\"off\"   data-action-priority=\"item\"><figure class=\"dp-dfg-image entry-thumb\"><a href=\"https:\/\/www.museuemporda.org\/?obres_autors=sense-titol-65\" class=\"dp-dfg-image-link\" ><img loading=\"lazy\" decoding=\"async\" class=\"dp-dfg-featured-image\" src=\"https:\/\/www.museuemporda.org\/wp-content\/uploads\/2022\/01\/mE-1919-250x250.jpg\" alt=\"Sense t\u00edtol\" width=\"250\" height=\"250\" data-ratio=\"1\"\/><\/a><\/figure><div class=\"dp-dfg-header entry-header\"><h2 class=\"entry-title\">Sense t\u00edtol<\/h2><\/div><div class=\"dp-dfg-custom-content\"><p class=\"dp-dfg-custom-field dp-dfg-cf-autors2\"><span class=\"dp-dfg-custom-field-value\">Artur Novoa Cabra<\/span><\/p><\/div><\/article><!-- DPDFG End Post Item Container --><article id=\"post-5718\" class=\"dp-dfg-item post-5718 obres_autors type-obres_autors status-publish has-post-thumbnail hentry autors-autoria-desconeguda \"     data-position=\"1692\"   data-new-tab=\"off\"   data-action-priority=\"item\"><figure class=\"dp-dfg-image entry-thumb\"><a href=\"https:\/\/www.museuemporda.org\/?obres_autors=raspador\" class=\"dp-dfg-image-link\" ><img loading=\"lazy\" decoding=\"async\" class=\"dp-dfg-featured-image\" src=\"https:\/\/www.museuemporda.org\/wp-content\/uploads\/2020\/07\/mE-561_1-250x250.jpg\" alt=\"Raspador\" width=\"250\" height=\"250\" data-ratio=\"1\"\/><\/a><\/figure><div class=\"dp-dfg-header entry-header\"><h2 class=\"entry-title\">Raspador<\/h2><\/div><div class=\"dp-dfg-custom-content\"><p class=\"dp-dfg-custom-field dp-dfg-cf-autors2\"><span class=\"dp-dfg-custom-field-value\">Autoria desconeguda<\/span><\/p><\/div><\/article><!-- DPDFG End Post Item Container --><article id=\"post-13812\" class=\"dp-dfg-item post-13812 obres_autors type-obres_autors status-publish has-post-thumbnail hentry tipus_tecniques-dibuix tecnica_especifica-impressio-digital autors-lluis-puigbert disciplina-obra-grafic \"     data-position=\"1693\"   data-new-tab=\"off\"   data-action-priority=\"item\"><figure class=\"dp-dfg-image entry-thumb\"><a href=\"https:\/\/www.museuemporda.org\/?obres_autors=sense-titol-250\" class=\"dp-dfg-image-link\" ><img loading=\"lazy\" decoding=\"async\" class=\"dp-dfg-featured-image\" src=\"https:\/\/www.museuemporda.org\/wp-content\/uploads\/2023\/06\/ME2612-SID03-250x250.jpg\" alt=\"Sense t\u00edtol\" width=\"250\" height=\"250\" data-ratio=\"1\"\/><\/a><\/figure><div class=\"dp-dfg-header entry-header\"><h2 class=\"entry-title\">Sense t\u00edtol<\/h2><\/div><div class=\"dp-dfg-custom-content\"><p class=\"dp-dfg-custom-field dp-dfg-cf-autors2\"><span class=\"dp-dfg-custom-field-value\">Llu\u00eds Puigbert<\/span><\/p><\/div><\/article><!-- DPDFG End Post Item Container --><article id=\"post-6020\" class=\"dp-dfg-item post-6020 obres_autors type-obres_autors status-publish has-post-thumbnail hentry tecnica_especifica-llapis-sobre-paper autors-evarist-valles-rovira disciplina-dibuix \"     data-position=\"1694\"   data-new-tab=\"off\"   data-action-priority=\"item\"><figure class=\"dp-dfg-image entry-thumb\"><a href=\"https:\/\/www.museuemporda.org\/?obres_autors=dibuix-surrealista\" class=\"dp-dfg-image-link\" ><img loading=\"lazy\" decoding=\"async\" class=\"dp-dfg-featured-image\" src=\"https:\/\/www.museuemporda.org\/wp-content\/uploads\/2020\/04\/mE-1159-250x250.jpg\" alt=\"Autoretrat\" width=\"250\" height=\"250\" data-ratio=\"1\"\/><\/a><\/figure><div class=\"dp-dfg-header entry-header\"><h2 class=\"entry-title\">Autoretrat<\/h2><\/div><div class=\"dp-dfg-custom-content\"><p class=\"dp-dfg-custom-field dp-dfg-cf-autors2\"><span class=\"dp-dfg-custom-field-value\">Evarist Vall\u00e8s Rovira<\/span><\/p><\/div><\/article><!-- DPDFG End Post Item Container --><article id=\"post-14633\" class=\"dp-dfg-item post-14633 obres_autors type-obres_autors status-publish has-post-thumbnail hentry tipus_tecniques-obra-grafica tecnica_especifica-impressio-digital autors-joan-antoni-poch disciplina-obra-grafic \"     data-position=\"1695\"   data-new-tab=\"off\"   data-action-priority=\"item\"><figure class=\"dp-dfg-image entry-thumb\"><a href=\"https:\/\/www.museuemporda.org\/?obres_autors=sense-titol-549\" class=\"dp-dfg-image-link\" ><img loading=\"lazy\" decoding=\"async\" class=\"dp-dfg-featured-image\" src=\"https:\/\/www.museuemporda.org\/wp-content\/uploads\/2023\/07\/ME2794-JAP-250x250.jpg\" alt=\"Sense t\u00edtol\" width=\"250\" height=\"250\" data-ratio=\"1\"\/><\/a><\/figure><div class=\"dp-dfg-header entry-header\"><h2 class=\"entry-title\">Sense t\u00edtol<\/h2><\/div><div class=\"dp-dfg-custom-content\"><p class=\"dp-dfg-custom-field dp-dfg-cf-autors2\"><span class=\"dp-dfg-custom-field-value\">Joan Antoni Poch<\/span><\/p><\/div><\/article><!-- DPDFG End Post Item Container --><article id=\"post-10529\" class=\"dp-dfg-item post-10529 obres_autors type-obres_autors status-publish has-post-thumbnail hentry tipus_tecniques-pintura tecnica_especifica-tecnica-mixta-sobre-paper autors-ramon-pujol-boira disciplina-pintura \"     data-position=\"1696\"   data-new-tab=\"off\"   data-action-priority=\"item\"><figure class=\"dp-dfg-image entry-thumb\"><a href=\"https:\/\/www.museuemporda.org\/?obres_autors=un-tall-de-lluna\" class=\"dp-dfg-image-link\" ><img loading=\"lazy\" decoding=\"async\" class=\"dp-dfg-featured-image\" src=\"https:\/\/www.museuemporda.org\/wp-content\/uploads\/2022\/02\/mE-1415-250x250.jpg\" alt=\"Un tall de lluna\" width=\"250\" height=\"250\" data-ratio=\"1\"\/><\/a><\/figure><div class=\"dp-dfg-header entry-header\"><h2 class=\"entry-title\">Un tall de lluna<\/h2><\/div><div class=\"dp-dfg-custom-content\"><p class=\"dp-dfg-custom-field dp-dfg-cf-autors2\"><span class=\"dp-dfg-custom-field-value\">Ramon Pujol Boira<\/span><\/p><\/div><\/article><!-- DPDFG End Post Item Container --><article id=\"post-9062\" class=\"dp-dfg-item post-9062 obres_autors type-obres_autors status-publish has-post-thumbnail hentry tipus_tecniques-guix autors-llorenc-cairo-sans disciplina-escultura \"     data-position=\"1697\"   data-new-tab=\"off\"   data-action-priority=\"item\"><figure class=\"dp-dfg-image entry-thumb\"><a href=\"https:\/\/www.museuemporda.org\/?obres_autors=ceres-al-legoria-de-lagricultura\" class=\"dp-dfg-image-link\" ><img loading=\"lazy\" decoding=\"async\" class=\"dp-dfg-featured-image\" src=\"https:\/\/www.museuemporda.org\/wp-content\/uploads\/2021\/11\/mE-1927-250x250.jpg\" alt=\"Ceres, al\u00b7legoria de l&#8217;agricultura\" width=\"250\" height=\"250\" data-ratio=\"1\"\/><\/a><\/figure><div class=\"dp-dfg-header entry-header\"><h2 class=\"entry-title\">Ceres, al\u00b7legoria de l&#8217;agricultura<\/h2><\/div><div class=\"dp-dfg-custom-content\"><p class=\"dp-dfg-custom-field dp-dfg-cf-autors2\"><span class=\"dp-dfg-custom-field-value\">Lloren\u00e7 Cair\u00f3 Sans<\/span><\/p><\/div><\/article><!-- DPDFG End Post Item Container --><article id=\"post-10137\" class=\"dp-dfg-item post-10137 obres_autors type-obres_autors status-publish has-post-thumbnail hentry tipus_tecniques-pintura tecnica_especifica-tecnica-mixta autors-nobuko-kihira disciplina-pintura \"     data-position=\"1698\"   data-new-tab=\"off\"   data-action-priority=\"item\"><figure class=\"dp-dfg-image entry-thumb\"><a href=\"https:\/\/www.museuemporda.org\/?obres_autors=kokoronino-blau-i-blanc\" class=\"dp-dfg-image-link\" ><img loading=\"lazy\" decoding=\"async\" class=\"dp-dfg-featured-image\" src=\"https:\/\/www.museuemporda.org\/wp-content\/uploads\/2022\/01\/mE-1430-250x250.jpg\" alt=\"Kokoronino. Blau i blanc\" width=\"250\" height=\"250\" data-ratio=\"1\"\/><\/a><\/figure><div class=\"dp-dfg-header entry-header\"><h2 class=\"entry-title\">Kokoronino. Blau i blanc<\/h2><\/div><div class=\"dp-dfg-custom-content\"><p class=\"dp-dfg-custom-field dp-dfg-cf-autors2\"><span class=\"dp-dfg-custom-field-value\">Nobuko Kihira<\/span><\/p><\/div><\/article><!-- DPDFG End Post Item Container --><article id=\"post-8113\" class=\"dp-dfg-item post-8113 obres_autors type-obres_autors status-publish has-post-thumbnail hentry tecnica_especifica-oli-sobre-tela autors-lluis-roura-juanola disciplina-pintura \"     data-position=\"1699\"   data-new-tab=\"off\"   data-action-priority=\"item\"><figure class=\"dp-dfg-image entry-thumb\"><a href=\"https:\/\/www.museuemporda.org\/?obres_autors=paisatge-13\" class=\"dp-dfg-image-link\" ><img loading=\"lazy\" decoding=\"async\" class=\"dp-dfg-featured-image\" src=\"https:\/\/www.museuemporda.org\/wp-content\/uploads\/2021\/08\/mE-1419-250x250.jpg\" alt=\"Paisatge\" width=\"250\" height=\"250\" data-ratio=\"1\"\/><\/a><\/figure><div class=\"dp-dfg-header entry-header\"><h2 class=\"entry-title\">Paisatge<\/h2><\/div><div class=\"dp-dfg-custom-content\"><p class=\"dp-dfg-custom-field dp-dfg-cf-autors2\"><span class=\"dp-dfg-custom-field-value\">Llu\u00eds Roura Juanola<\/span><\/p><\/div><\/article><!-- DPDFG End Post Item Container --><article id=\"post-8990\" class=\"dp-dfg-item post-8990 obres_autors type-obres_autors status-publish has-post-thumbnail hentry tecnica_especifica-oli-sobre-tela autors-lluis-roura-juanola disciplina-pintura \"     data-position=\"1700\"   data-new-tab=\"off\"   data-action-priority=\"item\"><figure class=\"dp-dfg-image entry-thumb\"><a href=\"https:\/\/www.museuemporda.org\/?obres_autors=capital-comarcal-figueres\" class=\"dp-dfg-image-link\" ><img loading=\"lazy\" decoding=\"async\" class=\"dp-dfg-featured-image\" src=\"https:\/\/www.museuemporda.org\/wp-content\/uploads\/2021\/11\/mE-765-250x250.jpg\" alt=\"Capital comarcal: Figueres\" width=\"250\" height=\"250\" data-ratio=\"1\"\/><\/a><\/figure><div class=\"dp-dfg-header entry-header\"><h2 class=\"entry-title\">Capital comarcal: Figueres<\/h2><\/div><div class=\"dp-dfg-custom-content\"><p class=\"dp-dfg-custom-field dp-dfg-cf-autors2\"><span class=\"dp-dfg-custom-field-value\">Llu\u00eds Roura Juanola<\/span><\/p><\/div><\/article><!-- DPDFG End Post Item Container --><article id=\"post-11788\" class=\"dp-dfg-item post-11788 obres_autors type-obres_autors status-publish has-post-thumbnail hentry tipus_tecniques-pintura tecnica_especifica-aquarella-sobre-paper autors-ceferi-olive-cabre disciplina-pintura \"     data-position=\"1701\"   data-new-tab=\"off\"   data-action-priority=\"item\"><figure class=\"dp-dfg-image entry-thumb\"><a href=\"https:\/\/www.museuemporda.org\/?obres_autors=interior-duna-casa-de-pages\" class=\"dp-dfg-image-link\" ><img loading=\"lazy\" decoding=\"async\" class=\"dp-dfg-featured-image\" src=\"https:\/\/www.museuemporda.org\/wp-content\/uploads\/2022\/02\/mE-1093-250x250.jpg\" alt=\"Interior d&#8217;una casa de pag\u00e8s\" width=\"250\" height=\"250\" data-ratio=\"1\"\/><\/a><\/figure><div class=\"dp-dfg-header entry-header\"><h2 class=\"entry-title\">Interior d&#8217;una casa de pag\u00e8s<\/h2><\/div><div class=\"dp-dfg-custom-content\"><p class=\"dp-dfg-custom-field dp-dfg-cf-autors2\"><span class=\"dp-dfg-custom-field-value\">Cefer\u00ed Oliv\u00e9 Cabr\u00e9<\/span><\/p><\/div><\/article><!-- DPDFG End Post Item Container --><article id=\"post-10213\" class=\"dp-dfg-item post-10213 obres_autors type-obres_autors status-publish has-post-thumbnail hentry tipus_tecniques-aquarella tecnica_especifica-aquarella autors-pere-calders-rossinyol disciplina-pintura \"     data-position=\"1702\"   data-new-tab=\"off\"   data-action-priority=\"item\"><figure class=\"dp-dfg-image entry-thumb\"><a href=\"https:\/\/www.museuemporda.org\/?obres_autors=placa-de-cuauhtemoc\" class=\"dp-dfg-image-link\" ><img loading=\"lazy\" decoding=\"async\" class=\"dp-dfg-featured-image\" src=\"https:\/\/www.museuemporda.org\/wp-content\/uploads\/2022\/01\/mE-1299-250x250.jpg\" alt=\"Pla\u00e7a de Cuauht\u00e9moc\" width=\"250\" height=\"250\" data-ratio=\"1\"\/><\/a><\/figure><div class=\"dp-dfg-header entry-header\"><h2 class=\"entry-title\">Pla\u00e7a de Cuauht\u00e9moc<\/h2><\/div><div class=\"dp-dfg-custom-content\"><p class=\"dp-dfg-custom-field dp-dfg-cf-autors2\"><span class=\"dp-dfg-custom-field-value\">Pere Calders Rossinyol<\/span><\/p><\/div><\/article><!-- DPDFG End Post Item Container --><article id=\"post-8898\" class=\"dp-dfg-item post-8898 obres_autors type-obres_autors status-publish has-post-thumbnail hentry tecnica_especifica-dibuix-sobre-paper autors-ricard-canals-llambi disciplina-dibuix \"     data-position=\"1703\"   data-new-tab=\"off\"   data-action-priority=\"item\"><figure class=\"dp-dfg-image entry-thumb\"><a href=\"https:\/\/www.museuemporda.org\/?obres_autors=dona-asseguda\" class=\"dp-dfg-image-link\" ><img loading=\"lazy\" decoding=\"async\" class=\"dp-dfg-featured-image\" src=\"https:\/\/www.museuemporda.org\/wp-content\/uploads\/2021\/11\/mE-673-250x250.jpg\" alt=\"Dona asseguda\" width=\"250\" height=\"250\" data-ratio=\"1\"\/><\/a><\/figure><div class=\"dp-dfg-header entry-header\"><h2 class=\"entry-title\">Dona asseguda<\/h2><\/div><div class=\"dp-dfg-custom-content\"><p class=\"dp-dfg-custom-field dp-dfg-cf-autors2\"><span class=\"dp-dfg-custom-field-value\">Ricard Canals Llamb\u00ed<\/span><\/p><\/div><\/article><!-- DPDFG End Post Item Container --><article id=\"post-9013\" class=\"dp-dfg-item post-9013 obres_autors type-obres_autors status-publish has-post-thumbnail hentry tecnica_especifica-oli-sobre-tela autors-emili-sala-i-frances disciplina-pintura \"     data-position=\"1704\"   data-new-tab=\"off\"   data-action-priority=\"item\"><figure class=\"dp-dfg-image entry-thumb\"><a href=\"https:\/\/www.museuemporda.org\/?obres_autors=retrat-de-jacinto-felipe-picon-y-pardinas\" class=\"dp-dfg-image-link\" ><img loading=\"lazy\" decoding=\"async\" class=\"dp-dfg-featured-image\" src=\"https:\/\/www.museuemporda.org\/wp-content\/uploads\/2021\/11\/mE-1051-250x250.jpg\" alt=\"Retrat de Jacinto Felipe Pic\u00f3n y Pardi\u00f1as\" width=\"250\" height=\"250\" data-ratio=\"1\"\/><\/a><\/figure><div class=\"dp-dfg-header entry-header\"><h2 class=\"entry-title\">Retrat de Jacinto Felipe Pic\u00f3n y Pardi\u00f1as<\/h2><\/div><div class=\"dp-dfg-custom-content\"><p class=\"dp-dfg-custom-field dp-dfg-cf-autors2\"><span class=\"dp-dfg-custom-field-value\">Emili Sala i Franc\u00e9s<\/span><\/p><\/div><\/article><!-- DPDFG End Post Item Container --><article id=\"post-10663\" class=\"dp-dfg-item post-10663 obres_autors type-obres_autors status-publish has-post-thumbnail hentry tipus_tecniques-pintura tecnica_especifica-oli-sobre-tela autors-francesc-camps-ribera disciplina-pintura \"     data-position=\"1705\"   data-new-tab=\"off\"   data-action-priority=\"item\"><figure class=\"dp-dfg-image entry-thumb\"><a href=\"https:\/\/www.museuemporda.org\/?obres_autors=bodego-6\" class=\"dp-dfg-image-link\" ><img loading=\"lazy\" decoding=\"async\" class=\"dp-dfg-featured-image\" src=\"https:\/\/www.museuemporda.org\/wp-content\/uploads\/2022\/02\/mE-1303-250x250.jpg\" alt=\"Bodeg\u00f3\" width=\"250\" height=\"250\" data-ratio=\"1\"\/><\/a><\/figure><div class=\"dp-dfg-header entry-header\"><h2 class=\"entry-title\">Bodeg\u00f3<\/h2><\/div><div class=\"dp-dfg-custom-content\"><p class=\"dp-dfg-custom-field dp-dfg-cf-autors2\"><span class=\"dp-dfg-custom-field-value\">Francesc Camps Ribera<\/span><\/p><\/div><\/article><!-- DPDFG End Post Item Container --><article id=\"post-5891\" class=\"dp-dfg-item post-5891 obres_autors type-obres_autors status-publish has-post-thumbnail hentry tecnica_especifica-tecnica-mixta-sobre-cartro autors-josep-maria-subirachs-sitjar disciplina-pintura \"     data-position=\"1706\"   data-new-tab=\"off\"   data-action-priority=\"item\"><figure class=\"dp-dfg-image entry-thumb\"><a href=\"https:\/\/www.museuemporda.org\/?obres_autors=lemporda\" class=\"dp-dfg-image-link\" ><img loading=\"lazy\" decoding=\"async\" class=\"dp-dfg-featured-image\" src=\"https:\/\/www.museuemporda.org\/wp-content\/uploads\/2020\/04\/mE-1139-250x250.jpg\" alt=\"L&#8217;Empord\u00e0\" width=\"250\" height=\"250\" data-ratio=\"1\"\/><\/a><\/figure><div class=\"dp-dfg-header entry-header\"><h2 class=\"entry-title\">L&#8217;Empord\u00e0<\/h2><\/div><div class=\"dp-dfg-custom-content\"><p class=\"dp-dfg-custom-field dp-dfg-cf-autors2\"><span class=\"dp-dfg-custom-field-value\">Josep Maria Subirachs Sitjar<\/span><\/p><\/div><\/article><!-- DPDFG End Post Item Container --><article id=\"post-14327\" class=\"dp-dfg-item post-14327 obres_autors type-obres_autors status-publish has-post-thumbnail hentry tipus_tecniques-dibuix tecnica_especifica-impressio-digital autors-jordi-fenosa-tatay disciplina-dibuix \"     data-position=\"1707\"   data-new-tab=\"off\"   data-action-priority=\"item\"><figure class=\"dp-dfg-image entry-thumb\"><a href=\"https:\/\/www.museuemporda.org\/?obres_autors=sense-titol-485\" class=\"dp-dfg-image-link\" ><img loading=\"lazy\" decoding=\"async\" class=\"dp-dfg-featured-image\" src=\"https:\/\/www.museuemporda.org\/wp-content\/uploads\/2023\/07\/ME2871-TATAY-250x250.jpg\" alt=\"Sense t\u00edtol\" width=\"250\" height=\"250\" data-ratio=\"1\"\/><\/a><\/figure><div class=\"dp-dfg-header entry-header\"><h2 class=\"entry-title\">Sense t\u00edtol<\/h2><\/div><div class=\"dp-dfg-custom-content\"><p class=\"dp-dfg-custom-field dp-dfg-cf-autors2\"><span class=\"dp-dfg-custom-field-value\">Jordi Fenosa Tatay<\/span><\/p><\/div><\/article><!-- DPDFG End Post Item Container --><article id=\"post-12650\" class=\"dp-dfg-item post-12650 obres_autors type-obres_autors status-publish has-post-thumbnail hentry tipus_tecniques-dibuix tecnica_especifica-tinta-sobre-paper autors-emilia-xargay-pages disciplina-dibuix \"     data-position=\"1708\"   data-new-tab=\"off\"   data-action-priority=\"item\"><figure class=\"dp-dfg-image entry-thumb\"><a href=\"https:\/\/www.museuemporda.org\/?obres_autors=retrat-de-xavier-dalfo\" class=\"dp-dfg-image-link\" ><img loading=\"lazy\" decoding=\"async\" class=\"dp-dfg-featured-image\" src=\"https:\/\/www.museuemporda.org\/wp-content\/uploads\/2023\/06\/mE-2555-250x250.jpg\" alt=\"Retrat de Xavier Dalf\u00f3\" width=\"250\" height=\"250\" data-ratio=\"1\"\/><\/a><\/figure><div class=\"dp-dfg-header entry-header\"><h2 class=\"entry-title\">Retrat de Xavier Dalf\u00f3<\/h2><\/div><div class=\"dp-dfg-custom-content\"><p class=\"dp-dfg-custom-field dp-dfg-cf-autors2\"><span class=\"dp-dfg-custom-field-value\">Em\u00edlia Xargay Pag\u00e8s<\/span><\/p><\/div><\/article><!-- DPDFG End Post Item Container --><article id=\"post-14012\" class=\"dp-dfg-item post-14012 obres_autors type-obres_autors status-publish has-post-thumbnail hentry tipus_tecniques-dibuix tecnica_especifica-tinta-sobre-paper autors-pep-claparols-i-moret disciplina-dibuix \"     data-position=\"1709\"   data-new-tab=\"off\"   data-action-priority=\"item\"><figure class=\"dp-dfg-image entry-thumb\"><a href=\"https:\/\/www.museuemporda.org\/?obres_autors=sense-titol-341\" class=\"dp-dfg-image-link\" ><img loading=\"lazy\" decoding=\"async\" class=\"dp-dfg-featured-image\" src=\"https:\/\/www.museuemporda.org\/wp-content\/uploads\/2023\/06\/ME2703-PEP2004-1-250x250.jpg\" alt=\"Sense t\u00edtol\" width=\"250\" height=\"250\" data-ratio=\"1\"\/><\/a><\/figure><div class=\"dp-dfg-header entry-header\"><h2 class=\"entry-title\">Sense t\u00edtol<\/h2><\/div><div class=\"dp-dfg-custom-content\"><p class=\"dp-dfg-custom-field dp-dfg-cf-autors2\"><span class=\"dp-dfg-custom-field-value\">Pep Claparols i Moret<\/span><\/p><\/div><\/article><!-- DPDFG End Post Item Container --><article id=\"post-10573\" class=\"dp-dfg-item post-10573 obres_autors type-obres_autors status-publish has-post-thumbnail hentry tipus_tecniques-dibuix tecnica_especifica-dibuix-sobre-paper autors-maria-llavanera-miralles disciplina-dibuix \"     data-position=\"1710\"   data-new-tab=\"off\"   data-action-priority=\"item\"><figure class=\"dp-dfg-image entry-thumb\"><a href=\"https:\/\/www.museuemporda.org\/?obres_autors=retrat-de-dona-2\" class=\"dp-dfg-image-link\" ><img loading=\"lazy\" decoding=\"async\" class=\"dp-dfg-featured-image\" src=\"https:\/\/www.museuemporda.org\/wp-content\/uploads\/2022\/02\/mE-2295-250x250.jpg\" alt=\"Retrat de dona\" width=\"250\" height=\"250\" data-ratio=\"1\"\/><\/a><\/figure><div class=\"dp-dfg-header entry-header\"><h2 class=\"entry-title\">Retrat de dona<\/h2><\/div><div class=\"dp-dfg-custom-content\"><p class=\"dp-dfg-custom-field dp-dfg-cf-autors2\"><span class=\"dp-dfg-custom-field-value\">Mari\u00e0 Llavanera Miralles<\/span><\/p><\/div><\/article><!-- DPDFG End Post Item Container --><article id=\"post-9269\" class=\"dp-dfg-item post-9269 obres_autors type-obres_autors status-publish has-post-thumbnail hentry tecnica_especifica-oli-sobre-tela autors-ramon-bretx-comas disciplina-pintura \"     data-position=\"1711\"   data-new-tab=\"off\"   data-action-priority=\"item\"><figure class=\"dp-dfg-image entry-thumb\"><a href=\"https:\/\/www.museuemporda.org\/?obres_autors=paisatge-22\" class=\"dp-dfg-image-link\" ><img loading=\"lazy\" decoding=\"async\" class=\"dp-dfg-featured-image\" src=\"https:\/\/www.museuemporda.org\/wp-content\/uploads\/2021\/11\/mE-2342-250x250.jpg\" alt=\"Paisatge\" width=\"250\" height=\"250\" data-ratio=\"1\"\/><\/a><\/figure><div class=\"dp-dfg-header entry-header\"><h2 class=\"entry-title\">Paisatge<\/h2><\/div><div class=\"dp-dfg-custom-content\"><p class=\"dp-dfg-custom-field dp-dfg-cf-autors2\"><span class=\"dp-dfg-custom-field-value\">Ramon Bretx Comas<\/span><\/p><\/div><\/article><!-- DPDFG End Post Item Container --><article id=\"post-10814\" class=\"dp-dfg-item post-10814 obres_autors type-obres_autors status-publish has-post-thumbnail hentry tipus_tecniques-dibuix tecnica_especifica-llapis-carbo-sobre-paper autors-josep-lluis-pellicer-fenye disciplina-dibuix \"     data-position=\"1712\"   data-new-tab=\"off\"   data-action-priority=\"item\"><figure class=\"dp-dfg-image entry-thumb\"><a href=\"https:\/\/www.museuemporda.org\/?obres_autors=interior-i\" class=\"dp-dfg-image-link\" ><img loading=\"lazy\" decoding=\"async\" class=\"dp-dfg-featured-image\" src=\"https:\/\/www.museuemporda.org\/wp-content\/uploads\/2022\/02\/mE-1519-250x250.jpg\" alt=\"Interior I\" width=\"250\" height=\"250\" data-ratio=\"1\"\/><\/a><\/figure><div class=\"dp-dfg-header entry-header\"><h2 class=\"entry-title\">Interior I<\/h2><\/div><div class=\"dp-dfg-custom-content\"><p class=\"dp-dfg-custom-field dp-dfg-cf-autors2\"><span class=\"dp-dfg-custom-field-value\">Josep Llu\u00eds Pellicer Feny\u00e9<\/span><\/p><\/div><\/article><!-- DPDFG End Post Item Container --><article id=\"post-13628\" class=\"dp-dfg-item post-13628 obres_autors type-obres_autors status-publish has-post-thumbnail hentry tipus_tecniques-tapis tecnica_especifica-tapis autors-desconegut disciplina-obra-grafic \"     data-position=\"1713\"   data-new-tab=\"off\"   data-action-priority=\"item\"><figure class=\"dp-dfg-image entry-thumb\"><a href=\"https:\/\/www.museuemporda.org\/?obres_autors=tapis\" class=\"dp-dfg-image-link\" ><img loading=\"lazy\" decoding=\"async\" class=\"dp-dfg-featured-image\" src=\"https:\/\/www.museuemporda.org\/wp-content\/uploads\/2023\/06\/mE-2374-1-250x250.jpg\" alt=\"Tap\u00eds\" width=\"250\" height=\"250\" data-ratio=\"1\"\/><\/a><\/figure><div class=\"dp-dfg-header entry-header\"><h2 class=\"entry-title\">Tap\u00eds<\/h2><\/div><div class=\"dp-dfg-custom-content\"><p class=\"dp-dfg-custom-field dp-dfg-cf-autors2\"><span class=\"dp-dfg-custom-field-value\">Desconegut<\/span><\/p><\/div><\/article><!-- DPDFG End Post Item Container --><article id=\"post-10830\" class=\"dp-dfg-item post-10830 obres_autors type-obres_autors status-publish has-post-thumbnail hentry tipus_tecniques-dibuix tecnica_especifica-llapis-carbo-sobre-paper autors-josep-lluis-pellicer-fenye disciplina-dibuix \"     data-position=\"1714\"   data-new-tab=\"off\"   data-action-priority=\"item\"><figure class=\"dp-dfg-image entry-thumb\"><a href=\"https:\/\/www.museuemporda.org\/?obres_autors=quarantena-en-el-llatzeret-del-perthus-quarentenari-mr-gauguille-2\" class=\"dp-dfg-image-link\" ><img loading=\"lazy\" decoding=\"async\" class=\"dp-dfg-featured-image\" src=\"https:\/\/www.museuemporda.org\/wp-content\/uploads\/2022\/02\/mE-1540-250x250.jpg\" alt=\"Quarantena en el llatzeret del Perthus; Quarentenari Mr Gauguille\" width=\"250\" height=\"250\" data-ratio=\"1\"\/><\/a><\/figure><div class=\"dp-dfg-header entry-header\"><h2 class=\"entry-title\">Quarantena en el llatzeret del Perthus; Quarentenari Mr Gauguille<\/h2><\/div><div class=\"dp-dfg-custom-content\"><p class=\"dp-dfg-custom-field dp-dfg-cf-autors2\"><span class=\"dp-dfg-custom-field-value\">Josep Llu\u00eds Pellicer Feny\u00e9<\/span><\/p><\/div><\/article><!-- DPDFG End Post Item Container --><article id=\"post-10898\" class=\"dp-dfg-item post-10898 obres_autors type-obres_autors status-publish has-post-thumbnail hentry tipus_tecniques-pintura tecnica_especifica-oli-sobre-tela autors-antoni-caba-casamitjana disciplina-pintura \"     data-position=\"1715\"   data-new-tab=\"off\"   data-action-priority=\"item\"><figure class=\"dp-dfg-image entry-thumb\"><a href=\"https:\/\/www.museuemporda.org\/?obres_autors=retrat-del-comte-de-la-vall-de-marlas\" class=\"dp-dfg-image-link\" ><img loading=\"lazy\" decoding=\"async\" class=\"dp-dfg-featured-image\" src=\"https:\/\/www.museuemporda.org\/wp-content\/uploads\/2022\/02\/mE-1183-250x250.jpg\" alt=\"Retrat del comte de la vall de Marl\u00e1s\" width=\"250\" height=\"250\" data-ratio=\"1\"\/><\/a><\/figure><div class=\"dp-dfg-header entry-header\"><h2 class=\"entry-title\">Retrat del comte de la vall de Marl\u00e1s<\/h2><\/div><div class=\"dp-dfg-custom-content\"><p class=\"dp-dfg-custom-field dp-dfg-cf-autors2\"><span class=\"dp-dfg-custom-field-value\">Antoni Caba Casamitjana<\/span><\/p><\/div><\/article><!-- DPDFG End Post Item Container --><article id=\"post-10553\" class=\"dp-dfg-item post-10553 obres_autors type-obres_autors status-publish has-post-thumbnail hentry tipus_tecniques-pintura tecnica_especifica-tecnica-mixta-sobre-paper autors-maria-baig-minobis disciplina-pintura \"     data-position=\"1716\"   data-new-tab=\"off\"   data-action-priority=\"item\"><figure class=\"dp-dfg-image entry-thumb\"><a href=\"https:\/\/www.museuemporda.org\/?obres_autors=bruixa\" class=\"dp-dfg-image-link\" ><img loading=\"lazy\" decoding=\"async\" class=\"dp-dfg-featured-image\" src=\"https:\/\/www.museuemporda.org\/wp-content\/uploads\/2022\/02\/mE-1902-250x250.jpg\" alt=\"Bruixa\" width=\"250\" height=\"250\" data-ratio=\"1\"\/><\/a><\/figure><div class=\"dp-dfg-header entry-header\"><h2 class=\"entry-title\">Bruixa<\/h2><\/div><div class=\"dp-dfg-custom-content\"><p class=\"dp-dfg-custom-field dp-dfg-cf-autors2\"><span class=\"dp-dfg-custom-field-value\">Mari\u00e0 Baig Minobis<\/span><\/p><\/div><\/article><!-- DPDFG End Post Item Container --><article id=\"post-9846\" class=\"dp-dfg-item post-9846 obres_autors type-obres_autors status-publish has-post-thumbnail hentry tipus_tecniques-fotografia tecnica_especifica-fotografia autors-anna-marin-escursell disciplina-fotografia \"     data-position=\"1717\"   data-new-tab=\"off\"   data-action-priority=\"item\"><figure class=\"dp-dfg-image entry-thumb\"><a href=\"https:\/\/www.museuemporda.org\/?obres_autors=deuxieme-passage-foc\" class=\"dp-dfg-image-link\" ><img loading=\"lazy\" decoding=\"async\" class=\"dp-dfg-featured-image\" src=\"https:\/\/www.museuemporda.org\/wp-content\/uploads\/2022\/01\/mE-1638-250x250.jpg\" alt=\"Deuxi\u00e8me passage (foc)\" width=\"250\" height=\"250\" data-ratio=\"1\"\/><\/a><\/figure><div class=\"dp-dfg-header entry-header\"><h2 class=\"entry-title\">Deuxi\u00e8me passage (foc)<\/h2><\/div><div class=\"dp-dfg-custom-content\"><p class=\"dp-dfg-custom-field dp-dfg-cf-autors2\"><span class=\"dp-dfg-custom-field-value\">Anna Mar\u00edn Escursell<\/span><\/p><\/div><\/article><!-- DPDFG End Post Item Container --><article id=\"post-13830\" class=\"dp-dfg-item post-13830 obres_autors type-obres_autors status-publish has-post-thumbnail hentry tipus_tecniques-dibuix tecnica_especifica-impressio-digital autors-lluis-puigbert disciplina-obra-grafic \"     data-position=\"1718\"   data-new-tab=\"off\"   data-action-priority=\"item\"><figure class=\"dp-dfg-image entry-thumb\"><a href=\"https:\/\/www.museuemporda.org\/?obres_autors=sense-titol-259\" class=\"dp-dfg-image-link\" ><img loading=\"lazy\" decoding=\"async\" class=\"dp-dfg-featured-image\" src=\"https:\/\/www.museuemporda.org\/wp-content\/uploads\/2023\/06\/ME2621-SID-PUIGBERT08-250x250.jpg\" alt=\"Sense t\u00edtol\" width=\"250\" height=\"250\" data-ratio=\"1\"\/><\/a><\/figure><div class=\"dp-dfg-header entry-header\"><h2 class=\"entry-title\">Sense t\u00edtol<\/h2><\/div><div class=\"dp-dfg-custom-content\"><p class=\"dp-dfg-custom-field dp-dfg-cf-autors2\"><span class=\"dp-dfg-custom-field-value\">Llu\u00eds Puigbert<\/span><\/p><\/div><\/article><!-- DPDFG End Post Item Container --><article id=\"post-9762\" class=\"dp-dfg-item post-9762 obres_autors type-obres_autors status-publish has-post-thumbnail hentry tipus_tecniques-fotografia tecnica_especifica-fotografia autors-joaquim-fort-de-ribot disciplina-fotografia \"     data-position=\"1719\"   data-new-tab=\"off\"   data-action-priority=\"item\"><figure class=\"dp-dfg-image entry-thumb\"><a href=\"https:\/\/www.museuemporda.org\/?obres_autors=montserrat-fort\" class=\"dp-dfg-image-link\" ><img loading=\"lazy\" decoding=\"async\" class=\"dp-dfg-featured-image\" src=\"https:\/\/www.museuemporda.org\/wp-content\/uploads\/2022\/01\/mE-2473-250x250.jpg\" alt=\"Montserrat Fort\" width=\"250\" height=\"250\" data-ratio=\"1\"\/><\/a><\/figure><div class=\"dp-dfg-header entry-header\"><h2 class=\"entry-title\">Montserrat Fort<\/h2><\/div><div class=\"dp-dfg-custom-content\"><p class=\"dp-dfg-custom-field dp-dfg-cf-autors2\"><span class=\"dp-dfg-custom-field-value\">Joaquim Fort de Ribot<\/span><\/p><\/div><\/article><!-- DPDFG End Post Item Container --><article id=\"post-11093\" class=\"dp-dfg-item post-11093 obres_autors type-obres_autors status-publish has-post-thumbnail hentry tipus_tecniques-pintura tecnica_especifica-tecnica-mixta-sobre-fusta autors-wolfgang-berus disciplina-pintura \"     data-position=\"1720\"   data-new-tab=\"off\"   data-action-priority=\"item\"><figure class=\"dp-dfg-image entry-thumb\"><a href=\"https:\/\/www.museuemporda.org\/?obres_autors=reencontre-xv-vii-serie-empremta\" class=\"dp-dfg-image-link\" ><img loading=\"lazy\" decoding=\"async\" class=\"dp-dfg-featured-image\" src=\"https:\/\/www.museuemporda.org\/wp-content\/uploads\/2022\/02\/mE-2122-250x250.jpg\" alt=\"Reencontre XV\/VII (s\u00e8rie empremta)\" width=\"250\" height=\"250\" data-ratio=\"1\"\/><\/a><\/figure><div class=\"dp-dfg-header entry-header\"><h2 class=\"entry-title\">Reencontre XV\/VII (s\u00e8rie empremta)<\/h2><\/div><div class=\"dp-dfg-custom-content\"><p class=\"dp-dfg-custom-field dp-dfg-cf-autors2\"><span class=\"dp-dfg-custom-field-value\">Wolfgang Berus<\/span><\/p><\/div><\/article><!-- DPDFG End Post Item Container --><article id=\"post-9275\" class=\"dp-dfg-item post-9275 obres_autors type-obres_autors status-publish has-post-thumbnail hentry tecnica_especifica-oli-sobre-tela autors-ramon-bretx-comas disciplina-pintura \"     data-position=\"1721\"   data-new-tab=\"off\"   data-action-priority=\"item\"><figure class=\"dp-dfg-image entry-thumb\"><a href=\"https:\/\/www.museuemporda.org\/?obres_autors=paisatge-24\" class=\"dp-dfg-image-link\" ><img loading=\"lazy\" decoding=\"async\" class=\"dp-dfg-featured-image\" src=\"https:\/\/www.museuemporda.org\/wp-content\/uploads\/2021\/11\/mE-2345-250x250.jpg\" alt=\"Paisatge\" width=\"250\" height=\"250\" data-ratio=\"1\"\/><\/a><\/figure><div class=\"dp-dfg-header entry-header\"><h2 class=\"entry-title\">Paisatge<\/h2><\/div><div class=\"dp-dfg-custom-content\"><p class=\"dp-dfg-custom-field dp-dfg-cf-autors2\"><span class=\"dp-dfg-custom-field-value\">Ramon Bretx Comas<\/span><\/p><\/div><\/article><!-- DPDFG End Post Item Container --><article id=\"post-12258\" class=\"dp-dfg-item post-12258 obres_autors type-obres_autors status-publish has-post-thumbnail hentry tipus_tecniques-indumentaria tecnica_especifica-teixit-i-fusta autors-autoria-desconeguda disciplina-indumentaria \"     data-position=\"1722\"   data-new-tab=\"off\"   data-action-priority=\"item\"><figure class=\"dp-dfg-image entry-thumb\"><a href=\"https:\/\/www.museuemporda.org\/?obres_autors=sense-titol-190\" class=\"dp-dfg-image-link\" ><img loading=\"lazy\" decoding=\"async\" class=\"dp-dfg-featured-image\" src=\"https:\/\/www.museuemporda.org\/wp-content\/uploads\/2022\/03\/P7219286-scaled-e1648810388591-250x250.jpg\" alt=\"Sense t\u00edtol\" width=\"250\" height=\"250\" data-ratio=\"1\"\/><\/a><\/figure><div class=\"dp-dfg-header entry-header\"><h2 class=\"entry-title\">Sense t\u00edtol<\/h2><\/div><div class=\"dp-dfg-custom-content\"><p class=\"dp-dfg-custom-field dp-dfg-cf-autors2\"><span class=\"dp-dfg-custom-field-value\">Autoria desconeguda<\/span><\/p><\/div><\/article><!-- DPDFG End Post Item Container --><article id=\"post-14642\" class=\"dp-dfg-item post-14642 obres_autors type-obres_autors status-publish has-post-thumbnail hentry tipus_tecniques-obra-grafica tecnica_especifica-impressio-digital autors-joan-antoni-poch disciplina-obra-grafic \"     data-position=\"1723\"   data-new-tab=\"off\"   data-action-priority=\"item\"><figure class=\"dp-dfg-image entry-thumb\"><a href=\"https:\/\/www.museuemporda.org\/?obres_autors=sense-titol-553\" class=\"dp-dfg-image-link\" ><img loading=\"lazy\" decoding=\"async\" class=\"dp-dfg-featured-image\" src=\"https:\/\/www.museuemporda.org\/wp-content\/uploads\/2023\/07\/ME2798-JAP-250x250.jpg\" alt=\"Sense t\u00edtol\" width=\"250\" height=\"250\" data-ratio=\"1\"\/><\/a><\/figure><div class=\"dp-dfg-header entry-header\"><h2 class=\"entry-title\">Sense t\u00edtol<\/h2><\/div><div class=\"dp-dfg-custom-content\"><p class=\"dp-dfg-custom-field dp-dfg-cf-autors2\"><span class=\"dp-dfg-custom-field-value\">Joan Antoni Poch<\/span><\/p><\/div><\/article><!-- DPDFG End Post Item Container --><article id=\"post-10258\" class=\"dp-dfg-item post-10258 obres_autors type-obres_autors status-publish has-post-thumbnail hentry tipus_tecniques-pintura tecnica_especifica-aquarella-sobre-paper autors-pere-bech-sudria disciplina-pintura \"     data-position=\"1724\"   data-new-tab=\"off\"   data-action-priority=\"item\"><figure class=\"dp-dfg-image entry-thumb\"><a href=\"https:\/\/www.museuemporda.org\/?obres_autors=las-planas-de-castellote\" class=\"dp-dfg-image-link\" ><img loading=\"lazy\" decoding=\"async\" class=\"dp-dfg-featured-image\" src=\"https:\/\/www.museuemporda.org\/wp-content\/uploads\/2022\/01\/mE-2198-250x250.jpg\" alt=\"Las Planas de Castellote\" width=\"250\" height=\"250\" data-ratio=\"1\"\/><\/a><\/figure><div class=\"dp-dfg-header entry-header\"><h2 class=\"entry-title\">Las Planas de Castellote<\/h2><\/div><div class=\"dp-dfg-custom-content\"><p class=\"dp-dfg-custom-field dp-dfg-cf-autors2\"><span class=\"dp-dfg-custom-field-value\">Pere Bech Sudri\u00e0<\/span><\/p><\/div><\/article><!-- DPDFG End Post Item Container --><article id=\"post-11675\" class=\"dp-dfg-item post-11675 obres_autors type-obres_autors status-publish has-post-thumbnail hentry tipus_tecniques-pintura tecnica_especifica-pintura-sobre-taula autors-rafael-maria-martinez-padilla disciplina-pintura \"     data-position=\"1725\"   data-new-tab=\"off\"   data-action-priority=\"item\"><figure class=\"dp-dfg-image entry-thumb\"><a href=\"https:\/\/www.museuemporda.org\/?obres_autors=paisatge-verd\" class=\"dp-dfg-image-link\" ><img loading=\"lazy\" decoding=\"async\" class=\"dp-dfg-featured-image\" src=\"https:\/\/www.museuemporda.org\/wp-content\/uploads\/2022\/02\/mE-1335-250x250.jpg\" alt=\"Paisatge verd\" width=\"250\" height=\"250\" data-ratio=\"1\"\/><\/a><\/figure><div class=\"dp-dfg-header entry-header\"><h2 class=\"entry-title\">Paisatge verd<\/h2><\/div><div class=\"dp-dfg-custom-content\"><p class=\"dp-dfg-custom-field dp-dfg-cf-autors2\"><span class=\"dp-dfg-custom-field-value\">Rafael Maria Mart\u00ednez Padilla<\/span><\/p><\/div><\/article><!-- DPDFG End Post Item Container --><article id=\"post-9870\" class=\"dp-dfg-item post-9870 obres_autors type-obres_autors status-publish has-post-thumbnail hentry tipus_tecniques-fotografia tecnica_especifica-fotografia autors-autoria-desconeguda disciplina-fotografia \"     data-position=\"1726\"   data-new-tab=\"off\"   data-action-priority=\"item\"><figure class=\"dp-dfg-image entry-thumb\"><a href=\"https:\/\/www.museuemporda.org\/?obres_autors=sense-titol-32\" class=\"dp-dfg-image-link\" ><img loading=\"lazy\" decoding=\"async\" class=\"dp-dfg-featured-image\" src=\"https:\/\/www.museuemporda.org\/wp-content\/uploads\/2022\/01\/ME-2099_Jordi-Puig-2022-250x250.jpg\" alt=\"Sense t\u00edtol\" width=\"250\" height=\"250\" data-ratio=\"1\"\/><\/a><\/figure><div class=\"dp-dfg-header entry-header\"><h2 class=\"entry-title\">Sense t\u00edtol<\/h2><\/div><div class=\"dp-dfg-custom-content\"><p class=\"dp-dfg-custom-field dp-dfg-cf-autors2\"><span class=\"dp-dfg-custom-field-value\">Autoria desconeguda<\/span><\/p><\/div><\/article><!-- DPDFG End Post Item Container --><article id=\"post-13990\" class=\"dp-dfg-item post-13990 obres_autors type-obres_autors status-publish has-post-thumbnail hentry tipus_tecniques-dibuix tecnica_especifica-tinta-sobre-paper autors-pep-claparols-i-moret disciplina-dibuix \"     data-position=\"1727\"   data-new-tab=\"off\"   data-action-priority=\"item\"><figure class=\"dp-dfg-image entry-thumb\"><a href=\"https:\/\/www.museuemporda.org\/?obres_autors=sense-titol-332\" class=\"dp-dfg-image-link\" ><img loading=\"lazy\" decoding=\"async\" class=\"dp-dfg-featured-image\" src=\"https:\/\/www.museuemporda.org\/wp-content\/uploads\/2023\/06\/ME2694-PEP2001-250x250.jpg\" alt=\"Sense t\u00edtol\" width=\"250\" height=\"250\" data-ratio=\"1\"\/><\/a><\/figure><div class=\"dp-dfg-header entry-header\"><h2 class=\"entry-title\">Sense t\u00edtol<\/h2><\/div><div class=\"dp-dfg-custom-content\"><p class=\"dp-dfg-custom-field dp-dfg-cf-autors2\"><span class=\"dp-dfg-custom-field-value\">Pep Claparols i Moret<\/span><\/p><\/div><\/article><!-- DPDFG End Post Item Container --><article id=\"post-14470\" class=\"dp-dfg-item post-14470 obres_autors type-obres_autors status-publish has-post-thumbnail hentry tipus_tecniques-pintura tecnica_especifica-oli-sobre-tela autors-antoni-masferrer disciplina-pintura \"     data-position=\"1728\"   data-new-tab=\"off\"   data-action-priority=\"item\"><figure class=\"dp-dfg-image entry-thumb\"><a href=\"https:\/\/www.museuemporda.org\/?obres_autors=retrat-de-josep-rodeja-viader\" class=\"dp-dfg-image-link\" ><img loading=\"lazy\" decoding=\"async\" class=\"dp-dfg-featured-image\" src=\"https:\/\/www.museuemporda.org\/wp-content\/uploads\/2023\/07\/JPH5182-250x250.jpg\" alt=\"Retrat de Josep Rodeja Viader\" width=\"250\" height=\"250\" data-ratio=\"1\"\/><\/a><\/figure><div class=\"dp-dfg-header entry-header\"><h2 class=\"entry-title\">Retrat de Josep Rodeja Viader<\/h2><\/div><div class=\"dp-dfg-custom-content\"><p class=\"dp-dfg-custom-field dp-dfg-cf-autors2\"><span class=\"dp-dfg-custom-field-value\">Antoni Masferrer<\/span><\/p><\/div><\/article><!-- DPDFG End Post Item Container --><article id=\"post-11633\" class=\"dp-dfg-item post-11633 obres_autors type-obres_autors status-publish has-post-thumbnail hentry tipus_tecniques-obra-grafica tecnica_especifica-serigrafia autors-chema-lopez disciplina-obra-grafic \"     data-position=\"1729\"   data-new-tab=\"off\"   data-action-priority=\"item\"><figure class=\"dp-dfg-image entry-thumb\"><a href=\"https:\/\/www.museuemporda.org\/?obres_autors=sense-titol-143\" class=\"dp-dfg-image-link\" ><img loading=\"lazy\" decoding=\"async\" class=\"dp-dfg-featured-image\" src=\"https:\/\/www.museuemporda.org\/wp-content\/uploads\/2022\/02\/mE-1625-250x250.jpg\" alt=\"Sense t\u00edtol\" width=\"250\" height=\"250\" data-ratio=\"1\"\/><\/a><\/figure><div class=\"dp-dfg-header entry-header\"><h2 class=\"entry-title\">Sense t\u00edtol<\/h2><\/div><div class=\"dp-dfg-custom-content\"><p class=\"dp-dfg-custom-field dp-dfg-cf-autors2\"><span class=\"dp-dfg-custom-field-value\">Chema L\u00f3pez<\/span><\/p><\/div><\/article><!-- DPDFG End Post Item Container --><article id=\"post-14625\" class=\"dp-dfg-item post-14625 obres_autors type-obres_autors status-publish has-post-thumbnail hentry tipus_tecniques-obra-grafica tecnica_especifica-impressio-digital autors-joan-antoni-poch disciplina-obra-grafic \"     data-position=\"1730\"   data-new-tab=\"off\"   data-action-priority=\"item\"><figure class=\"dp-dfg-image entry-thumb\"><a href=\"https:\/\/www.museuemporda.org\/?obres_autors=sense-titol-545\" class=\"dp-dfg-image-link\" ><img loading=\"lazy\" decoding=\"async\" class=\"dp-dfg-featured-image\" src=\"https:\/\/www.museuemporda.org\/wp-content\/uploads\/2023\/07\/ME2790-JAP-250x250.jpg\" alt=\"Sense t\u00edtol\" width=\"250\" height=\"250\" data-ratio=\"1\"\/><\/a><\/figure><div class=\"dp-dfg-header entry-header\"><h2 class=\"entry-title\">Sense t\u00edtol<\/h2><\/div><div class=\"dp-dfg-custom-content\"><p class=\"dp-dfg-custom-field dp-dfg-cf-autors2\"><span class=\"dp-dfg-custom-field-value\">Joan Antoni Poch<\/span><\/p><\/div><\/article><!-- DPDFG End Post Item Container --><article id=\"post-10340\" class=\"dp-dfg-item post-10340 obres_autors type-obres_autors status-publish has-post-thumbnail hentry tipus_tecniques-dibuix tecnica_especifica-dibuix-sobre-paper autors-pere-bech-sudria disciplina-dibuix \"     data-position=\"1731\"   data-new-tab=\"off\"   data-action-priority=\"item\"><figure class=\"dp-dfg-image entry-thumb\"><a href=\"https:\/\/www.museuemporda.org\/?obres_autors=figura-femenina-nua\" class=\"dp-dfg-image-link\" ><img loading=\"lazy\" decoding=\"async\" class=\"dp-dfg-featured-image\" src=\"https:\/\/www.museuemporda.org\/wp-content\/uploads\/2022\/01\/mE-2246-250x250.jpg\" alt=\"Figura femenina nua\" width=\"250\" height=\"250\" data-ratio=\"1\"\/><\/a><\/figure><div class=\"dp-dfg-header entry-header\"><h2 class=\"entry-title\">Figura femenina nua<\/h2><\/div><div class=\"dp-dfg-custom-content\"><p class=\"dp-dfg-custom-field dp-dfg-cf-autors2\"><span class=\"dp-dfg-custom-field-value\">Pere Bech Sudri\u00e0<\/span><\/p><\/div><\/article><!-- DPDFG End Post Item Container --><article id=\"post-11506\" class=\"dp-dfg-item post-11506 obres_autors type-obres_autors status-publish has-post-thumbnail hentry tipus_tecniques-dibuix tecnica_especifica-dibuix-sobre-paper autors-gilbert-kirszbaum disciplina-dibuix \"     data-position=\"1732\"   data-new-tab=\"off\"   data-action-priority=\"item\"><figure class=\"dp-dfg-image entry-thumb\"><a href=\"https:\/\/www.museuemporda.org\/?obres_autors=pour-lenvol-qui-suivra-la-pensee-de-newton-no2-en-suivant-la-pensee-de-newton\" class=\"dp-dfg-image-link\" ><img loading=\"lazy\" decoding=\"async\" class=\"dp-dfg-featured-image\" src=\"https:\/\/www.museuemporda.org\/wp-content\/uploads\/2022\/02\/mE-2428-250x250.jpg\" alt=\"Pour l&#8217;envol qui suivra la pens\u00e9e de Newton n\u00ba2. (en suivant la pens\u00e9e de Newton)\" width=\"250\" height=\"250\" data-ratio=\"1\"\/><\/a><\/figure><div class=\"dp-dfg-header entry-header\"><h2 class=\"entry-title\">Pour l&#8217;envol qui suivra la pens\u00e9e de Newton n\u00ba2. (en suivant la pens\u00e9e de Newton)<\/h2><\/div><div class=\"dp-dfg-custom-content\"><p class=\"dp-dfg-custom-field dp-dfg-cf-autors2\"><span class=\"dp-dfg-custom-field-value\">Gilbert Kirszbaum<\/span><\/p><\/div><\/article><!-- DPDFG End Post Item Container --><article id=\"post-9917\" class=\"dp-dfg-item post-9917 obres_autors type-obres_autors status-publish has-post-thumbnail hentry tipus_tecniques-fotografia tecnica_especifica-fotografia autors-enric-ruiz-geli disciplina-fotografia \"     data-position=\"1733\"   data-new-tab=\"off\"   data-action-priority=\"item\"><figure class=\"dp-dfg-image entry-thumb\"><a href=\"https:\/\/www.museuemporda.org\/?obres_autors=villa-nurbs-empuriabrava\" class=\"dp-dfg-image-link\" ><img loading=\"lazy\" decoding=\"async\" class=\"dp-dfg-featured-image\" src=\"https:\/\/www.museuemporda.org\/wp-content\/uploads\/2022\/01\/mE-1699-250x250.jpg\" alt=\"Villa Nurbs, Empuriabrava\" width=\"250\" height=\"250\" data-ratio=\"1\"\/><\/a><\/figure><div class=\"dp-dfg-header entry-header\"><h2 class=\"entry-title\">Villa Nurbs, Empuriabrava<\/h2><\/div><div class=\"dp-dfg-custom-content\"><p class=\"dp-dfg-custom-field dp-dfg-cf-autors2\"><span class=\"dp-dfg-custom-field-value\">Enric Ruiz-Geli<\/span><\/p><\/div><\/article><!-- DPDFG End Post Item Container --><article id=\"post-8573\" class=\"dp-dfg-item post-8573 obres_autors type-obres_autors status-publish has-post-thumbnail hentry autors-francesc-guillamet-ferran disciplina-fotografia \"     data-position=\"1734\"   data-new-tab=\"off\"   data-action-priority=\"item\"><figure class=\"dp-dfg-image entry-thumb\"><a href=\"https:\/\/www.museuemporda.org\/?obres_autors=anec-amb-peres\" class=\"dp-dfg-image-link\" ><img loading=\"lazy\" decoding=\"async\" class=\"dp-dfg-featured-image\" src=\"https:\/\/www.museuemporda.org\/wp-content\/uploads\/2021\/10\/mE-2515-250x250.jpg\" alt=\"\u00c0nec amb peres\" width=\"250\" height=\"250\" data-ratio=\"1\"\/><\/a><\/figure><div class=\"dp-dfg-header entry-header\"><h2 class=\"entry-title\">\u00c0nec amb peres<\/h2><\/div><div class=\"dp-dfg-custom-content\"><p class=\"dp-dfg-custom-field dp-dfg-cf-autors2\"><span class=\"dp-dfg-custom-field-value\">Francesc Guillamet Ferran<\/span><\/p><\/div><\/article><!-- DPDFG End Post Item Container --><article id=\"post-14047\" class=\"dp-dfg-item post-14047 obres_autors type-obres_autors status-publish has-post-thumbnail hentry tipus_tecniques-dibuix tecnica_especifica-tinta-sobre-paper autors-pep-claparols-i-moret disciplina-dibuix \"     data-position=\"1735\"   data-new-tab=\"off\"   data-action-priority=\"item\"><figure class=\"dp-dfg-image entry-thumb\"><a href=\"https:\/\/www.museuemporda.org\/?obres_autors=sense-titol-358\" class=\"dp-dfg-image-link\" ><img loading=\"lazy\" decoding=\"async\" class=\"dp-dfg-featured-image\" src=\"https:\/\/www.museuemporda.org\/wp-content\/uploads\/2023\/06\/ME2720-PEP-250x241.jpg\" alt=\"Sense t\u00edtol\" width=\"250\" height=\"241\" data-ratio=\"0.964\"\/><\/a><\/figure><div class=\"dp-dfg-header entry-header\"><h2 class=\"entry-title\">Sense t\u00edtol<\/h2><\/div><div class=\"dp-dfg-custom-content\"><p class=\"dp-dfg-custom-field dp-dfg-cf-autors2\"><span class=\"dp-dfg-custom-field-value\">Pep Claparols i Moret<\/span><\/p><\/div><\/article><!-- DPDFG End Post Item Container --><article id=\"post-10460\" class=\"dp-dfg-item post-10460 obres_autors type-obres_autors status-publish has-post-thumbnail hentry tipus_tecniques-pintura tecnica_especifica-tecnica-mixta autors-josep-maria-martinez-lozano disciplina-pintura \"     data-position=\"1736\"   data-new-tab=\"off\"   data-action-priority=\"item\"><figure class=\"dp-dfg-image entry-thumb\"><a href=\"https:\/\/www.museuemporda.org\/?obres_autors=paisatge-urba-5\" class=\"dp-dfg-image-link\" ><img loading=\"lazy\" decoding=\"async\" class=\"dp-dfg-featured-image\" src=\"https:\/\/www.museuemporda.org\/wp-content\/uploads\/2022\/01\/mE-1063-250x250.jpg\" alt=\"Paisatge urb\u00e0\" width=\"250\" height=\"250\" data-ratio=\"1\"\/><\/a><\/figure><div class=\"dp-dfg-header entry-header\"><h2 class=\"entry-title\">Paisatge urb\u00e0<\/h2><\/div><div class=\"dp-dfg-custom-content\"><p class=\"dp-dfg-custom-field dp-dfg-cf-autors2\"><span class=\"dp-dfg-custom-field-value\">Josep Maria Mart\u00ednez Lozano<\/span><\/p><\/div><\/article><!-- DPDFG End Post Item Container --><article id=\"post-5680\" class=\"dp-dfg-item post-5680 obres_autors type-obres_autors status-publish has-post-thumbnail hentry tecnica_especifica-vidre-bufat autors-autoria-desconeguda disciplina-arqueologia \"     data-position=\"1737\"   data-new-tab=\"off\"   data-action-priority=\"item\"><figure class=\"dp-dfg-image entry-thumb\"><a href=\"https:\/\/www.museuemporda.org\/?obres_autors=ampolla-de-vidre\" class=\"dp-dfg-image-link\" ><img loading=\"lazy\" decoding=\"async\" class=\"dp-dfg-featured-image\" src=\"https:\/\/www.museuemporda.org\/wp-content\/uploads\/2020\/10\/mE-77-1-250x250.jpg\" alt=\"Flasc\u00f3\" width=\"250\" height=\"250\" data-ratio=\"1\"\/><\/a><\/figure><div class=\"dp-dfg-header entry-header\"><h2 class=\"entry-title\">Flasc\u00f3<\/h2><\/div><div class=\"dp-dfg-custom-content\"><p class=\"dp-dfg-custom-field dp-dfg-cf-autors2\"><span class=\"dp-dfg-custom-field-value\">Autoria desconeguda<\/span><\/p><\/div><\/article><!-- DPDFG End Post Item Container --><article id=\"post-8207\" class=\"dp-dfg-item post-8207 obres_autors type-obres_autors status-publish has-post-thumbnail hentry autors-xavier-nogues-cases disciplina-obra-grafic \"     data-position=\"1738\"   data-new-tab=\"off\"   data-action-priority=\"item\"><figure class=\"dp-dfg-image entry-thumb\"><a href=\"https:\/\/www.museuemporda.org\/?obres_autors=interior-i-figures\" class=\"dp-dfg-image-link\" ><img loading=\"lazy\" decoding=\"async\" class=\"dp-dfg-featured-image\" src=\"https:\/\/www.museuemporda.org\/wp-content\/uploads\/2021\/08\/mE-1223-250x250.jpg\" alt=\"Interior i figures\" width=\"250\" height=\"250\" data-ratio=\"1\"\/><\/a><\/figure><div class=\"dp-dfg-header entry-header\"><h2 class=\"entry-title\">Interior i figures<\/h2><\/div><div class=\"dp-dfg-custom-content\"><p class=\"dp-dfg-custom-field dp-dfg-cf-autors2\"><span class=\"dp-dfg-custom-field-value\">Xavier Nogu\u00e9s Cases<\/span><\/p><\/div><\/article><!-- DPDFG End Post Item Container --><article id=\"post-9665\" class=\"dp-dfg-item post-9665 obres_autors type-obres_autors status-publish has-post-thumbnail hentry tipus_tecniques-fotografia tecnica_especifica-fotografia autors-josep-maria-canellas disciplina-fotografia \"     data-position=\"1739\"   data-new-tab=\"off\"   data-action-priority=\"item\"><figure class=\"dp-dfg-image entry-thumb\"><a href=\"https:\/\/www.museuemporda.org\/?obres_autors=tres-cavallers-passejant\" class=\"dp-dfg-image-link\" ><img loading=\"lazy\" decoding=\"async\" class=\"dp-dfg-featured-image\" src=\"https:\/\/www.museuemporda.org\/wp-content\/uploads\/2022\/01\/mE-1886-250x250.jpg\" alt=\"Tres cavallers passejant\" width=\"250\" height=\"250\" data-ratio=\"1\"\/><\/a><\/figure><div class=\"dp-dfg-header entry-header\"><h2 class=\"entry-title\">Tres cavallers passejant<\/h2><\/div><div class=\"dp-dfg-custom-content\"><p class=\"dp-dfg-custom-field dp-dfg-cf-autors2\"><span class=\"dp-dfg-custom-field-value\">Josep Maria Ca\u00f1ellas<\/span><\/p><\/div><\/article><!-- DPDFG End Post Item Container --><article id=\"post-14219\" class=\"dp-dfg-item post-14219 obres_autors type-obres_autors status-publish has-post-thumbnail hentry tipus_tecniques-dibuix tecnica_especifica-aquarella-sobre-paper-2 tecnica_especifica-tinta-sobre-paper autors-joan-antoni-poch disciplina-dibuix \"     data-position=\"1740\"   data-new-tab=\"off\"   data-action-priority=\"item\"><figure class=\"dp-dfg-image entry-thumb\"><a href=\"https:\/\/www.museuemporda.org\/?obres_autors=sense-titol-435\" class=\"dp-dfg-image-link\" ><img loading=\"lazy\" decoding=\"async\" class=\"dp-dfg-featured-image\" src=\"https:\/\/www.museuemporda.org\/wp-content\/uploads\/2023\/07\/ME2820-JAP-250x250.jpg\" alt=\"Sense t\u00edtol\" width=\"250\" height=\"250\" data-ratio=\"1\"\/><\/a><\/figure><div class=\"dp-dfg-header entry-header\"><h2 class=\"entry-title\">Sense t\u00edtol<\/h2><\/div><div class=\"dp-dfg-custom-content\"><p class=\"dp-dfg-custom-field dp-dfg-cf-autors2\"><span class=\"dp-dfg-custom-field-value\">Joan Antoni Poch<\/span><\/p><\/div><\/article><!-- DPDFG End Post Item Container --><article id=\"post-14480\" class=\"dp-dfg-item post-14480 obres_autors type-obres_autors status-publish has-post-thumbnail hentry tipus_tecniques-pintura tecnica_especifica-pintura-sobre-paper autors-bartomeu-massot-guillamet disciplina-pintura \"     data-position=\"1741\"   data-new-tab=\"off\"   data-action-priority=\"item\"><figure class=\"dp-dfg-image entry-thumb\"><a href=\"https:\/\/www.museuemporda.org\/?obres_autors=retrat-de-salvador-salazar\" class=\"dp-dfg-image-link\" ><img loading=\"lazy\" decoding=\"async\" class=\"dp-dfg-featured-image\" src=\"https:\/\/www.museuemporda.org\/wp-content\/uploads\/2023\/07\/JPH5164-250x250.jpg\" alt=\"Retrat de Salvador Salazar\" width=\"250\" height=\"250\" data-ratio=\"1\"\/><\/a><\/figure><div class=\"dp-dfg-header entry-header\"><h2 class=\"entry-title\">Retrat de Salvador Salazar<\/h2><\/div><div class=\"dp-dfg-custom-content\"><p class=\"dp-dfg-custom-field dp-dfg-cf-autors2\"><span class=\"dp-dfg-custom-field-value\">Bartomeu Massot Guillamet<\/span><\/p><\/div><\/article><!-- DPDFG End Post Item Container --><article id=\"post-9844\" class=\"dp-dfg-item post-9844 obres_autors type-obres_autors status-publish has-post-thumbnail hentry tipus_tecniques-fotografia tecnica_especifica-fotografia autors-jordi-puig disciplina-fotografia \"     data-position=\"1742\"   data-new-tab=\"off\"   data-action-priority=\"item\"><figure class=\"dp-dfg-image entry-thumb\"><a href=\"https:\/\/www.museuemporda.org\/?obres_autors=silencis-7\" class=\"dp-dfg-image-link\" ><img loading=\"lazy\" decoding=\"async\" class=\"dp-dfg-featured-image\" src=\"https:\/\/www.museuemporda.org\/wp-content\/uploads\/2022\/01\/6.jpg-250x250.jpg\" alt=\"Silencis &#8211; Pere Buxeda Verg\u00e9s\" width=\"250\" height=\"250\" data-ratio=\"1\"\/><\/a><\/figure><div class=\"dp-dfg-header entry-header\"><h2 class=\"entry-title\">Silencis &#8211; Pere Buxeda Verg\u00e9s<\/h2><\/div><div class=\"dp-dfg-custom-content\"><p class=\"dp-dfg-custom-field dp-dfg-cf-autors2\"><span class=\"dp-dfg-custom-field-value\">Jordi Puig<\/span><\/p><\/div><\/article><!-- DPDFG End Post Item Container --><article id=\"post-9127\" class=\"dp-dfg-item post-9127 obres_autors type-obres_autors status-publish has-post-thumbnail hentry tipus_tecniques-ceramica autors-autoria-desconeguda disciplina-arqueologia \"     data-position=\"1743\"   data-new-tab=\"off\"   data-action-priority=\"item\"><figure class=\"dp-dfg-image entry-thumb\"><a href=\"https:\/\/www.museuemporda.org\/?obres_autors=amfora-italica-imperial\" class=\"dp-dfg-image-link\" ><img loading=\"lazy\" decoding=\"async\" class=\"dp-dfg-featured-image\" src=\"https:\/\/www.museuemporda.org\/wp-content\/uploads\/2021\/11\/mE-575-250x250.jpg\" alt=\"\u00c0mfora it\u00e0lica imperial\" width=\"250\" height=\"250\" data-ratio=\"1\"\/><\/a><\/figure><div class=\"dp-dfg-header entry-header\"><h2 class=\"entry-title\">\u00c0mfora it\u00e0lica imperial<\/h2><\/div><div class=\"dp-dfg-custom-content\"><p class=\"dp-dfg-custom-field dp-dfg-cf-autors2\"><span class=\"dp-dfg-custom-field-value\">Autoria desconeguda<\/span><\/p><\/div><\/article><!-- DPDFG End Post Item Container --><article id=\"post-11342\" class=\"dp-dfg-item post-11342 obres_autors type-obres_autors status-publish has-post-thumbnail hentry tipus_tecniques-pintura tecnica_especifica-tecnica-mixta-sobre-tela autors-pilar-farres disciplina-pintura \"     data-position=\"1744\"   data-new-tab=\"off\"   data-action-priority=\"item\"><figure class=\"dp-dfg-image entry-thumb\"><a href=\"https:\/\/www.museuemporda.org\/?obres_autors=sense-titol-120\" class=\"dp-dfg-image-link\" ><img loading=\"lazy\" decoding=\"async\" class=\"dp-dfg-featured-image\" src=\"https:\/\/www.museuemporda.org\/wp-content\/uploads\/2022\/02\/mE-2269-250x250.jpg\" alt=\"Sense t\u00edtol\" width=\"250\" height=\"250\" data-ratio=\"1\"\/><\/a><\/figure><div class=\"dp-dfg-header entry-header\"><h2 class=\"entry-title\">Sense t\u00edtol<\/h2><\/div><div class=\"dp-dfg-custom-content\"><p class=\"dp-dfg-custom-field dp-dfg-cf-autors2\"><span class=\"dp-dfg-custom-field-value\">Pilar Farr\u00e9s<\/span><\/p><\/div><\/article><!-- DPDFG End Post Item Container --><article id=\"post-8879\" class=\"dp-dfg-item post-8879 obres_autors type-obres_autors status-publish has-post-thumbnail hentry tecnica_especifica-oli-sobre-tela autors-iu-pascual-rodes disciplina-pintura \"     data-position=\"1745\"   data-new-tab=\"off\"   data-action-priority=\"item\"><figure class=\"dp-dfg-image entry-thumb\"><a href=\"https:\/\/www.museuemporda.org\/?obres_autors=migdia-2\" class=\"dp-dfg-image-link\" ><img loading=\"lazy\" decoding=\"async\" class=\"dp-dfg-featured-image\" src=\"https:\/\/www.museuemporda.org\/wp-content\/uploads\/2021\/11\/mE-661-250x250.jpg\" alt=\"Migdia\" width=\"250\" height=\"250\" data-ratio=\"1\"\/><\/a><\/figure><div class=\"dp-dfg-header entry-header\"><h2 class=\"entry-title\">Migdia<\/h2><\/div><div class=\"dp-dfg-custom-content\"><p class=\"dp-dfg-custom-field dp-dfg-cf-autors2\"><span class=\"dp-dfg-custom-field-value\">Iu Pascual Rod\u00e9s<\/span><\/p><\/div><\/article><!-- DPDFG End Post Item Container --><article id=\"post-10675\" class=\"dp-dfg-item post-10675 obres_autors type-obres_autors status-publish has-post-thumbnail hentry tipus_tecniques-pintura tecnica_especifica-oli-sobre-tela autors-francesc-camps-ribera disciplina-pintura \"     data-position=\"1746\"   data-new-tab=\"off\"   data-action-priority=\"item\"><figure class=\"dp-dfg-image entry-thumb\"><a href=\"https:\/\/www.museuemporda.org\/?obres_autors=de-la-rumorosa\" class=\"dp-dfg-image-link\" ><img loading=\"lazy\" decoding=\"async\" class=\"dp-dfg-featured-image\" src=\"https:\/\/www.museuemporda.org\/wp-content\/uploads\/2022\/02\/mE-1310-250x250.jpg\" alt=\"De la Rumorosa\" width=\"250\" height=\"250\" data-ratio=\"1\"\/><\/a><\/figure><div class=\"dp-dfg-header entry-header\"><h2 class=\"entry-title\">De la Rumorosa<\/h2><\/div><div class=\"dp-dfg-custom-content\"><p class=\"dp-dfg-custom-field dp-dfg-cf-autors2\"><span class=\"dp-dfg-custom-field-value\">Francesc Camps Ribera<\/span><\/p><\/div><\/article><!-- DPDFG End Post Item Container --><article id=\"post-8022\" class=\"dp-dfg-item post-8022 obres_autors type-obres_autors status-publish has-post-thumbnail hentry tecnica_especifica-vidre-bufat autors-autoria-desconeguda disciplina-arqueologia \"     data-position=\"1747\"   data-new-tab=\"off\"   data-action-priority=\"item\"><figure class=\"dp-dfg-image entry-thumb\"><a href=\"https:\/\/www.museuemporda.org\/?obres_autors=gerra-amb-nanses\" class=\"dp-dfg-image-link\" ><img loading=\"lazy\" decoding=\"async\" class=\"dp-dfg-featured-image\" src=\"https:\/\/www.museuemporda.org\/wp-content\/uploads\/2021\/08\/mE-111_1_2019-250x250.jpg\" alt=\"Gerra amb nanses\" width=\"250\" height=\"250\" data-ratio=\"1\"\/><\/a><\/figure><div class=\"dp-dfg-header entry-header\"><h2 class=\"entry-title\">Gerra amb nanses<\/h2><\/div><div class=\"dp-dfg-custom-content\"><p class=\"dp-dfg-custom-field dp-dfg-cf-autors2\"><span class=\"dp-dfg-custom-field-value\">Autoria desconeguda<\/span><\/p><\/div><\/article><!-- DPDFG End Post Item Container --><article id=\"post-14079\" class=\"dp-dfg-item post-14079 obres_autors type-obres_autors status-publish has-post-thumbnail hentry tipus_tecniques-dibuix tecnica_especifica-aquarella-sobre-paper-2 tecnica_especifica-tinta-sobre-paper autors-carles-roman disciplina-dibuix \"     data-position=\"1748\"   data-new-tab=\"off\"   data-action-priority=\"item\"><figure class=\"dp-dfg-image entry-thumb\"><a href=\"https:\/\/www.museuemporda.org\/?obres_autors=sense-titol-370\" class=\"dp-dfg-image-link\" ><img loading=\"lazy\" decoding=\"async\" class=\"dp-dfg-featured-image\" src=\"https:\/\/www.museuemporda.org\/wp-content\/uploads\/2023\/06\/ME2734-ROMAN-250x250.jpg\" alt=\"Sense t\u00edtol\" width=\"250\" height=\"250\" data-ratio=\"1\"\/><\/a><\/figure><div class=\"dp-dfg-header entry-header\"><h2 class=\"entry-title\">Sense t\u00edtol<\/h2><\/div><div class=\"dp-dfg-custom-content\"><p class=\"dp-dfg-custom-field dp-dfg-cf-autors2\"><span class=\"dp-dfg-custom-field-value\">Carles Roman<\/span><\/p><\/div><\/article><!-- DPDFG End Post Item Container --><article id=\"post-12221\" class=\"dp-dfg-item post-12221 obres_autors type-obres_autors status-publish has-post-thumbnail hentry tipus_tecniques-indumentaria tecnica_especifica-teixit autors-autoria-desconeguda disciplina-indumentaria \"     data-position=\"1749\"   data-new-tab=\"off\"   data-action-priority=\"item\"><figure class=\"dp-dfg-image entry-thumb\"><a href=\"https:\/\/www.museuemporda.org\/?obres_autors=sense-titol-180\" class=\"dp-dfg-image-link\" ><img loading=\"lazy\" decoding=\"async\" class=\"dp-dfg-featured-image\" src=\"https:\/\/www.museuemporda.org\/wp-content\/uploads\/2022\/03\/mE-905-250x250.jpg\" alt=\"Sense t\u00edtol\" width=\"250\" height=\"250\" data-ratio=\"1\"\/><\/a><\/figure><div class=\"dp-dfg-header entry-header\"><h2 class=\"entry-title\">Sense t\u00edtol<\/h2><\/div><div class=\"dp-dfg-custom-content\"><p class=\"dp-dfg-custom-field dp-dfg-cf-autors2\"><span class=\"dp-dfg-custom-field-value\">Autoria desconeguda<\/span><\/p><\/div><\/article><!-- DPDFG End Post Item Container --><article id=\"post-11824\" class=\"dp-dfg-item post-11824 obres_autors type-obres_autors status-publish has-post-thumbnail hentry tipus_tecniques-pintura tecnica_especifica-oli-sobre-tela autors-ramon-pichot-soler disciplina-pintura \"     data-position=\"1750\"   data-new-tab=\"off\"   data-action-priority=\"item\"><figure class=\"dp-dfg-image entry-thumb\"><a href=\"https:\/\/www.museuemporda.org\/?obres_autors=el-pi-gran\" class=\"dp-dfg-image-link\" ><img loading=\"lazy\" decoding=\"async\" class=\"dp-dfg-featured-image\" src=\"https:\/\/www.museuemporda.org\/wp-content\/uploads\/2022\/02\/mE-2359-250x250.jpg\" alt=\"El pi gran\" width=\"250\" height=\"250\" data-ratio=\"1\"\/><\/a><\/figure><div class=\"dp-dfg-header entry-header\"><h2 class=\"entry-title\">El pi gran<\/h2><\/div><div class=\"dp-dfg-custom-content\"><p class=\"dp-dfg-custom-field dp-dfg-cf-autors2\"><span class=\"dp-dfg-custom-field-value\">Ramon Pichot Soler<\/span><\/p><\/div><\/article><!-- DPDFG End Post Item Container --><article id=\"post-8836\" class=\"dp-dfg-item post-8836 obres_autors type-obres_autors status-publish has-post-thumbnail hentry tecnica_especifica-oli-sobre-tela autors-autoria-desconeguda disciplina-pintura \"     data-position=\"1751\"   data-new-tab=\"off\"   data-action-priority=\"item\"><figure class=\"dp-dfg-image entry-thumb\"><a href=\"https:\/\/www.museuemporda.org\/?obres_autors=jesus-a-casa-del-fariseu-2\" class=\"dp-dfg-image-link\" ><img loading=\"lazy\" decoding=\"async\" class=\"dp-dfg-featured-image\" src=\"https:\/\/www.museuemporda.org\/wp-content\/uploads\/2021\/10\/mE-1210-250x250.jpg\" alt=\"Jes\u00fas a casa del fariseu\" width=\"250\" height=\"250\" data-ratio=\"1\"\/><\/a><\/figure><div class=\"dp-dfg-header entry-header\"><h2 class=\"entry-title\">Jes\u00fas a casa del fariseu<\/h2><\/div><div class=\"dp-dfg-custom-content\"><p class=\"dp-dfg-custom-field dp-dfg-cf-autors2\"><span class=\"dp-dfg-custom-field-value\">Autoria desconeguda<\/span><\/p><\/div><\/article><!-- DPDFG End Post Item Container --><article id=\"post-5974\" class=\"dp-dfg-item post-5974 obres_autors type-obres_autors status-publish has-post-thumbnail hentry tecnica_especifica-tinta-sobre-paper autors-joaquim-bech-de-careda-casadevall disciplina-dibuix \"     data-position=\"1752\"   data-new-tab=\"off\"   data-action-priority=\"item\"><figure class=\"dp-dfg-image entry-thumb\"><a href=\"https:\/\/www.museuemporda.org\/?obres_autors=paisatge-dagullana\" class=\"dp-dfg-image-link\" ><img loading=\"lazy\" decoding=\"async\" class=\"dp-dfg-featured-image\" src=\"https:\/\/www.museuemporda.org\/wp-content\/uploads\/2020\/04\/mE-760-250x250.jpg\" alt=\"Paisatge d&#8217;Agullana\" width=\"250\" height=\"250\" data-ratio=\"1\"\/><\/a><\/figure><div class=\"dp-dfg-header entry-header\"><h2 class=\"entry-title\">Paisatge d&#8217;Agullana<\/h2><\/div><div class=\"dp-dfg-custom-content\"><p class=\"dp-dfg-custom-field dp-dfg-cf-autors2\"><span class=\"dp-dfg-custom-field-value\">Joaquim Bech de Careda<\/span><\/p><\/div><\/article><!-- DPDFG End Post Item Container --><article id=\"post-10446\" class=\"dp-dfg-item post-10446 obres_autors type-obres_autors status-publish has-post-thumbnail hentry tipus_tecniques-pintura tecnica_especifica-oli-sobre-tela autors-joan-padern-faig disciplina-pintura \"     data-position=\"1753\"   data-new-tab=\"off\"   data-action-priority=\"item\"><figure class=\"dp-dfg-image entry-thumb\"><a href=\"https:\/\/www.museuemporda.org\/?obres_autors=el-drama\" class=\"dp-dfg-image-link\" ><img loading=\"lazy\" decoding=\"async\" class=\"dp-dfg-featured-image\" src=\"https:\/\/www.museuemporda.org\/wp-content\/uploads\/2022\/01\/mE-1392-250x250.jpg\" alt=\"El drama\" width=\"250\" height=\"250\" data-ratio=\"1\"\/><\/a><\/figure><div class=\"dp-dfg-header entry-header\"><h2 class=\"entry-title\">El drama<\/h2><\/div><div class=\"dp-dfg-custom-content\"><p class=\"dp-dfg-custom-field dp-dfg-cf-autors2\"><span class=\"dp-dfg-custom-field-value\">Joan Padern Faig <\/span><\/p><\/div><\/article><!-- DPDFG End Post Item Container --><article id=\"post-14349\" class=\"dp-dfg-item post-14349 obres_autors type-obres_autors status-publish has-post-thumbnail hentry tipus_tecniques-dibuix tecnica_especifica-impressio-digital autors-eneko-las-heras disciplina-dibuix \"     data-position=\"1754\"   data-new-tab=\"off\"   data-action-priority=\"item\"><figure class=\"dp-dfg-image entry-thumb\"><a href=\"https:\/\/www.museuemporda.org\/?obres_autors=sense-titol-496\" class=\"dp-dfg-image-link\" ><img loading=\"lazy\" decoding=\"async\" class=\"dp-dfg-featured-image\" src=\"https:\/\/www.museuemporda.org\/wp-content\/uploads\/2023\/07\/ME2882-ENEKO-250x250.jpg\" alt=\"Sense t\u00edtol\" width=\"250\" height=\"250\" data-ratio=\"1\"\/><\/a><\/figure><div class=\"dp-dfg-header entry-header\"><h2 class=\"entry-title\">Sense t\u00edtol<\/h2><\/div><div class=\"dp-dfg-custom-content\"><p class=\"dp-dfg-custom-field dp-dfg-cf-autors2\"><span class=\"dp-dfg-custom-field-value\">Eneko las Heras<\/span><\/p><\/div><\/article><!-- DPDFG End Post Item Container --><article id=\"post-10793\" class=\"dp-dfg-item post-10793 obres_autors type-obres_autors status-publish has-post-thumbnail hentry tipus_tecniques-dibuix tecnica_especifica-tecnica-mixta-sobre-paper autors-josep-amat-pages disciplina-dibuix \"     data-position=\"1755\"   data-new-tab=\"off\"   data-action-priority=\"item\"><figure class=\"dp-dfg-image entry-thumb\"><a href=\"https:\/\/www.museuemporda.org\/?obres_autors=paisatge-urba-de-sant-feliu-de-guixols\" class=\"dp-dfg-image-link\" ><img loading=\"lazy\" decoding=\"async\" class=\"dp-dfg-featured-image\" src=\"https:\/\/www.museuemporda.org\/wp-content\/uploads\/2022\/02\/mE-1097-250x250.jpg\" alt=\"Paisatge urb\u00e0 de Sant Feliu de Gu\u00edxols\" width=\"250\" height=\"250\" data-ratio=\"1\"\/><\/a><\/figure><div class=\"dp-dfg-header entry-header\"><h2 class=\"entry-title\">Paisatge urb\u00e0 de Sant Feliu de Gu\u00edxols<\/h2><\/div><div class=\"dp-dfg-custom-content\"><p class=\"dp-dfg-custom-field dp-dfg-cf-autors2\"><span class=\"dp-dfg-custom-field-value\">Josep Amat Pag\u00e8s<\/span><\/p><\/div><\/article><!-- DPDFG End Post Item Container --><article id=\"post-13945\" class=\"dp-dfg-item post-13945 obres_autors type-obres_autors status-publish has-post-thumbnail hentry tipus_tecniques-dibuix tecnica_especifica-impressio-digital autors-pep-claparols-i-moret disciplina-dibuix \"     data-position=\"1756\"   data-new-tab=\"off\"   data-action-priority=\"item\"><figure class=\"dp-dfg-image entry-thumb\"><a href=\"https:\/\/www.museuemporda.org\/?obres_autors=sense-titol-311\" class=\"dp-dfg-image-link\" ><img loading=\"lazy\" decoding=\"async\" class=\"dp-dfg-featured-image\" src=\"https:\/\/www.museuemporda.org\/wp-content\/uploads\/2023\/06\/ME2673-PEP99-250x250.jpg\" alt=\"Sense t\u00edtol\" width=\"250\" height=\"250\" data-ratio=\"1\"\/><\/a><\/figure><div class=\"dp-dfg-header entry-header\"><h2 class=\"entry-title\">Sense t\u00edtol<\/h2><\/div><div class=\"dp-dfg-custom-content\"><p class=\"dp-dfg-custom-field dp-dfg-cf-autors2\"><span class=\"dp-dfg-custom-field-value\">Pep Claparols i Moret<\/span><\/p><\/div><\/article><!-- DPDFG End Post Item Container --><article id=\"post-6022\" class=\"dp-dfg-item post-6022 obres_autors type-obres_autors status-publish has-post-thumbnail hentry tecnica_especifica-oli-sobre-tela autors-elena-paredes disciplina-pintura \"     data-position=\"1757\"   data-new-tab=\"off\"   data-action-priority=\"item\"><figure class=\"dp-dfg-image entry-thumb\"><a href=\"https:\/\/www.museuemporda.org\/?obres_autors=pintura-allegorica\" class=\"dp-dfg-image-link\" ><img loading=\"lazy\" decoding=\"async\" class=\"dp-dfg-featured-image\" src=\"https:\/\/www.museuemporda.org\/wp-content\/uploads\/2020\/04\/mE-1169-250x250.jpg\" alt=\"Sense t\u00edtol\" width=\"250\" height=\"250\" data-ratio=\"1\"\/><\/a><\/figure><div class=\"dp-dfg-header entry-header\"><h2 class=\"entry-title\">Sense t\u00edtol<\/h2><\/div><div class=\"dp-dfg-custom-content\"><p class=\"dp-dfg-custom-field dp-dfg-cf-autors2\"><span class=\"dp-dfg-custom-field-value\">Elena Paredes Suris<\/span><\/p><\/div><\/article><!-- DPDFG End Post Item Container --><article id=\"post-11808\" class=\"dp-dfg-item post-11808 obres_autors type-obres_autors status-publish has-post-thumbnail hentry tipus_tecniques-pintura tecnica_especifica-tecnica-mixta-sobre-paper autors-cristina-paradis-garcia disciplina-pintura \"     data-position=\"1758\"   data-new-tab=\"off\"   data-action-priority=\"item\"><figure class=\"dp-dfg-image entry-thumb\"><a href=\"https:\/\/www.museuemporda.org\/?obres_autors=illa\" class=\"dp-dfg-image-link\" ><img loading=\"lazy\" decoding=\"async\" class=\"dp-dfg-featured-image\" src=\"https:\/\/www.museuemporda.org\/wp-content\/uploads\/2022\/02\/mE-1385-250x250.jpg\" alt=\"Illa\" width=\"250\" height=\"250\" data-ratio=\"1\"\/><\/a><\/figure><div class=\"dp-dfg-header entry-header\"><h2 class=\"entry-title\">Illa<\/h2><\/div><div class=\"dp-dfg-custom-content\"><p class=\"dp-dfg-custom-field dp-dfg-cf-autors2\"><span class=\"dp-dfg-custom-field-value\">Cristina Parad\u00eds Garcia<\/span><\/p><\/div><\/article><!-- DPDFG End Post Item Container --><article id=\"post-14396\" class=\"dp-dfg-item post-14396 obres_autors type-obres_autors status-publish has-post-thumbnail hentry tipus_tecniques-pintura tecnica_especifica-oli-sobre-fusta autors-carme-escursell-burch disciplina-pintura \"     data-position=\"1759\"   data-new-tab=\"off\"   data-action-priority=\"item\"><figure class=\"dp-dfg-image entry-thumb\"><a href=\"https:\/\/www.museuemporda.org\/?obres_autors=sense-titol-514\" class=\"dp-dfg-image-link\" ><img loading=\"lazy\" decoding=\"async\" class=\"dp-dfg-featured-image\" src=\"https:\/\/www.museuemporda.org\/wp-content\/uploads\/2023\/07\/ME2905-250x250.jpg\" alt=\"Sense t\u00edtol\" width=\"250\" height=\"250\" data-ratio=\"1\"\/><\/a><\/figure><div class=\"dp-dfg-header entry-header\"><h2 class=\"entry-title\">Sense t\u00edtol<\/h2><\/div><div class=\"dp-dfg-custom-content\"><p class=\"dp-dfg-custom-field dp-dfg-cf-autors2\"><span class=\"dp-dfg-custom-field-value\">Carme Escursell Burch<\/span><\/p><\/div><\/article><!-- DPDFG End Post Item Container --><article id=\"post-8637\" class=\"dp-dfg-item post-8637 obres_autors type-obres_autors status-publish has-post-thumbnail hentry autors-philippe-avila disciplina-fotografia \"     data-position=\"1760\"   data-new-tab=\"off\"   data-action-priority=\"item\"><figure class=\"dp-dfg-image entry-thumb\"><a href=\"https:\/\/www.museuemporda.org\/?obres_autors=dream-wrap-embolcalla-somnis-3\" class=\"dp-dfg-image-link\" ><img loading=\"lazy\" decoding=\"async\" class=\"dp-dfg-featured-image\" src=\"https:\/\/www.museuemporda.org\/wp-content\/uploads\/2021\/10\/mE-16033-250x250.jpg\" alt=\"Dream wrap (embolcalla somnis)\" width=\"250\" height=\"250\" data-ratio=\"1\"\/><\/a><\/figure><div class=\"dp-dfg-header entry-header\"><h2 class=\"entry-title\">Dream wrap (embolcalla somnis)<\/h2><\/div><div class=\"dp-dfg-custom-content\"><p class=\"dp-dfg-custom-field dp-dfg-cf-autors2\"><span class=\"dp-dfg-custom-field-value\">Philippe \u00c1vila<\/span><\/p><\/div><\/article><!-- DPDFG End Post Item Container --><article id=\"post-10673\" class=\"dp-dfg-item post-10673 obres_autors type-obres_autors status-publish has-post-thumbnail hentry tipus_tecniques-pintura tecnica_especifica-oli-sobre-cartro-tela autors-francesc-camps-ribera disciplina-pintura \"     data-position=\"1761\"   data-new-tab=\"off\"   data-action-priority=\"item\"><figure class=\"dp-dfg-image entry-thumb\"><a href=\"https:\/\/www.museuemporda.org\/?obres_autors=carmen\" class=\"dp-dfg-image-link\" ><img loading=\"lazy\" decoding=\"async\" class=\"dp-dfg-featured-image\" src=\"https:\/\/www.museuemporda.org\/wp-content\/uploads\/2022\/02\/mE-1308-250x250.jpg\" alt=\"Carmen\" width=\"250\" height=\"250\" data-ratio=\"1\"\/><\/a><\/figure><div class=\"dp-dfg-header entry-header\"><h2 class=\"entry-title\">Carmen<\/h2><\/div><div class=\"dp-dfg-custom-content\"><p class=\"dp-dfg-custom-field dp-dfg-cf-autors2\"><span class=\"dp-dfg-custom-field-value\">Francesc Camps Ribera<\/span><\/p><\/div><\/article><!-- DPDFG End Post Item Container --><article id=\"post-11710\" class=\"dp-dfg-item post-11710 obres_autors type-obres_autors status-publish has-post-thumbnail hentry tipus_tecniques-pintura tecnica_especifica-oli-sobre-tela autors-monturiol-puig disciplina-pintura \"     data-position=\"1762\"   data-new-tab=\"off\"   data-action-priority=\"item\"><figure class=\"dp-dfg-image entry-thumb\"><a href=\"https:\/\/www.museuemporda.org\/?obres_autors=natura-morta-6\" class=\"dp-dfg-image-link\" ><img loading=\"lazy\" decoding=\"async\" class=\"dp-dfg-featured-image\" src=\"https:\/\/www.museuemporda.org\/wp-content\/uploads\/2022\/02\/mE-1338-revers-del-mE-1331-250x250.jpg\" alt=\"Natura morta\" width=\"250\" height=\"250\" data-ratio=\"1\"\/><\/a><\/figure><div class=\"dp-dfg-header entry-header\"><h2 class=\"entry-title\">Natura morta<\/h2><\/div><div class=\"dp-dfg-custom-content\"><p class=\"dp-dfg-custom-field dp-dfg-cf-autors2\"><span class=\"dp-dfg-custom-field-value\">Monturiol Puig<\/span><\/p><\/div><\/article><!-- DPDFG End Post Item Container --><article id=\"post-11900\" class=\"dp-dfg-item post-11900 obres_autors type-obres_autors status-publish has-post-thumbnail hentry tipus_tecniques-obra-grafica tecnica_especifica-gravat autors-josep-riera-arago disciplina-obra-grafic \"     data-position=\"1763\"   data-new-tab=\"off\"   data-action-priority=\"item\"><figure class=\"dp-dfg-image entry-thumb\"><a href=\"https:\/\/www.museuemporda.org\/?obres_autors=sense-titol-160\" class=\"dp-dfg-image-link\" ><img loading=\"lazy\" decoding=\"async\" class=\"dp-dfg-featured-image\" src=\"https:\/\/www.museuemporda.org\/wp-content\/uploads\/2022\/02\/mE-2152-250x250.jpg\" alt=\"Sense t\u00edtol\" width=\"250\" height=\"250\" data-ratio=\"1\"\/><\/a><\/figure><div class=\"dp-dfg-header entry-header\"><h2 class=\"entry-title\">Sense t\u00edtol<\/h2><\/div><div class=\"dp-dfg-custom-content\"><p class=\"dp-dfg-custom-field dp-dfg-cf-autors2\"><span class=\"dp-dfg-custom-field-value\">Josep Riera Arag\u00f3<\/span><\/p><\/div><\/article><!-- DPDFG End Post Item Container --><article id=\"post-10165\" class=\"dp-dfg-item post-10165 obres_autors type-obres_autors status-publish has-post-thumbnail hentry tipus_tecniques-aiguafort tecnica_especifica-aiguafort autors-joan-vila-moncau disciplina-obra-grafic \"     data-position=\"1764\"   data-new-tab=\"off\"   data-action-priority=\"item\"><figure class=\"dp-dfg-image entry-thumb\"><a href=\"https:\/\/www.museuemporda.org\/?obres_autors=gent-del-camp\" class=\"dp-dfg-image-link\" ><img loading=\"lazy\" decoding=\"async\" class=\"dp-dfg-featured-image\" src=\"https:\/\/www.museuemporda.org\/wp-content\/uploads\/2022\/01\/mE-1135-250x250.jpg\" alt=\"Gent del camp\" width=\"250\" height=\"250\" data-ratio=\"1\"\/><\/a><\/figure><div class=\"dp-dfg-header entry-header\"><h2 class=\"entry-title\">Gent del camp<\/h2><\/div><div class=\"dp-dfg-custom-content\"><p class=\"dp-dfg-custom-field dp-dfg-cf-autors2\"><span class=\"dp-dfg-custom-field-value\">Joan Vil\u00e0 Moncau<\/span><\/p><\/div><\/article><!-- DPDFG End Post Item Container --><article id=\"post-13755\" class=\"dp-dfg-item post-13755 obres_autors type-obres_autors status-publish has-post-thumbnail hentry tipus_tecniques-dibuix tecnica_especifica-aquarella-sobre-paper tecnica_especifica-tinta-sobre-paper autors-juliette-murphy disciplina-dibuix \"     data-position=\"1765\"   data-new-tab=\"off\"   data-action-priority=\"item\"><figure class=\"dp-dfg-image entry-thumb\"><a href=\"https:\/\/www.museuemporda.org\/?obres_autors=sense-titol-222\" class=\"dp-dfg-image-link\" ><img loading=\"lazy\" decoding=\"async\" class=\"dp-dfg-featured-image\" src=\"https:\/\/www.museuemporda.org\/wp-content\/uploads\/2023\/06\/ME2584-MURPHY-250x250.jpg\" alt=\"Sense t\u00edtol\" width=\"250\" height=\"250\" data-ratio=\"1\"\/><\/a><\/figure><div class=\"dp-dfg-header entry-header\"><h2 class=\"entry-title\">Sense t\u00edtol<\/h2><\/div><div class=\"dp-dfg-custom-content\"><p class=\"dp-dfg-custom-field dp-dfg-cf-autors2\"><span class=\"dp-dfg-custom-field-value\">Juliette Murphy<\/span><\/p><\/div><\/article><!-- DPDFG End Post Item Container --><article id=\"post-11987\" class=\"dp-dfg-item post-11987 obres_autors type-obres_autors status-publish has-post-thumbnail hentry tipus_tecniques-dibuix tecnica_especifica-dibuix-sobre-paper autors-pere-sutra-bosch disciplina-dibuix \"     data-position=\"1766\"   data-new-tab=\"off\"   data-action-priority=\"item\"><figure class=\"dp-dfg-image entry-thumb\"><a href=\"https:\/\/www.museuemporda.org\/?obres_autors=sense-titol-165\" class=\"dp-dfg-image-link\" ><img loading=\"lazy\" decoding=\"async\" class=\"dp-dfg-featured-image\" src=\"https:\/\/www.museuemporda.org\/wp-content\/uploads\/2022\/02\/mE-1998-250x250.jpg\" alt=\"Sense t\u00edtol\" width=\"250\" height=\"250\" data-ratio=\"1\"\/><\/a><\/figure><div class=\"dp-dfg-header entry-header\"><h2 class=\"entry-title\">Sense t\u00edtol<\/h2><\/div><div class=\"dp-dfg-custom-content\"><p class=\"dp-dfg-custom-field dp-dfg-cf-autors2\"><span class=\"dp-dfg-custom-field-value\">Pere Sutr\u00e0 Bosch<\/span><\/p><\/div><\/article><!-- DPDFG End Post Item Container --><article id=\"post-11382\" class=\"dp-dfg-item post-11382 obres_autors type-obres_autors status-publish has-post-thumbnail hentry tipus_tecniques-dibuix tecnica_especifica-dibuix-sobre-paper autors-deogracias-fuertes disciplina-dibuix \"     data-position=\"1767\"   data-new-tab=\"off\"   data-action-priority=\"item\"><figure class=\"dp-dfg-image entry-thumb\"><a href=\"https:\/\/www.museuemporda.org\/?obres_autors=dibujo-de-adorno\" class=\"dp-dfg-image-link\" ><img loading=\"lazy\" decoding=\"async\" class=\"dp-dfg-featured-image\" src=\"https:\/\/www.museuemporda.org\/wp-content\/uploads\/2022\/02\/mE-2045-250x250.jpg\" alt=\"Dibujo de adorno\" width=\"250\" height=\"250\" data-ratio=\"1\"\/><\/a><\/figure><div class=\"dp-dfg-header entry-header\"><h2 class=\"entry-title\">Dibujo de adorno<\/h2><\/div><div class=\"dp-dfg-custom-content\"><p class=\"dp-dfg-custom-field dp-dfg-cf-autors2\"><span class=\"dp-dfg-custom-field-value\">Deogracias Fuertes<\/span><\/p><\/div><\/article><!-- DPDFG End Post Item Container --><article id=\"post-11445\" class=\"dp-dfg-item post-11445 obres_autors type-obres_autors status-publish has-post-thumbnail hentry tipus_tecniques-obra-grafica tecnica_especifica-serigrafia autors-heijo-hangen disciplina-obra-grafic \"     data-position=\"1768\"   data-new-tab=\"off\"   data-action-priority=\"item\"><figure class=\"dp-dfg-image entry-thumb\"><a href=\"https:\/\/www.museuemporda.org\/?obres_autors=bild-nr-7177-g-de-la-carpeta-cadaques-portfolio-one\" class=\"dp-dfg-image-link\" ><img loading=\"lazy\" decoding=\"async\" class=\"dp-dfg-featured-image\" src=\"https:\/\/www.museuemporda.org\/wp-content\/uploads\/2022\/02\/mE-1510-250x250.jpg\" alt=\"&#8216;Bild nr. 7177 G&#8217;, de la carpeta &#8216;Cadaqu\u00e9s Portfolio One&#8217;\" width=\"250\" height=\"250\" data-ratio=\"1\"\/><\/a><\/figure><div class=\"dp-dfg-header entry-header\"><h2 class=\"entry-title\">&#8216;Bild nr. 7177 G&#8217;, de la carpeta &#8216;Cadaqu\u00e9s Portfolio One&#8217;<\/h2><\/div><div class=\"dp-dfg-custom-content\"><p class=\"dp-dfg-custom-field dp-dfg-cf-autors2\"><span class=\"dp-dfg-custom-field-value\">Heijo Hangen<\/span><\/p><\/div><\/article><!-- DPDFG End Post Item Container --><article id=\"post-10244\" class=\"dp-dfg-item post-10244 obres_autors type-obres_autors status-publish has-post-thumbnail hentry tipus_tecniques-dibuix tecnica_especifica-dibuix-sobre-paper autors-pere-bech-sudria disciplina-dibuix \"     data-position=\"1769\"   data-new-tab=\"off\"   data-action-priority=\"item\"><figure class=\"dp-dfg-image entry-thumb\"><a href=\"https:\/\/www.museuemporda.org\/?obres_autors=noia-cosint\" class=\"dp-dfg-image-link\" ><img loading=\"lazy\" decoding=\"async\" class=\"dp-dfg-featured-image\" src=\"https:\/\/www.museuemporda.org\/wp-content\/uploads\/2022\/01\/mE-2191-250x250.jpg\" alt=\"Noia cosint\" width=\"250\" height=\"250\" data-ratio=\"1\"\/><\/a><\/figure><div class=\"dp-dfg-header entry-header\"><h2 class=\"entry-title\">Noia cosint<\/h2><\/div><div class=\"dp-dfg-custom-content\"><p class=\"dp-dfg-custom-field dp-dfg-cf-autors2\"><span class=\"dp-dfg-custom-field-value\">Pere Bech Sudri\u00e0<\/span><\/p><\/div><\/article><!-- DPDFG End Post Item Container --><article id=\"post-10527\" class=\"dp-dfg-item post-10527 obres_autors type-obres_autors status-publish has-post-thumbnail hentry tipus_tecniques-dibuix tecnica_especifica-tinta-sobre-paper autors-salvador-dali-domenech disciplina-dibuix \"     data-position=\"1770\"   data-new-tab=\"off\"   data-action-priority=\"item\"><figure class=\"dp-dfg-image entry-thumb\"><a href=\"https:\/\/www.museuemporda.org\/?obres_autors=propostes-per-lhotel-del-portlligat\" class=\"dp-dfg-image-link\" ><img loading=\"lazy\" decoding=\"async\" class=\"dp-dfg-featured-image\" src=\"https:\/\/www.museuemporda.org\/wp-content\/uploads\/2022\/02\/mE-2316-250x250.jpg\" alt=\"Propostes per l&#8217;hotel del Portlligat\" width=\"250\" height=\"250\" data-ratio=\"1\"\/><\/a><\/figure><div class=\"dp-dfg-header entry-header\"><h2 class=\"entry-title\">Propostes per l&#8217;hotel del Portlligat<\/h2><\/div><div class=\"dp-dfg-custom-content\"><p class=\"dp-dfg-custom-field dp-dfg-cf-autors2\"><span class=\"dp-dfg-custom-field-value\">Salvador Dal\u00ed Dom\u00e8nech<\/span><\/p><\/div><\/article><!-- DPDFG End Post Item Container --><article id=\"post-9533\" class=\"dp-dfg-item post-9533 obres_autors type-obres_autors status-publish has-post-thumbnail hentry tipus_tecniques-dibuix tecnica_especifica-llapis-carbo-sobre-paper autors-juan-nunez-fernandez disciplina-dibuix \"     data-position=\"1771\"   data-new-tab=\"off\"   data-action-priority=\"item\"><figure class=\"dp-dfg-image entry-thumb\"><a href=\"https:\/\/www.museuemporda.org\/?obres_autors=preludi\" class=\"dp-dfg-image-link\" ><img loading=\"lazy\" decoding=\"async\" class=\"dp-dfg-featured-image\" src=\"https:\/\/www.museuemporda.org\/wp-content\/uploads\/2022\/01\/mE-2505-250x250.jpg\" alt=\"Preludi\" width=\"250\" height=\"250\" data-ratio=\"1\"\/><\/a><\/figure><div class=\"dp-dfg-header entry-header\"><h2 class=\"entry-title\">Preludi<\/h2><\/div><div class=\"dp-dfg-custom-content\"><p class=\"dp-dfg-custom-field dp-dfg-cf-autors2\"><span class=\"dp-dfg-custom-field-value\">Juan N\u00fa\u00f1ez Fern\u00e1ndez<\/span><\/p><\/div><\/article><!-- DPDFG End Post Item Container --><article id=\"post-12200\" class=\"dp-dfg-item post-12200 obres_autors type-obres_autors status-publish has-post-thumbnail hentry tipus_tecniques-indumentaria tecnica_especifica-teixit-i-fusta autors-autoria-desconeguda disciplina-indumentaria \"     data-position=\"1772\"   data-new-tab=\"off\"   data-action-priority=\"item\"><figure class=\"dp-dfg-image entry-thumb\"><a href=\"https:\/\/www.museuemporda.org\/?obres_autors=sense-titol-170\" class=\"dp-dfg-image-link\" ><img loading=\"lazy\" decoding=\"async\" class=\"dp-dfg-featured-image\" src=\"https:\/\/www.museuemporda.org\/wp-content\/uploads\/2022\/03\/mE-895-250x250.jpg\" alt=\"Sense t\u00edtol\" width=\"250\" height=\"250\" data-ratio=\"1\"\/><\/a><\/figure><div class=\"dp-dfg-header entry-header\"><h2 class=\"entry-title\">Sense t\u00edtol<\/h2><\/div><div class=\"dp-dfg-custom-content\"><p class=\"dp-dfg-custom-field dp-dfg-cf-autors2\"><span class=\"dp-dfg-custom-field-value\">Autoria desconeguda<\/span><\/p><\/div><\/article><!-- DPDFG End Post Item Container --><article id=\"post-6073\" class=\"dp-dfg-item post-6073 obres_autors type-obres_autors status-publish has-post-thumbnail hentry tecnica_especifica-oli-sobre-tela autors-pere-bech-sudria disciplina-pintura \"     data-position=\"1773\"   data-new-tab=\"off\"   data-action-priority=\"item\"><figure class=\"dp-dfg-image entry-thumb\"><a href=\"https:\/\/www.museuemporda.org\/?obres_autors=retrat-de-lleonard-bech\" class=\"dp-dfg-image-link\" ><img loading=\"lazy\" decoding=\"async\" class=\"dp-dfg-featured-image\" src=\"https:\/\/www.museuemporda.org\/wp-content\/uploads\/2020\/04\/mE-2215_2019-250x250.jpg\" alt=\"Retrat del fill de l&#8217;autor, Lleonard Bech\" width=\"250\" height=\"250\" data-ratio=\"1\"\/><\/a><\/figure><div class=\"dp-dfg-header entry-header\"><h2 class=\"entry-title\">Retrat del fill de l&#8217;autor, Lleonard Bech<\/h2><\/div><div class=\"dp-dfg-custom-content\"><p class=\"dp-dfg-custom-field dp-dfg-cf-autors2\"><span class=\"dp-dfg-custom-field-value\">Pere Bech Sudri\u00e0<\/span><\/p><\/div><\/article><!-- DPDFG End Post Item Container --><article id=\"post-8050\" class=\"dp-dfg-item post-8050 obres_autors type-obres_autors status-publish has-post-thumbnail hentry tecnica_especifica-aquarella-sobre-paper autors-josep-berga-boada disciplina-pintura \"     data-position=\"1774\"   data-new-tab=\"off\"   data-action-priority=\"item\"><figure class=\"dp-dfg-image entry-thumb\"><a href=\"https:\/\/www.museuemporda.org\/?obres_autors=paisatge-5\" class=\"dp-dfg-image-link\" ><img loading=\"lazy\" decoding=\"async\" class=\"dp-dfg-featured-image\" src=\"https:\/\/www.museuemporda.org\/wp-content\/uploads\/2021\/08\/mE-1156-1-250x250.jpg\" alt=\"Paisatge\" width=\"250\" height=\"250\" data-ratio=\"1\"\/><\/a><\/figure><div class=\"dp-dfg-header entry-header\"><h2 class=\"entry-title\">Paisatge<\/h2><\/div><div class=\"dp-dfg-custom-content\"><p class=\"dp-dfg-custom-field dp-dfg-cf-autors2\"><span class=\"dp-dfg-custom-field-value\">Josep Berga Boada<\/span><\/p><\/div><\/article><!-- DPDFG End Post Item Container --><article id=\"post-9891\" class=\"dp-dfg-item post-9891 obres_autors type-obres_autors status-publish has-post-thumbnail hentry tipus_tecniques-fotografia tecnica_especifica-fotografia autors-autoria-desconeguda disciplina-fotografia \"     data-position=\"1775\"   data-new-tab=\"off\"   data-action-priority=\"item\"><figure class=\"dp-dfg-image entry-thumb\"><a href=\"https:\/\/www.museuemporda.org\/?obres_autors=sense-titol-37\" class=\"dp-dfg-image-link\" ><img loading=\"lazy\" decoding=\"async\" class=\"dp-dfg-featured-image\" src=\"https:\/\/www.museuemporda.org\/wp-content\/uploads\/2022\/01\/ME-2109_Jordi-Puig-2022-250x250.jpg\" alt=\"Sense t\u00edtol\" width=\"250\" height=\"250\" data-ratio=\"1\"\/><\/a><\/figure><div class=\"dp-dfg-header entry-header\"><h2 class=\"entry-title\">Sense t\u00edtol<\/h2><\/div><div class=\"dp-dfg-custom-content\"><p class=\"dp-dfg-custom-field dp-dfg-cf-autors2\"><span class=\"dp-dfg-custom-field-value\">Autoria desconeguda<\/span><\/p><\/div><\/article><!-- DPDFG End Post Item Container --><article id=\"post-11746\" class=\"dp-dfg-item post-11746 obres_autors type-obres_autors status-publish has-post-thumbnail hentry tipus_tecniques-pintura tecnica_especifica-tecnica-mixta-sobre-paper autors-juliette-murphy disciplina-pintura \"     data-position=\"1776\"   data-new-tab=\"off\"   data-action-priority=\"item\"><figure class=\"dp-dfg-image entry-thumb\"><a href=\"https:\/\/www.museuemporda.org\/?obres_autors=el-petit-peix\" class=\"dp-dfg-image-link\" ><img loading=\"lazy\" decoding=\"async\" class=\"dp-dfg-featured-image\" src=\"https:\/\/www.museuemporda.org\/wp-content\/uploads\/2022\/02\/mE-2169-250x250.jpg\" alt=\"El petit peix\" width=\"250\" height=\"250\" data-ratio=\"1\"\/><\/a><\/figure><div class=\"dp-dfg-header entry-header\"><h2 class=\"entry-title\">El petit peix<\/h2><\/div><div class=\"dp-dfg-custom-content\"><p class=\"dp-dfg-custom-field dp-dfg-cf-autors2\"><span class=\"dp-dfg-custom-field-value\">Juliette Murphy<\/span><\/p><\/div><\/article><!-- DPDFG End Post Item Container --><article id=\"post-1370\" class=\"dp-dfg-item post-1370 obres_autors type-obres_autors status-publish has-post-thumbnail hentry tecnica_especifica-pintura-sobre-tela autors-avelli-artis-gener disciplina-pintura \"     data-position=\"1777\"   data-new-tab=\"off\"   data-action-priority=\"item\"><figure class=\"dp-dfg-image entry-thumb\"><a href=\"https:\/\/www.museuemporda.org\/?obres_autors=els-cavalls\" class=\"dp-dfg-image-link\" ><img loading=\"lazy\" decoding=\"async\" class=\"dp-dfg-featured-image\" src=\"https:\/\/www.museuemporda.org\/wp-content\/uploads\/2020\/04\/mE-1370-scaled-1-250x250.jpg\" alt=\"Els cavalls\" width=\"250\" height=\"250\" data-ratio=\"1\"\/><\/a><\/figure><div class=\"dp-dfg-header entry-header\"><h2 class=\"entry-title\">Els cavalls<\/h2><\/div><div class=\"dp-dfg-custom-content\"><p class=\"dp-dfg-custom-field dp-dfg-cf-autors2\"><span class=\"dp-dfg-custom-field-value\">Avel\u00b7l\u00ed Art\u00eds Gener<\/span><\/p><\/div><\/article><!-- DPDFG End Post Item Container --><article id=\"post-14002\" class=\"dp-dfg-item post-14002 obres_autors type-obres_autors status-publish has-post-thumbnail hentry tipus_tecniques-dibuix tecnica_especifica-impressio-digital autors-pep-claparols-i-moret disciplina-dibuix \"     data-position=\"1778\"   data-new-tab=\"off\"   data-action-priority=\"item\"><figure class=\"dp-dfg-image entry-thumb\"><a href=\"https:\/\/www.museuemporda.org\/?obres_autors=sense-titol-336\" class=\"dp-dfg-image-link\" ><img loading=\"lazy\" decoding=\"async\" class=\"dp-dfg-featured-image\" src=\"https:\/\/www.museuemporda.org\/wp-content\/uploads\/2023\/06\/ME2698-PEP2002-250x250.jpg\" alt=\"Sense t\u00edtol\" width=\"250\" height=\"250\" data-ratio=\"1\"\/><\/a><\/figure><div class=\"dp-dfg-header entry-header\"><h2 class=\"entry-title\">Sense t\u00edtol<\/h2><\/div><div class=\"dp-dfg-custom-content\"><p class=\"dp-dfg-custom-field dp-dfg-cf-autors2\"><span class=\"dp-dfg-custom-field-value\">Pep Claparols i Moret<\/span><\/p><\/div><\/article><!-- DPDFG End Post Item Container --><article id=\"post-5675\" class=\"dp-dfg-item post-5675 obres_autors type-obres_autors status-publish has-post-thumbnail hentry autors-autoria-desconeguda disciplina-arqueologia \"     data-position=\"1779\"   data-new-tab=\"off\"   data-action-priority=\"item\"><figure class=\"dp-dfg-image entry-thumb\"><a href=\"https:\/\/www.museuemporda.org\/?obres_autors=urna-cineraria-tapadora\" class=\"dp-dfg-image-link\" ><img loading=\"lazy\" decoding=\"async\" class=\"dp-dfg-featured-image\" src=\"https:\/\/www.museuemporda.org\/wp-content\/uploads\/2020\/07\/mE-55_mE-56-250x250.jpg\" alt=\"Urna ciner\u00e0ria i tapadora\" width=\"250\" height=\"250\" data-ratio=\"1\"\/><\/a><\/figure><div class=\"dp-dfg-header entry-header\"><h2 class=\"entry-title\">Urna ciner\u00e0ria i tapadora<\/h2><\/div><div class=\"dp-dfg-custom-content\"><p class=\"dp-dfg-custom-field dp-dfg-cf-autors2\"><span class=\"dp-dfg-custom-field-value\">Autoria desconeguda<\/span><\/p><\/div><\/article><!-- DPDFG End Post Item Container --><article id=\"post-8862\" class=\"dp-dfg-item post-8862 obres_autors type-obres_autors status-publish has-post-thumbnail hentry tecnica_especifica-oli-sobre-tela autors-arcadi-mas-fondevila disciplina-pintura \"     data-position=\"1780\"   data-new-tab=\"off\"   data-action-priority=\"item\"><figure class=\"dp-dfg-image entry-thumb\"><a href=\"https:\/\/www.museuemporda.org\/?obres_autors=escena-camperola\" class=\"dp-dfg-image-link\" ><img loading=\"lazy\" decoding=\"async\" class=\"dp-dfg-featured-image\" src=\"https:\/\/www.museuemporda.org\/wp-content\/uploads\/2021\/11\/mE-651-250x250.jpg\" alt=\"Escena camperola\" width=\"250\" height=\"250\" data-ratio=\"1\"\/><\/a><\/figure><div class=\"dp-dfg-header entry-header\"><h2 class=\"entry-title\">Escena camperola<\/h2><\/div><div class=\"dp-dfg-custom-content\"><p class=\"dp-dfg-custom-field dp-dfg-cf-autors2\"><span class=\"dp-dfg-custom-field-value\">Arcadi Mas Fondevila<\/span><\/p><\/div><\/article><!-- DPDFG End Post Item Container --><article id=\"post-13779\" class=\"dp-dfg-item post-13779 obres_autors type-obres_autors status-publish has-post-thumbnail hentry tipus_tecniques-dibuix tecnica_especifica-tinta-sobre-paper autors-montserrat-gironell disciplina-dibuix \"     data-position=\"1781\"   data-new-tab=\"off\"   data-action-priority=\"item\"><figure class=\"dp-dfg-image entry-thumb\"><a href=\"https:\/\/www.museuemporda.org\/?obres_autors=sense-titol-234\" class=\"dp-dfg-image-link\" ><img loading=\"lazy\" decoding=\"async\" class=\"dp-dfg-featured-image\" src=\"https:\/\/www.museuemporda.org\/wp-content\/uploads\/2023\/06\/ME2596-GIRONELL10-250x250.jpg\" alt=\"Sense t\u00edtol\" width=\"250\" height=\"250\" data-ratio=\"1\"\/><\/a><\/figure><div class=\"dp-dfg-header entry-header\"><h2 class=\"entry-title\">Sense t\u00edtol<\/h2><\/div><div class=\"dp-dfg-custom-content\"><p class=\"dp-dfg-custom-field dp-dfg-cf-autors2\"><span class=\"dp-dfg-custom-field-value\">Montserrat Gironell<\/span><\/p><\/div><\/article><!-- DPDFG End Post Item Container --><article id=\"post-14120\" class=\"dp-dfg-item post-14120 obres_autors type-obres_autors status-publish has-post-thumbnail hentry tipus_tecniques-dibuix tecnica_especifica-impressio-digital autors-miquel-sanchez disciplina-fotografia \"     data-position=\"1782\"   data-new-tab=\"off\"   data-action-priority=\"item\"><figure class=\"dp-dfg-image entry-thumb\"><a href=\"https:\/\/www.museuemporda.org\/?obres_autors=sense-titol-389\" class=\"dp-dfg-image-link\" ><img loading=\"lazy\" decoding=\"async\" class=\"dp-dfg-featured-image\" src=\"https:\/\/www.museuemporda.org\/wp-content\/uploads\/2023\/06\/ME2754-SANCHEZ-250x250.jpg\" alt=\"Sense t\u00edtol\" width=\"250\" height=\"250\" data-ratio=\"1\"\/><\/a><\/figure><div class=\"dp-dfg-header entry-header\"><h2 class=\"entry-title\">Sense t\u00edtol<\/h2><\/div><div class=\"dp-dfg-custom-content\"><p class=\"dp-dfg-custom-field dp-dfg-cf-autors2\"><span class=\"dp-dfg-custom-field-value\">Miquel Sanchez<\/span><\/p><\/div><\/article><!-- DPDFG End Post Item Container --><article id=\"post-9619\" class=\"dp-dfg-item post-9619 obres_autors type-obres_autors status-publish has-post-thumbnail hentry tipus_tecniques-pintura tecnica_especifica-oli-sobre-tela autors-marti-vives disciplina-pintura \"     data-position=\"1783\"   data-new-tab=\"off\"   data-action-priority=\"item\"><figure class=\"dp-dfg-image entry-thumb\"><a href=\"https:\/\/www.museuemporda.org\/?obres_autors=les-banyistes\" class=\"dp-dfg-image-link\" ><img loading=\"lazy\" decoding=\"async\" class=\"dp-dfg-featured-image\" src=\"https:\/\/www.museuemporda.org\/wp-content\/uploads\/2022\/01\/ME-1077__JORDI-PUIG-2021-250x250.jpg\" alt=\"Les Banyistes\" width=\"250\" height=\"250\" data-ratio=\"1\"\/><\/a><\/figure><div class=\"dp-dfg-header entry-header\"><h2 class=\"entry-title\">Les Banyistes<\/h2><\/div><div class=\"dp-dfg-custom-content\"><p class=\"dp-dfg-custom-field dp-dfg-cf-autors2\"><span class=\"dp-dfg-custom-field-value\">Mart\u00ed Viv\u00e8s<\/span><\/p><\/div><\/article><!-- DPDFG End Post Item Container --><article id=\"post-10198\" class=\"dp-dfg-item post-10198 obres_autors type-obres_autors status-publish has-post-thumbnail hentry tipus_tecniques-pintura tecnica_especifica-pintura-sobre-taula autors-marcelli-porta disciplina-pintura \"     data-position=\"1784\"   data-new-tab=\"off\"   data-action-priority=\"item\"><figure class=\"dp-dfg-image entry-thumb\"><a href=\"https:\/\/www.museuemporda.org\/?obres_autors=piramide-de-tenayuca\" class=\"dp-dfg-image-link\" ><img loading=\"lazy\" decoding=\"async\" class=\"dp-dfg-featured-image\" src=\"https:\/\/www.museuemporda.org\/wp-content\/uploads\/2022\/01\/mE-1352-250x250.jpg\" alt=\"Pir\u00e0mide de Tenayuca\" width=\"250\" height=\"250\" data-ratio=\"1\"\/><\/a><\/figure><div class=\"dp-dfg-header entry-header\"><h2 class=\"entry-title\">Pir\u00e0mide de Tenayuca<\/h2><\/div><div class=\"dp-dfg-custom-content\"><p class=\"dp-dfg-custom-field dp-dfg-cf-autors2\"><span class=\"dp-dfg-custom-field-value\">Marcel\u00b7l\u00ed Porta<\/span><\/p><\/div><\/article><!-- DPDFG End Post Item Container --><article id=\"post-14148\" class=\"dp-dfg-item post-14148 obres_autors type-obres_autors status-publish has-post-thumbnail hentry tipus_tecniques-obra-grafica tecnica_especifica-impressio-digital autors-miquel-sanchez disciplina-obra-grafic \"     data-position=\"1785\"   data-new-tab=\"off\"   data-action-priority=\"item\"><figure class=\"dp-dfg-image entry-thumb\"><a href=\"https:\/\/www.museuemporda.org\/?obres_autors=sense-titol-401\" class=\"dp-dfg-image-link\" ><img loading=\"lazy\" decoding=\"async\" class=\"dp-dfg-featured-image\" src=\"https:\/\/www.museuemporda.org\/wp-content\/uploads\/2023\/07\/ME2766-SANCHEZ-250x250.jpg\" alt=\"Sense t\u00edtol\" width=\"250\" height=\"250\" data-ratio=\"1\"\/><\/a><\/figure><div class=\"dp-dfg-header entry-header\"><h2 class=\"entry-title\">Sense t\u00edtol<\/h2><\/div><div class=\"dp-dfg-custom-content\"><p class=\"dp-dfg-custom-field dp-dfg-cf-autors2\"><span class=\"dp-dfg-custom-field-value\">Miquel Sanchez<\/span><\/p><\/div><\/article><!-- DPDFG End Post Item Container --><article id=\"post-5755\" class=\"dp-dfg-item post-5755 obres_autors type-obres_autors status-publish has-post-thumbnail hentry tecnica_especifica-oli-sobre-tela autors-charles-i-henri-beaubrun disciplina-pintura \"     data-position=\"1786\"   data-new-tab=\"off\"   data-action-priority=\"item\"><figure class=\"dp-dfg-image entry-thumb\"><a href=\"https:\/\/www.museuemporda.org\/?obres_autors=retrat-de-la-duquesa-de-fontanges\" class=\"dp-dfg-image-link\" ><img loading=\"lazy\" decoding=\"async\" class=\"dp-dfg-featured-image\" src=\"https:\/\/www.museuemporda.org\/wp-content\/uploads\/2020\/04\/Isabel-dOrle\u0301ans-duquessa-de-Guisa-250x250.jpg\" alt=\"Isabel de Orleans, duquesa de Guisa\" width=\"250\" height=\"250\" data-ratio=\"1\"\/><\/a><\/figure><div class=\"dp-dfg-header entry-header\"><h2 class=\"entry-title\">Isabel de Orleans, duquesa de Guisa<\/h2><\/div><div class=\"dp-dfg-custom-content\"><p class=\"dp-dfg-custom-field dp-dfg-cf-autors2\"><span class=\"dp-dfg-custom-field-value\">Charles Beaubrun i Henri Beaubrun<\/span><\/p><\/div><\/article><!-- DPDFG End Post Item Container --><article id=\"post-9833\" class=\"dp-dfg-item post-9833 obres_autors type-obres_autors status-publish has-post-thumbnail hentry tipus_tecniques-fotografia tecnica_especifica-fotografia autors-jordi-puig disciplina-fotografia \"     data-position=\"1787\"   data-new-tab=\"off\"   data-action-priority=\"item\"><figure class=\"dp-dfg-image entry-thumb\"><a href=\"https:\/\/www.museuemporda.org\/?obres_autors=silencis-5\" class=\"dp-dfg-image-link\" ><img loading=\"lazy\" decoding=\"async\" class=\"dp-dfg-featured-image\" src=\"https:\/\/www.museuemporda.org\/wp-content\/uploads\/2022\/01\/4.jpg_1-250x250.jpg\" alt=\"Silencis &#8211; Helena Llobet Costa\" width=\"250\" height=\"250\" data-ratio=\"1\"\/><\/a><\/figure><div class=\"dp-dfg-header entry-header\"><h2 class=\"entry-title\">Silencis &#8211; Helena Llobet Costa<\/h2><\/div><div class=\"dp-dfg-custom-content\"><p class=\"dp-dfg-custom-field dp-dfg-cf-autors2\"><span class=\"dp-dfg-custom-field-value\">Jordi Puig<\/span><\/p><\/div><\/article><!-- DPDFG End Post Item Container --><\/div><!-- DPDFG End Posts Items Container --><\/div><!-- DPDFG End Main Container -->\n\t\t\t\t<\/div>\n\t\t\t<\/div><\/p>\n","protected":false},"author":1,"featured_media":0,"parent":0,"menu_order":0,"comment_status":"closed","ping_status":"closed","template":"","meta":{"_acf_changed":false,"_et_pb_use_builder":"on","_et_pb_old_content":"<!-- wp:divi\/placeholder \/-->","_et_gb_content_width":"","inline_featured_image":false,"footnotes":""},"class_list":["post-147","page","type-page","status-publish","hentry"],"acf":[],"_links":{"self":[{"href":"https:\/\/www.museuemporda.org\/index.php?rest_route=\/wp\/v2\/pages\/147","targetHints":{"allow":["GET"]}}],"collection":[{"href":"https:\/\/www.museuemporda.org\/index.php?rest_route=\/wp\/v2\/pages"}],"about":[{"href":"https:\/\/www.museuemporda.org\/index.php?rest_route=\/wp\/v2\/types\/page"}],"author":[{"embeddable":true,"href":"https:\/\/www.museuemporda.org\/index.php?rest_route=\/wp\/v2\/users\/1"}],"replies":[{"embeddable":true,"href":"https:\/\/www.museuemporda.org\/index.php?rest_route=%2Fwp%2Fv2%2Fcomments&post=147"}],"version-history":[{"count":4,"href":"https:\/\/www.museuemporda.org\/index.php?rest_route=\/wp\/v2\/pages\/147\/revisions"}],"predecessor-version":[{"id":12444,"href":"https:\/\/www.museuemporda.org\/index.php?rest_route=\/wp\/v2\/pages\/147\/revisions\/12444"}],"wp:attachment":[{"href":"https:\/\/www.museuemporda.org\/index.php?rest_route=%2Fwp%2Fv2%2Fmedia&parent=147"}],"curies":[{"name":"wp","href":"https:\/\/api.w.org\/{rel}","templated":true}]}}