{"id":16977,"date":"2026-03-17T09:02:20","date_gmt":"2026-03-17T08:02:20","guid":{"rendered":"https:\/\/www.museuemporda.org\/?post_type=activitat&#038;p=16977"},"modified":"2026-04-09T10:18:07","modified_gmt":"2026-04-09T09:18:07","slug":"taller-a-carrec-de-lua-lopez","status":"publish","type":"activitat","link":"https:\/\/www.museuemporda.org\/?activitat=taller-a-carrec-de-lua-lopez","title":{"rendered":"Joc de mirades: fotografiem l\u2019art"},"content":{"rendered":"\n[et_pb_section fb_built=&#8221;1&#8243; _builder_version=&#8221;4.16&#8243; custom_margin=&#8221;||-10px|||&#8221; custom_padding=&#8221;2px||6px|||&#8221; global_colors_info=&#8221;{}&#8221;][et_pb_row column_structure=&#8221;1_3,1_3,1_3&#8243; _builder_version=&#8221;4.16&#8243; background_enable_image=&#8221;off&#8221; custom_padding=&#8221;27px|||||&#8221; global_colors_info=&#8221;{}&#8221;][et_pb_column type=&#8221;1_3&#8243; _builder_version=&#8221;4.16&#8243; global_colors_info=&#8221;{}&#8221;][et_pb_text _builder_version=&#8221;4.16&#8243; text_font=&#8221;|700|||||||&#8221; text_text_color=&#8221;#ffffff&#8221; background_color=&#8221;#000000&#8243; text_orientation=&#8221;center&#8221; width=&#8221;50%&#8221; height=&#8221;45px&#8221; custom_margin=&#8221;||||false|false&#8221; custom_padding=&#8221;10px||||false|false&#8221; border_radii=&#8221;on|190px|190px|190px|190px&#8221; global_colors_info=&#8221;{}&#8221;]<p>ACTIVITATS<\/p>[\/et_pb_text][et_pb_text _builder_version=&#8221;4.16&#8243; _dynamic_attributes=&#8221;content&#8221; text_font=&#8221;|700|||||||&#8221; text_text_color=&#8221;#000000&#8243; background_color=&#8221;#ffffff&#8221; text_orientation=&#8221;center&#8221; width=&#8221;50%&#8221; height=&#8221;45px&#8221; custom_margin=&#8221;-75px|||52%|false|false&#8221; custom_padding=&#8221;10px||||false|false&#8221; border_radii=&#8221;on|190px|190px|190px|190px&#8221; border_width_all=&#8221;1px&#8221; border_color_all=&#8221;#000000&#8243; global_colors_info=&#8221;{}&#8221;]@ET-DC@eyJkeW5hbWljIjp0cnVlLCJjb250ZW50IjoiY3VzdG9tX21ldGFfZGF0YV9pbmljaSIsInNldHRpbmdzIjp7ImJlZm9yZSI6IiIsImFmdGVyIjoiIiwiZW5hYmxlX2h0bWwiOiJvbiJ9fQ==@[\/et_pb_text][et_pb_text _builder_version=&#8221;4.16&#8243; _dynamic_attributes=&#8221;content&#8221; text_font=&#8221;|700|||||||&#8221; text_text_color=&#8221;#000000&#8243; background_color=&#8221;#ffffff&#8221; text_orientation=&#8221;center&#8221; width=&#8221;50%&#8221; height=&#8221;45px&#8221; custom_margin=&#8221;-20px|||52%|false|false&#8221; custom_padding=&#8221;10px||||false|false&#8221; border_radii=&#8221;on|190px|190px|190px|190px&#8221; border_width_all=&#8221;1px&#8221; global_colors_info=&#8221;{}&#8221;]@ET-DC@eyJkeW5hbWljIjp0cnVlLCJjb250ZW50IjoiY3VzdG9tX21ldGFfaG9yYSIsInNldHRpbmdzIjp7ImJlZm9yZSI6IiIsImFmdGVyIjoiIiwiZW5hYmxlX2h0bWwiOiJvZmYifX0=@[\/et_pb_text][\/et_pb_column][et_pb_column type=&#8221;1_3&#8243; _builder_version=&#8221;4.16&#8243; global_colors_info=&#8221;{}&#8221;][\/et_pb_column][et_pb_column type=&#8221;1_3&#8243; _builder_version=&#8221;4.16&#8243; global_colors_info=&#8221;{}&#8221;][\/et_pb_column][\/et_pb_row][et_pb_row use_custom_gutter=&#8221;on&#8221; gutter_width=&#8221;2&#8243; _builder_version=&#8221;4.16&#8243; custom_padding=&#8221;||4px|||&#8221; global_colors_info=&#8221;{}&#8221;][et_pb_column type=&#8221;4_4&#8243; _builder_version=&#8221;4.16&#8243; global_colors_info=&#8221;{}&#8221;][et_pb_text _builder_version=&#8221;4.16&#8243; _dynamic_attributes=&#8221;content&#8221; text_font=&#8221;||||||||&#8221; width=&#8221;100%&#8221; global_colors_info=&#8221;{}&#8221;]@ET-DC@eyJkeW5hbWljIjp0cnVlLCJjb250ZW50IjoiY3VzdG9tX21ldGFfdGlwb3VzX2FjdGl2aXRhdCIsInNldHRpbmdzIjp7ImJlZm9yZSI6IiIsImFmdGVyIjoiIiwiZW5hYmxlX2h0bWwiOiJvZmYifX0=@[\/et_pb_text][et_pb_text _builder_version=&#8221;4.16&#8243; _dynamic_attributes=&#8221;content&#8221; text_font=&#8221;||||||||&#8221; text_text_color=&#8221;#e02b20&#8243; text_font_size=&#8221;18px&#8221; width=&#8221;100%&#8221; custom_margin=&#8221;||5px|||&#8221; global_colors_info=&#8221;{}&#8221;]@ET-DC@eyJkeW5hbWljIjp0cnVlLCJjb250ZW50IjoicG9zdF90aXRsZSIsInNldHRpbmdzIjp7ImJlZm9yZSI6IjxoMT48c3BhbiBzdHlsZT1cInRleHQtZGVjb3JhdGlvbjogdW5kZXJsaW5lXCI+PHN0cm9uZz4iLCJhZnRlciI6IiJ9fQ==@[\/et_pb_text][\/et_pb_column][\/et_pb_row][et_pb_row column_structure=&#8221;1_2,1_4,1_4&#8243; use_custom_gutter=&#8221;on&#8221; gutter_width=&#8221;2&#8243; _builder_version=&#8221;4.16&#8243; custom_padding=&#8221;26px|||||&#8221; global_colors_info=&#8221;{}&#8221;][et_pb_column type=&#8221;1_2&#8243; _builder_version=&#8221;4.16&#8243; global_colors_info=&#8221;{}&#8221;][et_pb_text _builder_version=&#8221;4.27.4&#8243; _module_preset=&#8221;default&#8221; hover_enabled=&#8221;0&#8243; global_colors_info=&#8221;{}&#8221; sticky_enabled=&#8221;0&#8243;]<p><strong>&#8216;Joc de mirades: fotografiem l\u2019art&#8217;<\/strong> \u00e9s un taller participatiu per a infants i fam\u00edlies que convida a <strong>mirar el museu i les seves obres des d\u2019una nova perspectiva<\/strong>. Les fam\u00edlies triaran les obres que m\u00e9s els cridin l\u2019atenci\u00f3 i aprendran a explorar-les amb <strong>una mirada activa<\/strong>, posant atenci\u00f3 a detalls, angles i perspectives que sovint passen desapercebuts. L\u2019objectiu no \u00e9s reproduir l\u2019art, sin\u00f3 <strong>interpretar-lo i personalitzar-lo a trav\u00e9s de la fotografia digital<\/strong>, creant noves maneres de connectar amb les obres i amb l\u2019entorn.<\/p>\n<p>El taller combina <strong>fotografia digital, jocs i reptes creatius<\/strong>, utilitzant tablets o smartphones per experimentar amb llum, color, composici\u00f3 i angles inusuals. Les pantalles es converteixen en una eina per enriquir l\u2019experi\u00e8ncia visual, per\u00f2 l\u2019ess\u00e8ncia \u00e9s sempre <strong>mirar, observar i connectar amb el moment present<\/strong>.<\/p>\n<p>Al llarg de la sessi\u00f3 hi haur\u00e0 moments de <strong>posada en com\u00fa<\/strong>, on compartirem les fotografies i les descobertes, i explorarem el museu <strong>des de noves perspectives i mirades compartides<\/strong>.<\/p>\n<h3><span><strong>Estructura de la sessi\u00f3<\/strong><\/span><\/h3>\n<ol>\n<li><strong>Introducci\u00f3 i observaci\u00f3<\/strong><\/li>\n<ul>\n<li>Presentaci\u00f3 del taller i dels objectius.<\/li>\n<li>Explicaci\u00f3 de conceptes b\u00e0sics de color, llum i composici\u00f3 amb la presentaci\u00f3 interactiva: fotografies fetes de maneres diverses i divertides, introducci\u00f3 del joc\u00a0<strong><em>\u201cdes d\u2019on est\u00e0 feta la imatge?\u201d\u00a0<\/em><\/strong><\/li>\n<li>Breu conversa sobre la import\u00e0ncia de mirar amb atenci\u00f3 i descobrir detalls.<\/li>\n<\/ul>\n<li><strong>Din\u00e0mica 1: Foto estranya i descobriment de l\u2019obra<\/strong><\/li>\n<ul>\n<li>Cada fam\u00edlia surt al museu i fotografia una obra d\u2019una manera \u201cestranya\u201d (angles inusuals, propers, detalls, etc.).<\/li>\n<li>Retorn al grup: la resta ha de descobrir <strong>quina obra \u00e9s i des d\u2019on s\u2019ha fet la foto<\/strong>.<\/li>\n<li>Reflexi\u00f3 r\u00e0pida sobre la percepci\u00f3 de l\u2019obra i el punt de vista adoptat.<\/li>\n<\/ul>\n<li><strong>Din\u00e0mica 2: 10 passes, 30 fotografies<\/strong><\/li>\n<ul>\n<li>Cada fam\u00edlia tria una obra que m\u00e9s els cridi l\u2019atenci\u00f3.<\/li>\n<li>Es col\u00b7loquen al costat i fan <strong>10 passes<\/strong>, des d&#8217;aquell punt fix, han de\u00a0capturar fins a 30 fotos diferents.<\/li>\n<li>S\u2019usa angles, zoom, al\u00e7ada, perspectiva, moviment, detalls\u2026<\/li>\n<li>Retorn al grup i reflexi\u00f3: com ens hem sentit, foto preferida i explicaci\u00f3 de la t\u00e8cnica usada.<\/li>\n<\/ul>\n<li><strong>Din\u00e0mica 3: Reptes fotogr\u00e0fics amb les obres del museu<\/strong><\/li>\n<ul>\n<li>Cada fam\u00edlia agafa reptes del bol f\u00e0cil o dif\u00edcil relacionat amb <strong>llum, color o composici\u00f3 <\/strong>i tipologies d&#8217;obres del museu.<\/li>\n<li>Fotografia dins el museu segons el repte escollit.<\/li>\n<li>Retorn al grup: comentaris, ajustos i millores.<\/li>\n<li>Refor\u00e7a la mirada activa i la connexi\u00f3 amb les obres.<\/li>\n<\/ul>\n<li><strong>Tancament i selecci\u00f3 de fotos<\/strong><\/li>\n<ul>\n<li>Cada fam\u00edlia tria la foto que m\u00e9s li agrada.<\/li>\n<li>Compartici\u00f3 amb el grup i, si volen, amb el museu o a xarxes socials.<\/li>\n<li>Els participants s\u2019enduen les seves fotografies.<\/li>\n<\/ul>\n<\/ol>\n<p>&nbsp;<\/p>\n<p><strong>Preu: 5 \u20ac\/infant<\/strong><br \/><strong>Les places s\u00f3n limitades. Inscripci\u00f3 obligat\u00f2ria<\/strong><br \/><strong>Activitat recomanada de 6 a 12 anys<\/strong><\/p>[\/et_pb_text][\/et_pb_column][et_pb_column type=&#8221;1_4&#8243; _builder_version=&#8221;4.16&#8243; global_colors_info=&#8221;{}&#8221;][et_pb_text _builder_version=&#8221;4.16&#8243; _module_preset=&#8221;default&#8221; text_font_size=&#8221;1px&#8221; width=&#8221;72%&#8221; min_height=&#8221;30px&#8221; height=&#8221;30px&#8221; custom_margin=&#8221;||||false|false&#8221; custom_padding=&#8221;||||false|false&#8221; global_colors_info=&#8221;{}&#8221;]<div class=\"et_social_inline et_social_mobile_on et_social_inline_custom\">\n\t\t\t\t<div class=\"et_social_networks et_social_col et_social_ et_social_ et_social_ et_social_no_animation et_social_outer_\">\n\t\t\t\t\t\n\t\t\t\t\t\n\t\t\t\t<\/div>\n\t\t\t<\/div>[\/et_pb_text][\/et_pb_column][et_pb_column type=&#8221;1_4&#8243; _builder_version=&#8221;4.16&#8243; global_colors_info=&#8221;{}&#8221;][et_pb_text _builder_version=&#8221;4.16&#8243; _dynamic_attributes=&#8221;content&#8221; text_text_color=&#8221;#e02b20&#8243; text_line_height=&#8221;1.3em&#8221; global_colors_info=&#8221;{}&#8221;]@ET-DC@eyJkeW5hbWljIjp0cnVlLCJjb250ZW50IjoiY3VzdG9tX21ldGFfbGxvY19hY3Rpdml0YXQiLCJzZXR0aW5ncyI6eyJiZWZvcmUiOiI8c3Ryb25nPjxzcGFuIHN0eWxlPVwidGV4dC1kZWNvcmF0aW9uOiB1bmRlcmxpbmVcIj5FU1BBSSA8L3NwYW4+PC9zdHJvbmc+PEJSPiIsImFmdGVyIjoiIiwiZW5hYmxlX2h0bWwiOiJvZmYifX0=@[\/et_pb_text][\/et_pb_column][\/et_pb_row][et_pb_row _builder_version=&#8221;4.16&#8243; _module_preset=&#8221;default&#8221; global_colors_info=&#8221;{}&#8221;][et_pb_column type=&#8221;4_4&#8243; _builder_version=&#8221;4.16&#8243; _module_preset=&#8221;default&#8221; global_colors_info=&#8221;{}&#8221;][et_pb_button button_url=&#8221;https:\/\/museuemporda.entradasdemuseos.com\/visit\/familiart-lartista-ens-ve-a-veure&#8221; url_new_window=&#8221;on&#8221; button_text=&#8221;RESERVES&#8221; _builder_version=&#8221;4.27.4&#8243; _module_preset=&#8221;default&#8221; custom_button=&#8221;on&#8221; button_text_color=&#8221;#000000&#8243; button_border_width=&#8221;1px&#8221; button_border_radius=&#8221;0px&#8221; global_colors_info=&#8221;{}&#8221;][\/et_pb_button][\/et_pb_column][\/et_pb_row][et_pb_row column_structure=&#8221;1_3,1_3,1_3&#8243; _builder_version=&#8221;4.16&#8243; global_colors_info=&#8221;{}&#8221;][et_pb_column type=&#8221;1_3&#8243; _builder_version=&#8221;4.16&#8243; global_colors_info=&#8221;{}&#8221;][et_pb_image src=&#8221;https:\/\/www.museuemporda.org\/wp-content\/uploads\/2026\/03\/lua-4-1.jpg&#8221; title_text=&#8221;lua 4&#8243; _builder_version=&#8221;4.27.4&#8243; _module_preset=&#8221;default&#8221; width=&#8221;100%&#8221; global_colors_info=&#8221;{}&#8221;][\/et_pb_image][\/et_pb_column][et_pb_column type=&#8221;1_3&#8243; _builder_version=&#8221;4.16&#8243; global_colors_info=&#8221;{}&#8221;][et_pb_image src=&#8221;https:\/\/www.museuemporda.org\/wp-content\/uploads\/2026\/01\/1758113804FamiliArt-2025-II.png&#8221; title_text=&#8221;1758113804FamiliArt 2025 II&#8221; _builder_version=&#8221;4.27.4&#8243; _module_preset=&#8221;default&#8221; width=&#8221;165%&#8221; global_colors_info=&#8221;{}&#8221;][\/et_pb_image][\/et_pb_column][et_pb_column type=&#8221;1_3&#8243; _builder_version=&#8221;4.16&#8243; global_colors_info=&#8221;{}&#8221;][\/et_pb_column][\/et_pb_row][et_pb_row _builder_version=&#8221;4.16&#8243; custom_padding=&#8221;50px||7px|||&#8221; locked=&#8221;off&#8221; global_colors_info=&#8221;{}&#8221;][et_pb_column type=&#8221;4_4&#8243; _builder_version=&#8221;4.16&#8243; global_colors_info=&#8221;{}&#8221;][et_pb_button button_text=&#8221;ACTIVITATS RELACIONADES&#8221; button_alignment=&#8221;left&#8221; _builder_version=&#8221;4.16&#8243; custom_button=&#8221;on&#8221; button_text_size=&#8221;14px&#8221; button_text_color=&#8221;#ffffff&#8221; button_bg_color=&#8221;#000000&#8243; button_border_color=&#8221;rgba(0,0,0,0)&#8221; button_border_radius=&#8221;0px&#8221; global_colors_info=&#8221;{}&#8221;][\/et_pb_button][\/et_pb_column][\/et_pb_row][et_pb_row _builder_version=&#8221;4.16&#8243; locked=&#8221;off&#8221; global_colors_info=&#8221;{}&#8221;][et_pb_column type=&#8221;4_4&#8243; _builder_version=&#8221;4.16&#8243; global_colors_info=&#8221;{}&#8221;][dpdfg_filtergrid custom_query=&#8221;advanced&#8221; multiple_cpt=&#8221;activitat&#8221; use_taxonomy_terms=&#8221;on&#8221; multiple_taxonomies=&#8221;relacions_actiivtats&#8221; taxonomies_relation=&#8221;AND&#8221; include_terms=&#8221;1184&#8243; include_children_terms=&#8221;off&#8221; exclude_taxonomies=&#8221;relacions_actiivtats&#8221; order=&#8221;ASC&#8221; orderby=&#8221;meta_value&#8221; meta_key=&#8221;ordre&#8221; meta_type=&#8221;DATE&#8221; remove_current_post=&#8221;on&#8221; no_results=&#8221;En aquest cas, no hi han activitats relacionades&#8221; thumbnail_size=&#8221;250&#215;250&#8243; use_overlay=&#8221;off&#8221; show_author=&#8221;off&#8221; show_terms=&#8221;on&#8221; show_custom_fields=&#8221;on&#8221; custom_fields=&#8221;%91{%22name%22:%22data_inici%22,%22label%22:%22%22}%93&#8243; show_custom_content=&#8221;on&#8221; show_filters=&#8221;off&#8221; pagination_type=&#8221;scroll&#8221; items_width=&#8221;16%&#8221; module_class=&#8221;act_relacionades&#8221; _builder_version=&#8221;4.27.4&#8243; dpdfg_entry_meta_font=&#8221;|700|||||||&#8221; dpdfg_entry_meta_text_color=&#8221;#000000&#8243; dpdfg_entry_summary_font=&#8221;||||||||&#8221; dpdfg_entry_custom_font=&#8221;|300|||||||&#8221; dpdfg_entry_custom_text_align=&#8221;left&#8221; dpdfg_entry_custom_text_color=&#8221;#000000&#8243; dpdfg_levels_labels_font=&#8221;||||||||&#8221; border_width_all=&#8221;0px&#8221; global_colors_info=&#8221;{}&#8221;][\/dpdfg_filtergrid][\/et_pb_column][\/et_pb_row][\/et_pb_section][et_pb_section fb_built=&#8221;1&#8243; _builder_version=&#8221;4.16&#8243; custom_margin=&#8221;13px|||||&#8221; custom_padding=&#8221;4px||8px|||&#8221; global_module=&#8221;106&#8243; saved_tabs=&#8221;all&#8221; global_colors_info=&#8221;{}&#8221;][et_pb_row column_structure=&#8221;1_3,1_3,1_3&#8243; _builder_version=&#8221;4.16&#8243; _module_preset=&#8221;default&#8221; background_color=&#8221;#855f75&#8243; global_colors_info=&#8221;{}&#8221;][et_pb_column type=&#8221;1_3&#8243; _builder_version=&#8221;4.21.0&#8243; _module_preset=&#8221;default&#8221; global_colors_info=&#8221;{}&#8221;][\/et_pb_column][et_pb_column type=&#8221;1_3&#8243; _builder_version=&#8221;4.16&#8243; _module_preset=&#8221;default&#8221; global_colors_info=&#8221;{}&#8221;][et_pb_button button_url=&#8221;https:\/\/museuempord2.typeform.com\/to\/vjuzW6&#8243; url_new_window=&#8221;on&#8221; button_text=&#8221;CONNECTA&#8217;T AL MUSEU&#8221; button_alignment=&#8221;center&#8221; _builder_version=&#8221;4.21.0&#8243; custom_button=&#8221;on&#8221; button_text_size=&#8221;12px&#8221; button_text_color=&#8221;#ffffff&#8221; button_bg_color=&#8221;#000000&#8243; button_border_color=&#8221;rgba(0,0,0,0)&#8221; button_border_radius=&#8221;0px&#8221; button_use_icon=&#8221;off&#8221; custom_margin=&#8221;||0px|-1023px|false|false&#8221; global_colors_info=&#8221;{}&#8221;][\/et_pb_button][\/et_pb_column][et_pb_column type=&#8221;1_3&#8243; _builder_version=&#8221;4.16&#8243; _module_preset=&#8221;default&#8221; global_colors_info=&#8221;{}&#8221;][\/et_pb_column][\/et_pb_row][et_pb_row column_structure=&#8221;1_6,1_6,1_6,1_6,1_6,1_6&#8243; use_custom_gutter=&#8221;on&#8221; gutter_width=&#8221;2&#8243; _builder_version=&#8221;4.16&#8243; background_color=&#8221;#ffd6ea&#8221; custom_margin=&#8221;0px|auto|2px|auto|false|false&#8221; custom_padding=&#8221;||23px|||&#8221; global_colors_info=&#8221;{}&#8221;][et_pb_column type=&#8221;1_6&#8243; _builder_version=&#8221;4.16&#8243; global_colors_info=&#8221;{}&#8221;][et_pb_image src=&#8221;https:\/\/www.museuemporda.org\/wp-content\/uploads\/2019\/11\/me.svg&#8221; align_tablet=&#8221;&#8221; align_phone=&#8221;center&#8221; align_last_edited=&#8221;on|phone&#8221; _builder_version=&#8221;4.16&#8243; width=&#8221;85%&#8221; width_tablet=&#8221;&#8221; width_phone=&#8221;50%&#8221; width_last_edited=&#8221;on|phone&#8221; module_alignment=&#8221;right&#8221; custom_margin=&#8221;||8px|24px|false|false&#8221; custom_margin_tablet=&#8221;&#8221; custom_margin_phone=&#8221;|0px|8px|0px|false|true&#8221; custom_margin_last_edited=&#8221;on|phone&#8221; custom_padding=&#8221;||||false|false&#8221; module_alignment_tablet=&#8221;center&#8221; module_alignment_phone=&#8221;center&#8221; module_alignment_last_edited=&#8221;on|desktop&#8221; global_colors_info=&#8221;{}&#8221;][\/et_pb_image][\/et_pb_column][et_pb_column type=&#8221;1_6&#8243; _builder_version=&#8221;4.16&#8243; global_colors_info=&#8221;{}&#8221;][et_pb_text _builder_version=&#8221;4.27.4&#8243; text_font=&#8221;|700|||||||&#8221; text_font_size=&#8221;11px&#8221; text_line_height=&#8221;1.2em&#8221; link_text_color=&#8221;#000000&#8243; text_font_size_tablet=&#8221;14px&#8221; text_font_size_phone=&#8221;18px&#8221; text_font_size_last_edited=&#8221;on|phone&#8221; global_colors_info=&#8221;{}&#8221;]EXPOSICIONS\/ACTIVITATS<br \/>\n&#8211;<br \/>\nExposicions<br \/>\n\u00b7 <a href=\"https:\/\/www.museuemporda.org\/?page_id=1117\">Actuals<\/a><br \/>\n\u00b7 <a href=\"https:\/\/www.museuemporda.org\/?page_id=1214\">Futures<\/a><br \/>\n\u00b7 <a href=\"https:\/\/www.museuemporda.org\/?page_id=1690\">Passades<\/a><br \/>\n\u00b7 <a href=\"https:\/\/www.museuemporda.org\/?page_id=1705\">Virtuals<\/a><br \/>\nActivitats<br \/>\n\u00b7 <a href=\"https:\/\/www.museuemporda.org\/?page_id=605\">Infants<\/a><br \/>\n\u00b7 <a href=\"https:\/\/www.museuemporda.org\/?page_id=667\">Joves<\/a><br \/>\n\u00b7 <a href=\"https:\/\/www.museuemporda.org\/?page_id=693\">Adults<\/a>[\/et_pb_text][\/et_pb_column][et_pb_column type=&#8221;1_6&#8243; _builder_version=&#8221;4.16&#8243; global_colors_info=&#8221;{}&#8221;][et_pb_text _builder_version=&#8221;4.27.4&#8243; text_font=&#8221;|700|||||||&#8221; text_font_size=&#8221;11px&#8221; text_line_height=&#8221;1.2em&#8221; link_text_color=&#8221;#000000&#8243; text_font_size_tablet=&#8221;14px&#8221; text_font_size_phone=&#8221;18px&#8221; text_font_size_last_edited=&#8221;on|phone&#8221; global_colors_info=&#8221;{}&#8221;]<p>OBRES\/ARTISTES<br \/>&#8211;<br \/><a href=\"https:\/\/www.museuemporda.org\/?page_id=2318\">La col\u00b7lecci\u00f3<\/a><\/p>[\/et_pb_text][\/et_pb_column][et_pb_column type=&#8221;1_6&#8243; _builder_version=&#8221;4.16&#8243; global_colors_info=&#8221;{}&#8221;][et_pb_text _builder_version=&#8221;4.27.4&#8243; text_font=&#8221;|700|||||||&#8221; text_font_size=&#8221;11px&#8221; text_line_height=&#8221;1.2em&#8221; link_text_color=&#8221;#000000&#8243; text_font_size_tablet=&#8221;14px&#8221; text_font_size_phone=&#8221;18px&#8221; text_font_size_last_edited=&#8221;on|phone&#8221; global_colors_info=&#8221;{}&#8221;]<p>ESCOLES<br \/>&#8211;<br \/><a href=\"https:\/\/www.museuemporda.org\/?page_id=149\">Proposta educativa<\/a><br \/><a href=\"https:\/\/www.museuemporda.org\/?page_id=614\">Infantil<\/a><br \/><a href=\"https:\/\/www.museuemporda.org\/?page_id=682\">Prim\u00e0ria<\/a><br \/><a href=\"https:\/\/www.museuemporda.org\/?page_id=694\">Secund\u00e0ria<\/a><br \/><a href=\"https:\/\/www.museuemporda.org\/?page_id=441\">Reserva activitat<\/a><\/p>[\/et_pb_text][\/et_pb_column][et_pb_column type=&#8221;1_6&#8243; _builder_version=&#8221;4.16&#8243; global_colors_info=&#8221;{}&#8221;][et_pb_text _builder_version=&#8221;4.27.4&#8243; text_font=&#8221;|700|||||||&#8221; text_font_size=&#8221;11px&#8221; text_line_height=&#8221;1.2em&#8221; link_text_color=&#8221;#000000&#8243; text_font_size_tablet=&#8221;14px&#8221; text_font_size_phone=&#8221;18px&#8221; text_font_size_last_edited=&#8221;on|phone&#8221; global_colors_info=&#8221;{}&#8221;]<p>EL MUSEU DE L\u2019EMPORD\u00c0<br \/>&#8211;<br \/><a href=\"https:\/\/www.museuemporda.org\/?page_id=454\">Presentaci\u00f3<\/a><br \/><a href=\"https:\/\/www.museuemporda.org\/?page_id=153\">Visita\u2019ns<\/a><br \/><a href=\"https:\/\/www.museuemporda.org\/?page_id=491\">Hist\u00f2ria<\/a><br \/><a href=\"https:\/\/www.museuemporda.org\/?page_id=780\">Missi\u00f3 i objectius<\/a><br \/><a href=\"https:\/\/www.museuemporda.org\/?page_id=2676\">Organigrama<\/a><br \/><a href=\"https:\/\/www.museuemporda.org\/?page_id=2720\">Sala de premsa<\/a><\/p>[\/et_pb_text][\/et_pb_column][et_pb_column type=&#8221;1_6&#8243; _builder_version=&#8221;4.16&#8243; global_colors_info=&#8221;{}&#8221;][et_pb_text _builder_version=&#8221;4.27.4&#8243; text_font=&#8221;|700|||||||&#8221; text_text_color=&#8221;#707070&#8243; text_font_size=&#8221;11px&#8221; text_line_height=&#8221;1.2em&#8221; link_font=&#8221;||||||||&#8221; link_text_color=&#8221;#000000&#8243; header_text_color=&#8221;#000000&#8243; text_font_size_tablet=&#8221;14px&#8221; text_font_size_phone=&#8221;18px&#8221; text_font_size_last_edited=&#8221;on|phone&#8221; global_colors_info=&#8221;{}&#8221;]<p><a href=\"https:\/\/www.museuemporda.org\/?page_id=151\" title=\"botiga\">BOTIGA\/PUBLICACIONS<\/a><br \/>&#8211;<br \/><a href=\"https:\/\/www.museuemporda.org\/?page_id=6239\">AGENDA\/CALENDARI<\/a>&#8211;<br \/><a href=\"https:\/\/www.museuemporda.org\/?page_id=2686\">ACCESSIBILITAT<\/a><\/p>[\/et_pb_text][\/et_pb_column][\/et_pb_row][et_pb_row column_structure=&#8221;1_6,1_6,1_6,1_6,1_6,1_6&#8243; use_custom_gutter=&#8221;on&#8221; gutter_width=&#8221;2&#8243; _builder_version=&#8221;4.16&#8243; custom_padding=&#8221;16px|||||&#8221; global_colors_info=&#8221;{}&#8221;][et_pb_column type=&#8221;1_6&#8243; _builder_version=&#8221;4.16&#8243; global_colors_info=&#8221;{}&#8221;][et_pb_text _builder_version=&#8221;4.16&#8243; text_font=&#8221;|600|||||||&#8221; text_font_size=&#8221;10px&#8221; text_line_height=&#8221;1.2em&#8221; custom_margin=&#8221;|-100px|||false|false&#8221; text_font_size_tablet=&#8221;13px&#8221; text_font_size_phone=&#8221;&#8221; text_font_size_last_edited=&#8221;on|tablet&#8221; global_colors_info=&#8221;{}&#8221;]<p>\u00a9 Alguns drets reservats. Museu de l\u2019Empord\u00e0, 2018<br \/>Ajuntament de Figueres. Cultura<br \/>Av\u00eds legal &#8211; Protecci\u00f3 de dades<\/p>[\/et_pb_text][\/et_pb_column][et_pb_column type=&#8221;1_6&#8243; _builder_version=&#8221;4.16&#8243; global_colors_info=&#8221;{}&#8221;][\/et_pb_column][et_pb_column type=&#8221;1_6&#8243; _builder_version=&#8221;4.16&#8243; global_colors_info=&#8221;{}&#8221;][et_pb_image src=&#8221;https:\/\/www.museuemporda.org\/wp-content\/uploads\/2024\/03\/Filet-Negre.png&#8221; title_text=&#8221;Filet Negre&#8221; _builder_version=&#8221;4.21.0&#8243; max_height=&#8221;80px&#8221; global_colors_info=&#8221;{}&#8221;][\/et_pb_image][\/et_pb_column][et_pb_column type=&#8221;1_6&#8243; _builder_version=&#8221;4.21.0&#8243; _module_preset=&#8221;default&#8221; global_colors_info=&#8221;{}&#8221;][et_pb_image _builder_version=&#8221;4.21.0&#8243; _module_preset=&#8221;default&#8221; global_colors_info=&#8221;{}&#8221;][\/et_pb_image][\/et_pb_column][et_pb_column type=&#8221;1_6&#8243; _builder_version=&#8221;4.16&#8243; global_colors_info=&#8221;{}&#8221;][\/et_pb_column][et_pb_column type=&#8221;1_6&#8243; _builder_version=&#8221;4.16&#8243; global_colors_info=&#8221;{}&#8221;][et_pb_text _builder_version=&#8221;4.21.0&#8243; text_font_size=&#8221;12px&#8221; text_line_height=&#8221;1.3em&#8221; text_font_size_tablet=&#8221;14px&#8221; text_font_size_phone=&#8221;&#8221; text_font_size_last_edited=&#8221;on|phone&#8221; global_colors_info=&#8221;{}&#8221;]<p><strong>Museu de l&#8217;Empord\u00e0<\/strong><br \/>Rambla, 2<br \/>17600 Figueres<br \/><span style=\"color: #000000;\"><a href=\"mailto:infome@museuemporda.org\" style=\"color: #000000;\">infome@museuemporda.org<\/a><\/span>\u00a0 \u00a0 \u00a0 972 50 23 05<\/p>[\/et_pb_text][\/et_pb_column][\/et_pb_row][\/et_pb_section]\n","protected":false},"featured_media":16978,"template":"","meta":{"_acf_changed":true,"_et_pb_use_builder":"on","_et_pb_old_content":"","_et_gb_content_width":"1380","inline_featured_image":false},"relacions_actiivtats":[1184],"estat":[88],"tipus_activitat_expo":[1147,84],"public":[103],"any":[1171],"mes":[119],"dia":[94],"class_list":["post-16977","activitat","type-activitat","status-publish","has-post-thumbnail","hentry","relacions_actiivtats-familiart-2026","estat-actual","tipus_activitat_expo-activitat-familiar","tipus_activitat_expo-taller","public-familiar","any-1171","mes-119","dia-94"],"acf":[],"_links":{"self":[{"href":"https:\/\/www.museuemporda.org\/index.php?rest_route=\/wp\/v2\/activitat\/16977","targetHints":{"allow":["GET"]}}],"collection":[{"href":"https:\/\/www.museuemporda.org\/index.php?rest_route=\/wp\/v2\/activitat"}],"about":[{"href":"https:\/\/www.museuemporda.org\/index.php?rest_route=\/wp\/v2\/types\/activitat"}],"wp:featuredmedia":[{"embeddable":true,"href":"https:\/\/www.museuemporda.org\/index.php?rest_route=\/wp\/v2\/media\/16978"}],"wp:attachment":[{"href":"https:\/\/www.museuemporda.org\/index.php?rest_route=%2Fwp%2Fv2%2Fmedia&parent=16977"}],"wp:term":[{"taxonomy":"relacions_actiivtats","embeddable":true,"href":"https:\/\/www.museuemporda.org\/index.php?rest_route=%2Fwp%2Fv2%2Frelacions_actiivtats&post=16977"},{"taxonomy":"estat","embeddable":true,"href":"https:\/\/www.museuemporda.org\/index.php?rest_route=%2Fwp%2Fv2%2Festat&post=16977"},{"taxonomy":"tipus_activitat_expo","embeddable":true,"href":"https:\/\/www.museuemporda.org\/index.php?rest_route=%2Fwp%2Fv2%2Ftipus_activitat_expo&post=16977"},{"taxonomy":"public","embeddable":true,"href":"https:\/\/www.museuemporda.org\/index.php?rest_route=%2Fwp%2Fv2%2Fpublic&post=16977"},{"taxonomy":"any","embeddable":true,"href":"https:\/\/www.museuemporda.org\/index.php?rest_route=%2Fwp%2Fv2%2Fany&post=16977"},{"taxonomy":"mes","embeddable":true,"href":"https:\/\/www.museuemporda.org\/index.php?rest_route=%2Fwp%2Fv2%2Fmes&post=16977"},{"taxonomy":"dia","embeddable":true,"href":"https:\/\/www.museuemporda.org\/index.php?rest_route=%2Fwp%2Fv2%2Fdia&post=16977"}],"curies":[{"name":"wp","href":"https:\/\/api.w.org\/{rel}","templated":true}]}}